{"id":9438,"date":"2024-04-21T17:37:41","date_gmt":"2024-04-21T15:37:41","guid":{"rendered":"https:\/\/www.heusenstaemmchen.de\/blog\/?page_id=9438"},"modified":"2025-12-29T17:18:33","modified_gmt":"2025-12-29T16:18:33","slug":"roedermark-aktuell","status":"publish","type":"page","link":"https:\/\/www.heusenstaemmchen.de\/news\/roedermark-aktuell","title":{"rendered":"Aktuelle News aus R\u00f6dermark und dem Kreis Offenbach"},"content":{"rendered":"<p><b>News aus R\u00f6dermark<\/b> mit aktuellen <a href=\"#nachrichten\">Nachrichten<\/a>, <a href=\"#polizeimeldungen\">Polizeimeldungen<\/a> von heute und <a href=\"#umgebung\">Neuigkeiten aus R\u00f6dermarks Umgebung<\/a><\/p>\n<p>\n<div style=\"background-color:#ffffc0; margin-top:40px; margin-bottom:15px; padding:10px;\">\n <h2 style=\"margin:0px; margin-bottom:15px;\">Veranstaltungen rund um Roedermark<\/h2>\n <table cellpadding=\"0\" cellspacing=\"0\" style=\"margin-bottom:20px;\" width=\"100%\">\n <tr><td width=\"20%\">04.09. (Freitag)<\/td><td width=\"80%\"><a href=\"\/news\/heusenstamm-veranstaltungen#20260904\" style=\"color:#000000;\">Heusenstamm: Flohmarkt &quot;Klamotte &amp; Kunst&quot; in der Alten Linde<\/a><\/td>\n <tr><td width=\"20%\">05.09. (Samstag)<\/td><td width=\"80%\"><a href=\"\/news\/heusenstamm-veranstaltungen#20260905\" style=\"color:#000000;\">Offenbach: Flohmarkt<\/a><\/td>\n <\/table>\n Mehr <a href=\"\/news\/heusenstamm-veranstaltungen#20260905\" title=\"Veranstaltungen im Kreis Offenbach\">Veranstaltungen<\/a> ...\n<\/div>\n<br \/>\n\n<div style=\"background-color:#ffffff; margin-top:15px; margin-bottom:15px; padding:10px; text-align:left; word-wrap:break-word;\">\n<h2 style=\"margin:0px; margin-bottom:20px;\"><a name=\"nachrichten\"><\/a>Aktuelle News f\u00fcr R\u00f6dermark<\/h2>\n <div class=\"post\" style=\"margin-bottom:40px;\">\n <article>\n  <h3><a name=\"180f3a0f\" href=\"https:\/\/www.rheinmainverlag.de\/2026\/09\/03\/roedermaerker-ausnahmeathletin-erinnert-sich-an-karriere-meilensteine\/\" style=\"color:#333333;\" target=\"_blank\">Ober-Roden: Ausnahmeathletin erinnert sich an Karriere-Meilensteine<\/a><\/h3>\n  <div class=\"entry\">\n   <p style=\"margin-bottom:4px;\">\n   <a href=\"https:\/\/www.rheinmainverlag.de\/2026\/09\/03\/roedermaerker-ausnahmeathletin-erinnert-sich-an-karriere-meilensteine\/\" target=\"_blank\"><img decoding=\"async\" src=\"\/feeds\/gfx\/rheinmainverlag.de.png\" style=\"align:left !important; float:left !important; margin-top:4px !important; margin-right:8px !important; margin-bottom:4px !important; width:90px !important;\" \/><\/a>    Ina Schmidt, die langj&auml;hrige Feldarmbrustsch&uuml;tzin des SV Diana Ober-Roden, blickt auf eine &auml;u&szlig;erst erfolgreiche Karriere zur&uuml;ck. Die Babenhausenerin hat zahlreiche Titel bei Welt- und Europameisterschaften gewonnen &#8211; erst in der Jugendklasse, sp&auml;ter im ...<br clear=\"all\" \/>   <\/p>\n   <div><span class=\"my_article_details\"><time datetime=\"2026-09-03\">03.09.2026<\/time> &middot; Ober-Roden &middot; <\/span><a href=\"https:\/\/www.rheinmainverlag.de\/2026\/09\/03\/roedermaerker-ausnahmeathletin-erinnert-sich-an-karriere-meilensteine\/\" title=\"Link zum Artikel auf rheinmainverlag.de\" target=\"_blank\">rheinmainverlag.de<\/a><\/div>\n  <\/div>\n <\/article>\n <\/div>\n <div class=\"post\" style=\"margin-bottom:40px;\">\n <article>\n  <h3><a name=\"af7b955c\" href=\"https:\/\/vcor.de\/starker-auftritt-unserer-h2\/\" style=\"color:#333333;\" target=\"_blank\">Volleyball: Starker Auftritt unserer H2<\/a><\/h3>\n  <div class=\"entry\">\n   <p style=\"margin-bottom:4px;\">\n   <a href=\"https:\/\/vcor.de\/starker-auftritt-unserer-h2\/\" target=\"_blank\"><img decoding=\"async\" src=\"\/feeds\/gfx\/vcor.de.png\" style=\"align:left !important; float:left !important; margin-top:4px !important; margin-right:8px !important; margin-bottom:4px !important; width:90px !important;\" \/><\/a>    Am Samstag absolvierte die Herren 2 ihr erstes Vorbereitungsturnier in M&ouml;rfelden. Dieses Mal musste sich die Mannschaft auch gegen Landesliga-Teams behaupten. Doch durch souver&auml;ne Spielz&uuml;ge und einer au&szlig;ergew&ouml;hnlichen Teamatmosphere belegte die Mannschaft in ...<br clear=\"all\" \/>   <\/p>\n   <div><span class=\"my_article_details\"><time datetime=\"2026-09-03\">03.09.2026<\/time> &middot; <a href=\"\/news\/roedermark-nachrichten\" title=\"Roedermark Nachrichten\">News<\/a> &middot; <a href=\"\/news\/roedermark-aktuell\" title=\"R\u00f6dermark heute aktuell\">R\u00f6dermark<\/a> &middot; <\/span><a href=\"https:\/\/vcor.de\/starker-auftritt-unserer-h2\/\" title=\"Link zum Artikel auf vcor.de\" target=\"_blank\">vcor.de<\/a><\/div>\n  <\/div>\n <\/article>\n <\/div>\n <div class=\"post\" style=\"margin-bottom:40px;\">\n <article>\n  <h3><a name=\"4068f2a0\" href=\"https:\/\/spvgg03.de\/punktspiele-senioren-im-september-2\/\" style=\"color:#333333;\" target=\"_blank\">Fu\u00dfball: Punktspiele Senioren im September<\/a><\/h3>\n  <div class=\"entry\">\n   <p style=\"margin-bottom:4px;\">\n   <a href=\"https:\/\/spvgg03.de\/punktspiele-senioren-im-september-2\/\" target=\"_blank\"><img decoding=\"async\" src=\"\/feeds\/gfx\/null-drei.de.png\" style=\"align:left !important; float:left !important; margin-top:4px !important; margin-right:8px !important; margin-bottom:4px !important; width:90px !important;\" \/><\/a>    Auch im September geht es f&uuml;r unsere 1te gleich mit zwei Hochkar&auml;tern weiter, ehe in der zweiten Monatsh&auml;lfte dann mal Gegner auf Augenh&ouml;he warten. Trotzdem will man nat&uuml;rlich in Seligenstadt und Bornheim f&uuml;r eine &Uuml;berraschung sorgen und Punkte entf&uuml;hren. Die ...<br clear=\"all\" \/>   <\/p>\n   <div><span class=\"my_article_details\"><time datetime=\"2026-09-03\">03.09.2026<\/time> &middot; Ober-Roden &middot; <\/span><a href=\"https:\/\/spvgg03.de\/punktspiele-senioren-im-september-2\/\" title=\"Link zum Artikel auf null-drei.de\" target=\"_blank\">null-drei.de<\/a><\/div>\n  <\/div>\n <\/article>\n <\/div>\n <div class=\"post\" style=\"margin-bottom:40px;\">\n <article>\n  <h3><a name=\"355b5d42\" href=\"https:\/\/gruene-offenbach.de\/2026\/09\/02\/naturnahe-bildung-im-naturerfahrungsraum\/\" style=\"color:#333333;\" target=\"_blank\">Die Gr\u00fcnen: Naturnahe Bildung im Naturerfahrungsraum<\/a><\/h3>\n  <div class=\"entry\">\n   <p style=\"margin-bottom:4px;\">\n   <a href=\"https:\/\/gruene-offenbach.de\/2026\/09\/02\/naturnahe-bildung-im-naturerfahrungsraum\/\" target=\"_blank\"><img decoding=\"async\" src=\"\/feeds\/gfx\/gruene-offenbach.de.png\" style=\"align:left !important; float:left !important; margin-top:4px !important; margin-right:8px !important; margin-bottom:4px !important; width:90px !important;\" \/><\/a>    Rede von Tobias Dondelinger in der Stadtverordnetenversammlung Weil es in den Aussch&uuml;ssen immer mal wieder Fragen dazu gab, vorab ein paar Worte zu Naturerfahrungsr&auml;umen: Toben, balancieren, rennen, sammeln, beobachten, Fr&uuml;chte naschen und H&ouml;hlen bauen \u2013 nat&uuml;rlicher ...<br clear=\"all\" \/>   <\/p>\n   <div><span class=\"my_article_details\"><time datetime=\"2026-09-02\">02.09.2026<\/time> &middot; <a href=\"\/news\/offenbach-aktuell\" title=\"Offenbach heute aktuell\">Offenbach<\/a> &middot; Umgebung &middot; <\/span><a href=\"https:\/\/gruene-offenbach.de\/2026\/09\/02\/naturnahe-bildung-im-naturerfahrungsraum\/\" title=\"Link zum Artikel auf gruene-offenbach.de\" target=\"_blank\">gruene-offenbach.de<\/a><\/div>\n  <\/div>\n <\/article>\n <\/div>\n <div class=\"post\" style=\"margin-bottom:40px;\">\n <article>\n  <h3><a name=\"124ce628\" href=\"https:\/\/gruene-offenbach.de\/2026\/09\/02\/hitzevorsorge-in-offenbach\/\" style=\"color:#333333;\" target=\"_blank\">Die Gr\u00fcnen: Hitzevorsorge in Offenbach<\/a><\/h3>\n  <div class=\"entry\">\n   <p style=\"margin-bottom:4px;\">\n   <a href=\"https:\/\/gruene-offenbach.de\/2026\/09\/02\/hitzevorsorge-in-offenbach\/\" target=\"_blank\"><img decoding=\"async\" src=\"\/feeds\/gfx\/gruene-offenbach.de.png\" style=\"align:left !important; float:left !important; margin-top:4px !important; margin-right:8px !important; margin-bottom:4px !important; width:90px !important;\" \/><\/a>    Rede von Sonja Schneider in der Stadtverordnetenversammlung Wir stehen in Offenbach vor einer Herausforderung, die uns alle angeht: Die Hitze nimmt zu, und unsere Innenstadt ist besonders betroffen. Offenbach z&auml;hlt zu den sehr stark hitzegeplagten St&auml;dten in ...<br clear=\"all\" \/>   <\/p>\n   <div><span class=\"my_article_details\"><time datetime=\"2026-09-02\">02.09.2026<\/time> &middot; <a href=\"\/news\/offenbach-aktuell\" title=\"Offenbach heute aktuell\">Offenbach<\/a> &middot; \u00d6PNV &middot; <\/span><a href=\"https:\/\/gruene-offenbach.de\/2026\/09\/02\/hitzevorsorge-in-offenbach\/\" title=\"Link zum Artikel auf gruene-offenbach.de\" target=\"_blank\">gruene-offenbach.de<\/a><\/div>\n  <\/div>\n <\/article>\n <\/div>\n <div class=\"post\" style=\"margin-bottom:40px;\">\n <article>\n  <h3><a name=\"9cc8e359\" href=\"https:\/\/www.dietzenbach.de\/Stadt-Rathaus\/Stadt\/Aktuelles\/Vermessung-des-Instrumentenlandesystems-ILS-am-Flughafen-Frankfurt.php?ModID=255&FID=3651.29591.1\" style=\"color:#333333;\" target=\"_blank\">Dietzenbach: Vermessung des Instrumentenlandesystems (ILS) am Flughafen Frankfurt<\/a><\/h3>\n  <div class=\"entry\">\n   <p style=\"margin-bottom:4px;\">\n   <a href=\"https:\/\/www.dietzenbach.de\/Stadt-Rathaus\/Stadt\/Aktuelles\/Vermessung-des-Instrumentenlandesystems-ILS-am-Flughafen-Frankfurt.php?ModID=255&FID=3651.29591.1\" target=\"_blank\"><img decoding=\"async\" src=\"\/feeds\/gfx\/dietzenbach.de.png\" style=\"align:left !important; float:left !important; margin-top:4px !important; margin-right:8px !important; margin-bottom:4px !important; width:90px !important;\" \/><\/a>    Messflugzeug vom 3. bis 6. September 2026 in der Region Vom 3. bis voraussichtlich 6. September 2026 wird das (ILS) Instrumentenlandesystem der S&uuml;dbahn des Frankfurter Flughafens vermessen. Ein speziell hierf&uuml;r ausger&uuml;stetes Messflugzeug &uuml;berpr&uuml;ft ...<br clear=\"all\" \/>   <\/p>\n   <div><span class=\"my_article_details\"><time datetime=\"2026-09-02\">02.09.2026<\/time> &middot; <a href=\"\/news\/fluglaerm-offenbach-am-main\" title=\"Flugl\u00e4rm Offenbach am Main\">Flughafen<\/a> &middot; Frankfurt &middot; <\/span><a href=\"https:\/\/www.dietzenbach.de\/Stadt-Rathaus\/Stadt\/Aktuelles\/Vermessung-des-Instrumentenlandesystems-ILS-am-Flughafen-Frankfurt.php?ModID=255&FID=3651.29591.1\" title=\"Link zum Artikel auf dietzenbach.de\" target=\"_blank\">dietzenbach.de<\/a><\/div>\n  <\/div>\n <\/article>\n <\/div>\n<div class=\"post\" style=\"background-color: #fae67a; margin-bottom: 40px; padding: 10px;\"><article><a style=\"color: #000000; font-size: 20px; font-weight: normal; text-decoration: underlined;\" href=\"https:\/\/www.ffhstm.de\/150-jahre-feuerwehr-heusenstamm\" target=\"_blank\">Gro\u00dfes Festwochenende der Freiwilligen Feuerwehr Heusenstamm vom 4. bis 6. September<\/a><\/p><div class=\"entry\"><p style=\"margin-bottom: 4px;\"><a href=\"https:\/\/www.ffhstm.de\/150-jahre-feuerwehr-heusenstamm\" target=\"_blank\" rel=\"noopener\"><img decoding=\"async\" style=\"align: left !important; float: left !important; margin-top: 4px !important; margin-right: 8px !important; margin-bottom: 4px !important; width: 90px !important;\" src=\"data:image\/gif;base64,R0lGODlhAQABAIAAAAAAAP\/\/\/yH5BAEAAAAALAAAAAABAAEAAAIBRAA7\" data-src=\"https:\/\/www.heusenstaemmchen.de\/feeds\/gfx\/ffhstm.de.png\" \/><\/a>Wir planen Gro\u00dfes, Lautes, Feuriges, aber auch Herzliches und Geselliges zum Festwochenende im September 2026. Ein gro\u00dfes Festzelt wird errichtet und drei Tage lang werden wir uns und die Feuerwehr Heusenstamm mit Ihnen und Euch feiern.<br clear=\"all\" \/><\/p><div><b>Veranstaltung<\/b> \u00b7 Festwochenende \u00b7 <a title=\"Mehr Details auf ffhstm.de\" href=\"https:\/\/www.ffhstm.de\/150-jahre-feuerwehr-heusenstamm\" target=\"_blank\" rel=\"noopener\">ffhstm.de<\/a><\/div><\/div><\/article><\/div> <div class=\"post\" style=\"margin-bottom:40px;\">\n <article>\n  <h3><a name=\"2947ec1c\" href=\"https:\/\/www.op-online.de\/offenbach\/sommer-schmuddelherbst-grenze-teilt-deutschland-so-entwickelt-sich-wetter-in-offenbach-94471394.html\" style=\"color:#333333;\" target=\"_blank\">Sommer-Schmuddelherbst-Grenze teilt Deutschland: So entwickelt sich Wetter in Offenbach<\/a><\/h3>\n  <div class=\"entry\">\n   <p style=\"margin-bottom:4px;\">\n   <a href=\"https:\/\/www.op-online.de\/offenbach\/sommer-schmuddelherbst-grenze-teilt-deutschland-so-entwickelt-sich-wetter-in-offenbach-94471394.html\" target=\"_blank\"><img decoding=\"async\" src=\"https:\/\/www.op-online.de\/assets\/images\/43\/872\/43872992-blaetter-baum-nacht-1pbvVBIMXaef.jpg\" style=\"align:left !important; float:left !important; margin-top:4px !important; margin-right:8px !important; margin-bottom:4px !important; width:90px !important;\" \/><\/a>    Nach den Hitzewellen ist es im Hessen erst einmal k&uuml;hler geworden. Doch der DWD sieht schon die n&auml;chste warme Luft im Anmarsch. F&uuml;r Offenbach gilt das wohl auch.<br clear=\"all\" \/>   <\/p>\n   <div><span class=\"my_article_details\"><time datetime=\"2026-09-02\">02.09.2026<\/time> &middot; <a href=\"\/news\/offenbach-aktuell\" title=\"Offenbach heute aktuell\">Offenbach<\/a> &middot; Wetter &middot; <\/span><a href=\"https:\/\/www.op-online.de\/offenbach\/sommer-schmuddelherbst-grenze-teilt-deutschland-so-entwickelt-sich-wetter-in-offenbach-94471394.html\" title=\"Link zum Artikel auf op-online.de\" target=\"_blank\">op-online.de<\/a><\/div>\n  <\/div>\n <\/article>\n <\/div>\n <div class=\"post\" style=\"margin-bottom:40px;\">\n <article>\n  <h3><a name=\"e47bb3f3\" href=\"https:\/\/gruene-offenbach.de\/2026\/09\/02\/foerderung-fuer-klimaresiliente-schulhoefe-nutzen\/\" style=\"color:#333333;\" target=\"_blank\">Die Gr\u00fcnen: F\u00f6rderung f\u00fcr klimaresiliente Schulh\u00f6fe nutzen<\/a><\/h3>\n  <div class=\"entry\">\n   <p style=\"margin-bottom:4px;\">\n   <a href=\"https:\/\/gruene-offenbach.de\/2026\/09\/02\/foerderung-fuer-klimaresiliente-schulhoefe-nutzen\/\" target=\"_blank\"><img decoding=\"async\" src=\"\/feeds\/gfx\/gruene-offenbach.de.png\" style=\"align:left !important; float:left !important; margin-top:4px !important; margin-right:8px !important; margin-bottom:4px !important; width:90px !important;\" \/><\/a>    Rede von Nata Kabir in der Stadtverordnetenversammlung Wir haben in diesem Jahr eindr&uuml;cklich erlebt, wie der Sommer sein kann, wie stark sich versiegelte Fl&auml;chen aufheizen. Gerade f&uuml;r Kinder sind hohe Temperaturen eine Belastung. Deshalb haben wir als Stadtverordnetenversammlung ...<br clear=\"all\" \/>   <\/p>\n   <div><span class=\"my_article_details\"><time datetime=\"2026-09-02\">02.09.2026<\/time> &middot; <a href=\"\/news\/offenbach-aktuell\" title=\"Offenbach heute aktuell\">Offenbach<\/a> &middot; Umgebung &middot; <\/span><a href=\"https:\/\/gruene-offenbach.de\/2026\/09\/02\/foerderung-fuer-klimaresiliente-schulhoefe-nutzen\/\" title=\"Link zum Artikel auf gruene-offenbach.de\" target=\"_blank\">gruene-offenbach.de<\/a><\/div>\n  <\/div>\n <\/article>\n <\/div>\n <div class=\"post\" style=\"margin-bottom:40px;\">\n <article>\n  <h3><a name=\"b21caecf\" href=\"https:\/\/germania-ober-roden.de\/sc-dortelweil-germania-ober-roden-32-10\/\" style=\"color:#333333;\" target=\"_blank\">Fu\u00dfball: SC Dortelweil \u2013 Germania Ober-Roden 3:2 (1:0)<\/a><\/h3>\n  <div class=\"entry\">\n   <p style=\"margin-bottom:4px;\">\n   <a href=\"https:\/\/germania-ober-roden.de\/sc-dortelweil-germania-ober-roden-32-10\/\" target=\"_blank\"><img decoding=\"async\" src=\"\/feeds\/gfx\/germania-ober-roden.de.png\" style=\"align:left !important; float:left !important; margin-top:4px !important; margin-right:8px !important; margin-bottom:4px !important; width:90px !important;\" \/><\/a>    Germania ist zu Beginn der Saison stark geschw&auml;cht In einem Beitrag in der Offenbach Post erw&auml;hnte unser Trainer Fabian B&auml;cker den derzeitigen Stand der ersten Mannschaft. \u201eUns fehlten im Kader zw&ouml;lf Mann, neu auf der Verletztenliste hinzugekommen war unter ...<br clear=\"all\" \/>   <\/p>\n   <div><span class=\"my_article_details\"><time datetime=\"2026-09-02\">02.09.2026<\/time> &middot; Ober-Roden &middot; <\/span><a href=\"https:\/\/germania-ober-roden.de\/sc-dortelweil-germania-ober-roden-32-10\/\" title=\"Link zum Artikel auf germania-ober-roden.de\" target=\"_blank\">germania-ober-roden.de<\/a><\/div>\n  <\/div>\n <\/article>\n <\/div>\n <div class=\"post\" style=\"margin-bottom:40px;\">\n <article>\n  <h3><a name=\"11e8c9ed\" href=\"https:\/\/www.verbraucherzentrale-hessen.de\/pressemitteilungen\/beratung-zu-energieschulden-und-sperren-in-wiesbaden-125558\" style=\"color:#333333;\" target=\"_blank\">Verbraucherzentrale: Beratung zu Energieschulden und -sperren in Wiesbaden<\/a><\/h3>\n  <div class=\"entry\">\n   <p style=\"margin-bottom:4px;\">\n   <a href=\"https:\/\/www.verbraucherzentrale-hessen.de\/pressemitteilungen\/beratung-zu-energieschulden-und-sperren-in-wiesbaden-125558\" target=\"_blank\"><img decoding=\"async\" src=\"\/feeds\/gfx\/verbraucherzentrale-hessen.de.png\" style=\"align:left !important; float:left !important; margin-top:4px !important; margin-right:8px !important; margin-bottom:4px !important; width:90px !important;\" \/><\/a>    Verbraucherzentrale Hessen startet kostenlose Beratung vor Ort<br clear=\"all\" \/>   <\/p>\n   <div><span class=\"my_article_details\"><time datetime=\"2026-09-02\">02.09.2026<\/time> &middot; Hessen &middot; <\/span><a href=\"https:\/\/www.verbraucherzentrale-hessen.de\/pressemitteilungen\/beratung-zu-energieschulden-und-sperren-in-wiesbaden-125558\" title=\"Link zum Artikel auf verbraucherzentrale-hessen.de\" target=\"_blank\">verbraucherzentrale-hessen.de<\/a><\/div>\n  <\/div>\n <\/article>\n <\/div>\n <div class=\"post\" style=\"margin-bottom:40px;\">\n <article>\n  <h3><a name=\"b2bc5ac2\" href=\"https:\/\/www.evo-ag.de\/presse\/pressemitteilungen\/details\/verstaerkung-fuer-das-evo-team\" style=\"color:#333333;\" target=\"_blank\">Verst\u00e4rkung f\u00fcr das EVO-Team<\/a><\/h3>\n  <div class=\"entry\">\n   <p style=\"margin-bottom:4px;\">\n   <a href=\"https:\/\/www.evo-ag.de\/presse\/pressemitteilungen\/details\/verstaerkung-fuer-das-evo-team\" target=\"_blank\"><img decoding=\"async\" src=\"\/feeds\/gfx\/evo-ag.de.png\" style=\"align:left !important; float:left !important; margin-top:4px !important; margin-right:8px !important; margin-bottom:4px !important; width:90px !important;\" \/><\/a>    OFFENBACH, 02. September 2026. Elf junge Menschen haben am gestrigen Dienstag ihre Ausbildung bei der Energieversorgung Offenbach AG (EVO) begonnen. Technikvorst\u00e4ndin Dr. Catharina Friedrich hie\u00df die neuen Kolleginnen und Kollegen auf dem Offenbac ...<br clear=\"all\" \/>   <\/p>\n   <div><span class=\"my_article_details\"><time datetime=\"2026-09-02\">02.09.2026<\/time> &middot; Energie &middot; <a href=\"\/news\/offenbach-aktuell\" title=\"Offenbach heute aktuell\">Offenbach<\/a> &middot; <\/span><a href=\"https:\/\/www.evo-ag.de\/presse\/pressemitteilungen\/details\/verstaerkung-fuer-das-evo-team\" title=\"Link zum Artikel auf evo-ag.de\" target=\"_blank\">evo-ag.de<\/a><\/div>\n  <\/div>\n <\/article>\n <\/div>\n <div class=\"post\" style=\"margin-bottom:40px;\">\n <article>\n  <h3><a name=\"76fcb83b\" href=\"https:\/\/www.maingau-energie.de\/pressemitteilungen\/maingau-waehlt-deftpower-fuer-intelligenteres-ev-laden-in-deutschland\" style=\"color:#333333;\" target=\"_blank\">MAINGAU w\u00e4hlt Deftpower f\u00fcr intelligenteres EV-Laden in Deutschland<\/a><\/h3>\n  <div class=\"entry\">\n   <p style=\"margin-bottom:4px;\">\n   <a href=\"https:\/\/www.maingau-energie.de\/pressemitteilungen\/maingau-waehlt-deftpower-fuer-intelligenteres-ev-laden-in-deutschland\" target=\"_blank\"><img decoding=\"async\" src=\"\/feeds\/gfx\/maingau-energie.de.png\" style=\"align:left !important; float:left !important; margin-top:4px !important; margin-right:8px !important; margin-bottom:4px !important; width:90px !important;\" \/><\/a>    MAINGAU hat Deftpower als eMSP-Partner ausgew\u00e4hlt, um das Autostromangebot weiterzuentwickeln. Die Partnerschaft schafft die Grundlage f\u00fcr smartes Laden und eine tiefere Integration weiterer Services.<br clear=\"all\" \/>   <\/p>\n   <div><span class=\"my_article_details\"><time datetime=\"2026-09-02\">02.09.2026<\/time> &middot; <a href=\"\/news\/polizeieinsaetze-offenbach-am-main\" title=\"Polizeieins\u00e4tze Offenbach am Main\">Kreis Offenbach<\/a> &middot; <\/span><a href=\"https:\/\/www.maingau-energie.de\/pressemitteilungen\/maingau-waehlt-deftpower-fuer-intelligenteres-ev-laden-in-deutschland\" title=\"Link zum Artikel auf maingau-energie.de\" target=\"_blank\">maingau-energie.de<\/a><\/div>\n  <\/div>\n <\/article>\n <\/div>\n <div class=\"post\" style=\"margin-bottom:40px;\">\n <article>\n  <h3><a name=\"710469be\" href=\"https:\/\/mobil.hessen.de\/presse\/b-459-l-3117-radwegbau-wechselt-in-naechsten-bauabschnitt\" style=\"color:#333333;\" target=\"_blank\">Kreis Offenbach: B 459 \/ L 3117: Radwegbau wechselt in n\u00e4chsten Bauabschnitt<\/a><\/h3>\n  <div class=\"entry\">\n   <p style=\"margin-bottom:4px;\">\n   <a href=\"https:\/\/mobil.hessen.de\/presse\/b-459-l-3117-radwegbau-wechselt-in-naechsten-bauabschnitt\" target=\"_blank\"><img decoding=\"async\" src=\"\/feeds\/gfx\/mobil.hessen.de.png\" style=\"align:left !important; float:left !important; margin-top:4px !important; margin-right:8px !important; margin-bottom:4px !important; width:90px !important;\" \/><\/a>    Arbeiten zwischen Kempinski-Kreuzung und Reithalle starten am Montag<br clear=\"all\" \/>   <\/p>\n   <div><span class=\"my_article_details\"><time datetime=\"2026-09-02\">02.09.2026<\/time> &middot; <a href=\"\/news\/polizeieinsaetze-offenbach-am-main\" title=\"Polizeieins\u00e4tze Offenbach am Main\">Kreis Offenbach<\/a> &middot; <\/span><a href=\"https:\/\/mobil.hessen.de\/presse\/b-459-l-3117-radwegbau-wechselt-in-naechsten-bauabschnitt\" title=\"Link zum Artikel auf mobil.hessen.de\" target=\"_blank\">mobil.hessen.de<\/a><\/div>\n  <\/div>\n <\/article>\n <\/div>\n <div class=\"post\" style=\"margin-bottom:40px;\">\n <article>\n  <h3><a name=\"b2ab1ab9\" href=\"https:\/\/www.op-online.de\/region\/roedermark\/drei-vaeter-daemmen-kindergarten-decken-und-sparen-000-euro-94470292.html\" style=\"color:#333333;\" target=\"_blank\">Drei V\u00e4ter d\u00e4mmen Kindergarten-Decken \u2013 und sparen Kita 2.000 Euro<\/a><\/h3>\n  <div class=\"entry\">\n   <p style=\"margin-bottom:4px;\">\n   <a href=\"https:\/\/www.op-online.de\/region\/roedermark\/drei-vaeter-daemmen-kindergarten-decken-und-sparen-000-euro-94470292.html\" target=\"_blank\"><img decoding=\"async\" src=\"https:\/\/www.op-online.de\/assets\/images\/43\/930\/43930381-kindergartenleiterin-annemarie-kern-richter-hat-gut-lachen-bei-drei-so-engagierten-aktuellen-und-ehemaligen-kindergarten-vaetern-wie-von-links-oliver-2sSPCor0f0ef.jpg\" style=\"align:left !important; float:left !important; margin-top:4px !important; margin-right:8px !important; margin-bottom:4px !important; width:90px !important;\" \/><\/a>    Im Kindergarten St. Gallus haben drei V&auml;ter die Schalld&auml;mmung in zwei Gruppenr&auml;umen selbst montiert. Das Geld hatte nur f&uuml;r einen Raum gereicht.<br clear=\"all\" \/>   <\/p>\n   <div><span class=\"my_article_details\"><time datetime=\"2026-09-02\">02.09.2026<\/time> &middot; <a href=\"\/news\/roedermark-nachrichten\" title=\"Roedermark Nachrichten\">News<\/a> &middot; <a href=\"\/news\/roedermark-aktuell\" title=\"R\u00f6dermark heute aktuell\">R\u00f6dermark<\/a> &middot; <\/span><a href=\"https:\/\/www.op-online.de\/region\/roedermark\/drei-vaeter-daemmen-kindergarten-decken-und-sparen-000-euro-94470292.html\" title=\"Link zum Artikel auf op-online.de\" target=\"_blank\">op-online.de<\/a><\/div>\n  <\/div>\n <\/article>\n <\/div>\n <div class=\"post\" style=\"margin-bottom:40px;\">\n <article>\n  <h3><a name=\"10bed240\" href=\"https:\/\/www.hessenschau.de\/politik\/besoldung-beamte-in-hessen-bekommen-knapp-sechs-prozent-mehr-geld-v1,beamtenbesoldung-hessen-100.html\" style=\"color:#333333;\" target=\"_blank\">Besoldung: Beamte in Hessen bekommen knapp sechs Prozent mehr Geld<\/a><\/h3>\n  <div class=\"entry\">\n   <p style=\"margin-bottom:4px;\">\n   <a href=\"https:\/\/www.hessenschau.de\/politik\/besoldung-beamte-in-hessen-bekommen-knapp-sechs-prozent-mehr-geld-v1,beamtenbesoldung-hessen-100.html\" target=\"_blank\"><img decoding=\"async\" src=\"https:\/\/www.hessenschau.de\/politik\/beamte-arbeit-100~_t-1788325954465_v-16to9.jpg\" style=\"align:left !important; float:left !important; margin-top:4px !important; margin-right:8px !important; margin-bottom:4px !important; width:90px !important;\" \/><\/a>    Hessische Beamte und Pension&auml;re bekommen mehr Geld. Das beschloss der Landtag mit den Stimmen der schwarz-roten Regierung. Die Opposition sieht besonders ein verankertes Familieneink&uuml;nftemodell als rechtlich bedenklich. ...<br clear=\"all\" \/>   <\/p>\n   <div><span class=\"my_article_details\"><time datetime=\"2026-09-01\">01.09.2026<\/time> &middot; Hessen &middot; Landtag &middot; <\/span><a href=\"https:\/\/www.hessenschau.de\/politik\/besoldung-beamte-in-hessen-bekommen-knapp-sechs-prozent-mehr-geld-v1,beamtenbesoldung-hessen-100.html\" title=\"Link zum Artikel auf hessenschau.de\" target=\"_blank\">hessenschau.de<\/a><\/div>\n  <\/div>\n <\/article>\n <\/div>\n <div class=\"post\" style=\"margin-bottom:40px;\">\n <article>\n  <h3><a name=\"c363c9dd\" href=\"https:\/\/www.hessenschau.de\/gesellschaft\/hebamme-in-offenbach-wie-ein-mann-im-kreisssaal-seine-berufung-fand-v1,maennliche-hebamme-100.html\" style=\"color:#333333;\" target=\"_blank\">Hebamme in Offenbach: Wie ein Mann im Krei\u00dfsaal seine Berufung fand<\/a><\/h3>\n  <div class=\"entry\">\n   <p style=\"margin-bottom:4px;\">\n   <a href=\"https:\/\/www.hessenschau.de\/gesellschaft\/hebamme-in-offenbach-wie-ein-mann-im-kreisssaal-seine-berufung-fand-v1,maennliche-hebamme-100.html\" target=\"_blank\"><img decoding=\"async\" src=\"https:\/\/www.hessenschau.de\/panorama\/maennliche-hebamme-102~_t-1788282898293_v-16to9.jpg\" style=\"align:left !important; float:left !important; margin-top:4px !important; margin-right:8px !important; margin-bottom:4px !important; width:90px !important;\" \/><\/a>    Roman Linares-Ebert hat in seinem Leben schon einige Berufe ausprobiert. Als Hebamme im Sana-Klinikum Offenbach hat er seine Berufung gefunden. Hier erz&auml;hlt er, wie er bei Patientinnen ankommt \u2013 und was er anderen M&auml;nnern mitgeben m&ouml;chte. ...<br clear=\"all\" \/>   <\/p>\n   <div><span class=\"my_article_details\"><time datetime=\"2026-09-01\">01.09.2026<\/time> &middot; <a href=\"\/news\/sana-klinikum-offenbach\" title=\"Sana Klinikum Offenbach\">Klinik<\/a> &middot; <a href=\"\/news\/offenbach-aktuell\" title=\"Offenbach heute aktuell\">Offenbach<\/a> &middot; <\/span><a href=\"https:\/\/www.hessenschau.de\/gesellschaft\/hebamme-in-offenbach-wie-ein-mann-im-kreisssaal-seine-berufung-fand-v1,maennliche-hebamme-100.html\" title=\"Link zum Artikel auf hessenschau.de\" target=\"_blank\">hessenschau.de<\/a><\/div>\n  <\/div>\n <\/article>\n <\/div>\n <div class=\"post\" style=\"margin-bottom:40px;\">\n <article>\n  <h3><a name=\"bc06aff9\" href=\"https:\/\/of-news.de\/roedermark\/zugeparkte-trauerhalle-am-friedhof-ober-roden-stadtverwaltung-bittet-besucher-um-ruecksichtnahme-170067\/\" style=\"color:#333333;\" target=\"_blank\">Zugeparkte Trauerhalle am Friedhof Ober-Roden: Stadtverwaltung bittet Besucher um R\u00fccksichtnahme<\/a><\/h3>\n  <div class=\"entry\">\n   <p style=\"margin-bottom:4px;\">\n   <a href=\"https:\/\/of-news.de\/roedermark\/zugeparkte-trauerhalle-am-friedhof-ober-roden-stadtverwaltung-bittet-besucher-um-ruecksichtnahme-170067\/\" target=\"_blank\"><img decoding=\"async\" src=\"\/feeds\/gfx\/of-news.de.png\" style=\"align:left !important; float:left !important; margin-top:4px !important; margin-right:8px !important; margin-bottom:4px !important; width:90px !important;\" \/><\/a>    Die Friedhofsverwaltung der Stadt R&ouml;dermark verzeichnet eine steigende Anzahl an Beschwerden bez&uuml;glich der Parksituation am Friedhof im Stadtteil Ober-Roden. Nach Angaben der Beh&ouml;rde mangelt es an Kapazit&auml;ten bei den regul&auml;ren Abstellpl&auml;tzen f&uuml;r Zweir&auml;der, ...<br clear=\"all\" \/>   <\/p>\n   <div><span class=\"my_article_details\"><time datetime=\"2026-09-01\">01.09.2026<\/time> &middot; <a href=\"\/news\/roedermark-nachrichten\" title=\"Roedermark Nachrichten\">News<\/a> &middot; Ober-Roden &middot; <a href=\"\/news\/roedermark-aktuell\" title=\"R\u00f6dermark heute aktuell\">R\u00f6dermark<\/a> &middot; <\/span><a href=\"https:\/\/of-news.de\/roedermark\/zugeparkte-trauerhalle-am-friedhof-ober-roden-stadtverwaltung-bittet-besucher-um-ruecksichtnahme-170067\/\" title=\"Link zum Artikel auf of-news.de\" target=\"_blank\">of-news.de<\/a><\/div>\n  <\/div>\n <\/article>\n <\/div>\n <div class=\"post\" style=\"margin-bottom:40px;\">\n <article>\n  <h3><a name=\"ce589de0\" href=\"https:\/\/www.quartier-waldacker.de\/?p=28772\" style=\"color:#333333;\" target=\"_blank\">Gute Nachricht f\u00fcr Windows-10-Nutzer: Mehr Sicherheit bis 2027<\/a><\/h3>\n  <div class=\"entry\">\n   <p style=\"margin-bottom:4px;\">\n   <a href=\"https:\/\/www.quartier-waldacker.de\/?p=28772\" target=\"_blank\"><img decoding=\"async\" src=\"\/feeds\/gfx\/quartier-waldacker.de.png\" style=\"align:left !important; float:left !important; margin-top:4px !important; margin-right:8px !important; margin-bottom:4px !important; width:90px !important;\" \/><\/a>    Gute Nachrichten f&uuml;r alle, die noch einen PC mit Windows 10 nutzen: Microsoft hat das Programm f&uuml;r erweiterte Sicherheitsupdates (ESU) bis zum 12. Oktober 2027 ge&ouml;ffnet. Dadurch k&ouml;nnen viele Nutzer ihren Windows-10-PC auch nach dem offiziellen Supportende weiter ...<br clear=\"all\" \/>   <\/p>\n   <div><span class=\"my_article_details\"><time datetime=\"2026-09-01\">01.09.2026<\/time> &middot; <a href=\"\/news\/roedermark-nachrichten\" title=\"Roedermark Nachrichten\">News<\/a> &middot; <a href=\"\/news\/roedermark-aktuell\" title=\"R\u00f6dermark heute aktuell\">R\u00f6dermark<\/a> &middot; <\/span><a href=\"https:\/\/www.quartier-waldacker.de\/?p=28772\" title=\"Link zum Artikel auf quartier-waldacker.de\" target=\"_blank\">quartier-waldacker.de<\/a><\/div>\n  <\/div>\n <\/article>\n <\/div>\n <div class=\"post\" style=\"margin-bottom:40px;\">\n <article>\n  <h3><a name=\"1c611ff2\" href=\"https:\/\/www.op-online.de\/region\/langen\/drk-baut-rettungswache-in-langen-fuer-rund-millionen-euro-um-94468603.html\" style=\"color:#333333;\" target=\"_blank\">DRK rei\u00dft Rettungswache in Langen ab \u2013 3-Millionen-Neubau soll bis 2028 fertig sein<\/a><\/h3>\n  <div class=\"entry\">\n   <p style=\"margin-bottom:4px;\">\n   <a href=\"https:\/\/www.op-online.de\/region\/langen\/drk-baut-rettungswache-in-langen-fuer-rund-millionen-euro-um-94468603.html\" target=\"_blank\"><img decoding=\"async\" src=\"https:\/\/www.op-online.de\/assets\/images\/43\/906\/43906226-die-rettungswagen-halle-an-der-asklepios-klinik-in-der-roentgenstrasse-ist-in-die-jahre-gekommen-das-drk-plant-das-gebaeude-abzureissen-und-bis-2028-3uef.jpg\" style=\"align:left !important; float:left !important; margin-top:4px !important; margin-right:8px !important; margin-bottom:4px !important; width:90px !important;\" \/><\/a>    Das 1999 errichtete Geb&auml;ude an der Asklepios-Klinik in Langen (Kreis Offenbach) wird ab Januar 2027 abgerissen und neu gebaut.<br clear=\"all\" \/>   <\/p>\n   <div><span class=\"my_article_details\"><time datetime=\"2026-09-01\">01.09.2026<\/time> &middot; <a href=\"\/news\/sana-klinikum-offenbach\" title=\"Sana Klinikum Offenbach\">Klinik<\/a> &middot; <a href=\"\/news\/offenbach-aktuell\" title=\"Offenbach heute aktuell\">Offenbach<\/a> &middot; <\/span><a href=\"https:\/\/www.op-online.de\/region\/langen\/drk-baut-rettungswache-in-langen-fuer-rund-millionen-euro-um-94468603.html\" title=\"Link zum Artikel auf op-online.de\" target=\"_blank\">op-online.de<\/a><\/div>\n  <\/div>\n <\/article>\n <\/div>\n <div class=\"post\" style=\"margin-bottom:40px;\">\n <article>\n  <h3><a name=\"cd6c8c4b\" href=\"https:\/\/www.heusenstamm.de\/de\/buerger-und-stadt\/pressecenter\/aktuelle-meldungen\/detail\/item\/8637\/aktuelle-vermessungsfluege-rund-um-den-flughafen-frankfurt\" style=\"color:#333333;\" target=\"_blank\">Heusenstamm: Aktuelle Vermessungsfl\u00fcge rund um den Flughafen Frankfurt<\/a><\/h3>\n  <div class=\"entry\">\n   <p style=\"margin-bottom:4px;\">\n   <a href=\"https:\/\/www.heusenstamm.de\/de\/buerger-und-stadt\/pressecenter\/aktuelle-meldungen\/detail\/item\/8637\/aktuelle-vermessungsfluege-rund-um-den-flughafen-frankfurt\" target=\"_blank\"><img decoding=\"async\" src=\"\/feeds\/gfx\/heusenstamm.de.png\" style=\"align:left !important; float:left !important; margin-top:4px !important; margin-right:8px !important; margin-bottom:4px !important; width:90px !important;\" \/><\/a>    <i>F\u00fcr diese Meldung existiert leider kein kurzer Auszug.<\/i><br clear=\"all\" \/>   <\/p>\n   <div><span class=\"my_article_details\"><time datetime=\"2026-09-01\">01.09.2026<\/time> &middot; <a href=\"\/news\/fluglaerm-offenbach-am-main\" title=\"Flugl\u00e4rm Offenbach am Main\">Flughafen<\/a> &middot; Frankfurt &middot; <\/span><a href=\"https:\/\/www.heusenstamm.de\/de\/buerger-und-stadt\/pressecenter\/aktuelle-meldungen\/detail\/item\/8637\/aktuelle-vermessungsfluege-rund-um-den-flughafen-frankfurt\" title=\"Link zum Artikel auf heusenstamm.de\" target=\"_blank\">heusenstamm.de<\/a><\/div>\n  <\/div>\n <\/article>\n <\/div>\n <div class=\"post\" style=\"margin-bottom:40px;\">\n <article>\n  <h3><a name=\"3b5a3945\" href=\"https:\/\/www.egelsbach.de\/rathaus-politik\/aktuelles\/neuigkeiten-der-gemeinde\/2026\/september\/vermessungsfluege-3-bis-6-september\/\" style=\"color:#333333;\" target=\"_blank\">Egelsbach: Weitere Vermessungsfl\u00fcge am Flughafen Frankfurt<\/a><\/h3>\n  <div class=\"entry\">\n   <p style=\"margin-bottom:4px;\">\n   <a href=\"https:\/\/www.egelsbach.de\/rathaus-politik\/aktuelles\/neuigkeiten-der-gemeinde\/2026\/september\/vermessungsfluege-3-bis-6-september\/\" target=\"_blank\"><img decoding=\"async\" src=\"\/feeds\/gfx\/egelsbach.de.png\" style=\"align:left !important; float:left !important; margin-top:4px !important; margin-right:8px !important; margin-bottom:4px !important; width:90px !important;\" \/><\/a>    Vom 3. bis voraussichtlich 6. September 2026 wird das (ILS) Instrumentenlandesystem der S\u00fcdbahn des Frankfurter Flughafens vermessen. Ein speziell hierf\u00fcr ausger\u00fcstetes Messflugzeug \u00fcberpr\u00fcft dabei die Pr\u00e4zision der Signale, die f\u00fcr sichere Landungen erforderlich ...<br clear=\"all\" \/>   <\/p>\n   <div><span class=\"my_article_details\"><time datetime=\"2026-09-01\">01.09.2026<\/time> &middot; <a href=\"\/news\/fluglaerm-offenbach-am-main\" title=\"Flugl\u00e4rm Offenbach am Main\">Flughafen<\/a> &middot; Frankfurt &middot; <\/span><a href=\"https:\/\/www.egelsbach.de\/rathaus-politik\/aktuelles\/neuigkeiten-der-gemeinde\/2026\/september\/vermessungsfluege-3-bis-6-september\/\" title=\"Link zum Artikel auf egelsbach.de\" target=\"_blank\">egelsbach.de<\/a><\/div>\n  <\/div>\n <\/article>\n <\/div>\n <div class=\"post\" style=\"margin-bottom:40px;\">\n <article>\n  <h3><a name=\"cbd0529f\" href=\"https:\/\/www.kreis-offenbach.de\/Service\/Medienservice\/Aktuelle-Pressemitteilungen\/Pflegekurs-vermittelt-Wissen-f%C3%BCr-den-Alltag.php?object=tx,4013.5.1&ModID=7&FID=4013.3633.1&NavID=4013.211\" style=\"color:#333333;\" target=\"_blank\">Pflegekurs vermittelt Wissen f\u00fcr den Alltag<\/a><\/h3>\n  <div class=\"entry\">\n   <p style=\"margin-bottom:4px;\">\n   <a href=\"https:\/\/www.kreis-offenbach.de\/Service\/Medienservice\/Aktuelle-Pressemitteilungen\/Pflegekurs-vermittelt-Wissen-f%C3%BCr-den-Alltag.php?object=tx,4013.5.1&ModID=7&FID=4013.3633.1&NavID=4013.211\" target=\"_blank\"><img decoding=\"async\" src=\"\/feeds\/gfx\/kreis-offenbach.de.png\" style=\"align:left !important; float:left !important; margin-top:4px !important; margin-right:8px !important; margin-bottom:4px !important; width:90px !important;\" \/><\/a>    Wer einen nahestehenden Menschen zu Hause pflegt, \u00fcbernimmt viel Verantwortung. Gerade im Alltag entstehen dabei Situationen, auf die Angeh\u00f6rige nicht immer  ...<br clear=\"all\" \/>   <\/p>\n   <div><span class=\"my_article_details\"><time datetime=\"2026-09-01\">01.09.2026<\/time> &middot; <a href=\"\/news\/polizeieinsaetze-offenbach-am-main\" title=\"Polizeieins\u00e4tze Offenbach am Main\">Kreis Offenbach<\/a> &middot; <\/span><a href=\"https:\/\/www.kreis-offenbach.de\/Service\/Medienservice\/Aktuelle-Pressemitteilungen\/Pflegekurs-vermittelt-Wissen-f%C3%BCr-den-Alltag.php?object=tx,4013.5.1&ModID=7&FID=4013.3633.1&NavID=4013.211\" title=\"Link zum Artikel auf kreis-offenbach.de\" target=\"_blank\">kreis-offenbach.de<\/a><\/div>\n  <\/div>\n <\/article>\n <\/div>\n <div class=\"post\" style=\"margin-bottom:40px;\">\n <article>\n  <h3><a name=\"a1853132\" href=\"https:\/\/www.op-online.de\/region\/roedermark\/wird-die-musikschule-zu-einer-elitaeren-einrichtung-94468652.html\" style=\"color:#333333;\" target=\"_blank\">Stadt k\u00fcndigt Musikschule den Vertrag \u2013 Leiter schl\u00e4gt Alarm: \u201eNur noch was f\u00fcr Wohlhabende\u201c<\/a><\/h3>\n  <div class=\"entry\">\n   <p style=\"margin-bottom:4px;\">\n   <a href=\"https:\/\/www.op-online.de\/region\/roedermark\/wird-die-musikschule-zu-einer-elitaeren-einrichtung-94468652.html\" target=\"_blank\"><img decoding=\"async\" src=\"https:\/\/www.op-online.de\/assets\/images\/43\/909\/43909372-musikschulleiter-michael-kaufmann-und-vereinsvorstand-reinhard-betz-in-der-kulturhalle-ober-roden-2mqRp3IaVtef.jpg\" style=\"align:left !important; float:left !important; margin-top:4px !important; margin-right:8px !important; margin-bottom:4px !important; width:90px !important;\" \/><\/a>    R&ouml;dermark will den Vertrag mit der Musikschule k&uuml;ndigen. Um den Wegfall des Zuschusses aufzufangen, m&uuml;ssten die Geb&uuml;hren j&auml;hrlich erheblich steigen.<br clear=\"all\" \/>   <\/p>\n   <div><span class=\"my_article_details\"><time datetime=\"2026-09-01\">01.09.2026<\/time> &middot; <a href=\"\/news\/roedermark-nachrichten\" title=\"Roedermark Nachrichten\">News<\/a> &middot; <a href=\"\/news\/roedermark-aktuell\" title=\"R\u00f6dermark heute aktuell\">R\u00f6dermark<\/a> &middot; <\/span><a href=\"https:\/\/www.op-online.de\/region\/roedermark\/wird-die-musikschule-zu-einer-elitaeren-einrichtung-94468652.html\" title=\"Link zum Artikel auf op-online.de\" target=\"_blank\">op-online.de<\/a><\/div>\n  <\/div>\n <\/article>\n <\/div>\n <div class=\"post\" style=\"margin-bottom:40px;\">\n <article>\n  <h3><a name=\"28ec95c6\" href=\"https:\/\/www.1730live.de\/2026\/08\/31\/luftverkehrsforum-des-unternehmerverbandes\/\" style=\"color:#333333;\" target=\"_blank\">Luftverkehrsforum des Unternehmerverbandes<\/a><\/h3>\n  <div class=\"entry\">\n   <p style=\"margin-bottom:4px;\">\n   <a href=\"https:\/\/www.1730live.de\/2026\/08\/31\/luftverkehrsforum-des-unternehmerverbandes\/\" target=\"_blank\"><img decoding=\"async\" src=\"\/feeds\/gfx\/1730live.de.png\" style=\"align:left !important; float:left !important; margin-top:4px !important; margin-right:8px !important; margin-bottom:4px !important; width:90px !important;\" \/><\/a>    Die deutsche Luftfahrt steckt weiterhin in der Krise. Der R&uuml;ckstand der Branche auf den Rest Europas ist so gro&szlig; wie nie seit Ende der Corona -Pandemie. W&auml;hrend viele Fluglinien und Flugh&auml;fen im europ&auml;ischen Ausland l&auml;ngst wieder so stark ausgelastet sind wie ...<br clear=\"all\" \/>   <\/p>\n   <div><span class=\"my_article_details\"><time datetime=\"2026-08-31\">31.08.2026<\/time> &middot; <a href=\"\/news\/fluglaerm-offenbach-am-main\" title=\"Flugl\u00e4rm Offenbach am Main\">Flughafen<\/a> &middot; Frankfurt &middot; <\/span><a href=\"https:\/\/www.1730live.de\/2026\/08\/31\/luftverkehrsforum-des-unternehmerverbandes\/\" title=\"Link zum Artikel auf 1730live.de\" target=\"_blank\">1730live.de<\/a><\/div>\n  <\/div>\n <\/article>\n <\/div>\n <div class=\"post\" style=\"margin-bottom:40px;\">\n <article>\n  <h3><a name=\"14267b29\" href=\"https:\/\/www.adfc-seligenstadt.de\/cms_select.php?ID=1512\" style=\"color:#333333;\" target=\"_blank\">Radfahren: Feierabendtour - zum Feuerabend mit Grillen<\/a><\/h3>\n  <div class=\"entry\">\n   <p style=\"margin-bottom:4px;\">\n   <a href=\"https:\/\/www.adfc-seligenstadt.de\/cms_select.php?ID=1512\" target=\"_blank\"><img decoding=\"async\" src=\"\/feeds\/gfx\/adfc-seligenstadt.de.gif\" style=\"align:left !important; float:left !important; margin-top:4px !important; margin-right:8px !important; margin-bottom:4px !important; width:90px !important;\" \/><\/a>    Der ADFC Dietzenbach feiert wieder seinen Feuerabend bei Hundeverein in R&ouml;dermark-Waldacker am Euler Weg. Das Grillen startet um 19 Uhr und klingt, wenn es die Witterung zul&auml;sst, am Lagerfeuer aus.&ensp; mehr zum Thema &raquo;<br clear=\"all\" \/>   <\/p>\n   <div><span class=\"my_article_details\"><time datetime=\"2026-08-31\">31.08.2026<\/time> &middot; <a href=\"\/news\/roedermark-aktuell\" title=\"R\u00f6dermark heute aktuell\">R\u00f6dermark<\/a> &middot; Waldacker &middot; <\/span><a href=\"https:\/\/www.adfc-seligenstadt.de\/cms_select.php?ID=1512\" title=\"Link zum Artikel auf adfc-seligenstadt.de\" target=\"_blank\">adfc-seligenstadt.de<\/a><\/div>\n  <\/div>\n <\/article>\n <\/div>\n <b>Mehr <a href=\"\/news\/roedermark-nachrichten#27\" title=\"R\u00f6dermark Nachrichten\">R\u00f6dermark-Nachrichten<\/a> ...<\/b>\n<\/div>\n<br \/>\n\n<div style=\"background-color:#efffef; margin-top:15px; margin-bottom:15px; padding:10px; text-align:left; word-wrap:break-word;\">\n<h2 style=\"margin:0px; margin-bottom:20px;\"><a name=\"polizeimeldungen\"><\/a>Aktuelle Polizeimeldungen f\u00fcr R\u00f6dermark<\/h2>\n <div class=\"post\" style=\"margin-bottom:40px;\">\n <article>\n  <h3><a name=\"f8c287a0\" href=\"https:\/\/www.presseportal.de\/blaulicht\/pm\/43561\/6345126\" style=\"color:#000000; font-weight:bold;\" target=\"_blank\">Polizei Offenbach am Main: Pressemeldungen vom 03.09.2026<\/a><\/h3>\n  <div class=\"entry\">\n   <p style=\"margin-bottom:4px;\">   <a href=\"https:\/\/www.presseportal.de\/blaulicht\/pm\/43561\/6345126\" target=\"_blank\"><img decoding=\"async\" src=\"\/feeds\/gfx\/POL-OF.jpg\" style=\"align:left !important; float:left !important; margin-top:4px !important; margin-right:8px !important; margin-bottom:4px !important; width:90px !important;\" \/><\/a>    ... <a href=\"https:\/\/www.presseportal.de\/blaulicht\/pm\/43561\/6345126\" style=\"color:#000000; font-weight:bold;\" target=\"_blank\">5. Betr\u00fcger erbeuteten Schmuck: Ermittlungen eingeleitet - R\u00f6dermark<\/a>   (cb) Etwa Ende 30 Jahre, ungef\u00e4hr 1,60 Meter gro\u00df, von kr\u00e4ftiger Statur, Basecap mit gelber Stickerei auf dem Kopf und dunkel gekleidet: So liest sich die Personenbeschreibung eines Abholers, der am Mittwochnachmittag von einem Rentnerpaar in R\u00f6dermark Schmuck ...<br clear=\"all\" \/>   <\/p>\n   <div><span class=\"my_article_details\"><time datetime=\"2026-09-03\">03.09.2026<\/time> &middot; <a href=\"\/news\/roedermark-polizeimeldungen\" title=\"Polizeieins\u00e4tze Roedermark\">Polizei<\/a> &middot; <a href=\"\/news\/roedermark-aktuell\" title=\"R\u00f6dermark heute aktuell\">R\u00f6dermark<\/a> &middot; <\/span><a href=\"https:\/\/www.presseportal.de\/blaulicht\/pm\/43561\/6345126\" title=\"Link zum Artikel auf presseportal.de\" target=\"_blank\">presseportal.de<\/a><\/div>  <\/div>\n <\/article>\n <\/div>\n <div class=\"post\" style=\"margin-bottom:40px;\">\n <article>\n  <h3><a name=\"22c8a8db\" href=\"https:\/\/www.presseportal.de\/blaulicht\/pm\/43561\/6342886\" style=\"color:#000000; font-weight:bold;\" target=\"_blank\">Polizei Offenbach am Main: Pressemeldungen vom 31.08.2026<\/a><\/h3>\n  <div class=\"entry\">\n   <p style=\"margin-bottom:4px;\">   <a href=\"https:\/\/www.presseportal.de\/blaulicht\/pm\/43561\/6342886\" target=\"_blank\"><img decoding=\"async\" src=\"\/feeds\/gfx\/POL-OF.jpg\" style=\"align:left !important; float:left !important; margin-top:4px !important; margin-right:8px !important; margin-bottom:4px !important; width:90px !important;\" \/><\/a>    ... <a href=\"https:\/\/www.presseportal.de\/blaulicht\/pm\/43561\/6342886\" style=\"color:#000000; font-weight:bold;\" target=\"_blank\">5. VW Sharan besch\u00e4digt: Wer sah die Unfallflucht? - R\u00f6dermark<\/a>   (fg) Nach einer Verkehrsunfallflucht im Bereich der Stra\u00dfen \"Auf d. Tiefen Wiese\" \/ Feldstra\u00dfe, bei der ein Schaden von rund 6.000 Euro entstand, ermittelt die Polizei und sucht nach Zeugen. Nach bisherigen Erkenntnissen d\u00fcrfte sich die Tat am Sonntagmorgen, ...<br clear=\"all\" \/>   <\/p>\n   <div><span class=\"my_article_details\"><time datetime=\"2026-08-31\">31.08.2026<\/time> &middot; <a href=\"\/news\/roedermark-polizeimeldungen\" title=\"Polizeieins\u00e4tze Roedermark\">Polizei<\/a> &middot; <a href=\"\/news\/roedermark-aktuell\" title=\"R\u00f6dermark heute aktuell\">R\u00f6dermark<\/a> &middot; <a href=\"\/news\/unfaelle-offenbach-am-main\" title=\"Unf\u00e4lle Offenbach am Main\">Unfall<\/a> &middot; <\/span><a href=\"https:\/\/www.presseportal.de\/blaulicht\/pm\/43561\/6342886\" title=\"Link zum Artikel auf presseportal.de\" target=\"_blank\">presseportal.de<\/a><\/div>  <\/div>\n <\/article>\n <\/div>\n <b>Mehr von der <a href=\"\/news\/roedermark-polizeimeldungen#2\" title=\"Polizeieins\u00e4tze R\u00f6dermark heute\">Polizei R\u00f6dermark<\/a> ...<\/b>\n<\/div>\n<br \/>\n\n<div style=\"background-color:#ffffff; margin-top:15px; margin-bottom:15px; padding:10px; text-align:left; word-wrap:break-word;\">\n<h2 style=\"margin:0px; margin-bottom:20px;\"><a name=\"umgebung\"><\/a>Aktuelle News aus R\u00f6dermarks Umgebung<\/h2>\n <div class=\"post\" style=\"margin-bottom:40px;\">\n <article>\n  <h3><a name=\"68efa3c9\" href=\"https:\/\/www.op-online.de\/sport\/lokalsport\/rugby-klub-heusenstamm-der-kickspezialist-ist-nun-auch-kapitaen-94474097.html\" style=\"color:#333333;\" target=\"_blank\">Rugby-Klub Heusenstamm: Der Kickspezialist ist nun auch Kapit\u00e4n<\/a><\/h3>\n  <div class=\"entry\">\n   <p style=\"margin-bottom:4px;\">\n   <a href=\"https:\/\/www.op-online.de\/sport\/lokalsport\/rugby-klub-heusenstamm-der-kickspezialist-ist-nun-auch-kapitaen-94474097.html\" target=\"_blank\"><img decoding=\"async\" src=\"https:\/\/www.op-online.de\/assets\/images\/43\/951\/43951561-volle-konzentration-david-schild-hat-sich-das-rugby-ei-zurechtgelegt-er-ist-beim-rk-heusenstamm-der-fachmann-fuer-ruhende-baelle-sorgt-aber-auch-mit-3ief.jpg\" style=\"align:left !important; float:left !important; margin-top:4px !important; margin-right:8px !important; margin-bottom:4px !important; width:90px !important;\" \/><\/a>    David Schild will mit den \u201eF&uuml;chsen\u201c Heusenstamm zur&uuml;ck ins Oberhaus. Zum Auftakt geht es f&uuml;r den Titelverteidiger am Samstag daheim gegen den RSV K&ouml;ln<br clear=\"all\" \/>   <\/p>\n   <div><span class=\"my_article_details\"><time datetime=\"2026-09-03\">03.09.2026<\/time> &middot; <\/span><a href=\"https:\/\/www.op-online.de\/sport\/lokalsport\/rugby-klub-heusenstamm-der-kickspezialist-ist-nun-auch-kapitaen-94474097.html\" title=\"Link zum Artikel auf op-online.de\" target=\"_blank\">op-online.de<\/a><\/div>\n  <\/div>\n <\/article>\n <\/div>\n <div class=\"post\" style=\"margin-bottom:40px;\">\n <article>\n  <h3><a name=\"1f25f9c4\" href=\"https:\/\/www.op-online.de\/sport\/kickers-offenbach\/mainderby-am-bornheimer-hang-etwas-besonderes-fuer-die-region-94474064.html\" style=\"color:#333333;\" target=\"_blank\">Mainderby am Bornheimer Hang: \u201eEtwas Besonderes f\u00fcr die Region\u201c<\/a><\/h3>\n  <div class=\"entry\">\n   <p style=\"margin-bottom:4px;\">\n   <a href=\"https:\/\/www.op-online.de\/sport\/kickers-offenbach\/mainderby-am-bornheimer-hang-etwas-besonderes-fuer-die-region-94474064.html\" target=\"_blank\"><img decoding=\"async\" src=\"https:\/\/www.op-online.de\/assets\/images\/43\/965\/43965996-wer-jubelt-diesmal-am-bornheimer-hang-vor-zwei-jahren-gewannen-johannes-brinkies-vorne-und-lucas-becker-hinten-dort-mit-kickers-offenbach-den-2wef.jpg\" style=\"align:left !important; float:left !important; margin-top:4px !important; margin-right:8px !important; margin-bottom:4px !important; width:90px !important;\" \/><\/a>    Vor dem Duell FSV Frankfurt gegen Kickers Offenbach &auml;u&szlig;ern sich die Torh&uuml;ter beider Klubs zum Stellenwert der Partie und der gemeinsamen Zeit beim OFC<br clear=\"all\" \/>   <\/p>\n   <div><span class=\"my_article_details\"><time datetime=\"2026-09-03\">03.09.2026<\/time> &middot; <\/span><a href=\"https:\/\/www.op-online.de\/sport\/kickers-offenbach\/mainderby-am-bornheimer-hang-etwas-besonderes-fuer-die-region-94474064.html\" title=\"Link zum Artikel auf op-online.de\" target=\"_blank\">op-online.de<\/a><\/div>\n  <\/div>\n <\/article>\n <\/div>\n <div class=\"post\" style=\"margin-bottom:40px;\">\n <article>\n  <h3><a name=\"8299aa4b\" href=\"https:\/\/www.hessenschau.de\/panorama\/protestcamp-im-langener-wald-geraeumt-v1,langener-wald-100.html\" style=\"color:#333333;\" target=\"_blank\">Protestcamp im Langener Wald ger\u00e4umt<\/a><\/h3>\n  <div class=\"entry\">\n   <p style=\"margin-bottom:4px;\">\n   <a href=\"https:\/\/www.hessenschau.de\/panorama\/protestcamp-im-langener-wald-geraeumt-v1,langener-wald-100.html\" target=\"_blank\"><img decoding=\"async\" src=\"https:\/\/www.hessenschau.de\/panorama\/langener-wald-102~_t-1788443984722_v-16to9.jpg\" style=\"align:left !important; float:left !important; margin-top:4px !important; margin-right:8px !important; margin-bottom:4px !important; width:90px !important;\" \/><\/a>    Die Polizei hat eine Besetzung im Langener Wald beendet: Am Morgen r&auml;umten die Beamten das Camp. Mehrere Menschen wurden von Spezialkr&auml;ften aus den B&auml;umen geholt. ...<br clear=\"all\" \/>   <\/p>\n   <div><span class=\"my_article_details\"><time datetime=\"2026-09-03\">03.09.2026<\/time> &middot; <\/span><a href=\"https:\/\/www.hessenschau.de\/panorama\/protestcamp-im-langener-wald-geraeumt-v1,langener-wald-100.html\" title=\"Link zum Artikel auf hessenschau.de\" target=\"_blank\">hessenschau.de<\/a><\/div>\n  <\/div>\n <\/article>\n <\/div>\n <div class=\"post\" style=\"margin-bottom:40px;\">\n <article>\n  <h3><a name=\"d6674b53\" href=\"https:\/\/www.op-online.de\/region\/langen\/polizei-raeumt-protestcamp-sechs-aktivisten-von-baeumen-geholt-94473733.html\" style=\"color:#333333;\" target=\"_blank\">Polizei r\u00e4umt Protestcamp \u2013 Sechs Aktivisten von B\u00e4umen geholt<\/a><\/h3>\n  <div class=\"entry\">\n   <p style=\"margin-bottom:4px;\">\n   <a href=\"https:\/\/www.op-online.de\/region\/langen\/polizei-raeumt-protestcamp-sechs-aktivisten-von-baeumen-geholt-94473733.html\" target=\"_blank\"><img decoding=\"async\" src=\"https:\/\/www.op-online.de\/assets\/images\/41\/580\/41580093-div-archiv-21-10-2025-hessen-langen-ein-schild-mit-der-aufschrift-kein-wald-fuer-kies-steht-in-einer-baumhaussiedliung-in-der-naehe-des-langener-3Uef.jpg\" style=\"align:left !important; float:left !important; margin-top:4px !important; margin-right:8px !important; margin-bottom:4px !important; width:90px !important;\" \/><\/a>    Die Stadt hat am Donnerstag die Besetzung im Langener Stadtwald abermals aufl&ouml;sen lassen. Sie begr&uuml;ndet die R&auml;umung mit offenem Feuer und Verst&ouml;&szlig;en gegen Auflagen.<br clear=\"all\" \/>   <\/p>\n   <div><span class=\"my_article_details\"><time datetime=\"2026-09-03\">03.09.2026<\/time> &middot; <\/span><a href=\"https:\/\/www.op-online.de\/region\/langen\/polizei-raeumt-protestcamp-sechs-aktivisten-von-baeumen-geholt-94473733.html\" title=\"Link zum Artikel auf op-online.de\" target=\"_blank\">op-online.de<\/a><\/div>\n  <\/div>\n <\/article>\n <\/div>\n <div class=\"post\" style=\"margin-bottom:40px;\">\n <article>\n  <h3><a name=\"7421f908\" href=\"https:\/\/www.op-online.de\/region\/heusenstamm\/physiotherapiepraxis-vergroessert-team-auf-sieben-therapeuten-94473717.html\" style=\"color:#333333;\" target=\"_blank\">Physiotherapiepraxis in Heusenstamm vergr\u00f6\u00dfert Team trotz Fachkr\u00e4ftemangel<\/a><\/h3>\n  <div class=\"entry\">\n   <p style=\"margin-bottom:4px;\">\n   <a href=\"https:\/\/www.op-online.de\/region\/heusenstamm\/physiotherapiepraxis-vergroessert-team-auf-sieben-therapeuten-94473717.html\" target=\"_blank\"><img decoding=\"async\" src=\"https:\/\/www.op-online.de\/assets\/images\/43\/913\/43913595-konnten-ihr-team-erweitern-praxisinhaber-jan-hartmann-und-burak-oguz-erdogan-bleiben-bisher-vom-fachkraeftemangel-verschont-3Xef.jpg\" style=\"align:left !important; float:left !important; margin-top:4px !important; margin-right:8px !important; margin-bottom:4px !important; width:90px !important;\" \/><\/a>    Die Heusenstammer Praxis ist seit 2024 auf sieben Physiotherapeuten gewachsen. Bundesweit blieben in dem Jahr mehr als 11.900 Stellen unbesetzt.<br clear=\"all\" \/>   <\/p>\n   <div><span class=\"my_article_details\"><time datetime=\"2026-09-03\">03.09.2026<\/time> &middot; <\/span><a href=\"https:\/\/www.op-online.de\/region\/heusenstamm\/physiotherapiepraxis-vergroessert-team-auf-sieben-therapeuten-94473717.html\" title=\"Link zum Artikel auf op-online.de\" target=\"_blank\">op-online.de<\/a><\/div>\n  <\/div>\n <\/article>\n <\/div>\n <div class=\"post\" style=\"margin-bottom:40px;\">\n <article>\n  <h3><a name=\"8c891a78\" href=\"https:\/\/www.rheinmainverlag.de\/2026\/09\/03\/neu-isenburg-parzellen-in-kleingartenanlage-gerieten-in-brand\/\" style=\"color:#333333;\" target=\"_blank\">Neu-Isenburg: Parzellen in Kleingartenanlage gerieten in Brand<\/a><\/h3>\n  <div class=\"entry\">\n   <p style=\"margin-bottom:4px;\">\n   <a href=\"https:\/\/www.rheinmainverlag.de\/2026\/09\/03\/neu-isenburg-parzellen-in-kleingartenanlage-gerieten-in-brand\/\" target=\"_blank\"><img decoding=\"async\" src=\"\/feeds\/gfx\/rheinmainverlag.de.png\" style=\"align:left !important; float:left !important; margin-top:4px !important; margin-right:8px !important; margin-bottom:4px !important; width:90px !important;\" \/><\/a>    Noch unklar sind die Hintergr&uuml;nde zur Entstehung eines Brandes in Neu-Isenburg am Mittwochnachmittag , bei dem ein Schaden von gesch&auml;tzten 14.000 Euro entstand. Gegen 17.20 Uhr erhielten die Feuerwehr und die Polizei die Mitteilung &uuml;ber eine gr&ouml;&szlig;ere Rauchwolke ...<br clear=\"all\" \/>   <\/p>\n   <div><span class=\"my_article_details\"><time datetime=\"2026-09-03\">03.09.2026<\/time> &middot; <\/span><a href=\"https:\/\/www.rheinmainverlag.de\/2026\/09\/03\/neu-isenburg-parzellen-in-kleingartenanlage-gerieten-in-brand\/\" title=\"Link zum Artikel auf rheinmainverlag.de\" target=\"_blank\">rheinmainverlag.de<\/a><\/div>\n  <\/div>\n <\/article>\n <\/div>\n <div class=\"post\" style=\"margin-bottom:40px;\">\n <article>\n  <h3><a name=\"a2409141\" href=\"https:\/\/ofc.de\/news\/techno-service-weissbarth-bleibt-an-der-seite-der-kickers\/\" style=\"color:#333333;\" target=\"_blank\">Fu\u00dfball: Techno- Service Wei\u00dfbarth bleibt an der Seite der Kickers<\/a><\/h3>\n  <div class=\"entry\">\n   <p style=\"margin-bottom:4px;\">\n   <a href=\"https:\/\/ofc.de\/news\/techno-service-weissbarth-bleibt-an-der-seite-der-kickers\/\" target=\"_blank\"><img decoding=\"async\" src=\"https:\/\/ofc.de\/media\/image00001_2_.jpeg\" style=\"align:left !important; float:left !important; margin-top:4px !important; margin-right:8px !important; margin-bottom:4px !important; width:90px !important;\" \/><\/a>    Die Offenbacher Kickers freuen sich, die erfolgreiche Zusammenarbeit mit der &quot;TSW Techno-Service-Wei&szlig;bart GmbH&quot;:https:\/\/www.weissbarth.com um ein weiteres Jahr zu verl&auml;ngern. TSW geh&ouml;rt zu den treuesten Partnern der OFC-Sponsorenfamilie.<br clear=\"all\" \/>   <\/p>\n   <div><span class=\"my_article_details\"><time datetime=\"2026-09-03\">03.09.2026<\/time> &middot; <\/span><a href=\"https:\/\/ofc.de\/news\/techno-service-weissbarth-bleibt-an-der-seite-der-kickers\/\" title=\"Link zum Artikel auf ofc.de\" target=\"_blank\">ofc.de<\/a><\/div>\n  <\/div>\n <\/article>\n <\/div>\n <div class=\"post\" style=\"margin-bottom:40px;\">\n <article>\n  <h3><a name=\"e3247b1d\" href=\"https:\/\/www.dreieich.de\/rathaus-service\/presse-medien\/pressemitteilungen\/2026\/baeder-kuendigen-saisonwechsel-an\/\" style=\"color:#333333;\" target=\"_blank\">Dreieich: B\u00e4der k\u00fcndigen Saisonwechsel an<\/a><\/h3>\n  <div class=\"entry\">\n   <p style=\"margin-bottom:4px;\">\n   <a href=\"https:\/\/www.dreieich.de\/rathaus-service\/presse-medien\/pressemitteilungen\/2026\/baeder-kuendigen-saisonwechsel-an\/\" target=\"_blank\"><img decoding=\"async\" src=\"https:\/\/www.dreieich.de\/rathaus-service\/presse-medien\/pressemitteilungen\/2026\/baeder-kuendigen-saisonwechsel-an\/logo-dreieich-schwimmbaeder.14cca584.svg?cid=dg7.8hhm&resize=d3b21a%3a1024x768c\" style=\"align:left !important; float:left !important; margin-top:4px !important; margin-right:8px !important; margin-bottom:4px !important; width:90px !important;\" \/><\/a>    Die diesj&auml;hrige Freibadsaison im Parkschwimmbad Dreieich geht am Sonntag, 6. September 2026, zu Ende. Am Vormittag findet dort der Kids Triathlon statt. Aus diesem Grund &ouml;ffnet das Freibad an diesem Tag erst ab 14 Uhr f&uuml;r den &ouml;ffentlichen Badebetrieb. Zuschauerinnen ...<br clear=\"all\" \/>   <\/p>\n   <div><span class=\"my_article_details\"><time datetime=\"2026-09-03\">03.09.2026<\/time> &middot; <\/span><a href=\"https:\/\/www.dreieich.de\/rathaus-service\/presse-medien\/pressemitteilungen\/2026\/baeder-kuendigen-saisonwechsel-an\/\" title=\"Link zum Artikel auf dreieich.de\" target=\"_blank\">dreieich.de<\/a><\/div>\n  <\/div>\n <\/article>\n <\/div>\n <div class=\"post\" style=\"margin-bottom:40px;\">\n <article>\n  <h3><a name=\"77a0af13\" href=\"https:\/\/www.op-online.de\/sport\/amateur-fussball\/fc-langen-castiglione-trifft-dreimal-in-zwei-spielen-nach-elfer-frust-94473486.html\" style=\"color:#333333;\" target=\"_blank\">FC Langen: Castiglione trifft dreimal in zwei Spielen nach Elfer-Frust<\/a><\/h3>\n  <div class=\"entry\">\n   <p style=\"margin-bottom:4px;\">\n   <a href=\"https:\/\/www.op-online.de\/sport\/amateur-fussball\/fc-langen-castiglione-trifft-dreimal-in-zwei-spielen-nach-elfer-frust-94473486.html\" target=\"_blank\"><img decoding=\"async\" src=\"https:\/\/www.op-online.de\/assets\/images\/43\/960\/43960141-07-09-2025-fussball-fussball-verbandsliga-sued-germania-ober-roden-fc-langenkeano-castiglione-langen-foto-sascha-eyssen-2lef.jpg\" style=\"align:left !important; float:left !important; margin-top:4px !important; margin-right:8px !important; margin-bottom:4px !important; width:90px !important;\" \/><\/a>    Keano Castiglione vergab in den ersten vier Spielen einen Elfmeter und mehrere Chancen. Seit seinem 2:1-Siegtor gegen Hausen traf der 22-J&auml;hrige dreimal in zwei Partien.<br clear=\"all\" \/>   <\/p>\n   <div><span class=\"my_article_details\"><time datetime=\"2026-09-03\">03.09.2026<\/time> &middot; <\/span><a href=\"https:\/\/www.op-online.de\/sport\/amateur-fussball\/fc-langen-castiglione-trifft-dreimal-in-zwei-spielen-nach-elfer-frust-94473486.html\" title=\"Link zum Artikel auf op-online.de\" target=\"_blank\">op-online.de<\/a><\/div>\n  <\/div>\n <\/article>\n <\/div>\n <div class=\"post\" style=\"margin-bottom:40px;\">\n <article>\n  <h3><a name=\"63a726bb\" href=\"https:\/\/ofc.de\/news\/kickers-wollen-ihre-serie-im-kleinen-mainderby-fortsetzen\/\" style=\"color:#333333;\" target=\"_blank\">Fu\u00dfball: Kickers wollen ihre Serie im kleinen Mainderby fortsetzen<\/a><\/h3>\n  <div class=\"entry\">\n   <p style=\"margin-bottom:4px;\">\n   <a href=\"https:\/\/ofc.de\/news\/kickers-wollen-ihre-serie-im-kleinen-mainderby-fortsetzen\/\" target=\"_blank\"><img decoding=\"async\" src=\"https:\/\/ofc.de\/media\/260828psofcfck091.jpg\" style=\"align:left !important; float:left !important; margin-top:4px !important; margin-right:8px !important; margin-bottom:4px !important; width:90px !important;\" \/><\/a>    Nach vier Siegen aus den ersten vier Saisonspielen steht f&uuml;r die Offenbacher Kickers am kommenden Samstag das kleine Mainderby auf dem Programm. Am 5. Spieltag der Regionalliga S&uuml;dwest gastiert der OFC beim FSV Frankfurt. Die Partie in der BBBank Arena wird ...<br clear=\"all\" \/>   <\/p>\n   <div><span class=\"my_article_details\"><time datetime=\"2026-09-03\">03.09.2026<\/time> &middot; <\/span><a href=\"https:\/\/ofc.de\/news\/kickers-wollen-ihre-serie-im-kleinen-mainderby-fortsetzen\/\" title=\"Link zum Artikel auf ofc.de\" target=\"_blank\">ofc.de<\/a><\/div>\n  <\/div>\n <\/article>\n <\/div>\n <div class=\"post\" style=\"margin-bottom:40px;\">\n <article>\n  <h3><a name=\"76beb326\" href=\"https:\/\/www.op-online.de\/sport\/amateur-fussball\/pars-stuermer-konstantinidis-trifft-in-sechs-spielen-94473423.html\" style=\"color:#333333;\" target=\"_blank\">Fu\u00dfball: Savvas Konstantinidis trifft sechsmal in sechs Spielen f\u00fcr SV Pars Neu-Isenburg<\/a><\/h3>\n  <div class=\"entry\">\n   <p style=\"margin-bottom:4px;\">\n   <a href=\"https:\/\/www.op-online.de\/sport\/amateur-fussball\/pars-stuermer-konstantinidis-trifft-in-sechs-spielen-94473423.html\" target=\"_blank\"><img decoding=\"async\" src=\"https:\/\/www.op-online.de\/assets\/images\/43\/956\/43956633-gut-drauf-torjaeger-savvas-konstantinidis-mitte-hat-mit-sechs-treffern-seinen-anteil-daran-dass-der-sv-pars-neu-isenburg-primus-der-verbandsliga-ist-2Sef.jpg\" style=\"align:left !important; float:left !important; margin-top:4px !important; margin-right:8px !important; margin-bottom:4px !important; width:90px !important;\" \/><\/a>    Der SV Pars Neu-Isenburg empf&auml;ngt am Freitag Verfolger VfR Fehlheim im Spitzenspiel. Savvas Konstantinidis hat nach seinem Wechsel von Bad Homburg in jedem Spiel getroffen.<br clear=\"all\" \/>   <\/p>\n   <div><span class=\"my_article_details\"><time datetime=\"2026-09-03\">03.09.2026<\/time> &middot; <\/span><a href=\"https:\/\/www.op-online.de\/sport\/amateur-fussball\/pars-stuermer-konstantinidis-trifft-in-sechs-spielen-94473423.html\" title=\"Link zum Artikel auf op-online.de\" target=\"_blank\">op-online.de<\/a><\/div>\n  <\/div>\n <\/article>\n <\/div>\n <div class=\"post\" style=\"margin-bottom:40px;\">\n <article>\n  <h3><a name=\"b4c03d86\" href=\"https:\/\/www.faz.net\/aktuell\/rhein-main\/region-und-hessen\/offenbach-waldschwimmbad-wird-fuer-neun-millionen-euro-saniert-accg-201187512.html\" style=\"color:#333333;\" target=\"_blank\">Offenbach modernisiert Waldschwimmbad<\/a><\/h3>\n  <div class=\"entry\">\n   <p style=\"margin-bottom:4px;\">\n   <a href=\"https:\/\/www.faz.net\/aktuell\/rhein-main\/region-und-hessen\/offenbach-waldschwimmbad-wird-fuer-neun-millionen-euro-saniert-accg-201187512.html\" target=\"_blank\"><img decoding=\"async\" src=\"\/feeds\/gfx\/faz.net.png\" style=\"align:left !important; float:left !important; margin-top:4px !important; margin-right:8px !important; margin-bottom:4px !important; width:90px !important;\" \/><\/a>    Neue Umkleiden, neue Sanit&auml;rr&auml;ume: Offenbach saniert das Waldschwimmbad auf der Rosenh&ouml;he \u2013 das d&uuml;rfte besonders einen Sporthelden freuen.<br clear=\"all\" \/>   <\/p>\n   <div><span class=\"my_article_details\"><time datetime=\"2026-09-03\">03.09.2026<\/time> &middot; <\/span><a href=\"https:\/\/www.faz.net\/aktuell\/rhein-main\/region-und-hessen\/offenbach-waldschwimmbad-wird-fuer-neun-millionen-euro-saniert-accg-201187512.html\" title=\"Link zum Artikel auf faz.net\" target=\"_blank\">faz.net<\/a><\/div>\n  <\/div>\n <\/article>\n <\/div>\n <div class=\"post\" style=\"margin-bottom:40px;\">\n <article>\n  <h3><a name=\"4ebafe5f\" href=\"http:\/\/www.offenbach.de\/stadtwerke\/stadtservice\/aktuelles\/kanaele-unter-stark-befahrenen-strassen-werden-nachts-gereinigt-03.09.2026.php\" style=\"color:#333333;\" target=\"_blank\">Offenbach: Kan\u00e4le unter stark befahrenen Stra\u00dfen werden nachts gereinig<\/a><\/h3>\n  <div class=\"entry\">\n   <p style=\"margin-bottom:4px;\">\n   <a href=\"http:\/\/www.offenbach.de\/stadtwerke\/stadtservice\/aktuelles\/kanaele-unter-stark-befahrenen-strassen-werden-nachts-gereinigt-03.09.2026.php\" target=\"_blank\"><img decoding=\"async\" src=\"\/feeds\/gfx\/offenbach.de.png\" style=\"align:left !important; float:left !important; margin-top:4px !important; margin-right:8px !important; margin-bottom:4px !important; width:90px !important;\" \/><\/a>    Um den verkehr m&ouml;glichst wenig zu st&ouml;ren werden Kan&auml;le unter stark befahrenen Stra&szlig;en in der Woche vom 7. - 11. September nachts gereinigt und inspiziert.<br clear=\"all\" \/>   <\/p>\n   <div><span class=\"my_article_details\"><time datetime=\"2026-09-03\">03.09.2026<\/time> &middot; <\/span><a href=\"http:\/\/www.offenbach.de\/stadtwerke\/stadtservice\/aktuelles\/kanaele-unter-stark-befahrenen-strassen-werden-nachts-gereinigt-03.09.2026.php\" title=\"Link zum Artikel auf offenbach.de\" target=\"_blank\">offenbach.de<\/a><\/div>\n  <\/div>\n <\/article>\n <\/div>\n <div class=\"post\" style=\"margin-bottom:40px;\">\n <article>\n  <h3><a name=\"3b883f4b\" href=\"https:\/\/www.op-online.de\/region\/dreieich\/ehemaliger-stadtverordneter-stellt-dream-vor-sieben-bausteine-fuer-mehr-ehrenamt-94472924.html\" style=\"color:#333333;\" target=\"_blank\">Ehemaliger Stadtverordneter stellt \u201eDREAM&quot; vor: Sieben Bausteine f\u00fcr mehr Ehrenamt<\/a><\/h3>\n  <div class=\"entry\">\n   <p style=\"margin-bottom:4px;\">\n   <a href=\"https:\/\/www.op-online.de\/region\/dreieich\/ehemaliger-stadtverordneter-stellt-dream-vor-sieben-bausteine-fuer-mehr-ehrenamt-94472924.html\" target=\"_blank\"><img decoding=\"async\" src=\"https:\/\/www.op-online.de\/assets\/images\/43\/943\/43943474-so-koennte-werbung-fuer-dream-aussehen-die-traurige-omi-will-ehrenamtliche-gewinnen-um-einen-kaffeeklatsch-im-stadtteil-zu-organisieren-die-genannte-43ef.jpg\" style=\"align:left !important; float:left !important; margin-top:4px !important; margin-right:8px !important; margin-bottom:4px !important; width:90px !important;\" \/><\/a>    Alexander Kowalski pr&auml;sentiert im Sozialausschuss sein Konzept zur Ehrenamts-Mobilisierung in Dreieich. Herzst&uuml;ck ist eine Internetplattform, auf der Interessierte nach Stadtteil, Wochentag und Dauer filtern k&ouml;nnen.<br clear=\"all\" \/>   <\/p>\n   <div><span class=\"my_article_details\"><time datetime=\"2026-09-03\">03.09.2026<\/time> &middot; <\/span><a href=\"https:\/\/www.op-online.de\/region\/dreieich\/ehemaliger-stadtverordneter-stellt-dream-vor-sieben-bausteine-fuer-mehr-ehrenamt-94472924.html\" title=\"Link zum Artikel auf op-online.de\" target=\"_blank\">op-online.de<\/a><\/div>\n  <\/div>\n <\/article>\n <\/div>\n <div class=\"post\" style=\"margin-bottom:40px;\">\n <article>\n  <h3><a name=\"12b8d872\" href=\"https:\/\/www.rheinmainverlag.de\/2026\/09\/03\/grillplatzbesucher-in-offenbach-mit-pfefferspray-besprueht\/\" style=\"color:#333333;\" target=\"_blank\">Grillplatzbesucher in Offenbach mit Pfefferspray bespr\u00fcht<\/a><\/h3>\n  <div class=\"entry\">\n   <p style=\"margin-bottom:4px;\">\n   <a href=\"https:\/\/www.rheinmainverlag.de\/2026\/09\/03\/grillplatzbesucher-in-offenbach-mit-pfefferspray-besprueht\/\" target=\"_blank\"><img decoding=\"async\" src=\"\/feeds\/gfx\/rheinmainverlag.de.png\" style=\"align:left !important; float:left !important; margin-top:4px !important; margin-right:8px !important; margin-bottom:4px !important; width:90px !important;\" \/><\/a>    Mehrere Besucher eines Grillplatzes in der Mainstra&szlig;e in Offenbach erlitten am Dienstagabend leichte Verletzungen, nachdem ein Unbekannter sie mit Pfefferspray bespr&uuml;ht hatte. Nach dem derzeitigen Stand der Ermittlungen n&auml;herte sich der 30 bis 40 Jahre alte ...<br clear=\"all\" \/>   <\/p>\n   <div><span class=\"my_article_details\"><time datetime=\"2026-09-03\">03.09.2026<\/time> &middot; <\/span><a href=\"https:\/\/www.rheinmainverlag.de\/2026\/09\/03\/grillplatzbesucher-in-offenbach-mit-pfefferspray-besprueht\/\" title=\"Link zum Artikel auf rheinmainverlag.de\" target=\"_blank\">rheinmainverlag.de<\/a><\/div>\n  <\/div>\n <\/article>\n <\/div>\n <div class=\"post\" style=\"margin-bottom:40px;\">\n <article>\n  <h3><a name=\"084a9e44\" href=\"https:\/\/www.op-online.de\/region\/muehlheim\/dartsportverein-muehlheim-gegruendet-21-mitglieder-starten-in-kreisliga-94472180.html\" style=\"color:#333333;\" target=\"_blank\">Dartsportverein M\u00fchlheim gegr\u00fcndet: 21 Mitglieder starten in der Kreisliga<\/a><\/h3>\n  <div class=\"entry\">\n   <p style=\"margin-bottom:4px;\">\n   <a href=\"https:\/\/www.op-online.de\/region\/muehlheim\/dartsportverein-muehlheim-gegruendet-21-mitglieder-starten-in-kreisliga-94472180.html\" target=\"_blank\"><img decoding=\"async\" src=\"https:\/\/www.op-online.de\/assets\/images\/43\/941\/43941071-21-mitglieder-zaehlt-der-neu-gegruendete-dartsport-verein-dsv-muehlheim-der-seine-heimat-neben-den-kegelbahnen-in-der-willy-brandt-halle-gefunden-hat-Cef.jpg\" style=\"align:left !important; float:left !important; margin-top:4px !important; margin-right:8px !important; margin-bottom:4px !important; width:90px !important;\" \/><\/a>    Der neue Dartsportverein M&uuml;hlheim tritt mit 19 Aktiven in zwei Mannschaften an. Die Teams trainieren in der Willy-Brandt-Halle an den Kegelbahnen.<br clear=\"all\" \/>   <\/p>\n   <div><span class=\"my_article_details\"><time datetime=\"2026-09-03\">03.09.2026<\/time> &middot; <\/span><a href=\"https:\/\/www.op-online.de\/region\/muehlheim\/dartsportverein-muehlheim-gegruendet-21-mitglieder-starten-in-kreisliga-94472180.html\" title=\"Link zum Artikel auf op-online.de\" target=\"_blank\">op-online.de<\/a><\/div>\n  <\/div>\n <\/article>\n <\/div>\n <div class=\"post\" style=\"margin-bottom:40px;\">\n <article>\n  <h3><a name=\"2d499bf2\" href=\"https:\/\/www.dietzenbach.de\/Stadt-Rathaus\/Stadt\/Aktuelles\/12-September-2026-Die-Comic-Zeichnerin-in-der-Stadtb%C3%BCcherei.php?ModID=255&FID=3651.29592.1\" style=\"color:#333333;\" target=\"_blank\">12. September 2026: Die Comic-Zeichnerin in der Stadtb\u00fccherei<\/a><\/h3>\n  <div class=\"entry\">\n   <p style=\"margin-bottom:4px;\">\n   <a href=\"https:\/\/www.dietzenbach.de\/Stadt-Rathaus\/Stadt\/Aktuelles\/12-September-2026-Die-Comic-Zeichnerin-in-der-Stadtb%C3%BCcherei.php?ModID=255&FID=3651.29592.1\" target=\"_blank\"><img decoding=\"async\" src=\"\/feeds\/gfx\/dietzenbach.de.png\" style=\"align:left !important; float:left !important; margin-top:4px !important; margin-right:8px !important; margin-bottom:4px !important; width:90px !important;\" \/><\/a>    N&auml;chster Termin des Vorlese-Events &bdquo;Berufe hautnah&ldquo; Am Samstag, 12. Juni 2026, hei&szlig;t es um 12:00 Uhr in der Dietzenbacher Stadtb&uuml;cherei wieder &bdquo;Zuh&ouml;ren &ndash; nachfragen &ndash; staunen&ldquo;: Dieses Mal wird im Rahmen der Veranstaltungsreihe ...<br clear=\"all\" \/>   <\/p>\n   <div><span class=\"my_article_details\"><time datetime=\"2026-09-03\">03.09.2026<\/time> &middot; <\/span><a href=\"https:\/\/www.dietzenbach.de\/Stadt-Rathaus\/Stadt\/Aktuelles\/12-September-2026-Die-Comic-Zeichnerin-in-der-Stadtb%C3%BCcherei.php?ModID=255&FID=3651.29592.1\" title=\"Link zum Artikel auf dietzenbach.de\" target=\"_blank\">dietzenbach.de<\/a><\/div>\n  <\/div>\n <\/article>\n <\/div>\n <div class=\"post\" style=\"margin-bottom:40px;\">\n <article>\n  <h3><a name=\"4305f9ef\" href=\"https:\/\/www.rheinmainverlag.de\/2026\/09\/03\/rodgauer-seniorentag-erfaehrt-wieder-grossen-zuspruch\/\" style=\"color:#333333;\" target=\"_blank\">Rodgauer Seniorentag erf\u00e4hrt wieder gro\u00dfen Zuspruch<\/a><\/h3>\n  <div class=\"entry\">\n   <p style=\"margin-bottom:4px;\">\n   <a href=\"https:\/\/www.rheinmainverlag.de\/2026\/09\/03\/rodgauer-seniorentag-erfaehrt-wieder-grossen-zuspruch\/\" target=\"_blank\"><img decoding=\"async\" src=\"\/feeds\/gfx\/rheinmainverlag.de.png\" style=\"align:left !important; float:left !important; margin-top:4px !important; margin-right:8px !important; margin-bottom:4px !important; width:90px !important;\" \/><\/a>    Besser h&auml;tte das Wetter f&uuml;r den Rodgauer Seniorentag kaum sein k&ouml;nnen: Die Sonne strahlte vom Himmel, gleichzeitig blieben die Temperaturen angenehm und weit entfernt von sommerlicher Hitze. Beste Voraussetzungen also f&uuml;r einen ausgiebigen Bummel rund um das ...<br clear=\"all\" \/>   <\/p>\n   <div><span class=\"my_article_details\"><time datetime=\"2026-09-03\">03.09.2026<\/time> &middot; <\/span><a href=\"https:\/\/www.rheinmainverlag.de\/2026\/09\/03\/rodgauer-seniorentag-erfaehrt-wieder-grossen-zuspruch\/\" title=\"Link zum Artikel auf rheinmainverlag.de\" target=\"_blank\">rheinmainverlag.de<\/a><\/div>\n  <\/div>\n <\/article>\n <\/div>\n <div class=\"post\" style=\"margin-bottom:40px;\">\n <article>\n  <h3><a name=\"42d33cef\" href=\"https:\/\/www.rheinmainverlag.de\/2026\/09\/03\/zeugensuche-auseinandersetzung-auf-parkplatz-in-offenbach\/\" style=\"color:#333333;\" target=\"_blank\">Zeugensuche: Auseinandersetzung auf Parkplatz in Offenbach<\/a><\/h3>\n  <div class=\"entry\">\n   <p style=\"margin-bottom:4px;\">\n   <a href=\"https:\/\/www.rheinmainverlag.de\/2026\/09\/03\/zeugensuche-auseinandersetzung-auf-parkplatz-in-offenbach\/\" target=\"_blank\"><img decoding=\"async\" src=\"\/feeds\/gfx\/rheinmainverlag.de.png\" style=\"align:left !important; float:left !important; margin-top:4px !important; margin-right:8px !important; margin-bottom:4px !important; width:90px !important;\" \/><\/a>    Am Dienstagnachmittag , gegen 16.10 Uhr, soll es auf einem Parkplatz in der Rowentastra&szlig;e (einstellige Hausnummern) in Offenbach zu einer Auseinandersetzung zwischen zwei M&auml;nnern gekommen sein, weshalb die Polizei die Ermittlungen aufgenommen hat. Kurz zuvor ...<br clear=\"all\" \/>   <\/p>\n   <div><span class=\"my_article_details\"><time datetime=\"2026-09-03\">03.09.2026<\/time> &middot; <\/span><a href=\"https:\/\/www.rheinmainverlag.de\/2026\/09\/03\/zeugensuche-auseinandersetzung-auf-parkplatz-in-offenbach\/\" title=\"Link zum Artikel auf rheinmainverlag.de\" target=\"_blank\">rheinmainverlag.de<\/a><\/div>\n  <\/div>\n <\/article>\n <\/div>\n <div class=\"post\" style=\"margin-bottom:40px;\">\n <article>\n  <h3><a name=\"88ee8214\" href=\"https:\/\/www.op-online.de\/region\/dietzenbach\/wettbueros-in-dietzenbach-spd-und-cdu-schalten-bauaufsicht-ein-94472131.html\" style=\"color:#333333;\" target=\"_blank\">Wettb\u00fcros in Dietzenbach: SPD und CDU schalten Bauaufsicht ein<\/a><\/h3>\n  <div class=\"entry\">\n   <p style=\"margin-bottom:4px;\">\n   <a href=\"https:\/\/www.op-online.de\/region\/dietzenbach\/wettbueros-in-dietzenbach-spd-und-cdu-schalten-bauaufsicht-ein-94472131.html\" target=\"_blank\"><img decoding=\"async\" src=\"https:\/\/www.op-online.de\/assets\/images\/43\/946\/43946263-archiv-symbolbild-eine-hand-wirft-am-04-09-2014-geld-in-einen-spielautomaten-in-einer-gewerblichen-spielhalle-in-garbsen-niedersachsen-foto-ole-spata-2qef.jpg\" style=\"align:left !important; float:left !important; margin-top:4px !important; margin-right:8px !important; margin-bottom:4px !important; width:90px !important;\" \/><\/a>    In Dietzenbach verst&ouml;&szlig;t ein Wettb&uuml;ro an der Babenh&auml;user Stra&szlig;e gegen den Bebauungsplan, auch bei einem zweiten k&ouml;nnte das der Fall sein. Die Koalition hat nun die Bauaufsicht des Kreises eingeschaltet \u2013 vermutlich wurde keine Nutzungs&auml;nderung beantragt.<br clear=\"all\" \/>   <\/p>\n   <div><span class=\"my_article_details\"><time datetime=\"2026-09-03\">03.09.2026<\/time> &middot; <\/span><a href=\"https:\/\/www.op-online.de\/region\/dietzenbach\/wettbueros-in-dietzenbach-spd-und-cdu-schalten-bauaufsicht-ein-94472131.html\" title=\"Link zum Artikel auf op-online.de\" target=\"_blank\">op-online.de<\/a><\/div>\n  <\/div>\n <\/article>\n <\/div>\n <div class=\"post\" style=\"margin-bottom:40px;\">\n <article>\n  <h3><a name=\"500a14f8\" href=\"https:\/\/www.hessenschau.de\/sport\/fussball\/regionalliga\/ofc-lauf-soll-auch-beim-derby-gegen-in-frankfurt-weitergehen-v1,ofc-vor-derby-beim-fsv-100.html\" style=\"color:#333333;\" target=\"_blank\">OFC-Lauf soll auch beim Derby gegen in Frankfurt weitergehen<\/a><\/h3>\n  <div class=\"entry\">\n   <p style=\"margin-bottom:4px;\">\n   <a href=\"https:\/\/www.hessenschau.de\/sport\/fussball\/regionalliga\/ofc-lauf-soll-auch-beim-derby-gegen-in-frankfurt-weitergehen-v1,ofc-vor-derby-beim-fsv-100.html\" target=\"_blank\"><img decoding=\"async\" src=\"https:\/\/www.hessenschau.de\/sport\/fussball\/regionalliga\/imago-fans-ofc-104~_t-1788411428128_v-16to9.jpg\" style=\"align:left !important; float:left !important; margin-top:4px !important; margin-right:8px !important; margin-bottom:4px !important; width:90px !important;\" \/><\/a>    Die Offenbacher Kickers sind mit vier Siegen aus vier Spielen in die Regionalliga-Saison gestartet, vom sonst typischen OFC-Hochmut ist trotzdem nichts zu sp&uuml;ren. Das Derby beim FSV Frankfurt wird kleingeredet. ...<br clear=\"all\" \/>   <\/p>\n   <div><span class=\"my_article_details\"><time datetime=\"2026-09-03\">03.09.2026<\/time> &middot; <\/span><a href=\"https:\/\/www.hessenschau.de\/sport\/fussball\/regionalliga\/ofc-lauf-soll-auch-beim-derby-gegen-in-frankfurt-weitergehen-v1,ofc-vor-derby-beim-fsv-100.html\" title=\"Link zum Artikel auf hessenschau.de\" target=\"_blank\">hessenschau.de<\/a><\/div>\n  <\/div>\n <\/article>\n <\/div>\n <div class=\"post\" style=\"margin-bottom:40px;\">\n <article>\n  <h3><a name=\"00228cf7\" href=\"https:\/\/www.langen.de\/de\/aktuelles-aus-dem-rathaus\/25-jahre-im-oeffentlichen-dienst.html\" style=\"color:#333333;\" target=\"_blank\">Langen: 25 Jahre im \u00f6ffentlichen Dienst<\/a><\/h3>\n  <div class=\"entry\">\n   <p style=\"margin-bottom:4px;\">\n   <a href=\"https:\/\/www.langen.de\/de\/aktuelles-aus-dem-rathaus\/25-jahre-im-oeffentlichen-dienst.html\" target=\"_blank\"><img decoding=\"async\" src=\"\/feeds\/gfx\/langen.de.png\" style=\"align:left !important; float:left !important; margin-top:4px !important; margin-right:8px !important; margin-bottom:4px !important; width:90px !important;\" \/><\/a>    Andreas Sch\u00e4fer feierte sein Dienstjubil\u00e4um - Andreas Sch\u00e4fer hat Jubil\u00e4um gefeiert, denn er ist seit 25 Jahren im \u00f6ffentlichen Dienst  ...<br clear=\"all\" \/>   <\/p>\n   <div><span class=\"my_article_details\"><time datetime=\"2026-09-03\">03.09.2026<\/time> &middot; <\/span><a href=\"https:\/\/www.langen.de\/de\/aktuelles-aus-dem-rathaus\/25-jahre-im-oeffentlichen-dienst.html\" title=\"Link zum Artikel auf langen.de\" target=\"_blank\">langen.de<\/a><\/div>\n  <\/div>\n <\/article>\n <\/div>\n <div class=\"post\" style=\"margin-bottom:40px;\">\n <article>\n  <h3><a name=\"d599d0e9\" href=\"https:\/\/www.langen.de\/de\/aktuelles-aus-dem-standesamt\/pruefung-zur-standesbeamtin-mit-erfolg-bestanden.html\" style=\"color:#333333;\" target=\"_blank\">Langen: Pr\u00fcfung zur Standesbeamtin mit Erfolg bestanden<\/a><\/h3>\n  <div class=\"entry\">\n   <p style=\"margin-bottom:4px;\">\n   <a href=\"https:\/\/www.langen.de\/de\/aktuelles-aus-dem-standesamt\/pruefung-zur-standesbeamtin-mit-erfolg-bestanden.html\" target=\"_blank\"><img decoding=\"async\" src=\"\/feeds\/gfx\/langen.de.png\" style=\"align:left !important; float:left !important; margin-top:4px !important; margin-right:8px !important; margin-bottom:4px !important; width:90px !important;\" \/><\/a>    B\u00fcrgermeister Jan Werner gratuliert Julia Kaiser - Mit viel Erfolg hatte sich Julia Kaiser der Ausbildung und Pr\u00fcfung zur Standesbeamtin vor einiger Zeit gestellt.  ...<br clear=\"all\" \/>   <\/p>\n   <div><span class=\"my_article_details\"><time datetime=\"2026-09-03\">03.09.2026<\/time> &middot; <\/span><a href=\"https:\/\/www.langen.de\/de\/aktuelles-aus-dem-standesamt\/pruefung-zur-standesbeamtin-mit-erfolg-bestanden.html\" title=\"Link zum Artikel auf langen.de\" target=\"_blank\">langen.de<\/a><\/div>\n  <\/div>\n <\/article>\n <\/div>\n <div class=\"post\" style=\"margin-bottom:40px;\">\n <article>\n  <h3><a name=\"cf9778dc\" href=\"https:\/\/www.langen.de\/de\/aktuelles-aus-dem-rathaus\/begleitet-die-buerger-auf-ihrem-weg-des-lebens.html\" style=\"color:#333333;\" target=\"_blank\">Langen: Begleitet die B\u00fcrger auf ihrem Weg des Lebens<\/a><\/h3>\n  <div class=\"entry\">\n   <p style=\"margin-bottom:4px;\">\n   <a href=\"https:\/\/www.langen.de\/de\/aktuelles-aus-dem-rathaus\/begleitet-die-buerger-auf-ihrem-weg-des-lebens.html\" target=\"_blank\"><img decoding=\"async\" src=\"\/feeds\/gfx\/langen.de.png\" style=\"align:left !important; float:left !important; margin-top:4px !important; margin-right:8px !important; margin-bottom:4px !important; width:90px !important;\" \/><\/a>    Standesbeamtin Mona Merz feiert ihr 25-j\u00e4hriges Dienstjubil\u00e4um - Mona Merz begleitet als Standesbeamtin viele Langener B\u00fcrgerinnen und B\u00fcrger in zahlreichen Stationen und  ...<br clear=\"all\" \/>   <\/p>\n   <div><span class=\"my_article_details\"><time datetime=\"2026-09-03\">03.09.2026<\/time> &middot; <\/span><a href=\"https:\/\/www.langen.de\/de\/aktuelles-aus-dem-rathaus\/begleitet-die-buerger-auf-ihrem-weg-des-lebens.html\" title=\"Link zum Artikel auf langen.de\" target=\"_blank\">langen.de<\/a><\/div>\n  <\/div>\n <\/article>\n <\/div>\n <div class=\"post\" style=\"margin-bottom:40px;\">\n <article>\n  <h3><a name=\"0d3b951b\" href=\"https:\/\/www.langen.de\/de\/aktuelles-musikschule\/ein-leben-fuer-die-musik.html\" style=\"color:#333333;\" target=\"_blank\">Langen: Ein Leben f\u00fcr die Musik<\/a><\/h3>\n  <div class=\"entry\">\n   <p style=\"margin-bottom:4px;\">\n   <a href=\"https:\/\/www.langen.de\/de\/aktuelles-musikschule\/ein-leben-fuer-die-musik.html\" target=\"_blank\"><img decoding=\"async\" src=\"\/feeds\/gfx\/langen.de.png\" style=\"align:left !important; float:left !important; margin-top:4px !important; margin-right:8px !important; margin-bottom:4px !important; width:90px !important;\" \/><\/a>    Julia Rusche beginnt einen neuen Lebensabschnitt - Julia Rusche, die seit vielen Jahren f\u00fcr zahlreiche Langener Musiksch\u00fcler, Ensemble- und Orchestermitglieder  ...<br clear=\"all\" \/>   <\/p>\n   <div><span class=\"my_article_details\"><time datetime=\"2026-09-03\">03.09.2026<\/time> &middot; <\/span><a href=\"https:\/\/www.langen.de\/de\/aktuelles-musikschule\/ein-leben-fuer-die-musik.html\" title=\"Link zum Artikel auf langen.de\" target=\"_blank\">langen.de<\/a><\/div>\n  <\/div>\n <\/article>\n <\/div>\n <b>Mehr <a href=\"\/news\/offenbach-nachrichten\" title=\"Offenbach Nachrichten\">Offenbach-Nachrichten<\/a> ...<\/b>\n<\/div>\n<br \/>\n\n<div style=\"background-color:#efffef; margin-top:15px; margin-bottom:15px; padding:10px; text-align:left; word-wrap:break-word;\">\n<h2 style=\"margin:0px; margin-bottom:20px;\">Aktuelle Polizeimeldungen aus R\u00f6dermarks Umgebung<\/h2>\n <div class=\"post\" style=\"margin-bottom:40px;\">\n <article>\n  <h3><a href=\"https:\/\/www.presseportal.de\/blaulicht\/pm\/43561\/6345126\" style=\"color:#000000; font-weight:bold;\" target=\"_blank\">Polizei Offenbach am Main: Pressemeldungen vom 03.09.2026<\/a><\/h3>\n  <div class=\"entry\">\n   <p style=\"margin-bottom:4px;\">   <a name=\"f8c287a0\" href=\"https:\/\/www.presseportal.de\/blaulicht\/pm\/43561\/6345126\" target=\"_blank\"><img decoding=\"async\" src=\"\/feeds\/gfx\/POL-OF.jpg\" style=\"align:left !important; float:left !important; margin-top:4px !important; margin-right:8px !important; margin-bottom:4px !important; width:90px !important;\" \/><\/a>    ... <b>1. 18-J\u00e4hriger von zwei Unbekannten geschlagen: Zeugen gesucht! -Offenbach<\/b>   (cb) Nachdem ein 18-J\u00e4hriger am Mittwochabend von zwei bis dato Unbekannten mehrfach mit einem stock\u00e4hnlichen Gegenstand geschlagen wurde und schwere Kopfverletzungen davontrug, hat die Kripo die Ermittlungen aufgenommen. Nach dem derzeitigen Erkenntnisstand ...<br clear=\"all\" \/><\/p><p style=\"margin-top:8px; margin-bottom:4px;\"><a href=\"https:\/\/www.presseportal.de\/blaulicht\/pm\/43561\/6345126\" target=\"_blank\"><img decoding=\"async\" src=\"\/feeds\/gfx\/POL-OF.jpg\" style=\"align:left !important; float:left !important; margin-top:4px !important; margin-right:8px !important; margin-bottom:4px !important; width:90px !important;\" \/><\/a> ... <b>2. Nach Rotlichtversto\u00df: Kontrolle endet mit mehreren tausend Euro Sachschaden - <a href=\"\/news\/offenbach-polizeimeldungen\" title=\"Polizeieins\u00e4tze Offenbach\">Offenbach<\/a><\/b>   (me) Eine Verkehrskontrolle am fr\u00fchen Donnerstagmorgen endete mit einer kurzen Nachfahrt und mehreren tausend Euro Sachschaden. Gegen 1.30 Uhr sollte ein 43 Jahre alter Mann einer Kontrolle unterzogen werden, nachdem dieser zuvor im Bereich der Kaiserstra\u00dfe ...<br clear=\"all\" \/><\/p><p style=\"margin-top:8px; margin-bottom:4px;\"><a href=\"https:\/\/www.presseportal.de\/blaulicht\/pm\/43561\/6345126\" target=\"_blank\"><img decoding=\"async\" src=\"\/feeds\/gfx\/POL-OF.jpg\" style=\"align:left !important; float:left !important; margin-top:4px !important; margin-right:8px !important; margin-bottom:4px !important; width:90px !important;\" \/><\/a> ... <b>3. Teils gefuellter Benzinkanister aufgefunden: Polizei ermittelt - <a href=\"\/news\/obertshausen-polizeimeldungen\" title=\"Polizeieins\u00e4tze Obertshausen\">Obertshausen<\/a><\/b>   (cb) Nachdem die Polizei in der N\u00e4he eines Waldes im Bereich Obertshausen einen teilweise noch gef\u00fcllten Benzinkanister fand und Teile der Substanz, bei der es sich um Benzin handeln d\u00fcrfte, durch einen Unbekannten im Bereich eines Gr\u00fcnstreifens neben der ...<br clear=\"all\" \/><\/p><p style=\"margin-top:8px; margin-bottom:4px;\"><a href=\"https:\/\/www.presseportal.de\/blaulicht\/pm\/43561\/6345126\" target=\"_blank\"><img decoding=\"async\" src=\"\/feeds\/gfx\/POL-OF.jpg\" style=\"align:left !important; float:left !important; margin-top:4px !important; margin-right:8px !important; margin-bottom:4px !important; width:90px !important;\" \/><\/a> ... <b>4. Fu\u00dfg\u00e4nger und mutma\u00dflich dunkelgrauer Wagen kollidierten: Wer hat den Zusammensto\u00df beobachtet? - <a href=\"\/news\/obertshausen-polizeimeldungen\" title=\"Polizeieins\u00e4tze Obertshausen\">Obertshausen<\/a><\/b>   (me) Bereits am Freitag (7. August), gegen 6.45 Uhr, kam es auf der Seligenst\u00e4dter Stra\u00dfe (50er-Hausnummern) im Bereich einer dortigen Bushaltestelle zu einer Kollision zwischen einem die Stra\u00dfe querenden Fu\u00dfg\u00e4nger und einem vermutlich dunkelgrauen Wagen. ...<br clear=\"all\" \/><\/p><p style=\"margin-top:8px; margin-bottom:4px;\"><a href=\"https:\/\/www.presseportal.de\/blaulicht\/pm\/43561\/6345126\" target=\"_blank\"><img decoding=\"async\" src=\"\/feeds\/gfx\/POL-OF.jpg\" style=\"align:left !important; float:left !important; margin-top:4px !important; margin-right:8px !important; margin-bottom:4px !important; width:90px !important;\" \/><\/a> ... <b>6. Besitzer nach Hundebiss gesucht - <a href=\"\/news\/neu-isenburg-polizeimeldungen\" title=\"Polizeieins\u00e4tze Neu-Isenburg\">Neu-Isenburg<\/a><\/b>   (me) Wegen des Verdachts der fahrl\u00e4ssigen K\u00f6rperverletzung ermittelt derzeit die Polizei, nachdem ein 68-J\u00e4hriger durch einen Hund gebissen wurde. Nach dem derzeitigen Stand der Ermittlungen war der Isenburger mit seinem Hund am Montag, gegen 11.40 Uhr, in ...<br clear=\"all\" \/><\/p><p style=\"margin-top:8px; margin-bottom:4px;\"><a href=\"https:\/\/www.presseportal.de\/blaulicht\/pm\/43561\/6345126\" target=\"_blank\"><img decoding=\"async\" src=\"\/feeds\/gfx\/POL-OF.jpg\" style=\"align:left !important; float:left !important; margin-top:4px !important; margin-right:8px !important; margin-bottom:4px !important; width:90px !important;\" \/><\/a> ... <b>7. Parzellen in Kleingartenanlage gerieten in Brand: Polizei nahm Ermittlungen auf - <a href=\"\/news\/neu-isenburg-polizeimeldungen\" title=\"Polizeieins\u00e4tze Neu-Isenburg\">Neu-Isenburg<\/a><\/b>   (me) Noch unklar sind die Hintergr\u00fcnde zur Entstehung eines Brandes am Mittwochnachmittag, bei dem ein Schaden von gesch\u00e4tzten 14.000 Euro entstand. Gegen 17.20 Uhr erhielten die Feuerwehr und die Polizei die Mitteilung \u00fcber eine gr\u00f6\u00dfere Rauchwolke im Bereich ...<br clear=\"all\" \/><\/p><p style=\"margin-top:8px; margin-bottom:4px;\"><a href=\"https:\/\/www.presseportal.de\/blaulicht\/pm\/43561\/6345126\" target=\"_blank\"><img decoding=\"async\" src=\"\/feeds\/gfx\/POL-OF.jpg\" style=\"align:left !important; float:left !important; margin-top:4px !important; margin-right:8px !important; margin-bottom:4px !important; width:90px !important;\" \/><\/a> ... <b>8. Ford Mondeo beim Ein- oder Ausparken besch\u00e4digt - <a href=\"\/news\/neu-isenburg-polizeimeldungen\" title=\"Polizeieins\u00e4tze Neu-Isenburg\">Neu-Isenburg<\/a><\/b>   (me) Die Beamten aus der Hugenottenstadt suchen nach Zeugen eines Verkehrsunfalls, der sich bereits zwischen Freitag (14. August), 8 Uhr und Samstag (15. August), 11.40 Uhr, ereignet hat. Nach derzeitigen Erkenntnissen fuhr ein unbekannter Verkehrsteilnehmer ...<br clear=\"all\" \/><\/p><p style=\"margin-top:8px; margin-bottom:4px;\"><a href=\"https:\/\/www.presseportal.de\/blaulicht\/pm\/43561\/6345126\" target=\"_blank\"><img decoding=\"async\" src=\"\/feeds\/gfx\/POL-OF.jpg\" style=\"align:left !important; float:left !important; margin-top:4px !important; margin-right:8px !important; margin-bottom:4px !important; width:90px !important;\" \/><\/a> ... <b>9. Fenster von Linienbus durch Au\u00dfenspiegel besch\u00e4digt: Hinweise erbeten! - <a href=\"\/news\/dreieich-polizeimeldungen\" title=\"Polizeieins\u00e4tze Dreieich\">Dreieich<\/a><\/b>   (me) Klirrende Ger\u00e4usche und viele Scherben nahmen Anwohner der Frankfurter Stra\u00dfe (100er-Hausnummern) am Mittwochabend wahr, als mehrere Fenster eines Linienbusses zu Bruch gingen. Nach den bisherigen Erkenntnissen war das \u00f6ffentliche Verkehrsmittel gegen ...<br clear=\"all\" \/><\/p><p style=\"margin-top:8px; margin-bottom:4px;\"><a href=\"https:\/\/www.presseportal.de\/blaulicht\/pm\/43561\/6345126\" target=\"_blank\"><img decoding=\"async\" src=\"\/feeds\/gfx\/POL-OF.jpg\" style=\"align:left !important; float:left !important; margin-top:4px !important; margin-right:8px !important; margin-bottom:4px !important; width:90px !important;\" \/><\/a> ... <b>10. Verdacht der exhibitionistischen Handlungen: Ermittlungen gegen 63-J\u00e4hrigen eingeleitet - Mainhausen<\/b>   (me) Er soll Mittwochnachmittag ohne Hose in einem Wald nahe der Mainflinger Stra\u00dfe umhergelaufen sein: So die Vorw\u00fcrfe gegen einen 63 Jahre alten Mann, den Beamte der Polizeistation in Seligenstadt z\u00fcgig vorl\u00e4ufig festnahmen. Gegen 15.20 Uhr wurden die Ordnungsh\u00fcter ...<br clear=\"all\" \/>   <\/p>\n   <div><span class=\"my_article_details\"><time datetime=\"2026-09-03\">03.09.2026<\/time> &middot; <\/span><a href=\"https:\/\/www.presseportal.de\/blaulicht\/pm\/43561\/6345126\" title=\"Link zum Artikel auf presseportal.de\" target=\"_blank\">presseportal.de<\/a><\/div>\n  <\/div>\n <\/article>\n <\/div>\n <div class=\"post\" style=\"margin-bottom:40px;\">\n <article>\n  <h3><a href=\"https:\/\/www.presseportal.de\/blaulicht\/pm\/43561\/6344496\" style=\"color:#000000; font-weight:bold;\" target=\"_blank\">Polizei Offenbach am Main: Pressemeldungen vom 02.09.2026<\/a><\/h3>\n  <div class=\"entry\">\n   <p style=\"margin-bottom:4px;\">   <a name=\"bdd58118\" href=\"https:\/\/www.presseportal.de\/blaulicht\/pm\/43561\/6344496\" target=\"_blank\"><img decoding=\"async\" src=\"\/feeds\/gfx\/POL-OF.jpg\" style=\"align:left !important; float:left !important; margin-top:4px !important; margin-right:8px !important; margin-bottom:4px !important; width:90px !important;\" \/><\/a>    ... <b>1. Grillplatzbesucher mit Pfefferspray besprueht: Zeugen gesucht! - <a href=\"\/news\/offenbach-polizeimeldungen\" title=\"Polizeieins\u00e4tze Offenbach\">Offenbach<\/a><\/b>   (cb) Mehrere Besucher eines Grillplatzes in der Mainstra\u00dfe erlitten am Dienstagabend leichte Verletzungen, nachdem ein Unbekannter sie mit Pfefferspray bespr\u00fcht hatte. Nach dem derzeitigen Stand der Ermittlungen n\u00e4herte sich der 30 bis 40 Jahre alte T\u00e4ter ...<br clear=\"all\" \/><\/p><p style=\"margin-top:8px; margin-bottom:4px;\"><a href=\"https:\/\/www.presseportal.de\/blaulicht\/pm\/43561\/6344496\" target=\"_blank\"><img decoding=\"async\" src=\"\/feeds\/gfx\/POL-OF.jpg\" style=\"align:left !important; float:left !important; margin-top:4px !important; margin-right:8px !important; margin-bottom:4px !important; width:90px !important;\" \/><\/a> ... <b>2. Auseinandersetzung auf Parkplatz: Zeugen bitte melden! - <a href=\"\/news\/offenbach-polizeimeldungen\" title=\"Polizeieins\u00e4tze Offenbach\">Offenbach<\/a><\/b>   (cb) Am Dienstagnachmittag, gegen 16.10 Uhr, soll es auf einem Parkplatz in der Rowentastra\u00dfe (einstellige Hausnummern) zu einer Auseinandersetzung zwischen zwei M\u00e4nnern gekommen sein, weshalb die Polizei die Ermittlungen aufgenommen hat. Kurz zuvor soll ...<br clear=\"all\" \/><\/p><p style=\"margin-top:8px; margin-bottom:4px;\"><a href=\"https:\/\/www.presseportal.de\/blaulicht\/pm\/43561\/6344496\" target=\"_blank\"><img decoding=\"async\" src=\"\/feeds\/gfx\/POL-OF.jpg\" style=\"align:left !important; float:left !important; margin-top:4px !important; margin-right:8px !important; margin-bottom:4px !important; width:90px !important;\" \/><\/a> ... <b>3. Zeugensuche nach Wohnungseinbruch - <a href=\"\/news\/offenbach-polizeimeldungen\" title=\"Polizeieins\u00e4tze Offenbach\">Offenbach<\/a><\/b>   (cb) Nachdem vier Unbekannte am Dienstagabend in die Wohnung eines Mehrfamilienhauses in der Krafftstra\u00dfe (einstellige Hausnummern) eingedrungen waren, suchen die Beamten der Kripo Zeugen der Tat. Nach dem derzeitigen Stand der Ermittlungen verschaffte sich ...<br clear=\"all\" \/><\/p><p style=\"margin-top:8px; margin-bottom:4px;\"><a href=\"https:\/\/www.presseportal.de\/blaulicht\/pm\/43561\/6344496\" target=\"_blank\"><img decoding=\"async\" src=\"\/feeds\/gfx\/POL-OF.jpg\" style=\"align:left !important; float:left !important; margin-top:4px !important; margin-right:8px !important; margin-bottom:4px !important; width:90px !important;\" \/><\/a> ... <b>4. Zeugensuche nach Einbruch in Gastst\u00e4tte - <a href=\"\/news\/dreieich-polizeimeldungen\" title=\"Polizeieins\u00e4tze Dreieich\">Dreieich<\/a><\/b>   (fg) Wer hat am Dienstagmorgen, zwischen 1.20 Uhr und 1.40 Uhr, in der Hainer Chaussee (20er-Hausnummern) verd\u00e4chtige Personen oder Beobachtungen gemacht? Nach einem Einbruch in die Gastst\u00e4tte eines Tennisclubs bittet die Polizei um Hinweise aus der Bev\u00f6lkerung. ...<br clear=\"all\" \/><\/p><p style=\"margin-top:8px; margin-bottom:4px;\"><a href=\"https:\/\/www.presseportal.de\/blaulicht\/pm\/43561\/6344496\" target=\"_blank\"><img decoding=\"async\" src=\"\/feeds\/gfx\/POL-OF.jpg\" style=\"align:left !important; float:left !important; margin-top:4px !important; margin-right:8px !important; margin-bottom:4px !important; width:90px !important;\" \/><\/a> ... <b>5. Trio fluechtete mit Kabel von der Lades\u00e4ule: Hinweise erbeten - <a href=\"\/news\/egelsbach-polizeimeldungen\" title=\"Polizeieins\u00e4tze Egelsbach\">Egelsbach<\/a><\/b>   (cb) Sie sollen das Ladekabel einer E-Lades\u00e4ule durchtrennt und das Kabel mitgenommen haben: So lautet der Vorwurf gegen drei bislang Unbekannte. W\u00e4hrend am Dienstagabend einer der T\u00e4ter in einem wei\u00dfen Audi wartete, begaben sich seine zwei Komplizen zu der ...<br clear=\"all\" \/><\/p><p style=\"margin-top:8px; margin-bottom:4px;\"><a href=\"https:\/\/www.presseportal.de\/blaulicht\/pm\/43561\/6344496\" target=\"_blank\"><img decoding=\"async\" src=\"\/feeds\/gfx\/POL-OF.jpg\" style=\"align:left !important; float:left !important; margin-top:4px !important; margin-right:8px !important; margin-bottom:4px !important; width:90px !important;\" \/><\/a> ... <b>6. Drei Leichtverletzte nach Auffahrunfall auf der Landesstra\u00dfe 2310 - <a href=\"\/news\/seligenstadt-polizeimeldungen\" title=\"Polizeieins\u00e4tze Seligenstadt\">Seligenstadt<\/a><\/b>   (fg) Drei Leichtverletzte und ein Schaden von rund 9.000 Euro sind die Bilanz eines Unfalls, der sich am Dienstagabend, gegen 20.40 Uhr, auf der Landesstra\u00dfe 2310 zwischen Froschhausen und der Bundesstra\u00dfe 45 in H\u00f6he der Tank- und Rastanlage Weiskirchen ereignet ...<br clear=\"all\" \/>   <\/p>\n   <div><span class=\"my_article_details\"><time datetime=\"2026-09-02\">02.09.2026<\/time> &middot; <\/span><a href=\"https:\/\/www.presseportal.de\/blaulicht\/pm\/43561\/6344496\" title=\"Link zum Artikel auf presseportal.de\" target=\"_blank\">presseportal.de<\/a><\/div>\n  <\/div>\n <\/article>\n <\/div>\n <div class=\"post\" style=\"margin-bottom:40px;\">\n <article>\n  <h3><a href=\"https:\/\/www.presseportal.de\/blaulicht\/pm\/43561\/6343509\" style=\"color:#000000; font-weight:bold;\" target=\"_blank\">Polizei Offenbach am Main: Pressemeldungen vom 01.09.2026<\/a><\/h3>\n  <div class=\"entry\">\n   <p style=\"margin-bottom:4px;\">   <a name=\"e256ef85\" href=\"https:\/\/www.presseportal.de\/blaulicht\/pm\/43561\/6343509\" target=\"_blank\"><img decoding=\"async\" src=\"\/feeds\/gfx\/POL-OF.jpg\" style=\"align:left !important; float:left !important; margin-top:4px !important; margin-right:8px !important; margin-bottom:4px !important; width:90px !important;\" \/><\/a>    ... <b>1. Wei\u00dfer Mercedes soll rueckw\u00e4rtigen Verkehr ausgebremst haben: Zeugen bitte melden! - Autobahn 3 \/ Rodgau<\/b>   (cb) Die Beamten der Polizeiautobahnstation S\u00fcdosthessen suchen nach einer Verkehrsunfallflucht, die sich am Samstagnachmittag auf der Autobahn 3 im Bereich der Anschlussstelle Hanau ereignet haben soll, Zeugen. Nach dem bisherigen Ermittlungsstand befuhr ...<br clear=\"all\" \/><\/p><p style=\"margin-top:8px; margin-bottom:4px;\"><a href=\"https:\/\/www.presseportal.de\/blaulicht\/pm\/43561\/6343509\" target=\"_blank\"><img decoding=\"async\" src=\"\/feeds\/gfx\/POL-OF.jpg\" style=\"align:left !important; float:left !important; margin-top:4px !important; margin-right:8px !important; margin-bottom:4px !important; width:90px !important;\" \/><\/a> ... <b>2. Ausbildungskontrolle auf der Bundesstra\u00dfe 448: Dacia-Fahrerin deutlich zu schnell unterwegs - <a href=\"\/news\/offenbach-polizeimeldungen\" title=\"Polizeieins\u00e4tze Offenbach\">Offenbach<\/a><\/b>   (fg) Am Montag f\u00fchrten Beamtinnen und Beamten des Sachgebiets Verkehrs\u00fcberwachung \/ Verkehrselektronik gemeinsam mit Polizeianw\u00e4rterinnen und Polizeianw\u00e4rtern im Rahmen einer Ausbildungskontrolle eine Geschwindigkeitsmessung am Ausbauende der Bundesstra\u00dfe ...<br clear=\"all\" \/><\/p><p style=\"margin-top:8px; margin-bottom:4px;\"><a href=\"https:\/\/www.presseportal.de\/blaulicht\/pm\/43561\/6343509\" target=\"_blank\"><img decoding=\"async\" src=\"\/feeds\/gfx\/POL-OF.jpg\" style=\"align:left !important; float:left !important; margin-top:4px !important; margin-right:8px !important; margin-bottom:4px !important; width:90px !important;\" \/><\/a> ... <b>3. Unfallzeugen bitte melden - <a href=\"\/news\/dietzenbach-polizeimeldungen\" title=\"Polizeieins\u00e4tze Dietzenbach\">Dietzenbach<\/a><\/b>   (cb) Kratzer und Dellen mit einer Schadensh\u00f6he von etwa 2.000 Euro weist seit kurzem ein VW auf. Der Wagen mit F-Kennzeichen war zwischen Sonntag, 20 Uhr und Montag, 7.30 Uhr, am Fahrbahnrand der Stra\u00dfe \"Kind\u00e4cker Weg\" (einstellige Hausnummern) abgestellt. ...<br clear=\"all\" \/><\/p><p style=\"margin-top:8px; margin-bottom:4px;\"><a href=\"https:\/\/www.presseportal.de\/blaulicht\/pm\/43561\/6343509\" target=\"_blank\"><img decoding=\"async\" src=\"\/feeds\/gfx\/POL-OF.jpg\" style=\"align:left !important; float:left !important; margin-top:4px !important; margin-right:8px !important; margin-bottom:4px !important; width:90px !important;\" \/><\/a> ... <b>4. Eingangstuer und Automaten aufgehebelt: Zeugensuche! - <a href=\"\/news\/dietzenbach-polizeimeldungen\" title=\"Polizeieins\u00e4tze Dietzenbach\">Dietzenbach<\/a><\/b>   (fg) Wer am Montagmorgen, gegen 4.50 Uhr, im Bereich einer Spielhalle in der Paul-Ehrlich-Stra\u00dfe (einstellige Hausnummern) unterwegs war, k\u00f6nnte wichtige Beobachtungen gemacht haben. Denn die Polizei ermittelt nach einem Einbruch und hofft dabei auf Hinweise ...<br clear=\"all\" \/><\/p><p style=\"margin-top:8px; margin-bottom:4px;\"><a href=\"https:\/\/www.presseportal.de\/blaulicht\/pm\/43561\/6343509\" target=\"_blank\"><img decoding=\"async\" src=\"\/feeds\/gfx\/POL-OF.jpg\" style=\"align:left !important; float:left !important; margin-top:4px !important; margin-right:8px !important; margin-bottom:4px !important; width:90px !important;\" \/><\/a> ... <b>5. Fassade und Fenster durch unbekannten Wagenlenker besch\u00e4digt: Wer hat den Unfall beobachtet? - <a href=\"\/news\/langen-polizeimeldungen\" title=\"Polizeieins\u00e4tze Langen\">Langen<\/a><\/b>   (me) In der Bahnstra\u00dfe (40er-Hausnummern) auf dem Parkplatz einer dortigen Schule kam es zwischen Montag, 22 Uhr und Dienstag, 8 Uhr, zu einer Verkehrsunfallflucht, bei welcher ein Verkehrsteilnehmer einen Schaden von \u00fcber tausend Euro anrichtete. Mutma\u00dflich ...<br clear=\"all\" \/><\/p><p style=\"margin-top:8px; margin-bottom:4px;\"><a href=\"https:\/\/www.presseportal.de\/blaulicht\/pm\/43561\/6343509\" target=\"_blank\"><img decoding=\"async\" src=\"\/feeds\/gfx\/POL-OF.jpg\" style=\"align:left !important; float:left !important; margin-top:4px !important; margin-right:8px !important; margin-bottom:4px !important; width:90px !important;\" \/><\/a> ... <b>7. Fenster von Schule besch\u00e4digt: Polizei ermittelt und bittet um Hinweise - <a href=\"\/news\/seligenstadt-polizeimeldungen\" title=\"Polizeieins\u00e4tze Seligenstadt\">Seligenstadt<\/a><\/b>   (me) Wegen des Verdachts der Sachbesch\u00e4digung und des Hausfriedensbruchs ermittelt derzeit die Polizei, nachdem sich ein Unbekannter zwischen Freitag, 18 Uhr und Montag, 8.30 Uhr, widerrechtlich auf das Dach einer Schule in der Einhardstra\u00dfe begeben und dort ...<br clear=\"all\" \/><\/p><p style=\"margin-top:8px; margin-bottom:4px;\"><a href=\"https:\/\/www.presseportal.de\/blaulicht\/pm\/43561\/6343509\" target=\"_blank\"><img decoding=\"async\" src=\"\/feeds\/gfx\/POL-OF.jpg\" style=\"align:left !important; float:left !important; margin-top:4px !important; margin-right:8px !important; margin-bottom:4px !important; width:90px !important;\" \/><\/a> ... <b>8. 32-J\u00e4hrige soll Busfahrer beleidigt haben: Ermittlungen eingeleitet - <a href=\"\/news\/seligenstadt-polizeimeldungen\" title=\"Polizeieins\u00e4tze Seligenstadt\">Seligenstadt<\/a><\/b>   (cb) Noch unklar sind die Hintergr\u00fcnde eines Vorfalls, der sich am Montagnachmittag in der Linie 86 am Seligenst\u00e4dter Bahnhof ereignet hat. Die Polizei hat Ermittlungen gegen eine 32-J\u00e4hrige eingeleitet, die den Busfahrer mehrfach in ausl\u00e4ndischer Sprache ...<br clear=\"all\" \/>   <\/p>\n   <div><span class=\"my_article_details\"><time datetime=\"2026-09-01\">01.09.2026<\/time> &middot; <\/span><a href=\"https:\/\/www.presseportal.de\/blaulicht\/pm\/43561\/6343509\" title=\"Link zum Artikel auf presseportal.de\" target=\"_blank\">presseportal.de<\/a><\/div>\n  <\/div>\n <\/article>\n <\/div>\n <div class=\"post\" style=\"margin-bottom:40px;\">\n <article>\n  <h3><a href=\"https:\/\/www.presseportal.de\/blaulicht\/pm\/43561\/6342886\" style=\"color:#000000; font-weight:bold;\" target=\"_blank\">Polizei Offenbach am Main: Pressemeldungen vom 31.08.2026<\/a><\/h3>\n  <div class=\"entry\">\n   <p style=\"margin-bottom:4px;\">   <a name=\"22c8a8db\" href=\"https:\/\/www.presseportal.de\/blaulicht\/pm\/43561\/6342886\" target=\"_blank\"><img decoding=\"async\" src=\"\/feeds\/gfx\/POL-OF.jpg\" style=\"align:left !important; float:left !important; margin-top:4px !important; margin-right:8px !important; margin-bottom:4px !important; width:90px !important;\" \/><\/a>    ... <b>1. Schnelle Festnahme eines 41-J\u00e4hrigen - <a href=\"\/news\/offenbach-polizeimeldungen\" title=\"Polizeieins\u00e4tze Offenbach\">Offenbach<\/a><\/b>   (me) Er soll einer Fu\u00dfg\u00e4ngerin am Sonntagmorgen beim Vorbeilaufen an ihr Ges\u00e4\u00df gefasst haben: So die Vorw\u00fcrfe gegen einen 31 Jahre alten Mann, den Beamte aus Offenbach z\u00fcgig vorl\u00e4ufig festnahmen. Gegen den 31-J\u00e4hrigen wird nun wegen des Verdachts der sexuellen ...<br clear=\"all\" \/><\/p><p style=\"margin-top:8px; margin-bottom:4px;\"><a href=\"https:\/\/www.presseportal.de\/blaulicht\/pm\/43561\/6342886\" target=\"_blank\"><img decoding=\"async\" src=\"\/feeds\/gfx\/POL-OF.jpg\" style=\"align:left !important; float:left !important; margin-top:4px !important; margin-right:8px !important; margin-bottom:4px !important; width:90px !important;\" \/><\/a> ... <b>2. Einbrecher erbeuteten Tresor: Wer hat etwas gesehen? - <a href=\"\/news\/dietzenbach-polizeimeldungen\" title=\"Polizeieins\u00e4tze Dietzenbach\">Dietzenbach<\/a><\/b>   (fg) Einbrecher waren am Sonntagmorgen in einer Gastst\u00e4tte in der Offenbacher Stra\u00dfe (10er-Hausnummern) zugange und entwendeten einen Tresor. Die Kriminalpolizei hat die Ermittlungen \u00fcbernommen und sucht nun nach Zeugen. Zwischen Mitternacht und 5 Uhr verschafften ...<br clear=\"all\" \/><\/p><p style=\"margin-top:8px; margin-bottom:4px;\"><a href=\"https:\/\/www.presseportal.de\/blaulicht\/pm\/43561\/6342886\" target=\"_blank\"><img decoding=\"async\" src=\"\/feeds\/gfx\/POL-OF.jpg\" style=\"align:left !important; float:left !important; margin-top:4px !important; margin-right:8px !important; margin-bottom:4px !important; width:90px !important;\" \/><\/a> ... <b>3. 24-J\u00e4hriger soll mehrfach Hitlergru\u00df gezeigt haben: Ermittlungen eingeleitet - <a href=\"\/news\/neu-isenburg-polizeimeldungen\" title=\"Polizeieins\u00e4tze Neu-Isenburg\">Neu-Isenburg<\/a><\/b>   (cb) Nachdem ein 25 Jahre alter Mann aus Offenbach am Samstag mehrfach den Hitlergru\u00df gezeigt haben soll, haben die Beamten der Staatsschutzabteilung die Ermittlungen wegen des Verdachts des Verwendens von Kennzeichen verfassungswidriger Organisationen eingeleitet. ...<br clear=\"all\" \/><\/p><p style=\"margin-top:8px; margin-bottom:4px;\"><a href=\"https:\/\/www.presseportal.de\/blaulicht\/pm\/43561\/6342886\" target=\"_blank\"><img decoding=\"async\" src=\"\/feeds\/gfx\/POL-OF.jpg\" style=\"align:left !important; float:left !important; margin-top:4px !important; margin-right:8px !important; margin-bottom:4px !important; width:90px !important;\" \/><\/a> ... <b>4. Mercedes Vito zerkratzt: Zeugensuche! - <a href=\"\/news\/dreieich-polizeimeldungen\" title=\"Polizeieins\u00e4tze Dreieich\">Dreieich<\/a><\/b>   (fg) Unbekannte haben zwischen Freitagabend, 19.30 Uhr und Samstagnachmittag, 16 Uhr, einen in der Stra\u00dfe \"Im Weibelfeld\" (einstellige Hausnummern) in Sprendlingen abgestellten Mercedes Vito zerkratzt und hierdurch einen Schaden von mehreren tausend Euro ...<br clear=\"all\" \/><\/p><p style=\"margin-top:8px; margin-bottom:4px;\"><a href=\"https:\/\/www.presseportal.de\/blaulicht\/pm\/43561\/6342886\" target=\"_blank\"><img decoding=\"async\" src=\"\/feeds\/gfx\/POL-OF.jpg\" style=\"align:left !important; float:left !important; margin-top:4px !important; margin-right:8px !important; margin-bottom:4px !important; width:90px !important;\" \/><\/a> ... <b>6. Zeugensuche: Hakenkreuze und Symbole im Treppenhaus - <a href=\"\/news\/langen-polizeimeldungen\" title=\"Polizeieins\u00e4tze Langen\">Langen<\/a><\/b>   (cb) Die Beamten der Staatsschutzabteilung suchen Zeugen einer Tat, welche sich zwischen Samstag, 13 Uhr und Sonntag, 12 Uhr, ereignete. Demnach haben bis dato Unbekannte mehrere Hakenkreuze und rassistische Symbole in das Treppenhaus eines Hochhauses in ...<br clear=\"all\" \/><\/p><p style=\"margin-top:8px; margin-bottom:4px;\"><a href=\"https:\/\/www.presseportal.de\/blaulicht\/pm\/43561\/6342886\" target=\"_blank\"><img decoding=\"async\" src=\"\/feeds\/gfx\/POL-OF.jpg\" style=\"align:left !important; float:left !important; margin-top:4px !important; margin-right:8px !important; margin-bottom:4px !important; width:90px !important;\" \/><\/a> ... <b>7. Gauner machte sich an Zweir\u00e4dern zu schaffen: Polizei bittet um Hinweise - <a href=\"\/news\/langen-polizeimeldungen\" title=\"Polizeieins\u00e4tze Langen\">Langen<\/a><\/b>   (me) Nachdem ein Unbekannter sich mutma\u00dflich \u00fcber das Wochenende an mehreren, in einer Tiefgarage stehenden Zweir\u00e4dern zu schaffen gemacht und eines von ihnen entwendet hatte, ermittelt die Polizei und bittet in diesem Zusammenhang um Hinweise. Neben einer ...<br clear=\"all\" \/><\/p><p style=\"margin-top:8px; margin-bottom:4px;\"><a href=\"https:\/\/www.presseportal.de\/blaulicht\/pm\/43561\/6342886\" target=\"_blank\"><img decoding=\"async\" src=\"\/feeds\/gfx\/POL-OF.jpg\" style=\"align:left !important; float:left !important; margin-top:4px !important; margin-right:8px !important; margin-bottom:4px !important; width:90px !important;\" \/><\/a> ... <b>8. Bargeld und Schmuck aus Wohnung geklaut: Polizei sucht Dieb mit Personenbeschreibung - <a href=\"\/news\/langen-polizeimeldungen\" title=\"Polizeieins\u00e4tze Langen\">Langen<\/a><\/b>   (me) In einem Mehrfamilienhaus in der Stra\u00dfe \"Im Singes\" in den dortigen einstelligen Hausnummern kam es am Freitag, gegen 20.45 Uhr, zu einem Diebstahl von Bargeld und Schmuck. Nach dem bisherigen Stand der Ermittlungen verschaffte sich ein etwa 30 Jahre ...<br clear=\"all\" \/><\/p><p style=\"margin-top:8px; margin-bottom:4px;\"><a href=\"https:\/\/www.presseportal.de\/blaulicht\/pm\/43561\/6342886\" target=\"_blank\"><img decoding=\"async\" src=\"\/feeds\/gfx\/POL-OF.jpg\" style=\"align:left !important; float:left !important; margin-top:4px !important; margin-right:8px !important; margin-bottom:4px !important; width:90px !important;\" \/><\/a> ... <b>9. Motorrad bei Diebstahlversuch besch\u00e4digt und zurueckgelassen - <a href=\"\/news\/hainburg-polizeimeldungen\" title=\"Polizeieins\u00e4tze Hainburg\">Hainburg<\/a><\/b>   (me) Ein bislang noch unbekanntes Gauner-Duo musste am fr\u00fchen Montagmorgen das Objekt ihrer Begierde zur\u00fccklassen. Nach den bisherigen Erkenntnissen machten sich die beiden gegen 1 Uhr an einem in der Ludwig-Erhard-Stra\u00dfe abgestellten Zweirad zu schaffen. ...<br clear=\"all\" \/><\/p><p style=\"margin-top:8px; margin-bottom:4px;\"><a href=\"https:\/\/www.presseportal.de\/blaulicht\/pm\/43561\/6342886\" target=\"_blank\"><img decoding=\"async\" src=\"\/feeds\/gfx\/POL-OF.jpg\" style=\"align:left !important; float:left !important; margin-top:4px !important; margin-right:8px !important; margin-bottom:4px !important; width:90px !important;\" \/><\/a> ... <b>10. Mercedes beim Ein- oder Ausparken besch\u00e4digt: Polizei sucht nach Zeugen - <a href=\"\/news\/seligenstadt-polizeimeldungen\" title=\"Polizeieins\u00e4tze Seligenstadt\">Seligenstadt<\/a><\/b>   (me) Die Beamten aus der Giselastra\u00dfe suchen nach einer Verkehrsunfallflucht vom Dienstag (25. August) weiterhin nach Zeugen des Zusammensto\u00dfes. Zwischen 7.30 Uhr und 16.50 Uhr fuhr der Unbekannte mit seinem Wagen, mutma\u00dflich beim Ein- oder Ausparken, gegen ...<br clear=\"all\" \/>   <\/p>\n   <div><span class=\"my_article_details\"><time datetime=\"2026-08-31\">31.08.2026<\/time> &middot; <\/span><a href=\"https:\/\/www.presseportal.de\/blaulicht\/pm\/43561\/6342886\" title=\"Link zum Artikel auf presseportal.de\" target=\"_blank\">presseportal.de<\/a><\/div>\n  <\/div>\n <\/article>\n <\/div>\n <div class=\"post\" style=\"margin-bottom:40px;\">\n <article>\n  <h3><a href=\"https:\/\/www.presseportal.de\/blaulicht\/pm\/43561\/6341976\" style=\"color:#000000; font-weight:bold;\" target=\"_blank\">Polizei Offenbach am Main: Pressemeldungen vom 29.08.2026<\/a><\/h3>\n  <div class=\"entry\">\n   <p style=\"margin-bottom:4px;\">   <a name=\"08b3235c\" href=\"https:\/\/www.presseportal.de\/blaulicht\/pm\/43561\/6341976\" target=\"_blank\"><img decoding=\"async\" src=\"\/feeds\/gfx\/POL-OF.jpg\" style=\"align:left !important; float:left !important; margin-top:4px !important; margin-right:8px !important; margin-bottom:4px !important; width:90px !important;\" \/><\/a>    ... <b>Wer hat das Fahrverhalten des Fiats beobachtet und wurde       m\u00f6glicherweise gef\u00e4hrdet?     - Wer hat im Bereich des Autobahnkreuzes Bad Homburg<\/b>      m\u00f6glicherweise das  ...<br clear=\"all\" \/>   <\/p>\n   <div><span class=\"my_article_details\"><time datetime=\"2026-08-29\">29.08.2026<\/time> &middot; <\/span><a href=\"https:\/\/www.presseportal.de\/blaulicht\/pm\/43561\/6341976\" title=\"Link zum Artikel auf presseportal.de\" target=\"_blank\">presseportal.de<\/a><\/div>\n  <\/div>\n <\/article>\n <\/div>\n <div class=\"post\" style=\"margin-bottom:40px;\">\n <article>\n  <h3><a href=\"https:\/\/www.presseportal.de\/blaulicht\/pm\/43561\/6341570\" style=\"color:#000000; font-weight:bold;\" target=\"_blank\">Polizei Offenbach am Main: Pressemeldungen vom 28.08.2026<\/a><\/h3>\n  <div class=\"entry\">\n   <p style=\"margin-bottom:4px;\">   <a name=\"dab11ac5\" href=\"https:\/\/www.presseportal.de\/blaulicht\/pm\/43561\/6341570\" target=\"_blank\"><img decoding=\"async\" src=\"\/feeds\/gfx\/POL-OF.jpg\" style=\"align:left !important; float:left !important; margin-top:4px !important; margin-right:8px !important; margin-bottom:4px !important; width:90px !important;\" \/><\/a>    ... <b>1. Zeugensuche nach Koerperverletzung in der Kaiserstra\u00dfe - <a href=\"\/news\/offenbach-polizeimeldungen\" title=\"Polizeieins\u00e4tze Offenbach\">Offenbach<\/a><\/b>   (fg) Die Polizei war am Donnerstagnachmittag, gegen 13.15 Uhr, in der Kaiserstra\u00dfe (50er-Hausnummern) im Einsatz, ermittelt nun wegen des Verdachts der K\u00f6rperverletzung und sucht nach Zeugen. Ein 44-J\u00e4hriger habe das dortige \"Rauchercaf\u00e9\" zun\u00e4chst betreten, ...<br clear=\"all\" \/><\/p><p style=\"margin-top:8px; margin-bottom:4px;\"><a href=\"https:\/\/www.presseportal.de\/blaulicht\/pm\/43561\/6341570\" target=\"_blank\"><img decoding=\"async\" src=\"\/feeds\/gfx\/POL-OF.jpg\" style=\"align:left !important; float:left !important; margin-top:4px !important; margin-right:8px !important; margin-bottom:4px !important; width:90px !important;\" \/><\/a> ... <b>2. Nach mutma\u00dflichem Diebstahl: Verd\u00e4chtige kam aufgrund eines bestehenden Haftbefehls in JVA - <a href=\"\/news\/offenbach-polizeimeldungen\" title=\"Polizeieins\u00e4tze Offenbach\">Offenbach<\/a><\/b>   (fg) Sie soll mit ihrem Begleiter aus einem in der Renovierung befindlichen Geb\u00e4ude in der Dieselstra\u00dfe (30er-Hausnummern) am Donnerstagnachmittag, gegen 13.30 Uhr, einen Kinderwagen und ein Golfschl\u00e4gerset entwendet haben. Anschlie\u00dfend sei das Duo mit der ...<br clear=\"all\" \/><\/p><p style=\"margin-top:8px; margin-bottom:4px;\"><a href=\"https:\/\/www.presseportal.de\/blaulicht\/pm\/43561\/6341570\" target=\"_blank\"><img decoding=\"async\" src=\"\/feeds\/gfx\/POL-OF.jpg\" style=\"align:left !important; float:left !important; margin-top:4px !important; margin-right:8px !important; margin-bottom:4px !important; width:90px !important;\" \/><\/a> ... <b>3. BMW aufgebockt und Komplettr\u00e4der gestohlen: Zeugen gesucht! - <a href=\"\/news\/neu-isenburg-polizeimeldungen\" title=\"Polizeieins\u00e4tze Neu-Isenburg\">Neu-Isenburg<\/a> \/ Frankfurt am Main<\/b>   (cb) Diebe haben am Donnerstag in der Darmst\u00e4dter Landstra\u00dfe (730er-Nummern) einen BMW auf vier Holzbl\u00f6cke aufgebockt und anschlie\u00dfend alle R\u00e4der des wei\u00dfen Wagens abmontiert sowie gestohlen. Die Tat ereignete sich zwischen 12 Uhr und 19 Uhr. Der hierdurch ...<br clear=\"all\" \/><\/p><p style=\"margin-top:8px; margin-bottom:4px;\"><a href=\"https:\/\/www.presseportal.de\/blaulicht\/pm\/43561\/6341570\" target=\"_blank\"><img decoding=\"async\" src=\"\/feeds\/gfx\/POL-OF.jpg\" style=\"align:left !important; float:left !important; margin-top:4px !important; margin-right:8px !important; margin-bottom:4px !important; width:90px !important;\" \/><\/a> ... <b>4. Unbekannte nutzten Gartenstuhl zum Einstieg: Zeugen gesucht! - <a href=\"\/news\/neu-isenburg-polizeimeldungen\" title=\"Polizeieins\u00e4tze Neu-Isenburg\">Neu-Isenburg<\/a><\/b>   (fg) Unter Zuhilfenahme eines Gartenstuhls kletterten zwei Unbekannte am Donnerstagnachmittag, zwischen 15 Uhr und 17 Uhr, in der Waldstra\u00dfe (100er-Hausnummern) in die Wohnung eines dortigen Mehrfamilienhauses. Anschlie\u00dfend durchsuchten die beiden Eindringlinge ...<br clear=\"all\" \/><\/p><p style=\"margin-top:8px; margin-bottom:4px;\"><a href=\"https:\/\/www.presseportal.de\/blaulicht\/pm\/43561\/6341570\" target=\"_blank\"><img decoding=\"async\" src=\"\/feeds\/gfx\/POL-OF.jpg\" style=\"align:left !important; float:left !important; margin-top:4px !important; margin-right:8px !important; margin-bottom:4px !important; width:90px !important;\" \/><\/a> ... <b>5. Einbrecher erbeuteten Tageseinnahmen: Zeugen gesucht! - <a href=\"\/news\/neu-isenburg-polizeimeldungen\" title=\"Polizeieins\u00e4tze Neu-Isenburg\">Neu-Isenburg<\/a><\/b>   (fg) Zwei Unbekannte sind am Donnerstagabend, zwischen 23 Uhr und 23.55 Uhr, in die R\u00e4umlichkeiten einer Gastst\u00e4tte in der Frankfurter Stra\u00dfe (270er-Hausnummern) eingedrungen und entwendeten die Tageseinnahmen. Zuvor hatten sie zwei bodentiefe Terrassent\u00fcren ...<br clear=\"all\" \/><\/p><p style=\"margin-top:8px; margin-bottom:4px;\"><a href=\"https:\/\/www.presseportal.de\/blaulicht\/pm\/43561\/6341570\" target=\"_blank\"><img decoding=\"async\" src=\"\/feeds\/gfx\/POL-OF.jpg\" style=\"align:left !important; float:left !important; margin-top:4px !important; margin-right:8px !important; margin-bottom:4px !important; width:90px !important;\" \/><\/a> ... <b>6. Baumstamm in Brand gesetzt: Wer hat etwas gesehen? - <a href=\"\/news\/muehlheim-polizeimeldungen\" title=\"Polizeieins\u00e4tze M\u00fchlheim\">M\u00fchlheim am Main<\/a><\/b>   (fg) In Dietesheim in der Stra\u00dfe \"Am Hansteinweiher\" haben Unbekannte in einem dortigen Naherholungsgebiet nahe einer Aussichtsplattform offenbar einen abgelegten Baumstamm in Brand gesetzt. Feuerwehr und Polizei waren am Donnerstagmorgen, gegen 8.25 Uhr, ...<br clear=\"all\" \/><\/p><p style=\"margin-top:8px; margin-bottom:4px;\"><a href=\"https:\/\/www.presseportal.de\/blaulicht\/pm\/43561\/6341570\" target=\"_blank\"><img decoding=\"async\" src=\"\/feeds\/gfx\/POL-OF.jpg\" style=\"align:left !important; float:left !important; margin-top:4px !important; margin-right:8px !important; margin-bottom:4px !important; width:90px !important;\" \/><\/a> ... <b>7. Vermisste wieder da - <a href=\"\/news\/muehlheim-polizeimeldungen\" title=\"Polizeieins\u00e4tze M\u00fchlheim\">M\u00fchlheim am Main<\/a><\/b>   (cb) Die seit Freitag (21. August) vermisste 13-J\u00e4hrige konnte wohlbehalten angetroffen werden. Die Fahndung nach ihr wird daher zur\u00fcckgenommen. ...<br clear=\"all\" \/><\/p><p style=\"margin-top:8px; margin-bottom:4px;\"><a href=\"https:\/\/www.presseportal.de\/blaulicht\/pm\/43561\/6341570\" target=\"_blank\"><img decoding=\"async\" src=\"\/feeds\/gfx\/POL-OF.jpg\" style=\"align:left !important; float:left !important; margin-top:4px !important; margin-right:8px !important; margin-bottom:4px !important; width:90px !important;\" \/><\/a> ... <b>8. Kupferkabel von Einbrechern mitgenommen: Zeugen gesucht! - <a href=\"\/news\/obertshausen-polizeimeldungen\" title=\"Polizeieins\u00e4tze Obertshausen\">Obertshausen<\/a><\/b>   (cb) Kupferkabel im Wert von knapp 5.000 Euro nahmen Einbrecher mit, nachdem sie in ein Firmengeb\u00e4ude in der Feldstra\u00dfe (10er-Hausnummern) eingedrungen waren. Hierzu hebelten sie zwischen Mittwoch (19. August) und Sonntag die Zugangst\u00fcr auf und begaben sich ...<br clear=\"all\" \/><\/p><p style=\"margin-top:8px; margin-bottom:4px;\"><a href=\"https:\/\/www.presseportal.de\/blaulicht\/pm\/43561\/6341570\" target=\"_blank\"><img decoding=\"async\" src=\"\/feeds\/gfx\/POL-OF.jpg\" style=\"align:left !important; float:left !important; margin-top:4px !important; margin-right:8px !important; margin-bottom:4px !important; width:90px !important;\" \/><\/a> ... <b>9. Ford Transit durch Baum besch\u00e4digt: Hinweise erbeten! - <a href=\"\/news\/rodgau-polizeimeldungen\" title=\"Polizeieins\u00e4tze Rodgau\">Rodgau<\/a><\/b>   (cb) Ein Ford Transit, der am Fahrbahnrand der Odenwaldstra\u00dfe geparkt war, wurde am Donnerstag durch einen umgest\u00fcrzten Baum besch\u00e4digt. Nach dem bisherigen Stand der Ermittlungen streifte ein bislang unbekannter Fahrzeuglenker zwischen 13.30 Uhr und 20.30 ...<br clear=\"all\" \/><\/p><p style=\"margin-top:8px; margin-bottom:4px;\"><a href=\"https:\/\/www.presseportal.de\/blaulicht\/pm\/43561\/6341570\" target=\"_blank\"><img decoding=\"async\" src=\"\/feeds\/gfx\/POL-OF.jpg\" style=\"align:left !important; float:left !important; margin-top:4px !important; margin-right:8px !important; margin-bottom:4px !important; width:90px !important;\" \/><\/a> ... <b>10. Betruegerisches Trio floh mit Halskette: Zeugen gesucht! - <a href=\"\/news\/rodgau-polizeimeldungen\" title=\"Polizeieins\u00e4tze Rodgau\">Rodgau<\/a><\/b>   (cb) Mit einer Halskette im Wert von etwa 300 Euro floh ein Betr\u00fcger-Trio am Mittwoch, nachdem es diese einer 83-j\u00e4hrigen Rodgauerin abgenommen hatte. Zun\u00e4chst sprachen die Unbekannten, es handelte sich um zwei Frauen und einen Mann, die Rentnerin auf der ...<br clear=\"all\" \/>   <\/p>\n   <div><span class=\"my_article_details\"><time datetime=\"2026-08-28\">28.08.2026<\/time> &middot; <\/span><a href=\"https:\/\/www.presseportal.de\/blaulicht\/pm\/43561\/6341570\" title=\"Link zum Artikel auf presseportal.de\" target=\"_blank\">presseportal.de<\/a><\/div>\n  <\/div>\n <\/article>\n <\/div>\n <b>Mehr von der <a href=\"\/news\/polizeieinsaetze-offenbach-am-main\" title=\"Polizeieins\u00e4tze in Offenbach am Main heute\">Polizei Offenbach<\/a> ...<\/b>\n<\/div>\n<br \/><div style=\"margin-top:15px; margin-bottom:15px; padding:10px; text-align:left; word-wrap:break-word;\"><h2 style=\"margin:0px; margin-bottom:20px;\">Aktuelles aus dem Kreis Offenbach<\/h2><div class=\"post\"><article><div class=\"entry\"><p>Falls dich eher die an&shy;de&shy;ren St\u00e4dte des Kreis Offenbach interes&shy;sie&shy;ren, gelangst du mit Hilfe der folgenden Links jeweils direkt zu deren aktuell&shy;sten Neuig&shy;kei&shy;ten.<\/p><ul><li><a href=\"\/news\/dietzenbach-aktuell\">Dietzenbach aktuell<\/a><\/li><li><a href=\"\/news\/dreieich-aktuell\">Dreieich aktuell<\/a><\/li><li><a href=\"\/news\/egelsbach-aktuell\">Egelsbach aktuell<\/a><\/li><li><a href=\"\/news\/hainburg-aktuell\">Hainburg aktuell<\/a><\/li><li><a href=\"\/news\/heusenstamm-aktuell\">Heusenstamm aktuell<\/a><\/li><li><a href=\"\/news\/langen-aktuell\">Langen aktuell<\/a><\/li><li><a href=\"\/news\/mainhausen-aktuell\">Mainhausen aktuell<\/a><\/li><li><a href=\"\/news\/muehlheim-aktuell\">M\u00fchlheim aktuell<\/a><\/li><li><a href=\"\/news\/neu-isenburg-aktuell\">Neu-Isenburg aktuell<\/a><\/li><li><a href=\"\/news\/obertshausen-aktuell\">Obertshausen aktuell<\/a><\/li><li><a href=\"\/news\/offenbach-aktuell\">Offenbach aktuell<\/a><\/li><li><a href=\"\/news\/rodgau-aktuell\">Rodgau aktuell<\/a><\/li><li><a href=\"\/news\/seligenstadt-aktuell\">Seligenstadt aktuell<\/a><\/li><\/ul><p>Ansonsten lies doch einfach in unserem <a href=\"\/news\/blog\" title=\"Heusenstamm Blog\">Blog<\/a> weiter! Dort findest du weitere Informationen mit regionalem Fokus.<\/p><\/div><\/article><\/div><\/div>\n<\/p>\n","protected":false},"excerpt":{"rendered":"<p>News aus R\u00f6dermark mit aktuellen Nachrichten, Polizeimeldungen von heute und Neuigkeiten aus R\u00f6dermarks Umgebung<\/p>\n","protected":false},"author":4,"featured_media":11527,"parent":0,"menu_order":0,"comment_status":"closed","ping_status":"closed","template":"","meta":{"footnotes":""},"categories":[478],"tags":[463,462,498,461,506,458],"class_list":["post-9438","page","type-page","status-publish","has-post-thumbnail","hentry","category-heute","tag-aktuell","tag-heute","tag-kreis-offenbach","tag-news","tag-of","tag-roedermark"],"_links":{"self":[{"href":"https:\/\/www.heusenstaemmchen.de\/news\/wp-json\/wp\/v2\/pages\/9438","targetHints":{"allow":["GET"]}}],"collection":[{"href":"https:\/\/www.heusenstaemmchen.de\/news\/wp-json\/wp\/v2\/pages"}],"about":[{"href":"https:\/\/www.heusenstaemmchen.de\/news\/wp-json\/wp\/v2\/types\/page"}],"author":[{"embeddable":true,"href":"https:\/\/www.heusenstaemmchen.de\/news\/wp-json\/wp\/v2\/users\/4"}],"replies":[{"embeddable":true,"href":"https:\/\/www.heusenstaemmchen.de\/news\/wp-json\/wp\/v2\/comments?post=9438"}],"version-history":[{"count":3,"href":"https:\/\/www.heusenstaemmchen.de\/news\/wp-json\/wp\/v2\/pages\/9438\/revisions"}],"predecessor-version":[{"id":13641,"href":"https:\/\/www.heusenstaemmchen.de\/news\/wp-json\/wp\/v2\/pages\/9438\/revisions\/13641"}],"wp:featuredmedia":[{"embeddable":true,"href":"https:\/\/www.heusenstaemmchen.de\/news\/wp-json\/wp\/v2\/media\/11527"}],"wp:attachment":[{"href":"https:\/\/www.heusenstaemmchen.de\/news\/wp-json\/wp\/v2\/media?parent=9438"}],"wp:term":[{"taxonomy":"category","embeddable":true,"href":"https:\/\/www.heusenstaemmchen.de\/news\/wp-json\/wp\/v2\/categories?post=9438"},{"taxonomy":"post_tag","embeddable":true,"href":"https:\/\/www.heusenstaemmchen.de\/news\/wp-json\/wp\/v2\/tags?post=9438"}],"curies":[{"name":"wp","href":"https:\/\/api.w.org\/{rel}","templated":true}]}}