{"id":9431,"date":"2024-04-21T17:37:41","date_gmt":"2024-04-21T15:37:41","guid":{"rendered":"https:\/\/www.heusenstaemmchen.de\/blog\/?page_id=9431"},"modified":"2025-12-29T17:18:43","modified_gmt":"2025-12-29T16:18:43","slug":"rodgau-aktuell","status":"publish","type":"page","link":"https:\/\/www.heusenstaemmchen.de\/news\/rodgau-aktuell","title":{"rendered":"Aktuelle News aus Rodgau und dem Kreis Offenbach"},"content":{"rendered":"<p><b>News aus Rodgau<\/b> mit aktuellen <a href=\"#nachrichten\">Nachrichten<\/a>, <a href=\"#polizeimeldungen\">Polizeimeldungen<\/a> von heute und <a href=\"#umgebung\">Neuigkeiten aus Rodgaus Umgebung<\/a><\/p>\n<p>\n<div style=\"background-color:#ffffc0; margin-top:40px; margin-bottom:15px; padding:10px;\">\n <h2 style=\"margin:0px; margin-bottom:15px;\">Veranstaltungen rund um Rodgau<\/h2>\n <table cellpadding=\"0\" cellspacing=\"0\" style=\"margin-bottom:20px;\" width=\"100%\">\n <tr><td width=\"20%\">10.09. (Donnerstag)<\/td><td width=\"80%\"><a href=\"\/news\/heusenstamm-veranstaltungen#20260910\" style=\"color:#000000;\">Rodgau: Mut zur L\u00fccke \u2013 Dein Raum f\u00fcr Schlagfertigkeit &amp; Pr\u00e4senz<\/a><\/td>\n <tr><td width=\"20%\">11.09. (Freitag)<\/td><td width=\"80%\"><a href=\"\/news\/heusenstamm-veranstaltungen#20260911\" style=\"color:#000000;\">Rodgau: Melanie Dekker<\/a><\/td>\n <tr><td width=\"20%\">12.09. (Samstag)<\/td><td width=\"80%\"><a href=\"\/news\/heusenstamm-veranstaltungen#20260912\" style=\"color:#000000;\">Offenbach: Flohmarkt<\/a><\/td>\n <tr><td width=\"20%\">13.09. (Sonntag)<\/td><td width=\"80%\"><a href=\"\/news\/heusenstamm-veranstaltungen#20260913\" style=\"color:#000000;\">Dietzenbach: Montimarkt vorsortierter Kinderflohmarkt Herbst\/ Winter am 13.09.2026<\/a><\/td>\n <\/table>\n Mehr <a href=\"\/news\/heusenstamm-veranstaltungen#20260913\" title=\"Veranstaltungen im Kreis Offenbach\">Veranstaltungen<\/a> ...\n<\/div>\n<br \/>\n\n<div style=\"background-color:#ffffff; margin-top:15px; margin-bottom:15px; padding:10px; text-align:left; word-wrap:break-word;\">\n<h2 style=\"margin:0px; margin-bottom:20px;\"><a name=\"nachrichten\"><\/a>Aktuelle News f\u00fcr Rodgau<\/h2>\n <div class=\"post\" style=\"margin-bottom:40px;\">\n <article>\n  <h3><a name=\"79253b79\" href=\"https:\/\/www.op-online.de\/region\/rodgau\/buergerpark-auf-altem-friedhof-kalkmoertel-braucht-48-tage-zum-abbinden-94476352.html\" style=\"color:#333333;\" target=\"_blank\">B\u00fcrgerpark auf altem Friedhof: Kalkm\u00f6rtel braucht 48 Tage zum Abbinden<\/a><\/h3>\n  <div class=\"entry\">\n   <p style=\"margin-bottom:4px;\">\n   <a href=\"https:\/\/www.op-online.de\/region\/rodgau\/buergerpark-auf-altem-friedhof-kalkmoertel-braucht-48-tage-zum-abbinden-94476352.html\" target=\"_blank\"><img decoding=\"async\" src=\"https:\/\/www.op-online.de\/assets\/images\/43\/964\/43964201-baustelle-der-alte-friedhof-nieder-roden-wird-zum-buergerpark-umgebaut-der-denkmalgeschuetzte-torbau-aus-dem-jahr-1911-wird-saniert-das-foto-zeigt-3mmj5wfkGjef.jpg\" style=\"align:left !important; float:left !important; margin-top:4px !important; margin-right:8px !important; margin-bottom:4px !important; width:90px !important;\" \/><\/a>    Seit mehr als einem Jahr wird der alte Friedhof Nieder-Roden zum B&uuml;rgerpark umgebaut. Doch die historischen Torh&auml;user von 1911 d&uuml;rfen nur mit kalkhaltigem M&ouml;rtel saniert werden \u2013 und der kann nur bei mindestens f&uuml;nf Grad verarbeitet werden.<br clear=\"all\" \/>   <\/p>\n   <div><span class=\"my_article_details\"><time datetime=\"2026-09-05\">05.09.2026<\/time> &middot; Nieder-Roden &middot; <\/span><a href=\"https:\/\/www.op-online.de\/region\/rodgau\/buergerpark-auf-altem-friedhof-kalkmoertel-braucht-48-tage-zum-abbinden-94476352.html\" title=\"Link zum Artikel auf op-online.de\" target=\"_blank\">op-online.de<\/a><\/div>\n  <\/div>\n <\/article>\n <\/div>\n <div class=\"post\" style=\"margin-bottom:40px;\">\n <article>\n  <h3><a name=\"71635a18\" href=\"https:\/\/www.op-online.de\/offenbach\/festival-mann-geht-in-main-bei-offenbach-grosseinsatz-gegenueber-riviera-94476224.html\" style=\"color:#333333;\" target=\"_blank\">Mann geht in Main bei Offenbach \u2013 Einsatzkr\u00e4fte k\u00f6nnen nur noch Leichnam orten<\/a><\/h3>\n  <div class=\"entry\">\n   <p style=\"margin-bottom:4px;\">\n   <a href=\"https:\/\/www.op-online.de\/offenbach\/festival-mann-geht-in-main-bei-offenbach-grosseinsatz-gegenueber-riviera-94476224.html\" target=\"_blank\"><img decoding=\"async\" src=\"https:\/\/www.op-online.de\/assets\/images\/43\/982\/43982230-polizei-und-feuerwehr-suchen-den-main-im-bereich-der-offenbacher-hafeninsel-ab-jpg-46ef.jpg\" style=\"align:left !important; float:left !important; margin-top:4px !important; margin-right:8px !important; margin-bottom:4px !important; width:90px !important;\" \/><\/a>    Augenzeugen beobachteten am Freitagabend, wie ein Mann in den Main ging. Rettungsboote, Hubschrauber und Sonarboot suchten bis in die Nacht. Letztlich kam jede Hilfe zu sp&auml;t.<br clear=\"all\" \/>   <\/p>\n   <div><span class=\"my_article_details\"><time datetime=\"2026-09-04\">04.09.2026<\/time> &middot; Festival &middot; <a href=\"\/news\/offenbach-aktuell\" title=\"Offenbach heute aktuell\">Offenbach<\/a> &middot; <\/span><a href=\"https:\/\/www.op-online.de\/offenbach\/festival-mann-geht-in-main-bei-offenbach-grosseinsatz-gegenueber-riviera-94476224.html\" title=\"Link zum Artikel auf op-online.de\" target=\"_blank\">op-online.de<\/a><\/div>\n  <\/div>\n <\/article>\n <\/div>\n <div class=\"post\" style=\"margin-bottom:40px;\">\n <article>\n  <h3><a name=\"0ac60fef\" href=\"https:\/\/www.hessenschau.de\/politik\/corona-ausschuss-in-hessen-startet-mit-dem-thema-lockdown-v2,corona-u-ausschuss-beginn-100.html\" style=\"color:#333333;\" target=\"_blank\">Corona-Ausschuss in Hessen startet mit dem Thema Lockdown<\/a><\/h3>\n  <div class=\"entry\">\n   <p style=\"margin-bottom:4px;\">\n   <a href=\"https:\/\/www.hessenschau.de\/politik\/corona-ausschuss-in-hessen-startet-mit-dem-thema-lockdown-v2,corona-u-ausschuss-beginn-100.html\" target=\"_blank\"><img decoding=\"async\" src=\"https:\/\/www.hr.de\/app\/news\/tagesschau\/tagesschau-image-33036~_t-1757602860702_v-16to9.jpg\" style=\"align:left !important; float:left !important; margin-top:4px !important; margin-right:8px !important; margin-bottom:4px !important; width:90px !important;\" \/><\/a>    Nach jahrelangem Streit hat der Corona-Untersuchungsausschuss im Hessischen Landtag erstmals &ouml;ffentlich Sachverst&auml;ndige befragt. Zum Auftakt ging es um die rechtliche Grundlage der Corona-Ma&szlig;nahmen - mitunter wurde es skurril. ...<br clear=\"all\" \/>   <\/p>\n   <div><span class=\"my_article_details\"><time datetime=\"2026-09-04\">04.09.2026<\/time> &middot; Hessen &middot; Landtag &middot; <\/span><a href=\"https:\/\/www.hessenschau.de\/politik\/corona-ausschuss-in-hessen-startet-mit-dem-thema-lockdown-v2,corona-u-ausschuss-beginn-100.html\" title=\"Link zum Artikel auf hessenschau.de\" target=\"_blank\">hessenschau.de<\/a><\/div>\n  <\/div>\n <\/article>\n <\/div>\n <div class=\"post\" style=\"margin-bottom:40px;\">\n <article>\n  <h3><a name=\"981d3457\" href=\"https:\/\/of-news.de\/rodgau\/verkehrskontrolle-auf-der-autobahn-3-behoerden-stoppen-lastwagen-mit-erheblichen-maengeln-bei-weiskirchen-170154\/\" style=\"color:#333333;\" target=\"_blank\">Verkehrskontrolle auf der Autobahn 3: Beh\u00f6rden stoppen Lastwagen mit erheblichen M\u00e4ngeln bei Weiskirchen<\/a><\/h3>\n  <div class=\"entry\">\n   <p style=\"margin-bottom:4px;\">\n   <a href=\"https:\/\/of-news.de\/rodgau\/verkehrskontrolle-auf-der-autobahn-3-behoerden-stoppen-lastwagen-mit-erheblichen-maengeln-bei-weiskirchen-170154\/\" target=\"_blank\"><img decoding=\"async\" src=\"\/feeds\/gfx\/of-news.de.png\" style=\"align:left !important; float:left !important; margin-top:4px !important; margin-right:8px !important; margin-bottom:4px !important; width:90px !important;\" \/><\/a>    Bei einer beh&ouml;rden&uuml;bergreifenden Verkehrskontrolle auf der Autobahn 3 an der Tank- und Rastanlage Weiskirchen Nord haben Einsatzkr&auml;fte am Donnerstag zahlreiche rechtliche und technische Verst&ouml;&szlig;e im gewerblichen Personen- und G&uuml;terverkehr festgestellt. Im Zuge ...<br clear=\"all\" \/>   <\/p>\n   <div><span class=\"my_article_details\"><time datetime=\"2026-09-04\">04.09.2026<\/time> &middot; <a href=\"\/news\/rodgau-polizeimeldungen\" title=\"Polizeieins\u00e4tze Rodgau\">Polizei<\/a> &middot; Weiskirchen &middot; <\/span><a href=\"https:\/\/of-news.de\/rodgau\/verkehrskontrolle-auf-der-autobahn-3-behoerden-stoppen-lastwagen-mit-erheblichen-maengeln-bei-weiskirchen-170154\/\" title=\"Link zum Artikel auf of-news.de\" target=\"_blank\">of-news.de<\/a><\/div>\n  <\/div>\n <\/article>\n <\/div>\n <div class=\"post\" style=\"margin-bottom:40px;\">\n <article>\n  <h3><a name=\"7b53574b\" href=\"https:\/\/www.rheinmainverlag.de\/2026\/09\/04\/autotransporter-auf-a3-bei-rodgau-kollidierte-mit-audi-s3-und-fuhr-davon\/\" style=\"color:#333333;\" target=\"_blank\">Autotransporter auf A3 bei Rodgau kollidierte mit Audi S3 und fuhr davon<\/a><\/h3>\n  <div class=\"entry\">\n   <p style=\"margin-bottom:4px;\">\n   <a href=\"https:\/\/www.rheinmainverlag.de\/2026\/09\/04\/autotransporter-auf-a3-bei-rodgau-kollidierte-mit-audi-s3-und-fuhr-davon\/\" target=\"_blank\"><img decoding=\"async\" src=\"\/feeds\/gfx\/rheinmainverlag.de.png\" style=\"align:left !important; float:left !important; margin-top:4px !important; margin-right:8px !important; margin-bottom:4px !important; width:90px !important;\" \/><\/a>    Nach einem Zusammensto&szlig; zwischen einem Autotransporter und einem Audi auf der A3 bei Rodgau, der sich scheinbar aufgrund des Spurwechselns des Erstgenannten zutrug, ermitteln die Beamten der Polizeiautobahnstation S&uuml;dosthessen wegen des Verdachts der Verkehrsunfallflucht. ...<br clear=\"all\" \/>   <\/p>\n   <div><span class=\"my_article_details\"><time datetime=\"2026-09-04\">04.09.2026<\/time> &middot; <a href=\"\/news\/rodgau-nachrichten\" title=\"Rodgau Nachrichten\">News<\/a> &middot; <a href=\"\/news\/rodgau-polizeimeldungen\" title=\"Polizeieins\u00e4tze Rodgau\">Polizei<\/a> &middot; <a href=\"\/news\/rodgau-aktuell\" title=\"Rodgau heute aktuell\">Rodgau<\/a> &middot; <a href=\"\/news\/unfaelle-offenbach-am-main\" title=\"Unf\u00e4lle Offenbach am Main\">Unfall<\/a> &middot; <\/span><a href=\"https:\/\/www.rheinmainverlag.de\/2026\/09\/04\/autotransporter-auf-a3-bei-rodgau-kollidierte-mit-audi-s3-und-fuhr-davon\/\" title=\"Link zum Artikel auf rheinmainverlag.de\" target=\"_blank\">rheinmainverlag.de<\/a><\/div>\n  <\/div>\n <\/article>\n <\/div>\n <div class=\"post\" style=\"margin-bottom:40px;\">\n <article>\n  <h3><a name=\"3daf7218\" href=\"https:\/\/www.op-online.de\/region\/rodgau\/beenden-a3-kontrolle-legt-erschreckende-maengel-frei-lkw-muessen-fahrt-sofort-94475406.html\" style=\"color:#333333;\" target=\"_blank\">A3-Kontrolle legt erschreckende M\u00e4ngel frei \u2013 Lkw m\u00fcssen Fahrt sofort beenden<\/a><\/h3>\n  <div class=\"entry\">\n   <p style=\"margin-bottom:4px;\">\n   <a href=\"https:\/\/www.op-online.de\/region\/rodgau\/beenden-a3-kontrolle-legt-erschreckende-maengel-frei-lkw-muessen-fahrt-sofort-94475406.html\" target=\"_blank\"><img decoding=\"async\" src=\"https:\/\/www.op-online.de\/assets\/images\/43\/975\/43975871-fuer-mehrere-lkw-war-die-fahrt-nach-den-umfangreichen-kontrollen-in-weiskirchen-sofort-vorbei-symbolbild-2yef.jpg\" style=\"align:left !important; float:left !important; margin-top:4px !important; margin-right:8px !important; margin-bottom:4px !important; width:90px !important;\" \/><\/a>    &Uuml;ber 40 Einsatzkr&auml;fte kontrollierten an der A3 bei Weiskirchen 36 Fahrzeuge. Sie fanden zahlreiche Verst&ouml;&szlig;e, mehrere Lkw durften nicht weiterfahren.<br clear=\"all\" \/>   <\/p>\n   <div><span class=\"my_article_details\"><time datetime=\"2026-09-04\">04.09.2026<\/time> &middot; Weiskirchen &middot; <\/span><a href=\"https:\/\/www.op-online.de\/region\/rodgau\/beenden-a3-kontrolle-legt-erschreckende-maengel-frei-lkw-muessen-fahrt-sofort-94475406.html\" title=\"Link zum Artikel auf op-online.de\" target=\"_blank\">op-online.de<\/a><\/div>\n  <\/div>\n <\/article>\n <\/div>\n <div class=\"post\" style=\"margin-bottom:40px;\">\n <article>\n  <h3><a name=\"a721f789\" href=\"https:\/\/wp.gruene-rodgau.de\/weiteres\/parlament\/parlamentsvertreter\/fraktion\/gruene-fordern-grundwasserschutz-hat-vorrang-vor-kiesabbau-2\/\" style=\"color:#333333;\" target=\"_blank\">Gr\u00fcne fordern: Grundwasserschutz hat Vorrang vor Kiesabbau<\/a><\/h3>\n  <div class=\"entry\">\n   <p style=\"margin-bottom:4px;\">\n   <a href=\"https:\/\/wp.gruene-rodgau.de\/weiteres\/parlament\/parlamentsvertreter\/fraktion\/gruene-fordern-grundwasserschutz-hat-vorrang-vor-kiesabbau-2\/\" target=\"_blank\"><img decoding=\"async\" src=\"\/feeds\/gfx\/gruene-rodgau.de.png\" style=\"align:left !important; float:left !important; margin-top:4px !important; margin-right:8px !important; margin-bottom:4px !important; width:90px !important;\" \/><\/a>    Kies- und Sandgewinnung sind gravierende Eingriffe in die Landschaft und haben dauerhafte Folgen f&uuml;r Umwelt und Natur. Die bergrechtlichen und komplexen Genehmigungsverfahren sind daher berechtigt. Denn die Auswirkungen auf das ...<br clear=\"all\" \/>   <\/p>\n   <div><span class=\"my_article_details\"><time datetime=\"2026-09-04\">04.09.2026<\/time> &middot; <a href=\"\/news\/rodgau-nachrichten\" title=\"Rodgau Nachrichten\">News<\/a> &middot; <a href=\"\/news\/rodgau-aktuell\" title=\"Rodgau heute aktuell\">Rodgau<\/a> &middot; <\/span><a href=\"https:\/\/wp.gruene-rodgau.de\/weiteres\/parlament\/parlamentsvertreter\/fraktion\/gruene-fordern-grundwasserschutz-hat-vorrang-vor-kiesabbau-2\/\" title=\"Link zum Artikel auf gruene-rodgau.de\" target=\"_blank\">gruene-rodgau.de<\/a><\/div>\n  <\/div>\n <\/article>\n <\/div>\n <div class=\"post\" style=\"margin-bottom:40px;\">\n <article>\n  <h3><a name=\"eabef421\" href=\"https:\/\/www.op-online.de\/region\/rodgau\/78-vogelarten-an-der-rodau-selbst-bedrohter-nachtreiher-gesichtet-94474834.html\" style=\"color:#333333;\" target=\"_blank\">78 Vogelarten an der Rodau: Sogar bedrohter Nachtreiher gesichtet<\/a><\/h3>\n  <div class=\"entry\">\n   <p style=\"margin-bottom:4px;\">\n   <a href=\"https:\/\/www.op-online.de\/region\/rodgau\/78-vogelarten-an-der-rodau-selbst-bedrohter-nachtreiher-gesichtet-94474834.html\" target=\"_blank\"><img decoding=\"async\" src=\"https:\/\/www.op-online.de\/assets\/images\/43\/961\/43961029-bruecke-im-ueberflutungsgebiet-finkensee-an-der-rodau-zwischen-juegesheim-und-hainhausen-1Def.jpg\" style=\"align:left !important; float:left !important; margin-top:4px !important; margin-right:8px !important; margin-bottom:4px !important; width:90px !important;\" \/><\/a>    Seit der Renaturierung der Rodau hat der Naturschutzbund (Nabu) in der Aue zwischen J&uuml;gesheim und Hainhausen 78 Vogel- und 81 Pflanzenarten gez&auml;hlt. Darunter sind 25 besonders sch&uuml;tzenswerte Arten wie Eisvogel und Wanderfalke.<br clear=\"all\" \/>   <\/p>\n   <div><span class=\"my_article_details\"><time datetime=\"2026-09-04\">04.09.2026<\/time> &middot; <a href=\"\/news\/rodgau-nachrichten\" title=\"Rodgau Nachrichten\">News<\/a> &middot; <a href=\"\/news\/rodgau-aktuell\" title=\"Rodgau heute aktuell\">Rodgau<\/a> &middot; <\/span><a href=\"https:\/\/www.op-online.de\/region\/rodgau\/78-vogelarten-an-der-rodau-selbst-bedrohter-nachtreiher-gesichtet-94474834.html\" title=\"Link zum Artikel auf op-online.de\" target=\"_blank\">op-online.de<\/a><\/div>\n  <\/div>\n <\/article>\n <\/div>\n <div class=\"post\" style=\"margin-bottom:40px;\">\n <article>\n  <h3><a name=\"b7b285cc\" href=\"https:\/\/www.hessenschau.de\/politik\/corona-ausschuss-in-hessen-startet-nach-jahrelangem-streit-v1,corona-u-ausschuss-beginn-100.html\" style=\"color:#333333;\" target=\"_blank\">Corona-Ausschuss in Hessen startet nach jahrelangem Streit<\/a><\/h3>\n  <div class=\"entry\">\n   <p style=\"margin-bottom:4px;\">\n   <a href=\"https:\/\/www.hessenschau.de\/politik\/corona-ausschuss-in-hessen-startet-nach-jahrelangem-streit-v1,corona-u-ausschuss-beginn-100.html\" target=\"_blank\"><img decoding=\"async\" src=\"https:\/\/www.hessenschau.de\/bild-coronauausschuss-100~_t-1788498179094_v-16to9.jpg\" style=\"align:left !important; float:left !important; margin-top:4px !important; margin-right:8px !important; margin-bottom:4px !important; width:90px !important;\" \/><\/a>    Fast drei Jahre nach der AfD-Ank&uuml;ndigung geht es los: Der Corona-Untersuchungsausschuss im Landtag startet mit der Befragung von Fachleuten und Zeugen - zun&auml;chst zum Thema Lockdown. Vorausgegangen waren jahrelanger Stillstand, Verfahrensstreitereien und eine ...<br clear=\"all\" \/>   <\/p>\n   <div><span class=\"my_article_details\"><time datetime=\"2026-09-04\">04.09.2026<\/time> &middot; Hessen &middot; Landtag &middot; <\/span><a href=\"https:\/\/www.hessenschau.de\/politik\/corona-ausschuss-in-hessen-startet-nach-jahrelangem-streit-v1,corona-u-ausschuss-beginn-100.html\" title=\"Link zum Artikel auf hessenschau.de\" target=\"_blank\">hessenschau.de<\/a><\/div>\n  <\/div>\n <\/article>\n <\/div>\n <div class=\"post\" style=\"margin-bottom:40px;\">\n <article>\n  <h3><a name=\"da1c9e65\" href=\"https:\/\/www.op-online.de\/region\/rodgau\/fahrbar-in-rodgau-23-jaehriger-startet-eigene-eventreihe-94474000.html\" style=\"color:#333333;\" target=\"_blank\">23-J\u00e4hriger startet eigene Eventreihe mit mobiler Bar \u2013 Zollauktion macht es m\u00f6glich<\/a><\/h3>\n  <div class=\"entry\">\n   <p style=\"margin-bottom:4px;\">\n   <a href=\"https:\/\/www.op-online.de\/region\/rodgau\/fahrbar-in-rodgau-23-jaehriger-startet-eigene-eventreihe-94474000.html\" target=\"_blank\"><img decoding=\"async\" src=\"https:\/\/www.op-online.de\/assets\/images\/43\/955\/43955466-jakob-manus-gemeinsam-mit-einem-freund-hinter-der-theke-der-fahrbar-2pnpvSNjzoef.jpg\" style=\"align:left !important; float:left !important; margin-top:4px !important; margin-right:8px !important; margin-bottom:4px !important; width:90px !important;\" \/><\/a>    Weil ihm passende Angebote f&uuml;r junge Menschen fehlten, gr&uuml;ndete Jakob Manus die Fahrbar. Am 5. September steigt das n&auml;chste \u201eSpritz for 5\u201c.<br clear=\"all\" \/>   <\/p>\n   <div><span class=\"my_article_details\"><time datetime=\"2026-09-04\">04.09.2026<\/time> &middot; <a href=\"\/news\/rodgau-nachrichten\" title=\"Rodgau Nachrichten\">News<\/a> &middot; <a href=\"\/news\/rodgau-aktuell\" title=\"Rodgau heute aktuell\">Rodgau<\/a> &middot; <\/span><a href=\"https:\/\/www.op-online.de\/region\/rodgau\/fahrbar-in-rodgau-23-jaehriger-startet-eigene-eventreihe-94474000.html\" title=\"Link zum Artikel auf op-online.de\" target=\"_blank\">op-online.de<\/a><\/div>\n  <\/div>\n <\/article>\n <\/div>\n <div class=\"post\" style=\"margin-bottom:40px;\">\n <article>\n  <h3><a name=\"315d27a8\" href=\"https:\/\/www.fraport.com\/de\/newsroom\/pressemitteilungen\/2026\/q3\/bau-des-multi--tenant--neubaus.html\" style=\"color:#333333;\" target=\"_blank\">Bau des Multi-Tenant-Neubaus \u201eLogiSpace\u201c in erstklassiger Lage am Flughafen Frankfurt voll im Plan<\/a><\/h3>\n  <div class=\"entry\">\n   <p style=\"margin-bottom:4px;\">\n   <a href=\"https:\/\/www.fraport.com\/de\/newsroom\/pressemitteilungen\/2026\/q3\/bau-des-multi--tenant--neubaus.html\" target=\"_blank\"><img decoding=\"async\" src=\"\/feeds\/gfx\/fraport.com.png\" style=\"align:left !important; float:left !important; margin-top:4px !important; margin-right:8px !important; margin-bottom:4px !important; width:90px !important;\" \/><\/a>    <i>F\u00fcr diese Meldung existiert leider kein kurzer Auszug.<\/i><br clear=\"all\" \/>   <\/p>\n   <div><span class=\"my_article_details\"><time datetime=\"2026-09-04\">04.09.2026<\/time> &middot; <a href=\"\/news\/fluglaerm-offenbach-am-main\" title=\"Flugl\u00e4rm Offenbach am Main\">Flughafen<\/a> &middot; Frankfurt &middot; <\/span><a href=\"https:\/\/www.fraport.com\/de\/newsroom\/pressemitteilungen\/2026\/q3\/bau-des-multi--tenant--neubaus.html\" title=\"Link zum Artikel auf fraport.com\" target=\"_blank\">fraport.com<\/a><\/div>\n  <\/div>\n <\/article>\n <\/div>\n <div class=\"post\" style=\"margin-bottom:40px;\">\n <article>\n  <h3><a name=\"a1f5de36\" href=\"https:\/\/www.kreis-offenbach.de\/Service\/Medienservice\/Aktuelle-Pressemitteilungen\/Amerikanische-Faulbrut-20-Bienenv%C3%B6lker-zur-Seuchenbek%C3%A4mpfung-get%C3%B6tet.php?object=tx,4013.5.1&ModID=7&FID=4013.3646.1&NavID=4013.211\" style=\"color:#333333;\" target=\"_blank\">Amerikanische Faulbrut: 20 Bienenv\u00f6lker zur Seuchenbek\u00e4mpfung get\u00f6tet<\/a><\/h3>\n  <div class=\"entry\">\n   <p style=\"margin-bottom:4px;\">\n   <a href=\"https:\/\/www.kreis-offenbach.de\/Service\/Medienservice\/Aktuelle-Pressemitteilungen\/Amerikanische-Faulbrut-20-Bienenv%C3%B6lker-zur-Seuchenbek%C3%A4mpfung-get%C3%B6tet.php?object=tx,4013.5.1&ModID=7&FID=4013.3646.1&NavID=4013.211\" target=\"_blank\"><img decoding=\"async\" src=\"\/feeds\/gfx\/kreis-offenbach.de.png\" style=\"align:left !important; float:left !important; margin-top:4px !important; margin-right:8px !important; margin-bottom:4px !important; width:90px !important;\" \/><\/a>    Die Amerikanische Faulbrut (AFB) bleibt im Kreis Offenbach ein ernstes Thema. Die f\u00fcr den Menschen ungef\u00e4hrliche Tierseuche wurde im M\u00e4rz 2026  ...<br clear=\"all\" \/>   <\/p>\n   <div><span class=\"my_article_details\"><time datetime=\"2026-09-04\">04.09.2026<\/time> &middot; <a href=\"\/news\/polizeieinsaetze-offenbach-am-main\" title=\"Polizeieins\u00e4tze Offenbach am Main\">Kreis Offenbach<\/a> &middot; <\/span><a href=\"https:\/\/www.kreis-offenbach.de\/Service\/Medienservice\/Aktuelle-Pressemitteilungen\/Amerikanische-Faulbrut-20-Bienenv%C3%B6lker-zur-Seuchenbek%C3%A4mpfung-get%C3%B6tet.php?object=tx,4013.5.1&ModID=7&FID=4013.3646.1&NavID=4013.211\" title=\"Link zum Artikel auf kreis-offenbach.de\" target=\"_blank\">kreis-offenbach.de<\/a><\/div>\n  <\/div>\n <\/article>\n <\/div>\n <div class=\"post\" style=\"margin-bottom:40px;\">\n <article>\n  <h3><a name=\"b6f3472e\" href=\"https:\/\/baggerseepiraten.de\/2026\/09\/04\/regionalliga-auftakt-fuer-den-nachwuchs-der-baggerseepiraten\/\" style=\"color:#333333;\" target=\"_blank\">Handball: Regionalliga-Auftakt f\u00fcr den Nachwuchs der Baggerseepiraten<\/a><\/h3>\n  <div class=\"entry\">\n   <p style=\"margin-bottom:4px;\">\n   <a href=\"https:\/\/baggerseepiraten.de\/2026\/09\/04\/regionalliga-auftakt-fuer-den-nachwuchs-der-baggerseepiraten\/\" target=\"_blank\"><img decoding=\"async\" src=\"\/feeds\/gfx\/baggerseepiraten.de.jpg\" style=\"align:left !important; float:left !important; margin-top:4px !important; margin-right:8px !important; margin-bottom:4px !important; width:90px !important;\" \/><\/a>    Am kommenden Wochenende starten die ersten Jugendmannschaften der HSG Rodgau Nieder-Roden in die neue Saison 2026\/2027. Gleich drei Teams treten in der Regionalliga an und wollen nach einer intensiven Vorbereitung die ersten Punkte einfahren. Alle weiteren ...<br clear=\"all\" \/>   <\/p>\n   <div><span class=\"my_article_details\"><time datetime=\"2026-09-04\">04.09.2026<\/time> &middot; <a href=\"\/news\/rodgau-nachrichten\" title=\"Rodgau Nachrichten\">News<\/a> &middot; Nieder-Roden &middot; <a href=\"\/news\/rodgau-aktuell\" title=\"Rodgau heute aktuell\">Rodgau<\/a> &middot; <\/span><a href=\"https:\/\/baggerseepiraten.de\/2026\/09\/04\/regionalliga-auftakt-fuer-den-nachwuchs-der-baggerseepiraten\/\" title=\"Link zum Artikel auf baggerseepiraten.de\" target=\"_blank\">baggerseepiraten.de<\/a><\/div>\n  <\/div>\n <\/article>\n <\/div>\n <div class=\"post\" style=\"margin-bottom:40px;\">\n <article>\n  <h3><a name=\"fa2ef8ad\" href=\"https:\/\/www.op-online.de\/region\/rodgau\/reformer-pilates-was-steckt-hinter-dem-trendsport-94472009.html\" style=\"color:#333333;\" target=\"_blank\">Reformer-Pilates: Das steckt hinter dem Trendsport<\/a><\/h3>\n  <div class=\"entry\">\n   <p style=\"margin-bottom:4px;\">\n   <a href=\"https:\/\/www.op-online.de\/region\/rodgau\/reformer-pilates-was-steckt-hinter-dem-trendsport-94472009.html\" target=\"_blank\"><img decoding=\"async\" src=\"https:\/\/www.op-online.de\/assets\/images\/43\/921\/43921029-fitnesstrainerin-jessica-mlinarevic-zeigt-uebungen-auf-dem-reformer-2oIZVe73neef.jpg\" style=\"align:left !important; float:left !important; margin-top:4px !important; margin-right:8px !important; margin-bottom:4px !important; width:90px !important;\" \/><\/a>    Reformer-Pilates liegt im Trend. Doch das Training auf der beweglichen Liege verlangt Kraft, Kontrolle, Konzentration und die richtige Anleitung.<br clear=\"all\" \/>   <\/p>\n   <div><span class=\"my_article_details\"><time datetime=\"2026-09-03\">03.09.2026<\/time> &middot; <a href=\"\/news\/rodgau-nachrichten\" title=\"Rodgau Nachrichten\">News<\/a> &middot; <a href=\"\/news\/rodgau-aktuell\" title=\"Rodgau heute aktuell\">Rodgau<\/a> &middot; <\/span><a href=\"https:\/\/www.op-online.de\/region\/rodgau\/reformer-pilates-was-steckt-hinter-dem-trendsport-94472009.html\" title=\"Link zum Artikel auf op-online.de\" target=\"_blank\">op-online.de<\/a><\/div>\n  <\/div>\n <\/article>\n <\/div>\n <div class=\"post\" style=\"margin-bottom:40px;\">\n <article>\n  <h3><a name=\"4305f9ef\" href=\"https:\/\/www.rheinmainverlag.de\/2026\/09\/03\/rodgauer-seniorentag-erfaehrt-wieder-grossen-zuspruch\/\" style=\"color:#333333;\" target=\"_blank\">Rodgauer Seniorentag erf\u00e4hrt wieder gro\u00dfen Zuspruch<\/a><\/h3>\n  <div class=\"entry\">\n   <p style=\"margin-bottom:4px;\">\n   <a href=\"https:\/\/www.rheinmainverlag.de\/2026\/09\/03\/rodgauer-seniorentag-erfaehrt-wieder-grossen-zuspruch\/\" target=\"_blank\"><img decoding=\"async\" src=\"\/feeds\/gfx\/rheinmainverlag.de.png\" style=\"align:left !important; float:left !important; margin-top:4px !important; margin-right:8px !important; margin-bottom:4px !important; width:90px !important;\" \/><\/a>    Besser h&auml;tte das Wetter f&uuml;r den Rodgauer Seniorentag kaum sein k&ouml;nnen: Die Sonne strahlte vom Himmel, gleichzeitig blieben die Temperaturen angenehm und weit entfernt von sommerlicher Hitze. Beste Voraussetzungen also f&uuml;r einen ausgiebigen Bummel rund um das ...<br clear=\"all\" \/>   <\/p>\n   <div><span class=\"my_article_details\"><time datetime=\"2026-09-03\">03.09.2026<\/time> &middot; <a href=\"\/news\/rodgau-nachrichten\" title=\"Rodgau Nachrichten\">News<\/a> &middot; <a href=\"\/news\/rodgau-aktuell\" title=\"Rodgau heute aktuell\">Rodgau<\/a> &middot; <\/span><a href=\"https:\/\/www.rheinmainverlag.de\/2026\/09\/03\/rodgauer-seniorentag-erfaehrt-wieder-grossen-zuspruch\/\" title=\"Link zum Artikel auf rheinmainverlag.de\" target=\"_blank\">rheinmainverlag.de<\/a><\/div>\n  <\/div>\n <\/article>\n <\/div>\n <div class=\"post\" style=\"margin-bottom:40px;\">\n <article>\n  <h3><a name=\"355b5d42\" href=\"https:\/\/gruene-offenbach.de\/2026\/09\/02\/naturnahe-bildung-im-naturerfahrungsraum\/\" style=\"color:#333333;\" target=\"_blank\">Die Gr\u00fcnen: Naturnahe Bildung im Naturerfahrungsraum<\/a><\/h3>\n  <div class=\"entry\">\n   <p style=\"margin-bottom:4px;\">\n   <a href=\"https:\/\/gruene-offenbach.de\/2026\/09\/02\/naturnahe-bildung-im-naturerfahrungsraum\/\" target=\"_blank\"><img decoding=\"async\" src=\"\/feeds\/gfx\/gruene-offenbach.de.png\" style=\"align:left !important; float:left !important; margin-top:4px !important; margin-right:8px !important; margin-bottom:4px !important; width:90px !important;\" \/><\/a>    Rede von Tobias Dondelinger in der Stadtverordnetenversammlung Weil es in den Aussch&uuml;ssen immer mal wieder Fragen dazu gab, vorab ein paar Worte zu Naturerfahrungsr&auml;umen: Toben, balancieren, rennen, sammeln, beobachten, Fr&uuml;chte naschen und H&ouml;hlen bauen \u2013 nat&uuml;rlicher ...<br clear=\"all\" \/>   <\/p>\n   <div><span class=\"my_article_details\"><time datetime=\"2026-09-02\">02.09.2026<\/time> &middot; <a href=\"\/news\/offenbach-aktuell\" title=\"Offenbach heute aktuell\">Offenbach<\/a> &middot; Umgebung &middot; <\/span><a href=\"https:\/\/gruene-offenbach.de\/2026\/09\/02\/naturnahe-bildung-im-naturerfahrungsraum\/\" title=\"Link zum Artikel auf gruene-offenbach.de\" target=\"_blank\">gruene-offenbach.de<\/a><\/div>\n  <\/div>\n <\/article>\n <\/div>\n <div class=\"post\" style=\"margin-bottom:40px;\">\n <article>\n  <h3><a name=\"124ce628\" href=\"https:\/\/gruene-offenbach.de\/2026\/09\/02\/hitzevorsorge-in-offenbach\/\" style=\"color:#333333;\" target=\"_blank\">Die Gr\u00fcnen: Hitzevorsorge in Offenbach<\/a><\/h3>\n  <div class=\"entry\">\n   <p style=\"margin-bottom:4px;\">\n   <a href=\"https:\/\/gruene-offenbach.de\/2026\/09\/02\/hitzevorsorge-in-offenbach\/\" target=\"_blank\"><img decoding=\"async\" src=\"\/feeds\/gfx\/gruene-offenbach.de.png\" style=\"align:left !important; float:left !important; margin-top:4px !important; margin-right:8px !important; margin-bottom:4px !important; width:90px !important;\" \/><\/a>    Rede von Sonja Schneider in der Stadtverordnetenversammlung Wir stehen in Offenbach vor einer Herausforderung, die uns alle angeht: Die Hitze nimmt zu, und unsere Innenstadt ist besonders betroffen. Offenbach z&auml;hlt zu den sehr stark hitzegeplagten St&auml;dten in ...<br clear=\"all\" \/>   <\/p>\n   <div><span class=\"my_article_details\"><time datetime=\"2026-09-02\">02.09.2026<\/time> &middot; <a href=\"\/news\/offenbach-aktuell\" title=\"Offenbach heute aktuell\">Offenbach<\/a> &middot; \u00d6PNV &middot; <\/span><a href=\"https:\/\/gruene-offenbach.de\/2026\/09\/02\/hitzevorsorge-in-offenbach\/\" title=\"Link zum Artikel auf gruene-offenbach.de\" target=\"_blank\">gruene-offenbach.de<\/a><\/div>\n  <\/div>\n <\/article>\n <\/div>\n <div class=\"post\" style=\"margin-bottom:40px;\">\n <article>\n  <h3><a name=\"43500bf7\" href=\"https:\/\/www.rheinmainverlag.de\/2026\/09\/02\/drei-leichtverletzte-nach-auffahrunfall-auf-der-l2310-bei-seligenstadt\/\" style=\"color:#333333;\" target=\"_blank\">Drei Leichtverletzte nach Auffahrunfall auf der L2310 bei Seligenstadt<\/a><\/h3>\n  <div class=\"entry\">\n   <p style=\"margin-bottom:4px;\">\n   <a href=\"https:\/\/www.rheinmainverlag.de\/2026\/09\/02\/drei-leichtverletzte-nach-auffahrunfall-auf-der-l2310-bei-seligenstadt\/\" target=\"_blank\"><img decoding=\"async\" src=\"\/feeds\/gfx\/rheinmainverlag.de.png\" style=\"align:left !important; float:left !important; margin-top:4px !important; margin-right:8px !important; margin-bottom:4px !important; width:90px !important;\" \/><\/a>    Drei Leichtverletzte und ein Schaden von rund 9.000 Euro sind die Bilanz eines Unfalls, der sich am Dienstagabend , gegen 20.40 Uhr, auf der Landesstra&szlig;e 2310 zwischen Seligenstadt-Froschhausen und der Bundesstra&szlig;e 45 in H&ouml;he der Tank- und Rastanlage Weiskirchen ...<br clear=\"all\" \/>   <\/p>\n   <div><span class=\"my_article_details\"><time datetime=\"2026-09-02\">02.09.2026<\/time> &middot; <a href=\"\/news\/unfaelle-offenbach-am-main\" title=\"Unf\u00e4lle Offenbach am Main\">Unfall<\/a> &middot; Weiskirchen &middot; <\/span><a href=\"https:\/\/www.rheinmainverlag.de\/2026\/09\/02\/drei-leichtverletzte-nach-auffahrunfall-auf-der-l2310-bei-seligenstadt\/\" title=\"Link zum Artikel auf rheinmainverlag.de\" target=\"_blank\">rheinmainverlag.de<\/a><\/div>\n  <\/div>\n <\/article>\n <\/div>\n <div class=\"post\" style=\"margin-bottom:40px;\">\n <article>\n  <h3><a name=\"9cc8e359\" href=\"https:\/\/www.dietzenbach.de\/Stadt-Rathaus\/Stadt\/Aktuelles\/Vermessung-des-Instrumentenlandesystems-ILS-am-Flughafen-Frankfurt.php?ModID=255&FID=3651.29591.1\" style=\"color:#333333;\" target=\"_blank\">Dietzenbach: Vermessung des Instrumentenlandesystems (ILS) am Flughafen Frankfurt<\/a><\/h3>\n  <div class=\"entry\">\n   <p style=\"margin-bottom:4px;\">\n   <a href=\"https:\/\/www.dietzenbach.de\/Stadt-Rathaus\/Stadt\/Aktuelles\/Vermessung-des-Instrumentenlandesystems-ILS-am-Flughafen-Frankfurt.php?ModID=255&FID=3651.29591.1\" target=\"_blank\"><img decoding=\"async\" src=\"\/feeds\/gfx\/dietzenbach.de.png\" style=\"align:left !important; float:left !important; margin-top:4px !important; margin-right:8px !important; margin-bottom:4px !important; width:90px !important;\" \/><\/a>    Messflugzeug vom 3. bis 6. September 2026 in der Region Vom 3. bis voraussichtlich 6. September 2026 wird das (ILS) Instrumentenlandesystem der S&uuml;dbahn des Frankfurter Flughafens vermessen. Ein speziell hierf&uuml;r ausger&uuml;stetes Messflugzeug &uuml;berpr&uuml;ft ...<br clear=\"all\" \/>   <\/p>\n   <div><span class=\"my_article_details\"><time datetime=\"2026-09-02\">02.09.2026<\/time> &middot; <a href=\"\/news\/fluglaerm-offenbach-am-main\" title=\"Flugl\u00e4rm Offenbach am Main\">Flughafen<\/a> &middot; Frankfurt &middot; <\/span><a href=\"https:\/\/www.dietzenbach.de\/Stadt-Rathaus\/Stadt\/Aktuelles\/Vermessung-des-Instrumentenlandesystems-ILS-am-Flughafen-Frankfurt.php?ModID=255&FID=3651.29591.1\" title=\"Link zum Artikel auf dietzenbach.de\" target=\"_blank\">dietzenbach.de<\/a><\/div>\n  <\/div>\n <\/article>\n <\/div>\n <div class=\"post\" style=\"margin-bottom:40px;\">\n <article>\n  <h3><a name=\"43fad1d1\" href=\"https:\/\/www.op-online.de\/sport\/lokalsport\/hsg-rodgau-empfaengt-meister-saarlouis-und-schlug-ihn-schon-einmal-94472184.html\" style=\"color:#333333;\" target=\"_blank\">Sam Hoddersen empf\u00e4ngt mit HSG Rodgau den Meister und hat WM und Olympia im Blick<\/a><\/h3>\n  <div class=\"entry\">\n   <p style=\"margin-bottom:4px;\">\n   <a href=\"https:\/\/www.op-online.de\/sport\/lokalsport\/hsg-rodgau-empfaengt-meister-saarlouis-und-schlug-ihn-schon-einmal-94472184.html\" target=\"_blank\"><img decoding=\"async\" src=\"https:\/\/www.op-online.de\/assets\/images\/43\/949\/43949740-06-09-2025-handball-liga-hsg-rodgau-nieder-roden-tv-kirchzellsam-hoddersen-nr-foto-sascha-eyssen-15ef.jpg\" style=\"align:left !important; float:left !important; margin-top:4px !important; margin-right:8px !important; margin-bottom:4px !important; width:90px !important;\" \/><\/a>    Die HSG Rodgau Nieder-Roden trifft am Samstag im ersten Heimspiel auf die HG Saarlouis, den Meister der 3. Liga S&uuml;d-West. In der vergangenen Saison gewannen die Rodgauer zu Hause mit 34:32 gegen den Topfavoriten.<br clear=\"all\" \/>   <\/p>\n   <div><span class=\"my_article_details\"><time datetime=\"2026-09-02\">02.09.2026<\/time> &middot; <a href=\"\/news\/rodgau-nachrichten\" title=\"Rodgau Nachrichten\">News<\/a> &middot; Nieder-Roden &middot; <a href=\"\/news\/rodgau-aktuell\" title=\"Rodgau heute aktuell\">Rodgau<\/a> &middot; <\/span><a href=\"https:\/\/www.op-online.de\/sport\/lokalsport\/hsg-rodgau-empfaengt-meister-saarlouis-und-schlug-ihn-schon-einmal-94472184.html\" title=\"Link zum Artikel auf op-online.de\" target=\"_blank\">op-online.de<\/a><\/div>\n  <\/div>\n <\/article>\n <\/div>\n <div class=\"post\" style=\"margin-bottom:40px;\">\n <article>\n  <h3><a name=\"2947ec1c\" href=\"https:\/\/www.op-online.de\/offenbach\/sommer-schmuddelherbst-grenze-teilt-deutschland-so-entwickelt-sich-wetter-in-offenbach-94471394.html\" style=\"color:#333333;\" target=\"_blank\">Sommer-Schmuddelherbst-Grenze teilt Deutschland: So entwickelt sich Wetter in Offenbach<\/a><\/h3>\n  <div class=\"entry\">\n   <p style=\"margin-bottom:4px;\">\n   <a href=\"https:\/\/www.op-online.de\/offenbach\/sommer-schmuddelherbst-grenze-teilt-deutschland-so-entwickelt-sich-wetter-in-offenbach-94471394.html\" target=\"_blank\"><img decoding=\"async\" src=\"https:\/\/www.op-online.de\/assets\/images\/43\/872\/43872992-blaetter-baum-nacht-1pbvVBIMXaef.jpg\" style=\"align:left !important; float:left !important; margin-top:4px !important; margin-right:8px !important; margin-bottom:4px !important; width:90px !important;\" \/><\/a>    Nach den Hitzewellen ist es im Hessen erst einmal k&uuml;hler geworden. Doch der DWD sieht schon die n&auml;chste warme Luft im Anmarsch. F&uuml;r Offenbach gilt das wohl auch.<br clear=\"all\" \/>   <\/p>\n   <div><span class=\"my_article_details\"><time datetime=\"2026-09-02\">02.09.2026<\/time> &middot; <a href=\"\/news\/offenbach-aktuell\" title=\"Offenbach heute aktuell\">Offenbach<\/a> &middot; Wetter &middot; <\/span><a href=\"https:\/\/www.op-online.de\/offenbach\/sommer-schmuddelherbst-grenze-teilt-deutschland-so-entwickelt-sich-wetter-in-offenbach-94471394.html\" title=\"Link zum Artikel auf op-online.de\" target=\"_blank\">op-online.de<\/a><\/div>\n  <\/div>\n <\/article>\n <\/div>\n <div class=\"post\" style=\"margin-bottom:40px;\">\n <article>\n  <h3><a name=\"661b0065\" href=\"https:\/\/of-news.de\/rodgau\/fahrradtrialer-des-tsv-dudenhofen-sichern-sich-mehrere-titel-bei-der-norddeutschen-meisterschaft-170102\/\" style=\"color:#333333;\" target=\"_blank\">Fahrradtrialer des TSV Dudenhofen sichern sich mehrere Titel bei der Norddeutschen Meisterschaft<\/a><\/h3>\n  <div class=\"entry\">\n   <p style=\"margin-bottom:4px;\">\n   <a href=\"https:\/\/of-news.de\/rodgau\/fahrradtrialer-des-tsv-dudenhofen-sichern-sich-mehrere-titel-bei-der-norddeutschen-meisterschaft-170102\/\" target=\"_blank\"><img decoding=\"async\" src=\"\/feeds\/gfx\/of-news.de.png\" style=\"align:left !important; float:left !important; margin-top:4px !important; margin-right:8px !important; margin-bottom:4px !important; width:90px !important;\" \/><\/a>    Die Fahrradtrialer des TSV Dudenhofen haben bei den abschlie&szlig;enden Wettk&auml;mpfen der norddeutschen Serie im nordhessischen Melsungen mehrere Meistertitel gewonnen. Am vergangenen Wochenende traten neun Sportler des Vereins bei den letzten beiden L&auml;ufen der Norddeutschen ...<br clear=\"all\" \/>   <\/p>\n   <div><span class=\"my_article_details\"><time datetime=\"2026-09-02\">02.09.2026<\/time> &middot; Dudenhofen &middot; <\/span><a href=\"https:\/\/of-news.de\/rodgau\/fahrradtrialer-des-tsv-dudenhofen-sichern-sich-mehrere-titel-bei-der-norddeutschen-meisterschaft-170102\/\" title=\"Link zum Artikel auf of-news.de\" target=\"_blank\">of-news.de<\/a><\/div>\n  <\/div>\n <\/article>\n <\/div>\n <div class=\"post\" style=\"margin-bottom:40px;\">\n <article>\n  <h3><a name=\"e47bb3f3\" href=\"https:\/\/gruene-offenbach.de\/2026\/09\/02\/foerderung-fuer-klimaresiliente-schulhoefe-nutzen\/\" style=\"color:#333333;\" target=\"_blank\">Die Gr\u00fcnen: F\u00f6rderung f\u00fcr klimaresiliente Schulh\u00f6fe nutzen<\/a><\/h3>\n  <div class=\"entry\">\n   <p style=\"margin-bottom:4px;\">\n   <a href=\"https:\/\/gruene-offenbach.de\/2026\/09\/02\/foerderung-fuer-klimaresiliente-schulhoefe-nutzen\/\" target=\"_blank\"><img decoding=\"async\" src=\"\/feeds\/gfx\/gruene-offenbach.de.png\" style=\"align:left !important; float:left !important; margin-top:4px !important; margin-right:8px !important; margin-bottom:4px !important; width:90px !important;\" \/><\/a>    Rede von Nata Kabir in der Stadtverordnetenversammlung Wir haben in diesem Jahr eindr&uuml;cklich erlebt, wie der Sommer sein kann, wie stark sich versiegelte Fl&auml;chen aufheizen. Gerade f&uuml;r Kinder sind hohe Temperaturen eine Belastung. Deshalb haben wir als Stadtverordnetenversammlung ...<br clear=\"all\" \/>   <\/p>\n   <div><span class=\"my_article_details\"><time datetime=\"2026-09-02\">02.09.2026<\/time> &middot; <a href=\"\/news\/offenbach-aktuell\" title=\"Offenbach heute aktuell\">Offenbach<\/a> &middot; Umgebung &middot; <\/span><a href=\"https:\/\/gruene-offenbach.de\/2026\/09\/02\/foerderung-fuer-klimaresiliente-schulhoefe-nutzen\/\" title=\"Link zum Artikel auf gruene-offenbach.de\" target=\"_blank\">gruene-offenbach.de<\/a><\/div>\n  <\/div>\n <\/article>\n <\/div>\n <div class=\"post\" style=\"margin-bottom:40px;\">\n <article>\n  <h3><a name=\"11e8c9ed\" href=\"https:\/\/www.verbraucherzentrale-hessen.de\/pressemitteilungen\/beratung-zu-energieschulden-und-sperren-in-wiesbaden-125558\" style=\"color:#333333;\" target=\"_blank\">Verbraucherzentrale: Beratung zu Energieschulden und -sperren in Wiesbaden<\/a><\/h3>\n  <div class=\"entry\">\n   <p style=\"margin-bottom:4px;\">\n   <a href=\"https:\/\/www.verbraucherzentrale-hessen.de\/pressemitteilungen\/beratung-zu-energieschulden-und-sperren-in-wiesbaden-125558\" target=\"_blank\"><img decoding=\"async\" src=\"\/feeds\/gfx\/verbraucherzentrale-hessen.de.png\" style=\"align:left !important; float:left !important; margin-top:4px !important; margin-right:8px !important; margin-bottom:4px !important; width:90px !important;\" \/><\/a>    Verbraucherzentrale Hessen startet kostenlose Beratung vor Ort<br clear=\"all\" \/>   <\/p>\n   <div><span class=\"my_article_details\"><time datetime=\"2026-09-02\">02.09.2026<\/time> &middot; Hessen &middot; <\/span><a href=\"https:\/\/www.verbraucherzentrale-hessen.de\/pressemitteilungen\/beratung-zu-energieschulden-und-sperren-in-wiesbaden-125558\" title=\"Link zum Artikel auf verbraucherzentrale-hessen.de\" target=\"_blank\">verbraucherzentrale-hessen.de<\/a><\/div>\n  <\/div>\n <\/article>\n <\/div>\n <div class=\"post\" style=\"margin-bottom:40px;\">\n <article>\n  <h3><a name=\"710469be\" href=\"https:\/\/mobil.hessen.de\/presse\/b-459-l-3117-radwegbau-wechselt-in-naechsten-bauabschnitt\" style=\"color:#333333;\" target=\"_blank\">Kreis Offenbach: B 459 \/ L 3117: Radwegbau wechselt in n\u00e4chsten Bauabschnitt<\/a><\/h3>\n  <div class=\"entry\">\n   <p style=\"margin-bottom:4px;\">\n   <a href=\"https:\/\/mobil.hessen.de\/presse\/b-459-l-3117-radwegbau-wechselt-in-naechsten-bauabschnitt\" target=\"_blank\"><img decoding=\"async\" src=\"\/feeds\/gfx\/mobil.hessen.de.png\" style=\"align:left !important; float:left !important; margin-top:4px !important; margin-right:8px !important; margin-bottom:4px !important; width:90px !important;\" \/><\/a>    Arbeiten zwischen Kempinski-Kreuzung und Reithalle starten am Montag<br clear=\"all\" \/>   <\/p>\n   <div><span class=\"my_article_details\"><time datetime=\"2026-09-02\">02.09.2026<\/time> &middot; <a href=\"\/news\/polizeieinsaetze-offenbach-am-main\" title=\"Polizeieins\u00e4tze Offenbach am Main\">Kreis Offenbach<\/a> &middot; <\/span><a href=\"https:\/\/mobil.hessen.de\/presse\/b-459-l-3117-radwegbau-wechselt-in-naechsten-bauabschnitt\" title=\"Link zum Artikel auf mobil.hessen.de\" target=\"_blank\">mobil.hessen.de<\/a><\/div>\n  <\/div>\n <\/article>\n <\/div>\n <b>Mehr <a href=\"\/news\/rodgau-nachrichten#28\" title=\"Rodgau Nachrichten\">Rodgau-Nachrichten<\/a> ...<\/b>\n<\/div>\n<br \/>\n\n<div style=\"background-color:#efffef; margin-top:15px; margin-bottom:15px; padding:10px; text-align:left; word-wrap:break-word;\">\n<h2 style=\"margin:0px; margin-bottom:20px;\"><a name=\"polizeimeldungen\"><\/a>Aktuelle Polizeimeldungen f\u00fcr Rodgau<\/h2>\n <div class=\"post\" style=\"margin-bottom:40px;\">\n <article>\n  <h3><a name=\"e5a9da34\" href=\"https:\/\/www.presseportal.de\/blaulicht\/pm\/43561\/6345691\" style=\"color:#000000; font-weight:bold;\" target=\"_blank\">Polizei Offenbach am Main: Pressemeldungen vom 04.09.2026<\/a><\/h3>\n  <div class=\"entry\">\n   <p style=\"margin-bottom:4px;\">   <a href=\"https:\/\/www.presseportal.de\/blaulicht\/pm\/43561\/6345691\" target=\"_blank\"><img decoding=\"async\" src=\"\/feeds\/gfx\/POL-OF.jpg\" style=\"align:left !important; float:left !important; margin-top:4px !important; margin-right:8px !important; margin-bottom:4px !important; width:90px !important;\" \/><\/a>    ... <a href=\"https:\/\/www.presseportal.de\/blaulicht\/pm\/43561\/6345691\" style=\"color:#000000; font-weight:bold;\" target=\"_blank\">1. Beh\u00f6rden\u00fcbergreifende Kontrolle des gewerblichen Personen- und G\u00fcterverkehrs - Autobahn 3 \/ Tank- und Rastanlage Weiskirchen<\/a>   (cb) Im Rahmen der polizeilichen Fortbildung fand am Donnerstag eine beh\u00f6rden\u00fcbergreifende Kontrolle des gewerblichen Personen- und G\u00fcterverkehrs auf der Tank- und Rastanlage Weiskirchen Nord mit mehr als 40 eingesetzten Beamtinnen und Beamten statt. Die ...<br clear=\"all\" \/><\/p><p style=\"margin-top:8px; margin-bottom:4px;\"><a href=\"https:\/\/www.presseportal.de\/blaulicht\/pm\/43561\/6345691\" target=\"_blank\"><img decoding=\"async\" src=\"\/feeds\/gfx\/POL-OF.jpg\" style=\"align:left !important; float:left !important; margin-top:4px !important; margin-right:8px !important; margin-bottom:4px !important; width:90px !important;\" \/><\/a> ... <a href=\"https:\/\/www.presseportal.de\/blaulicht\/pm\/43561\/6345691\" style=\"color:#000000; font-weight:bold;\" target=\"_blank\">2. Autotransporter kollidierte mit Audi S3 und fuhr davon: Polizei sucht nach unbekanntem Lenker und Zeugen - Autobahn 3 \/ Rodgau<\/a>   (me) Nach einem Zusammensto\u00df zwischen einem Autotransporter und einem Audi, der sich scheinbar aufgrund des Spurwechselns des Erstgenannten zutrug, ermitteln die Beamten der Polizeiautobahnstation S\u00fcdosthessen wegen des Verdachts der Verkehrsunfallflucht. ...<br clear=\"all\" \/>   <\/p>\n   <div><span class=\"my_article_details\"><time datetime=\"2026-09-04\">04.09.2026<\/time> &middot; <a href=\"\/news\/rodgau-polizeimeldungen\" title=\"Polizeieins\u00e4tze Rodgau\">Polizei<\/a> &middot; <a href=\"\/news\/rodgau-aktuell\" title=\"Rodgau heute aktuell\">Rodgau<\/a> &middot; <a href=\"\/news\/unfaelle-offenbach-am-main\" title=\"Unf\u00e4lle Offenbach am Main\">Unfall<\/a> &middot; Weiskirchen &middot; <\/span><a href=\"https:\/\/www.presseportal.de\/blaulicht\/pm\/43561\/6345691\" title=\"Link zum Artikel auf presseportal.de\" target=\"_blank\">presseportal.de<\/a><\/div>  <\/div>\n <\/article>\n <\/div>\n <div class=\"post\" style=\"margin-bottom:40px;\">\n <article>\n  <h3><a name=\"bdd58118\" href=\"https:\/\/www.presseportal.de\/blaulicht\/pm\/43561\/6344496\" style=\"color:#000000; font-weight:bold;\" target=\"_blank\">Polizei Offenbach am Main: Pressemeldungen vom 02.09.2026<\/a><\/h3>\n  <div class=\"entry\">\n   <p style=\"margin-bottom:4px;\">   <a href=\"https:\/\/www.presseportal.de\/blaulicht\/pm\/43561\/6344496\" target=\"_blank\"><img decoding=\"async\" src=\"\/feeds\/gfx\/POL-OF.jpg\" style=\"align:left !important; float:left !important; margin-top:4px !important; margin-right:8px !important; margin-bottom:4px !important; width:90px !important;\" \/><\/a>    ... <a href=\"https:\/\/www.presseportal.de\/blaulicht\/pm\/43561\/6344496\" style=\"color:#000000; font-weight:bold;\" target=\"_blank\">6. Drei Leichtverletzte nach Auffahrunfall auf der Landesstra\u00dfe 2310 - Seligenstadt<\/a>   (fg) Drei Leichtverletzte und ein Schaden von rund 9.000 Euro sind die Bilanz eines Unfalls, der sich am Dienstagabend, gegen 20.40 Uhr, auf der Landesstra\u00dfe 2310 zwischen Froschhausen und der Bundesstra\u00dfe 45 in H\u00f6he der Tank- und Rastanlage Weiskirchen ereignet ...<br clear=\"all\" \/>   <\/p>\n   <div><span class=\"my_article_details\"><time datetime=\"2026-09-02\">02.09.2026<\/time> &middot; <a href=\"\/news\/rodgau-polizeimeldungen\" title=\"Polizeieins\u00e4tze Rodgau\">Polizei<\/a> &middot; <a href=\"\/news\/unfaelle-offenbach-am-main\" title=\"Unf\u00e4lle Offenbach am Main\">Unfall<\/a> &middot; Weiskirchen &middot; <\/span><a href=\"https:\/\/www.presseportal.de\/blaulicht\/pm\/43561\/6344496\" title=\"Link zum Artikel auf presseportal.de\" target=\"_blank\">presseportal.de<\/a><\/div>  <\/div>\n <\/article>\n <\/div>\n <div class=\"post\" style=\"margin-bottom:40px;\">\n <article>\n  <h3><a name=\"e256ef85\" href=\"https:\/\/www.presseportal.de\/blaulicht\/pm\/43561\/6343509\" style=\"color:#000000; font-weight:bold;\" target=\"_blank\">Polizei Offenbach am Main: Pressemeldungen vom 01.09.2026<\/a><\/h3>\n  <div class=\"entry\">\n   <p style=\"margin-bottom:4px;\">   <a href=\"https:\/\/www.presseportal.de\/blaulicht\/pm\/43561\/6343509\" target=\"_blank\"><img decoding=\"async\" src=\"\/feeds\/gfx\/POL-OF.jpg\" style=\"align:left !important; float:left !important; margin-top:4px !important; margin-right:8px !important; margin-bottom:4px !important; width:90px !important;\" \/><\/a>    ... <a href=\"https:\/\/www.presseportal.de\/blaulicht\/pm\/43561\/6343509\" style=\"color:#000000; font-weight:bold;\" target=\"_blank\">1. Wei\u00dfer Mercedes soll r\u00fcckw\u00e4rtigen Verkehr ausgebremst haben: Zeugen bitte melden! - Autobahn 3 \/ Rodgau<\/a>   (cb) Die Beamten der Polizeiautobahnstation S\u00fcdosthessen suchen nach einer Verkehrsunfallflucht, die sich am Samstagnachmittag auf der Autobahn 3 im Bereich der Anschlussstelle Hanau ereignet haben soll, Zeugen. Nach dem bisherigen Ermittlungsstand befuhr ...<br clear=\"all\" \/>   <\/p>\n   <div><span class=\"my_article_details\"><time datetime=\"2026-09-01\">01.09.2026<\/time> &middot; <a href=\"\/news\/rodgau-polizeimeldungen\" title=\"Polizeieins\u00e4tze Rodgau\">Polizei<\/a> &middot; <a href=\"\/news\/rodgau-aktuell\" title=\"Rodgau heute aktuell\">Rodgau<\/a> &middot; <a href=\"\/news\/unfaelle-offenbach-am-main\" title=\"Unf\u00e4lle Offenbach am Main\">Unfall<\/a> &middot; <\/span><a href=\"https:\/\/www.presseportal.de\/blaulicht\/pm\/43561\/6343509\" title=\"Link zum Artikel auf presseportal.de\" target=\"_blank\">presseportal.de<\/a><\/div>  <\/div>\n <\/article>\n <\/div>\n <div class=\"post\" style=\"margin-bottom:40px;\">\n <article>\n  <h3><a name=\"3bf78a8a\" href=\"https:\/\/www.presseportal.de\/blaulicht\/pm\/43561\/6342141\" style=\"color:#000000; font-weight:bold;\" target=\"_blank\">POL-OF: Einbrecher gesucht<\/a><\/h3>\n  <div class=\"entry\">\n   <p style=\"margin-bottom:4px;\">   <a href=\"https:\/\/www.presseportal.de\/blaulicht\/pm\/43561\/6342141\" target=\"_blank\"><img decoding=\"async\" src=\"\/feeds\/gfx\/POL-OF.jpg\" style=\"align:left !important; float:left !important; margin-top:4px !important; margin-right:8px !important; margin-bottom:4px !important; width:90px !important;\" \/><\/a>    Rodgau-Dudenhofen  (ots)      Beim Betreten ihres Hauses in der Saalburgstra\u00dfe im Bereich der 10er Hausnummern musste die Eigent\u00fcmerin gestern gegen 21.10 Uhr mit Erschrecken feststellen, dass sich zwei dunkle Gestalten in ihren Wohnr\u00e4umen befanden. Die ertappten ...<br clear=\"all\" \/>   <\/p>\n   <div><span class=\"my_article_details\"><time datetime=\"2026-08-30\">30.08.2026<\/time> &middot; Dudenhofen &middot; <a href=\"\/news\/einbrueche-offenbach-am-main\" title=\"Einbr\u00fcche Offenbach am Main\">Einbruch<\/a> &middot; <a href=\"\/news\/rodgau-polizeimeldungen\" title=\"Polizeieins\u00e4tze Rodgau\">Polizei<\/a> &middot; <a href=\"\/news\/rodgau-aktuell\" title=\"Rodgau heute aktuell\">Rodgau<\/a> &middot; <\/span><a href=\"https:\/\/www.presseportal.de\/blaulicht\/pm\/43561\/6342141\" title=\"Link zum Artikel auf presseportal.de\" target=\"_blank\">presseportal.de<\/a><\/div>  <\/div>\n <\/article>\n <\/div>\n <b>Mehr von der <a href=\"\/news\/rodgau-polizeimeldungen#4\" title=\"Polizeieins\u00e4tze Rodgau heute\">Polizei Rodgau<\/a> ...<\/b>\n<\/div>\n<br \/>\n\n<div style=\"background-color:#ffffff; margin-top:15px; margin-bottom:15px; padding:10px; text-align:left; word-wrap:break-word;\">\n<h2 style=\"margin:0px; margin-bottom:20px;\"><a name=\"umgebung\"><\/a>Aktuelle News aus Rodgaus Umgebung<\/h2>\n <div class=\"post\" style=\"margin-bottom:40px;\">\n <article>\n  <h3><a name=\"75c82452\" href=\"https:\/\/www.hessenschau.de\/panorama\/sechs-verletzte-bei-unfall-in-seligenstadt---darunter-ein-kind-v1,unfall-seligenstadt-120.html\" style=\"color:#333333;\" target=\"_blank\">Sechs Verletzte bei Unfall in Seligenstadt - darunter ein Kind<\/a><\/h3>\n  <div class=\"entry\">\n   <p style=\"margin-bottom:4px;\">\n   <a href=\"https:\/\/www.hessenschau.de\/panorama\/sechs-verletzte-bei-unfall-in-seligenstadt---darunter-ein-kind-v1,unfall-seligenstadt-120.html\" target=\"_blank\"><img decoding=\"async\" src=\"https:\/\/www.hessenschau.de\/panorama\/unfall-786~_t-1788621579336_v-16to9.jpg\" style=\"align:left !important; float:left !important; margin-top:4px !important; margin-right:8px !important; margin-bottom:4px !important; width:90px !important;\" \/><\/a>    Auf einer Landstra&szlig;e bei Seligenstadt sind zwei Autos zusammengesto&szlig;en. Sechs Menschen erlitten dabei zum Teil schwere Verletzungen, darunter auch ein dreij&auml;hriges Kind. ...<br clear=\"all\" \/>   <\/p>\n   <div><span class=\"my_article_details\"><time datetime=\"2026-09-05\">05.09.2026<\/time> &middot; <\/span><a href=\"https:\/\/www.hessenschau.de\/panorama\/sechs-verletzte-bei-unfall-in-seligenstadt---darunter-ein-kind-v1,unfall-seligenstadt-120.html\" title=\"Link zum Artikel auf hessenschau.de\" target=\"_blank\">hessenschau.de<\/a><\/div>\n  <\/div>\n <\/article>\n <\/div>\n <div class=\"post\" style=\"margin-bottom:40px;\">\n <article>\n  <h3><a name=\"324db5dc\" href=\"https:\/\/www.hessenschau.de\/sport\/fussball\/regionalliga\/regionalliga-hitziges-derby-zwischen-fsv-frankfurt-und-kickers-offenbach-endet-ohne-sieger-v1,regionalliga-fsv-ofc-102.html\" style=\"color:#333333;\" target=\"_blank\">Regionalliga: Hitziges Derby zwischen FSV Frankfurt und Kickers Offenbach endet ohne Sieger<\/a><\/h3>\n  <div class=\"entry\">\n   <p style=\"margin-bottom:4px;\">\n   <a href=\"https:\/\/www.hessenschau.de\/sport\/fussball\/regionalliga\/regionalliga-hitziges-derby-zwischen-fsv-frankfurt-und-kickers-offenbach-endet-ohne-sieger-v1,regionalliga-fsv-ofc-102.html\" target=\"_blank\"><img decoding=\"async\" src=\"https:\/\/www.hessenschau.de\/sport\/fussball\/regionalliga\/regio-fsv-ofc-100~_t-1788617179223_v-16to9.jpg\" style=\"align:left !important; float:left !important; margin-top:4px !important; margin-right:8px !important; margin-bottom:4px !important; width:90px !important;\" \/><\/a>    Es war wieder viel drin im Derby zwischen dem FSV Frankfurt und Kickers Offenbach. Knackige Zweik&auml;mpfe, Wortgefechte, eine Rote Karte. Einen Sieger fand das Regionalliga-Duell allerdings nicht. ...<br clear=\"all\" \/>   <\/p>\n   <div><span class=\"my_article_details\"><time datetime=\"2026-09-05\">05.09.2026<\/time> &middot; <\/span><a href=\"https:\/\/www.hessenschau.de\/sport\/fussball\/regionalliga\/regionalliga-hitziges-derby-zwischen-fsv-frankfurt-und-kickers-offenbach-endet-ohne-sieger-v1,regionalliga-fsv-ofc-102.html\" title=\"Link zum Artikel auf hessenschau.de\" target=\"_blank\">hessenschau.de<\/a><\/div>\n  <\/div>\n <\/article>\n <\/div>\n <div class=\"post\" style=\"margin-bottom:40px;\">\n <article>\n  <h3><a name=\"07d0f9ad\" href=\"https:\/\/www.faz.net\/aktuell\/sport\/rhein-main-sport\/kickers-offenbach\/kickers-offenbach-bei-fsv-frankfurt-steigt-der-ofc-nach-14-jahren-auf-accg-201194438.html\" style=\"color:#333333;\" target=\"_blank\">Steigen die Kickers nach 14 Jahren wieder auf?<\/a><\/h3>\n  <div class=\"entry\">\n   <p style=\"margin-bottom:4px;\">\n   <a href=\"https:\/\/www.faz.net\/aktuell\/sport\/rhein-main-sport\/kickers-offenbach\/kickers-offenbach-bei-fsv-frankfurt-steigt-der-ofc-nach-14-jahren-auf-accg-201194438.html\" target=\"_blank\"><img decoding=\"async\" src=\"\/feeds\/gfx\/faz.net.png\" style=\"align:left !important; float:left !important; margin-top:4px !important; margin-right:8px !important; margin-bottom:4px !important; width:90px !important;\" \/><\/a>    Vor dem Derby beim FSV Frankfurt ist Kickers Offenbach in der Regionalliga ungeschlagen. Hinter dem Erfolg steht auch eine ver&auml;nderte Herangehensweise.<br clear=\"all\" \/>   <\/p>\n   <div><span class=\"my_article_details\"><time datetime=\"2026-09-05\">05.09.2026<\/time> &middot; <\/span><a href=\"https:\/\/www.faz.net\/aktuell\/sport\/rhein-main-sport\/kickers-offenbach\/kickers-offenbach-bei-fsv-frankfurt-steigt-der-ofc-nach-14-jahren-auf-accg-201194438.html\" title=\"Link zum Artikel auf faz.net\" target=\"_blank\">faz.net<\/a><\/div>\n  <\/div>\n <\/article>\n <\/div>\n <div class=\"post\" style=\"margin-bottom:40px;\">\n <article>\n  <h3><a name=\"5154a9cf\" href=\"https:\/\/www.sg-dietzenbach.de\/1-boule-stadtmeisterschaft-in-dietzenbach\/\" style=\"color:#333333;\" target=\"_blank\">Sport: 1. Boule Stadtmeisterschaft in Dietzenbach<\/a><\/h3>\n  <div class=\"entry\">\n   <p style=\"margin-bottom:4px;\">\n   <a href=\"https:\/\/www.sg-dietzenbach.de\/1-boule-stadtmeisterschaft-in-dietzenbach\/\" target=\"_blank\"><img decoding=\"async\" src=\"\/feeds\/gfx\/sg-dietzenbach.de.png\" style=\"align:left !important; float:left !important; margin-top:4px !important; margin-right:8px !important; margin-bottom:4px !important; width:90px !important;\" \/><\/a>    Jetzt anmelden! Amateure und Hobbyspieler aufgepasst! Die SG Dietzenbach l&auml;dt Frauen und M&auml;nner aller Vereine, Unternehmen, Hilfsdienste, Verwaltungsteams, Schulgruppen und engagierten B&uuml;rger:innen herzlich zur 1. Dietzenbacher Boule-Stadtmeisterschaft ein. ...<br clear=\"all\" \/>   <\/p>\n   <div><span class=\"my_article_details\"><time datetime=\"2026-09-05\">05.09.2026<\/time> &middot; <\/span><a href=\"https:\/\/www.sg-dietzenbach.de\/1-boule-stadtmeisterschaft-in-dietzenbach\/\" title=\"Link zum Artikel auf sg-dietzenbach.de\" target=\"_blank\">sg-dietzenbach.de<\/a><\/div>\n  <\/div>\n <\/article>\n <\/div>\n <div class=\"post\" style=\"margin-bottom:40px;\">\n <article>\n  <h3><a name=\"2a7721b9\" href=\"https:\/\/www.rheinmainverlag.de\/2026\/09\/05\/radwegbau-an-der-b-459-l-3117-wechselt-in-naechsten-bauabschnitt\/\" style=\"color:#333333;\" target=\"_blank\">Radwegbau zwischen Heusenstamm und Neu-Isenburg wechselt in n\u00e4chsten Bauabschnitt<\/a><\/h3>\n  <div class=\"entry\">\n   <p style=\"margin-bottom:4px;\">\n   <a href=\"https:\/\/www.rheinmainverlag.de\/2026\/09\/05\/radwegbau-an-der-b-459-l-3117-wechselt-in-naechsten-bauabschnitt\/\" target=\"_blank\"><img decoding=\"async\" src=\"\/feeds\/gfx\/rheinmainverlag.de.png\" style=\"align:left !important; float:left !important; margin-top:4px !important; margin-right:8px !important; margin-bottom:4px !important; width:90px !important;\" \/><\/a>    Arbeiten zwischen Kempinski-Kreuzung und Reithalle starten am Montag Der Bau des neuen Radwegs entlang der Landesstra&szlig;e 3117 zwischen Heusenstamm und Neu-Isenburg kommt voran. Der derzeitige Bauabschnitt zwischen Wildhof-Kreuzung (L 3117 \/ L 3001) und Kempinski-Kreuzung ...<br clear=\"all\" \/>   <\/p>\n   <div><span class=\"my_article_details\"><time datetime=\"2026-09-05\">05.09.2026<\/time> &middot; <\/span><a href=\"https:\/\/www.rheinmainverlag.de\/2026\/09\/05\/radwegbau-an-der-b-459-l-3117-wechselt-in-naechsten-bauabschnitt\/\" title=\"Link zum Artikel auf rheinmainverlag.de\" target=\"_blank\">rheinmainverlag.de<\/a><\/div>\n  <\/div>\n <\/article>\n <\/div>\n <div class=\"post\" style=\"margin-bottom:40px;\">\n <article>\n  <h3><a name=\"f846bddd\" href=\"https:\/\/www.rheinmainverlag.de\/2026\/09\/05\/verdacht-der-bedrohung-in-langen-ermittlungen-gegen-71-jaehrigen-eingeleitet\/\" style=\"color:#333333;\" target=\"_blank\">Verdacht der Bedrohung in Langen: Ermittlungen gegen 71-J\u00e4hrigen eingeleitet<\/a><\/h3>\n  <div class=\"entry\">\n   <p style=\"margin-bottom:4px;\">\n   <a href=\"https:\/\/www.rheinmainverlag.de\/2026\/09\/05\/verdacht-der-bedrohung-in-langen-ermittlungen-gegen-71-jaehrigen-eingeleitet\/\" target=\"_blank\"><img decoding=\"async\" src=\"\/feeds\/gfx\/rheinmainverlag.de.png\" style=\"align:left !important; float:left !important; margin-top:4px !important; margin-right:8px !important; margin-bottom:4px !important; width:90px !important;\" \/><\/a>    Er soll in der Nacht zum Freitag die G&auml;ste einer Lokalit&auml;t in der Stra&szlig;e &quot;Europaplatz&quot; in Langen mit einem Messer bedroht haben: So die Vorw&uuml;rfe gegen einen 71 Jahre alten Mann aus dem Landkreis Offenbach, den die Polizei aus Langen kurz darauf vorl&auml;ufig festnahm. ...<br clear=\"all\" \/>   <\/p>\n   <div><span class=\"my_article_details\"><time datetime=\"2026-09-05\">05.09.2026<\/time> &middot; <\/span><a href=\"https:\/\/www.rheinmainverlag.de\/2026\/09\/05\/verdacht-der-bedrohung-in-langen-ermittlungen-gegen-71-jaehrigen-eingeleitet\/\" title=\"Link zum Artikel auf rheinmainverlag.de\" target=\"_blank\">rheinmainverlag.de<\/a><\/div>\n  <\/div>\n <\/article>\n <\/div>\n <div class=\"post\" style=\"margin-bottom:40px;\">\n <article>\n  <h3><a name=\"2c46f0db\" href=\"https:\/\/www.op-online.de\/region\/obertshausen\/auf-der-ymos-brache-soll-eine-serverfarm-entstehen-94476056.html\" style=\"color:#333333;\" target=\"_blank\">Auf der Ymos-Brache soll eine Serverfarm entstehen<\/a><\/h3>\n  <div class=\"entry\">\n   <p style=\"margin-bottom:4px;\">\n   <a href=\"https:\/\/www.op-online.de\/region\/obertshausen\/auf-der-ymos-brache-soll-eine-serverfarm-entstehen-94476056.html\" target=\"_blank\"><img decoding=\"async\" src=\"https:\/\/www.op-online.de\/assets\/images\/43\/977\/43977467-archiv-01-07-2014-sachsen-anhalt-biere-ein-gang-mit-servern-im-rechenzentrum-der-deutschen-telekom-ag-in-biere-sachsen-anhalt-zu-dpa-groesstes-1ef.jpg\" style=\"align:left !important; float:left !important; margin-top:4px !important; margin-right:8px !important; margin-bottom:4px !important; width:90px !important;\" \/><\/a>    Es war zu erwarten und wird jetzt &ouml;ffentlich. In Obertshausen soll auf dem Gel&auml;nde des insolventen Automobilzulieferers Ymos ein Rechenzentrum gebaut werden. Am Montag wird dar&uuml;ber im Bauauschuss diskutiert.<br clear=\"all\" \/>   <\/p>\n   <div><span class=\"my_article_details\"><time datetime=\"2026-09-05\">05.09.2026<\/time> &middot; <\/span><a href=\"https:\/\/www.op-online.de\/region\/obertshausen\/auf-der-ymos-brache-soll-eine-serverfarm-entstehen-94476056.html\" title=\"Link zum Artikel auf op-online.de\" target=\"_blank\">op-online.de<\/a><\/div>\n  <\/div>\n <\/article>\n <\/div>\n <div class=\"post\" style=\"margin-bottom:40px;\">\n <article>\n  <h3><a name=\"6e306fc1\" href=\"https:\/\/www.op-online.de\/region\/dietzenbach\/spessartviertel-dietzenbach-amtsgericht-zwingt-hausverwaltung-zur-akteneinsicht-94476089.html\" style=\"color:#333333;\" target=\"_blank\">Spessartviertel: Amtsgericht zwingt Hausverwaltung zur Akteneinsicht<\/a><\/h3>\n  <div class=\"entry\">\n   <p style=\"margin-bottom:4px;\">\n   <a href=\"https:\/\/www.op-online.de\/region\/dietzenbach\/spessartviertel-dietzenbach-amtsgericht-zwingt-hausverwaltung-zur-akteneinsicht-94476089.html\" target=\"_blank\"><img decoding=\"async\" src=\"https:\/\/www.op-online.de\/assets\/images\/39\/569\/39569323-bdi-dietzenbach-spessartviertel-Mef.jpg\" style=\"align:left !important; float:left !important; margin-top:4px !important; margin-right:8px !important; margin-bottom:4px !important; width:90px !important;\" \/><\/a>    Das Amtsgericht Offenbach entscheidet, dass die umstrittene Hausverwaltung eines Quartiers im Dietzenbacher Spessartviertel die Unterlagen aus dem Jahr 2025 offenlegen muss. Das ist nur eine von zahlreichen juristischen Auseinandersetzungen, in die Eigent&uuml;mergemeinschaft ...<br clear=\"all\" \/>   <\/p>\n   <div><span class=\"my_article_details\"><time datetime=\"2026-09-05\">05.09.2026<\/time> &middot; <\/span><a href=\"https:\/\/www.op-online.de\/region\/dietzenbach\/spessartviertel-dietzenbach-amtsgericht-zwingt-hausverwaltung-zur-akteneinsicht-94476089.html\" title=\"Link zum Artikel auf op-online.de\" target=\"_blank\">op-online.de<\/a><\/div>\n  <\/div>\n <\/article>\n <\/div>\n <div class=\"post\" style=\"margin-bottom:40px;\">\n <article>\n  <h3><a name=\"458b3766\" href=\"https:\/\/www.op-online.de\/region\/neu-isenburg\/stadtbibliothek-neu-isenburg-richtet-eigenes-ki-regal-ein-94475968.html\" style=\"color:#333333;\" target=\"_blank\">Stadtbibliothek Neu-Isenburg richtet eigenes KI-Regal ein<\/a><\/h3>\n  <div class=\"entry\">\n   <p style=\"margin-bottom:4px;\">\n   <a href=\"https:\/\/www.op-online.de\/region\/neu-isenburg\/stadtbibliothek-neu-isenburg-richtet-eigenes-ki-regal-ein-94475968.html\" target=\"_blank\"><img decoding=\"async\" src=\"https:\/\/www.op-online.de\/assets\/images\/43\/949\/43949270-neu-isenburg-stadtbibliothek-ki-workshops-nadine-lehmann-bibliothekarin-digitale-angebote-und-ausbildung-3Ref.jpg\" style=\"align:left !important; float:left !important; margin-top:4px !important; margin-right:8px !important; margin-bottom:4px !important; width:90px !important;\" \/><\/a>    Die Stadtbibliothek Neu-Isenburg hat ein Regal mit B&uuml;chern und Ratgebern rund um K&uuml;nstliche Intelligenz eingerichtet. Besonders gefragt ist Literatur zur Anwendung von ChatGPT.<br clear=\"all\" \/>   <\/p>\n   <div><span class=\"my_article_details\"><time datetime=\"2026-09-05\">05.09.2026<\/time> &middot; <\/span><a href=\"https:\/\/www.op-online.de\/region\/neu-isenburg\/stadtbibliothek-neu-isenburg-richtet-eigenes-ki-regal-ein-94475968.html\" title=\"Link zum Artikel auf op-online.de\" target=\"_blank\">op-online.de<\/a><\/div>\n  <\/div>\n <\/article>\n <\/div>\n <div class=\"post\" style=\"margin-bottom:40px;\">\n <article>\n  <h3><a name=\"5007f512\" href=\"https:\/\/www.op-online.de\/region\/heusenstamm\/interview-zu-ursache-fuer-haeufige-strasseneinbrueche-in-heusenstamm-94475815.html\" style=\"color:#333333;\" target=\"_blank\">B\u00fcrgermeister und Tiefbau-Leiter sprechen \u00fcber Ursache f\u00fcr Stra\u00dfeneinbr\u00fcche in Heusenstamm<\/a><\/h3>\n  <div class=\"entry\">\n   <p style=\"margin-bottom:4px;\">\n   <a href=\"https:\/\/www.op-online.de\/region\/heusenstamm\/interview-zu-ursache-fuer-haeufige-strasseneinbrueche-in-heusenstamm-94475815.html\" target=\"_blank\"><img decoding=\"async\" src=\"https:\/\/www.op-online.de\/assets\/images\/43\/974\/43974850-immer-wieder-brechen-in-heusenstamm-strassenabschnitte-ein-das-foto-zeigt-ein-loch-in-der-humboldtstrasse-aus-dem-februar-2025-16ef.jpg\" style=\"align:left !important; float:left !important; margin-top:4px !important; margin-right:8px !important; margin-bottom:4px !important; width:90px !important;\" \/><\/a>    In Heusenstamm brechen wegen alter Hausanschl&uuml;sse h&auml;ufig Stra&szlig;en ein. Die Stadt erarbeitet Zehn-Jahres-Pl&auml;ne mit Ma&szlig;nahmen f&uuml;r Sanierungen und Reparaturen.<br clear=\"all\" \/>   <\/p>\n   <div><span class=\"my_article_details\"><time datetime=\"2026-09-05\">05.09.2026<\/time> &middot; <\/span><a href=\"https:\/\/www.op-online.de\/region\/heusenstamm\/interview-zu-ursache-fuer-haeufige-strasseneinbrueche-in-heusenstamm-94475815.html\" title=\"Link zum Artikel auf op-online.de\" target=\"_blank\">op-online.de<\/a><\/div>\n  <\/div>\n <\/article>\n <\/div>\n <div class=\"post\" style=\"margin-bottom:40px;\">\n <article>\n  <h3><a name=\"3cc5156d\" href=\"https:\/\/www.op-online.de\/region\/egelsbach\/100-junge-ehrenamtliche-stellen-raus-ausm-keller-festival-auf-die-beine-94475872.html\" style=\"color:#333333;\" target=\"_blank\">100 junge Ehrenamtliche stellen \u201eRaus ausm Keller\u201c-Festival auf die Beine<\/a><\/h3>\n  <div class=\"entry\">\n   <p style=\"margin-bottom:4px;\">\n   <a href=\"https:\/\/www.op-online.de\/region\/egelsbach\/100-junge-ehrenamtliche-stellen-raus-ausm-keller-festival-auf-die-beine-94475872.html\" target=\"_blank\"><img decoding=\"async\" src=\"https:\/\/www.op-online.de\/assets\/images\/43\/971\/43971409-raus-ausm-keller-festival-egelsbach-aufbau-3eVBPDW2gkef.jpg\" style=\"align:left !important; float:left !important; margin-top:4px !important; margin-right:8px !important; margin-bottom:4px !important; width:90px !important;\" \/><\/a>    Am Samstag, 5. September, treten zw&ouml;lf Bands und K&uuml;nstler in Egelsbach auf. Vom Aufbau bis zum Einlass packen Helfer zwischen 14 und 35 Jahren an.<br clear=\"all\" \/>   <\/p>\n   <div><span class=\"my_article_details\"><time datetime=\"2026-09-04\">04.09.2026<\/time> &middot; <\/span><a href=\"https:\/\/www.op-online.de\/region\/egelsbach\/100-junge-ehrenamtliche-stellen-raus-ausm-keller-festival-auf-die-beine-94475872.html\" title=\"Link zum Artikel auf op-online.de\" target=\"_blank\">op-online.de<\/a><\/div>\n  <\/div>\n <\/article>\n <\/div>\n <div class=\"post\" style=\"margin-bottom:40px;\">\n <article>\n  <h3><a name=\"fa7d2523\" href=\"https:\/\/www.hessenschau.de\/newsletter\/hessen-am-abend-ein-wirklich-sehr-altes-buch---und-schuesse-auf-ein-wohnhaus-in-lampertheim-v1,hessen-am-abend-freitag-258.html\" style=\"color:#333333;\" target=\"_blank\">Hessen am Abend: Ein wirklich sehr altes Buch - und Sch\u00fcsse auf ein Wohnhaus in Lampertheim<\/a><\/h3>\n  <div class=\"entry\">\n   <p style=\"margin-bottom:4px;\">\n   <a href=\"https:\/\/www.hessenschau.de\/newsletter\/hessen-am-abend-ein-wirklich-sehr-altes-buch---und-schuesse-auf-ein-wohnhaus-in-lampertheim-v1,hessen-am-abend-freitag-258.html\" target=\"_blank\"><img decoding=\"async\" src=\"https:\/\/www.hessenschau.de\/panorama\/hessen-am-abend-848~_t-1788533266285_v-16to9.jpg\" style=\"align:left !important; float:left !important; margin-top:4px !important; margin-right:8px !important; margin-bottom:4px !important; width:90px !important;\" \/><\/a>    In einem Sozialkaufhaus wurde ein Buch von 1594 gefunden, in Lampertheim wurde auf ein Wohnhaus geschossen und der Langener Waldsee ist gesperrt. Das und mehr gibt es in Sven-Oliver Schibats Blick auf den Tag. ...<br clear=\"all\" \/>   <\/p>\n   <div><span class=\"my_article_details\"><time datetime=\"2026-09-04\">04.09.2026<\/time> &middot; <\/span><a href=\"https:\/\/www.hessenschau.de\/newsletter\/hessen-am-abend-ein-wirklich-sehr-altes-buch---und-schuesse-auf-ein-wohnhaus-in-lampertheim-v1,hessen-am-abend-freitag-258.html\" title=\"Link zum Artikel auf hessenschau.de\" target=\"_blank\">hessenschau.de<\/a><\/div>\n  <\/div>\n <\/article>\n <\/div>\n <div class=\"post\" style=\"margin-bottom:40px;\">\n <article>\n  <h3><a name=\"ddeb8305\" href=\"https:\/\/www.faz.net\/aktuell\/rhein-main\/region-und-hessen\/drei-tote-bei-unfall-in-offenbach-staatsanwaltschaft-fordert-lebenslange-haft-201194834.html\" style=\"color:#333333;\" target=\"_blank\">Lebenslange Strafe nach Unfall mit drei Toten gefordert<\/a><\/h3>\n  <div class=\"entry\">\n   <p style=\"margin-bottom:4px;\">\n   <a href=\"https:\/\/www.faz.net\/aktuell\/rhein-main\/region-und-hessen\/drei-tote-bei-unfall-in-offenbach-staatsanwaltschaft-fordert-lebenslange-haft-201194834.html\" target=\"_blank\"><img decoding=\"async\" src=\"\/feeds\/gfx\/faz.net.png\" style=\"align:left !important; float:left !important; margin-top:4px !important; margin-right:8px !important; margin-bottom:4px !important; width:90px !important;\" \/><\/a>    Ein Mann rast mit etwa 140 Kilometern in der Stunde durch Offenbach. Bei einem Frontalzusammensto&szlig; kommen drei Menschen, darunter ein Kind, ums Leben. Das Landgericht Darmstadt muss &uuml;ber die Schuld des Fahrers urteilen.<br clear=\"all\" \/>   <\/p>\n   <div><span class=\"my_article_details\"><time datetime=\"2026-09-04\">04.09.2026<\/time> &middot; <\/span><a href=\"https:\/\/www.faz.net\/aktuell\/rhein-main\/region-und-hessen\/drei-tote-bei-unfall-in-offenbach-staatsanwaltschaft-fordert-lebenslange-haft-201194834.html\" title=\"Link zum Artikel auf faz.net\" target=\"_blank\">faz.net<\/a><\/div>\n  <\/div>\n <\/article>\n <\/div>\n <div class=\"post\" style=\"margin-bottom:40px;\">\n <article>\n  <h3><a name=\"2bf7e1bb\" href=\"https:\/\/www.rheinmainverlag.de\/2026\/09\/04\/mit-dem-fahrrad-durch-heusenstamm-fuer-sichere-wege\/\" style=\"color:#333333;\" target=\"_blank\">Mit dem Fahrrad durch Heusenstamm f\u00fcr sichere Wege<\/a><\/h3>\n  <div class=\"entry\">\n   <p style=\"margin-bottom:4px;\">\n   <a href=\"https:\/\/www.rheinmainverlag.de\/2026\/09\/04\/mit-dem-fahrrad-durch-heusenstamm-fuer-sichere-wege\/\" target=\"_blank\"><img decoding=\"async\" src=\"\/feeds\/gfx\/rheinmainverlag.de.png\" style=\"align:left !important; float:left !important; margin-top:4px !important; margin-right:8px !important; margin-bottom:4px !important; width:90px !important;\" \/><\/a>    Bunte Fahrr&auml;der, klingelnde Fahrradklingeln und jede Menge Kinderstimmen: Zahlreiche Familien haben beim Fahrrad-Korso durch Heusenstamm f&uuml;r bessere Bedingungen f&uuml;r Radfahrer demonstriert. Im Mittelpunkt standen dabei vor allem die j&uuml;ngsten Verkehrsteilnehmer. ...<br clear=\"all\" \/>   <\/p>\n   <div><span class=\"my_article_details\"><time datetime=\"2026-09-04\">04.09.2026<\/time> &middot; <\/span><a href=\"https:\/\/www.rheinmainverlag.de\/2026\/09\/04\/mit-dem-fahrrad-durch-heusenstamm-fuer-sichere-wege\/\" title=\"Link zum Artikel auf rheinmainverlag.de\" target=\"_blank\">rheinmainverlag.de<\/a><\/div>\n  <\/div>\n <\/article>\n <\/div>\n <div class=\"post\" style=\"margin-bottom:40px;\">\n <article>\n  <h3><a name=\"c629258c\" href=\"https:\/\/www.op-online.de\/sport\/kickers-offenbach\/wuchtige-widersacher-ofc-trainer-erwartet-schweres-spiel-in-bornheim-94475919.html\" style=\"color:#333333;\" target=\"_blank\">Wuchtige Widersacher: OFC-Trainer erwartet schweres Spiel in Bornheim<\/a><\/h3>\n  <div class=\"entry\">\n   <p style=\"margin-bottom:4px;\">\n   <a href=\"https:\/\/www.op-online.de\/sport\/kickers-offenbach\/wuchtige-widersacher-ofc-trainer-erwartet-schweres-spiel-in-bornheim-94475919.html\" target=\"_blank\"><img decoding=\"async\" src=\"https:\/\/www.op-online.de\/assets\/images\/43\/978\/43978605-rassige-zweikaempfe-wie-hier-zwischen-ofc-mittelfeldspieler-keanu-staude-vorne-und-fsv-stuermer-cas-peters-wird-es-auch-am-samstag-wieder-im-derby-2ieXsMFqRnef.jpg\" style=\"align:left !important; float:left !important; margin-top:4px !important; margin-right:8px !important; margin-bottom:4px !important; width:90px !important;\" \/><\/a>    Vor dem Mainderby zwischen dem Tabellenachten FSV Frankfurt und Spitzenreiter Kickers Offenbach geht es auch um die Deutungshoheit<br clear=\"all\" \/>   <\/p>\n   <div><span class=\"my_article_details\"><time datetime=\"2026-09-04\">04.09.2026<\/time> &middot; <\/span><a href=\"https:\/\/www.op-online.de\/sport\/kickers-offenbach\/wuchtige-widersacher-ofc-trainer-erwartet-schweres-spiel-in-bornheim-94475919.html\" title=\"Link zum Artikel auf op-online.de\" target=\"_blank\">op-online.de<\/a><\/div>\n  <\/div>\n <\/article>\n <\/div>\n <div class=\"post\" style=\"margin-bottom:40px;\">\n <article>\n  <h3><a name=\"a83ac7f2\" href=\"https:\/\/of-news.de\/hainburg\/fokus-auf-verkehrssicherheit-hainburg-kuendigt-schaerfere-e-scooter-kontrollen-an-170178\/\" style=\"color:#333333;\" target=\"_blank\">Fokus auf Verkehrssicherheit: Hainburg k\u00fcndigt sch\u00e4rfere E-Scooter-Kontrollen an<\/a><\/h3>\n  <div class=\"entry\">\n   <p style=\"margin-bottom:4px;\">\n   <a href=\"https:\/\/of-news.de\/hainburg\/fokus-auf-verkehrssicherheit-hainburg-kuendigt-schaerfere-e-scooter-kontrollen-an-170178\/\" target=\"_blank\"><img decoding=\"async\" src=\"\/feeds\/gfx\/of-news.de.png\" style=\"align:left !important; float:left !important; margin-top:4px !important; margin-right:8px !important; margin-bottom:4px !important; width:90px !important;\" \/><\/a>    In den kommenden Wochen wird die Ordnungspolizei in der Gemeinde Hainburg vermehrt Nutzer von E-Scootern kontrollieren. Wie die Kommunalverwaltung mitteilt, reagieren die Beh&ouml;rden damit auf die Beobachtung, dass geltende Verkehrsvorschriften f&uuml;r die elektrischen ...<br clear=\"all\" \/>   <\/p>\n   <div><span class=\"my_article_details\"><time datetime=\"2026-09-04\">04.09.2026<\/time> &middot; <\/span><a href=\"https:\/\/of-news.de\/hainburg\/fokus-auf-verkehrssicherheit-hainburg-kuendigt-schaerfere-e-scooter-kontrollen-an-170178\/\" title=\"Link zum Artikel auf of-news.de\" target=\"_blank\">of-news.de<\/a><\/div>\n  <\/div>\n <\/article>\n <\/div>\n <div class=\"post\" style=\"margin-bottom:40px;\">\n <article>\n  <h3><a name=\"0a9e6731\" href=\"https:\/\/of-news.de\/neu-isenburg\/ausbau-der-radverbindung-an-l-3117-neuer-bauabschnitt-bringt-einschraenkungen-fuer-autofahrer-170169\/\" style=\"color:#333333;\" target=\"_blank\">Ausbau der Radverbindung an L 3117: Neuer Bauabschnitt bringt Einschr\u00e4nkungen f\u00fcr Autofahrer<\/a><\/h3>\n  <div class=\"entry\">\n   <p style=\"margin-bottom:4px;\">\n   <a href=\"https:\/\/of-news.de\/neu-isenburg\/ausbau-der-radverbindung-an-l-3117-neuer-bauabschnitt-bringt-einschraenkungen-fuer-autofahrer-170169\/\" target=\"_blank\"><img decoding=\"async\" src=\"\/feeds\/gfx\/of-news.de.png\" style=\"align:left !important; float:left !important; margin-top:4px !important; margin-right:8px !important; margin-bottom:4px !important; width:90px !important;\" \/><\/a>    Der Ausbau der Fahrradstrecke zur durchgehenden Verbindung zwischen Heusenstamm und Neu-Isenburg macht weitere Fortschritte. Laut Hessen Mobil wird das derzeitige Baufeld auf der Landesstra&szlig;e 3117 zwischen der Wildhof-Kreuzung und der Kempinski-Kreuzung an ...<br clear=\"all\" \/>   <\/p>\n   <div><span class=\"my_article_details\"><time datetime=\"2026-09-04\">04.09.2026<\/time> &middot; <\/span><a href=\"https:\/\/of-news.de\/neu-isenburg\/ausbau-der-radverbindung-an-l-3117-neuer-bauabschnitt-bringt-einschraenkungen-fuer-autofahrer-170169\/\" title=\"Link zum Artikel auf of-news.de\" target=\"_blank\">of-news.de<\/a><\/div>\n  <\/div>\n <\/article>\n <\/div>\n <div class=\"post\" style=\"margin-bottom:40px;\">\n <article>\n  <h3><a name=\"b181e730\" href=\"https:\/\/of-news.de\/roedermark\/zweiter-standort-fuer-la-scala-neues-restaurant-in-der-ober-roeder-kulturhalle-oeffnet-am-12-september-170163\/\" style=\"color:#333333;\" target=\"_blank\">Zweiter Standort f\u00fcr \u201eLa Scala\u201c: Neues Restaurant in der Ober-R\u00f6der Kulturhalle \u00f6ffnet am 12. September<\/a><\/h3>\n  <div class=\"entry\">\n   <p style=\"margin-bottom:4px;\">\n   <a href=\"https:\/\/of-news.de\/roedermark\/zweiter-standort-fuer-la-scala-neues-restaurant-in-der-ober-roeder-kulturhalle-oeffnet-am-12-september-170163\/\" target=\"_blank\"><img decoding=\"async\" src=\"https:\/\/of-news.de\/wp-content\/uploads\/2026\/09\/Zweiter-Standort-fuer-La-Scala-Neues-Restaurant-in-der-Ober-Roeder-Kulturhalle-oeffnet-am-12.-September-e1788529467238-150x150.jpg\" style=\"align:left !important; float:left !important; margin-top:4px !important; margin-right:8px !important; margin-bottom:4px !important; width:90px !important;\" \/><\/a>    Nach umfassenden Sanierungs- und Umbauarbeiten nimmt die Gastronomie in der Kulturhalle R&ouml;dermark im Stadtteil Ober-Roden wieder ihren Betrieb auf. Am Samstag, den 12. September, er&ouml;ffnet dort um 17 Uhr das neu gestaltete Restaurant unter dem Namen \u201eLa Scala\u201c. ...<br clear=\"all\" \/>   <\/p>\n   <div><span class=\"my_article_details\"><time datetime=\"2026-09-04\">04.09.2026<\/time> &middot; <\/span><a href=\"https:\/\/of-news.de\/roedermark\/zweiter-standort-fuer-la-scala-neues-restaurant-in-der-ober-roeder-kulturhalle-oeffnet-am-12-september-170163\/\" title=\"Link zum Artikel auf of-news.de\" target=\"_blank\">of-news.de<\/a><\/div>\n  <\/div>\n <\/article>\n <\/div>\n <div class=\"post\" style=\"margin-bottom:40px;\">\n <article>\n  <h3><a name=\"378a24bd\" href=\"https:\/\/www.rheinmainverlag.de\/2026\/09\/04\/tradition-musik-und-freibier-in-seligenstadt-die-tgs-kerb-lebt\/\" style=\"color:#333333;\" target=\"_blank\">Tradition, Musik und Freibier in Seligenstadt: Die TGS-Kerb lebt<\/a><\/h3>\n  <div class=\"entry\">\n   <p style=\"margin-bottom:4px;\">\n   <a href=\"https:\/\/www.rheinmainverlag.de\/2026\/09\/04\/tradition-musik-und-freibier-in-seligenstadt-die-tgs-kerb-lebt\/\" target=\"_blank\"><img decoding=\"async\" src=\"\/feeds\/gfx\/rheinmainverlag.de.png\" style=\"align:left !important; float:left !important; margin-top:4px !important; margin-right:8px !important; margin-bottom:4px !important; width:90px !important;\" \/><\/a>    Die TGS-Kerb lebt \u2013 das kann man ohne &Uuml;bertreibung sagen. Bereits der Auftakt am Freitagabend mit DJ Appelt machte deutlich, dass sich die traditionelle Veranstaltung der Turngesellschaft Seligenstadt wieder gro&szlig;er Beliebtheit erfreut. Und auch an den folgenden ...<br clear=\"all\" \/>   <\/p>\n   <div><span class=\"my_article_details\"><time datetime=\"2026-09-04\">04.09.2026<\/time> &middot; <\/span><a href=\"https:\/\/www.rheinmainverlag.de\/2026\/09\/04\/tradition-musik-und-freibier-in-seligenstadt-die-tgs-kerb-lebt\/\" title=\"Link zum Artikel auf rheinmainverlag.de\" target=\"_blank\">rheinmainverlag.de<\/a><\/div>\n  <\/div>\n <\/article>\n <\/div>\n <div class=\"post\" style=\"margin-bottom:40px;\">\n <article>\n  <h3><a name=\"1ae1e0d5\" href=\"https:\/\/www.hessenschau.de\/panorama\/langener-waldsee-wegen-wasserpest-auch-am-wochenende-gesperrt-v2,langen-waldsee-wasserpest-100.html\" style=\"color:#333333;\" target=\"_blank\">Langener Waldsee wegen Wasserpest auch am Wochenende gesperrt<\/a><\/h3>\n  <div class=\"entry\">\n   <p style=\"margin-bottom:4px;\">\n   <a href=\"https:\/\/www.hessenschau.de\/panorama\/langener-waldsee-wegen-wasserpest-auch-am-wochenende-gesperrt-v2,langen-waldsee-wasserpest-100.html\" target=\"_blank\"><img decoding=\"async\" src=\"https:\/\/www.hessenschau.de\/panorama\/waldsee-langen-100~_t-1788507278408_v-16to9.jpg\" style=\"align:left !important; float:left !important; margin-top:4px !important; margin-right:8px !important; margin-bottom:4px !important; width:90px !important;\" \/><\/a>    Im beliebten Langener Waldsee darf wegen der Wasserpest auch am Wochenende nicht gebadet werden - und das, wo es nochmal sommerlich warm ist. Ein dichter Pflanzen-Teppich behindert Rettungsboote. ...<br clear=\"all\" \/>   <\/p>\n   <div><span class=\"my_article_details\"><time datetime=\"2026-09-04\">04.09.2026<\/time> &middot; <\/span><a href=\"https:\/\/www.hessenschau.de\/panorama\/langener-waldsee-wegen-wasserpest-auch-am-wochenende-gesperrt-v2,langen-waldsee-wasserpest-100.html\" title=\"Link zum Artikel auf hessenschau.de\" target=\"_blank\">hessenschau.de<\/a><\/div>\n  <\/div>\n <\/article>\n <\/div>\n <div class=\"post\" style=\"margin-bottom:40px;\">\n <article>\n  <h3><a name=\"09310d01\" href=\"https:\/\/www.dietzenbach.de\/Stadt-Rathaus\/Stadt\/Aktuelles\/Mehr-als-zwei-Jahrzehnte-im-Dienst-f%C3%BCr-Dietzenbach.php?ModID=255&FID=3651.29595.1\" style=\"color:#333333;\" target=\"_blank\">Mehr als zwei Jahrzehnte im Dienst f\u00fcr Dietzenbach<\/a><\/h3>\n  <div class=\"entry\">\n   <p style=\"margin-bottom:4px;\">\n   <a href=\"https:\/\/www.dietzenbach.de\/Stadt-Rathaus\/Stadt\/Aktuelles\/Mehr-als-zwei-Jahrzehnte-im-Dienst-f%C3%BCr-Dietzenbach.php?ModID=255&FID=3651.29595.1\" target=\"_blank\"><img decoding=\"async\" src=\"\/feeds\/gfx\/dietzenbach.de.png\" style=\"align:left !important; float:left !important; margin-top:4px !important; margin-right:8px !important; margin-bottom:4px !important; width:90px !important;\" \/><\/a>    Klaus-Dieter Jeuthe tritt seinen Ruhestand an Die Kreisstadt Dietzenbach verabschiedet zum 30. September 2026 Klaus-Dieter Jeuthe in den Ruhestand. Nach mehr als 20 Jahren im Dienst der Stadtverwaltung und insgesamt &uuml;ber vier ...<br clear=\"all\" \/>   <\/p>\n   <div><span class=\"my_article_details\"><time datetime=\"2026-09-04\">04.09.2026<\/time> &middot; <\/span><a href=\"https:\/\/www.dietzenbach.de\/Stadt-Rathaus\/Stadt\/Aktuelles\/Mehr-als-zwei-Jahrzehnte-im-Dienst-f%C3%BCr-Dietzenbach.php?ModID=255&FID=3651.29595.1\" title=\"Link zum Artikel auf dietzenbach.de\" target=\"_blank\">dietzenbach.de<\/a><\/div>\n  <\/div>\n <\/article>\n <\/div>\n <div class=\"post\" style=\"margin-bottom:40px;\">\n <article>\n  <h3><a name=\"204033d1\" href=\"https:\/\/www.dietzenbach.de\/Stadt-Rathaus\/Stadt\/Aktuelles\/Stra%C3%9Fensperrung-vom-11-bis-13-September.php?ModID=255&FID=3651.29594.1\" style=\"color:#333333;\" target=\"_blank\">Dietzenbach: Stra\u00dfensperrung vom 11. bis 13. September<\/a><\/h3>\n  <div class=\"entry\">\n   <p style=\"margin-bottom:4px;\">\n   <a href=\"https:\/\/www.dietzenbach.de\/Stadt-Rathaus\/Stadt\/Aktuelles\/Stra%C3%9Fensperrung-vom-11-bis-13-September.php?ModID=255&FID=3651.29594.1\" target=\"_blank\"><img decoding=\"async\" src=\"\/feeds\/gfx\/dietzenbach.de.png\" style=\"align:left !important; float:left !important; margin-top:4px !important; margin-right:8px !important; margin-bottom:4px !important; width:90px !important;\" \/><\/a>    Keine Durchfahrt f&uuml;r den Verkehr in &bdquo;An der Feuerwehr&ldquo; Vom 11. bis zum 13. September 2026 wird in Dietzenbach die Stra&szlig;e &bdquo;An der Feuerwehr&ldquo; voll gesperrt. Hintergrund sind die Feierlichkeiten zum ...<br clear=\"all\" \/>   <\/p>\n   <div><span class=\"my_article_details\"><time datetime=\"2026-09-04\">04.09.2026<\/time> &middot; <\/span><a href=\"https:\/\/www.dietzenbach.de\/Stadt-Rathaus\/Stadt\/Aktuelles\/Stra%C3%9Fensperrung-vom-11-bis-13-September.php?ModID=255&FID=3651.29594.1\" title=\"Link zum Artikel auf dietzenbach.de\" target=\"_blank\">dietzenbach.de<\/a><\/div>\n  <\/div>\n <\/article>\n <\/div>\n <div class=\"post\" style=\"margin-bottom:40px;\">\n <article>\n  <h3><a name=\"fadfd00a\" href=\"http:\/\/www.neu-isenburg.de\/pressemodul\/pressemitteilungen\/september\/meet-the-success-omar-afkir-kommt-nach-neu-isenburg\" style=\"color:#333333;\" target=\"_blank\">Meet the Success: Omar Afkir kommt nach Neu-Isenburg<\/a><\/h3>\n  <div class=\"entry\">\n   <p style=\"margin-bottom:4px;\">\n   <a href=\"http:\/\/www.neu-isenburg.de\/pressemodul\/pressemitteilungen\/september\/meet-the-success-omar-afkir-kommt-nach-neu-isenburg\" target=\"_blank\"><img decoding=\"async\" src=\"\/feeds\/gfx\/neu-isenburg.de.png\" style=\"align:left !important; float:left !important; margin-top:4px !important; margin-right:8px !important; margin-bottom:4px !important; width:90px !important;\" \/><\/a>    Ein Abend &uuml;ber Mut, Chancen und den eigenen Weg<br clear=\"all\" \/>   <\/p>\n   <div><span class=\"my_article_details\"><time datetime=\"2026-09-04\">04.09.2026<\/time> &middot; <\/span><a href=\"http:\/\/www.neu-isenburg.de\/pressemodul\/pressemitteilungen\/september\/meet-the-success-omar-afkir-kommt-nach-neu-isenburg\" title=\"Link zum Artikel auf neu-isenburg.de\" target=\"_blank\">neu-isenburg.de<\/a><\/div>\n  <\/div>\n <\/article>\n <\/div>\n <div class=\"post\" style=\"margin-bottom:40px;\">\n <article>\n  <h3><a name=\"5a363549\" href=\"https:\/\/www.op-online.de\/region\/seligenstadt\/40-geburtstag-mit-sorgenfalten-kunstforum-verliert-fachwerkhaus-aus-dem-jahr-1327-94475037.html\" style=\"color:#333333;\" target=\"_blank\">40. Geburtstag mit Sorgenfalten: Kunstforum verliert Fachwerkhaus aus dem Jahr 1327<\/a><\/h3>\n  <div class=\"entry\">\n   <p style=\"margin-bottom:4px;\">\n   <a href=\"https:\/\/www.op-online.de\/region\/seligenstadt\/40-geburtstag-mit-sorgenfalten-kunstforum-verliert-fachwerkhaus-aus-dem-jahr-1327-94475037.html\" target=\"_blank\"><img decoding=\"async\" src=\"https:\/\/www.op-online.de\/assets\/images\/43\/958\/43958058-das-kunstforum-hofft-dass-der-standort-nicht-nur-fuer-die-galerie-erhalten-bleibt-dr-udo-wahl-anne-kaiser-kolb-ruth-wahl-doris-juliana-heintschel-2uNJd6Gfkzef.jpg\" style=\"align:left !important; float:left !important; margin-top:4px !important; margin-right:8px !important; margin-bottom:4px !important; width:90px !important;\" \/><\/a>    Das &auml;lteste Fachwerkhaus von Seligenstadt soll verkauft werden. Das Kunstforum muss seine Galerie bis Januar 2027 r&auml;umen.<br clear=\"all\" \/>   <\/p>\n   <div><span class=\"my_article_details\"><time datetime=\"2026-09-04\">04.09.2026<\/time> &middot; <\/span><a href=\"https:\/\/www.op-online.de\/region\/seligenstadt\/40-geburtstag-mit-sorgenfalten-kunstforum-verliert-fachwerkhaus-aus-dem-jahr-1327-94475037.html\" title=\"Link zum Artikel auf op-online.de\" target=\"_blank\">op-online.de<\/a><\/div>\n  <\/div>\n <\/article>\n <\/div>\n <div class=\"post\" style=\"margin-bottom:40px;\">\n <article>\n  <h3><a name=\"7c68920e\" href=\"https:\/\/www.heusenstamm.de\/de\/buerger-und-stadt\/pressecenter\/aktuelle-meldungen\/detail\/item\/9840\/sieben-neue-integrationslotsinnen-und-lotsen-fuer-heusenstamm\" style=\"color:#333333;\" target=\"_blank\">Sieben neue Integrationslotsinnen und -lotsen f\u00fcr Heusenstamm<\/a><\/h3>\n  <div class=\"entry\">\n   <p style=\"margin-bottom:4px;\">\n   <a href=\"https:\/\/www.heusenstamm.de\/de\/buerger-und-stadt\/pressecenter\/aktuelle-meldungen\/detail\/item\/9840\/sieben-neue-integrationslotsinnen-und-lotsen-fuer-heusenstamm\" target=\"_blank\"><img decoding=\"async\" src=\"\/feeds\/gfx\/heusenstamm.de.png\" style=\"align:left !important; float:left !important; margin-top:4px !important; margin-right:8px !important; margin-bottom:4px !important; width:90px !important;\" \/><\/a>    Sieben neue Integrationslotsinnen und -lotsen sind ab sofort in Heusenstamm im Einsatz. Sie begleiten Menschen mit Migrationshintergrund im Alltag und helfen dabei, sich im neuen Lebensumfeld un ...<br clear=\"all\" \/>   <\/p>\n   <div><span class=\"my_article_details\"><time datetime=\"2026-09-04\">04.09.2026<\/time> &middot; <\/span><a href=\"https:\/\/www.heusenstamm.de\/de\/buerger-und-stadt\/pressecenter\/aktuelle-meldungen\/detail\/item\/9840\/sieben-neue-integrationslotsinnen-und-lotsen-fuer-heusenstamm\" title=\"Link zum Artikel auf heusenstamm.de\" target=\"_blank\">heusenstamm.de<\/a><\/div>\n  <\/div>\n <\/article>\n <\/div>\n <b>Mehr <a href=\"\/news\/offenbach-nachrichten\" title=\"Offenbach Nachrichten\">Offenbach-Nachrichten<\/a> ...<\/b>\n<\/div>\n<br \/>\n\n<div style=\"background-color:#efffef; margin-top:15px; margin-bottom:15px; padding:10px; text-align:left; word-wrap:break-word;\">\n<h2 style=\"margin:0px; margin-bottom:20px;\">Aktuelle Polizeimeldungen aus Rodgaus Umgebung<\/h2>\n <div class=\"post\" style=\"margin-bottom:40px;\">\n <article>\n  <h3><a href=\"https:\/\/www.presseportal.de\/blaulicht\/pm\/43561\/6346132\" style=\"color:#000000; font-weight:bold;\" target=\"_blank\">POL-OF: Schwerer Verkehrsunfall auf der Landesstra\u00dfe 3121 - sechs Personen verletzt<\/a><\/h3>\n  <div class=\"entry\">\n   <p style=\"margin-bottom:4px;\">   <a name=\"50dfa686\" href=\"https:\/\/www.presseportal.de\/blaulicht\/pm\/43561\/6346132\" target=\"_blank\"><img decoding=\"async\" src=\"\/feeds\/gfx\/POL-OF.jpg\" style=\"align:left !important; float:left !important; margin-top:4px !important; margin-right:8px !important; margin-bottom:4px !important; width:90px !important;\" \/><\/a>    Seligenstadt  (ots)      Am Samstagnachmittag kam es auf der L 3121 zu einem schweren Verkehrsunfall, bei dem insgesamt sechs Personen verletzt wurden, zwei davon schwer.  Gegen 13.55 Uhr befuhr ein grauer Toyota die L 3121 in Richtung Seligenstadt. Direkt ...<br clear=\"all\" \/>   <\/p>\n   <div><span class=\"my_article_details\"><time datetime=\"2026-09-05\">05.09.2026<\/time> &middot; <\/span><a href=\"https:\/\/www.presseportal.de\/blaulicht\/pm\/43561\/6346132\" title=\"Link zum Artikel auf presseportal.de\" target=\"_blank\">presseportal.de<\/a><\/div>\n  <\/div>\n <\/article>\n <\/div>\n <div class=\"post\" style=\"margin-bottom:40px;\">\n <article>\n  <h3><a href=\"https:\/\/www.presseportal.de\/blaulicht\/pm\/43561\/6345691\" style=\"color:#000000; font-weight:bold;\" target=\"_blank\">Polizei Offenbach am Main: Pressemeldungen vom 04.09.2026<\/a><\/h3>\n  <div class=\"entry\">\n   <p style=\"margin-bottom:4px;\">   <a name=\"e5a9da34\" href=\"https:\/\/www.presseportal.de\/blaulicht\/pm\/43561\/6345691\" target=\"_blank\"><img decoding=\"async\" src=\"\/feeds\/gfx\/POL-OF.jpg\" style=\"align:left !important; float:left !important; margin-top:4px !important; margin-right:8px !important; margin-bottom:4px !important; width:90px !important;\" \/><\/a>    ... <b>3. Nach Verdacht des Ladendiebstahls: Vorl\u00e4ufige Festnahme eines 57 Jahre alten Mannes - <a href=\"\/news\/offenbach-polizeimeldungen\" title=\"Polizeieins\u00e4tze Offenbach\">Offenbach<\/a><\/b>   (me) Ein 57 Jahre alter Mann aus Offenbach hat sich seit Donnerstagvormittag in zwei F\u00e4llen wegen des Verdachts des Ladendiebstahls zu verantworten. Nach dem derzeitigen Stand der Ermittlungen habe der Tatverd\u00e4chtige gegen 11.15 Uhr ein Bekleidungsgesch\u00e4ft ...<br clear=\"all\" \/><\/p><p style=\"margin-top:8px; margin-bottom:4px;\"><a href=\"https:\/\/www.presseportal.de\/blaulicht\/pm\/43561\/6345691\" target=\"_blank\"><img decoding=\"async\" src=\"\/feeds\/gfx\/POL-OF.jpg\" style=\"align:left !important; float:left !important; margin-top:4px !important; margin-right:8px !important; margin-bottom:4px !important; width:90px !important;\" \/><\/a> ... <b>4. Umh\u00e4ngetasche in Apotheke gestohlen: Polizei sucht Zeugen - <a href=\"\/news\/offenbach-polizeimeldungen\" title=\"Polizeieins\u00e4tze Offenbach\">Offenbach<\/a><\/b>   (fg) Ein bislang unbekanntes Duo hat am Donnerstagnachmittag, gegen 16.15 Uhr, einem Offenbacher in einer Apotheke am \"Marktplatz\" (einstellige Hausnummern) seine mitgef\u00fchrte Umh\u00e4ngetasche gestohlen. Anschlie\u00dfend sei der T\u00e4ter in Richtung Waldstra\u00dfe davongelaufen. ...<br clear=\"all\" \/><\/p><p style=\"margin-top:8px; margin-bottom:4px;\"><a href=\"https:\/\/www.presseportal.de\/blaulicht\/pm\/43561\/6345691\" target=\"_blank\"><img decoding=\"async\" src=\"\/feeds\/gfx\/POL-OF.jpg\" style=\"align:left !important; float:left !important; margin-top:4px !important; margin-right:8px !important; margin-bottom:4px !important; width:90px !important;\" \/><\/a> ... <b>5. Transit aufgebrochen und Werkzeuge geklaut: Zeugen bitte melden! - <a href=\"\/news\/dietzenbach-polizeimeldungen\" title=\"Polizeieins\u00e4tze Dietzenbach\">Dietzenbach<\/a><\/b>   (cb) Aus dem Fahrzeuginneren eines wei\u00dfen Fords, der in der Nordweststra\u00dfe (20er-Hausnummern) abgestellt war, klauten bislang Unbekannte verschiedene elektrische Werkzeuge im Wert von etwa 200 Euro. Zuvor hatten die T\u00e4ter in die Schiebet\u00fcr des Transits mit ...<br clear=\"all\" \/><\/p><p style=\"margin-top:8px; margin-bottom:4px;\"><a href=\"https:\/\/www.presseportal.de\/blaulicht\/pm\/43561\/6345691\" target=\"_blank\"><img decoding=\"async\" src=\"\/feeds\/gfx\/POL-OF.jpg\" style=\"align:left !important; float:left !important; margin-top:4px !important; margin-right:8px !important; margin-bottom:4px !important; width:90px !important;\" \/><\/a> ... <b>6. Vier Verletzte bei Auseinandersetzung auf Tankstellengel\u00e4nde - <a href=\"\/news\/muehlheim-polizeimeldungen\" title=\"Polizeieins\u00e4tze M\u00fchlheim\">M\u00fchlheim am Main<\/a><\/b>   (lei) Vier Verletzte sind die Bilanz einer k\u00f6rperlichen Auseinandersetzung am Donnerstagnachmittag in der Friedenstra\u00dfe. Auf dem Gel\u00e4nde einer Tankstelle, so die bisherigen Erkenntnisse, waren gegen 16.15 Uhr mehrere Personen wohl in einen Streit geraten, ...<br clear=\"all\" \/><\/p><p style=\"margin-top:8px; margin-bottom:4px;\"><a href=\"https:\/\/www.presseportal.de\/blaulicht\/pm\/43561\/6345691\" target=\"_blank\"><img decoding=\"async\" src=\"\/feeds\/gfx\/POL-OF.jpg\" style=\"align:left !important; float:left !important; margin-top:4px !important; margin-right:8px !important; margin-bottom:4px !important; width:90px !important;\" \/><\/a> ... <b>7. Unbekannter versuchten sich an Haustuer und Fahrzeugen: Hinweise erbeten - <a href=\"\/news\/roedermark-polizeimeldungen\" title=\"Polizeieins\u00e4tze R\u00f6dermark\">R\u00f6dermark<\/a><\/b>   (cb) Ein bis dato Unbekannter begab sich am Mittwoch, gegen 1.40 Uhr, zu der Haust\u00fcr eines Hauses im Leipziger Ring (270er-Hausnummern) und versuchte, diese gewaltsam aufzubrechen. Doch die T\u00fcr hielt dem Einbruchsversuch stand. Im Anschluss versuchte er, ...<br clear=\"all\" \/><\/p><p style=\"margin-top:8px; margin-bottom:4px;\"><a href=\"https:\/\/www.presseportal.de\/blaulicht\/pm\/43561\/6345691\" target=\"_blank\"><img decoding=\"async\" src=\"\/feeds\/gfx\/POL-OF.jpg\" style=\"align:left !important; float:left !important; margin-top:4px !important; margin-right:8px !important; margin-bottom:4px !important; width:90px !important;\" \/><\/a> ... <b>8. Verdacht der Bedrohung: Ermittlungen gegen 71-J\u00e4hrigen eingeleitet - <a href=\"\/news\/langen-polizeimeldungen\" title=\"Polizeieins\u00e4tze Langen\">Langen<\/a><\/b>   (me) Er soll in der Nacht zum Freitag die G\u00e4ste einer Lokalit\u00e4t in der Stra\u00dfe \"Europaplatz\" mit einem Messer bedroht haben: So die Vorw\u00fcrfe gegen einen 71 Jahre alten Mann aus dem Landkreis  ...<br clear=\"all\" \/><\/p><p style=\"margin-top:8px; margin-bottom:4px;\"><a href=\"https:\/\/www.presseportal.de\/blaulicht\/pm\/43561\/6345691\" target=\"_blank\"><img decoding=\"async\" src=\"\/feeds\/gfx\/POL-OF.jpg\" style=\"align:left !important; float:left !important; margin-top:4px !important; margin-right:8px !important; margin-bottom:4px !important; width:90px !important;\" \/><\/a> ... <b>9. Nach Zusammensto\u00df: Wem gehoert die Palette? - <a href=\"\/news\/hainburg-polizeimeldungen\" title=\"Polizeieins\u00e4tze Hainburg\">Hainburg<\/a><\/b>   (me) Wem geh\u00f6rte die Palette auf der Landesstra\u00dfe 3416? Das fragen sich aktuell die Gesetzesh\u00fcter der Polizeistation in Seligenstadt, nachdem ein Lenker eines BMW am Donnerstagabend, gegen 22.45 Uhr, mit dem auf der Fahrbahn liegenden h\u00f6lzernen Gegenstand ...<br clear=\"all\" \/><\/p><p style=\"margin-top:8px; margin-bottom:4px;\"><a href=\"https:\/\/www.presseportal.de\/blaulicht\/pm\/43561\/6345691\" target=\"_blank\"><img decoding=\"async\" src=\"\/feeds\/gfx\/POL-OF.jpg\" style=\"align:left !important; float:left !important; margin-top:4px !important; margin-right:8px !important; margin-bottom:4px !important; width:90px !important;\" \/><\/a> ... <b>10. Zeugensuche nach Verkehrsunfallflucht - <a href=\"\/news\/seligenstadt-polizeimeldungen\" title=\"Polizeieins\u00e4tze Seligenstadt\">Seligenstadt<\/a><\/b>   (me) Am Mittwoch, in der Zeit zwischen 7.45 Uhr und 15.15 Uhr, kam es in der Stra\u00dfe \"Dr.-Hermann-Neubauer-Ring\" (30er-Hausnummern) zu einer Verkehrsunfallflucht, bei welcher ein noch unbekannter Wagenlenker einen Schaden von etwa 2.000 Euro an einem grauen ...<br clear=\"all\" \/>   <\/p>\n   <div><span class=\"my_article_details\"><time datetime=\"2026-09-04\">04.09.2026<\/time> &middot; <\/span><a href=\"https:\/\/www.presseportal.de\/blaulicht\/pm\/43561\/6345691\" title=\"Link zum Artikel auf presseportal.de\" target=\"_blank\">presseportal.de<\/a><\/div>\n  <\/div>\n <\/article>\n <\/div>\n <div class=\"post\" style=\"margin-bottom:40px;\">\n <article>\n  <h3><a href=\"https:\/\/www.presseportal.de\/blaulicht\/pm\/43561\/6345126\" style=\"color:#000000; font-weight:bold;\" target=\"_blank\">Polizei Offenbach am Main: Pressemeldungen vom 03.09.2026<\/a><\/h3>\n  <div class=\"entry\">\n   <p style=\"margin-bottom:4px;\">   <a name=\"f8c287a0\" href=\"https:\/\/www.presseportal.de\/blaulicht\/pm\/43561\/6345126\" target=\"_blank\"><img decoding=\"async\" src=\"\/feeds\/gfx\/POL-OF.jpg\" style=\"align:left !important; float:left !important; margin-top:4px !important; margin-right:8px !important; margin-bottom:4px !important; width:90px !important;\" \/><\/a>    ... <b>1. 18-J\u00e4hriger von zwei Unbekannten geschlagen: Zeugen gesucht! -Offenbach<\/b>   (cb) Nachdem ein 18-J\u00e4hriger am Mittwochabend von zwei bis dato Unbekannten mehrfach mit einem stock\u00e4hnlichen Gegenstand geschlagen wurde und schwere Kopfverletzungen davontrug, hat die Kripo die Ermittlungen aufgenommen. Nach dem derzeitigen Erkenntnisstand ...<br clear=\"all\" \/><\/p><p style=\"margin-top:8px; margin-bottom:4px;\"><a href=\"https:\/\/www.presseportal.de\/blaulicht\/pm\/43561\/6345126\" target=\"_blank\"><img decoding=\"async\" src=\"\/feeds\/gfx\/POL-OF.jpg\" style=\"align:left !important; float:left !important; margin-top:4px !important; margin-right:8px !important; margin-bottom:4px !important; width:90px !important;\" \/><\/a> ... <b>2. Nach Rotlichtversto\u00df: Kontrolle endet mit mehreren tausend Euro Sachschaden - <a href=\"\/news\/offenbach-polizeimeldungen\" title=\"Polizeieins\u00e4tze Offenbach\">Offenbach<\/a><\/b>   (me) Eine Verkehrskontrolle am fr\u00fchen Donnerstagmorgen endete mit einer kurzen Nachfahrt und mehreren tausend Euro Sachschaden. Gegen 1.30 Uhr sollte ein 43 Jahre alter Mann einer Kontrolle unterzogen werden, nachdem dieser zuvor im Bereich der Kaiserstra\u00dfe ...<br clear=\"all\" \/><\/p><p style=\"margin-top:8px; margin-bottom:4px;\"><a href=\"https:\/\/www.presseportal.de\/blaulicht\/pm\/43561\/6345126\" target=\"_blank\"><img decoding=\"async\" src=\"\/feeds\/gfx\/POL-OF.jpg\" style=\"align:left !important; float:left !important; margin-top:4px !important; margin-right:8px !important; margin-bottom:4px !important; width:90px !important;\" \/><\/a> ... <b>3. Teils gefuellter Benzinkanister aufgefunden: Polizei ermittelt - <a href=\"\/news\/obertshausen-polizeimeldungen\" title=\"Polizeieins\u00e4tze Obertshausen\">Obertshausen<\/a><\/b>   (cb) Nachdem die Polizei in der N\u00e4he eines Waldes im Bereich Obertshausen einen teilweise noch gef\u00fcllten Benzinkanister fand und Teile der Substanz, bei der es sich um Benzin handeln d\u00fcrfte, durch einen Unbekannten im Bereich eines Gr\u00fcnstreifens neben der ...<br clear=\"all\" \/><\/p><p style=\"margin-top:8px; margin-bottom:4px;\"><a href=\"https:\/\/www.presseportal.de\/blaulicht\/pm\/43561\/6345126\" target=\"_blank\"><img decoding=\"async\" src=\"\/feeds\/gfx\/POL-OF.jpg\" style=\"align:left !important; float:left !important; margin-top:4px !important; margin-right:8px !important; margin-bottom:4px !important; width:90px !important;\" \/><\/a> ... <b>4. Fu\u00dfg\u00e4nger und mutma\u00dflich dunkelgrauer Wagen kollidierten: Wer hat den Zusammensto\u00df beobachtet? - <a href=\"\/news\/obertshausen-polizeimeldungen\" title=\"Polizeieins\u00e4tze Obertshausen\">Obertshausen<\/a><\/b>   (me) Bereits am Freitag (7. August), gegen 6.45 Uhr, kam es auf der Seligenst\u00e4dter Stra\u00dfe (50er-Hausnummern) im Bereich einer dortigen Bushaltestelle zu einer Kollision zwischen einem die Stra\u00dfe querenden Fu\u00dfg\u00e4nger und einem vermutlich dunkelgrauen Wagen. ...<br clear=\"all\" \/><\/p><p style=\"margin-top:8px; margin-bottom:4px;\"><a href=\"https:\/\/www.presseportal.de\/blaulicht\/pm\/43561\/6345126\" target=\"_blank\"><img decoding=\"async\" src=\"\/feeds\/gfx\/POL-OF.jpg\" style=\"align:left !important; float:left !important; margin-top:4px !important; margin-right:8px !important; margin-bottom:4px !important; width:90px !important;\" \/><\/a> ... <b>5. Betrueger erbeuteten Schmuck: Ermittlungen eingeleitet - <a href=\"\/news\/roedermark-polizeimeldungen\" title=\"Polizeieins\u00e4tze R\u00f6dermark\">R\u00f6dermark<\/a><\/b>   (cb) Etwa Ende 30 Jahre, ungef\u00e4hr 1,60 Meter gro\u00df, von kr\u00e4ftiger Statur, Basecap mit gelber Stickerei auf dem Kopf und dunkel gekleidet: So liest sich die Personenbeschreibung eines Abholers, der am Mittwochnachmittag von einem Rentnerpaar in R\u00f6dermark Schmuck ...<br clear=\"all\" \/><\/p><p style=\"margin-top:8px; margin-bottom:4px;\"><a href=\"https:\/\/www.presseportal.de\/blaulicht\/pm\/43561\/6345126\" target=\"_blank\"><img decoding=\"async\" src=\"\/feeds\/gfx\/POL-OF.jpg\" style=\"align:left !important; float:left !important; margin-top:4px !important; margin-right:8px !important; margin-bottom:4px !important; width:90px !important;\" \/><\/a> ... <b>6. Besitzer nach Hundebiss gesucht - <a href=\"\/news\/neu-isenburg-polizeimeldungen\" title=\"Polizeieins\u00e4tze Neu-Isenburg\">Neu-Isenburg<\/a><\/b>   (me) Wegen des Verdachts der fahrl\u00e4ssigen K\u00f6rperverletzung ermittelt derzeit die Polizei, nachdem ein 68-J\u00e4hriger durch einen Hund gebissen wurde. Nach dem derzeitigen Stand der Ermittlungen war der Isenburger mit seinem Hund am Montag, gegen 11.40 Uhr, in ...<br clear=\"all\" \/><\/p><p style=\"margin-top:8px; margin-bottom:4px;\"><a href=\"https:\/\/www.presseportal.de\/blaulicht\/pm\/43561\/6345126\" target=\"_blank\"><img decoding=\"async\" src=\"\/feeds\/gfx\/POL-OF.jpg\" style=\"align:left !important; float:left !important; margin-top:4px !important; margin-right:8px !important; margin-bottom:4px !important; width:90px !important;\" \/><\/a> ... <b>7. Parzellen in Kleingartenanlage gerieten in Brand: Polizei nahm Ermittlungen auf - <a href=\"\/news\/neu-isenburg-polizeimeldungen\" title=\"Polizeieins\u00e4tze Neu-Isenburg\">Neu-Isenburg<\/a><\/b>   (me) Noch unklar sind die Hintergr\u00fcnde zur Entstehung eines Brandes am Mittwochnachmittag, bei dem ein Schaden von gesch\u00e4tzten 14.000 Euro entstand. Gegen 17.20 Uhr erhielten die Feuerwehr und die Polizei die Mitteilung \u00fcber eine gr\u00f6\u00dfere Rauchwolke im Bereich ...<br clear=\"all\" \/><\/p><p style=\"margin-top:8px; margin-bottom:4px;\"><a href=\"https:\/\/www.presseportal.de\/blaulicht\/pm\/43561\/6345126\" target=\"_blank\"><img decoding=\"async\" src=\"\/feeds\/gfx\/POL-OF.jpg\" style=\"align:left !important; float:left !important; margin-top:4px !important; margin-right:8px !important; margin-bottom:4px !important; width:90px !important;\" \/><\/a> ... <b>8. Ford Mondeo beim Ein- oder Ausparken besch\u00e4digt - <a href=\"\/news\/neu-isenburg-polizeimeldungen\" title=\"Polizeieins\u00e4tze Neu-Isenburg\">Neu-Isenburg<\/a><\/b>   (me) Die Beamten aus der Hugenottenstadt suchen nach Zeugen eines Verkehrsunfalls, der sich bereits zwischen Freitag (14. August), 8 Uhr und Samstag (15. August), 11.40 Uhr, ereignet hat. Nach derzeitigen Erkenntnissen fuhr ein unbekannter Verkehrsteilnehmer ...<br clear=\"all\" \/><\/p><p style=\"margin-top:8px; margin-bottom:4px;\"><a href=\"https:\/\/www.presseportal.de\/blaulicht\/pm\/43561\/6345126\" target=\"_blank\"><img decoding=\"async\" src=\"\/feeds\/gfx\/POL-OF.jpg\" style=\"align:left !important; float:left !important; margin-top:4px !important; margin-right:8px !important; margin-bottom:4px !important; width:90px !important;\" \/><\/a> ... <b>9. Fenster von Linienbus durch Au\u00dfenspiegel besch\u00e4digt: Hinweise erbeten! - <a href=\"\/news\/dreieich-polizeimeldungen\" title=\"Polizeieins\u00e4tze Dreieich\">Dreieich<\/a><\/b>   (me) Klirrende Ger\u00e4usche und viele Scherben nahmen Anwohner der Frankfurter Stra\u00dfe (100er-Hausnummern) am Mittwochabend wahr, als mehrere Fenster eines Linienbusses zu Bruch gingen. Nach den bisherigen Erkenntnissen war das \u00f6ffentliche Verkehrsmittel gegen ...<br clear=\"all\" \/><\/p><p style=\"margin-top:8px; margin-bottom:4px;\"><a href=\"https:\/\/www.presseportal.de\/blaulicht\/pm\/43561\/6345126\" target=\"_blank\"><img decoding=\"async\" src=\"\/feeds\/gfx\/POL-OF.jpg\" style=\"align:left !important; float:left !important; margin-top:4px !important; margin-right:8px !important; margin-bottom:4px !important; width:90px !important;\" \/><\/a> ... <b>10. Verdacht der exhibitionistischen Handlungen: Ermittlungen gegen 63-J\u00e4hrigen eingeleitet - Mainhausen<\/b>   (me) Er soll Mittwochnachmittag ohne Hose in einem Wald nahe der Mainflinger Stra\u00dfe umhergelaufen sein: So die Vorw\u00fcrfe gegen einen 63 Jahre alten Mann, den Beamte der Polizeistation in Seligenstadt z\u00fcgig vorl\u00e4ufig festnahmen. Gegen 15.20 Uhr wurden die Ordnungsh\u00fcter ...<br clear=\"all\" \/>   <\/p>\n   <div><span class=\"my_article_details\"><time datetime=\"2026-09-03\">03.09.2026<\/time> &middot; <\/span><a href=\"https:\/\/www.presseportal.de\/blaulicht\/pm\/43561\/6345126\" title=\"Link zum Artikel auf presseportal.de\" target=\"_blank\">presseportal.de<\/a><\/div>\n  <\/div>\n <\/article>\n <\/div>\n <div class=\"post\" style=\"margin-bottom:40px;\">\n <article>\n  <h3><a href=\"https:\/\/www.presseportal.de\/blaulicht\/pm\/43561\/6344496\" style=\"color:#000000; font-weight:bold;\" target=\"_blank\">Polizei Offenbach am Main: Pressemeldungen vom 02.09.2026<\/a><\/h3>\n  <div class=\"entry\">\n   <p style=\"margin-bottom:4px;\">   <a name=\"bdd58118\" href=\"https:\/\/www.presseportal.de\/blaulicht\/pm\/43561\/6344496\" target=\"_blank\"><img decoding=\"async\" src=\"\/feeds\/gfx\/POL-OF.jpg\" style=\"align:left !important; float:left !important; margin-top:4px !important; margin-right:8px !important; margin-bottom:4px !important; width:90px !important;\" \/><\/a>    ... <b>1. Grillplatzbesucher mit Pfefferspray besprueht: Zeugen gesucht! - <a href=\"\/news\/offenbach-polizeimeldungen\" title=\"Polizeieins\u00e4tze Offenbach\">Offenbach<\/a><\/b>   (cb) Mehrere Besucher eines Grillplatzes in der Mainstra\u00dfe erlitten am Dienstagabend leichte Verletzungen, nachdem ein Unbekannter sie mit Pfefferspray bespr\u00fcht hatte. Nach dem derzeitigen Stand der Ermittlungen n\u00e4herte sich der 30 bis 40 Jahre alte T\u00e4ter ...<br clear=\"all\" \/><\/p><p style=\"margin-top:8px; margin-bottom:4px;\"><a href=\"https:\/\/www.presseportal.de\/blaulicht\/pm\/43561\/6344496\" target=\"_blank\"><img decoding=\"async\" src=\"\/feeds\/gfx\/POL-OF.jpg\" style=\"align:left !important; float:left !important; margin-top:4px !important; margin-right:8px !important; margin-bottom:4px !important; width:90px !important;\" \/><\/a> ... <b>2. Auseinandersetzung auf Parkplatz: Zeugen bitte melden! - <a href=\"\/news\/offenbach-polizeimeldungen\" title=\"Polizeieins\u00e4tze Offenbach\">Offenbach<\/a><\/b>   (cb) Am Dienstagnachmittag, gegen 16.10 Uhr, soll es auf einem Parkplatz in der Rowentastra\u00dfe (einstellige Hausnummern) zu einer Auseinandersetzung zwischen zwei M\u00e4nnern gekommen sein, weshalb die Polizei die Ermittlungen aufgenommen hat. Kurz zuvor soll ...<br clear=\"all\" \/><\/p><p style=\"margin-top:8px; margin-bottom:4px;\"><a href=\"https:\/\/www.presseportal.de\/blaulicht\/pm\/43561\/6344496\" target=\"_blank\"><img decoding=\"async\" src=\"\/feeds\/gfx\/POL-OF.jpg\" style=\"align:left !important; float:left !important; margin-top:4px !important; margin-right:8px !important; margin-bottom:4px !important; width:90px !important;\" \/><\/a> ... <b>3. Zeugensuche nach Wohnungseinbruch - <a href=\"\/news\/offenbach-polizeimeldungen\" title=\"Polizeieins\u00e4tze Offenbach\">Offenbach<\/a><\/b>   (cb) Nachdem vier Unbekannte am Dienstagabend in die Wohnung eines Mehrfamilienhauses in der Krafftstra\u00dfe (einstellige Hausnummern) eingedrungen waren, suchen die Beamten der Kripo Zeugen der Tat. Nach dem derzeitigen Stand der Ermittlungen verschaffte sich ...<br clear=\"all\" \/><\/p><p style=\"margin-top:8px; margin-bottom:4px;\"><a href=\"https:\/\/www.presseportal.de\/blaulicht\/pm\/43561\/6344496\" target=\"_blank\"><img decoding=\"async\" src=\"\/feeds\/gfx\/POL-OF.jpg\" style=\"align:left !important; float:left !important; margin-top:4px !important; margin-right:8px !important; margin-bottom:4px !important; width:90px !important;\" \/><\/a> ... <b>4. Zeugensuche nach Einbruch in Gastst\u00e4tte - <a href=\"\/news\/dreieich-polizeimeldungen\" title=\"Polizeieins\u00e4tze Dreieich\">Dreieich<\/a><\/b>   (fg) Wer hat am Dienstagmorgen, zwischen 1.20 Uhr und 1.40 Uhr, in der Hainer Chaussee (20er-Hausnummern) verd\u00e4chtige Personen oder Beobachtungen gemacht? Nach einem Einbruch in die Gastst\u00e4tte eines Tennisclubs bittet die Polizei um Hinweise aus der Bev\u00f6lkerung. ...<br clear=\"all\" \/><\/p><p style=\"margin-top:8px; margin-bottom:4px;\"><a href=\"https:\/\/www.presseportal.de\/blaulicht\/pm\/43561\/6344496\" target=\"_blank\"><img decoding=\"async\" src=\"\/feeds\/gfx\/POL-OF.jpg\" style=\"align:left !important; float:left !important; margin-top:4px !important; margin-right:8px !important; margin-bottom:4px !important; width:90px !important;\" \/><\/a> ... <b>5. Trio fluechtete mit Kabel von der Lades\u00e4ule: Hinweise erbeten - <a href=\"\/news\/egelsbach-polizeimeldungen\" title=\"Polizeieins\u00e4tze Egelsbach\">Egelsbach<\/a><\/b>   (cb) Sie sollen das Ladekabel einer E-Lades\u00e4ule durchtrennt und das Kabel mitgenommen haben: So lautet der Vorwurf gegen drei bislang Unbekannte. W\u00e4hrend am Dienstagabend einer der T\u00e4ter in einem wei\u00dfen Audi wartete, begaben sich seine zwei Komplizen zu der ...<br clear=\"all\" \/>   <\/p>\n   <div><span class=\"my_article_details\"><time datetime=\"2026-09-02\">02.09.2026<\/time> &middot; <\/span><a href=\"https:\/\/www.presseportal.de\/blaulicht\/pm\/43561\/6344496\" title=\"Link zum Artikel auf presseportal.de\" target=\"_blank\">presseportal.de<\/a><\/div>\n  <\/div>\n <\/article>\n <\/div>\n <div class=\"post\" style=\"margin-bottom:40px;\">\n <article>\n  <h3><a href=\"https:\/\/www.presseportal.de\/blaulicht\/pm\/43561\/6343509\" style=\"color:#000000; font-weight:bold;\" target=\"_blank\">Polizei Offenbach am Main: Pressemeldungen vom 01.09.2026<\/a><\/h3>\n  <div class=\"entry\">\n   <p style=\"margin-bottom:4px;\">   <a name=\"e256ef85\" href=\"https:\/\/www.presseportal.de\/blaulicht\/pm\/43561\/6343509\" target=\"_blank\"><img decoding=\"async\" src=\"\/feeds\/gfx\/POL-OF.jpg\" style=\"align:left !important; float:left !important; margin-top:4px !important; margin-right:8px !important; margin-bottom:4px !important; width:90px !important;\" \/><\/a>    ... <b>2. Ausbildungskontrolle auf der Bundesstra\u00dfe 448: Dacia-Fahrerin deutlich zu schnell unterwegs - <a href=\"\/news\/offenbach-polizeimeldungen\" title=\"Polizeieins\u00e4tze Offenbach\">Offenbach<\/a><\/b>   (fg) Am Montag f\u00fchrten Beamtinnen und Beamten des Sachgebiets Verkehrs\u00fcberwachung \/ Verkehrselektronik gemeinsam mit Polizeianw\u00e4rterinnen und Polizeianw\u00e4rtern im Rahmen einer Ausbildungskontrolle eine Geschwindigkeitsmessung am Ausbauende der Bundesstra\u00dfe ...<br clear=\"all\" \/><\/p><p style=\"margin-top:8px; margin-bottom:4px;\"><a href=\"https:\/\/www.presseportal.de\/blaulicht\/pm\/43561\/6343509\" target=\"_blank\"><img decoding=\"async\" src=\"\/feeds\/gfx\/POL-OF.jpg\" style=\"align:left !important; float:left !important; margin-top:4px !important; margin-right:8px !important; margin-bottom:4px !important; width:90px !important;\" \/><\/a> ... <b>3. Unfallzeugen bitte melden - <a href=\"\/news\/dietzenbach-polizeimeldungen\" title=\"Polizeieins\u00e4tze Dietzenbach\">Dietzenbach<\/a><\/b>   (cb) Kratzer und Dellen mit einer Schadensh\u00f6he von etwa 2.000 Euro weist seit kurzem ein VW auf. Der Wagen mit F-Kennzeichen war zwischen Sonntag, 20 Uhr und Montag, 7.30 Uhr, am Fahrbahnrand der Stra\u00dfe \"Kind\u00e4cker Weg\" (einstellige Hausnummern) abgestellt. ...<br clear=\"all\" \/><\/p><p style=\"margin-top:8px; margin-bottom:4px;\"><a href=\"https:\/\/www.presseportal.de\/blaulicht\/pm\/43561\/6343509\" target=\"_blank\"><img decoding=\"async\" src=\"\/feeds\/gfx\/POL-OF.jpg\" style=\"align:left !important; float:left !important; margin-top:4px !important; margin-right:8px !important; margin-bottom:4px !important; width:90px !important;\" \/><\/a> ... <b>4. Eingangstuer und Automaten aufgehebelt: Zeugensuche! - <a href=\"\/news\/dietzenbach-polizeimeldungen\" title=\"Polizeieins\u00e4tze Dietzenbach\">Dietzenbach<\/a><\/b>   (fg) Wer am Montagmorgen, gegen 4.50 Uhr, im Bereich einer Spielhalle in der Paul-Ehrlich-Stra\u00dfe (einstellige Hausnummern) unterwegs war, k\u00f6nnte wichtige Beobachtungen gemacht haben. Denn die Polizei ermittelt nach einem Einbruch und hofft dabei auf Hinweise ...<br clear=\"all\" \/><\/p><p style=\"margin-top:8px; margin-bottom:4px;\"><a href=\"https:\/\/www.presseportal.de\/blaulicht\/pm\/43561\/6343509\" target=\"_blank\"><img decoding=\"async\" src=\"\/feeds\/gfx\/POL-OF.jpg\" style=\"align:left !important; float:left !important; margin-top:4px !important; margin-right:8px !important; margin-bottom:4px !important; width:90px !important;\" \/><\/a> ... <b>5. Fassade und Fenster durch unbekannten Wagenlenker besch\u00e4digt: Wer hat den Unfall beobachtet? - <a href=\"\/news\/langen-polizeimeldungen\" title=\"Polizeieins\u00e4tze Langen\">Langen<\/a><\/b>   (me) In der Bahnstra\u00dfe (40er-Hausnummern) auf dem Parkplatz einer dortigen Schule kam es zwischen Montag, 22 Uhr und Dienstag, 8 Uhr, zu einer Verkehrsunfallflucht, bei welcher ein Verkehrsteilnehmer einen Schaden von \u00fcber tausend Euro anrichtete. Mutma\u00dflich ...<br clear=\"all\" \/><\/p><p style=\"margin-top:8px; margin-bottom:4px;\"><a href=\"https:\/\/www.presseportal.de\/blaulicht\/pm\/43561\/6343509\" target=\"_blank\"><img decoding=\"async\" src=\"\/feeds\/gfx\/POL-OF.jpg\" style=\"align:left !important; float:left !important; margin-top:4px !important; margin-right:8px !important; margin-bottom:4px !important; width:90px !important;\" \/><\/a> ... <b>7. Fenster von Schule besch\u00e4digt: Polizei ermittelt und bittet um Hinweise - <a href=\"\/news\/seligenstadt-polizeimeldungen\" title=\"Polizeieins\u00e4tze Seligenstadt\">Seligenstadt<\/a><\/b>   (me) Wegen des Verdachts der Sachbesch\u00e4digung und des Hausfriedensbruchs ermittelt derzeit die Polizei, nachdem sich ein Unbekannter zwischen Freitag, 18 Uhr und Montag, 8.30 Uhr, widerrechtlich auf das Dach einer Schule in der Einhardstra\u00dfe begeben und dort ...<br clear=\"all\" \/><\/p><p style=\"margin-top:8px; margin-bottom:4px;\"><a href=\"https:\/\/www.presseportal.de\/blaulicht\/pm\/43561\/6343509\" target=\"_blank\"><img decoding=\"async\" src=\"\/feeds\/gfx\/POL-OF.jpg\" style=\"align:left !important; float:left !important; margin-top:4px !important; margin-right:8px !important; margin-bottom:4px !important; width:90px !important;\" \/><\/a> ... <b>8. 32-J\u00e4hrige soll Busfahrer beleidigt haben: Ermittlungen eingeleitet - <a href=\"\/news\/seligenstadt-polizeimeldungen\" title=\"Polizeieins\u00e4tze Seligenstadt\">Seligenstadt<\/a><\/b>   (cb) Noch unklar sind die Hintergr\u00fcnde eines Vorfalls, der sich am Montagnachmittag in der Linie 86 am Seligenst\u00e4dter Bahnhof ereignet hat. Die Polizei hat Ermittlungen gegen eine 32-J\u00e4hrige eingeleitet, die den Busfahrer mehrfach in ausl\u00e4ndischer Sprache ...<br clear=\"all\" \/>   <\/p>\n   <div><span class=\"my_article_details\"><time datetime=\"2026-09-01\">01.09.2026<\/time> &middot; <\/span><a href=\"https:\/\/www.presseportal.de\/blaulicht\/pm\/43561\/6343509\" title=\"Link zum Artikel auf presseportal.de\" target=\"_blank\">presseportal.de<\/a><\/div>\n  <\/div>\n <\/article>\n <\/div>\n <div class=\"post\" style=\"margin-bottom:40px;\">\n <article>\n  <h3><a href=\"https:\/\/www.presseportal.de\/blaulicht\/pm\/43561\/6342886\" style=\"color:#000000; font-weight:bold;\" target=\"_blank\">Polizei Offenbach am Main: Pressemeldungen vom 31.08.2026<\/a><\/h3>\n  <div class=\"entry\">\n   <p style=\"margin-bottom:4px;\">   <a name=\"22c8a8db\" href=\"https:\/\/www.presseportal.de\/blaulicht\/pm\/43561\/6342886\" target=\"_blank\"><img decoding=\"async\" src=\"\/feeds\/gfx\/POL-OF.jpg\" style=\"align:left !important; float:left !important; margin-top:4px !important; margin-right:8px !important; margin-bottom:4px !important; width:90px !important;\" \/><\/a>    ... <b>1. Schnelle Festnahme eines 41-J\u00e4hrigen - <a href=\"\/news\/offenbach-polizeimeldungen\" title=\"Polizeieins\u00e4tze Offenbach\">Offenbach<\/a><\/b>   (me) Er soll einer Fu\u00dfg\u00e4ngerin am Sonntagmorgen beim Vorbeilaufen an ihr Ges\u00e4\u00df gefasst haben: So die Vorw\u00fcrfe gegen einen 31 Jahre alten Mann, den Beamte aus Offenbach z\u00fcgig vorl\u00e4ufig festnahmen. Gegen den 31-J\u00e4hrigen wird nun wegen des Verdachts der sexuellen ...<br clear=\"all\" \/><\/p><p style=\"margin-top:8px; margin-bottom:4px;\"><a href=\"https:\/\/www.presseportal.de\/blaulicht\/pm\/43561\/6342886\" target=\"_blank\"><img decoding=\"async\" src=\"\/feeds\/gfx\/POL-OF.jpg\" style=\"align:left !important; float:left !important; margin-top:4px !important; margin-right:8px !important; margin-bottom:4px !important; width:90px !important;\" \/><\/a> ... <b>2. Einbrecher erbeuteten Tresor: Wer hat etwas gesehen? - <a href=\"\/news\/dietzenbach-polizeimeldungen\" title=\"Polizeieins\u00e4tze Dietzenbach\">Dietzenbach<\/a><\/b>   (fg) Einbrecher waren am Sonntagmorgen in einer Gastst\u00e4tte in der Offenbacher Stra\u00dfe (10er-Hausnummern) zugange und entwendeten einen Tresor. Die Kriminalpolizei hat die Ermittlungen \u00fcbernommen und sucht nun nach Zeugen. Zwischen Mitternacht und 5 Uhr verschafften ...<br clear=\"all\" \/><\/p><p style=\"margin-top:8px; margin-bottom:4px;\"><a href=\"https:\/\/www.presseportal.de\/blaulicht\/pm\/43561\/6342886\" target=\"_blank\"><img decoding=\"async\" src=\"\/feeds\/gfx\/POL-OF.jpg\" style=\"align:left !important; float:left !important; margin-top:4px !important; margin-right:8px !important; margin-bottom:4px !important; width:90px !important;\" \/><\/a> ... <b>3. 24-J\u00e4hriger soll mehrfach Hitlergru\u00df gezeigt haben: Ermittlungen eingeleitet - <a href=\"\/news\/neu-isenburg-polizeimeldungen\" title=\"Polizeieins\u00e4tze Neu-Isenburg\">Neu-Isenburg<\/a><\/b>   (cb) Nachdem ein 25 Jahre alter Mann aus Offenbach am Samstag mehrfach den Hitlergru\u00df gezeigt haben soll, haben die Beamten der Staatsschutzabteilung die Ermittlungen wegen des Verdachts des Verwendens von Kennzeichen verfassungswidriger Organisationen eingeleitet. ...<br clear=\"all\" \/><\/p><p style=\"margin-top:8px; margin-bottom:4px;\"><a href=\"https:\/\/www.presseportal.de\/blaulicht\/pm\/43561\/6342886\" target=\"_blank\"><img decoding=\"async\" src=\"\/feeds\/gfx\/POL-OF.jpg\" style=\"align:left !important; float:left !important; margin-top:4px !important; margin-right:8px !important; margin-bottom:4px !important; width:90px !important;\" \/><\/a> ... <b>4. Mercedes Vito zerkratzt: Zeugensuche! - <a href=\"\/news\/dreieich-polizeimeldungen\" title=\"Polizeieins\u00e4tze Dreieich\">Dreieich<\/a><\/b>   (fg) Unbekannte haben zwischen Freitagabend, 19.30 Uhr und Samstagnachmittag, 16 Uhr, einen in der Stra\u00dfe \"Im Weibelfeld\" (einstellige Hausnummern) in Sprendlingen abgestellten Mercedes Vito zerkratzt und hierdurch einen Schaden von mehreren tausend Euro ...<br clear=\"all\" \/><\/p><p style=\"margin-top:8px; margin-bottom:4px;\"><a href=\"https:\/\/www.presseportal.de\/blaulicht\/pm\/43561\/6342886\" target=\"_blank\"><img decoding=\"async\" src=\"\/feeds\/gfx\/POL-OF.jpg\" style=\"align:left !important; float:left !important; margin-top:4px !important; margin-right:8px !important; margin-bottom:4px !important; width:90px !important;\" \/><\/a> ... <b>5. VW Sharan besch\u00e4digt: Wer sah die Unfallflucht? - <a href=\"\/news\/roedermark-polizeimeldungen\" title=\"Polizeieins\u00e4tze R\u00f6dermark\">R\u00f6dermark<\/a><\/b>   (fg) Nach einer Verkehrsunfallflucht im Bereich der Stra\u00dfen \"Auf d. Tiefen Wiese\" \/ Feldstra\u00dfe, bei der ein Schaden von rund 6.000 Euro entstand, ermittelt die Polizei und sucht nach Zeugen. Nach bisherigen Erkenntnissen d\u00fcrfte sich die Tat am Sonntagmorgen, ...<br clear=\"all\" \/><\/p><p style=\"margin-top:8px; margin-bottom:4px;\"><a href=\"https:\/\/www.presseportal.de\/blaulicht\/pm\/43561\/6342886\" target=\"_blank\"><img decoding=\"async\" src=\"\/feeds\/gfx\/POL-OF.jpg\" style=\"align:left !important; float:left !important; margin-top:4px !important; margin-right:8px !important; margin-bottom:4px !important; width:90px !important;\" \/><\/a> ... <b>6. Zeugensuche: Hakenkreuze und Symbole im Treppenhaus - <a href=\"\/news\/langen-polizeimeldungen\" title=\"Polizeieins\u00e4tze Langen\">Langen<\/a><\/b>   (cb) Die Beamten der Staatsschutzabteilung suchen Zeugen einer Tat, welche sich zwischen Samstag, 13 Uhr und Sonntag, 12 Uhr, ereignete. Demnach haben bis dato Unbekannte mehrere Hakenkreuze und rassistische Symbole in das Treppenhaus eines Hochhauses in ...<br clear=\"all\" \/><\/p><p style=\"margin-top:8px; margin-bottom:4px;\"><a href=\"https:\/\/www.presseportal.de\/blaulicht\/pm\/43561\/6342886\" target=\"_blank\"><img decoding=\"async\" src=\"\/feeds\/gfx\/POL-OF.jpg\" style=\"align:left !important; float:left !important; margin-top:4px !important; margin-right:8px !important; margin-bottom:4px !important; width:90px !important;\" \/><\/a> ... <b>7. Gauner machte sich an Zweir\u00e4dern zu schaffen: Polizei bittet um Hinweise - <a href=\"\/news\/langen-polizeimeldungen\" title=\"Polizeieins\u00e4tze Langen\">Langen<\/a><\/b>   (me) Nachdem ein Unbekannter sich mutma\u00dflich \u00fcber das Wochenende an mehreren, in einer Tiefgarage stehenden Zweir\u00e4dern zu schaffen gemacht und eines von ihnen entwendet hatte, ermittelt die Polizei und bittet in diesem Zusammenhang um Hinweise. Neben einer ...<br clear=\"all\" \/><\/p><p style=\"margin-top:8px; margin-bottom:4px;\"><a href=\"https:\/\/www.presseportal.de\/blaulicht\/pm\/43561\/6342886\" target=\"_blank\"><img decoding=\"async\" src=\"\/feeds\/gfx\/POL-OF.jpg\" style=\"align:left !important; float:left !important; margin-top:4px !important; margin-right:8px !important; margin-bottom:4px !important; width:90px !important;\" \/><\/a> ... <b>8. Bargeld und Schmuck aus Wohnung geklaut: Polizei sucht Dieb mit Personenbeschreibung - <a href=\"\/news\/langen-polizeimeldungen\" title=\"Polizeieins\u00e4tze Langen\">Langen<\/a><\/b>   (me) In einem Mehrfamilienhaus in der Stra\u00dfe \"Im Singes\" in den dortigen einstelligen Hausnummern kam es am Freitag, gegen 20.45 Uhr, zu einem Diebstahl von Bargeld und Schmuck. Nach dem bisherigen Stand der Ermittlungen verschaffte sich ein etwa 30 Jahre ...<br clear=\"all\" \/><\/p><p style=\"margin-top:8px; margin-bottom:4px;\"><a href=\"https:\/\/www.presseportal.de\/blaulicht\/pm\/43561\/6342886\" target=\"_blank\"><img decoding=\"async\" src=\"\/feeds\/gfx\/POL-OF.jpg\" style=\"align:left !important; float:left !important; margin-top:4px !important; margin-right:8px !important; margin-bottom:4px !important; width:90px !important;\" \/><\/a> ... <b>9. Motorrad bei Diebstahlversuch besch\u00e4digt und zurueckgelassen - <a href=\"\/news\/hainburg-polizeimeldungen\" title=\"Polizeieins\u00e4tze Hainburg\">Hainburg<\/a><\/b>   (me) Ein bislang noch unbekanntes Gauner-Duo musste am fr\u00fchen Montagmorgen das Objekt ihrer Begierde zur\u00fccklassen. Nach den bisherigen Erkenntnissen machten sich die beiden gegen 1 Uhr an einem in der Ludwig-Erhard-Stra\u00dfe abgestellten Zweirad zu schaffen. ...<br clear=\"all\" \/><\/p><p style=\"margin-top:8px; margin-bottom:4px;\"><a href=\"https:\/\/www.presseportal.de\/blaulicht\/pm\/43561\/6342886\" target=\"_blank\"><img decoding=\"async\" src=\"\/feeds\/gfx\/POL-OF.jpg\" style=\"align:left !important; float:left !important; margin-top:4px !important; margin-right:8px !important; margin-bottom:4px !important; width:90px !important;\" \/><\/a> ... <b>10. Mercedes beim Ein- oder Ausparken besch\u00e4digt: Polizei sucht nach Zeugen - <a href=\"\/news\/seligenstadt-polizeimeldungen\" title=\"Polizeieins\u00e4tze Seligenstadt\">Seligenstadt<\/a><\/b>   (me) Die Beamten aus der Giselastra\u00dfe suchen nach einer Verkehrsunfallflucht vom Dienstag (25. August) weiterhin nach Zeugen des Zusammensto\u00dfes. Zwischen 7.30 Uhr und 16.50 Uhr fuhr der Unbekannte mit seinem Wagen, mutma\u00dflich beim Ein- oder Ausparken, gegen ...<br clear=\"all\" \/>   <\/p>\n   <div><span class=\"my_article_details\"><time datetime=\"2026-08-31\">31.08.2026<\/time> &middot; <\/span><a href=\"https:\/\/www.presseportal.de\/blaulicht\/pm\/43561\/6342886\" title=\"Link zum Artikel auf presseportal.de\" target=\"_blank\">presseportal.de<\/a><\/div>\n  <\/div>\n <\/article>\n <\/div>\n <b>Mehr von der <a href=\"\/news\/polizeieinsaetze-offenbach-am-main\" title=\"Polizeieins\u00e4tze in Offenbach am Main heute\">Polizei Offenbach<\/a> ...<\/b>\n<\/div>\n<br \/><div style=\"margin-top:15px; margin-bottom:15px; padding:10px; text-align:left; word-wrap:break-word;\"><h2 style=\"margin:0px; margin-bottom:20px;\">Aktuelles aus dem Kreis Offenbach<\/h2><div class=\"post\"><article><div class=\"entry\"><p>Falls dich eher die an&shy;de&shy;ren St\u00e4dte des Kreis Offenbach interes&shy;sie&shy;ren, gelangst du mit Hilfe der folgenden Links jeweils direkt zu deren aktuell&shy;sten Neuig&shy;kei&shy;ten.<\/p><ul><li><a href=\"\/news\/dietzenbach-aktuell\">Dietzenbach aktuell<\/a><\/li><li><a href=\"\/news\/dreieich-aktuell\">Dreieich aktuell<\/a><\/li><li><a href=\"\/news\/egelsbach-aktuell\">Egelsbach aktuell<\/a><\/li><li><a href=\"\/news\/hainburg-aktuell\">Hainburg aktuell<\/a><\/li><li><a href=\"\/news\/heusenstamm-aktuell\">Heusenstamm aktuell<\/a><\/li><li><a href=\"\/news\/langen-aktuell\">Langen aktuell<\/a><\/li><li><a href=\"\/news\/mainhausen-aktuell\">Mainhausen aktuell<\/a><\/li><li><a href=\"\/news\/muehlheim-aktuell\">M\u00fchlheim aktuell<\/a><\/li><li><a href=\"\/news\/neu-isenburg-aktuell\">Neu-Isenburg aktuell<\/a><\/li><li><a href=\"\/news\/obertshausen-aktuell\">Obertshausen aktuell<\/a><\/li><li><a href=\"\/news\/offenbach-aktuell\">Offenbach aktuell<\/a><\/li><li><a href=\"\/news\/roedermark-aktuell\">R\u00f6dermark aktuell<\/a><\/li><li><a href=\"\/news\/seligenstadt-aktuell\">Seligenstadt aktuell<\/a><\/li><\/ul><p>Ansonsten lies doch einfach in unserem <a href=\"\/news\/blog\" title=\"Heusenstamm Blog\">Blog<\/a> weiter! Dort findest du weitere Informationen mit regionalem Fokus.<\/p><\/div><\/article><\/div><\/div>\n<\/p>\n","protected":false},"excerpt":{"rendered":"<p>News aus Rodgau mit aktuellen Nachrichten, Polizeimeldungen von heute und Neuigkeiten aus Rodgaus Umgebung<\/p>\n","protected":false},"author":4,"featured_media":11527,"parent":0,"menu_order":0,"comment_status":"closed","ping_status":"closed","template":"","meta":{"footnotes":""},"categories":[478],"tags":[463,462,498,461,506,190],"class_list":["post-9431","page","type-page","status-publish","has-post-thumbnail","hentry","category-heute","tag-aktuell","tag-heute","tag-kreis-offenbach","tag-news","tag-of","tag-rodgau"],"_links":{"self":[{"href":"https:\/\/www.heusenstaemmchen.de\/news\/wp-json\/wp\/v2\/pages\/9431","targetHints":{"allow":["GET"]}}],"collection":[{"href":"https:\/\/www.heusenstaemmchen.de\/news\/wp-json\/wp\/v2\/pages"}],"about":[{"href":"https:\/\/www.heusenstaemmchen.de\/news\/wp-json\/wp\/v2\/types\/page"}],"author":[{"embeddable":true,"href":"https:\/\/www.heusenstaemmchen.de\/news\/wp-json\/wp\/v2\/users\/4"}],"replies":[{"embeddable":true,"href":"https:\/\/www.heusenstaemmchen.de\/news\/wp-json\/wp\/v2\/comments?post=9431"}],"version-history":[{"count":3,"href":"https:\/\/www.heusenstaemmchen.de\/news\/wp-json\/wp\/v2\/pages\/9431\/revisions"}],"predecessor-version":[{"id":13642,"href":"https:\/\/www.heusenstaemmchen.de\/news\/wp-json\/wp\/v2\/pages\/9431\/revisions\/13642"}],"wp:featuredmedia":[{"embeddable":true,"href":"https:\/\/www.heusenstaemmchen.de\/news\/wp-json\/wp\/v2\/media\/11527"}],"wp:attachment":[{"href":"https:\/\/www.heusenstaemmchen.de\/news\/wp-json\/wp\/v2\/media?parent=9431"}],"wp:term":[{"taxonomy":"category","embeddable":true,"href":"https:\/\/www.heusenstaemmchen.de\/news\/wp-json\/wp\/v2\/categories?post=9431"},{"taxonomy":"post_tag","embeddable":true,"href":"https:\/\/www.heusenstaemmchen.de\/news\/wp-json\/wp\/v2\/tags?post=9431"}],"curies":[{"name":"wp","href":"https:\/\/api.w.org\/{rel}","templated":true}]}}