{"id":9419,"date":"2024-04-21T17:37:41","date_gmt":"2024-04-21T15:37:41","guid":{"rendered":"https:\/\/www.heusenstaemmchen.de\/blog\/?page_id=9419"},"modified":"2025-12-29T17:18:25","modified_gmt":"2025-12-29T16:18:25","slug":"obertshausen-aktuell","status":"publish","type":"page","link":"https:\/\/www.heusenstaemmchen.de\/news\/obertshausen-aktuell","title":{"rendered":"Aktuelle News aus Obertshausen und dem Kreis Offenbach"},"content":{"rendered":"<p><b>News aus Obertshausen<\/b> mit aktuellen <a href=\"#nachrichten\">Nachrichten<\/a>, <a href=\"#polizeimeldungen\">Polizeimeldungen<\/a> von heute und <a href=\"#umgebung\">Neuigkeiten aus Obertshausens Umgebung<\/a><\/p>\n<p>\n<div style=\"background-color:#ffffc0; margin-top:40px; margin-bottom:15px; padding:10px;\">\n <h2 style=\"margin:0px; margin-bottom:15px;\">Veranstaltungen rund um Obertshausen<\/h2>\n <table cellpadding=\"0\" cellspacing=\"0\" style=\"margin-bottom:20px;\" width=\"100%\">\n <tr><td width=\"20%\">02.05. (Samstag)<\/td><td width=\"80%\"><a href=\"\/news\/heusenstamm-veranstaltungen#20260502\" style=\"color:#000000;\">Obertshausen: Fr\u00fchling uff de Gass<\/a><\/td>\n <\/table>\n Mehr <a href=\"\/news\/heusenstamm-veranstaltungen#20260502\" title=\"Veranstaltungen im Kreis Offenbach\">Veranstaltungen<\/a> ...\n<\/div>\n<br \/>\n\n<div style=\"background-color:#ffffff; margin-top:15px; margin-bottom:15px; padding:10px; text-align:left; word-wrap:break-word;\">\n<h2 style=\"margin:0px; margin-bottom:20px;\"><a name=\"nachrichten\"><\/a>Aktuelle News f\u00fcr Obertshausen<\/h2>\n <div class=\"post\" style=\"margin-bottom:40px;\">\n <article>\n  <h3><a name=\"01eb43b8\" href=\"http:\/\/ttc-seligenstadt.de\/2026\/04\/28\/aufstieg-perfekt-ttc-seligenstadt-vi-feiert-sprung-in-die-2-kreisklasse\/\" style=\"color:#333333;\" target=\"_blank\">Aufstieg perfekt! TTC Seligenstadt VI feiert Sprung in die 2. Kreisklasse<\/a><\/h3>\n  <div class=\"entry\">\n   <p style=\"margin-bottom:4px;\">\n   <a href=\"http:\/\/ttc-seligenstadt.de\/2026\/04\/28\/aufstieg-perfekt-ttc-seligenstadt-vi-feiert-sprung-in-die-2-kreisklasse\/\" target=\"_blank\"><img decoding=\"async\" src=\"\/feeds\/gfx\/ttc-seligenstadt.de.png\" style=\"align:left !important; float:left !important; margin-top:4px !important; margin-right:8px !important; margin-bottom:4px !important; width:90px !important;\" \/><\/a>    SELIGENSTADT. Gro&szlig;er Jubel beim TTC Seligenstadt: Die sechste Mannschaft hat den Aufstieg in die 2. Kreisklasse perfekt gemacht! In einem dramatischen Saisonfinale sicherte sich das Team den entscheidenden zweiten Tabellenplatz in der 3. Kreisklasse Ost. Der ...<br clear=\"all\" \/>   <\/p>\n   <div><span class=\"my_article_details\"><time datetime=\"2026-04-28\">28.04.2026<\/time> &middot; Hausen &middot; <\/span><a href=\"http:\/\/ttc-seligenstadt.de\/2026\/04\/28\/aufstieg-perfekt-ttc-seligenstadt-vi-feiert-sprung-in-die-2-kreisklasse\/\" title=\"Link zum Artikel auf ttc-seligenstadt.de\" target=\"_blank\">ttc-seligenstadt.de<\/a><\/div>\n  <\/div>\n <\/article>\n <\/div>\n <div class=\"post\" style=\"margin-bottom:40px;\">\n <article>\n  <h3><a name=\"61ff3e0c\" href=\"http:\/\/ttc-seligenstadt.de\/2026\/04\/28\/krimi-an-der-platte-ttc-seligenstadt-vi-und-tgs-hausen-xii-trennen-sich-im-sekundenkrimi-55\/\" style=\"color:#333333;\" target=\"_blank\">Krimi an der Platte: TTC Seligenstadt VI und TGS Hausen XII trennen sich 5:5<\/a><\/h3>\n  <div class=\"entry\">\n   <p style=\"margin-bottom:4px;\">\n   <a href=\"http:\/\/ttc-seligenstadt.de\/2026\/04\/28\/krimi-an-der-platte-ttc-seligenstadt-vi-und-tgs-hausen-xii-trennen-sich-im-sekundenkrimi-55\/\" target=\"_blank\"><img decoding=\"async\" src=\"\/feeds\/gfx\/ttc-seligenstadt.de.png\" style=\"align:left !important; float:left !important; margin-top:4px !important; margin-right:8px !important; margin-bottom:4px !important; width:90px !important;\" \/><\/a>    SELIGENSTADT. In einem hochdramatischen Duell der 3. Kreisklasse Ost, das beide Mannschaften mit viel Leidenschaft spielten, lieferten sich der TTC Seligenstadt VI und die TGS Hausen 1897 XII am Freitagabend einen packenden Schlagabtausch. Nach &uuml;ber zwei Stunden ...<br clear=\"all\" \/>   <\/p>\n   <div><span class=\"my_article_details\"><time datetime=\"2026-04-28\">28.04.2026<\/time> &middot; Hausen &middot; <\/span><a href=\"http:\/\/ttc-seligenstadt.de\/2026\/04\/28\/krimi-an-der-platte-ttc-seligenstadt-vi-und-tgs-hausen-xii-trennen-sich-im-sekundenkrimi-55\/\" title=\"Link zum Artikel auf ttc-seligenstadt.de\" target=\"_blank\">ttc-seligenstadt.de<\/a><\/div>\n  <\/div>\n <\/article>\n <\/div>\n <div class=\"post\" style=\"margin-bottom:40px;\">\n <article>\n  <h3><a name=\"2e170e7e\" href=\"https:\/\/of-news.de\/obertshausen\/fruehling-uff-de-gass-macht-die-obertshaeuser-innenstadt-wieder-zur-festmeile-167739\/\" style=\"color:#333333;\" target=\"_blank\">\u201eFr\u00fchling uff de Gass\u201c macht die Obertsh\u00e4user Innenstadt wieder zur Festmeile<\/a><\/h3>\n  <div class=\"entry\">\n   <p style=\"margin-bottom:4px;\">\n   <a href=\"https:\/\/of-news.de\/obertshausen\/fruehling-uff-de-gass-macht-die-obertshaeuser-innenstadt-wieder-zur-festmeile-167739\/\" target=\"_blank\"><img decoding=\"async\" src=\"\/feeds\/gfx\/of-news.de.png\" style=\"align:left !important; float:left !important; margin-top:4px !important; margin-right:8px !important; margin-bottom:4px !important; width:90px !important;\" \/><\/a>    In Obertshausen wird die Beethoven- und Schulstra&#xDF;e am Samstag, 2. Mai, erneut zum Treffpunkt f&#xFC;r Handel, Vereine, Gastronomie und Initiativen. Beim Stra&#xDF;enfest &#x201E;Fr&#xFC;hling uff de Gass&#x201C; pr&#xE4;sentieren sich von 15 bis 20 Uhr ...<br clear=\"all\" \/>   <\/p>\n   <div><span class=\"my_article_details\"><time datetime=\"2026-04-28\">28.04.2026<\/time> &middot; <a href=\"\/news\/braende-offenbach-am-main\" title=\"Br\u00e4nde Offenbach am Main\">Feuerwehr<\/a> &middot; <a href=\"\/news\/obertshausen-nachrichten\" title=\"Obertshausen Nachrichten\">News<\/a> &middot; <a href=\"\/news\/obertshausen-aktuell\" title=\"Obertshausen heute aktuell\">Obertshausen<\/a> &middot; <\/span><a href=\"https:\/\/of-news.de\/obertshausen\/fruehling-uff-de-gass-macht-die-obertshaeuser-innenstadt-wieder-zur-festmeile-167739\/\" title=\"Link zum Artikel auf of-news.de\" target=\"_blank\">of-news.de<\/a><\/div>\n  <\/div>\n <\/article>\n <\/div>\n <div class=\"post\" style=\"margin-bottom:40px;\">\n <article>\n  <h3><a name=\"de0efc66\" href=\"https:\/\/www.iz.de\/transaktionen\/news\/-laer-will-gewerbepark-am-frankfurter-flughafen-entwickeln-2000043431?utm_source=rss&utm_medium=referral&utm_campaign=news&utm_term=\" style=\"color:#333333;\" target=\"_blank\">Immobilien: Laer will Gewerbepark am Frankfurter Flughafen entwickeln<\/a><\/h3>\n  <div class=\"entry\">\n   <p style=\"margin-bottom:4px;\">\n   <a href=\"https:\/\/www.iz.de\/transaktionen\/news\/-laer-will-gewerbepark-am-frankfurter-flughafen-entwickeln-2000043431?utm_source=rss&utm_medium=referral&utm_campaign=news&utm_term=\" target=\"_blank\"><img decoding=\"async\" src=\"\/feeds\/gfx\/iz.de.png\" style=\"align:left !important; float:left !important; margin-top:4px !important; margin-right:8px !important; margin-bottom:4px !important; width:90px !important;\" \/><\/a>    Der Projektentwickler Laer hat sich ein Areal in der N&auml;he des Frankfurter Flughafens gesichert. Er plant dort einen Gewerbepark.<br clear=\"all\" \/>   <\/p>\n   <div><span class=\"my_article_details\"><time datetime=\"2026-04-28\">28.04.2026<\/time> &middot; <a href=\"\/news\/fluglaerm-offenbach-am-main\" title=\"Flugl\u00e4rm Offenbach am Main\">Flughafen<\/a> &middot; Frankfurt &middot; <\/span><a href=\"https:\/\/www.iz.de\/transaktionen\/news\/-laer-will-gewerbepark-am-frankfurter-flughafen-entwickeln-2000043431?utm_source=rss&utm_medium=referral&utm_campaign=news&utm_term=\" title=\"Link zum Artikel auf iz.de\" target=\"_blank\">iz.de<\/a><\/div>\n  <\/div>\n <\/article>\n <\/div>\n <div class=\"post\" style=\"margin-bottom:40px;\">\n <article>\n  <h3><a name=\"4723d83f\" href=\"https:\/\/www.rheinmainverlag.de\/2026\/04\/28\/kreis-offenbach-und-berehowe-staerken-zusammenarbeit\/\" style=\"color:#333333;\" target=\"_blank\">Kreis Offenbach und Berehowe st\u00e4rken Zusammenarbeit<\/a><\/h3>\n  <div class=\"entry\">\n   <p style=\"margin-bottom:4px;\">\n   <a href=\"https:\/\/www.rheinmainverlag.de\/2026\/04\/28\/kreis-offenbach-und-berehowe-staerken-zusammenarbeit\/\" target=\"_blank\"><img decoding=\"async\" src=\"\/feeds\/gfx\/rheinmainverlag.de.png\" style=\"align:left !important; float:left !important; margin-top:4px !important; margin-right:8px !important; margin-bottom:4px !important; width:90px !important;\" \/><\/a>    St&auml;dtepartnerschaftsvertrag unterzeichnet Der Kreis Offenbach und die Stadt Berehowe im Westen der Ukraine sind seit fast drei Jahren miteinander verbunden. Mit der Unterzeichnung des St&auml;dtepartnerschaftsvertrages haben beide Kommunen dies am Montagabend bekr&auml;ftigt. ...<br clear=\"all\" \/>   <\/p>\n   <div><span class=\"my_article_details\"><time datetime=\"2026-04-28\">28.04.2026<\/time> &middot; <a href=\"\/news\/polizeieinsaetze-offenbach-am-main\" title=\"Polizeieins\u00e4tze Offenbach am Main\">Kreis Offenbach<\/a> &middot; <\/span><a href=\"https:\/\/www.rheinmainverlag.de\/2026\/04\/28\/kreis-offenbach-und-berehowe-staerken-zusammenarbeit\/\" title=\"Link zum Artikel auf rheinmainverlag.de\" target=\"_blank\">rheinmainverlag.de<\/a><\/div>\n  <\/div>\n <\/article>\n <\/div>\n <div class=\"post\" style=\"margin-bottom:40px;\">\n <article>\n  <h3><a name=\"ba6e2353\" href=\"https:\/\/www.hessenschau.de\/politik\/steuer-projekt-in-hessen-selbst-finanzminister-lorz-ist-die-steuererklaerung-zu-kompliziert-v1,lorz-steuererklaerung-100.html\" style=\"color:#333333;\" target=\"_blank\">Steuer-Projekt in Hessen: Selbst Finanzminister Lorz ist die Steuererkl\u00e4rung &quot;zu kompliziert&quot;<\/a><\/h3>\n  <div class=\"entry\">\n   <p style=\"margin-bottom:4px;\">\n   <a href=\"https:\/\/www.hessenschau.de\/politik\/steuer-projekt-in-hessen-selbst-finanzminister-lorz-ist-die-steuererklaerung-zu-kompliziert-v1,lorz-steuererklaerung-100.html\" target=\"_blank\"><img decoding=\"async\" src=\"https:\/\/www.hessenschau.de\/politik\/alexander-lorz-112~_t-1777353729491_v-16to9.jpg\" style=\"align:left !important; float:left !important; margin-top:4px !important; margin-right:8px !important; margin-bottom:4px !important; width:90px !important;\" \/><\/a>    Finanzminister Lorz will die Steuererkl&auml;rung vereinfachen, das angelaufene Projekt &quot;Die Steuer macht das Amt&quot; soll dabei helfen. In dieser Woche wird im Landtag dar&uuml;ber diskutiert. Passend dazu gibt der Minister Einblick in seine Steuer-Praktiken. ...<br clear=\"all\" \/>   <\/p>\n   <div><span class=\"my_article_details\"><time datetime=\"2026-04-28\">28.04.2026<\/time> &middot; Hessen &middot; Landtag &middot; <\/span><a href=\"https:\/\/www.hessenschau.de\/politik\/steuer-projekt-in-hessen-selbst-finanzminister-lorz-ist-die-steuererklaerung-zu-kompliziert-v1,lorz-steuererklaerung-100.html\" title=\"Link zum Artikel auf hessenschau.de\" target=\"_blank\">hessenschau.de<\/a><\/div>\n  <\/div>\n <\/article>\n <\/div>\n <div class=\"post\" style=\"margin-bottom:40px;\">\n <article>\n  <h3><a name=\"557a94e2\" href=\"https:\/\/www.rheinmainverlag.de\/2026\/04\/28\/gefaehrliche-koerperverletzung-unter-arbeitskollegen-am-flughafen-frankfurt\/\" style=\"color:#333333;\" target=\"_blank\">Gef\u00e4hrliche K\u00f6rperverletzung unter Arbeitskollegen am Flughafen Frankfurt<\/a><\/h3>\n  <div class=\"entry\">\n   <p style=\"margin-bottom:4px;\">\n   <a href=\"https:\/\/www.rheinmainverlag.de\/2026\/04\/28\/gefaehrliche-koerperverletzung-unter-arbeitskollegen-am-flughafen-frankfurt\/\" target=\"_blank\"><img decoding=\"async\" src=\"\/feeds\/gfx\/rheinmainverlag.de.png\" style=\"align:left !important; float:left !important; margin-top:4px !important; margin-right:8px !important; margin-bottom:4px !important; width:90px !important;\" \/><\/a>    Am sp&auml;ten Sonntagabend eskalierte ein Streit unter Mitarbeitenden am Flughafen Frankfurt, welcher bereits am Nachmittag begonnen habe. Nach aktuellen Erkenntnissen gerieten zwei Angestellte desselben Unternehmens bereits tags&uuml;ber in Streit. Dies veranlasste ...<br clear=\"all\" \/>   <\/p>\n   <div><span class=\"my_article_details\"><time datetime=\"2026-04-28\">28.04.2026<\/time> &middot; <a href=\"\/news\/fluglaerm-offenbach-am-main\" title=\"Flugl\u00e4rm Offenbach am Main\">Flughafen<\/a> &middot; Frankfurt &middot; <\/span><a href=\"https:\/\/www.rheinmainverlag.de\/2026\/04\/28\/gefaehrliche-koerperverletzung-unter-arbeitskollegen-am-flughafen-frankfurt\/\" title=\"Link zum Artikel auf rheinmainverlag.de\" target=\"_blank\">rheinmainverlag.de<\/a><\/div>\n  <\/div>\n <\/article>\n <\/div>\n <div class=\"post\" style=\"margin-bottom:40px;\">\n <article>\n  <h3><a name=\"6ac37a28\" href=\"https:\/\/www.kreis-offenbach.de\/Service\/Medienservice\/Aktuelle-Pressemitteilungen\/Vorlesen-er%C3%B6ffnet-Kindern-die-Welt.php?object=tx,4013.5.1&ModID=7&FID=4013.3398.1&NavID=4013.211&La=1\" style=\"color:#333333;\" target=\"_blank\">Vorlesen er\u00f6ffnet Kindern die Welt<\/a><\/h3>\n  <div class=\"entry\">\n   <p style=\"margin-bottom:4px;\">\n   <a href=\"https:\/\/www.kreis-offenbach.de\/Service\/Medienservice\/Aktuelle-Pressemitteilungen\/Vorlesen-er%C3%B6ffnet-Kindern-die-Welt.php?object=tx,4013.5.1&ModID=7&FID=4013.3398.1&NavID=4013.211&La=1\" target=\"_blank\"><img decoding=\"async\" src=\"\/feeds\/gfx\/kreis-offenbach.de.png\" style=\"align:left !important; float:left !important; margin-top:4px !important; margin-right:8px !important; margin-bottom:4px !important; width:90px !important;\" \/><\/a>    Lesef\u00f6rderung ist eine ganz wichtige Voraussetzung, dass Kinder sich die Welt erschlie\u00dfen k\u00f6nnen. Um Eltern dabei zu unterst\u00fctzen, werden im Kreis Offenbach  ...<br clear=\"all\" \/>   <\/p>\n   <div><span class=\"my_article_details\"><time datetime=\"2026-04-28\">28.04.2026<\/time> &middot; <a href=\"\/news\/polizeieinsaetze-offenbach-am-main\" title=\"Polizeieins\u00e4tze Offenbach am Main\">Kreis Offenbach<\/a> &middot; <\/span><a href=\"https:\/\/www.kreis-offenbach.de\/Service\/Medienservice\/Aktuelle-Pressemitteilungen\/Vorlesen-er%C3%B6ffnet-Kindern-die-Welt.php?object=tx,4013.5.1&ModID=7&FID=4013.3398.1&NavID=4013.211&La=1\" title=\"Link zum Artikel auf kreis-offenbach.de\" target=\"_blank\">kreis-offenbach.de<\/a><\/div>\n  <\/div>\n <\/article>\n <\/div>\n <div class=\"post\" style=\"margin-bottom:40px;\">\n <article>\n  <h3><a name=\"a2e30fb8\" href=\"https:\/\/www.1730live.de\/2026\/04\/27\/droht-ein-kerosin-mangel\/\" style=\"color:#333333;\" target=\"_blank\">Droht ein Kerosin-Mangel?<\/a><\/h3>\n  <div class=\"entry\">\n   <p style=\"margin-bottom:4px;\">\n   <a href=\"https:\/\/www.1730live.de\/2026\/04\/27\/droht-ein-kerosin-mangel\/\" target=\"_blank\"><img decoding=\"async\" src=\"\/feeds\/gfx\/1730live.de.png\" style=\"align:left !important; float:left !important; margin-top:4px !important; margin-right:8px !important; margin-bottom:4px !important; width:90px !important;\" \/><\/a>    Die Hoffnung auf ein wirtschaftliches Fr&uuml;hlingserwachen ist verflogen. Stattdessen ist die Energiekrise seit dem Beginn des Kriegs im Nahen Osten noch dramatischer. Nicht nur der Sprit an der Tankstelle ist extrem teuer, sondern auch Flugbenzin, Kerosin. Was ...<br clear=\"all\" \/>   <\/p>\n   <div><span class=\"my_article_details\"><time datetime=\"2026-04-27\">27.04.2026<\/time> &middot; <a href=\"\/news\/fluglaerm-offenbach-am-main\" title=\"Flugl\u00e4rm Offenbach am Main\">Flughafen<\/a> &middot; Frankfurt &middot; <\/span><a href=\"https:\/\/www.1730live.de\/2026\/04\/27\/droht-ein-kerosin-mangel\/\" title=\"Link zum Artikel auf 1730live.de\" target=\"_blank\">1730live.de<\/a><\/div>\n  <\/div>\n <\/article>\n <\/div>\n <div class=\"post\" style=\"margin-bottom:40px;\">\n <article>\n  <h3><a name=\"fdf9ebaa\" href=\"https:\/\/www.hessenschau.de\/kultur\/terminal-3-architekt-maeckler-ich-baue-weiter-solange-es-mir-spass-macht-v1,christoph-maeckler-interview-100.html\" style=\"color:#333333;\" target=\"_blank\">Terminal-3-Architekt M\u00e4ckler: &quot;Ich baue weiter, solange es mir Spa\u00df macht&quot;<\/a><\/h3>\n  <div class=\"entry\">\n   <p style=\"margin-bottom:4px;\">\n   <a href=\"https:\/\/www.hessenschau.de\/kultur\/terminal-3-architekt-maeckler-ich-baue-weiter-solange-es-mir-spass-macht-v1,christoph-maeckler-interview-100.html\" target=\"_blank\"><img decoding=\"async\" src=\"https:\/\/www.hessenschau.de\/rheinmain\/terminal_drei-102~_t-1777295431378_v-16to9.jpg\" style=\"align:left !important; float:left !important; margin-top:4px !important; margin-right:8px !important; margin-bottom:4px !important; width:90px !important;\" \/><\/a>    F&uuml;r das neue Terminal 3 am Frankfurter Flughafen hat Architekt Christoph M&auml;ckler viel Lob bekommen. Aufh&ouml;ren will der 75-J&auml;hrige trotzdem noch nicht - er hat gro&szlig;e Pl&auml;ne f&uuml;r ein zentrales Bauwerk in der Frankfurter Innenstadt. ...<br clear=\"all\" \/>   <\/p>\n   <div><span class=\"my_article_details\"><time datetime=\"2026-04-27\">27.04.2026<\/time> &middot; <a href=\"\/news\/fluglaerm-offenbach-am-main\" title=\"Flugl\u00e4rm Offenbach am Main\">Flughafen<\/a> &middot; Frankfurt &middot; <\/span><a href=\"https:\/\/www.hessenschau.de\/kultur\/terminal-3-architekt-maeckler-ich-baue-weiter-solange-es-mir-spass-macht-v1,christoph-maeckler-interview-100.html\" title=\"Link zum Artikel auf hessenschau.de\" target=\"_blank\">hessenschau.de<\/a><\/div>\n  <\/div>\n <\/article>\n <\/div>\n <div class=\"post\" style=\"margin-bottom:40px;\">\n <article>\n  <h3><a name=\"4ec0a60c\" href=\"https:\/\/www.rheinmainverlag.de\/2026\/04\/27\/meldeportal-fuer-verdacht-auf-vorkommen-der-grossen-druesenameise\/\" style=\"color:#333333;\" target=\"_blank\">Meldeportal f\u00fcr Verdacht auf Vorkommen der Gro\u00dfen Dr\u00fcsenameise<\/a><\/h3>\n  <div class=\"entry\">\n   <p style=\"margin-bottom:4px;\">\n   <a href=\"https:\/\/www.rheinmainverlag.de\/2026\/04\/27\/meldeportal-fuer-verdacht-auf-vorkommen-der-grossen-druesenameise\/\" target=\"_blank\"><img decoding=\"async\" src=\"\/feeds\/gfx\/rheinmainverlag.de.png\" style=\"align:left !important; float:left !important; margin-top:4px !important; margin-right:8px !important; margin-bottom:4px !important; width:90px !important;\" \/><\/a>    Die gro&szlig;e Dr&uuml;senameise (Tapinoma magnum) ist eine invasive Insektenart, die jetzt auch schon an einigen Stellen in der Stadt und im Kreis Offenbach gesichtet wurde. Da sie sehr aggressiv ist und gro&szlig;e Sch&auml;den verursacht, ruft die st&auml;dtische Umweltberatung die ...<br clear=\"all\" \/>   <\/p>\n   <div><span class=\"my_article_details\"><time datetime=\"2026-04-27\">27.04.2026<\/time> &middot; <a href=\"\/news\/polizeieinsaetze-offenbach-am-main\" title=\"Polizeieins\u00e4tze Offenbach am Main\">Kreis Offenbach<\/a> &middot; <\/span><a href=\"https:\/\/www.rheinmainverlag.de\/2026\/04\/27\/meldeportal-fuer-verdacht-auf-vorkommen-der-grossen-druesenameise\/\" title=\"Link zum Artikel auf rheinmainverlag.de\" target=\"_blank\">rheinmainverlag.de<\/a><\/div>\n  <\/div>\n <\/article>\n <\/div>\n <div class=\"post\" style=\"margin-bottom:40px;\">\n <article>\n  <h3><a name=\"ff77b01d\" href=\"https:\/\/www.obertshausen.de\/index.php?id=509&publish%5Bid%5D=1609498&publish%5Bstart%5D=\" style=\"color:#333333;\" target=\"_blank\">Obertshausen: Schnelle, sichere und diskrete Hilfe in Notlagen<\/a><\/h3>\n  <div class=\"entry\">\n   <p style=\"margin-bottom:4px;\">\n   <a href=\"https:\/\/www.obertshausen.de\/index.php?id=509&publish%5Bid%5D=1609498&publish%5Bstart%5D=\" target=\"_blank\"><img decoding=\"async\" src=\"\/feeds\/gfx\/obertshausen.de.png\" style=\"align:left !important; float:left !important; margin-top:4px !important; margin-right:8px !important; margin-bottom:4px !important; width:90px !important;\" \/><\/a>    Neue Kampagne #ZeichenSetzen startet in Obertshausen<br clear=\"all\" \/>   <\/p>\n   <div><span class=\"my_article_details\"><time datetime=\"2026-04-27\">27.04.2026<\/time> &middot; <a href=\"\/news\/obertshausen-nachrichten\" title=\"Obertshausen Nachrichten\">News<\/a> &middot; <a href=\"\/news\/obertshausen-aktuell\" title=\"Obertshausen heute aktuell\">Obertshausen<\/a> &middot; <\/span><a href=\"https:\/\/www.obertshausen.de\/index.php?id=509&publish%5Bid%5D=1609498&publish%5Bstart%5D=\" title=\"Link zum Artikel auf obertshausen.de\" target=\"_blank\">obertshausen.de<\/a><\/div>\n  <\/div>\n <\/article>\n <\/div>\n<div class=\"post\" style=\"background-color: #f4f4f4; margin-bottom: 40px; padding: 10px;\"><article><a style=\"color: #000000; font-size: 20px; font-weight: normal; text-decoration: underlined;\" href=\"https:\/\/www.tagesschau.de\/wirtschaft\/energie\/boom-batteriespeicher-deutschland-energiewende-100.html\" target=\"_blank\">Batteriegro\u00dfspeicher erleben einen Boom<\/a><\/p><div class=\"entry\"><p style=\"margin-bottom: 4px;\"><a href=\"https:\/\/www.tagesschau.de\/wirtschaft\/energie\/boom-batteriespeicher-deutschland-energiewende-100.html\" target=\"_blank\" rel=\"noopener\"><img decoding=\"async\" style=\"align: left !important; float: left !important; margin-top: 4px !important; margin-right: 8px !important; margin-bottom: 4px !important; width: 90px !important;\" src=\"data:image\/gif;base64,R0lGODlhAQABAIAAAAAAAP\/\/\/yH5BAEAAAAALAAAAAABAAEAAAIBRAA7\" data-src=\"https:\/\/www.heusenstaemmchen.de\/feeds\/gfx\/tagesschau.de.png\" \/><\/a>Um Erneuerbare Energien effizienter zu nutzen, werden Batterie&shy;gro\u00df&shy;speicher ben\u00f6tigt. F\u00fcr Experten sind sie ein entscheidender Baustein der Energiewende. Die Nachfrage ist enorm.<br clear=\"all\" \/><\/p><div><b>Schon gewusst?<\/b> \u00b7 Regenerative Energien \u00b7 <a title=\"Mehr Details auf tagesschau.de\" href=\"https:\/\/www.tagesschau.de\/wirtschaft\/energie\/boom-batteriespeicher-deutschland-energiewende-100.html\" rel=\"noopener\">tagesschau.de<\/a><\/div><\/div><\/article><\/div> <div class=\"post\" style=\"margin-bottom:40px;\">\n <article>\n  <h3><a name=\"82cd1478\" href=\"https:\/\/www.kreis-offenbach.de\/Service\/Medienservice\/Aktuelle-Pressemitteilungen\/Beflaggung-vor-dem-Kreishaus-am-1-Mai.php?object=tx,4013.5.1&ModID=7&FID=4013.3387.1&NavID=4013.211&La=1\" style=\"color:#333333;\" target=\"_blank\">Beflaggung vor dem Kreishaus am 1. Mai<\/a><\/h3>\n  <div class=\"entry\">\n   <p style=\"margin-bottom:4px;\">\n   <a href=\"https:\/\/www.kreis-offenbach.de\/Service\/Medienservice\/Aktuelle-Pressemitteilungen\/Beflaggung-vor-dem-Kreishaus-am-1-Mai.php?object=tx,4013.5.1&ModID=7&FID=4013.3387.1&NavID=4013.211&La=1\" target=\"_blank\"><img decoding=\"async\" src=\"\/feeds\/gfx\/kreis-offenbach.de.png\" style=\"align:left !important; float:left !important; margin-top:4px !important; margin-right:8px !important; margin-bottom:4px !important; width:90px !important;\" \/><\/a>    Am &bdquo;Tag der Arbeit&ldquo;, dem 1. Mai, werden vor dem Kreishaus in Dietzenbach und anderen \u00f6ffentlichen Geb\u00e4uden Flaggen wehen, um auf die  ...<br clear=\"all\" \/>   <\/p>\n   <div><span class=\"my_article_details\"><time datetime=\"2026-04-27\">27.04.2026<\/time> &middot; <a href=\"\/news\/polizeieinsaetze-offenbach-am-main\" title=\"Polizeieins\u00e4tze Offenbach am Main\">Kreis Offenbach<\/a> &middot; <\/span><a href=\"https:\/\/www.kreis-offenbach.de\/Service\/Medienservice\/Aktuelle-Pressemitteilungen\/Beflaggung-vor-dem-Kreishaus-am-1-Mai.php?object=tx,4013.5.1&ModID=7&FID=4013.3387.1&NavID=4013.211&La=1\" title=\"Link zum Artikel auf kreis-offenbach.de\" target=\"_blank\">kreis-offenbach.de<\/a><\/div>\n  <\/div>\n <\/article>\n <\/div>\n <div class=\"post\" style=\"margin-bottom:40px;\">\n <article>\n  <h3><a name=\"0228cf0b\" href=\"https:\/\/www.op-online.de\/region\/obertshausen\/krise-karl-mayer-eroeffnet-innovationszentrum-trotz-maschinenbau-94279486.html\" style=\"color:#333333;\" target=\"_blank\">Gegen die Krise im Maschinenbau: Karl Mayer will mit einem Innovationszentrum Dinge in Bewegung bringen<\/a><\/h3>\n  <div class=\"entry\">\n   <p style=\"margin-bottom:4px;\">\n   <a href=\"https:\/\/www.op-online.de\/region\/obertshausen\/krise-karl-mayer-eroeffnet-innovationszentrum-trotz-maschinenbau-94279486.html\" target=\"_blank\"><img decoding=\"async\" src=\"https:\/\/www.op-online.de\/assets\/images\/42\/341\/42341837-am-23-april-2026-eroeffnete-der-obertshausener-textilmaschinenhersteller-karl-mayer-sein-textile-innovation-center-fuer-das-symbolische-durchschneiden-4101.jpg\" style=\"align:left !important; float:left !important; margin-top:4px !important; margin-right:8px !important; margin-bottom:4px !important; width:90px !important;\" \/><\/a>    Das neue \u201eTextile Innovation Center\u201c soll Kunden und Unternehmen zusammenbringen. In der Absatzkrise des deutschen Maschinenbaus h&auml;lt der Obertshausener Mittelst&auml;ndler mit h&ouml;herem Tempo bei der Entwicklung dagegen.<br clear=\"all\" \/>   <\/p>\n   <div><span class=\"my_article_details\"><time datetime=\"2026-04-27\">27.04.2026<\/time> &middot; <a href=\"\/news\/obertshausen-nachrichten\" title=\"Obertshausen Nachrichten\">News<\/a> &middot; <a href=\"\/news\/obertshausen-aktuell\" title=\"Obertshausen heute aktuell\">Obertshausen<\/a> &middot; <\/span><a href=\"https:\/\/www.op-online.de\/region\/obertshausen\/krise-karl-mayer-eroeffnet-innovationszentrum-trotz-maschinenbau-94279486.html\" title=\"Link zum Artikel auf op-online.de\" target=\"_blank\">op-online.de<\/a><\/div>\n  <\/div>\n <\/article>\n <\/div>\n <div class=\"post\" style=\"margin-bottom:40px;\">\n <article>\n  <h3><a name=\"3b85aa9f\" href=\"https:\/\/www.verbraucherzentrale-hessen.de\/node\/119798\" style=\"color:#333333;\" target=\"_blank\">Verbraucherzentrale: Online-Vortrag der Energieberatung im Mai<\/a><\/h3>\n  <div class=\"entry\">\n   <p style=\"margin-bottom:4px;\">\n   <a href=\"https:\/\/www.verbraucherzentrale-hessen.de\/node\/119798\" target=\"_blank\"><img decoding=\"async\" src=\"\/feeds\/gfx\/verbraucherzentrale-hessen.de.png\" style=\"align:left !important; float:left !important; margin-top:4px !important; margin-right:8px !important; margin-bottom:4px !important; width:90px !important;\" \/><\/a>    Kostenloser Online-Vortrag der Verbraucherzentrale Hessen zur Optimierung bestehender Heizanlagen<br clear=\"all\" \/>   <\/p>\n   <div><span class=\"my_article_details\"><time datetime=\"2026-04-27\">27.04.2026<\/time> &middot; Hessen &middot; <\/span><a href=\"https:\/\/www.verbraucherzentrale-hessen.de\/node\/119798\" title=\"Link zum Artikel auf verbraucherzentrale-hessen.de\" target=\"_blank\">verbraucherzentrale-hessen.de<\/a><\/div>\n  <\/div>\n <\/article>\n <\/div>\n <div class=\"post\" style=\"margin-bottom:40px;\">\n <article>\n  <h3><a name=\"399bd3ce\" href=\"https:\/\/www.op-online.de\/sport\/amateur-fussball\/teutonia-hausen-baut-vorsprung-aus-egelsbach-dreht-das-spiel-94279743.html\" style=\"color:#333333;\" target=\"_blank\">Fu\u00dfball: Teutonia Hausen nicht zu stoppen \u2013 Egelsbach dreht das Spiel<\/a><\/h3>\n  <div class=\"entry\">\n   <p style=\"margin-bottom:4px;\">\n   <a href=\"https:\/\/www.op-online.de\/sport\/amateur-fussball\/teutonia-hausen-baut-vorsprung-aus-egelsbach-dreht-das-spiel-94279743.html\" target=\"_blank\"><img decoding=\"async\" src=\"https:\/\/www.op-online.de\/assets\/images\/42\/353\/42353188-pascal-sehnert-li-dud-felix-harth-sel-1401.jpg\" style=\"align:left !important; float:left !important; margin-top:4px !important; margin-right:8px !important; margin-bottom:4px !important; width:90px !important;\" \/><\/a>    Der FC Teutonia siegt mit 5:2 in Dreieichenhain. Die SG Egelsbach k&auml;mpft sich aus einem 0:2-R&uuml;ckstand zur&uuml;ck und gewinnt noch 3:2.<br clear=\"all\" \/>   <\/p>\n   <div><span class=\"my_article_details\"><time datetime=\"2026-04-26\">26.04.2026<\/time> &middot; Hausen &middot; <\/span><a href=\"https:\/\/www.op-online.de\/sport\/amateur-fussball\/teutonia-hausen-baut-vorsprung-aus-egelsbach-dreht-das-spiel-94279743.html\" title=\"Link zum Artikel auf op-online.de\" target=\"_blank\">op-online.de<\/a><\/div>\n  <\/div>\n <\/article>\n <\/div>\n <div class=\"post\" style=\"margin-bottom:40px;\">\n <article>\n  <h3><a name=\"2a8df219\" href=\"https:\/\/www.hessenschau.de\/wirtschaft\/flughafen-frankfurt-interview-mit-fraport-chef-schulte-zum-terminal-3-v1,interview-fraport-chef-100.html\" style=\"color:#333333;\" target=\"_blank\">Flughafen Frankfurt: Interview mit Fraport-Chef Schulte zum Terminal 3<\/a><\/h3>\n  <div class=\"entry\">\n   <p style=\"margin-bottom:4px;\">\n   <a href=\"https:\/\/www.hessenschau.de\/wirtschaft\/flughafen-frankfurt-interview-mit-fraport-chef-schulte-zum-terminal-3-v1,interview-fraport-chef-100.html\" target=\"_blank\"><img decoding=\"async\" src=\"https:\/\/www.hessenschau.de\/wirtschaft\/stefan-schulte-fraport-100~_t-1777197115365_v-16to9.jpg\" style=\"align:left !important; float:left !important; margin-top:4px !important; margin-right:8px !important; margin-bottom:4px !important; width:90px !important;\" \/><\/a>    Hohe Funktionalit&auml;t gepaart mit Wohlf&uuml;hlatmosph&auml;re: Das neue Terminal 3 am Flughafen Frankfurt hat f&uuml;r Passagiere viel zu bieten. Fraport-Chef Stefan Schulte sieht den Bau als Chance, weiter zu wachsen. ...<br clear=\"all\" \/>   <\/p>\n   <div><span class=\"my_article_details\"><time datetime=\"2026-04-26\">26.04.2026<\/time> &middot; <a href=\"\/news\/fluglaerm-offenbach-am-main\" title=\"Flugl\u00e4rm Offenbach am Main\">Flughafen<\/a> &middot; Frankfurt &middot; <\/span><a href=\"https:\/\/www.hessenschau.de\/wirtschaft\/flughafen-frankfurt-interview-mit-fraport-chef-schulte-zum-terminal-3-v1,interview-fraport-chef-100.html\" title=\"Link zum Artikel auf hessenschau.de\" target=\"_blank\">hessenschau.de<\/a><\/div>\n  <\/div>\n <\/article>\n <\/div>\n <div class=\"post\" style=\"margin-bottom:40px;\">\n <article>\n  <h3><a name=\"3a9b03f1\" href=\"https:\/\/tgo-obertshausen.de\/2026\/04\/toller-saisonauftakt-fuer-die-leichtathleten\/\" style=\"color:#333333;\" target=\"_blank\">Sport: Toller Saisonauftakt f\u00fcr die Leichtathleten<\/a><\/h3>\n  <div class=\"entry\">\n   <p style=\"margin-bottom:4px;\">\n   <a href=\"https:\/\/tgo-obertshausen.de\/2026\/04\/toller-saisonauftakt-fuer-die-leichtathleten\/\" target=\"_blank\"><img decoding=\"async\" src=\"\/feeds\/gfx\/tgo-obertshausen.de.png\" style=\"align:left !important; float:left !important; margin-top:4px !important; margin-right:8px !important; margin-bottom:4px !important; width:90px !important;\" \/><\/a>    Mit sommerlichen Wetterbedingungen starteten die Nachwuchsleichtathleten der TGO in die diesj&auml;hrige Freiluftsaison. Bei der LG Seligenstadt stand mit den Blockwettk&auml;mpfen gleich ein anspruchsvoller F&uuml;nfkampf auf dem Programm, zumal die Veranstaltung ...<br clear=\"all\" \/>   <\/p>\n   <div><span class=\"my_article_details\"><time datetime=\"2026-04-26\">26.04.2026<\/time> &middot; <a href=\"\/news\/obertshausen-nachrichten\" title=\"Obertshausen Nachrichten\">News<\/a> &middot; <a href=\"\/news\/obertshausen-aktuell\" title=\"Obertshausen heute aktuell\">Obertshausen<\/a> &middot; <\/span><a href=\"https:\/\/tgo-obertshausen.de\/2026\/04\/toller-saisonauftakt-fuer-die-leichtathleten\/\" title=\"Link zum Artikel auf tgo-obertshausen.de\" target=\"_blank\">tgo-obertshausen.de<\/a><\/div>\n  <\/div>\n <\/article>\n <\/div>\n <div class=\"post\" style=\"margin-bottom:40px;\">\n <article>\n  <h3><a name=\"ca3c28ee\" href=\"https:\/\/spd-obertshausen.de\/2026\/04\/26\/neue-legislaturperiode-stadtparlament-konstituiert\/\" style=\"color:#333333;\" target=\"_blank\">SPD: Neue Legislaturperiode \u2013 Stadtparlament konstituiert<\/a><\/h3>\n  <div class=\"entry\">\n   <p style=\"margin-bottom:4px;\">\n   <a href=\"https:\/\/spd-obertshausen.de\/2026\/04\/26\/neue-legislaturperiode-stadtparlament-konstituiert\/\" target=\"_blank\"><img decoding=\"async\" src=\"\/feeds\/gfx\/spd-obertshausen.de.png\" style=\"align:left !important; float:left !important; margin-top:4px !important; margin-right:8px !important; margin-bottom:4px !important; width:90px !important;\" \/><\/a>    Die Stadtverordnetenversammlung Obertshausen ist offiziell in ihre neue Wahlperiode gestartet. Ein langer Abend mit vielen wichtigen Weichenstellungen. Am 23. April 2026 fand die konstituierende Stadtverordnetenversammlung statt \u2013 der formelle Auftakt zur neuen ...<br clear=\"all\" \/>   <\/p>\n   <div><span class=\"my_article_details\"><time datetime=\"2026-04-26\">26.04.2026<\/time> &middot; <a href=\"\/news\/obertshausen-nachrichten\" title=\"Obertshausen Nachrichten\">News<\/a> &middot; <a href=\"\/news\/obertshausen-aktuell\" title=\"Obertshausen heute aktuell\">Obertshausen<\/a> &middot; <\/span><a href=\"https:\/\/spd-obertshausen.de\/2026\/04\/26\/neue-legislaturperiode-stadtparlament-konstituiert\/\" title=\"Link zum Artikel auf spd-obertshausen.de\" target=\"_blank\">spd-obertshausen.de<\/a><\/div>\n  <\/div>\n <\/article>\n <\/div>\n <div class=\"post\" style=\"margin-bottom:40px;\">\n <article>\n  <h3><a name=\"c10daa08\" href=\"https:\/\/www.obertshausen.de\/index.php?id=509&publish%5Bid%5D=1609412&publish%5Bstart%5D=\" style=\"color:#333333;\" target=\"_blank\">RoOF-Mobil macht Station im Jugendzentrum Obertshausen<\/a><\/h3>\n  <div class=\"entry\">\n   <p style=\"margin-bottom:4px;\">\n   <a href=\"https:\/\/www.obertshausen.de\/index.php?id=509&publish%5Bid%5D=1609412&publish%5Bstart%5D=\" target=\"_blank\"><img decoding=\"async\" src=\"\/feeds\/gfx\/obertshausen.de.png\" style=\"align:left !important; float:left !important; margin-top:4px !important; margin-right:8px !important; margin-bottom:4px !important; width:90px !important;\" \/><\/a>    Kreis Offenbach st\u00e4rkt Angebote zur Berufsorientierung f\u00fcr junge Menschen vor Ort<br clear=\"all\" \/>   <\/p>\n   <div><span class=\"my_article_details\"><time datetime=\"2026-04-26\">26.04.2026<\/time> &middot; <a href=\"\/news\/obertshausen-nachrichten\" title=\"Obertshausen Nachrichten\">News<\/a> &middot; <a href=\"\/news\/obertshausen-aktuell\" title=\"Obertshausen heute aktuell\">Obertshausen<\/a> &middot; <\/span><a href=\"https:\/\/www.obertshausen.de\/index.php?id=509&publish%5Bid%5D=1609412&publish%5Bstart%5D=\" title=\"Link zum Artikel auf obertshausen.de\" target=\"_blank\">obertshausen.de<\/a><\/div>\n  <\/div>\n <\/article>\n <\/div>\n<div class=\"post\" style=\"background-color: #f4f4f4; margin-bottom: 40px; padding: 10px;\"><article><a style=\"color: #000000; font-size: 20px; font-weight: normal; text-decoration: underlined;\" href=\"https:\/\/www.tagesschau.de\/wirtschaft\/elektroauto-kosten-strom-100.html\" target=\"_blank\">Laden von E-Autos deutlich g\u00fcnstiger als Tanken<\/a><\/p><div class=\"entry\"><p style=\"margin-bottom: 4px;\"><a href=\"https:\/\/www.tagesschau.de\/wirtschaft\/elektroauto-kosten-strom-100.html\" target=\"_blank\" rel=\"noopener\"><img decoding=\"async\" style=\"align: left !important; float: left !important; margin-top: 4px !important; margin-right: 8px !important; margin-bottom: 4px !important; width: 90px !important;\" src=\"data:image\/gif;base64,R0lGODlhAQABAIAAAAAAAP\/\/\/yH5BAEAAAAALAAAAAABAAEAAAIBRAA7\" data-src=\"https:\/\/www.heusenstaemmchen.de\/feeds\/gfx\/tagesschau.de.png\" \/><\/a>Wer ein E-Auto besitzt und das zu Hause laden kann, der war im vergangenen Jahr am g\u00fcnstigsten unterwegs. Wer \u00f6ffentliche Lades\u00e4ulen nutzte, zahlte zwar mehr, aber immer noch viel weniger als die Fahrer von Benzinern an der Tankstelle.<br clear=\"all\" \/><\/p><div><b>Schon gewusst?<\/b> \u00b7 Regenerative Energien \u00b7 <a title=\"Mehr Details auf tagesschau.de\" href=\"https:\/\/www.tagesschau.de\/wirtschaft\/elektroauto-kosten-strom-100.html\" target=\"_blank\" rel=\"noopener\">tagesschau.de<\/a><\/div><\/div><\/article><\/div> <div class=\"post\" style=\"margin-bottom:40px;\">\n <article>\n  <h3><a name=\"92ad0c3c\" href=\"https:\/\/www.op-online.de\/leben\/reise\/warum-viele-fluege-ab-frankfurt-bald-an-anderer-stelle-starten-zr-94278644.html\" style=\"color:#333333;\" target=\"_blank\">Warum viele Fl\u00fcge ab Frankfurt bald an anderer Stelle starten<\/a><\/h3>\n  <div class=\"entry\">\n   <p style=\"margin-bottom:4px;\">\n   <a href=\"https:\/\/www.op-online.de\/leben\/reise\/warum-viele-fluege-ab-frankfurt-bald-an-anderer-stelle-starten-zr-94278644.html\" target=\"_blank\"><img decoding=\"async\" src=\"https:\/\/www.op-online.de\/assets\/images\/42\/243\/42243655-flugzeuge-flughafen-frankfurt-am-main-terminal-1n01.jpg\" style=\"align:left !important; float:left !important; margin-top:4px !important; margin-right:8px !important; margin-bottom:4px !important; width:90px !important;\" \/><\/a>    Mit Terminal 3 ver&auml;ndert sich am Flughafen Frankfurt f&uuml;r viele Reisende der gewohnte Abflugort. Erfahren Sie hier, was Sie beachten sollten.<br clear=\"all\" \/>   <\/p>\n   <div><span class=\"my_article_details\"><time datetime=\"2026-04-25\">25.04.2026<\/time> &middot; <a href=\"\/news\/fluglaerm-offenbach-am-main\" title=\"Flugl\u00e4rm Offenbach am Main\">Flughafen<\/a> &middot; Frankfurt &middot; <\/span><a href=\"https:\/\/www.op-online.de\/leben\/reise\/warum-viele-fluege-ab-frankfurt-bald-an-anderer-stelle-starten-zr-94278644.html\" title=\"Link zum Artikel auf op-online.de\" target=\"_blank\">op-online.de<\/a><\/div>\n  <\/div>\n <\/article>\n <\/div>\n <div class=\"post\" style=\"margin-bottom:40px;\">\n <article>\n  <h3><a name=\"79f99e6b\" href=\"https:\/\/www.fr.de\/rhein-main\/offenbach\/grosseinsatz-nach-brand-in-seligenstadt-kripo-ermittelt-ursache-94278548.html\" style=\"color:#333333;\" target=\"_blank\">Gro\u00dfeinsatz nach Brand in Rhein-Main: Kripo ermittelt Ursache<\/a><\/h3>\n  <div class=\"entry\">\n   <p style=\"margin-bottom:4px;\">\n   <a href=\"https:\/\/www.fr.de\/rhein-main\/offenbach\/grosseinsatz-nach-brand-in-seligenstadt-kripo-ermittelt-ursache-94278548.html\" target=\"_blank\"><img decoding=\"async\" src=\"https:\/\/www.fr.de\/assets\/images\/42\/344\/42344222-ein-garagenbrand-im-kreis-offenbach-hat-einen-schaden-von-mehr-als-70-000-euro-verursacht-1w01.jpg\" style=\"align:left !important; float:left !important; margin-top:4px !important; margin-right:8px !important; margin-bottom:4px !important; width:90px !important;\" \/><\/a>    Ein Garagenbrand in Seligenstadt (Kreis Offenbach) hat am Freitag, 24. April, einen Schaden von mehr als 70.000 Euro verursacht.<br clear=\"all\" \/>   <\/p>\n   <div><span class=\"my_article_details\"><time datetime=\"2026-04-25\">25.04.2026<\/time> &middot; <a href=\"\/news\/polizeieinsaetze-offenbach-am-main\" title=\"Polizeieins\u00e4tze Offenbach am Main\">Kreis Offenbach<\/a> &middot; <\/span><a href=\"https:\/\/www.fr.de\/rhein-main\/offenbach\/grosseinsatz-nach-brand-in-seligenstadt-kripo-ermittelt-ursache-94278548.html\" title=\"Link zum Artikel auf fr.de\" target=\"_blank\">fr.de<\/a><\/div>\n  <\/div>\n <\/article>\n <\/div>\n <div class=\"post\" style=\"margin-bottom:40px;\">\n <article>\n  <h3><a name=\"12327ffa\" href=\"https:\/\/www.op-online.de\/region\/obertshausen\/afd-verzichtet-auf-magistratssitz-spd-und-gruene-profitieren-davon-94277992.html\" style=\"color:#333333;\" target=\"_blank\">Stadtverordnetenversammlung: AfD verzichtet auf Magistratssitz, SPD und Gr\u00fcne profitieren<\/a><\/h3>\n  <div class=\"entry\">\n   <p style=\"margin-bottom:4px;\">\n   <a href=\"https:\/\/www.op-online.de\/region\/obertshausen\/afd-verzichtet-auf-magistratssitz-spd-und-gruene-profitieren-davon-94277992.html\" target=\"_blank\"><img decoding=\"async\" src=\"https:\/\/www.op-online.de\/assets\/images\/42\/333\/42333828-bei-der-konstituierenden-sitzung-der-stadtverordnetenversammlung-obertshausen-fuer-die-12-wahlperiode-am-23-april-2026-wurden-von-buergermeister-1001.jpg\" style=\"align:left !important; float:left !important; margin-top:4px !important; margin-right:8px !important; margin-bottom:4px !important; width:90px !important;\" \/><\/a>    Die Stadtverordnetenversammlung Obertshausen hat den ehrenamtlichen Magistrat gew&auml;hlt. In dem Gremium sind so viele Frauen wie noch nie. Die AfD h&auml;tte dabei sein k&ouml;nnen, wollte aber nicht.<br clear=\"all\" \/>   <\/p>\n   <div><span class=\"my_article_details\"><time datetime=\"2026-04-25\">25.04.2026<\/time> &middot; <a href=\"\/news\/obertshausen-nachrichten\" title=\"Obertshausen Nachrichten\">News<\/a> &middot; <a href=\"\/news\/obertshausen-aktuell\" title=\"Obertshausen heute aktuell\">Obertshausen<\/a> &middot; <\/span><a href=\"https:\/\/www.op-online.de\/region\/obertshausen\/afd-verzichtet-auf-magistratssitz-spd-und-gruene-profitieren-davon-94277992.html\" title=\"Link zum Artikel auf op-online.de\" target=\"_blank\">op-online.de<\/a><\/div>\n  <\/div>\n <\/article>\n <\/div>\n <div class=\"post\" style=\"margin-bottom:40px;\">\n <article>\n  <h3><a name=\"7c9a38bc\" href=\"https:\/\/www.op-online.de\/offenbach\/frankfurt-autobahn-wird-dauer-baustelle-nun-geht-richtig-los-und-das-ueber-monate-94276781.html\" style=\"color:#333333;\" target=\"_blank\">Offenbach-Autobahn wird Dauer-Baustelle: Nun geht\u2018s richtig los \u2013 und das \u00fcber Monate<\/a><\/h3>\n  <div class=\"entry\">\n   <p style=\"margin-bottom:4px;\">\n   <a href=\"https:\/\/www.op-online.de\/offenbach\/frankfurt-autobahn-wird-dauer-baustelle-nun-geht-richtig-los-und-das-ueber-monate-94276781.html\" target=\"_blank\"><img decoding=\"async\" src=\"https:\/\/www.op-online.de\/assets\/images\/42\/293\/42293766-bauarbeiten-auf-autobahn-2801.jpg\" style=\"align:left !important; float:left !important; margin-top:4px !important; margin-right:8px !important; margin-bottom:4px !important; width:90px !important;\" \/><\/a>    Ab kommender Woche wird auf der A661 nachts gebaut. Mit deutlichen Auswirkungen auf den Verkehr. Die Sperrungen laufen in der Regel von 19 bis 5 Uhr und k&ouml;nnen je nach Lage fr&uuml;her beginnen.<br clear=\"all\" \/>   <\/p>\n   <div><span class=\"my_article_details\"><time datetime=\"2026-04-24\">24.04.2026<\/time> &middot; A661 &middot; <a href=\"\/news\/offenbach-aktuell\" title=\"Offenbach heute aktuell\">Offenbach<\/a> &middot; <\/span><a href=\"https:\/\/www.op-online.de\/offenbach\/frankfurt-autobahn-wird-dauer-baustelle-nun-geht-richtig-los-und-das-ueber-monate-94276781.html\" title=\"Link zum Artikel auf op-online.de\" target=\"_blank\">op-online.de<\/a><\/div>\n  <\/div>\n <\/article>\n <\/div>\n <div class=\"post\" style=\"margin-bottom:40px;\">\n <article>\n  <h3><a name=\"b8548750\" href=\"https:\/\/www.iz.de\/presseschau\/news\/-hausen-billigt-ansiedlung-von-handelsmaerkten-2000043368?utm_source=rss&utm_medium=referral&utm_campaign=news&utm_term=\" style=\"color:#333333;\" target=\"_blank\">Immobilien: Hausen billigt Ansiedlung von Handelsm\u00e4rkten<\/a><\/h3>\n  <div class=\"entry\">\n   <p style=\"margin-bottom:4px;\">\n   <a href=\"https:\/\/www.iz.de\/presseschau\/news\/-hausen-billigt-ansiedlung-von-handelsmaerkten-2000043368?utm_source=rss&utm_medium=referral&utm_campaign=news&utm_term=\" target=\"_blank\"><img decoding=\"async\" src=\"\/feeds\/gfx\/iz.de.png\" style=\"align:left !important; float:left !important; margin-top:4px !important; margin-right:8px !important; margin-bottom:4px !important; width:90px !important;\" \/><\/a>    In Hausen bei Zell sollen ein Discounter, ein Getr&auml;nkemarkt und ein Drogeriemarkt entstehen. Das berichtet die Zeitung Die Oberbadische.<br clear=\"all\" \/>   <\/p>\n   <div><span class=\"my_article_details\"><time datetime=\"2026-04-24\">24.04.2026<\/time> &middot; Hausen &middot; <\/span><a href=\"https:\/\/www.iz.de\/presseschau\/news\/-hausen-billigt-ansiedlung-von-handelsmaerkten-2000043368?utm_source=rss&utm_medium=referral&utm_campaign=news&utm_term=\" title=\"Link zum Artikel auf iz.de\" target=\"_blank\">iz.de<\/a><\/div>\n  <\/div>\n <\/article>\n <\/div>\n <b>Mehr <a href=\"\/news\/obertshausen-nachrichten#30\" title=\"Obertshausen Nachrichten\">Obertshausen-Nachrichten<\/a> ...<\/b>\n<\/div>\n<br \/>\n\n<div style=\"background-color:#efffef; margin-top:15px; margin-bottom:15px; padding:10px; text-align:left; word-wrap:break-word;\">\n<h2 style=\"margin:0px; margin-bottom:20px;\"><a name=\"polizeimeldungen\"><\/a>Aktuelle Polizeimeldungen f\u00fcr Obertshausen<\/h2>\n <div class=\"post\" style=\"margin-bottom:40px;\">\n <article>\n  <h3><a name=\"b0c32abb\" href=\"https:\/\/www.presseportal.de\/blaulicht\/pm\/43561\/6264351\" style=\"color:#000000; font-weight:bold;\" target=\"_blank\">Polizei Offenbach am Main: Pressemeldungen vom 28.04.2026<\/a><\/h3>\n  <div class=\"entry\">\n   <p style=\"margin-bottom:4px;\">   <a href=\"https:\/\/www.presseportal.de\/blaulicht\/pm\/43561\/6264351\" target=\"_blank\"><img decoding=\"async\" src=\"\/feeds\/gfx\/POL-OF.jpg\" style=\"align:left !important; float:left !important; margin-top:4px !important; margin-right:8px !important; margin-bottom:4px !important; width:90px !important;\" \/><\/a>    ... <a href=\"https:\/\/www.presseportal.de\/blaulicht\/pm\/43561\/6264351\" style=\"color:#000000; font-weight:bold;\" target=\"_blank\">4. Jugendliche angesprochen und angefasst: Wer sah den T\u00e4ter? - Obertshausen<\/a>   (fg) Nachdem ein Unbekannter am Montag eine Jugendliche in der Alexanderstra\u00dfe im Bereich ihres Ges\u00e4\u00dfes unsittlich ber\u00fchrt haben soll, ermittelt die Kriminalpolizei und sucht mit einer Personenbeschreibung nach dem T\u00e4ter. Dieser war 1,75 Meter bis 1,80 Meter ...<br clear=\"all\" \/>   <\/p>\n   <div><span class=\"my_article_details\"><time datetime=\"2026-04-28\">28.04.2026<\/time> &middot; <a href=\"\/news\/obertshausen-aktuell\" title=\"Obertshausen heute aktuell\">Obertshausen<\/a> &middot; <a href=\"\/news\/obertshausen-polizeimeldungen\" title=\"Polizeieins\u00e4tze Obertshausen\">Polizei<\/a> &middot; <\/span><a href=\"https:\/\/www.presseportal.de\/blaulicht\/pm\/43561\/6264351\" title=\"Link zum Artikel auf presseportal.de\" target=\"_blank\">presseportal.de<\/a><\/div>  <\/div>\n <\/article>\n <\/div>\n <div class=\"post\" style=\"margin-bottom:40px;\">\n <article>\n  <h3><a name=\"2a64b284\" href=\"https:\/\/www.presseportal.de\/blaulicht\/pm\/43561\/6261364\" style=\"color:#000000; font-weight:bold;\" target=\"_blank\">Polizei Offenbach am Main: Pressemeldungen vom 23.04.2026<\/a><\/h3>\n  <div class=\"entry\">\n   <p style=\"margin-bottom:4px;\">   <a href=\"https:\/\/www.presseportal.de\/blaulicht\/pm\/43561\/6261364\" target=\"_blank\"><img decoding=\"async\" src=\"\/feeds\/gfx\/POL-OF.jpg\" style=\"align:left !important; float:left !important; margin-top:4px !important; margin-right:8px !important; margin-bottom:4px !important; width:90px !important;\" \/><\/a>    ... <a href=\"https:\/\/www.presseportal.de\/blaulicht\/pm\/43561\/6261364\" style=\"color:#000000; font-weight:bold;\" target=\"_blank\">6.\tR\u00e4der von Audi abmontiert: Polizei sucht nach Zeugen - Obertshausen<\/a>   (me) Wo sind die R\u00e4der hin? Dies fragt sich aktuell die Polizei, die wegen des Verdachts des Diebstahls von diesen ermittelt. In der Zeit zwischen Dienstag, 23.30 Uhr und Mittwoch, 7.30 Uhr, legten die Gauner zun\u00e4chst Holzkl\u00f6tze unter einen beigefarbenen ...<br clear=\"all\" \/>   <\/p>\n   <div><span class=\"my_article_details\"><time datetime=\"2026-04-23\">23.04.2026<\/time> &middot; <a href=\"\/news\/diebstaehle-offenbach-am-main\" title=\"Diebst\u00e4hle Offenbach am Main\">Diebstahl<\/a> &middot; <a href=\"\/news\/obertshausen-aktuell\" title=\"Obertshausen heute aktuell\">Obertshausen<\/a> &middot; <a href=\"\/news\/obertshausen-polizeimeldungen\" title=\"Polizeieins\u00e4tze Obertshausen\">Polizei<\/a> &middot; <\/span><a href=\"https:\/\/www.presseportal.de\/blaulicht\/pm\/43561\/6261364\" title=\"Link zum Artikel auf presseportal.de\" target=\"_blank\">presseportal.de<\/a><\/div>  <\/div>\n <\/article>\n <\/div>\n <div class=\"post\" style=\"margin-bottom:40px;\">\n <article>\n  <h3><a name=\"95eeaa74\" href=\"https:\/\/www.presseportal.de\/blaulicht\/pm\/43561\/6260552\" style=\"color:#000000; font-weight:bold;\" target=\"_blank\">Polizei Offenbach am Main: Pressemeldungen vom 22.04.2026<\/a><\/h3>\n  <div class=\"entry\">\n   <p style=\"margin-bottom:4px;\">   <a href=\"https:\/\/www.presseportal.de\/blaulicht\/pm\/43561\/6260552\" target=\"_blank\"><img decoding=\"async\" src=\"\/feeds\/gfx\/POL-OF.jpg\" style=\"align:left !important; float:left !important; margin-top:4px !important; margin-right:8px !important; margin-bottom:4px !important; width:90px !important;\" \/><\/a>    ... <a href=\"https:\/\/www.presseportal.de\/blaulicht\/pm\/43561\/6260552\" style=\"color:#000000; font-weight:bold;\" target=\"_blank\">5. Autot\u00fcr gewaltsam ge\u00f6ffnet, aber offenbar nichts geklaut: Hinweise erbeten! - Obertshausen<\/a>   (me) Gauner hatten es am Wochenende auf den m\u00f6glichen Inhalt eines silbernen Autos abgesehen und \u00f6ffneten den Audi gewaltsam. In der Zeit zwischen Sonntag, 15 Uhr und Montag, 11 Uhr, nutzten die Langfinger wohl einen d\u00fcnnen Gegenstand, um die Beifahrert\u00fcr ...<br clear=\"all\" \/>   <\/p>\n   <div><span class=\"my_article_details\"><time datetime=\"2026-04-22\">22.04.2026<\/time> &middot; <a href=\"\/news\/diebstaehle-offenbach-am-main\" title=\"Diebst\u00e4hle Offenbach am Main\">Diebstahl<\/a> &middot; <a href=\"\/news\/obertshausen-aktuell\" title=\"Obertshausen heute aktuell\">Obertshausen<\/a> &middot; <\/span><a href=\"https:\/\/www.presseportal.de\/blaulicht\/pm\/43561\/6260552\" title=\"Link zum Artikel auf presseportal.de\" target=\"_blank\">presseportal.de<\/a><\/div>  <\/div>\n <\/article>\n <\/div>\n <b>Mehr von der <a href=\"\/news\/obertshausen-polizeimeldungen#3\" title=\"Polizeieins\u00e4tze Obertshausen heute\">Polizei Obertshausen<\/a> ...<\/b>\n<\/div>\n<br \/>\n\n<div style=\"background-color:#ffffff; margin-top:15px; margin-bottom:15px; padding:10px; text-align:left; word-wrap:break-word;\">\n<h2 style=\"margin:0px; margin-bottom:20px;\"><a name=\"umgebung\"><\/a>Aktuelle News aus Obertshausens Umgebung<\/h2>\n <div class=\"post\" style=\"margin-bottom:40px;\">\n <article>\n  <h3><a name=\"f49c343e\" href=\"https:\/\/www.op-online.de\/sport\/kickers-offenbach\/offenbacher-kickers-tickets-fuer-das-spiel-gegen-walldorf-werden-verlost-94283090.html\" style=\"color:#333333;\" target=\"_blank\">Offenbacher Kickers: Tickets f\u00fcr das Spiel gegen Walldorf werden verlost<\/a><\/h3>\n  <div class=\"entry\">\n   <p style=\"margin-bottom:4px;\">\n   <a href=\"https:\/\/www.op-online.de\/sport\/kickers-offenbach\/offenbacher-kickers-tickets-fuer-das-spiel-gegen-walldorf-werden-verlost-94283090.html\" target=\"_blank\"><img decoding=\"async\" src=\"https:\/\/www.op-online.de\/assets\/images\/42\/385\/42385674-schon-beim-ersten-punktspiel-gegen-walldorf-am-ball-sascha-korb-links-der-routinier-koennte-auch-am-samstag-starten-wenn-er-seine-oberschenkelprobleme-1lb4atfcdd01.jpg\" style=\"align:left !important; float:left !important; margin-top:4px !important; margin-right:8px !important; margin-bottom:4px !important; width:90px !important;\" \/><\/a>    Vor dem Heimspiel am Samstag gibt es f&uuml;nfmal zwei Karten zu gewinnen. Daf&uuml;r muss eine Quizfrage beantwortet werden.<br clear=\"all\" \/>   <\/p>\n   <div><span class=\"my_article_details\"><time datetime=\"2026-04-28\">28.04.2026<\/time> &middot; <\/span><a href=\"https:\/\/www.op-online.de\/sport\/kickers-offenbach\/offenbacher-kickers-tickets-fuer-das-spiel-gegen-walldorf-werden-verlost-94283090.html\" title=\"Link zum Artikel auf op-online.de\" target=\"_blank\">op-online.de<\/a><\/div>\n  <\/div>\n <\/article>\n <\/div>\n <div class=\"post\" style=\"margin-bottom:40px;\">\n <article>\n  <h3><a name=\"e9113796\" href=\"https:\/\/of-news.de\/roedermark\/neue-tafeln-begruessen-besucher-an-den-ortseingaengen-von-roedermark-167742\/\" style=\"color:#333333;\" target=\"_blank\">Neue Tafeln begr\u00fc\u00dfen Besucher an den Ortseing\u00e4ngen von R\u00f6dermark<\/a><\/h3>\n  <div class=\"entry\">\n   <p style=\"margin-bottom:4px;\">\n   <a href=\"https:\/\/of-news.de\/roedermark\/neue-tafeln-begruessen-besucher-an-den-ortseingaengen-von-roedermark-167742\/\" target=\"_blank\"><img decoding=\"async\" src=\"\/feeds\/gfx\/of-news.de.png\" style=\"align:left !important; float:left !important; margin-top:4px !important; margin-right:8px !important; margin-bottom:4px !important; width:90px !important;\" \/><\/a>    An drei markanten Stellen in R&#xF6;dermark sollen neue Tafeln k&#xFC;nftig f&#xFC;r einen einheitlichen Willkommensgru&#xDF; sorgen. Installiert wurden sie am Kranichkreisel an der Frankfurter Stra&#xDF;e, in der N&#xE4;he des TGO-Sportplatzes sowie an der ...<br clear=\"all\" \/>   <\/p>\n   <div><span class=\"my_article_details\"><time datetime=\"2026-04-28\">28.04.2026<\/time> &middot; <\/span><a href=\"https:\/\/of-news.de\/roedermark\/neue-tafeln-begruessen-besucher-an-den-ortseingaengen-von-roedermark-167742\/\" title=\"Link zum Artikel auf of-news.de\" target=\"_blank\">of-news.de<\/a><\/div>\n  <\/div>\n <\/article>\n <\/div>\n <div class=\"post\" style=\"margin-bottom:40px;\">\n <article>\n  <h3><a name=\"dc3cbb72\" href=\"https:\/\/of-news.de\/rodgau\/skg-rodgau-startet-mit-drei-titeln-und-zahlreichen-bestleistungen-in-die-freiluftsaison-167736\/\" style=\"color:#333333;\" target=\"_blank\">SKG Rodgau startet mit drei Titeln und zahlreichen Bestleistungen in die Freiluftsaison<\/a><\/h3>\n  <div class=\"entry\">\n   <p style=\"margin-bottom:4px;\">\n   <a href=\"https:\/\/of-news.de\/rodgau\/skg-rodgau-startet-mit-drei-titeln-und-zahlreichen-bestleistungen-in-die-freiluftsaison-167736\/\" target=\"_blank\"><img decoding=\"async\" src=\"\/feeds\/gfx\/of-news.de.png\" style=\"align:left !important; float:left !important; margin-top:4px !important; margin-right:8px !important; margin-bottom:4px !important; width:90px !important;\" \/><\/a>    Mit drei Siegen in drei Altersklassen ist die SKG Rodgau in die Freiluftsaison gestartet. Bei den Block-Kreismeisterschaften am 25. April in Seligenstadt holten die Nachwuchsathleten drei Kreismeistertitel und erzielten dabei 14 pers&#xF6;nliche Bestleistungen ...<br clear=\"all\" \/>   <\/p>\n   <div><span class=\"my_article_details\"><time datetime=\"2026-04-28\">28.04.2026<\/time> &middot; <\/span><a href=\"https:\/\/of-news.de\/rodgau\/skg-rodgau-startet-mit-drei-titeln-und-zahlreichen-bestleistungen-in-die-freiluftsaison-167736\/\" title=\"Link zum Artikel auf of-news.de\" target=\"_blank\">of-news.de<\/a><\/div>\n  <\/div>\n <\/article>\n <\/div>\n <div class=\"post\" style=\"margin-bottom:40px;\">\n <article>\n  <h3><a name=\"7a458b2e\" href=\"https:\/\/of-news.de\/heusenstamm\/bahnhofsfest-eroeffnet-heusenstammer-sommer-mit-musik-aktionen-und-strassensperrungen-167732\/\" style=\"color:#333333;\" target=\"_blank\">Bahnhofsfest er\u00f6ffnet Heusenstammer Sommer mit Musik und Aktionen<\/a><\/h3>\n  <div class=\"entry\">\n   <p style=\"margin-bottom:4px;\">\n   <a href=\"https:\/\/of-news.de\/heusenstamm\/bahnhofsfest-eroeffnet-heusenstammer-sommer-mit-musik-aktionen-und-strassensperrungen-167732\/\" target=\"_blank\"><img decoding=\"async\" src=\"\/feeds\/gfx\/of-news.de.png\" style=\"align:left !important; float:left !important; margin-top:4px !important; margin-right:8px !important; margin-bottom:4px !important; width:90px !important;\" \/><\/a>    Mit dem Bahnhofsfest beginnt in Heusenstamm am Sonntag, 10. Mai, die neue Saison des Heusenstammer Sommers. Das Fest rund um den Bahnhof dauert von 12 bis 21 Uhr und soll wieder ein ganzt&#xE4;giges Programm f&#xFC;r Familien, Kinder und Ausfl&#xFC;gler bieten. ...<br clear=\"all\" \/>   <\/p>\n   <div><span class=\"my_article_details\"><time datetime=\"2026-04-28\">28.04.2026<\/time> &middot; <\/span><a href=\"https:\/\/of-news.de\/heusenstamm\/bahnhofsfest-eroeffnet-heusenstammer-sommer-mit-musik-aktionen-und-strassensperrungen-167732\/\" title=\"Link zum Artikel auf of-news.de\" target=\"_blank\">of-news.de<\/a><\/div>\n  <\/div>\n <\/article>\n <\/div>\n <div class=\"post\" style=\"margin-bottom:40px;\">\n <article>\n  <h3><a name=\"c78aefcc\" href=\"https:\/\/www.rmv.de\/c\/de\/fahrplan\/verbindungssuche-hinweise\/verkehrsmeldungen?selectedhimid=2161896#content\" style=\"color:#333333;\" target=\"_blank\">RE54\/RE55: Umleitungen mit Haltentfall<\/a><\/h3>\n  <div class=\"entry\">\n   <p style=\"margin-bottom:4px;\">\n   <a href=\"https:\/\/www.rmv.de\/c\/de\/fahrplan\/verbindungssuche-hinweise\/verkehrsmeldungen?selectedhimid=2161896#content\" target=\"_blank\"><img decoding=\"async\" src=\"\/feeds\/gfx\/rmv.de.jpg\" style=\"align:left !important; float:left !important; margin-top:4px !important; margin-right:8px !important; margin-bottom:4px !important; width:90px !important;\" \/><\/a>    01.05.2026 04:00 - 09.05.2026 01:30 Die meisten Z&uuml;ge der Linien RE54\/RE55 werden &uuml;ber &quot;Offenbach Hauptbahnhof&quot; umgeleitet, dabei entfallen die Halte &quot;Hanau West&quot; bis &quot;Frankfurt Ost&quot; in beiden Fahrtrichtungen. In einigen N&auml;chten verkehren Ersatzbusse &uuml;ber Maintal. ...<br clear=\"all\" \/>   <\/p>\n   <div><span class=\"my_article_details\"><time datetime=\"2026-04-28\">28.04.2026<\/time> &middot; <\/span><a href=\"https:\/\/www.rmv.de\/c\/de\/fahrplan\/verbindungssuche-hinweise\/verkehrsmeldungen?selectedhimid=2161896#content\" title=\"Link zum Artikel auf rmv.de\" target=\"_blank\">rmv.de<\/a><\/div>\n  <\/div>\n <\/article>\n <\/div>\n <div class=\"post\" style=\"margin-bottom:40px;\">\n <article>\n  <h3><a name=\"7d494a94\" href=\"https:\/\/www.rheinmainverlag.de\/2026\/04\/28\/hoher-schaden-bei-wohnungsbrand-in-offenbach\/\" style=\"color:#333333;\" target=\"_blank\">Hoher Schaden bei Wohnungsbrand in Offenbach<\/a><\/h3>\n  <div class=\"entry\">\n   <p style=\"margin-bottom:4px;\">\n   <a href=\"https:\/\/www.rheinmainverlag.de\/2026\/04\/28\/hoher-schaden-bei-wohnungsbrand-in-offenbach\/\" target=\"_blank\"><img decoding=\"async\" src=\"\/feeds\/gfx\/rheinmainverlag.de.png\" style=\"align:left !important; float:left !important; margin-top:4px !important; margin-right:8px !important; margin-bottom:4px !important; width:90px !important;\" \/><\/a>    Sch&auml;tzungsweise 150.000 Euro Sachschaden, so die erste Prognose, hatte eine Feuer in einem Mehrfamilienhaus im L&auml;mmerspieler Weg in Offenbach am Dienstagvormittag zur Folge. Als Einsatzkr&auml;fte von Feuerwehr und Polizei nach dem gegen 10.30 Uhr eingegangenen ...<br clear=\"all\" \/>   <\/p>\n   <div><span class=\"my_article_details\"><time datetime=\"2026-04-28\">28.04.2026<\/time> &middot; <\/span><a href=\"https:\/\/www.rheinmainverlag.de\/2026\/04\/28\/hoher-schaden-bei-wohnungsbrand-in-offenbach\/\" title=\"Link zum Artikel auf rheinmainverlag.de\" target=\"_blank\">rheinmainverlag.de<\/a><\/div>\n  <\/div>\n <\/article>\n <\/div>\n <div class=\"post\" style=\"margin-bottom:40px;\">\n <article>\n  <h3><a name=\"cdf50521\" href=\"https:\/\/www.dietzenbach.de\/index.php?ModID=255&FID=3651.28986.1&object=tx%2C3651.6\" style=\"color:#333333;\" target=\"_blank\">Dietzenbach: Stadtb\u00e4ume im Fokus<\/a><\/h3>\n  <div class=\"entry\">\n   <p style=\"margin-bottom:4px;\">\n   <a href=\"https:\/\/www.dietzenbach.de\/index.php?ModID=255&FID=3651.28986.1&object=tx%2C3651.6\" target=\"_blank\"><img decoding=\"async\" src=\"\/feeds\/gfx\/dietzenbach.de.png\" style=\"align:left !important; float:left !important; margin-top:4px !important; margin-right:8px !important; margin-bottom:4px !important; width:90px !important;\" \/><\/a>    St&auml;dtische Betriebe zeigen, wie Stadtb&auml;ume zur Klimaanpassung beitragen Am vergangenen Samstag, 25. April 2026, wurde deutschlandweit der &bdquo;Tag des Baumes&ldquo; begangen &ndash; ein Anlass, der auch in Dietzenbach die Aufmerksamkeit auf ...<br clear=\"all\" \/>   <\/p>\n   <div><span class=\"my_article_details\"><time datetime=\"2026-04-28\">28.04.2026<\/time> &middot; <\/span><a href=\"https:\/\/www.dietzenbach.de\/index.php?ModID=255&FID=3651.28986.1&object=tx%2C3651.6\" title=\"Link zum Artikel auf dietzenbach.de\" target=\"_blank\">dietzenbach.de<\/a><\/div>\n  <\/div>\n <\/article>\n <\/div>\n <div class=\"post\" style=\"margin-bottom:40px;\">\n <article>\n  <h3><a name=\"d4dc9b33\" href=\"https:\/\/www.op-online.de\/region\/neu-isenburg\/der-treffpunkt-in-neu-isenburg-oeffnet-nach-16-monaten-wieder-94282366.html\" style=\"color:#333333;\" target=\"_blank\">Der \u201eTreffer\u201c ist wieder da: Neustart f\u00fcr Neu-Isenburger Kultkneipe<\/a><\/h3>\n  <div class=\"entry\">\n   <p style=\"margin-bottom:4px;\">\n   <a href=\"https:\/\/www.op-online.de\/region\/neu-isenburg\/der-treffpunkt-in-neu-isenburg-oeffnet-nach-16-monaten-wieder-94282366.html\" target=\"_blank\"><img decoding=\"async\" src=\"https:\/\/www.op-online.de\/assets\/images\/42\/318\/42318906-thomas-winterscheid-ist-der-neue-inhaber-des-treffpunkts-neu-isenburg-1M01.jpg\" style=\"align:left !important; float:left !important; margin-top:4px !important; margin-right:8px !important; margin-bottom:4px !important; width:90px !important;\" \/><\/a>    Thomas Winterscheid hat den Treffpunkt in Neu-Isenburg &uuml;bernommen. Nach aufwendiger Sanierung lockt die Gastst&auml;tte wieder zahlreiche G&auml;ste an.<br clear=\"all\" \/>   <\/p>\n   <div><span class=\"my_article_details\"><time datetime=\"2026-04-28\">28.04.2026<\/time> &middot; <\/span><a href=\"https:\/\/www.op-online.de\/region\/neu-isenburg\/der-treffpunkt-in-neu-isenburg-oeffnet-nach-16-monaten-wieder-94282366.html\" title=\"Link zum Artikel auf op-online.de\" target=\"_blank\">op-online.de<\/a><\/div>\n  <\/div>\n <\/article>\n <\/div>\n <div class=\"post\" style=\"margin-bottom:40px;\">\n <article>\n  <h3><a name=\"caa707f2\" href=\"https:\/\/baggerseepiraten.de\/2026\/04\/28\/letztes-saisonspiel-der-damen-ii\/\" style=\"color:#333333;\" target=\"_blank\">Handball: Letztes Saisonspiel der Damen II<\/a><\/h3>\n  <div class=\"entry\">\n   <p style=\"margin-bottom:4px;\">\n   <a href=\"https:\/\/baggerseepiraten.de\/2026\/04\/28\/letztes-saisonspiel-der-damen-ii\/\" target=\"_blank\"><img decoding=\"async\" src=\"\/feeds\/gfx\/baggerseepiraten.de.jpg\" style=\"align:left !important; float:left !important; margin-top:4px !important; margin-right:8px !important; margin-bottom:4px !important; width:90px !important;\" \/><\/a>    Am vergangenen Samstag traten die Damen II der HSG Rodgau Nieder-Roden vor heimischer Kulisse in der RodauStrom Sportarena gegen die Damen II der HSG Dreiech an. Die Baggerseepiratinnen starteten stark ins Spiel und &uuml;berraschten die G&auml;ste mit hohem Tempo und ...<br clear=\"all\" \/>   <\/p>\n   <div><span class=\"my_article_details\"><time datetime=\"2026-04-28\">28.04.2026<\/time> &middot; <\/span><a href=\"https:\/\/baggerseepiraten.de\/2026\/04\/28\/letztes-saisonspiel-der-damen-ii\/\" title=\"Link zum Artikel auf baggerseepiraten.de\" target=\"_blank\">baggerseepiraten.de<\/a><\/div>\n  <\/div>\n <\/article>\n <\/div>\n <div class=\"post\" style=\"margin-bottom:40px;\">\n <article>\n  <h3><a name=\"0b284bb3\" href=\"https:\/\/www.mainhausen.de\/pressemeldungen\/konstituierende-sitzungen-gemeindevertretung-und-auslaenderbeirat-starten-in-die-neue-wahlperiode-1777365548\/2026\/04\/28#blog5310\" style=\"color:#333333;\" target=\"_blank\">Konstituierende Sitzungen: Gemeindevertretung und Ausl\u00e4nderbeirat starten in die neue Wahlperiode<\/a><\/h3>\n  <div class=\"entry\">\n   <p style=\"margin-bottom:4px;\">\n   <a href=\"https:\/\/www.mainhausen.de\/pressemeldungen\/konstituierende-sitzungen-gemeindevertretung-und-auslaenderbeirat-starten-in-die-neue-wahlperiode-1777365548\/2026\/04\/28#blog5310\" target=\"_blank\"><img decoding=\"async\" src=\"\/feeds\/gfx\/mainhausen.de.png\" style=\"align:left !important; float:left !important; margin-top:4px !important; margin-right:8px !important; margin-bottom:4px !important; width:90px !important;\" \/><\/a>    Nach der Wahl am 15. M&auml;rz kommen die neu zusammengesetzten Gremien der Gemeinde Mainhausen nun erstmals zusammen. Die konstituierenden Sitzungen der Gemeindevertretung (28.04.) und des Ausl&auml;nderbeirats (30.04.) sind &ouml;ffentlich &ndash; die B&uuml;rgerinnen ...<br clear=\"all\" \/>   <\/p>\n   <div><span class=\"my_article_details\"><time datetime=\"2026-04-28\">28.04.2026<\/time> &middot; <\/span><a href=\"https:\/\/www.mainhausen.de\/pressemeldungen\/konstituierende-sitzungen-gemeindevertretung-und-auslaenderbeirat-starten-in-die-neue-wahlperiode-1777365548\/2026\/04\/28#blog5310\" title=\"Link zum Artikel auf mainhausen.de\" target=\"_blank\">mainhausen.de<\/a><\/div>\n  <\/div>\n <\/article>\n <\/div>\n <div class=\"post\" style=\"margin-bottom:40px;\">\n <article>\n  <h3><a name=\"404f0760\" href=\"https:\/\/www.dreieich.de\/rathaus-service\/presse-medien\/pressemitteilungen\/2026\/hallenbad-ist-am-01-mai-geschlossen\/\" style=\"color:#333333;\" target=\"_blank\">Dreieich: Hallenbad ist am 01. Mai geschlossen!<\/a><\/h3>\n  <div class=\"entry\">\n   <p style=\"margin-bottom:4px;\">\n   <a href=\"https:\/\/www.dreieich.de\/rathaus-service\/presse-medien\/pressemitteilungen\/2026\/hallenbad-ist-am-01-mai-geschlossen\/\" target=\"_blank\"><img decoding=\"async\" src=\"https:\/\/www.dreieich.de\/rathaus-service\/presse-medien\/pressemitteilungen\/2026\/hallenbad-ist-am-01-mai-geschlossen\/logo-dreieich-schwimmbaeder.14cca584.svg?cid=dg7.8c22&resize=0e3d88%3a1024x768c\" style=\"align:left !important; float:left !important; margin-top:4px !important; margin-right:8px !important; margin-bottom:4px !important; width:90px !important;\" \/><\/a>    Anl&auml;sslich des gesetzlichen Feiertags am 1. Mai bleibt das Hallenbad Dreieich f&uuml;r den Badebetrieb geschlossen.<br clear=\"all\" \/>   <\/p>\n   <div><span class=\"my_article_details\"><time datetime=\"2026-04-28\">28.04.2026<\/time> &middot; <\/span><a href=\"https:\/\/www.dreieich.de\/rathaus-service\/presse-medien\/pressemitteilungen\/2026\/hallenbad-ist-am-01-mai-geschlossen\/\" title=\"Link zum Artikel auf dreieich.de\" target=\"_blank\">dreieich.de<\/a><\/div>\n  <\/div>\n <\/article>\n <\/div>\n <div class=\"post\" style=\"margin-bottom:40px;\">\n <article>\n  <h3><a name=\"a289629a\" href=\"https:\/\/arg-heusenstamm.de\/news\/entry\/116-zu-gast-beim-b%C3%BCrgermeister\/\" style=\"color:#333333;\" target=\"_blank\">Schule: Zu Gast beim B\u00fcrgermeister<\/a><\/h3>\n  <div class=\"entry\">\n   <p style=\"margin-bottom:4px;\">\n   <a href=\"https:\/\/arg-heusenstamm.de\/news\/entry\/116-zu-gast-beim-b%C3%BCrgermeister\/\" target=\"_blank\"><img decoding=\"async\" src=\"https:\/\/arg-heusenstamm.de\/news\/images\/coverPhotos\/d9\/141-d96c441ffd4029c3464c7b8df55c5528cc7ba6fd.jpg\" style=\"align:left !important; float:left !important; margin-top:4px !important; margin-right:8px !important; margin-bottom:4px !important; width:90px !important;\" \/><\/a>    Am 24. April 2026 besuchte die Klasse 7f des Adolf\u2011Reichwein\u2011Gymnasiums Heusenstamm im Politikunterricht von Frau Iding den Heusenstammer B&uuml;rgermeister Steffen Ball im Plenarsaal des Rathauses. In einem &uuml;ber einst&uuml;ndigen Gespr&auml;ch informierten sich die Sch&uuml;lerinnen ...<br clear=\"all\" \/>   <\/p>\n   <div><span class=\"my_article_details\"><time datetime=\"2026-04-28\">28.04.2026<\/time> &middot; <\/span><a href=\"https:\/\/arg-heusenstamm.de\/news\/entry\/116-zu-gast-beim-b%C3%BCrgermeister\/\" title=\"Link zum Artikel auf arg-heusenstamm.de\" target=\"_blank\">arg-heusenstamm.de<\/a><\/div>\n  <\/div>\n <\/article>\n <\/div>\n<div class=\"post\" style=\"background-color: #ffedd9; margin-bottom: 40px; padding: 10px;\"><article><a style=\"color: #000000; font-size: 20px; font-weight: normal; text-decoration: underlined;\" href=\"https:\/\/www.hessenschau.de\/gesellschaft\/wiesbaden-investiert-milliardensumme-so-kaempfen-staedte-gegen-klimawandel-v1,staedte-klimaschutz-100.html\" target=\"_blank\">So steht es um die Ma\u00dfnahmen von St\u00e4dten gegen den Klimawandel<\/a><\/p><div class=\"entry\"><p style=\"margin-bottom: 4px;\"><a href=\"https:\/\/www.hessenschau.de\/gesellschaft\/wiesbaden-investiert-milliardensumme-so-kaempfen-staedte-gegen-klimawandel-v1,staedte-klimaschutz-100.html\" target=\"_blank\" rel=\"noopener\"><img decoding=\"async\" style=\"align: left !important; float: left !important; margin-top: 4px !important; margin-right: 8px !important; margin-bottom: 4px !important; width: 90px !important;\" src=\"data:image\/gif;base64,R0lGODlhAQABAIAAAAAAAP\/\/\/yH5BAEAAAAALAAAAAABAAEAAAIBRAA7\" data-src=\"https:\/\/www.heusenstaemmchen.de\/feeds\/gfx\/hessenschau.de.png\" \/><\/a>Trockenheit, Hitzewellen, Starkregen und \u00dcberschwemmungen: Die Kommunen haben mit den Auswirkungen des Klimawandels zu k\u00e4mpfen. Welche Ma\u00dfnahmen schon greifen &#8211; und was in Planung ist. <br clear=\"all\" \/><\/p><div><b>Schon gewusst?<\/b> \u00b7 Erderw\u00e4rmung \u00b7 <a title=\"Mehr Details auf hessenschau.de\" href=\"https:\/\/www.hessenschau.de\/gesellschaft\/wiesbaden-investiert-milliardensumme-so-kaempfen-staedte-gegen-klimawandel-v1,staedte-klimaschutz-100.html\" target=\"_blank\" rel=\"noopener\">hessenschau.de<\/a><\/div><\/div><\/article><\/div> <div class=\"post\" style=\"margin-bottom:40px;\">\n <article>\n  <h3><a name=\"57be5c75\" href=\"https:\/\/www.dietzenbach.de\/index.php?ModID=255&FID=3651.28984.1&object=tx%2C3651.6\" style=\"color:#333333;\" target=\"_blank\">Dietzenbach-S\u00fcdost: Wir im Quartier am 7. Mai<\/a><\/h3>\n  <div class=\"entry\">\n   <p style=\"margin-bottom:4px;\">\n   <a href=\"https:\/\/www.dietzenbach.de\/index.php?ModID=255&FID=3651.28984.1&object=tx%2C3651.6\" target=\"_blank\"><img decoding=\"async\" src=\"\/feeds\/gfx\/dietzenbach.de.png\" style=\"align:left !important; float:left !important; margin-top:4px !important; margin-right:8px !important; margin-bottom:4px !important; width:90px !important;\" \/><\/a>    Veranstaltung bringt Menschen und Angebote zusammen Was gibt es eigentlich alles im Quartier Dietzenbach S&uuml;dost &ndash; und wer steckt dahinter? Antworten darauf gibt die Veranstaltung &bdquo;Wir im Quartier&ldquo; am Donnerstag, 7. Mai 2026: ...<br clear=\"all\" \/>   <\/p>\n   <div><span class=\"my_article_details\"><time datetime=\"2026-04-28\">28.04.2026<\/time> &middot; <\/span><a href=\"https:\/\/www.dietzenbach.de\/index.php?ModID=255&FID=3651.28984.1&object=tx%2C3651.6\" title=\"Link zum Artikel auf dietzenbach.de\" target=\"_blank\">dietzenbach.de<\/a><\/div>\n  <\/div>\n <\/article>\n <\/div>\n <div class=\"post\" style=\"margin-bottom:40px;\">\n <article>\n  <h3><a name=\"af7ea336\" href=\"https:\/\/www.hessenschau.de\/panorama\/muehlheim-am-main-risse-im-schwimmbecken---hallenbad-geschlossen-v2,hallenbad-muehlheim-104.html\" style=\"color:#333333;\" target=\"_blank\">M\u00fchlheim am Main: Risse im Schwimmbecken - Hallenbad geschlossen<\/a><\/h3>\n  <div class=\"entry\">\n   <p style=\"margin-bottom:4px;\">\n   <a href=\"https:\/\/www.hessenschau.de\/panorama\/muehlheim-am-main-risse-im-schwimmbecken---hallenbad-geschlossen-v2,hallenbad-muehlheim-104.html\" target=\"_blank\"><img decoding=\"async\" src=\"https:\/\/www.hessenschau.de\/panorama\/hallenbad-106~_t-1777383180157_v-16to9.jpg\" style=\"align:left !important; float:left !important; margin-top:4px !important; margin-right:8px !important; margin-bottom:4px !important; width:90px !important;\" \/><\/a>    In M&uuml;hlheim am Main ist das &ouml;rtliche Hallenbad ab sofort geschlossen. Im Schwimmbecken wurden Risse festgestellt, die sich nach Angaben der Stadtwerke sogar noch ausweiten. ...<br clear=\"all\" \/>   <\/p>\n   <div><span class=\"my_article_details\"><time datetime=\"2026-04-28\">28.04.2026<\/time> &middot; <\/span><a href=\"https:\/\/www.hessenschau.de\/panorama\/muehlheim-am-main-risse-im-schwimmbecken---hallenbad-geschlossen-v2,hallenbad-muehlheim-104.html\" title=\"Link zum Artikel auf hessenschau.de\" target=\"_blank\">hessenschau.de<\/a><\/div>\n  <\/div>\n <\/article>\n <\/div>\n <div class=\"post\" style=\"margin-bottom:40px;\">\n <article>\n  <h3><a name=\"687dc371\" href=\"https:\/\/www.mainhausen.de\/pressemeldungen\/polizeiliche-kriminalstatistik-2025-rueckgang-der-straftaten-in-seligenstadt-ostkreis-mit-positiver-entwicklung-bei-der-aufklaerung-1777357057\/2026\/04\/28#blog5309\" style=\"color:#333333;\" target=\"_blank\">Polizeiliche Kriminalstatistik 2025: R\u00fcckgang der Straftaten in Seligenstadt \u2013 Ostkreis mit positiver Entwicklung bei der Aufkl\u00e4rung<\/a><\/h3>\n  <div class=\"entry\">\n   <p style=\"margin-bottom:4px;\">\n   <a href=\"https:\/\/www.mainhausen.de\/pressemeldungen\/polizeiliche-kriminalstatistik-2025-rueckgang-der-straftaten-in-seligenstadt-ostkreis-mit-positiver-entwicklung-bei-der-aufklaerung-1777357057\/2026\/04\/28#blog5309\" target=\"_blank\"><img decoding=\"async\" src=\"\/feeds\/gfx\/mainhausen.de.png\" style=\"align:left !important; float:left !important; margin-top:4px !important; margin-right:8px !important; margin-bottom:4px !important; width:90px !important;\" \/><\/a>    Am Freitag, 24. April, ist die Polizeiliche Kriminalstatistik (PKS) 2025 f&uuml;r den Ostkreis vorgestellt worden. Im Mittelpunkt standen die Entwicklung der registrierten Straftaten sowie die Frage, wie die Aufkl&auml;rungsarbeit in den Ostkreis-Kommunen Seligenstadt, ...<br clear=\"all\" \/>   <\/p>\n   <div><span class=\"my_article_details\"><time datetime=\"2026-04-28\">28.04.2026<\/time> &middot; <\/span><a href=\"https:\/\/www.mainhausen.de\/pressemeldungen\/polizeiliche-kriminalstatistik-2025-rueckgang-der-straftaten-in-seligenstadt-ostkreis-mit-positiver-entwicklung-bei-der-aufklaerung-1777357057\/2026\/04\/28#blog5309\" title=\"Link zum Artikel auf mainhausen.de\" target=\"_blank\">mainhausen.de<\/a><\/div>\n  <\/div>\n <\/article>\n <\/div>\n <div class=\"post\" style=\"margin-bottom:40px;\">\n <article>\n  <h3><a name=\"d7562d84\" href=\"https:\/\/www.dietzenbach.de\/index.php?ModID=255&FID=3651.28983.1&object=tx%2C3651.6\" style=\"color:#333333;\" target=\"_blank\">2. Mai: Sirenenprobe in Dietzenbach<\/a><\/h3>\n  <div class=\"entry\">\n   <p style=\"margin-bottom:4px;\">\n   <a href=\"https:\/\/www.dietzenbach.de\/index.php?ModID=255&FID=3651.28983.1&object=tx%2C3651.6\" target=\"_blank\"><img decoding=\"async\" src=\"\/feeds\/gfx\/dietzenbach.de.png\" style=\"align:left !important; float:left !important; margin-top:4px !important; margin-right:8px !important; margin-bottom:4px !important; width:90px !important;\" \/><\/a>    Kreisweit einheitliche &Uuml;berpr&uuml;fung um 11:00 Uhr Einmal pro Quartal werden kreisweit einheitlich die Sirenen gepr&uuml;ft. Der n&auml;chste Probealarm findet am Samstag, 2. Mai 2026, statt &ndash; auch in Dietzenbach. Um 11:00 Uhr werden ...<br clear=\"all\" \/>   <\/p>\n   <div><span class=\"my_article_details\"><time datetime=\"2026-04-28\">28.04.2026<\/time> &middot; <\/span><a href=\"https:\/\/www.dietzenbach.de\/index.php?ModID=255&FID=3651.28983.1&object=tx%2C3651.6\" title=\"Link zum Artikel auf dietzenbach.de\" target=\"_blank\">dietzenbach.de<\/a><\/div>\n  <\/div>\n <\/article>\n <\/div>\n <div class=\"post\" style=\"margin-bottom:40px;\">\n <article>\n  <h3><a name=\"dc2afb01\" href=\"https:\/\/www.op-online.de\/region\/langen\/die-ebbelvoices-feiern-zehn-jahre-mit-konzert-und-kneipensingen-94281295.html\" style=\"color:#333333;\" target=\"_blank\">EbbelVoices feiern zehn Jahre mit Konzert und Kneipensingen<\/a><\/h3>\n  <div class=\"entry\">\n   <p style=\"margin-bottom:4px;\">\n   <a href=\"https:\/\/www.op-online.de\/region\/langen\/die-ebbelvoices-feiern-zehn-jahre-mit-konzert-und-kneipensingen-94281295.html\" target=\"_blank\"><img decoding=\"async\" src=\"https:\/\/www.op-online.de\/assets\/images\/42\/330\/42330454-konzentriert-folgt-der-chor-den-anweisungen-von-dirigent-jan-breuers-fuer-ihren-auftritt-ueben-die-saengerinnen-und-saenger-lieder-aus-dem-repertoire-1q01.jpg\" style=\"align:left !important; float:left !important; margin-top:4px !important; margin-right:8px !important; margin-bottom:4px !important; width:90px !important;\" \/><\/a>    Der Langener Chor \u201eEbbelVoices\u201c ist von f&uuml;nf auf 60 Mitglieder gewachsen. Am 9. Mai steigt die gro&szlig;e Jubil&auml;umsfeier in der Stadthalle.<br clear=\"all\" \/>   <\/p>\n   <div><span class=\"my_article_details\"><time datetime=\"2026-04-28\">28.04.2026<\/time> &middot; <\/span><a href=\"https:\/\/www.op-online.de\/region\/langen\/die-ebbelvoices-feiern-zehn-jahre-mit-konzert-und-kneipensingen-94281295.html\" title=\"Link zum Artikel auf op-online.de\" target=\"_blank\">op-online.de<\/a><\/div>\n  <\/div>\n <\/article>\n <\/div>\n <div class=\"post\" style=\"margin-bottom:40px;\">\n <article>\n  <h3><a name=\"0265a72a\" href=\"https:\/\/www.muehlheim.de\/rathaus-politik\/aktuelles\/aktuelle-meldungen\/2026\/quartal-ii\/meldung-der-stadtwerke-hallenbad-aus-sicherheitsgruenden-ab-sofort-geschlossen\/\" style=\"color:#333333;\" target=\"_blank\">M\u00fchlheim: Meldung der Stadtwerke | Hallenbad aus Sicherheitsgr\u00fcnden ab sofort geschlossen<\/a><\/h3>\n  <div class=\"entry\">\n   <p style=\"margin-bottom:4px;\">\n   <a href=\"https:\/\/www.muehlheim.de\/rathaus-politik\/aktuelles\/aktuelle-meldungen\/2026\/quartal-ii\/meldung-der-stadtwerke-hallenbad-aus-sicherheitsgruenden-ab-sofort-geschlossen\/\" target=\"_blank\"><img decoding=\"async\" src=\"\/feeds\/gfx\/muehlheim.de.png\" style=\"align:left !important; float:left !important; margin-top:4px !important; margin-right:8px !important; margin-bottom:4px !important; width:90px !important;\" \/><\/a>    Das Hallenbad muss mit sofortiger Wirkung geschlossen werden. Bei einer aktuellen \u00dcberpr\u00fcfung wurden Risse im Becken festgestellt, die sich in kurzer Zeit deutlich ausgeweitet haben und sich weiterhin ausdehnen.<br clear=\"all\" \/>   <\/p>\n   <div><span class=\"my_article_details\"><time datetime=\"2026-04-28\">28.04.2026<\/time> &middot; <\/span><a href=\"https:\/\/www.muehlheim.de\/rathaus-politik\/aktuelles\/aktuelle-meldungen\/2026\/quartal-ii\/meldung-der-stadtwerke-hallenbad-aus-sicherheitsgruenden-ab-sofort-geschlossen\/\" title=\"Link zum Artikel auf muehlheim.de\" target=\"_blank\">muehlheim.de<\/a><\/div>\n  <\/div>\n <\/article>\n <\/div>\n <div class=\"post\" style=\"margin-bottom:40px;\">\n <article>\n  <h3><a name=\"ff5cbe58\" href=\"https:\/\/www.op-online.de\/region\/heusenstamm\/freiwillige-feuerwehr-heusenstamm-feiert-150-geburtstag-94281370.html\" style=\"color:#333333;\" target=\"_blank\">Freiwillige Feuerwehr Heusenstamm feiert 150. Geburtstag mit akademischer Feier<\/a><\/h3>\n  <div class=\"entry\">\n   <p style=\"margin-bottom:4px;\">\n   <a href=\"https:\/\/www.op-online.de\/region\/heusenstamm\/freiwillige-feuerwehr-heusenstamm-feiert-150-geburtstag-94281370.html\" target=\"_blank\"><img decoding=\"async\" src=\"https:\/\/www.op-online.de\/assets\/images\/42\/363\/42363536-die-kinderfeuerwehr-heusenstamm-zeigt-ihre-schlauchgymnastik-1s01.jpg\" style=\"align:left !important; float:left !important; margin-top:4px !important; margin-right:8px !important; margin-bottom:4px !important; width:90px !important;\" \/><\/a>    Die Freiwillige Feuerwehr Heusenstamm begeht ihr Jubil&auml;um mit einer akademischen Feier. Innenminister Poseck w&uuml;rdigt die Brandsch&uuml;tzer f&uuml;r ihre Arbeit.<br clear=\"all\" \/>   <\/p>\n   <div><span class=\"my_article_details\"><time datetime=\"2026-04-28\">28.04.2026<\/time> &middot; <\/span><a href=\"https:\/\/www.op-online.de\/region\/heusenstamm\/freiwillige-feuerwehr-heusenstamm-feiert-150-geburtstag-94281370.html\" title=\"Link zum Artikel auf op-online.de\" target=\"_blank\">op-online.de<\/a><\/div>\n  <\/div>\n <\/article>\n <\/div>\n <div class=\"post\" style=\"margin-bottom:40px;\">\n <article>\n  <h3><a name=\"849d3d55\" href=\"https:\/\/www.op-online.de\/region\/seligenstadt\/die-straftaten-in-seligenstadt-sind-phaenomenal-gesunken-94281258.html\" style=\"color:#333333;\" target=\"_blank\">Die Straftaten in Seligenstadt sind \u201eph\u00e4nomenal&quot; gesunken<\/a><\/h3>\n  <div class=\"entry\">\n   <p style=\"margin-bottom:4px;\">\n   <a href=\"https:\/\/www.op-online.de\/region\/seligenstadt\/die-straftaten-in-seligenstadt-sind-phaenomenal-gesunken-94281258.html\" target=\"_blank\"><img decoding=\"async\" src=\"https:\/\/www.op-online.de\/assets\/images\/42\/361\/42361737-oben-nach-unten-corinna-vogel-stellv-dienststellenleitung-lisa-spitz-schutzfrau-vor-ort-erster-beigeordneter-lukas-buhl-hainburg-mainhausens-2d5yHCSzOJ01.jpg\" style=\"align:left !important; float:left !important; margin-top:4px !important; margin-right:8px !important; margin-bottom:4px !important; width:90px !important;\" \/><\/a>    Die Kriminalstatistik f&uuml;r den Ostkreis f&auml;llt laut Polizei positiv aus. Auch die Aufkl&auml;rungsquote ist deutlich gestiegen.<br clear=\"all\" \/>   <\/p>\n   <div><span class=\"my_article_details\"><time datetime=\"2026-04-28\">28.04.2026<\/time> &middot; <\/span><a href=\"https:\/\/www.op-online.de\/region\/seligenstadt\/die-straftaten-in-seligenstadt-sind-phaenomenal-gesunken-94281258.html\" title=\"Link zum Artikel auf op-online.de\" target=\"_blank\">op-online.de<\/a><\/div>\n  <\/div>\n <\/article>\n <\/div>\n<div class=\"post\" style=\"background-color: #e6e6ff; margin-bottom: 40px; padding: 10px;\"><article><a style=\"color: #000000; font-size: 20px; font-weight: normal; text-decoration: underlined;\" href=\"https:\/\/www.ndr.de\/nachrichten\/info\/solarenergie-liefert-erstmals-mehr-strom-als-aus-braunkohle,photovoltaik-124.html\" target=\"_blank\">Solarenergie liefert erstmals mehr Strom als Braunkohle<\/a><\/p><div class=\"entry\"><p style=\"margin-bottom: 4px;\"><a href=\"https:\/\/www.ndr.de\/nachrichten\/info\/solarenergie-liefert-erstmals-mehr-strom-als-aus-braunkohle,photovoltaik-124.html\" target=\"_blank\" rel=\"noopener\"><img decoding=\"async\" style=\"align: left !important; float: left !important; margin-top: 4px !important; margin-right: 8px !important; margin-bottom: 4px !important; width: 90px !important;\" src=\"data:image\/gif;base64,R0lGODlhAQABAIAAAAAAAP\/\/\/yH5BAEAAAAALAAAAAABAAEAAAIBRAA7\" data-src=\"https:\/\/www.heusenstaemmchen.de\/feeds\/gfx\/ndr.de.png\" \/><\/a>Photovoltaik lag vergangenes Jahr zum ersten Mal auf Platz 2 bei der Stromerzeugung in Deutschland &#8211; vor Braunkohle und Erdgas. Insgesamt stieg der Anteil erneuerbarer Energien am Strommix aber nicht.<br clear=\"all\" \/><\/p><div><b>Schon gewusst?<\/b> \u00b7 Regenerative Energien \u00b7 <a title=\"Mehr Details auf ndr.de\" href=\"https:\/\/www.ndr.de\/nachrichten\/info\/solarenergie-liefert-erstmals-mehr-strom-als-aus-braunkohle,photovoltaik-124.html\" target=\"_blank\" rel=\"noopener\">ndr.de<\/a><\/div><\/div><\/article><\/div> <div class=\"post\" style=\"margin-bottom:40px;\">\n <article>\n  <h3><a name=\"fbf6a9c0\" href=\"https:\/\/www.op-online.de\/region\/dietzenbach\/trotz-laermsorgen-keine-beschwerden-ueber-dietzenbacher-skateanlage-94281639.html\" style=\"color:#333333;\" target=\"_blank\">Beliebt bei Skatern, umstritten in Nachbarschaft<\/a><\/h3>\n  <div class=\"entry\">\n   <p style=\"margin-bottom:4px;\">\n   <a href=\"https:\/\/www.op-online.de\/region\/dietzenbach\/trotz-laermsorgen-keine-beschwerden-ueber-dietzenbacher-skateanlage-94281639.html\" target=\"_blank\"><img decoding=\"async\" src=\"https:\/\/www.op-online.de\/assets\/images\/42\/236\/42236693-bdi-skateanlage-dietzenbach-I01.jpg\" style=\"align:left !important; float:left !important; margin-top:4px !important; margin-right:8px !important; margin-bottom:4px !important; width:90px !important;\" \/><\/a>    Die Skateanlage in Dietzenbach hat einen neuen Standort gefunden. Anwohner bef&uuml;rchteten L&auml;rm, doch bisher blieb es ruhig.<br clear=\"all\" \/>   <\/p>\n   <div><span class=\"my_article_details\"><time datetime=\"2026-04-28\">28.04.2026<\/time> &middot; <\/span><a href=\"https:\/\/www.op-online.de\/region\/dietzenbach\/trotz-laermsorgen-keine-beschwerden-ueber-dietzenbacher-skateanlage-94281639.html\" title=\"Link zum Artikel auf op-online.de\" target=\"_blank\">op-online.de<\/a><\/div>\n  <\/div>\n <\/article>\n <\/div>\n <div class=\"post\" style=\"margin-bottom:40px;\">\n <article>\n  <h3><a name=\"380c097b\" href=\"https:\/\/www.spd-seligenstadt.de\/spd-lehnt-erweiterung-des-magistrats-entschieden-ab\/16324\/?pk_campaign=feed&pk_kwd=spd-lehnt-erweiterung-des-magistrats-entschieden-ab\" style=\"color:#333333;\" target=\"_blank\">SPD lehnte Erweiterung des Magistrats entschieden ab<\/a><\/h3>\n  <div class=\"entry\">\n   <p style=\"margin-bottom:4px;\">\n   <a href=\"https:\/\/www.spd-seligenstadt.de\/spd-lehnt-erweiterung-des-magistrats-entschieden-ab\/16324\/?pk_campaign=feed&pk_kwd=spd-lehnt-erweiterung-des-magistrats-entschieden-ab\" target=\"_blank\"><img decoding=\"async\" src=\"\/feeds\/gfx\/spd-seligenstadt.de.png\" style=\"align:left !important; float:left !important; margin-top:4px !important; margin-right:8px !important; margin-bottom:4px !important; width:90px !important;\" \/><\/a>    Die SPD-Fraktion Seligenstadt erteilt der Vergr&ouml;&szlig;erung des ehrenamtlichen Magistrats von acht auf zehn Mitglieder eine klare und unmissverst&auml;ndliche Absage.<br clear=\"all\" \/>   <\/p>\n   <div><span class=\"my_article_details\"><time datetime=\"2026-04-28\">28.04.2026<\/time> &middot; <\/span><a href=\"https:\/\/www.spd-seligenstadt.de\/spd-lehnt-erweiterung-des-magistrats-entschieden-ab\/16324\/?pk_campaign=feed&pk_kwd=spd-lehnt-erweiterung-des-magistrats-entschieden-ab\" title=\"Link zum Artikel auf spd-seligenstadt.de\" target=\"_blank\">spd-seligenstadt.de<\/a><\/div>\n  <\/div>\n <\/article>\n <\/div>\n <div class=\"post\" style=\"margin-bottom:40px;\">\n <article>\n  <h3><a name=\"d086ea05\" href=\"https:\/\/gruene-dietzenbach.de\/gruene-dietzenbach-erklaeren-oppositionsrolle-nach-koalitionsbildung-cdu-spd\/\" style=\"color:#333333;\" target=\"_blank\">Die Gr\u00fcnen: GR\u00dcNE Dietzenbach erkl\u00e4ren Oppositionsrolle nach Koalitionsbildung CDU + SPD<\/a><\/h3>\n  <div class=\"entry\">\n   <p style=\"margin-bottom:4px;\">\n   <a href=\"https:\/\/gruene-dietzenbach.de\/gruene-dietzenbach-erklaeren-oppositionsrolle-nach-koalitionsbildung-cdu-spd\/\" target=\"_blank\"><img decoding=\"async\" src=\"\/feeds\/gfx\/gruene-dietzenbach.de.png\" style=\"align:left !important; float:left !important; margin-top:4px !important; margin-right:8px !important; margin-bottom:4px !important; width:90px !important;\" \/><\/a>    PM GR&Uuml;NE Dietzenbach Vorstand Fraktion erkl&auml;ren Oppositionsrolle nach Koalitionsbildung von CDU und SPD 23042026<br clear=\"all\" \/>   <\/p>\n   <div><span class=\"my_article_details\"><time datetime=\"2026-04-27\">27.04.2026<\/time> &middot; <\/span><a href=\"https:\/\/gruene-dietzenbach.de\/gruene-dietzenbach-erklaeren-oppositionsrolle-nach-koalitionsbildung-cdu-spd\/\" title=\"Link zum Artikel auf gruene-dietzenbach.de\" target=\"_blank\">gruene-dietzenbach.de<\/a><\/div>\n  <\/div>\n <\/article>\n <\/div>\n <div class=\"post\" style=\"margin-bottom:40px;\">\n <article>\n  <h3><a name=\"c6749ce1\" href=\"https:\/\/www.rheinmainverlag.de\/2026\/04\/27\/zeugensuche-nach-mutmasslichen-schussabgaben-mit-pfefferpistolen-in-offenbach\/\" style=\"color:#333333;\" target=\"_blank\">Zeugensuche nach mutma\u00dflichen Schussabgaben mit Pfefferpistolen in Offenbach<\/a><\/h3>\n  <div class=\"entry\">\n   <p style=\"margin-bottom:4px;\">\n   <a href=\"https:\/\/www.rheinmainverlag.de\/2026\/04\/27\/zeugensuche-nach-mutmasslichen-schussabgaben-mit-pfefferpistolen-in-offenbach\/\" target=\"_blank\"><img decoding=\"async\" src=\"\/feeds\/gfx\/rheinmainverlag.de.png\" style=\"align:left !important; float:left !important; margin-top:4px !important; margin-right:8px !important; margin-bottom:4px !important; width:90px !important;\" \/><\/a>    Zwei Unbekannte sollen am fr&uuml;hen Samstagabend im Bereich eines Restaurants in der Jacques-Offenbach-Stra&szlig;e in Offenbach offenbar mindestens zweimal mit, so der bisherige Erkenntnisstand, Pfefferpistolen geschossen haben. Hinzugezogene Beamte konnten an den ...<br clear=\"all\" \/>   <\/p>\n   <div><span class=\"my_article_details\"><time datetime=\"2026-04-27\">27.04.2026<\/time> &middot; <\/span><a href=\"https:\/\/www.rheinmainverlag.de\/2026\/04\/27\/zeugensuche-nach-mutmasslichen-schussabgaben-mit-pfefferpistolen-in-offenbach\/\" title=\"Link zum Artikel auf rheinmainverlag.de\" target=\"_blank\">rheinmainverlag.de<\/a><\/div>\n  <\/div>\n <\/article>\n <\/div>\n <div class=\"post\" style=\"margin-bottom:40px;\">\n <article>\n  <h3><a name=\"7e194160\" href=\"https:\/\/of-news.de\/heusenstamm\/heusenstamm-prueft-spielplaetze-vor-saisonstart-regelmaessig-und-in-mehreren-stufen-167720\/\" style=\"color:#333333;\" target=\"_blank\">Heusenstamm pr\u00fcft Spielpl\u00e4tze vor Saisonstart regelm\u00e4\u00dfig und in mehreren Stufen<\/a><\/h3>\n  <div class=\"entry\">\n   <p style=\"margin-bottom:4px;\">\n   <a href=\"https:\/\/of-news.de\/heusenstamm\/heusenstamm-prueft-spielplaetze-vor-saisonstart-regelmaessig-und-in-mehreren-stufen-167720\/\" target=\"_blank\"><img decoding=\"async\" src=\"\/feeds\/gfx\/of-news.de.png\" style=\"align:left !important; float:left !important; margin-top:4px !important; margin-right:8px !important; margin-bottom:4px !important; width:90px !important;\" \/><\/a>    Mit dem Beginn der w&#xE4;rmeren Jahreszeit r&#xFC;cken in Heusenstamm wieder die &#xF6;ffentlichen Spiel- und Freizeitfl&#xE4;chen st&#xE4;rker in den Fokus. Nach Angaben der Stadt gibt es im Stadtgebiet mehr als 20 solcher Anlagen. Dazu z&#xE4;hlen klassische ...<br clear=\"all\" \/>   <\/p>\n   <div><span class=\"my_article_details\"><time datetime=\"2026-04-27\">27.04.2026<\/time> &middot; <\/span><a href=\"https:\/\/of-news.de\/heusenstamm\/heusenstamm-prueft-spielplaetze-vor-saisonstart-regelmaessig-und-in-mehreren-stufen-167720\/\" title=\"Link zum Artikel auf of-news.de\" target=\"_blank\">of-news.de<\/a><\/div>\n  <\/div>\n <\/article>\n <\/div>\n <b>Mehr <a href=\"\/news\/offenbach-nachrichten\" title=\"Offenbach Nachrichten\">Offenbach-Nachrichten<\/a> ...<\/b>\n<\/div>\n<br \/>\n\n<div style=\"background-color:#efffef; margin-top:15px; margin-bottom:15px; padding:10px; text-align:left; word-wrap:break-word;\">\n<h2 style=\"margin:0px; margin-bottom:20px;\">Aktuelle Polizeimeldungen aus Obertshausens Umgebung<\/h2>\n <div class=\"post\" style=\"margin-bottom:40px;\">\n <article>\n  <h3><a href=\"https:\/\/www.presseportal.de\/blaulicht\/pm\/43561\/6264351\" style=\"color:#000000; font-weight:bold;\" target=\"_blank\">Polizei Offenbach am Main: Pressemeldungen vom 28.04.2026<\/a><\/h3>\n  <div class=\"entry\">\n   <p style=\"margin-bottom:4px;\">   <a name=\"b0c32abb\" href=\"https:\/\/www.presseportal.de\/blaulicht\/pm\/43561\/6264351\" target=\"_blank\"><img decoding=\"async\" src=\"\/feeds\/gfx\/POL-OF.jpg\" style=\"align:left !important; float:left !important; margin-top:4px !important; margin-right:8px !important; margin-bottom:4px !important; width:90px !important;\" \/><\/a>    ... <b>1. Zeugensuche nach Wohnungseinbruch - <a href=\"\/news\/offenbach-polizeimeldungen\" title=\"Polizeieins\u00e4tze Offenbach\">Offenbach<\/a><\/b>   (cb) Nachdem Einbrecher sich gewaltsam Zutritt in eine Wohnung in der Herrmannstra\u00dfe (30er-Hausnummern) verschafften, suchen die Ermittler Zeugen des Einbruchs. Nach derzeitigen Erkenntnisstand gelangten die Langfinger zuerst unbemerkt in den Hausflur des ...<br clear=\"all\" \/><\/p><p style=\"margin-top:8px; margin-bottom:4px;\"><a href=\"https:\/\/www.presseportal.de\/blaulicht\/pm\/43561\/6264351\" target=\"_blank\"><img decoding=\"async\" src=\"\/feeds\/gfx\/POL-OF.jpg\" style=\"align:left !important; float:left !important; margin-top:4px !important; margin-right:8px !important; margin-bottom:4px !important; width:90px !important;\" \/><\/a> ... <b>2. Hoher Schaden bei Wohnungsbrand: Womoeglich technischer Defekt - <a href=\"\/news\/offenbach-polizeimeldungen\" title=\"Polizeieins\u00e4tze Offenbach\">Offenbach<\/a><\/b>   (lei) Sch\u00e4tzungsweise 150.000 Euro Sachschaden, so die erste Prognose, hatte eine Feuer in einem Mehrfamilienhaus im L\u00e4mmerspieler Weg am Dienstagvormittag zur Folge. Als Einsatzkr\u00e4fte von Feuerwehr und Polizei nach dem gegen 10.30 Uhr eingegangenen Notruf ...<br clear=\"all\" \/><\/p><p style=\"margin-top:8px; margin-bottom:4px;\"><a href=\"https:\/\/www.presseportal.de\/blaulicht\/pm\/43561\/6264351\" target=\"_blank\"><img decoding=\"async\" src=\"\/feeds\/gfx\/POL-OF.jpg\" style=\"align:left !important; float:left !important; margin-top:4px !important; margin-right:8px !important; margin-bottom:4px !important; width:90px !important;\" \/><\/a> ... <b>3. Piaggio geklaut: Wer hat etwas beobachtet? - <a href=\"\/news\/offenbach-polizeimeldungen\" title=\"Polizeieins\u00e4tze Offenbach\">Offenbach<\/a><\/b>   (me) Im Verlauf des Montags verschwand ein Roller aus der Rumpenheimer Stra\u00dfe (100er-Hausnummern) spurlos, weshalb die Beamten des Polizeireviers nun wegen des Verdachts des besonders schweren Falls des Diebstahls ermitteln. Gegen 16.20 Uhr wurde das Zweirad ...<br clear=\"all\" \/><\/p><p style=\"margin-top:8px; margin-bottom:4px;\"><a href=\"https:\/\/www.presseportal.de\/blaulicht\/pm\/43561\/6264351\" target=\"_blank\"><img decoding=\"async\" src=\"\/feeds\/gfx\/POL-OF.jpg\" style=\"align:left !important; float:left !important; margin-top:4px !important; margin-right:8px !important; margin-bottom:4px !important; width:90px !important;\" \/><\/a> ... <b>5. Wer hat die Feuerloescher in den Tiefgaragen geleert? - <a href=\"\/news\/rodgau-polizeimeldungen\" title=\"Polizeieins\u00e4tze Rodgau\">Rodgau<\/a><\/b>   (cb) Zwei Jugendliche, sie sollen etwa 1,70 Meter gro\u00df sein, sollen einen Sachschaden von sch\u00e4tzungsweise 10.000 Euro verursacht haben, indem sie mehrere Feuerl\u00f6scher in zwei nebeneinanderliegenden Tiefgaragen in der R\u00fcdesheimer Stra\u00dfe 10er-Hausnummern geleert ...<br clear=\"all\" \/><\/p><p style=\"margin-top:8px; margin-bottom:4px;\"><a href=\"https:\/\/www.presseportal.de\/blaulicht\/pm\/43561\/6264351\" target=\"_blank\"><img decoding=\"async\" src=\"\/feeds\/gfx\/POL-OF.jpg\" style=\"align:left !important; float:left !important; margin-top:4px !important; margin-right:8px !important; margin-bottom:4px !important; width:90px !important;\" \/><\/a> ... <b>6. Alfa Romeo und BMW gestohlen: Polizei ermittelt und sucht nach Zeugen - <a href=\"\/news\/dietzenbach-polizeimeldungen\" title=\"Polizeieins\u00e4tze Dietzenbach\">Dietzenbach<\/a><\/b>   (me) Die Kriminalpolizei aus Offenbach ermittelt derzeit wegen zweier Diebst\u00e4hle von Kraftfahrzeugen vom vergangenen Wochenende. In der Zeit zwischen Freitag, 11 Uhr und Sonntag, 18 Uhr, verschwand aus der K\u00f6nigsteiner Allee ein schwarzer BMW mit DA-Kennzeichenschildern ...<br clear=\"all\" \/><\/p><p style=\"margin-top:8px; margin-bottom:4px;\"><a href=\"https:\/\/www.presseportal.de\/blaulicht\/pm\/43561\/6264351\" target=\"_blank\"><img decoding=\"async\" src=\"\/feeds\/gfx\/POL-OF.jpg\" style=\"align:left !important; float:left !important; margin-top:4px !important; margin-right:8px !important; margin-bottom:4px !important; width:90px !important;\" \/><\/a> ... <b>7. Tresor mitgenommen: Zeugen gesucht! - <a href=\"\/news\/roedermark-polizeimeldungen\" title=\"Polizeieins\u00e4tze R\u00f6dermark\">R\u00f6dermark<\/a><\/b>   (cb) Einen Tresor mitsamt mehreren zehntausend Euro Bargeld erbeuteten Einbrecher, nachdem diese in die B\u00fcror\u00e4ume einer Firma in der Carl-Zeiss-Stra\u00dfe (30er-Hausnummern) eingebrochen waren. Nach bisherigem Stand der Ermittlungen verschafften sich die Langfinger ...<br clear=\"all\" \/><\/p><p style=\"margin-top:8px; margin-bottom:4px;\"><a href=\"https:\/\/www.presseportal.de\/blaulicht\/pm\/43561\/6264351\" target=\"_blank\"><img decoding=\"async\" src=\"\/feeds\/gfx\/POL-OF.jpg\" style=\"align:left !important; float:left !important; margin-top:4px !important; margin-right:8px !important; margin-bottom:4px !important; width:90px !important;\" \/><\/a> ... <b>8. Gro\u00dfangelegte Kontrollaktion: Zweir\u00e4der im Blick - <a href=\"\/news\/neu-isenburg-polizeimeldungen\" title=\"Polizeieins\u00e4tze Neu-Isenburg\">Neu-Isenburg<\/a><\/b>   (fg) Am Montag f\u00fchrte das Zweiradkontrollteam des Polizeipr\u00e4sidiums S\u00fcdhessen mit Unterst\u00fctzung weiterer Beamtinnen und Beamten von 8.30 Uhr bis 15 Uhr eine gro\u00dfangelegte Kontrollaktion mit dem Schwerpunkt \"Zweir\u00e4der\" im Dienstgebiet der Polizeistation Neu-Isenburg ...<br clear=\"all\" \/><\/p><p style=\"margin-top:8px; margin-bottom:4px;\"><a href=\"https:\/\/www.presseportal.de\/blaulicht\/pm\/43561\/6264351\" target=\"_blank\"><img decoding=\"async\" src=\"\/feeds\/gfx\/POL-OF.jpg\" style=\"align:left !important; float:left !important; margin-top:4px !important; margin-right:8px !important; margin-bottom:4px !important; width:90px !important;\" \/><\/a> ... <b>9. Steine gegen Schulfenster geschmissen: Polizei sucht Zeugen - <a href=\"\/news\/seligenstadt-polizeimeldungen\" title=\"Polizeieins\u00e4tze Seligenstadt\">Seligenstadt<\/a><\/b>   (fg) Unbekannte haben vergangenes Wochenende offenbar mehrfach mit Steinen gegen ein Fenster eines Klassenzimmers einer Schule in der Einhardstra\u00dfe geworfen, sodass dieses nun an mehreren Stellen Besch\u00e4digungen aufweist. Insgesamt wird der Sachschaden auf ...<br clear=\"all\" \/><\/p><p style=\"margin-top:8px; margin-bottom:4px;\"><a href=\"https:\/\/www.presseportal.de\/blaulicht\/pm\/43561\/6264351\" target=\"_blank\"><img decoding=\"async\" src=\"\/feeds\/gfx\/POL-OF.jpg\" style=\"align:left !important; float:left !important; margin-top:4px !important; margin-right:8px !important; margin-bottom:4px !important; width:90px !important;\" \/><\/a> ... <b>10. R\u00e4der gestohlen: Wer sah die Diebe? - <a href=\"\/news\/hainburg-polizeimeldungen\" title=\"Polizeieins\u00e4tze Hainburg\">Hainburg<\/a><\/b>   (fg) Im Ortsteil Hainstadt hatten es Unbekannte in der Nacht zum Montag im Meisenweg im Bereich der einstelligen Hausnummern auf die R\u00e4der eines BMW X5 abgesehen. Die Polizei geht derzeit davon aus, dass die T\u00e4ter einen Wagenheber nutzten, um das Auto aufzubocken. ...<br clear=\"all\" \/>   <\/p>\n   <div><span class=\"my_article_details\"><time datetime=\"2026-04-28\">28.04.2026<\/time> &middot; <\/span><a href=\"https:\/\/www.presseportal.de\/blaulicht\/pm\/43561\/6264351\" title=\"Link zum Artikel auf presseportal.de\" target=\"_blank\">presseportal.de<\/a><\/div>\n  <\/div>\n <\/article>\n <\/div>\n <div class=\"post\" style=\"margin-bottom:40px;\">\n <article>\n  <h3><a href=\"https:\/\/www.presseportal.de\/blaulicht\/pm\/43561\/6263097\" style=\"color:#000000; font-weight:bold;\" target=\"_blank\">POL-OF: Untersuchungshaft nach Raub\u00fcberfall auf Spielhalle: 21-J\u00e4hriger Tatverd\u00e4chtiger stellte sich<\/a><\/h3>\n  <div class=\"entry\">\n   <p style=\"margin-bottom:4px;\">   <a name=\"285e87ac\" href=\"https:\/\/www.presseportal.de\/blaulicht\/pm\/43561\/6263097\" target=\"_blank\"><img decoding=\"async\" src=\"\/feeds\/gfx\/POL-OF.jpg\" style=\"align:left !important; float:left !important; margin-top:4px !important; margin-right:8px !important; margin-bottom:4px !important; width:90px !important;\" \/><\/a>    R\u00f6dermark  (ots)      Gemeinsame Pressemitteilung der Staatsanwaltschaft Darmstadt und des Polizeipr\u00e4sidiums S\u00fcdosthessen  (lei) Nach einem Raub\u00fcberfall auf eine Spielhalle in der Siemensstra\u00dfe in der Nacht zu Samstag (wir berichteten:  https:\/\/www.presseportal.de\/blaulicht\/pm\/43561\/6262488 ...<br clear=\"all\" \/>   <\/p>\n   <div><span class=\"my_article_details\"><time datetime=\"2026-04-27\">27.04.2026<\/time> &middot; <\/span><a href=\"https:\/\/www.presseportal.de\/blaulicht\/pm\/43561\/6263097\" title=\"Link zum Artikel auf presseportal.de\" target=\"_blank\">presseportal.de<\/a><\/div>\n  <\/div>\n <\/article>\n <\/div>\n <div class=\"post\" style=\"margin-bottom:40px;\">\n <article>\n  <h3><a href=\"https:\/\/www.presseportal.de\/blaulicht\/pm\/43561\/6263589\" style=\"color:#000000; font-weight:bold;\" target=\"_blank\">Polizei Offenbach am Main: Pressemeldungen vom 27.04.2026<\/a><\/h3>\n  <div class=\"entry\">\n   <p style=\"margin-bottom:4px;\">   <a name=\"ee6be7a3\" href=\"https:\/\/www.presseportal.de\/blaulicht\/pm\/43561\/6263589\" target=\"_blank\"><img decoding=\"async\" src=\"\/feeds\/gfx\/POL-OF.jpg\" style=\"align:left !important; float:left !important; margin-top:4px !important; margin-right:8px !important; margin-bottom:4px !important; width:90px !important;\" \/><\/a>    ... <b>1. Scheinwerfer aus Sprinter ausgebaut: Zeugen gesucht! - <a href=\"\/news\/offenbach-polizeimeldungen\" title=\"Polizeieins\u00e4tze Offenbach\">Offenbach<\/a><\/b>   (cb) Scheinwerfer und R\u00fcckleuchten im Wert von ungef\u00e4hr 3.000 Euro bauten Fahrzeugteilediebe aus einem Sprinter aus, welcher am Fahrbahnrand im Kahlweg abgestellt war. Zudem besch\u00e4digten sie im Zuge der Tatausf\u00fchrung die Heckscheibe des Transporters mit HH-Kennzeichen. ...<br clear=\"all\" \/><\/p><p style=\"margin-top:8px; margin-bottom:4px;\"><a href=\"https:\/\/www.presseportal.de\/blaulicht\/pm\/43561\/6263589\" target=\"_blank\"><img decoding=\"async\" src=\"\/feeds\/gfx\/POL-OF.jpg\" style=\"align:left !important; float:left !important; margin-top:4px !important; margin-right:8px !important; margin-bottom:4px !important; width:90px !important;\" \/><\/a> ... <b>2. Grauer Toyota Corolla entwendet: Zeugen gesucht! - <a href=\"\/news\/offenbach-polizeimeldungen\" title=\"Polizeieins\u00e4tze Offenbach\">Offenbach<\/a><\/b>   (me) Auf einen grauen Kleinwagen im Wert von etwa 16.000 Euro hatten es Langfinger in der Nacht zum Freitag abgesehen. Nachdem der Toyota gegen 20.40 Uhr in der Welfenstra\u00dfe im Bereich der einstelligen Hausnummern abgestellt worden war, gelang es den Gaunern ...<br clear=\"all\" \/><\/p><p style=\"margin-top:8px; margin-bottom:4px;\"><a href=\"https:\/\/www.presseportal.de\/blaulicht\/pm\/43561\/6263589\" target=\"_blank\"><img decoding=\"async\" src=\"\/feeds\/gfx\/POL-OF.jpg\" style=\"align:left !important; float:left !important; margin-top:4px !important; margin-right:8px !important; margin-bottom:4px !important; width:90px !important;\" \/><\/a> ... <b>3. Fahrrad aus Keller gestohlen: Hinweise erbeten! - <a href=\"\/news\/offenbach-polizeimeldungen\" title=\"Polizeieins\u00e4tze Offenbach\">Offenbach<\/a><\/b>   (me) Nachdem er unbemerkt in ein Mehrfamilienhaus in der Stra\u00dfe \"Hafeninsel\" (20er-Hausnummern) gelangt war und mindestens zwei Kellerr\u00e4ume aufgebrochen hatte, entwendete ein Gauner ein Fahrrad der Marke \"Canyon\". Mit dem Rad im Wert von mehreren hundert ...<br clear=\"all\" \/><\/p><p style=\"margin-top:8px; margin-bottom:4px;\"><a href=\"https:\/\/www.presseportal.de\/blaulicht\/pm\/43561\/6263589\" target=\"_blank\"><img decoding=\"async\" src=\"\/feeds\/gfx\/POL-OF.jpg\" style=\"align:left !important; float:left !important; margin-top:4px !important; margin-right:8px !important; margin-bottom:4px !important; width:90px !important;\" \/><\/a> ... <b>4. Zeugensuche nach mutma\u00dflichen Schussabgaben mit Pfefferpistolen - <a href=\"\/news\/offenbach-polizeimeldungen\" title=\"Polizeieins\u00e4tze Offenbach\">Offenbach<\/a><\/b>   (me) Zwei Unbekannte sollen am fr\u00fchen Samstagabend im Bereich eines Restaurants in der Jacques-Offenbach-Stra\u00dfe offenbar mindestens zweimal mit, so der bisherige Erkenntnisstand, Pfefferpistolen geschossen haben. Hinzugezogene Beamte konnten an den W\u00e4nden ...<br clear=\"all\" \/><\/p><p style=\"margin-top:8px; margin-bottom:4px;\"><a href=\"https:\/\/www.presseportal.de\/blaulicht\/pm\/43561\/6263589\" target=\"_blank\"><img decoding=\"async\" src=\"\/feeds\/gfx\/POL-OF.jpg\" style=\"align:left !important; float:left !important; margin-top:4px !important; margin-right:8px !important; margin-bottom:4px !important; width:90px !important;\" \/><\/a> ... <b>5. Feuerwehr und Polizei rueckten aus: Zeugensuche nach Brand - <a href=\"\/news\/dietzenbach-polizeimeldungen\" title=\"Polizeieins\u00e4tze Dietzenbach\">Dietzenbach<\/a><\/b>   (fg) Feuerwehr und Polizei r\u00fcckten am Sonntagabend, gegen 19.25 Uhr, zu einem gemeldeten Brand in der Stra\u00dfe \"Am Wildwieseneck\" im Bereich des dortigen Wollwiesenteichs aus. Ein L\u00f6schen des gemeldeten Feuers war seitens der Einsatzkr\u00e4fte der Feuerwehr nicht ...<br clear=\"all\" \/><\/p><p style=\"margin-top:8px; margin-bottom:4px;\"><a href=\"https:\/\/www.presseportal.de\/blaulicht\/pm\/43561\/6263589\" target=\"_blank\"><img decoding=\"async\" src=\"\/feeds\/gfx\/POL-OF.jpg\" style=\"align:left !important; float:left !important; margin-top:4px !important; margin-right:8px !important; margin-bottom:4px !important; width:90px !important;\" \/><\/a> ... <b>6. Nach Auffahrunfall gefluechtet: Wer sah den Zusammensto\u00df? - <a href=\"\/news\/neu-isenburg-polizeimeldungen\" title=\"Polizeieins\u00e4tze Neu-Isenburg\">Neu-Isenburg<\/a><\/b>   (fg) Im Kreuzungsbereich der Landesstra\u00dfe 3117 und der Stra\u00dfe \"An d. Gehespitz\" ereignete sich am Donnerstagnachmittag, kurz nach 14 Uhr, ein Verkehrsunfall, in dessen Folge der Verursacher nach dem Zusammensto\u00df einfach wegfuhr. Der Fahrer hielt nach bisherigen ...<br clear=\"all\" \/><\/p><p style=\"margin-top:8px; margin-bottom:4px;\"><a href=\"https:\/\/www.presseportal.de\/blaulicht\/pm\/43561\/6263589\" target=\"_blank\"><img decoding=\"async\" src=\"\/feeds\/gfx\/POL-OF.jpg\" style=\"align:left !important; float:left !important; margin-top:4px !important; margin-right:8px !important; margin-bottom:4px !important; width:90px !important;\" \/><\/a> ... <b>7. Ohne Fuehrerschein und Pflichtversicherung unterwegs: Streife stellte 41-J\u00e4hrigen - <a href=\"\/news\/dreieich-polizeimeldungen\" title=\"Polizeieins\u00e4tze Dreieich\">Dreieich<\/a> \/ Langen<\/b>   (fg) Unter anderem wegen des Verdachts der Gef\u00e4hrdung des Stra\u00dfenverkehrs ermittelt die Polizei gegen einen 41-J\u00e4hrigen. Der Verd\u00e4chtige, der am Sonntagnachmittag mit einem Leichtkraftrad ohne Kennzeichen im Bereich der Waldstra\u00dfe \/ \"Am Breitengrad\" in Dreieichenhain ...<br clear=\"all\" \/>   <\/p>\n   <div><span class=\"my_article_details\"><time datetime=\"2026-04-27\">27.04.2026<\/time> &middot; <\/span><a href=\"https:\/\/www.presseportal.de\/blaulicht\/pm\/43561\/6263589\" title=\"Link zum Artikel auf presseportal.de\" target=\"_blank\">presseportal.de<\/a><\/div>\n  <\/div>\n <\/article>\n <\/div>\n <div class=\"post\" style=\"margin-bottom:40px;\">\n <article>\n  <h3><a href=\"https:\/\/www.presseportal.de\/blaulicht\/pm\/43561\/6263685\" style=\"color:#000000; font-weight:bold;\" target=\"_blank\">POL-OF: Verdacht des r\u00e4uberischen Diebstahls und der K\u00f6rperverletzung: 40-J\u00e4hriger in Untersuchungshaft - Rodgau<\/a><\/h3>\n  <div class=\"entry\">\n   <p style=\"margin-bottom:4px;\">   <a name=\"7279846d\" href=\"https:\/\/www.presseportal.de\/blaulicht\/pm\/43561\/6263685\" target=\"_blank\"><img decoding=\"async\" src=\"\/feeds\/gfx\/POL-OF.jpg\" style=\"align:left !important; float:left !important; margin-top:4px !important; margin-right:8px !important; margin-bottom:4px !important; width:90px !important;\" \/><\/a>    Rodgau  (ots)      Gemeinsame Pressemitteilung der Staatsanwaltschaft Darmstadt - Zweigstelle Offenbach - und des Polizeipr\u00e4sidiums S\u00fcdosthessen  (cb) Ein 40-J\u00e4hriger soll am Samstagabend (25.4.) eine nicht unerhebliche Summe Bargeld aus dem F\u00fchrerhaus eines ...<br clear=\"all\" \/>   <\/p>\n   <div><span class=\"my_article_details\"><time datetime=\"2026-04-27\">27.04.2026<\/time> &middot; <\/span><a href=\"https:\/\/www.presseportal.de\/blaulicht\/pm\/43561\/6263685\" title=\"Link zum Artikel auf presseportal.de\" target=\"_blank\">presseportal.de<\/a><\/div>\n  <\/div>\n <\/article>\n <\/div>\n <div class=\"post\" style=\"margin-bottom:40px;\">\n <article>\n  <h3><a href=\"https:\/\/www.presseportal.de\/blaulicht\/pm\/43561\/6262488\" style=\"color:#000000; font-weight:bold;\" target=\"_blank\">POL-OF: Kripo bittet um Hinweise nach bewaffneten Raub\u00fcberfall<\/a><\/h3>\n  <div class=\"entry\">\n   <p style=\"margin-bottom:4px;\">   <a name=\"e5eeb037\" href=\"https:\/\/www.presseportal.de\/blaulicht\/pm\/43561\/6262488\" target=\"_blank\"><img decoding=\"async\" src=\"\/feeds\/gfx\/POL-OF.jpg\" style=\"align:left !important; float:left !important; margin-top:4px !important; margin-right:8px !important; margin-bottom:4px !important; width:90px !important;\" \/><\/a>    R\u00f6dermark  (ots)      (lei) Augenscheinlich mit einer Pistole bewaffnet hat ein etwa 1,85 Meter gro\u00dfer Mann in der Nacht zu Samstag eine Spielhalle in der Siemensstra\u00dfe \u00fcberfallen und Bargeld erbeutet. Gegen 2 Uhr betrat der dunkel gekleidete Unbekannte mit ...<br clear=\"all\" \/>   <\/p>\n   <div><span class=\"my_article_details\"><time datetime=\"2026-04-25\">25.04.2026<\/time> &middot; <\/span><a href=\"https:\/\/www.presseportal.de\/blaulicht\/pm\/43561\/6262488\" title=\"Link zum Artikel auf presseportal.de\" target=\"_blank\">presseportal.de<\/a><\/div>\n  <\/div>\n <\/article>\n <\/div>\n <div class=\"post\" style=\"margin-bottom:40px;\">\n <article>\n  <h3><a href=\"https:\/\/www.presseportal.de\/blaulicht\/pm\/43561\/6262489\" style=\"color:#000000; font-weight:bold;\" target=\"_blank\">POL-OF: Hoher Schaden bei Garagenbrand<\/a><\/h3>\n  <div class=\"entry\">\n   <p style=\"margin-bottom:4px;\">   <a name=\"7c43d046\" href=\"https:\/\/www.presseportal.de\/blaulicht\/pm\/43561\/6262489\" target=\"_blank\"><img decoding=\"async\" src=\"\/feeds\/gfx\/POL-OF.jpg\" style=\"align:left !important; float:left !important; margin-top:4px !important; margin-right:8px !important; margin-bottom:4px !important; width:90px !important;\" \/><\/a>    Seligenstadt  (ots)      (lei) Weil es am Freitagnachmittag in der Stadtm\u00fchlgasse gebrannt hat, r\u00fcckten Feuerwehr und Polizei aus, um ihre Aufgaben zu erledigen. Kurz nach 17 Uhr meldete ein Nachbar, dass dort Rauch aus einer Doppelgarage aufstieg; kurz darauf ...<br clear=\"all\" \/>   <\/p>\n   <div><span class=\"my_article_details\"><time datetime=\"2026-04-25\">25.04.2026<\/time> &middot; <\/span><a href=\"https:\/\/www.presseportal.de\/blaulicht\/pm\/43561\/6262489\" title=\"Link zum Artikel auf presseportal.de\" target=\"_blank\">presseportal.de<\/a><\/div>\n  <\/div>\n <\/article>\n <\/div>\n <div class=\"post\" style=\"margin-bottom:40px;\">\n <article>\n  <h3><a href=\"https:\/\/www.presseportal.de\/blaulicht\/pm\/43561\/6262159\" style=\"color:#000000; font-weight:bold;\" target=\"_blank\">Polizei Offenbach am Main: Pressemeldungen vom 24.04.2026<\/a><\/h3>\n  <div class=\"entry\">\n   <p style=\"margin-bottom:4px;\">   <a name=\"59e00a16\" href=\"https:\/\/www.presseportal.de\/blaulicht\/pm\/43561\/6262159\" target=\"_blank\"><img decoding=\"async\" src=\"\/feeds\/gfx\/POL-OF.jpg\" style=\"align:left !important; float:left !important; margin-top:4px !important; margin-right:8px !important; margin-bottom:4px !important; width:90px !important;\" \/><\/a>    ... <b>1. Vermisster ist wieder da - <a href=\"\/news\/offenbach-polizeimeldungen\" title=\"Polizeieins\u00e4tze Offenbach\">Offenbach<\/a><\/b>   (fg) Der seit Mittwochmittag vermisste Senior aus Offenbach ist wieder da. Die Vermisstenfahndung wird daher zur\u00fcckgenommen. ...<br clear=\"all\" \/><\/p><p style=\"margin-top:8px; margin-bottom:4px;\"><a href=\"https:\/\/www.presseportal.de\/blaulicht\/pm\/43561\/6262159\" target=\"_blank\"><img decoding=\"async\" src=\"\/feeds\/gfx\/POL-OF.jpg\" style=\"align:left !important; float:left !important; margin-top:4px !important; margin-right:8px !important; margin-bottom:4px !important; width:90px !important;\" \/><\/a> ... <b>2. Hochwertige Werkzeuge aus Fahrzeug gestohlen: Zeugen gesucht! - <a href=\"\/news\/offenbach-polizeimeldungen\" title=\"Polizeieins\u00e4tze Offenbach\">Offenbach<\/a><\/b>   (fg) Unbekannte haben zwischen Mittwochabend, 18 Uhr und Donnerstagmorgen, 6 Uhr, mehrere hochwertige Werkzeuge aus einem in der Ludwigstra\u00dfe \/ Nordring abgestellten wei\u00dfen Nissan gestohlen. Zuvor hatten die T\u00e4ter eine Seitenscheibe eingeschmissen. Anschlie\u00dfend ...<br clear=\"all\" \/><\/p><p style=\"margin-top:8px; margin-bottom:4px;\"><a href=\"https:\/\/www.presseportal.de\/blaulicht\/pm\/43561\/6262159\" target=\"_blank\"><img decoding=\"async\" src=\"\/feeds\/gfx\/POL-OF.jpg\" style=\"align:left !important; float:left !important; margin-top:4px !important; margin-right:8px !important; margin-bottom:4px !important; width:90px !important;\" \/><\/a> ... <b>3. L\u00e4rmschutzwand mit Farbe beschmiert: Zeugen gesucht! - <a href=\"\/news\/neu-isenburg-polizeimeldungen\" title=\"Polizeieins\u00e4tze Neu-Isenburg\">Neu-Isenburg<\/a><\/b>   (cb) Die Polizei in Neu-Isenburg hat Ermittlungen wegen des Verdachts der Sachbesch\u00e4digung durch Graffiti am Donnerstagmittag gegen bis dato noch unbekannte T\u00e4ter eingeleitet. Diese beschmierten eine L\u00e4rmschutzwand entlang einer Bahnstrecke zwischen Neu-Isenburg ...<br clear=\"all\" \/><\/p><p style=\"margin-top:8px; margin-bottom:4px;\"><a href=\"https:\/\/www.presseportal.de\/blaulicht\/pm\/43561\/6262159\" target=\"_blank\"><img decoding=\"async\" src=\"\/feeds\/gfx\/POL-OF.jpg\" style=\"align:left !important; float:left !important; margin-top:4px !important; margin-right:8px !important; margin-bottom:4px !important; width:90px !important;\" \/><\/a> ... <b>4. Schwarzer Audi beim Ein- oder Ausparken besch\u00e4digt: Hinweise erwuenscht - <a href=\"\/news\/m\u00fchlheim-polizeimeldungen\" title=\"Polizeieins\u00e4tze M\u00fchlheim\">M\u00fchlheim am Main<\/a><\/b>   (me) Einen Schaden von rund 4.500 Euro hinterlie\u00df ein unbekannter Wagenlenker im Verlauf des Donnerstags an einem schwarzen Audi. Der Verursacher fuhr hiernach davon, ohne den Schaden gemeldet zu haben. Die Beamten aus M\u00fchlheim ermitteln daher wegen des Verdachts ...<br clear=\"all\" \/><\/p><p style=\"margin-top:8px; margin-bottom:4px;\"><a href=\"https:\/\/www.presseportal.de\/blaulicht\/pm\/43561\/6262159\" target=\"_blank\"><img decoding=\"async\" src=\"\/feeds\/gfx\/POL-OF.jpg\" style=\"align:left !important; float:left !important; margin-top:4px !important; margin-right:8px !important; margin-bottom:4px !important; width:90px !important;\" \/><\/a> ... <b>5. Zeugensuche nach Unfallflucht auf Parkplatz - <a href=\"\/news\/rodgau-polizeimeldungen\" title=\"Polizeieins\u00e4tze Rodgau\">Rodgau<\/a><\/b>   (fg) Am Donnerstag, gegen 10 Uhr, parkte ein 33-J\u00e4hriger aus Rodgau seinen schwarzen Kombi auf dem Parkplatz vor dem LIDL-Markt in der Alfred-Delp-Stra\u00dfe. Er begab sich anschlie\u00dfend in den Markt und stellte bei der R\u00fcckkehr zu seinem Fahrzeug gegen 10.40 ...<br clear=\"all\" \/>   <\/p>\n   <div><span class=\"my_article_details\"><time datetime=\"2026-04-24\">24.04.2026<\/time> &middot; <\/span><a href=\"https:\/\/www.presseportal.de\/blaulicht\/pm\/43561\/6262159\" title=\"Link zum Artikel auf presseportal.de\" target=\"_blank\">presseportal.de<\/a><\/div>\n  <\/div>\n <\/article>\n <\/div>\n <div class=\"post\" style=\"margin-bottom:40px;\">\n <article>\n  <h3><a href=\"https:\/\/www.presseportal.de\/blaulicht\/pm\/43561\/6261364\" style=\"color:#000000; font-weight:bold;\" target=\"_blank\">Polizei Offenbach am Main: Pressemeldungen vom 23.04.2026<\/a><\/h3>\n  <div class=\"entry\">\n   <p style=\"margin-bottom:4px;\">   <a name=\"2a64b284\" href=\"https:\/\/www.presseportal.de\/blaulicht\/pm\/43561\/6261364\" target=\"_blank\"><img decoding=\"async\" src=\"\/feeds\/gfx\/POL-OF.jpg\" style=\"align:left !important; float:left !important; margin-top:4px !important; margin-right:8px !important; margin-bottom:4px !important; width:90px !important;\" \/><\/a>    ... <b>1.\tFund von Bet\u00e4ubungsmitteln und Festnahmen bei Kontrollen im Stadtgebiet - <a href=\"\/news\/offenbach-polizeimeldungen\" title=\"Polizeieins\u00e4tze Offenbach\">Offenbach<\/a><\/b>   (me) Beamte des Polizeireviers Offenbach f\u00fchrten in ihrem Regeldienst zwischen Dienstag und dem fr\u00fchen Donnerstagmorgen vermehrt Kontrollen im Stadtgebiet durch. Diese f\u00fchrten unter anderem zum Fund von Bet\u00e4ubungsmitteln, zur Sicherstellung von Schreckschusswaffen ...<br clear=\"all\" \/><\/p><p style=\"margin-top:8px; margin-bottom:4px;\"><a href=\"https:\/\/www.presseportal.de\/blaulicht\/pm\/43561\/6261364\" target=\"_blank\"><img decoding=\"async\" src=\"\/feeds\/gfx\/POL-OF.jpg\" style=\"align:left !important; float:left !important; margin-top:4px !important; margin-right:8px !important; margin-bottom:4px !important; width:90px !important;\" \/><\/a> ... <b>2.\tHochwertige Kleidung aus geparktem Auto gestohlen - <a href=\"\/news\/offenbach-polizeimeldungen\" title=\"Polizeieins\u00e4tze Offenbach\">Offenbach<\/a><\/b>   (fg) Unbekannte waren am Wochenende in der Stra\u00dfe \"Am Waldschwimmbad\" zugange und stahlen aus einem im Bereich der 10er-Hausnummern abgestellten Mercedes mehrere hochwertige Kleidungsst\u00fccke. Die Eigent\u00fcmerin hatte ihr Auto dort zwischen Samstagnachmittag, ...<br clear=\"all\" \/><\/p><p style=\"margin-top:8px; margin-bottom:4px;\"><a href=\"https:\/\/www.presseportal.de\/blaulicht\/pm\/43561\/6261364\" target=\"_blank\"><img decoding=\"async\" src=\"\/feeds\/gfx\/POL-OF.jpg\" style=\"align:left !important; float:left !important; margin-top:4px !important; margin-right:8px !important; margin-bottom:4px !important; width:90px !important;\" \/><\/a> ... <b>3.\tKontrolle von E-Scootern in der Erich-Ollenhauer-Stra\u00dfe - <a href=\"\/news\/offenbach-polizeimeldungen\" title=\"Polizeieins\u00e4tze Offenbach\">Offenbach<\/a><\/b>   (fg) Am Mittwochnachmittag, gegen 12.45 Uhr, f\u00fchrten Beamtinnen und Beamte Verkehrsinspektion des Polizeipr\u00e4sidiums S\u00fcdosthessen und des Polizeireviers gemeinsam mit der Stadtpolizei Offenbach Kontrollen von E-Scootern an einer Schule in der Erich-Ollenhauer-Stra\u00dfe ...<br clear=\"all\" \/><\/p><p style=\"margin-top:8px; margin-bottom:4px;\"><a href=\"https:\/\/www.presseportal.de\/blaulicht\/pm\/43561\/6261364\" target=\"_blank\"><img decoding=\"async\" src=\"\/feeds\/gfx\/POL-OF.jpg\" style=\"align:left !important; float:left !important; margin-top:4px !important; margin-right:8px !important; margin-bottom:4px !important; width:90px !important;\" \/><\/a> ... <b>4.\tMann mit Pfefferspray besprueht: Zeugensuche der Polizei - <a href=\"\/news\/offenbach-polizeimeldungen\" title=\"Polizeieins\u00e4tze Offenbach\">Offenbach<\/a><\/b>   (me) Roter Pullover, Adidas-Shorts, Fahrrad mit wei\u00dfem Rahmen und orangener Aufschrift: Nach einem Mann mit dieser Beschreibung sucht die Polizei, nachdem dieser am Mittwochnachmittag einen anderen Fu\u00dfg\u00e4nger mit Pfefferspray verletzt haben soll. Zu dem Geschehen ...<br clear=\"all\" \/><\/p><p style=\"margin-top:8px; margin-bottom:4px;\"><a href=\"https:\/\/www.presseportal.de\/blaulicht\/pm\/43561\/6261364\" target=\"_blank\"><img decoding=\"async\" src=\"\/feeds\/gfx\/POL-OF.jpg\" style=\"align:left !important; float:left !important; margin-top:4px !important; margin-right:8px !important; margin-bottom:4px !important; width:90px !important;\" \/><\/a> ... <b>5.\tGraffitischriftzuege auf Boden festgestellt: Wer hat etwas beobachtet? - <a href=\"\/news\/offenbach-polizeimeldungen\" title=\"Polizeieins\u00e4tze Offenbach\">Offenbach<\/a><\/b>   (me) Nach der Meldung \u00fcber zwei metergro\u00dfe Graffiti mit offenkundigem Fu\u00dfballbezug auf dem Asphalt in einem Waldst\u00fcck im Bereich des Stadions am Bieberer Berg ermittelt die Polizei unter anderem wegen des Verdachts der Sachbesch\u00e4digung und bittet in diesem ...<br clear=\"all\" \/><\/p><p style=\"margin-top:8px; margin-bottom:4px;\"><a href=\"https:\/\/www.presseportal.de\/blaulicht\/pm\/43561\/6261364\" target=\"_blank\"><img decoding=\"async\" src=\"\/feeds\/gfx\/POL-OF.jpg\" style=\"align:left !important; float:left !important; margin-top:4px !important; margin-right:8px !important; margin-bottom:4px !important; width:90px !important;\" \/><\/a> ... <b>7.\tBei Einbruch in Kita: Mehrere hundert Euro Sachschaden angerichtet und Bargeld geklaut - <a href=\"\/news\/rodgau-polizeimeldungen\" title=\"Polizeieins\u00e4tze Rodgau\">Rodgau<\/a><\/b>   (me) Ein bislang noch unbekannter Langfinger kam in der Zeit zwischen Mittwoch, 18 Uhr und Donnerstag, 7.30 Uhr, hebelte ein Fenster zu einem Gruppenraum der Tagesst\u00e4tte auf und entwendete im weiteren Verlauf Bargeld aus verschiedenen Aufbewahrungsbeh\u00e4ltnissen. ...<br clear=\"all\" \/><\/p><p style=\"margin-top:8px; margin-bottom:4px;\"><a href=\"https:\/\/www.presseportal.de\/blaulicht\/pm\/43561\/6261364\" target=\"_blank\"><img decoding=\"async\" src=\"\/feeds\/gfx\/POL-OF.jpg\" style=\"align:left !important; float:left !important; margin-top:4px !important; margin-right:8px !important; margin-bottom:4px !important; width:90px !important;\" \/><\/a> ... <b>8.\tZeugensuche nach Wohnungseinbruch - <a href=\"\/news\/neu-isenburg-polizeimeldungen\" title=\"Polizeieins\u00e4tze Neu-Isenburg\">Neu-Isenburg<\/a><\/b>   (fg) Bei einem Wohnungseinbruch in der Alicestra\u00dfe erbeuteten bisher unbekannte T\u00e4ter in der Zeit von Dienstag, 17 Uhr bis Mittwoch 14 Uhr Bargeld und Goldschmuck im Wert von mehreren 10.000 Euro. Hinweise auf die Einbrecher, die sich \u00fcber die Wohnungst\u00fcr ...<br clear=\"all\" \/><\/p><p style=\"margin-top:8px; margin-bottom:4px;\"><a href=\"https:\/\/www.presseportal.de\/blaulicht\/pm\/43561\/6261364\" target=\"_blank\"><img decoding=\"async\" src=\"\/feeds\/gfx\/POL-OF.jpg\" style=\"align:left !important; float:left !important; margin-top:4px !important; margin-right:8px !important; margin-bottom:4px !important; width:90px !important;\" \/><\/a> ... <b>9.\tOffenbar mit Schlagring verletzt: Zuegige Festnahme und Ermittlungen gegen 48-J\u00e4hrigen - <a href=\"\/news\/neu-isenburg-polizeimeldungen\" title=\"Polizeieins\u00e4tze Neu-Isenburg\">Neu-Isenburg<\/a><\/b>   (me) Er soll einen anderen Mann mutma\u00dflich mit einem Schlagring verletzt und hiernach das Mobiltelefon von diesem besch\u00e4digt haben: So lauten die Vorw\u00fcrfe gegen einen 48 Jahre alten Mann aus Neu-Isenburg, gegen den die Polizei nun wegen des Verdachts der ...<br clear=\"all\" \/><\/p><p style=\"margin-top:8px; margin-bottom:4px;\"><a href=\"https:\/\/www.presseportal.de\/blaulicht\/pm\/43561\/6261364\" target=\"_blank\"><img decoding=\"async\" src=\"\/feeds\/gfx\/POL-OF.jpg\" style=\"align:left !important; float:left !important; margin-top:4px !important; margin-right:8px !important; margin-bottom:4px !important; width:90px !important;\" \/><\/a> ... <b>10.\tNach Wohnungseinbruch: Polizei sucht weiterhin nach unbekanntem Zeugen - <a href=\"\/news\/roedermark-polizeimeldungen\" title=\"Polizeieins\u00e4tze R\u00f6dermark\">R\u00f6dermark<\/a><\/b>   (me) Nach einem Wohnungseinbruch, der sich bereits am Freitag (27. M\u00e4rz) in der Zeit zwischen 17 Uhr und 18.15 Uhr zutrug, sucht die Kriminalpolizei aus Offenbach weiterhin nach Zeugen. Bei der Tat hebelten der oder die Langfinger mit einem bislang unbekannten ...<br clear=\"all\" \/>   <\/p>\n   <div><span class=\"my_article_details\"><time datetime=\"2026-04-23\">23.04.2026<\/time> &middot; <\/span><a href=\"https:\/\/www.presseportal.de\/blaulicht\/pm\/43561\/6261364\" title=\"Link zum Artikel auf presseportal.de\" target=\"_blank\">presseportal.de<\/a><\/div>\n  <\/div>\n <\/article>\n <\/div>\n <div class=\"post\" style=\"margin-bottom:40px;\">\n <article>\n  <h3><a href=\"https:\/\/www.presseportal.de\/blaulicht\/pm\/43561\/6260186\" style=\"color:#000000; font-weight:bold;\" target=\"_blank\">Polizei Offenbach am Main: Pressemeldungen vom 22.04.2026<\/a><\/h3>\n  <div class=\"entry\">\n   <p style=\"margin-bottom:4px;\">   <a name=\"fcd46043\" href=\"https:\/\/www.presseportal.de\/blaulicht\/pm\/43561\/6260186\" target=\"_blank\"><img decoding=\"async\" src=\"\/feeds\/gfx\/POL-OF.jpg\" style=\"align:left !important; float:left !important; margin-top:4px !important; margin-right:8px !important; margin-bottom:4px !important; width:90px !important;\" \/><\/a>    ... <b>Gefahrenabwehrzentrums des Main-Kinzig-Kreises in Aktion sein.    Pr\u00e4vention - Polizei informiert \u00fcber Betrugsmaschen<\/b>   Besucherinnen und Besucher k\u00f6nnen sich unter anderem \u00fcber Themen wie Einbruchschutz und Verkehrssicherheit informieren. Spezialisten des Stabsbereichs Pr\u00e4vention informieren zudem \u00fcber aktuelle Betrugsmaschen - von Online-Betrug \u00fcber Telefontricks bis hin ...<br clear=\"all\" \/><\/p><p style=\"margin-top:8px; margin-bottom:4px;\"><a href=\"https:\/\/www.presseportal.de\/blaulicht\/pm\/43561\/6260186\" target=\"_blank\"><img decoding=\"async\" src=\"\/feeds\/gfx\/POL-OF.jpg\" style=\"align:left !important; float:left !important; margin-top:4px !important; margin-right:8px !important; margin-bottom:4px !important; width:90px !important;\" \/><\/a> ... <b>Tipps, wie man sich wirksam sch\u00fctzen kann.    Karriere bei der Polizei - Informationen vor Ort<\/b>   Interessierte haben die Gelegenheit, sich direkt bei der Einstellungsberatung \u00fcber die vielf\u00e4ltigen Aufgaben im Polizeiberuf zu informieren. Von den Voraussetzungen \u00fcber das duale Studium bis hin zu Karrierechancen - die Einstellungsberatung steht f\u00fcr Fragen ...<br clear=\"all\" \/>   <\/p>\n   <div><span class=\"my_article_details\"><time datetime=\"2026-04-22\">22.04.2026<\/time> &middot; <\/span><a href=\"https:\/\/www.presseportal.de\/blaulicht\/pm\/43561\/6260186\" title=\"Link zum Artikel auf presseportal.de\" target=\"_blank\">presseportal.de<\/a><\/div>\n  <\/div>\n <\/article>\n <\/div>\n <div class=\"post\" style=\"margin-bottom:40px;\">\n <article>\n  <h3><a href=\"https:\/\/www.presseportal.de\/blaulicht\/pm\/43561\/6260552\" style=\"color:#000000; font-weight:bold;\" target=\"_blank\">Polizei Offenbach am Main: Pressemeldungen vom 22.04.2026<\/a><\/h3>\n  <div class=\"entry\">\n   <p style=\"margin-bottom:4px;\">   <a name=\"95eeaa74\" href=\"https:\/\/www.presseportal.de\/blaulicht\/pm\/43561\/6260552\" target=\"_blank\"><img decoding=\"async\" src=\"\/feeds\/gfx\/POL-OF.jpg\" style=\"align:left !important; float:left !important; margin-top:4px !important; margin-right:8px !important; margin-bottom:4px !important; width:90px !important;\" \/><\/a>    ... <b>1. Schuhe und Staubsauger von Dachboden gestohlen: Zeugensuche! - <a href=\"\/news\/offenbach-polizeimeldungen\" title=\"Polizeieins\u00e4tze Offenbach\">Offenbach<\/a><\/b>   (fg) Unbekannte waren zwischen Samstagabend, 20.30 Uhr und Dienstagmorgen in einem Mehrfamilienhaus in der Richard-Wagner-Stra\u00dfe (60er-Hausnummern) zugange und entwendeten unter anderem einen Staubsauger sowie Schuhe. Die T\u00e4ter verschafften sich auf bislang ...<br clear=\"all\" \/><\/p><p style=\"margin-top:8px; margin-bottom:4px;\"><a href=\"https:\/\/www.presseportal.de\/blaulicht\/pm\/43561\/6260552\" target=\"_blank\"><img decoding=\"async\" src=\"\/feeds\/gfx\/POL-OF.jpg\" style=\"align:left !important; float:left !important; margin-top:4px !important; margin-right:8px !important; margin-bottom:4px !important; width:90px !important;\" \/><\/a> ... <b>2. Wer sah den Fahrraddieb? - <a href=\"\/news\/offenbach-polizeimeldungen\" title=\"Polizeieins\u00e4tze Offenbach\">Offenbach<\/a><\/b>   (fg) Etwa 16 Jahre alt und 1,85 Meter gro\u00df, von normaler Statur und mit einer schwarzen M\u00fctze sowie einer blauen Jacke bekleidet. Mit dieser Personenbeschreibung sucht die Polizei einen Fahrraddieb, der am Dienstagabend, gegen 20.35 Uhr, mit einem roten Mountainbike ...<br clear=\"all\" \/><\/p><p style=\"margin-top:8px; margin-bottom:4px;\"><a href=\"https:\/\/www.presseportal.de\/blaulicht\/pm\/43561\/6260552\" target=\"_blank\"><img decoding=\"async\" src=\"\/feeds\/gfx\/POL-OF.jpg\" style=\"align:left !important; float:left !important; margin-top:4px !important; margin-right:8px !important; margin-bottom:4px !important; width:90px !important;\" \/><\/a> ... <b>3. Bei Abbiegevorgang uebersehen: 19-J\u00e4hriger kam leichtverletzt in Krankenhaus - <a href=\"\/news\/offenbach-polizeimeldungen\" title=\"Polizeieins\u00e4tze Offenbach\">Offenbach<\/a><\/b>   (fg) Nach einem Unfall am Dienstag im Bereich der Stra\u00dfen \"Sprendlinger Landstra\u00dfe\" \/ Merianstra\u00dfe kam ein 19 Jahre alter Unfallbeteiligter mit Kopfschmerzen zur weiteren medizinischen Behandlung in ein Krankenhaus. Der Frankfurter war zuvor, kurz vor 18 ...<br clear=\"all\" \/><\/p><p style=\"margin-top:8px; margin-bottom:4px;\"><a href=\"https:\/\/www.presseportal.de\/blaulicht\/pm\/43561\/6260552\" target=\"_blank\"><img decoding=\"async\" src=\"\/feeds\/gfx\/POL-OF.jpg\" style=\"align:left !important; float:left !important; margin-top:4px !important; margin-right:8px !important; margin-bottom:4px !important; width:90px !important;\" \/><\/a> ... <b>4. Kind kam nach Unfall mit Fu\u00dfverletzung in Krankenhaus - <a href=\"\/news\/offenbach-polizeimeldungen\" title=\"Polizeieins\u00e4tze Offenbach\">Offenbach<\/a><\/b>   (fg) Am Dienstagnachmittag ereignete sich kurz vor 16 Uhr in der Luisenstra\u00dfe ein Verkehrsunfall, bei dem sich ein f\u00fcnf Jahre altes Kind schwer am linken Fu\u00df verletzte. Der F\u00fcnfj\u00e4hrige wurde durch eine Rettungswagenbesatzung in ein Krankenhaus gebracht. Nach ...<br clear=\"all\" \/><\/p><p style=\"margin-top:8px; margin-bottom:4px;\"><a href=\"https:\/\/www.presseportal.de\/blaulicht\/pm\/43561\/6260552\" target=\"_blank\"><img decoding=\"async\" src=\"\/feeds\/gfx\/POL-OF.jpg\" style=\"align:left !important; float:left !important; margin-top:4px !important; margin-right:8px !important; margin-bottom:4px !important; width:90px !important;\" \/><\/a> ... <b>6. Zeugensuche nach Geldboersendiebstahl - <a href=\"\/news\/dreieich-polizeimeldungen\" title=\"Polizeieins\u00e4tze Dreieich\">Dreieich<\/a><\/b>   (cb) Eine Rentnerin war am Dienstag, zwischen 16 Uhr und 16.50 Uhr, in einem Einkaufsmarkt in der Robert-Bosch-Stra\u00dfe (10er-Hausnummern) einkaufen, als ihr Unbekannte die Geldb\u00f6rse klauten. Vermutlich nutzten die T\u00e4ter einen unbeobachteten Moment und entnahmen ...<br clear=\"all\" \/>   <\/p>\n   <div><span class=\"my_article_details\"><time datetime=\"2026-04-22\">22.04.2026<\/time> &middot; <\/span><a href=\"https:\/\/www.presseportal.de\/blaulicht\/pm\/43561\/6260552\" title=\"Link zum Artikel auf presseportal.de\" target=\"_blank\">presseportal.de<\/a><\/div>\n  <\/div>\n <\/article>\n <\/div>\n <b>Mehr von der <a href=\"\/news\/polizeieinsaetze-offenbach-am-main\" title=\"Polizeieins\u00e4tze in Offenbach am Main heute\">Polizei Offenbach<\/a> ...<\/b>\n<\/div>\n<br \/><div style=\"margin-top:15px; margin-bottom:15px; padding:10px; text-align:left; word-wrap:break-word;\"><h2 style=\"margin:0px; margin-bottom:20px;\">Aktuelles aus dem Kreis Offenbach<\/h2><div class=\"post\"><article><div class=\"entry\"><p>Falls dich eher die an&shy;de&shy;ren St\u00e4dte des Kreis Offenbach interes&shy;sie&shy;ren, gelangst du mit Hilfe der folgenden Links jeweils direkt zu deren aktuell&shy;sten Neuig&shy;kei&shy;ten.<\/p><ul><li><a href=\"\/news\/dietzenbach-aktuell\">Dietzenbach aktuell<\/a><\/li><li><a href=\"\/news\/dreieich-aktuell\">Dreieich aktuell<\/a><\/li><li><a href=\"\/news\/egelsbach-aktuell\">Egelsbach aktuell<\/a><\/li><li><a href=\"\/news\/hainburg-aktuell\">Hainburg aktuell<\/a><\/li><li><a href=\"\/news\/heusenstamm-aktuell\">Heusenstamm aktuell<\/a><\/li><li><a href=\"\/news\/langen-aktuell\">Langen aktuell<\/a><\/li><li><a href=\"\/news\/mainhausen-aktuell\">Mainhausen aktuell<\/a><\/li><li><a href=\"\/news\/muehlheim-aktuell\">M\u00fchlheim aktuell<\/a><\/li><li><a href=\"\/news\/neu-isenburg-aktuell\">Neu-Isenburg aktuell<\/a><\/li><li><a href=\"\/news\/offenbach-aktuell\">Offenbach aktuell<\/a><\/li><li><a href=\"\/news\/rodgau-aktuell\">Rodgau aktuell<\/a><\/li><li><a href=\"\/news\/roedermark-aktuell\">R\u00f6dermark aktuell<\/a><\/li><li><a href=\"\/news\/seligenstadt-aktuell\">Seligenstadt aktuell<\/a><\/li><\/ul><p>Ansonsten lies doch einfach in unserem <a href=\"\/news\/blog\" title=\"Heusenstamm Blog\">Blog<\/a> weiter! Dort findest du weitere Informationen mit regionalem Fokus.<\/p><\/div><\/article><\/div><\/div>\n<\/p>\n","protected":false},"excerpt":{"rendered":"<p>News aus Obertshausen mit aktuellen Nachrichten, Polizeimeldungen von heute und Neuigkeiten aus Obertshausens Umgebung<\/p>\n","protected":false},"author":4,"featured_media":11527,"parent":0,"menu_order":0,"comment_status":"closed","ping_status":"closed","template":"","meta":{"footnotes":""},"categories":[478],"tags":[463,462,498,461,433,506],"class_list":["post-9419","page","type-page","status-publish","has-post-thumbnail","hentry","category-heute","tag-aktuell","tag-heute","tag-kreis-offenbach","tag-news","tag-obertshausen","tag-of"],"_links":{"self":[{"href":"https:\/\/www.heusenstaemmchen.de\/news\/wp-json\/wp\/v2\/pages\/9419","targetHints":{"allow":["GET"]}}],"collection":[{"href":"https:\/\/www.heusenstaemmchen.de\/news\/wp-json\/wp\/v2\/pages"}],"about":[{"href":"https:\/\/www.heusenstaemmchen.de\/news\/wp-json\/wp\/v2\/types\/page"}],"author":[{"embeddable":true,"href":"https:\/\/www.heusenstaemmchen.de\/news\/wp-json\/wp\/v2\/users\/4"}],"replies":[{"embeddable":true,"href":"https:\/\/www.heusenstaemmchen.de\/news\/wp-json\/wp\/v2\/comments?post=9419"}],"version-history":[{"count":3,"href":"https:\/\/www.heusenstaemmchen.de\/news\/wp-json\/wp\/v2\/pages\/9419\/revisions"}],"predecessor-version":[{"id":13640,"href":"https:\/\/www.heusenstaemmchen.de\/news\/wp-json\/wp\/v2\/pages\/9419\/revisions\/13640"}],"wp:featuredmedia":[{"embeddable":true,"href":"https:\/\/www.heusenstaemmchen.de\/news\/wp-json\/wp\/v2\/media\/11527"}],"wp:attachment":[{"href":"https:\/\/www.heusenstaemmchen.de\/news\/wp-json\/wp\/v2\/media?parent=9419"}],"wp:term":[{"taxonomy":"category","embeddable":true,"href":"https:\/\/www.heusenstaemmchen.de\/news\/wp-json\/wp\/v2\/categories?post=9419"},{"taxonomy":"post_tag","embeddable":true,"href":"https:\/\/www.heusenstaemmchen.de\/news\/wp-json\/wp\/v2\/tags?post=9419"}],"curies":[{"name":"wp","href":"https:\/\/api.w.org\/{rel}","templated":true}]}}