{"id":9413,"date":"2024-04-21T17:37:41","date_gmt":"2024-04-21T15:37:41","guid":{"rendered":"https:\/\/www.heusenstaemmchen.de\/blog\/?page_id=9413"},"modified":"2025-12-29T17:18:13","modified_gmt":"2025-12-29T16:18:13","slug":"neu-isenburg-aktuell","status":"publish","type":"page","link":"https:\/\/www.heusenstaemmchen.de\/news\/neu-isenburg-aktuell","title":{"rendered":"Aktuelle News aus Neu-Isenburg und dem Kreis Offenbach"},"content":{"rendered":"<p><b>News aus Neu-Isenburg<\/b> mit aktuellen <a href=\"#nachrichten\">Nachrichten<\/a>, <a href=\"#polizeimeldungen\">Polizeimeldungen<\/a> von heute und <a href=\"#umgebung\">Neuigkeiten aus Neu-Isenburgs Umgebung<\/a><\/p>\n<p>\n<div style=\"background-color:#ffffc0; margin-top:40px; margin-bottom:15px; padding:10px;\">\n <h2 style=\"margin:0px; margin-bottom:15px;\">Veranstaltungen rund um Neu-Isenburg<\/h2>\n <table cellpadding=\"0\" cellspacing=\"0\" style=\"margin-bottom:20px;\" width=\"100%\">\n <tr><td width=\"20%\">04.09. (Freitag)<\/td><td width=\"80%\"><a href=\"\/news\/heusenstamm-veranstaltungen#20260904\" style=\"color:#000000;\">Heusenstamm: Flohmarkt &quot;Klamotte &amp; Kunst&quot; in der Alten Linde<\/a><\/td>\n <tr><td width=\"20%\">05.09. (Samstag)<\/td><td width=\"80%\"><a href=\"\/news\/heusenstamm-veranstaltungen#20260905\" style=\"color:#000000;\">Offenbach: Flohmarkt<\/a><\/td>\n <\/table>\n Mehr <a href=\"\/news\/heusenstamm-veranstaltungen#20260905\" title=\"Veranstaltungen im Kreis Offenbach\">Veranstaltungen<\/a> ...\n<\/div>\n<br \/>\n\n<div style=\"background-color:#ffffff; margin-top:15px; margin-bottom:15px; padding:10px; text-align:left; word-wrap:break-word;\">\n<h2 style=\"margin:0px; margin-bottom:20px;\"><a name=\"nachrichten\"><\/a>Aktuelle News f\u00fcr Neu-Isenburg<\/h2>\n <div class=\"post\" style=\"margin-bottom:40px;\">\n <article>\n  <h3><a name=\"2947ec1c\" href=\"https:\/\/www.op-online.de\/offenbach\/sommer-schmuddelherbst-grenze-teilt-deutschland-so-entwickelt-sich-wetter-in-offenbach-94471394.html\" style=\"color:#333333;\" target=\"_blank\">Sommer-Schmuddelherbst-Grenze teilt Deutschland: So entwickelt sich Wetter in Offenbach<\/a><\/h3>\n  <div class=\"entry\">\n   <p style=\"margin-bottom:4px;\">\n   <a href=\"https:\/\/www.op-online.de\/offenbach\/sommer-schmuddelherbst-grenze-teilt-deutschland-so-entwickelt-sich-wetter-in-offenbach-94471394.html\" target=\"_blank\"><img decoding=\"async\" src=\"https:\/\/www.op-online.de\/assets\/images\/43\/872\/43872992-blaetter-baum-nacht-1pbvVBIMXaef.jpg\" style=\"align:left !important; float:left !important; margin-top:4px !important; margin-right:8px !important; margin-bottom:4px !important; width:90px !important;\" \/><\/a>    Nach den Hitzewellen ist es im Hessen erst einmal k&uuml;hler geworden. Doch der DWD sieht schon die n&auml;chste warme Luft im Anmarsch. F&uuml;r Offenbach gilt das wohl auch.<br clear=\"all\" \/>   <\/p>\n   <div><span class=\"my_article_details\"><time datetime=\"2026-09-02\">02.09.2026<\/time> &middot; <a href=\"\/news\/offenbach-aktuell\" title=\"Offenbach heute aktuell\">Offenbach<\/a> &middot; Wetter &middot; <\/span><a href=\"https:\/\/www.op-online.de\/offenbach\/sommer-schmuddelherbst-grenze-teilt-deutschland-so-entwickelt-sich-wetter-in-offenbach-94471394.html\" title=\"Link zum Artikel auf op-online.de\" target=\"_blank\">op-online.de<\/a><\/div>\n  <\/div>\n <\/article>\n <\/div>\n <div class=\"post\" style=\"margin-bottom:40px;\">\n <article>\n  <h3><a name=\"e47bb3f3\" href=\"https:\/\/gruene-offenbach.de\/2026\/09\/02\/foerderung-fuer-klimaresiliente-schulhoefe-nutzen\/\" style=\"color:#333333;\" target=\"_blank\">Die Gr\u00fcnen: F\u00f6rderung f\u00fcr klimaresiliente Schulh\u00f6fe nutzen<\/a><\/h3>\n  <div class=\"entry\">\n   <p style=\"margin-bottom:4px;\">\n   <a href=\"https:\/\/gruene-offenbach.de\/2026\/09\/02\/foerderung-fuer-klimaresiliente-schulhoefe-nutzen\/\" target=\"_blank\"><img decoding=\"async\" src=\"\/feeds\/gfx\/gruene-offenbach.de.png\" style=\"align:left !important; float:left !important; margin-top:4px !important; margin-right:8px !important; margin-bottom:4px !important; width:90px !important;\" \/><\/a>    Rede von Nata Kabir in der Stadtverordnetenversammlung Wir haben in diesem Jahr eindr&uuml;cklich erlebt, wie der Sommer sein kann, wie stark sich versiegelte Fl&auml;chen aufheizen. Gerade f&uuml;r Kinder sind hohe Temperaturen eine Belastung. Deshalb haben wir als Stadtverordnetenversammlung ...<br clear=\"all\" \/>   <\/p>\n   <div><span class=\"my_article_details\"><time datetime=\"2026-09-02\">02.09.2026<\/time> &middot; <a href=\"\/news\/offenbach-aktuell\" title=\"Offenbach heute aktuell\">Offenbach<\/a> &middot; Umgebung &middot; <\/span><a href=\"https:\/\/gruene-offenbach.de\/2026\/09\/02\/foerderung-fuer-klimaresiliente-schulhoefe-nutzen\/\" title=\"Link zum Artikel auf gruene-offenbach.de\" target=\"_blank\">gruene-offenbach.de<\/a><\/div>\n  <\/div>\n <\/article>\n <\/div>\n <div class=\"post\" style=\"margin-bottom:40px;\">\n <article>\n  <h3><a name=\"24189425\" href=\"http:\/\/www.neu-isenburg.de\/pressemodul\/pressemitteilungen\/september\/staedtischer-zuschuss-fuer-neue-kostueme-des-karnevalsvereins-schwarze-elf-e.v\" style=\"color:#333333;\" target=\"_blank\">Neu-Isenburg: St\u00e4dtischer Zuschuss f\u00fcr Karnevalsvereins Schwarze Elf<\/a><\/h3>\n  <div class=\"entry\">\n   <p style=\"margin-bottom:4px;\">\n   <a href=\"http:\/\/www.neu-isenburg.de\/pressemodul\/pressemitteilungen\/september\/staedtischer-zuschuss-fuer-neue-kostueme-des-karnevalsvereins-schwarze-elf-e.v\" target=\"_blank\"><img decoding=\"async\" src=\"\/feeds\/gfx\/neu-isenburg.de.png\" style=\"align:left !important; float:left !important; margin-top:4px !important; margin-right:8px !important; margin-bottom:4px !important; width:90px !important;\" \/><\/a>    St&auml;dtischer Zuschuss in H&ouml;he von 3.030 Euro<br clear=\"all\" \/>   <\/p>\n   <div><span class=\"my_article_details\"><time datetime=\"2026-09-02\">02.09.2026<\/time> &middot; <a href=\"\/news\/neu-isenburg-aktuell\" title=\"Neu-Isenburg heute aktuell\">Neu-Isenburg<\/a> &middot; <a href=\"\/news\/neu-isenburg-nachrichten\" title=\"Neu-Isenburg Nachrichten\">News<\/a> &middot; <\/span><a href=\"http:\/\/www.neu-isenburg.de\/pressemodul\/pressemitteilungen\/september\/staedtischer-zuschuss-fuer-neue-kostueme-des-karnevalsvereins-schwarze-elf-e.v\" title=\"Link zum Artikel auf neu-isenburg.de\" target=\"_blank\">neu-isenburg.de<\/a><\/div>\n  <\/div>\n <\/article>\n <\/div>\n <div class=\"post\" style=\"margin-bottom:40px;\">\n <article>\n  <h3><a name=\"eb175438\" href=\"http:\/\/www.neu-isenburg.de\/pressemodul\/pressemitteilungen\/september\/vollsperrung-bansastrasse-in-fahrtrichtung-wiesenstrasse-pfarrgasse-ab-7.september\" style=\"color:#333333;\" target=\"_blank\">Neu-Isenburg: Vollsperrung Bansastra\u00dfe<\/a><\/h3>\n  <div class=\"entry\">\n   <p style=\"margin-bottom:4px;\">\n   <a href=\"http:\/\/www.neu-isenburg.de\/pressemodul\/pressemitteilungen\/september\/vollsperrung-bansastrasse-in-fahrtrichtung-wiesenstrasse-pfarrgasse-ab-7.september\" target=\"_blank\"><img decoding=\"async\" src=\"\/feeds\/gfx\/neu-isenburg.de.png\" style=\"align:left !important; float:left !important; margin-top:4px !important; margin-right:8px !important; margin-bottom:4px !important; width:90px !important;\" \/><\/a>    Bansastra&szlig;e in Fahrtrichtung Wiesenstra&szlig;e\/Pfarrgasse ab Montag, 7. September bis voraussichtlich Samstag, 12. September 2026<br clear=\"all\" \/>   <\/p>\n   <div><span class=\"my_article_details\"><time datetime=\"2026-09-02\">02.09.2026<\/time> &middot; <a href=\"\/news\/neu-isenburg-aktuell\" title=\"Neu-Isenburg heute aktuell\">Neu-Isenburg<\/a> &middot; <a href=\"\/news\/neu-isenburg-nachrichten\" title=\"Neu-Isenburg Nachrichten\">News<\/a> &middot; <\/span><a href=\"http:\/\/www.neu-isenburg.de\/pressemodul\/pressemitteilungen\/september\/vollsperrung-bansastrasse-in-fahrtrichtung-wiesenstrasse-pfarrgasse-ab-7.september\" title=\"Link zum Artikel auf neu-isenburg.de\" target=\"_blank\">neu-isenburg.de<\/a><\/div>\n  <\/div>\n <\/article>\n <\/div>\n <div class=\"post\" style=\"margin-bottom:40px;\">\n <article>\n  <h3><a name=\"1231a202\" href=\"http:\/\/www.neu-isenburg.de\/pressemodul\/pressemitteilungen\/september\/staedtischer-zuschuss-fuer-isenburger-tennisclub-e.v\" style=\"color:#333333;\" target=\"_blank\">Neu-Isenburg: Investition in den Vereinssport - Zuschuss f\u00fcr Isenburger Tennisclub<\/a><\/h3>\n  <div class=\"entry\">\n   <p style=\"margin-bottom:4px;\">\n   <a href=\"http:\/\/www.neu-isenburg.de\/pressemodul\/pressemitteilungen\/september\/staedtischer-zuschuss-fuer-isenburger-tennisclub-e.v\" target=\"_blank\"><img decoding=\"async\" src=\"\/feeds\/gfx\/neu-isenburg.de.png\" style=\"align:left !important; float:left !important; margin-top:4px !important; margin-right:8px !important; margin-bottom:4px !important; width:90px !important;\" \/><\/a>    Umr&uuml;stung der Tennispl&auml;tze auf nachhaltigen Allwetterbelag<br clear=\"all\" \/>   <\/p>\n   <div><span class=\"my_article_details\"><time datetime=\"2026-09-02\">02.09.2026<\/time> &middot; <a href=\"\/news\/neu-isenburg-aktuell\" title=\"Neu-Isenburg heute aktuell\">Neu-Isenburg<\/a> &middot; <a href=\"\/news\/neu-isenburg-nachrichten\" title=\"Neu-Isenburg Nachrichten\">News<\/a> &middot; <\/span><a href=\"http:\/\/www.neu-isenburg.de\/pressemodul\/pressemitteilungen\/september\/staedtischer-zuschuss-fuer-isenburger-tennisclub-e.v\" title=\"Link zum Artikel auf neu-isenburg.de\" target=\"_blank\">neu-isenburg.de<\/a><\/div>\n  <\/div>\n <\/article>\n <\/div>\n <div class=\"post\" style=\"margin-bottom:40px;\">\n <article>\n  <h3><a name=\"68769620\" href=\"http:\/\/www.neu-isenburg.de\/pressemodul\/pressemitteilungen\/september\/eroeffnungstour-stadtradeln-am-4.september\" style=\"color:#333333;\" target=\"_blank\">Neu-Isenburg: Er\u00f6ffnungstour Stadtradeln am 4. September<\/a><\/h3>\n  <div class=\"entry\">\n   <p style=\"margin-bottom:4px;\">\n   <a href=\"http:\/\/www.neu-isenburg.de\/pressemodul\/pressemitteilungen\/september\/eroeffnungstour-stadtradeln-am-4.september\" target=\"_blank\"><img decoding=\"async\" src=\"\/feeds\/gfx\/neu-isenburg.de.png\" style=\"align:left !important; float:left !important; margin-top:4px !important; margin-right:8px !important; margin-bottom:4px !important; width:90px !important;\" \/><\/a>    Mit Abschluss Grillfest bei Edeka Schmidt in der Neuen Welt ab ca. 18:30 Uhr. Alle sind willkommen - nicht nur Stadtradlerinnen und Stadtradler.<br clear=\"all\" \/>   <\/p>\n   <div><span class=\"my_article_details\"><time datetime=\"2026-09-02\">02.09.2026<\/time> &middot; <a href=\"\/news\/neu-isenburg-aktuell\" title=\"Neu-Isenburg heute aktuell\">Neu-Isenburg<\/a> &middot; <a href=\"\/news\/neu-isenburg-nachrichten\" title=\"Neu-Isenburg Nachrichten\">News<\/a> &middot; <\/span><a href=\"http:\/\/www.neu-isenburg.de\/pressemodul\/pressemitteilungen\/september\/eroeffnungstour-stadtradeln-am-4.september\" title=\"Link zum Artikel auf neu-isenburg.de\" target=\"_blank\">neu-isenburg.de<\/a><\/div>\n  <\/div>\n <\/article>\n <\/div>\n<div class=\"post\" style=\"background-color: #fae67a; margin-bottom: 40px; padding: 10px;\"><article><a style=\"color: #000000; font-size: 20px; font-weight: normal; text-decoration: underlined;\" href=\"https:\/\/www.ffhstm.de\/150-jahre-feuerwehr-heusenstamm\" target=\"_blank\">Gro\u00dfes Festwochenende der Freiwilligen Feuerwehr Heusenstamm vom 4. bis 6. September<\/a><\/p><div class=\"entry\"><p style=\"margin-bottom: 4px;\"><a href=\"https:\/\/www.ffhstm.de\/150-jahre-feuerwehr-heusenstamm\" target=\"_blank\" rel=\"noopener\"><img decoding=\"async\" style=\"align: left !important; float: left !important; margin-top: 4px !important; margin-right: 8px !important; margin-bottom: 4px !important; width: 90px !important;\" src=\"data:image\/gif;base64,R0lGODlhAQABAIAAAAAAAP\/\/\/yH5BAEAAAAALAAAAAABAAEAAAIBRAA7\" data-src=\"https:\/\/www.heusenstaemmchen.de\/feeds\/gfx\/ffhstm.de.png\" \/><\/a>Wir planen Gro\u00dfes, Lautes, Feuriges, aber auch Herzliches und Geselliges zum Festwochenende im September 2026. Ein gro\u00dfes Festzelt wird errichtet und drei Tage lang werden wir uns und die Feuerwehr Heusenstamm mit Ihnen und Euch feiern.<br clear=\"all\" \/><\/p><div><b>Veranstaltung<\/b> \u00b7 Festwochenende \u00b7 <a title=\"Mehr Details auf ffhstm.de\" href=\"https:\/\/www.ffhstm.de\/150-jahre-feuerwehr-heusenstamm\" target=\"_blank\" rel=\"noopener\">ffhstm.de<\/a><\/div><\/div><\/article><\/div> <div class=\"post\" style=\"margin-bottom:40px;\">\n <article>\n  <h3><a name=\"3714a27b\" href=\"http:\/\/www.neu-isenburg.de\/pressemodul\/pressemitteilungen\/september\/thema-energieausweis-bei-der-energieberatung-am-13.Oktober\" style=\"color:#333333;\" target=\"_blank\">Neu-Isenburg: Energieberatung am 13. Oktober<\/a><\/h3>\n  <div class=\"entry\">\n   <p style=\"margin-bottom:4px;\">\n   <a href=\"http:\/\/www.neu-isenburg.de\/pressemodul\/pressemitteilungen\/september\/thema-energieausweis-bei-der-energieberatung-am-13.Oktober\" target=\"_blank\"><img decoding=\"async\" src=\"\/feeds\/gfx\/neu-isenburg.de.png\" style=\"align:left !important; float:left !important; margin-top:4px !important; margin-right:8px !important; margin-bottom:4px !important; width:90px !important;\" \/><\/a>    Energieberatung der Verbraucherzentrale in Neu-Isenburg. Schwerpunktthema Energieausweis: Was der Steckbrief f&uuml;r ihr Wohngeb&auml;ude verr&auml;t.<br clear=\"all\" \/>   <\/p>\n   <div><span class=\"my_article_details\"><time datetime=\"2026-09-02\">02.09.2026<\/time> &middot; <a href=\"\/news\/neu-isenburg-aktuell\" title=\"Neu-Isenburg heute aktuell\">Neu-Isenburg<\/a> &middot; <a href=\"\/news\/neu-isenburg-nachrichten\" title=\"Neu-Isenburg Nachrichten\">News<\/a> &middot; <\/span><a href=\"http:\/\/www.neu-isenburg.de\/pressemodul\/pressemitteilungen\/september\/thema-energieausweis-bei-der-energieberatung-am-13.Oktober\" title=\"Link zum Artikel auf neu-isenburg.de\" target=\"_blank\">neu-isenburg.de<\/a><\/div>\n  <\/div>\n <\/article>\n <\/div>\n <div class=\"post\" style=\"margin-bottom:40px;\">\n <article>\n  <h3><a name=\"60993093\" href=\"http:\/\/www.neu-isenburg.de\/pressemodul\/pressemitteilungen\/september\/Stadt-unterstuetzt-Investitionen-der-TSG\" style=\"color:#333333;\" target=\"_blank\">Neu-Isenburg: Stadt unterst\u00fctzt Investitionen der TSG 1885<\/a><\/h3>\n  <div class=\"entry\">\n   <p style=\"margin-bottom:4px;\">\n   <a href=\"http:\/\/www.neu-isenburg.de\/pressemodul\/pressemitteilungen\/september\/Stadt-unterstuetzt-Investitionen-der-TSG\" target=\"_blank\"><img decoding=\"async\" src=\"\/feeds\/gfx\/neu-isenburg.de.png\" style=\"align:left !important; float:left !important; margin-top:4px !important; margin-right:8px !important; margin-bottom:4px !important; width:90px !important;\" \/><\/a>    Umbau der Kegelbahn zu einem Turn- und Gymnastikraum<br clear=\"all\" \/>   <\/p>\n   <div><span class=\"my_article_details\"><time datetime=\"2026-09-02\">02.09.2026<\/time> &middot; <a href=\"\/news\/neu-isenburg-aktuell\" title=\"Neu-Isenburg heute aktuell\">Neu-Isenburg<\/a> &middot; <a href=\"\/news\/neu-isenburg-nachrichten\" title=\"Neu-Isenburg Nachrichten\">News<\/a> &middot; <\/span><a href=\"http:\/\/www.neu-isenburg.de\/pressemodul\/pressemitteilungen\/september\/Stadt-unterstuetzt-Investitionen-der-TSG\" title=\"Link zum Artikel auf neu-isenburg.de\" target=\"_blank\">neu-isenburg.de<\/a><\/div>\n  <\/div>\n <\/article>\n <\/div>\n <div class=\"post\" style=\"margin-bottom:40px;\">\n <article>\n  <h3><a name=\"7010d6ff\" href=\"http:\/\/www.neu-isenburg.de\/pressemodul\/pressemitteilungen\/september\/september-im-quartier-iv\" style=\"color:#333333;\" target=\"_blank\">Neu-Isenburg: Quartier IV l\u00e4dt ein - Veranstaltungen im September<\/a><\/h3>\n  <div class=\"entry\">\n   <p style=\"margin-bottom:4px;\">\n   <a href=\"http:\/\/www.neu-isenburg.de\/pressemodul\/pressemitteilungen\/september\/september-im-quartier-iv\" target=\"_blank\"><img decoding=\"async\" src=\"\/feeds\/gfx\/neu-isenburg.de.png\" style=\"align:left !important; float:left !important; margin-top:4px !important; margin-right:8px !important; margin-bottom:4px !important; width:90px !important;\" \/><\/a>    Grillfest und Themenfr&uuml;hst&uuml;ck \u201eSpiel- und Sprachcaf\u00e9 ab 50+\u201c<br clear=\"all\" \/>   <\/p>\n   <div><span class=\"my_article_details\"><time datetime=\"2026-09-02\">02.09.2026<\/time> &middot; <a href=\"\/news\/neu-isenburg-aktuell\" title=\"Neu-Isenburg heute aktuell\">Neu-Isenburg<\/a> &middot; <a href=\"\/news\/neu-isenburg-nachrichten\" title=\"Neu-Isenburg Nachrichten\">News<\/a> &middot; <\/span><a href=\"http:\/\/www.neu-isenburg.de\/pressemodul\/pressemitteilungen\/september\/september-im-quartier-iv\" title=\"Link zum Artikel auf neu-isenburg.de\" target=\"_blank\">neu-isenburg.de<\/a><\/div>\n  <\/div>\n <\/article>\n <\/div>\n <div class=\"post\" style=\"margin-bottom:40px;\">\n <article>\n  <h3><a name=\"3764480e\" href=\"http:\/\/www.neu-isenburg.de\/pressemodul\/pressemitteilungen\/september\/conny-buenger-wurde-in-den-ruhestand-verabschiedet\" style=\"color:#333333;\" target=\"_blank\">Neu-Isenburg: 34 Jahre Hort Wilhelmsplatz und Freizeitvilla<\/a><\/h3>\n  <div class=\"entry\">\n   <p style=\"margin-bottom:4px;\">\n   <a href=\"http:\/\/www.neu-isenburg.de\/pressemodul\/pressemitteilungen\/september\/conny-buenger-wurde-in-den-ruhestand-verabschiedet\" target=\"_blank\"><img decoding=\"async\" src=\"\/feeds\/gfx\/neu-isenburg.de.png\" style=\"align:left !important; float:left !important; margin-top:4px !important; margin-right:8px !important; margin-bottom:4px !important; width:90px !important;\" \/><\/a>    Langj&auml;hrige Leiterin Conny B&uuml;nger wurde in den Ruhestand verabschiedet<br clear=\"all\" \/>   <\/p>\n   <div><span class=\"my_article_details\"><time datetime=\"2026-09-02\">02.09.2026<\/time> &middot; <a href=\"\/news\/neu-isenburg-aktuell\" title=\"Neu-Isenburg heute aktuell\">Neu-Isenburg<\/a> &middot; <a href=\"\/news\/neu-isenburg-nachrichten\" title=\"Neu-Isenburg Nachrichten\">News<\/a> &middot; <\/span><a href=\"http:\/\/www.neu-isenburg.de\/pressemodul\/pressemitteilungen\/september\/conny-buenger-wurde-in-den-ruhestand-verabschiedet\" title=\"Link zum Artikel auf neu-isenburg.de\" target=\"_blank\">neu-isenburg.de<\/a><\/div>\n  <\/div>\n <\/article>\n <\/div>\n <div class=\"post\" style=\"margin-bottom:40px;\">\n <article>\n  <h3><a name=\"adaf5303\" href=\"http:\/\/www.neu-isenburg.de\/pressemodul\/pressemitteilungen\/september\/nachruf-josef-richter\" style=\"color:#333333;\" target=\"_blank\">Neu-Isenburg: Nachruf Stadtrat Josef Richter<\/a><\/h3>\n  <div class=\"entry\">\n   <p style=\"margin-bottom:4px;\">\n   <a href=\"http:\/\/www.neu-isenburg.de\/pressemodul\/pressemitteilungen\/september\/nachruf-josef-richter\" target=\"_blank\"><img decoding=\"async\" src=\"\/feeds\/gfx\/neu-isenburg.de.png\" style=\"align:left !important; float:left !important; margin-top:4px !important; margin-right:8px !important; margin-bottom:4px !important; width:90px !important;\" \/><\/a>    Ehemaliger ehrenamtlicher Stadtrat Josef Richter ist am 11. August im Alter von 96 Jahren verstorben<br clear=\"all\" \/>   <\/p>\n   <div><span class=\"my_article_details\"><time datetime=\"2026-09-02\">02.09.2026<\/time> &middot; <a href=\"\/news\/neu-isenburg-aktuell\" title=\"Neu-Isenburg heute aktuell\">Neu-Isenburg<\/a> &middot; <a href=\"\/news\/neu-isenburg-nachrichten\" title=\"Neu-Isenburg Nachrichten\">News<\/a> &middot; <\/span><a href=\"http:\/\/www.neu-isenburg.de\/pressemodul\/pressemitteilungen\/september\/nachruf-josef-richter\" title=\"Link zum Artikel auf neu-isenburg.de\" target=\"_blank\">neu-isenburg.de<\/a><\/div>\n  <\/div>\n <\/article>\n <\/div>\n <div class=\"post\" style=\"margin-bottom:40px;\">\n <article>\n  <h3><a name=\"b2bc5ac2\" href=\"https:\/\/www.evo-ag.de\/presse\/pressemitteilungen\/details\/verstaerkung-fuer-das-evo-team\" style=\"color:#333333;\" target=\"_blank\">Verst\u00e4rkung f\u00fcr das EVO-Team<\/a><\/h3>\n  <div class=\"entry\">\n   <p style=\"margin-bottom:4px;\">\n   <a href=\"https:\/\/www.evo-ag.de\/presse\/pressemitteilungen\/details\/verstaerkung-fuer-das-evo-team\" target=\"_blank\"><img decoding=\"async\" src=\"\/feeds\/gfx\/evo-ag.de.png\" style=\"align:left !important; float:left !important; margin-top:4px !important; margin-right:8px !important; margin-bottom:4px !important; width:90px !important;\" \/><\/a>    OFFENBACH, 02. September 2026. Elf junge Menschen haben am gestrigen Dienstag ihre Ausbildung bei der Energieversorgung Offenbach AG (EVO) begonnen. Technikvorst\u00e4ndin Dr. Catharina Friedrich hie\u00df die neuen Kolleginnen und Kollegen auf dem Offenbac ...<br clear=\"all\" \/>   <\/p>\n   <div><span class=\"my_article_details\"><time datetime=\"2026-09-02\">02.09.2026<\/time> &middot; Energie &middot; <a href=\"\/news\/offenbach-aktuell\" title=\"Offenbach heute aktuell\">Offenbach<\/a> &middot; <\/span><a href=\"https:\/\/www.evo-ag.de\/presse\/pressemitteilungen\/details\/verstaerkung-fuer-das-evo-team\" title=\"Link zum Artikel auf evo-ag.de\" target=\"_blank\">evo-ag.de<\/a><\/div>\n  <\/div>\n <\/article>\n <\/div>\n <div class=\"post\" style=\"margin-bottom:40px;\">\n <article>\n  <h3><a name=\"11e8c9ed\" href=\"https:\/\/www.verbraucherzentrale-hessen.de\/pressemitteilungen\/beratung-zu-energieschulden-und-sperren-in-wiesbaden-125558\" style=\"color:#333333;\" target=\"_blank\">Verbraucherzentrale: Beratung zu Energieschulden und -sperren in Wiesbaden<\/a><\/h3>\n  <div class=\"entry\">\n   <p style=\"margin-bottom:4px;\">\n   <a href=\"https:\/\/www.verbraucherzentrale-hessen.de\/pressemitteilungen\/beratung-zu-energieschulden-und-sperren-in-wiesbaden-125558\" target=\"_blank\"><img decoding=\"async\" src=\"\/feeds\/gfx\/verbraucherzentrale-hessen.de.png\" style=\"align:left !important; float:left !important; margin-top:4px !important; margin-right:8px !important; margin-bottom:4px !important; width:90px !important;\" \/><\/a>    Verbraucherzentrale Hessen startet kostenlose Beratung vor Ort<br clear=\"all\" \/>   <\/p>\n   <div><span class=\"my_article_details\"><time datetime=\"2026-09-02\">02.09.2026<\/time> &middot; Hessen &middot; <\/span><a href=\"https:\/\/www.verbraucherzentrale-hessen.de\/pressemitteilungen\/beratung-zu-energieschulden-und-sperren-in-wiesbaden-125558\" title=\"Link zum Artikel auf verbraucherzentrale-hessen.de\" target=\"_blank\">verbraucherzentrale-hessen.de<\/a><\/div>\n  <\/div>\n <\/article>\n <\/div>\n <div class=\"post\" style=\"margin-bottom:40px;\">\n <article>\n  <h3><a name=\"fa51cc79\" href=\"https:\/\/www.op-online.de\/region\/neu-isenburg\/feuerwehr-neu-isenburg-besucherin-scheitert-an-akku-schere-94470457.html\" style=\"color:#333333;\" target=\"_blank\">Feuerwehr, THW und Co. zeigen, was hinter der Hilfeleistung steckt<\/a><\/h3>\n  <div class=\"entry\">\n   <p style=\"margin-bottom:4px;\">\n   <a href=\"https:\/\/www.op-online.de\/region\/neu-isenburg\/feuerwehr-neu-isenburg-besucherin-scheitert-an-akku-schere-94470457.html\" target=\"_blank\"><img decoding=\"async\" src=\"https:\/\/www.op-online.de\/assets\/images\/43\/919\/43919554-neu-isenburg-tag-der-offenen-tuer-der-hilfsorganisationen-brandeinsatzuebung-der-jugendfeuerwehr-mit-zwei-rohren-wurde-die-gartenhuette-geloescht-eine-1ef.jpg\" style=\"align:left !important; float:left !important; margin-top:4px !important; margin-right:8px !important; margin-bottom:4px !important; width:90px !important;\" \/><\/a>    Bei ihrem Tag der offenen T&uuml;r pr&auml;sentieren die Neu-Isenburger Hilfsdienste das Material und das Engagement, das f&uuml;r ihre Eins&auml;tze ben&ouml;tigt wird.<br clear=\"all\" \/>   <\/p>\n   <div><span class=\"my_article_details\"><time datetime=\"2026-09-02\">02.09.2026<\/time> &middot; <a href=\"\/news\/braende-offenbach-am-main\" title=\"Br\u00e4nde Offenbach am Main\">Feuerwehr<\/a> &middot; <a href=\"\/news\/neu-isenburg-aktuell\" title=\"Neu-Isenburg heute aktuell\">Neu-Isenburg<\/a> &middot; <a href=\"\/news\/neu-isenburg-nachrichten\" title=\"Neu-Isenburg Nachrichten\">News<\/a> &middot; <\/span><a href=\"https:\/\/www.op-online.de\/region\/neu-isenburg\/feuerwehr-neu-isenburg-besucherin-scheitert-an-akku-schere-94470457.html\" title=\"Link zum Artikel auf op-online.de\" target=\"_blank\">op-online.de<\/a><\/div>\n  <\/div>\n <\/article>\n <\/div>\n <div class=\"post\" style=\"margin-bottom:40px;\">\n <article>\n  <h3><a name=\"10bed240\" href=\"https:\/\/www.hessenschau.de\/politik\/besoldung-beamte-in-hessen-bekommen-knapp-sechs-prozent-mehr-geld-v1,beamtenbesoldung-hessen-100.html\" style=\"color:#333333;\" target=\"_blank\">Besoldung: Beamte in Hessen bekommen knapp sechs Prozent mehr Geld<\/a><\/h3>\n  <div class=\"entry\">\n   <p style=\"margin-bottom:4px;\">\n   <a href=\"https:\/\/www.hessenschau.de\/politik\/besoldung-beamte-in-hessen-bekommen-knapp-sechs-prozent-mehr-geld-v1,beamtenbesoldung-hessen-100.html\" target=\"_blank\"><img decoding=\"async\" src=\"https:\/\/www.hessenschau.de\/politik\/beamte-arbeit-100~_t-1788325954465_v-16to9.jpg\" style=\"align:left !important; float:left !important; margin-top:4px !important; margin-right:8px !important; margin-bottom:4px !important; width:90px !important;\" \/><\/a>    Hessische Beamte und Pension&auml;re bekommen mehr Geld. Das beschloss der Landtag mit den Stimmen der schwarz-roten Regierung. Die Opposition sieht besonders ein verankertes Familieneink&uuml;nftemodell als rechtlich bedenklich. ...<br clear=\"all\" \/>   <\/p>\n   <div><span class=\"my_article_details\"><time datetime=\"2026-09-01\">01.09.2026<\/time> &middot; Hessen &middot; Landtag &middot; <\/span><a href=\"https:\/\/www.hessenschau.de\/politik\/besoldung-beamte-in-hessen-bekommen-knapp-sechs-prozent-mehr-geld-v1,beamtenbesoldung-hessen-100.html\" title=\"Link zum Artikel auf hessenschau.de\" target=\"_blank\">hessenschau.de<\/a><\/div>\n  <\/div>\n <\/article>\n <\/div>\n <div class=\"post\" style=\"margin-bottom:40px;\">\n <article>\n  <h3><a name=\"b1e8f84c\" href=\"https:\/\/hugenotten-hartgesotten.de\/2026\/09\/01\/35-ftv-jugendpokal\/\" style=\"color:#333333;\" target=\"_blank\">Fechten: 35. FTV-Jugendpokal<\/a><\/h3>\n  <div class=\"entry\">\n   <p style=\"margin-bottom:4px;\">\n   <a href=\"https:\/\/hugenotten-hartgesotten.de\/2026\/09\/01\/35-ftv-jugendpokal\/\" target=\"_blank\"><img decoding=\"async\" src=\"\/feeds\/gfx\/hugenotten-hartgesotten.de.png\" style=\"align:left !important; float:left !important; margin-top:4px !important; margin-right:8px !important; margin-bottom:4px !important; width:90px !important;\" \/><\/a>    Arne Gerhards und Diego Konrad gingen am vergangenen Wochenende in Frankfurt bei dem Turnier um den FTV-Jugendpokal in den Disziplinen Florett U17 und U20 an den Start. Ausgerichtet wurde das Turnier von der Fechtabteilung des Frankfurter Turnvereins 1860, ...<br clear=\"all\" \/>   <\/p>\n   <div><span class=\"my_article_details\"><time datetime=\"2026-09-01\">01.09.2026<\/time> &middot; <a href=\"\/news\/neu-isenburg-aktuell\" title=\"Neu-Isenburg heute aktuell\">Neu-Isenburg<\/a> &middot; <a href=\"\/news\/neu-isenburg-nachrichten\" title=\"Neu-Isenburg Nachrichten\">News<\/a> &middot; <\/span><a href=\"https:\/\/hugenotten-hartgesotten.de\/2026\/09\/01\/35-ftv-jugendpokal\/\" title=\"Link zum Artikel auf hugenotten-hartgesotten.de\" target=\"_blank\">hugenotten-hartgesotten.de<\/a><\/div>\n  <\/div>\n <\/article>\n <\/div>\n <div class=\"post\" style=\"margin-bottom:40px;\">\n <article>\n  <h3><a name=\"c363c9dd\" href=\"https:\/\/www.hessenschau.de\/gesellschaft\/hebamme-in-offenbach-wie-ein-mann-im-kreisssaal-seine-berufung-fand-v1,maennliche-hebamme-100.html\" style=\"color:#333333;\" target=\"_blank\">Hebamme in Offenbach: Wie ein Mann im Krei\u00dfsaal seine Berufung fand<\/a><\/h3>\n  <div class=\"entry\">\n   <p style=\"margin-bottom:4px;\">\n   <a href=\"https:\/\/www.hessenschau.de\/gesellschaft\/hebamme-in-offenbach-wie-ein-mann-im-kreisssaal-seine-berufung-fand-v1,maennliche-hebamme-100.html\" target=\"_blank\"><img decoding=\"async\" src=\"https:\/\/www.hessenschau.de\/panorama\/maennliche-hebamme-102~_t-1788282898293_v-16to9.jpg\" style=\"align:left !important; float:left !important; margin-top:4px !important; margin-right:8px !important; margin-bottom:4px !important; width:90px !important;\" \/><\/a>    Roman Linares-Ebert hat in seinem Leben schon einige Berufe ausprobiert. Als Hebamme im Sana-Klinikum Offenbach hat er seine Berufung gefunden. Hier erz&auml;hlt er, wie er bei Patientinnen ankommt \u2013 und was er anderen M&auml;nnern mitgeben m&ouml;chte. ...<br clear=\"all\" \/>   <\/p>\n   <div><span class=\"my_article_details\"><time datetime=\"2026-09-01\">01.09.2026<\/time> &middot; <a href=\"\/news\/sana-klinikum-offenbach\" title=\"Sana Klinikum Offenbach\">Klinik<\/a> &middot; <a href=\"\/news\/offenbach-aktuell\" title=\"Offenbach heute aktuell\">Offenbach<\/a> &middot; <\/span><a href=\"https:\/\/www.hessenschau.de\/gesellschaft\/hebamme-in-offenbach-wie-ein-mann-im-kreisssaal-seine-berufung-fand-v1,maennliche-hebamme-100.html\" title=\"Link zum Artikel auf hessenschau.de\" target=\"_blank\">hessenschau.de<\/a><\/div>\n  <\/div>\n <\/article>\n <\/div>\n <div class=\"post\" style=\"margin-bottom:40px;\">\n <article>\n  <h3><a name=\"ec7128bc\" href=\"https:\/\/www.hessenschau.de\/wirtschaft\/sanktionen-wegen-iran-verbindung-hilton-hotel-gravenbruch-nimmt-keine-gaeste-mehr-auf-v2,hilton-gravenbruch-102.html\" style=\"color:#333333;\" target=\"_blank\">Sanktionen wegen Iran-Verbindung: Hilton-Hotel Gravenbruch nimmt keine G\u00e4ste mehr auf<\/a><\/h3>\n  <div class=\"entry\">\n   <p style=\"margin-bottom:4px;\">\n   <a href=\"https:\/\/www.hessenschau.de\/wirtschaft\/sanktionen-wegen-iran-verbindung-hilton-hotel-gravenbruch-nimmt-keine-gaeste-mehr-auf-v2,hilton-gravenbruch-102.html\" target=\"_blank\"><img decoding=\"async\" src=\"https:\/\/www.hessenschau.de\/wirtschaft\/hilton-gravenbruch-100~_t-1786639246215_v-16to9.jpg\" style=\"align:left !important; float:left !important; margin-top:4px !important; margin-right:8px !important; margin-bottom:4px !important; width:90px !important;\" \/><\/a>    Das Luxus-Hotel in Neu-Isenburg schlie&szlig;t bis auf Weiteres f&uuml;r G&auml;ste und geht in einen &quot;Notbetrieb&quot;. Das ist die Folge von EU-Sanktionen aufgrund wirtschaftlicher Verbindungen zum umstrittenen iranischen Gesch&auml;ftsmann Ali Ansari. ...<br clear=\"all\" \/>   <\/p>\n   <div><span class=\"my_article_details\"><time datetime=\"2026-09-01\">01.09.2026<\/time> &middot; Gravenbruch &middot; <a href=\"\/news\/neu-isenburg-aktuell\" title=\"Neu-Isenburg heute aktuell\">Neu-Isenburg<\/a> &middot; <a href=\"\/news\/neu-isenburg-nachrichten\" title=\"Neu-Isenburg Nachrichten\">News<\/a> &middot; <\/span><a href=\"https:\/\/www.hessenschau.de\/wirtschaft\/sanktionen-wegen-iran-verbindung-hilton-hotel-gravenbruch-nimmt-keine-gaeste-mehr-auf-v2,hilton-gravenbruch-102.html\" title=\"Link zum Artikel auf hessenschau.de\" target=\"_blank\">hessenschau.de<\/a><\/div>\n  <\/div>\n <\/article>\n <\/div>\n <div class=\"post\" style=\"margin-bottom:40px;\">\n <article>\n  <h3><a name=\"12178d57\" href=\"https:\/\/of-news.de\/dreieich\/rund-500-gaeste-auf-dem-sommerfest-tierheim-dreieich-informiert-ueber-regionale-tierschutzarbeit-170055\/\" style=\"color:#333333;\" target=\"_blank\">Rund 500 G\u00e4ste auf dem Sommerfest: Tierheim Dreieich informiert \u00fcber regionale Tierschutzarbeit<\/a><\/h3>\n  <div class=\"entry\">\n   <p style=\"margin-bottom:4px;\">\n   <a href=\"https:\/\/of-news.de\/dreieich\/rund-500-gaeste-auf-dem-sommerfest-tierheim-dreieich-informiert-ueber-regionale-tierschutzarbeit-170055\/\" target=\"_blank\"><img decoding=\"async\" src=\"\/feeds\/gfx\/of-news.de.png\" style=\"align:left !important; float:left !important; margin-top:4px !important; margin-right:8px !important; margin-bottom:4px !important; width:90px !important;\" \/><\/a>    Das Tierheim in Dreieich hat am vergangenen Sonntag sein diesj&auml;hriges Sommerfest veranstaltet. Rund 500 Besucherinnen und Besucher nutzten nach Angaben der Organisatoren die Gelegenheit, sich vor Ort &uuml;ber die Belange des regionalen Tierschutzes zu informieren ...<br clear=\"all\" \/>   <\/p>\n   <div><span class=\"my_article_details\"><time datetime=\"2026-09-01\">01.09.2026<\/time> &middot; <a href=\"\/news\/braende-offenbach-am-main\" title=\"Br\u00e4nde Offenbach am Main\">Brand<\/a> &middot; <a href=\"\/news\/neu-isenburg-aktuell\" title=\"Neu-Isenburg heute aktuell\">Neu-Isenburg<\/a> &middot; <a href=\"\/news\/neu-isenburg-nachrichten\" title=\"Neu-Isenburg Nachrichten\">News<\/a> &middot; <\/span><a href=\"https:\/\/of-news.de\/dreieich\/rund-500-gaeste-auf-dem-sommerfest-tierheim-dreieich-informiert-ueber-regionale-tierschutzarbeit-170055\/\" title=\"Link zum Artikel auf of-news.de\" target=\"_blank\">of-news.de<\/a><\/div>\n  <\/div>\n <\/article>\n <\/div>\n <div class=\"post\" style=\"margin-bottom:40px;\">\n <article>\n  <h3><a name=\"ac60f4e9\" href=\"https:\/\/www.rheinmainverlag.de\/2026\/09\/01\/zwei-verletzte-und-hoher-sachschaden-bei-zusammenstoss-zweier-autos-bei-neu-isenburg\/\" style=\"color:#333333;\" target=\"_blank\">Zwei Verletzte und hoher Sachschaden bei Zusammensto\u00df zweier Autos bei Neu-Isenburg<\/a><\/h3>\n  <div class=\"entry\">\n   <p style=\"margin-bottom:4px;\">\n   <a href=\"https:\/\/www.rheinmainverlag.de\/2026\/09\/01\/zwei-verletzte-und-hoher-sachschaden-bei-zusammenstoss-zweier-autos-bei-neu-isenburg\/\" target=\"_blank\"><img decoding=\"async\" src=\"\/feeds\/gfx\/rheinmainverlag.de.png\" style=\"align:left !important; float:left !important; margin-top:4px !important; margin-right:8px !important; margin-bottom:4px !important; width:90px !important;\" \/><\/a>    Ein schwer verletzter Autofahrer, ein Leichtverletzter und hoher Sachschaden sind die Bilanz eines Verkehrsunfalls, der sich am Sonntagnachmittag auf der Bundesstra&szlig;e 459 zwischen Neu-Isenburg und Dietzenbach ereignet hat. Nach bisherigen Erkenntnissen der ...<br clear=\"all\" \/>   <\/p>\n   <div><span class=\"my_article_details\"><time datetime=\"2026-09-01\">01.09.2026<\/time> &middot; <a href=\"\/news\/neu-isenburg-aktuell\" title=\"Neu-Isenburg heute aktuell\">Neu-Isenburg<\/a> &middot; <a href=\"\/news\/neu-isenburg-nachrichten\" title=\"Neu-Isenburg Nachrichten\">News<\/a> &middot; <a href=\"\/news\/neu-isenburg-polizeimeldungen\" title=\"Polizeieins\u00e4tze Neu-Isenburg\">Polizei<\/a> &middot; <a href=\"\/news\/unfaelle-offenbach-am-main\" title=\"Unf\u00e4lle Offenbach am Main\">Unfall<\/a> &middot; <\/span><a href=\"https:\/\/www.rheinmainverlag.de\/2026\/09\/01\/zwei-verletzte-und-hoher-sachschaden-bei-zusammenstoss-zweier-autos-bei-neu-isenburg\/\" title=\"Link zum Artikel auf rheinmainverlag.de\" target=\"_blank\">rheinmainverlag.de<\/a><\/div>\n  <\/div>\n <\/article>\n <\/div>\n <div class=\"post\" style=\"margin-bottom:40px;\">\n <article>\n  <h3><a name=\"1c611ff2\" href=\"https:\/\/www.op-online.de\/region\/langen\/drk-baut-rettungswache-in-langen-fuer-rund-millionen-euro-um-94468603.html\" style=\"color:#333333;\" target=\"_blank\">DRK rei\u00dft Rettungswache in Langen ab \u2013 3-Millionen-Neubau soll bis 2028 fertig sein<\/a><\/h3>\n  <div class=\"entry\">\n   <p style=\"margin-bottom:4px;\">\n   <a href=\"https:\/\/www.op-online.de\/region\/langen\/drk-baut-rettungswache-in-langen-fuer-rund-millionen-euro-um-94468603.html\" target=\"_blank\"><img decoding=\"async\" src=\"https:\/\/www.op-online.de\/assets\/images\/43\/906\/43906226-die-rettungswagen-halle-an-der-asklepios-klinik-in-der-roentgenstrasse-ist-in-die-jahre-gekommen-das-drk-plant-das-gebaeude-abzureissen-und-bis-2028-3uef.jpg\" style=\"align:left !important; float:left !important; margin-top:4px !important; margin-right:8px !important; margin-bottom:4px !important; width:90px !important;\" \/><\/a>    Das 1999 errichtete Geb&auml;ude an der Asklepios-Klinik in Langen (Kreis Offenbach) wird ab Januar 2027 abgerissen und neu gebaut.<br clear=\"all\" \/>   <\/p>\n   <div><span class=\"my_article_details\"><time datetime=\"2026-09-01\">01.09.2026<\/time> &middot; <a href=\"\/news\/sana-klinikum-offenbach\" title=\"Sana Klinikum Offenbach\">Klinik<\/a> &middot; <a href=\"\/news\/offenbach-aktuell\" title=\"Offenbach heute aktuell\">Offenbach<\/a> &middot; <\/span><a href=\"https:\/\/www.op-online.de\/region\/langen\/drk-baut-rettungswache-in-langen-fuer-rund-millionen-euro-um-94468603.html\" title=\"Link zum Artikel auf op-online.de\" target=\"_blank\">op-online.de<\/a><\/div>\n  <\/div>\n <\/article>\n <\/div>\n <div class=\"post\" style=\"margin-bottom:40px;\">\n <article>\n  <h3><a name=\"3b5a3945\" href=\"https:\/\/www.egelsbach.de\/rathaus-politik\/aktuelles\/neuigkeiten-der-gemeinde\/2026\/september\/vermessungsfluege-3-bis-6-september\/\" style=\"color:#333333;\" target=\"_blank\">Egelsbach: Weitere Vermessungsfl\u00fcge am Flughafen Frankfurt<\/a><\/h3>\n  <div class=\"entry\">\n   <p style=\"margin-bottom:4px;\">\n   <a href=\"https:\/\/www.egelsbach.de\/rathaus-politik\/aktuelles\/neuigkeiten-der-gemeinde\/2026\/september\/vermessungsfluege-3-bis-6-september\/\" target=\"_blank\"><img decoding=\"async\" src=\"\/feeds\/gfx\/egelsbach.de.png\" style=\"align:left !important; float:left !important; margin-top:4px !important; margin-right:8px !important; margin-bottom:4px !important; width:90px !important;\" \/><\/a>    Vom 3. bis voraussichtlich 6. September 2026 wird das (ILS) Instrumentenlandesystem der S\u00fcdbahn des Frankfurter Flughafens vermessen. Ein speziell hierf\u00fcr ausger\u00fcstetes Messflugzeug \u00fcberpr\u00fcft dabei die Pr\u00e4zision der Signale, die f\u00fcr sichere Landungen erforderlich ...<br clear=\"all\" \/>   <\/p>\n   <div><span class=\"my_article_details\"><time datetime=\"2026-09-01\">01.09.2026<\/time> &middot; <a href=\"\/news\/fluglaerm-offenbach-am-main\" title=\"Flugl\u00e4rm Offenbach am Main\">Flughafen<\/a> &middot; Frankfurt &middot; <\/span><a href=\"https:\/\/www.egelsbach.de\/rathaus-politik\/aktuelles\/neuigkeiten-der-gemeinde\/2026\/september\/vermessungsfluege-3-bis-6-september\/\" title=\"Link zum Artikel auf egelsbach.de\" target=\"_blank\">egelsbach.de<\/a><\/div>\n  <\/div>\n <\/article>\n <\/div>\n <div class=\"post\" style=\"margin-bottom:40px;\">\n <article>\n  <h3><a name=\"cbd0529f\" href=\"https:\/\/www.kreis-offenbach.de\/Service\/Medienservice\/Aktuelle-Pressemitteilungen\/Pflegekurs-vermittelt-Wissen-f%C3%BCr-den-Alltag.php?object=tx,4013.5.1&ModID=7&FID=4013.3633.1&NavID=4013.211\" style=\"color:#333333;\" target=\"_blank\">Pflegekurs vermittelt Wissen f\u00fcr den Alltag<\/a><\/h3>\n  <div class=\"entry\">\n   <p style=\"margin-bottom:4px;\">\n   <a href=\"https:\/\/www.kreis-offenbach.de\/Service\/Medienservice\/Aktuelle-Pressemitteilungen\/Pflegekurs-vermittelt-Wissen-f%C3%BCr-den-Alltag.php?object=tx,4013.5.1&ModID=7&FID=4013.3633.1&NavID=4013.211\" target=\"_blank\"><img decoding=\"async\" src=\"\/feeds\/gfx\/kreis-offenbach.de.png\" style=\"align:left !important; float:left !important; margin-top:4px !important; margin-right:8px !important; margin-bottom:4px !important; width:90px !important;\" \/><\/a>    Wer einen nahestehenden Menschen zu Hause pflegt, \u00fcbernimmt viel Verantwortung. Gerade im Alltag entstehen dabei Situationen, auf die Angeh\u00f6rige nicht immer  ...<br clear=\"all\" \/>   <\/p>\n   <div><span class=\"my_article_details\"><time datetime=\"2026-09-01\">01.09.2026<\/time> &middot; <a href=\"\/news\/polizeieinsaetze-offenbach-am-main\" title=\"Polizeieins\u00e4tze Offenbach am Main\">Kreis Offenbach<\/a> &middot; <\/span><a href=\"https:\/\/www.kreis-offenbach.de\/Service\/Medienservice\/Aktuelle-Pressemitteilungen\/Pflegekurs-vermittelt-Wissen-f%C3%BCr-den-Alltag.php?object=tx,4013.5.1&ModID=7&FID=4013.3633.1&NavID=4013.211\" title=\"Link zum Artikel auf kreis-offenbach.de\" target=\"_blank\">kreis-offenbach.de<\/a><\/div>\n  <\/div>\n <\/article>\n <\/div>\n <div class=\"post\" style=\"margin-bottom:40px;\">\n <article>\n  <h3><a name=\"2f151187\" href=\"https:\/\/www.op-online.de\/region\/neu-isenburg\/86-jaehriger-trainiert-hapkido-fuer-den-schwarzen-guertel-94468507.html\" style=\"color:#333333;\" target=\"_blank\">Dreimal die Woche auf der Matte: 86-J\u00e4hriger trainiert Hapkido f\u00fcr den schwarzen G\u00fcrtel<\/a><\/h3>\n  <div class=\"entry\">\n   <p style=\"margin-bottom:4px;\">\n   <a href=\"https:\/\/www.op-online.de\/region\/neu-isenburg\/86-jaehriger-trainiert-hapkido-fuer-den-schwarzen-guertel-94468507.html\" target=\"_blank\"><img decoding=\"async\" src=\"https:\/\/www.op-online.de\/assets\/images\/43\/886\/43886029-wolfgang-kleinschmidt-ist-86-jahre-und-will-den-schwarzen-gurt-im-hapkido-erreichen-2opA7P1RRnef.jpg\" style=\"align:left !important; float:left !important; margin-top:4px !important; margin-right:8px !important; margin-bottom:4px !important; width:90px !important;\" \/><\/a>    Wolfgang Kleinschmidt aus Neu-Isenburg arbeitet mit 86 Jahren auf seine Meisterpr&uuml;fung hin. Seit 2019 hat er zehn Pr&uuml;fungen absolviert \u2013 alle mit \u201esehr gut&quot;.<br clear=\"all\" \/>   <\/p>\n   <div><span class=\"my_article_details\"><time datetime=\"2026-09-01\">01.09.2026<\/time> &middot; <a href=\"\/news\/neu-isenburg-aktuell\" title=\"Neu-Isenburg heute aktuell\">Neu-Isenburg<\/a> &middot; <a href=\"\/news\/neu-isenburg-nachrichten\" title=\"Neu-Isenburg Nachrichten\">News<\/a> &middot; <\/span><a href=\"https:\/\/www.op-online.de\/region\/neu-isenburg\/86-jaehriger-trainiert-hapkido-fuer-den-schwarzen-guertel-94468507.html\" title=\"Link zum Artikel auf op-online.de\" target=\"_blank\">op-online.de<\/a><\/div>\n  <\/div>\n <\/article>\n <\/div>\n <div class=\"post\" style=\"margin-bottom:40px;\">\n <article>\n  <h3><a name=\"28ec95c6\" href=\"https:\/\/www.1730live.de\/2026\/08\/31\/luftverkehrsforum-des-unternehmerverbandes\/\" style=\"color:#333333;\" target=\"_blank\">Luftverkehrsforum des Unternehmerverbandes<\/a><\/h3>\n  <div class=\"entry\">\n   <p style=\"margin-bottom:4px;\">\n   <a href=\"https:\/\/www.1730live.de\/2026\/08\/31\/luftverkehrsforum-des-unternehmerverbandes\/\" target=\"_blank\"><img decoding=\"async\" src=\"\/feeds\/gfx\/1730live.de.png\" style=\"align:left !important; float:left !important; margin-top:4px !important; margin-right:8px !important; margin-bottom:4px !important; width:90px !important;\" \/><\/a>    Die deutsche Luftfahrt steckt weiterhin in der Krise. Der R&uuml;ckstand der Branche auf den Rest Europas ist so gro&szlig; wie nie seit Ende der Corona -Pandemie. W&auml;hrend viele Fluglinien und Flugh&auml;fen im europ&auml;ischen Ausland l&auml;ngst wieder so stark ausgelastet sind wie ...<br clear=\"all\" \/>   <\/p>\n   <div><span class=\"my_article_details\"><time datetime=\"2026-08-31\">31.08.2026<\/time> &middot; <a href=\"\/news\/fluglaerm-offenbach-am-main\" title=\"Flugl\u00e4rm Offenbach am Main\">Flughafen<\/a> &middot; Frankfurt &middot; <\/span><a href=\"https:\/\/www.1730live.de\/2026\/08\/31\/luftverkehrsforum-des-unternehmerverbandes\/\" title=\"Link zum Artikel auf 1730live.de\" target=\"_blank\">1730live.de<\/a><\/div>\n  <\/div>\n <\/article>\n <\/div>\n <b>Mehr <a href=\"\/news\/neu-isenburg-nachrichten#28\" title=\"Neu-Isenburg Nachrichten\">Neu-Isenburg-Nachrichten<\/a> ...<\/b>\n<\/div>\n<br \/>\n\n<div style=\"background-color:#efffef; margin-top:15px; margin-bottom:15px; padding:10px; text-align:left; word-wrap:break-word;\">\n<h2 style=\"margin:0px; margin-bottom:20px;\"><a name=\"polizeimeldungen\"><\/a>Aktuelle Polizeimeldungen f\u00fcr Neu-Isenburg<\/h2>\n <div class=\"post\" style=\"margin-bottom:40px;\">\n <article>\n  <h3><a name=\"e256ef85\" href=\"https:\/\/www.presseportal.de\/blaulicht\/pm\/43561\/6343509\" style=\"color:#000000; font-weight:bold;\" target=\"_blank\">Polizei Offenbach am Main: Pressemeldungen vom 01.09.2026<\/a><\/h3>\n  <div class=\"entry\">\n   <p style=\"margin-bottom:4px;\">   <a href=\"https:\/\/www.presseportal.de\/blaulicht\/pm\/43561\/6343509\" target=\"_blank\"><img decoding=\"async\" src=\"\/feeds\/gfx\/POL-OF.jpg\" style=\"align:left !important; float:left !important; margin-top:4px !important; margin-right:8px !important; margin-bottom:4px !important; width:90px !important;\" \/><\/a>    ... <a href=\"https:\/\/www.presseportal.de\/blaulicht\/pm\/43561\/6343509\" style=\"color:#000000; font-weight:bold;\" target=\"_blank\">5. Fassade und Fenster durch unbekannten Wagenlenker besch\u00e4digt: Wer hat den Unfall beobachtet? - Langen<\/a>   (me) In der Bahnstra\u00dfe (40er-Hausnummern) auf dem Parkplatz einer dortigen Schule kam es zwischen Montag, 22 Uhr und Dienstag, 8 Uhr, zu einer Verkehrsunfallflucht, bei welcher ein Verkehrsteilnehmer einen Schaden von \u00fcber tausend Euro anrichtete. Mutma\u00dflich ...<br clear=\"all\" \/>   <\/p>\n   <div><span class=\"my_article_details\"><time datetime=\"2026-09-01\">01.09.2026<\/time> &middot; <a href=\"\/news\/neu-isenburg-aktuell\" title=\"Neu-Isenburg heute aktuell\">Neu-Isenburg<\/a> &middot; <a href=\"\/news\/neu-isenburg-polizeimeldungen\" title=\"Polizeieins\u00e4tze Neu-Isenburg\">Polizei<\/a> &middot; <a href=\"\/news\/unfaelle-offenbach-am-main\" title=\"Unf\u00e4lle Offenbach am Main\">Unfall<\/a> &middot; <\/span><a href=\"https:\/\/www.presseportal.de\/blaulicht\/pm\/43561\/6343509\" title=\"Link zum Artikel auf presseportal.de\" target=\"_blank\">presseportal.de<\/a><\/div>  <\/div>\n <\/article>\n <\/div>\n <div class=\"post\" style=\"margin-bottom:40px;\">\n <article>\n  <h3><a name=\"22c8a8db\" href=\"https:\/\/www.presseportal.de\/blaulicht\/pm\/43561\/6342886\" style=\"color:#000000; font-weight:bold;\" target=\"_blank\">Polizei Offenbach am Main: Pressemeldungen vom 31.08.2026<\/a><\/h3>\n  <div class=\"entry\">\n   <p style=\"margin-bottom:4px;\">   <a href=\"https:\/\/www.presseportal.de\/blaulicht\/pm\/43561\/6342886\" target=\"_blank\"><img decoding=\"async\" src=\"\/feeds\/gfx\/POL-OF.jpg\" style=\"align:left !important; float:left !important; margin-top:4px !important; margin-right:8px !important; margin-bottom:4px !important; width:90px !important;\" \/><\/a>    ... <a href=\"https:\/\/www.presseportal.de\/blaulicht\/pm\/43561\/6342886\" style=\"color:#000000; font-weight:bold;\" target=\"_blank\">3. 24-J\u00e4hriger soll mehrfach Hitlergru\u00df gezeigt haben: Ermittlungen eingeleitet - Neu-Isenburg<\/a>   (cb) Nachdem ein 25 Jahre alter Mann aus Offenbach am Samstag mehrfach den Hitlergru\u00df gezeigt haben soll, haben die Beamten der Staatsschutzabteilung die Ermittlungen wegen des Verdachts des Verwendens von Kennzeichen verfassungswidriger Organisationen eingeleitet. ...<br clear=\"all\" \/><\/p><p style=\"margin-top:8px; margin-bottom:4px;\"><a href=\"https:\/\/www.presseportal.de\/blaulicht\/pm\/43561\/6342886\" target=\"_blank\"><img decoding=\"async\" src=\"\/feeds\/gfx\/POL-OF.jpg\" style=\"align:left !important; float:left !important; margin-top:4px !important; margin-right:8px !important; margin-bottom:4px !important; width:90px !important;\" \/><\/a> ... <a href=\"https:\/\/www.presseportal.de\/blaulicht\/pm\/43561\/6342886\" style=\"color:#000000; font-weight:bold;\" target=\"_blank\">4. Mercedes Vito zerkratzt: Zeugensuche! - Dreieich<\/a>   (fg) Unbekannte haben zwischen Freitagabend, 19.30 Uhr und Samstagnachmittag, 16 Uhr, einen in der Stra\u00dfe \"Im Weibelfeld\" (einstellige Hausnummern) in Sprendlingen abgestellten Mercedes Vito zerkratzt und hierdurch einen Schaden von mehreren tausend Euro ...<br clear=\"all\" \/>   <\/p>\n   <div><span class=\"my_article_details\"><time datetime=\"2026-08-31\">31.08.2026<\/time> &middot; <a href=\"\/news\/neu-isenburg-aktuell\" title=\"Neu-Isenburg heute aktuell\">Neu-Isenburg<\/a> &middot; <a href=\"\/news\/neu-isenburg-polizeimeldungen\" title=\"Polizeieins\u00e4tze Neu-Isenburg\">Polizei<\/a> &middot; <\/span><a href=\"https:\/\/www.presseportal.de\/blaulicht\/pm\/43561\/6342886\" title=\"Link zum Artikel auf presseportal.de\" target=\"_blank\">presseportal.de<\/a><\/div>  <\/div>\n <\/article>\n <\/div>\n <div class=\"post\" style=\"margin-bottom:40px;\">\n <article>\n  <h3><a name=\"dab11ac5\" href=\"https:\/\/www.presseportal.de\/blaulicht\/pm\/43561\/6341570\" style=\"color:#000000; font-weight:bold;\" target=\"_blank\">Polizei Offenbach am Main: Pressemeldungen vom 28.08.2026<\/a><\/h3>\n  <div class=\"entry\">\n   <p style=\"margin-bottom:4px;\">   <a href=\"https:\/\/www.presseportal.de\/blaulicht\/pm\/43561\/6341570\" target=\"_blank\"><img decoding=\"async\" src=\"\/feeds\/gfx\/POL-OF.jpg\" style=\"align:left !important; float:left !important; margin-top:4px !important; margin-right:8px !important; margin-bottom:4px !important; width:90px !important;\" \/><\/a>    ... <a href=\"https:\/\/www.presseportal.de\/blaulicht\/pm\/43561\/6341570\" style=\"color:#000000; font-weight:bold;\" target=\"_blank\">3. BMW aufgebockt und Komplettr\u00e4der gestohlen: Zeugen gesucht! - Neu-Isenburg \/ Frankfurt am Main<\/a>   (cb) Diebe haben am Donnerstag in der Darmst\u00e4dter Landstra\u00dfe (730er-Nummern) einen BMW auf vier Holzbl\u00f6cke aufgebockt und anschlie\u00dfend alle R\u00e4der des wei\u00dfen Wagens abmontiert sowie gestohlen. Die Tat ereignete sich zwischen 12 Uhr und 19 Uhr. Der hierdurch ...<br clear=\"all\" \/><\/p><p style=\"margin-top:8px; margin-bottom:4px;\"><a href=\"https:\/\/www.presseportal.de\/blaulicht\/pm\/43561\/6341570\" target=\"_blank\"><img decoding=\"async\" src=\"\/feeds\/gfx\/POL-OF.jpg\" style=\"align:left !important; float:left !important; margin-top:4px !important; margin-right:8px !important; margin-bottom:4px !important; width:90px !important;\" \/><\/a> ... <a href=\"https:\/\/www.presseportal.de\/blaulicht\/pm\/43561\/6341570\" style=\"color:#000000; font-weight:bold;\" target=\"_blank\">4. Unbekannte nutzten Gartenstuhl zum Einstieg: Zeugen gesucht! - Neu-Isenburg<\/a>   (fg) Unter Zuhilfenahme eines Gartenstuhls kletterten zwei Unbekannte am Donnerstagnachmittag, zwischen 15 Uhr und 17 Uhr, in der Waldstra\u00dfe (100er-Hausnummern) in die Wohnung eines dortigen Mehrfamilienhauses. Anschlie\u00dfend durchsuchten die beiden Eindringlinge ...<br clear=\"all\" \/><\/p><p style=\"margin-top:8px; margin-bottom:4px;\"><a href=\"https:\/\/www.presseportal.de\/blaulicht\/pm\/43561\/6341570\" target=\"_blank\"><img decoding=\"async\" src=\"\/feeds\/gfx\/POL-OF.jpg\" style=\"align:left !important; float:left !important; margin-top:4px !important; margin-right:8px !important; margin-bottom:4px !important; width:90px !important;\" \/><\/a> ... <a href=\"https:\/\/www.presseportal.de\/blaulicht\/pm\/43561\/6341570\" style=\"color:#000000; font-weight:bold;\" target=\"_blank\">5. Einbrecher erbeuteten Tageseinnahmen: Zeugen gesucht! - Neu-Isenburg<\/a>   (fg) Zwei Unbekannte sind am Donnerstagabend, zwischen 23 Uhr und 23.55 Uhr, in die R\u00e4umlichkeiten einer Gastst\u00e4tte in der Frankfurter Stra\u00dfe (270er-Hausnummern) eingedrungen und entwendeten die Tageseinnahmen. Zuvor hatten sie zwei bodentiefe Terrassent\u00fcren ...<br clear=\"all\" \/>   <\/p>\n   <div><span class=\"my_article_details\"><time datetime=\"2026-08-28\">28.08.2026<\/time> &middot; <a href=\"\/news\/diebstaehle-offenbach-am-main\" title=\"Diebst\u00e4hle Offenbach am Main\">Diebstahl<\/a> &middot; <a href=\"\/news\/einbrueche-offenbach-am-main\" title=\"Einbr\u00fcche Offenbach am Main\">Einbruch<\/a> &middot; <a href=\"\/news\/neu-isenburg-aktuell\" title=\"Neu-Isenburg heute aktuell\">Neu-Isenburg<\/a> &middot; <a href=\"\/news\/neu-isenburg-polizeimeldungen\" title=\"Polizeieins\u00e4tze Neu-Isenburg\">Polizei<\/a> &middot; <\/span><a href=\"https:\/\/www.presseportal.de\/blaulicht\/pm\/43561\/6341570\" title=\"Link zum Artikel auf presseportal.de\" target=\"_blank\">presseportal.de<\/a><\/div>  <\/div>\n <\/article>\n <\/div>\n <div class=\"post\" style=\"margin-bottom:40px;\">\n <article>\n  <h3><a name=\"cc078705\" href=\"https:\/\/www.presseportal.de\/blaulicht\/pm\/43561\/6340896\" style=\"color:#000000; font-weight:bold;\" target=\"_blank\">Polizei Offenbach am Main: Pressemeldungen vom 27.08.2026<\/a><\/h3>\n  <div class=\"entry\">\n   <p style=\"margin-bottom:4px;\">   <a href=\"https:\/\/www.presseportal.de\/blaulicht\/pm\/43561\/6340896\" target=\"_blank\"><img decoding=\"async\" src=\"\/feeds\/gfx\/POL-OF.jpg\" style=\"align:left !important; float:left !important; margin-top:4px !important; margin-right:8px !important; margin-bottom:4px !important; width:90px !important;\" \/><\/a>    ... <a href=\"https:\/\/www.presseportal.de\/blaulicht\/pm\/43561\/6340896\" style=\"color:#000000; font-weight:bold;\" target=\"_blank\">5. Quad gestohlen: Polizei hat Ermittlungen aufgenommen - Neu-Isenburg<\/a>   (me) Ein Dieb hatte es zwischen Dienstag, 8.30 Uhr und Mittwoch, 8.30 Uhr, auf ein auf der Stra\u00dfe stehendes Quad abgesehen und entwendete dieses. Nach den bisherigen Erkenntnissen \u00fcberwand der Unbekannte das Vorh\u00e4ngeschloss, mit welchem das vierr\u00e4drige Gef\u00e4hrt ...<br clear=\"all\" \/>   <\/p>\n   <div><span class=\"my_article_details\"><time datetime=\"2026-08-27\">27.08.2026<\/time> &middot; <a href=\"\/news\/diebstaehle-offenbach-am-main\" title=\"Diebst\u00e4hle Offenbach am Main\">Diebstahl<\/a> &middot; <a href=\"\/news\/neu-isenburg-aktuell\" title=\"Neu-Isenburg heute aktuell\">Neu-Isenburg<\/a> &middot; <a href=\"\/news\/neu-isenburg-polizeimeldungen\" title=\"Polizeieins\u00e4tze Neu-Isenburg\">Polizei<\/a> &middot; <\/span><a href=\"https:\/\/www.presseportal.de\/blaulicht\/pm\/43561\/6340896\" title=\"Link zum Artikel auf presseportal.de\" target=\"_blank\">presseportal.de<\/a><\/div>  <\/div>\n <\/article>\n <\/div>\n <b>Mehr von der <a href=\"\/news\/neu-isenburg-polizeimeldungen#4\" title=\"Polizeieins\u00e4tze Neu-Isenburg heute\">Polizei Neu-Isenburg<\/a> ...<\/b>\n<\/div>\n<br \/>\n\n<div style=\"background-color:#ffffff; margin-top:15px; margin-bottom:15px; padding:10px; text-align:left; word-wrap:break-word;\">\n<h2 style=\"margin:0px; margin-bottom:20px;\"><a name=\"umgebung\"><\/a>Aktuelle News aus Neu-Isenburgs Umgebung<\/h2>\n <div class=\"post\" style=\"margin-bottom:40px;\">\n <article>\n  <h3><a name=\"43fad1d1\" href=\"https:\/\/www.op-online.de\/sport\/lokalsport\/hsg-rodgau-empfaengt-meister-saarlouis-und-schlug-ihn-schon-einmal-94472184.html\" style=\"color:#333333;\" target=\"_blank\">Sam Hoddersen empf\u00e4ngt mit HSG Rodgau den Meister und hat WM und Olympia im Blick<\/a><\/h3>\n  <div class=\"entry\">\n   <p style=\"margin-bottom:4px;\">\n   <a href=\"https:\/\/www.op-online.de\/sport\/lokalsport\/hsg-rodgau-empfaengt-meister-saarlouis-und-schlug-ihn-schon-einmal-94472184.html\" target=\"_blank\"><img decoding=\"async\" src=\"https:\/\/www.op-online.de\/assets\/images\/43\/949\/43949740-06-09-2025-handball-liga-hsg-rodgau-nieder-roden-tv-kirchzellsam-hoddersen-nr-foto-sascha-eyssen-15ef.jpg\" style=\"align:left !important; float:left !important; margin-top:4px !important; margin-right:8px !important; margin-bottom:4px !important; width:90px !important;\" \/><\/a>    Die HSG Rodgau Nieder-Roden trifft am Samstag im ersten Heimspiel auf die HG Saarlouis, den Meister der 3. Liga S&uuml;d-West. In der vergangenen Saison gewannen die Rodgauer zu Hause mit 34:32 gegen den Topfavoriten.<br clear=\"all\" \/>   <\/p>\n   <div><span class=\"my_article_details\"><time datetime=\"2026-09-02\">02.09.2026<\/time> &middot; <\/span><a href=\"https:\/\/www.op-online.de\/sport\/lokalsport\/hsg-rodgau-empfaengt-meister-saarlouis-und-schlug-ihn-schon-einmal-94472184.html\" title=\"Link zum Artikel auf op-online.de\" target=\"_blank\">op-online.de<\/a><\/div>\n  <\/div>\n <\/article>\n <\/div>\n <div class=\"post\" style=\"margin-bottom:40px;\">\n <article>\n  <h3><a name=\"945ba834\" href=\"http:\/\/www.offenbach.de\/stadtwerke\/stadtservice\/aktuelles\/fuehrung-auf-dem-alten-juedischen-friedhof-02.09.2026.php\" style=\"color:#333333;\" target=\"_blank\">Offenbach: F\u00fchrung auf dem alten j\u00fcdischen Friedhof<\/a><\/h3>\n  <div class=\"entry\">\n   <p style=\"margin-bottom:4px;\">\n   <a href=\"http:\/\/www.offenbach.de\/stadtwerke\/stadtservice\/aktuelles\/fuehrung-auf-dem-alten-juedischen-friedhof-02.09.2026.php\" target=\"_blank\"><img decoding=\"async\" src=\"\/feeds\/gfx\/offenbach.de.png\" style=\"align:left !important; float:left !important; margin-top:4px !important; margin-right:8px !important; margin-bottom:4px !important; width:90px !important;\" \/><\/a>    Zum Europ&auml;ischen Tag der j&uuml;dischen Kultur bietet die Max Dienemann \/ Salomon Formstecher-Gesellschaft Offenbach e.V. am Sonntag, 6. September, eine F&uuml;hrung auf dem alten j&uuml;dischen Friedhof an.<br clear=\"all\" \/>   <\/p>\n   <div><span class=\"my_article_details\"><time datetime=\"2026-09-02\">02.09.2026<\/time> &middot; <\/span><a href=\"http:\/\/www.offenbach.de\/stadtwerke\/stadtservice\/aktuelles\/fuehrung-auf-dem-alten-juedischen-friedhof-02.09.2026.php\" title=\"Link zum Artikel auf offenbach.de\" target=\"_blank\">offenbach.de<\/a><\/div>\n  <\/div>\n <\/article>\n <\/div>\n <div class=\"post\" style=\"margin-bottom:40px;\">\n <article>\n  <h3><a name=\"8008d362\" href=\"https:\/\/of-news.de\/heusenstamm\/neubauprojekt-in-heusenstamm-25-neue-mietwohnungen-entstehen-im-robinia-quartier-170108\/\" style=\"color:#333333;\" target=\"_blank\">Neubauprojekt in Heusenstamm: 25 neue Mietwohnungen entstehen im \u201eRobinia Quartier\u201c<\/a><\/h3>\n  <div class=\"entry\">\n   <p style=\"margin-bottom:4px;\">\n   <a href=\"https:\/\/of-news.de\/heusenstamm\/neubauprojekt-in-heusenstamm-25-neue-mietwohnungen-entstehen-im-robinia-quartier-170108\/\" target=\"_blank\"><img decoding=\"async\" src=\"\/feeds\/gfx\/of-news.de.png\" style=\"align:left !important; float:left !important; margin-top:4px !important; margin-right:8px !important; margin-bottom:4px !important; width:90px !important;\" \/><\/a>    In Heusenstamm entsteht an der Hohebergstra&szlig;e 118 ein neues Wohnviertel. Auf einem bereits zuvor bebauten Grundst&uuml;ck errichten die K&amp;M Immobiliengruppe und die Obertshausener WHF Planungsgesellschaft derzeit f&uuml;nf Mehrfamilienh&auml;user mit insgesamt 25 Mietwohnungen. ...<br clear=\"all\" \/>   <\/p>\n   <div><span class=\"my_article_details\"><time datetime=\"2026-09-02\">02.09.2026<\/time> &middot; <\/span><a href=\"https:\/\/of-news.de\/heusenstamm\/neubauprojekt-in-heusenstamm-25-neue-mietwohnungen-entstehen-im-robinia-quartier-170108\/\" title=\"Link zum Artikel auf of-news.de\" target=\"_blank\">of-news.de<\/a><\/div>\n  <\/div>\n <\/article>\n <\/div>\n <div class=\"post\" style=\"margin-bottom:40px;\">\n <article>\n  <h3><a name=\"156cf7a2\" href=\"https:\/\/www.op-online.de\/offenbach\/streit-in-offenbach-eskaliert-sprinter-attacke-auf-supermarkt-parkplatz-94471730.html\" style=\"color:#333333;\" target=\"_blank\">Streit in Offenbach eskaliert: Sprinter-Attacke auf Supermarkt-Parkplatz<\/a><\/h3>\n  <div class=\"entry\">\n   <p style=\"margin-bottom:4px;\">\n   <a href=\"https:\/\/www.op-online.de\/offenbach\/streit-in-offenbach-eskaliert-sprinter-attacke-auf-supermarkt-parkplatz-94471730.html\" target=\"_blank\"><img decoding=\"async\" src=\"https:\/\/www.op-online.de\/assets\/images\/43\/946\/43946447-polizei-Cef.jpg\" style=\"align:left !important; float:left !important; margin-top:4px !important; margin-right:8px !important; margin-bottom:4px !important; width:90px !important;\" \/><\/a>    Nach einem Wortgefecht im Supermarkt wird ein Streit auf dem Parkplatz brenzlig: Ein 58-J&auml;hriger muss zur Seite springen, um einer Kollision mit einem Transporter zu entgehen.<br clear=\"all\" \/>   <\/p>\n   <div><span class=\"my_article_details\"><time datetime=\"2026-09-02\">02.09.2026<\/time> &middot; <\/span><a href=\"https:\/\/www.op-online.de\/offenbach\/streit-in-offenbach-eskaliert-sprinter-attacke-auf-supermarkt-parkplatz-94471730.html\" title=\"Link zum Artikel auf op-online.de\" target=\"_blank\">op-online.de<\/a><\/div>\n  <\/div>\n <\/article>\n <\/div>\n <div class=\"post\" style=\"margin-bottom:40px;\">\n <article>\n  <h3><a name=\"5590578d\" href=\"https:\/\/www.tsvheusenstamm-fussball.de\/das-kerb-komitee-laedt-zum-bierpongturnier-ein\/\" style=\"color:#333333;\" target=\"_blank\">Fu\u00dfball: Das Kerb-Komitee l\u00e4dt zum Bierpongturnier ein!<\/a><\/h3>\n  <div class=\"entry\">\n   <p style=\"margin-bottom:4px;\">\n   <a href=\"https:\/\/www.tsvheusenstamm-fussball.de\/das-kerb-komitee-laedt-zum-bierpongturnier-ein\/\" target=\"_blank\"><img decoding=\"async\" src=\"\/feeds\/gfx\/tsvheusenstamm-fussball.de.png\" style=\"align:left !important; float:left !important; margin-top:4px !important; margin-right:8px !important; margin-bottom:4px !important; width:90px !important;\" \/><\/a>    Im Rahmen der Heusenstammer Kerb findet am Freitag, 18. September 2026, das Bierpongturnier im Pfarrheim St. C&auml;cilia statt. Die HSG OberBieberStamm sorgt f&uuml;r einen reibungslosen Ablauf. Gespielt wird nach folgenden Regeln. Bierpong-Turnier-Regeln Herunterladen ...<br clear=\"all\" \/>   <\/p>\n   <div><span class=\"my_article_details\"><time datetime=\"2026-09-02\">02.09.2026<\/time> &middot; <\/span><a href=\"https:\/\/www.tsvheusenstamm-fussball.de\/das-kerb-komitee-laedt-zum-bierpongturnier-ein\/\" title=\"Link zum Artikel auf tsvheusenstamm-fussball.de\" target=\"_blank\">tsvheusenstamm-fussball.de<\/a><\/div>\n  <\/div>\n <\/article>\n <\/div>\n <div class=\"post\" style=\"margin-bottom:40px;\">\n <article>\n  <h3><a name=\"1f94f69e\" href=\"https:\/\/gruene-offenbach.de\/2026\/09\/02\/sportanlage-eichwaldweg-und-rosenhoehe\/\" style=\"color:#333333;\" target=\"_blank\">Die Gr\u00fcnen: Sportanlage Eichwaldweg und Rosenh\u00f6he<\/a><\/h3>\n  <div class=\"entry\">\n   <p style=\"margin-bottom:4px;\">\n   <a href=\"https:\/\/gruene-offenbach.de\/2026\/09\/02\/sportanlage-eichwaldweg-und-rosenhoehe\/\" target=\"_blank\"><img decoding=\"async\" src=\"\/feeds\/gfx\/gruene-offenbach.de.png\" style=\"align:left !important; float:left !important; margin-top:4px !important; margin-right:8px !important; margin-bottom:4px !important; width:90px !important;\" \/><\/a>    Rede von Nata Kabir in der Stadtverordnetenversammlung Offenbach ist gewachsen und w&auml;chst weiter und viele Kinder und Jugendliche, viele Familien und Freizeitsportler*innen suchen nach Sportangebote \u2013 die beiden Sportpl&auml;tze erweitern unsere Kapazit&auml;ten vor ...<br clear=\"all\" \/>   <\/p>\n   <div><span class=\"my_article_details\"><time datetime=\"2026-09-02\">02.09.2026<\/time> &middot; <\/span><a href=\"https:\/\/gruene-offenbach.de\/2026\/09\/02\/sportanlage-eichwaldweg-und-rosenhoehe\/\" title=\"Link zum Artikel auf gruene-offenbach.de\" target=\"_blank\">gruene-offenbach.de<\/a><\/div>\n  <\/div>\n <\/article>\n <\/div>\n <div class=\"post\" style=\"margin-bottom:40px;\">\n <article>\n  <h3><a name=\"163de543\" href=\"https:\/\/of-news.de\/dietzenbach\/becken-frei-fuer-vierbeiner-waldschwimmbad-beendet-freibadsaison-mit-hundeschwimmen-170086\/\" style=\"color:#333333;\" target=\"_blank\">Becken frei f\u00fcr Vierbeiner: Waldschwimmbad beendet Freibadsaison mit Hundeschwimmen<\/a><\/h3>\n  <div class=\"entry\">\n   <p style=\"margin-bottom:4px;\">\n   <a href=\"https:\/\/of-news.de\/dietzenbach\/becken-frei-fuer-vierbeiner-waldschwimmbad-beendet-freibadsaison-mit-hundeschwimmen-170086\/\" target=\"_blank\"><img decoding=\"async\" src=\"https:\/\/of-news.de\/wp-content\/uploads\/2026\/09\/Becken-frei-fuer-Vierbeiner-Waldschwimmbad-beendet-Freibadsaison-mit-Hundeschwimmen-scaled-e1788334101267-150x150.jpg\" style=\"align:left !important; float:left !important; margin-top:4px !important; margin-right:8px !important; margin-bottom:4px !important; width:90px !important;\" \/><\/a>    Das Waldschwimmbad in Dietzenbach beschlie&szlig;t die diesj&auml;hrige Freibadsaison am Sonntag, den 13. September 2026, mit dem traditionellen Hundeschwimmen. Im Anschluss an den letzten regul&auml;ren Badetag f&uuml;r Menschen sind die Becken auf dem Gel&auml;nde in der Offenthaler ...<br clear=\"all\" \/>   <\/p>\n   <div><span class=\"my_article_details\"><time datetime=\"2026-09-02\">02.09.2026<\/time> &middot; <\/span><a href=\"https:\/\/of-news.de\/dietzenbach\/becken-frei-fuer-vierbeiner-waldschwimmbad-beendet-freibadsaison-mit-hundeschwimmen-170086\/\" title=\"Link zum Artikel auf of-news.de\" target=\"_blank\">of-news.de<\/a><\/div>\n  <\/div>\n <\/article>\n <\/div>\n <div class=\"post\" style=\"margin-bottom:40px;\">\n <article>\n  <h3><a name=\"6c87bcba\" href=\"https:\/\/www.op-online.de\/offenbach\/offenbachs-city-krise-tour-zeigt-was-geplant-ist-innenstadt-station-mitte-94470904.html\" style=\"color:#333333;\" target=\"_blank\">Offenbachs City-Krise: Tour zeigt, was der Innenstadt jetzt fehlt und geplant ist<\/a><\/h3>\n  <div class=\"entry\">\n   <p style=\"margin-bottom:4px;\">\n   <a href=\"https:\/\/www.op-online.de\/offenbach\/offenbachs-city-krise-tour-zeigt-was-geplant-ist-innenstadt-station-mitte-94470904.html\" target=\"_blank\"><img decoding=\"async\" src=\"https:\/\/www.op-online.de\/assets\/images\/43\/880\/43880091-viel-zu-besprechen-teilnehmende-der-stadttour-diskutieren-mit-rebecca-leudesdorff-von-der-agentur-mitte-1Vef.jpg\" style=\"align:left !important; float:left !important; margin-top:4px !important; margin-right:8px !important; margin-bottom:4px !important; width:90px !important;\" \/><\/a>    Bei der neuen Tourenreihe \u201eInnenstadt neu sehen\u201c nennen Teilnehmer konkrete L&uuml;cken: mehr Gr&uuml;n, Caf\u00e9s sowie L&auml;den f&uuml;r Haushaltswaren und Kleidung.<br clear=\"all\" \/>   <\/p>\n   <div><span class=\"my_article_details\"><time datetime=\"2026-09-02\">02.09.2026<\/time> &middot; <\/span><a href=\"https:\/\/www.op-online.de\/offenbach\/offenbachs-city-krise-tour-zeigt-was-geplant-ist-innenstadt-station-mitte-94470904.html\" title=\"Link zum Artikel auf op-online.de\" target=\"_blank\">op-online.de<\/a><\/div>\n  <\/div>\n <\/article>\n <\/div>\n <div class=\"post\" style=\"margin-bottom:40px;\">\n <article>\n  <h3><a name=\"ebf93dc8\" href=\"https:\/\/www.op-online.de\/region\/dietzenbach\/seit-zehn-jahren-bietet-gerolf-baum-touren-durch-den-ortskern-94470192.html\" style=\"color:#333333;\" target=\"_blank\">Der einzige Stadtf\u00fchrer: Dietzenbacher bietet seit zehn Jahren Touren durch den Ortskern<\/a><\/h3>\n  <div class=\"entry\">\n   <p style=\"margin-bottom:4px;\">\n   <a href=\"https:\/\/www.op-online.de\/region\/dietzenbach\/seit-zehn-jahren-bietet-gerolf-baum-touren-durch-den-ortskern-94470192.html\" target=\"_blank\"><img decoding=\"async\" src=\"https:\/\/www.op-online.de\/assets\/images\/43\/804\/43804703-der-ursprung-der-stadt-durch-die-borngasse-hindurch-erzaehlt-gerolf-baum-vom-ehemaligen-brunnen-dem-treffpunkt-fuer-alle-dietzenbacher-zumindest-bis-sef.jpg\" style=\"align:left !important; float:left !important; margin-top:4px !important; margin-right:8px !important; margin-bottom:4px !important; width:90px !important;\" \/><\/a>    Gerolf Baum, der einzige Stadtf&uuml;hrer des Geschichts- und Heimatmuseums, kennt nicht nur die gro&szlig;en Geschichten, sondern auch kleine Kuriosit&auml;ten.<br clear=\"all\" \/>   <\/p>\n   <div><span class=\"my_article_details\"><time datetime=\"2026-09-02\">02.09.2026<\/time> &middot; <\/span><a href=\"https:\/\/www.op-online.de\/region\/dietzenbach\/seit-zehn-jahren-bietet-gerolf-baum-touren-durch-den-ortskern-94470192.html\" title=\"Link zum Artikel auf op-online.de\" target=\"_blank\">op-online.de<\/a><\/div>\n  <\/div>\n <\/article>\n <\/div>\n <div class=\"post\" style=\"margin-bottom:40px;\">\n <article>\n  <h3><a name=\"b21caecf\" href=\"https:\/\/germania-ober-roden.de\/sc-dortelweil-germania-ober-roden-32-10\/\" style=\"color:#333333;\" target=\"_blank\">Fu\u00dfball: SC Dortelweil \u2013 Germania Ober-Roden 3:2 (1:0)<\/a><\/h3>\n  <div class=\"entry\">\n   <p style=\"margin-bottom:4px;\">\n   <a href=\"https:\/\/germania-ober-roden.de\/sc-dortelweil-germania-ober-roden-32-10\/\" target=\"_blank\"><img decoding=\"async\" src=\"\/feeds\/gfx\/germania-ober-roden.de.png\" style=\"align:left !important; float:left !important; margin-top:4px !important; margin-right:8px !important; margin-bottom:4px !important; width:90px !important;\" \/><\/a>    Germania ist zu Beginn der Saison stark geschw&auml;cht In einem Beitrag in der Offenbach Post erw&auml;hnte unser Trainer Fabian B&auml;cker den derzeitigen Stand der ersten Mannschaft. \u201eUns fehlten im Kader zw&ouml;lf Mann, neu auf der Verletztenliste hinzugekommen war unter ...<br clear=\"all\" \/>   <\/p>\n   <div><span class=\"my_article_details\"><time datetime=\"2026-09-02\">02.09.2026<\/time> &middot; <\/span><a href=\"https:\/\/germania-ober-roden.de\/sc-dortelweil-germania-ober-roden-32-10\/\" title=\"Link zum Artikel auf germania-ober-roden.de\" target=\"_blank\">germania-ober-roden.de<\/a><\/div>\n  <\/div>\n <\/article>\n <\/div>\n <div class=\"post\" style=\"margin-bottom:40px;\">\n <article>\n  <h3><a name=\"dc01d835\" href=\"https:\/\/www.rheinmainverlag.de\/2026\/09\/02\/32-jaehrige-soll-busfahrer-beleidigt-haben-ermittlungen-in-seligenstadt-eingeleitet\/\" style=\"color:#333333;\" target=\"_blank\">32-J\u00e4hrige soll Busfahrer beleidigt haben: Ermittlungen in Seligenstadt eingeleitet<\/a><\/h3>\n  <div class=\"entry\">\n   <p style=\"margin-bottom:4px;\">\n   <a href=\"https:\/\/www.rheinmainverlag.de\/2026\/09\/02\/32-jaehrige-soll-busfahrer-beleidigt-haben-ermittlungen-in-seligenstadt-eingeleitet\/\" target=\"_blank\"><img decoding=\"async\" src=\"\/feeds\/gfx\/rheinmainverlag.de.png\" style=\"align:left !important; float:left !important; margin-top:4px !important; margin-right:8px !important; margin-bottom:4px !important; width:90px !important;\" \/><\/a>    Noch unklar sind die Hintergr&uuml;nde eines Vorfalls, der sich am Montagnachmittag in der Linie 86 am Seligenst&auml;dter Bahnhof ereignet hat. Die Polizei hat Ermittlungen gegen eine 32-J&auml;hrige eingeleitet, die den Busfahrer mehrfach in ausl&auml;ndischer Sprache beleidigt ...<br clear=\"all\" \/>   <\/p>\n   <div><span class=\"my_article_details\"><time datetime=\"2026-09-02\">02.09.2026<\/time> &middot; <\/span><a href=\"https:\/\/www.rheinmainverlag.de\/2026\/09\/02\/32-jaehrige-soll-busfahrer-beleidigt-haben-ermittlungen-in-seligenstadt-eingeleitet\/\" title=\"Link zum Artikel auf rheinmainverlag.de\" target=\"_blank\">rheinmainverlag.de<\/a><\/div>\n  <\/div>\n <\/article>\n <\/div>\n <div class=\"post\" style=\"margin-bottom:40px;\">\n <article>\n  <h3><a name=\"99f45a1f\" href=\"https:\/\/www.op-online.de\/offenbach\/30-prozent-der-ausbildungsstellen-tauchen-in-keiner-statistik-auf-94470759.html\" style=\"color:#333333;\" target=\"_blank\">Der unsichtbare Ausbildungsmarkt<\/a><\/h3>\n  <div class=\"entry\">\n   <p style=\"margin-bottom:4px;\">\n   <a href=\"https:\/\/www.op-online.de\/offenbach\/30-prozent-der-ausbildungsstellen-tauchen-in-keiner-statistik-auf-94470759.html\" target=\"_blank\"><img decoding=\"async\" src=\"https:\/\/www.op-online.de\/assets\/images\/43\/932\/43932829-der-ausbildungsatlas-der-ihk-buendelt-ausbildungsangebote-aus-stadt-und-kreis-offenbach-und-macht-freie-lehrstellen-in-der-region-sichtbar-32ef.jpg\" style=\"align:left !important; float:left !important; margin-top:4px !important; margin-right:8px !important; margin-bottom:4px !important; width:90px !important;\" \/><\/a>    In Offenbach melden viele Unternehmen ihre offenen Ausbildungspl&auml;tze nicht bei der Arbeitsagentur. Die Folge: Sie erscheinen weder im Ausbildungsatlas noch in der offiziellen Statistik.<br clear=\"all\" \/>   <\/p>\n   <div><span class=\"my_article_details\"><time datetime=\"2026-09-02\">02.09.2026<\/time> &middot; <\/span><a href=\"https:\/\/www.op-online.de\/offenbach\/30-prozent-der-ausbildungsstellen-tauchen-in-keiner-statistik-auf-94470759.html\" title=\"Link zum Artikel auf op-online.de\" target=\"_blank\">op-online.de<\/a><\/div>\n  <\/div>\n <\/article>\n <\/div>\n <div class=\"post\" style=\"margin-bottom:40px;\">\n <article>\n  <h3><a name=\"97fd1a60\" href=\"https:\/\/www.obertshausen.de\/index.php?id=509&publish%5Bid%5D=1652883&publish%5Bstart%5D=\" style=\"color:#333333;\" target=\"_blank\">Obertshausen: Es kann zu Tr\u00fcbungen im Wasser kommen<\/a><\/h3>\n  <div class=\"entry\">\n   <p style=\"margin-bottom:4px;\">\n   <a href=\"https:\/\/www.obertshausen.de\/index.php?id=509&publish%5Bid%5D=1652883&publish%5Bstart%5D=\" target=\"_blank\"><img decoding=\"async\" src=\"\/feeds\/gfx\/obertshausen.de.png\" style=\"align:left !important; float:left !important; margin-top:4px !important; margin-right:8px !important; margin-bottom:4px !important; width:90px !important;\" \/><\/a>    Zweckverband Wasserversorgung Stadt und Kreis Offenbach meldet Rohrbruch<br clear=\"all\" \/>   <\/p>\n   <div><span class=\"my_article_details\"><time datetime=\"2026-09-02\">02.09.2026<\/time> &middot; <\/span><a href=\"https:\/\/www.obertshausen.de\/index.php?id=509&publish%5Bid%5D=1652883&publish%5Bstart%5D=\" title=\"Link zum Artikel auf obertshausen.de\" target=\"_blank\">obertshausen.de<\/a><\/div>\n  <\/div>\n <\/article>\n <\/div>\n <div class=\"post\" style=\"margin-bottom:40px;\">\n <article>\n  <h3><a name=\"b75ab23e\" href=\"https:\/\/www.obertshausen.de\/index.php?id=509&publish%5Bid%5D=1652886&publish%5Bstart%5D=\" style=\"color:#333333;\" target=\"_blank\">Obertshausen: Vier Veranstaltungen in zwei Monaten<\/a><\/h3>\n  <div class=\"entry\">\n   <p style=\"margin-bottom:4px;\">\n   <a href=\"https:\/\/www.obertshausen.de\/index.php?id=509&publish%5Bid%5D=1652886&publish%5Bstart%5D=\" target=\"_blank\"><img decoding=\"async\" src=\"\/feeds\/gfx\/obertshausen.de.png\" style=\"align:left !important; float:left !important; margin-top:4px !important; margin-right:8px !important; margin-bottom:4px !important; width:90px !important;\" \/><\/a>    Kultursommer Obertshausen 2026 mit positivem Abschluss<br clear=\"all\" \/>   <\/p>\n   <div><span class=\"my_article_details\"><time datetime=\"2026-09-02\">02.09.2026<\/time> &middot; <\/span><a href=\"https:\/\/www.obertshausen.de\/index.php?id=509&publish%5Bid%5D=1652886&publish%5Bstart%5D=\" title=\"Link zum Artikel auf obertshausen.de\" target=\"_blank\">obertshausen.de<\/a><\/div>\n  <\/div>\n <\/article>\n <\/div>\n <div class=\"post\" style=\"margin-bottom:40px;\">\n <article>\n  <h3><a name=\"704d8fbc\" href=\"https:\/\/www.op-online.de\/region\/rodgau\/stadthalle-studie-kostet-21-millionen-euro-stadt-legt-projekt-auf-eis-94470260.html\" style=\"color:#333333;\" target=\"_blank\">Kosten zwischen 12 und 29 Millionen Euro \u2013 Stadt legt Hallen-Projekt auf Eis<\/a><\/h3>\n  <div class=\"entry\">\n   <p style=\"margin-bottom:4px;\">\n   <a href=\"https:\/\/www.op-online.de\/region\/rodgau\/stadthalle-studie-kostet-21-millionen-euro-stadt-legt-projekt-auf-eis-94470260.html\" target=\"_blank\"><img decoding=\"async\" src=\"https:\/\/www.op-online.de\/assets\/images\/43\/925\/43925997-buergerhaus-in-dudenhofen-ist-das-juengste-der-drei-rodgauer-buergerhaeuser-1Bef.jpg\" style=\"align:left !important; float:left !important; margin-top:4px !important; margin-right:8px !important; margin-bottom:4px !important; width:90px !important;\" \/><\/a>    Eine Grundlagenstudie hat drei Varianten f&uuml;r eine Stadthalle in Rodgau durchgerechnet. Die Realisierung gilt wegen leerer Kassen als unrealistisch \u2013 f&uuml;r mindestens f&uuml;nf bis zehn Jahre.<br clear=\"all\" \/>   <\/p>\n   <div><span class=\"my_article_details\"><time datetime=\"2026-09-02\">02.09.2026<\/time> &middot; <\/span><a href=\"https:\/\/www.op-online.de\/region\/rodgau\/stadthalle-studie-kostet-21-millionen-euro-stadt-legt-projekt-auf-eis-94470260.html\" title=\"Link zum Artikel auf op-online.de\" target=\"_blank\">op-online.de<\/a><\/div>\n  <\/div>\n <\/article>\n <\/div>\n <div class=\"post\" style=\"margin-bottom:40px;\">\n <article>\n  <h3><a name=\"3f759b06\" href=\"https:\/\/www.op-online.de\/region\/seligenstadt\/kaplan-aus-seligenstadt-ermordet-geliebte-und-wird-auf-elektrischem-stuhl-hingerichtet-94470347.html\" style=\"color:#333333;\" target=\"_blank\">Kaplan aus Seligenstadt ermordet Geliebte und wird auf elektrischem Stuhl hingerichtet<\/a><\/h3>\n  <div class=\"entry\">\n   <p style=\"margin-bottom:4px;\">\n   <a href=\"https:\/\/www.op-online.de\/region\/seligenstadt\/kaplan-aus-seligenstadt-ermordet-geliebte-und-wird-auf-elektrischem-stuhl-hingerichtet-94470347.html\" target=\"_blank\"><img decoding=\"async\" src=\"https:\/\/www.op-online.de\/assets\/images\/43\/843\/43843756-der-seligenstaedter-kaplan-johannes-schmidt-stirbt-auf-dem-elektrischen-stuhl-28ef.jpg\" style=\"align:left !important; float:left !important; margin-top:4px !important; margin-right:8px !important; margin-bottom:4px !important; width:90px !important;\" \/><\/a>    Johannes Schmidt schneidet 1913 in New York einer schwangeren Haush&auml;lterin die Kehle durch und versenkt ihre Leichenteile im Hudson River. Er ist bis heute der einzige katholische Priester, der in den USA hingerichtet wurde.<br clear=\"all\" \/>   <\/p>\n   <div><span class=\"my_article_details\"><time datetime=\"2026-09-02\">02.09.2026<\/time> &middot; <\/span><a href=\"https:\/\/www.op-online.de\/region\/seligenstadt\/kaplan-aus-seligenstadt-ermordet-geliebte-und-wird-auf-elektrischem-stuhl-hingerichtet-94470347.html\" title=\"Link zum Artikel auf op-online.de\" target=\"_blank\">op-online.de<\/a><\/div>\n  <\/div>\n <\/article>\n <\/div>\n <div class=\"post\" style=\"margin-bottom:40px;\">\n <article>\n  <h3><a name=\"27ce1952\" href=\"https:\/\/baggerseepiraten.de\/2026\/09\/01\/mit-rueckenwind-gegen-den-meister-hsg-empfaengt-hg-saarlouis\/\" style=\"color:#333333;\" target=\"_blank\">Mit R\u00fcckenwind gegen den Meister: HSG empf\u00e4ngt HG Saarlouis<\/a><\/h3>\n  <div class=\"entry\">\n   <p style=\"margin-bottom:4px;\">\n   <a href=\"https:\/\/baggerseepiraten.de\/2026\/09\/01\/mit-rueckenwind-gegen-den-meister-hsg-empfaengt-hg-saarlouis\/\" target=\"_blank\"><img decoding=\"async\" src=\"\/feeds\/gfx\/baggerseepiraten.de.jpg\" style=\"align:left !important; float:left !important; margin-top:4px !important; margin-right:8px !important; margin-bottom:4px !important; width:90px !important;\" \/><\/a>    Baggerseepiraten wollen starke Leistung aus Longerich best&auml;tigen Nach einem &uuml;berzeugenden Saisonauftakt wartet auf die HSG Rodgau Nieder-Roden am zweiten Spieltag gleich der n&auml;chste schwere Brocken. Am Samstag, 5. September, um 19:30 Uhr empfangen die Baggerseepiraten ...<br clear=\"all\" \/>   <\/p>\n   <div><span class=\"my_article_details\"><time datetime=\"2026-09-01\">01.09.2026<\/time> &middot; <\/span><a href=\"https:\/\/baggerseepiraten.de\/2026\/09\/01\/mit-rueckenwind-gegen-den-meister-hsg-empfaengt-hg-saarlouis\/\" title=\"Link zum Artikel auf baggerseepiraten.de\" target=\"_blank\">baggerseepiraten.de<\/a><\/div>\n  <\/div>\n <\/article>\n <\/div>\n <div class=\"post\" style=\"margin-bottom:40px;\">\n <article>\n  <h3><a name=\"bb8991fb\" href=\"https:\/\/www.rheinmainverlag.de\/2026\/09\/01\/tierschutzverein-seligenstadt-9\/\" style=\"color:#333333;\" target=\"_blank\">Tierschutzverein Seligenstadt: Cleo, Tom, Lisa und Mimi sind sind einfach nur zum Knuddeln<\/a><\/h3>\n  <div class=\"entry\">\n   <p style=\"margin-bottom:4px;\">\n   <a href=\"https:\/\/www.rheinmainverlag.de\/2026\/09\/01\/tierschutzverein-seligenstadt-9\/\" target=\"_blank\"><img decoding=\"async\" src=\"\/feeds\/gfx\/rheinmainverlag.de.png\" style=\"align:left !important; float:left !important; margin-top:4px !important; margin-right:8px !important; margin-bottom:4px !important; width:90px !important;\" \/><\/a>    Diese vier British Langhaar-Scottish Fold-Mix-Katzen Cleo, Tom, Lisa und Mimi sind Ende Mai geboren und wollen nun ihr neues Zuhause entdecken. Cleo: Das dreifarbige Katzenm&auml;dchen ist einfach herzallerliebst. Mit ihrem halb schwarzen, halb roten Gesicht und ...<br clear=\"all\" \/>   <\/p>\n   <div><span class=\"my_article_details\"><time datetime=\"2026-09-01\">01.09.2026<\/time> &middot; <\/span><a href=\"https:\/\/www.rheinmainverlag.de\/2026\/09\/01\/tierschutzverein-seligenstadt-9\/\" title=\"Link zum Artikel auf rheinmainverlag.de\" target=\"_blank\">rheinmainverlag.de<\/a><\/div>\n  <\/div>\n <\/article>\n <\/div>\n <div class=\"post\" style=\"margin-bottom:40px;\">\n <article>\n  <h3><a name=\"3dafa507\" href=\"https:\/\/www.op-online.de\/sport\/amateur-fussball\/nico-wegmann-nach-aus-bei-sportfreunden-seligenstadt-habe-alles-gegeben-94470449.html\" style=\"color:#333333;\" target=\"_blank\">Nico Wegmann nach Aus bei Sportfreunden Seligenstadt: \u201eHabe alles gegeben&quot;<\/a><\/h3>\n  <div class=\"entry\">\n   <p style=\"margin-bottom:4px;\">\n   <a href=\"https:\/\/www.op-online.de\/sport\/amateur-fussball\/nico-wegmann-nach-aus-bei-sportfreunden-seligenstadt-habe-alles-gegeben-94470449.html\" target=\"_blank\"><img decoding=\"async\" src=\"https:\/\/www.op-online.de\/assets\/images\/43\/933\/43933061-nico-wegmann-gibt-als-trainer-der-sportfreunde-seligenstadt-anweisungen-an-der-seitenlinie-1CABgXTwEvef.jpg\" style=\"align:left !important; float:left !important; margin-top:4px !important; margin-right:8px !important; margin-bottom:4px !important; width:90px !important;\" \/><\/a>    Der entlassene Trainer spricht zwei Wochen nach seinem Rauswurf &uuml;ber seine Zeit beim Verbandsligisten. Seine Zukunft ist noch offen, er hat aber einen Wunsch.<br clear=\"all\" \/>   <\/p>\n   <div><span class=\"my_article_details\"><time datetime=\"2026-09-01\">01.09.2026<\/time> &middot; <\/span><a href=\"https:\/\/www.op-online.de\/sport\/amateur-fussball\/nico-wegmann-nach-aus-bei-sportfreunden-seligenstadt-habe-alles-gegeben-94470449.html\" title=\"Link zum Artikel auf op-online.de\" target=\"_blank\">op-online.de<\/a><\/div>\n  <\/div>\n <\/article>\n <\/div>\n <div class=\"post\" style=\"margin-bottom:40px;\">\n <article>\n  <h3><a name=\"f3f575d7\" href=\"https:\/\/www.dietzenbach.de\/Stadt-Rathaus\/Stadt\/Aktuelles\/Stadtwerke-Safari-Dietzenbach-entdeckt-seine-Stadtwerke.php?ModID=255&FID=3651.29589.1\" style=\"color:#333333;\" target=\"_blank\">Stadtwerke-Safari: Dietzenbach entdeckt seine Stadtwerke<\/a><\/h3>\n  <div class=\"entry\">\n   <p style=\"margin-bottom:4px;\">\n   <a href=\"https:\/\/www.dietzenbach.de\/Stadt-Rathaus\/Stadt\/Aktuelles\/Stadtwerke-Safari-Dietzenbach-entdeckt-seine-Stadtwerke.php?ModID=255&FID=3651.29589.1\" target=\"_blank\"><img decoding=\"async\" src=\"\/feeds\/gfx\/dietzenbach.de.png\" style=\"align:left !important; float:left !important; margin-top:4px !important; margin-right:8px !important; margin-bottom:4px !important; width:90px !important;\" \/><\/a>    Rund 1.000 Besucherinnen und Besucher feierten das Jubil&auml;um Wer am Tag der Stadtwerke-Safari das Veranstaltungsgel&auml;nde betrat, hatte die erste Safari-Station m&ouml;glicherweise schon hinter sich. Denn f&uuml;r ein besonderes Erlebnis am vergangenen ...<br clear=\"all\" \/>   <\/p>\n   <div><span class=\"my_article_details\"><time datetime=\"2026-09-01\">01.09.2026<\/time> &middot; <\/span><a href=\"https:\/\/www.dietzenbach.de\/Stadt-Rathaus\/Stadt\/Aktuelles\/Stadtwerke-Safari-Dietzenbach-entdeckt-seine-Stadtwerke.php?ModID=255&FID=3651.29589.1\" title=\"Link zum Artikel auf dietzenbach.de\" target=\"_blank\">dietzenbach.de<\/a><\/div>\n  <\/div>\n <\/article>\n <\/div>\n <div class=\"post\" style=\"margin-bottom:40px;\">\n <article>\n  <h3><a name=\"bc06aff9\" href=\"https:\/\/of-news.de\/roedermark\/zugeparkte-trauerhalle-am-friedhof-ober-roden-stadtverwaltung-bittet-besucher-um-ruecksichtnahme-170067\/\" style=\"color:#333333;\" target=\"_blank\">Zugeparkte Trauerhalle am Friedhof Ober-Roden: Stadtverwaltung bittet Besucher um R\u00fccksichtnahme<\/a><\/h3>\n  <div class=\"entry\">\n   <p style=\"margin-bottom:4px;\">\n   <a href=\"https:\/\/of-news.de\/roedermark\/zugeparkte-trauerhalle-am-friedhof-ober-roden-stadtverwaltung-bittet-besucher-um-ruecksichtnahme-170067\/\" target=\"_blank\"><img decoding=\"async\" src=\"\/feeds\/gfx\/of-news.de.png\" style=\"align:left !important; float:left !important; margin-top:4px !important; margin-right:8px !important; margin-bottom:4px !important; width:90px !important;\" \/><\/a>    Die Friedhofsverwaltung der Stadt R&ouml;dermark verzeichnet eine steigende Anzahl an Beschwerden bez&uuml;glich der Parksituation am Friedhof im Stadtteil Ober-Roden. Nach Angaben der Beh&ouml;rde mangelt es an Kapazit&auml;ten bei den regul&auml;ren Abstellpl&auml;tzen f&uuml;r Zweir&auml;der, ...<br clear=\"all\" \/>   <\/p>\n   <div><span class=\"my_article_details\"><time datetime=\"2026-09-01\">01.09.2026<\/time> &middot; <\/span><a href=\"https:\/\/of-news.de\/roedermark\/zugeparkte-trauerhalle-am-friedhof-ober-roden-stadtverwaltung-bittet-besucher-um-ruecksichtnahme-170067\/\" title=\"Link zum Artikel auf of-news.de\" target=\"_blank\">of-news.de<\/a><\/div>\n  <\/div>\n <\/article>\n <\/div>\n <div class=\"post\" style=\"margin-bottom:40px;\">\n <article>\n  <h3><a name=\"96309836\" href=\"https:\/\/www.dreieich.de\/rathaus-service\/presse-medien\/pressemitteilungen\/2026\/woche-der-klimaanpassung-dreieich-beteiligt-sich-mit-zwei-veranstaltungen\/\" style=\"color:#333333;\" target=\"_blank\">Woche der Klimaanpassung: Dreieich beteiligt sich mit zwei Veranstaltungen<\/a><\/h3>\n  <div class=\"entry\">\n   <p style=\"margin-bottom:4px;\">\n   <a href=\"https:\/\/www.dreieich.de\/rathaus-service\/presse-medien\/pressemitteilungen\/2026\/woche-der-klimaanpassung-dreieich-beteiligt-sich-mit-zwei-veranstaltungen\/\" target=\"_blank\"><img decoding=\"async\" src=\"https:\/\/www.dreieich.de\/rathaus-service\/presse-medien\/pressemitteilungen\/2026\/woche-der-klimaanpassung-dreieich-beteiligt-sich-mit-zwei-veranstaltungen\/earth-day-environment-concept-and-eco-concept-2026-01-09-07-31-53-utc.jpg?cid=1r5v.8h5y&resize=ad517b%3a1024x768c\" style=\"align:left !important; float:left !important; margin-top:4px !important; margin-right:8px !important; margin-bottom:4px !important; width:90px !important;\" \/><\/a>    Mit der F&uuml;hrung \u201eWald im (Klima-)Wandel\u201c und der Radtour \u201eAus Grau wird Gr&uuml;n\u201c beteiligt sich die Stadt an der \u201eWoche der Klimaanpassung\u201c, einem gemeinsamen Projekt des Bundesministeriums f&uuml;r Umwelt, Klimaschutz, Naturschutz und nukleare Sicherheit (BMUKN) und ...<br clear=\"all\" \/>   <\/p>\n   <div><span class=\"my_article_details\"><time datetime=\"2026-09-01\">01.09.2026<\/time> &middot; <\/span><a href=\"https:\/\/www.dreieich.de\/rathaus-service\/presse-medien\/pressemitteilungen\/2026\/woche-der-klimaanpassung-dreieich-beteiligt-sich-mit-zwei-veranstaltungen\/\" title=\"Link zum Artikel auf dreieich.de\" target=\"_blank\">dreieich.de<\/a><\/div>\n  <\/div>\n <\/article>\n <\/div>\n <div class=\"post\" style=\"margin-bottom:40px;\">\n <article>\n  <h3><a name=\"cc679144\" href=\"https:\/\/www.dreieich.de\/rathaus-service\/presse-medien\/pressemitteilungen\/2026\/brennholz-aus-dem-stadtwald\/\" style=\"color:#333333;\" target=\"_blank\">Dreieich: Brennholz aus dem Stadtwald<\/a><\/h3>\n  <div class=\"entry\">\n   <p style=\"margin-bottom:4px;\">\n   <a href=\"https:\/\/www.dreieich.de\/rathaus-service\/presse-medien\/pressemitteilungen\/2026\/brennholz-aus-dem-stadtwald\/\" target=\"_blank\"><img decoding=\"async\" src=\"https:\/\/www.dreieich.de\/rathaus-service\/presse-medien\/pressemitteilungen\/2026\/brennholz-aus-dem-stadtwald\/dlb-holzstapel.jpg?cid=1t40.8hdz&resize=21f0ce%3a1024x768c\" style=\"align:left !important; float:left !important; margin-top:4px !important; margin-right:8px !important; margin-bottom:4px !important; width:90px !important;\" \/><\/a>    Ab sofort kann wieder Brennholz aus dem Stadtwald von den B&uuml;rgerinnen und B&uuml;rgern Dreieichs in haushalts&uuml;blichen Mengen &uuml;ber eine digitale Brennholzb&ouml;rse gekauft werden.<br clear=\"all\" \/>   <\/p>\n   <div><span class=\"my_article_details\"><time datetime=\"2026-09-01\">01.09.2026<\/time> &middot; <\/span><a href=\"https:\/\/www.dreieich.de\/rathaus-service\/presse-medien\/pressemitteilungen\/2026\/brennholz-aus-dem-stadtwald\/\" title=\"Link zum Artikel auf dreieich.de\" target=\"_blank\">dreieich.de<\/a><\/div>\n  <\/div>\n <\/article>\n <\/div>\n <div class=\"post\" style=\"margin-bottom:40px;\">\n <article>\n  <h3><a name=\"ff285f6a\" href=\"https:\/\/www.op-online.de\/offenbach\/renner-cafe-duo-am-offenbacher-hafen-strawberry-matcha-wird-zum-94468170.html\" style=\"color:#333333;\" target=\"_blank\">24-J\u00e4hriger er\u00f6ffnet Caf\u00e9 am Offenbacher Hafen \u2013 sein Strawberry Matcha wird zum absoluten Renner<\/a><\/h3>\n  <div class=\"entry\">\n   <p style=\"margin-bottom:4px;\">\n   <a href=\"https:\/\/www.op-online.de\/offenbach\/renner-cafe-duo-am-offenbacher-hafen-strawberry-matcha-wird-zum-94468170.html\" target=\"_blank\"><img decoding=\"async\" src=\"https:\/\/www.op-online.de\/assets\/images\/43\/835\/43835453-alperen-yorulmaz-hat-nach-vielen-besichtigungen-endlich-den-richtigen-ort-fuer-sein-cafe-gefunden-2mef.jpg\" style=\"align:left !important; float:left !important; margin-top:4px !important; margin-right:8px !important; margin-bottom:4px !important; width:90px !important;\" \/><\/a>    Das Caf\u00e9 Duo hat als Pop-up nahe der Hafentreppe in Offenbach er&ouml;ffnet. Der Strawberry Iced Matcha Latte entwickelt sich schnell zum Hit.<br clear=\"all\" \/>   <\/p>\n   <div><span class=\"my_article_details\"><time datetime=\"2026-09-01\">01.09.2026<\/time> &middot; <\/span><a href=\"https:\/\/www.op-online.de\/offenbach\/renner-cafe-duo-am-offenbacher-hafen-strawberry-matcha-wird-zum-94468170.html\" title=\"Link zum Artikel auf op-online.de\" target=\"_blank\">op-online.de<\/a><\/div>\n  <\/div>\n <\/article>\n <\/div>\n <div class=\"post\" style=\"margin-bottom:40px;\">\n <article>\n  <h3><a name=\"a9f761ed\" href=\"https:\/\/www.op-online.de\/offenbach\/sophie-von-la-roche-schriftstellerin-vermittlerin-und-aussergewoehnliche-persoenlichkeit-94468345.html\" style=\"color:#333333;\" target=\"_blank\">Sophie von La Roche: Schriftstellerin, Vermittlerin und au\u00dfergew\u00f6hnliche Pers\u00f6nlichkeit<\/a><\/h3>\n  <div class=\"entry\">\n   <p style=\"margin-bottom:4px;\">\n   <a href=\"https:\/\/www.op-online.de\/offenbach\/sophie-von-la-roche-schriftstellerin-vermittlerin-und-aussergewoehnliche-persoenlichkeit-94468345.html\" target=\"_blank\"><img decoding=\"async\" src=\"https:\/\/www.op-online.de\/assets\/images\/43\/908\/43908056-ein-graffiti-von-sophie-von-la-roche-ziert-das-trafohauschen-am-buesingpark-1uef.jpg\" style=\"align:left !important; float:left !important; margin-top:4px !important; margin-right:8px !important; margin-bottom:4px !important; width:90px !important;\" \/><\/a>    Die Schriftstellerin lebte von 1788 bis zu ihrem Tod 1807 in der Domstra&szlig;e 23 in Offenbach \u2013 ein Gedenkstein im B&uuml;singpark erinnert bis heute an sie<br clear=\"all\" \/>   <\/p>\n   <div><span class=\"my_article_details\"><time datetime=\"2026-09-01\">01.09.2026<\/time> &middot; <\/span><a href=\"https:\/\/www.op-online.de\/offenbach\/sophie-von-la-roche-schriftstellerin-vermittlerin-und-aussergewoehnliche-persoenlichkeit-94468345.html\" title=\"Link zum Artikel auf op-online.de\" target=\"_blank\">op-online.de<\/a><\/div>\n  <\/div>\n <\/article>\n <\/div>\n <b>Mehr <a href=\"\/news\/offenbach-nachrichten\" title=\"Offenbach Nachrichten\">Offenbach-Nachrichten<\/a> ...<\/b>\n<\/div>\n<br \/>\n\n<div style=\"background-color:#efffef; margin-top:15px; margin-bottom:15px; padding:10px; text-align:left; word-wrap:break-word;\">\n<h2 style=\"margin:0px; margin-bottom:20px;\">Aktuelle Polizeimeldungen aus Neu-Isenburgs Umgebung<\/h2>\n <div class=\"post\" style=\"margin-bottom:40px;\">\n <article>\n  <h3><a href=\"https:\/\/www.presseportal.de\/blaulicht\/pm\/43561\/6344496\" style=\"color:#000000; font-weight:bold;\" target=\"_blank\">Polizei Offenbach am Main: Pressemeldungen vom 02.09.2026<\/a><\/h3>\n  <div class=\"entry\">\n   <p style=\"margin-bottom:4px;\">   <a name=\"bdd58118\" href=\"https:\/\/www.presseportal.de\/blaulicht\/pm\/43561\/6344496\" target=\"_blank\"><img decoding=\"async\" src=\"\/feeds\/gfx\/POL-OF.jpg\" style=\"align:left !important; float:left !important; margin-top:4px !important; margin-right:8px !important; margin-bottom:4px !important; width:90px !important;\" \/><\/a>    ... <b>1. Grillplatzbesucher mit Pfefferspray besprueht: Zeugen gesucht! - <a href=\"\/news\/offenbach-polizeimeldungen\" title=\"Polizeieins\u00e4tze Offenbach\">Offenbach<\/a><\/b>   (cb) Mehrere Besucher eines Grillplatzes in der Mainstra\u00dfe erlitten am Dienstagabend leichte Verletzungen, nachdem ein Unbekannter sie mit Pfefferspray bespr\u00fcht hatte. Nach dem derzeitigen Stand der Ermittlungen n\u00e4herte sich der 30 bis 40 Jahre alte T\u00e4ter ...<br clear=\"all\" \/><\/p><p style=\"margin-top:8px; margin-bottom:4px;\"><a href=\"https:\/\/www.presseportal.de\/blaulicht\/pm\/43561\/6344496\" target=\"_blank\"><img decoding=\"async\" src=\"\/feeds\/gfx\/POL-OF.jpg\" style=\"align:left !important; float:left !important; margin-top:4px !important; margin-right:8px !important; margin-bottom:4px !important; width:90px !important;\" \/><\/a> ... <b>2. Auseinandersetzung auf Parkplatz: Zeugen bitte melden! - <a href=\"\/news\/offenbach-polizeimeldungen\" title=\"Polizeieins\u00e4tze Offenbach\">Offenbach<\/a><\/b>   (cb) Am Dienstagnachmittag, gegen 16.10 Uhr, soll es auf einem Parkplatz in der Rowentastra\u00dfe (einstellige Hausnummern) zu einer Auseinandersetzung zwischen zwei M\u00e4nnern gekommen sein, weshalb die Polizei die Ermittlungen aufgenommen hat. Kurz zuvor soll ...<br clear=\"all\" \/><\/p><p style=\"margin-top:8px; margin-bottom:4px;\"><a href=\"https:\/\/www.presseportal.de\/blaulicht\/pm\/43561\/6344496\" target=\"_blank\"><img decoding=\"async\" src=\"\/feeds\/gfx\/POL-OF.jpg\" style=\"align:left !important; float:left !important; margin-top:4px !important; margin-right:8px !important; margin-bottom:4px !important; width:90px !important;\" \/><\/a> ... <b>3. Zeugensuche nach Wohnungseinbruch - <a href=\"\/news\/offenbach-polizeimeldungen\" title=\"Polizeieins\u00e4tze Offenbach\">Offenbach<\/a><\/b>   (cb) Nachdem vier Unbekannte am Dienstagabend in die Wohnung eines Mehrfamilienhauses in der Krafftstra\u00dfe (einstellige Hausnummern) eingedrungen waren, suchen die Beamten der Kripo Zeugen der Tat. Nach dem derzeitigen Stand der Ermittlungen verschaffte sich ...<br clear=\"all\" \/><\/p><p style=\"margin-top:8px; margin-bottom:4px;\"><a href=\"https:\/\/www.presseportal.de\/blaulicht\/pm\/43561\/6344496\" target=\"_blank\"><img decoding=\"async\" src=\"\/feeds\/gfx\/POL-OF.jpg\" style=\"align:left !important; float:left !important; margin-top:4px !important; margin-right:8px !important; margin-bottom:4px !important; width:90px !important;\" \/><\/a> ... <b>4. Zeugensuche nach Einbruch in Gastst\u00e4tte - <a href=\"\/news\/dreieich-polizeimeldungen\" title=\"Polizeieins\u00e4tze Dreieich\">Dreieich<\/a><\/b>   (fg) Wer hat am Dienstagmorgen, zwischen 1.20 Uhr und 1.40 Uhr, in der Hainer Chaussee (20er-Hausnummern) verd\u00e4chtige Personen oder Beobachtungen gemacht? Nach einem Einbruch in die Gastst\u00e4tte eines Tennisclubs bittet die Polizei um Hinweise aus der Bev\u00f6lkerung. ...<br clear=\"all\" \/><\/p><p style=\"margin-top:8px; margin-bottom:4px;\"><a href=\"https:\/\/www.presseportal.de\/blaulicht\/pm\/43561\/6344496\" target=\"_blank\"><img decoding=\"async\" src=\"\/feeds\/gfx\/POL-OF.jpg\" style=\"align:left !important; float:left !important; margin-top:4px !important; margin-right:8px !important; margin-bottom:4px !important; width:90px !important;\" \/><\/a> ... <b>5. Trio fluechtete mit Kabel von der Lades\u00e4ule: Hinweise erbeten - <a href=\"\/news\/egelsbach-polizeimeldungen\" title=\"Polizeieins\u00e4tze Egelsbach\">Egelsbach<\/a><\/b>   (cb) Sie sollen das Ladekabel einer E-Lades\u00e4ule durchtrennt und das Kabel mitgenommen haben: So lautet der Vorwurf gegen drei bislang Unbekannte. W\u00e4hrend am Dienstagabend einer der T\u00e4ter in einem wei\u00dfen Audi wartete, begaben sich seine zwei Komplizen zu der ...<br clear=\"all\" \/><\/p><p style=\"margin-top:8px; margin-bottom:4px;\"><a href=\"https:\/\/www.presseportal.de\/blaulicht\/pm\/43561\/6344496\" target=\"_blank\"><img decoding=\"async\" src=\"\/feeds\/gfx\/POL-OF.jpg\" style=\"align:left !important; float:left !important; margin-top:4px !important; margin-right:8px !important; margin-bottom:4px !important; width:90px !important;\" \/><\/a> ... <b>6. Drei Leichtverletzte nach Auffahrunfall auf der Landesstra\u00dfe 2310 - <a href=\"\/news\/seligenstadt-polizeimeldungen\" title=\"Polizeieins\u00e4tze Seligenstadt\">Seligenstadt<\/a><\/b>   (fg) Drei Leichtverletzte und ein Schaden von rund 9.000 Euro sind die Bilanz eines Unfalls, der sich am Dienstagabend, gegen 20.40 Uhr, auf der Landesstra\u00dfe 2310 zwischen Froschhausen und der Bundesstra\u00dfe 45 in H\u00f6he der Tank- und Rastanlage Weiskirchen ereignet ...<br clear=\"all\" \/>   <\/p>\n   <div><span class=\"my_article_details\"><time datetime=\"2026-09-02\">02.09.2026<\/time> &middot; <\/span><a href=\"https:\/\/www.presseportal.de\/blaulicht\/pm\/43561\/6344496\" title=\"Link zum Artikel auf presseportal.de\" target=\"_blank\">presseportal.de<\/a><\/div>\n  <\/div>\n <\/article>\n <\/div>\n <div class=\"post\" style=\"margin-bottom:40px;\">\n <article>\n  <h3><a href=\"https:\/\/www.presseportal.de\/blaulicht\/pm\/43561\/6343509\" style=\"color:#000000; font-weight:bold;\" target=\"_blank\">Polizei Offenbach am Main: Pressemeldungen vom 01.09.2026<\/a><\/h3>\n  <div class=\"entry\">\n   <p style=\"margin-bottom:4px;\">   <a name=\"e256ef85\" href=\"https:\/\/www.presseportal.de\/blaulicht\/pm\/43561\/6343509\" target=\"_blank\"><img decoding=\"async\" src=\"\/feeds\/gfx\/POL-OF.jpg\" style=\"align:left !important; float:left !important; margin-top:4px !important; margin-right:8px !important; margin-bottom:4px !important; width:90px !important;\" \/><\/a>    ... <b>1. Wei\u00dfer Mercedes soll rueckw\u00e4rtigen Verkehr ausgebremst haben: Zeugen bitte melden! - Autobahn 3 \/ Rodgau<\/b>   (cb) Die Beamten der Polizeiautobahnstation S\u00fcdosthessen suchen nach einer Verkehrsunfallflucht, die sich am Samstagnachmittag auf der Autobahn 3 im Bereich der Anschlussstelle Hanau ereignet haben soll, Zeugen. Nach dem bisherigen Ermittlungsstand befuhr ...<br clear=\"all\" \/><\/p><p style=\"margin-top:8px; margin-bottom:4px;\"><a href=\"https:\/\/www.presseportal.de\/blaulicht\/pm\/43561\/6343509\" target=\"_blank\"><img decoding=\"async\" src=\"\/feeds\/gfx\/POL-OF.jpg\" style=\"align:left !important; float:left !important; margin-top:4px !important; margin-right:8px !important; margin-bottom:4px !important; width:90px !important;\" \/><\/a> ... <b>2. Ausbildungskontrolle auf der Bundesstra\u00dfe 448: Dacia-Fahrerin deutlich zu schnell unterwegs - <a href=\"\/news\/offenbach-polizeimeldungen\" title=\"Polizeieins\u00e4tze Offenbach\">Offenbach<\/a><\/b>   (fg) Am Montag f\u00fchrten Beamtinnen und Beamten des Sachgebiets Verkehrs\u00fcberwachung \/ Verkehrselektronik gemeinsam mit Polizeianw\u00e4rterinnen und Polizeianw\u00e4rtern im Rahmen einer Ausbildungskontrolle eine Geschwindigkeitsmessung am Ausbauende der Bundesstra\u00dfe ...<br clear=\"all\" \/><\/p><p style=\"margin-top:8px; margin-bottom:4px;\"><a href=\"https:\/\/www.presseportal.de\/blaulicht\/pm\/43561\/6343509\" target=\"_blank\"><img decoding=\"async\" src=\"\/feeds\/gfx\/POL-OF.jpg\" style=\"align:left !important; float:left !important; margin-top:4px !important; margin-right:8px !important; margin-bottom:4px !important; width:90px !important;\" \/><\/a> ... <b>3. Unfallzeugen bitte melden - <a href=\"\/news\/dietzenbach-polizeimeldungen\" title=\"Polizeieins\u00e4tze Dietzenbach\">Dietzenbach<\/a><\/b>   (cb) Kratzer und Dellen mit einer Schadensh\u00f6he von etwa 2.000 Euro weist seit kurzem ein VW auf. Der Wagen mit F-Kennzeichen war zwischen Sonntag, 20 Uhr und Montag, 7.30 Uhr, am Fahrbahnrand der Stra\u00dfe \"Kind\u00e4cker Weg\" (einstellige Hausnummern) abgestellt. ...<br clear=\"all\" \/><\/p><p style=\"margin-top:8px; margin-bottom:4px;\"><a href=\"https:\/\/www.presseportal.de\/blaulicht\/pm\/43561\/6343509\" target=\"_blank\"><img decoding=\"async\" src=\"\/feeds\/gfx\/POL-OF.jpg\" style=\"align:left !important; float:left !important; margin-top:4px !important; margin-right:8px !important; margin-bottom:4px !important; width:90px !important;\" \/><\/a> ... <b>4. Eingangstuer und Automaten aufgehebelt: Zeugensuche! - <a href=\"\/news\/dietzenbach-polizeimeldungen\" title=\"Polizeieins\u00e4tze Dietzenbach\">Dietzenbach<\/a><\/b>   (fg) Wer am Montagmorgen, gegen 4.50 Uhr, im Bereich einer Spielhalle in der Paul-Ehrlich-Stra\u00dfe (einstellige Hausnummern) unterwegs war, k\u00f6nnte wichtige Beobachtungen gemacht haben. Denn die Polizei ermittelt nach einem Einbruch und hofft dabei auf Hinweise ...<br clear=\"all\" \/><\/p><p style=\"margin-top:8px; margin-bottom:4px;\"><a href=\"https:\/\/www.presseportal.de\/blaulicht\/pm\/43561\/6343509\" target=\"_blank\"><img decoding=\"async\" src=\"\/feeds\/gfx\/POL-OF.jpg\" style=\"align:left !important; float:left !important; margin-top:4px !important; margin-right:8px !important; margin-bottom:4px !important; width:90px !important;\" \/><\/a> ... <b>7. Fenster von Schule besch\u00e4digt: Polizei ermittelt und bittet um Hinweise - <a href=\"\/news\/seligenstadt-polizeimeldungen\" title=\"Polizeieins\u00e4tze Seligenstadt\">Seligenstadt<\/a><\/b>   (me) Wegen des Verdachts der Sachbesch\u00e4digung und des Hausfriedensbruchs ermittelt derzeit die Polizei, nachdem sich ein Unbekannter zwischen Freitag, 18 Uhr und Montag, 8.30 Uhr, widerrechtlich auf das Dach einer Schule in der Einhardstra\u00dfe begeben und dort ...<br clear=\"all\" \/><\/p><p style=\"margin-top:8px; margin-bottom:4px;\"><a href=\"https:\/\/www.presseportal.de\/blaulicht\/pm\/43561\/6343509\" target=\"_blank\"><img decoding=\"async\" src=\"\/feeds\/gfx\/POL-OF.jpg\" style=\"align:left !important; float:left !important; margin-top:4px !important; margin-right:8px !important; margin-bottom:4px !important; width:90px !important;\" \/><\/a> ... <b>8. 32-J\u00e4hrige soll Busfahrer beleidigt haben: Ermittlungen eingeleitet - <a href=\"\/news\/seligenstadt-polizeimeldungen\" title=\"Polizeieins\u00e4tze Seligenstadt\">Seligenstadt<\/a><\/b>   (cb) Noch unklar sind die Hintergr\u00fcnde eines Vorfalls, der sich am Montagnachmittag in der Linie 86 am Seligenst\u00e4dter Bahnhof ereignet hat. Die Polizei hat Ermittlungen gegen eine 32-J\u00e4hrige eingeleitet, die den Busfahrer mehrfach in ausl\u00e4ndischer Sprache ...<br clear=\"all\" \/>   <\/p>\n   <div><span class=\"my_article_details\"><time datetime=\"2026-09-01\">01.09.2026<\/time> &middot; <\/span><a href=\"https:\/\/www.presseportal.de\/blaulicht\/pm\/43561\/6343509\" title=\"Link zum Artikel auf presseportal.de\" target=\"_blank\">presseportal.de<\/a><\/div>\n  <\/div>\n <\/article>\n <\/div>\n <div class=\"post\" style=\"margin-bottom:40px;\">\n <article>\n  <h3><a href=\"https:\/\/www.presseportal.de\/blaulicht\/pm\/43561\/6342886\" style=\"color:#000000; font-weight:bold;\" target=\"_blank\">Polizei Offenbach am Main: Pressemeldungen vom 31.08.2026<\/a><\/h3>\n  <div class=\"entry\">\n   <p style=\"margin-bottom:4px;\">   <a name=\"22c8a8db\" href=\"https:\/\/www.presseportal.de\/blaulicht\/pm\/43561\/6342886\" target=\"_blank\"><img decoding=\"async\" src=\"\/feeds\/gfx\/POL-OF.jpg\" style=\"align:left !important; float:left !important; margin-top:4px !important; margin-right:8px !important; margin-bottom:4px !important; width:90px !important;\" \/><\/a>    ... <b>1. Schnelle Festnahme eines 41-J\u00e4hrigen - <a href=\"\/news\/offenbach-polizeimeldungen\" title=\"Polizeieins\u00e4tze Offenbach\">Offenbach<\/a><\/b>   (me) Er soll einer Fu\u00dfg\u00e4ngerin am Sonntagmorgen beim Vorbeilaufen an ihr Ges\u00e4\u00df gefasst haben: So die Vorw\u00fcrfe gegen einen 31 Jahre alten Mann, den Beamte aus Offenbach z\u00fcgig vorl\u00e4ufig festnahmen. Gegen den 31-J\u00e4hrigen wird nun wegen des Verdachts der sexuellen ...<br clear=\"all\" \/><\/p><p style=\"margin-top:8px; margin-bottom:4px;\"><a href=\"https:\/\/www.presseportal.de\/blaulicht\/pm\/43561\/6342886\" target=\"_blank\"><img decoding=\"async\" src=\"\/feeds\/gfx\/POL-OF.jpg\" style=\"align:left !important; float:left !important; margin-top:4px !important; margin-right:8px !important; margin-bottom:4px !important; width:90px !important;\" \/><\/a> ... <b>2. Einbrecher erbeuteten Tresor: Wer hat etwas gesehen? - <a href=\"\/news\/dietzenbach-polizeimeldungen\" title=\"Polizeieins\u00e4tze Dietzenbach\">Dietzenbach<\/a><\/b>   (fg) Einbrecher waren am Sonntagmorgen in einer Gastst\u00e4tte in der Offenbacher Stra\u00dfe (10er-Hausnummern) zugange und entwendeten einen Tresor. Die Kriminalpolizei hat die Ermittlungen \u00fcbernommen und sucht nun nach Zeugen. Zwischen Mitternacht und 5 Uhr verschafften ...<br clear=\"all\" \/><\/p><p style=\"margin-top:8px; margin-bottom:4px;\"><a href=\"https:\/\/www.presseportal.de\/blaulicht\/pm\/43561\/6342886\" target=\"_blank\"><img decoding=\"async\" src=\"\/feeds\/gfx\/POL-OF.jpg\" style=\"align:left !important; float:left !important; margin-top:4px !important; margin-right:8px !important; margin-bottom:4px !important; width:90px !important;\" \/><\/a> ... <b>5. VW Sharan besch\u00e4digt: Wer sah die Unfallflucht? - <a href=\"\/news\/roedermark-polizeimeldungen\" title=\"Polizeieins\u00e4tze R\u00f6dermark\">R\u00f6dermark<\/a><\/b>   (fg) Nach einer Verkehrsunfallflucht im Bereich der Stra\u00dfen \"Auf d. Tiefen Wiese\" \/ Feldstra\u00dfe, bei der ein Schaden von rund 6.000 Euro entstand, ermittelt die Polizei und sucht nach Zeugen. Nach bisherigen Erkenntnissen d\u00fcrfte sich die Tat am Sonntagmorgen, ...<br clear=\"all\" \/><\/p><p style=\"margin-top:8px; margin-bottom:4px;\"><a href=\"https:\/\/www.presseportal.de\/blaulicht\/pm\/43561\/6342886\" target=\"_blank\"><img decoding=\"async\" src=\"\/feeds\/gfx\/POL-OF.jpg\" style=\"align:left !important; float:left !important; margin-top:4px !important; margin-right:8px !important; margin-bottom:4px !important; width:90px !important;\" \/><\/a> ... <b>6. Zeugensuche: Hakenkreuze und Symbole im Treppenhaus - <a href=\"\/news\/langen-polizeimeldungen\" title=\"Polizeieins\u00e4tze Langen\">Langen<\/a><\/b>   (cb) Die Beamten der Staatsschutzabteilung suchen Zeugen einer Tat, welche sich zwischen Samstag, 13 Uhr und Sonntag, 12 Uhr, ereignete. Demnach haben bis dato Unbekannte mehrere Hakenkreuze und rassistische Symbole in das Treppenhaus eines Hochhauses in ...<br clear=\"all\" \/><\/p><p style=\"margin-top:8px; margin-bottom:4px;\"><a href=\"https:\/\/www.presseportal.de\/blaulicht\/pm\/43561\/6342886\" target=\"_blank\"><img decoding=\"async\" src=\"\/feeds\/gfx\/POL-OF.jpg\" style=\"align:left !important; float:left !important; margin-top:4px !important; margin-right:8px !important; margin-bottom:4px !important; width:90px !important;\" \/><\/a> ... <b>7. Gauner machte sich an Zweir\u00e4dern zu schaffen: Polizei bittet um Hinweise - <a href=\"\/news\/langen-polizeimeldungen\" title=\"Polizeieins\u00e4tze Langen\">Langen<\/a><\/b>   (me) Nachdem ein Unbekannter sich mutma\u00dflich \u00fcber das Wochenende an mehreren, in einer Tiefgarage stehenden Zweir\u00e4dern zu schaffen gemacht und eines von ihnen entwendet hatte, ermittelt die Polizei und bittet in diesem Zusammenhang um Hinweise. Neben einer ...<br clear=\"all\" \/><\/p><p style=\"margin-top:8px; margin-bottom:4px;\"><a href=\"https:\/\/www.presseportal.de\/blaulicht\/pm\/43561\/6342886\" target=\"_blank\"><img decoding=\"async\" src=\"\/feeds\/gfx\/POL-OF.jpg\" style=\"align:left !important; float:left !important; margin-top:4px !important; margin-right:8px !important; margin-bottom:4px !important; width:90px !important;\" \/><\/a> ... <b>8. Bargeld und Schmuck aus Wohnung geklaut: Polizei sucht Dieb mit Personenbeschreibung - <a href=\"\/news\/langen-polizeimeldungen\" title=\"Polizeieins\u00e4tze Langen\">Langen<\/a><\/b>   (me) In einem Mehrfamilienhaus in der Stra\u00dfe \"Im Singes\" in den dortigen einstelligen Hausnummern kam es am Freitag, gegen 20.45 Uhr, zu einem Diebstahl von Bargeld und Schmuck. Nach dem bisherigen Stand der Ermittlungen verschaffte sich ein etwa 30 Jahre ...<br clear=\"all\" \/><\/p><p style=\"margin-top:8px; margin-bottom:4px;\"><a href=\"https:\/\/www.presseportal.de\/blaulicht\/pm\/43561\/6342886\" target=\"_blank\"><img decoding=\"async\" src=\"\/feeds\/gfx\/POL-OF.jpg\" style=\"align:left !important; float:left !important; margin-top:4px !important; margin-right:8px !important; margin-bottom:4px !important; width:90px !important;\" \/><\/a> ... <b>9. Motorrad bei Diebstahlversuch besch\u00e4digt und zurueckgelassen - <a href=\"\/news\/hainburg-polizeimeldungen\" title=\"Polizeieins\u00e4tze Hainburg\">Hainburg<\/a><\/b>   (me) Ein bislang noch unbekanntes Gauner-Duo musste am fr\u00fchen Montagmorgen das Objekt ihrer Begierde zur\u00fccklassen. Nach den bisherigen Erkenntnissen machten sich die beiden gegen 1 Uhr an einem in der Ludwig-Erhard-Stra\u00dfe abgestellten Zweirad zu schaffen. ...<br clear=\"all\" \/><\/p><p style=\"margin-top:8px; margin-bottom:4px;\"><a href=\"https:\/\/www.presseportal.de\/blaulicht\/pm\/43561\/6342886\" target=\"_blank\"><img decoding=\"async\" src=\"\/feeds\/gfx\/POL-OF.jpg\" style=\"align:left !important; float:left !important; margin-top:4px !important; margin-right:8px !important; margin-bottom:4px !important; width:90px !important;\" \/><\/a> ... <b>10. Mercedes beim Ein- oder Ausparken besch\u00e4digt: Polizei sucht nach Zeugen - <a href=\"\/news\/seligenstadt-polizeimeldungen\" title=\"Polizeieins\u00e4tze Seligenstadt\">Seligenstadt<\/a><\/b>   (me) Die Beamten aus der Giselastra\u00dfe suchen nach einer Verkehrsunfallflucht vom Dienstag (25. August) weiterhin nach Zeugen des Zusammensto\u00dfes. Zwischen 7.30 Uhr und 16.50 Uhr fuhr der Unbekannte mit seinem Wagen, mutma\u00dflich beim Ein- oder Ausparken, gegen ...<br clear=\"all\" \/>   <\/p>\n   <div><span class=\"my_article_details\"><time datetime=\"2026-08-31\">31.08.2026<\/time> &middot; <\/span><a href=\"https:\/\/www.presseportal.de\/blaulicht\/pm\/43561\/6342886\" title=\"Link zum Artikel auf presseportal.de\" target=\"_blank\">presseportal.de<\/a><\/div>\n  <\/div>\n <\/article>\n <\/div>\n <div class=\"post\" style=\"margin-bottom:40px;\">\n <article>\n  <h3><a href=\"https:\/\/www.presseportal.de\/blaulicht\/pm\/43561\/6341976\" style=\"color:#000000; font-weight:bold;\" target=\"_blank\">Polizei Offenbach am Main: Pressemeldungen vom 29.08.2026<\/a><\/h3>\n  <div class=\"entry\">\n   <p style=\"margin-bottom:4px;\">   <a name=\"08b3235c\" href=\"https:\/\/www.presseportal.de\/blaulicht\/pm\/43561\/6341976\" target=\"_blank\"><img decoding=\"async\" src=\"\/feeds\/gfx\/POL-OF.jpg\" style=\"align:left !important; float:left !important; margin-top:4px !important; margin-right:8px !important; margin-bottom:4px !important; width:90px !important;\" \/><\/a>    ... <b>Wer hat das Fahrverhalten des Fiats beobachtet und wurde       m\u00f6glicherweise gef\u00e4hrdet?     - Wer hat im Bereich des Autobahnkreuzes Bad Homburg<\/b>      m\u00f6glicherweise das  ...<br clear=\"all\" \/>   <\/p>\n   <div><span class=\"my_article_details\"><time datetime=\"2026-08-29\">29.08.2026<\/time> &middot; <\/span><a href=\"https:\/\/www.presseportal.de\/blaulicht\/pm\/43561\/6341976\" title=\"Link zum Artikel auf presseportal.de\" target=\"_blank\">presseportal.de<\/a><\/div>\n  <\/div>\n <\/article>\n <\/div>\n <div class=\"post\" style=\"margin-bottom:40px;\">\n <article>\n  <h3><a href=\"https:\/\/www.presseportal.de\/blaulicht\/pm\/43561\/6341570\" style=\"color:#000000; font-weight:bold;\" target=\"_blank\">Polizei Offenbach am Main: Pressemeldungen vom 28.08.2026<\/a><\/h3>\n  <div class=\"entry\">\n   <p style=\"margin-bottom:4px;\">   <a name=\"dab11ac5\" href=\"https:\/\/www.presseportal.de\/blaulicht\/pm\/43561\/6341570\" target=\"_blank\"><img decoding=\"async\" src=\"\/feeds\/gfx\/POL-OF.jpg\" style=\"align:left !important; float:left !important; margin-top:4px !important; margin-right:8px !important; margin-bottom:4px !important; width:90px !important;\" \/><\/a>    ... <b>1. Zeugensuche nach Koerperverletzung in der Kaiserstra\u00dfe - <a href=\"\/news\/offenbach-polizeimeldungen\" title=\"Polizeieins\u00e4tze Offenbach\">Offenbach<\/a><\/b>   (fg) Die Polizei war am Donnerstagnachmittag, gegen 13.15 Uhr, in der Kaiserstra\u00dfe (50er-Hausnummern) im Einsatz, ermittelt nun wegen des Verdachts der K\u00f6rperverletzung und sucht nach Zeugen. Ein 44-J\u00e4hriger habe das dortige \"Rauchercaf\u00e9\" zun\u00e4chst betreten, ...<br clear=\"all\" \/><\/p><p style=\"margin-top:8px; margin-bottom:4px;\"><a href=\"https:\/\/www.presseportal.de\/blaulicht\/pm\/43561\/6341570\" target=\"_blank\"><img decoding=\"async\" src=\"\/feeds\/gfx\/POL-OF.jpg\" style=\"align:left !important; float:left !important; margin-top:4px !important; margin-right:8px !important; margin-bottom:4px !important; width:90px !important;\" \/><\/a> ... <b>2. Nach mutma\u00dflichem Diebstahl: Verd\u00e4chtige kam aufgrund eines bestehenden Haftbefehls in JVA - <a href=\"\/news\/offenbach-polizeimeldungen\" title=\"Polizeieins\u00e4tze Offenbach\">Offenbach<\/a><\/b>   (fg) Sie soll mit ihrem Begleiter aus einem in der Renovierung befindlichen Geb\u00e4ude in der Dieselstra\u00dfe (30er-Hausnummern) am Donnerstagnachmittag, gegen 13.30 Uhr, einen Kinderwagen und ein Golfschl\u00e4gerset entwendet haben. Anschlie\u00dfend sei das Duo mit der ...<br clear=\"all\" \/><\/p><p style=\"margin-top:8px; margin-bottom:4px;\"><a href=\"https:\/\/www.presseportal.de\/blaulicht\/pm\/43561\/6341570\" target=\"_blank\"><img decoding=\"async\" src=\"\/feeds\/gfx\/POL-OF.jpg\" style=\"align:left !important; float:left !important; margin-top:4px !important; margin-right:8px !important; margin-bottom:4px !important; width:90px !important;\" \/><\/a> ... <b>6. Baumstamm in Brand gesetzt: Wer hat etwas gesehen? - <a href=\"\/news\/muehlheim-polizeimeldungen\" title=\"Polizeieins\u00e4tze M\u00fchlheim\">M\u00fchlheim am Main<\/a><\/b>   (fg) In Dietesheim in der Stra\u00dfe \"Am Hansteinweiher\" haben Unbekannte in einem dortigen Naherholungsgebiet nahe einer Aussichtsplattform offenbar einen abgelegten Baumstamm in Brand gesetzt. Feuerwehr und Polizei waren am Donnerstagmorgen, gegen 8.25 Uhr, ...<br clear=\"all\" \/><\/p><p style=\"margin-top:8px; margin-bottom:4px;\"><a href=\"https:\/\/www.presseportal.de\/blaulicht\/pm\/43561\/6341570\" target=\"_blank\"><img decoding=\"async\" src=\"\/feeds\/gfx\/POL-OF.jpg\" style=\"align:left !important; float:left !important; margin-top:4px !important; margin-right:8px !important; margin-bottom:4px !important; width:90px !important;\" \/><\/a> ... <b>7. Vermisste wieder da - <a href=\"\/news\/muehlheim-polizeimeldungen\" title=\"Polizeieins\u00e4tze M\u00fchlheim\">M\u00fchlheim am Main<\/a><\/b>   (cb) Die seit Freitag (21. August) vermisste 13-J\u00e4hrige konnte wohlbehalten angetroffen werden. Die Fahndung nach ihr wird daher zur\u00fcckgenommen. ...<br clear=\"all\" \/><\/p><p style=\"margin-top:8px; margin-bottom:4px;\"><a href=\"https:\/\/www.presseportal.de\/blaulicht\/pm\/43561\/6341570\" target=\"_blank\"><img decoding=\"async\" src=\"\/feeds\/gfx\/POL-OF.jpg\" style=\"align:left !important; float:left !important; margin-top:4px !important; margin-right:8px !important; margin-bottom:4px !important; width:90px !important;\" \/><\/a> ... <b>8. Kupferkabel von Einbrechern mitgenommen: Zeugen gesucht! - <a href=\"\/news\/obertshausen-polizeimeldungen\" title=\"Polizeieins\u00e4tze Obertshausen\">Obertshausen<\/a><\/b>   (cb) Kupferkabel im Wert von knapp 5.000 Euro nahmen Einbrecher mit, nachdem sie in ein Firmengeb\u00e4ude in der Feldstra\u00dfe (10er-Hausnummern) eingedrungen waren. Hierzu hebelten sie zwischen Mittwoch (19. August) und Sonntag die Zugangst\u00fcr auf und begaben sich ...<br clear=\"all\" \/><\/p><p style=\"margin-top:8px; margin-bottom:4px;\"><a href=\"https:\/\/www.presseportal.de\/blaulicht\/pm\/43561\/6341570\" target=\"_blank\"><img decoding=\"async\" src=\"\/feeds\/gfx\/POL-OF.jpg\" style=\"align:left !important; float:left !important; margin-top:4px !important; margin-right:8px !important; margin-bottom:4px !important; width:90px !important;\" \/><\/a> ... <b>9. Ford Transit durch Baum besch\u00e4digt: Hinweise erbeten! - <a href=\"\/news\/rodgau-polizeimeldungen\" title=\"Polizeieins\u00e4tze Rodgau\">Rodgau<\/a><\/b>   (cb) Ein Ford Transit, der am Fahrbahnrand der Odenwaldstra\u00dfe geparkt war, wurde am Donnerstag durch einen umgest\u00fcrzten Baum besch\u00e4digt. Nach dem bisherigen Stand der Ermittlungen streifte ein bislang unbekannter Fahrzeuglenker zwischen 13.30 Uhr und 20.30 ...<br clear=\"all\" \/><\/p><p style=\"margin-top:8px; margin-bottom:4px;\"><a href=\"https:\/\/www.presseportal.de\/blaulicht\/pm\/43561\/6341570\" target=\"_blank\"><img decoding=\"async\" src=\"\/feeds\/gfx\/POL-OF.jpg\" style=\"align:left !important; float:left !important; margin-top:4px !important; margin-right:8px !important; margin-bottom:4px !important; width:90px !important;\" \/><\/a> ... <b>10. Betruegerisches Trio floh mit Halskette: Zeugen gesucht! - <a href=\"\/news\/rodgau-polizeimeldungen\" title=\"Polizeieins\u00e4tze Rodgau\">Rodgau<\/a><\/b>   (cb) Mit einer Halskette im Wert von etwa 300 Euro floh ein Betr\u00fcger-Trio am Mittwoch, nachdem es diese einer 83-j\u00e4hrigen Rodgauerin abgenommen hatte. Zun\u00e4chst sprachen die Unbekannten, es handelte sich um zwei Frauen und einen Mann, die Rentnerin auf der ...<br clear=\"all\" \/>   <\/p>\n   <div><span class=\"my_article_details\"><time datetime=\"2026-08-28\">28.08.2026<\/time> &middot; <\/span><a href=\"https:\/\/www.presseportal.de\/blaulicht\/pm\/43561\/6341570\" title=\"Link zum Artikel auf presseportal.de\" target=\"_blank\">presseportal.de<\/a><\/div>\n  <\/div>\n <\/article>\n <\/div>\n <div class=\"post\" style=\"margin-bottom:40px;\">\n <article>\n  <h3><a href=\"https:\/\/www.presseportal.de\/blaulicht\/pm\/43561\/6340896\" style=\"color:#000000; font-weight:bold;\" target=\"_blank\">Polizei Offenbach am Main: Pressemeldungen vom 27.08.2026<\/a><\/h3>\n  <div class=\"entry\">\n   <p style=\"margin-bottom:4px;\">   <a name=\"cc078705\" href=\"https:\/\/www.presseportal.de\/blaulicht\/pm\/43561\/6340896\" target=\"_blank\"><img decoding=\"async\" src=\"\/feeds\/gfx\/POL-OF.jpg\" style=\"align:left !important; float:left !important; margin-top:4px !important; margin-right:8px !important; margin-bottom:4px !important; width:90px !important;\" \/><\/a>    ... <b>1. Motorradfahrer kam nach Alleinunfall mit schweren Verletzungen in Krankenhaus - Autobahn 3 \/ Parkplatz Hainbach<\/b>   (fg) Am Donnerstagmorgen, gegen 9.25 Uhr, ereignete sich auf der Autobahn 3 in Fahrtrichtung Frankfurt kurz vor dem Offenbacher Kreuz ein Alleinunfall. Nach bisherigen Erkenntnissen befuhr ein 21 Jahre alter Motorradfahrer den freigegebenen Seitenstreifen ...<br clear=\"all\" \/><\/p><p style=\"margin-top:8px; margin-bottom:4px;\"><a href=\"https:\/\/www.presseportal.de\/blaulicht\/pm\/43561\/6340896\" target=\"_blank\"><img decoding=\"async\" src=\"\/feeds\/gfx\/POL-OF.jpg\" style=\"align:left !important; float:left !important; margin-top:4px !important; margin-right:8px !important; margin-bottom:4px !important; width:90px !important;\" \/><\/a> ... <b>2. Zeugensuche nach Beleidigung und Bedrohung im Stra\u00dfenverkehr - <a href=\"\/news\/offenbach-polizeimeldungen\" title=\"Polizeieins\u00e4tze Offenbach\">Offenbach<\/a><\/b>   (fg) Nach einem Vorfall im Stra\u00dfenverkehr am Mittwochnachmittag, gegen 15.20 Uhr, in der Bieberer Stra\u00dfe ermittelt die Polizei und sucht eine Verkehrsteilnehmerin mit grauen, kurzen Haaren im Alter von 60 bis 70 Jahren. Die Unbekannte habe sich vor den Wagen ...<br clear=\"all\" \/><\/p><p style=\"margin-top:8px; margin-bottom:4px;\"><a href=\"https:\/\/www.presseportal.de\/blaulicht\/pm\/43561\/6340896\" target=\"_blank\"><img decoding=\"async\" src=\"\/feeds\/gfx\/POL-OF.jpg\" style=\"align:left !important; float:left !important; margin-top:4px !important; margin-right:8px !important; margin-bottom:4px !important; width:90px !important;\" \/><\/a> ... <b>3. Wei\u00dfer Touareg besch\u00e4digt: Wer hat den Unfall beobachtet? - <a href=\"\/news\/dietzenbach-polizeimeldungen\" title=\"Polizeieins\u00e4tze Dietzenbach\">Dietzenbach<\/a><\/b>   (me) Im G\u00e4rtnerweg, in den dortigen einstelligen Hausnummern, kam es zwischen Dienstag, 16 Uhr und Mittwoch, 17.30 Uhr, zu einem Verkehrsunfall mit anschlie\u00dfender Flucht. Die Beamten der Polizeistation in Dietzenbach suchen nun nach Zeugen des Zusammensto\u00dfes, ...<br clear=\"all\" \/><\/p><p style=\"margin-top:8px; margin-bottom:4px;\"><a href=\"https:\/\/www.presseportal.de\/blaulicht\/pm\/43561\/6340896\" target=\"_blank\"><img decoding=\"async\" src=\"\/feeds\/gfx\/POL-OF.jpg\" style=\"align:left !important; float:left !important; margin-top:4px !important; margin-right:8px !important; margin-bottom:4px !important; width:90px !important;\" \/><\/a> ... <b>4. Gegenst\u00e4nde vom Balkon geworfen: Zeugen gesucht! - <a href=\"\/news\/dietzenbach-polizeimeldungen\" title=\"Polizeieins\u00e4tze Dietzenbach\">Dietzenbach<\/a><\/b>   (me) Wegen des Verdachts der versuchten gef\u00e4hrlichen K\u00f6rperverletzung ermittelt derzeit die Polizei, nachdem am Mittwochmorgen, gegen 9.25 Uhr, mehrere Gegenst\u00e4nde aus den oberen Stockwerken eines Mehrfamilienhauses im Mespelbrunner Weg (einstellige Hausnummern) ...<br clear=\"all\" \/>   <\/p>\n   <div><span class=\"my_article_details\"><time datetime=\"2026-08-27\">27.08.2026<\/time> &middot; <\/span><a href=\"https:\/\/www.presseportal.de\/blaulicht\/pm\/43561\/6340896\" title=\"Link zum Artikel auf presseportal.de\" target=\"_blank\">presseportal.de<\/a><\/div>\n  <\/div>\n <\/article>\n <\/div>\n <b>Mehr von der <a href=\"\/news\/polizeieinsaetze-offenbach-am-main\" title=\"Polizeieins\u00e4tze in Offenbach am Main heute\">Polizei Offenbach<\/a> ...<\/b>\n<\/div>\n<br \/><div style=\"margin-top:15px; margin-bottom:15px; padding:10px; text-align:left; word-wrap:break-word;\"><h2 style=\"margin:0px; margin-bottom:20px;\">Aktuelles aus dem Kreis Offenbach<\/h2><div class=\"post\"><article><div class=\"entry\"><p>Falls dich eher die an&shy;de&shy;ren St\u00e4dte des Kreis Offenbach interes&shy;sie&shy;ren, gelangst du mit Hilfe der folgenden Links jeweils direkt zu deren aktuell&shy;sten Neuig&shy;kei&shy;ten.<\/p><ul><li><a href=\"\/news\/dietzenbach-aktuell\">Dietzenbach aktuell<\/a><\/li><li><a href=\"\/news\/dreieich-aktuell\">Dreieich aktuell<\/a><\/li><li><a href=\"\/news\/egelsbach-aktuell\">Egelsbach aktuell<\/a><\/li><li><a href=\"\/news\/hainburg-aktuell\">Hainburg aktuell<\/a><\/li><li><a href=\"\/news\/heusenstamm-aktuell\">Heusenstamm aktuell<\/a><\/li><li><a href=\"\/news\/langen-aktuell\">Langen aktuell<\/a><\/li><li><a href=\"\/news\/mainhausen-aktuell\">Mainhausen aktuell<\/a><\/li><li><a href=\"\/news\/muehlheim-aktuell\">M\u00fchlheim aktuell<\/a><\/li><li><a href=\"\/news\/obertshausen-aktuell\">Obertshausen aktuell<\/a><\/li><li><a href=\"\/news\/offenbach-aktuell\">Offenbach aktuell<\/a><\/li><li><a href=\"\/news\/rodgau-aktuell\">Rodgau aktuell<\/a><\/li><li><a href=\"\/news\/roedermark-aktuell\">R\u00f6dermark aktuell<\/a><\/li><li><a href=\"\/news\/seligenstadt-aktuell\">Seligenstadt aktuell<\/a><\/li><\/ul><p>Ansonsten lies doch einfach in unserem <a href=\"\/news\/blog\" title=\"Heusenstamm Blog\">Blog<\/a> weiter! Dort findest du weitere Informationen mit regionalem Fokus.<\/p><\/div><\/article><\/div><\/div>\n<\/p>\n","protected":false},"excerpt":{"rendered":"<p>News aus Neu-Isenburg mit aktuellen Nachrichten, Polizeimeldungen von heute und Neuigkeiten aus Neu-Isenburgs Umgebung<\/p>\n","protected":false},"author":4,"featured_media":11527,"parent":0,"menu_order":0,"comment_status":"closed","ping_status":"closed","template":"","meta":{"footnotes":""},"categories":[478],"tags":[463,462,498,102,461,506],"class_list":["post-9413","page","type-page","status-publish","has-post-thumbnail","hentry","category-heute","tag-aktuell","tag-heute","tag-kreis-offenbach","tag-neu-isenburg","tag-news","tag-of"],"_links":{"self":[{"href":"https:\/\/www.heusenstaemmchen.de\/news\/wp-json\/wp\/v2\/pages\/9413","targetHints":{"allow":["GET"]}}],"collection":[{"href":"https:\/\/www.heusenstaemmchen.de\/news\/wp-json\/wp\/v2\/pages"}],"about":[{"href":"https:\/\/www.heusenstaemmchen.de\/news\/wp-json\/wp\/v2\/types\/page"}],"author":[{"embeddable":true,"href":"https:\/\/www.heusenstaemmchen.de\/news\/wp-json\/wp\/v2\/users\/4"}],"replies":[{"embeddable":true,"href":"https:\/\/www.heusenstaemmchen.de\/news\/wp-json\/wp\/v2\/comments?post=9413"}],"version-history":[{"count":3,"href":"https:\/\/www.heusenstaemmchen.de\/news\/wp-json\/wp\/v2\/pages\/9413\/revisions"}],"predecessor-version":[{"id":13639,"href":"https:\/\/www.heusenstaemmchen.de\/news\/wp-json\/wp\/v2\/pages\/9413\/revisions\/13639"}],"wp:featuredmedia":[{"embeddable":true,"href":"https:\/\/www.heusenstaemmchen.de\/news\/wp-json\/wp\/v2\/media\/11527"}],"wp:attachment":[{"href":"https:\/\/www.heusenstaemmchen.de\/news\/wp-json\/wp\/v2\/media?parent=9413"}],"wp:term":[{"taxonomy":"category","embeddable":true,"href":"https:\/\/www.heusenstaemmchen.de\/news\/wp-json\/wp\/v2\/categories?post=9413"},{"taxonomy":"post_tag","embeddable":true,"href":"https:\/\/www.heusenstaemmchen.de\/news\/wp-json\/wp\/v2\/tags?post=9413"}],"curies":[{"name":"wp","href":"https:\/\/api.w.org\/{rel}","templated":true}]}}