{"id":9409,"date":"2024-04-21T17:36:27","date_gmt":"2024-04-21T15:36:27","guid":{"rendered":"https:\/\/www.heusenstaemmchen.de\/blog\/?page_id=9409"},"modified":"2026-01-24T10:12:52","modified_gmt":"2026-01-24T09:12:52","slug":"muehlheim-polizeimeldungen","status":"publish","type":"page","link":"https:\/\/www.heusenstaemmchen.de\/news\/muehlheim-polizeimeldungen","title":{"rendered":"Polizeieins\u00e4tze M\u00fchlheim aktuell"},"content":{"rendered":"<div class=\"post\" style=\"margin-bottom:40px;\">\n <article>\n <h2><a name=\"e5a9da34\" href=\"https:\/\/www.presseportal.de\/blaulicht\/pm\/43561\/6345691\" rel=\"bookmark\" style=\"color:#333333; font-weight:bold;\" title=\"Link zum Artikel auf presseportal.de\" target=\"_blank\">Polizei Offenbach am Main: Pressemeldungen vom 04.09.2026<\/a><\/h2>\n <div class=\"entry\">\n  <p style=\"margin-bottom:4px;\">\n   <a href=\"https:\/\/www.presseportal.de\/blaulicht\/pm\/43561\/6345691\" target=\"_blank\"><img decoding=\"async\" src=\"\/feeds\/gfx\/POL-OF.jpg\" style=\"align:left !important; float:left !important; margin-top:4px !important; margin-right:8px !important; margin-bottom:4px !important; width:90px !important;\" \/><\/a>   ... <b>6. Vier Verletzte bei Auseinandersetzung auf Tankstellengel\u00e4nde - M\u00fchlheim am Main<\/b>   (lei) Vier Verletzte sind die Bilanz einer k\u00f6rperlichen Auseinandersetzung am Donnerstagnachmittag in der Friedenstra\u00dfe. Auf dem Gel\u00e4nde einer Tankstelle, so die bisherigen Erkenntnisse, waren gegen 16.15 Uhr mehrere Personen wohl in einen Streit geraten, ...<br clear=\"all\" \/>  <\/p>\n  <div><span class=\"my_article_details\"><time datetime=\"2026-09-04\">04.09.2026<\/time> &middot; <a href=\"\/news\/muehlheim-aktuell\" title=\"M\u00fchlheim heute aktuell\">M\u00fchlheim<\/a> &middot; <a href=\"\/news\/muehlheim-polizeimeldungen\" title=\"Polizeieins\u00e4tze Muehlheim\">Polizei<\/a> &middot; <\/span><a href=\"https:\/\/www.presseportal.de\/blaulicht\/pm\/43561\/6345691\" title=\"Link zum Artikel auf presseportal.de\" target=\"_blank\">presseportal.de<\/a><\/div>\n  <b><\/b>\n <\/div>\n <\/article>\n<\/div>\n<div class=\"post\" style=\"margin-bottom:40px;\">\n <article>\n <h2><a name=\"296e9b5f\" href=\"https:\/\/www.presseportal.de\/blaulicht\/pm\/43561\/6343503\" rel=\"bookmark\" style=\"color:#333333; font-weight:bold;\" title=\"Link zum Artikel auf presseportal.de\" target=\"_blank\">POL-OF: Drogenerkennung im Stra\u00dfenverkehr: Spezialisten nahmen Verkehrsteilnehmer unter die Lupe<\/a><\/h2>\n <div class=\"entry\">\n  <p style=\"margin-bottom:4px;\">\n   <a href=\"https:\/\/www.presseportal.de\/blaulicht\/pm\/43561\/6343503\" target=\"_blank\"><img decoding=\"async\" src=\"\/feeds\/gfx\/POL-OF.jpg\" style=\"align:left !important; float:left !important; margin-top:4px !important; margin-right:8px !important; margin-bottom:4px !important; width:90px !important;\" \/><\/a>   S\u00fcdosthessen  (ots)      (me) Zur Erh\u00f6hung der Verkehrssicherheit f\u00fchrten die Spezialisten der \"Drogenerkennung im Stra\u00dfenverkehr\" (DiS) des Polizeipr\u00e4sidiums S\u00fcdosthessen im Verlauf des Montags mehrere Verkehrskontrollen durch.  In der Zeit zwischen 15 Uhr ...<br clear=\"all\" \/>  <\/p>\n  <div><span class=\"my_article_details\"><time datetime=\"2026-09-01\">01.09.2026<\/time> &middot; <a href=\"\/news\/muehlheim-aktuell\" title=\"M\u00fchlheim heute aktuell\">M\u00fchlheim<\/a> &middot; <a href=\"\/news\/muehlheim-polizeimeldungen\" title=\"Polizeieins\u00e4tze Muehlheim\">Polizei<\/a> &middot; <\/span><a href=\"https:\/\/www.presseportal.de\/blaulicht\/pm\/43561\/6343503\" title=\"Link zum Artikel auf presseportal.de\" target=\"_blank\">presseportal.de<\/a><\/div>\n  <b><\/b>\n <\/div>\n <\/article>\n<\/div>\n<div class=\"post\" style=\"margin-bottom:40px;\">\n <article>\n <h2><a name=\"dab11ac5\" href=\"https:\/\/www.presseportal.de\/blaulicht\/pm\/43561\/6341570\" rel=\"bookmark\" style=\"color:#333333; font-weight:bold;\" title=\"Link zum Artikel auf presseportal.de\" target=\"_blank\">Polizei Offenbach am Main: Pressemeldungen vom 28.08.2026<\/a><\/h2>\n <div class=\"entry\">\n  <p style=\"margin-bottom:4px;\">\n   <a href=\"https:\/\/www.presseportal.de\/blaulicht\/pm\/43561\/6341570\" target=\"_blank\"><img decoding=\"async\" src=\"\/feeds\/gfx\/POL-OF.jpg\" style=\"align:left !important; float:left !important; margin-top:4px !important; margin-right:8px !important; margin-bottom:4px !important; width:90px !important;\" \/><\/a>   ... <b>6. Baumstamm in Brand gesetzt: Wer hat etwas gesehen? - M\u00fchlheim am Main<\/b>   (fg) In Dietesheim in der Stra\u00dfe \"Am Hansteinweiher\" haben Unbekannte in einem dortigen Naherholungsgebiet nahe einer Aussichtsplattform offenbar einen abgelegten Baumstamm in Brand gesetzt. Feuerwehr und Polizei waren am Donnerstagmorgen, gegen 8.25 Uhr, ...<br clear=\"all\" \/><\/p><p style=\"margin-top:8px; margin-bottom:4px;\"><a href=\"https:\/\/www.presseportal.de\/blaulicht\/pm\/43561\/6341570\" target=\"_blank\"><img decoding=\"async\" src=\"\/feeds\/gfx\/POL-OF.jpg\" style=\"align:left !important; float:left !important; margin-top:4px !important; margin-right:8px !important; margin-bottom:4px !important; width:90px !important;\" \/><\/a> ... <b>7. Vermisste wieder da - M\u00fchlheim am Main<\/b>   (cb) Die seit Freitag (21. August) vermisste 13-J\u00e4hrige konnte wohlbehalten angetroffen werden. Die Fahndung nach ihr wird daher zur\u00fcckgenommen. ...<br clear=\"all\" \/>  <\/p>\n  <div><span class=\"my_article_details\"><time datetime=\"2026-08-28\">28.08.2026<\/time> &middot; <a href=\"\/news\/braende-offenbach-am-main\" title=\"Br\u00e4nde Offenbach am Main\">Feuerwehr<\/a> &middot; <a href=\"\/news\/muehlheim-aktuell\" title=\"M\u00fchlheim heute aktuell\">M\u00fchlheim<\/a> &middot; <a href=\"\/news\/muehlheim-polizeimeldungen\" title=\"Polizeieins\u00e4tze Muehlheim\">Polizei<\/a> &middot; <\/span><a href=\"https:\/\/www.presseportal.de\/blaulicht\/pm\/43561\/6341570\" title=\"Link zum Artikel auf presseportal.de\" target=\"_blank\">presseportal.de<\/a><\/div>\n  <b><\/b>\n <\/div>\n <\/article>\n<\/div>\n<div class=\"post\" style=\"margin-bottom:40px;\">\n <article>\n <h2><a name=\"4b264671\" href=\"https:\/\/www.presseportal.de\/blaulicht\/pm\/43561\/6338990\" rel=\"bookmark\" style=\"color:#333333; font-weight:bold;\" title=\"Link zum Artikel auf presseportal.de\" target=\"_blank\">Polizei Offenbach am Main: Pressemeldungen vom 24.08.2026<\/a><\/h2>\n <div class=\"entry\">\n  <p style=\"margin-bottom:4px;\">\n   <a href=\"https:\/\/www.presseportal.de\/blaulicht\/pm\/43561\/6338990\" target=\"_blank\"><img decoding=\"async\" src=\"\/feeds\/gfx\/POL-OF.jpg\" style=\"align:left !important; float:left !important; margin-top:4px !important; margin-right:8px !important; margin-bottom:4px !important; width:90px !important;\" \/><\/a>   ... <b>3. Scheibe eingeschlagen und Werkzeug entwendet: Zeugensuche der Polizei - Offenbach<\/b>     (me) Werkzeug im Wert von rund 4.000 Euro entwendete ein Unbekannter in der Zeit zwischen Samstag, 17 Uhr und Sonntag, 18.30 Uhr, aus einem Wagen mit B-Kennzeichenschildern. Der Mercedes-Sprinter stand in dieser Zeit in der M\u00fchlheimer Stra\u00dfe (100er-Hausnummern). ...<br clear=\"all\" \/><\/p><p style=\"margin-top:8px; margin-bottom:4px;\"><a href=\"https:\/\/www.presseportal.de\/blaulicht\/pm\/43561\/6338990\" target=\"_blank\"><img decoding=\"async\" src=\"\/feeds\/gfx\/POL-OF.jpg\" style=\"align:left !important; float:left !important; margin-top:4px !important; margin-right:8px !important; margin-bottom:4px !important; width:90px !important;\" \/><\/a> ... <b>5. Kollision zwischen Fiat Panda und Fu\u00dfg\u00e4ngern: Zeugen bitte melden! - M\u00fchlheim am Main<\/b>     (me) Zwei leichtverletzte Personen und etwas mehr als 1.000 Euro Sachschaden sind das Ergebnis eines Verkehrsunfalls vom Samstagmorgen. Um kurz nach 10 Uhr sollen die beiden Passanten auf der Berliner Stra\u00dfe (50er-Hausnummern) bei Rot eine dortige Ampel ...<br clear=\"all\" \/>  <\/p>\n  <div><span class=\"my_article_details\"><time datetime=\"2026-08-24\">24.08.2026<\/time> &middot; <a href=\"\/news\/muehlheim-aktuell\" title=\"M\u00fchlheim heute aktuell\">M\u00fchlheim<\/a> &middot; <a href=\"\/news\/muehlheim-polizeimeldungen\" title=\"Polizeieins\u00e4tze Muehlheim\">Polizei<\/a> &middot; <a href=\"\/news\/unfaelle-offenbach-am-main\" title=\"Unf\u00e4lle Offenbach am Main\">Unfall<\/a> &middot; <\/span><a href=\"https:\/\/www.presseportal.de\/blaulicht\/pm\/43561\/6338990\" title=\"Link zum Artikel auf presseportal.de\" target=\"_blank\">presseportal.de<\/a><\/div>\n  <b><\/b>\n <\/div>\n <\/article>\n<\/div>\n<div class=\"post\" style=\"margin-bottom:40px;\">\n <article>\n <h2><a name=\"a695f139\" href=\"https:\/\/www.presseportal.de\/blaulicht\/pm\/63987\/6334759\" rel=\"bookmark\" style=\"color:#333333; font-weight:bold;\" title=\"Link zum Artikel auf presseportal.de\" target=\"_blank\">BPOL-F: Bundespolizei Frankfurt am Main Hauptbahnhof: Zeugen nach K\u00f6rperverletzung in S-Bahn gesucht<\/a><\/h2>\n <div class=\"entry\">\n  <p style=\"margin-bottom:4px;\">\n   <a href=\"https:\/\/www.presseportal.de\/blaulicht\/pm\/63987\/6334759\" target=\"_blank\"><img decoding=\"async\" src=\"\/feeds\/gfx\/BPOL-F.jpg\" style=\"align:left !important; float:left !important; margin-top:4px !important; margin-right:8px !important; margin-bottom:4px !important; width:90px !important;\" \/><\/a>   Offenbach am Main  (ots)      Frankfurt am Main 14.08.2026 \/ Offenbach am Main - Nach einer K\u00f6rperverletzung in einer S-Bahn der Linie S8 sucht die Bundespolizei nach Zeuginnen und Zeugen.  Nach bisherigen Erkenntnissen kam es in den fr\u00fchen Morgenstunden des ...<br clear=\"all\" \/>  <\/p>\n  <div><span class=\"my_article_details\"><time datetime=\"2026-08-17\">17.08.2026<\/time> &middot; Bundespolizei &middot; <a href=\"\/news\/offenbach-aktuell\" title=\"Offenbach heute aktuell\">Offenbach<\/a> &middot; <a href=\"\/news\/muehlheim-polizeimeldungen\" title=\"Polizeieins\u00e4tze Muehlheim\">Polizei<\/a> &middot; <\/span><a href=\"https:\/\/www.presseportal.de\/blaulicht\/pm\/63987\/6334759\" title=\"Link zum Artikel auf presseportal.de\" target=\"_blank\">presseportal.de<\/a><\/div>\n  <b><\/b>\n <\/div>\n <\/article>\n<\/div>\n<div class=\"post\" style=\"margin-bottom:40px;\">\n <article>\n <h2><a name=\"9001b8cc\" href=\"https:\/\/www.presseportal.de\/blaulicht\/pm\/43561\/6333635\" rel=\"bookmark\" style=\"color:#333333; font-weight:bold;\" title=\"Link zum Artikel auf presseportal.de\" target=\"_blank\">Polizei Offenbach am Main: Pressemeldungen vom 14.08.2026<\/a><\/h2>\n <div class=\"entry\">\n  <p style=\"margin-bottom:4px;\">\n   <a href=\"https:\/\/www.presseportal.de\/blaulicht\/pm\/43561\/6333635\" target=\"_blank\"><img decoding=\"async\" src=\"\/feeds\/gfx\/POL-OF.jpg\" style=\"align:left !important; float:left !important; margin-top:4px !important; margin-right:8px !important; margin-bottom:4px !important; width:90px !important;\" \/><\/a>   ... <b>3. Polizei ermittelt nach Brand in Naherholungsgebiet - M\u00fchlheim am Main<\/b>   (me) In der Nacht zum Freitag wurden die Feuerwehr und die Polizei zu einem Brand in die Stra\u00dfe \"Am Hahnsteinweiher\" im dortigen Naherholungsgebiet gerufen. Gegen 22.40 Uhr hatte ein Zeuge im Bereich einer dort ans\u00e4ssigen Gastst\u00e4tte ein Feuer auf etwa sechs ...<br clear=\"all\" \/>  <\/p>\n  <div><span class=\"my_article_details\"><time datetime=\"2026-08-14\">14.08.2026<\/time> &middot; <a href=\"\/news\/braende-offenbach-am-main\" title=\"Br\u00e4nde Offenbach am Main\">Feuerwehr<\/a> &middot; <a href=\"\/news\/muehlheim-aktuell\" title=\"M\u00fchlheim heute aktuell\">M\u00fchlheim<\/a> &middot; <a href=\"\/news\/muehlheim-polizeimeldungen\" title=\"Polizeieins\u00e4tze Muehlheim\">Polizei<\/a> &middot; <\/span><a href=\"https:\/\/www.presseportal.de\/blaulicht\/pm\/43561\/6333635\" title=\"Link zum Artikel auf presseportal.de\" target=\"_blank\">presseportal.de<\/a><\/div>\n  <b><\/b>\n <\/div>\n <\/article>\n<\/div>\n<div class=\"post\" style=\"background-color: #fae67a; margin-bottom: 40px; padding: 10px;\"><article><a style=\"color: #000000; font-size: 20px; font-weight: normal; text-decoration: underlined;\" href=\"https:\/\/www.ffhstm.de\/150-jahre-feuerwehr-heusenstamm\" target=\"_blank\">Gro\u00dfes Festwochenende der Freiwilligen Feuerwehr Heusenstamm vom 4. bis 6. September<\/a><\/p><div class=\"entry\"><p style=\"margin-bottom: 4px;\"><a href=\"https:\/\/www.ffhstm.de\/150-jahre-feuerwehr-heusenstamm\" target=\"_blank\" rel=\"noopener\"><img decoding=\"async\" style=\"align: left !important; float: left !important; margin-top: 4px !important; margin-right: 8px !important; margin-bottom: 4px !important; width: 90px !important;\" src=\"data:image\/gif;base64,R0lGODlhAQABAIAAAAAAAP\/\/\/yH5BAEAAAAALAAAAAABAAEAAAIBRAA7\" data-src=\"https:\/\/www.heusenstaemmchen.de\/feeds\/gfx\/ffhstm.de.png\" \/><\/a>Wir planen Gro\u00dfes, Lautes, Feuriges, aber auch Herzliches und Geselliges zum Festwochenende im September 2026. Ein gro\u00dfes Festzelt wird errichtet und drei Tage lang werden wir uns und die Feuerwehr Heusenstamm mit Ihnen und Euch feiern.<br clear=\"all\" \/><\/p><div><b>Veranstaltung<\/b> \u00b7 Festwochenende \u00b7 <a title=\"Mehr Details auf ffhstm.de\" href=\"https:\/\/www.ffhstm.de\/150-jahre-feuerwehr-heusenstamm\" target=\"_blank\" rel=\"noopener\">ffhstm.de<\/a><\/div><\/div><\/article><\/div><div class=\"post\" style=\"margin-bottom:40px;\">\n <article>\n <h2><a name=\"76ee2c18\" href=\"https:\/\/www.presseportal.de\/blaulicht\/pm\/43561\/6332744\" rel=\"bookmark\" style=\"color:#333333; font-weight:bold;\" title=\"Link zum Artikel auf presseportal.de\" target=\"_blank\">Polizei Offenbach am Main: Pressemeldungen vom 13.08.2026<\/a><\/h2>\n <div class=\"entry\">\n  <p style=\"margin-bottom:4px;\">\n   <a href=\"https:\/\/www.presseportal.de\/blaulicht\/pm\/43561\/6332744\" target=\"_blank\"><img decoding=\"async\" src=\"\/feeds\/gfx\/POL-OF.jpg\" style=\"align:left !important; float:left !important; margin-top:4px !important; margin-right:8px !important; margin-bottom:4px !important; width:90px !important;\" \/><\/a>   ... <b>1. Mehrere Verst\u00f6\u00dfe bei Geschwindigkeits\u00fcberwachung festgestellt - Offenbach\/Obertshausen<\/b>   (me) Die Verkehrsinspektion des Polizeipr\u00e4sidiums S\u00fcdosthessen f\u00fchrte im Verlauf des Mittwochs an zwei \u00d6rtlichkeiten mehrere Geschwindigkeitsmessungen durch.  In der Zeit zwischen 14 Uhr und 16.30 Uhr ma\u00dfen die Beamten auf der M\u00fchlheimer Stra\u00dfe 2.324 Verkehrsteilnehmerinnen ...<br clear=\"all\" \/><\/p><p style=\"margin-top:8px; margin-bottom:4px;\"><a href=\"https:\/\/www.presseportal.de\/blaulicht\/pm\/43561\/6332744\" target=\"_blank\"><img decoding=\"async\" src=\"\/feeds\/gfx\/POL-OF.jpg\" style=\"align:left !important; float:left !important; margin-top:4px !important; margin-right:8px !important; margin-bottom:4px !important; width:90px !important;\" \/><\/a> ... <b>2. Smart durchw\u00fchlt: Wer hat was gesehen? - M\u00fchlheim am Main<\/b>   (cb) Einen Rucksack samt Inhalt und zwei Sonnenbrillen sind die Ausbeute eines Langfingers, der am Mittwoch einen Smart aufgebrochen und durchsuchthatte. Der wei\u00dfe Kleinagen war zwischen 18.50 Uhr und 22.15 Uhr auf einem Parkstreifen im Pfarrer-Belz-Weg abgestellt. ...<br clear=\"all\" \/>  <\/p>\n  <div><span class=\"my_article_details\"><time datetime=\"2026-08-13\">13.08.2026<\/time> &middot; <a href=\"\/news\/muehlheim-aktuell\" title=\"M\u00fchlheim heute aktuell\">M\u00fchlheim<\/a> &middot; <a href=\"\/news\/muehlheim-polizeimeldungen\" title=\"Polizeieins\u00e4tze Muehlheim\">Polizei<\/a> &middot; <a href=\"\/news\/unfaelle-offenbach-am-main\" title=\"Unf\u00e4lle Offenbach am Main\">Unfall<\/a> &middot; <\/span><a href=\"https:\/\/www.presseportal.de\/blaulicht\/pm\/43561\/6332744\" title=\"Link zum Artikel auf presseportal.de\" target=\"_blank\">presseportal.de<\/a><\/div>\n  <b><\/b>\n <\/div>\n <\/article>\n<\/div>\n<div class=\"post\" style=\"margin-bottom:40px;\">\n <article>\n <h2><a name=\"b0714276\" href=\"https:\/\/www.presseportal.de\/blaulicht\/pm\/43561\/6332056\" rel=\"bookmark\" style=\"color:#333333; font-weight:bold;\" title=\"Link zum Artikel auf presseportal.de\" target=\"_blank\">Polizei Offenbach am Main: Pressemeldungen vom 12.08.2026<\/a><\/h2>\n <div class=\"entry\">\n  <p style=\"margin-bottom:4px;\">\n   <a href=\"https:\/\/www.presseportal.de\/blaulicht\/pm\/43561\/6332056\" target=\"_blank\"><img decoding=\"async\" src=\"\/feeds\/gfx\/POL-OF.jpg\" style=\"align:left !important; float:left !important; margin-top:4px !important; margin-right:8px !important; margin-bottom:4px !important; width:90px !important;\" \/><\/a>   ... <b>6. Piaggio aus Hinterhof geklaut: Zeugensuche der Polizei - M\u00fchlheim am Main<\/b>   (me) In der Zeit zwischen Samstag (8. August), 18 Uhr und Dienstag, 7.50 Uhr, nahmen Langfinger ein hochwertiges Leichtkraftrad an sich und verschwanden mit diesem in unbekannte Richtung. Offenbar hatten sich die Unbekannten zuvor Zutritt \u00fcber das Hoftor ...<br clear=\"all\" \/>  <\/p>\n  <div><span class=\"my_article_details\"><time datetime=\"2026-08-12\">12.08.2026<\/time> &middot; <a href=\"\/news\/muehlheim-aktuell\" title=\"M\u00fchlheim heute aktuell\">M\u00fchlheim<\/a> &middot; <a href=\"\/news\/muehlheim-polizeimeldungen\" title=\"Polizeieins\u00e4tze Muehlheim\">Polizei<\/a> &middot; <\/span><a href=\"https:\/\/www.presseportal.de\/blaulicht\/pm\/43561\/6332056\" title=\"Link zum Artikel auf presseportal.de\" target=\"_blank\">presseportal.de<\/a><\/div>\n  <b><\/b>\n <\/div>\n <\/article>\n<\/div>\n<div class=\"post\" style=\"margin-bottom:40px;\">\n <article>\n <h2><a name=\"a7f3309c\" href=\"https:\/\/www.presseportal.de\/blaulicht\/pm\/43561\/6331334\" rel=\"bookmark\" style=\"color:#333333; font-weight:bold;\" title=\"Link zum Artikel auf presseportal.de\" target=\"_blank\">Polizei Offenbach am Main: Pressemeldungen vom 11.08.2026<\/a><\/h2>\n <div class=\"entry\">\n  <p style=\"margin-bottom:4px;\">\n   <a href=\"https:\/\/www.presseportal.de\/blaulicht\/pm\/43561\/6331334\" target=\"_blank\"><img decoding=\"async\" src=\"\/feeds\/gfx\/POL-OF.jpg\" style=\"align:left !important; float:left !important; margin-top:4px !important; margin-right:8px !important; margin-bottom:4px !important; width:90px !important;\" \/><\/a>   ... <b>3. Passantin unsittlich ber\u00fchrt: Polizei sucht nach fl\u00fcchtigem Radfahrer - M\u00fchlheim am Main<\/b>     (me) Wegen des Verdachts der sexuellen Bel\u00e4stigung ermittelt die Polizei seit Montag, nachdem ein noch unbekannter Mann gegen 21.30 Uhr eine junge Frau unsittlich ber\u00fchrt haben soll. Nach dem derzeitigen Stand der Ermittlungen habe der Gesuchte, der mit ...<br clear=\"all\" \/>  <\/p>\n  <div><span class=\"my_article_details\"><time datetime=\"2026-08-11\">11.08.2026<\/time> &middot; <a href=\"\/news\/muehlheim-aktuell\" title=\"M\u00fchlheim heute aktuell\">M\u00fchlheim<\/a> &middot; <a href=\"\/news\/muehlheim-polizeimeldungen\" title=\"Polizeieins\u00e4tze Muehlheim\">Polizei<\/a> &middot; <\/span><a href=\"https:\/\/www.presseportal.de\/blaulicht\/pm\/43561\/6331334\" title=\"Link zum Artikel auf presseportal.de\" target=\"_blank\">presseportal.de<\/a><\/div>\n  <b><\/b>\n <\/div>\n <\/article>\n<\/div>\n<div class=\"post\" style=\"margin-bottom:40px;\">\n <article>\n <h2><a name=\"5b7d0d1e\" href=\"https:\/\/www.presseportal.de\/blaulicht\/pm\/43561\/6330476\" rel=\"bookmark\" style=\"color:#333333; font-weight:bold;\" title=\"Link zum Artikel auf presseportal.de\" target=\"_blank\">Polizei Offenbach am Main: Pressemeldungen vom 10.08.2026<\/a><\/h2>\n <div class=\"entry\">\n  <p style=\"margin-bottom:4px;\">\n   <a href=\"https:\/\/www.presseportal.de\/blaulicht\/pm\/43561\/6330476\" target=\"_blank\"><img decoding=\"async\" src=\"\/feeds\/gfx\/POL-OF.jpg\" style=\"align:left !important; float:left !important; margin-top:4px !important; margin-right:8px !important; margin-bottom:4px !important; width:90px !important;\" \/><\/a>   ... <b>9. Einbrecher stiegen in Kindergarten ein - M\u00fchlheim am Main<\/b>     (cb) Ein Kindergarten in der Rodaustra\u00dfe (10er-Hausnummern) war das Ziel von Einbrechern. Diese \u00f6ffneten zwischen Freitag, 13 Uhr und Sonntag, 16 Uhr, gewaltsam ein Fenster und stiegen so in die Betreuungseinrichtung ein. Hierbei hinterlie\u00dfen die Unbekannten ...<br clear=\"all\" \/><\/p><p style=\"margin-top:8px; margin-bottom:4px;\"><a href=\"https:\/\/www.presseportal.de\/blaulicht\/pm\/43561\/6330476\" target=\"_blank\"><img decoding=\"async\" src=\"\/feeds\/gfx\/POL-OF.jpg\" style=\"align:left !important; float:left !important; margin-top:4px !important; margin-right:8px !important; margin-bottom:4px !important; width:90px !important;\" \/><\/a> ... <b>10. Audi angedotzt: Zeugen gesucht - M\u00fchlheim am Main<\/b>     (cb) Ein bis dato unbekannter Unfallverursacher hat am Freitag einen grauen Audi am Fahrzeugheck angedotzt und ist anschlie\u00dfend vom Unfallort gefl\u00fcchtet, ohne seinen Pflichten nachzukommen. Der Fahrzeugeigent\u00fcmer stellte den S6 mit OF-Kennzeichen gegen ...<br clear=\"all\" \/>  <\/p>\n  <div><span class=\"my_article_details\"><time datetime=\"2026-08-10\">10.08.2026<\/time> &middot; <a href=\"\/news\/muehlheim-aktuell\" title=\"M\u00fchlheim heute aktuell\">M\u00fchlheim<\/a> &middot; <a href=\"\/news\/muehlheim-polizeimeldungen\" title=\"Polizeieins\u00e4tze Muehlheim\">Polizei<\/a> &middot; <a href=\"\/news\/unfaelle-offenbach-am-main\" title=\"Unf\u00e4lle Offenbach am Main\">Unfall<\/a> &middot; <\/span><a href=\"https:\/\/www.presseportal.de\/blaulicht\/pm\/43561\/6330476\" title=\"Link zum Artikel auf presseportal.de\" target=\"_blank\">presseportal.de<\/a><\/div>\n  <b><\/b>\n <\/div>\n <\/article>\n<\/div>\n<div class=\"post\" style=\"margin-bottom:40px;\">\n <article>\n <h2><a name=\"b73a2353\" href=\"https:\/\/www.presseportal.de\/blaulicht\/pm\/43561\/6329184\" rel=\"bookmark\" style=\"color:#333333; font-weight:bold;\" title=\"Link zum Artikel auf presseportal.de\" target=\"_blank\">Polizei Offenbach am Main: Pressemeldungen vom 07.08.2026<\/a><\/h2>\n <div class=\"entry\">\n  <p style=\"margin-bottom:4px;\">\n   <a href=\"https:\/\/www.presseportal.de\/blaulicht\/pm\/43561\/6329184\" target=\"_blank\"><img decoding=\"async\" src=\"\/feeds\/gfx\/POL-OF.jpg\" style=\"align:left !important; float:left !important; margin-top:4px !important; margin-right:8px !important; margin-bottom:4px !important; width:90px !important;\" \/><\/a>   ... <b>3. Lederjacke aus Wohnwagen gestohlen: Zeugen gesucht! - Obertshausen<\/b>   (cb) Eine Lederjacke im Wert von knapp 50 Euro erbeuteten Unbekannte, nachdem sie in einen Wohnwagen, der in der L\u00e4mmerspieler Stra\u00dfe (40er-Hausnummern) abgestellt war, eingestiegen waren. Hierzu hebelten sie eine Seitenscheibe des mobilen Heimes auf und ...<br clear=\"all\" \/>  <\/p>\n  <div><span class=\"my_article_details\"><time datetime=\"2026-08-07\">07.08.2026<\/time> &middot; L\u00e4mmerspiel &middot; <\/span><a href=\"https:\/\/www.presseportal.de\/blaulicht\/pm\/43561\/6329184\" title=\"Link zum Artikel auf presseportal.de\" target=\"_blank\">presseportal.de<\/a><\/div>\n  <b><\/b>\n <\/div>\n <\/article>\n<\/div>\n<div class=\"post\" style=\"margin-bottom:40px;\">\n <article>\n <h2><a name=\"9db9e800\" href=\"https:\/\/www.presseportal.de\/blaulicht\/pm\/43561\/6325075\" rel=\"bookmark\" style=\"color:#333333; font-weight:bold;\" title=\"Link zum Artikel auf presseportal.de\" target=\"_blank\">Polizei Offenbach am Main: Pressemeldungen vom 31.07.2026<\/a><\/h2>\n <div class=\"entry\">\n  <p style=\"margin-bottom:4px;\">\n   <a href=\"https:\/\/www.presseportal.de\/blaulicht\/pm\/43561\/6325075\" target=\"_blank\"><img decoding=\"async\" src=\"\/feeds\/gfx\/POL-OF.jpg\" style=\"align:left !important; float:left !important; margin-top:4px !important; margin-right:8px !important; margin-bottom:4px !important; width:90px !important;\" \/><\/a>   ... <b>5. Altpapiertonne in Brand: Zeugen gesucht! - M\u00fchlheim am Main<\/b>   (fg) Feuerwehr und Polizei r\u00fcckten am Donnerstag, kurz nach 17 Uhr, zu einem gemeldeten Brand in der Siemensstra\u00dfe (10er-Haunsummern) aus. Dort brannte aus bislang unbekannten Gr\u00fcnden eine auf dem Parkplatz abgestellte Altpapiertonne. Aufgrund des Feuers ...<br clear=\"all\" \/>  <\/p>\n  <div><span class=\"my_article_details\"><time datetime=\"2026-07-31\">31.07.2026<\/time> &middot; <a href=\"\/news\/braende-offenbach-am-main\" title=\"Br\u00e4nde Offenbach am Main\">Feuerwehr<\/a> &middot; <a href=\"\/news\/muehlheim-aktuell\" title=\"M\u00fchlheim heute aktuell\">M\u00fchlheim<\/a> &middot; <a href=\"\/news\/muehlheim-polizeimeldungen\" title=\"Polizeieins\u00e4tze Muehlheim\">Polizei<\/a> &middot; <\/span><a href=\"https:\/\/www.presseportal.de\/blaulicht\/pm\/43561\/6325075\" title=\"Link zum Artikel auf presseportal.de\" target=\"_blank\">presseportal.de<\/a><\/div>\n  <b><\/b>\n <\/div>\n <\/article>\n<\/div>\n<div class=\"post\" style=\"margin-bottom:40px;\">\n <article>\n <h2><a name=\"4bcd028f\" href=\"https:\/\/www.presseportal.de\/blaulicht\/pm\/43561\/6323688\" rel=\"bookmark\" style=\"color:#333333; font-weight:bold;\" title=\"Link zum Artikel auf presseportal.de\" target=\"_blank\">Polizei Offenbach am Main: Pressemeldungen vom 29.07.2026<\/a><\/h2>\n <div class=\"entry\">\n  <p style=\"margin-bottom:4px;\">\n   <a href=\"https:\/\/www.presseportal.de\/blaulicht\/pm\/43561\/6323688\" target=\"_blank\"><img decoding=\"async\" src=\"\/feeds\/gfx\/POL-OF.jpg\" style=\"align:left !important; float:left !important; margin-top:4px !important; margin-right:8px !important; margin-bottom:4px !important; width:90px !important;\" \/><\/a>   ... <b>4. Mit Gegenstand geschlagen und Reizstoff bespr\u00fcht: Zeugensuche! - M\u00fchlheim am Main<\/b>   (fg) Ein 65-J\u00e4hriger aus dem Hochtaunuskreis beabsichtigte am Dienstagnachmittag, gegen 16.15 Uhr, einen Spazierg\u00e4nger im Bereich \"Am Hansteinweiher\" nach dem Weg zu fragen. Anstatt dem Ortsunkundigen zu helfen, habe der 50 bis 60 Jahre alte Unbekannte abweisend ...<br clear=\"all\" \/>  <\/p>\n  <div><span class=\"my_article_details\"><time datetime=\"2026-07-29\">29.07.2026<\/time> &middot; <a href=\"\/news\/muehlheim-aktuell\" title=\"M\u00fchlheim heute aktuell\">M\u00fchlheim<\/a> &middot; <a href=\"\/news\/muehlheim-polizeimeldungen\" title=\"Polizeieins\u00e4tze Muehlheim\">Polizei<\/a> &middot; <\/span><a href=\"https:\/\/www.presseportal.de\/blaulicht\/pm\/43561\/6323688\" title=\"Link zum Artikel auf presseportal.de\" target=\"_blank\">presseportal.de<\/a><\/div>\n  <b><\/b>\n <\/div>\n <\/article>\n<\/div>\n<div class=\"post\" style=\"margin-bottom:40px;\">\n <article>\n <h2><a name=\"9dbb07f7\" href=\"https:\/\/www.presseportal.de\/blaulicht\/pm\/43561\/6322903\" rel=\"bookmark\" style=\"color:#333333; font-weight:bold;\" title=\"Link zum Artikel auf presseportal.de\" target=\"_blank\">Polizei Offenbach am Main: Pressemeldungen vom 28.07.2026<\/a><\/h2>\n <div class=\"entry\">\n  <p style=\"margin-bottom:4px;\">\n   <a href=\"https:\/\/www.presseportal.de\/blaulicht\/pm\/43561\/6322903\" target=\"_blank\"><img decoding=\"async\" src=\"\/feeds\/gfx\/POL-OF.jpg\" style=\"align:left !important; float:left !important; margin-top:4px !important; margin-right:8px !important; margin-bottom:4px !important; width:90px !important;\" \/><\/a>   ... <b>4. Radfahrer nach Kollision verletzt: Zeugen gesucht! - M\u00fchlheim am Main<\/b>   (cb) Mehrere Br\u00fcche im Gesichtsbereich sowie Prellungen und Sch\u00fcrfwunden trug ein 42-j\u00e4hriger Radfahrer davon, nachdem er am Donnerstag mit einem Fahrzeug kollidierte. Der Zweiradfahrer befuhr gegen 4.10 Uhr die Busspur der Friedensstra\u00dfe in Fahrtrichtung ...<br clear=\"all\" \/>  <\/p>\n  <div><span class=\"my_article_details\"><time datetime=\"2026-07-28\">28.07.2026<\/time> &middot; <a href=\"\/news\/muehlheim-aktuell\" title=\"M\u00fchlheim heute aktuell\">M\u00fchlheim<\/a> &middot; <a href=\"\/news\/unfaelle-offenbach-am-main\" title=\"Unf\u00e4lle Offenbach am Main\">Unfall<\/a> &middot; <\/span><a href=\"https:\/\/www.presseportal.de\/blaulicht\/pm\/43561\/6322903\" title=\"Link zum Artikel auf presseportal.de\" target=\"_blank\">presseportal.de<\/a><\/div>\n  <b><\/b>\n <\/div>\n <\/article>\n<\/div>\n<div class=\"post\" style=\"margin-bottom:40px;\">\n <article>\n <h2><a name=\"815bc7a5\" href=\"https:\/\/www.presseportal.de\/blaulicht\/pm\/43561\/6320745\" rel=\"bookmark\" style=\"color:#333333; font-weight:bold;\" title=\"Link zum Artikel auf presseportal.de\" target=\"_blank\">Polizei Offenbach am Main: Pressemeldungen vom 24.07.2026<\/a><\/h2>\n <div class=\"entry\">\n  <p style=\"margin-bottom:4px;\">\n   <a href=\"https:\/\/www.presseportal.de\/blaulicht\/pm\/43561\/6320745\" target=\"_blank\"><img decoding=\"async\" src=\"\/feeds\/gfx\/POL-OF.jpg\" style=\"align:left !important; float:left !important; margin-top:4px !important; margin-right:8px !important; margin-bottom:4px !important; width:90px !important;\" \/><\/a>   ... <b>4. Sachbesch\u00e4digung an Pkw: Wer zerkratzte den VW Taigo? - M\u00fchlheim am Main<\/b>   (me) Wegen des Verdachts der Sachbesch\u00e4digung ermittelt derzeit die Polizei und bittet in diesem Zusammenhang um Hinweise aus der Bev\u00f6lkerung. Zwischen Dienstag und Mittwoch machte sich ein Unbekannter an einem in der Bahnhofstra\u00dfe (80er-Hausnummern) abgestellten ...<br clear=\"all\" \/>  <\/p>\n  <div><span class=\"my_article_details\"><time datetime=\"2026-07-24\">24.07.2026<\/time> &middot; <a href=\"\/news\/muehlheim-aktuell\" title=\"M\u00fchlheim heute aktuell\">M\u00fchlheim<\/a> &middot; <a href=\"\/news\/muehlheim-polizeimeldungen\" title=\"Polizeieins\u00e4tze Muehlheim\">Polizei<\/a> &middot; <\/span><a href=\"https:\/\/www.presseportal.de\/blaulicht\/pm\/43561\/6320745\" title=\"Link zum Artikel auf presseportal.de\" target=\"_blank\">presseportal.de<\/a><\/div>\n  <b><\/b>\n <\/div>\n <\/article>\n<\/div>\n<div class=\"post\" style=\"margin-bottom:40px;\">\n <article>\n <h2><a name=\"069bc7db\" href=\"https:\/\/www.presseportal.de\/blaulicht\/pm\/43561\/6318039\" rel=\"bookmark\" style=\"color:#333333; font-weight:bold;\" title=\"Link zum Artikel auf presseportal.de\" target=\"_blank\">Polizei Offenbach am Main: Pressemeldungen vom 20.07.2026<\/a><\/h2>\n <div class=\"entry\">\n  <p style=\"margin-bottom:4px;\">\n   <a href=\"https:\/\/www.presseportal.de\/blaulicht\/pm\/43561\/6318039\" target=\"_blank\"><img decoding=\"async\" src=\"\/feeds\/gfx\/POL-OF.jpg\" style=\"align:left !important; float:left !important; margin-top:4px !important; margin-right:8px !important; margin-bottom:4px !important; width:90px !important;\" \/><\/a>   ... <b>3. Hinweise erbeten: Werkzeuge aus Peugeot gestohlen - Offenbach<\/b>   (cb) Aus einem Peugeot Boxer, welcher in der M\u00fchlheimer Stra\u00dfe, hier im Bereich eines Friedhofes abgestellt war, klauten bis dato Unbekannte Werkzeuge im Wert von ungef\u00e4hr 2.000 Euro. Hierzu \u00f6ffneten die T\u00e4ter zwischen Donnerstag, 19 Uhr und Freitag, 6.30 ...<br clear=\"all\" \/>  <\/p>\n  <div><span class=\"my_article_details\"><time datetime=\"2026-07-20\">20.07.2026<\/time> &middot; <a href=\"\/news\/muehlheim-aktuell\" title=\"M\u00fchlheim heute aktuell\">M\u00fchlheim<\/a> &middot; <\/span><a href=\"https:\/\/www.presseportal.de\/blaulicht\/pm\/43561\/6318039\" title=\"Link zum Artikel auf presseportal.de\" target=\"_blank\">presseportal.de<\/a><\/div>\n  <b><\/b>\n <\/div>\n <\/article>\n<\/div>\n<div class=\"post\" style=\"margin-bottom:40px;\">\n <article>\n <h2><a name=\"3af62f72\" href=\"https:\/\/www.presseportal.de\/blaulicht\/pm\/43561\/6317183\" rel=\"bookmark\" style=\"color:#333333; font-weight:bold;\" title=\"Link zum Artikel auf presseportal.de\" target=\"_blank\">POL-OF: Verdacht der Bedrohung und Versto\u00df gegen das Waffengesetz: 22-J\u00e4hriger in Fachklinik gebracht<\/a><\/h2>\n <div class=\"entry\">\n  <p style=\"margin-bottom:4px;\">\n   <a href=\"https:\/\/www.presseportal.de\/blaulicht\/pm\/43561\/6317183\" target=\"_blank\"><img decoding=\"async\" src=\"\/feeds\/gfx\/POL-OF.jpg\" style=\"align:left !important; float:left !important; margin-top:4px !important; margin-right:8px !important; margin-bottom:4px !important; width:90px !important;\" \/><\/a>   M\u00fchlheim am Main  (ots)      (me) Die Polizei ermittelt seit Samstagabend gegen einen 22 Jahre alten Mann, nachdem dieser eine vierk\u00f6pfige Personengruppe mit einem langen scharfen Gegenstand bedroht haben soll.  Gegen 20.40 Uhr wurden die Beamten \u00fcber den Vorfall ...<br clear=\"all\" \/>  <\/p>\n  <div><span class=\"my_article_details\"><time datetime=\"2026-07-19\">19.07.2026<\/time> &middot; <a href=\"\/news\/muehlheim-aktuell\" title=\"M\u00fchlheim heute aktuell\">M\u00fchlheim<\/a> &middot; <a href=\"\/news\/muehlheim-polizeimeldungen\" title=\"Polizeieins\u00e4tze Muehlheim\">Polizei<\/a> &middot; <\/span><a href=\"https:\/\/www.presseportal.de\/blaulicht\/pm\/43561\/6317183\" title=\"Link zum Artikel auf presseportal.de\" target=\"_blank\">presseportal.de<\/a><\/div>\n  <b><\/b>\n <\/div>\n <\/article>\n<\/div>\n<div class=\"post\" style=\"margin-bottom:40px;\">\n <article>\n <h2><a name=\"f6a4d2f7\" href=\"https:\/\/www.presseportal.de\/blaulicht\/pm\/43561\/6313395\" rel=\"bookmark\" style=\"color:#333333; font-weight:bold;\" title=\"Link zum Artikel auf presseportal.de\" target=\"_blank\">POL-OF: Vermisstenfahndung nach Katharina Marino<\/a><\/h2>\n <div class=\"entry\">\n  <p style=\"margin-bottom:4px;\">\n   <a href=\"https:\/\/www.presseportal.de\/blaulicht\/pm\/43561\/6313395\" target=\"_blank\"><img decoding=\"async\" src=\"\/feeds\/gfx\/POL-OF.jpg\" style=\"align:left !important; float:left !important; margin-top:4px !important; margin-right:8px !important; margin-bottom:4px !important; width:90px !important;\" \/><\/a>   F\u00fcrth (Odenwald)\/Stadt und Landkreis Offenbach  (ots)      (me) Anbei wird auf die Pressemeldung des Polizeipr\u00e4sidiums S\u00fcdhessen verwiesen.  Die Polizei bittet die Bev\u00f6lkerung bei der Suche nach der 13-j\u00e4hrigen Katharina Marino um Mithilfe.  Die Jugendliche ...<br clear=\"all\" \/>  <\/p>\n  <div><span class=\"my_article_details\"><time datetime=\"2026-07-13\">13.07.2026<\/time> &middot; <a href=\"\/news\/muehlheim-aktuell\" title=\"M\u00fchlheim heute aktuell\">M\u00fchlheim<\/a> &middot; <a href=\"\/news\/muehlheim-polizeimeldungen\" title=\"Polizeieins\u00e4tze Muehlheim\">Polizei<\/a> &middot; <\/span><a href=\"https:\/\/www.presseportal.de\/blaulicht\/pm\/43561\/6313395\" title=\"Link zum Artikel auf presseportal.de\" target=\"_blank\">presseportal.de<\/a><\/div>\n  <b><\/b>\n <\/div>\n <\/article>\n<\/div>\n<div class=\"post\" style=\"margin-bottom:40px;\">\n <article>\n <h2><a name=\"9edf36cf\" href=\"https:\/\/www.presseportal.de\/blaulicht\/pm\/43561\/6311283\" rel=\"bookmark\" style=\"color:#333333; font-weight:bold;\" title=\"Link zum Artikel auf presseportal.de\" target=\"_blank\">Polizei Offenbach am Main: Pressemeldungen vom 09.07.2026<\/a><\/h2>\n <div class=\"entry\">\n  <p style=\"margin-bottom:4px;\">\n   <a href=\"https:\/\/www.presseportal.de\/blaulicht\/pm\/43561\/6311283\" target=\"_blank\"><img decoding=\"async\" src=\"\/feeds\/gfx\/POL-OF.jpg\" style=\"align:left !important; float:left !important; margin-top:4px !important; margin-right:8px !important; margin-bottom:4px !important; width:90px !important;\" \/><\/a>   ... <b>4. Nach Wechselgeld gefragt, stattdessen Geldb\u00f6rse gestohlen - Zeugen gesucht! - Offenbach<\/b>   (fg) Etwa 45 Jahre alt, circa 1,65 Meter gro\u00df, kr\u00e4ftig, schwarze Haare an den Seiten rasiert; mit dieser Personenbeschreibung sucht die Polizei nach einem Dieb. Der Unbekannte sprach am Mittwochabend, gegen 19.35 Uhr, einen Passanten an und bat diesen, Euro-M\u00fcnzen ...<br clear=\"all\" \/><\/p><p style=\"margin-top:8px; margin-bottom:4px;\"><a href=\"https:\/\/www.presseportal.de\/blaulicht\/pm\/43561\/6311283\" target=\"_blank\"><img decoding=\"async\" src=\"\/feeds\/gfx\/POL-OF.jpg\" style=\"align:left !important; float:left !important; margin-top:4px !important; margin-right:8px !important; margin-bottom:4px !important; width:90px !important;\" \/><\/a> ... <b>5. Seitent\u00fcr aufgeschnitten: Werkzeuge gestohlen - M\u00fchlheim am Main<\/b>   (fg) Unbekannte schnitten zwischen Dienstagnachmittag, 16.45 Uhr und Mittwochmorgen, 7.15 Uhr, die Seitent\u00fcr eines in der L\u00e4mmerspieler Stra\u00dfe (100er-Hausnummern) abgestellten Wagens auf und nahmen anschlie\u00dfend diversere Arbeits- sowie Schneidewerkzeuge mit. ...<br clear=\"all\" \/>  <\/p>\n  <div><span class=\"my_article_details\"><time datetime=\"2026-07-09\">09.07.2026<\/time> &middot; <a href=\"\/news\/muehlheim-aktuell\" title=\"M\u00fchlheim heute aktuell\">M\u00fchlheim<\/a> &middot; <a href=\"\/news\/muehlheim-polizeimeldungen\" title=\"Polizeieins\u00e4tze Muehlheim\">Polizei<\/a> &middot; <\/span><a href=\"https:\/\/www.presseportal.de\/blaulicht\/pm\/43561\/6311283\" title=\"Link zum Artikel auf presseportal.de\" target=\"_blank\">presseportal.de<\/a><\/div>\n  <b><\/b>\n <\/div>\n <\/article>\n<\/div>\n<div class=\"post\" style=\"margin-bottom:40px;\">\n <article>\n <h2><a name=\"33d1f8ea\" href=\"https:\/\/www.presseportal.de\/blaulicht\/pm\/43561\/6310709\" rel=\"bookmark\" style=\"color:#333333; font-weight:bold;\" title=\"Link zum Artikel auf presseportal.de\" target=\"_blank\">POL-OF: Wie sch\u00fctze ich mein Zuhause? Vortrag zum Thema \"Einbruchschutz\"<\/a><\/h2>\n <div class=\"entry\">\n  <p style=\"margin-bottom:4px;\">\n   <a href=\"https:\/\/www.presseportal.de\/blaulicht\/pm\/43561\/6310709\" target=\"_blank\"><img decoding=\"async\" src=\"\/feeds\/gfx\/POL-OF.jpg\" style=\"align:left !important; float:left !important; margin-top:4px !important; margin-right:8px !important; margin-bottom:4px !important; width:90px !important;\" \/><\/a>   M\u00fchlheim am Main  (ots)      (me) Die Pr\u00e4ventionsabteilung des Polizeipr\u00e4sidiums S\u00fcdosthessen l\u00e4dt am 15. Juli zu einer Veranstaltung zum Thema \"Schutz vor Wohnungseinbr\u00fcchen - so sch\u00fctzen Sie Ihr Zuhause\" ein.  Wann: 17 Uhr bis 19 Uhr  Wo: Rathaus in M\u00fchlheim ...<br clear=\"all\" \/>  <\/p>\n  <div><span class=\"my_article_details\"><time datetime=\"2026-07-08\">08.07.2026<\/time> &middot; <a href=\"\/news\/muehlheim-aktuell\" title=\"M\u00fchlheim heute aktuell\">M\u00fchlheim<\/a> &middot; <a href=\"\/news\/muehlheim-polizeimeldungen\" title=\"Polizeieins\u00e4tze Muehlheim\">Polizei<\/a> &middot; <\/span><a href=\"https:\/\/www.presseportal.de\/blaulicht\/pm\/43561\/6310709\" title=\"Link zum Artikel auf presseportal.de\" target=\"_blank\">presseportal.de<\/a><\/div>\n  <b><\/b>\n <\/div>\n <\/article>\n<\/div>\n<div class=\"post\" style=\"margin-bottom:40px;\">\n <article>\n <h2><a name=\"2bf52f89\" href=\"https:\/\/www.presseportal.de\/blaulicht\/pm\/43561\/6309063\" rel=\"bookmark\" style=\"color:#333333; font-weight:bold;\" title=\"Link zum Artikel auf presseportal.de\" target=\"_blank\">Polizei Offenbach am Main: Pressemeldungen vom 06.07.2026<\/a><\/h2>\n <div class=\"entry\">\n  <p style=\"margin-bottom:4px;\">\n   <a href=\"https:\/\/www.presseportal.de\/blaulicht\/pm\/43561\/6309063\" target=\"_blank\"><img decoding=\"async\" src=\"\/feeds\/gfx\/POL-OF.jpg\" style=\"align:left !important; float:left !important; margin-top:4px !important; margin-right:8px !important; margin-bottom:4px !important; width:90px !important;\" \/><\/a>   ... <b>4. Bei Brand in Altenwohnheim: Feuerwehr, Rettungsdienst und Polizei im Einsatz - Offenbach<\/b>   (me) Eine verletzte Person und etwa 400.000 Euro Sachschaden sind das Resultat eines Brandes in der Nacht zum Montag. Um kurz vor Mitternacht wurden die Feuerwehr, der Rettungsdienst und die Polizei \u00fcber das Feuer in einem Altenwohnheim im L\u00e4mmerspieler Weg ...<br clear=\"all\" \/><\/p><p style=\"margin-top:8px; margin-bottom:4px;\"><a href=\"https:\/\/www.presseportal.de\/blaulicht\/pm\/43561\/6309063\" target=\"_blank\"><img decoding=\"async\" src=\"\/feeds\/gfx\/POL-OF.jpg\" style=\"align:left !important; float:left !important; margin-top:4px !important; margin-right:8px !important; margin-bottom:4px !important; width:90px !important;\" \/><\/a> ... <b>7. Pfefferspray ins Gesicht gespr\u00fcht: Zeugensuche! - M\u00fchlheim am Main<\/b>   (fg) Aus bislang unbekannten Gr\u00fcnden wurde einem 22-J\u00e4hrigen am Sonntagabend, gegen 19.30 Uhr, an einem Fahrkartenautomaten am Bahnhof Pfefferspray in dessen Gesicht gespr\u00fcht. Weshalb es dazu kam, ist unbekannt. Eine Personenbeschreibung liegt nicht vor. ...<br clear=\"all\" \/>  <\/p>\n  <div><span class=\"my_article_details\"><time datetime=\"2026-07-06\">06.07.2026<\/time> &middot; <a href=\"\/news\/braende-offenbach-am-main\" title=\"Br\u00e4nde Offenbach am Main\">Feuerwehr<\/a> &middot; L\u00e4mmerspiel &middot; <a href=\"\/news\/muehlheim-aktuell\" title=\"M\u00fchlheim heute aktuell\">M\u00fchlheim<\/a> &middot; <a href=\"\/news\/muehlheim-polizeimeldungen\" title=\"Polizeieins\u00e4tze Muehlheim\">Polizei<\/a> &middot; <\/span><a href=\"https:\/\/www.presseportal.de\/blaulicht\/pm\/43561\/6309063\" title=\"Link zum Artikel auf presseportal.de\" target=\"_blank\">presseportal.de<\/a><\/div>\n  <b><\/b>\n <\/div>\n <\/article>\n<\/div>\n<div class=\"post\" style=\"margin-bottom:40px;\">\n <article>\n <h2><a name=\"72778f1f\" href=\"https:\/\/www.presseportal.de\/blaulicht\/pm\/43561\/6306552\" rel=\"bookmark\" style=\"color:#333333; font-weight:bold;\" title=\"Link zum Artikel auf presseportal.de\" target=\"_blank\">POL-OF: Vermisste wieder da<\/a><\/h2>\n <div class=\"entry\">\n  <p style=\"margin-bottom:4px;\">\n   <a href=\"https:\/\/www.presseportal.de\/blaulicht\/pm\/43561\/6306552\" target=\"_blank\"><img decoding=\"async\" src=\"\/feeds\/gfx\/POL-OF.jpg\" style=\"align:left !important; float:left !important; margin-top:4px !important; margin-right:8px !important; margin-bottom:4px !important; width:90px !important;\" \/><\/a>   Gelnhausen \/ Langenselbold \/ M\u00fchlheim am Main  (ots)      (me) Die vier seit Montag (29. Juni) beziehungsweise Dienstag (16. und 30. Juni) gesuchten 11, 13 sowie 14 und 17 Jahre alten Vermissten aus Langenselbold, Gelnhausen und M\u00fchlheim am Main konnten wohlbehalten ...<br clear=\"all\" \/>  <\/p>\n  <div><span class=\"my_article_details\"><time datetime=\"2026-07-02\">02.07.2026<\/time> &middot; <a href=\"\/news\/muehlheim-aktuell\" title=\"M\u00fchlheim heute aktuell\">M\u00fchlheim<\/a> &middot; <\/span><a href=\"https:\/\/www.presseportal.de\/blaulicht\/pm\/43561\/6306552\" title=\"Link zum Artikel auf presseportal.de\" target=\"_blank\">presseportal.de<\/a><\/div>\n  <b><\/b>\n <\/div>\n <\/article>\n<\/div>\n<div class=\"post\" style=\"margin-bottom:40px;\">\n <article>\n <h2><a name=\"5ddecf84\" href=\"https:\/\/www.presseportal.de\/blaulicht\/pm\/43561\/6306096\" rel=\"bookmark\" style=\"color:#333333; font-weight:bold;\" title=\"Link zum Artikel auf presseportal.de\" target=\"_blank\">Polizei Offenbach am Main: Pressemeldungen vom 01.07.2026<\/a><\/h2>\n <div class=\"entry\">\n  <p style=\"margin-bottom:4px;\">\n   <a href=\"https:\/\/www.presseportal.de\/blaulicht\/pm\/43561\/6306096\" target=\"_blank\"><img decoding=\"async\" src=\"\/feeds\/gfx\/POL-OF.jpg\" style=\"align:left !important; float:left !important; margin-top:4px !important; margin-right:8px !important; margin-bottom:4px !important; width:90px !important;\" \/><\/a>   ... <b>1. Versuchter Einbruch in Wettb\u00fcro: Auf frischer Tat ertappt - M\u00fchlheim am Main<\/b>   (me) Ein Einbrecherduo wurde beim Versuch, am Mittwochmorgen in ein Wettb\u00fcro in der Offenbacher Stra\u00dfe gewaltsam einzudringen, durch einen Mitarbeiter auf frischer Tat ertappt und musste daraufhin die Flucht ergreifen. Gegen 2.15 Uhr machten sich die beiden ...<br clear=\"all\" \/>  <\/p>\n  <div><span class=\"my_article_details\"><time datetime=\"2026-07-01\">01.07.2026<\/time> &middot; <a href=\"\/news\/muehlheim-aktuell\" title=\"M\u00fchlheim heute aktuell\">M\u00fchlheim<\/a> &middot; <a href=\"\/news\/muehlheim-polizeimeldungen\" title=\"Polizeieins\u00e4tze Muehlheim\">Polizei<\/a> &middot; <\/span><a href=\"https:\/\/www.presseportal.de\/blaulicht\/pm\/43561\/6306096\" title=\"Link zum Artikel auf presseportal.de\" target=\"_blank\">presseportal.de<\/a><\/div>\n  <b><\/b>\n <\/div>\n <\/article>\n<\/div>\n<div class=\"post\" style=\"margin-bottom:40px;\">\n <article>\n <h2><a name=\"f2e5ea00\" href=\"https:\/\/www.presseportal.de\/blaulicht\/pm\/43561\/6304431\" rel=\"bookmark\" style=\"color:#333333; font-weight:bold;\" title=\"Link zum Artikel auf presseportal.de\" target=\"_blank\">Polizei Offenbach am Main: Pressemeldungen vom 29.06.2026<\/a><\/h2>\n <div class=\"entry\">\n  <p style=\"margin-bottom:4px;\">\n   <a href=\"https:\/\/www.presseportal.de\/blaulicht\/pm\/43561\/6304431\" target=\"_blank\"><img decoding=\"async\" src=\"\/feeds\/gfx\/POL-OF.jpg\" style=\"align:left !important; float:left !important; margin-top:4px !important; margin-right:8px !important; margin-bottom:4px !important; width:90px !important;\" \/><\/a>   ... <b>1. 61-j\u00e4hriger Rollerfahrer zu schnell unterwegs: Bu\u00dfgeld, Punkte und Fahrverbot erwartet - Offenbach<\/b>     (me) Ein Bu\u00dfgeld von 260 Euro, zwei Punkte im Verkehrszentralregister und ein Monat Fahrverbot kommen auf einen 61 Jahre alten Mann zu, nachdem dieser am Freitagabend auf der M\u00fchlheimer Stra\u00dfe zwischen Offenbach und M\u00fchlheim am Main mit deutlich \u00fcberh\u00f6hter ...<br clear=\"all\" \/><\/p><p style=\"margin-top:8px; margin-bottom:4px;\"><a href=\"https:\/\/www.presseportal.de\/blaulicht\/pm\/43561\/6304431\" target=\"_blank\"><img decoding=\"async\" src=\"\/feeds\/gfx\/POL-OF.jpg\" style=\"align:left !important; float:left !important; margin-top:4px !important; margin-right:8px !important; margin-bottom:4px !important; width:90px !important;\" \/><\/a> ... <b>4. Radfahrer st\u00fcrzte und kam in Krankenhaus - M\u00fchlheim am Main<\/b>     (fg) M\u00f6glicherweise aufgrund der Hitze verlor ein Radfahrer am Sonntagnachmittag, kurz nach 16 Uhr, die Kontrolle \u00fcber sein Fahrrad und st\u00fcrzte zu Boden. Aufmerksame Spazierg\u00e4nger eilten dem 60-J\u00e4hrigen zu Hilfe und alarmierten den Rettungsdienst. Der aus ...<br clear=\"all\" \/>  <\/p>\n  <div><span class=\"my_article_details\"><time datetime=\"2026-06-29\">29.06.2026<\/time> &middot; <a href=\"\/news\/muehlheim-aktuell\" title=\"M\u00fchlheim heute aktuell\">M\u00fchlheim<\/a> &middot; <a href=\"\/news\/muehlheim-polizeimeldungen\" title=\"Polizeieins\u00e4tze Muehlheim\">Polizei<\/a> &middot; <a href=\"\/news\/unfaelle-offenbach-am-main\" title=\"Unf\u00e4lle Offenbach am Main\">Unfall<\/a> &middot; <\/span><a href=\"https:\/\/www.presseportal.de\/blaulicht\/pm\/43561\/6304431\" title=\"Link zum Artikel auf presseportal.de\" target=\"_blank\">presseportal.de<\/a><\/div>\n  <b><\/b>\n <\/div>\n <\/article>\n<\/div>\n<div class=\"post\" style=\"margin-bottom:40px;\">\n <article>\n <h2><a name=\"be8ca1fc\" href=\"https:\/\/www.presseportal.de\/blaulicht\/pm\/43561\/6300927\" rel=\"bookmark\" style=\"color:#333333; font-weight:bold;\" title=\"Link zum Artikel auf presseportal.de\" target=\"_blank\">POL-OF: \"Maskierter R\u00e4uber\" l\u00f6ste Polizeieinsatz aus<\/a><\/h2>\n <div class=\"entry\">\n  <p style=\"margin-bottom:4px;\">\n   <a href=\"https:\/\/www.presseportal.de\/blaulicht\/pm\/43561\/6300927\" target=\"_blank\"><img decoding=\"async\" src=\"\/feeds\/gfx\/POL-OF.jpg\" style=\"align:left !important; float:left !important; margin-top:4px !important; margin-right:8px !important; margin-bottom:4px !important; width:90px !important;\" \/><\/a>   M\u00fchlheim am Main  (ots)      (lei) Mehrere Personen mit Taschenlampen, hektische Bewegungen im Garten und schlie\u00dflich Lichtschein in einem Wohnhaus: Ein Notruf aus dem Stadtteil L\u00e4mmerspiel hat in der Nacht zu Mittwoch einen gr\u00f6\u00dferen Polizeieinsatz ausgel\u00f6st, ...<br clear=\"all\" \/>  <\/p>\n  <div><span class=\"my_article_details\"><time datetime=\"2026-06-24\">24.06.2026<\/time> &middot; <a href=\"\/news\/muehlheim-aktuell\" title=\"M\u00fchlheim heute aktuell\">M\u00fchlheim<\/a> &middot; <a href=\"\/news\/muehlheim-polizeimeldungen\" title=\"Polizeieins\u00e4tze Muehlheim\">Polizei<\/a> &middot; <\/span><a href=\"https:\/\/www.presseportal.de\/blaulicht\/pm\/43561\/6300927\" title=\"Link zum Artikel auf presseportal.de\" target=\"_blank\">presseportal.de<\/a><\/div>\n  <b><\/b>\n <\/div>\n <\/article>\n<\/div>\n<div class=\"post\" style=\"margin-bottom:40px;\">\n <article>\n <h2><a name=\"ddf507e6\" href=\"https:\/\/www.presseportal.de\/blaulicht\/pm\/43561\/6301235\" rel=\"bookmark\" style=\"color:#333333; font-weight:bold;\" title=\"Link zum Artikel auf presseportal.de\" target=\"_blank\">Polizei Offenbach am Main: Pressemeldungen vom 24.06.2026<\/a><\/h2>\n <div class=\"entry\">\n  <p style=\"margin-bottom:4px;\">\n   <a href=\"https:\/\/www.presseportal.de\/blaulicht\/pm\/43561\/6301235\" target=\"_blank\"><img decoding=\"async\" src=\"\/feeds\/gfx\/POL-OF.jpg\" style=\"align:left !important; float:left !important; margin-top:4px !important; margin-right:8px !important; margin-bottom:4px !important; width:90px !important;\" \/><\/a>   ... <b>4. Betr\u00fcger brachten Rentnerin um ihr Erspartes: Zeugen gesucht! - M\u00fchlheim am Main<\/b>   (cb) Betr\u00fcger brachten eine Rentnerin am Dienstag um ihr \u00fcber Jahre Erspartes, in der Summe um mehrere zehntausend Euro. Das Telefon der M\u00fchlheimerin klingelte gegen 15 Uhr. Am anderen Ende gab sich eine Frau als Polizeibeamtin aus. Sie tischte der Seniorin ...<br clear=\"all\" \/>  <\/p>\n  <div><span class=\"my_article_details\"><time datetime=\"2026-06-24\">24.06.2026<\/time> &middot; <a href=\"\/news\/muehlheim-aktuell\" title=\"M\u00fchlheim heute aktuell\">M\u00fchlheim<\/a> &middot; <a href=\"\/news\/muehlheim-polizeimeldungen\" title=\"Polizeieins\u00e4tze Muehlheim\">Polizei<\/a> &middot; <\/span><a href=\"https:\/\/www.presseportal.de\/blaulicht\/pm\/43561\/6301235\" title=\"Link zum Artikel auf presseportal.de\" target=\"_blank\">presseportal.de<\/a><\/div>\n  <b><\/b>\n <\/div>\n <\/article>\n<\/div>\n<div class=\"post\" style=\"margin-bottom:40px;\">\n <article>\n <h2><a name=\"b0021219\" href=\"https:\/\/www.presseportal.de\/blaulicht\/pm\/43561\/6300502\" rel=\"bookmark\" style=\"color:#333333; font-weight:bold;\" title=\"Link zum Artikel auf presseportal.de\" target=\"_blank\">Polizei Offenbach am Main: Pressemeldungen vom 23.06.2026<\/a><\/h2>\n <div class=\"entry\">\n  <p style=\"margin-bottom:4px;\">\n   <a href=\"https:\/\/www.presseportal.de\/blaulicht\/pm\/43561\/6300502\" target=\"_blank\"><img decoding=\"async\" src=\"\/feeds\/gfx\/POL-OF.jpg\" style=\"align:left !important; float:left !important; margin-top:4px !important; margin-right:8px !important; margin-bottom:4px !important; width:90px !important;\" \/><\/a>   ... <b>Berufsverkehr: eine Person verletzt - Offenbach<\/b>  Zu einem Auffahrunfall, bei dem ein Peugeot sowie ein Skoda involviert waren, kam es am Dienstagmorgen auf der M\u00fchlheimer Stra\u00dfe im Bereich der 210er-Hausnummern. Der 33 Jahre alter Fahrer eines wei\u00dfen Opels fuhr gegen 7.30 Uhr dem vor ihm befindlichen wei\u00dfen ...<br clear=\"all\" \/>  <\/p>\n  <div><span class=\"my_article_details\"><time datetime=\"2026-06-23\">23.06.2026<\/time> &middot; <a href=\"\/news\/muehlheim-aktuell\" title=\"M\u00fchlheim heute aktuell\">M\u00fchlheim<\/a> &middot; <a href=\"\/news\/muehlheim-polizeimeldungen\" title=\"Polizeieins\u00e4tze Muehlheim\">Polizei<\/a> &middot; <a href=\"\/news\/unfaelle-offenbach-am-main\" title=\"Unf\u00e4lle Offenbach am Main\">Unfall<\/a> &middot; <\/span><a href=\"https:\/\/www.presseportal.de\/blaulicht\/pm\/43561\/6300502\" title=\"Link zum Artikel auf presseportal.de\" target=\"_blank\">presseportal.de<\/a><\/div>\n  <b><\/b>\n <\/div>\n <\/article>\n<\/div>\n<div class=\"post\" style=\"margin-bottom:40px;\">\n <article>\n <h2><a name=\"3668c1b2\" href=\"https:\/\/www.presseportal.de\/blaulicht\/pm\/43561\/6299044\" rel=\"bookmark\" style=\"color:#333333; font-weight:bold;\" title=\"Link zum Artikel auf presseportal.de\" target=\"_blank\">POL-OF: Ermittlungen gegen 62-J\u00e4hrigen wegen Verdachts der gef\u00e4hrlichen K\u00f6rperverletzung<\/a><\/h2>\n <div class=\"entry\">\n  <p style=\"margin-bottom:4px;\">\n   <a href=\"https:\/\/www.presseportal.de\/blaulicht\/pm\/43561\/6299044\" target=\"_blank\"><img decoding=\"async\" src=\"\/feeds\/gfx\/POL-OF.jpg\" style=\"align:left !important; float:left !important; margin-top:4px !important; margin-right:8px !important; margin-bottom:4px !important; width:90px !important;\" \/><\/a>   (lei) Wegen des Verdachts der gef\u00e4hrlichen K\u00f6rperverletzung muss sich seit Freitagmorgen ein 62-J\u00e4hriger verantworten. Er soll demnach einen 60-J\u00e4hrigen vor einem Mehrfamilienhaus in der M\u00fchlheimer Stra\u00dfe (220er-Hausnummern) mit einem l\u00e4nglichen Gegenstand ...<br clear=\"all\" \/>  <\/p>\n  <div><span class=\"my_article_details\"><time datetime=\"2026-06-22\">22.06.2026<\/time> &middot; <a href=\"\/news\/muehlheim-aktuell\" title=\"M\u00fchlheim heute aktuell\">M\u00fchlheim<\/a> &middot; <a href=\"\/news\/muehlheim-polizeimeldungen\" title=\"Polizeieins\u00e4tze Muehlheim\">Polizei<\/a> &middot; <\/span><a href=\"https:\/\/www.presseportal.de\/blaulicht\/pm\/43561\/6299044\" title=\"Link zum Artikel auf presseportal.de\" target=\"_blank\">presseportal.de<\/a><\/div>\n  <b><\/b>\n <\/div>\n <\/article>\n<\/div>\n<div class=\"post\" style=\"margin-bottom:40px;\">\n <article>\n <h2><a name=\"2fd0e540\" href=\"https:\/\/www.presseportal.de\/blaulicht\/pm\/43561\/6299568\" rel=\"bookmark\" style=\"color:#333333; font-weight:bold;\" title=\"Link zum Artikel auf presseportal.de\" target=\"_blank\">Polizei Offenbach am Main: Pressemeldungen vom 22.06.2026<\/a><\/h2>\n <div class=\"entry\">\n  <p style=\"margin-bottom:4px;\">\n   <a href=\"https:\/\/www.presseportal.de\/blaulicht\/pm\/43561\/6299568\" target=\"_blank\"><img decoding=\"async\" src=\"\/feeds\/gfx\/POL-OF.jpg\" style=\"align:left !important; float:left !important; margin-top:4px !important; margin-right:8px !important; margin-bottom:4px !important; width:90px !important;\" \/><\/a>   ... <b>6. Mutma\u00dflich unter Drogeneinfluss: Verd\u00e4chtiger kam mit Rettungswagen in Klinik - M\u00fchlheim am Main<\/b>     (fg) Wegen des Verdachts exhibitionistischer Handlungen ermittelt die Polizei gegen einen 18 Jahre alten Verd\u00e4chtigen, der sich am Freitagabend in der Schlesierstra\u00dfe in L\u00e4mmerspiel mutma\u00dflich unter dem Einfluss von Rauschmitteln entbl\u00f6\u00dft und angefasst ...<br clear=\"all\" \/>  <\/p>\n  <div><span class=\"my_article_details\"><time datetime=\"2026-06-22\">22.06.2026<\/time> &middot; <a href=\"\/news\/muehlheim-aktuell\" title=\"M\u00fchlheim heute aktuell\">M\u00fchlheim<\/a> &middot; <a href=\"\/news\/muehlheim-polizeimeldungen\" title=\"Polizeieins\u00e4tze Muehlheim\">Polizei<\/a> &middot; <\/span><a href=\"https:\/\/www.presseportal.de\/blaulicht\/pm\/43561\/6299568\" title=\"Link zum Artikel auf presseportal.de\" target=\"_blank\">presseportal.de<\/a><\/div>\n  <b><\/b>\n <\/div>\n <\/article>\n<\/div>\n<div class=\"post\" style=\"margin-bottom:40px;\">\n <article>\n <h2><a name=\"0441d404\" href=\"https:\/\/www.presseportal.de\/blaulicht\/pm\/43561\/6294550\" rel=\"bookmark\" style=\"color:#333333; font-weight:bold;\" title=\"Link zum Artikel auf presseportal.de\" target=\"_blank\">Polizei Offenbach am Main: Pressemeldungen vom 15.06.2026<\/a><\/h2>\n <div class=\"entry\">\n  <p style=\"margin-bottom:4px;\">\n   <a href=\"https:\/\/www.presseportal.de\/blaulicht\/pm\/43561\/6294550\" target=\"_blank\"><img decoding=\"async\" src=\"\/feeds\/gfx\/POL-OF.jpg\" style=\"align:left !important; float:left !important; margin-top:4px !important; margin-right:8px !important; margin-bottom:4px !important; width:90px !important;\" \/><\/a>   ... <b>4. Zeugen gesucht! VW geklaut - M\u00fchlheim am Main<\/b>   (cb) Autodiebe hatten es auf einen VW Amarok abgesehen, der in der Hanauer Stra\u00dfe (einstellige Hausnummern) abgestellt war. Der Fahrzeugeigent\u00fcmer parkte seinen grauen Wagen mit OF-Kennzeichen am Donnerstag, gegen 22 Uhr, am Fahrbahnrand. Als er am Folgetag, ...<br clear=\"all\" \/>  <\/p>\n  <div><span class=\"my_article_details\"><time datetime=\"2026-06-15\">15.06.2026<\/time> &middot; <a href=\"\/news\/muehlheim-aktuell\" title=\"M\u00fchlheim heute aktuell\">M\u00fchlheim<\/a> &middot; <a href=\"\/news\/muehlheim-polizeimeldungen\" title=\"Polizeieins\u00e4tze Muehlheim\">Polizei<\/a> &middot; <\/span><a href=\"https:\/\/www.presseportal.de\/blaulicht\/pm\/43561\/6294550\" title=\"Link zum Artikel auf presseportal.de\" target=\"_blank\">presseportal.de<\/a><\/div>\n  <b><\/b>\n <\/div>\n <\/article>\n<\/div>\n<div class=\"post\" style=\"margin-bottom:40px;\">\n <article>\n <h2><a name=\"8ebaedba\" href=\"https:\/\/www.presseportal.de\/blaulicht\/pm\/43561\/6293586\" rel=\"bookmark\" style=\"color:#333333; font-weight:bold;\" title=\"Link zum Artikel auf presseportal.de\" target=\"_blank\">Polizei Offenbach am Main: Pressemeldungen vom 13.06.2026<\/a><\/h2>\n <div class=\"entry\">\n  <p style=\"margin-bottom:4px;\">\n   <a href=\"https:\/\/www.presseportal.de\/blaulicht\/pm\/43561\/6293586\" target=\"_blank\"><img decoding=\"async\" src=\"\/feeds\/gfx\/POL-OF.jpg\" style=\"align:left !important; float:left !important; margin-top:4px !important; margin-right:8px !important; margin-bottom:4px !important; width:90px !important;\" \/><\/a>   ... <b>2.  Pick Up gestohlen -  M\u00fchlheim\/ Dietesheim<\/b>   Die Polizei fahndet nach dem Diebstahl eines Gel\u00e4ndewagens in der Hanauer Stra\u00dfe (einstellige Hausnummern) in M\u00fchlheim nach den fl\u00fcchtigen T\u00e4tern.  Zwischen Donnerstagabend (11.6.2026), gegen 19.00 Uhr, und Freitagabend (12.06.2026) gelang es Langfingern ...<br clear=\"all\" \/>  <\/p>\n  <div><span class=\"my_article_details\"><time datetime=\"2026-06-13\">13.06.2026<\/time> &middot; <a href=\"\/news\/muehlheim-aktuell\" title=\"M\u00fchlheim heute aktuell\">M\u00fchlheim<\/a> &middot; <a href=\"\/news\/muehlheim-polizeimeldungen\" title=\"Polizeieins\u00e4tze Muehlheim\">Polizei<\/a> &middot; <\/span><a href=\"https:\/\/www.presseportal.de\/blaulicht\/pm\/43561\/6293586\" title=\"Link zum Artikel auf presseportal.de\" target=\"_blank\">presseportal.de<\/a><\/div>\n  <b><\/b>\n <\/div>\n <\/article>\n<\/div>\n<div class=\"post\" style=\"margin-bottom:40px;\">\n <article>\n <h2><a name=\"9c244f2a\" href=\"https:\/\/www.presseportal.de\/blaulicht\/pm\/43561\/6292636\" rel=\"bookmark\" style=\"color:#333333; font-weight:bold;\" title=\"Link zum Artikel auf presseportal.de\" target=\"_blank\">Polizei Offenbach am Main: Pressemeldungen vom 11.06.2026<\/a><\/h2>\n <div class=\"entry\">\n  <p style=\"margin-bottom:4px;\">\n   <a href=\"https:\/\/www.presseportal.de\/blaulicht\/pm\/43561\/6292636\" target=\"_blank\"><img decoding=\"async\" src=\"\/feeds\/gfx\/POL-OF.jpg\" style=\"align:left !important; float:left !important; margin-top:4px !important; margin-right:8px !important; margin-bottom:4px !important; width:90px !important;\" \/><\/a>   ... <b>7. Mehrere Pkw auf der Ebertstra\u00dfe besch\u00e4digt: Wer hat etwas beobachtet? - M\u00fchlheim am Main<\/b>   (me) Etwa 1,70 Meter gro\u00df, kurze schwarze Haare, schwarzes T-Shirt, schwarze Hose: Ein Mann mit dieser Personenbeschreibung steht mutma\u00dflich in Zusammenhang mit mehreren Sachbesch\u00e4digungen von Mittwochmittag. Bislang sind bei der Polizei Besch\u00e4digungen an ...<br clear=\"all\" \/>  <\/p>\n  <div><span class=\"my_article_details\"><time datetime=\"2026-06-11\">11.06.2026<\/time> &middot; <a href=\"\/news\/muehlheim-aktuell\" title=\"M\u00fchlheim heute aktuell\">M\u00fchlheim<\/a> &middot; <a href=\"\/news\/muehlheim-polizeimeldungen\" title=\"Polizeieins\u00e4tze Muehlheim\">Polizei<\/a> &middot; <\/span><a href=\"https:\/\/www.presseportal.de\/blaulicht\/pm\/43561\/6292636\" title=\"Link zum Artikel auf presseportal.de\" target=\"_blank\">presseportal.de<\/a><\/div>\n  <b><\/b>\n <\/div>\n <\/article>\n<\/div>\n<div class=\"post\" style=\"margin-bottom:40px;\">\n <article>\n <h2><a name=\"cb75c948\" href=\"https:\/\/www.presseportal.de\/blaulicht\/pm\/43561\/6291028\" rel=\"bookmark\" style=\"color:#333333; font-weight:bold;\" title=\"Link zum Artikel auf presseportal.de\" target=\"_blank\">Polizei Offenbach am Main: Pressemeldungen vom 09.06.2026<\/a><\/h2>\n <div class=\"entry\">\n  <p style=\"margin-bottom:4px;\">\n   <a href=\"https:\/\/www.presseportal.de\/blaulicht\/pm\/43561\/6291028\" target=\"_blank\"><img decoding=\"async\" src=\"\/feeds\/gfx\/POL-OF.jpg\" style=\"align:left !important; float:left !important; margin-top:4px !important; margin-right:8px !important; margin-bottom:4px !important; width:90px !important;\" \/><\/a>   ... <b>1. Zeugensuche nach Verkehrsdelikt! - Offenbach<\/b>   (fg) Am Samstagnachmittag ereignete sich ein Verkehrsdelikt, weshalb die Polizei unter anderem wegen des Verdachts der N\u00f6tigung, Beleidigung sowie Sachbesch\u00e4digung ermittelt und nach Zeugen sucht. Ein Peugeot-Fahrer war gegen 14.30 Uhr auf der M\u00fchlheimer ...<br clear=\"all\" \/>  <\/p>\n  <div><span class=\"my_article_details\"><time datetime=\"2026-06-09\">09.06.2026<\/time> &middot; <a href=\"\/news\/muehlheim-aktuell\" title=\"M\u00fchlheim heute aktuell\">M\u00fchlheim<\/a> &middot; <a href=\"\/news\/muehlheim-polizeimeldungen\" title=\"Polizeieins\u00e4tze Muehlheim\">Polizei<\/a> &middot; <\/span><a href=\"https:\/\/www.presseportal.de\/blaulicht\/pm\/43561\/6291028\" title=\"Link zum Artikel auf presseportal.de\" target=\"_blank\">presseportal.de<\/a><\/div>\n  <b><\/b>\n <\/div>\n <\/article>\n<\/div>\n<div class=\"post\" style=\"margin-bottom:40px;\">\n <article>\n <h2><a name=\"d9f54481\" href=\"https:\/\/www.presseportal.de\/blaulicht\/pm\/43561\/6291227\" rel=\"bookmark\" style=\"color:#333333; font-weight:bold;\" title=\"Link zum Artikel auf presseportal.de\" target=\"_blank\">POL-OF: Ausbildungskontrolle auf der M\u00fchlheimer Stra\u00dfe: \u00dcber 3.200 Fahrzeuge gemessen und Straftaten aufgedeckt<\/a><\/h2>\n <div class=\"entry\">\n  <p style=\"margin-bottom:4px;\">\n   <a href=\"https:\/\/www.presseportal.de\/blaulicht\/pm\/43561\/6291227\" target=\"_blank\"><img decoding=\"async\" src=\"\/feeds\/gfx\/POL-OF.jpg\" style=\"align:left !important; float:left !important; margin-top:4px !important; margin-right:8px !important; margin-bottom:4px !important; width:90px !important;\" \/><\/a>   (lei) Im Rahmen einer Ausbildungskontrolle haben angehende Polizeikommissarinnen und Polizeikommissare gemeinsam mit Kr\u00e4ften der Aus- und Fortbildungseinheit der Bereitschaftspolizeidirektion S\u00fcdost sowie dem Sachgebiet Verkehrs\u00fcberwachung der Verkehrsinspektion ...<br clear=\"all\" \/>  <\/p>\n  <div><span class=\"my_article_details\"><time datetime=\"2026-06-09\">09.06.2026<\/time> &middot; <a href=\"\/news\/muehlheim-aktuell\" title=\"M\u00fchlheim heute aktuell\">M\u00fchlheim<\/a> &middot; <a href=\"\/news\/muehlheim-polizeimeldungen\" title=\"Polizeieins\u00e4tze Muehlheim\">Polizei<\/a> &middot; <\/span><a href=\"https:\/\/www.presseportal.de\/blaulicht\/pm\/43561\/6291227\" title=\"Link zum Artikel auf presseportal.de\" target=\"_blank\">presseportal.de<\/a><\/div>\n  <b><\/b>\n <\/div>\n <\/article>\n<\/div>\n<div class=\"post\" style=\"margin-bottom:40px;\">\n <article>\n <h2><a name=\"e650d547\" href=\"https:\/\/www.presseportal.de\/blaulicht\/pm\/43561\/6290176\" rel=\"bookmark\" style=\"color:#333333; font-weight:bold;\" title=\"Link zum Artikel auf presseportal.de\" target=\"_blank\">Polizei Offenbach am Main: Pressemeldungen vom 08.06.2026<\/a><\/h2>\n <div class=\"entry\">\n  <p style=\"margin-bottom:4px;\">\n   <a href=\"https:\/\/www.presseportal.de\/blaulicht\/pm\/43561\/6290176\" target=\"_blank\"><img decoding=\"async\" src=\"\/feeds\/gfx\/POL-OF.jpg\" style=\"align:left !important; float:left !important; margin-top:4px !important; margin-right:8px !important; margin-bottom:4px !important; width:90px !important;\" \/><\/a>   ... <b>3. Zeugensuche nach K\u00f6rperverletzung - Offenbach<\/b>   (cb) Eine 37-J\u00e4hrige geriet am Samstagabend, gegen 22.50 Uhr, beim Verlassen des Stadions am Bieberer Berg nach einer dortigen Feier in eine Auseinandersetzung mit einem derzeit Unbekannten. Der etwa 25 Jahre alte, 1,70 Meter gro\u00dfe und dunkel gekleidete Mann ...<br clear=\"all\" \/><\/p><p style=\"margin-top:8px; margin-bottom:4px;\"><a href=\"https:\/\/www.presseportal.de\/blaulicht\/pm\/43561\/6290176\" target=\"_blank\"><img decoding=\"async\" src=\"\/feeds\/gfx\/POL-OF.jpg\" style=\"align:left !important; float:left !important; margin-top:4px !important; margin-right:8px !important; margin-bottom:4px !important; width:90px !important;\" \/><\/a> ... <b>6. Schwarzer VW angedotzt: Zeugen gesucht! - M\u00fchlheim am Main<\/b>   (cb) Ein VW Touran weist seit Freitagvormittag Besch\u00e4digungen am Fahrzeugheck auf, nachdem ein bis dato unbekannter Verkehrsteilnehmer diesen andotzte. Der schwarze Wagen war nur wenige Minuten, zwischen 9.40 Uhr und 9.45 Uhr, am Fahrbahnrand der Benzstra\u00dfe ...<br clear=\"all\" \/>  <\/p>\n  <div><span class=\"my_article_details\"><time datetime=\"2026-06-08\">08.06.2026<\/time> &middot; <a href=\"\/news\/muehlheim-aktuell\" title=\"M\u00fchlheim heute aktuell\">M\u00fchlheim<\/a> &middot; <a href=\"\/news\/muehlheim-polizeimeldungen\" title=\"Polizeieins\u00e4tze Muehlheim\">Polizei<\/a> &middot; <a href=\"\/news\/unfaelle-offenbach-am-main\" title=\"Unf\u00e4lle Offenbach am Main\">Unfall<\/a> &middot; <\/span><a href=\"https:\/\/www.presseportal.de\/blaulicht\/pm\/43561\/6290176\" title=\"Link zum Artikel auf presseportal.de\" target=\"_blank\">presseportal.de<\/a><\/div>\n  <b><\/b>\n <\/div>\n <\/article>\n<\/div>\n<br \/><div style=\"margin-top:15px; margin-bottom:15px; padding:10px; text-align:left; word-wrap:break-word;\"><a name=\"umgebung\"><\/a><h2 style=\"margin:0px; margin-bottom:20px;\">Polizeimeldungen aus dem Kreis Offenbach<\/h2><div class=\"post\"><article><div class=\"entry\"><p>Falls dich eher die an&shy;de&shy;ren St\u00e4dte des Kreis Offenbach interes&shy;sie&shy;ren, gelangst du mit Hilfe der folgenden Links jeweils direkt zu deren aktuell&shy;sten Po&shy;li&shy;zei&shy;mel&shy;dun&shy;gen.<\/p><ul><li><a href=\"\/news\/dietzenbach-polizeimeldungen\">Dietzenbach Polizeimeldungen<\/a><\/li><li><a href=\"\/news\/dreieich-polizeimeldungen\">Dreieich Polizeimeldungen<\/a><\/li><li><a href=\"\/news\/egelsbach-polizeimeldungen\">Egelsbach Polizeimeldungen<\/a><\/li><li><a href=\"\/news\/hainburg-polizeimeldungen\">Hainburg Polizeimeldungen<\/a><\/li><li><a href=\"\/news\/heusenstamm-polizeimeldungen\">Heusenstamm Polizeimeldungen<\/a><\/li><li><a href=\"\/news\/langen-polizeimeldungen\">Langen Polizeimeldungen<\/a><\/li><li><a href=\"\/news\/mainhausen-polizeimeldungen\">Mainhausen Polizeimeldungen<\/a><\/li><li><a href=\"\/news\/neu-isenburg-polizeimeldungen\">Neu-Isenburg Polizeimeldungen<\/a><\/li><li><a href=\"\/news\/obertshausen-polizeimeldungen\">Obertshausen Polizeimeldungen<\/a><\/li><li><a href=\"\/news\/offenbach-polizeimeldungen\">Offenbach Polizeimeldungen<\/a><\/li><li><a href=\"\/news\/rodgau-polizeimeldungen\">Rodgau Polizeimeldungen<\/a><\/li><li><a href=\"\/news\/roedermark-polizeimeldungen\">R\u00f6dermark Polizeimeldungen<\/a><\/li><li><a href=\"\/news\/seligenstadt-polizeimeldungen\">Seligenstadt Polizeimeldungen<\/a><\/li><\/ul><p>Ansonsten lies doch einfach in unserem <a href=\"\/news\/blog\" title=\"Heusenstamm Blog\">Blog<\/a> weiter! Dort findest du weitere Informationen mit regionalem Fokus.<\/p><\/div><\/article><\/div><\/div>\n\n","protected":false},"excerpt":{"rendered":"","protected":false},"author":4,"featured_media":13343,"parent":0,"menu_order":0,"comment_status":"closed","ping_status":"closed","template":"","meta":{"footnotes":""},"categories":[477],"tags":[472,507,498,473,461,506,471,468],"class_list":["post-9409","page","type-page","status-publish","has-post-thumbnail","hentry","category-polizeiberichte","tag-einbruch","tag-hessen","tag-kreis-offenbach","tag-muehlheim","tag-news","tag-of","tag-polizei","tag-unfall"],"_links":{"self":[{"href":"https:\/\/www.heusenstaemmchen.de\/news\/wp-json\/wp\/v2\/pages\/9409","targetHints":{"allow":["GET"]}}],"collection":[{"href":"https:\/\/www.heusenstaemmchen.de\/news\/wp-json\/wp\/v2\/pages"}],"about":[{"href":"https:\/\/www.heusenstaemmchen.de\/news\/wp-json\/wp\/v2\/types\/page"}],"author":[{"embeddable":true,"href":"https:\/\/www.heusenstaemmchen.de\/news\/wp-json\/wp\/v2\/users\/4"}],"replies":[{"embeddable":true,"href":"https:\/\/www.heusenstaemmchen.de\/news\/wp-json\/wp\/v2\/comments?post=9409"}],"version-history":[{"count":4,"href":"https:\/\/www.heusenstaemmchen.de\/news\/wp-json\/wp\/v2\/pages\/9409\/revisions"}],"predecessor-version":[{"id":13693,"href":"https:\/\/www.heusenstaemmchen.de\/news\/wp-json\/wp\/v2\/pages\/9409\/revisions\/13693"}],"wp:featuredmedia":[{"embeddable":true,"href":"https:\/\/www.heusenstaemmchen.de\/news\/wp-json\/wp\/v2\/media\/13343"}],"wp:attachment":[{"href":"https:\/\/www.heusenstaemmchen.de\/news\/wp-json\/wp\/v2\/media?parent=9409"}],"wp:term":[{"taxonomy":"category","embeddable":true,"href":"https:\/\/www.heusenstaemmchen.de\/news\/wp-json\/wp\/v2\/categories?post=9409"},{"taxonomy":"post_tag","embeddable":true,"href":"https:\/\/www.heusenstaemmchen.de\/news\/wp-json\/wp\/v2\/tags?post=9409"}],"curies":[{"name":"wp","href":"https:\/\/api.w.org\/{rel}","templated":true}]}}