{"id":9407,"date":"2024-04-21T17:37:41","date_gmt":"2024-04-21T15:37:41","guid":{"rendered":"https:\/\/www.heusenstaemmchen.de\/blog\/?page_id=9407"},"modified":"2025-12-29T17:18:03","modified_gmt":"2025-12-29T16:18:03","slug":"muehlheim-aktuell","status":"publish","type":"page","link":"https:\/\/www.heusenstaemmchen.de\/news\/muehlheim-aktuell","title":{"rendered":"Aktuelle News aus M\u00fchlheim und dem Kreis Offenbach"},"content":{"rendered":"<p><b>News aus M\u00fchlheim am Main<\/b> mit aktuellen <a href=\"#nachrichten\">Nachrichten<\/a>, <a href=\"#polizeimeldungen\">Polizeimeldungen<\/a> von heute und <a href=\"#umgebung\">Neuigkeiten aus M\u00fchlheims Umgebung<\/a><\/p>\n<p>\n<div style=\"background-color:#ffffc0; margin-top:40px; margin-bottom:15px; padding:10px;\">\n <h2 style=\"margin:0px; margin-bottom:15px;\">Veranstaltungen rund um Muehlheim<\/h2>\n <table cellpadding=\"0\" cellspacing=\"0\" style=\"margin-bottom:20px;\" width=\"100%\">\n <tr><td width=\"20%\">04.09. (Freitag)<\/td><td width=\"80%\"><a href=\"\/news\/heusenstamm-veranstaltungen#20260904\" style=\"color:#000000;\">Heusenstamm: Flohmarkt &quot;Klamotte &amp; Kunst&quot; in der Alten Linde<\/a><\/td>\n <tr><td width=\"20%\">05.09. (Samstag)<\/td><td width=\"80%\"><a href=\"\/news\/heusenstamm-veranstaltungen#20260905\" style=\"color:#000000;\">Offenbach: Flohmarkt<\/a><\/td>\n <\/table>\n Mehr <a href=\"\/news\/heusenstamm-veranstaltungen#20260905\" title=\"Veranstaltungen im Kreis Offenbach\">Veranstaltungen<\/a> ...\n<\/div>\n<br \/>\n\n<div style=\"background-color:#ffffff; margin-top:15px; margin-bottom:15px; padding:10px; text-align:left; word-wrap:break-word;\">\n<h2 style=\"margin:0px; margin-bottom:20px;\"><a name=\"nachrichten\"><\/a>Aktuelle News f\u00fcr M\u00fchlheim<\/h2>\n <div class=\"post\" style=\"margin-bottom:40px;\">\n <article>\n  <h3><a name=\"1c611ff2\" href=\"https:\/\/www.op-online.de\/region\/langen\/drk-baut-rettungswache-in-langen-fuer-rund-millionen-euro-um-94468603.html\" style=\"color:#333333;\" target=\"_blank\">DRK rei\u00dft Rettungswache in Langen ab \u2013 3-Millionen-Neubau soll bis 2028 fertig sein<\/a><\/h3>\n  <div class=\"entry\">\n   <p style=\"margin-bottom:4px;\">\n   <a href=\"https:\/\/www.op-online.de\/region\/langen\/drk-baut-rettungswache-in-langen-fuer-rund-millionen-euro-um-94468603.html\" target=\"_blank\"><img decoding=\"async\" src=\"https:\/\/www.op-online.de\/assets\/images\/43\/906\/43906226-die-rettungswagen-halle-an-der-asklepios-klinik-in-der-roentgenstrasse-ist-in-die-jahre-gekommen-das-drk-plant-das-gebaeude-abzureissen-und-bis-2028-3uef.jpg\" style=\"align:left !important; float:left !important; margin-top:4px !important; margin-right:8px !important; margin-bottom:4px !important; width:90px !important;\" \/><\/a>    Das 1999 errichtete Geb&auml;ude an der Asklepios-Klinik in Langen (Kreis Offenbach) wird ab Januar 2027 abgerissen und neu gebaut.<br clear=\"all\" \/>   <\/p>\n   <div><span class=\"my_article_details\"><time datetime=\"2026-09-01\">01.09.2026<\/time> &middot; <a href=\"\/news\/sana-klinikum-offenbach\" title=\"Sana Klinikum Offenbach\">Klinik<\/a> &middot; <a href=\"\/news\/offenbach-aktuell\" title=\"Offenbach heute aktuell\">Offenbach<\/a> &middot; <\/span><a href=\"https:\/\/www.op-online.de\/region\/langen\/drk-baut-rettungswache-in-langen-fuer-rund-millionen-euro-um-94468603.html\" title=\"Link zum Artikel auf op-online.de\" target=\"_blank\">op-online.de<\/a><\/div>\n  <\/div>\n <\/article>\n <\/div>\n <div class=\"post\" style=\"margin-bottom:40px;\">\n <article>\n  <h3><a name=\"3b5a3945\" href=\"https:\/\/www.egelsbach.de\/rathaus-politik\/aktuelles\/neuigkeiten-der-gemeinde\/2026\/september\/vermessungsfluege-3-bis-6-september\/\" style=\"color:#333333;\" target=\"_blank\">Egelsbach: Weitere Vermessungsfl\u00fcge am Flughafen Frankfurt<\/a><\/h3>\n  <div class=\"entry\">\n   <p style=\"margin-bottom:4px;\">\n   <a href=\"https:\/\/www.egelsbach.de\/rathaus-politik\/aktuelles\/neuigkeiten-der-gemeinde\/2026\/september\/vermessungsfluege-3-bis-6-september\/\" target=\"_blank\"><img decoding=\"async\" src=\"\/feeds\/gfx\/egelsbach.de.png\" style=\"align:left !important; float:left !important; margin-top:4px !important; margin-right:8px !important; margin-bottom:4px !important; width:90px !important;\" \/><\/a>    Vom 3. bis voraussichtlich 6. September 2026 wird das (ILS) Instrumentenlandesystem der S\u00fcdbahn des Frankfurter Flughafens vermessen. Ein speziell hierf\u00fcr ausger\u00fcstetes Messflugzeug \u00fcberpr\u00fcft dabei die Pr\u00e4zision der Signale, die f\u00fcr sichere Landungen erforderlich ...<br clear=\"all\" \/>   <\/p>\n   <div><span class=\"my_article_details\"><time datetime=\"2026-09-01\">01.09.2026<\/time> &middot; <a href=\"\/news\/fluglaerm-offenbach-am-main\" title=\"Flugl\u00e4rm Offenbach am Main\">Flughafen<\/a> &middot; Frankfurt &middot; <\/span><a href=\"https:\/\/www.egelsbach.de\/rathaus-politik\/aktuelles\/neuigkeiten-der-gemeinde\/2026\/september\/vermessungsfluege-3-bis-6-september\/\" title=\"Link zum Artikel auf egelsbach.de\" target=\"_blank\">egelsbach.de<\/a><\/div>\n  <\/div>\n <\/article>\n <\/div>\n <div class=\"post\" style=\"margin-bottom:40px;\">\n <article>\n  <h3><a name=\"cbd0529f\" href=\"https:\/\/www.kreis-offenbach.de\/Service\/Medienservice\/Aktuelle-Pressemitteilungen\/Pflegekurs-vermittelt-Wissen-f%C3%BCr-den-Alltag.php?object=tx,4013.5.1&ModID=7&FID=4013.3633.1&NavID=4013.211\" style=\"color:#333333;\" target=\"_blank\">Pflegekurs vermittelt Wissen f\u00fcr den Alltag<\/a><\/h3>\n  <div class=\"entry\">\n   <p style=\"margin-bottom:4px;\">\n   <a href=\"https:\/\/www.kreis-offenbach.de\/Service\/Medienservice\/Aktuelle-Pressemitteilungen\/Pflegekurs-vermittelt-Wissen-f%C3%BCr-den-Alltag.php?object=tx,4013.5.1&ModID=7&FID=4013.3633.1&NavID=4013.211\" target=\"_blank\"><img decoding=\"async\" src=\"\/feeds\/gfx\/kreis-offenbach.de.png\" style=\"align:left !important; float:left !important; margin-top:4px !important; margin-right:8px !important; margin-bottom:4px !important; width:90px !important;\" \/><\/a>    Wer einen nahestehenden Menschen zu Hause pflegt, \u00fcbernimmt viel Verantwortung. Gerade im Alltag entstehen dabei Situationen, auf die Angeh\u00f6rige nicht immer  ...<br clear=\"all\" \/>   <\/p>\n   <div><span class=\"my_article_details\"><time datetime=\"2026-09-01\">01.09.2026<\/time> &middot; <a href=\"\/news\/polizeieinsaetze-offenbach-am-main\" title=\"Polizeieins\u00e4tze Offenbach am Main\">Kreis Offenbach<\/a> &middot; <\/span><a href=\"https:\/\/www.kreis-offenbach.de\/Service\/Medienservice\/Aktuelle-Pressemitteilungen\/Pflegekurs-vermittelt-Wissen-f%C3%BCr-den-Alltag.php?object=tx,4013.5.1&ModID=7&FID=4013.3633.1&NavID=4013.211\" title=\"Link zum Artikel auf kreis-offenbach.de\" target=\"_blank\">kreis-offenbach.de<\/a><\/div>\n  <\/div>\n <\/article>\n <\/div>\n <div class=\"post\" style=\"margin-bottom:40px;\">\n <article>\n  <h3><a name=\"28ec95c6\" href=\"https:\/\/www.1730live.de\/2026\/08\/31\/luftverkehrsforum-des-unternehmerverbandes\/\" style=\"color:#333333;\" target=\"_blank\">Luftverkehrsforum des Unternehmerverbandes<\/a><\/h3>\n  <div class=\"entry\">\n   <p style=\"margin-bottom:4px;\">\n   <a href=\"https:\/\/www.1730live.de\/2026\/08\/31\/luftverkehrsforum-des-unternehmerverbandes\/\" target=\"_blank\"><img decoding=\"async\" src=\"\/feeds\/gfx\/1730live.de.png\" style=\"align:left !important; float:left !important; margin-top:4px !important; margin-right:8px !important; margin-bottom:4px !important; width:90px !important;\" \/><\/a>    Die deutsche Luftfahrt steckt weiterhin in der Krise. Der R&uuml;ckstand der Branche auf den Rest Europas ist so gro&szlig; wie nie seit Ende der Corona -Pandemie. W&auml;hrend viele Fluglinien und Flugh&auml;fen im europ&auml;ischen Ausland l&auml;ngst wieder so stark ausgelastet sind wie ...<br clear=\"all\" \/>   <\/p>\n   <div><span class=\"my_article_details\"><time datetime=\"2026-08-31\">31.08.2026<\/time> &middot; <a href=\"\/news\/fluglaerm-offenbach-am-main\" title=\"Flugl\u00e4rm Offenbach am Main\">Flughafen<\/a> &middot; Frankfurt &middot; <\/span><a href=\"https:\/\/www.1730live.de\/2026\/08\/31\/luftverkehrsforum-des-unternehmerverbandes\/\" title=\"Link zum Artikel auf 1730live.de\" target=\"_blank\">1730live.de<\/a><\/div>\n  <\/div>\n <\/article>\n <\/div>\n <div class=\"post\" style=\"margin-bottom:40px;\">\n <article>\n  <h3><a name=\"dd63d60f\" href=\"https:\/\/www.adfc-muehlheim.de\/feierabendtour2026-9\" style=\"color:#333333;\" target=\"_blank\">Radfahren: Noch eine Feierabendtour nach Wilhelmsbad<\/a><\/h3>\n  <div class=\"entry\">\n   <p style=\"margin-bottom:4px;\">\n   <a href=\"https:\/\/www.adfc-muehlheim.de\/feierabendtour2026-9\" target=\"_blank\"><img decoding=\"async\" src=\"\/feeds\/gfx\/adfc-muehlheim.de.gif\" style=\"align:left !important; float:left !important; margin-top:4px !important; margin-right:8px !important; margin-bottom:4px !important; width:90px !important;\" \/><\/a>    Die n&auml;chste Abend\u00adrunde radeln wir ausnahmsweise am Freitag, 04. September 2026 erneut nach Hanau-Wilhelmsbad. Dies ist ein Nachholtermin f&uuml;r Ende August, der leider wegen Unwetter kurzfristig ausfallen musste. &ensp; mehr zur Feierabendtour&nbsp;&raquo;<br clear=\"all\" \/>   <\/p>\n   <div><span class=\"my_article_details\"><time datetime=\"2026-08-31\">31.08.2026<\/time> &middot; <a href=\"\/news\/muehlheim-aktuell\" title=\"M\u00fchlheim heute aktuell\">M\u00fchlheim<\/a> &middot; <a href=\"\/news\/muehlheim-nachrichten\" title=\"Muehlheim Nachrichten\">News<\/a> &middot; <\/span><a href=\"https:\/\/www.adfc-muehlheim.de\/feierabendtour2026-9\" title=\"Link zum Artikel auf adfc-muehlheim.de\" target=\"_blank\">adfc-muehlheim.de<\/a><\/div>\n  <\/div>\n <\/article>\n <\/div>\n <div class=\"post\" style=\"margin-bottom:40px;\">\n <article>\n  <h3><a name=\"89b2342e\" href=\"https:\/\/www.fr.de\/rhein-main\/offenbach\/auf-erprobungsfahrt-14-jaehriger-ueberholt-polizeistreife-auf-scooter-zr-94467310.html\" style=\"color:#333333;\" target=\"_blank\">Auf \u201eErprobungsfahrt\u201c: 14-J\u00e4hriger \u00fcberholt Polizeistreife auf E-Scooter \u2013 Beamte haben alles auf Video<\/a><\/h3>\n  <div class=\"entry\">\n   <p style=\"margin-bottom:4px;\">\n   <a href=\"https:\/\/www.fr.de\/rhein-main\/offenbach\/auf-erprobungsfahrt-14-jaehriger-ueberholt-polizeistreife-auf-scooter-zr-94467310.html\" target=\"_blank\"><img decoding=\"async\" src=\"https:\/\/www.fr.de\/assets\/images\/43\/910\/43910342-ein-scooter-fahrer-in-muehlheim-am-main-faehrt-deutlich-zu-schnell-und-das-direkt-vor-den-augen-der-polizei-2Lef.jpg\" style=\"align:left !important; float:left !important; margin-top:4px !important; margin-right:8px !important; margin-bottom:4px !important; width:90px !important;\" \/><\/a>    Mit mehr als doppelt erlaubter Geschwindigkeit &uuml;berholt ein 14-J&auml;hriger in M&uuml;hlheim am Main eine Polizeistreife. Dann stoppen ihn die Beamten \u2013 und entdecken noch ein weiteres Problem.<br clear=\"all\" \/>   <\/p>\n   <div><span class=\"my_article_details\"><time datetime=\"2026-08-31\">31.08.2026<\/time> &middot; <a href=\"\/news\/muehlheim-aktuell\" title=\"M\u00fchlheim heute aktuell\">M\u00fchlheim<\/a> &middot; <a href=\"\/news\/muehlheim-nachrichten\" title=\"Muehlheim Nachrichten\">News<\/a> &middot; <a href=\"\/news\/muehlheim-polizeimeldungen\" title=\"Polizeieins\u00e4tze Muehlheim\">Polizei<\/a> &middot; <\/span><a href=\"https:\/\/www.fr.de\/rhein-main\/offenbach\/auf-erprobungsfahrt-14-jaehriger-ueberholt-polizeistreife-auf-scooter-zr-94467310.html\" title=\"Link zum Artikel auf fr.de\" target=\"_blank\">fr.de<\/a><\/div>\n  <\/div>\n <\/article>\n <\/div>\n<div class=\"post\" style=\"background-color: #fae67a; margin-bottom: 40px; padding: 10px;\"><article><a style=\"color: #000000; font-size: 20px; font-weight: normal; text-decoration: underlined;\" href=\"https:\/\/www.ffhstm.de\/150-jahre-feuerwehr-heusenstamm\" target=\"_blank\">Gro\u00dfes Festwochenende der Freiwilligen Feuerwehr Heusenstamm vom 4. bis 6. September<\/a><\/p><div class=\"entry\"><p style=\"margin-bottom: 4px;\"><a href=\"https:\/\/www.ffhstm.de\/150-jahre-feuerwehr-heusenstamm\" target=\"_blank\" rel=\"noopener\"><img decoding=\"async\" style=\"align: left !important; float: left !important; margin-top: 4px !important; margin-right: 8px !important; margin-bottom: 4px !important; width: 90px !important;\" src=\"data:image\/gif;base64,R0lGODlhAQABAIAAAAAAAP\/\/\/yH5BAEAAAAALAAAAAABAAEAAAIBRAA7\" data-src=\"https:\/\/www.heusenstaemmchen.de\/feeds\/gfx\/ffhstm.de.png\" \/><\/a>Wir planen Gro\u00dfes, Lautes, Feuriges, aber auch Herzliches und Geselliges zum Festwochenende im September 2026. Ein gro\u00dfes Festzelt wird errichtet und drei Tage lang werden wir uns und die Feuerwehr Heusenstamm mit Ihnen und Euch feiern.<br clear=\"all\" \/><\/p><div><b>Veranstaltung<\/b> \u00b7 Festwochenende \u00b7 <a title=\"Mehr Details auf ffhstm.de\" href=\"https:\/\/www.ffhstm.de\/150-jahre-feuerwehr-heusenstamm\" target=\"_blank\" rel=\"noopener\">ffhstm.de<\/a><\/div><\/div><\/article><\/div> <div class=\"post\" style=\"margin-bottom:40px;\">\n <article>\n  <h3><a name=\"18740d23\" href=\"https:\/\/www.op-online.de\/region\/muehlheim\/bis-zu-12-000-kilowattstunden-im-jahr-neue-rathausfassade-in-muehlheim-nutzt-energie-der-sonne-94467339.html\" style=\"color:#333333;\" target=\"_blank\">Bis zu 12.000 Kilowattstunden im Jahr: Neue Rathausfassade in M\u00fchlheim nutzt Energie der Sonne<\/a><\/h3>\n  <div class=\"entry\">\n   <p style=\"margin-bottom:4px;\">\n   <a href=\"https:\/\/www.op-online.de\/region\/muehlheim\/bis-zu-12-000-kilowattstunden-im-jahr-neue-rathausfassade-in-muehlheim-nutzt-energie-der-sonne-94467339.html\" target=\"_blank\"><img decoding=\"async\" src=\"https:\/\/www.op-online.de\/assets\/images\/43\/887\/43887982-von-der-anton-dey-strasse-aus-wirkt-die-fassade-am-rathaus-noch-wie-eine-grossbaustelle-doch-bis-ende-september-sollen-die-arbeiten-am-estrich-und-der-47ef.jpg\" style=\"align:left !important; float:left !important; margin-top:4px !important; margin-right:8px !important; margin-bottom:4px !important; width:90px !important;\" \/><\/a>    Die Sanierungsarbeiten an der bauf&auml;lligen Fassade des M&uuml;hlheimer Rathauses sowie am Estrich im Untergeschoss stehen vor dem Abschluss. In die Verglasung sind Solarmodule eingebettet.<br clear=\"all\" \/>   <\/p>\n   <div><span class=\"my_article_details\"><time datetime=\"2026-08-31\">31.08.2026<\/time> &middot; <a href=\"\/news\/muehlheim-aktuell\" title=\"M\u00fchlheim heute aktuell\">M\u00fchlheim<\/a> &middot; <a href=\"\/news\/muehlheim-nachrichten\" title=\"Muehlheim Nachrichten\">News<\/a> &middot; <\/span><a href=\"https:\/\/www.op-online.de\/region\/muehlheim\/bis-zu-12-000-kilowattstunden-im-jahr-neue-rathausfassade-in-muehlheim-nutzt-energie-der-sonne-94467339.html\" title=\"Link zum Artikel auf op-online.de\" target=\"_blank\">op-online.de<\/a><\/div>\n  <\/div>\n <\/article>\n <\/div>\n <div class=\"post\" style=\"margin-bottom:40px;\">\n <article>\n  <h3><a name=\"5c8dcd95\" href=\"https:\/\/www.adfc-muehlheim.de\/fahrsicherheit2026-4\" style=\"color:#333333;\" target=\"_blank\">Radfahren: Fahrsicherheitstraining beim ADFC M\u00fchlheim<\/a><\/h3>\n  <div class=\"entry\">\n   <p style=\"margin-bottom:4px;\">\n   <a href=\"https:\/\/www.adfc-muehlheim.de\/fahrsicherheit2026-4\" target=\"_blank\"><img decoding=\"async\" src=\"\/feeds\/gfx\/adfc-muehlheim.de.gif\" style=\"align:left !important; float:left !important; margin-top:4px !important; margin-right:8px !important; margin-bottom:4px !important; width:90px !important;\" \/><\/a>    Der ADFC M&uuml;hlheim am Main bietet in diesem Jahr erstmals vier Termine f&uuml;r ein neues Fahrsicherheitstraining \u201eRadspa&szlig; \u2013 Sicher unterwegs auf zwei R&auml;dern\u201c an, bei dem sich Personen jedes Alters anmelden k&ouml;nnen, die wieder mit dem Radfahren beginnen, auf ein Pedelec ...<br clear=\"all\" \/>   <\/p>\n   <div><span class=\"my_article_details\"><time datetime=\"2026-08-31\">31.08.2026<\/time> &middot; <a href=\"\/news\/muehlheim-aktuell\" title=\"M\u00fchlheim heute aktuell\">M\u00fchlheim<\/a> &middot; <a href=\"\/news\/muehlheim-nachrichten\" title=\"Muehlheim Nachrichten\">News<\/a> &middot; <\/span><a href=\"https:\/\/www.adfc-muehlheim.de\/fahrsicherheit2026-4\" title=\"Link zum Artikel auf adfc-muehlheim.de\" target=\"_blank\">adfc-muehlheim.de<\/a><\/div>\n  <\/div>\n <\/article>\n <\/div>\n <div class=\"post\" style=\"margin-bottom:40px;\">\n <article>\n  <h3><a name=\"902a7606\" href=\"https:\/\/www.rheinmainverlag.de\/2026\/08\/31\/druecken-statt-zoegern-250-schuelerinnen-und-schueler-werden-zu-lebensrettern\/\" style=\"color:#333333;\" target=\"_blank\">Dr\u00fccken statt z\u00f6gern: 250 Sch\u00fclerinnen und Sch\u00fcler werden zu Lebensrettern<\/a><\/h3>\n  <div class=\"entry\">\n   <p style=\"margin-bottom:4px;\">\n   <a href=\"https:\/\/www.rheinmainverlag.de\/2026\/08\/31\/druecken-statt-zoegern-250-schuelerinnen-und-schueler-werden-zu-lebensrettern\/\" target=\"_blank\"><img decoding=\"async\" src=\"\/feeds\/gfx\/rheinmainverlag.de.png\" style=\"align:left !important; float:left !important; margin-top:4px !important; margin-right:8px !important; margin-bottom:4px !important; width:90px !important;\" \/><\/a>    Rotary Club Offenbach-Dreieich, Kinderhilfestiftung e. V. und Asklepios Klinik Langen veranstalten am 26. August Aktionstag \u201eKids Save Lives\u201c Bei einem pl&ouml;tzlichen Herz-Kreislauf-Stillstand z&auml;hlt jede Minute. Bereits nach wenigen Minuten ohne ausreichende Sauerstoffversorgung ...<br clear=\"all\" \/>   <\/p>\n   <div><span class=\"my_article_details\"><time datetime=\"2026-08-31\">31.08.2026<\/time> &middot; <a href=\"\/news\/offenbach-aktuell\" title=\"Offenbach heute aktuell\">Offenbach<\/a> &middot; Umgebung &middot; <\/span><a href=\"https:\/\/www.rheinmainverlag.de\/2026\/08\/31\/druecken-statt-zoegern-250-schuelerinnen-und-schueler-werden-zu-lebensrettern\/\" title=\"Link zum Artikel auf rheinmainverlag.de\" target=\"_blank\">rheinmainverlag.de<\/a><\/div>\n  <\/div>\n <\/article>\n <\/div>\n <div class=\"post\" style=\"margin-bottom:40px;\">\n <article>\n  <h3><a name=\"f42eee15\" href=\"https:\/\/www.muehlheim.de\/rathaus-politik\/aktuelles\/aktuelle-meldungen\/2026\/quartal-iii\/kampagne-gemeinsam-mit-ruecksicht-startet-mit-piktogrammen-auf-der-laemmerspieler-strasse\/\" style=\"color:#333333;\" target=\"_blank\">M\u00fchlheim: Kampagne \u201eGemeinsam mit R\u00fccksicht\u201c startet mit Piktogrammen auf der L\u00e4mmerspieler Stra\u00dfe<\/a><\/h3>\n  <div class=\"entry\">\n   <p style=\"margin-bottom:4px;\">\n   <a href=\"https:\/\/www.muehlheim.de\/rathaus-politik\/aktuelles\/aktuelle-meldungen\/2026\/quartal-iii\/kampagne-gemeinsam-mit-ruecksicht-startet-mit-piktogrammen-auf-der-laemmerspieler-strasse\/\" target=\"_blank\"><img decoding=\"async\" src=\"\/feeds\/gfx\/muehlheim.de.png\" style=\"align:left !important; float:left !important; margin-top:4px !important; margin-right:8px !important; margin-bottom:4px !important; width:90px !important;\" \/><\/a>    Mit den frisch aufgespr\u00fchten Piktogrammen auf der L\u00e4mmerspieler Stra\u00dfe ist die Kampagne \u201eGemeinsam mit R\u00fccksicht\u201c nun auch in M\u00fchlheim am Main sichtbar angekommen. Die M\u00fchlenstadt setzt mit der Aktion ein Zeichen f\u00fcr mehr gegenseitige R\u00fccksichtnahme auf gemeinsam ...<br clear=\"all\" \/>   <\/p>\n   <div><span class=\"my_article_details\"><time datetime=\"2026-08-31\">31.08.2026<\/time> &middot; <a href=\"\/news\/muehlheim-aktuell\" title=\"M\u00fchlheim heute aktuell\">M\u00fchlheim<\/a> &middot; <a href=\"\/news\/muehlheim-nachrichten\" title=\"Muehlheim Nachrichten\">News<\/a> &middot; <\/span><a href=\"https:\/\/www.muehlheim.de\/rathaus-politik\/aktuelles\/aktuelle-meldungen\/2026\/quartal-iii\/kampagne-gemeinsam-mit-ruecksicht-startet-mit-piktogrammen-auf-der-laemmerspieler-strasse\/\" title=\"Link zum Artikel auf muehlheim.de\" target=\"_blank\">muehlheim.de<\/a><\/div>\n  <\/div>\n <\/article>\n <\/div>\n <div class=\"post\" style=\"margin-bottom:40px;\">\n <article>\n  <h3><a name=\"5b58c3cb\" href=\"https:\/\/www.kreis-offenbach.de\/Service\/Medienservice\/Aktuelle-Pressemitteilungen\/Kreis-f%C3%B6rdert-neue-Spezialausr%C3%BCstung-f%C3%BCr-Gefahrguteins%C3%A4tze.php?object=tx,4013.5.1&ModID=7&FID=4013.3629.1&NavID=4013.211\" style=\"color:#333333;\" target=\"_blank\">Kreis f\u00f6rdert neue Spezialausr\u00fcstung f\u00fcr Gefahrguteins\u00e4tze<\/a><\/h3>\n  <div class=\"entry\">\n   <p style=\"margin-bottom:4px;\">\n   <a href=\"https:\/\/www.kreis-offenbach.de\/Service\/Medienservice\/Aktuelle-Pressemitteilungen\/Kreis-f%C3%B6rdert-neue-Spezialausr%C3%BCstung-f%C3%BCr-Gefahrguteins%C3%A4tze.php?object=tx,4013.5.1&ModID=7&FID=4013.3629.1&NavID=4013.211\" target=\"_blank\"><img decoding=\"async\" src=\"\/feeds\/gfx\/kreis-offenbach.de.png\" style=\"align:left !important; float:left !important; margin-top:4px !important; margin-right:8px !important; margin-bottom:4px !important; width:90px !important;\" \/><\/a>    Feuerwehr Neu-Isenburg erh\u00e4lt Zuschuss \u00fcber 80.000 Euro<br clear=\"all\" \/>   <\/p>\n   <div><span class=\"my_article_details\"><time datetime=\"2026-08-30\">30.08.2026<\/time> &middot; <a href=\"\/news\/braende-offenbach-am-main\" title=\"Br\u00e4nde Offenbach am Main\">Feuerwehr<\/a> &middot; <a href=\"\/news\/polizeieinsaetze-offenbach-am-main\" title=\"Polizeieins\u00e4tze Offenbach am Main\">Kreis Offenbach<\/a> &middot; <\/span><a href=\"https:\/\/www.kreis-offenbach.de\/Service\/Medienservice\/Aktuelle-Pressemitteilungen\/Kreis-f%C3%B6rdert-neue-Spezialausr%C3%BCstung-f%C3%BCr-Gefahrguteins%C3%A4tze.php?object=tx,4013.5.1&ModID=7&FID=4013.3629.1&NavID=4013.211\" title=\"Link zum Artikel auf kreis-offenbach.de\" target=\"_blank\">kreis-offenbach.de<\/a><\/div>\n  <\/div>\n <\/article>\n <\/div>\n <div class=\"post\" style=\"margin-bottom:40px;\">\n <article>\n  <h3><a name=\"ab1cb7fc\" href=\"https:\/\/www.rheinmainverlag.de\/2026\/08\/28\/baumstamm-in-brand-gesetzt-wer-in-dietesheim-hat-etwas-gesehen\/\" style=\"color:#333333;\" target=\"_blank\">Baumstamm in Brand gesetzt: Wer in Dietesheim hat etwas gesehen?<\/a><\/h3>\n  <div class=\"entry\">\n   <p style=\"margin-bottom:4px;\">\n   <a href=\"https:\/\/www.rheinmainverlag.de\/2026\/08\/28\/baumstamm-in-brand-gesetzt-wer-in-dietesheim-hat-etwas-gesehen\/\" target=\"_blank\"><img decoding=\"async\" src=\"\/feeds\/gfx\/rheinmainverlag.de.png\" style=\"align:left !important; float:left !important; margin-top:4px !important; margin-right:8px !important; margin-bottom:4px !important; width:90px !important;\" \/><\/a>    In Dietesheim in der Stra&szlig;e &quot;Am Hansteinweiher&quot; haben Unbekannte in einem dortigen Naherholungsgebiet nahe einer Aussichtsplattform offenbar einen abgelegten Baumstamm in Brand gesetzt. Feuerwehr und Polizei waren am Donnerstagmorgen , gegen 8.25 Uhr, im Einsatz. ...<br clear=\"all\" \/>   <\/p>\n   <div><span class=\"my_article_details\"><time datetime=\"2026-08-28\">28.08.2026<\/time> &middot; Dietesheim &middot; <a href=\"\/news\/braende-offenbach-am-main\" title=\"Br\u00e4nde Offenbach am Main\">Feuerwehr<\/a> &middot; <a href=\"\/news\/muehlheim-polizeimeldungen\" title=\"Polizeieins\u00e4tze Muehlheim\">Polizei<\/a> &middot; <\/span><a href=\"https:\/\/www.rheinmainverlag.de\/2026\/08\/28\/baumstamm-in-brand-gesetzt-wer-in-dietesheim-hat-etwas-gesehen\/\" title=\"Link zum Artikel auf rheinmainverlag.de\" target=\"_blank\">rheinmainverlag.de<\/a><\/div>\n  <\/div>\n <\/article>\n <\/div>\n <div class=\"post\" style=\"margin-bottom:40px;\">\n <article>\n  <h3><a name=\"fd4d44b6\" href=\"https:\/\/www.op-online.de\/offenbach\/starke-gewitter-drohen-dwd-mit-amtlicher-warnung-fuer-offenbach-kreis-und-mkk-94464111.html\" style=\"color:#333333;\" target=\"_blank\">Starke Gewitter drohen: DWD mit amtlicher Warnung f\u00fcr Offenbach, Kreis und MKK<\/a><\/h3>\n  <div class=\"entry\">\n   <p style=\"margin-bottom:4px;\">\n   <a href=\"https:\/\/www.op-online.de\/offenbach\/starke-gewitter-drohen-dwd-mit-amtlicher-warnung-fuer-offenbach-kreis-und-mkk-94464111.html\" target=\"_blank\"><img decoding=\"async\" src=\"https:\/\/www.op-online.de\/assets\/images\/34\/653\/34653863-der-deutsche-wetterdienst-warnt-vor-starken-gewittern-in-der-region-1oef.jpg\" style=\"align:left !important; float:left !important; margin-top:4px !important; margin-right:8px !important; margin-bottom:4px !important; width:90px !important;\" \/><\/a>    Der Deutsche Wetterdienst warnt am Freitag vor starken Gewittern. Aktuell ist S&uuml;dosthessen von der Unwetter-Gefahr betroffen.<br clear=\"all\" \/>   <\/p>\n   <div><span class=\"my_article_details\"><time datetime=\"2026-08-28\">28.08.2026<\/time> &middot; <a href=\"\/news\/offenbach-aktuell\" title=\"Offenbach heute aktuell\">Offenbach<\/a> &middot; Wetter &middot; <\/span><a href=\"https:\/\/www.op-online.de\/offenbach\/starke-gewitter-drohen-dwd-mit-amtlicher-warnung-fuer-offenbach-kreis-und-mkk-94464111.html\" title=\"Link zum Artikel auf op-online.de\" target=\"_blank\">op-online.de<\/a><\/div>\n  <\/div>\n <\/article>\n <\/div>\n <div class=\"post\" style=\"margin-bottom:40px;\">\n <article>\n  <h3><a name=\"d02876e3\" href=\"https:\/\/www.op-online.de\/region\/muehlheim\/kueken-zu-gast-im-elsternest-familienzentrum-kooperiert-mit-muehlheimer-natur-und-erlebnisgarten-94463930.html\" style=\"color:#333333;\" target=\"_blank\">\u201eK\u00fcken\u201c zu Gast im \u201eElsternest\u201c: Familienzentrum kooperiert mit M\u00fchlheimer Natur- und Erlebnisgarten<\/a><\/h3>\n  <div class=\"entry\">\n   <p style=\"margin-bottom:4px;\">\n   <a href=\"https:\/\/www.op-online.de\/region\/muehlheim\/kueken-zu-gast-im-elsternest-familienzentrum-kooperiert-mit-muehlheimer-natur-und-erlebnisgarten-94463930.html\" target=\"_blank\"><img decoding=\"async\" src=\"https:\/\/www.op-online.de\/assets\/images\/43\/868\/43868151-gemeinsam-die-natur-entdecken-auf-ihren-woechentlichen-ausfluegen-in-den-garten-von-thorsten-ehmann-rechts-lernen-die-kinder-von-schritt-fuer-schritt-3gef.jpg\" style=\"align:left !important; float:left !important; margin-top:4px !important; margin-right:8px !important; margin-bottom:4px !important; width:90px !important;\" \/><\/a>    Das Familienzentrum \u201eSchritt f&uuml;r Schritt\u201c kooperiert seit Kurzem mit dem bekannten M&uuml;hlheimer Natur- und Erlebnisgarten - dem \u201eElsternest\u201c. Kinder k&ouml;nnen dort spielerisch Natur und Tierwelt entdecken.<br clear=\"all\" \/>   <\/p>\n   <div><span class=\"my_article_details\"><time datetime=\"2026-08-28\">28.08.2026<\/time> &middot; <a href=\"\/news\/muehlheim-aktuell\" title=\"M\u00fchlheim heute aktuell\">M\u00fchlheim<\/a> &middot; <a href=\"\/news\/muehlheim-nachrichten\" title=\"Muehlheim Nachrichten\">News<\/a> &middot; <\/span><a href=\"https:\/\/www.op-online.de\/region\/muehlheim\/kueken-zu-gast-im-elsternest-familienzentrum-kooperiert-mit-muehlheimer-natur-und-erlebnisgarten-94463930.html\" title=\"Link zum Artikel auf op-online.de\" target=\"_blank\">op-online.de<\/a><\/div>\n  <\/div>\n <\/article>\n <\/div>\n <div class=\"post\" style=\"margin-bottom:40px;\">\n <article>\n  <h3><a name=\"17ffc8e3\" href=\"https:\/\/www.rheinmainverlag.de\/2026\/08\/28\/gesundheitsamt-informiert-zum-aktuellen-stand-der-malaria-faelle-am-frankfurter-flughafen\/\" style=\"color:#333333;\" target=\"_blank\">Gesundheitsamt informiert zum aktuellen Stand der Malaria-F\u00e4lle am Frankfurter Flughafen<\/a><\/h3>\n  <div class=\"entry\">\n   <p style=\"margin-bottom:4px;\">\n   <a href=\"https:\/\/www.rheinmainverlag.de\/2026\/08\/28\/gesundheitsamt-informiert-zum-aktuellen-stand-der-malaria-faelle-am-frankfurter-flughafen\/\" target=\"_blank\"><img decoding=\"async\" src=\"\/feeds\/gfx\/rheinmainverlag.de.png\" style=\"align:left !important; float:left !important; margin-top:4px !important; margin-right:8px !important; margin-bottom:4px !important; width:90px !important;\" \/><\/a>    Kein erh&ouml;htes Gesundheitsrisiko f&uuml;r die Allgemeinbev&ouml;lkerung Im Zusammenhang mit den bereits bekannten sechs F&auml;llen von Malaria tropica bei Personen, die am Flughafen Frankfurt am Main t&auml;tig sind, sind zwei Erkrankte verstorben. Vier der sechs Betroffenen sind ...<br clear=\"all\" \/>   <\/p>\n   <div><span class=\"my_article_details\"><time datetime=\"2026-08-28\">28.08.2026<\/time> &middot; <a href=\"\/news\/fluglaerm-offenbach-am-main\" title=\"Flugl\u00e4rm Offenbach am Main\">Flughafen<\/a> &middot; Frankfurt &middot; <\/span><a href=\"https:\/\/www.rheinmainverlag.de\/2026\/08\/28\/gesundheitsamt-informiert-zum-aktuellen-stand-der-malaria-faelle-am-frankfurter-flughafen\/\" title=\"Link zum Artikel auf rheinmainverlag.de\" target=\"_blank\">rheinmainverlag.de<\/a><\/div>\n  <\/div>\n <\/article>\n <\/div>\n <div class=\"post\" style=\"margin-bottom:40px;\">\n <article>\n  <h3><a name=\"6146a94a\" href=\"https:\/\/ass-offenbach.de\/2026\/08\/28\/ausflug-ins-besucherzentrum-des-frankfurter-flughafens\/\" style=\"color:#333333;\" target=\"_blank\">Schule: Ausflug ins Besucherzentrum des Frankfurter Flughafens<\/a><\/h3>\n  <div class=\"entry\">\n   <p style=\"margin-bottom:4px;\">\n   <a href=\"https:\/\/ass-offenbach.de\/2026\/08\/28\/ausflug-ins-besucherzentrum-des-frankfurter-flughafens\/\" target=\"_blank\"><img decoding=\"async\" src=\"\/feeds\/gfx\/ass-offenbach.de.jpg\" style=\"align:left !important; float:left !important; margin-top:4px !important; margin-right:8px !important; margin-bottom:4px !important; width:90px !important;\" \/><\/a>    Am Donnerstag, dem 27.08.2026, besuchten zwei Klassen der Albert-Schweitzer-Schule Offenbach das Besucherzentrum des Frankfurter Flughafens mit der Intention, mehr &uuml;ber die Berufe am Frankfurter Flughafen zu erfahren. Am \u201eFraport\u201c arbeiten aktuell um die 80.000 ...<br clear=\"all\" \/>   <\/p>\n   <div><span class=\"my_article_details\"><time datetime=\"2026-08-28\">28.08.2026<\/time> &middot; <a href=\"\/news\/fluglaerm-offenbach-am-main\" title=\"Flugl\u00e4rm Offenbach am Main\">Flughafen<\/a> &middot; Frankfurt &middot; <\/span><a href=\"https:\/\/ass-offenbach.de\/2026\/08\/28\/ausflug-ins-besucherzentrum-des-frankfurter-flughafens\/\" title=\"Link zum Artikel auf ass-offenbach.de\" target=\"_blank\">ass-offenbach.de<\/a><\/div>\n  <\/div>\n <\/article>\n <\/div>\n <div class=\"post\" style=\"margin-bottom:40px;\">\n <article>\n  <h3><a name=\"57462242\" href=\"https:\/\/www.op-online.de\/offenbach\/gewitter-und-sturm-richten-schaeden-in-hessen-an-live-warnkarte-zeigt-neue-unwetter-94463577.html\" style=\"color:#333333;\" target=\"_blank\">Gewitter und Sturm richten Sch\u00e4den in Hessen an \u2013 Live-Warnkarte zeigt neue Unwetter<\/a><\/h3>\n  <div class=\"entry\">\n   <p style=\"margin-bottom:4px;\">\n   <a href=\"https:\/\/www.op-online.de\/offenbach\/gewitter-und-sturm-richten-schaeden-in-hessen-an-live-warnkarte-zeigt-neue-unwetter-94463577.html\" target=\"_blank\"><img decoding=\"async\" src=\"https:\/\/www.op-online.de\/assets\/images\/43\/877\/43877490-gewitter-ueber-der-rheinebene-Bef.jpg\" style=\"align:left !important; float:left !important; margin-top:4px !important; margin-right:8px !important; margin-bottom:4px !important; width:90px !important;\" \/><\/a>    Gewitter mit Sturmb&ouml;en haben in Hessen viele Eins&auml;tze ausgel&ouml;st. Auch in den kommenden Tagen bleibt es unruhig.<br clear=\"all\" \/>   <\/p>\n   <div><span class=\"my_article_details\"><time datetime=\"2026-08-28\">28.08.2026<\/time> &middot; <a href=\"\/news\/offenbach-aktuell\" title=\"Offenbach heute aktuell\">Offenbach<\/a> &middot; Sturm &middot; <\/span><a href=\"https:\/\/www.op-online.de\/offenbach\/gewitter-und-sturm-richten-schaeden-in-hessen-an-live-warnkarte-zeigt-neue-unwetter-94463577.html\" title=\"Link zum Artikel auf op-online.de\" target=\"_blank\">op-online.de<\/a><\/div>\n  <\/div>\n <\/article>\n <\/div>\n <div class=\"post\" style=\"margin-bottom:40px;\">\n <article>\n  <h3><a name=\"585167cb\" href=\"https:\/\/www.muehlheim.de\/rathaus-politik\/aktuelles\/aktuelle-meldungen\/2026\/quartal-iii\/start-der-interkulturellen-wochen-2026-lesung-mit-autorin-yande-seck-in-der-stadtbuecherei\/\" style=\"color:#333333;\" target=\"_blank\">M\u00fchlheim: Start der Interkulturellen Wochen 2026 | Lesung mit Autorin Yand\u00e9 Seck in der Stadtb\u00fccherei<\/a><\/h3>\n  <div class=\"entry\">\n   <p style=\"margin-bottom:4px;\">\n   <a href=\"https:\/\/www.muehlheim.de\/rathaus-politik\/aktuelles\/aktuelle-meldungen\/2026\/quartal-iii\/start-der-interkulturellen-wochen-2026-lesung-mit-autorin-yande-seck-in-der-stadtbuecherei\/\" target=\"_blank\"><img decoding=\"async\" src=\"\/feeds\/gfx\/muehlheim.de.png\" style=\"align:left !important; float:left !important; margin-top:4px !important; margin-right:8px !important; margin-bottom:4px !important; width:90px !important;\" \/><\/a>    Die Stadt M\u00fchlheim am Main l\u00e4dt am Freitag, 4. September 2026, zu einer Lesung mit der Autorin Yand\u00e9 Seck in die Stadtb\u00fccherei M\u00fchlheim am Main (Dietesheimer Stra\u00dfe 90) ein.<br clear=\"all\" \/>   <\/p>\n   <div><span class=\"my_article_details\"><time datetime=\"2026-08-28\">28.08.2026<\/time> &middot; <a href=\"\/news\/muehlheim-aktuell\" title=\"M\u00fchlheim heute aktuell\">M\u00fchlheim<\/a> &middot; <a href=\"\/news\/muehlheim-nachrichten\" title=\"Muehlheim Nachrichten\">News<\/a> &middot; <\/span><a href=\"https:\/\/www.muehlheim.de\/rathaus-politik\/aktuelles\/aktuelle-meldungen\/2026\/quartal-iii\/start-der-interkulturellen-wochen-2026-lesung-mit-autorin-yande-seck-in-der-stadtbuecherei\/\" title=\"Link zum Artikel auf muehlheim.de\" target=\"_blank\">muehlheim.de<\/a><\/div>\n  <\/div>\n <\/article>\n <\/div>\n <div class=\"post\" style=\"margin-bottom:40px;\">\n <article>\n  <h3><a name=\"d305cb29\" href=\"https:\/\/www.kreis-offenbach.de\/Service\/Medienservice\/Aktuelle-Pressemitteilungen\/Volkshochschule-schafft-lebendigen-Ort-f%C3%BCr-Bildung-Kultur-und-Begegnungen.php?object=tx,4013.5.1&ModID=7&FID=4013.3627.1&NavID=4013.211\" style=\"color:#333333;\" target=\"_blank\">Volkshochschule schafft lebendigen Ort f\u00fcr Bildung, Kultur und Begegnungen<\/a><\/h3>\n  <div class=\"entry\">\n   <p style=\"margin-bottom:4px;\">\n   <a href=\"https:\/\/www.kreis-offenbach.de\/Service\/Medienservice\/Aktuelle-Pressemitteilungen\/Volkshochschule-schafft-lebendigen-Ort-f%C3%BCr-Bildung-Kultur-und-Begegnungen.php?object=tx,4013.5.1&ModID=7&FID=4013.3627.1&NavID=4013.211\" target=\"_blank\"><img decoding=\"async\" src=\"\/feeds\/gfx\/kreis-offenbach.de.png\" style=\"align:left !important; float:left !important; margin-top:4px !important; margin-right:8px !important; margin-bottom:4px !important; width:90px !important;\" \/><\/a>    Mit ihren Angeboten im vielseitigen Veranstaltungs- und Kursprogramm ist die Volkshochschule Kreis Offenbach seit jeher ganz nah an den Menschen. Jetzt  ...<br clear=\"all\" \/>   <\/p>\n   <div><span class=\"my_article_details\"><time datetime=\"2026-08-28\">28.08.2026<\/time> &middot; <a href=\"\/news\/polizeieinsaetze-offenbach-am-main\" title=\"Polizeieins\u00e4tze Offenbach am Main\">Kreis Offenbach<\/a> &middot; <\/span><a href=\"https:\/\/www.kreis-offenbach.de\/Service\/Medienservice\/Aktuelle-Pressemitteilungen\/Volkshochschule-schafft-lebendigen-Ort-f%C3%BCr-Bildung-Kultur-und-Begegnungen.php?object=tx,4013.5.1&ModID=7&FID=4013.3627.1&NavID=4013.211\" title=\"Link zum Artikel auf kreis-offenbach.de\" target=\"_blank\">kreis-offenbach.de<\/a><\/div>\n  <\/div>\n <\/article>\n <\/div>\n <div class=\"post\" style=\"margin-bottom:40px;\">\n <article>\n  <h3><a name=\"4793425f\" href=\"https:\/\/www.muehlheim.de\/rathaus-politik\/aktuelles\/aktuelle-meldungen\/2026\/quartal-iii\/interkulturelle-wochen-2026-muehlheim-macht-mit-fuer-vielfalt-und-toleranz\/\" style=\"color:#333333;\" target=\"_blank\">Interkulturelle Wochen 2026 | M\u00fchlheim macht mit! F\u00fcr Vielfalt und Toleranz!<\/a><\/h3>\n  <div class=\"entry\">\n   <p style=\"margin-bottom:4px;\">\n   <a href=\"https:\/\/www.muehlheim.de\/rathaus-politik\/aktuelles\/aktuelle-meldungen\/2026\/quartal-iii\/interkulturelle-wochen-2026-muehlheim-macht-mit-fuer-vielfalt-und-toleranz\/\" target=\"_blank\"><img decoding=\"async\" src=\"\/feeds\/gfx\/muehlheim.de.png\" style=\"align:left !important; float:left !important; margin-top:4px !important; margin-right:8px !important; margin-bottom:4px !important; width:90px !important;\" \/><\/a>    Auch in diesem Jahr findet in Anlehnung an die bundesweite Interkulturelle Woche, wieder eine zweimonatige Veranstaltungsreihe in M\u00fchlheim statt, die f\u00fcr gegenseitige Akzeptanz und Toleranz in der Gesellschaft wirbt und das Zusammenleben in Vielfalt auf Basis ...<br clear=\"all\" \/>   <\/p>\n   <div><span class=\"my_article_details\"><time datetime=\"2026-08-28\">28.08.2026<\/time> &middot; <a href=\"\/news\/muehlheim-aktuell\" title=\"M\u00fchlheim heute aktuell\">M\u00fchlheim<\/a> &middot; <a href=\"\/news\/muehlheim-nachrichten\" title=\"Muehlheim Nachrichten\">News<\/a> &middot; <\/span><a href=\"https:\/\/www.muehlheim.de\/rathaus-politik\/aktuelles\/aktuelle-meldungen\/2026\/quartal-iii\/interkulturelle-wochen-2026-muehlheim-macht-mit-fuer-vielfalt-und-toleranz\/\" title=\"Link zum Artikel auf muehlheim.de\" target=\"_blank\">muehlheim.de<\/a><\/div>\n  <\/div>\n <\/article>\n <\/div>\n <div class=\"post\" style=\"margin-bottom:40px;\">\n <article>\n  <h3><a name=\"975d296d\" href=\"https:\/\/www.muehlheim.de\/rathaus-politik\/aktuelles\/aktuelle-meldungen\/2026\/quartal-iii\/bauarbeiten-an-der-bruecke-ueber-den-bruehlbach-an-der-schlesierstrasse\/\" style=\"color:#333333;\" target=\"_blank\">M\u00fchlheim: Bauarbeiten an der Br\u00fccke \u00fcber den Br\u00fchlbach an der Schlesierstra\u00dfe<\/a><\/h3>\n  <div class=\"entry\">\n   <p style=\"margin-bottom:4px;\">\n   <a href=\"https:\/\/www.muehlheim.de\/rathaus-politik\/aktuelles\/aktuelle-meldungen\/2026\/quartal-iii\/bauarbeiten-an-der-bruecke-ueber-den-bruehlbach-an-der-schlesierstrasse\/\" target=\"_blank\"><img decoding=\"async\" src=\"\/feeds\/gfx\/muehlheim.de.png\" style=\"align:left !important; float:left !important; margin-top:4px !important; margin-right:8px !important; margin-bottom:4px !important; width:90px !important;\" \/><\/a>    Aufgrund der dringenden Erneuerung des Holzoberbaus kommt es ab Montag, den 07.09.26 zu einer Vollsperrung der Br\u00fccke zwischen der Kindertagesst\u00e4tte \u201eSchlesierstra\u00dfe\u201c und der Parkanlage \u201eZwischen den B\u00e4chen\u201c in L\u00e4mmerspiel.<br clear=\"all\" \/>   <\/p>\n   <div><span class=\"my_article_details\"><time datetime=\"2026-08-28\">28.08.2026<\/time> &middot; L\u00e4mmerspiel &middot; <\/span><a href=\"https:\/\/www.muehlheim.de\/rathaus-politik\/aktuelles\/aktuelle-meldungen\/2026\/quartal-iii\/bauarbeiten-an-der-bruecke-ueber-den-bruehlbach-an-der-schlesierstrasse\/\" title=\"Link zum Artikel auf muehlheim.de\" target=\"_blank\">muehlheim.de<\/a><\/div>\n  <\/div>\n <\/article>\n <\/div>\n <div class=\"post\" style=\"margin-bottom:40px;\">\n <article>\n  <h3><a name=\"5cee51d5\" href=\"https:\/\/www.muehlheim.de\/rathaus-politik\/aktuelles\/aktuelle-meldungen\/2026\/quartal-iii\/vom-korn-zum-brot-brueckenmuehle-zeigt-buntes-programm-bei-den-tagen-der-industriekultur\/\" style=\"color:#333333;\" target=\"_blank\">M\u00fchlheim: \u201eVom Korn zum Brot\u201c | Br\u00fcckenm\u00fchle zeigt buntes Programm bei den Tagen der Industriekultur<\/a><\/h3>\n  <div class=\"entry\">\n   <p style=\"margin-bottom:4px;\">\n   <a href=\"https:\/\/www.muehlheim.de\/rathaus-politik\/aktuelles\/aktuelle-meldungen\/2026\/quartal-iii\/vom-korn-zum-brot-brueckenmuehle-zeigt-buntes-programm-bei-den-tagen-der-industriekultur\/\" target=\"_blank\"><img decoding=\"async\" src=\"\/feeds\/gfx\/muehlheim.de.png\" style=\"align:left !important; float:left !important; margin-top:4px !important; margin-right:8px !important; margin-bottom:4px !important; width:90px !important;\" \/><\/a>    Den Aufbruch in die Moderne hautnah erleben: Die \u201eTage der Industriekultur Rhein-Main\u201c laden dazu ein, den Wandel unserer Region zu entdecken. Unter dem Fokusthema \u201eAuf dem Weg in die Moderne\u201c zeigt das Festival, wie neue Ideen, Technologien und Innovationen ...<br clear=\"all\" \/>   <\/p>\n   <div><span class=\"my_article_details\"><time datetime=\"2026-08-28\">28.08.2026<\/time> &middot; <a href=\"\/news\/muehlheim-aktuell\" title=\"M\u00fchlheim heute aktuell\">M\u00fchlheim<\/a> &middot; <a href=\"\/news\/muehlheim-nachrichten\" title=\"Muehlheim Nachrichten\">News<\/a> &middot; <\/span><a href=\"https:\/\/www.muehlheim.de\/rathaus-politik\/aktuelles\/aktuelle-meldungen\/2026\/quartal-iii\/vom-korn-zum-brot-brueckenmuehle-zeigt-buntes-programm-bei-den-tagen-der-industriekultur\/\" title=\"Link zum Artikel auf muehlheim.de\" target=\"_blank\">muehlheim.de<\/a><\/div>\n  <\/div>\n <\/article>\n <\/div>\n <div class=\"post\" style=\"margin-bottom:40px;\">\n <article>\n  <h3><a name=\"acb0236c\" href=\"https:\/\/www.muehlheim.de\/rathaus-politik\/aktuelles\/aktuelle-meldungen\/2026\/quartal-iii\/herzliche-einladung-zu-muehlheims-erstem-kinder-musik-nachmittag\/\" style=\"color:#333333;\" target=\"_blank\">Herzliche Einladung zu M\u00fchlheims erstem Kinder-Musik-Nachmittag!<\/a><\/h3>\n  <div class=\"entry\">\n   <p style=\"margin-bottom:4px;\">\n   <a href=\"https:\/\/www.muehlheim.de\/rathaus-politik\/aktuelles\/aktuelle-meldungen\/2026\/quartal-iii\/herzliche-einladung-zu-muehlheims-erstem-kinder-musik-nachmittag\/\" target=\"_blank\"><img decoding=\"async\" src=\"\/feeds\/gfx\/muehlheim.de.png\" style=\"align:left !important; float:left !important; margin-top:4px !important; margin-right:8px !important; margin-bottom:4px !important; width:90px !important;\" \/><\/a>    Am Samstag, den 12. September, laden die Concordia Ch\u00f6re Dietesheim herzlich zum ersten M\u00fchlheimer Kinder-Musik-Nachmittag ein. Die Veranstaltung beginnt um 14 Uhr und findet im Haus der Musik (Am Gr\u00fcnen See 1, 63165 M\u00fchlheim) statt.<br clear=\"all\" \/>   <\/p>\n   <div><span class=\"my_article_details\"><time datetime=\"2026-08-28\">28.08.2026<\/time> &middot; <a href=\"\/news\/muehlheim-aktuell\" title=\"M\u00fchlheim heute aktuell\">M\u00fchlheim<\/a> &middot; <a href=\"\/news\/muehlheim-nachrichten\" title=\"Muehlheim Nachrichten\">News<\/a> &middot; <\/span><a href=\"https:\/\/www.muehlheim.de\/rathaus-politik\/aktuelles\/aktuelle-meldungen\/2026\/quartal-iii\/herzliche-einladung-zu-muehlheims-erstem-kinder-musik-nachmittag\/\" title=\"Link zum Artikel auf muehlheim.de\" target=\"_blank\">muehlheim.de<\/a><\/div>\n  <\/div>\n <\/article>\n <\/div>\n <div class=\"post\" style=\"margin-bottom:40px;\">\n <article>\n  <h3><a name=\"e4200882\" href=\"https:\/\/www.op-online.de\/sport\/amateur-fussball\/elias-kurt-trumpft-nach-verletzungspause-mit-vier-toren-in-drei-spielen-auf-94463469.html\" style=\"color:#333333;\" target=\"_blank\">Fu\u00dfball: Elias Kurt trumpft nach Verletzungspause mit vier Toren in drei Spielen auf<\/a><\/h3>\n  <div class=\"entry\">\n   <p style=\"margin-bottom:4px;\">\n   <a href=\"https:\/\/www.op-online.de\/sport\/amateur-fussball\/elias-kurt-trumpft-nach-verletzungspause-mit-vier-toren-in-drei-spielen-auf-94463469.html\" target=\"_blank\"><img decoding=\"async\" src=\"https:\/\/www.op-online.de\/assets\/images\/43\/736\/43736953-16-08-2026-xpsx-fussball-gruppenliga-eintracht-oberissigheim-kv-muehlheim-sven-franek-oberissihgiem-elias-kurt-muehlheim-2w7IZ2WxtCef.jpg\" style=\"align:left !important; float:left !important; margin-top:4px !important; margin-right:8px !important; margin-bottom:4px !important; width:90px !important;\" \/><\/a>    Der 23-J&auml;hrige von der KV M&uuml;hlheim ist nach drei Eins&auml;tzen drittbester Torj&auml;ger der Liga. Dabei hatte er den Saisonstart wegen eines Muskelfaserrisses verpasst.<br clear=\"all\" \/>   <\/p>\n   <div><span class=\"my_article_details\"><time datetime=\"2026-08-27\">27.08.2026<\/time> &middot; <a href=\"\/news\/muehlheim-aktuell\" title=\"M\u00fchlheim heute aktuell\">M\u00fchlheim<\/a> &middot; <a href=\"\/news\/muehlheim-nachrichten\" title=\"Muehlheim Nachrichten\">News<\/a> &middot; <\/span><a href=\"https:\/\/www.op-online.de\/sport\/amateur-fussball\/elias-kurt-trumpft-nach-verletzungspause-mit-vier-toren-in-drei-spielen-auf-94463469.html\" title=\"Link zum Artikel auf op-online.de\" target=\"_blank\">op-online.de<\/a><\/div>\n  <\/div>\n <\/article>\n <\/div>\n <div class=\"post\" style=\"margin-bottom:40px;\">\n <article>\n  <h3><a name=\"2e8f9822\" href=\"https:\/\/www.journal-frankfurt.de\/?src=journal_news_einzel&id=46173&from=feed\" style=\"color:#333333;\" target=\"_blank\">Flughafen-Mitarbeiter sterben nach Malaria-Infektion<\/a><\/h3>\n  <div class=\"entry\">\n   <p style=\"margin-bottom:4px;\">\n   <a href=\"https:\/\/www.journal-frankfurt.de\/?src=journal_news_einzel&id=46173&from=feed\" target=\"_blank\"><img decoding=\"async\" src=\"https:\/\/www.journal-frankfurt.de\/cache\/images\/news\/q180\/46173.jpg\" style=\"align:left !important; float:left !important; margin-top:4px !important; margin-right:8px !important; margin-bottom:4px !important; width:90px !important;\" \/><\/a>    Durch eingeschleppte M&uuml;cken haben sich am Flughafen sechs Mitarbeiter mit der Tropenkrankheit angesteckt. Zwei Besch&auml;ftigte verstarben an den Folgen.<br clear=\"all\" \/>   <\/p>\n   <div><span class=\"my_article_details\"><time datetime=\"2026-08-27\">27.08.2026<\/time> &middot; <a href=\"\/news\/fluglaerm-offenbach-am-main\" title=\"Flugl\u00e4rm Offenbach am Main\">Flughafen<\/a> &middot; Frankfurt &middot; <\/span><a href=\"https:\/\/www.journal-frankfurt.de\/?src=journal_news_einzel&id=46173&from=feed\" title=\"Link zum Artikel auf journal-frankfurt.de\" target=\"_blank\">journal-frankfurt.de<\/a><\/div>\n  <\/div>\n <\/article>\n <\/div>\n <b>Mehr <a href=\"\/news\/muehlheim-nachrichten#28\" title=\"M\u00fchlheim Nachrichten\">M\u00fchlheim-Nachrichten<\/a> ...<\/b>\n<\/div>\n<br \/>\n\n<div style=\"background-color:#efffef; margin-top:15px; margin-bottom:15px; padding:10px; text-align:left; word-wrap:break-word;\">\n<h2 style=\"margin:0px; margin-bottom:20px;\"><a name=\"polizeimeldungen\"><\/a>Aktuelle Polizeimeldungen f\u00fcr M\u00fchlheim<\/h2>\n <div class=\"post\" style=\"margin-bottom:40px;\">\n <article>\n  <h3><a name=\"296e9b5f\" href=\"https:\/\/www.presseportal.de\/blaulicht\/pm\/43561\/6343503\" style=\"color:#000000; font-weight:bold;\" target=\"_blank\">POL-OF: Drogenerkennung im Stra\u00dfenverkehr: Spezialisten nahmen Verkehrsteilnehmer unter die Lupe<\/a><\/h3>\n  <div class=\"entry\">\n   <p style=\"margin-bottom:4px;\">   <a href=\"https:\/\/www.presseportal.de\/blaulicht\/pm\/43561\/6343503\" target=\"_blank\"><img decoding=\"async\" src=\"\/feeds\/gfx\/POL-OF.jpg\" style=\"align:left !important; float:left !important; margin-top:4px !important; margin-right:8px !important; margin-bottom:4px !important; width:90px !important;\" \/><\/a>    S\u00fcdosthessen  (ots)      (me) Zur Erh\u00f6hung der Verkehrssicherheit f\u00fchrten die Spezialisten der \"Drogenerkennung im Stra\u00dfenverkehr\" (DiS) des Polizeipr\u00e4sidiums S\u00fcdosthessen im Verlauf des Montags mehrere Verkehrskontrollen durch.  In der Zeit zwischen 15 Uhr ...<br clear=\"all\" \/>   <\/p>\n   <div><span class=\"my_article_details\"><time datetime=\"2026-09-01\">01.09.2026<\/time> &middot; <a href=\"\/news\/muehlheim-aktuell\" title=\"M\u00fchlheim heute aktuell\">M\u00fchlheim<\/a> &middot; <a href=\"\/news\/muehlheim-polizeimeldungen\" title=\"Polizeieins\u00e4tze Muehlheim\">Polizei<\/a> &middot; <\/span><a href=\"https:\/\/www.presseportal.de\/blaulicht\/pm\/43561\/6343503\" title=\"Link zum Artikel auf presseportal.de\" target=\"_blank\">presseportal.de<\/a><\/div>  <\/div>\n <\/article>\n <\/div>\n <div class=\"post\" style=\"margin-bottom:40px;\">\n <article>\n  <h3><a name=\"dab11ac5\" href=\"https:\/\/www.presseportal.de\/blaulicht\/pm\/43561\/6341570\" style=\"color:#000000; font-weight:bold;\" target=\"_blank\">Polizei Offenbach am Main: Pressemeldungen vom 28.08.2026<\/a><\/h3>\n  <div class=\"entry\">\n   <p style=\"margin-bottom:4px;\">   <a href=\"https:\/\/www.presseportal.de\/blaulicht\/pm\/43561\/6341570\" target=\"_blank\"><img decoding=\"async\" src=\"\/feeds\/gfx\/POL-OF.jpg\" style=\"align:left !important; float:left !important; margin-top:4px !important; margin-right:8px !important; margin-bottom:4px !important; width:90px !important;\" \/><\/a>    ... <a href=\"https:\/\/www.presseportal.de\/blaulicht\/pm\/43561\/6341570\" style=\"color:#000000; font-weight:bold;\" target=\"_blank\">6. Baumstamm in Brand gesetzt: Wer hat etwas gesehen? - M\u00fchlheim am Main<\/a>   (fg) In Dietesheim in der Stra\u00dfe \"Am Hansteinweiher\" haben Unbekannte in einem dortigen Naherholungsgebiet nahe einer Aussichtsplattform offenbar einen abgelegten Baumstamm in Brand gesetzt. Feuerwehr und Polizei waren am Donnerstagmorgen, gegen 8.25 Uhr, ...<br clear=\"all\" \/><\/p><p style=\"margin-top:8px; margin-bottom:4px;\"><a href=\"https:\/\/www.presseportal.de\/blaulicht\/pm\/43561\/6341570\" target=\"_blank\"><img decoding=\"async\" src=\"\/feeds\/gfx\/POL-OF.jpg\" style=\"align:left !important; float:left !important; margin-top:4px !important; margin-right:8px !important; margin-bottom:4px !important; width:90px !important;\" \/><\/a> ... <a href=\"https:\/\/www.presseportal.de\/blaulicht\/pm\/43561\/6341570\" style=\"color:#000000; font-weight:bold;\" target=\"_blank\">7. Vermisste wieder da - M\u00fchlheim am Main<\/a>   (cb) Die seit Freitag (21. August) vermisste 13-J\u00e4hrige konnte wohlbehalten angetroffen werden. Die Fahndung nach ihr wird daher zur\u00fcckgenommen. ...<br clear=\"all\" \/>   <\/p>\n   <div><span class=\"my_article_details\"><time datetime=\"2026-08-28\">28.08.2026<\/time> &middot; <a href=\"\/news\/braende-offenbach-am-main\" title=\"Br\u00e4nde Offenbach am Main\">Feuerwehr<\/a> &middot; <a href=\"\/news\/muehlheim-aktuell\" title=\"M\u00fchlheim heute aktuell\">M\u00fchlheim<\/a> &middot; <a href=\"\/news\/muehlheim-polizeimeldungen\" title=\"Polizeieins\u00e4tze Muehlheim\">Polizei<\/a> &middot; <\/span><a href=\"https:\/\/www.presseportal.de\/blaulicht\/pm\/43561\/6341570\" title=\"Link zum Artikel auf presseportal.de\" target=\"_blank\">presseportal.de<\/a><\/div>  <\/div>\n <\/article>\n <\/div>\n <b>Mehr von der <a href=\"\/news\/muehlheim-polizeimeldungen#2\" title=\"Polizeieins\u00e4tze M\u00fchlheim heute\">Polizei M\u00fchlheim<\/a> ...<\/b>\n<\/div>\n<br \/>\n\n<div style=\"background-color:#ffffff; margin-top:15px; margin-bottom:15px; padding:10px; text-align:left; word-wrap:break-word;\">\n<h2 style=\"margin:0px; margin-bottom:20px;\"><a name=\"umgebung\"><\/a>Aktuelle News aus M\u00fchlheims Umgebung<\/h2>\n <div class=\"post\" style=\"margin-bottom:40px;\">\n <article>\n  <h3><a name=\"f3f575d7\" href=\"https:\/\/www.dietzenbach.de\/Stadt-Rathaus\/Stadt\/Aktuelles\/Stadtwerke-Safari-Dietzenbach-entdeckt-seine-Stadtwerke.php?ModID=255&FID=3651.29589.1\" style=\"color:#333333;\" target=\"_blank\">Stadtwerke-Safari: Dietzenbach entdeckt seine Stadtwerke<\/a><\/h3>\n  <div class=\"entry\">\n   <p style=\"margin-bottom:4px;\">\n   <a href=\"https:\/\/www.dietzenbach.de\/Stadt-Rathaus\/Stadt\/Aktuelles\/Stadtwerke-Safari-Dietzenbach-entdeckt-seine-Stadtwerke.php?ModID=255&FID=3651.29589.1\" target=\"_blank\"><img decoding=\"async\" src=\"\/feeds\/gfx\/dietzenbach.de.png\" style=\"align:left !important; float:left !important; margin-top:4px !important; margin-right:8px !important; margin-bottom:4px !important; width:90px !important;\" \/><\/a>    Rund 1.000 Besucherinnen und Besucher feierten das Jubil&auml;um Wer am Tag der Stadtwerke-Safari das Veranstaltungsgel&auml;nde betrat, hatte die erste Safari-Station m&ouml;glicherweise schon hinter sich. Denn f&uuml;r ein besonderes Erlebnis am vergangenen ...<br clear=\"all\" \/>   <\/p>\n   <div><span class=\"my_article_details\"><time datetime=\"2026-09-01\">01.09.2026<\/time> &middot; <\/span><a href=\"https:\/\/www.dietzenbach.de\/Stadt-Rathaus\/Stadt\/Aktuelles\/Stadtwerke-Safari-Dietzenbach-entdeckt-seine-Stadtwerke.php?ModID=255&FID=3651.29589.1\" title=\"Link zum Artikel auf dietzenbach.de\" target=\"_blank\">dietzenbach.de<\/a><\/div>\n  <\/div>\n <\/article>\n <\/div>\n <div class=\"post\" style=\"margin-bottom:40px;\">\n <article>\n  <h3><a name=\"bc06aff9\" href=\"https:\/\/of-news.de\/roedermark\/zugeparkte-trauerhalle-am-friedhof-ober-roden-stadtverwaltung-bittet-besucher-um-ruecksichtnahme-170067\/\" style=\"color:#333333;\" target=\"_blank\">Zugeparkte Trauerhalle am Friedhof Ober-Roden: Stadtverwaltung bittet Besucher um R\u00fccksichtnahme<\/a><\/h3>\n  <div class=\"entry\">\n   <p style=\"margin-bottom:4px;\">\n   <a href=\"https:\/\/of-news.de\/roedermark\/zugeparkte-trauerhalle-am-friedhof-ober-roden-stadtverwaltung-bittet-besucher-um-ruecksichtnahme-170067\/\" target=\"_blank\"><img decoding=\"async\" src=\"\/feeds\/gfx\/of-news.de.png\" style=\"align:left !important; float:left !important; margin-top:4px !important; margin-right:8px !important; margin-bottom:4px !important; width:90px !important;\" \/><\/a>    Die Friedhofsverwaltung der Stadt R&ouml;dermark verzeichnet eine steigende Anzahl an Beschwerden bez&uuml;glich der Parksituation am Friedhof im Stadtteil Ober-Roden. Nach Angaben der Beh&ouml;rde mangelt es an Kapazit&auml;ten bei den regul&auml;ren Abstellpl&auml;tzen f&uuml;r Zweir&auml;der, ...<br clear=\"all\" \/>   <\/p>\n   <div><span class=\"my_article_details\"><time datetime=\"2026-09-01\">01.09.2026<\/time> &middot; <\/span><a href=\"https:\/\/of-news.de\/roedermark\/zugeparkte-trauerhalle-am-friedhof-ober-roden-stadtverwaltung-bittet-besucher-um-ruecksichtnahme-170067\/\" title=\"Link zum Artikel auf of-news.de\" target=\"_blank\">of-news.de<\/a><\/div>\n  <\/div>\n <\/article>\n <\/div>\n <div class=\"post\" style=\"margin-bottom:40px;\">\n <article>\n  <h3><a name=\"12178d57\" href=\"https:\/\/of-news.de\/dreieich\/rund-500-gaeste-auf-dem-sommerfest-tierheim-dreieich-informiert-ueber-regionale-tierschutzarbeit-170055\/\" style=\"color:#333333;\" target=\"_blank\">Rund 500 G\u00e4ste auf dem Sommerfest: Tierheim Dreieich informiert \u00fcber regionale Tierschutzarbeit<\/a><\/h3>\n  <div class=\"entry\">\n   <p style=\"margin-bottom:4px;\">\n   <a href=\"https:\/\/of-news.de\/dreieich\/rund-500-gaeste-auf-dem-sommerfest-tierheim-dreieich-informiert-ueber-regionale-tierschutzarbeit-170055\/\" target=\"_blank\"><img decoding=\"async\" src=\"\/feeds\/gfx\/of-news.de.png\" style=\"align:left !important; float:left !important; margin-top:4px !important; margin-right:8px !important; margin-bottom:4px !important; width:90px !important;\" \/><\/a>    Das Tierheim in Dreieich hat am vergangenen Sonntag sein diesj&auml;hriges Sommerfest veranstaltet. Rund 500 Besucherinnen und Besucher nutzten nach Angaben der Organisatoren die Gelegenheit, sich vor Ort &uuml;ber die Belange des regionalen Tierschutzes zu informieren ...<br clear=\"all\" \/>   <\/p>\n   <div><span class=\"my_article_details\"><time datetime=\"2026-09-01\">01.09.2026<\/time> &middot; <\/span><a href=\"https:\/\/of-news.de\/dreieich\/rund-500-gaeste-auf-dem-sommerfest-tierheim-dreieich-informiert-ueber-regionale-tierschutzarbeit-170055\/\" title=\"Link zum Artikel auf of-news.de\" target=\"_blank\">of-news.de<\/a><\/div>\n  <\/div>\n <\/article>\n <\/div>\n <div class=\"post\" style=\"margin-bottom:40px;\">\n <article>\n  <h3><a name=\"ac60f4e9\" href=\"https:\/\/www.rheinmainverlag.de\/2026\/09\/01\/zwei-verletzte-und-hoher-sachschaden-bei-zusammenstoss-zweier-autos-bei-neu-isenburg\/\" style=\"color:#333333;\" target=\"_blank\">Zwei Verletzte und hoher Sachschaden bei Zusammensto\u00df zweier Autos bei Neu-Isenburg<\/a><\/h3>\n  <div class=\"entry\">\n   <p style=\"margin-bottom:4px;\">\n   <a href=\"https:\/\/www.rheinmainverlag.de\/2026\/09\/01\/zwei-verletzte-und-hoher-sachschaden-bei-zusammenstoss-zweier-autos-bei-neu-isenburg\/\" target=\"_blank\"><img decoding=\"async\" src=\"\/feeds\/gfx\/rheinmainverlag.de.png\" style=\"align:left !important; float:left !important; margin-top:4px !important; margin-right:8px !important; margin-bottom:4px !important; width:90px !important;\" \/><\/a>    Ein schwer verletzter Autofahrer, ein Leichtverletzter und hoher Sachschaden sind die Bilanz eines Verkehrsunfalls, der sich am Sonntagnachmittag auf der Bundesstra&szlig;e 459 zwischen Neu-Isenburg und Dietzenbach ereignet hat. Nach bisherigen Erkenntnissen der ...<br clear=\"all\" \/>   <\/p>\n   <div><span class=\"my_article_details\"><time datetime=\"2026-09-01\">01.09.2026<\/time> &middot; <\/span><a href=\"https:\/\/www.rheinmainverlag.de\/2026\/09\/01\/zwei-verletzte-und-hoher-sachschaden-bei-zusammenstoss-zweier-autos-bei-neu-isenburg\/\" title=\"Link zum Artikel auf rheinmainverlag.de\" target=\"_blank\">rheinmainverlag.de<\/a><\/div>\n  <\/div>\n <\/article>\n <\/div>\n <div class=\"post\" style=\"margin-bottom:40px;\">\n <article>\n  <h3><a name=\"96309836\" href=\"https:\/\/www.dreieich.de\/rathaus-service\/presse-medien\/pressemitteilungen\/2026\/woche-der-klimaanpassung-dreieich-beteiligt-sich-mit-zwei-veranstaltungen\/\" style=\"color:#333333;\" target=\"_blank\">Woche der Klimaanpassung: Dreieich beteiligt sich mit zwei Veranstaltungen<\/a><\/h3>\n  <div class=\"entry\">\n   <p style=\"margin-bottom:4px;\">\n   <a href=\"https:\/\/www.dreieich.de\/rathaus-service\/presse-medien\/pressemitteilungen\/2026\/woche-der-klimaanpassung-dreieich-beteiligt-sich-mit-zwei-veranstaltungen\/\" target=\"_blank\"><img decoding=\"async\" src=\"https:\/\/www.dreieich.de\/rathaus-service\/presse-medien\/pressemitteilungen\/2026\/woche-der-klimaanpassung-dreieich-beteiligt-sich-mit-zwei-veranstaltungen\/earth-day-environment-concept-and-eco-concept-2026-01-09-07-31-53-utc.jpg?cid=1r5v.8h5y&resize=ad517b%3a1024x768c\" style=\"align:left !important; float:left !important; margin-top:4px !important; margin-right:8px !important; margin-bottom:4px !important; width:90px !important;\" \/><\/a>    Mit der F&uuml;hrung \u201eWald im (Klima-)Wandel\u201c und der Radtour \u201eAus Grau wird Gr&uuml;n\u201c beteiligt sich die Stadt an der \u201eWoche der Klimaanpassung\u201c, einem gemeinsamen Projekt des Bundesministeriums f&uuml;r Umwelt, Klimaschutz, Naturschutz und nukleare Sicherheit (BMUKN) und ...<br clear=\"all\" \/>   <\/p>\n   <div><span class=\"my_article_details\"><time datetime=\"2026-09-01\">01.09.2026<\/time> &middot; <\/span><a href=\"https:\/\/www.dreieich.de\/rathaus-service\/presse-medien\/pressemitteilungen\/2026\/woche-der-klimaanpassung-dreieich-beteiligt-sich-mit-zwei-veranstaltungen\/\" title=\"Link zum Artikel auf dreieich.de\" target=\"_blank\">dreieich.de<\/a><\/div>\n  <\/div>\n <\/article>\n <\/div>\n <div class=\"post\" style=\"margin-bottom:40px;\">\n <article>\n  <h3><a name=\"cc679144\" href=\"https:\/\/www.dreieich.de\/rathaus-service\/presse-medien\/pressemitteilungen\/2026\/brennholz-aus-dem-stadtwald\/\" style=\"color:#333333;\" target=\"_blank\">Dreieich: Brennholz aus dem Stadtwald<\/a><\/h3>\n  <div class=\"entry\">\n   <p style=\"margin-bottom:4px;\">\n   <a href=\"https:\/\/www.dreieich.de\/rathaus-service\/presse-medien\/pressemitteilungen\/2026\/brennholz-aus-dem-stadtwald\/\" target=\"_blank\"><img decoding=\"async\" src=\"https:\/\/www.dreieich.de\/rathaus-service\/presse-medien\/pressemitteilungen\/2026\/brennholz-aus-dem-stadtwald\/dlb-holzstapel.jpg?cid=1t40.8hdz&resize=21f0ce%3a1024x768c\" style=\"align:left !important; float:left !important; margin-top:4px !important; margin-right:8px !important; margin-bottom:4px !important; width:90px !important;\" \/><\/a>    Ab sofort kann wieder Brennholz aus dem Stadtwald von den B&uuml;rgerinnen und B&uuml;rgern Dreieichs in haushalts&uuml;blichen Mengen &uuml;ber eine digitale Brennholzb&ouml;rse gekauft werden.<br clear=\"all\" \/>   <\/p>\n   <div><span class=\"my_article_details\"><time datetime=\"2026-09-01\">01.09.2026<\/time> &middot; <\/span><a href=\"https:\/\/www.dreieich.de\/rathaus-service\/presse-medien\/pressemitteilungen\/2026\/brennholz-aus-dem-stadtwald\/\" title=\"Link zum Artikel auf dreieich.de\" target=\"_blank\">dreieich.de<\/a><\/div>\n  <\/div>\n <\/article>\n <\/div>\n <div class=\"post\" style=\"margin-bottom:40px;\">\n <article>\n  <h3><a name=\"1980a34b\" href=\"https:\/\/www.op-online.de\/offenbach\/cafe-duo-am-offenbacher-hafen-strawberry-matcha-wird-zum-renner-94468170.html\" style=\"color:#333333;\" target=\"_blank\">24-J\u00e4hriger er\u00f6ffnet Caf\u00e9 am Offenbacher Hafen \u2013 sein Strawberry Matcha wird zum absoluten Renner<\/a><\/h3>\n  <div class=\"entry\">\n   <p style=\"margin-bottom:4px;\">\n   <a href=\"https:\/\/www.op-online.de\/offenbach\/cafe-duo-am-offenbacher-hafen-strawberry-matcha-wird-zum-renner-94468170.html\" target=\"_blank\"><img decoding=\"async\" src=\"https:\/\/www.op-online.de\/assets\/images\/43\/835\/43835453-alperen-yorulmaz-hat-nach-vielen-besichtigungen-endlich-den-richtigen-ort-fuer-sein-cafe-gefunden-2mef.jpg\" style=\"align:left !important; float:left !important; margin-top:4px !important; margin-right:8px !important; margin-bottom:4px !important; width:90px !important;\" \/><\/a>    Das Caf\u00e9 Duo hat als Pop-up nahe der Hafentreppe in Offenbach er&ouml;ffnet. Der Strawberry Iced Matcha Latte entwickelt sich schnell zum Hit.<br clear=\"all\" \/>   <\/p>\n   <div><span class=\"my_article_details\"><time datetime=\"2026-09-01\">01.09.2026<\/time> &middot; <\/span><a href=\"https:\/\/www.op-online.de\/offenbach\/cafe-duo-am-offenbacher-hafen-strawberry-matcha-wird-zum-renner-94468170.html\" title=\"Link zum Artikel auf op-online.de\" target=\"_blank\">op-online.de<\/a><\/div>\n  <\/div>\n <\/article>\n <\/div>\n <div class=\"post\" style=\"margin-bottom:40px;\">\n <article>\n  <h3><a name=\"a9f761ed\" href=\"https:\/\/www.op-online.de\/offenbach\/sophie-von-la-roche-schriftstellerin-vermittlerin-und-aussergewoehnliche-persoenlichkeit-94468345.html\" style=\"color:#333333;\" target=\"_blank\">Sophie von La Roche: Schriftstellerin, Vermittlerin und au\u00dfergew\u00f6hnliche Pers\u00f6nlichkeit<\/a><\/h3>\n  <div class=\"entry\">\n   <p style=\"margin-bottom:4px;\">\n   <a href=\"https:\/\/www.op-online.de\/offenbach\/sophie-von-la-roche-schriftstellerin-vermittlerin-und-aussergewoehnliche-persoenlichkeit-94468345.html\" target=\"_blank\"><img decoding=\"async\" src=\"https:\/\/www.op-online.de\/assets\/images\/43\/908\/43908056-ein-graffiti-von-sophie-von-la-roche-ziert-das-trafohauschen-am-buesingpark-1uef.jpg\" style=\"align:left !important; float:left !important; margin-top:4px !important; margin-right:8px !important; margin-bottom:4px !important; width:90px !important;\" \/><\/a>    Die Schriftstellerin lebte von 1788 bis zu ihrem Tod 1807 in der Domstra&szlig;e 23 in Offenbach \u2013 ein Gedenkstein im B&uuml;singpark erinnert bis heute an sie<br clear=\"all\" \/>   <\/p>\n   <div><span class=\"my_article_details\"><time datetime=\"2026-09-01\">01.09.2026<\/time> &middot; <\/span><a href=\"https:\/\/www.op-online.de\/offenbach\/sophie-von-la-roche-schriftstellerin-vermittlerin-und-aussergewoehnliche-persoenlichkeit-94468345.html\" title=\"Link zum Artikel auf op-online.de\" target=\"_blank\">op-online.de<\/a><\/div>\n  <\/div>\n <\/article>\n <\/div>\n <div class=\"post\" style=\"margin-bottom:40px;\">\n <article>\n  <h3><a name=\"89514d13\" href=\"https:\/\/www.rheinmainverlag.de\/2026\/09\/01\/auslaenderamt-offenbach-geht-bei-telefonie-neue-wege\/\" style=\"color:#333333;\" target=\"_blank\">Ausl\u00e4nderamt Offenbach geht bei Telefonie neue Wege<\/a><\/h3>\n  <div class=\"entry\">\n   <p style=\"margin-bottom:4px;\">\n   <a href=\"https:\/\/www.rheinmainverlag.de\/2026\/09\/01\/auslaenderamt-offenbach-geht-bei-telefonie-neue-wege\/\" target=\"_blank\"><img decoding=\"async\" src=\"\/feeds\/gfx\/rheinmainverlag.de.png\" style=\"align:left !important; float:left !important; margin-top:4px !important; margin-right:8px !important; margin-bottom:4px !important; width:90px !important;\" \/><\/a>    Das Ausl&auml;nderamt der Stadt Offenbach am Main f&uuml;hrt am Dienstag, 1. September, einen KI-Telefonassistenten ein. Die Neuerung verbessert die telefonische Erreichbarkeit und gew&auml;hrleistet eine reibungslose Kommunikation und b&uuml;rgernahen Service. B&uuml;rgermeister Andreas ...<br clear=\"all\" \/>   <\/p>\n   <div><span class=\"my_article_details\"><time datetime=\"2026-09-01\">01.09.2026<\/time> &middot; <\/span><a href=\"https:\/\/www.rheinmainverlag.de\/2026\/09\/01\/auslaenderamt-offenbach-geht-bei-telefonie-neue-wege\/\" title=\"Link zum Artikel auf rheinmainverlag.de\" target=\"_blank\">rheinmainverlag.de<\/a><\/div>\n  <\/div>\n <\/article>\n <\/div>\n <div class=\"post\" style=\"margin-bottom:40px;\">\n <article>\n  <h3><a name=\"e2192b85\" href=\"https:\/\/www.op-online.de\/region\/obertshausen\/wie-ein-baum-das-verhaeltnis-zwischen-mieterin-und-vermieter-zerruetten-kann-94468680.html\" style=\"color:#333333;\" target=\"_blank\">Wie ein Baum das Verh\u00e4ltnis zwischen Mieterin und Vermieter zerr\u00fctten kann<\/a><\/h3>\n  <div class=\"entry\">\n   <p style=\"margin-bottom:4px;\">\n   <a href=\"https:\/\/www.op-online.de\/region\/obertshausen\/wie-ein-baum-das-verhaeltnis-zwischen-mieterin-und-vermieter-zerruetten-kann-94468680.html\" target=\"_blank\"><img decoding=\"async\" src=\"https:\/\/www.op-online.de\/assets\/images\/43\/861\/43861163-ein-ehrenwertes-haus-das-anwesen-in-der-ostendstrasse-im-obergeschoss-wohnt-bahar-rafiei-zur-miete-nur-wer-wohnt-wirklich-unter-ihr-29ef.jpg\" style=\"align:left !important; float:left !important; margin-top:4px !important; margin-right:8px !important; margin-bottom:4px !important; width:90px !important;\" \/><\/a>    Eine Mieterin aus Obertshausen k&auml;mpft gegen die Eigenbedarfsk&uuml;ndigung ihres Vermieters, der auch Kommunalpolitiker im Main-Kinzig-Kreis ist. Der Konflikt zwischen beiden besteht seit Jahren und hat einen besonderen Grund. Am Mittwoch treffen sich beide Parteien ...<br clear=\"all\" \/>   <\/p>\n   <div><span class=\"my_article_details\"><time datetime=\"2026-09-01\">01.09.2026<\/time> &middot; <\/span><a href=\"https:\/\/www.op-online.de\/region\/obertshausen\/wie-ein-baum-das-verhaeltnis-zwischen-mieterin-und-vermieter-zerruetten-kann-94468680.html\" title=\"Link zum Artikel auf op-online.de\" target=\"_blank\">op-online.de<\/a><\/div>\n  <\/div>\n <\/article>\n <\/div>\n <div class=\"post\" style=\"margin-bottom:40px;\">\n <article>\n  <h3><a name=\"3a45619c\" href=\"https:\/\/www.obertshausen.de\/index.php?id=509&publish%5Bid%5D=1652839&publish%5Bstart%5D=\" style=\"color:#333333;\" target=\"_blank\">Obertshausen: Bundesweiter Warntag am 10. September<\/a><\/h3>\n  <div class=\"entry\">\n   <p style=\"margin-bottom:4px;\">\n   <a href=\"https:\/\/www.obertshausen.de\/index.php?id=509&publish%5Bid%5D=1652839&publish%5Bstart%5D=\" target=\"_blank\"><img decoding=\"async\" src=\"\/feeds\/gfx\/obertshausen.de.png\" style=\"align:left !important; float:left !important; margin-top:4px !important; margin-right:8px !important; margin-bottom:4px !important; width:90px !important;\" \/><\/a>    Warnung und Entwarnung: Bev\u00f6lkerung f\u00fcr Ernstfall sensibilisieren<br clear=\"all\" \/>   <\/p>\n   <div><span class=\"my_article_details\"><time datetime=\"2026-09-01\">01.09.2026<\/time> &middot; <\/span><a href=\"https:\/\/www.obertshausen.de\/index.php?id=509&publish%5Bid%5D=1652839&publish%5Bstart%5D=\" title=\"Link zum Artikel auf obertshausen.de\" target=\"_blank\">obertshausen.de<\/a><\/div>\n  <\/div>\n <\/article>\n <\/div>\n <div class=\"post\" style=\"margin-bottom:40px;\">\n <article>\n  <h3><a name=\"dc46ff32\" href=\"https:\/\/www.obertshausen.de\/index.php?id=509&publish%5Bid%5D=1652840&publish%5Bstart%5D=\" style=\"color:#333333;\" target=\"_blank\">Obertshausen: Von Gewerbegebiet A3 bis zur Entwicklung des YMOS-Areals<\/a><\/h3>\n  <div class=\"entry\">\n   <p style=\"margin-bottom:4px;\">\n   <a href=\"https:\/\/www.obertshausen.de\/index.php?id=509&publish%5Bid%5D=1652840&publish%5Bstart%5D=\" target=\"_blank\"><img decoding=\"async\" src=\"\/feeds\/gfx\/obertshausen.de.png\" style=\"align:left !important; float:left !important; margin-top:4px !important; margin-right:8px !important; margin-bottom:4px !important; width:90px !important;\" \/><\/a>    Umwelt-, Verkehr- und Bauausschuss kommt am 7. September zusammen<br clear=\"all\" \/>   <\/p>\n   <div><span class=\"my_article_details\"><time datetime=\"2026-09-01\">01.09.2026<\/time> &middot; <\/span><a href=\"https:\/\/www.obertshausen.de\/index.php?id=509&publish%5Bid%5D=1652840&publish%5Bstart%5D=\" title=\"Link zum Artikel auf obertshausen.de\" target=\"_blank\">obertshausen.de<\/a><\/div>\n  <\/div>\n <\/article>\n <\/div>\n <div class=\"post\" style=\"margin-bottom:40px;\">\n <article>\n  <h3><a name=\"50f0a6de\" href=\"https:\/\/www.obertshausen.de\/index.php?id=509&publish%5Bid%5D=1652842&publish%5Bstart%5D=\" style=\"color:#333333;\" target=\"_blank\">Obertshausen: Jahresberichte und Einsparungen<\/a><\/h3>\n  <div class=\"entry\">\n   <p style=\"margin-bottom:4px;\">\n   <a href=\"https:\/\/www.obertshausen.de\/index.php?id=509&publish%5Bid%5D=1652842&publish%5Bstart%5D=\" target=\"_blank\"><img decoding=\"async\" src=\"\/feeds\/gfx\/obertshausen.de.png\" style=\"align:left !important; float:left !important; margin-top:4px !important; margin-right:8px !important; margin-bottom:4px !important; width:90px !important;\" \/><\/a>    Sport-, Kultur- und Bildungsausschuss tagt am 9. September<br clear=\"all\" \/>   <\/p>\n   <div><span class=\"my_article_details\"><time datetime=\"2026-09-01\">01.09.2026<\/time> &middot; <\/span><a href=\"https:\/\/www.obertshausen.de\/index.php?id=509&publish%5Bid%5D=1652842&publish%5Bstart%5D=\" title=\"Link zum Artikel auf obertshausen.de\" target=\"_blank\">obertshausen.de<\/a><\/div>\n  <\/div>\n <\/article>\n <\/div>\n <div class=\"post\" style=\"margin-bottom:40px;\">\n <article>\n  <h3><a name=\"1ad6b54e\" href=\"https:\/\/www.obertshausen.de\/index.php?id=509&publish%5Bid%5D=1652843&publish%5Bstart%5D=\" style=\"color:#333333;\" target=\"_blank\">Obertshausen: Investorensuche f\u00fcr das Areal der Fr\u00f6belschule<\/a><\/h3>\n  <div class=\"entry\">\n   <p style=\"margin-bottom:4px;\">\n   <a href=\"https:\/\/www.obertshausen.de\/index.php?id=509&publish%5Bid%5D=1652843&publish%5Bstart%5D=\" target=\"_blank\"><img decoding=\"async\" src=\"\/feeds\/gfx\/obertshausen.de.png\" style=\"align:left !important; float:left !important; margin-top:4px !important; margin-right:8px !important; margin-bottom:4px !important; width:90px !important;\" \/><\/a>    Haupt-, Finanz- und Wirtschaftsausschuss tagt am 10. September<br clear=\"all\" \/>   <\/p>\n   <div><span class=\"my_article_details\"><time datetime=\"2026-09-01\">01.09.2026<\/time> &middot; <\/span><a href=\"https:\/\/www.obertshausen.de\/index.php?id=509&publish%5Bid%5D=1652843&publish%5Bstart%5D=\" title=\"Link zum Artikel auf obertshausen.de\" target=\"_blank\">obertshausen.de<\/a><\/div>\n  <\/div>\n <\/article>\n <\/div>\n <div class=\"post\" style=\"margin-bottom:40px;\">\n <article>\n  <h3><a name=\"d86263fd\" href=\"https:\/\/www.obertshausen.de\/index.php?id=509&publish%5Bid%5D=1652844&publish%5Bstart%5D=\" style=\"color:#333333;\" target=\"_blank\">Obertshausen: Eine sportliche und entspannte Ferienzeit wartet auf die Kinder<\/a><\/h3>\n  <div class=\"entry\">\n   <p style=\"margin-bottom:4px;\">\n   <a href=\"https:\/\/www.obertshausen.de\/index.php?id=509&publish%5Bid%5D=1652844&publish%5Bstart%5D=\" target=\"_blank\"><img decoding=\"async\" src=\"\/feeds\/gfx\/obertshausen.de.png\" style=\"align:left !important; float:left !important; margin-top:4px !important; margin-right:8px !important; margin-bottom:4px !important; width:90px !important;\" \/><\/a>    Anmeldefrist f\u00fcr die Herbstferienspiele ist am 30. September<br clear=\"all\" \/>   <\/p>\n   <div><span class=\"my_article_details\"><time datetime=\"2026-09-01\">01.09.2026<\/time> &middot; <\/span><a href=\"https:\/\/www.obertshausen.de\/index.php?id=509&publish%5Bid%5D=1652844&publish%5Bstart%5D=\" title=\"Link zum Artikel auf obertshausen.de\" target=\"_blank\">obertshausen.de<\/a><\/div>\n  <\/div>\n <\/article>\n <\/div>\n <div class=\"post\" style=\"margin-bottom:40px;\">\n <article>\n  <h3><a name=\"2f151187\" href=\"https:\/\/www.op-online.de\/region\/neu-isenburg\/86-jaehriger-trainiert-hapkido-fuer-den-schwarzen-guertel-94468507.html\" style=\"color:#333333;\" target=\"_blank\">Dreimal die Woche auf der Matte: 86-J\u00e4hriger trainiert Hapkido f\u00fcr den schwarzen G\u00fcrtel<\/a><\/h3>\n  <div class=\"entry\">\n   <p style=\"margin-bottom:4px;\">\n   <a href=\"https:\/\/www.op-online.de\/region\/neu-isenburg\/86-jaehriger-trainiert-hapkido-fuer-den-schwarzen-guertel-94468507.html\" target=\"_blank\"><img decoding=\"async\" src=\"https:\/\/www.op-online.de\/assets\/images\/43\/886\/43886029-wolfgang-kleinschmidt-ist-86-jahre-und-will-den-schwarzen-gurt-im-hapkido-erreichen-2opA7P1RRnef.jpg\" style=\"align:left !important; float:left !important; margin-top:4px !important; margin-right:8px !important; margin-bottom:4px !important; width:90px !important;\" \/><\/a>    Wolfgang Kleinschmidt aus Neu-Isenburg arbeitet mit 86 Jahren auf seine Meisterpr&uuml;fung hin. Seit 2019 hat er zehn Pr&uuml;fungen absolviert \u2013 alle mit \u201esehr gut&quot;.<br clear=\"all\" \/>   <\/p>\n   <div><span class=\"my_article_details\"><time datetime=\"2026-09-01\">01.09.2026<\/time> &middot; <\/span><a href=\"https:\/\/www.op-online.de\/region\/neu-isenburg\/86-jaehriger-trainiert-hapkido-fuer-den-schwarzen-guertel-94468507.html\" title=\"Link zum Artikel auf op-online.de\" target=\"_blank\">op-online.de<\/a><\/div>\n  <\/div>\n <\/article>\n <\/div>\n <div class=\"post\" style=\"margin-bottom:40px;\">\n <article>\n  <h3><a name=\"a1853132\" href=\"https:\/\/www.op-online.de\/region\/roedermark\/wird-die-musikschule-zu-einer-elitaeren-einrichtung-94468652.html\" style=\"color:#333333;\" target=\"_blank\">Stadt k\u00fcndigt Musikschule den Vertrag \u2013 Leiter schl\u00e4gt Alarm: \u201eNur noch was f\u00fcr Wohlhabende\u201c<\/a><\/h3>\n  <div class=\"entry\">\n   <p style=\"margin-bottom:4px;\">\n   <a href=\"https:\/\/www.op-online.de\/region\/roedermark\/wird-die-musikschule-zu-einer-elitaeren-einrichtung-94468652.html\" target=\"_blank\"><img decoding=\"async\" src=\"https:\/\/www.op-online.de\/assets\/images\/43\/909\/43909372-musikschulleiter-michael-kaufmann-und-vereinsvorstand-reinhard-betz-in-der-kulturhalle-ober-roden-2mqRp3IaVtef.jpg\" style=\"align:left !important; float:left !important; margin-top:4px !important; margin-right:8px !important; margin-bottom:4px !important; width:90px !important;\" \/><\/a>    R&ouml;dermark will den Vertrag mit der Musikschule k&uuml;ndigen. Um den Wegfall des Zuschusses aufzufangen, m&uuml;ssten die Geb&uuml;hren j&auml;hrlich erheblich steigen.<br clear=\"all\" \/>   <\/p>\n   <div><span class=\"my_article_details\"><time datetime=\"2026-09-01\">01.09.2026<\/time> &middot; <\/span><a href=\"https:\/\/www.op-online.de\/region\/roedermark\/wird-die-musikschule-zu-einer-elitaeren-einrichtung-94468652.html\" title=\"Link zum Artikel auf op-online.de\" target=\"_blank\">op-online.de<\/a><\/div>\n  <\/div>\n <\/article>\n <\/div>\n <div class=\"post\" style=\"margin-bottom:40px;\">\n <article>\n  <h3><a name=\"f82bf6b1\" href=\"https:\/\/www.op-online.de\/region\/mainhausen\/gruene-fordern-hitzeschutzplan-spd-sieht-gemeinde-nicht-ueberall-zustaendig-94468434.html\" style=\"color:#333333;\" target=\"_blank\">Gr\u00fcne fordern Hitzeschutzplan \u2013 SPD sieht Gemeinde nicht \u00fcberall zust\u00e4ndig<\/a><\/h3>\n  <div class=\"entry\">\n   <p style=\"margin-bottom:4px;\">\n   <a href=\"https:\/\/www.op-online.de\/region\/mainhausen\/gruene-fordern-hitzeschutzplan-spd-sieht-gemeinde-nicht-ueberall-zustaendig-94468434.html\" target=\"_blank\"><img decoding=\"async\" src=\"https:\/\/www.op-online.de\/assets\/images\/39\/819\/39819253-bno240925trinkbrunnen-2ys4doBAeDef.jpg\" style=\"align:left !important; float:left !important; margin-top:4px !important; margin-right:8px !important; margin-bottom:4px !important; width:90px !important;\" \/><\/a>    Die Gr&uuml;nen wollen Mainhausen mit einem Hitzeschutzplan widerstandsf&auml;higer machen. Auf SPD-Initiative wurde der Antrag aber erst einmal in den Ausschuss verwiesen.<br clear=\"all\" \/>   <\/p>\n   <div><span class=\"my_article_details\"><time datetime=\"2026-09-01\">01.09.2026<\/time> &middot; <\/span><a href=\"https:\/\/www.op-online.de\/region\/mainhausen\/gruene-fordern-hitzeschutzplan-spd-sieht-gemeinde-nicht-ueberall-zustaendig-94468434.html\" title=\"Link zum Artikel auf op-online.de\" target=\"_blank\">op-online.de<\/a><\/div>\n  <\/div>\n <\/article>\n <\/div>\n <div class=\"post\" style=\"margin-bottom:40px;\">\n <article>\n  <h3><a name=\"70902007\" href=\"https:\/\/www.op-online.de\/offenbach\/was-wird-bund-offenbacher-kuenstler-zeigt-positionen-zur-zukunft-94468187.html\" style=\"color:#333333;\" target=\"_blank\">\u201eWas wird?\u201c \u2013 Bund Offenbacher K\u00fcnstler zeigt acht Positionen zum Thema Zukunft<\/a><\/h3>\n  <div class=\"entry\">\n   <p style=\"margin-bottom:4px;\">\n   <a href=\"https:\/\/www.op-online.de\/offenbach\/was-wird-bund-offenbacher-kuenstler-zeigt-positionen-zur-zukunft-94468187.html\" target=\"_blank\"><img decoding=\"async\" src=\"https:\/\/www.op-online.de\/assets\/images\/43\/883\/43883439-in-interaktion-mit-der-zeitentu-von-hyeongyoung-lee-3ref.jpg\" style=\"align:left !important; float:left !important; margin-top:4px !important; margin-right:8px !important; margin-bottom:4px !important; width:90px !important;\" \/><\/a>    Die dritte Ausstellung zum 100-j&auml;hrigen Bestehen des BOK ist er&ouml;ffnet. Aus 80 Bewerbungen w&auml;hlte eine sechsk&ouml;pfige Jury acht k&uuml;nstlerische Arbeiten aus.<br clear=\"all\" \/>   <\/p>\n   <div><span class=\"my_article_details\"><time datetime=\"2026-09-01\">01.09.2026<\/time> &middot; <\/span><a href=\"https:\/\/www.op-online.de\/offenbach\/was-wird-bund-offenbacher-kuenstler-zeigt-positionen-zur-zukunft-94468187.html\" title=\"Link zum Artikel auf op-online.de\" target=\"_blank\">op-online.de<\/a><\/div>\n  <\/div>\n <\/article>\n <\/div>\n <div class=\"post\" style=\"margin-bottom:40px;\">\n <article>\n  <h3><a name=\"e1dd36b7\" href=\"https:\/\/www.rheinmainverlag.de\/2026\/08\/31\/zuegige-festnahme-in-offenbach-tatverdaechtiger-nach-mutmasslichem-schweren-raub-in-u-haft\/\" style=\"color:#333333;\" target=\"_blank\">Z\u00fcgige Festnahme in Offenbach: Tatverd\u00e4chtiger nach mutma\u00dflichem schweren Raub in U-Haft<\/a><\/h3>\n  <div class=\"entry\">\n   <p style=\"margin-bottom:4px;\">\n   <a href=\"https:\/\/www.rheinmainverlag.de\/2026\/08\/31\/zuegige-festnahme-in-offenbach-tatverdaechtiger-nach-mutmasslichem-schweren-raub-in-u-haft\/\" target=\"_blank\"><img decoding=\"async\" src=\"\/feeds\/gfx\/rheinmainverlag.de.png\" style=\"align:left !important; float:left !important; margin-top:4px !important; margin-right:8px !important; margin-bottom:4px !important; width:90px !important;\" \/><\/a>    Polizeibeamte in Offenbach nahmen am sp&auml;ten Samstagabend einen 24 Jahre alten Verd&auml;chtigen im Rahmen der Fahndung vorl&auml;ufig fest. Dieser soll gegen 23.30 Uhr mit zwei bis dato Unbekannten in eine Wohnung in der Sprendlinger Landstra&szlig;e (70er-Hausnummern) eingedrungen ...<br clear=\"all\" \/>   <\/p>\n   <div><span class=\"my_article_details\"><time datetime=\"2026-08-31\">31.08.2026<\/time> &middot; <\/span><a href=\"https:\/\/www.rheinmainverlag.de\/2026\/08\/31\/zuegige-festnahme-in-offenbach-tatverdaechtiger-nach-mutmasslichem-schweren-raub-in-u-haft\/\" title=\"Link zum Artikel auf rheinmainverlag.de\" target=\"_blank\">rheinmainverlag.de<\/a><\/div>\n  <\/div>\n <\/article>\n <\/div>\n <div class=\"post\" style=\"margin-bottom:40px;\">\n <article>\n  <h3><a name=\"478ff457\" href=\"https:\/\/www.op-online.de\/offenbach\/leben-in-offenbach-wird-immer-teurer-doch-in-manchen-bereichen-koennen-sie-sparen-94467650.html\" style=\"color:#333333;\" target=\"_blank\">Leben in Offenbach wird immer teurer \u2013 doch in manchen Bereichen k\u00f6nnen Sie sparen<\/a><\/h3>\n  <div class=\"entry\">\n   <p style=\"margin-bottom:4px;\">\n   <a href=\"https:\/\/www.op-online.de\/offenbach\/leben-in-offenbach-wird-immer-teurer-doch-in-manchen-bereichen-koennen-sie-sparen-94467650.html\" target=\"_blank\"><img decoding=\"async\" src=\"https:\/\/www.op-online.de\/assets\/images\/43\/911\/43911347-spritpreise-23ef.jpg\" style=\"align:left !important; float:left !important; margin-top:4px !important; margin-right:8px !important; margin-bottom:4px !important; width:90px !important;\" \/><\/a>    In Hessen ist die Inflation im August auf 3,0 Prozent gestiegen. Vor allem h&ouml;here Kosten f&uuml;r Kraftstoffe und Heiz&ouml;l treiben die Preise. Bei Lebensmitteln f&auml;llt der Anstieg deutlich schw&auml;cher aus.<br clear=\"all\" \/>   <\/p>\n   <div><span class=\"my_article_details\"><time datetime=\"2026-08-31\">31.08.2026<\/time> &middot; <\/span><a href=\"https:\/\/www.op-online.de\/offenbach\/leben-in-offenbach-wird-immer-teurer-doch-in-manchen-bereichen-koennen-sie-sparen-94467650.html\" title=\"Link zum Artikel auf op-online.de\" target=\"_blank\">op-online.de<\/a><\/div>\n  <\/div>\n <\/article>\n <\/div>\n <div class=\"post\" style=\"margin-bottom:40px;\">\n <article>\n  <h3><a name=\"14267b29\" href=\"https:\/\/www.adfc-seligenstadt.de\/cms_select.php?ID=1512\" style=\"color:#333333;\" target=\"_blank\">Radfahren: Feierabendtour - zum Feuerabend mit Grillen<\/a><\/h3>\n  <div class=\"entry\">\n   <p style=\"margin-bottom:4px;\">\n   <a href=\"https:\/\/www.adfc-seligenstadt.de\/cms_select.php?ID=1512\" target=\"_blank\"><img decoding=\"async\" src=\"\/feeds\/gfx\/adfc-seligenstadt.de.gif\" style=\"align:left !important; float:left !important; margin-top:4px !important; margin-right:8px !important; margin-bottom:4px !important; width:90px !important;\" \/><\/a>    Der ADFC Dietzenbach feiert wieder seinen Feuerabend bei Hundeverein in R&ouml;dermark-Waldacker am Euler Weg. Das Grillen startet um 19 Uhr und klingt, wenn es die Witterung zul&auml;sst, am Lagerfeuer aus.&ensp; mehr zum Thema &raquo;<br clear=\"all\" \/>   <\/p>\n   <div><span class=\"my_article_details\"><time datetime=\"2026-08-31\">31.08.2026<\/time> &middot; <\/span><a href=\"https:\/\/www.adfc-seligenstadt.de\/cms_select.php?ID=1512\" title=\"Link zum Artikel auf adfc-seligenstadt.de\" target=\"_blank\">adfc-seligenstadt.de<\/a><\/div>\n  <\/div>\n <\/article>\n <\/div>\n <div class=\"post\" style=\"margin-bottom:40px;\">\n <article>\n  <h3><a name=\"628016cc\" href=\"https:\/\/www.dietzenbach.de\/Stadt-Rathaus\/Stadt\/Aktuelles\/Informationsreihe-zum-Thema-Demenz-startet-am-10-September.php?ModID=255&FID=3651.29586.1\" style=\"color:#333333;\" target=\"_blank\">Dietzenbach: Informationsreihe zum Thema Demenz startet am 10. September<\/a><\/h3>\n  <div class=\"entry\">\n   <p style=\"margin-bottom:4px;\">\n   <a href=\"https:\/\/www.dietzenbach.de\/Stadt-Rathaus\/Stadt\/Aktuelles\/Informationsreihe-zum-Thema-Demenz-startet-am-10-September.php?ModID=255&FID=3651.29586.1\" target=\"_blank\"><img decoding=\"async\" src=\"\/feeds\/gfx\/dietzenbach.de.png\" style=\"align:left !important; float:left !important; margin-top:4px !important; margin-right:8px !important; margin-bottom:4px !important; width:90px !important;\" \/><\/a>    Seniorenarbeit mit Schwerpunkt 2026: Mehr Verst&auml;ndnis bei Demenz Demenz ist eine Erkrankung, die viele Menschen betrifft &ndash; direkt oder indirekt. Mit dem Jahresthema &bdquo;Demenz verstehen &ndash; informieren, begleiten, unterst&uuml;tzen&ldquo; b&uuml;ndeln ...<br clear=\"all\" \/>   <\/p>\n   <div><span class=\"my_article_details\"><time datetime=\"2026-08-31\">31.08.2026<\/time> &middot; <\/span><a href=\"https:\/\/www.dietzenbach.de\/Stadt-Rathaus\/Stadt\/Aktuelles\/Informationsreihe-zum-Thema-Demenz-startet-am-10-September.php?ModID=255&FID=3651.29586.1\" title=\"Link zum Artikel auf dietzenbach.de\" target=\"_blank\">dietzenbach.de<\/a><\/div>\n  <\/div>\n <\/article>\n <\/div>\n <div class=\"post\" style=\"margin-bottom:40px;\">\n <article>\n  <h3><a name=\"6c562bd0\" href=\"https:\/\/gruene-offenbach.de\/2026\/08\/31\/hfg-neubau-gruene-fordern-einsatz-der-offenbacher-landespolitikerinnen\/\" style=\"color:#333333;\" target=\"_blank\">HfG-Neubau: Gr\u00fcne fordern Einsatz der Offenbacher Landespolitiker*innen<\/a><\/h3>\n  <div class=\"entry\">\n   <p style=\"margin-bottom:4px;\">\n   <a href=\"https:\/\/gruene-offenbach.de\/2026\/08\/31\/hfg-neubau-gruene-fordern-einsatz-der-offenbacher-landespolitikerinnen\/\" target=\"_blank\"><img decoding=\"async\" src=\"\/feeds\/gfx\/gruene-offenbach.de.png\" style=\"align:left !important; float:left !important; margin-top:4px !important; margin-right:8px !important; margin-bottom:4px !important; width:90px !important;\" \/><\/a>    Die Bef&uuml;rchtungen der Offenbacher Gr&uuml;nen haben sich best&auml;tigt: Die Hessische Landesregierung streckt die vorgesehenen Mittel f&uuml;r Hochschulinvestitionen von urspr&uuml;nglich f&uuml;nf auf zehn Jahre. Besonders brisant ist die Entwicklung f&uuml;r den Neubau der Hochschule ...<br clear=\"all\" \/>   <\/p>\n   <div><span class=\"my_article_details\"><time datetime=\"2026-08-31\">31.08.2026<\/time> &middot; <\/span><a href=\"https:\/\/gruene-offenbach.de\/2026\/08\/31\/hfg-neubau-gruene-fordern-einsatz-der-offenbacher-landespolitikerinnen\/\" title=\"Link zum Artikel auf gruene-offenbach.de\" target=\"_blank\">gruene-offenbach.de<\/a><\/div>\n  <\/div>\n <\/article>\n <\/div>\n <div class=\"post\" style=\"margin-bottom:40px;\">\n <article>\n  <h3><a name=\"f7c02ed6\" href=\"https:\/\/www.op-online.de\/region\/egelsbach\/raus-ausm-keller-festival-mit-van-holzen-bosca-und-wstr-94468250.html\" style=\"color:#333333;\" target=\"_blank\">\u201eRaus ausm Keller\u201c-Festival mit Van Holzen, Bosca und WSTR<\/a><\/h3>\n  <div class=\"entry\">\n   <p style=\"margin-bottom:4px;\">\n   <a href=\"https:\/\/www.op-online.de\/region\/egelsbach\/raus-ausm-keller-festival-mit-van-holzen-bosca-und-wstr-94468250.html\" target=\"_blank\"><img decoding=\"async\" src=\"https:\/\/www.op-online.de\/assets\/images\/43\/920\/43920290-van-holzen-2Y92N1ZrUDef.jpg\" style=\"align:left !important; float:left !important; margin-top:4px !important; margin-right:8px !important; margin-bottom:4px !important; width:90px !important;\" \/><\/a>    Am 5. September steigt die elfte Auflage des Konzertereignisses auf der Egelsbacher B&uuml;rgerhauswiese. Neben den Headlinern treten auch die \u201eElschb&auml;cher Goldkehlchen&quot; auf \u2013 ein M&auml;nnerchor der Kerbgemeinschaft.<br clear=\"all\" \/>   <\/p>\n   <div><span class=\"my_article_details\"><time datetime=\"2026-08-31\">31.08.2026<\/time> &middot; <\/span><a href=\"https:\/\/www.op-online.de\/region\/egelsbach\/raus-ausm-keller-festival-mit-van-holzen-bosca-und-wstr-94468250.html\" title=\"Link zum Artikel auf op-online.de\" target=\"_blank\">op-online.de<\/a><\/div>\n  <\/div>\n <\/article>\n <\/div>\n <b>Mehr <a href=\"\/news\/offenbach-nachrichten\" title=\"Offenbach Nachrichten\">Offenbach-Nachrichten<\/a> ...<\/b>\n<\/div>\n<br \/>\n\n<div style=\"background-color:#efffef; margin-top:15px; margin-bottom:15px; padding:10px; text-align:left; word-wrap:break-word;\">\n<h2 style=\"margin:0px; margin-bottom:20px;\">Aktuelle Polizeimeldungen aus M\u00fchlheims Umgebung<\/h2>\n <div class=\"post\" style=\"margin-bottom:40px;\">\n <article>\n  <h3><a href=\"https:\/\/www.presseportal.de\/blaulicht\/pm\/43561\/6343509\" style=\"color:#000000; font-weight:bold;\" target=\"_blank\">Polizei Offenbach am Main: Pressemeldungen vom 01.09.2026<\/a><\/h3>\n  <div class=\"entry\">\n   <p style=\"margin-bottom:4px;\">   <a name=\"e256ef85\" href=\"https:\/\/www.presseportal.de\/blaulicht\/pm\/43561\/6343509\" target=\"_blank\"><img decoding=\"async\" src=\"\/feeds\/gfx\/POL-OF.jpg\" style=\"align:left !important; float:left !important; margin-top:4px !important; margin-right:8px !important; margin-bottom:4px !important; width:90px !important;\" \/><\/a>    ... <b>1. Wei\u00dfer Mercedes soll rueckw\u00e4rtigen Verkehr ausgebremst haben: Zeugen bitte melden! - Autobahn 3 \/ Rodgau<\/b>   (cb) Die Beamten der Polizeiautobahnstation S\u00fcdosthessen suchen nach einer Verkehrsunfallflucht, die sich am Samstagnachmittag auf der Autobahn 3 im Bereich der Anschlussstelle Hanau ereignet haben soll, Zeugen. Nach dem bisherigen Ermittlungsstand befuhr ...<br clear=\"all\" \/><\/p><p style=\"margin-top:8px; margin-bottom:4px;\"><a href=\"https:\/\/www.presseportal.de\/blaulicht\/pm\/43561\/6343509\" target=\"_blank\"><img decoding=\"async\" src=\"\/feeds\/gfx\/POL-OF.jpg\" style=\"align:left !important; float:left !important; margin-top:4px !important; margin-right:8px !important; margin-bottom:4px !important; width:90px !important;\" \/><\/a> ... <b>2. Ausbildungskontrolle auf der Bundesstra\u00dfe 448: Dacia-Fahrerin deutlich zu schnell unterwegs - <a href=\"\/news\/offenbach-polizeimeldungen\" title=\"Polizeieins\u00e4tze Offenbach\">Offenbach<\/a><\/b>   (fg) Am Montag f\u00fchrten Beamtinnen und Beamten des Sachgebiets Verkehrs\u00fcberwachung \/ Verkehrselektronik gemeinsam mit Polizeianw\u00e4rterinnen und Polizeianw\u00e4rtern im Rahmen einer Ausbildungskontrolle eine Geschwindigkeitsmessung am Ausbauende der Bundesstra\u00dfe ...<br clear=\"all\" \/><\/p><p style=\"margin-top:8px; margin-bottom:4px;\"><a href=\"https:\/\/www.presseportal.de\/blaulicht\/pm\/43561\/6343509\" target=\"_blank\"><img decoding=\"async\" src=\"\/feeds\/gfx\/POL-OF.jpg\" style=\"align:left !important; float:left !important; margin-top:4px !important; margin-right:8px !important; margin-bottom:4px !important; width:90px !important;\" \/><\/a> ... <b>3. Unfallzeugen bitte melden - <a href=\"\/news\/dietzenbach-polizeimeldungen\" title=\"Polizeieins\u00e4tze Dietzenbach\">Dietzenbach<\/a><\/b>   (cb) Kratzer und Dellen mit einer Schadensh\u00f6he von etwa 2.000 Euro weist seit kurzem ein VW auf. Der Wagen mit F-Kennzeichen war zwischen Sonntag, 20 Uhr und Montag, 7.30 Uhr, am Fahrbahnrand der Stra\u00dfe \"Kind\u00e4cker Weg\" (einstellige Hausnummern) abgestellt. ...<br clear=\"all\" \/><\/p><p style=\"margin-top:8px; margin-bottom:4px;\"><a href=\"https:\/\/www.presseportal.de\/blaulicht\/pm\/43561\/6343509\" target=\"_blank\"><img decoding=\"async\" src=\"\/feeds\/gfx\/POL-OF.jpg\" style=\"align:left !important; float:left !important; margin-top:4px !important; margin-right:8px !important; margin-bottom:4px !important; width:90px !important;\" \/><\/a> ... <b>4. Eingangstuer und Automaten aufgehebelt: Zeugensuche! - <a href=\"\/news\/dietzenbach-polizeimeldungen\" title=\"Polizeieins\u00e4tze Dietzenbach\">Dietzenbach<\/a><\/b>   (fg) Wer am Montagmorgen, gegen 4.50 Uhr, im Bereich einer Spielhalle in der Paul-Ehrlich-Stra\u00dfe (einstellige Hausnummern) unterwegs war, k\u00f6nnte wichtige Beobachtungen gemacht haben. Denn die Polizei ermittelt nach einem Einbruch und hofft dabei auf Hinweise ...<br clear=\"all\" \/><\/p><p style=\"margin-top:8px; margin-bottom:4px;\"><a href=\"https:\/\/www.presseportal.de\/blaulicht\/pm\/43561\/6343509\" target=\"_blank\"><img decoding=\"async\" src=\"\/feeds\/gfx\/POL-OF.jpg\" style=\"align:left !important; float:left !important; margin-top:4px !important; margin-right:8px !important; margin-bottom:4px !important; width:90px !important;\" \/><\/a> ... <b>5. Fassade und Fenster durch unbekannten Wagenlenker besch\u00e4digt: Wer hat den Unfall beobachtet? - <a href=\"\/news\/langen-polizeimeldungen\" title=\"Polizeieins\u00e4tze Langen\">Langen<\/a><\/b>   (me) In der Bahnstra\u00dfe (40er-Hausnummern) auf dem Parkplatz einer dortigen Schule kam es zwischen Montag, 22 Uhr und Dienstag, 8 Uhr, zu einer Verkehrsunfallflucht, bei welcher ein Verkehrsteilnehmer einen Schaden von \u00fcber tausend Euro anrichtete. Mutma\u00dflich ...<br clear=\"all\" \/><\/p><p style=\"margin-top:8px; margin-bottom:4px;\"><a href=\"https:\/\/www.presseportal.de\/blaulicht\/pm\/43561\/6343509\" target=\"_blank\"><img decoding=\"async\" src=\"\/feeds\/gfx\/POL-OF.jpg\" style=\"align:left !important; float:left !important; margin-top:4px !important; margin-right:8px !important; margin-bottom:4px !important; width:90px !important;\" \/><\/a> ... <b>7. Fenster von Schule besch\u00e4digt: Polizei ermittelt und bittet um Hinweise - <a href=\"\/news\/seligenstadt-polizeimeldungen\" title=\"Polizeieins\u00e4tze Seligenstadt\">Seligenstadt<\/a><\/b>   (me) Wegen des Verdachts der Sachbesch\u00e4digung und des Hausfriedensbruchs ermittelt derzeit die Polizei, nachdem sich ein Unbekannter zwischen Freitag, 18 Uhr und Montag, 8.30 Uhr, widerrechtlich auf das Dach einer Schule in der Einhardstra\u00dfe begeben und dort ...<br clear=\"all\" \/><\/p><p style=\"margin-top:8px; margin-bottom:4px;\"><a href=\"https:\/\/www.presseportal.de\/blaulicht\/pm\/43561\/6343509\" target=\"_blank\"><img decoding=\"async\" src=\"\/feeds\/gfx\/POL-OF.jpg\" style=\"align:left !important; float:left !important; margin-top:4px !important; margin-right:8px !important; margin-bottom:4px !important; width:90px !important;\" \/><\/a> ... <b>8. 32-J\u00e4hrige soll Busfahrer beleidigt haben: Ermittlungen eingeleitet - <a href=\"\/news\/seligenstadt-polizeimeldungen\" title=\"Polizeieins\u00e4tze Seligenstadt\">Seligenstadt<\/a><\/b>   (cb) Noch unklar sind die Hintergr\u00fcnde eines Vorfalls, der sich am Montagnachmittag in der Linie 86 am Seligenst\u00e4dter Bahnhof ereignet hat. Die Polizei hat Ermittlungen gegen eine 32-J\u00e4hrige eingeleitet, die den Busfahrer mehrfach in ausl\u00e4ndischer Sprache ...<br clear=\"all\" \/>   <\/p>\n   <div><span class=\"my_article_details\"><time datetime=\"2026-09-01\">01.09.2026<\/time> &middot; <\/span><a href=\"https:\/\/www.presseportal.de\/blaulicht\/pm\/43561\/6343509\" title=\"Link zum Artikel auf presseportal.de\" target=\"_blank\">presseportal.de<\/a><\/div>\n  <\/div>\n <\/article>\n <\/div>\n <div class=\"post\" style=\"margin-bottom:40px;\">\n <article>\n  <h3><a href=\"https:\/\/www.presseportal.de\/blaulicht\/pm\/43561\/6342886\" style=\"color:#000000; font-weight:bold;\" target=\"_blank\">Polizei Offenbach am Main: Pressemeldungen vom 31.08.2026<\/a><\/h3>\n  <div class=\"entry\">\n   <p style=\"margin-bottom:4px;\">   <a name=\"22c8a8db\" href=\"https:\/\/www.presseportal.de\/blaulicht\/pm\/43561\/6342886\" target=\"_blank\"><img decoding=\"async\" src=\"\/feeds\/gfx\/POL-OF.jpg\" style=\"align:left !important; float:left !important; margin-top:4px !important; margin-right:8px !important; margin-bottom:4px !important; width:90px !important;\" \/><\/a>    ... <b>1. Schnelle Festnahme eines 41-J\u00e4hrigen - <a href=\"\/news\/offenbach-polizeimeldungen\" title=\"Polizeieins\u00e4tze Offenbach\">Offenbach<\/a><\/b>   (me) Er soll einer Fu\u00dfg\u00e4ngerin am Sonntagmorgen beim Vorbeilaufen an ihr Ges\u00e4\u00df gefasst haben: So die Vorw\u00fcrfe gegen einen 31 Jahre alten Mann, den Beamte aus Offenbach z\u00fcgig vorl\u00e4ufig festnahmen. Gegen den 31-J\u00e4hrigen wird nun wegen des Verdachts der sexuellen ...<br clear=\"all\" \/><\/p><p style=\"margin-top:8px; margin-bottom:4px;\"><a href=\"https:\/\/www.presseportal.de\/blaulicht\/pm\/43561\/6342886\" target=\"_blank\"><img decoding=\"async\" src=\"\/feeds\/gfx\/POL-OF.jpg\" style=\"align:left !important; float:left !important; margin-top:4px !important; margin-right:8px !important; margin-bottom:4px !important; width:90px !important;\" \/><\/a> ... <b>2. Einbrecher erbeuteten Tresor: Wer hat etwas gesehen? - <a href=\"\/news\/dietzenbach-polizeimeldungen\" title=\"Polizeieins\u00e4tze Dietzenbach\">Dietzenbach<\/a><\/b>   (fg) Einbrecher waren am Sonntagmorgen in einer Gastst\u00e4tte in der Offenbacher Stra\u00dfe (10er-Hausnummern) zugange und entwendeten einen Tresor. Die Kriminalpolizei hat die Ermittlungen \u00fcbernommen und sucht nun nach Zeugen. Zwischen Mitternacht und 5 Uhr verschafften ...<br clear=\"all\" \/><\/p><p style=\"margin-top:8px; margin-bottom:4px;\"><a href=\"https:\/\/www.presseportal.de\/blaulicht\/pm\/43561\/6342886\" target=\"_blank\"><img decoding=\"async\" src=\"\/feeds\/gfx\/POL-OF.jpg\" style=\"align:left !important; float:left !important; margin-top:4px !important; margin-right:8px !important; margin-bottom:4px !important; width:90px !important;\" \/><\/a> ... <b>3. 24-J\u00e4hriger soll mehrfach Hitlergru\u00df gezeigt haben: Ermittlungen eingeleitet - <a href=\"\/news\/neu-isenburg-polizeimeldungen\" title=\"Polizeieins\u00e4tze Neu-Isenburg\">Neu-Isenburg<\/a><\/b>   (cb) Nachdem ein 25 Jahre alter Mann aus Offenbach am Samstag mehrfach den Hitlergru\u00df gezeigt haben soll, haben die Beamten der Staatsschutzabteilung die Ermittlungen wegen des Verdachts des Verwendens von Kennzeichen verfassungswidriger Organisationen eingeleitet. ...<br clear=\"all\" \/><\/p><p style=\"margin-top:8px; margin-bottom:4px;\"><a href=\"https:\/\/www.presseportal.de\/blaulicht\/pm\/43561\/6342886\" target=\"_blank\"><img decoding=\"async\" src=\"\/feeds\/gfx\/POL-OF.jpg\" style=\"align:left !important; float:left !important; margin-top:4px !important; margin-right:8px !important; margin-bottom:4px !important; width:90px !important;\" \/><\/a> ... <b>4. Mercedes Vito zerkratzt: Zeugensuche! - <a href=\"\/news\/dreieich-polizeimeldungen\" title=\"Polizeieins\u00e4tze Dreieich\">Dreieich<\/a><\/b>   (fg) Unbekannte haben zwischen Freitagabend, 19.30 Uhr und Samstagnachmittag, 16 Uhr, einen in der Stra\u00dfe \"Im Weibelfeld\" (einstellige Hausnummern) in Sprendlingen abgestellten Mercedes Vito zerkratzt und hierdurch einen Schaden von mehreren tausend Euro ...<br clear=\"all\" \/><\/p><p style=\"margin-top:8px; margin-bottom:4px;\"><a href=\"https:\/\/www.presseportal.de\/blaulicht\/pm\/43561\/6342886\" target=\"_blank\"><img decoding=\"async\" src=\"\/feeds\/gfx\/POL-OF.jpg\" style=\"align:left !important; float:left !important; margin-top:4px !important; margin-right:8px !important; margin-bottom:4px !important; width:90px !important;\" \/><\/a> ... <b>5. VW Sharan besch\u00e4digt: Wer sah die Unfallflucht? - <a href=\"\/news\/roedermark-polizeimeldungen\" title=\"Polizeieins\u00e4tze R\u00f6dermark\">R\u00f6dermark<\/a><\/b>   (fg) Nach einer Verkehrsunfallflucht im Bereich der Stra\u00dfen \"Auf d. Tiefen Wiese\" \/ Feldstra\u00dfe, bei der ein Schaden von rund 6.000 Euro entstand, ermittelt die Polizei und sucht nach Zeugen. Nach bisherigen Erkenntnissen d\u00fcrfte sich die Tat am Sonntagmorgen, ...<br clear=\"all\" \/><\/p><p style=\"margin-top:8px; margin-bottom:4px;\"><a href=\"https:\/\/www.presseportal.de\/blaulicht\/pm\/43561\/6342886\" target=\"_blank\"><img decoding=\"async\" src=\"\/feeds\/gfx\/POL-OF.jpg\" style=\"align:left !important; float:left !important; margin-top:4px !important; margin-right:8px !important; margin-bottom:4px !important; width:90px !important;\" \/><\/a> ... <b>6. Zeugensuche: Hakenkreuze und Symbole im Treppenhaus - <a href=\"\/news\/langen-polizeimeldungen\" title=\"Polizeieins\u00e4tze Langen\">Langen<\/a><\/b>   (cb) Die Beamten der Staatsschutzabteilung suchen Zeugen einer Tat, welche sich zwischen Samstag, 13 Uhr und Sonntag, 12 Uhr, ereignete. Demnach haben bis dato Unbekannte mehrere Hakenkreuze und rassistische Symbole in das Treppenhaus eines Hochhauses in ...<br clear=\"all\" \/><\/p><p style=\"margin-top:8px; margin-bottom:4px;\"><a href=\"https:\/\/www.presseportal.de\/blaulicht\/pm\/43561\/6342886\" target=\"_blank\"><img decoding=\"async\" src=\"\/feeds\/gfx\/POL-OF.jpg\" style=\"align:left !important; float:left !important; margin-top:4px !important; margin-right:8px !important; margin-bottom:4px !important; width:90px !important;\" \/><\/a> ... <b>7. Gauner machte sich an Zweir\u00e4dern zu schaffen: Polizei bittet um Hinweise - <a href=\"\/news\/langen-polizeimeldungen\" title=\"Polizeieins\u00e4tze Langen\">Langen<\/a><\/b>   (me) Nachdem ein Unbekannter sich mutma\u00dflich \u00fcber das Wochenende an mehreren, in einer Tiefgarage stehenden Zweir\u00e4dern zu schaffen gemacht und eines von ihnen entwendet hatte, ermittelt die Polizei und bittet in diesem Zusammenhang um Hinweise. Neben einer ...<br clear=\"all\" \/><\/p><p style=\"margin-top:8px; margin-bottom:4px;\"><a href=\"https:\/\/www.presseportal.de\/blaulicht\/pm\/43561\/6342886\" target=\"_blank\"><img decoding=\"async\" src=\"\/feeds\/gfx\/POL-OF.jpg\" style=\"align:left !important; float:left !important; margin-top:4px !important; margin-right:8px !important; margin-bottom:4px !important; width:90px !important;\" \/><\/a> ... <b>8. Bargeld und Schmuck aus Wohnung geklaut: Polizei sucht Dieb mit Personenbeschreibung - <a href=\"\/news\/langen-polizeimeldungen\" title=\"Polizeieins\u00e4tze Langen\">Langen<\/a><\/b>   (me) In einem Mehrfamilienhaus in der Stra\u00dfe \"Im Singes\" in den dortigen einstelligen Hausnummern kam es am Freitag, gegen 20.45 Uhr, zu einem Diebstahl von Bargeld und Schmuck. Nach dem bisherigen Stand der Ermittlungen verschaffte sich ein etwa 30 Jahre ...<br clear=\"all\" \/><\/p><p style=\"margin-top:8px; margin-bottom:4px;\"><a href=\"https:\/\/www.presseportal.de\/blaulicht\/pm\/43561\/6342886\" target=\"_blank\"><img decoding=\"async\" src=\"\/feeds\/gfx\/POL-OF.jpg\" style=\"align:left !important; float:left !important; margin-top:4px !important; margin-right:8px !important; margin-bottom:4px !important; width:90px !important;\" \/><\/a> ... <b>9. Motorrad bei Diebstahlversuch besch\u00e4digt und zurueckgelassen - <a href=\"\/news\/hainburg-polizeimeldungen\" title=\"Polizeieins\u00e4tze Hainburg\">Hainburg<\/a><\/b>   (me) Ein bislang noch unbekanntes Gauner-Duo musste am fr\u00fchen Montagmorgen das Objekt ihrer Begierde zur\u00fccklassen. Nach den bisherigen Erkenntnissen machten sich die beiden gegen 1 Uhr an einem in der Ludwig-Erhard-Stra\u00dfe abgestellten Zweirad zu schaffen. ...<br clear=\"all\" \/><\/p><p style=\"margin-top:8px; margin-bottom:4px;\"><a href=\"https:\/\/www.presseportal.de\/blaulicht\/pm\/43561\/6342886\" target=\"_blank\"><img decoding=\"async\" src=\"\/feeds\/gfx\/POL-OF.jpg\" style=\"align:left !important; float:left !important; margin-top:4px !important; margin-right:8px !important; margin-bottom:4px !important; width:90px !important;\" \/><\/a> ... <b>10. Mercedes beim Ein- oder Ausparken besch\u00e4digt: Polizei sucht nach Zeugen - <a href=\"\/news\/seligenstadt-polizeimeldungen\" title=\"Polizeieins\u00e4tze Seligenstadt\">Seligenstadt<\/a><\/b>   (me) Die Beamten aus der Giselastra\u00dfe suchen nach einer Verkehrsunfallflucht vom Dienstag (25. August) weiterhin nach Zeugen des Zusammensto\u00dfes. Zwischen 7.30 Uhr und 16.50 Uhr fuhr der Unbekannte mit seinem Wagen, mutma\u00dflich beim Ein- oder Ausparken, gegen ...<br clear=\"all\" \/>   <\/p>\n   <div><span class=\"my_article_details\"><time datetime=\"2026-08-31\">31.08.2026<\/time> &middot; <\/span><a href=\"https:\/\/www.presseportal.de\/blaulicht\/pm\/43561\/6342886\" title=\"Link zum Artikel auf presseportal.de\" target=\"_blank\">presseportal.de<\/a><\/div>\n  <\/div>\n <\/article>\n <\/div>\n <div class=\"post\" style=\"margin-bottom:40px;\">\n <article>\n  <h3><a href=\"https:\/\/www.presseportal.de\/blaulicht\/pm\/43561\/6341976\" style=\"color:#000000; font-weight:bold;\" target=\"_blank\">Polizei Offenbach am Main: Pressemeldungen vom 29.08.2026<\/a><\/h3>\n  <div class=\"entry\">\n   <p style=\"margin-bottom:4px;\">   <a name=\"08b3235c\" href=\"https:\/\/www.presseportal.de\/blaulicht\/pm\/43561\/6341976\" target=\"_blank\"><img decoding=\"async\" src=\"\/feeds\/gfx\/POL-OF.jpg\" style=\"align:left !important; float:left !important; margin-top:4px !important; margin-right:8px !important; margin-bottom:4px !important; width:90px !important;\" \/><\/a>    ... <b>Wer hat das Fahrverhalten des Fiats beobachtet und wurde       m\u00f6glicherweise gef\u00e4hrdet?     - Wer hat im Bereich des Autobahnkreuzes Bad Homburg<\/b>      m\u00f6glicherweise das  ...<br clear=\"all\" \/>   <\/p>\n   <div><span class=\"my_article_details\"><time datetime=\"2026-08-29\">29.08.2026<\/time> &middot; <\/span><a href=\"https:\/\/www.presseportal.de\/blaulicht\/pm\/43561\/6341976\" title=\"Link zum Artikel auf presseportal.de\" target=\"_blank\">presseportal.de<\/a><\/div>\n  <\/div>\n <\/article>\n <\/div>\n <div class=\"post\" style=\"margin-bottom:40px;\">\n <article>\n  <h3><a href=\"https:\/\/www.presseportal.de\/blaulicht\/pm\/43561\/6341570\" style=\"color:#000000; font-weight:bold;\" target=\"_blank\">Polizei Offenbach am Main: Pressemeldungen vom 28.08.2026<\/a><\/h3>\n  <div class=\"entry\">\n   <p style=\"margin-bottom:4px;\">   <a name=\"dab11ac5\" href=\"https:\/\/www.presseportal.de\/blaulicht\/pm\/43561\/6341570\" target=\"_blank\"><img decoding=\"async\" src=\"\/feeds\/gfx\/POL-OF.jpg\" style=\"align:left !important; float:left !important; margin-top:4px !important; margin-right:8px !important; margin-bottom:4px !important; width:90px !important;\" \/><\/a>    ... <b>1. Zeugensuche nach Koerperverletzung in der Kaiserstra\u00dfe - <a href=\"\/news\/offenbach-polizeimeldungen\" title=\"Polizeieins\u00e4tze Offenbach\">Offenbach<\/a><\/b>   (fg) Die Polizei war am Donnerstagnachmittag, gegen 13.15 Uhr, in der Kaiserstra\u00dfe (50er-Hausnummern) im Einsatz, ermittelt nun wegen des Verdachts der K\u00f6rperverletzung und sucht nach Zeugen. Ein 44-J\u00e4hriger habe das dortige \"Rauchercaf\u00e9\" zun\u00e4chst betreten, ...<br clear=\"all\" \/><\/p><p style=\"margin-top:8px; margin-bottom:4px;\"><a href=\"https:\/\/www.presseportal.de\/blaulicht\/pm\/43561\/6341570\" target=\"_blank\"><img decoding=\"async\" src=\"\/feeds\/gfx\/POL-OF.jpg\" style=\"align:left !important; float:left !important; margin-top:4px !important; margin-right:8px !important; margin-bottom:4px !important; width:90px !important;\" \/><\/a> ... <b>2. Nach mutma\u00dflichem Diebstahl: Verd\u00e4chtige kam aufgrund eines bestehenden Haftbefehls in JVA - <a href=\"\/news\/offenbach-polizeimeldungen\" title=\"Polizeieins\u00e4tze Offenbach\">Offenbach<\/a><\/b>   (fg) Sie soll mit ihrem Begleiter aus einem in der Renovierung befindlichen Geb\u00e4ude in der Dieselstra\u00dfe (30er-Hausnummern) am Donnerstagnachmittag, gegen 13.30 Uhr, einen Kinderwagen und ein Golfschl\u00e4gerset entwendet haben. Anschlie\u00dfend sei das Duo mit der ...<br clear=\"all\" \/><\/p><p style=\"margin-top:8px; margin-bottom:4px;\"><a href=\"https:\/\/www.presseportal.de\/blaulicht\/pm\/43561\/6341570\" target=\"_blank\"><img decoding=\"async\" src=\"\/feeds\/gfx\/POL-OF.jpg\" style=\"align:left !important; float:left !important; margin-top:4px !important; margin-right:8px !important; margin-bottom:4px !important; width:90px !important;\" \/><\/a> ... <b>3. BMW aufgebockt und Komplettr\u00e4der gestohlen: Zeugen gesucht! - <a href=\"\/news\/neu-isenburg-polizeimeldungen\" title=\"Polizeieins\u00e4tze Neu-Isenburg\">Neu-Isenburg<\/a> \/ Frankfurt am Main<\/b>   (cb) Diebe haben am Donnerstag in der Darmst\u00e4dter Landstra\u00dfe (730er-Nummern) einen BMW auf vier Holzbl\u00f6cke aufgebockt und anschlie\u00dfend alle R\u00e4der des wei\u00dfen Wagens abmontiert sowie gestohlen. Die Tat ereignete sich zwischen 12 Uhr und 19 Uhr. Der hierdurch ...<br clear=\"all\" \/><\/p><p style=\"margin-top:8px; margin-bottom:4px;\"><a href=\"https:\/\/www.presseportal.de\/blaulicht\/pm\/43561\/6341570\" target=\"_blank\"><img decoding=\"async\" src=\"\/feeds\/gfx\/POL-OF.jpg\" style=\"align:left !important; float:left !important; margin-top:4px !important; margin-right:8px !important; margin-bottom:4px !important; width:90px !important;\" \/><\/a> ... <b>4. Unbekannte nutzten Gartenstuhl zum Einstieg: Zeugen gesucht! - <a href=\"\/news\/neu-isenburg-polizeimeldungen\" title=\"Polizeieins\u00e4tze Neu-Isenburg\">Neu-Isenburg<\/a><\/b>   (fg) Unter Zuhilfenahme eines Gartenstuhls kletterten zwei Unbekannte am Donnerstagnachmittag, zwischen 15 Uhr und 17 Uhr, in der Waldstra\u00dfe (100er-Hausnummern) in die Wohnung eines dortigen Mehrfamilienhauses. Anschlie\u00dfend durchsuchten die beiden Eindringlinge ...<br clear=\"all\" \/><\/p><p style=\"margin-top:8px; margin-bottom:4px;\"><a href=\"https:\/\/www.presseportal.de\/blaulicht\/pm\/43561\/6341570\" target=\"_blank\"><img decoding=\"async\" src=\"\/feeds\/gfx\/POL-OF.jpg\" style=\"align:left !important; float:left !important; margin-top:4px !important; margin-right:8px !important; margin-bottom:4px !important; width:90px !important;\" \/><\/a> ... <b>5. Einbrecher erbeuteten Tageseinnahmen: Zeugen gesucht! - <a href=\"\/news\/neu-isenburg-polizeimeldungen\" title=\"Polizeieins\u00e4tze Neu-Isenburg\">Neu-Isenburg<\/a><\/b>   (fg) Zwei Unbekannte sind am Donnerstagabend, zwischen 23 Uhr und 23.55 Uhr, in die R\u00e4umlichkeiten einer Gastst\u00e4tte in der Frankfurter Stra\u00dfe (270er-Hausnummern) eingedrungen und entwendeten die Tageseinnahmen. Zuvor hatten sie zwei bodentiefe Terrassent\u00fcren ...<br clear=\"all\" \/><\/p><p style=\"margin-top:8px; margin-bottom:4px;\"><a href=\"https:\/\/www.presseportal.de\/blaulicht\/pm\/43561\/6341570\" target=\"_blank\"><img decoding=\"async\" src=\"\/feeds\/gfx\/POL-OF.jpg\" style=\"align:left !important; float:left !important; margin-top:4px !important; margin-right:8px !important; margin-bottom:4px !important; width:90px !important;\" \/><\/a> ... <b>8. Kupferkabel von Einbrechern mitgenommen: Zeugen gesucht! - <a href=\"\/news\/obertshausen-polizeimeldungen\" title=\"Polizeieins\u00e4tze Obertshausen\">Obertshausen<\/a><\/b>   (cb) Kupferkabel im Wert von knapp 5.000 Euro nahmen Einbrecher mit, nachdem sie in ein Firmengeb\u00e4ude in der Feldstra\u00dfe (10er-Hausnummern) eingedrungen waren. Hierzu hebelten sie zwischen Mittwoch (19. August) und Sonntag die Zugangst\u00fcr auf und begaben sich ...<br clear=\"all\" \/><\/p><p style=\"margin-top:8px; margin-bottom:4px;\"><a href=\"https:\/\/www.presseportal.de\/blaulicht\/pm\/43561\/6341570\" target=\"_blank\"><img decoding=\"async\" src=\"\/feeds\/gfx\/POL-OF.jpg\" style=\"align:left !important; float:left !important; margin-top:4px !important; margin-right:8px !important; margin-bottom:4px !important; width:90px !important;\" \/><\/a> ... <b>9. Ford Transit durch Baum besch\u00e4digt: Hinweise erbeten! - <a href=\"\/news\/rodgau-polizeimeldungen\" title=\"Polizeieins\u00e4tze Rodgau\">Rodgau<\/a><\/b>   (cb) Ein Ford Transit, der am Fahrbahnrand der Odenwaldstra\u00dfe geparkt war, wurde am Donnerstag durch einen umgest\u00fcrzten Baum besch\u00e4digt. Nach dem bisherigen Stand der Ermittlungen streifte ein bislang unbekannter Fahrzeuglenker zwischen 13.30 Uhr und 20.30 ...<br clear=\"all\" \/><\/p><p style=\"margin-top:8px; margin-bottom:4px;\"><a href=\"https:\/\/www.presseportal.de\/blaulicht\/pm\/43561\/6341570\" target=\"_blank\"><img decoding=\"async\" src=\"\/feeds\/gfx\/POL-OF.jpg\" style=\"align:left !important; float:left !important; margin-top:4px !important; margin-right:8px !important; margin-bottom:4px !important; width:90px !important;\" \/><\/a> ... <b>10. Betruegerisches Trio floh mit Halskette: Zeugen gesucht! - <a href=\"\/news\/rodgau-polizeimeldungen\" title=\"Polizeieins\u00e4tze Rodgau\">Rodgau<\/a><\/b>   (cb) Mit einer Halskette im Wert von etwa 300 Euro floh ein Betr\u00fcger-Trio am Mittwoch, nachdem es diese einer 83-j\u00e4hrigen Rodgauerin abgenommen hatte. Zun\u00e4chst sprachen die Unbekannten, es handelte sich um zwei Frauen und einen Mann, die Rentnerin auf der ...<br clear=\"all\" \/>   <\/p>\n   <div><span class=\"my_article_details\"><time datetime=\"2026-08-28\">28.08.2026<\/time> &middot; <\/span><a href=\"https:\/\/www.presseportal.de\/blaulicht\/pm\/43561\/6341570\" title=\"Link zum Artikel auf presseportal.de\" target=\"_blank\">presseportal.de<\/a><\/div>\n  <\/div>\n <\/article>\n <\/div>\n <div class=\"post\" style=\"margin-bottom:40px;\">\n <article>\n  <h3><a href=\"https:\/\/www.presseportal.de\/blaulicht\/pm\/43561\/6340896\" style=\"color:#000000; font-weight:bold;\" target=\"_blank\">Polizei Offenbach am Main: Pressemeldungen vom 27.08.2026<\/a><\/h3>\n  <div class=\"entry\">\n   <p style=\"margin-bottom:4px;\">   <a name=\"cc078705\" href=\"https:\/\/www.presseportal.de\/blaulicht\/pm\/43561\/6340896\" target=\"_blank\"><img decoding=\"async\" src=\"\/feeds\/gfx\/POL-OF.jpg\" style=\"align:left !important; float:left !important; margin-top:4px !important; margin-right:8px !important; margin-bottom:4px !important; width:90px !important;\" \/><\/a>    ... <b>1. Motorradfahrer kam nach Alleinunfall mit schweren Verletzungen in Krankenhaus - Autobahn 3 \/ Parkplatz Hainbach<\/b>   (fg) Am Donnerstagmorgen, gegen 9.25 Uhr, ereignete sich auf der Autobahn 3 in Fahrtrichtung Frankfurt kurz vor dem Offenbacher Kreuz ein Alleinunfall. Nach bisherigen Erkenntnissen befuhr ein 21 Jahre alter Motorradfahrer den freigegebenen Seitenstreifen ...<br clear=\"all\" \/><\/p><p style=\"margin-top:8px; margin-bottom:4px;\"><a href=\"https:\/\/www.presseportal.de\/blaulicht\/pm\/43561\/6340896\" target=\"_blank\"><img decoding=\"async\" src=\"\/feeds\/gfx\/POL-OF.jpg\" style=\"align:left !important; float:left !important; margin-top:4px !important; margin-right:8px !important; margin-bottom:4px !important; width:90px !important;\" \/><\/a> ... <b>2. Zeugensuche nach Beleidigung und Bedrohung im Stra\u00dfenverkehr - <a href=\"\/news\/offenbach-polizeimeldungen\" title=\"Polizeieins\u00e4tze Offenbach\">Offenbach<\/a><\/b>   (fg) Nach einem Vorfall im Stra\u00dfenverkehr am Mittwochnachmittag, gegen 15.20 Uhr, in der Bieberer Stra\u00dfe ermittelt die Polizei und sucht eine Verkehrsteilnehmerin mit grauen, kurzen Haaren im Alter von 60 bis 70 Jahren. Die Unbekannte habe sich vor den Wagen ...<br clear=\"all\" \/><\/p><p style=\"margin-top:8px; margin-bottom:4px;\"><a href=\"https:\/\/www.presseportal.de\/blaulicht\/pm\/43561\/6340896\" target=\"_blank\"><img decoding=\"async\" src=\"\/feeds\/gfx\/POL-OF.jpg\" style=\"align:left !important; float:left !important; margin-top:4px !important; margin-right:8px !important; margin-bottom:4px !important; width:90px !important;\" \/><\/a> ... <b>3. Wei\u00dfer Touareg besch\u00e4digt: Wer hat den Unfall beobachtet? - <a href=\"\/news\/dietzenbach-polizeimeldungen\" title=\"Polizeieins\u00e4tze Dietzenbach\">Dietzenbach<\/a><\/b>   (me) Im G\u00e4rtnerweg, in den dortigen einstelligen Hausnummern, kam es zwischen Dienstag, 16 Uhr und Mittwoch, 17.30 Uhr, zu einem Verkehrsunfall mit anschlie\u00dfender Flucht. Die Beamten der Polizeistation in Dietzenbach suchen nun nach Zeugen des Zusammensto\u00dfes, ...<br clear=\"all\" \/><\/p><p style=\"margin-top:8px; margin-bottom:4px;\"><a href=\"https:\/\/www.presseportal.de\/blaulicht\/pm\/43561\/6340896\" target=\"_blank\"><img decoding=\"async\" src=\"\/feeds\/gfx\/POL-OF.jpg\" style=\"align:left !important; float:left !important; margin-top:4px !important; margin-right:8px !important; margin-bottom:4px !important; width:90px !important;\" \/><\/a> ... <b>4. Gegenst\u00e4nde vom Balkon geworfen: Zeugen gesucht! - <a href=\"\/news\/dietzenbach-polizeimeldungen\" title=\"Polizeieins\u00e4tze Dietzenbach\">Dietzenbach<\/a><\/b>   (me) Wegen des Verdachts der versuchten gef\u00e4hrlichen K\u00f6rperverletzung ermittelt derzeit die Polizei, nachdem am Mittwochmorgen, gegen 9.25 Uhr, mehrere Gegenst\u00e4nde aus den oberen Stockwerken eines Mehrfamilienhauses im Mespelbrunner Weg (einstellige Hausnummern) ...<br clear=\"all\" \/><\/p><p style=\"margin-top:8px; margin-bottom:4px;\"><a href=\"https:\/\/www.presseportal.de\/blaulicht\/pm\/43561\/6340896\" target=\"_blank\"><img decoding=\"async\" src=\"\/feeds\/gfx\/POL-OF.jpg\" style=\"align:left !important; float:left !important; margin-top:4px !important; margin-right:8px !important; margin-bottom:4px !important; width:90px !important;\" \/><\/a> ... <b>5. Quad gestohlen: Polizei hat Ermittlungen aufgenommen - <a href=\"\/news\/neu-isenburg-polizeimeldungen\" title=\"Polizeieins\u00e4tze Neu-Isenburg\">Neu-Isenburg<\/a><\/b>   (me) Ein Dieb hatte es zwischen Dienstag, 8.30 Uhr und Mittwoch, 8.30 Uhr, auf ein auf der Stra\u00dfe stehendes Quad abgesehen und entwendete dieses. Nach den bisherigen Erkenntnissen \u00fcberwand der Unbekannte das Vorh\u00e4ngeschloss, mit welchem das vierr\u00e4drige Gef\u00e4hrt ...<br clear=\"all\" \/>   <\/p>\n   <div><span class=\"my_article_details\"><time datetime=\"2026-08-27\">27.08.2026<\/time> &middot; <\/span><a href=\"https:\/\/www.presseportal.de\/blaulicht\/pm\/43561\/6340896\" title=\"Link zum Artikel auf presseportal.de\" target=\"_blank\">presseportal.de<\/a><\/div>\n  <\/div>\n <\/article>\n <\/div>\n <div class=\"post\" style=\"margin-bottom:40px;\">\n <article>\n  <h3><a href=\"https:\/\/www.presseportal.de\/blaulicht\/pm\/43561\/6340167\" style=\"color:#000000; font-weight:bold;\" target=\"_blank\">Polizei Offenbach am Main: Pressemeldungen vom 26.08.2026<\/a><\/h3>\n  <div class=\"entry\">\n   <p style=\"margin-bottom:4px;\">   <a name=\"f2a1756b\" href=\"https:\/\/www.presseportal.de\/blaulicht\/pm\/43561\/6340167\" target=\"_blank\"><img decoding=\"async\" src=\"\/feeds\/gfx\/POL-OF.jpg\" style=\"align:left !important; float:left !important; margin-top:4px !important; margin-right:8px !important; margin-bottom:4px !important; width:90px !important;\" \/><\/a>    ... <b>1. Zeugensuche nach Einbruch in Mehrfamilienhaus - <a href=\"\/news\/offenbach-polizeimeldungen\" title=\"Polizeieins\u00e4tze Offenbach\">Offenbach<\/a><\/b>     (fg) \u00dcber die Tiefgarage drangen Unbekannte am Dienstagmorgen, gegen 3 Uhr, in ein Mehrfamilienhaus im August-Bebel-Ring (einstellige Hausnummern) ein und entwendeten aus einer dortigen Wohnung unter anderem Bargeld, Schmuck sowie mehrere hochwertige Handtaschen. ...<br clear=\"all\" \/><\/p><p style=\"margin-top:8px; margin-bottom:4px;\"><a href=\"https:\/\/www.presseportal.de\/blaulicht\/pm\/43561\/6340167\" target=\"_blank\"><img decoding=\"async\" src=\"\/feeds\/gfx\/POL-OF.jpg\" style=\"align:left !important; float:left !important; margin-top:4px !important; margin-right:8px !important; margin-bottom:4px !important; width:90px !important;\" \/><\/a> ... <b>2. Zeugensuche: Ermittlungen wegen sexueller Bel\u00e4stigung - <a href=\"\/news\/offenbach-polizeimeldungen\" title=\"Polizeieins\u00e4tze Offenbach\">Offenbach<\/a><\/b>     (fg) Auff\u00e4llig klein (etwa 1,50 Meter), Ende 40 und ein ungepflegtes Erscheinungsbild: Die Polizei sucht mit dieser Personenbeschreibung nach einem Unbekannten, der am Dienstagabend, kurz vor 23 Uhr, eine Offenbacherin in der Wilhelmstra\u00dfe (70er-Hausnummern) ...<br clear=\"all\" \/><\/p><p style=\"margin-top:8px; margin-bottom:4px;\"><a href=\"https:\/\/www.presseportal.de\/blaulicht\/pm\/43561\/6340167\" target=\"_blank\"><img decoding=\"async\" src=\"\/feeds\/gfx\/POL-OF.jpg\" style=\"align:left !important; float:left !important; margin-top:4px !important; margin-right:8px !important; margin-bottom:4px !important; width:90px !important;\" \/><\/a> ... <b>3. Drei Einbrecher versuchten Wohnungstuer aufzuhebeln: Zeugen gesucht - <a href=\"\/news\/neu-isenburg-polizeimeldungen\" title=\"Polizeieins\u00e4tze Neu-Isenburg\">Neu-Isenburg<\/a><\/b>     (cb) Mit einer blauen Brechstange versuchten drei bislang Unbekannte am Dienstagabend eine Wohnungst\u00fcr in einem Mehrfamilienhaus in der Richard-Wagner-Stra\u00dfe (10er-Hausnummern) aufzuhebeln und verursachten hierbei einen Sachschaden von sch\u00e4tzungsweise 500 ...<br clear=\"all\" \/><\/p><p style=\"margin-top:8px; margin-bottom:4px;\"><a href=\"https:\/\/www.presseportal.de\/blaulicht\/pm\/43561\/6340167\" target=\"_blank\"><img decoding=\"async\" src=\"\/feeds\/gfx\/POL-OF.jpg\" style=\"align:left !important; float:left !important; margin-top:4px !important; margin-right:8px !important; margin-bottom:4px !important; width:90px !important;\" \/><\/a> ... <b>4. E-Bike entwendet: Zeugen gesucht! - <a href=\"\/news\/dietzenbach-polizeimeldungen\" title=\"Polizeieins\u00e4tze Dietzenbach\">Dietzenbach<\/a><\/b>     (me) Nachdem ein noch unbekannter Langfinger am Dienstag ein schwarzes Fahrrad entwendete, ermittelt die Polizei aus Dietzenbach nun wegen des Verdachts des besonders schweren Falls des Diebstahls. In der Zeit zwischen 13 Uhr und 18.40 Uhr begab sich der ...<br clear=\"all\" \/><\/p><p style=\"margin-top:8px; margin-bottom:4px;\"><a href=\"https:\/\/www.presseportal.de\/blaulicht\/pm\/43561\/6340167\" target=\"_blank\"><img decoding=\"async\" src=\"\/feeds\/gfx\/POL-OF.jpg\" style=\"align:left !important; float:left !important; margin-top:4px !important; margin-right:8px !important; margin-bottom:4px !important; width:90px !important;\" \/><\/a> ... <b>5. Hausbewohner ueberraschten Einbrecher - Hainstadt<\/b>     (cb) Die beiden Bewohner eines Einfamilienhauses im Meisenweg (einstellige Hausnummern) wurden am Dienstagvormittag auf seltsame Ger\u00e4usche aufmerksam und bemerkten schlie\u00dflich einen Einbrecher in ihrem Haus. Dieser hatte sich zwischen 11.30 Uhr und 11.40 ...<br clear=\"all\" \/>   <\/p>\n   <div><span class=\"my_article_details\"><time datetime=\"2026-08-26\">26.08.2026<\/time> &middot; <\/span><a href=\"https:\/\/www.presseportal.de\/blaulicht\/pm\/43561\/6340167\" title=\"Link zum Artikel auf presseportal.de\" target=\"_blank\">presseportal.de<\/a><\/div>\n  <\/div>\n <\/article>\n <\/div>\n <b>Mehr von der <a href=\"\/news\/polizeieinsaetze-offenbach-am-main\" title=\"Polizeieins\u00e4tze in Offenbach am Main heute\">Polizei Offenbach<\/a> ...<\/b>\n<\/div>\n<br \/><div style=\"margin-top:15px; margin-bottom:15px; padding:10px; text-align:left; word-wrap:break-word;\"><h2 style=\"margin:0px; margin-bottom:20px;\">Aktuelles aus dem Kreis Offenbach<\/h2><div class=\"post\"><article><div class=\"entry\"><p>Falls dich eher die an&shy;de&shy;ren St\u00e4dte des Kreis Offenbach interes&shy;sie&shy;ren, gelangst du mit Hilfe der folgenden Links jeweils direkt zu deren aktuell&shy;sten Neuig&shy;kei&shy;ten.<\/p><ul><li><a href=\"\/news\/dietzenbach-aktuell\">Dietzenbach aktuell<\/a><\/li><li><a href=\"\/news\/dreieich-aktuell\">Dreieich aktuell<\/a><\/li><li><a href=\"\/news\/egelsbach-aktuell\">Egelsbach aktuell<\/a><\/li><li><a href=\"\/news\/hainburg-aktuell\">Hainburg aktuell<\/a><\/li><li><a href=\"\/news\/heusenstamm-aktuell\">Heusenstamm aktuell<\/a><\/li><li><a href=\"\/news\/langen-aktuell\">Langen aktuell<\/a><\/li><li><a href=\"\/news\/mainhausen-aktuell\">Mainhausen aktuell<\/a><\/li><li><a href=\"\/news\/neu-isenburg-aktuell\">Neu-Isenburg aktuell<\/a><\/li><li><a href=\"\/news\/obertshausen-aktuell\">Obertshausen aktuell<\/a><\/li><li><a href=\"\/news\/offenbach-aktuell\">Offenbach aktuell<\/a><\/li><li><a href=\"\/news\/rodgau-aktuell\">Rodgau aktuell<\/a><\/li><li><a href=\"\/news\/roedermark-aktuell\">R\u00f6dermark aktuell<\/a><\/li><li><a href=\"\/news\/seligenstadt-aktuell\">Seligenstadt aktuell<\/a><\/li><\/ul><p>Ansonsten lies doch einfach in unserem <a href=\"\/news\/blog\" title=\"Heusenstamm Blog\">Blog<\/a> weiter! Dort findest du weitere Informationen mit regionalem Fokus.<\/p><\/div><\/article><\/div><\/div>\n<\/p>\n","protected":false},"excerpt":{"rendered":"<p>News aus M\u00fchlheim am Main mit aktuellen Nachrichten, Polizeimeldungen von heute und Neuigkeiten aus M\u00fchlheims Umgebung<\/p>\n","protected":false},"author":4,"featured_media":11527,"parent":0,"menu_order":0,"comment_status":"closed","ping_status":"closed","template":"","meta":{"footnotes":""},"categories":[478],"tags":[463,462,498,302,461,506],"class_list":["post-9407","page","type-page","status-publish","has-post-thumbnail","hentry","category-heute","tag-aktuell","tag-heute","tag-kreis-offenbach","tag-muehlheim-am-main","tag-news","tag-of"],"_links":{"self":[{"href":"https:\/\/www.heusenstaemmchen.de\/news\/wp-json\/wp\/v2\/pages\/9407","targetHints":{"allow":["GET"]}}],"collection":[{"href":"https:\/\/www.heusenstaemmchen.de\/news\/wp-json\/wp\/v2\/pages"}],"about":[{"href":"https:\/\/www.heusenstaemmchen.de\/news\/wp-json\/wp\/v2\/types\/page"}],"author":[{"embeddable":true,"href":"https:\/\/www.heusenstaemmchen.de\/news\/wp-json\/wp\/v2\/users\/4"}],"replies":[{"embeddable":true,"href":"https:\/\/www.heusenstaemmchen.de\/news\/wp-json\/wp\/v2\/comments?post=9407"}],"version-history":[{"count":3,"href":"https:\/\/www.heusenstaemmchen.de\/news\/wp-json\/wp\/v2\/pages\/9407\/revisions"}],"predecessor-version":[{"id":13638,"href":"https:\/\/www.heusenstaemmchen.de\/news\/wp-json\/wp\/v2\/pages\/9407\/revisions\/13638"}],"wp:featuredmedia":[{"embeddable":true,"href":"https:\/\/www.heusenstaemmchen.de\/news\/wp-json\/wp\/v2\/media\/11527"}],"wp:attachment":[{"href":"https:\/\/www.heusenstaemmchen.de\/news\/wp-json\/wp\/v2\/media?parent=9407"}],"wp:term":[{"taxonomy":"category","embeddable":true,"href":"https:\/\/www.heusenstaemmchen.de\/news\/wp-json\/wp\/v2\/categories?post=9407"},{"taxonomy":"post_tag","embeddable":true,"href":"https:\/\/www.heusenstaemmchen.de\/news\/wp-json\/wp\/v2\/tags?post=9407"}],"curies":[{"name":"wp","href":"https:\/\/api.w.org\/{rel}","templated":true}]}}