{"id":9384,"date":"2024-04-21T17:36:27","date_gmt":"2024-04-21T15:36:27","guid":{"rendered":"https:\/\/www.heusenstaemmchen.de\/blog\/?page_id=9384"},"modified":"2026-01-24T10:12:21","modified_gmt":"2026-01-24T09:12:21","slug":"egelsbach-polizeimeldungen","status":"publish","type":"page","link":"https:\/\/www.heusenstaemmchen.de\/news\/egelsbach-polizeimeldungen","title":{"rendered":"Polizeieins\u00e4tze Egelsbach aktuell"},"content":{"rendered":"<div class=\"post\" style=\"margin-bottom:40px;\">\n <article>\n <h2><a name=\"bdd58118\" href=\"https:\/\/www.presseportal.de\/blaulicht\/pm\/43561\/6344496\" rel=\"bookmark\" style=\"color:#333333; font-weight:bold;\" title=\"Link zum Artikel auf presseportal.de\" target=\"_blank\">Polizei Offenbach am Main: Pressemeldungen vom 02.09.2026<\/a><\/h2>\n <div class=\"entry\">\n  <p style=\"margin-bottom:4px;\">\n   <a href=\"https:\/\/www.presseportal.de\/blaulicht\/pm\/43561\/6344496\" target=\"_blank\"><img decoding=\"async\" src=\"\/feeds\/gfx\/POL-OF.jpg\" style=\"align:left !important; float:left !important; margin-top:4px !important; margin-right:8px !important; margin-bottom:4px !important; width:90px !important;\" \/><\/a>   ... <b>5. Trio fl\u00fcchtete mit Kabel von der Lades\u00e4ule: Hinweise erbeten - Egelsbach<\/b>   (cb) Sie sollen das Ladekabel einer E-Lades\u00e4ule durchtrennt und das Kabel mitgenommen haben: So lautet der Vorwurf gegen drei bislang Unbekannte. W\u00e4hrend am Dienstagabend einer der T\u00e4ter in einem wei\u00dfen Audi wartete, begaben sich seine zwei Komplizen zu der ...<br clear=\"all\" \/>  <\/p>\n  <div><span class=\"my_article_details\"><time datetime=\"2026-09-02\">02.09.2026<\/time> &middot; <a href=\"\/news\/egelsbach-aktuell\" title=\"Egelsbach heute aktuell\">Egelsbach<\/a> &middot; <\/span><a href=\"https:\/\/www.presseportal.de\/blaulicht\/pm\/43561\/6344496\" title=\"Link zum Artikel auf presseportal.de\" target=\"_blank\">presseportal.de<\/a><\/div>\n  <b><\/b>\n <\/div>\n <\/article>\n<\/div>\n<div class=\"post\" style=\"margin-bottom:40px;\">\n <article>\n <h2><a name=\"4b264671\" href=\"https:\/\/www.presseportal.de\/blaulicht\/pm\/43561\/6338990\" rel=\"bookmark\" style=\"color:#333333; font-weight:bold;\" title=\"Link zum Artikel auf presseportal.de\" target=\"_blank\">Polizei Offenbach am Main: Pressemeldungen vom 24.08.2026<\/a><\/h2>\n <div class=\"entry\">\n  <p style=\"margin-bottom:4px;\">\n   <a href=\"https:\/\/www.presseportal.de\/blaulicht\/pm\/43561\/6338990\" target=\"_blank\"><img decoding=\"async\" src=\"\/feeds\/gfx\/POL-OF.jpg\" style=\"align:left !important; float:left !important; margin-top:4px !important; margin-right:8px !important; margin-bottom:4px !important; width:90px !important;\" \/><\/a>   ... <b>9. Zwei Tresore aus Restaurant entwendet: Zeugen gesucht! - Egelsbach<\/b>     (fg) Zwischen Donnerstag, 22.50 Uhr und Freitagmorgen, 0.45 Uhr, sind Unbekannte \u00fcber ein Treppenhaus in ein Restaurant in der Kirchstra\u00dfe (10er-Hausnummern) eingebrochen. Im Inneren des Restaurants entwendeten die T\u00e4ter zwei W\u00fcrfeltresore aus einem K\u00fcchennebenraum. ...<br clear=\"all\" \/>  <\/p>\n  <div><span class=\"my_article_details\"><time datetime=\"2026-08-24\">24.08.2026<\/time> &middot; <a href=\"\/news\/diebstaehle-offenbach-am-main\" title=\"Diebst\u00e4hle Offenbach am Main\">Diebstahl<\/a> &middot; <a href=\"\/news\/egelsbach-aktuell\" title=\"Egelsbach heute aktuell\">Egelsbach<\/a> &middot; <a href=\"\/news\/egelsbach-polizeimeldungen\" title=\"Polizeieins\u00e4tze Egelsbach\">Polizei<\/a> &middot; <\/span><a href=\"https:\/\/www.presseportal.de\/blaulicht\/pm\/43561\/6338990\" title=\"Link zum Artikel auf presseportal.de\" target=\"_blank\">presseportal.de<\/a><\/div>\n  <b><\/b>\n <\/div>\n <\/article>\n<\/div>\n<div class=\"post\" style=\"margin-bottom:40px;\">\n <article>\n <h2><a name=\"a695f139\" href=\"https:\/\/www.presseportal.de\/blaulicht\/pm\/63987\/6334759\" rel=\"bookmark\" style=\"color:#333333; font-weight:bold;\" title=\"Link zum Artikel auf presseportal.de\" target=\"_blank\">BPOL-F: Bundespolizei Frankfurt am Main Hauptbahnhof: Zeugen nach K\u00f6rperverletzung in S-Bahn gesucht<\/a><\/h2>\n <div class=\"entry\">\n  <p style=\"margin-bottom:4px;\">\n   <a href=\"https:\/\/www.presseportal.de\/blaulicht\/pm\/63987\/6334759\" target=\"_blank\"><img decoding=\"async\" src=\"\/feeds\/gfx\/BPOL-F.jpg\" style=\"align:left !important; float:left !important; margin-top:4px !important; margin-right:8px !important; margin-bottom:4px !important; width:90px !important;\" \/><\/a>   Offenbach am Main  (ots)      Frankfurt am Main 14.08.2026 \/ Offenbach am Main - Nach einer K\u00f6rperverletzung in einer S-Bahn der Linie S8 sucht die Bundespolizei nach Zeuginnen und Zeugen.  Nach bisherigen Erkenntnissen kam es in den fr\u00fchen Morgenstunden des ...<br clear=\"all\" \/>  <\/p>\n  <div><span class=\"my_article_details\"><time datetime=\"2026-08-17\">17.08.2026<\/time> &middot; Bundespolizei &middot; <a href=\"\/news\/offenbach-aktuell\" title=\"Offenbach heute aktuell\">Offenbach<\/a> &middot; <a href=\"\/news\/egelsbach-polizeimeldungen\" title=\"Polizeieins\u00e4tze Egelsbach\">Polizei<\/a> &middot; <\/span><a href=\"https:\/\/www.presseportal.de\/blaulicht\/pm\/63987\/6334759\" title=\"Link zum Artikel auf presseportal.de\" target=\"_blank\">presseportal.de<\/a><\/div>\n  <b><\/b>\n <\/div>\n <\/article>\n<\/div>\n<div class=\"post\" style=\"margin-bottom:40px;\">\n <article>\n <h2><a name=\"a7f3309c\" href=\"https:\/\/www.presseportal.de\/blaulicht\/pm\/43561\/6331334\" rel=\"bookmark\" style=\"color:#333333; font-weight:bold;\" title=\"Link zum Artikel auf presseportal.de\" target=\"_blank\">Polizei Offenbach am Main: Pressemeldungen vom 11.08.2026<\/a><\/h2>\n <div class=\"entry\">\n  <p style=\"margin-bottom:4px;\">\n   <a href=\"https:\/\/www.presseportal.de\/blaulicht\/pm\/43561\/6331334\" target=\"_blank\"><img decoding=\"async\" src=\"\/feeds\/gfx\/POL-OF.jpg\" style=\"align:left !important; float:left !important; margin-top:4px !important; margin-right:8px !important; margin-bottom:4px !important; width:90px !important;\" \/><\/a>   ... <b>4. Klimager\u00e4te aus Kindertagesst\u00e4tte geklaut: Wer hat etwas beobachtet? - Egelsbach<\/b>     (me) Unbekannte Langfinger verschafften sich in der Zeit zwischen Freitag (24. Juli), 16 Uhr und Montag, 10 Uhr, gewaltsam Zugang zu den R\u00e4umlichkeiten einer Kindertagesst\u00e4tte in der Lutherstra\u00dfe (einstellige Hausnummern). In der Folge nahmen die Gauner ...<br clear=\"all\" \/>  <\/p>\n  <div><span class=\"my_article_details\"><time datetime=\"2026-08-11\">11.08.2026<\/time> &middot; <a href=\"\/news\/diebstaehle-offenbach-am-main\" title=\"Diebst\u00e4hle Offenbach am Main\">Diebstahl<\/a> &middot; <a href=\"\/news\/egelsbach-aktuell\" title=\"Egelsbach heute aktuell\">Egelsbach<\/a> &middot; <a href=\"\/news\/egelsbach-polizeimeldungen\" title=\"Polizeieins\u00e4tze Egelsbach\">Polizei<\/a> &middot; <\/span><a href=\"https:\/\/www.presseportal.de\/blaulicht\/pm\/43561\/6331334\" title=\"Link zum Artikel auf presseportal.de\" target=\"_blank\">presseportal.de<\/a><\/div>\n  <b><\/b>\n <\/div>\n <\/article>\n<\/div>\n<div class=\"post\" style=\"margin-bottom:40px;\">\n <article>\n <h2><a name=\"b0f0269f\" href=\"https:\/\/www.presseportal.de\/blaulicht\/pm\/43561\/6316717\" rel=\"bookmark\" style=\"color:#333333; font-weight:bold;\" title=\"Link zum Artikel auf presseportal.de\" target=\"_blank\">Polizei Offenbach am Main: Pressemeldungen vom 17.07.2026<\/a><\/h2>\n <div class=\"entry\">\n  <p style=\"margin-bottom:4px;\">\n   <a href=\"https:\/\/www.presseportal.de\/blaulicht\/pm\/43561\/6316717\" target=\"_blank\"><img decoding=\"async\" src=\"\/feeds\/gfx\/POL-OF.jpg\" style=\"align:left !important; float:left !important; margin-top:4px !important; margin-right:8px !important; margin-bottom:4px !important; width:90px !important;\" \/><\/a>   ... <b>9. Polizei nahm alkoholisierten Verd\u00e4chtigen fest: Ermittlungen wegen gef\u00e4hrlicher K\u00f6rperverletzung eingeleitet - Langen<\/b>   (fg) Alarmierte Polizeistreifen nahmen am Donnerstagabend, gegen 22 Uhr, einen 25 Jahre alten Radfahrer auf einem Feldweg vorl\u00e4ufig fest. Dieser soll zuvor einen 15-J\u00e4hrigen mit einem Messer an der Hand leichte Verletzungen zugef\u00fcgt haben. Bei der Festnahme ...<br clear=\"all\" \/>  <\/p>\n  <div><span class=\"my_article_details\"><time datetime=\"2026-07-17\">17.07.2026<\/time> &middot; <a href=\"\/news\/egelsbach-aktuell\" title=\"Egelsbach heute aktuell\">Egelsbach<\/a> &middot; <a href=\"\/news\/egelsbach-polizeimeldungen\" title=\"Polizeieins\u00e4tze Egelsbach\">Polizei<\/a> &middot; <\/span><a href=\"https:\/\/www.presseportal.de\/blaulicht\/pm\/43561\/6316717\" title=\"Link zum Artikel auf presseportal.de\" target=\"_blank\">presseportal.de<\/a><\/div>\n  <b><\/b>\n <\/div>\n <\/article>\n<\/div>\n<div class=\"post\" style=\"margin-bottom:40px;\">\n <article>\n <h2><a name=\"5253dbb6\" href=\"https:\/\/www.presseportal.de\/blaulicht\/pm\/43561\/6313436\" rel=\"bookmark\" style=\"color:#333333; font-weight:bold;\" title=\"Link zum Artikel auf presseportal.de\" target=\"_blank\">Polizei Offenbach am Main: Pressemeldungen vom 13.07.2026<\/a><\/h2>\n <div class=\"entry\">\n  <p style=\"margin-bottom:4px;\">\n   <a href=\"https:\/\/www.presseportal.de\/blaulicht\/pm\/43561\/6313436\" target=\"_blank\"><img decoding=\"async\" src=\"\/feeds\/gfx\/POL-OF.jpg\" style=\"align:left !important; float:left !important; margin-top:4px !important; margin-right:8px !important; margin-bottom:4px !important; width:90px !important;\" \/><\/a>   ... <b>7. Betr\u00fcger erbeuteten Schmuck und EC-Karte - Egelsbach<\/b>   (me) Hochwertigen Schmuck und andere Accessoires erbeuteten Betr\u00fcger im Verlauf des Freitags, weshalb die Polizei umgehend Ermittlungen eingeleitet hat. Gegen 12 Uhr erhielt eine Seniorin aus der Schafhofstra\u00dfe einen Anruf von einem angeblichen Polizeibeamten. ...<br clear=\"all\" \/>  <\/p>\n  <div><span class=\"my_article_details\"><time datetime=\"2026-07-13\">13.07.2026<\/time> &middot; <a href=\"\/news\/betrugsfaelle-offenbach-am-main\" title=\"Betrugsf\u00e4lle Offenbach am Main\">Betrug<\/a> &middot; <a href=\"\/news\/egelsbach-aktuell\" title=\"Egelsbach heute aktuell\">Egelsbach<\/a> &middot; <a href=\"\/news\/einbrueche-offenbach-am-main\" title=\"Einbr\u00fcche Offenbach am Main\">Einbruch<\/a> &middot; <a href=\"\/news\/egelsbach-polizeimeldungen\" title=\"Polizeieins\u00e4tze Egelsbach\">Polizei<\/a> &middot; <\/span><a href=\"https:\/\/www.presseportal.de\/blaulicht\/pm\/43561\/6313436\" title=\"Link zum Artikel auf presseportal.de\" target=\"_blank\">presseportal.de<\/a><\/div>\n  <b><\/b>\n <\/div>\n <\/article>\n<\/div>\n<div class=\"post\" style=\"background-color: #fae67a; margin-bottom: 40px; padding: 10px;\"><article><a style=\"color: #000000; font-size: 20px; font-weight: normal; text-decoration: underlined;\" href=\"https:\/\/www.ffhstm.de\/150-jahre-feuerwehr-heusenstamm\" target=\"_blank\">Gro\u00dfes Festwochenende der Freiwilligen Feuerwehr Heusenstamm vom 4. bis 6. September<\/a><\/p><div class=\"entry\"><p style=\"margin-bottom: 4px;\"><a href=\"https:\/\/www.ffhstm.de\/150-jahre-feuerwehr-heusenstamm\" target=\"_blank\" rel=\"noopener\"><img decoding=\"async\" style=\"align: left !important; float: left !important; margin-top: 4px !important; margin-right: 8px !important; margin-bottom: 4px !important; width: 90px !important;\" src=\"data:image\/gif;base64,R0lGODlhAQABAIAAAAAAAP\/\/\/yH5BAEAAAAALAAAAAABAAEAAAIBRAA7\" data-src=\"https:\/\/www.heusenstaemmchen.de\/feeds\/gfx\/ffhstm.de.png\" \/><\/a>Wir planen Gro\u00dfes, Lautes, Feuriges, aber auch Herzliches und Geselliges zum Festwochenende im September 2026. Ein gro\u00dfes Festzelt wird errichtet und drei Tage lang werden wir uns und die Feuerwehr Heusenstamm mit Ihnen und Euch feiern.<br clear=\"all\" \/><\/p><div><b>Veranstaltung<\/b> \u00b7 Festwochenende \u00b7 <a title=\"Mehr Details auf ffhstm.de\" href=\"https:\/\/www.ffhstm.de\/150-jahre-feuerwehr-heusenstamm\" target=\"_blank\" rel=\"noopener\">ffhstm.de<\/a><\/div><\/div><\/article><\/div><div class=\"post\" style=\"margin-bottom:40px;\">\n <article>\n <h2><a name=\"cf2c9a42\" href=\"https:\/\/www.presseportal.de\/blaulicht\/pm\/43561\/6304169\" rel=\"bookmark\" style=\"color:#333333; font-weight:bold;\" title=\"Link zum Artikel auf presseportal.de\" target=\"_blank\">POL-OF: Verdacht der gef\u00e4hrlichen K\u00f6rperverletzung: 41-j\u00e4hrige Tatverd\u00e4chtige in Untersuchungshaft<\/a><\/h2>\n <div class=\"entry\">\n  <p style=\"margin-bottom:4px;\">\n   <a href=\"https:\/\/www.presseportal.de\/blaulicht\/pm\/43561\/6304169\" target=\"_blank\"><img decoding=\"async\" src=\"\/feeds\/gfx\/POL-OF.jpg\" style=\"align:left !important; float:left !important; margin-top:4px !important; margin-right:8px !important; margin-bottom:4px !important; width:90px !important;\" \/><\/a>   Egelsbach  (ots)       Gemeinsame Pressemeldung der Staatsanwaltschaft Darmstadt und des Polizeipr\u00e4sidiums S\u00fcdosthessen    (me) Nach einem mutma\u00dflichen Angriff auf ihren Vater am Freitag (26. Juni) befindet sich eine 41-j\u00e4hrige Frau in Untersuchungshaft.   ...<br clear=\"all\" \/>  <\/p>\n  <div><span class=\"my_article_details\"><time datetime=\"2026-06-29\">29.06.2026<\/time> &middot; <a href=\"\/news\/egelsbach-aktuell\" title=\"Egelsbach heute aktuell\">Egelsbach<\/a> &middot; <a href=\"\/news\/egelsbach-polizeimeldungen\" title=\"Polizeieins\u00e4tze Egelsbach\">Polizei<\/a> &middot; <\/span><a href=\"https:\/\/www.presseportal.de\/blaulicht\/pm\/43561\/6304169\" title=\"Link zum Artikel auf presseportal.de\" target=\"_blank\">presseportal.de<\/a><\/div>\n  <b><\/b>\n <\/div>\n <\/article>\n<\/div>\n<div class=\"post\" style=\"margin-bottom:40px;\">\n <article>\n <h2><a name=\"2fd0e540\" href=\"https:\/\/www.presseportal.de\/blaulicht\/pm\/43561\/6299568\" rel=\"bookmark\" style=\"color:#333333; font-weight:bold;\" title=\"Link zum Artikel auf presseportal.de\" target=\"_blank\">Polizei Offenbach am Main: Pressemeldungen vom 22.06.2026<\/a><\/h2>\n <div class=\"entry\">\n  <p style=\"margin-bottom:4px;\">\n   <a href=\"https:\/\/www.presseportal.de\/blaulicht\/pm\/43561\/6299568\" target=\"_blank\"><img decoding=\"async\" src=\"\/feeds\/gfx\/POL-OF.jpg\" style=\"align:left !important; float:left !important; margin-top:4px !important; margin-right:8px !important; margin-bottom:4px !important; width:90px !important;\" \/><\/a>   ... <b>9. Einbrecher stiegen \u00fcber K\u00fcchenfenster ein - Egelsbach<\/b>     (cb) Am Freitag verschafften sich Einbrecher \u00fcber ein zerst\u00f6rtes K\u00fcchenfenster Zutritt in ein Einfamilienhaus in der Ostendstra\u00dfe (40er-Hausnummern). Anschlie\u00dfend durchsuchten sie s\u00e4mtliche R\u00e4umlichkeiten nach Wertgegenst\u00e4nden. Ob sie bei der Tat, die sich ...<br clear=\"all\" \/>  <\/p>\n  <div><span class=\"my_article_details\"><time datetime=\"2026-06-22\">22.06.2026<\/time> &middot; <a href=\"\/news\/egelsbach-aktuell\" title=\"Egelsbach heute aktuell\">Egelsbach<\/a> &middot; <a href=\"\/news\/einbrueche-offenbach-am-main\" title=\"Einbr\u00fcche Offenbach am Main\">Einbruch<\/a> &middot; <\/span><a href=\"https:\/\/www.presseportal.de\/blaulicht\/pm\/43561\/6299568\" title=\"Link zum Artikel auf presseportal.de\" target=\"_blank\">presseportal.de<\/a><\/div>\n  <b><\/b>\n <\/div>\n <\/article>\n<\/div>\n<div class=\"post\" style=\"margin-bottom:40px;\">\n <article>\n <h2><a name=\"9c244f2a\" href=\"https:\/\/www.presseportal.de\/blaulicht\/pm\/43561\/6292636\" rel=\"bookmark\" style=\"color:#333333; font-weight:bold;\" title=\"Link zum Artikel auf presseportal.de\" target=\"_blank\">Polizei Offenbach am Main: Pressemeldungen vom 11.06.2026<\/a><\/h2>\n <div class=\"entry\">\n  <p style=\"margin-bottom:4px;\">\n   <a href=\"https:\/\/www.presseportal.de\/blaulicht\/pm\/43561\/6292636\" target=\"_blank\"><img decoding=\"async\" src=\"\/feeds\/gfx\/POL-OF.jpg\" style=\"align:left !important; float:left !important; margin-top:4px !important; margin-right:8px !important; margin-bottom:4px !important; width:90px !important;\" \/><\/a>   ... <b>8. Mehrere tausend Euro Schaden an wei\u00dfem Audi verursacht - Langen<\/b>   (me) Zu einer Verkehrsunfallflucht kam es am Mittwochnachmittag in der Egelsbacher Stra\u00dfe. Aufgrund des Schadensbildes gehen die Beamten aus Langen davon aus, dass der unbekannte Unfallverursacher gegen 15.30 Uhr die Stra\u00dfe befuhr und einen dort parkenden ...<br clear=\"all\" \/>  <\/p>\n  <div><span class=\"my_article_details\"><time datetime=\"2026-06-11\">11.06.2026<\/time> &middot; <a href=\"\/news\/egelsbach-aktuell\" title=\"Egelsbach heute aktuell\">Egelsbach<\/a> &middot; <a href=\"\/news\/egelsbach-polizeimeldungen\" title=\"Polizeieins\u00e4tze Egelsbach\">Polizei<\/a> &middot; <a href=\"\/news\/unfaelle-offenbach-am-main\" title=\"Unf\u00e4lle Offenbach am Main\">Unfall<\/a> &middot; <\/span><a href=\"https:\/\/www.presseportal.de\/blaulicht\/pm\/43561\/6292636\" title=\"Link zum Artikel auf presseportal.de\" target=\"_blank\">presseportal.de<\/a><\/div>\n  <b><\/b>\n <\/div>\n <\/article>\n<\/div>\n<br \/><div style=\"margin-top:15px; margin-bottom:15px; padding:10px; text-align:left; word-wrap:break-word;\"><a name=\"umgebung\"><\/a><h2 style=\"margin:0px; margin-bottom:20px;\">Polizeimeldungen aus dem Kreis Offenbach<\/h2><div class=\"post\"><article><div class=\"entry\"><p>Falls dich eher die an&shy;de&shy;ren St\u00e4dte des Kreis Offenbach interes&shy;sie&shy;ren, gelangst du mit Hilfe der folgenden Links jeweils direkt zu deren aktuell&shy;sten Po&shy;li&shy;zei&shy;mel&shy;dun&shy;gen.<\/p><ul><li><a href=\"\/news\/dietzenbach-polizeimeldungen\">Dietzenbach Polizeimeldungen<\/a><\/li><li><a href=\"\/news\/dreieich-polizeimeldungen\">Dreieich Polizeimeldungen<\/a><\/li><li><a href=\"\/news\/hainburg-polizeimeldungen\">Hainburg Polizeimeldungen<\/a><\/li><li><a href=\"\/news\/heusenstamm-polizeimeldungen\">Heusenstamm Polizeimeldungen<\/a><\/li><li><a href=\"\/news\/langen-polizeimeldungen\">Langen Polizeimeldungen<\/a><\/li><li><a href=\"\/news\/mainhausen-polizeimeldungen\">Mainhausen Polizeimeldungen<\/a><\/li><li><a href=\"\/news\/muehlheim-polizeimeldungen\">M\u00fchlheim Polizeimeldungen<\/a><\/li><li><a href=\"\/news\/neu-isenburg-polizeimeldungen\">Neu-Isenburg Polizeimeldungen<\/a><\/li><li><a href=\"\/news\/obertshausen-polizeimeldungen\">Obertshausen Polizeimeldungen<\/a><\/li><li><a href=\"\/news\/offenbach-polizeimeldungen\">Offenbach Polizeimeldungen<\/a><\/li><li><a href=\"\/news\/rodgau-polizeimeldungen\">Rodgau Polizeimeldungen<\/a><\/li><li><a href=\"\/news\/roedermark-polizeimeldungen\">R\u00f6dermark Polizeimeldungen<\/a><\/li><li><a href=\"\/news\/seligenstadt-polizeimeldungen\">Seligenstadt Polizeimeldungen<\/a><\/li><\/ul><p>Ansonsten lies doch einfach in unserem <a href=\"\/news\/blog\" title=\"Heusenstamm Blog\">Blog<\/a> weiter! Dort findest du weitere Informationen mit regionalem Fokus.<\/p><\/div><\/article><\/div><\/div>\n\n","protected":false},"excerpt":{"rendered":"","protected":false},"author":4,"featured_media":13343,"parent":0,"menu_order":0,"comment_status":"closed","ping_status":"closed","template":"","meta":{"footnotes":""},"categories":[477],"tags":[133,472,507,498,461,506,471,468],"class_list":["post-9384","page","type-page","status-publish","has-post-thumbnail","hentry","category-polizeiberichte","tag-egelsbach","tag-einbruch","tag-hessen","tag-kreis-offenbach","tag-news","tag-of","tag-polizei","tag-unfall"],"_links":{"self":[{"href":"https:\/\/www.heusenstaemmchen.de\/news\/wp-json\/wp\/v2\/pages\/9384","targetHints":{"allow":["GET"]}}],"collection":[{"href":"https:\/\/www.heusenstaemmchen.de\/news\/wp-json\/wp\/v2\/pages"}],"about":[{"href":"https:\/\/www.heusenstaemmchen.de\/news\/wp-json\/wp\/v2\/types\/page"}],"author":[{"embeddable":true,"href":"https:\/\/www.heusenstaemmchen.de\/news\/wp-json\/wp\/v2\/users\/4"}],"replies":[{"embeddable":true,"href":"https:\/\/www.heusenstaemmchen.de\/news\/wp-json\/wp\/v2\/comments?post=9384"}],"version-history":[{"count":4,"href":"https:\/\/www.heusenstaemmchen.de\/news\/wp-json\/wp\/v2\/pages\/9384\/revisions"}],"predecessor-version":[{"id":13688,"href":"https:\/\/www.heusenstaemmchen.de\/news\/wp-json\/wp\/v2\/pages\/9384\/revisions\/13688"}],"wp:featuredmedia":[{"embeddable":true,"href":"https:\/\/www.heusenstaemmchen.de\/news\/wp-json\/wp\/v2\/media\/13343"}],"wp:attachment":[{"href":"https:\/\/www.heusenstaemmchen.de\/news\/wp-json\/wp\/v2\/media?parent=9384"}],"wp:term":[{"taxonomy":"category","embeddable":true,"href":"https:\/\/www.heusenstaemmchen.de\/news\/wp-json\/wp\/v2\/categories?post=9384"},{"taxonomy":"post_tag","embeddable":true,"href":"https:\/\/www.heusenstaemmchen.de\/news\/wp-json\/wp\/v2\/tags?post=9384"}],"curies":[{"name":"wp","href":"https:\/\/api.w.org\/{rel}","templated":true}]}}