{"id":9382,"date":"2024-04-21T17:37:41","date_gmt":"2024-04-21T15:37:41","guid":{"rendered":"https:\/\/www.heusenstaemmchen.de\/blog\/?page_id=9382"},"modified":"2025-12-29T17:17:16","modified_gmt":"2025-12-29T16:17:16","slug":"egelsbach-aktuell","status":"publish","type":"page","link":"https:\/\/www.heusenstaemmchen.de\/news\/egelsbach-aktuell","title":{"rendered":"Aktuelle News aus Egelsbach und dem Kreis Offenbach"},"content":{"rendered":"<p><b>News aus Egelsbach<\/b> mit aktuellen <a href=\"#nachrichten\">Nachrichten<\/a>, <a href=\"#polizeimeldungen\">Polizeimeldungen<\/a> von heute und <a href=\"#umgebung\">Neuigkeiten aus Egelsbachs Umgebung<\/a><\/p>\n<p><br \/>\n\n<div style=\"background-color:#ffffff; margin-top:15px; margin-bottom:15px; padding:10px; text-align:left; word-wrap:break-word;\">\n<h2 style=\"margin:0px; margin-bottom:20px;\"><a name=\"nachrichten\"><\/a>Aktuelle News f\u00fcr Egelsbach<\/h2>\n <div class=\"post\" style=\"margin-bottom:40px;\">\n <article>\n  <h3><a name=\"a00955fe\" href=\"https:\/\/www.hessenschau.de\/politik\/hessen-design-landtagszoff-um-zottelloewen-gerupfte-huehner-und-alberne-haeschen-v1,landtagsdebatte-hessen-design-100.html\" style=\"color:#333333;\" target=\"_blank\">Hessen-Design: Landtagszoff um Zottell\u00f6wen, gerupfte H\u00fchner und alberne H\u00e4schen<\/a><\/h3>\n  <div class=\"entry\">\n   <p style=\"margin-bottom:4px;\">\n   <a href=\"https:\/\/www.hessenschau.de\/politik\/hessen-design-landtagszoff-um-zottelloewen-gerupfte-huehner-und-alberne-haeschen-v1,landtagsdebatte-hessen-design-100.html\" target=\"_blank\"><img decoding=\"async\" src=\"https:\/\/www.hessenschau.de\/politik\/stefan-naas-hessen-krawatte-100~_t-1777576649366_v-16to9.jpg\" style=\"align:left !important; float:left !important; margin-top:4px !important; margin-right:8px !important; margin-bottom:4px !important; width:90px !important;\" \/><\/a>    Das neue, 800.000 Euro teure L&ouml;wen-Design sorgt im Landtag weiter f&uuml;r Diskussionen. Nach dem Motto: &quot;Es wurde zwar alles gesagt, nur noch nicht von jedem&quot; legt die Politik nach \u2013 mit vielen Tier-Metaphern und Beleidigungen. Ein bissiges Ged&auml;chtnisprotokoll. ...<br clear=\"all\" \/>   <\/p>\n   <div><span class=\"my_article_details\"><time datetime=\"2026-04-30\">30.04.2026<\/time> &middot; Hessen &middot; Landtag &middot; <\/span><a href=\"https:\/\/www.hessenschau.de\/politik\/hessen-design-landtagszoff-um-zottelloewen-gerupfte-huehner-und-alberne-haeschen-v1,landtagsdebatte-hessen-design-100.html\" title=\"Link zum Artikel auf hessenschau.de\" target=\"_blank\">hessenschau.de<\/a><\/div>\n  <\/div>\n <\/article>\n <\/div>\n <div class=\"post\" style=\"margin-bottom:40px;\">\n <article>\n  <h3><a name=\"a3cf37a0\" href=\"https:\/\/www.op-online.de\/hessen\/achterbahn-offenbach-und-rhein-main-erwarten-wetter-94286874.html\" style=\"color:#333333;\" target=\"_blank\">Von 27 Grad bis Gewitter: Offenbach und Rhein-Main erwarten Wetter-Achterbahn<\/a><\/h3>\n  <div class=\"entry\">\n   <p style=\"margin-bottom:4px;\">\n   <a href=\"https:\/\/www.op-online.de\/hessen\/achterbahn-offenbach-und-rhein-main-erwarten-wetter-94286874.html\" target=\"_blank\"><img decoding=\"async\" src=\"https:\/\/www.op-online.de\/assets\/images\/42\/241\/42241521-maibaum-2l01.jpg\" style=\"align:left !important; float:left !important; margin-top:4px !important; margin-right:8px !important; margin-bottom:4px !important; width:90px !important;\" \/><\/a>    Sonne und Temperaturen bis zu 27 Grad: Hessen erwartet ein freundliches Maiwochenende \u2013 mit einer Ausnahme: Nachts droht stellenweise Bodenfrost.<br clear=\"all\" \/>   <\/p>\n   <div><span class=\"my_article_details\"><time datetime=\"2026-04-30\">30.04.2026<\/time> &middot; <a href=\"\/news\/offenbach-aktuell\" title=\"Offenbach heute aktuell\">Offenbach<\/a> &middot; Wetter &middot; <\/span><a href=\"https:\/\/www.op-online.de\/hessen\/achterbahn-offenbach-und-rhein-main-erwarten-wetter-94286874.html\" title=\"Link zum Artikel auf op-online.de\" target=\"_blank\">op-online.de<\/a><\/div>\n  <\/div>\n <\/article>\n <\/div>\n <div class=\"post\" style=\"margin-bottom:40px;\">\n <article>\n  <h3><a name=\"b295621a\" href=\"https:\/\/of-news.de\/langen\/siebenschlaefer-maimarkt-lockt-mit-apfelwein-und-stadtradeln-start-in-die-langener-wassergasse-167804\/\" style=\"color:#333333;\" target=\"_blank\">Siebenschl\u00e4fer-Maimarkt lockt mit Apfelwein und Stadtradeln-Start in die Langener Wassergasse<\/a><\/h3>\n  <div class=\"entry\">\n   <p style=\"margin-bottom:4px;\">\n   <a href=\"https:\/\/of-news.de\/langen\/siebenschlaefer-maimarkt-lockt-mit-apfelwein-und-stadtradeln-start-in-die-langener-wassergasse-167804\/\" target=\"_blank\"><img decoding=\"async\" src=\"\/feeds\/gfx\/of-news.de.png\" style=\"align:left !important; float:left !important; margin-top:4px !important; margin-right:8px !important; margin-bottom:4px !important; width:90px !important;\" \/><\/a>    Am Sonntag, 3. Mai, findet in der Wassergasse der traditionelle Siebenschl&auml;fer-Maimarkt statt. Von 11 bis 18 Uhr wird die historische Altstadtgasse zur autofreien Festmeile und markiert den Saisonstart der Apfelwein- und Streuobstwiesenroute. Der Markt wird ...<br clear=\"all\" \/>   <\/p>\n   <div><span class=\"my_article_details\"><time datetime=\"2026-04-30\">30.04.2026<\/time> &middot; <a href=\"\/news\/egelsbach-aktuell\" title=\"Egelsbach heute aktuell\">Egelsbach<\/a> &middot; <a href=\"\/news\/egelsbach-nachrichten\" title=\"Egelsbach Nachrichten\">News<\/a> &middot; <\/span><a href=\"https:\/\/of-news.de\/langen\/siebenschlaefer-maimarkt-lockt-mit-apfelwein-und-stadtradeln-start-in-die-langener-wassergasse-167804\/\" title=\"Link zum Artikel auf of-news.de\" target=\"_blank\">of-news.de<\/a><\/div>\n  <\/div>\n <\/article>\n <\/div>\n <div class=\"post\" style=\"margin-bottom:40px;\">\n <article>\n  <h3><a name=\"026e8e4a\" href=\"https:\/\/www.rheinmainverlag.de\/2026\/04\/30\/sirenenprobe-im-kreis-offenbach-2\/\" style=\"color:#333333;\" target=\"_blank\">Sirenenprobe im Kreis Offenbach<\/a><\/h3>\n  <div class=\"entry\">\n   <p style=\"margin-bottom:4px;\">\n   <a href=\"https:\/\/www.rheinmainverlag.de\/2026\/04\/30\/sirenenprobe-im-kreis-offenbach-2\/\" target=\"_blank\"><img decoding=\"async\" src=\"\/feeds\/gfx\/rheinmainverlag.de.png\" style=\"align:left !important; float:left !important; margin-top:4px !important; margin-right:8px !important; margin-bottom:4px !important; width:90px !important;\" \/><\/a>    Eine kreisweite einheitliche Sirenenton&uuml;berpr&uuml;fung findet am kommenden Samstag, 2. Mai 2026, statt. Um 11 Uhr werden die Sirenen in den 13 Kommunen den Warnton ausl&ouml;sen. Eine Minute lang wird ein Heulton auf- und abschwellen. Eine Entwarnung erfolgt nicht. ...<br clear=\"all\" \/>   <\/p>\n   <div><span class=\"my_article_details\"><time datetime=\"2026-04-30\">30.04.2026<\/time> &middot; <a href=\"\/news\/polizeieinsaetze-offenbach-am-main\" title=\"Polizeieins\u00e4tze Offenbach am Main\">Kreis Offenbach<\/a> &middot; <\/span><a href=\"https:\/\/www.rheinmainverlag.de\/2026\/04\/30\/sirenenprobe-im-kreis-offenbach-2\/\" title=\"Link zum Artikel auf rheinmainverlag.de\" target=\"_blank\">rheinmainverlag.de<\/a><\/div>\n  <\/div>\n <\/article>\n <\/div>\n <div class=\"post\" style=\"margin-bottom:40px;\">\n <article>\n  <h3><a name=\"9a04f257\" href=\"https:\/\/www.op-online.de\/hessen\/prognose-bringen-die-eisheiligen-den-frost-nach-offenbach-hanau-zurueck-experten-wagen-wetter-94286052.html\" style=\"color:#333333;\" target=\"_blank\">Bringen die Eisheiligen den Frost nach Offenbach und Hanau zur\u00fcck? Experten wagen Wetter-Prognose<\/a><\/h3>\n  <div class=\"entry\">\n   <p style=\"margin-bottom:4px;\">\n   <a href=\"https:\/\/www.op-online.de\/hessen\/prognose-bringen-die-eisheiligen-den-frost-nach-offenbach-hanau-zurueck-experten-wagen-wetter-94286052.html\" target=\"_blank\"><img decoding=\"async\" src=\"https:\/\/www.op-online.de\/assets\/images\/42\/238\/42238331-baeumt-sich-in-niedersachsen-zu-den-eisheiligen-ein-letztes-mal-der-winter-mit-eisiger-kaelte-und-frost-auf-oder-kommt-der-fruehsommer-experten-wagen-1G01.jpg\" style=\"align:left !important; float:left !important; margin-top:4px !important; margin-right:8px !important; margin-bottom:4px !important; width:90px !important;\" \/><\/a>    Der Mai r&uuml;ckt n&auml;her, und mit ihm nahen die Eisheiligen. Nach dem warmen April stellt sich in Offenbach, Hanau und anderen Teilen des Rhein-Main-Gebiets f&uuml;r manchen die Frostfrage in besonderem Ma&szlig;e.<br clear=\"all\" \/>   <\/p>\n   <div><span class=\"my_article_details\"><time datetime=\"2026-04-30\">30.04.2026<\/time> &middot; <a href=\"\/news\/offenbach-aktuell\" title=\"Offenbach heute aktuell\">Offenbach<\/a> &middot; Wetter &middot; <\/span><a href=\"https:\/\/www.op-online.de\/hessen\/prognose-bringen-die-eisheiligen-den-frost-nach-offenbach-hanau-zurueck-experten-wagen-wetter-94286052.html\" title=\"Link zum Artikel auf op-online.de\" target=\"_blank\">op-online.de<\/a><\/div>\n  <\/div>\n <\/article>\n <\/div>\n <div class=\"post\" style=\"margin-bottom:40px;\">\n <article>\n  <h3><a name=\"05879cda\" href=\"https:\/\/www.rheinmainverlag.de\/2026\/04\/30\/freiwillige-feuerwehr-heusenstamm-feiert-ihr-150-jaehriges-bestehen\/\" style=\"color:#333333;\" target=\"_blank\">Freiwillige Feuerwehr Heusenstamm feiert ihr 150-j\u00e4hriges Bestehen<\/a><\/h3>\n  <div class=\"entry\">\n   <p style=\"margin-bottom:4px;\">\n   <a href=\"https:\/\/www.rheinmainverlag.de\/2026\/04\/30\/freiwillige-feuerwehr-heusenstamm-feiert-ihr-150-jaehriges-bestehen\/\" target=\"_blank\"><img decoding=\"async\" src=\"\/feeds\/gfx\/rheinmainverlag.de.png\" style=\"align:left !important; float:left !important; margin-top:4px !important; margin-right:8px !important; margin-bottom:4px !important; width:90px !important;\" \/><\/a>    Ein Jubil&auml;um, das Geschichte atmet, Gemeinschaft feiert und die unverzichtbare Arbeit ehrenamtlicher Helden in den Mittelpunkt stellt: Die Freiwillige Feuerwehr Heusenstamm blickte am Samstagabend im voll besetzten Kultur- und Sportzentrum Martinsee auf 150 ...<br clear=\"all\" \/>   <\/p>\n   <div><span class=\"my_article_details\"><time datetime=\"2026-04-30\">30.04.2026<\/time> &middot; <a href=\"\/news\/braende-offenbach-am-main\" title=\"Br\u00e4nde Offenbach am Main\">Feuerwehr<\/a> &middot; <a href=\"\/news\/polizeieinsaetze-offenbach-am-main\" title=\"Polizeieins\u00e4tze Offenbach am Main\">Kreis Offenbach<\/a> &middot; <\/span><a href=\"https:\/\/www.rheinmainverlag.de\/2026\/04\/30\/freiwillige-feuerwehr-heusenstamm-feiert-ihr-150-jaehriges-bestehen\/\" title=\"Link zum Artikel auf rheinmainverlag.de\" target=\"_blank\">rheinmainverlag.de<\/a><\/div>\n  <\/div>\n <\/article>\n <\/div>\n <div class=\"post\" style=\"margin-bottom:40px;\">\n <article>\n  <h3><a name=\"dc40c770\" href=\"https:\/\/www.evo-ag.de\/presse\/pressemitteilungen\/details\/stromausfall-in-heusenstamm\" style=\"color:#333333;\" target=\"_blank\">EVO: Stromausfall in Heusenstamm<\/a><\/h3>\n  <div class=\"entry\">\n   <p style=\"margin-bottom:4px;\">\n   <a href=\"https:\/\/www.evo-ag.de\/presse\/pressemitteilungen\/details\/stromausfall-in-heusenstamm\" target=\"_blank\"><img decoding=\"async\" src=\"\/feeds\/gfx\/evo-ag.de.png\" style=\"align:left !important; float:left !important; margin-top:4px !important; margin-right:8px !important; margin-bottom:4px !important; width:90px !important;\" \/><\/a>    HEUSENSTAMM, 30. April 2026. Heute Nacht ist es in gro\u00dfen Teilen von Heusenstamm zu einem Stromausfall gekommen. Ausgefallen waren insgesamt 15 Stationen, betroffen waren B\u00fcrgerinnen und B\u00fcrger etwa an der Frankfurter Stra\u00dfe, an der Jahnstra\u00dfe und ...<br clear=\"all\" \/>   <\/p>\n   <div><span class=\"my_article_details\"><time datetime=\"2026-04-30\">30.04.2026<\/time> &middot; Energie &middot; <a href=\"\/news\/offenbach-aktuell\" title=\"Offenbach heute aktuell\">Offenbach<\/a> &middot; <\/span><a href=\"https:\/\/www.evo-ag.de\/presse\/pressemitteilungen\/details\/stromausfall-in-heusenstamm\" title=\"Link zum Artikel auf evo-ag.de\" target=\"_blank\">evo-ag.de<\/a><\/div>\n  <\/div>\n <\/article>\n <\/div>\n <div class=\"post\" style=\"margin-bottom:40px;\">\n <article>\n  <h3><a name=\"40b66676\" href=\"https:\/\/www.op-online.de\/region\/langen\/mehr-als-zwei-tonnen-speiseoel-in-gelben-boxen-gesammelt-94285091.html\" style=\"color:#333333;\" target=\"_blank\">Mehr als zwei Tonnen Speise\u00f6l in gelben Boxen gesammelt \u2013 Recycling-Projekt kommt gut an<\/a><\/h3>\n  <div class=\"entry\">\n   <p style=\"margin-bottom:4px;\">\n   <a href=\"https:\/\/www.op-online.de\/region\/langen\/mehr-als-zwei-tonnen-speiseoel-in-gelben-boxen-gesammelt-94285091.html\" target=\"_blank\"><img decoding=\"async\" src=\"https:\/\/www.op-online.de\/assets\/images\/42\/396\/42396581-zufrieden-mit-dem-ersten-jahr-muenzer-vertriebsleiter-albert-bechtoldt-egelsbachs-buergermeister-tobias-wilbrand-aleg-teamleiter-jens-roemischer-1EAYPGRtsu01.jpg\" style=\"align:left !important; float:left !important; margin-top:4px !important; margin-right:8px !important; margin-bottom:4px !important; width:90px !important;\" \/><\/a>    Die Sammelboxen f&uuml;r Altspeise&ouml;l werden in Langen und Egelsbach gut angenommen. Weitere Standorte sind denkbar.<br clear=\"all\" \/>   <\/p>\n   <div><span class=\"my_article_details\"><time datetime=\"2026-04-30\">30.04.2026<\/time> &middot; <a href=\"\/news\/egelsbach-aktuell\" title=\"Egelsbach heute aktuell\">Egelsbach<\/a> &middot; <a href=\"\/news\/egelsbach-nachrichten\" title=\"Egelsbach Nachrichten\">News<\/a> &middot; <\/span><a href=\"https:\/\/www.op-online.de\/region\/langen\/mehr-als-zwei-tonnen-speiseoel-in-gelben-boxen-gesammelt-94285091.html\" title=\"Link zum Artikel auf op-online.de\" target=\"_blank\">op-online.de<\/a><\/div>\n  <\/div>\n <\/article>\n <\/div>\n <div class=\"post\" style=\"margin-bottom:40px;\">\n <article>\n  <h3><a name=\"56e7c614\" href=\"https:\/\/www.op-online.de\/sport\/lokalsport\/klime-gjorgjieski-verlaesst-seine-familie-in-egelsbach-fuer-die-regionalliga-94285160.html\" style=\"color:#333333;\" target=\"_blank\">Klime Gjorgjieski verl\u00e4sst seine \u201eFamilie&quot; in Egelsbach f\u00fcr die Regionalliga<\/a><\/h3>\n  <div class=\"entry\">\n   <p style=\"margin-bottom:4px;\">\n   <a href=\"https:\/\/www.op-online.de\/sport\/lokalsport\/klime-gjorgjieski-verlaesst-seine-familie-in-egelsbach-fuer-die-regionalliga-94285160.html\" target=\"_blank\"><img decoding=\"async\" src=\"https:\/\/www.op-online.de\/assets\/images\/42\/393\/42393381-handball-maenner-oberliga-sued-sg-egelsbach-hsg-aschafftal-der-egelsbacher-klime-gjorglieski-kommt-frei-zum-wurf-und-markiert-einen-treffer-re-tim-2j01.jpg\" style=\"align:left !important; float:left !important; margin-top:4px !important; margin-right:8px !important; margin-bottom:4px !important; width:90px !important;\" \/><\/a>    Nach f&uuml;nf Jahren wechselt der Linksh&auml;nder zur TSG Offenbach-B&uuml;rgel. Der Abschied von Egelsbach f&auml;llt dem 27-J&auml;hrigen nicht leicht.<br clear=\"all\" \/>   <\/p>\n   <div><span class=\"my_article_details\"><time datetime=\"2026-04-29\">29.04.2026<\/time> &middot; <a href=\"\/news\/egelsbach-aktuell\" title=\"Egelsbach heute aktuell\">Egelsbach<\/a> &middot; <a href=\"\/news\/egelsbach-nachrichten\" title=\"Egelsbach Nachrichten\">News<\/a> &middot; <\/span><a href=\"https:\/\/www.op-online.de\/sport\/lokalsport\/klime-gjorgjieski-verlaesst-seine-familie-in-egelsbach-fuer-die-regionalliga-94285160.html\" title=\"Link zum Artikel auf op-online.de\" target=\"_blank\">op-online.de<\/a><\/div>\n  <\/div>\n <\/article>\n <\/div>\n <div class=\"post\" style=\"margin-bottom:40px;\">\n <article>\n  <h3><a name=\"9020daf7\" href=\"https:\/\/www.hessenschau.de\/panorama\/durchsuchungen-im-kreis-offenbach-razzia-gegen-internationale-geldwaescherbande-v1,geldwaesche-razzia-100.html\" style=\"color:#333333;\" target=\"_blank\">Durchsuchungen im Kreis Offenbach: Razzia gegen internationale Geldw\u00e4scherbande<\/a><\/h3>\n  <div class=\"entry\">\n   <p style=\"margin-bottom:4px;\">\n   <a href=\"https:\/\/www.hessenschau.de\/panorama\/durchsuchungen-im-kreis-offenbach-razzia-gegen-internationale-geldwaescherbande-v1,geldwaesche-razzia-100.html\" target=\"_blank\"><img decoding=\"async\" src=\"https:\/\/www.hessenschau.de\/panorama\/razzia-geldwaesche-100~_t-1777473601035_v-16to9.jpg\" style=\"align:left !important; float:left !important; margin-top:4px !important; margin-right:8px !important; margin-bottom:4px !important; width:90px !important;\" \/><\/a>    Mit Durchsuchungen unter anderem im Kreis Offenbach ist die Polizei gegen eine mutma&szlig;liche Geldw&auml;scherbande vorgegangen. Sie soll f&uuml;r eine chinesische Organisation Bargeldsummen im Millionenbereich verschoben haben. ...<br clear=\"all\" \/>   <\/p>\n   <div><span class=\"my_article_details\"><time datetime=\"2026-04-29\">29.04.2026<\/time> &middot; <a href=\"\/news\/polizeieinsaetze-offenbach-am-main\" title=\"Polizeieins\u00e4tze Offenbach am Main\">Kreis Offenbach<\/a> &middot; <a href=\"\/news\/egelsbach-polizeimeldungen\" title=\"Polizeieins\u00e4tze Egelsbach\">Polizei<\/a> &middot; <\/span><a href=\"https:\/\/www.hessenschau.de\/panorama\/durchsuchungen-im-kreis-offenbach-razzia-gegen-internationale-geldwaescherbande-v1,geldwaesche-razzia-100.html\" title=\"Link zum Artikel auf hessenschau.de\" target=\"_blank\">hessenschau.de<\/a><\/div>\n  <\/div>\n <\/article>\n <\/div>\n <div class=\"post\" style=\"margin-bottom:40px;\">\n <article>\n  <h3><a name=\"128af539\" href=\"https:\/\/www.fr.de\/rhein-main\/landespolitik\/afd-wird-wegen-kritik-am-frankfurter-flughafen-scharf-angegriffen-94285047.html\" style=\"color:#333333;\" target=\"_blank\">AfD wird wegen Kritik am Frankfurter Flughafen scharf angegriffen<\/a><\/h3>\n  <div class=\"entry\">\n   <p style=\"margin-bottom:4px;\">\n   <a href=\"https:\/\/www.fr.de\/rhein-main\/landespolitik\/afd-wird-wegen-kritik-am-frankfurter-flughafen-scharf-angegriffen-94285047.html\" target=\"_blank\"><img decoding=\"async\" src=\"https:\/\/www.fr.de\/assets\/images\/42\/306\/42306005-frankfurt-22-04-2026-flughafen-terminal-auf-der-suedseite-des-airports-mit-einem-offiziellen-festakt-in-der-markthalle-eroeffnet-die-fraport-ag-eines-Z01.jpg\" style=\"align:left !important; float:left !important; margin-top:4px !important; margin-right:8px !important; margin-bottom:4px !important; width:90px !important;\" \/><\/a>    Die demokratischen Fraktionen werfen der AfD vor, den Wirtschaftsstandort zu sch&auml;digen. Auch die Gr&uuml;nen &uuml;ben Kritik am Terminal.<br clear=\"all\" \/>   <\/p>\n   <div><span class=\"my_article_details\"><time datetime=\"2026-04-29\">29.04.2026<\/time> &middot; <a href=\"\/news\/fluglaerm-offenbach-am-main\" title=\"Flugl\u00e4rm Offenbach am Main\">Flughafen<\/a> &middot; Frankfurt &middot; <\/span><a href=\"https:\/\/www.fr.de\/rhein-main\/landespolitik\/afd-wird-wegen-kritik-am-frankfurter-flughafen-scharf-angegriffen-94285047.html\" title=\"Link zum Artikel auf fr.de\" target=\"_blank\">fr.de<\/a><\/div>\n  <\/div>\n <\/article>\n <\/div>\n <div class=\"post\" style=\"margin-bottom:40px;\">\n <article>\n  <h3><a name=\"8ec6bb9a\" href=\"https:\/\/www.egelsbach.de\/rathaus-politik\/aktuelles\/neuigkeiten-der-gemeinde\/2026\/april\/egelsbach-und-langen-fuer-co2-einsparung-ausgezeichnet\/\" style=\"color:#333333;\" target=\"_blank\">Egelsbach und Langen f\u00fcr CO\u2082-Einsparung ausgezeichnet<\/a><\/h3>\n  <div class=\"entry\">\n   <p style=\"margin-bottom:4px;\">\n   <a href=\"https:\/\/www.egelsbach.de\/rathaus-politik\/aktuelles\/neuigkeiten-der-gemeinde\/2026\/april\/egelsbach-und-langen-fuer-co2-einsparung-ausgezeichnet\/\" target=\"_blank\"><img decoding=\"async\" src=\"\/feeds\/gfx\/egelsbach.de.png\" style=\"align:left !important; float:left !important; margin-top:4px !important; margin-right:8px !important; margin-bottom:4px !important; width:90px !important;\" \/><\/a>    Die Kommunen Egelsbach und Langen haben gemeinsam mit der Abfallservice Langen Egelsbach GmbH (ALEG) und M\u00fcnzer Deutschland einen messbaren Beitrag zum Klimaschutz geleistet: Seit dem Start der Altspeise\u00f6lsammlung im M\u00e4rz 2025 wurden rund 2.400 Kilogramm gebrauchtes ...<br clear=\"all\" \/>   <\/p>\n   <div><span class=\"my_article_details\"><time datetime=\"2026-04-29\">29.04.2026<\/time> &middot; <a href=\"\/news\/egelsbach-aktuell\" title=\"Egelsbach heute aktuell\">Egelsbach<\/a> &middot; <a href=\"\/news\/egelsbach-nachrichten\" title=\"Egelsbach Nachrichten\">News<\/a> &middot; <\/span><a href=\"https:\/\/www.egelsbach.de\/rathaus-politik\/aktuelles\/neuigkeiten-der-gemeinde\/2026\/april\/egelsbach-und-langen-fuer-co2-einsparung-ausgezeichnet\/\" title=\"Link zum Artikel auf egelsbach.de\" target=\"_blank\">egelsbach.de<\/a><\/div>\n  <\/div>\n <\/article>\n <\/div>\n<div class=\"post\" style=\"background-color: #f4f4f4; margin-bottom: 40px; padding: 10px;\"><article><a style=\"color: #000000; font-size: 20px; font-weight: normal; text-decoration: underlined;\" href=\"https:\/\/www.tagesschau.de\/wirtschaft\/energie\/boom-batteriespeicher-deutschland-energiewende-100.html\" target=\"_blank\">Batteriegro\u00dfspeicher erleben einen Boom<\/a><\/p><div class=\"entry\"><p style=\"margin-bottom: 4px;\"><a href=\"https:\/\/www.tagesschau.de\/wirtschaft\/energie\/boom-batteriespeicher-deutschland-energiewende-100.html\" target=\"_blank\" rel=\"noopener\"><img decoding=\"async\" style=\"align: left !important; float: left !important; margin-top: 4px !important; margin-right: 8px !important; margin-bottom: 4px !important; width: 90px !important;\" src=\"data:image\/gif;base64,R0lGODlhAQABAIAAAAAAAP\/\/\/yH5BAEAAAAALAAAAAABAAEAAAIBRAA7\" data-src=\"https:\/\/www.heusenstaemmchen.de\/feeds\/gfx\/tagesschau.de.png\" \/><\/a>Um Erneuerbare Energien effizienter zu nutzen, werden Batterie&shy;gro\u00df&shy;speicher ben\u00f6tigt. F\u00fcr Experten sind sie ein entscheidender Baustein der Energiewende. Die Nachfrage ist enorm.<br clear=\"all\" \/><\/p><div><b>Schon gewusst?<\/b> \u00b7 Regenerative Energien \u00b7 <a title=\"Mehr Details auf tagesschau.de\" href=\"https:\/\/www.tagesschau.de\/wirtschaft\/energie\/boom-batteriespeicher-deutschland-energiewende-100.html\" rel=\"noopener\">tagesschau.de<\/a><\/div><\/div><\/article><\/div> <div class=\"post\" style=\"margin-bottom:40px;\">\n <article>\n  <h3><a name=\"de0efc66\" href=\"https:\/\/www.iz.de\/transaktionen\/news\/-laer-will-gewerbepark-am-frankfurter-flughafen-entwickeln-2000043431?utm_source=rss&utm_medium=referral&utm_campaign=news&utm_term=\" style=\"color:#333333;\" target=\"_blank\">Immobilien: Laer will Gewerbepark am Frankfurter Flughafen entwickeln<\/a><\/h3>\n  <div class=\"entry\">\n   <p style=\"margin-bottom:4px;\">\n   <a href=\"https:\/\/www.iz.de\/transaktionen\/news\/-laer-will-gewerbepark-am-frankfurter-flughafen-entwickeln-2000043431?utm_source=rss&utm_medium=referral&utm_campaign=news&utm_term=\" target=\"_blank\"><img decoding=\"async\" src=\"\/feeds\/gfx\/iz.de.png\" style=\"align:left !important; float:left !important; margin-top:4px !important; margin-right:8px !important; margin-bottom:4px !important; width:90px !important;\" \/><\/a>    Der Projektentwickler Laer hat sich ein Areal in der N&auml;he des Frankfurter Flughafens gesichert. Er plant dort einen Gewerbepark.<br clear=\"all\" \/>   <\/p>\n   <div><span class=\"my_article_details\"><time datetime=\"2026-04-28\">28.04.2026<\/time> &middot; <a href=\"\/news\/fluglaerm-offenbach-am-main\" title=\"Flugl\u00e4rm Offenbach am Main\">Flughafen<\/a> &middot; Frankfurt &middot; <\/span><a href=\"https:\/\/www.iz.de\/transaktionen\/news\/-laer-will-gewerbepark-am-frankfurter-flughafen-entwickeln-2000043431?utm_source=rss&utm_medium=referral&utm_campaign=news&utm_term=\" title=\"Link zum Artikel auf iz.de\" target=\"_blank\">iz.de<\/a><\/div>\n  <\/div>\n <\/article>\n <\/div>\n <div class=\"post\" style=\"margin-bottom:40px;\">\n <article>\n  <h3><a name=\"4723d83f\" href=\"https:\/\/www.rheinmainverlag.de\/2026\/04\/28\/kreis-offenbach-und-berehowe-staerken-zusammenarbeit\/\" style=\"color:#333333;\" target=\"_blank\">Kreis Offenbach und Berehowe st\u00e4rken Zusammenarbeit<\/a><\/h3>\n  <div class=\"entry\">\n   <p style=\"margin-bottom:4px;\">\n   <a href=\"https:\/\/www.rheinmainverlag.de\/2026\/04\/28\/kreis-offenbach-und-berehowe-staerken-zusammenarbeit\/\" target=\"_blank\"><img decoding=\"async\" src=\"\/feeds\/gfx\/rheinmainverlag.de.png\" style=\"align:left !important; float:left !important; margin-top:4px !important; margin-right:8px !important; margin-bottom:4px !important; width:90px !important;\" \/><\/a>    St&auml;dtepartnerschaftsvertrag unterzeichnet Der Kreis Offenbach und die Stadt Berehowe im Westen der Ukraine sind seit fast drei Jahren miteinander verbunden. Mit der Unterzeichnung des St&auml;dtepartnerschaftsvertrages haben beide Kommunen dies am Montagabend bekr&auml;ftigt. ...<br clear=\"all\" \/>   <\/p>\n   <div><span class=\"my_article_details\"><time datetime=\"2026-04-28\">28.04.2026<\/time> &middot; <a href=\"\/news\/polizeieinsaetze-offenbach-am-main\" title=\"Polizeieins\u00e4tze Offenbach am Main\">Kreis Offenbach<\/a> &middot; <\/span><a href=\"https:\/\/www.rheinmainverlag.de\/2026\/04\/28\/kreis-offenbach-und-berehowe-staerken-zusammenarbeit\/\" title=\"Link zum Artikel auf rheinmainverlag.de\" target=\"_blank\">rheinmainverlag.de<\/a><\/div>\n  <\/div>\n <\/article>\n <\/div>\n <div class=\"post\" style=\"margin-bottom:40px;\">\n <article>\n  <h3><a name=\"ba6e2353\" href=\"https:\/\/www.hessenschau.de\/politik\/steuer-projekt-in-hessen-selbst-finanzminister-lorz-ist-die-steuererklaerung-zu-kompliziert-v1,lorz-steuererklaerung-100.html\" style=\"color:#333333;\" target=\"_blank\">Steuer-Projekt in Hessen: Selbst Finanzminister Lorz ist die Steuererkl\u00e4rung &quot;zu kompliziert&quot;<\/a><\/h3>\n  <div class=\"entry\">\n   <p style=\"margin-bottom:4px;\">\n   <a href=\"https:\/\/www.hessenschau.de\/politik\/steuer-projekt-in-hessen-selbst-finanzminister-lorz-ist-die-steuererklaerung-zu-kompliziert-v1,lorz-steuererklaerung-100.html\" target=\"_blank\"><img decoding=\"async\" src=\"https:\/\/www.hessenschau.de\/politik\/alexander-lorz-112~_t-1777353729491_v-16to9.jpg\" style=\"align:left !important; float:left !important; margin-top:4px !important; margin-right:8px !important; margin-bottom:4px !important; width:90px !important;\" \/><\/a>    Finanzminister Lorz will die Steuererkl&auml;rung vereinfachen, das angelaufene Projekt &quot;Die Steuer macht das Amt&quot; soll dabei helfen. In dieser Woche wird im Landtag dar&uuml;ber diskutiert. Passend dazu gibt der Minister Einblick in seine Steuer-Praktiken. ...<br clear=\"all\" \/>   <\/p>\n   <div><span class=\"my_article_details\"><time datetime=\"2026-04-28\">28.04.2026<\/time> &middot; Hessen &middot; Landtag &middot; <\/span><a href=\"https:\/\/www.hessenschau.de\/politik\/steuer-projekt-in-hessen-selbst-finanzminister-lorz-ist-die-steuererklaerung-zu-kompliziert-v1,lorz-steuererklaerung-100.html\" title=\"Link zum Artikel auf hessenschau.de\" target=\"_blank\">hessenschau.de<\/a><\/div>\n  <\/div>\n <\/article>\n <\/div>\n <div class=\"post\" style=\"margin-bottom:40px;\">\n <article>\n  <h3><a name=\"557a94e2\" href=\"https:\/\/www.rheinmainverlag.de\/2026\/04\/28\/gefaehrliche-koerperverletzung-unter-arbeitskollegen-am-flughafen-frankfurt\/\" style=\"color:#333333;\" target=\"_blank\">Gef\u00e4hrliche K\u00f6rperverletzung unter Arbeitskollegen am Flughafen Frankfurt<\/a><\/h3>\n  <div class=\"entry\">\n   <p style=\"margin-bottom:4px;\">\n   <a href=\"https:\/\/www.rheinmainverlag.de\/2026\/04\/28\/gefaehrliche-koerperverletzung-unter-arbeitskollegen-am-flughafen-frankfurt\/\" target=\"_blank\"><img decoding=\"async\" src=\"\/feeds\/gfx\/rheinmainverlag.de.png\" style=\"align:left !important; float:left !important; margin-top:4px !important; margin-right:8px !important; margin-bottom:4px !important; width:90px !important;\" \/><\/a>    Am sp&auml;ten Sonntagabend eskalierte ein Streit unter Mitarbeitenden am Flughafen Frankfurt, welcher bereits am Nachmittag begonnen habe. Nach aktuellen Erkenntnissen gerieten zwei Angestellte desselben Unternehmens bereits tags&uuml;ber in Streit. Dies veranlasste ...<br clear=\"all\" \/>   <\/p>\n   <div><span class=\"my_article_details\"><time datetime=\"2026-04-28\">28.04.2026<\/time> &middot; <a href=\"\/news\/fluglaerm-offenbach-am-main\" title=\"Flugl\u00e4rm Offenbach am Main\">Flughafen<\/a> &middot; Frankfurt &middot; <\/span><a href=\"https:\/\/www.rheinmainverlag.de\/2026\/04\/28\/gefaehrliche-koerperverletzung-unter-arbeitskollegen-am-flughafen-frankfurt\/\" title=\"Link zum Artikel auf rheinmainverlag.de\" target=\"_blank\">rheinmainverlag.de<\/a><\/div>\n  <\/div>\n <\/article>\n <\/div>\n <div class=\"post\" style=\"margin-bottom:40px;\">\n <article>\n  <h3><a name=\"6ac37a28\" href=\"https:\/\/www.kreis-offenbach.de\/Service\/Medienservice\/Aktuelle-Pressemitteilungen\/Vorlesen-er%C3%B6ffnet-Kindern-die-Welt.php?object=tx,4013.5.1&ModID=7&FID=4013.3398.1&NavID=4013.211&La=1\" style=\"color:#333333;\" target=\"_blank\">Vorlesen er\u00f6ffnet Kindern die Welt<\/a><\/h3>\n  <div class=\"entry\">\n   <p style=\"margin-bottom:4px;\">\n   <a href=\"https:\/\/www.kreis-offenbach.de\/Service\/Medienservice\/Aktuelle-Pressemitteilungen\/Vorlesen-er%C3%B6ffnet-Kindern-die-Welt.php?object=tx,4013.5.1&ModID=7&FID=4013.3398.1&NavID=4013.211&La=1\" target=\"_blank\"><img decoding=\"async\" src=\"\/feeds\/gfx\/kreis-offenbach.de.png\" style=\"align:left !important; float:left !important; margin-top:4px !important; margin-right:8px !important; margin-bottom:4px !important; width:90px !important;\" \/><\/a>    Lesef\u00f6rderung ist eine ganz wichtige Voraussetzung, dass Kinder sich die Welt erschlie\u00dfen k\u00f6nnen. Um Eltern dabei zu unterst\u00fctzen, werden im Kreis Offenbach  ...<br clear=\"all\" \/>   <\/p>\n   <div><span class=\"my_article_details\"><time datetime=\"2026-04-28\">28.04.2026<\/time> &middot; <a href=\"\/news\/polizeieinsaetze-offenbach-am-main\" title=\"Polizeieins\u00e4tze Offenbach am Main\">Kreis Offenbach<\/a> &middot; <\/span><a href=\"https:\/\/www.kreis-offenbach.de\/Service\/Medienservice\/Aktuelle-Pressemitteilungen\/Vorlesen-er%C3%B6ffnet-Kindern-die-Welt.php?object=tx,4013.5.1&ModID=7&FID=4013.3398.1&NavID=4013.211&La=1\" title=\"Link zum Artikel auf kreis-offenbach.de\" target=\"_blank\">kreis-offenbach.de<\/a><\/div>\n  <\/div>\n <\/article>\n <\/div>\n <div class=\"post\" style=\"margin-bottom:40px;\">\n <article>\n  <h3><a name=\"e22a9744\" href=\"https:\/\/www.kreis-offenbach.de\/Service\/Medienservice\/Aktuelle-Pressemitteilungen\/Druckfrischer-Veranstaltungskalender-erschienen-33-Kultursommer-S%C3%BCdhessen-mit-%C3%BCber-360-Veranstaltungen.php?object=tx,4013.5.1&ModID=7&FID=4013.3402.1&NavID=4013.211&La=1\" style=\"color:#333333;\" target=\"_blank\">Druckfrischer Veranstaltungskalender erschienen: 33. Kultursommer S\u00fcdhessen mit \u00fcber 360 Veranstaltungen<\/a><\/h3>\n  <div class=\"entry\">\n   <p style=\"margin-bottom:4px;\">\n   <a href=\"https:\/\/www.kreis-offenbach.de\/Service\/Medienservice\/Aktuelle-Pressemitteilungen\/Druckfrischer-Veranstaltungskalender-erschienen-33-Kultursommer-S%C3%BCdhessen-mit-%C3%BCber-360-Veranstaltungen.php?object=tx,4013.5.1&ModID=7&FID=4013.3402.1&NavID=4013.211&La=1\" target=\"_blank\"><img decoding=\"async\" src=\"\/feeds\/gfx\/kreis-offenbach.de.png\" style=\"align:left !important; float:left !important; margin-top:4px !important; margin-right:8px !important; margin-bottom:4px !important; width:90px !important;\" \/><\/a>    Vielfalt erleben &ndash; R\u00e4ume \u00f6ffnen: Kultur f\u00fcr alle Generationen von Juni bis September<br clear=\"all\" \/>   <\/p>\n   <div><span class=\"my_article_details\"><time datetime=\"2026-04-28\">28.04.2026<\/time> &middot; <a href=\"\/news\/polizeieinsaetze-offenbach-am-main\" title=\"Polizeieins\u00e4tze Offenbach am Main\">Kreis Offenbach<\/a> &middot; <\/span><a href=\"https:\/\/www.kreis-offenbach.de\/Service\/Medienservice\/Aktuelle-Pressemitteilungen\/Druckfrischer-Veranstaltungskalender-erschienen-33-Kultursommer-S%C3%BCdhessen-mit-%C3%BCber-360-Veranstaltungen.php?object=tx,4013.5.1&ModID=7&FID=4013.3402.1&NavID=4013.211&La=1\" title=\"Link zum Artikel auf kreis-offenbach.de\" target=\"_blank\">kreis-offenbach.de<\/a><\/div>\n  <\/div>\n <\/article>\n <\/div>\n <div class=\"post\" style=\"margin-bottom:40px;\">\n <article>\n  <h3><a name=\"a2e30fb8\" href=\"https:\/\/www.1730live.de\/2026\/04\/27\/droht-ein-kerosin-mangel\/\" style=\"color:#333333;\" target=\"_blank\">Droht ein Kerosin-Mangel?<\/a><\/h3>\n  <div class=\"entry\">\n   <p style=\"margin-bottom:4px;\">\n   <a href=\"https:\/\/www.1730live.de\/2026\/04\/27\/droht-ein-kerosin-mangel\/\" target=\"_blank\"><img decoding=\"async\" src=\"\/feeds\/gfx\/1730live.de.png\" style=\"align:left !important; float:left !important; margin-top:4px !important; margin-right:8px !important; margin-bottom:4px !important; width:90px !important;\" \/><\/a>    Die Hoffnung auf ein wirtschaftliches Fr&uuml;hlingserwachen ist verflogen. Stattdessen ist die Energiekrise seit dem Beginn des Kriegs im Nahen Osten noch dramatischer. Nicht nur der Sprit an der Tankstelle ist extrem teuer, sondern auch Flugbenzin, Kerosin. Was ...<br clear=\"all\" \/>   <\/p>\n   <div><span class=\"my_article_details\"><time datetime=\"2026-04-27\">27.04.2026<\/time> &middot; <a href=\"\/news\/fluglaerm-offenbach-am-main\" title=\"Flugl\u00e4rm Offenbach am Main\">Flughafen<\/a> &middot; Frankfurt &middot; <\/span><a href=\"https:\/\/www.1730live.de\/2026\/04\/27\/droht-ein-kerosin-mangel\/\" title=\"Link zum Artikel auf 1730live.de\" target=\"_blank\">1730live.de<\/a><\/div>\n  <\/div>\n <\/article>\n <\/div>\n <div class=\"post\" style=\"margin-bottom:40px;\">\n <article>\n  <h3><a name=\"fdf9ebaa\" href=\"https:\/\/www.hessenschau.de\/kultur\/terminal-3-architekt-maeckler-ich-baue-weiter-solange-es-mir-spass-macht-v1,christoph-maeckler-interview-100.html\" style=\"color:#333333;\" target=\"_blank\">Terminal-3-Architekt M\u00e4ckler: &quot;Ich baue weiter, solange es mir Spa\u00df macht&quot;<\/a><\/h3>\n  <div class=\"entry\">\n   <p style=\"margin-bottom:4px;\">\n   <a href=\"https:\/\/www.hessenschau.de\/kultur\/terminal-3-architekt-maeckler-ich-baue-weiter-solange-es-mir-spass-macht-v1,christoph-maeckler-interview-100.html\" target=\"_blank\"><img decoding=\"async\" src=\"https:\/\/www.hessenschau.de\/rheinmain\/terminal_drei-102~_t-1777295431378_v-16to9.jpg\" style=\"align:left !important; float:left !important; margin-top:4px !important; margin-right:8px !important; margin-bottom:4px !important; width:90px !important;\" \/><\/a>    F&uuml;r das neue Terminal 3 am Frankfurter Flughafen hat Architekt Christoph M&auml;ckler viel Lob bekommen. Aufh&ouml;ren will der 75-J&auml;hrige trotzdem noch nicht - er hat gro&szlig;e Pl&auml;ne f&uuml;r ein zentrales Bauwerk in der Frankfurter Innenstadt. ...<br clear=\"all\" \/>   <\/p>\n   <div><span class=\"my_article_details\"><time datetime=\"2026-04-27\">27.04.2026<\/time> &middot; <a href=\"\/news\/fluglaerm-offenbach-am-main\" title=\"Flugl\u00e4rm Offenbach am Main\">Flughafen<\/a> &middot; Frankfurt &middot; <\/span><a href=\"https:\/\/www.hessenschau.de\/kultur\/terminal-3-architekt-maeckler-ich-baue-weiter-solange-es-mir-spass-macht-v1,christoph-maeckler-interview-100.html\" title=\"Link zum Artikel auf hessenschau.de\" target=\"_blank\">hessenschau.de<\/a><\/div>\n  <\/div>\n <\/article>\n <\/div>\n<div class=\"post\" style=\"background-color: #e6e6ff; margin-bottom: 40px; padding: 10px;\"><article><a style=\"color: #000000; font-size: 20px; font-weight: normal; text-decoration: underlined;\" href=\"https:\/\/www.ndr.de\/nachrichten\/info\/solarenergie-liefert-erstmals-mehr-strom-als-aus-braunkohle,photovoltaik-124.html\" target=\"_blank\">Solarenergie liefert erstmals mehr Strom als Braunkohle<\/a><\/p><div class=\"entry\"><p style=\"margin-bottom: 4px;\"><a href=\"https:\/\/www.ndr.de\/nachrichten\/info\/solarenergie-liefert-erstmals-mehr-strom-als-aus-braunkohle,photovoltaik-124.html\" target=\"_blank\" rel=\"noopener\"><img decoding=\"async\" style=\"align: left !important; float: left !important; margin-top: 4px !important; margin-right: 8px !important; margin-bottom: 4px !important; width: 90px !important;\" src=\"data:image\/gif;base64,R0lGODlhAQABAIAAAAAAAP\/\/\/yH5BAEAAAAALAAAAAABAAEAAAIBRAA7\" data-src=\"https:\/\/www.heusenstaemmchen.de\/feeds\/gfx\/ndr.de.png\" \/><\/a>Photovoltaik lag vergangenes Jahr zum ersten Mal auf Platz 2 bei der Stromerzeugung in Deutschland &#8211; vor Braunkohle und Erdgas. Insgesamt stieg der Anteil erneuerbarer Energien am Strommix aber nicht.<br clear=\"all\" \/><\/p><div><b>Schon gewusst?<\/b> \u00b7 Regenerative Energien \u00b7 <a title=\"Mehr Details auf ndr.de\" href=\"https:\/\/www.ndr.de\/nachrichten\/info\/solarenergie-liefert-erstmals-mehr-strom-als-aus-braunkohle,photovoltaik-124.html\" target=\"_blank\" rel=\"noopener\">ndr.de<\/a><\/div><\/div><\/article><\/div> <div class=\"post\" style=\"margin-bottom:40px;\">\n <article>\n  <h3><a name=\"4ec0a60c\" href=\"https:\/\/www.rheinmainverlag.de\/2026\/04\/27\/meldeportal-fuer-verdacht-auf-vorkommen-der-grossen-druesenameise\/\" style=\"color:#333333;\" target=\"_blank\">Meldeportal f\u00fcr Verdacht auf Vorkommen der Gro\u00dfen Dr\u00fcsenameise<\/a><\/h3>\n  <div class=\"entry\">\n   <p style=\"margin-bottom:4px;\">\n   <a href=\"https:\/\/www.rheinmainverlag.de\/2026\/04\/27\/meldeportal-fuer-verdacht-auf-vorkommen-der-grossen-druesenameise\/\" target=\"_blank\"><img decoding=\"async\" src=\"\/feeds\/gfx\/rheinmainverlag.de.png\" style=\"align:left !important; float:left !important; margin-top:4px !important; margin-right:8px !important; margin-bottom:4px !important; width:90px !important;\" \/><\/a>    Die gro&szlig;e Dr&uuml;senameise (Tapinoma magnum) ist eine invasive Insektenart, die jetzt auch schon an einigen Stellen in der Stadt und im Kreis Offenbach gesichtet wurde. Da sie sehr aggressiv ist und gro&szlig;e Sch&auml;den verursacht, ruft die st&auml;dtische Umweltberatung die ...<br clear=\"all\" \/>   <\/p>\n   <div><span class=\"my_article_details\"><time datetime=\"2026-04-27\">27.04.2026<\/time> &middot; <a href=\"\/news\/polizeieinsaetze-offenbach-am-main\" title=\"Polizeieins\u00e4tze Offenbach am Main\">Kreis Offenbach<\/a> &middot; <\/span><a href=\"https:\/\/www.rheinmainverlag.de\/2026\/04\/27\/meldeportal-fuer-verdacht-auf-vorkommen-der-grossen-druesenameise\/\" title=\"Link zum Artikel auf rheinmainverlag.de\" target=\"_blank\">rheinmainverlag.de<\/a><\/div>\n  <\/div>\n <\/article>\n <\/div>\n <div class=\"post\" style=\"margin-bottom:40px;\">\n <article>\n  <h3><a name=\"82cd1478\" href=\"https:\/\/www.kreis-offenbach.de\/Service\/Medienservice\/Aktuelle-Pressemitteilungen\/Beflaggung-vor-dem-Kreishaus-am-1-Mai.php?object=tx,4013.5.1&ModID=7&FID=4013.3387.1&NavID=4013.211&La=1\" style=\"color:#333333;\" target=\"_blank\">Beflaggung vor dem Kreishaus am 1. Mai<\/a><\/h3>\n  <div class=\"entry\">\n   <p style=\"margin-bottom:4px;\">\n   <a href=\"https:\/\/www.kreis-offenbach.de\/Service\/Medienservice\/Aktuelle-Pressemitteilungen\/Beflaggung-vor-dem-Kreishaus-am-1-Mai.php?object=tx,4013.5.1&ModID=7&FID=4013.3387.1&NavID=4013.211&La=1\" target=\"_blank\"><img decoding=\"async\" src=\"\/feeds\/gfx\/kreis-offenbach.de.png\" style=\"align:left !important; float:left !important; margin-top:4px !important; margin-right:8px !important; margin-bottom:4px !important; width:90px !important;\" \/><\/a>    Am &bdquo;Tag der Arbeit&ldquo;, dem 1. Mai, werden vor dem Kreishaus in Dietzenbach und anderen \u00f6ffentlichen Geb\u00e4uden Flaggen wehen, um auf die  ...<br clear=\"all\" \/>   <\/p>\n   <div><span class=\"my_article_details\"><time datetime=\"2026-04-27\">27.04.2026<\/time> &middot; <a href=\"\/news\/polizeieinsaetze-offenbach-am-main\" title=\"Polizeieins\u00e4tze Offenbach am Main\">Kreis Offenbach<\/a> &middot; <\/span><a href=\"https:\/\/www.kreis-offenbach.de\/Service\/Medienservice\/Aktuelle-Pressemitteilungen\/Beflaggung-vor-dem-Kreishaus-am-1-Mai.php?object=tx,4013.5.1&ModID=7&FID=4013.3387.1&NavID=4013.211&La=1\" title=\"Link zum Artikel auf kreis-offenbach.de\" target=\"_blank\">kreis-offenbach.de<\/a><\/div>\n  <\/div>\n <\/article>\n <\/div>\n <div class=\"post\" style=\"margin-bottom:40px;\">\n <article>\n  <h3><a name=\"3b85aa9f\" href=\"https:\/\/www.verbraucherzentrale-hessen.de\/node\/119798\" style=\"color:#333333;\" target=\"_blank\">Verbraucherzentrale: Online-Vortrag der Energieberatung im Mai<\/a><\/h3>\n  <div class=\"entry\">\n   <p style=\"margin-bottom:4px;\">\n   <a href=\"https:\/\/www.verbraucherzentrale-hessen.de\/node\/119798\" target=\"_blank\"><img decoding=\"async\" src=\"\/feeds\/gfx\/verbraucherzentrale-hessen.de.png\" style=\"align:left !important; float:left !important; margin-top:4px !important; margin-right:8px !important; margin-bottom:4px !important; width:90px !important;\" \/><\/a>    Kostenloser Online-Vortrag der Verbraucherzentrale Hessen zur Optimierung bestehender Heizanlagen<br clear=\"all\" \/>   <\/p>\n   <div><span class=\"my_article_details\"><time datetime=\"2026-04-27\">27.04.2026<\/time> &middot; Hessen &middot; <\/span><a href=\"https:\/\/www.verbraucherzentrale-hessen.de\/node\/119798\" title=\"Link zum Artikel auf verbraucherzentrale-hessen.de\" target=\"_blank\">verbraucherzentrale-hessen.de<\/a><\/div>\n  <\/div>\n <\/article>\n <\/div>\n <div class=\"post\" style=\"margin-bottom:40px;\">\n <article>\n  <h3><a name=\"399bd3ce\" href=\"https:\/\/www.op-online.de\/sport\/amateur-fussball\/teutonia-hausen-baut-vorsprung-aus-egelsbach-dreht-das-spiel-94279743.html\" style=\"color:#333333;\" target=\"_blank\">Fu\u00dfball: Teutonia Hausen nicht zu stoppen \u2013 Egelsbach dreht das Spiel<\/a><\/h3>\n  <div class=\"entry\">\n   <p style=\"margin-bottom:4px;\">\n   <a href=\"https:\/\/www.op-online.de\/sport\/amateur-fussball\/teutonia-hausen-baut-vorsprung-aus-egelsbach-dreht-das-spiel-94279743.html\" target=\"_blank\"><img decoding=\"async\" src=\"https:\/\/www.op-online.de\/assets\/images\/42\/353\/42353188-pascal-sehnert-li-dud-felix-harth-sel-1401.jpg\" style=\"align:left !important; float:left !important; margin-top:4px !important; margin-right:8px !important; margin-bottom:4px !important; width:90px !important;\" \/><\/a>    Der FC Teutonia siegt mit 5:2 in Dreieichenhain. Die SG Egelsbach k&auml;mpft sich aus einem 0:2-R&uuml;ckstand zur&uuml;ck und gewinnt noch 3:2.<br clear=\"all\" \/>   <\/p>\n   <div><span class=\"my_article_details\"><time datetime=\"2026-04-26\">26.04.2026<\/time> &middot; <a href=\"\/news\/egelsbach-aktuell\" title=\"Egelsbach heute aktuell\">Egelsbach<\/a> &middot; <a href=\"\/news\/egelsbach-nachrichten\" title=\"Egelsbach Nachrichten\">News<\/a> &middot; <\/span><a href=\"https:\/\/www.op-online.de\/sport\/amateur-fussball\/teutonia-hausen-baut-vorsprung-aus-egelsbach-dreht-das-spiel-94279743.html\" title=\"Link zum Artikel auf op-online.de\" target=\"_blank\">op-online.de<\/a><\/div>\n  <\/div>\n <\/article>\n <\/div>\n <div class=\"post\" style=\"margin-bottom:40px;\">\n <article>\n  <h3><a name=\"2a8df219\" href=\"https:\/\/www.hessenschau.de\/wirtschaft\/flughafen-frankfurt-interview-mit-fraport-chef-schulte-zum-terminal-3-v1,interview-fraport-chef-100.html\" style=\"color:#333333;\" target=\"_blank\">Flughafen Frankfurt: Interview mit Fraport-Chef Schulte zum Terminal 3<\/a><\/h3>\n  <div class=\"entry\">\n   <p style=\"margin-bottom:4px;\">\n   <a href=\"https:\/\/www.hessenschau.de\/wirtschaft\/flughafen-frankfurt-interview-mit-fraport-chef-schulte-zum-terminal-3-v1,interview-fraport-chef-100.html\" target=\"_blank\"><img decoding=\"async\" src=\"https:\/\/www.hessenschau.de\/wirtschaft\/stefan-schulte-fraport-100~_t-1777197115365_v-16to9.jpg\" style=\"align:left !important; float:left !important; margin-top:4px !important; margin-right:8px !important; margin-bottom:4px !important; width:90px !important;\" \/><\/a>    Hohe Funktionalit&auml;t gepaart mit Wohlf&uuml;hlatmosph&auml;re: Das neue Terminal 3 am Flughafen Frankfurt hat f&uuml;r Passagiere viel zu bieten. Fraport-Chef Stefan Schulte sieht den Bau als Chance, weiter zu wachsen. ...<br clear=\"all\" \/>   <\/p>\n   <div><span class=\"my_article_details\"><time datetime=\"2026-04-26\">26.04.2026<\/time> &middot; <a href=\"\/news\/fluglaerm-offenbach-am-main\" title=\"Flugl\u00e4rm Offenbach am Main\">Flughafen<\/a> &middot; Frankfurt &middot; <\/span><a href=\"https:\/\/www.hessenschau.de\/wirtschaft\/flughafen-frankfurt-interview-mit-fraport-chef-schulte-zum-terminal-3-v1,interview-fraport-chef-100.html\" title=\"Link zum Artikel auf hessenschau.de\" target=\"_blank\">hessenschau.de<\/a><\/div>\n  <\/div>\n <\/article>\n <\/div>\n <b>Mehr <a href=\"\/news\/egelsbach-nachrichten#27\" title=\"Egelsbach Nachrichten\">Egelsbach-Nachrichten<\/a> ...<\/b>\n<\/div>\n<br \/>\n<br \/>\n\n<div style=\"background-color:#ffffff; margin-top:15px; margin-bottom:15px; padding:10px; text-align:left; word-wrap:break-word;\">\n<h2 style=\"margin:0px; margin-bottom:20px;\"><a name=\"umgebung\"><\/a>Aktuelle News aus Egelsbachs Umgebung<\/h2>\n <div class=\"post\" style=\"margin-bottom:40px;\">\n <article>\n  <h3><a name=\"891716b9\" href=\"https:\/\/www.op-online.de\/sport\/kickers-offenbach\/heim-und-auswaertsgesicht-viele-ausfaelle-und-29-verspielte-punkte-seltsame-ofc-bilanzen-94287884.html\" style=\"color:#333333;\" target=\"_blank\">Heim- und Ausw\u00e4rtsgesicht, viele Ausf\u00e4lle und 29 verspielte Punkte: Seltsame OFC-Bilanzen<\/a><\/h3>\n  <div class=\"entry\">\n   <p style=\"margin-bottom:4px;\">\n   <a href=\"https:\/\/www.op-online.de\/sport\/kickers-offenbach\/heim-und-auswaertsgesicht-viele-ausfaelle-und-29-verspielte-punkte-seltsame-ofc-bilanzen-94287884.html\" target=\"_blank\"><img decoding=\"async\" src=\"https:\/\/www.op-online.de\/assets\/images\/42\/420\/42420506-26-04-2026-xhbx-fussball-regionalliga-suedwest-eintracht-trier-kickers-offenbach-adam-loune-offenbacher-kickers-dfl-dfb-regulations-prohibit-any-use-1Y01.jpg\" style=\"align:left !important; float:left !important; margin-top:4px !important; margin-right:8px !important; margin-bottom:4px !important; width:90px !important;\" \/><\/a>    Die Kickers Offenbach k&auml;mpfen mit extremen Problemen. Neun Spieler fehlen gegen Walldorf, zw&ouml;lfmal wurden F&uuml;hrungen nicht ins Ziel gebracht.<br clear=\"all\" \/>   <\/p>\n   <div><span class=\"my_article_details\"><time datetime=\"2026-05-01\">01.05.2026<\/time> &middot; <\/span><a href=\"https:\/\/www.op-online.de\/sport\/kickers-offenbach\/heim-und-auswaertsgesicht-viele-ausfaelle-und-29-verspielte-punkte-seltsame-ofc-bilanzen-94287884.html\" title=\"Link zum Artikel auf op-online.de\" target=\"_blank\">op-online.de<\/a><\/div>\n  <\/div>\n <\/article>\n <\/div>\n <div class=\"post\" style=\"margin-bottom:40px;\">\n <article>\n  <h3><a name=\"cf5bc0e4\" href=\"https:\/\/www.rheinmainverlag.de\/2026\/05\/01\/gewerbetreibende-fuer-leon-hilfe-inseln-gesucht\/\" style=\"color:#333333;\" target=\"_blank\">Gewerbetreibende in Offenbach f\u00fcr LEON Hilfe-Inseln gesucht<\/a><\/h3>\n  <div class=\"entry\">\n   <p style=\"margin-bottom:4px;\">\n   <a href=\"https:\/\/www.rheinmainverlag.de\/2026\/05\/01\/gewerbetreibende-fuer-leon-hilfe-inseln-gesucht\/\" target=\"_blank\"><img decoding=\"async\" src=\"\/feeds\/gfx\/rheinmainverlag.de.png\" style=\"align:left !important; float:left !important; margin-top:4px !important; margin-right:8px !important; margin-bottom:4px !important; width:90px !important;\" \/><\/a>    Der Schulweg sollte etwas sein, auf dem sich Kinder sicher f&uuml;hlen k&ouml;nnen. Gerade f&uuml;r die J&uuml;ngsten k&ouml;nnen sich im Alltag jedoch herausfordernde Situationen ergeben, in denen sie &#8211; ebenso wie ihre Eltern &#8211; dankbar f&uuml;r Anlaufstellen sind, die Schutz ...<br clear=\"all\" \/>   <\/p>\n   <div><span class=\"my_article_details\"><time datetime=\"2026-05-01\">01.05.2026<\/time> &middot; <\/span><a href=\"https:\/\/www.rheinmainverlag.de\/2026\/05\/01\/gewerbetreibende-fuer-leon-hilfe-inseln-gesucht\/\" title=\"Link zum Artikel auf rheinmainverlag.de\" target=\"_blank\">rheinmainverlag.de<\/a><\/div>\n  <\/div>\n <\/article>\n <\/div>\n <div class=\"post\" style=\"margin-bottom:40px;\">\n <article>\n  <h3><a name=\"f3544d1f\" href=\"https:\/\/www.rheinmainverlag.de\/2026\/05\/01\/betrueger-ueberlisteten-seniorin-zeugensuche-nach-trickbetrug-in-mainhausen\/\" style=\"color:#333333;\" target=\"_blank\">Betr\u00fcger \u00fcberlisteten Seniorin: Zeugensuche nach Trickbetrug in Mainhausen<\/a><\/h3>\n  <div class=\"entry\">\n   <p style=\"margin-bottom:4px;\">\n   <a href=\"https:\/\/www.rheinmainverlag.de\/2026\/05\/01\/betrueger-ueberlisteten-seniorin-zeugensuche-nach-trickbetrug-in-mainhausen\/\" target=\"_blank\"><img decoding=\"async\" src=\"\/feeds\/gfx\/rheinmainverlag.de.png\" style=\"align:left !important; float:left !important; margin-top:4px !important; margin-right:8px !important; margin-bottom:4px !important; width:90px !important;\" \/><\/a>    Zwischen 20 und 30 Jahre alt, etwa 1,80 Meter gro&szlig; und von schlanker Figur, markante Frisur mit einem Undercut, bekleidet mit einem grauen Sweatshirt, einer hellbeigen Hose sowie hellen Schuhen: Nach einem Mann mit dieser Personenbeschreibung sucht die Polizei ...<br clear=\"all\" \/>   <\/p>\n   <div><span class=\"my_article_details\"><time datetime=\"2026-05-01\">01.05.2026<\/time> &middot; <\/span><a href=\"https:\/\/www.rheinmainverlag.de\/2026\/05\/01\/betrueger-ueberlisteten-seniorin-zeugensuche-nach-trickbetrug-in-mainhausen\/\" title=\"Link zum Artikel auf rheinmainverlag.de\" target=\"_blank\">rheinmainverlag.de<\/a><\/div>\n  <\/div>\n <\/article>\n <\/div>\n <div class=\"post\" style=\"margin-bottom:40px;\">\n <article>\n  <h3><a name=\"d2d5fea6\" href=\"https:\/\/www.op-online.de\/region\/mainhausen\/schornsteinfegerin-heike-kirschstein-zeigt-ihrer-grossnichte-das-handwerk-94286915.html\" style=\"color:#333333;\" target=\"_blank\">Schornsteinfegerin Heike Kirschstein zeigt ihrer Gro\u00dfnichte das Handwerk<\/a><\/h3>\n  <div class=\"entry\">\n   <p style=\"margin-bottom:4px;\">\n   <a href=\"https:\/\/www.op-online.de\/region\/mainhausen\/schornsteinfegerin-heike-kirschstein-zeigt-ihrer-grossnichte-das-handwerk-94286915.html\" target=\"_blank\"><img decoding=\"async\" src=\"https:\/\/www.op-online.de\/assets\/images\/42\/405\/42405169-der-aufstieg-auf-das-dach-wird-regelmaessig-belohnt-von-den-daechern-aus-hat-kirschstein-oft-eine-ganz-besondere-aussicht-ueber-mainhausen-und-klein-1U8voWG0Mw01.jpg\" style=\"align:left !important; float:left !important; margin-top:4px !important; margin-right:8px !important; margin-bottom:4px !important; width:90px !important;\" \/><\/a>    Die Schornsteinfegerin aus Mainhausen hat drei Frauen ausgebildet. Ihre elfj&auml;hrige Gro&szlig;nichte schnuppert nun in den Beruf hinein.<br clear=\"all\" \/>   <\/p>\n   <div><span class=\"my_article_details\"><time datetime=\"2026-05-01\">01.05.2026<\/time> &middot; <\/span><a href=\"https:\/\/www.op-online.de\/region\/mainhausen\/schornsteinfegerin-heike-kirschstein-zeigt-ihrer-grossnichte-das-handwerk-94286915.html\" title=\"Link zum Artikel auf op-online.de\" target=\"_blank\">op-online.de<\/a><\/div>\n  <\/div>\n <\/article>\n <\/div>\n <div class=\"post\" style=\"margin-bottom:40px;\">\n <article>\n  <h3><a name=\"cd459e19\" href=\"https:\/\/www.op-online.de\/region\/heusenstamm\/naechtlicher-kurzschluss-legt-15-stromstationen-in-heusenstamm-lahm-94286888.html\" style=\"color:#333333;\" target=\"_blank\">N\u00e4chtlicher Kurzschluss sorgt f\u00fcr fl\u00e4chendeckenden Stromausfall \u2013 auch Seniorenheim betroffen<\/a><\/h3>\n  <div class=\"entry\">\n   <p style=\"margin-bottom:4px;\">\n   <a href=\"https:\/\/www.op-online.de\/region\/heusenstamm\/naechtlicher-kurzschluss-legt-15-stromstationen-in-heusenstamm-lahm-94286888.html\" target=\"_blank\"><img decoding=\"async\" src=\"https:\/\/www.op-online.de\/assets\/images\/40\/610\/40610751-div-archiv-24-09-2020-bremen-illustration-ein-stecker-wird-in-eine-steckdose-gesteckt-zu-dpa-kurzzeitiger-stromausfall-bei-30-000-haushalten-foto-sina-2X01.jpg\" style=\"align:left !important; float:left !important; margin-top:4px !important; margin-right:8px !important; margin-bottom:4px !important; width:90px !important;\" \/><\/a>    Im Nordwesten Heusenstamms fiel am fr&uuml;hen Donnerstagmorgen zwei Stunden lang der Strom aus. Grund war offenbar ein Kurzschluss auf dem Campus an der Jahnstra&szlig;e.<br clear=\"all\" \/>   <\/p>\n   <div><span class=\"my_article_details\"><time datetime=\"2026-05-01\">01.05.2026<\/time> &middot; <\/span><a href=\"https:\/\/www.op-online.de\/region\/heusenstamm\/naechtlicher-kurzschluss-legt-15-stromstationen-in-heusenstamm-lahm-94286888.html\" title=\"Link zum Artikel auf op-online.de\" target=\"_blank\">op-online.de<\/a><\/div>\n  <\/div>\n <\/article>\n <\/div>\n <div class=\"post\" style=\"margin-bottom:40px;\">\n <article>\n  <h3><a name=\"e8fad3e1\" href=\"https:\/\/www.rheinmainverlag.de\/2026\/04\/30\/unfall-auf-a3-bei-rodgau-drei-beteiligte-fahrzeuge-13-000-euro-schaden-und-ein-leichtverletzter\/\" style=\"color:#333333;\" target=\"_blank\">Unfall auf A3 bei Rodgau: Drei beteiligte Fahrzeuge, 13.000 Euro Schaden und ein Leichtverletzter<\/a><\/h3>\n  <div class=\"entry\">\n   <p style=\"margin-bottom:4px;\">\n   <a href=\"https:\/\/www.rheinmainverlag.de\/2026\/04\/30\/unfall-auf-a3-bei-rodgau-drei-beteiligte-fahrzeuge-13-000-euro-schaden-und-ein-leichtverletzter\/\" target=\"_blank\"><img decoding=\"async\" src=\"\/feeds\/gfx\/rheinmainverlag.de.png\" style=\"align:left !important; float:left !important; margin-top:4px !important; margin-right:8px !important; margin-bottom:4px !important; width:90px !important;\" \/><\/a>    Am Mittwochmorgen ereignete sich kurz nach 8 Uhr auf der Autobahn 3 bei Rodgau zwischen den Anschlussstellen Obertshausen und Hanau in Fahrtrichtung W&uuml;rzburg ein Verkehrsunfall, in dessen Folge sich ein Beteiligter leichte Verletzungen zuzog. Der 71-J&auml;hrige ...<br clear=\"all\" \/>   <\/p>\n   <div><span class=\"my_article_details\"><time datetime=\"2026-04-30\">30.04.2026<\/time> &middot; <\/span><a href=\"https:\/\/www.rheinmainverlag.de\/2026\/04\/30\/unfall-auf-a3-bei-rodgau-drei-beteiligte-fahrzeuge-13-000-euro-schaden-und-ein-leichtverletzter\/\" title=\"Link zum Artikel auf rheinmainverlag.de\" target=\"_blank\">rheinmainverlag.de<\/a><\/div>\n  <\/div>\n <\/article>\n <\/div>\n <div class=\"post\" style=\"margin-bottom:40px;\">\n <article>\n  <h3><a name=\"9ecf6a2f\" href=\"https:\/\/www.rheinmainverlag.de\/2026\/04\/30\/badesaison-am-schultheis-weiher-startet-am-morgigen-freitag\/\" style=\"color:#333333;\" target=\"_blank\">Badesaison am Offenbacher Schultheis-Weiher startet am morgigen Freitag<\/a><\/h3>\n  <div class=\"entry\">\n   <p style=\"margin-bottom:4px;\">\n   <a href=\"https:\/\/www.rheinmainverlag.de\/2026\/04\/30\/badesaison-am-schultheis-weiher-startet-am-morgigen-freitag\/\" target=\"_blank\"><img decoding=\"async\" src=\"\/feeds\/gfx\/rheinmainverlag.de.png\" style=\"align:left !important; float:left !important; margin-top:4px !important; margin-right:8px !important; margin-bottom:4px !important; width:90px !important;\" \/><\/a>    Am Schultheis-Weiher in Offenbach sind die Vorbereitungen f&uuml;r den Beginn der diesj&auml;hrigen Badesaison abgeschlossen: Die Feuerwehr hat die Bojenkette im Gew&auml;sser ausgebracht und die GBM Service GmbH der Stadtwerke Offenbach hat die Liegewiese gem&auml;ht. Au&szlig;erdem ...<br clear=\"all\" \/>   <\/p>\n   <div><span class=\"my_article_details\"><time datetime=\"2026-04-30\">30.04.2026<\/time> &middot; <\/span><a href=\"https:\/\/www.rheinmainverlag.de\/2026\/04\/30\/badesaison-am-schultheis-weiher-startet-am-morgigen-freitag\/\" title=\"Link zum Artikel auf rheinmainverlag.de\" target=\"_blank\">rheinmainverlag.de<\/a><\/div>\n  <\/div>\n <\/article>\n <\/div>\n <div class=\"post\" style=\"margin-bottom:40px;\">\n <article>\n  <h3><a name=\"ad48c599\" href=\"https:\/\/www.rheinmainverlag.de\/2026\/04\/30\/sand-im-tank-zeugen-in-mainhausen-gesucht\/\" style=\"color:#333333;\" target=\"_blank\">Sand im Tank: Zeugen in Mainhausen gesucht<\/a><\/h3>\n  <div class=\"entry\">\n   <p style=\"margin-bottom:4px;\">\n   <a href=\"https:\/\/www.rheinmainverlag.de\/2026\/04\/30\/sand-im-tank-zeugen-in-mainhausen-gesucht\/\" target=\"_blank\"><img decoding=\"async\" src=\"\/feeds\/gfx\/rheinmainverlag.de.png\" style=\"align:left !important; float:left !important; margin-top:4px !important; margin-right:8px !important; margin-bottom:4px !important; width:90px !important;\" \/><\/a>    Die Polizei in Seligenstadt hat, nachdem Unbekannte in den Tank eines blauen Seats Sand eingef&uuml;llt hatten, die Ermittlungen wegen des Verdachts der Sachbesch&auml;digung in Mainhausen aufgenommen. Nach den bisherigen Erkenntnissen stellte der Fahrzeugeigent&uuml;mer ...<br clear=\"all\" \/>   <\/p>\n   <div><span class=\"my_article_details\"><time datetime=\"2026-04-30\">30.04.2026<\/time> &middot; <\/span><a href=\"https:\/\/www.rheinmainverlag.de\/2026\/04\/30\/sand-im-tank-zeugen-in-mainhausen-gesucht\/\" title=\"Link zum Artikel auf rheinmainverlag.de\" target=\"_blank\">rheinmainverlag.de<\/a><\/div>\n  <\/div>\n <\/article>\n <\/div>\n <div class=\"post\" style=\"margin-bottom:40px;\">\n <article>\n  <h3><a name=\"b8c19cc6\" href=\"https:\/\/www.rheinmainverlag.de\/2026\/04\/30\/obertshausen-startet-gemeinsame-erklaerung-fuer-ein-respektvolles-miteinander\/\" style=\"color:#333333;\" target=\"_blank\">Obertshausen startet gemeinsame Erkl\u00e4rung f\u00fcr ein respektvolles Miteinander<\/a><\/h3>\n  <div class=\"entry\">\n   <p style=\"margin-bottom:4px;\">\n   <a href=\"https:\/\/www.rheinmainverlag.de\/2026\/04\/30\/obertshausen-startet-gemeinsame-erklaerung-fuer-ein-respektvolles-miteinander\/\" target=\"_blank\"><img decoding=\"async\" src=\"\/feeds\/gfx\/rheinmainverlag.de.png\" style=\"align:left !important; float:left !important; margin-top:4px !important; margin-right:8px !important; margin-bottom:4px !important; width:90px !important;\" \/><\/a>    Mit einer feierlichen Auftaktveranstaltung im Familienzentrum hat Obertshausen am Wochenende einen wichtigen Meilenstein gesetzt: die Vorstellung der \u201eErkl&auml;rung &uuml;ber ein gemeinsames Obertshausen \u2013 Zuhause in Vielfalt\u201c. Diese Erkl&auml;rung dient allen Menschen als ...<br clear=\"all\" \/>   <\/p>\n   <div><span class=\"my_article_details\"><time datetime=\"2026-04-30\">30.04.2026<\/time> &middot; <\/span><a href=\"https:\/\/www.rheinmainverlag.de\/2026\/04\/30\/obertshausen-startet-gemeinsame-erklaerung-fuer-ein-respektvolles-miteinander\/\" title=\"Link zum Artikel auf rheinmainverlag.de\" target=\"_blank\">rheinmainverlag.de<\/a><\/div>\n  <\/div>\n <\/article>\n <\/div>\n <div class=\"post\" style=\"margin-bottom:40px;\">\n <article>\n  <h3><a name=\"b6748e7b\" href=\"https:\/\/www.op-online.de\/offenbach\/schicken-offenbacher-eltern-wollen-kinder-an-andere-grundschulen-94286950.html\" style=\"color:#333333;\" target=\"_blank\">Keine Extrawurst bei Schulwahl: Offenbacher Eltern wollen Kinder an andere Grundschulen schicken<\/a><\/h3>\n  <div class=\"entry\">\n   <p style=\"margin-bottom:4px;\">\n   <a href=\"https:\/\/www.op-online.de\/offenbach\/schicken-offenbacher-eltern-wollen-kinder-an-andere-grundschulen-94286950.html\" target=\"_blank\"><img decoding=\"async\" src=\"https:\/\/www.op-online.de\/assets\/images\/42\/360\/42360829-ein-gestattungsantrag-ist-von-eltern-schnell-und-einfach-ausgefuellt-einen-durchzubekommen-ist-dagegen-aeusserst-schwierig-2H01.jpg\" style=\"align:left !important; float:left !important; margin-top:4px !important; margin-right:8px !important; margin-bottom:4px !important; width:90px !important;\" \/><\/a>    240 Eltern im Jahr wollen ihre Kinder an eine andere Offenbacher Grundschule schicken. Das Staatliche Schulamt erkl&auml;rt, wieso es einen Wechsel oft nicht genehmigt.<br clear=\"all\" \/>   <\/p>\n   <div><span class=\"my_article_details\"><time datetime=\"2026-04-30\">30.04.2026<\/time> &middot; <\/span><a href=\"https:\/\/www.op-online.de\/offenbach\/schicken-offenbacher-eltern-wollen-kinder-an-andere-grundschulen-94286950.html\" title=\"Link zum Artikel auf op-online.de\" target=\"_blank\">op-online.de<\/a><\/div>\n  <\/div>\n <\/article>\n <\/div>\n <div class=\"post\" style=\"margin-bottom:40px;\">\n <article>\n  <h3><a name=\"31f6c9f7\" href=\"https:\/\/www.dreieich.de\/rathaus-service\/presse-medien\/pressemitteilungen\/2026\/geaenderte-termine-der-abfallsammlung-wegen-christi-himmelfahrt\/\" style=\"color:#333333;\" target=\"_blank\">Dreieich: Ge\u00e4nderte Termine der Abfallsammlung wegen Christi Himmelfahrt<\/a><\/h3>\n  <div class=\"entry\">\n   <p style=\"margin-bottom:4px;\">\n   <a href=\"https:\/\/www.dreieich.de\/rathaus-service\/presse-medien\/pressemitteilungen\/2026\/geaenderte-termine-der-abfallsammlung-wegen-christi-himmelfahrt\/\" target=\"_blank\"><img decoding=\"async\" src=\"https:\/\/www.dreieich.de\/medien\/pressemitteilungen\/dlb-orange-schatten-claim2.jpg?cid=34m.6tig&resize=bea609%3a1024x768c\" style=\"align:left !important; float:left !important; margin-top:4px !important; margin-right:8px !important; margin-bottom:4px !important; width:90px !important;\" \/><\/a>    Wegen des Feiertages am 14. Mai findet ab Donnerstag, 14. Mai die Sammlung von Restm&uuml;ll, Biom&uuml;ll und Altpapier einen Tag sp&auml;ter als gewohnt statt. Von Montag bis Mittwoch bleiben die Abfuhrtermine unver&auml;ndert.<br clear=\"all\" \/>   <\/p>\n   <div><span class=\"my_article_details\"><time datetime=\"2026-04-30\">30.04.2026<\/time> &middot; <\/span><a href=\"https:\/\/www.dreieich.de\/rathaus-service\/presse-medien\/pressemitteilungen\/2026\/geaenderte-termine-der-abfallsammlung-wegen-christi-himmelfahrt\/\" title=\"Link zum Artikel auf dreieich.de\" target=\"_blank\">dreieich.de<\/a><\/div>\n  <\/div>\n <\/article>\n <\/div>\n <div class=\"post\" style=\"margin-bottom:40px;\">\n <article>\n  <h3><a name=\"abbf49db\" href=\"https:\/\/of-news.de\/heusenstamm\/heusenstamm-startet-pilotprojekt-dreckinspektor-ehrenamtlicher-soll-sauberkeit-verbessern-167816\/\" style=\"color:#333333;\" target=\"_blank\">Heusenstamm startet Pilotprojekt \u201eDreckinspektor\u201c \u2013 Ehrenamtlicher soll Sauberkeit verbessern<\/a><\/h3>\n  <div class=\"entry\">\n   <p style=\"margin-bottom:4px;\">\n   <a href=\"https:\/\/of-news.de\/heusenstamm\/heusenstamm-startet-pilotprojekt-dreckinspektor-ehrenamtlicher-soll-sauberkeit-verbessern-167816\/\" target=\"_blank\"><img decoding=\"async\" src=\"\/feeds\/gfx\/of-news.de.png\" style=\"align:left !important; float:left !important; margin-top:4px !important; margin-right:8px !important; margin-bottom:4px !important; width:90px !important;\" \/><\/a>    Die Stadt Heusenstamm setzt ab sofort auf einen ehrenamtlichen \u201eDreckinspektor\u201c. Mit Stefan Fehrenbach &uuml;bernimmt erstmals ein B&uuml;rger diese neue Aufgabe, um das Stadtbild sauberer zu halten und schneller auf Verschmutzungen reagieren zu k&ouml;nnen. Das auf ein Jahr ...<br clear=\"all\" \/>   <\/p>\n   <div><span class=\"my_article_details\"><time datetime=\"2026-04-30\">30.04.2026<\/time> &middot; <\/span><a href=\"https:\/\/of-news.de\/heusenstamm\/heusenstamm-startet-pilotprojekt-dreckinspektor-ehrenamtlicher-soll-sauberkeit-verbessern-167816\/\" title=\"Link zum Artikel auf of-news.de\" target=\"_blank\">of-news.de<\/a><\/div>\n  <\/div>\n <\/article>\n <\/div>\n<div class=\"post\" style=\"background-color: #ffedd9; margin-bottom: 40px; padding: 10px;\"><article><a style=\"color: #000000; font-size: 20px; font-weight: normal; text-decoration: underlined;\" href=\"https:\/\/www.hessenschau.de\/gesellschaft\/wiesbaden-investiert-milliardensumme-so-kaempfen-staedte-gegen-klimawandel-v1,staedte-klimaschutz-100.html\" target=\"_blank\">So steht es um die Ma\u00dfnahmen von St\u00e4dten gegen den Klimawandel<\/a><\/p><div class=\"entry\"><p style=\"margin-bottom: 4px;\"><a href=\"https:\/\/www.hessenschau.de\/gesellschaft\/wiesbaden-investiert-milliardensumme-so-kaempfen-staedte-gegen-klimawandel-v1,staedte-klimaschutz-100.html\" target=\"_blank\" rel=\"noopener\"><img decoding=\"async\" style=\"align: left !important; float: left !important; margin-top: 4px !important; margin-right: 8px !important; margin-bottom: 4px !important; width: 90px !important;\" src=\"data:image\/gif;base64,R0lGODlhAQABAIAAAAAAAP\/\/\/yH5BAEAAAAALAAAAAABAAEAAAIBRAA7\" data-src=\"https:\/\/www.heusenstaemmchen.de\/feeds\/gfx\/hessenschau.de.png\" \/><\/a>Trockenheit, Hitzewellen, Starkregen und \u00dcberschwemmungen: Die Kommunen haben mit den Auswirkungen des Klimawandels zu k\u00e4mpfen. Welche Ma\u00dfnahmen schon greifen &#8211; und was in Planung ist. <br clear=\"all\" \/><\/p><div><b>Schon gewusst?<\/b> \u00b7 Erderw\u00e4rmung \u00b7 <a title=\"Mehr Details auf hessenschau.de\" href=\"https:\/\/www.hessenschau.de\/gesellschaft\/wiesbaden-investiert-milliardensumme-so-kaempfen-staedte-gegen-klimawandel-v1,staedte-klimaschutz-100.html\" target=\"_blank\" rel=\"noopener\">hessenschau.de<\/a><\/div><\/div><\/article><\/div> <div class=\"post\" style=\"margin-bottom:40px;\">\n <article>\n  <h3><a name=\"128a03ef\" href=\"https:\/\/www.dreieich.de\/rathaus-service\/presse-medien\/pressemitteilungen\/2026\/urkundenueberreichung-fuer-erfolgreiche-altspeiseoel-sammlung\/\" style=\"color:#333333;\" target=\"_blank\">Dreieich: Urkunden\u00fcberreichung f\u00fcr erfolgreiche Altspeise\u00f6l-Sammlung<\/a><\/h3>\n  <div class=\"entry\">\n   <p style=\"margin-bottom:4px;\">\n   <a href=\"https:\/\/www.dreieich.de\/rathaus-service\/presse-medien\/pressemitteilungen\/2026\/urkundenueberreichung-fuer-erfolgreiche-altspeiseoel-sammlung\/\" target=\"_blank\"><img decoding=\"async\" src=\"https:\/\/www.dreieich.de\/rathaus-service\/presse-medien\/pressemitteilungen\/2026\/urkundenueberreichung-fuer-erfolgreiche-altspeiseoel-sammlung\/dlb-altoel-2.jpg?cid=1s6e.8c61&resize=bd1a24%3a1024x768c\" style=\"align:left !important; float:left !important; margin-top:4px !important; margin-right:8px !important; margin-bottom:4px !important; width:90px !important;\" \/><\/a>    Seit Juli 2024 wird ein Sammelsystem f&uuml;r Altspeise&ouml;l aus privaten Haushalten im Stadtgebiet Dreieich und Neu-Isenburg angeboten.<br clear=\"all\" \/>   <\/p>\n   <div><span class=\"my_article_details\"><time datetime=\"2026-04-30\">30.04.2026<\/time> &middot; <\/span><a href=\"https:\/\/www.dreieich.de\/rathaus-service\/presse-medien\/pressemitteilungen\/2026\/urkundenueberreichung-fuer-erfolgreiche-altspeiseoel-sammlung\/\" title=\"Link zum Artikel auf dreieich.de\" target=\"_blank\">dreieich.de<\/a><\/div>\n  <\/div>\n <\/article>\n <\/div>\n <div class=\"post\" style=\"margin-bottom:40px;\">\n <article>\n  <h3><a name=\"50c0e3dc\" href=\"https:\/\/of-news.de\/langen\/strandbad-am-langener-waldsee-startet-am-14-mai-in-die-sommersaison-167810\/\" style=\"color:#333333;\" target=\"_blank\">Strandbad am Langener Waldsee startet am 14. Mai in die Sommersaison<\/a><\/h3>\n  <div class=\"entry\">\n   <p style=\"margin-bottom:4px;\">\n   <a href=\"https:\/\/of-news.de\/langen\/strandbad-am-langener-waldsee-startet-am-14-mai-in-die-sommersaison-167810\/\" target=\"_blank\"><img decoding=\"async\" src=\"\/feeds\/gfx\/of-news.de.png\" style=\"align:left !important; float:left !important; margin-top:4px !important; margin-right:8px !important; margin-bottom:4px !important; width:90px !important;\" \/><\/a>    Das Strandbad am Langener Waldsee &ouml;ffnet am Donnerstag, 14. Mai, als erstes der Langener B&auml;der die Tore f&uuml;r die neue Sommersaison. Besucher erwartet eine gro&szlig;e Er&ouml;ffnungsfeier mit ganzt&auml;gigem Programm. Der Eintritt ist an diesem Tag kostenlos. Mit der Schlie&szlig;ung ...<br clear=\"all\" \/>   <\/p>\n   <div><span class=\"my_article_details\"><time datetime=\"2026-04-30\">30.04.2026<\/time> &middot; <\/span><a href=\"https:\/\/of-news.de\/langen\/strandbad-am-langener-waldsee-startet-am-14-mai-in-die-sommersaison-167810\/\" title=\"Link zum Artikel auf of-news.de\" target=\"_blank\">of-news.de<\/a><\/div>\n  <\/div>\n <\/article>\n <\/div>\n <div class=\"post\" style=\"margin-bottom:40px;\">\n <article>\n  <h3><a name=\"b76b88ef\" href=\"https:\/\/of-news.de\/roedermark\/kita-im-taubhaus-schliesst-ende-juli-2026-kinder-ziehen-in-die-villa-kunterbunt-167807\/\" style=\"color:#333333;\" target=\"_blank\">Kita \u201eIm Taubhaus\u201c schlie\u00dft Ende Juli 2026 \u2013 Kinder ziehen in die \u201eVilla Kunterbunt\u201c<\/a><\/h3>\n  <div class=\"entry\">\n   <p style=\"margin-bottom:4px;\">\n   <a href=\"https:\/\/of-news.de\/roedermark\/kita-im-taubhaus-schliesst-ende-juli-2026-kinder-ziehen-in-die-villa-kunterbunt-167807\/\" target=\"_blank\"><img decoding=\"async\" src=\"\/feeds\/gfx\/of-news.de.png\" style=\"align:left !important; float:left !important; margin-top:4px !important; margin-right:8px !important; margin-bottom:4px !important; width:90px !important;\" \/><\/a>    Die &auml;lteste Kindertagesst&auml;tte der Stadt R&ouml;dermark wird zum 31. Juli 2026 ihren Betrieb einstellen. Die Kinder der Kita \u201eIm Taubhaus\u201c in Urberach erhalten jedoch eine nahtlose Anschlussbetreuung in der Kita \u201eVilla Kunterbunt\u201c. B&uuml;rgermeister J&ouml;rg Rotter informierte ...<br clear=\"all\" \/>   <\/p>\n   <div><span class=\"my_article_details\"><time datetime=\"2026-04-30\">30.04.2026<\/time> &middot; <\/span><a href=\"https:\/\/of-news.de\/roedermark\/kita-im-taubhaus-schliesst-ende-juli-2026-kinder-ziehen-in-die-villa-kunterbunt-167807\/\" title=\"Link zum Artikel auf of-news.de\" target=\"_blank\">of-news.de<\/a><\/div>\n  <\/div>\n <\/article>\n <\/div>\n <div class=\"post\" style=\"margin-bottom:40px;\">\n <article>\n  <h3><a name=\"e16cddaf\" href=\"https:\/\/of-news.de\/obertshausen\/unbekannter-hat-jugendliche-in-obertshausen-unsittlich-beruehrt-167798\/\" style=\"color:#333333;\" target=\"_blank\">Unbekannter hat Jugendliche in Obertshausen unsittlich ber\u00fchrt<\/a><\/h3>\n  <div class=\"entry\">\n   <p style=\"margin-bottom:4px;\">\n   <a href=\"https:\/\/of-news.de\/obertshausen\/unbekannter-hat-jugendliche-in-obertshausen-unsittlich-beruehrt-167798\/\" target=\"_blank\"><img decoding=\"async\" src=\"\/feeds\/gfx\/of-news.de.png\" style=\"align:left !important; float:left !important; margin-top:4px !important; margin-right:8px !important; margin-bottom:4px !important; width:90px !important;\" \/><\/a>    Die Kriminalpolizei sucht nach einem Mann, der am Montagnachmittag eine Jugendliche in der Alexanderstra&szlig;e sexuell bel&auml;stigt haben soll. Der Unbekannte sprach das M&auml;dchen an und fasste sie unsittlich an. Der Vorfall ereignete sich zwischen 17 Uhr und 17.20 ...<br clear=\"all\" \/>   <\/p>\n   <div><span class=\"my_article_details\"><time datetime=\"2026-04-30\">30.04.2026<\/time> &middot; <\/span><a href=\"https:\/\/of-news.de\/obertshausen\/unbekannter-hat-jugendliche-in-obertshausen-unsittlich-beruehrt-167798\/\" title=\"Link zum Artikel auf of-news.de\" target=\"_blank\">of-news.de<\/a><\/div>\n  <\/div>\n <\/article>\n <\/div>\n <div class=\"post\" style=\"margin-bottom:40px;\">\n <article>\n  <h3><a name=\"9c0f3dcf\" href=\"https:\/\/www.dreieich.de\/rathaus-service\/presse-medien\/pressemitteilungen\/2026\/startschuss-fuer-die-freibadsaison-freier-eintritt-zur-eroeffnung-am-13-mai\/\" style=\"color:#333333;\" target=\"_blank\">Startschuss f\u00fcr die Freibadsaison: Freier Eintritt zur Er\u00f6ffnung am 13. Mai<\/a><\/h3>\n  <div class=\"entry\">\n   <p style=\"margin-bottom:4px;\">\n   <a href=\"https:\/\/www.dreieich.de\/rathaus-service\/presse-medien\/pressemitteilungen\/2026\/startschuss-fuer-die-freibadsaison-freier-eintritt-zur-eroeffnung-am-13-mai\/\" target=\"_blank\"><img decoding=\"async\" src=\"https:\/\/www.dreieich.de\/rathaus-service\/presse-medien\/pressemitteilungen\/2026\/startschuss-fuer-die-freibadsaison-freier-eintritt-zur-eroeffnung-am-13-mai\/logo-dreieich-schwimmbaeder.14cca584.svg?cid=dg7.8c5m&resize=d6db9d%3a1024x768c\" style=\"align:left !important; float:left !important; margin-top:4px !important; margin-right:8px !important; margin-bottom:4px !important; width:90px !important;\" \/><\/a>    Das Parkschwimmbad in Dreieich startet am 13. Mai 2026 um 17:00 Uhr in die neue Freibadsaison \u2013 und l&auml;dt alle B&uuml;rgerinnen und B&uuml;rger herzlich ein, gemeinsam in einen abwechslungsreichen und erlebnisreichen Freibadsommer zu starten und das mit einem besonderen ...<br clear=\"all\" \/>   <\/p>\n   <div><span class=\"my_article_details\"><time datetime=\"2026-04-30\">30.04.2026<\/time> &middot; <\/span><a href=\"https:\/\/www.dreieich.de\/rathaus-service\/presse-medien\/pressemitteilungen\/2026\/startschuss-fuer-die-freibadsaison-freier-eintritt-zur-eroeffnung-am-13-mai\/\" title=\"Link zum Artikel auf dreieich.de\" target=\"_blank\">dreieich.de<\/a><\/div>\n  <\/div>\n <\/article>\n <\/div>\n <div class=\"post\" style=\"margin-bottom:40px;\">\n <article>\n  <h3><a name=\"99f87fc3\" href=\"http:\/\/www.offenbach.de\/stadtwerke\/microsite\/gbo\/aktuelles\/mit-strahlkraft-fuer-die-innenstadt-30.04.2026.php\" style=\"color:#333333;\" target=\"_blank\">Offenbach: Mit Strahlkraft f\u00fcr die Innenstadt<\/a><\/h3>\n  <div class=\"entry\">\n   <p style=\"margin-bottom:4px;\">\n   <a href=\"http:\/\/www.offenbach.de\/stadtwerke\/microsite\/gbo\/aktuelles\/mit-strahlkraft-fuer-die-innenstadt-30.04.2026.php\" target=\"_blank\"><img decoding=\"async\" src=\"\/feeds\/gfx\/offenbach.de.png\" style=\"align:left !important; float:left !important; margin-top:4px !important; margin-right:8px !important; margin-bottom:4px !important; width:90px !important;\" \/><\/a>    Architektur-Studierende zeigten im Rathaus, wie sie sich das alte Postgeb&auml;ude f&uuml;r die HfG-Nutzung vorstellen.<br clear=\"all\" \/>   <\/p>\n   <div><span class=\"my_article_details\"><time datetime=\"2026-04-30\">30.04.2026<\/time> &middot; <\/span><a href=\"http:\/\/www.offenbach.de\/stadtwerke\/microsite\/gbo\/aktuelles\/mit-strahlkraft-fuer-die-innenstadt-30.04.2026.php\" title=\"Link zum Artikel auf offenbach.de\" target=\"_blank\">offenbach.de<\/a><\/div>\n  <\/div>\n <\/article>\n <\/div>\n <div class=\"post\" style=\"margin-bottom:40px;\">\n <article>\n  <h3><a name=\"f839d70a\" href=\"https:\/\/www.rheinmainverlag.de\/2026\/04\/30\/nach-konfrontation-in-dreieich-polizei-ermittelt-wegen-des-verdachts-der-koerperverletzung-und-des-verdachts-der-beleidigung\/\" style=\"color:#333333;\" target=\"_blank\">Nach Konfrontation in Dreieich: Polizei ermittelt wegen des Verdachts der K\u00f6rperverletzung und des Verdachts der Beleidigung<\/a><\/h3>\n  <div class=\"entry\">\n   <p style=\"margin-bottom:4px;\">\n   <a href=\"https:\/\/www.rheinmainverlag.de\/2026\/04\/30\/nach-konfrontation-in-dreieich-polizei-ermittelt-wegen-des-verdachts-der-koerperverletzung-und-des-verdachts-der-beleidigung\/\" target=\"_blank\"><img decoding=\"async\" src=\"\/feeds\/gfx\/rheinmainverlag.de.png\" style=\"align:left !important; float:left !important; margin-top:4px !important; margin-right:8px !important; margin-bottom:4px !important; width:90px !important;\" \/><\/a>    Ein 37 Jahre alter Mann in Dreieich hat sich seit gestrigem Mittwochmittag wegen des Verdachts der K&ouml;rperverletzung, des Verdachts der Beleidigung und des Verdachts der Bedrohung zu verantworten. Nach den bisherigen Erkenntnissen soll der Beschuldigte gegen ...<br clear=\"all\" \/>   <\/p>\n   <div><span class=\"my_article_details\"><time datetime=\"2026-04-30\">30.04.2026<\/time> &middot; <\/span><a href=\"https:\/\/www.rheinmainverlag.de\/2026\/04\/30\/nach-konfrontation-in-dreieich-polizei-ermittelt-wegen-des-verdachts-der-koerperverletzung-und-des-verdachts-der-beleidigung\/\" title=\"Link zum Artikel auf rheinmainverlag.de\" target=\"_blank\">rheinmainverlag.de<\/a><\/div>\n  <\/div>\n <\/article>\n <\/div>\n <div class=\"post\" style=\"margin-bottom:40px;\">\n <article>\n  <h3><a name=\"e9e16304\" href=\"https:\/\/www.rheinmainverlag.de\/2026\/04\/30\/ungewoehnliche-fundsache-sarg-trieb-auf-dem-main-bei-muehlheim\/\" style=\"color:#333333;\" target=\"_blank\">Ungew\u00f6hnliche Fundsache: Sarg trieb auf dem Main bei M\u00fchlheim<\/a><\/h3>\n  <div class=\"entry\">\n   <p style=\"margin-bottom:4px;\">\n   <a href=\"https:\/\/www.rheinmainverlag.de\/2026\/04\/30\/ungewoehnliche-fundsache-sarg-trieb-auf-dem-main-bei-muehlheim\/\" target=\"_blank\"><img decoding=\"async\" src=\"\/feeds\/gfx\/rheinmainverlag.de.png\" style=\"align:left !important; float:left !important; margin-top:4px !important; margin-right:8px !important; margin-bottom:4px !important; width:90px !important;\" \/><\/a>    Wem geh&ouml;rt der Sarg und wie kam er auf den Main? Diese Fragen stellten sich die Ordnungsh&uuml;ter aus M&uuml;hlheim am Main. Am Mittwochabend , um kurz vor 20 Uhr, wurde die Polizei &uuml;ber den ungew&ouml;hnlichen Gegenstand am Ufer des Mains im Bereich der Steinheimer Br&uuml;cke ...<br clear=\"all\" \/>   <\/p>\n   <div><span class=\"my_article_details\"><time datetime=\"2026-04-30\">30.04.2026<\/time> &middot; <\/span><a href=\"https:\/\/www.rheinmainverlag.de\/2026\/04\/30\/ungewoehnliche-fundsache-sarg-trieb-auf-dem-main-bei-muehlheim\/\" title=\"Link zum Artikel auf rheinmainverlag.de\" target=\"_blank\">rheinmainverlag.de<\/a><\/div>\n  <\/div>\n <\/article>\n <\/div>\n<div class=\"post\" style=\"background-color: #f4f4f4; margin-bottom: 40px; padding: 10px;\"><article><a style=\"color: #000000; font-size: 20px; font-weight: normal; text-decoration: underlined;\" href=\"https:\/\/www.tagesschau.de\/wirtschaft\/elektroauto-kosten-strom-100.html\" target=\"_blank\">Laden von E-Autos deutlich g\u00fcnstiger als Tanken<\/a><\/p><div class=\"entry\"><p style=\"margin-bottom: 4px;\"><a href=\"https:\/\/www.tagesschau.de\/wirtschaft\/elektroauto-kosten-strom-100.html\" target=\"_blank\" rel=\"noopener\"><img decoding=\"async\" style=\"align: left !important; float: left !important; margin-top: 4px !important; margin-right: 8px !important; margin-bottom: 4px !important; width: 90px !important;\" src=\"data:image\/gif;base64,R0lGODlhAQABAIAAAAAAAP\/\/\/yH5BAEAAAAALAAAAAABAAEAAAIBRAA7\" data-src=\"https:\/\/www.heusenstaemmchen.de\/feeds\/gfx\/tagesschau.de.png\" \/><\/a>Wer ein E-Auto besitzt und das zu Hause laden kann, der war im vergangenen Jahr am g\u00fcnstigsten unterwegs. Wer \u00f6ffentliche Lades\u00e4ulen nutzte, zahlte zwar mehr, aber immer noch viel weniger als die Fahrer von Benzinern an der Tankstelle.<br clear=\"all\" \/><\/p><div><b>Schon gewusst?<\/b> \u00b7 Regenerative Energien \u00b7 <a title=\"Mehr Details auf tagesschau.de\" href=\"https:\/\/www.tagesschau.de\/wirtschaft\/elektroauto-kosten-strom-100.html\" target=\"_blank\" rel=\"noopener\">tagesschau.de<\/a><\/div><\/div><\/article><\/div> <div class=\"post\" style=\"margin-bottom:40px;\">\n <article>\n  <h3><a name=\"c5cb00dd\" href=\"https:\/\/wp.gruene-rodgau.de\/weiteres\/uncategorized\/stadtradeln-2026\/\" style=\"color:#333333;\" target=\"_blank\">Stadtradeln 2026<\/a><\/h3>\n  <div class=\"entry\">\n   <p style=\"margin-bottom:4px;\">\n   <a href=\"https:\/\/wp.gruene-rodgau.de\/weiteres\/uncategorized\/stadtradeln-2026\/\" target=\"_blank\"><img decoding=\"async\" src=\"\/feeds\/gfx\/gruene-rodgau.de.png\" style=\"align:left !important; float:left !important; margin-top:4px !important; margin-right:8px !important; margin-bottom:4px !important; width:90px !important;\" \/><\/a>    Auch in diesem Jahr nimmt die Stadt Rodgau an der bundesweiten Aktion Stadtradeln teil.Vom vom 3. bis 23. Mai werden alle mit dem Fahrrad zur&uuml;ckgelegten strecken dokumentiert, dabei ist es egal, ...<br clear=\"all\" \/>   <\/p>\n   <div><span class=\"my_article_details\"><time datetime=\"2026-04-30\">30.04.2026<\/time> &middot; <\/span><a href=\"https:\/\/wp.gruene-rodgau.de\/weiteres\/uncategorized\/stadtradeln-2026\/\" title=\"Link zum Artikel auf gruene-rodgau.de\" target=\"_blank\">gruene-rodgau.de<\/a><\/div>\n  <\/div>\n <\/article>\n <\/div>\n <div class=\"post\" style=\"margin-bottom:40px;\">\n <article>\n  <h3><a name=\"f723aa09\" href=\"https:\/\/www.dietzenbach.de\/index.php?ModID=255&FID=3651.29007.1&object=tx%2C3651.6\" style=\"color:#333333;\" target=\"_blank\">Dietzenbach: Stadtverordnetenversammlung hat sich konstituiert<\/a><\/h3>\n  <div class=\"entry\">\n   <p style=\"margin-bottom:4px;\">\n   <a href=\"https:\/\/www.dietzenbach.de\/index.php?ModID=255&FID=3651.29007.1&object=tx%2C3651.6\" target=\"_blank\"><img decoding=\"async\" src=\"\/feeds\/gfx\/dietzenbach.de.png\" style=\"align:left !important; float:left !important; margin-top:4px !important; margin-right:8px !important; margin-bottom:4px !important; width:90px !important;\" \/><\/a>    Die 20. Wahlperiode hat begonnen Am 27. April 2026 fand die erste Sitzung der der neuen Wahlperiode im Dietzenbacher Rathaus statt. Dabei hat sich das Gremium konstituiert und wichtige Positionen besetzt. ...<br clear=\"all\" \/>   <\/p>\n   <div><span class=\"my_article_details\"><time datetime=\"2026-04-30\">30.04.2026<\/time> &middot; <\/span><a href=\"https:\/\/www.dietzenbach.de\/index.php?ModID=255&FID=3651.29007.1&object=tx%2C3651.6\" title=\"Link zum Artikel auf dietzenbach.de\" target=\"_blank\">dietzenbach.de<\/a><\/div>\n  <\/div>\n <\/article>\n <\/div>\n <div class=\"post\" style=\"margin-bottom:40px;\">\n <article>\n  <h3><a name=\"c1882710\" href=\"https:\/\/www.dietzenbach.de\/index.php?ModID=255&FID=3651.29006.1&object=tx%2C3651.6\" style=\"color:#333333;\" target=\"_blank\">Dietzenbach: Film-Highlights unter freiem Himmel<\/a><\/h3>\n  <div class=\"entry\">\n   <p style=\"margin-bottom:4px;\">\n   <a href=\"https:\/\/www.dietzenbach.de\/index.php?ModID=255&FID=3651.29006.1&object=tx%2C3651.6\" target=\"_blank\"><img decoding=\"async\" src=\"\/feeds\/gfx\/dietzenbach.de.png\" style=\"align:left !important; float:left !important; margin-top:4px !important; margin-right:8px !important; margin-bottom:4px !important; width:90px !important;\" \/><\/a>    Dietzenbacher Open-Air-Kino startet am 26. Juni \/ Vorverkauf gestartet Laue Sommern&auml;chte und Open-Air-Kino &ndash; in Dietzenbach ist das seit vielen Jahren eine perfekte Kombination: Ein k&uuml;hles Getr&auml;nk im Liegestuhl und Filmgenuss unter ...<br clear=\"all\" \/>   <\/p>\n   <div><span class=\"my_article_details\"><time datetime=\"2026-04-30\">30.04.2026<\/time> &middot; <\/span><a href=\"https:\/\/www.dietzenbach.de\/index.php?ModID=255&FID=3651.29006.1&object=tx%2C3651.6\" title=\"Link zum Artikel auf dietzenbach.de\" target=\"_blank\">dietzenbach.de<\/a><\/div>\n  <\/div>\n <\/article>\n <\/div>\n <div class=\"post\" style=\"margin-bottom:40px;\">\n <article>\n  <h3><a name=\"48af1210\" href=\"https:\/\/www.dietzenbach.de\/index.php?ModID=255&FID=3651.29005.1&object=tx%2C3651.6\" style=\"color:#333333;\" target=\"_blank\">Dietzenbach: F\u00f6rderprogramm f\u00fcr Haus- und Hofbegr\u00fcnung verl\u00e4ngert<\/a><\/h3>\n  <div class=\"entry\">\n   <p style=\"margin-bottom:4px;\">\n   <a href=\"https:\/\/www.dietzenbach.de\/index.php?ModID=255&FID=3651.29005.1&object=tx%2C3651.6\" target=\"_blank\"><img decoding=\"async\" src=\"\/feeds\/gfx\/dietzenbach.de.png\" style=\"align:left !important; float:left !important; margin-top:4px !important; margin-right:8px !important; margin-bottom:4px !important; width:90px !important;\" \/><\/a>    &bdquo;Dietzenbach begr&uuml;nt&ldquo;: Unterst&uuml;tzung bis 2028 gesichert Die Kreisstadt Dietzenbach setzt mit ihrem F&ouml;rderprogramm zur Haus- und Hofbegr&uuml;nung &ndash; &bdquo;Dietzenbach begr&uuml;nt&ldquo; &ndash; auch weiterhin ein starkes Zeichen f&uuml;r Klimaschutz und ...<br clear=\"all\" \/>   <\/p>\n   <div><span class=\"my_article_details\"><time datetime=\"2026-04-30\">30.04.2026<\/time> &middot; <\/span><a href=\"https:\/\/www.dietzenbach.de\/index.php?ModID=255&FID=3651.29005.1&object=tx%2C3651.6\" title=\"Link zum Artikel auf dietzenbach.de\" target=\"_blank\">dietzenbach.de<\/a><\/div>\n  <\/div>\n <\/article>\n <\/div>\n <div class=\"post\" style=\"margin-bottom:40px;\">\n <article>\n  <h3><a name=\"c9d736f6\" href=\"https:\/\/www.op-online.de\/offenbach\/mit-den-bildern-ist-es-fast-wie-mit-einer-sucht-wie-ein-offenbacher-die-kunst-als-zuflucht-entdeckte-94286000.html\" style=\"color:#333333;\" target=\"_blank\">\u201eMit den Bildern ist es fast wie mit einer Sucht\u201c \u2013 wie ein Offenbacher die Kunst als Zuflucht entdeckte<\/a><\/h3>\n  <div class=\"entry\">\n   <p style=\"margin-bottom:4px;\">\n   <a href=\"https:\/\/www.op-online.de\/offenbach\/mit-den-bildern-ist-es-fast-wie-mit-einer-sucht-wie-ein-offenbacher-die-kunst-als-zuflucht-entdeckte-94286000.html\" target=\"_blank\"><img decoding=\"async\" src=\"https:\/\/www.op-online.de\/assets\/images\/42\/391\/42391813-ein-mann-und-sein-werk-der-offenbacher-dieter-prophet-lebt-zwischen-seinen-bildern-an-denen-er-taeglich-arbeitet-3i01.jpg\" style=\"align:left !important; float:left !important; margin-top:4px !important; margin-right:8px !important; margin-bottom:4px !important; width:90px !important;\" \/><\/a>    Wer seine Wohnung betritt, verl&auml;sst Offenbach. Und begibt sich mitten hinein in ein Kunstwerk: Am Wilhelmsplatz hat Dieter Prophet eine private Welt der Collagen geschaffen. Aber warum?<br clear=\"all\" \/>   <\/p>\n   <div><span class=\"my_article_details\"><time datetime=\"2026-04-30\">30.04.2026<\/time> &middot; <\/span><a href=\"https:\/\/www.op-online.de\/offenbach\/mit-den-bildern-ist-es-fast-wie-mit-einer-sucht-wie-ein-offenbacher-die-kunst-als-zuflucht-entdeckte-94286000.html\" title=\"Link zum Artikel auf op-online.de\" target=\"_blank\">op-online.de<\/a><\/div>\n  <\/div>\n <\/article>\n <\/div>\n <b>Mehr <a href=\"\/news\/offenbach-nachrichten\" title=\"Offenbach Nachrichten\">Offenbach-Nachrichten<\/a> ...<\/b>\n<\/div>\n<br \/>\n\n<div style=\"background-color:#efffef; margin-top:15px; margin-bottom:15px; padding:10px; text-align:left; word-wrap:break-word;\">\n<h2 style=\"margin:0px; margin-bottom:20px;\">Aktuelle Polizeimeldungen aus Egelsbachs Umgebung<\/h2>\n <div class=\"post\" style=\"margin-bottom:40px;\">\n <article>\n  <h3><a href=\"https:\/\/www.presseportal.de\/blaulicht\/pm\/43561\/6266182\" style=\"color:#000000; font-weight:bold;\" target=\"_blank\">Polizei Offenbach am Main: Pressemeldungen vom 30.04.2026<\/a><\/h3>\n  <div class=\"entry\">\n   <p style=\"margin-bottom:4px;\">   <a name=\"fe4f30a0\" href=\"https:\/\/www.presseportal.de\/blaulicht\/pm\/43561\/6266182\" target=\"_blank\"><img decoding=\"async\" src=\"\/feeds\/gfx\/POL-OF.jpg\" style=\"align:left !important; float:left !important; margin-top:4px !important; margin-right:8px !important; margin-bottom:4px !important; width:90px !important;\" \/><\/a>    ... <b>1. Nach Konfrontation: Polizei ermittelt unter anderem wegen des Verdachts der Koerperverletzung und des Verdachts der Beleidigung - <a href=\"\/news\/dreieich-polizeimeldungen\" title=\"Polizeieins\u00e4tze Dreieich\">Dreieich<\/a><\/b>   (me) Ein 37 Jahre alter Mann hat sich seit Mittwochmittag wegen des Verdachts der K\u00f6rperverletzung, des Verdachts der Beleidigung und des Verdachts der Bedrohung zu verantworten. Nach den bisherigen Erkenntnissen soll der Beschuldigte gegen 12.10 Uhr im Bereich ...<br clear=\"all\" \/><\/p><p style=\"margin-top:8px; margin-bottom:4px;\"><a href=\"https:\/\/www.presseportal.de\/blaulicht\/pm\/43561\/6266182\" target=\"_blank\"><img decoding=\"async\" src=\"\/feeds\/gfx\/POL-OF.jpg\" style=\"align:left !important; float:left !important; margin-top:4px !important; margin-right:8px !important; margin-bottom:4px !important; width:90px !important;\" \/><\/a> ... <b>3. Unbekannter erbeutete Bargeld aus Automaten: Zeugen gesucht! - <a href=\"\/news\/roedermark-polizeimeldungen\" title=\"Polizeieins\u00e4tze R\u00f6dermark\">R\u00f6dermark<\/a><\/b>   (cb) Dickliche Statur, 1,75 Meter bis 1,80 Meter gro\u00df, schwarzer Kapuzenpullover, kurze wei\u00dfe Shorts, schwarze Handschuhe, schwarze Umh\u00e4ngetasche und ein rot-schwarzes Stirnband \u00fcber Augen und Nase gezogen: So lautet die Personenbeschreibung eines Mannes, ...<br clear=\"all\" \/><\/p><p style=\"margin-top:8px; margin-bottom:4px;\"><a href=\"https:\/\/www.presseportal.de\/blaulicht\/pm\/43561\/6266182\" target=\"_blank\"><img decoding=\"async\" src=\"\/feeds\/gfx\/POL-OF.jpg\" style=\"align:left !important; float:left !important; margin-top:4px !important; margin-right:8px !important; margin-bottom:4px !important; width:90px !important;\" \/><\/a> ... <b>4. Zwei Notebooks gestohlen: Wer sah die Einbrecher? - <a href=\"\/news\/langen-polizeimeldungen\" title=\"Polizeieins\u00e4tze Langen\">Langen<\/a><\/b>   (fg) Einbrecher haben in der Nacht zum Mittwoch eine Hintert\u00fcr eines B\u00fcrogeb\u00e4udes in der Frankfurter Stra\u00dfe im Bereich der 10er-Hausnummern aufgehebelt und im Anschluss das Innere durchsucht. Nach bisherigen Erkenntnissen waren die Unbekannten zwischen Dienstagabend, ...<br clear=\"all\" \/><\/p><p style=\"margin-top:8px; margin-bottom:4px;\"><a href=\"https:\/\/www.presseportal.de\/blaulicht\/pm\/43561\/6266182\" target=\"_blank\"><img decoding=\"async\" src=\"\/feeds\/gfx\/POL-OF.jpg\" style=\"align:left !important; float:left !important; margin-top:4px !important; margin-right:8px !important; margin-bottom:4px !important; width:90px !important;\" \/><\/a> ... <b>5. Zeugensuche nach Verkehrsunfallflucht - <a href=\"\/news\/seligenstadt-polizeimeldungen\" title=\"Polizeieins\u00e4tze Seligenstadt\">Seligenstadt<\/a><\/b>   (me) Im Verlauf des Mittwochs fuhr ein unbekannter Wagenlenker gegen einen schwarzen BMW, richtete an diesem einen Schaden von mehreren hundert Euro an und machte sich hiernach davon, ohne den Zusammensto\u00df gemeldet zu haben. Die Beamten aus Seligenstadt ermitteln ...<br clear=\"all\" \/><\/p><p style=\"margin-top:8px; margin-bottom:4px;\"><a href=\"https:\/\/www.presseportal.de\/blaulicht\/pm\/43561\/6266182\" target=\"_blank\"><img decoding=\"async\" src=\"\/feeds\/gfx\/POL-OF.jpg\" style=\"align:left !important; float:left !important; margin-top:4px !important; margin-right:8px !important; margin-bottom:4px !important; width:90px !important;\" \/><\/a> ... <b>6. Sand im Tank: Zeugen gesucht! - Mainhausen<\/b>   (cb) Die Polizei in Seligenstadt hat, nachdem Unbekannte in den Tank eines blauen Seats Sand eingef\u00fcllt hatten, die Ermittlungen wegen des Verdachts der Sachbesch\u00e4digung aufgenommen. Nach den bisherigen Erkenntnissen stellte der Fahrzeugeigent\u00fcmer seinen ...<br clear=\"all\" \/>   <\/p>\n   <div><span class=\"my_article_details\"><time datetime=\"2026-04-30\">30.04.2026<\/time> &middot; <\/span><a href=\"https:\/\/www.presseportal.de\/blaulicht\/pm\/43561\/6266182\" title=\"Link zum Artikel auf presseportal.de\" target=\"_blank\">presseportal.de<\/a><\/div>\n  <\/div>\n <\/article>\n <\/div>\n <div class=\"post\" style=\"margin-bottom:40px;\">\n <article>\n  <h3><a href=\"https:\/\/www.presseportal.de\/blaulicht\/pm\/43561\/6266286\" style=\"color:#000000; font-weight:bold;\" target=\"_blank\">POL-OF: Nach Fund von leerem Sarg im Main: Umst\u00e4nde aufgekl\u00e4rt<\/a><\/h3>\n  <div class=\"entry\">\n   <p style=\"margin-bottom:4px;\">   <a name=\"4fd952c4\" href=\"https:\/\/www.presseportal.de\/blaulicht\/pm\/43561\/6266286\" target=\"_blank\"><img decoding=\"async\" src=\"\/feeds\/gfx\/POL-OF.jpg\" style=\"align:left !important; float:left !important; margin-top:4px !important; margin-right:8px !important; margin-bottom:4px !important; width:90px !important;\" \/><\/a>    M\u00fchlheim am Main  (ots)      (me) Die Umst\u00e4nde des am Mittwochabend aufgefundenen Sargs in einem Fluss zwischen Hanau - Steinheim und M\u00fchlheim am Main (wir berichteten:  https:\/\/www.presseportal.de\/blaulicht\/pm\/43561\/6266002 ) konnten im Verlauf des Donnerstags ...<br clear=\"all\" \/>   <\/p>\n   <div><span class=\"my_article_details\"><time datetime=\"2026-04-30\">30.04.2026<\/time> &middot; <\/span><a href=\"https:\/\/www.presseportal.de\/blaulicht\/pm\/43561\/6266286\" title=\"Link zum Artikel auf presseportal.de\" target=\"_blank\">presseportal.de<\/a><\/div>\n  <\/div>\n <\/article>\n <\/div>\n <div class=\"post\" style=\"margin-bottom:40px;\">\n <article>\n  <h3><a href=\"https:\/\/www.presseportal.de\/blaulicht\/pm\/43561\/6266498\" style=\"color:#000000; font-weight:bold;\" target=\"_blank\">POL-OF: Betr\u00fcger \u00fcberlisteten Seniorin: Zeugensuche nach Trickbetrug<\/a><\/h3>\n  <div class=\"entry\">\n   <p style=\"margin-bottom:4px;\">   <a name=\"b0b8098e\" href=\"https:\/\/www.presseportal.de\/blaulicht\/pm\/43561\/6266498\" target=\"_blank\"><img decoding=\"async\" src=\"\/feeds\/gfx\/POL-OF.jpg\" style=\"align:left !important; float:left !important; margin-top:4px !important; margin-right:8px !important; margin-bottom:4px !important; width:90px !important;\" \/><\/a>    Mainhausen  (ots)      (me) Zwischen 20 und 30 Jahre alt, etwa 1,80 Meter gro\u00df und von schlanker Figur, markante Frisur mit einem Undercut, bekleidet mit einem grauen Sweatshirt, einer hellbeigen Hose sowie hellen Schuhen: Nach einem Mann mit dieser Personenbeschreibung ...<br clear=\"all\" \/>   <\/p>\n   <div><span class=\"my_article_details\"><time datetime=\"2026-04-30\">30.04.2026<\/time> &middot; <\/span><a href=\"https:\/\/www.presseportal.de\/blaulicht\/pm\/43561\/6266498\" title=\"Link zum Artikel auf presseportal.de\" target=\"_blank\">presseportal.de<\/a><\/div>\n  <\/div>\n <\/article>\n <\/div>\n <div class=\"post\" style=\"margin-bottom:40px;\">\n <article>\n  <h3><a href=\"https:\/\/www.presseportal.de\/blaulicht\/pm\/43561\/6265271\" style=\"color:#000000; font-weight:bold;\" target=\"_blank\">Polizei Offenbach am Main: Pressemeldungen vom 29.04.2026<\/a><\/h3>\n  <div class=\"entry\">\n   <p style=\"margin-bottom:4px;\">   <a name=\"e8bc80a8\" href=\"https:\/\/www.presseportal.de\/blaulicht\/pm\/43561\/6265271\" target=\"_blank\"><img decoding=\"async\" src=\"\/feeds\/gfx\/POL-OF.jpg\" style=\"align:left !important; float:left !important; margin-top:4px !important; margin-right:8px !important; margin-bottom:4px !important; width:90px !important;\" \/><\/a>    ... <b>1. Kontrolle des gewerblichen Personen- und Gueterverkehrs: diverse Verstoe\u00dfe geahndet - Autobahn 3 \/ Tank- und Rastanlage Weiskirchen<\/b>   (fg) Am Dienstag fand in der Zeit von 8.30 Uhr bis 17 Uhr auf der Tank- und Rastanlage Weiskirchen an der Bundesautobahn 3 in Fahrtrichtung K\u00f6ln eine beh\u00f6rden\u00fcbergreifende Kontrolle des gewerblichen Personen- und G\u00fcterverkehrs statt. Im Rahmen der Kontrollma\u00dfnahmen ...<br clear=\"all\" \/><\/p><p style=\"margin-top:8px; margin-bottom:4px;\"><a href=\"https:\/\/www.presseportal.de\/blaulicht\/pm\/43561\/6265271\" target=\"_blank\"><img decoding=\"async\" src=\"\/feeds\/gfx\/POL-OF.jpg\" style=\"align:left !important; float:left !important; margin-top:4px !important; margin-right:8px !important; margin-bottom:4px !important; width:90px !important;\" \/><\/a> ... <b>2. Motorr\u00e4der aus Tiefgarage gestohlen: Wer kann Hinweise geben? - <a href=\"\/news\/offenbach-polizeimeldungen\" title=\"Polizeieins\u00e4tze Offenbach\">Offenbach<\/a><\/b>   (me) In der Nacht von Dienstag auf Mittwoch entwendeten unbekannte Langfinger zwei Motorr\u00e4der aus einer Tiefgarage in den einstelligen Hausnummern der Leibnizstra\u00dfe. Zwischen 19 Uhr und 8 Uhr gelang es den Dieben die Sicherungen der beiden Bikes, bei denen ...<br clear=\"all\" \/><\/p><p style=\"margin-top:8px; margin-bottom:4px;\"><a href=\"https:\/\/www.presseportal.de\/blaulicht\/pm\/43561\/6265271\" target=\"_blank\"><img decoding=\"async\" src=\"\/feeds\/gfx\/POL-OF.jpg\" style=\"align:left !important; float:left !important; margin-top:4px !important; margin-right:8px !important; margin-bottom:4px !important; width:90px !important;\" \/><\/a> ... <b>3. Zeugensuche nach Verdacht des versuchtem Rollerdiebstahls, der Bedrohung und der gef\u00e4hrlichen Koerperverletzung - <a href=\"\/news\/offenbach-polizeimeldungen\" title=\"Polizeieins\u00e4tze Offenbach\">Offenbach<\/a><\/b>   (me) Drei Teenager sollen am Dienstagnachmittag im Begriff gewesen sein, einen Roller zu stehlen und wurden hierbei durch zwei Passanten gest\u00f6rt - in der Folge kam es offenbar zur Verwirklichung weiterer Straftatbest\u00e4nde. Kurz vor 17 Uhr wurden die Zeugen ...<br clear=\"all\" \/><\/p><p style=\"margin-top:8px; margin-bottom:4px;\"><a href=\"https:\/\/www.presseportal.de\/blaulicht\/pm\/43561\/6265271\" target=\"_blank\"><img decoding=\"async\" src=\"\/feeds\/gfx\/POL-OF.jpg\" style=\"align:left !important; float:left !important; margin-top:4px !important; margin-right:8px !important; margin-bottom:4px !important; width:90px !important;\" \/><\/a> ... <b>4. Fahrzeugdiebstahl: Hinweise erbeten - <a href=\"\/news\/offenbach-polizeimeldungen\" title=\"Polizeieins\u00e4tze Offenbach\">Offenbach<\/a><\/b>   (cb) Unbekannte haben in der Nacht zum Dienstag einen Toyota mit OF-Kennzeichen geklaut. Den wei\u00dfen Corolla parkten die Fahrzeugeigent\u00fcmer am Montag, gegen 21.30 Uhr, auf einem Parkplatz in der Buchh\u00fcgelallee (60er-Hausnummern). Am Dienstagmorgen, gegen 7.30 ...<br clear=\"all\" \/><\/p><p style=\"margin-top:8px; margin-bottom:4px;\"><a href=\"https:\/\/www.presseportal.de\/blaulicht\/pm\/43561\/6265271\" target=\"_blank\"><img decoding=\"async\" src=\"\/feeds\/gfx\/POL-OF.jpg\" style=\"align:left !important; float:left !important; margin-top:4px !important; margin-right:8px !important; margin-bottom:4px !important; width:90px !important;\" \/><\/a> ... <b>5. Fahrraddiebstahl: Wer hat was gesehen? - <a href=\"\/news\/offenbach-polizeimeldungen\" title=\"Polizeieins\u00e4tze Offenbach\">Offenbach<\/a><\/b>   (cb) In der Nacht zu Dienstag klaute ein Unbekannter ein Pedelec, welches in einem Vorgarten in der Stra\u00dfe \"Am Entensee\" (50er-Hausnummern) angeschlossen war. Hierbei verursachte der T\u00e4ter scheinbar so viel L\u00e4rm, dass Anwohner aufwachten, den Fahrraddiebstahl ...<br clear=\"all\" \/><\/p><p style=\"margin-top:8px; margin-bottom:4px;\"><a href=\"https:\/\/www.presseportal.de\/blaulicht\/pm\/43561\/6265271\" target=\"_blank\"><img decoding=\"async\" src=\"\/feeds\/gfx\/POL-OF.jpg\" style=\"align:left !important; float:left !important; margin-top:4px !important; margin-right:8px !important; margin-bottom:4px !important; width:90px !important;\" \/><\/a> ... <b>6. Einbruch in Sportsbar: Spielautomaten aufgebrochen und Geld entwendet - <a href=\"\/news\/neu-isenburg-polizeimeldungen\" title=\"Polizeieins\u00e4tze Neu-Isenburg\">Neu-Isenburg<\/a><\/b>   (fg) Unbekannte T\u00e4ter sind zwischen Montag, 23.30 Uhr und Dienstagmorgen, 9.20 Uhr, in einen Nebenraum einer Sportsbar in der Stra\u00dfe \"Am Forsthaus Gravenbruch\" (einstellige Hausnummern) eingedrungen und haben dort zwei Spielautomaten aufgebrochen. Nach bisherigen ...<br clear=\"all\" \/><\/p><p style=\"margin-top:8px; margin-bottom:4px;\"><a href=\"https:\/\/www.presseportal.de\/blaulicht\/pm\/43561\/6265271\" target=\"_blank\"><img decoding=\"async\" src=\"\/feeds\/gfx\/POL-OF.jpg\" style=\"align:left !important; float:left !important; margin-top:4px !important; margin-right:8px !important; margin-bottom:4px !important; width:90px !important;\" \/><\/a> ... <b>7. Verdacht der Brandstiftung: Polizei hat Ermittlungen aufgenommen - <a href=\"\/news\/dietzenbach-polizeimeldungen\" title=\"Polizeieins\u00e4tze Dietzenbach\">Dietzenbach<\/a><\/b>   (me) Am Dienstagabend gegen 18 Uhr erhielt die Polizei die Mitteilung \u00fcber ein brennendes Waldst\u00fcck im Bereich der Waldstra\u00dfe (20er-Hausnummern). Vor Ort stellten die ebenfalls alarmierte Feuerwehr und die Ordnungsh\u00fcter dann ein mehrere Quadratmeter gro\u00dfes ...<br clear=\"all\" \/><\/p><p style=\"margin-top:8px; margin-bottom:4px;\"><a href=\"https:\/\/www.presseportal.de\/blaulicht\/pm\/43561\/6265271\" target=\"_blank\"><img decoding=\"async\" src=\"\/feeds\/gfx\/POL-OF.jpg\" style=\"align:left !important; float:left !important; margin-top:4px !important; margin-right:8px !important; margin-bottom:4px !important; width:90px !important;\" \/><\/a> ... <b>8. Bankkarte aus Wagen gestohlen und Abbuchungen get\u00e4tigt: Polizei sucht nach Zeugen - <a href=\"\/news\/dreieich-polizeimeldungen\" title=\"Polizeieins\u00e4tze Dreieich\">Dreieich<\/a><\/b>   (me) Ein grauer Wagen mit besch\u00e4digter Fensterscheibe wird den Beamten aus Neu-Isenburg am Mittwoch, um kurz vor 6 Uhr, gemeldet. Vor Ort stellten die Ordnungsh\u00fcter zusammen mit der Besitzerin nicht nur den besch\u00e4digten Ford, sondern auch das Fehlen einer ...<br clear=\"all\" \/><\/p><p style=\"margin-top:8px; margin-bottom:4px;\"><a href=\"https:\/\/www.presseportal.de\/blaulicht\/pm\/43561\/6265271\" target=\"_blank\"><img decoding=\"async\" src=\"\/feeds\/gfx\/POL-OF.jpg\" style=\"align:left !important; float:left !important; margin-top:4px !important; margin-right:8px !important; margin-bottom:4px !important; width:90px !important;\" \/><\/a> ... <b>9. Unbekannte hinterlie\u00dfen Hakenkreuze auf Steintreppe - <a href=\"\/news\/seligenstadt-polizeimeldungen\" title=\"Polizeieins\u00e4tze Seligenstadt\">Seligenstadt<\/a><\/b>   (cb) Am Dienstagmittag, gegen 12.10 Uhr, fielen einem Mittteiler Hakenkreuze auf einer Steintreppe in der Jakobusstra\u00dfe (einstellige Hausnummern) auf, weshalb nun die Staatsschutzabteilung ermittelt. Die unbekannten T\u00e4ter hatten zwei Hakenkreuze in unterschiedlicher ...<br clear=\"all\" \/><\/p><p style=\"margin-top:8px; margin-bottom:4px;\"><a href=\"https:\/\/www.presseportal.de\/blaulicht\/pm\/43561\/6265271\" target=\"_blank\"><img decoding=\"async\" src=\"\/feeds\/gfx\/POL-OF.jpg\" style=\"align:left !important; float:left !important; margin-top:4px !important; margin-right:8px !important; margin-bottom:4px !important; width:90px !important;\" \/><\/a> ... <b>10. Zeugensuche nach Auseinandersetzung um Parkplatz - <a href=\"\/news\/seligenstadt-polizeimeldungen\" title=\"Polizeieins\u00e4tze Seligenstadt\">Seligenstadt<\/a><\/b>   (cb) Am Sonntagmittag kam es zu einer Auseinandersetzung zwischen einer 37-j\u00e4hrigen Frau, die ihren Wagen einparken wollte, und einem bis dato unbekannten Fahrzeugf\u00fchrer, weshalb die Polizei nun Ermittlungen wegen des Verdachts der Beleidigung und Bedrohung ...<br clear=\"all\" \/><\/p><p style=\"margin-top:8px; margin-bottom:4px;\"><a href=\"https:\/\/www.presseportal.de\/blaulicht\/pm\/43561\/6265271\" target=\"_blank\"><img decoding=\"async\" src=\"\/feeds\/gfx\/POL-OF.jpg\" style=\"align:left !important; float:left !important; margin-top:4px !important; margin-right:8px !important; margin-bottom:4px !important; width:90px !important;\" \/><\/a> ... <b>11. Volvo angedotzt: Zeugen gesucht! - Mainhausen<\/b>   (cb) Ein schwarzer Volvo, welcher am Fahrbahnrand der Ludwigstra\u00dfe (einstellige Hausnummern) abgestellt war, weist nun Besch\u00e4digungen am Fahrzeugheck auf, weshalb die Polizei in Seligenstadt nach Unfallzeugen sucht. Der V60 mit OF-Kennzeichen wurde am Montag ...<br clear=\"all\" \/>   <\/p>\n   <div><span class=\"my_article_details\"><time datetime=\"2026-04-29\">29.04.2026<\/time> &middot; <\/span><a href=\"https:\/\/www.presseportal.de\/blaulicht\/pm\/43561\/6265271\" title=\"Link zum Artikel auf presseportal.de\" target=\"_blank\">presseportal.de<\/a><\/div>\n  <\/div>\n <\/article>\n <\/div>\n <div class=\"post\" style=\"margin-bottom:40px;\">\n <article>\n  <h3><a href=\"https:\/\/www.presseportal.de\/blaulicht\/pm\/43561\/6264351\" style=\"color:#000000; font-weight:bold;\" target=\"_blank\">Polizei Offenbach am Main: Pressemeldungen vom 28.04.2026<\/a><\/h3>\n  <div class=\"entry\">\n   <p style=\"margin-bottom:4px;\">   <a name=\"b0c32abb\" href=\"https:\/\/www.presseportal.de\/blaulicht\/pm\/43561\/6264351\" target=\"_blank\"><img decoding=\"async\" src=\"\/feeds\/gfx\/POL-OF.jpg\" style=\"align:left !important; float:left !important; margin-top:4px !important; margin-right:8px !important; margin-bottom:4px !important; width:90px !important;\" \/><\/a>    ... <b>1. Zeugensuche nach Wohnungseinbruch - <a href=\"\/news\/offenbach-polizeimeldungen\" title=\"Polizeieins\u00e4tze Offenbach\">Offenbach<\/a><\/b>   (cb) Nachdem Einbrecher sich gewaltsam Zutritt in eine Wohnung in der Herrmannstra\u00dfe (30er-Hausnummern) verschafften, suchen die Ermittler Zeugen des Einbruchs. Nach derzeitigen Erkenntnisstand gelangten die Langfinger zuerst unbemerkt in den Hausflur des ...<br clear=\"all\" \/><\/p><p style=\"margin-top:8px; margin-bottom:4px;\"><a href=\"https:\/\/www.presseportal.de\/blaulicht\/pm\/43561\/6264351\" target=\"_blank\"><img decoding=\"async\" src=\"\/feeds\/gfx\/POL-OF.jpg\" style=\"align:left !important; float:left !important; margin-top:4px !important; margin-right:8px !important; margin-bottom:4px !important; width:90px !important;\" \/><\/a> ... <b>2. Hoher Schaden bei Wohnungsbrand: Womoeglich technischer Defekt - <a href=\"\/news\/offenbach-polizeimeldungen\" title=\"Polizeieins\u00e4tze Offenbach\">Offenbach<\/a><\/b>   (lei) Sch\u00e4tzungsweise 150.000 Euro Sachschaden, so die erste Prognose, hatte eine Feuer in einem Mehrfamilienhaus im L\u00e4mmerspieler Weg am Dienstagvormittag zur Folge. Als Einsatzkr\u00e4fte von Feuerwehr und Polizei nach dem gegen 10.30 Uhr eingegangenen Notruf ...<br clear=\"all\" \/><\/p><p style=\"margin-top:8px; margin-bottom:4px;\"><a href=\"https:\/\/www.presseportal.de\/blaulicht\/pm\/43561\/6264351\" target=\"_blank\"><img decoding=\"async\" src=\"\/feeds\/gfx\/POL-OF.jpg\" style=\"align:left !important; float:left !important; margin-top:4px !important; margin-right:8px !important; margin-bottom:4px !important; width:90px !important;\" \/><\/a> ... <b>3. Piaggio geklaut: Wer hat etwas beobachtet? - <a href=\"\/news\/offenbach-polizeimeldungen\" title=\"Polizeieins\u00e4tze Offenbach\">Offenbach<\/a><\/b>   (me) Im Verlauf des Montags verschwand ein Roller aus der Rumpenheimer Stra\u00dfe (100er-Hausnummern) spurlos, weshalb die Beamten des Polizeireviers nun wegen des Verdachts des besonders schweren Falls des Diebstahls ermitteln. Gegen 16.20 Uhr wurde das Zweirad ...<br clear=\"all\" \/><\/p><p style=\"margin-top:8px; margin-bottom:4px;\"><a href=\"https:\/\/www.presseportal.de\/blaulicht\/pm\/43561\/6264351\" target=\"_blank\"><img decoding=\"async\" src=\"\/feeds\/gfx\/POL-OF.jpg\" style=\"align:left !important; float:left !important; margin-top:4px !important; margin-right:8px !important; margin-bottom:4px !important; width:90px !important;\" \/><\/a> ... <b>4. Jugendliche angesprochen und angefasst: Wer sah den T\u00e4ter? - <a href=\"\/news\/obertshausen-polizeimeldungen\" title=\"Polizeieins\u00e4tze Obertshausen\">Obertshausen<\/a><\/b>   (fg) Nachdem ein Unbekannter am Montag eine Jugendliche in der Alexanderstra\u00dfe im Bereich ihres Ges\u00e4\u00dfes unsittlich ber\u00fchrt haben soll, ermittelt die Kriminalpolizei und sucht mit einer Personenbeschreibung nach dem T\u00e4ter. Dieser war 1,75 Meter bis 1,80 Meter ...<br clear=\"all\" \/><\/p><p style=\"margin-top:8px; margin-bottom:4px;\"><a href=\"https:\/\/www.presseportal.de\/blaulicht\/pm\/43561\/6264351\" target=\"_blank\"><img decoding=\"async\" src=\"\/feeds\/gfx\/POL-OF.jpg\" style=\"align:left !important; float:left !important; margin-top:4px !important; margin-right:8px !important; margin-bottom:4px !important; width:90px !important;\" \/><\/a> ... <b>5. Wer hat die Feuerloescher in den Tiefgaragen geleert? - <a href=\"\/news\/rodgau-polizeimeldungen\" title=\"Polizeieins\u00e4tze Rodgau\">Rodgau<\/a><\/b>   (cb) Zwei Jugendliche, sie sollen etwa 1,70 Meter gro\u00df sein, sollen einen Sachschaden von sch\u00e4tzungsweise 10.000 Euro verursacht haben, indem sie mehrere Feuerl\u00f6scher in zwei nebeneinanderliegenden Tiefgaragen in der R\u00fcdesheimer Stra\u00dfe 10er-Hausnummern geleert ...<br clear=\"all\" \/><\/p><p style=\"margin-top:8px; margin-bottom:4px;\"><a href=\"https:\/\/www.presseportal.de\/blaulicht\/pm\/43561\/6264351\" target=\"_blank\"><img decoding=\"async\" src=\"\/feeds\/gfx\/POL-OF.jpg\" style=\"align:left !important; float:left !important; margin-top:4px !important; margin-right:8px !important; margin-bottom:4px !important; width:90px !important;\" \/><\/a> ... <b>6. Alfa Romeo und BMW gestohlen: Polizei ermittelt und sucht nach Zeugen - <a href=\"\/news\/dietzenbach-polizeimeldungen\" title=\"Polizeieins\u00e4tze Dietzenbach\">Dietzenbach<\/a><\/b>   (me) Die Kriminalpolizei aus Offenbach ermittelt derzeit wegen zweier Diebst\u00e4hle von Kraftfahrzeugen vom vergangenen Wochenende. In der Zeit zwischen Freitag, 11 Uhr und Sonntag, 18 Uhr, verschwand aus der K\u00f6nigsteiner Allee ein schwarzer BMW mit DA-Kennzeichenschildern ...<br clear=\"all\" \/><\/p><p style=\"margin-top:8px; margin-bottom:4px;\"><a href=\"https:\/\/www.presseportal.de\/blaulicht\/pm\/43561\/6264351\" target=\"_blank\"><img decoding=\"async\" src=\"\/feeds\/gfx\/POL-OF.jpg\" style=\"align:left !important; float:left !important; margin-top:4px !important; margin-right:8px !important; margin-bottom:4px !important; width:90px !important;\" \/><\/a> ... <b>7. Tresor mitgenommen: Zeugen gesucht! - <a href=\"\/news\/roedermark-polizeimeldungen\" title=\"Polizeieins\u00e4tze R\u00f6dermark\">R\u00f6dermark<\/a><\/b>   (cb) Einen Tresor mitsamt mehreren zehntausend Euro Bargeld erbeuteten Einbrecher, nachdem diese in die B\u00fcror\u00e4ume einer Firma in der Carl-Zeiss-Stra\u00dfe (30er-Hausnummern) eingebrochen waren. Nach bisherigem Stand der Ermittlungen verschafften sich die Langfinger ...<br clear=\"all\" \/><\/p><p style=\"margin-top:8px; margin-bottom:4px;\"><a href=\"https:\/\/www.presseportal.de\/blaulicht\/pm\/43561\/6264351\" target=\"_blank\"><img decoding=\"async\" src=\"\/feeds\/gfx\/POL-OF.jpg\" style=\"align:left !important; float:left !important; margin-top:4px !important; margin-right:8px !important; margin-bottom:4px !important; width:90px !important;\" \/><\/a> ... <b>8. Gro\u00dfangelegte Kontrollaktion: Zweir\u00e4der im Blick - <a href=\"\/news\/neu-isenburg-polizeimeldungen\" title=\"Polizeieins\u00e4tze Neu-Isenburg\">Neu-Isenburg<\/a><\/b>   (fg) Am Montag f\u00fchrte das Zweiradkontrollteam des Polizeipr\u00e4sidiums S\u00fcdhessen mit Unterst\u00fctzung weiterer Beamtinnen und Beamten von 8.30 Uhr bis 15 Uhr eine gro\u00dfangelegte Kontrollaktion mit dem Schwerpunkt \"Zweir\u00e4der\" im Dienstgebiet der Polizeistation Neu-Isenburg ...<br clear=\"all\" \/><\/p><p style=\"margin-top:8px; margin-bottom:4px;\"><a href=\"https:\/\/www.presseportal.de\/blaulicht\/pm\/43561\/6264351\" target=\"_blank\"><img decoding=\"async\" src=\"\/feeds\/gfx\/POL-OF.jpg\" style=\"align:left !important; float:left !important; margin-top:4px !important; margin-right:8px !important; margin-bottom:4px !important; width:90px !important;\" \/><\/a> ... <b>9. Steine gegen Schulfenster geschmissen: Polizei sucht Zeugen - <a href=\"\/news\/seligenstadt-polizeimeldungen\" title=\"Polizeieins\u00e4tze Seligenstadt\">Seligenstadt<\/a><\/b>   (fg) Unbekannte haben vergangenes Wochenende offenbar mehrfach mit Steinen gegen ein Fenster eines Klassenzimmers einer Schule in der Einhardstra\u00dfe geworfen, sodass dieses nun an mehreren Stellen Besch\u00e4digungen aufweist. Insgesamt wird der Sachschaden auf ...<br clear=\"all\" \/><\/p><p style=\"margin-top:8px; margin-bottom:4px;\"><a href=\"https:\/\/www.presseportal.de\/blaulicht\/pm\/43561\/6264351\" target=\"_blank\"><img decoding=\"async\" src=\"\/feeds\/gfx\/POL-OF.jpg\" style=\"align:left !important; float:left !important; margin-top:4px !important; margin-right:8px !important; margin-bottom:4px !important; width:90px !important;\" \/><\/a> ... <b>10. R\u00e4der gestohlen: Wer sah die Diebe? - <a href=\"\/news\/hainburg-polizeimeldungen\" title=\"Polizeieins\u00e4tze Hainburg\">Hainburg<\/a><\/b>   (fg) Im Ortsteil Hainstadt hatten es Unbekannte in der Nacht zum Montag im Meisenweg im Bereich der einstelligen Hausnummern auf die R\u00e4der eines BMW X5 abgesehen. Die Polizei geht derzeit davon aus, dass die T\u00e4ter einen Wagenheber nutzten, um das Auto aufzubocken. ...<br clear=\"all\" \/>   <\/p>\n   <div><span class=\"my_article_details\"><time datetime=\"2026-04-28\">28.04.2026<\/time> &middot; <\/span><a href=\"https:\/\/www.presseportal.de\/blaulicht\/pm\/43561\/6264351\" title=\"Link zum Artikel auf presseportal.de\" target=\"_blank\">presseportal.de<\/a><\/div>\n  <\/div>\n <\/article>\n <\/div>\n <div class=\"post\" style=\"margin-bottom:40px;\">\n <article>\n  <h3><a href=\"https:\/\/www.presseportal.de\/blaulicht\/pm\/43561\/6263097\" style=\"color:#000000; font-weight:bold;\" target=\"_blank\">POL-OF: Untersuchungshaft nach Raub\u00fcberfall auf Spielhalle: 21-J\u00e4hriger Tatverd\u00e4chtiger stellte sich<\/a><\/h3>\n  <div class=\"entry\">\n   <p style=\"margin-bottom:4px;\">   <a name=\"285e87ac\" href=\"https:\/\/www.presseportal.de\/blaulicht\/pm\/43561\/6263097\" target=\"_blank\"><img decoding=\"async\" src=\"\/feeds\/gfx\/POL-OF.jpg\" style=\"align:left !important; float:left !important; margin-top:4px !important; margin-right:8px !important; margin-bottom:4px !important; width:90px !important;\" \/><\/a>    R\u00f6dermark  (ots)      Gemeinsame Pressemitteilung der Staatsanwaltschaft Darmstadt und des Polizeipr\u00e4sidiums S\u00fcdosthessen  (lei) Nach einem Raub\u00fcberfall auf eine Spielhalle in der Siemensstra\u00dfe in der Nacht zu Samstag (wir berichteten:  https:\/\/www.presseportal.de\/blaulicht\/pm\/43561\/6262488 ...<br clear=\"all\" \/>   <\/p>\n   <div><span class=\"my_article_details\"><time datetime=\"2026-04-27\">27.04.2026<\/time> &middot; <\/span><a href=\"https:\/\/www.presseportal.de\/blaulicht\/pm\/43561\/6263097\" title=\"Link zum Artikel auf presseportal.de\" target=\"_blank\">presseportal.de<\/a><\/div>\n  <\/div>\n <\/article>\n <\/div>\n <div class=\"post\" style=\"margin-bottom:40px;\">\n <article>\n  <h3><a href=\"https:\/\/www.presseportal.de\/blaulicht\/pm\/43561\/6263589\" style=\"color:#000000; font-weight:bold;\" target=\"_blank\">Polizei Offenbach am Main: Pressemeldungen vom 27.04.2026<\/a><\/h3>\n  <div class=\"entry\">\n   <p style=\"margin-bottom:4px;\">   <a name=\"ee6be7a3\" href=\"https:\/\/www.presseportal.de\/blaulicht\/pm\/43561\/6263589\" target=\"_blank\"><img decoding=\"async\" src=\"\/feeds\/gfx\/POL-OF.jpg\" style=\"align:left !important; float:left !important; margin-top:4px !important; margin-right:8px !important; margin-bottom:4px !important; width:90px !important;\" \/><\/a>    ... <b>1. Scheinwerfer aus Sprinter ausgebaut: Zeugen gesucht! - <a href=\"\/news\/offenbach-polizeimeldungen\" title=\"Polizeieins\u00e4tze Offenbach\">Offenbach<\/a><\/b>   (cb) Scheinwerfer und R\u00fcckleuchten im Wert von ungef\u00e4hr 3.000 Euro bauten Fahrzeugteilediebe aus einem Sprinter aus, welcher am Fahrbahnrand im Kahlweg abgestellt war. Zudem besch\u00e4digten sie im Zuge der Tatausf\u00fchrung die Heckscheibe des Transporters mit HH-Kennzeichen. ...<br clear=\"all\" \/><\/p><p style=\"margin-top:8px; margin-bottom:4px;\"><a href=\"https:\/\/www.presseportal.de\/blaulicht\/pm\/43561\/6263589\" target=\"_blank\"><img decoding=\"async\" src=\"\/feeds\/gfx\/POL-OF.jpg\" style=\"align:left !important; float:left !important; margin-top:4px !important; margin-right:8px !important; margin-bottom:4px !important; width:90px !important;\" \/><\/a> ... <b>2. Grauer Toyota Corolla entwendet: Zeugen gesucht! - <a href=\"\/news\/offenbach-polizeimeldungen\" title=\"Polizeieins\u00e4tze Offenbach\">Offenbach<\/a><\/b>   (me) Auf einen grauen Kleinwagen im Wert von etwa 16.000 Euro hatten es Langfinger in der Nacht zum Freitag abgesehen. Nachdem der Toyota gegen 20.40 Uhr in der Welfenstra\u00dfe im Bereich der einstelligen Hausnummern abgestellt worden war, gelang es den Gaunern ...<br clear=\"all\" \/><\/p><p style=\"margin-top:8px; margin-bottom:4px;\"><a href=\"https:\/\/www.presseportal.de\/blaulicht\/pm\/43561\/6263589\" target=\"_blank\"><img decoding=\"async\" src=\"\/feeds\/gfx\/POL-OF.jpg\" style=\"align:left !important; float:left !important; margin-top:4px !important; margin-right:8px !important; margin-bottom:4px !important; width:90px !important;\" \/><\/a> ... <b>3. Fahrrad aus Keller gestohlen: Hinweise erbeten! - <a href=\"\/news\/offenbach-polizeimeldungen\" title=\"Polizeieins\u00e4tze Offenbach\">Offenbach<\/a><\/b>   (me) Nachdem er unbemerkt in ein Mehrfamilienhaus in der Stra\u00dfe \"Hafeninsel\" (20er-Hausnummern) gelangt war und mindestens zwei Kellerr\u00e4ume aufgebrochen hatte, entwendete ein Gauner ein Fahrrad der Marke \"Canyon\". Mit dem Rad im Wert von mehreren hundert ...<br clear=\"all\" \/><\/p><p style=\"margin-top:8px; margin-bottom:4px;\"><a href=\"https:\/\/www.presseportal.de\/blaulicht\/pm\/43561\/6263589\" target=\"_blank\"><img decoding=\"async\" src=\"\/feeds\/gfx\/POL-OF.jpg\" style=\"align:left !important; float:left !important; margin-top:4px !important; margin-right:8px !important; margin-bottom:4px !important; width:90px !important;\" \/><\/a> ... <b>4. Zeugensuche nach mutma\u00dflichen Schussabgaben mit Pfefferpistolen - <a href=\"\/news\/offenbach-polizeimeldungen\" title=\"Polizeieins\u00e4tze Offenbach\">Offenbach<\/a><\/b>   (me) Zwei Unbekannte sollen am fr\u00fchen Samstagabend im Bereich eines Restaurants in der Jacques-Offenbach-Stra\u00dfe offenbar mindestens zweimal mit, so der bisherige Erkenntnisstand, Pfefferpistolen geschossen haben. Hinzugezogene Beamte konnten an den W\u00e4nden ...<br clear=\"all\" \/><\/p><p style=\"margin-top:8px; margin-bottom:4px;\"><a href=\"https:\/\/www.presseportal.de\/blaulicht\/pm\/43561\/6263589\" target=\"_blank\"><img decoding=\"async\" src=\"\/feeds\/gfx\/POL-OF.jpg\" style=\"align:left !important; float:left !important; margin-top:4px !important; margin-right:8px !important; margin-bottom:4px !important; width:90px !important;\" \/><\/a> ... <b>5. Feuerwehr und Polizei rueckten aus: Zeugensuche nach Brand - <a href=\"\/news\/dietzenbach-polizeimeldungen\" title=\"Polizeieins\u00e4tze Dietzenbach\">Dietzenbach<\/a><\/b>   (fg) Feuerwehr und Polizei r\u00fcckten am Sonntagabend, gegen 19.25 Uhr, zu einem gemeldeten Brand in der Stra\u00dfe \"Am Wildwieseneck\" im Bereich des dortigen Wollwiesenteichs aus. Ein L\u00f6schen des gemeldeten Feuers war seitens der Einsatzkr\u00e4fte der Feuerwehr nicht ...<br clear=\"all\" \/><\/p><p style=\"margin-top:8px; margin-bottom:4px;\"><a href=\"https:\/\/www.presseportal.de\/blaulicht\/pm\/43561\/6263589\" target=\"_blank\"><img decoding=\"async\" src=\"\/feeds\/gfx\/POL-OF.jpg\" style=\"align:left !important; float:left !important; margin-top:4px !important; margin-right:8px !important; margin-bottom:4px !important; width:90px !important;\" \/><\/a> ... <b>6. Nach Auffahrunfall gefluechtet: Wer sah den Zusammensto\u00df? - <a href=\"\/news\/neu-isenburg-polizeimeldungen\" title=\"Polizeieins\u00e4tze Neu-Isenburg\">Neu-Isenburg<\/a><\/b>   (fg) Im Kreuzungsbereich der Landesstra\u00dfe 3117 und der Stra\u00dfe \"An d. Gehespitz\" ereignete sich am Donnerstagnachmittag, kurz nach 14 Uhr, ein Verkehrsunfall, in dessen Folge der Verursacher nach dem Zusammensto\u00df einfach wegfuhr. Der Fahrer hielt nach bisherigen ...<br clear=\"all\" \/><\/p><p style=\"margin-top:8px; margin-bottom:4px;\"><a href=\"https:\/\/www.presseportal.de\/blaulicht\/pm\/43561\/6263589\" target=\"_blank\"><img decoding=\"async\" src=\"\/feeds\/gfx\/POL-OF.jpg\" style=\"align:left !important; float:left !important; margin-top:4px !important; margin-right:8px !important; margin-bottom:4px !important; width:90px !important;\" \/><\/a> ... <b>7. Ohne Fuehrerschein und Pflichtversicherung unterwegs: Streife stellte 41-J\u00e4hrigen - <a href=\"\/news\/dreieich-polizeimeldungen\" title=\"Polizeieins\u00e4tze Dreieich\">Dreieich<\/a> \/ Langen<\/b>   (fg) Unter anderem wegen des Verdachts der Gef\u00e4hrdung des Stra\u00dfenverkehrs ermittelt die Polizei gegen einen 41-J\u00e4hrigen. Der Verd\u00e4chtige, der am Sonntagnachmittag mit einem Leichtkraftrad ohne Kennzeichen im Bereich der Waldstra\u00dfe \/ \"Am Breitengrad\" in Dreieichenhain ...<br clear=\"all\" \/>   <\/p>\n   <div><span class=\"my_article_details\"><time datetime=\"2026-04-27\">27.04.2026<\/time> &middot; <\/span><a href=\"https:\/\/www.presseportal.de\/blaulicht\/pm\/43561\/6263589\" title=\"Link zum Artikel auf presseportal.de\" target=\"_blank\">presseportal.de<\/a><\/div>\n  <\/div>\n <\/article>\n <\/div>\n <div class=\"post\" style=\"margin-bottom:40px;\">\n <article>\n  <h3><a href=\"https:\/\/www.presseportal.de\/blaulicht\/pm\/43561\/6263685\" style=\"color:#000000; font-weight:bold;\" target=\"_blank\">POL-OF: Verdacht des r\u00e4uberischen Diebstahls und der K\u00f6rperverletzung: 40-J\u00e4hriger in Untersuchungshaft - Rodgau<\/a><\/h3>\n  <div class=\"entry\">\n   <p style=\"margin-bottom:4px;\">   <a name=\"7279846d\" href=\"https:\/\/www.presseportal.de\/blaulicht\/pm\/43561\/6263685\" target=\"_blank\"><img decoding=\"async\" src=\"\/feeds\/gfx\/POL-OF.jpg\" style=\"align:left !important; float:left !important; margin-top:4px !important; margin-right:8px !important; margin-bottom:4px !important; width:90px !important;\" \/><\/a>    Rodgau  (ots)      Gemeinsame Pressemitteilung der Staatsanwaltschaft Darmstadt - Zweigstelle Offenbach - und des Polizeipr\u00e4sidiums S\u00fcdosthessen  (cb) Ein 40-J\u00e4hriger soll am Samstagabend (25.4.) eine nicht unerhebliche Summe Bargeld aus dem F\u00fchrerhaus eines ...<br clear=\"all\" \/>   <\/p>\n   <div><span class=\"my_article_details\"><time datetime=\"2026-04-27\">27.04.2026<\/time> &middot; <\/span><a href=\"https:\/\/www.presseportal.de\/blaulicht\/pm\/43561\/6263685\" title=\"Link zum Artikel auf presseportal.de\" target=\"_blank\">presseportal.de<\/a><\/div>\n  <\/div>\n <\/article>\n <\/div>\n <div class=\"post\" style=\"margin-bottom:40px;\">\n <article>\n  <h3><a href=\"https:\/\/www.presseportal.de\/blaulicht\/pm\/43561\/6262488\" style=\"color:#000000; font-weight:bold;\" target=\"_blank\">POL-OF: Kripo bittet um Hinweise nach bewaffneten Raub\u00fcberfall<\/a><\/h3>\n  <div class=\"entry\">\n   <p style=\"margin-bottom:4px;\">   <a name=\"e5eeb037\" href=\"https:\/\/www.presseportal.de\/blaulicht\/pm\/43561\/6262488\" target=\"_blank\"><img decoding=\"async\" src=\"\/feeds\/gfx\/POL-OF.jpg\" style=\"align:left !important; float:left !important; margin-top:4px !important; margin-right:8px !important; margin-bottom:4px !important; width:90px !important;\" \/><\/a>    R\u00f6dermark  (ots)      (lei) Augenscheinlich mit einer Pistole bewaffnet hat ein etwa 1,85 Meter gro\u00dfer Mann in der Nacht zu Samstag eine Spielhalle in der Siemensstra\u00dfe \u00fcberfallen und Bargeld erbeutet. Gegen 2 Uhr betrat der dunkel gekleidete Unbekannte mit ...<br clear=\"all\" \/>   <\/p>\n   <div><span class=\"my_article_details\"><time datetime=\"2026-04-25\">25.04.2026<\/time> &middot; <\/span><a href=\"https:\/\/www.presseportal.de\/blaulicht\/pm\/43561\/6262488\" title=\"Link zum Artikel auf presseportal.de\" target=\"_blank\">presseportal.de<\/a><\/div>\n  <\/div>\n <\/article>\n <\/div>\n <div class=\"post\" style=\"margin-bottom:40px;\">\n <article>\n  <h3><a href=\"https:\/\/www.presseportal.de\/blaulicht\/pm\/43561\/6262489\" style=\"color:#000000; font-weight:bold;\" target=\"_blank\">POL-OF: Hoher Schaden bei Garagenbrand<\/a><\/h3>\n  <div class=\"entry\">\n   <p style=\"margin-bottom:4px;\">   <a name=\"7c43d046\" href=\"https:\/\/www.presseportal.de\/blaulicht\/pm\/43561\/6262489\" target=\"_blank\"><img decoding=\"async\" src=\"\/feeds\/gfx\/POL-OF.jpg\" style=\"align:left !important; float:left !important; margin-top:4px !important; margin-right:8px !important; margin-bottom:4px !important; width:90px !important;\" \/><\/a>    Seligenstadt  (ots)      (lei) Weil es am Freitagnachmittag in der Stadtm\u00fchlgasse gebrannt hat, r\u00fcckten Feuerwehr und Polizei aus, um ihre Aufgaben zu erledigen. Kurz nach 17 Uhr meldete ein Nachbar, dass dort Rauch aus einer Doppelgarage aufstieg; kurz darauf ...<br clear=\"all\" \/>   <\/p>\n   <div><span class=\"my_article_details\"><time datetime=\"2026-04-25\">25.04.2026<\/time> &middot; <\/span><a href=\"https:\/\/www.presseportal.de\/blaulicht\/pm\/43561\/6262489\" title=\"Link zum Artikel auf presseportal.de\" target=\"_blank\">presseportal.de<\/a><\/div>\n  <\/div>\n <\/article>\n <\/div>\n <b>Mehr von der <a href=\"\/news\/polizeieinsaetze-offenbach-am-main\" title=\"Polizeieins\u00e4tze in Offenbach am Main heute\">Polizei Offenbach<\/a> ...<\/b>\n<\/div>\n<br \/><div style=\"margin-top:15px; margin-bottom:15px; padding:10px; text-align:left; word-wrap:break-word;\"><h2 style=\"margin:0px; margin-bottom:20px;\">Aktuelles aus dem Kreis Offenbach<\/h2><div class=\"post\"><article><div class=\"entry\"><p>Falls dich eher die an&shy;de&shy;ren St\u00e4dte des Kreis Offenbach interes&shy;sie&shy;ren, gelangst du mit Hilfe der folgenden Links jeweils direkt zu deren aktuell&shy;sten Neuig&shy;kei&shy;ten.<\/p><ul><li><a href=\"\/news\/dietzenbach-aktuell\">Dietzenbach aktuell<\/a><\/li><li><a href=\"\/news\/dreieich-aktuell\">Dreieich aktuell<\/a><\/li><li><a href=\"\/news\/hainburg-aktuell\">Hainburg aktuell<\/a><\/li><li><a href=\"\/news\/heusenstamm-aktuell\">Heusenstamm aktuell<\/a><\/li><li><a href=\"\/news\/langen-aktuell\">Langen aktuell<\/a><\/li><li><a href=\"\/news\/mainhausen-aktuell\">Mainhausen aktuell<\/a><\/li><li><a href=\"\/news\/muehlheim-aktuell\">M\u00fchlheim aktuell<\/a><\/li><li><a href=\"\/news\/neu-isenburg-aktuell\">Neu-Isenburg aktuell<\/a><\/li><li><a href=\"\/news\/obertshausen-aktuell\">Obertshausen aktuell<\/a><\/li><li><a href=\"\/news\/offenbach-aktuell\">Offenbach aktuell<\/a><\/li><li><a href=\"\/news\/rodgau-aktuell\">Rodgau aktuell<\/a><\/li><li><a href=\"\/news\/roedermark-aktuell\">R\u00f6dermark aktuell<\/a><\/li><li><a href=\"\/news\/seligenstadt-aktuell\">Seligenstadt aktuell<\/a><\/li><\/ul><p>Ansonsten lies doch einfach in unserem <a href=\"\/news\/blog\" title=\"Heusenstamm Blog\">Blog<\/a> weiter! Dort findest du weitere Informationen mit regionalem Fokus.<\/p><\/div><\/article><\/div><\/div>\n<\/p>\n","protected":false},"excerpt":{"rendered":"<p>News aus Egelsbach mit aktuellen Nachrichten, Polizeimeldungen von heute und Neuigkeiten aus Egelsbachs Umgebung<\/p>\n","protected":false},"author":4,"featured_media":11527,"parent":0,"menu_order":0,"comment_status":"closed","ping_status":"closed","template":"","meta":{"footnotes":""},"categories":[478],"tags":[463,133,462,498,461,506],"class_list":["post-9382","page","type-page","status-publish","has-post-thumbnail","hentry","category-heute","tag-aktuell","tag-egelsbach","tag-heute","tag-kreis-offenbach","tag-news","tag-of"],"_links":{"self":[{"href":"https:\/\/www.heusenstaemmchen.de\/news\/wp-json\/wp\/v2\/pages\/9382","targetHints":{"allow":["GET"]}}],"collection":[{"href":"https:\/\/www.heusenstaemmchen.de\/news\/wp-json\/wp\/v2\/pages"}],"about":[{"href":"https:\/\/www.heusenstaemmchen.de\/news\/wp-json\/wp\/v2\/types\/page"}],"author":[{"embeddable":true,"href":"https:\/\/www.heusenstaemmchen.de\/news\/wp-json\/wp\/v2\/users\/4"}],"replies":[{"embeddable":true,"href":"https:\/\/www.heusenstaemmchen.de\/news\/wp-json\/wp\/v2\/comments?post=9382"}],"version-history":[{"count":3,"href":"https:\/\/www.heusenstaemmchen.de\/news\/wp-json\/wp\/v2\/pages\/9382\/revisions"}],"predecessor-version":[{"id":13633,"href":"https:\/\/www.heusenstaemmchen.de\/news\/wp-json\/wp\/v2\/pages\/9382\/revisions\/13633"}],"wp:featuredmedia":[{"embeddable":true,"href":"https:\/\/www.heusenstaemmchen.de\/news\/wp-json\/wp\/v2\/media\/11527"}],"wp:attachment":[{"href":"https:\/\/www.heusenstaemmchen.de\/news\/wp-json\/wp\/v2\/media?parent=9382"}],"wp:term":[{"taxonomy":"category","embeddable":true,"href":"https:\/\/www.heusenstaemmchen.de\/news\/wp-json\/wp\/v2\/categories?post=9382"},{"taxonomy":"post_tag","embeddable":true,"href":"https:\/\/www.heusenstaemmchen.de\/news\/wp-json\/wp\/v2\/tags?post=9382"}],"curies":[{"name":"wp","href":"https:\/\/api.w.org\/{rel}","templated":true}]}}