{"id":8087,"date":"2024-04-21T17:36:27","date_gmt":"2024-04-21T15:36:27","guid":{"rendered":"http:\/\/www.heusenstaemmchen.de\/blog\/?page_id=8087"},"modified":"2026-01-24T10:52:39","modified_gmt":"2026-01-24T09:52:39","slug":"unfaelle-offenbach-am-main","status":"publish","type":"page","link":"https:\/\/www.heusenstaemmchen.de\/news\/unfaelle-offenbach-am-main","title":{"rendered":"Unf\u00e4lle im Kreis Offenbach heute"},"content":{"rendered":"<p><b>Aktuelle <a href=\"https:\/\/www.heusenstaemmchen.de\/news\/polizeieinsaetze-offenbach-am-main\">Polizeieins\u00e4tze<\/a> im Kreis Offenbach am Main von heute und den letzten Wochen<\/b><\/p>\n<div><span class=\"my_article_details\"><a href=\"https:\/\/www.heusenstaemmchen.de\/news\/betrugsfaelle-offenbach-am-main\">Betrugsf\u00e4lle<\/a> &middot; <a href=\"https:\/\/www.heusenstaemmchen.de\/news\/braende-offenbach-am-main\">Br\u00e4nde<\/a> &middot; <a href=\"https:\/\/www.heusenstaemmchen.de\/news\/diebstaehle-offenbach-am-main\">Diebst\u00e4hle<\/a> &middot; <a href=\"https:\/\/www.heusenstaemmchen.de\/news\/einbrueche-offenbach-am-main\">Einbr\u00fcche<\/a> &middot; <a href=\"https:\/\/www.heusenstaemmchen.de\/news\/raubueberfaelle-offenbach-am-main\">Raub\u00fcberf\u00e4lle<\/a> &middot; <a href=\"https:\/\/www.heusenstaemmchen.de\/news\/unfaelle-offenbach-am-main\"><b>Unf\u00e4lle<\/b><\/a><\/span><\/div>\n<p>&nbsp;<\/p>\n<div class=\"post\" style=\"margin-bottom:40px;\">\n <article>\n <h2><a name=\"fe4f30a0\" href=\"https:\/\/www.presseportal.de\/blaulicht\/pm\/43561\/6266182\" rel=\"bookmark\" style=\"color:#333333; font-weight:bold;\" title=\"Link zum Artikel auf presseportal.de\" target=\"_blank\">Polizei Offenbach am Main: Pressemeldungen vom 30.04.2026<\/a><\/h2>\n <div class=\"entry\">\n  <p style=\"margin-bottom:4px;\">\n   <a href=\"https:\/\/www.presseportal.de\/blaulicht\/pm\/43561\/6266182\" target=\"_blank\"><img decoding=\"async\" src=\"\/feeds\/gfx\/POL-OF.jpg\" style=\"align:left !important; float:left !important; margin-top:4px !important; margin-right:8px !important; margin-bottom:4px !important; width:90px !important;\" \/><\/a>   ... <b>1. Nach Konfrontation: Polizei ermittelt unter anderem wegen des Verdachts der K\u00f6rperverletzung und des Verdachts der Beleidigung - Dreieich<\/b>   (me) Ein 37 Jahre alter Mann hat sich seit Mittwochmittag wegen des Verdachts der K\u00f6rperverletzung, des Verdachts der Beleidigung und des Verdachts der Bedrohung zu verantworten. Nach den bisherigen Erkenntnissen soll der Beschuldigte gegen 12.10 Uhr im Bereich ...<br clear=\"all\" \/><\/p><p style=\"margin-top:8px; margin-bottom:4px;\"><a href=\"https:\/\/www.presseportal.de\/blaulicht\/pm\/43561\/6266182\" target=\"_blank\"><img decoding=\"async\" src=\"\/feeds\/gfx\/POL-OF.jpg\" style=\"align:left !important; float:left !important; margin-top:4px !important; margin-right:8px !important; margin-bottom:4px !important; width:90px !important;\" \/><\/a> ... <b>5. Zeugensuche nach Verkehrsunfallflucht - Seligenstadt<\/b>   (me) Im Verlauf des Mittwochs fuhr ein unbekannter Wagenlenker gegen einen schwarzen BMW, richtete an diesem einen Schaden von mehreren hundert Euro an und machte sich hiernach davon, ohne den Zusammensto\u00df gemeldet zu haben. Die Beamten aus Seligenstadt ermitteln ...<br clear=\"all\" \/>  <\/p>\n  <div><span class=\"my_article_details\"><time datetime=\"2026-04-30\">30.04.2026<\/time> &middot; <a href=\"\/news\/dreieich-aktuell\" title=\"Dreieich heute aktuell\">Dreieich<\/a> &middot; <a href=\"\/news\/neu-isenburg-aktuell\" title=\"Neu-Isenburg heute aktuell\">Neu-Isenburg<\/a> &middot; <a href=\"\/news\/obertshausen-aktuell\" title=\"Obertshausen heute aktuell\">Obertshausen<\/a> &middot; <a href=\"\/news\/rodgau-aktuell\" title=\"Rodgau heute aktuell\">Rodgau<\/a> &middot; <a href=\"\/news\/seligenstadt-aktuell\" title=\"Seligenstadt heute aktuell\">Seligenstadt<\/a> &middot; <a href=\"\/news\/unfaelle-offenbach-am-main\" title=\"Unf\u00e4lle Offenbach am Main\">Unfall<\/a> &middot; <\/span><a href=\"https:\/\/www.presseportal.de\/blaulicht\/pm\/43561\/6266182\" title=\"Link zum Artikel auf presseportal.de\" target=\"_blank\">presseportal.de<\/a><\/div>\n  <b><\/b>\n <\/div>\n <\/article>\n<\/div>\n<div class=\"post\" style=\"margin-bottom:40px;\">\n <article>\n <h2><a name=\"201efef7\" href=\"https:\/\/www.op-online.de\/offenbach\/czernik-interview-offenbachs-kaemmerer-martin-wilhelm-ueber-den-tod-seiner-frau-lilli-94283570.html\" rel=\"bookmark\" style=\"color:#333333; font-weight:bold;\" title=\"Link zum Artikel auf op-online.de\" target=\"_blank\">\u201eWie ein Horrorfilm\u201c: Offenbachs K\u00e4mmerer \u00fcber den Tod seiner Frau<\/a><\/h2>\n <div class=\"entry\">\n  <p style=\"margin-bottom:4px;\">\n   <a href=\"https:\/\/www.op-online.de\/offenbach\/czernik-interview-offenbachs-kaemmerer-martin-wilhelm-ueber-den-tod-seiner-frau-lilli-94283570.html\" target=\"_blank\"><img decoding=\"async\" src=\"https:\/\/www.op-online.de\/assets\/images\/42\/285\/42285878-das-letzte-gemeinsame-foto-weniger-als-eine-woche-vor-dem-toedlichen-unfall-lilli-czernik-und-martin-wilhelm-im-urlaub-auf-cran-canaria-1OWcnehVxS01.jpg\" style=\"align:left !important; float:left !important; margin-top:4px !important; margin-right:8px !important; margin-bottom:4px !important; width:90px !important;\" \/><\/a>   Offenbachs Stadtk&auml;mmerer hat seine Frau bei einem Unfall verloren. Ein Jahr danach spricht er &uuml;ber den schrecklichsten Moment seines Lebens.<br clear=\"all\" \/>  <\/p>\n  <div><span class=\"my_article_details\"><time datetime=\"2026-04-29\">29.04.2026<\/time> &middot; <a href=\"\/news\/offenbach-aktuell\" title=\"Offenbach heute aktuell\">Offenbach<\/a> &middot; <a href=\"\/news\/unfaelle-offenbach-am-main\" title=\"Unf\u00e4lle Offenbach am Main\">Unfall<\/a> &middot; <\/span><a href=\"https:\/\/www.op-online.de\/offenbach\/czernik-interview-offenbachs-kaemmerer-martin-wilhelm-ueber-den-tod-seiner-frau-lilli-94283570.html\" title=\"Link zum Artikel auf op-online.de\" target=\"_blank\">op-online.de<\/a><\/div>\n  <b><\/b>\n <\/div>\n <\/article>\n<\/div>\n<div class=\"post\" style=\"margin-bottom:40px;\">\n <article>\n <h2><a name=\"e8bc80a8\" href=\"https:\/\/www.presseportal.de\/blaulicht\/pm\/43561\/6265271\" rel=\"bookmark\" style=\"color:#333333; font-weight:bold;\" title=\"Link zum Artikel auf presseportal.de\" target=\"_blank\">Polizei Offenbach am Main: Pressemeldungen vom 29.04.2026<\/a><\/h2>\n <div class=\"entry\">\n  <p style=\"margin-bottom:4px;\">\n   <a href=\"https:\/\/www.presseportal.de\/blaulicht\/pm\/43561\/6265271\" target=\"_blank\"><img decoding=\"async\" src=\"\/feeds\/gfx\/POL-OF.jpg\" style=\"align:left !important; float:left !important; margin-top:4px !important; margin-right:8px !important; margin-bottom:4px !important; width:90px !important;\" \/><\/a>   ... <b>11. Volvo angedotzt: Zeugen gesucht! - Mainhausen<\/b>   (cb) Ein schwarzer Volvo, welcher am Fahrbahnrand der Ludwigstra\u00dfe (einstellige Hausnummern) abgestellt war, weist nun Besch\u00e4digungen am Fahrzeugheck auf, weshalb die Polizei in Seligenstadt nach Unfallzeugen sucht. Der V60 mit OF-Kennzeichen wurde am Montag ...<br clear=\"all\" \/>  <\/p>\n  <div><span class=\"my_article_details\"><time datetime=\"2026-04-29\">29.04.2026<\/time> &middot; <a href=\"\/news\/mainhausen-aktuell\" title=\"Mainhausen heute aktuell\">Mainhausen<\/a> &middot; <a href=\"\/news\/polizeieinsaetze-offenbach-am-main\" title=\"Polizeieins\u00e4tze Offenbach am Main\">Polizei<\/a> &middot; <a href=\"\/news\/seligenstadt-aktuell\" title=\"Seligenstadt heute aktuell\">Seligenstadt<\/a> &middot; <a href=\"\/news\/unfaelle-offenbach-am-main\" title=\"Unf\u00e4lle Offenbach am Main\">Unfall<\/a> &middot; <\/span><a href=\"https:\/\/www.presseportal.de\/blaulicht\/pm\/43561\/6265271\" title=\"Link zum Artikel auf presseportal.de\" target=\"_blank\">presseportal.de<\/a><\/div>\n  <b><\/b>\n <\/div>\n <\/article>\n<\/div>\n<div class=\"post\" style=\"margin-bottom:40px;\">\n <article>\n <h2><a name=\"ee6be7a3\" href=\"https:\/\/www.presseportal.de\/blaulicht\/pm\/43561\/6263589\" rel=\"bookmark\" style=\"color:#333333; font-weight:bold;\" title=\"Link zum Artikel auf presseportal.de\" target=\"_blank\">Polizei Offenbach am Main: Pressemeldungen vom 27.04.2026<\/a><\/h2>\n <div class=\"entry\">\n  <p style=\"margin-bottom:4px;\">\n   <a href=\"https:\/\/www.presseportal.de\/blaulicht\/pm\/43561\/6263589\" target=\"_blank\"><img decoding=\"async\" src=\"\/feeds\/gfx\/POL-OF.jpg\" style=\"align:left !important; float:left !important; margin-top:4px !important; margin-right:8px !important; margin-bottom:4px !important; width:90px !important;\" \/><\/a>   ... <b>6. Nach Auffahrunfall gefl\u00fcchtet: Wer sah den Zusammensto\u00df? - Neu-Isenburg<\/b>   (fg) Im Kreuzungsbereich der Landesstra\u00dfe 3117 und der Stra\u00dfe \"An d. Gehespitz\" ereignete sich am Donnerstagnachmittag, kurz nach 14 Uhr, ein Verkehrsunfall, in dessen Folge der Verursacher nach dem Zusammensto\u00df einfach wegfuhr. Der Fahrer hielt nach bisherigen ...<br clear=\"all\" \/>  <\/p>\n  <div><span class=\"my_article_details\"><time datetime=\"2026-04-27\">27.04.2026<\/time> &middot; <a href=\"\/news\/neu-isenburg-aktuell\" title=\"Neu-Isenburg heute aktuell\">Neu-Isenburg<\/a> &middot; <a href=\"\/news\/polizeieinsaetze-offenbach-am-main\" title=\"Polizeieins\u00e4tze Offenbach am Main\">Polizei<\/a> &middot; <a href=\"\/news\/unfaelle-offenbach-am-main\" title=\"Unf\u00e4lle Offenbach am Main\">Unfall<\/a> &middot; <\/span><a href=\"https:\/\/www.presseportal.de\/blaulicht\/pm\/43561\/6263589\" title=\"Link zum Artikel auf presseportal.de\" target=\"_blank\">presseportal.de<\/a><\/div>\n  <b><\/b>\n <\/div>\n <\/article>\n<\/div>\n<div class=\"post\" style=\"margin-bottom:40px;\">\n <article>\n <h2><a name=\"f1fdbab1\" href=\"https:\/\/www.rheinmainverlag.de\/2026\/04\/24\/motorradfahrer-in-offenbach-bei-unfall-toedlich-verunglueckt\/\" rel=\"bookmark\" style=\"color:#333333; font-weight:bold;\" title=\"Link zum Artikel auf rheinmainverlag.de\" target=\"_blank\">Motorradfahrer in Offenbach bei Unfall t\u00f6dlich verungl\u00fcckt<\/a><\/h2>\n <div class=\"entry\">\n  <p style=\"margin-bottom:4px;\">\n   <a href=\"https:\/\/www.rheinmainverlag.de\/2026\/04\/24\/motorradfahrer-in-offenbach-bei-unfall-toedlich-verunglueckt\/\" target=\"_blank\"><img decoding=\"async\" src=\"\/feeds\/gfx\/rheinmainverlag.de.png\" style=\"align:left !important; float:left !important; margin-top:4px !important; margin-right:8px !important; margin-bottom:4px !important; width:90px !important;\" \/><\/a>   Am Donnerstag verlor ein 25-j&auml;hriger Motorradfahrer in Offenbach gegen 21.50 Uhr auf der Strahlenbergerstra&szlig;e unmittelbar vor dem Kaiserleikreisel in Richtung Frankfurt die Kontrolle &uuml;ber seine Harley. Er st&uuml;rzte so schwer, dass er trotz Reanimationsma&szlig;nahmen ...<br clear=\"all\" \/>  <\/p>\n  <div><span class=\"my_article_details\"><time datetime=\"2026-04-24\">24.04.2026<\/time> &middot; <a href=\"\/news\/offenbach-aktuell\" title=\"Offenbach heute aktuell\">Offenbach<\/a> &middot; <a href=\"\/news\/unfaelle-offenbach-am-main\" title=\"Unf\u00e4lle Offenbach am Main\">Unfall<\/a> &middot; <\/span><a href=\"https:\/\/www.rheinmainverlag.de\/2026\/04\/24\/motorradfahrer-in-offenbach-bei-unfall-toedlich-verunglueckt\/\" title=\"Link zum Artikel auf rheinmainverlag.de\" target=\"_blank\">rheinmainverlag.de<\/a><\/div>\n  <b><\/b>\n <\/div>\n <\/article>\n<\/div>\n<div class=\"post\" style=\"margin-bottom:40px;\">\n <article>\n <h2><a name=\"c0c43adf\" href=\"https:\/\/www.hessenschau.de\/panorama\/zwei-tote-bei-motorradunfaellen-in-offenbach-und-schotten-v1,motorradunfaelle-106.html\" rel=\"bookmark\" style=\"color:#333333; font-weight:bold;\" title=\"Link zum Artikel auf hessenschau.de\" target=\"_blank\">Zwei Tote bei Motorradunf\u00e4llen in Offenbach und Schotten<\/a><\/h2>\n <div class=\"entry\">\n  <p style=\"margin-bottom:4px;\">\n   <a href=\"https:\/\/www.hessenschau.de\/panorama\/zwei-tote-bei-motorradunfaellen-in-offenbach-und-schotten-v1,motorradunfaelle-106.html\" target=\"_blank\"><img decoding=\"async\" src=\"https:\/\/www.hessenschau.de\/panorama\/motorradunfall-gross-gerau-102~_t-1777007363089_v-16to9.jpg\" style=\"align:left !important; float:left !important; margin-top:4px !important; margin-right:8px !important; margin-bottom:4px !important; width:90px !important;\" \/><\/a>   Bei drei Motorradunf&auml;llen in Offenbach und im Vogelsberg sind zwei junge M&auml;nner gestorben. Bei einem weiteren Unfall nahe Gro&szlig;-Gerau wurde eine Motorradfahrerin schwer verletzt. Ein Rettungshubschrauber war im Einsatz. ...<br clear=\"all\" \/>  <\/p>\n  <div><span class=\"my_article_details\"><time datetime=\"2026-04-24\">24.04.2026<\/time> &middot; <a href=\"\/news\/offenbach-aktuell\" title=\"Offenbach heute aktuell\">Offenbach<\/a> &middot; <a href=\"\/news\/unfaelle-offenbach-am-main\" title=\"Unf\u00e4lle Offenbach am Main\">Unfall<\/a> &middot; <\/span><a href=\"https:\/\/www.hessenschau.de\/panorama\/zwei-tote-bei-motorradunfaellen-in-offenbach-und-schotten-v1,motorradunfaelle-106.html\" title=\"Link zum Artikel auf hessenschau.de\" target=\"_blank\">hessenschau.de<\/a><\/div>\n  <b><\/b>\n <\/div>\n <\/article>\n<\/div>\n<div class=\"post\" style=\"margin-bottom:40px;\">\n <article>\n <h2><a name=\"01459260\" href=\"https:\/\/www.op-online.de\/offenbach\/zwei-weitere-biker-verunglueckt-motorradunfall-in-offenbach-jede-hilfe-kommt-zu-spaet-94276473.html\" rel=\"bookmark\" style=\"color:#333333; font-weight:bold;\" title=\"Link zum Artikel auf op-online.de\" target=\"_blank\">Motorradunfall in Offenbach: Jede Hilfe kommt zu sp\u00e4t \u2013 Zwei weitere Biker verungl\u00fcckt<\/a><\/h2>\n <div class=\"entry\">\n  <p style=\"margin-bottom:4px;\">\n   <a href=\"https:\/\/www.op-online.de\/offenbach\/zwei-weitere-biker-verunglueckt-motorradunfall-in-offenbach-jede-hilfe-kommt-zu-spaet-94276473.html\" target=\"_blank\"><img decoding=\"async\" src=\"https:\/\/www.op-online.de\/assets\/images\/42\/329\/42329117-fuer-den-25-jaehrigen-kam-jede-hilfe-zu-spaet-2f01.jpg\" style=\"align:left !important; float:left !important; margin-top:4px !important; margin-right:8px !important; margin-bottom:4px !important; width:90px !important;\" \/><\/a>   Am Donnerstagabend kam es in Hessen zu mehreren schweren Motorradunf&auml;llen. In Offenbach und im Vogelsbergkreis starben zwei Fahrer. Eine 56-J&auml;hrige wurde bei Gro&szlig;-Gerau schwer verletzt.<br clear=\"all\" \/>  <\/p>\n  <div><span class=\"my_article_details\"><time datetime=\"2026-04-24\">24.04.2026<\/time> &middot; <a href=\"\/news\/offenbach-aktuell\" title=\"Offenbach heute aktuell\">Offenbach<\/a> &middot; <a href=\"\/news\/unfaelle-offenbach-am-main\" title=\"Unf\u00e4lle Offenbach am Main\">Unfall<\/a> &middot; <\/span><a href=\"https:\/\/www.op-online.de\/offenbach\/zwei-weitere-biker-verunglueckt-motorradunfall-in-offenbach-jede-hilfe-kommt-zu-spaet-94276473.html\" title=\"Link zum Artikel auf op-online.de\" target=\"_blank\">op-online.de<\/a><\/div>\n  <b><\/b>\n <\/div>\n <\/article>\n<\/div>\n<div class=\"post\" style=\"margin-bottom:40px;\">\n <article>\n <h2><a name=\"59e00a16\" href=\"https:\/\/www.presseportal.de\/blaulicht\/pm\/43561\/6262159\" rel=\"bookmark\" style=\"color:#333333; font-weight:bold;\" title=\"Link zum Artikel auf presseportal.de\" target=\"_blank\">Polizei Offenbach am Main: Pressemeldungen vom 24.04.2026<\/a><\/h2>\n <div class=\"entry\">\n  <p style=\"margin-bottom:4px;\">\n   <a href=\"https:\/\/www.presseportal.de\/blaulicht\/pm\/43561\/6262159\" target=\"_blank\"><img decoding=\"async\" src=\"\/feeds\/gfx\/POL-OF.jpg\" style=\"align:left !important; float:left !important; margin-top:4px !important; margin-right:8px !important; margin-bottom:4px !important; width:90px !important;\" \/><\/a>   ... <b>4. Schwarzer Audi beim Ein- oder Ausparken besch\u00e4digt: Hinweise erw\u00fcnscht - M\u00fchlheim am Main<\/b>   (me) Einen Schaden von rund 4.500 Euro hinterlie\u00df ein unbekannter Wagenlenker im Verlauf des Donnerstags an einem schwarzen Audi. Der Verursacher fuhr hiernach davon, ohne den Schaden gemeldet zu haben. Die Beamten aus M\u00fchlheim ermitteln daher wegen des Verdachts ...<br clear=\"all\" \/><\/p><p style=\"margin-top:8px; margin-bottom:4px;\"><a href=\"https:\/\/www.presseportal.de\/blaulicht\/pm\/43561\/6262159\" target=\"_blank\"><img decoding=\"async\" src=\"\/feeds\/gfx\/POL-OF.jpg\" style=\"align:left !important; float:left !important; margin-top:4px !important; margin-right:8px !important; margin-bottom:4px !important; width:90px !important;\" \/><\/a> ... <b>5. Zeugensuche nach Unfallflucht auf Parkplatz - Rodgau<\/b>   (fg) Am Donnerstag, gegen 10 Uhr, parkte ein 33-J\u00e4hriger aus Rodgau seinen schwarzen Kombi auf dem Parkplatz vor dem LIDL-Markt in der Alfred-Delp-Stra\u00dfe. Er begab sich anschlie\u00dfend in den Markt und stellte bei der R\u00fcckkehr zu seinem Fahrzeug gegen 10.40 ...<br clear=\"all\" \/>  <\/p>\n  <div><span class=\"my_article_details\"><time datetime=\"2026-04-24\">24.04.2026<\/time> &middot; <a href=\"\/news\/heusenstamm-aktuell\" title=\"Heusenstamm heute aktuell\">Heusenstamm<\/a> &middot; <a href=\"\/news\/langen-aktuell\" title=\"Langen heute aktuell\">Langen<\/a> &middot; <a href=\"\/news\/muehlheim-aktuell\" title=\"M\u00fchlheim heute aktuell\">M\u00fchlheim<\/a> &middot; <a href=\"\/news\/offenbach-aktuell\" title=\"Offenbach heute aktuell\">Offenbach<\/a> &middot; <a href=\"\/news\/polizeieinsaetze-offenbach-am-main\" title=\"Polizeieins\u00e4tze Offenbach am Main\">Polizei<\/a> &middot; <a href=\"\/news\/unfaelle-offenbach-am-main\" title=\"Unf\u00e4lle Offenbach am Main\">Unfall<\/a> &middot; <\/span><a href=\"https:\/\/www.presseportal.de\/blaulicht\/pm\/43561\/6262159\" title=\"Link zum Artikel auf presseportal.de\" target=\"_blank\">presseportal.de<\/a><\/div>\n  <b><\/b>\n <\/div>\n <\/article>\n<\/div>\n<div class=\"post\" style=\"margin-bottom:40px;\">\n <article>\n <h2><a name=\"d40d1bdb\" href=\"https:\/\/www.rheinmainverlag.de\/2026\/04\/23\/bei-abbiegevorgang-in-offenbach-pkw-uebersehen-19-jaehriger-kam-leichtverletzt-in-krankenhaus\/\" rel=\"bookmark\" style=\"color:#333333; font-weight:bold;\" title=\"Link zum Artikel auf rheinmainverlag.de\" target=\"_blank\">Bei Abbiegevorgang in Offenbach PKW \u00fcbersehen: 19-J\u00e4hriger kam leichtverletzt in Krankenhaus<\/a><\/h2>\n <div class=\"entry\">\n  <p style=\"margin-bottom:4px;\">\n   <a href=\"https:\/\/www.rheinmainverlag.de\/2026\/04\/23\/bei-abbiegevorgang-in-offenbach-pkw-uebersehen-19-jaehriger-kam-leichtverletzt-in-krankenhaus\/\" target=\"_blank\"><img decoding=\"async\" src=\"\/feeds\/gfx\/rheinmainverlag.de.png\" style=\"align:left !important; float:left !important; margin-top:4px !important; margin-right:8px !important; margin-bottom:4px !important; width:90px !important;\" \/><\/a>   Nach einem Unfall am Dienstag im Bereich der Stra&szlig;en &quot;Sprendlinger Landstra&szlig;e&quot; \/ Merianstra&szlig;e in Offenbach kam ein 19 Jahre alter Unfallbeteiligter mit Kopfschmerzen zur weiteren medizinischen Behandlung in ein Krankenhaus. Der Frankfurter war zuvor, kurz vor ...<br clear=\"all\" \/>  <\/p>\n  <div><span class=\"my_article_details\"><time datetime=\"2026-04-23\">23.04.2026<\/time> &middot; <a href=\"\/news\/offenbach-aktuell\" title=\"Offenbach heute aktuell\">Offenbach<\/a> &middot; <a href=\"\/news\/unfaelle-offenbach-am-main\" title=\"Unf\u00e4lle Offenbach am Main\">Unfall<\/a> &middot; <\/span><a href=\"https:\/\/www.rheinmainverlag.de\/2026\/04\/23\/bei-abbiegevorgang-in-offenbach-pkw-uebersehen-19-jaehriger-kam-leichtverletzt-in-krankenhaus\/\" title=\"Link zum Artikel auf rheinmainverlag.de\" target=\"_blank\">rheinmainverlag.de<\/a><\/div>\n  <b><\/b>\n <\/div>\n <\/article>\n<\/div>\n<div class=\"post\" style=\"margin-bottom:40px;\">\n <article>\n <h2><a name=\"6362d418\" href=\"https:\/\/www.rheinmainverlag.de\/2026\/04\/23\/kind-in-offenbach-kam-nach-unfall-mit-fussverletzung-in-krankenhaus\/\" rel=\"bookmark\" style=\"color:#333333; font-weight:bold;\" title=\"Link zum Artikel auf rheinmainverlag.de\" target=\"_blank\">Kind in Offenbach kam nach Unfall mit Fu\u00dfverletzung in Krankenhaus<\/a><\/h2>\n <div class=\"entry\">\n  <p style=\"margin-bottom:4px;\">\n   <a href=\"https:\/\/www.rheinmainverlag.de\/2026\/04\/23\/kind-in-offenbach-kam-nach-unfall-mit-fussverletzung-in-krankenhaus\/\" target=\"_blank\"><img decoding=\"async\" src=\"\/feeds\/gfx\/rheinmainverlag.de.png\" style=\"align:left !important; float:left !important; margin-top:4px !important; margin-right:8px !important; margin-bottom:4px !important; width:90px !important;\" \/><\/a>   Am Dienstagnachmittag ereignete sich kurz vor 16 Uhr in der Luisenstra&szlig;e in Offenbach ein Verkehrsunfall, bei dem sich ein f&uuml;nf Jahre altes Kind schwer am linken Fu&szlig; verletzte. Der F&uuml;nfj&auml;hrige wurde durch eine Rettungswagenbesatzung in ein Krankenhaus gebracht. ...<br clear=\"all\" \/>  <\/p>\n  <div><span class=\"my_article_details\"><time datetime=\"2026-04-23\">23.04.2026<\/time> &middot; <a href=\"\/news\/offenbach-aktuell\" title=\"Offenbach heute aktuell\">Offenbach<\/a> &middot; <a href=\"\/news\/unfaelle-offenbach-am-main\" title=\"Unf\u00e4lle Offenbach am Main\">Unfall<\/a> &middot; <\/span><a href=\"https:\/\/www.rheinmainverlag.de\/2026\/04\/23\/kind-in-offenbach-kam-nach-unfall-mit-fussverletzung-in-krankenhaus\/\" title=\"Link zum Artikel auf rheinmainverlag.de\" target=\"_blank\">rheinmainverlag.de<\/a><\/div>\n  <b><\/b>\n <\/div>\n <\/article>\n<\/div>\n<div class=\"post\" style=\"margin-bottom:40px;\">\n <article>\n <h2><a name=\"95eeaa74\" href=\"https:\/\/www.presseportal.de\/blaulicht\/pm\/43561\/6260552\" rel=\"bookmark\" style=\"color:#333333; font-weight:bold;\" title=\"Link zum Artikel auf presseportal.de\" target=\"_blank\">Polizei Offenbach am Main: Pressemeldungen vom 22.04.2026<\/a><\/h2>\n <div class=\"entry\">\n  <p style=\"margin-bottom:4px;\">\n   <a href=\"https:\/\/www.presseportal.de\/blaulicht\/pm\/43561\/6260552\" target=\"_blank\"><img decoding=\"async\" src=\"\/feeds\/gfx\/POL-OF.jpg\" style=\"align:left !important; float:left !important; margin-top:4px !important; margin-right:8px !important; margin-bottom:4px !important; width:90px !important;\" \/><\/a>   ... <b>3. Bei Abbiegevorgang \u00fcbersehen: 19-J\u00e4hriger kam leichtverletzt in Krankenhaus - Offenbach<\/b>   (fg) Nach einem Unfall am Dienstag im Bereich der Stra\u00dfen \"Sprendlinger Landstra\u00dfe\" \/ Merianstra\u00dfe kam ein 19 Jahre alter Unfallbeteiligter mit Kopfschmerzen zur weiteren medizinischen Behandlung in ein Krankenhaus. Der Frankfurter war zuvor, kurz vor 18 ...<br clear=\"all\" \/><\/p><p style=\"margin-top:8px; margin-bottom:4px;\"><a href=\"https:\/\/www.presseportal.de\/blaulicht\/pm\/43561\/6260552\" target=\"_blank\"><img decoding=\"async\" src=\"\/feeds\/gfx\/POL-OF.jpg\" style=\"align:left !important; float:left !important; margin-top:4px !important; margin-right:8px !important; margin-bottom:4px !important; width:90px !important;\" \/><\/a> ... <b>4. Kind kam nach Unfall mit Fu\u00dfverletzung in Krankenhaus - Offenbach<\/b>   (fg) Am Dienstagnachmittag ereignete sich kurz vor 16 Uhr in der Luisenstra\u00dfe ein Verkehrsunfall, bei dem sich ein f\u00fcnf Jahre altes Kind schwer am linken Fu\u00df verletzte. Der F\u00fcnfj\u00e4hrige wurde durch eine Rettungswagenbesatzung in ein Krankenhaus gebracht. Nach ...<br clear=\"all\" \/>  <\/p>\n  <div><span class=\"my_article_details\"><time datetime=\"2026-04-22\">22.04.2026<\/time> &middot; <a href=\"\/news\/offenbach-aktuell\" title=\"Offenbach heute aktuell\">Offenbach<\/a> &middot; <a href=\"\/news\/polizeieinsaetze-offenbach-am-main\" title=\"Polizeieins\u00e4tze Offenbach am Main\">Polizei<\/a> &middot; <a href=\"\/news\/unfaelle-offenbach-am-main\" title=\"Unf\u00e4lle Offenbach am Main\">Unfall<\/a> &middot; <\/span><a href=\"https:\/\/www.presseportal.de\/blaulicht\/pm\/43561\/6260552\" title=\"Link zum Artikel auf presseportal.de\" target=\"_blank\">presseportal.de<\/a><\/div>\n  <b><\/b>\n <\/div>\n <\/article>\n<\/div>\n<div class=\"post\" style=\"margin-bottom:40px;\">\n <article>\n <h2><a name=\"93c053ff\" href=\"https:\/\/www.presseportal.de\/blaulicht\/pm\/43561\/6259687\" rel=\"bookmark\" style=\"color:#333333; font-weight:bold;\" title=\"Link zum Artikel auf presseportal.de\" target=\"_blank\">Polizei Offenbach am Main: Pressemeldungen vom 21.04.2026<\/a><\/h2>\n <div class=\"entry\">\n  <p style=\"margin-bottom:4px;\">\n   <a href=\"https:\/\/www.presseportal.de\/blaulicht\/pm\/43561\/6259687\" target=\"_blank\"><img decoding=\"async\" src=\"\/feeds\/gfx\/POL-OF.jpg\" style=\"align:left !important; float:left !important; margin-top:4px !important; margin-right:8px !important; margin-bottom:4px !important; width:90px !important;\" \/><\/a>   ... <b>4. Richtungs\u00e4nderung hatte viel Sachschaden und einen Leichtverletzten zur Folge - Langen<\/b>   (me) Insgesamt etwa 20.000 Euro Sachschaden an drei Wagen und eine leicht verletzte Person sind das Resultat der Fahrtrichtungs\u00e4nderung eines bis dato unbekannten Wagenlenkers vom Montagmorgen. Nach den bisherigen Erkenntnissen waren die vier Beteiligten ...<br clear=\"all\" \/><\/p><p style=\"margin-top:8px; margin-bottom:4px;\"><a href=\"https:\/\/www.presseportal.de\/blaulicht\/pm\/43561\/6259687\" target=\"_blank\"><img decoding=\"async\" src=\"\/feeds\/gfx\/POL-OF.jpg\" style=\"align:left !important; float:left !important; margin-top:4px !important; margin-right:8px !important; margin-bottom:4px !important; width:90px !important;\" \/><\/a> ... <b>5. Zeugensuche nach Unfallflucht - Dietzenbach<\/b>   (cb) Nach einer Verkehrsunfallflucht, bei der ein schwarzer VW besch\u00e4digt wurde und ein Sachschaden von knapp 5.000 Euro entstand, suchen die Ermittler der Polizeistation Dietzenbach nach Zeugen. Nach derzeitigem Stand der Ermittlungen stellte der Fahrzeugeigent\u00fcmer ...<br clear=\"all\" \/>  <\/p>\n  <div><span class=\"my_article_details\"><time datetime=\"2026-04-21\">21.04.2026<\/time> &middot; <a href=\"\/news\/dietzenbach-aktuell\" title=\"Dietzenbach heute aktuell\">Dietzenbach<\/a> &middot; <a href=\"\/news\/langen-aktuell\" title=\"Langen heute aktuell\">Langen<\/a> &middot; <a href=\"\/news\/polizeieinsaetze-offenbach-am-main\" title=\"Polizeieins\u00e4tze Offenbach am Main\">Polizei<\/a> &middot; <a href=\"\/news\/unfaelle-offenbach-am-main\" title=\"Unf\u00e4lle Offenbach am Main\">Unfall<\/a> &middot; <\/span><a href=\"https:\/\/www.presseportal.de\/blaulicht\/pm\/43561\/6259687\" title=\"Link zum Artikel auf presseportal.de\" target=\"_blank\">presseportal.de<\/a><\/div>\n  <b><\/b>\n <\/div>\n <\/article>\n<\/div>\n<div class=\"post\" style=\"background-color: #f4f4f4; margin-bottom: 40px; padding: 10px;\"><article><a style=\"color: #000000; font-size: 20px; font-weight: normal; text-decoration: underlined;\" href=\"https:\/\/www.tagesschau.de\/wirtschaft\/energie\/boom-batteriespeicher-deutschland-energiewende-100.html\" target=\"_blank\">Batteriegro\u00dfspeicher erleben einen Boom<\/a><\/p><div class=\"entry\"><p style=\"margin-bottom: 4px;\"><a href=\"https:\/\/www.tagesschau.de\/wirtschaft\/energie\/boom-batteriespeicher-deutschland-energiewende-100.html\" target=\"_blank\" rel=\"noopener\"><img decoding=\"async\" style=\"align: left !important; float: left !important; margin-top: 4px !important; margin-right: 8px !important; margin-bottom: 4px !important; width: 90px !important;\" src=\"data:image\/gif;base64,R0lGODlhAQABAIAAAAAAAP\/\/\/yH5BAEAAAAALAAAAAABAAEAAAIBRAA7\" data-src=\"https:\/\/www.heusenstaemmchen.de\/feeds\/gfx\/tagesschau.de.png\" \/><\/a>Um Erneuerbare Energien effizienter zu nutzen, werden Batterie&shy;gro\u00df&shy;speicher ben\u00f6tigt. F\u00fcr Experten sind sie ein entscheidender Baustein der Energiewende. Die Nachfrage ist enorm.<br clear=\"all\" \/><\/p><div><b>Schon gewusst?<\/b> \u00b7 Regenerative Energien \u00b7 <a title=\"Mehr Details auf tagesschau.de\" href=\"https:\/\/www.tagesschau.de\/wirtschaft\/energie\/boom-batteriespeicher-deutschland-energiewende-100.html\" rel=\"noopener\">tagesschau.de<\/a><\/div><\/div><\/article><\/div><div class=\"post\" style=\"margin-bottom:40px;\">\n <article>\n <h2><a name=\"d4affa1e\" href=\"https:\/\/www.presseportal.de\/blaulicht\/pm\/43561\/6258539\" rel=\"bookmark\" style=\"color:#333333; font-weight:bold;\" title=\"Link zum Artikel auf presseportal.de\" target=\"_blank\">POL-OF: Dunkel gekleideter Abholer gesucht: Senior verliert hohe Summe durch Schockanruf<\/a><\/h2>\n <div class=\"entry\">\n  <p style=\"margin-bottom:4px;\">\n   <a href=\"https:\/\/www.presseportal.de\/blaulicht\/pm\/43561\/6258539\" target=\"_blank\"><img decoding=\"async\" src=\"\/feeds\/gfx\/POL-OF.jpg\" style=\"align:left !important; float:left !important; margin-top:4px !important; margin-right:8px !important; margin-bottom:4px !important; width:90px !important;\" \/><\/a>   Rodgau  (ots)      (lei) Mit der perfiden Masche eines sogenannten \"Schockanrufs\" haben Telefonbetr\u00fcger am Freitagnachmittag einen Senior in Rodgau um Bargeld und Schmuck gebracht. Die Kriminalpolizei in Offenbach hat die Ermittlungen aufgenommen und bittet ...<br clear=\"all\" \/>  <\/p>\n  <div><span class=\"my_article_details\"><time datetime=\"2026-04-20\">20.04.2026<\/time> &middot; <a href=\"\/news\/offenbach-aktuell\" title=\"Offenbach heute aktuell\">Offenbach<\/a> &middot; <a href=\"\/news\/polizeieinsaetze-offenbach-am-main\" title=\"Polizeieins\u00e4tze Offenbach am Main\">Polizei<\/a> &middot; <a href=\"\/news\/rodgau-aktuell\" title=\"Rodgau heute aktuell\">Rodgau<\/a> &middot; <a href=\"\/news\/unfaelle-offenbach-am-main\" title=\"Unf\u00e4lle Offenbach am Main\">Unfall<\/a> &middot; <\/span><a href=\"https:\/\/www.presseportal.de\/blaulicht\/pm\/43561\/6258539\" title=\"Link zum Artikel auf presseportal.de\" target=\"_blank\">presseportal.de<\/a><\/div>\n  <b><\/b>\n <\/div>\n <\/article>\n<\/div>\n<div class=\"post\" style=\"margin-bottom:40px;\">\n <article>\n <h2><a name=\"f0961555\" href=\"https:\/\/www.presseportal.de\/blaulicht\/pm\/43561\/6258846\" rel=\"bookmark\" style=\"color:#333333; font-weight:bold;\" title=\"Link zum Artikel auf presseportal.de\" target=\"_blank\">Polizei Offenbach am Main: Pressemeldungen vom 20.04.2026<\/a><\/h2>\n <div class=\"entry\">\n  <p style=\"margin-bottom:4px;\">\n   <a href=\"https:\/\/www.presseportal.de\/blaulicht\/pm\/43561\/6258846\" target=\"_blank\"><img decoding=\"async\" src=\"\/feeds\/gfx\/POL-OF.jpg\" style=\"align:left !important; float:left !important; margin-top:4px !important; margin-right:8px !important; margin-bottom:4px !important; width:90px !important;\" \/><\/a>   ... <b>3. Wer versuchte den grauen Honda zu stehlen? - Offenbach<\/b>     (cb) Wer versuchte, den grauen Honda zu stehlen? Das fragen sich die Ermittler der Kriminalpolizei und suchen nach Zeugen der Tat, die sich in der Hospitalstra\u00dfe (10er-Hausnummern) ereignete. Der Fahrzeugeigent\u00fcmer musste am Freitag, gegen 14 Uhr, feststellen, ...<br clear=\"all\" \/><\/p><p style=\"margin-top:8px; margin-bottom:4px;\"><a href=\"https:\/\/www.presseportal.de\/blaulicht\/pm\/43561\/6258846\" target=\"_blank\"><img decoding=\"async\" src=\"\/feeds\/gfx\/POL-OF.jpg\" style=\"align:left !important; float:left !important; margin-top:4px !important; margin-right:8px !important; margin-bottom:4px !important; width:90px !important;\" \/><\/a> ... <b>10. Fahrer fuhr auf Verkehrsinsel und fl\u00fcchtete hiernach zu Fu\u00df - Dreieich<\/b>     (me) Aus bislang noch unbekannten Gr\u00fcnden geriet der etwa 40 Jahre alte Fahrer eines blauen Kastenwagens mit diesem am Sonntag gegen 10:15 Uhr beim Befahren einer Rechtskurve nach links auf eine Verkehrsinsel und verkeilte sich auf dieser. Anstatt den Unfall ...<br clear=\"all\" \/>  <\/p>\n  <div><span class=\"my_article_details\"><time datetime=\"2026-04-20\">20.04.2026<\/time> &middot; <a href=\"\/news\/dreieich-aktuell\" title=\"Dreieich heute aktuell\">Dreieich<\/a> &middot; <a href=\"\/news\/neu-isenburg-aktuell\" title=\"Neu-Isenburg heute aktuell\">Neu-Isenburg<\/a> &middot; <a href=\"\/news\/offenbach-aktuell\" title=\"Offenbach heute aktuell\">Offenbach<\/a> &middot; <a href=\"\/news\/polizeieinsaetze-offenbach-am-main\" title=\"Polizeieins\u00e4tze Offenbach am Main\">Polizei<\/a> &middot; <a href=\"\/news\/unfaelle-offenbach-am-main\" title=\"Unf\u00e4lle Offenbach am Main\">Unfall<\/a> &middot; <\/span><a href=\"https:\/\/www.presseportal.de\/blaulicht\/pm\/43561\/6258846\" title=\"Link zum Artikel auf presseportal.de\" target=\"_blank\">presseportal.de<\/a><\/div>\n  <b><\/b>\n <\/div>\n <\/article>\n<\/div>\n<div class=\"post\" style=\"margin-bottom:40px;\">\n <article>\n <h2><a name=\"3997491e\" href=\"https:\/\/www.presseportal.de\/blaulicht\/pm\/43561\/6259227\" rel=\"bookmark\" style=\"color:#333333; font-weight:bold;\" title=\"Link zum Artikel auf presseportal.de\" target=\"_blank\">POL-OF: Zahlreiche Verst\u00f6\u00dfe bei LKW-Kontrollen festgestellt<\/a><\/h2>\n <div class=\"entry\">\n  <p style=\"margin-bottom:4px;\">\n   <a href=\"https:\/\/www.presseportal.de\/blaulicht\/pm\/43561\/6259227\" target=\"_blank\"><img decoding=\"async\" src=\"\/feeds\/gfx\/POL-OF.jpg\" style=\"align:left !important; float:left !important; margin-top:4px !important; margin-right:8px !important; margin-bottom:4px !important; width:90px !important;\" \/><\/a>   Autobahn 45 \/ Dreieck Seligenstadt  (ots)      (lei) Mit gezielten Kontrollen zur Erh\u00f6hung der Verkehrssicherheit \u00fcberpr\u00fcften Spezialisten der Verkehrsinspektion am Montagvormittag den gewerblichen G\u00fcterverkehr am Autobahndreieck Seligenstadt an der A 45. Zwischen ...<br clear=\"all\" \/>  <\/p>\n  <div><span class=\"my_article_details\"><time datetime=\"2026-04-20\">20.04.2026<\/time> &middot; <a href=\"\/news\/polizeieinsaetze-offenbach-am-main\" title=\"Polizeieins\u00e4tze Offenbach am Main\">Polizei<\/a> &middot; <a href=\"\/news\/seligenstadt-aktuell\" title=\"Seligenstadt heute aktuell\">Seligenstadt<\/a> &middot; <a href=\"\/news\/unfaelle-offenbach-am-main\" title=\"Unf\u00e4lle Offenbach am Main\">Unfall<\/a> &middot; <\/span><a href=\"https:\/\/www.presseportal.de\/blaulicht\/pm\/43561\/6259227\" title=\"Link zum Artikel auf presseportal.de\" target=\"_blank\">presseportal.de<\/a><\/div>\n  <b><\/b>\n <\/div>\n <\/article>\n<\/div>\n<div class=\"post\" style=\"margin-bottom:40px;\">\n <article>\n <h2><a name=\"89bc0c25\" href=\"https:\/\/www.mainhausen.de\/pressemeldungen\/erweiterung-tempo-30-im-ot-mainflingen-1776345794\/2026\/04\/16#blog5303\" rel=\"bookmark\" style=\"color:#333333; font-weight:bold;\" title=\"Link zum Artikel auf mainhausen.de\" target=\"_blank\">Mainhausen: Erweiterung Tempo 30 im OT Mainflingen<\/a><\/h2>\n <div class=\"entry\">\n  <p style=\"margin-bottom:4px;\">\n   <a href=\"https:\/\/www.mainhausen.de\/pressemeldungen\/erweiterung-tempo-30-im-ot-mainflingen-1776345794\/2026\/04\/16#blog5303\" target=\"_blank\"><img decoding=\"async\" src=\"\/feeds\/gfx\/mainhausen.de.png\" style=\"align:left !important; float:left !important; margin-top:4px !important; margin-right:8px !important; margin-bottom:4px !important; width:90px !important;\" \/><\/a>   Auf der Zellh&auml;user Stra&szlig;e in Mainflingen wird Tempo 30 ausgeweitet &ndash; und das auf einem der meistbefahrenen Abschnitte im Ort: T&auml;glich passieren hier &uuml;ber 4.000 Fahrzeuge in beiden Richtungen. Grundlage sind zwei neue Fu&szlig;g&auml;nger&uuml;berwege, ...<br clear=\"all\" \/>  <\/p>\n  <div><span class=\"my_article_details\"><time datetime=\"2026-04-16\">16.04.2026<\/time> &middot; <a href=\"\/news\/langen-aktuell\" title=\"Langen heute aktuell\">Langen<\/a> &middot; <a href=\"\/news\/mainhausen-aktuell\" title=\"Mainhausen heute aktuell\">Mainhausen<\/a> &middot; <a href=\"\/news\/unfaelle-offenbach-am-main\" title=\"Unf\u00e4lle Offenbach am Main\">Unfall<\/a> &middot; <\/span><a href=\"https:\/\/www.mainhausen.de\/pressemeldungen\/erweiterung-tempo-30-im-ot-mainflingen-1776345794\/2026\/04\/16#blog5303\" title=\"Link zum Artikel auf mainhausen.de\" target=\"_blank\">mainhausen.de<\/a><\/div>\n  <b><\/b>\n <\/div>\n <\/article>\n<\/div>\n<div class=\"post\" style=\"margin-bottom:40px;\">\n <article>\n <h2><a name=\"b3d3ecaf\" href=\"https:\/\/www.mainhausen.de\/pressemeldungen\/gummi-platz-mainflingen-sperrung-ab-16042026-reparatur-wird-vorbereitet-1776345266\/2026\/04\/16#blog5302\" rel=\"bookmark\" style=\"color:#333333; font-weight:bold;\" title=\"Link zum Artikel auf mainhausen.de\" target=\"_blank\">Gummi Platz Mainflingen: Sperrung ab 16.04.2026 \u2013 Reparatur wird vorbereitet<\/a><\/h2>\n <div class=\"entry\">\n  <p style=\"margin-bottom:4px;\">\n   <a href=\"https:\/\/www.mainhausen.de\/pressemeldungen\/gummi-platz-mainflingen-sperrung-ab-16042026-reparatur-wird-vorbereitet-1776345266\/2026\/04\/16#blog5302\" target=\"_blank\"><img decoding=\"async\" src=\"\/feeds\/gfx\/mainhausen.de.png\" style=\"align:left !important; float:left !important; margin-top:4px !important; margin-right:8px !important; margin-bottom:4px !important; width:90px !important;\" \/><\/a>   Am Gummi Platz in Mainflingen wurden Sch&auml;den am Belag festgestellt. Aus Sicherheitsgr&uuml;nden wird der betroffene Bereich ab 16.04.2026 gesperrt. Die Gemeinde hat die notwendigen Schritte zur Instandsetzung bereits eingeleitet und bittet um einen achtsamen, ...<br clear=\"all\" \/>  <\/p>\n  <div><span class=\"my_article_details\"><time datetime=\"2026-04-16\">16.04.2026<\/time> &middot; <a href=\"\/news\/mainhausen-aktuell\" title=\"Mainhausen heute aktuell\">Mainhausen<\/a> &middot; <a href=\"\/news\/unfaelle-offenbach-am-main\" title=\"Unf\u00e4lle Offenbach am Main\">Unfall<\/a> &middot; <\/span><a href=\"https:\/\/www.mainhausen.de\/pressemeldungen\/gummi-platz-mainflingen-sperrung-ab-16042026-reparatur-wird-vorbereitet-1776345266\/2026\/04\/16#blog5302\" title=\"Link zum Artikel auf mainhausen.de\" target=\"_blank\">mainhausen.de<\/a><\/div>\n  <b><\/b>\n <\/div>\n <\/article>\n<\/div>\n<div class=\"post\" style=\"margin-bottom:40px;\">\n <article>\n <h2><a name=\"6c69dd55\" href=\"https:\/\/www.rheinmainverlag.de\/2026\/04\/16\/heusenstamm-gestohlene-kennzeichen-an-unfallverursachendem-wagen-angebracht\/\" rel=\"bookmark\" style=\"color:#333333; font-weight:bold;\" title=\"Link zum Artikel auf rheinmainverlag.de\" target=\"_blank\">Heusenstamm: Gestohlene Kennzeichen an unfallverursachendem Wagen angebracht<\/a><\/h2>\n <div class=\"entry\">\n  <p style=\"margin-bottom:4px;\">\n   <a href=\"https:\/\/www.rheinmainverlag.de\/2026\/04\/16\/heusenstamm-gestohlene-kennzeichen-an-unfallverursachendem-wagen-angebracht\/\" target=\"_blank\"><img decoding=\"async\" src=\"\/feeds\/gfx\/rheinmainverlag.de.png\" style=\"align:left !important; float:left !important; margin-top:4px !important; margin-right:8px !important; margin-bottom:4px !important; width:90px !important;\" \/><\/a>   Nach einer Unfallflucht am Dienstagnachmittag in der Schillerstra&szlig;e in Heusenstamm, bei der insgesamt ein Schaden von rund 11.500 Euro entstand, suchen die Ermittler der Unfallfluchtgruppe nach Zeugen. Nach bisherigen Erkenntnissen befuhr ein Volvo-Lenker gegen ...<br clear=\"all\" \/>  <\/p>\n  <div><span class=\"my_article_details\"><time datetime=\"2026-04-16\">16.04.2026<\/time> &middot; <a href=\"\/news\/heusenstamm-aktuell\" title=\"Heusenstamm heute aktuell\">Heusenstamm<\/a> &middot; <a href=\"\/news\/unfaelle-offenbach-am-main\" title=\"Unf\u00e4lle Offenbach am Main\">Unfall<\/a> &middot; <\/span><a href=\"https:\/\/www.rheinmainverlag.de\/2026\/04\/16\/heusenstamm-gestohlene-kennzeichen-an-unfallverursachendem-wagen-angebracht\/\" title=\"Link zum Artikel auf rheinmainverlag.de\" target=\"_blank\">rheinmainverlag.de<\/a><\/div>\n  <b><\/b>\n <\/div>\n <\/article>\n<\/div>\n<div class=\"post\" style=\"margin-bottom:40px;\">\n <article>\n <h2><a name=\"6a20b281\" href=\"https:\/\/www.rheinmainverlag.de\/2026\/04\/15\/unfall-beim-ausparken-in-heusenstamm-seniorin-bei-verletzt-und-drei-fahrzeuge-beschaedigt\/\" rel=\"bookmark\" style=\"color:#333333; font-weight:bold;\" title=\"Link zum Artikel auf rheinmainverlag.de\" target=\"_blank\">Unfall beim Ausparken in Heusenstamm: Seniorin verletzt und drei Fahrzeuge besch\u00e4digt<\/a><\/h2>\n <div class=\"entry\">\n  <p style=\"margin-bottom:4px;\">\n   <a href=\"https:\/\/www.rheinmainverlag.de\/2026\/04\/15\/unfall-beim-ausparken-in-heusenstamm-seniorin-bei-verletzt-und-drei-fahrzeuge-beschaedigt\/\" target=\"_blank\"><img decoding=\"async\" src=\"\/feeds\/gfx\/rheinmainverlag.de.png\" style=\"align:left !important; float:left !important; margin-top:4px !important; margin-right:8px !important; margin-bottom:4px !important; width:90px !important;\" \/><\/a>   Ein Ausparkman&ouml;ver f&uuml;hrte am Dienstagnachmittag zu einer verletzten Seniorin und drei l&auml;dierten Autos in der Sch&ouml;nbornstra&szlig;e in Heusenstamm. Gegen 16.25 Uhr wollte dort eine 89-J&auml;hrige mit ihrer A-Klasse ausparken. Dabei touchierte sie jedoch eine ebenfalls ...<br clear=\"all\" \/>  <\/p>\n  <div><span class=\"my_article_details\"><time datetime=\"2026-04-15\">15.04.2026<\/time> &middot; <a href=\"\/news\/heusenstamm-aktuell\" title=\"Heusenstamm heute aktuell\">Heusenstamm<\/a> &middot; <a href=\"\/news\/unfaelle-offenbach-am-main\" title=\"Unf\u00e4lle Offenbach am Main\">Unfall<\/a> &middot; <\/span><a href=\"https:\/\/www.rheinmainverlag.de\/2026\/04\/15\/unfall-beim-ausparken-in-heusenstamm-seniorin-bei-verletzt-und-drei-fahrzeuge-beschaedigt\/\" title=\"Link zum Artikel auf rheinmainverlag.de\" target=\"_blank\">rheinmainverlag.de<\/a><\/div>\n  <b><\/b>\n <\/div>\n <\/article>\n<\/div>\n<div class=\"post\" style=\"margin-bottom:40px;\">\n <article>\n <h2><a name=\"eac432e8\" href=\"https:\/\/www.presseportal.de\/blaulicht\/pm\/43561\/6255497\" rel=\"bookmark\" style=\"color:#333333; font-weight:bold;\" title=\"Link zum Artikel auf presseportal.de\" target=\"_blank\">POL-OF: Verkehrsunfall beim Ausparken: Seniorin verletzt - drei besch\u00e4digte Fahrzeuge<\/a><\/h2>\n <div class=\"entry\">\n  <p style=\"margin-bottom:4px;\">\n   <a href=\"https:\/\/www.presseportal.de\/blaulicht\/pm\/43561\/6255497\" target=\"_blank\"><img decoding=\"async\" src=\"\/feeds\/gfx\/POL-OF.jpg\" style=\"align:left !important; float:left !important; margin-top:4px !important; margin-right:8px !important; margin-bottom:4px !important; width:90px !important;\" \/><\/a>   Heusenstamm  (ots)       (lei) Ein Ausparkman\u00f6ver f\u00fchrte am Dienstagnachmittag zu einer verletzten Seniorin und drei l\u00e4dierten Autos in der Sch\u00f6nbornstra\u00dfe. Gegen 16.25 Uhr wollte dort eine 89-J\u00e4hrige mit ihrer A-Klasse ausparken. Dabei touchierte sie jedoch ...<br clear=\"all\" \/>  <\/p>\n  <div><span class=\"my_article_details\"><time datetime=\"2026-04-15\">15.04.2026<\/time> &middot; <a href=\"\/news\/heusenstamm-aktuell\" title=\"Heusenstamm heute aktuell\">Heusenstamm<\/a> &middot; <a href=\"\/news\/unfaelle-offenbach-am-main\" title=\"Unf\u00e4lle Offenbach am Main\">Unfall<\/a> &middot; <\/span><a href=\"https:\/\/www.presseportal.de\/blaulicht\/pm\/43561\/6255497\" title=\"Link zum Artikel auf presseportal.de\" target=\"_blank\">presseportal.de<\/a><\/div>\n  <b><\/b>\n <\/div>\n <\/article>\n<\/div>\n<div class=\"post\" style=\"background-color: #f4f4f4; margin-bottom: 40px; padding: 10px;\"><article><a style=\"color: #000000; font-size: 20px; font-weight: normal; text-decoration: underlined;\" href=\"https:\/\/www.tagesschau.de\/wirtschaft\/elektroauto-kosten-strom-100.html\" target=\"_blank\">Laden von E-Autos deutlich g\u00fcnstiger als Tanken<\/a><\/p><div class=\"entry\"><p style=\"margin-bottom: 4px;\"><a href=\"https:\/\/www.tagesschau.de\/wirtschaft\/elektroauto-kosten-strom-100.html\" target=\"_blank\" rel=\"noopener\"><img decoding=\"async\" style=\"align: left !important; float: left !important; margin-top: 4px !important; margin-right: 8px !important; margin-bottom: 4px !important; width: 90px !important;\" src=\"data:image\/gif;base64,R0lGODlhAQABAIAAAAAAAP\/\/\/yH5BAEAAAAALAAAAAABAAEAAAIBRAA7\" data-src=\"https:\/\/www.heusenstaemmchen.de\/feeds\/gfx\/tagesschau.de.png\" \/><\/a>Wer ein E-Auto besitzt und das zu Hause laden kann, der war im vergangenen Jahr am g\u00fcnstigsten unterwegs. Wer \u00f6ffentliche Lades\u00e4ulen nutzte, zahlte zwar mehr, aber immer noch viel weniger als die Fahrer von Benzinern an der Tankstelle.<br clear=\"all\" \/><\/p><div><b>Schon gewusst?<\/b> \u00b7 Regenerative Energien \u00b7 <a title=\"Mehr Details auf tagesschau.de\" href=\"https:\/\/www.tagesschau.de\/wirtschaft\/elektroauto-kosten-strom-100.html\" target=\"_blank\" rel=\"noopener\">tagesschau.de<\/a><\/div><\/div><\/article><\/div><div class=\"post\" style=\"margin-bottom:40px;\">\n <article>\n <h2><a name=\"8a4d06b9\" href=\"https:\/\/www.presseportal.de\/blaulicht\/pm\/43561\/6255936\" rel=\"bookmark\" style=\"color:#333333; font-weight:bold;\" title=\"Link zum Artikel auf presseportal.de\" target=\"_blank\">Polizei Offenbach am Main: Pressemeldungen vom 15.04.2026<\/a><\/h2>\n <div class=\"entry\">\n  <p style=\"margin-bottom:4px;\">\n   <a href=\"https:\/\/www.presseportal.de\/blaulicht\/pm\/43561\/6255936\" target=\"_blank\"><img decoding=\"async\" src=\"\/feeds\/gfx\/POL-OF.jpg\" style=\"align:left !important; float:left !important; margin-top:4px !important; margin-right:8px !important; margin-bottom:4px !important; width:90px !important;\" \/><\/a>   ... <b>3.\tGestohlene Kennzeichen an unfallverursachendem Wagen angebracht: Zeugen gesucht! - Heusenstamm<\/b>   (fg) Nach einer Unfallflucht am Dienstagnachmittag in der Schillerstra\u00dfe im Bereich der 10er-Hausnummern, bei der insgesamt ein Schaden von rund 11.500 Euro entstand, suchen die Ermittler der Unfallfluchtgruppe nach Zeugen. Nach bisherigen Erkenntnissen befuhr ...<br clear=\"all\" \/><\/p><p style=\"margin-top:8px; margin-bottom:4px;\"><a href=\"https:\/\/www.presseportal.de\/blaulicht\/pm\/43561\/6255936\" target=\"_blank\"><img decoding=\"async\" src=\"\/feeds\/gfx\/POL-OF.jpg\" style=\"align:left !important; float:left !important; margin-top:4px !important; margin-right:8px !important; margin-bottom:4px !important; width:90px !important;\" \/><\/a> ... <b>5.\tRadler st\u00fcrzte nach \u00dcberholvorgang: Zeugen gesucht - Langen<\/b>   (me) Bei einem \u00dcberholvorgang eines Autos am Dienstagabend wich ein Radfahrer zur Seite aus und st\u00fcrzte in der Folge. Auf der M\u00f6rfelder Landstra\u00dfe im Bereich des Kreisverkehrs zur Berliner Allee kam es gegen 19 Uhr zu dem Verkehrsunfall. Nach den bisherigen ...<br clear=\"all\" \/>  <\/p>\n  <div><span class=\"my_article_details\"><time datetime=\"2026-04-15\">15.04.2026<\/time> &middot; <a href=\"\/news\/heusenstamm-aktuell\" title=\"Heusenstamm heute aktuell\">Heusenstamm<\/a> &middot; <a href=\"\/news\/langen-aktuell\" title=\"Langen heute aktuell\">Langen<\/a> &middot; <a href=\"\/news\/polizeieinsaetze-offenbach-am-main\" title=\"Polizeieins\u00e4tze Offenbach am Main\">Polizei<\/a> &middot; <a href=\"\/news\/unfaelle-offenbach-am-main\" title=\"Unf\u00e4lle Offenbach am Main\">Unfall<\/a> &middot; <\/span><a href=\"https:\/\/www.presseportal.de\/blaulicht\/pm\/43561\/6255936\" title=\"Link zum Artikel auf presseportal.de\" target=\"_blank\">presseportal.de<\/a><\/div>\n  <b><\/b>\n <\/div>\n <\/article>\n<\/div>\n<div class=\"post\" style=\"margin-bottom:40px;\">\n <article>\n <h2><a name=\"fb5bfde7\" href=\"https:\/\/www.rheinmainverlag.de\/2026\/04\/14\/nach-verkehrsunfall-auf-kundenparkplatz-in-offenbach-insgesamt-fuenf-beschaedigte-autos-und-mittlerweile-sechs-verletzte\/\" rel=\"bookmark\" style=\"color:#333333; font-weight:bold;\" title=\"Link zum Artikel auf rheinmainverlag.de\" target=\"_blank\">Nach Verkehrsunfall auf Kundenparkplatz in Offenbach: Insgesamt f\u00fcnf besch\u00e4digte Autos und mittlerweile sechs Verletzte<\/a><\/h2>\n <div class=\"entry\">\n  <p style=\"margin-bottom:4px;\">\n   <a href=\"https:\/\/www.rheinmainverlag.de\/2026\/04\/14\/nach-verkehrsunfall-auf-kundenparkplatz-in-offenbach-insgesamt-fuenf-beschaedigte-autos-und-mittlerweile-sechs-verletzte\/\" target=\"_blank\"><img decoding=\"async\" src=\"\/feeds\/gfx\/rheinmainverlag.de.png\" style=\"align:left !important; float:left !important; margin-top:4px !important; margin-right:8px !important; margin-bottom:4px !important; width:90px !important;\" \/><\/a>   Nach dem folgenreichen Verkehrsunfall auf einem Kundenparkplatz im Odenwaldring in Offenbach am vergangenen Mittwochmittag (8., wir haben berichtet) liegen der Polizei nun weitere Informationen vor. Nach aktuellem Stand waren bei dem Geschehen insgesamt f&uuml;nf ...<br clear=\"all\" \/>  <\/p>\n  <div><span class=\"my_article_details\"><time datetime=\"2026-04-14\">14.04.2026<\/time> &middot; <a href=\"\/news\/offenbach-aktuell\" title=\"Offenbach heute aktuell\">Offenbach<\/a> &middot; <a href=\"\/news\/polizeieinsaetze-offenbach-am-main\" title=\"Polizeieins\u00e4tze Offenbach am Main\">Polizei<\/a> &middot; <a href=\"\/news\/unfaelle-offenbach-am-main\" title=\"Unf\u00e4lle Offenbach am Main\">Unfall<\/a> &middot; <\/span><a href=\"https:\/\/www.rheinmainverlag.de\/2026\/04\/14\/nach-verkehrsunfall-auf-kundenparkplatz-in-offenbach-insgesamt-fuenf-beschaedigte-autos-und-mittlerweile-sechs-verletzte\/\" title=\"Link zum Artikel auf rheinmainverlag.de\" target=\"_blank\">rheinmainverlag.de<\/a><\/div>\n  <b><\/b>\n <\/div>\n <\/article>\n<\/div>\n<div class=\"post\" style=\"margin-bottom:40px;\">\n <article>\n <h2><a name=\"5822cc62\" href=\"https:\/\/www.faz.net\/aktuell\/rhein-main\/region-und-hessen\/unfall-in-offenbach-suv-fahrer-loest-kettenreaktion-aus-sechs-verletzte-fuenf-kaputte-autos-accg-200729459.html\" rel=\"bookmark\" style=\"color:#333333; font-weight:bold;\" title=\"Link zum Artikel auf faz.net\" target=\"_blank\">SUV-Fahrer l\u00f6st mit Unfall \u201eKettenreaktion\u201c aus<\/a><\/h2>\n <div class=\"entry\">\n  <p style=\"margin-bottom:4px;\">\n   <a href=\"https:\/\/www.faz.net\/aktuell\/rhein-main\/region-und-hessen\/unfall-in-offenbach-suv-fahrer-loest-kettenreaktion-aus-sechs-verletzte-fuenf-kaputte-autos-accg-200729459.html\" target=\"_blank\"><img decoding=\"async\" src=\"\/feeds\/gfx\/faz.net.png\" style=\"align:left !important; float:left !important; margin-top:4px !important; margin-right:8px !important; margin-bottom:4px !important; width:90px !important;\" \/><\/a>   Sechs Verletzte und f&uuml;nf besch&auml;digte Autos: Ein Dreiundsechzigj&auml;hriger verliert beim R&uuml;ckw&auml;rtsfahren auf einem Kundenparkplatz in Offenbach die Kontrolle. Sein Auto soll er von der Mittelkonsole aus gesteuert haben.<br clear=\"all\" \/>  <\/p>\n  <div><span class=\"my_article_details\"><time datetime=\"2026-04-14\">14.04.2026<\/time> &middot; <a href=\"\/news\/offenbach-aktuell\" title=\"Offenbach heute aktuell\">Offenbach<\/a> &middot; <a href=\"\/news\/unfaelle-offenbach-am-main\" title=\"Unf\u00e4lle Offenbach am Main\">Unfall<\/a> &middot; <\/span><a href=\"https:\/\/www.faz.net\/aktuell\/rhein-main\/region-und-hessen\/unfall-in-offenbach-suv-fahrer-loest-kettenreaktion-aus-sechs-verletzte-fuenf-kaputte-autos-accg-200729459.html\" title=\"Link zum Artikel auf faz.net\" target=\"_blank\">faz.net<\/a><\/div>\n  <b><\/b>\n <\/div>\n <\/article>\n<\/div>\n<div class=\"post\" style=\"margin-bottom:40px;\">\n <article>\n <h2><a name=\"39269bb7\" href=\"https:\/\/www.rheinmainverlag.de\/2026\/04\/14\/b45-rodgau-unfallverursacher-bei-zusammenstoss-verletzt\/\" rel=\"bookmark\" style=\"color:#333333; font-weight:bold;\" title=\"Link zum Artikel auf rheinmainverlag.de\" target=\"_blank\">B45\/Rodgau: Unfallverursacher bei Zusammensto\u00df verletzt<\/a><\/h2>\n <div class=\"entry\">\n  <p style=\"margin-bottom:4px;\">\n   <a href=\"https:\/\/www.rheinmainverlag.de\/2026\/04\/14\/b45-rodgau-unfallverursacher-bei-zusammenstoss-verletzt\/\" target=\"_blank\"><img decoding=\"async\" src=\"\/feeds\/gfx\/rheinmainverlag.de.png\" style=\"align:left !important; float:left !important; margin-top:4px !important; margin-right:8px !important; margin-bottom:4px !important; width:90px !important;\" \/><\/a>   Der Verursacher eines Verkehrsunfalls auf der B45 bei Rodgau vom Sonntagmorgen verletzte sich bei den insgesamt drei Kollisionen. Nach den bisherigen Erkenntnissen fuhr der Alfa-Romeo-Lenker gegen 6 Uhr auf der Bundesstra&szlig;e 45 in Richtung Dieburg auf einen ...<br clear=\"all\" \/>  <\/p>\n  <div><span class=\"my_article_details\"><time datetime=\"2026-04-14\">14.04.2026<\/time> &middot; <a href=\"\/news\/rodgau-aktuell\" title=\"Rodgau heute aktuell\">Rodgau<\/a> &middot; <a href=\"\/news\/unfaelle-offenbach-am-main\" title=\"Unf\u00e4lle Offenbach am Main\">Unfall<\/a> &middot; <\/span><a href=\"https:\/\/www.rheinmainverlag.de\/2026\/04\/14\/b45-rodgau-unfallverursacher-bei-zusammenstoss-verletzt\/\" title=\"Link zum Artikel auf rheinmainverlag.de\" target=\"_blank\">rheinmainverlag.de<\/a><\/div>\n  <b><\/b>\n <\/div>\n <\/article>\n<\/div>\n<div class=\"post\" style=\"margin-bottom:40px;\">\n <article>\n <h2><a name=\"54dc9564\" href=\"https:\/\/www.presseportal.de\/blaulicht\/pm\/43561\/6255156\" rel=\"bookmark\" style=\"color:#333333; font-weight:bold;\" title=\"Link zum Artikel auf presseportal.de\" target=\"_blank\">Polizei Offenbach am Main: Pressemeldungen vom 14.04.2026<\/a><\/h2>\n <div class=\"entry\">\n  <p style=\"margin-bottom:4px;\">\n   <a href=\"https:\/\/www.presseportal.de\/blaulicht\/pm\/43561\/6255156\" target=\"_blank\"><img decoding=\"async\" src=\"\/feeds\/gfx\/POL-OF.jpg\" style=\"align:left !important; float:left !important; margin-top:4px !important; margin-right:8px !important; margin-bottom:4px !important; width:90px !important;\" \/><\/a>   ... <b>7. Zehnj\u00e4hrige Radfahrerin st\u00fcrzte und kam in Krankenhaus: Zeugensuche! - R\u00f6dermark<\/b>   (fg) Eine zehnj\u00e4hrige Radfahrerin zog sich am Montag, gegen 16.20 Uhr, im Zuge eines Zusammensto\u00dfes mit einem Chrysler Crossfire Verletzungen zu, weshalb sie zur weiteren medizinischen Behandlung in ein Krankenhaus kam. Nach bisherigen Erkenntnissen habe ...<br clear=\"all\" \/>  <\/p>\n  <div><span class=\"my_article_details\"><time datetime=\"2026-04-14\">14.04.2026<\/time> &middot; <a href=\"\/news\/dietzenbach-aktuell\" title=\"Dietzenbach heute aktuell\">Dietzenbach<\/a> &middot; <a href=\"\/news\/polizeieinsaetze-offenbach-am-main\" title=\"Polizeieins\u00e4tze Offenbach am Main\">Polizei<\/a> &middot; <a href=\"\/news\/roedermark-aktuell\" title=\"R\u00f6dermark heute aktuell\">R\u00f6dermark<\/a> &middot; <a href=\"\/news\/unfaelle-offenbach-am-main\" title=\"Unf\u00e4lle Offenbach am Main\">Unfall<\/a> &middot; <\/span><a href=\"https:\/\/www.presseportal.de\/blaulicht\/pm\/43561\/6255156\" title=\"Link zum Artikel auf presseportal.de\" target=\"_blank\">presseportal.de<\/a><\/div>\n  <b><\/b>\n <\/div>\n <\/article>\n<\/div>\n<div class=\"post\" style=\"margin-bottom:40px;\">\n <article>\n <h2><a name=\"e525cb74\" href=\"https:\/\/www.presseportal.de\/blaulicht\/pm\/43561\/6254265\" rel=\"bookmark\" style=\"color:#333333; font-weight:bold;\" title=\"Link zum Artikel auf presseportal.de\" target=\"_blank\">Polizei Offenbach am Main: Pressemeldungen vom 13.04.2026<\/a><\/h2>\n <div class=\"entry\">\n  <p style=\"margin-bottom:4px;\">\n   <a href=\"https:\/\/www.presseportal.de\/blaulicht\/pm\/43561\/6254265\" target=\"_blank\"><img decoding=\"async\" src=\"\/feeds\/gfx\/POL-OF.jpg\" style=\"align:left !important; float:left !important; margin-top:4px !important; margin-right:8px !important; margin-bottom:4px !important; width:90px !important;\" \/><\/a>   ... <b>3. Zeugen nach Verkehrsunfallflucht gesucht - Offenbach<\/b>   (me) Die Beamten der Verkehrsunfallfluchtgruppe des Polizeipr\u00e4sidiums S\u00fcdosthessen suchen nach Zeugen eines Verkehrsunfalls, der sich in der Nacht von Samstag auf Sonntag zugetragen hat. Gegen 22.55 Uhr soll es im Kreuzungsbereich Odenwaldring \/ Richard-Wagner-Stra\u00dfe ...<br clear=\"all\" \/><\/p><p style=\"margin-top:8px; margin-bottom:4px;\"><a href=\"https:\/\/www.presseportal.de\/blaulicht\/pm\/43561\/6254265\" target=\"_blank\"><img decoding=\"async\" src=\"\/feeds\/gfx\/POL-OF.jpg\" style=\"align:left !important; float:left !important; margin-top:4px !important; margin-right:8px !important; margin-bottom:4px !important; width:90px !important;\" \/><\/a> ... <b>5. Fu\u00dfg\u00e4nger nach Zusammensto\u00df mit Radfahrer verletzt - Offenbach<\/b>   (me) Im Verlauf des Donnerstagabends soll es im Bereich der \"Gro\u00dfe Marktstra\u00dfe\" zu einem Zusammensto\u00df zwischen einem Fu\u00dfg\u00e4nger und einem unbekannten Radfahrer gekommen sein. Der Biker soll die Stra\u00dfe mit einem roten Elektrofahrrad befahren haben und hierbei ...<br clear=\"all\" \/><\/p><p style=\"margin-top:8px; margin-bottom:4px;\"><a href=\"https:\/\/www.presseportal.de\/blaulicht\/pm\/43561\/6254265\" target=\"_blank\"><img decoding=\"async\" src=\"\/feeds\/gfx\/POL-OF.jpg\" style=\"align:left !important; float:left !important; margin-top:4px !important; margin-right:8px !important; margin-bottom:4px !important; width:90px !important;\" \/><\/a> ... <b>11. Unfallverursacher bei Zusammensto\u00df verletzt: Zeugensuche der Polizei - Rodgau<\/b>   (me) Der Verursacher eines Verkehrsunfalls vom Sonntagmorgen verletzte sich bei den insgesamt drei Kollisionen. Nach den bisherigen Erkenntnissen fuhr der Alfa-Romeo-Lenker gegen 6 Uhr auf der Bundesstra\u00dfe 45 in Richtung Dieburg auf einen vorausfahrenden ...<br clear=\"all\" \/>  <\/p>\n  <div><span class=\"my_article_details\"><time datetime=\"2026-04-13\">13.04.2026<\/time> &middot; <a href=\"\/news\/offenbach-aktuell\" title=\"Offenbach heute aktuell\">Offenbach<\/a> &middot; <a href=\"\/news\/polizeieinsaetze-offenbach-am-main\" title=\"Polizeieins\u00e4tze Offenbach am Main\">Polizei<\/a> &middot; <a href=\"\/news\/rodgau-aktuell\" title=\"Rodgau heute aktuell\">Rodgau<\/a> &middot; <a href=\"\/news\/unfaelle-offenbach-am-main\" title=\"Unf\u00e4lle Offenbach am Main\">Unfall<\/a> &middot; <\/span><a href=\"https:\/\/www.presseportal.de\/blaulicht\/pm\/43561\/6254265\" title=\"Link zum Artikel auf presseportal.de\" target=\"_blank\">presseportal.de<\/a><\/div>\n  <b><\/b>\n <\/div>\n <\/article>\n<\/div>\n<div class=\"post\" style=\"margin-bottom:40px;\">\n <article>\n <h2><a name=\"12be233b\" href=\"https:\/\/www.rheinmainverlag.de\/2026\/04\/11\/nach-alleinunfall-in-mainhausen-mercedes-fahrer-kam-schwer-verletzt-ins-krankenhaus\/?utm_source=rss&utm_medium=rss&utm_campaign=nach-alleinunfall-in-mainhausen-mercedes-fahrer-kam-schwer-verletzt-ins-krankenhaus\" rel=\"bookmark\" style=\"color:#333333; font-weight:bold;\" title=\"Link zum Artikel auf rheinmainverlag.de\" target=\"_blank\">Nach Alleinunfall in Mainhausen: Mercedes-Fahrer kam schwer verletzt ins Krankenhaus<\/a><\/h2>\n <div class=\"entry\">\n  <p style=\"margin-bottom:4px;\">\n   <a href=\"https:\/\/www.rheinmainverlag.de\/2026\/04\/11\/nach-alleinunfall-in-mainhausen-mercedes-fahrer-kam-schwer-verletzt-ins-krankenhaus\/?utm_source=rss&utm_medium=rss&utm_campaign=nach-alleinunfall-in-mainhausen-mercedes-fahrer-kam-schwer-verletzt-ins-krankenhaus\" target=\"_blank\"><img decoding=\"async\" src=\"\/feeds\/gfx\/rheinmainverlag.de.png\" style=\"align:left !important; float:left !important; margin-top:4px !important; margin-right:8px !important; margin-bottom:4px !important; width:90px !important;\" \/><\/a>   Mit einem Rettungswagen kam ein 19 Jahre alter Mercedes-Fahrer nach einem Alleinunfall auf der Landesstra&szlig;e 3065 bei Mainhausen am Donnerstagnachmittag schwer verletzt in ein Krankenhaus. Nach bisherigen Erkenntnissen war der Mercedes-Lenker gegen 16 Uhr in ...<br clear=\"all\" \/>  <\/p>\n  <div><span class=\"my_article_details\"><time datetime=\"2026-04-11\">11.04.2026<\/time> &middot; <a href=\"\/news\/mainhausen-aktuell\" title=\"Mainhausen heute aktuell\">Mainhausen<\/a> &middot; <a href=\"\/news\/unfaelle-offenbach-am-main\" title=\"Unf\u00e4lle Offenbach am Main\">Unfall<\/a> &middot; <\/span><a href=\"https:\/\/www.rheinmainverlag.de\/2026\/04\/11\/nach-alleinunfall-in-mainhausen-mercedes-fahrer-kam-schwer-verletzt-ins-krankenhaus\/?utm_source=rss&utm_medium=rss&utm_campaign=nach-alleinunfall-in-mainhausen-mercedes-fahrer-kam-schwer-verletzt-ins-krankenhaus\" title=\"Link zum Artikel auf rheinmainverlag.de\" target=\"_blank\">rheinmainverlag.de<\/a><\/div>\n  <b><\/b>\n <\/div>\n <\/article>\n<\/div>\n<div class=\"post\" style=\"margin-bottom:40px;\">\n <article>\n <h2><a name=\"779c0203\" href=\"https:\/\/www.rheinmainverlag.de\/2026\/04\/10\/unfall-beim-spurwechsel-vier-fahrzeuge-beteiligt-und-ein-leichtverletzter-auf-a3-bei-offenbach\/?utm_source=rss&utm_medium=rss&utm_campaign=unfall-beim-spurwechsel-vier-fahrzeuge-beteiligt-und-ein-leichtverletzter-auf-a3-bei-offenbach\" rel=\"bookmark\" style=\"color:#333333; font-weight:bold;\" title=\"Link zum Artikel auf rheinmainverlag.de\" target=\"_blank\">Unfall beim Spurwechsel: Vier Fahrzeuge beteiligt und ein Leichtverletzter auf A3 bei Offenbach<\/a><\/h2>\n <div class=\"entry\">\n  <p style=\"margin-bottom:4px;\">\n   <a href=\"https:\/\/www.rheinmainverlag.de\/2026\/04\/10\/unfall-beim-spurwechsel-vier-fahrzeuge-beteiligt-und-ein-leichtverletzter-auf-a3-bei-offenbach\/?utm_source=rss&utm_medium=rss&utm_campaign=unfall-beim-spurwechsel-vier-fahrzeuge-beteiligt-und-ein-leichtverletzter-auf-a3-bei-offenbach\" target=\"_blank\"><img decoding=\"async\" src=\"\/feeds\/gfx\/rheinmainverlag.de.png\" style=\"align:left !important; float:left !important; margin-top:4px !important; margin-right:8px !important; margin-bottom:4px !important; width:90px !important;\" \/><\/a>   Zwischen dem Autobahnkreuz Offenbach und der Anschlussstelle Obertshausen in Fahrtrichtung W&uuml;rzburg kam es am Mittwoch , gegen 17.30 Uhr, zu einem Verkehrsunfall, bei dem vier Fahrzeuge beteiligt waren und ein 35-J&auml;hriger leichte Verletzungen davontrug. Der ...<br clear=\"all\" \/>  <\/p>\n  <div><span class=\"my_article_details\"><time datetime=\"2026-04-10\">10.04.2026<\/time> &middot; <a href=\"\/news\/obertshausen-aktuell\" title=\"Obertshausen heute aktuell\">Obertshausen<\/a> &middot; <a href=\"\/news\/offenbach-aktuell\" title=\"Offenbach heute aktuell\">Offenbach<\/a> &middot; <a href=\"\/news\/unfaelle-offenbach-am-main\" title=\"Unf\u00e4lle Offenbach am Main\">Unfall<\/a> &middot; <\/span><a href=\"https:\/\/www.rheinmainverlag.de\/2026\/04\/10\/unfall-beim-spurwechsel-vier-fahrzeuge-beteiligt-und-ein-leichtverletzter-auf-a3-bei-offenbach\/?utm_source=rss&utm_medium=rss&utm_campaign=unfall-beim-spurwechsel-vier-fahrzeuge-beteiligt-und-ein-leichtverletzter-auf-a3-bei-offenbach\" title=\"Link zum Artikel auf rheinmainverlag.de\" target=\"_blank\">rheinmainverlag.de<\/a><\/div>\n  <b><\/b>\n <\/div>\n <\/article>\n<\/div>\n<div class=\"post\" style=\"background-color: #e6e6ff; margin-bottom: 40px; padding: 10px;\"><article><a style=\"color: #000000; font-size: 20px; font-weight: normal; text-decoration: underlined;\" href=\"https:\/\/www.ndr.de\/nachrichten\/info\/solarenergie-liefert-erstmals-mehr-strom-als-aus-braunkohle,photovoltaik-124.html\" target=\"_blank\">Solarenergie liefert erstmals mehr Strom als Braunkohle<\/a><\/p><div class=\"entry\"><p style=\"margin-bottom: 4px;\"><a href=\"https:\/\/www.ndr.de\/nachrichten\/info\/solarenergie-liefert-erstmals-mehr-strom-als-aus-braunkohle,photovoltaik-124.html\" target=\"_blank\" rel=\"noopener\"><img decoding=\"async\" style=\"align: left !important; float: left !important; margin-top: 4px !important; margin-right: 8px !important; margin-bottom: 4px !important; width: 90px !important;\" src=\"data:image\/gif;base64,R0lGODlhAQABAIAAAAAAAP\/\/\/yH5BAEAAAAALAAAAAABAAEAAAIBRAA7\" data-src=\"https:\/\/www.heusenstaemmchen.de\/feeds\/gfx\/ndr.de.png\" \/><\/a>Photovoltaik lag vergangenes Jahr zum ersten Mal auf Platz 2 bei der Stromerzeugung in Deutschland &#8211; vor Braunkohle und Erdgas. Insgesamt stieg der Anteil erneuerbarer Energien am Strommix aber nicht.<br clear=\"all\" \/><\/p><div><b>Schon gewusst?<\/b> \u00b7 Regenerative Energien \u00b7 <a title=\"Mehr Details auf ndr.de\" href=\"https:\/\/www.ndr.de\/nachrichten\/info\/solarenergie-liefert-erstmals-mehr-strom-als-aus-braunkohle,photovoltaik-124.html\" target=\"_blank\" rel=\"noopener\">ndr.de<\/a><\/div><\/div><\/article><\/div><div class=\"post\" style=\"margin-bottom:40px;\">\n <article>\n <h2><a name=\"495a5e76\" href=\"https:\/\/of-news.de\/mainhausen\/mercedes-prallt-im-kreis-offenbach-gegen-baum-fahrer-verletzt-167420\/\" rel=\"bookmark\" style=\"color:#333333; font-weight:bold;\" title=\"Link zum Artikel auf of-news.de\" target=\"_blank\">Mercedes prallt im Kreis Offenbach gegen Baum Fahrer verletzt<\/a><\/h2>\n <div class=\"entry\">\n  <p style=\"margin-bottom:4px;\">\n   <a href=\"https:\/\/of-news.de\/mainhausen\/mercedes-prallt-im-kreis-offenbach-gegen-baum-fahrer-verletzt-167420\/\" target=\"_blank\"><img decoding=\"async\" src=\"\/feeds\/gfx\/of-news.de.png\" style=\"align:left !important; float:left !important; margin-top:4px !important; margin-right:8px !important; margin-bottom:4px !important; width:90px !important;\" \/><\/a>   Auf der Landstra&#xDF;e 3065 zwischen Babenhausen und Zellhausen ist es am Donnerstag zu einem schweren Alleinunfall gekommen. Gegen 16 Uhr verlor der Fahrer eines Mercedes aus bislang ungekl&#xE4;rter Ursache die Kontrolle &#xFC;ber den Wagen und kam von der ...<br clear=\"all\" \/>  <\/p>\n  <div><span class=\"my_article_details\"><time datetime=\"2026-04-10\">10.04.2026<\/time> &middot; <a href=\"\/news\/mainhausen-aktuell\" title=\"Mainhausen heute aktuell\">Mainhausen<\/a> &middot; <a href=\"\/news\/offenbach-aktuell\" title=\"Offenbach heute aktuell\">Offenbach<\/a> &middot; <a href=\"\/news\/polizeieinsaetze-offenbach-am-main\" title=\"Polizeieins\u00e4tze Offenbach am Main\">Polizei<\/a> &middot; <a href=\"\/news\/unfaelle-offenbach-am-main\" title=\"Unf\u00e4lle Offenbach am Main\">Unfall<\/a> &middot; <\/span><a href=\"https:\/\/of-news.de\/mainhausen\/mercedes-prallt-im-kreis-offenbach-gegen-baum-fahrer-verletzt-167420\/\" title=\"Link zum Artikel auf of-news.de\" target=\"_blank\">of-news.de<\/a><\/div>\n  <b><\/b>\n <\/div>\n <\/article>\n<\/div>\n<div class=\"post\" style=\"margin-bottom:40px;\">\n <article>\n <h2><a name=\"74188798\" href=\"https:\/\/www.presseportal.de\/blaulicht\/pm\/43561\/6252936\" rel=\"bookmark\" style=\"color:#333333; font-weight:bold;\" title=\"Link zum Artikel auf presseportal.de\" target=\"_blank\">Polizei Offenbach am Main: Pressemeldungen vom 10.04.2026<\/a><\/h2>\n <div class=\"entry\">\n  <p style=\"margin-bottom:4px;\">\n   <a href=\"https:\/\/www.presseportal.de\/blaulicht\/pm\/43561\/6252936\" target=\"_blank\"><img decoding=\"async\" src=\"\/feeds\/gfx\/POL-OF.jpg\" style=\"align:left !important; float:left !important; margin-top:4px !important; margin-right:8px !important; margin-bottom:4px !important; width:90px !important;\" \/><\/a>   ... <b>2. Zwei Leichtverletzte in Linienbus: Zeugen gesucht! - Offenbach<\/b>     (fg) Um einen Zusammensto\u00df mit einem einbiegenden Fahrzeug zu verhindern, habe ein Bus-Lenker nach eigenen Angaben am Donnerstagnachmittag stark abbremsen m\u00fcssen. Zwei Businsassinnen rutschten daraufhin von ihren Sitzen und zogen sich leichte Verletzungen ...<br clear=\"all\" \/><\/p><p style=\"margin-top:8px; margin-bottom:4px;\"><a href=\"https:\/\/www.presseportal.de\/blaulicht\/pm\/43561\/6252936\" target=\"_blank\"><img decoding=\"async\" src=\"\/feeds\/gfx\/POL-OF.jpg\" style=\"align:left !important; float:left !important; margin-top:4px !important; margin-right:8px !important; margin-bottom:4px !important; width:90px !important;\" \/><\/a> ... <b>4. Kollision zwischen Mazda und Fahrradfahrerin: Zeugensuche! - Hainburg<\/b>     (cb) Eine 44-J\u00e4hrige fuhr am Mittwochnachmittag mit ihrem Mazda aus der Einfahrt eines Grundst\u00fccks in der Retzerstra\u00dfe (einstellige Hausnummern) heraus und kollidierte dort mit einer Radfahrerin. Bei dem Zusammensto\u00df zog sich die 75-j\u00e4hrige Radlerin Verletzungen ...<br clear=\"all\" \/><\/p><p style=\"margin-top:8px; margin-bottom:4px;\"><a href=\"https:\/\/www.presseportal.de\/blaulicht\/pm\/43561\/6252936\" target=\"_blank\"><img decoding=\"async\" src=\"\/feeds\/gfx\/POL-OF.jpg\" style=\"align:left !important; float:left !important; margin-top:4px !important; margin-right:8px !important; margin-bottom:4px !important; width:90px !important;\" \/><\/a> ... <b>6. Nach Alleinunfall: Mercedes-Fahrer kam schwer verletzt ins Krankenhaus - Mainhausen<\/b>     (cb) Mit einem Rettungswagen kam ein 19 Jahre alter Mercedes-Fahrer nach einem Alleinunfall auf der Landesstra\u00dfe 3065 am Donnerstagnachmittag schwer verletzt in ein Krankenhaus. Nach bisherigen Erkenntnissen war der Mercedes-Lenker gegen 16 Uhr in seinem ...<br clear=\"all\" \/>  <\/p>\n  <div><span class=\"my_article_details\"><time datetime=\"2026-04-10\">10.04.2026<\/time> &middot; <a href=\"\/news\/hainburg-aktuell\" title=\"Hainburg heute aktuell\">Hainburg<\/a> &middot; <a href=\"\/news\/mainhausen-aktuell\" title=\"Mainhausen heute aktuell\">Mainhausen<\/a> &middot; <a href=\"\/news\/offenbach-aktuell\" title=\"Offenbach heute aktuell\">Offenbach<\/a> &middot; <a href=\"\/news\/polizeieinsaetze-offenbach-am-main\" title=\"Polizeieins\u00e4tze Offenbach am Main\">Polizei<\/a> &middot; <a href=\"\/news\/seligenstadt-aktuell\" title=\"Seligenstadt heute aktuell\">Seligenstadt<\/a> &middot; <a href=\"\/news\/unfaelle-offenbach-am-main\" title=\"Unf\u00e4lle Offenbach am Main\">Unfall<\/a> &middot; <\/span><a href=\"https:\/\/www.presseportal.de\/blaulicht\/pm\/43561\/6252936\" title=\"Link zum Artikel auf presseportal.de\" target=\"_blank\">presseportal.de<\/a><\/div>\n  <b><\/b>\n <\/div>\n <\/article>\n<\/div>\n<div class=\"post\" style=\"margin-bottom:40px;\">\n <article>\n <h2><a name=\"adcb3fa0\" href=\"https:\/\/www.presseportal.de\/blaulicht\/pm\/43561\/6252246\" rel=\"bookmark\" style=\"color:#333333; font-weight:bold;\" title=\"Link zum Artikel auf presseportal.de\" target=\"_blank\">Polizei Offenbach am Main: Pressemeldungen vom 09.04.2026<\/a><\/h2>\n <div class=\"entry\">\n  <p style=\"margin-bottom:4px;\">\n   <a href=\"https:\/\/www.presseportal.de\/blaulicht\/pm\/43561\/6252246\" target=\"_blank\"><img decoding=\"async\" src=\"\/feeds\/gfx\/POL-OF.jpg\" style=\"align:left !important; float:left !important; margin-top:4px !important; margin-right:8px !important; margin-bottom:4px !important; width:90px !important;\" \/><\/a>   ... <b>1. Unfall beim Spurwechsel: Vier Fahrzeuge beteiligt und ein Leichtverletzter - Autobahn 3 \/ Offenbach<\/b>   (fg) Zwischen dem Autobahnkreuz Offenbach und der Anschlussstelle Obertshausen in Fahrtrichtung W\u00fcrzburg kam es am Mittwoch, gegen 17.30 Uhr, zu einem Verkehrsunfall, bei dem vier Fahrzeuge beteiligt waren und ein 35-J\u00e4hriger leichte Verletzungen davontrug. ...<br clear=\"all\" \/>  <\/p>\n  <div><span class=\"my_article_details\"><time datetime=\"2026-04-09\">09.04.2026<\/time> &middot; <a href=\"\/news\/obertshausen-aktuell\" title=\"Obertshausen heute aktuell\">Obertshausen<\/a> &middot; <a href=\"\/news\/offenbach-aktuell\" title=\"Offenbach heute aktuell\">Offenbach<\/a> &middot; <a href=\"\/news\/polizeieinsaetze-offenbach-am-main\" title=\"Polizeieins\u00e4tze Offenbach am Main\">Polizei<\/a> &middot; <a href=\"\/news\/unfaelle-offenbach-am-main\" title=\"Unf\u00e4lle Offenbach am Main\">Unfall<\/a> &middot; <\/span><a href=\"https:\/\/www.presseportal.de\/blaulicht\/pm\/43561\/6252246\" title=\"Link zum Artikel auf presseportal.de\" target=\"_blank\">presseportal.de<\/a><\/div>\n  <b><\/b>\n <\/div>\n <\/article>\n<\/div>\n<div class=\"post\" style=\"margin-bottom:40px;\">\n <article>\n <h2><a name=\"a26b65ef\" href=\"https:\/\/www.presseportal.de\/blaulicht\/pm\/43561\/6251658\" rel=\"bookmark\" style=\"color:#333333; font-weight:bold;\" title=\"Link zum Artikel auf presseportal.de\" target=\"_blank\">Polizei Offenbach am Main: Pressemeldungen vom 08.04.2026<\/a><\/h2>\n <div class=\"entry\">\n  <p style=\"margin-bottom:4px;\">\n   <a href=\"https:\/\/www.presseportal.de\/blaulicht\/pm\/43561\/6251658\" target=\"_blank\"><img decoding=\"async\" src=\"\/feeds\/gfx\/POL-OF.jpg\" style=\"align:left !important; float:left !important; margin-top:4px !important; margin-right:8px !important; margin-bottom:4px !important; width:90px !important;\" \/><\/a>   ... <b>1. Drei Personen beim Ausparken verletzt - Offenbach<\/b>   (cb) Ein Volvo-Lenker verlor, nach derzeitigem Kenntnisstand, am Mittwochmittag beim Ausparken die Kontrolle \u00fcber seinen Wagen, erfasste eine Person und besch\u00e4digte mehrere geparkte Fahrzeuge. Der 63-J\u00e4hrige versuchte wohl gegen 12.10 Uhr seinen gr\u00fcnen Wagen ...<br clear=\"all\" \/>  <\/p>\n  <div><span class=\"my_article_details\"><time datetime=\"2026-04-08\">08.04.2026<\/time> &middot; <a href=\"\/news\/offenbach-aktuell\" title=\"Offenbach heute aktuell\">Offenbach<\/a> &middot; <a href=\"\/news\/polizeieinsaetze-offenbach-am-main\" title=\"Polizeieins\u00e4tze Offenbach am Main\">Polizei<\/a> &middot; <a href=\"\/news\/unfaelle-offenbach-am-main\" title=\"Unf\u00e4lle Offenbach am Main\">Unfall<\/a> &middot; <\/span><a href=\"https:\/\/www.presseportal.de\/blaulicht\/pm\/43561\/6251658\" title=\"Link zum Artikel auf presseportal.de\" target=\"_blank\">presseportal.de<\/a><\/div>\n  <b><\/b>\n <\/div>\n <\/article>\n<\/div>\n<div class=\"post\" style=\"margin-bottom:40px;\">\n <article>\n <h2><a name=\"1c01f60d\" href=\"https:\/\/www.presseportal.de\/blaulicht\/pm\/43561\/6250689\" rel=\"bookmark\" style=\"color:#333333; font-weight:bold;\" title=\"Link zum Artikel auf presseportal.de\" target=\"_blank\">Polizei Offenbach am Main: Pressemeldungen vom 07.04.2026<\/a><\/h2>\n <div class=\"entry\">\n  <p style=\"margin-bottom:4px;\">\n   <a href=\"https:\/\/www.presseportal.de\/blaulicht\/pm\/43561\/6250689\" target=\"_blank\"><img decoding=\"async\" src=\"\/feeds\/gfx\/POL-OF.jpg\" style=\"align:left !important; float:left !important; margin-top:4px !important; margin-right:8px !important; margin-bottom:4px !important; width:90px !important;\" \/><\/a>   ... <b>4. Kollision zwischen E-Scooter-Fahrer und Fu\u00dfg\u00e4nger: eine Person verletzt - Offenbach<\/b>   (cb) Ein 20 bis 30 Jahre alter Mann auf einem E-Scooter kollidierte am Samstagmorgen mit einem 51 Jahre alten Fu\u00dfg\u00e4nger und verletzte diesen schwer. Nach dem bisherigen Ermittlungsstand war der 51-J\u00e4hrige gegen 5.30 Uhr auf der Daimlerstra\u00dfe in Richtung S-Bahn ...<br clear=\"all\" \/>  <\/p>\n  <div><span class=\"my_article_details\"><time datetime=\"2026-04-07\">07.04.2026<\/time> &middot; <a href=\"\/news\/offenbach-aktuell\" title=\"Offenbach heute aktuell\">Offenbach<\/a> &middot; <a href=\"\/news\/polizeieinsaetze-offenbach-am-main\" title=\"Polizeieins\u00e4tze Offenbach am Main\">Polizei<\/a> &middot; <a href=\"\/news\/unfaelle-offenbach-am-main\" title=\"Unf\u00e4lle Offenbach am Main\">Unfall<\/a> &middot; <\/span><a href=\"https:\/\/www.presseportal.de\/blaulicht\/pm\/43561\/6250689\" title=\"Link zum Artikel auf presseportal.de\" target=\"_blank\">presseportal.de<\/a><\/div>\n  <b><\/b>\n <\/div>\n <\/article>\n<\/div>\n<div class=\"post\" style=\"margin-bottom:40px;\">\n <article>\n <h2><a name=\"126a95ad\" href=\"https:\/\/www.rheinmainverlag.de\/2026\/04\/02\/zwei-verletzte-personen-bei-frontalzusammenstoss-in-rodgau\/?utm_source=rss&utm_medium=rss&utm_campaign=zwei-verletzte-personen-bei-frontalzusammenstoss-in-rodgau\" rel=\"bookmark\" style=\"color:#333333; font-weight:bold;\" title=\"Link zum Artikel auf rheinmainverlag.de\" target=\"_blank\">Zwei verletzte Personen bei Frontalzusammensto\u00df in Rodgau<\/a><\/h2>\n <div class=\"entry\">\n  <p style=\"margin-bottom:4px;\">\n   <a href=\"https:\/\/www.rheinmainverlag.de\/2026\/04\/02\/zwei-verletzte-personen-bei-frontalzusammenstoss-in-rodgau\/?utm_source=rss&utm_medium=rss&utm_campaign=zwei-verletzte-personen-bei-frontalzusammenstoss-in-rodgau\" target=\"_blank\"><img decoding=\"async\" src=\"\/feeds\/gfx\/rheinmainverlag.de.png\" style=\"align:left !important; float:left !important; margin-top:4px !important; margin-right:8px !important; margin-bottom:4px !important; width:90px !important;\" \/><\/a>   Zwei verletzte Personen und Sachschaden von mehreren zehntausend Euro sind das Resultat eines Verkehrsunfalls am Dienstagnachmittag in Rodgau. Nach den bisherigen Erkenntnissen kam der Fahrer eines wei&szlig;en Tiguan mutma&szlig;lich aufgrund einer medizinischen Ursache ...<br clear=\"all\" \/>  <\/p>\n  <div><span class=\"my_article_details\"><time datetime=\"2026-04-02\">02.04.2026<\/time> &middot; <a href=\"\/news\/rodgau-aktuell\" title=\"Rodgau heute aktuell\">Rodgau<\/a> &middot; <a href=\"\/news\/unfaelle-offenbach-am-main\" title=\"Unf\u00e4lle Offenbach am Main\">Unfall<\/a> &middot; <\/span><a href=\"https:\/\/www.rheinmainverlag.de\/2026\/04\/02\/zwei-verletzte-personen-bei-frontalzusammenstoss-in-rodgau\/?utm_source=rss&utm_medium=rss&utm_campaign=zwei-verletzte-personen-bei-frontalzusammenstoss-in-rodgau\" title=\"Link zum Artikel auf rheinmainverlag.de\" target=\"_blank\">rheinmainverlag.de<\/a><\/div>\n  <b><\/b>\n <\/div>\n <\/article>\n<\/div>\n<div class=\"post\" style=\"margin-bottom:40px;\">\n <article>\n <h2><a name=\"317ebdd1\" href=\"https:\/\/www.hessenschau.de\/panorama\/unfall-bei-dietzenbach-tote-und-schwerverletzte-bei-kollision-von-bus-mit-auto-v2,unfall-tot-dietzenbach-100.html\" rel=\"bookmark\" style=\"color:#333333; font-weight:bold;\" title=\"Link zum Artikel auf hessenschau.de\" target=\"_blank\">Unfall bei Dietzenbach: Tote und Schwerverletzte bei Kollision von Bus mit Auto<\/a><\/h2>\n <div class=\"entry\">\n  <p style=\"margin-bottom:4px;\">\n   <a href=\"https:\/\/www.hessenschau.de\/panorama\/unfall-bei-dietzenbach-tote-und-schwerverletzte-bei-kollision-von-bus-mit-auto-v2,unfall-tot-dietzenbach-100.html\" target=\"_blank\"><img decoding=\"async\" src=\"https:\/\/www.hessenschau.de\/panorama\/unfall-bus-114~_t-1775037726795_v-16to9.jpg\" style=\"align:left !important; float:left !important; margin-top:4px !important; margin-right:8px !important; margin-bottom:4px !important; width:90px !important;\" \/><\/a>   Bei der Kollision eines Linienbusses mit einem Auto bei Dietzenbach ist eine 26 Jahre alte Insassin des Busses gestorben. Mindestens sieben weitere Menschen wurden teils schwer verletzt. Eine Autofahrerin war mit ihrem Wagen in den Gegenverkehr gefahren. ...<br clear=\"all\" \/>  <\/p>\n  <div><span class=\"my_article_details\"><time datetime=\"2026-04-01\">01.04.2026<\/time> &middot; <a href=\"\/news\/dietzenbach-aktuell\" title=\"Dietzenbach heute aktuell\">Dietzenbach<\/a> &middot; <a href=\"\/news\/unfaelle-offenbach-am-main\" title=\"Unf\u00e4lle Offenbach am Main\">Unfall<\/a> &middot; <\/span><a href=\"https:\/\/www.hessenschau.de\/panorama\/unfall-bei-dietzenbach-tote-und-schwerverletzte-bei-kollision-von-bus-mit-auto-v2,unfall-tot-dietzenbach-100.html\" title=\"Link zum Artikel auf hessenschau.de\" target=\"_blank\">hessenschau.de<\/a><\/div>\n  <b><\/b>\n <\/div>\n <\/article>\n<\/div>\n<div class=\"post\" style=\"margin-bottom:40px;\">\n <article>\n <h2><a name=\"5c6d8b18\" href=\"https:\/\/www.faz.net\/aktuell\/rhein-main\/region-und-hessen\/eine-tote-bei-kollision-von-auto-und-bus-bei-dietzenbach-accg-200692953.html\" rel=\"bookmark\" style=\"color:#333333; font-weight:bold;\" title=\"Link zum Artikel auf faz.net\" target=\"_blank\">Auto kollidiert mit Linienbus<\/a><\/h2>\n <div class=\"entry\">\n  <p style=\"margin-bottom:4px;\">\n   <a href=\"https:\/\/www.faz.net\/aktuell\/rhein-main\/region-und-hessen\/eine-tote-bei-kollision-von-auto-und-bus-bei-dietzenbach-accg-200692953.html\" target=\"_blank\"><img decoding=\"async\" src=\"\/feeds\/gfx\/faz.net.png\" style=\"align:left !important; float:left !important; margin-top:4px !important; margin-right:8px !important; margin-bottom:4px !important; width:90px !important;\" \/><\/a>   Auf der B459 bei Dietzenbach ist ein Auto mit einem Linienbus zusammengesto&szlig;en. Eine Insassin des Busses ist bei dem Unfall ums Leben gekommen.<br clear=\"all\" \/>  <\/p>\n  <div><span class=\"my_article_details\"><time datetime=\"2026-04-01\">01.04.2026<\/time> &middot; <a href=\"\/news\/dietzenbach-aktuell\" title=\"Dietzenbach heute aktuell\">Dietzenbach<\/a> &middot; <a href=\"\/news\/unfaelle-offenbach-am-main\" title=\"Unf\u00e4lle Offenbach am Main\">Unfall<\/a> &middot; <\/span><a href=\"https:\/\/www.faz.net\/aktuell\/rhein-main\/region-und-hessen\/eine-tote-bei-kollision-von-auto-und-bus-bei-dietzenbach-accg-200692953.html\" title=\"Link zum Artikel auf faz.net\" target=\"_blank\">faz.net<\/a><\/div>\n  <b><\/b>\n <\/div>\n <\/article>\n<\/div>\n<div class=\"post\" style=\"margin-bottom:40px;\">\n <article>\n <h2><a name=\"2454b811\" href=\"https:\/\/www.fr.de\/rhein-main\/offenbach\/auto-und-linienbus-krachen-zusammen-b459-im-kreis-offenbach-dicht-94244893.html\" rel=\"bookmark\" style=\"color:#333333; font-weight:bold;\" title=\"Link zum Artikel auf fr.de\" target=\"_blank\">Auto und Linienbus krachen zusammen: Passagierin stirbt \u2013 B459 im Kreis Offenbach dicht<\/a><\/h2>\n <div class=\"entry\">\n  <p style=\"margin-bottom:4px;\">\n   <a href=\"https:\/\/www.fr.de\/rhein-main\/offenbach\/auto-und-linienbus-krachen-zusammen-b459-im-kreis-offenbach-dicht-94244893.html\" target=\"_blank\"><img decoding=\"async\" src=\"https:\/\/www.fr.de\/assets\/images\/42\/81\/42081180-der-verunfallte-linienbus-1x01.jpg\" style=\"align:left !important; float:left !important; margin-top:4px !important; margin-right:8px !important; margin-bottom:4px !important; width:90px !important;\" \/><\/a>   Auf der B459 zwischen Gravenbruch und Dietzenbach geht am Mittwochmorgen nichts mehr. Ein Auto kollidierte mit einem Linienbus. Der Unfall forderte ein Menschenleben.<br clear=\"all\" \/>  <\/p>\n  <div><span class=\"my_article_details\"><time datetime=\"2026-04-01\">01.04.2026<\/time> &middot; <a href=\"\/news\/dietzenbach-aktuell\" title=\"Dietzenbach heute aktuell\">Dietzenbach<\/a> &middot; <a href=\"\/news\/offenbach-aktuell\" title=\"Offenbach heute aktuell\">Offenbach<\/a> &middot; <a href=\"\/news\/unfaelle-offenbach-am-main\" title=\"Unf\u00e4lle Offenbach am Main\">Unfall<\/a> &middot; <\/span><a href=\"https:\/\/www.fr.de\/rhein-main\/offenbach\/auto-und-linienbus-krachen-zusammen-b459-im-kreis-offenbach-dicht-94244893.html\" title=\"Link zum Artikel auf fr.de\" target=\"_blank\">fr.de<\/a><\/div>\n  <b><\/b>\n <\/div>\n <\/article>\n<\/div>\n<div class=\"post\" style=\"margin-bottom:40px;\">\n <article>\n <h2><a name=\"8477fd56\" href=\"https:\/\/www.rheinmainverlag.de\/2026\/04\/01\/nach-verkehrsunfall-bundesstrasse-459-zwischen-gravenbruch-und-dietzenbach-derzeit-gesperrt\/?utm_source=rss&utm_medium=rss&utm_campaign=nach-verkehrsunfall-bundesstrasse-459-zwischen-gravenbruch-und-dietzenbach-derzeit-gesperrt\" rel=\"bookmark\" style=\"color:#333333; font-weight:bold;\" title=\"Link zum Artikel auf rheinmainverlag.de\" target=\"_blank\">Nach Verkehrsunfall: Bundesstra\u00dfe 459 zwischen Gravenbruch und Dietzenbach derzeit gesperrt<\/a><\/h2>\n <div class=\"entry\">\n  <p style=\"margin-bottom:4px;\">\n   <a href=\"https:\/\/www.rheinmainverlag.de\/2026\/04\/01\/nach-verkehrsunfall-bundesstrasse-459-zwischen-gravenbruch-und-dietzenbach-derzeit-gesperrt\/?utm_source=rss&utm_medium=rss&utm_campaign=nach-verkehrsunfall-bundesstrasse-459-zwischen-gravenbruch-und-dietzenbach-derzeit-gesperrt\" target=\"_blank\"><img decoding=\"async\" src=\"\/feeds\/gfx\/rheinmainverlag.de.png\" style=\"align:left !important; float:left !important; margin-top:4px !important; margin-right:8px !important; margin-bottom:4px !important; width:90px !important;\" \/><\/a>   Update: Bei dem am Mittwochmorgen geschehenen Verkehrsunfall auf der Bundesstra&szlig;e 459 zwischen Gravenbruch und Dietzenbach wurden mindestens sieben Personen verletzt. Eine Insassin des Busses erlitt derweil t&ouml;dliche Verletzungen. Nach den derzeitigen Erkenntnissen ...<br clear=\"all\" \/>  <\/p>\n  <div><span class=\"my_article_details\"><time datetime=\"2026-04-01\">01.04.2026<\/time> &middot; <a href=\"\/news\/dietzenbach-aktuell\" title=\"Dietzenbach heute aktuell\">Dietzenbach<\/a> &middot; <a href=\"\/news\/unfaelle-offenbach-am-main\" title=\"Unf\u00e4lle Offenbach am Main\">Unfall<\/a> &middot; <\/span><a href=\"https:\/\/www.rheinmainverlag.de\/2026\/04\/01\/nach-verkehrsunfall-bundesstrasse-459-zwischen-gravenbruch-und-dietzenbach-derzeit-gesperrt\/?utm_source=rss&utm_medium=rss&utm_campaign=nach-verkehrsunfall-bundesstrasse-459-zwischen-gravenbruch-und-dietzenbach-derzeit-gesperrt\" title=\"Link zum Artikel auf rheinmainverlag.de\" target=\"_blank\">rheinmainverlag.de<\/a><\/div>\n  <b><\/b>\n <\/div>\n <\/article>\n<\/div>\n<div class=\"post\" style=\"margin-bottom:40px;\">\n <article>\n <h2><a name=\"9f2b2be5\" href=\"https:\/\/www.presseportal.de\/blaulicht\/pm\/43561\/6247851\" rel=\"bookmark\" style=\"color:#333333; font-weight:bold;\" title=\"Link zum Artikel auf presseportal.de\" target=\"_blank\">POL-OF: Nach Zusammensto\u00df zwischen Audi und Linienbus: Gutachter zur Sachverhaltsaufkl\u00e4rung eingeschaltet<\/a><\/h2>\n <div class=\"entry\">\n  <p style=\"margin-bottom:4px;\">\n   <a href=\"https:\/\/www.presseportal.de\/blaulicht\/pm\/43561\/6247851\" target=\"_blank\"><img decoding=\"async\" src=\"\/feeds\/gfx\/POL-OF.jpg\" style=\"align:left !important; float:left !important; margin-top:4px !important; margin-right:8px !important; margin-bottom:4px !important; width:90px !important;\" \/><\/a>   Dietzenbach  (ots)      (me) Bei dem am Mittwochmorgen geschehenen Verkehrsunfall auf der Bundesstra\u00dfe 459 (wir berichteten:  https:\/\/www.presseportal.de\/blaulicht\/pm\/43561\/6247650 ) wurden mindestens sieben Personen verletzt. Eine Insassin des Busses erlitt ...<br clear=\"all\" \/>  <\/p>\n  <div><span class=\"my_article_details\"><time datetime=\"2026-04-01\">01.04.2026<\/time> &middot; <a href=\"\/news\/dietzenbach-aktuell\" title=\"Dietzenbach heute aktuell\">Dietzenbach<\/a> &middot; <a href=\"\/news\/polizeieinsaetze-offenbach-am-main\" title=\"Polizeieins\u00e4tze Offenbach am Main\">Polizei<\/a> &middot; <a href=\"\/news\/unfaelle-offenbach-am-main\" title=\"Unf\u00e4lle Offenbach am Main\">Unfall<\/a> &middot; <\/span><a href=\"https:\/\/www.presseportal.de\/blaulicht\/pm\/43561\/6247851\" title=\"Link zum Artikel auf presseportal.de\" target=\"_blank\">presseportal.de<\/a><\/div>\n  <b><\/b>\n <\/div>\n <\/article>\n<\/div>\n<div class=\"post\" style=\"margin-bottom:40px;\">\n <article>\n <h2><a name=\"89b91437\" href=\"https:\/\/www.presseportal.de\/blaulicht\/pm\/43561\/6248074\" rel=\"bookmark\" style=\"color:#333333; font-weight:bold;\" title=\"Link zum Artikel auf presseportal.de\" target=\"_blank\">Polizei Offenbach am Main: Pressemeldungen vom 01.04.2026<\/a><\/h2>\n <div class=\"entry\">\n  <p style=\"margin-bottom:4px;\">\n   <a href=\"https:\/\/www.presseportal.de\/blaulicht\/pm\/43561\/6248074\" target=\"_blank\"><img decoding=\"async\" src=\"\/feeds\/gfx\/POL-OF.jpg\" style=\"align:left !important; float:left !important; margin-top:4px !important; margin-right:8px !important; margin-bottom:4px !important; width:90px !important;\" \/><\/a>   ... <b>3. Zwei verletzte Personen bei Frontalzusammensto\u00df - Rodgau<\/b>   (me) Zwei verletzte Personen und Sachschaden von mehreren zehntausend Euro sind das Resultat eines Verkehrsunfalls am Dienstagnachmittag. Nach den bisherigen Erkenntnissen kam der Fahrer eines wei\u00dfen Tiguan mutma\u00dflich aufgrund einer medizinischen Ursache ...<br clear=\"all\" \/><\/p><p style=\"margin-top:8px; margin-bottom:4px;\"><a href=\"https:\/\/www.presseportal.de\/blaulicht\/pm\/43561\/6248074\" target=\"_blank\"><img decoding=\"async\" src=\"\/feeds\/gfx\/POL-OF.jpg\" style=\"align:left !important; float:left !important; margin-top:4px !important; margin-right:8px !important; margin-bottom:4px !important; width:90px !important;\" \/><\/a> ... <b>4. E-Scooterfahrerin bei Zusammensto\u00df mit Auto verletzt: Polizei sucht nach Zeugen - Neu-Isenburg<\/b>   (me) Eine jugendliche Fahrerin eines E-Scooters stie\u00df am Mittwoch (18. M\u00e4rz), kurz vor 8 Uhr, auf dem Weg zur Schule mit einem blauen Wagen zusammen und verletzte sich hierbei. Da der grauhaarige Fahrer des Autos mit OF-Kennzeichenschildern, der etwa 50 Jahre ...<br clear=\"all\" \/>  <\/p>\n  <div><span class=\"my_article_details\"><time datetime=\"2026-04-01\">01.04.2026<\/time> &middot; <a href=\"\/news\/heusenstamm-aktuell\" title=\"Heusenstamm heute aktuell\">Heusenstamm<\/a> &middot; <a href=\"\/news\/neu-isenburg-aktuell\" title=\"Neu-Isenburg heute aktuell\">Neu-Isenburg<\/a> &middot; <a href=\"\/news\/offenbach-aktuell\" title=\"Offenbach heute aktuell\">Offenbach<\/a> &middot; <a href=\"\/news\/polizeieinsaetze-offenbach-am-main\" title=\"Polizeieins\u00e4tze Offenbach am Main\">Polizei<\/a> &middot; <a href=\"\/news\/rodgau-aktuell\" title=\"Rodgau heute aktuell\">Rodgau<\/a> &middot; <a href=\"\/news\/unfaelle-offenbach-am-main\" title=\"Unf\u00e4lle Offenbach am Main\">Unfall<\/a> &middot; <\/span><a href=\"https:\/\/www.presseportal.de\/blaulicht\/pm\/43561\/6248074\" title=\"Link zum Artikel auf presseportal.de\" target=\"_blank\">presseportal.de<\/a><\/div>\n  <b><\/b>\n <\/div>\n <\/article>\n<\/div>\n<div class=\"post\" style=\"margin-bottom:40px;\">\n <article>\n <h2><a name=\"a0a60a81\" href=\"https:\/\/www.presseportal.de\/blaulicht\/pm\/43561\/6246419\" rel=\"bookmark\" style=\"color:#333333; font-weight:bold;\" title=\"Link zum Artikel auf presseportal.de\" target=\"_blank\">Polizei Offenbach am Main: Pressemeldungen vom 30.03.2026<\/a><\/h2>\n <div class=\"entry\">\n  <p style=\"margin-bottom:4px;\">\n   <a href=\"https:\/\/www.presseportal.de\/blaulicht\/pm\/43561\/6246419\" target=\"_blank\"><img decoding=\"async\" src=\"\/feeds\/gfx\/POL-OF.jpg\" style=\"align:left !important; float:left !important; margin-top:4px !important; margin-right:8px !important; margin-bottom:4px !important; width:90px !important;\" \/><\/a>   ... <b>5. Polizei sucht Zeugen nach Parkrempler - M\u00fchlheim am Main<\/b>   (me) Beamte der Polizeistation in M\u00fchlheim suchen weiterhin nach Zeugen eines Unfalls von Dienstag (17. M\u00e4rz) auf Mittwoch (18. M\u00e4rz). In der Zeit zwischen 22 Uhr und 7 Uhr besch\u00e4digte ein Unbekannter mutma\u00dflich beim Ein- oder Ausparken einen Mazda CX-3. ...<br clear=\"all\" \/><\/p><p style=\"margin-top:8px; margin-bottom:4px;\"><a href=\"https:\/\/www.presseportal.de\/blaulicht\/pm\/43561\/6246419\" target=\"_blank\"><img decoding=\"async\" src=\"\/feeds\/gfx\/POL-OF.jpg\" style=\"align:left !important; float:left !important; margin-top:4px !important; margin-right:8px !important; margin-bottom:4px !important; width:90px !important;\" \/><\/a> ... <b>6. Zeugensuche nach Unfallflucht in der Hanauer Stra\u00dfe - M\u00fchlheim am Main<\/b>   (fg) Auf rund 5.000 Euro wird der Schaden gesch\u00e4tzt, der am Samstag bei einer Unfallflucht in der Hanauer Stra\u00dfe (40er-Hausnummern) in Dietesheim entstand, weshalb die Polizei nun ermittelt und nach Zeugen sucht. Nach bisherigen Erkenntnissen streifte ein ...<br clear=\"all\" \/><\/p><p style=\"margin-top:8px; margin-bottom:4px;\"><a href=\"https:\/\/www.presseportal.de\/blaulicht\/pm\/43561\/6246419\" target=\"_blank\"><img decoding=\"async\" src=\"\/feeds\/gfx\/POL-OF.jpg\" style=\"align:left !important; float:left !important; margin-top:4px !important; margin-right:8px !important; margin-bottom:4px !important; width:90px !important;\" \/><\/a> ... <b>9. Audi A3 beim Vorbeifahren gestreift: Hinweise erbeten! - Dietzenbach<\/b>   (me) An einem in der Schillerstra\u00dfe (10er-Hausnummern) abgestellten Wagen entstand zwischen Donnerstag, 19 Uhr und Samstag, 10.30 Uhr, ein Schaden von rund 1.500 Euro. Offenbar befuhr in dieser Zeit ein bis dato noch unbekannter Wagenlenker die Schillerstra\u00dfe ...<br clear=\"all\" \/>  <\/p>\n  <div><span class=\"my_article_details\"><time datetime=\"2026-03-30\">30.03.2026<\/time> &middot; <a href=\"\/news\/dietzenbach-aktuell\" title=\"Dietzenbach heute aktuell\">Dietzenbach<\/a> &middot; <a href=\"\/news\/muehlheim-aktuell\" title=\"M\u00fchlheim heute aktuell\">M\u00fchlheim<\/a> &middot; <a href=\"\/news\/polizeieinsaetze-offenbach-am-main\" title=\"Polizeieins\u00e4tze Offenbach am Main\">Polizei<\/a> &middot; <a href=\"\/news\/unfaelle-offenbach-am-main\" title=\"Unf\u00e4lle Offenbach am Main\">Unfall<\/a> &middot; <\/span><a href=\"https:\/\/www.presseportal.de\/blaulicht\/pm\/43561\/6246419\" title=\"Link zum Artikel auf presseportal.de\" target=\"_blank\">presseportal.de<\/a><\/div>\n  <b><\/b>\n <\/div>\n <\/article>\n<\/div>\n<div class=\"post\" style=\"margin-bottom:40px;\">\n <article>\n <h2><a name=\"2bca13f9\" href=\"https:\/\/www.presseportal.de\/blaulicht\/pm\/43561\/6245473\" rel=\"bookmark\" style=\"color:#333333; font-weight:bold;\" title=\"Link zum Artikel auf presseportal.de\" target=\"_blank\">POL-OF: Verfolgungsfahrt \u00e4hnlich einem Arcade Rennspiel: Flucht endet im Verkehrsunfall<\/a><\/h2>\n <div class=\"entry\">\n  <p style=\"margin-bottom:4px;\">\n   <a href=\"https:\/\/www.presseportal.de\/blaulicht\/pm\/43561\/6245473\" target=\"_blank\"><img decoding=\"async\" src=\"\/feeds\/gfx\/POL-OF.jpg\" style=\"align:left !important; float:left !important; margin-top:4px !important; margin-right:8px !important; margin-bottom:4px !important; width:90px !important;\" \/><\/a>   Dreieich  (ots)      Am Samstagabend soll ein 78-j\u00e4hriger Mann versucht haben, sich einer Polizeikontrolle zu entziehen. Gegen 17.30 Uhr hatte eine Streifenwagenbesatzung einen blauen Mini Cooper (Cabrio) auf der Eisenbahnstra\u00dfe in Sprendlingen bemerkt und ...<br clear=\"all\" \/>  <\/p>\n  <div><span class=\"my_article_details\"><time datetime=\"2026-03-29\">29.03.2026<\/time> &middot; <a href=\"\/news\/dreieich-aktuell\" title=\"Dreieich heute aktuell\">Dreieich<\/a> &middot; <a href=\"\/news\/neu-isenburg-aktuell\" title=\"Neu-Isenburg heute aktuell\">Neu-Isenburg<\/a> &middot; <a href=\"\/news\/polizeieinsaetze-offenbach-am-main\" title=\"Polizeieins\u00e4tze Offenbach am Main\">Polizei<\/a> &middot; <a href=\"\/news\/unfaelle-offenbach-am-main\" title=\"Unf\u00e4lle Offenbach am Main\">Unfall<\/a> &middot; <\/span><a href=\"https:\/\/www.presseportal.de\/blaulicht\/pm\/43561\/6245473\" title=\"Link zum Artikel auf presseportal.de\" target=\"_blank\">presseportal.de<\/a><\/div>\n  <b><\/b>\n <\/div>\n <\/article>\n<\/div>\n<div class=\"post\" style=\"margin-bottom:40px;\">\n <article>\n <h2><a name=\"22468f46\" href=\"https:\/\/www.faz.net\/aktuell\/rhein-main\/region-und-hessen\/rodgau-auto-prallt-gegen-baum-zwei-jugendliche-schwer-verletzt-accg-200681436.html\" rel=\"bookmark\" style=\"color:#333333; font-weight:bold;\" title=\"Link zum Artikel auf faz.net\" target=\"_blank\">Zwei Jugendliche nach Verkehrsunfall schwer verletzt<\/a><\/h2>\n <div class=\"entry\">\n  <p style=\"margin-bottom:4px;\">\n   <a href=\"https:\/\/www.faz.net\/aktuell\/rhein-main\/region-und-hessen\/rodgau-auto-prallt-gegen-baum-zwei-jugendliche-schwer-verletzt-accg-200681436.html\" target=\"_blank\"><img decoding=\"async\" src=\"\/feeds\/gfx\/faz.net.png\" style=\"align:left !important; float:left !important; margin-top:4px !important; margin-right:8px !important; margin-bottom:4px !important; width:90px !important;\" \/><\/a>   Ein Siebzehnj&auml;hriger und sein Beifahrer erleiden bei einem Unfall in Rodgau schwere Verletzungen. Beim Fahrer wird sp&auml;ter ein Atemalkoholwert von 1,1 Promille festgestellt.<br clear=\"all\" \/>  <\/p>\n  <div><span class=\"my_article_details\"><time datetime=\"2026-03-28\">28.03.2026<\/time> &middot; <a href=\"\/news\/rodgau-aktuell\" title=\"Rodgau heute aktuell\">Rodgau<\/a> &middot; <a href=\"\/news\/unfaelle-offenbach-am-main\" title=\"Unf\u00e4lle Offenbach am Main\">Unfall<\/a> &middot; <\/span><a href=\"https:\/\/www.faz.net\/aktuell\/rhein-main\/region-und-hessen\/rodgau-auto-prallt-gegen-baum-zwei-jugendliche-schwer-verletzt-accg-200681436.html\" title=\"Link zum Artikel auf faz.net\" target=\"_blank\">faz.net<\/a><\/div>\n  <b><\/b>\n <\/div>\n <\/article>\n<\/div>\n<div class=\"post\" style=\"margin-bottom:40px;\">\n <article>\n <h2><a name=\"59c0f754\" href=\"https:\/\/www.fr.de\/rhein-main\/offenbach\/toedlicher-zugunfall-in-suedhessen-bahnstrecke-gesperrt-zr-94237741.html\" rel=\"bookmark\" style=\"color:#333333; font-weight:bold;\" title=\"Link zum Artikel auf fr.de\" target=\"_blank\">T\u00f6dlicher Zugunfall in S\u00fcdhessen \u2013 Bahnstrecke stundenlang gesperrt<\/a><\/h2>\n <div class=\"entry\">\n  <p style=\"margin-bottom:4px;\">\n   <a href=\"https:\/\/www.fr.de\/rhein-main\/offenbach\/toedlicher-zugunfall-in-suedhessen-bahnstrecke-gesperrt-zr-94237741.html\" target=\"_blank\"><img decoding=\"async\" src=\"https:\/\/www.fr.de\/assets\/images\/42\/24\/42024882-grosseinsatz-in-dreieich-nach-einem-toedlichen-bahnunfall-1s01.jpg\" style=\"align:left !important; float:left !important; margin-top:4px !important; margin-right:8px !important; margin-bottom:4px !important; width:90px !important;\" \/><\/a>   Ein Zug erfasste einen 82-J&auml;hrigen an einem Bahn&uuml;bergang in Dreieich (Kreis Offenbach). Der Mann erlag noch an der Unfallstelle seinen schweren Verletzungen. Die Bahnstrecke wurde gesperrt.<br clear=\"all\" \/>  <\/p>\n  <div><span class=\"my_article_details\"><time datetime=\"2026-03-26\">26.03.2026<\/time> &middot; <a href=\"\/news\/dreieich-aktuell\" title=\"Dreieich heute aktuell\">Dreieich<\/a> &middot; <a href=\"\/news\/offenbach-aktuell\" title=\"Offenbach heute aktuell\">Offenbach<\/a> &middot; <a href=\"\/news\/unfaelle-offenbach-am-main\" title=\"Unf\u00e4lle Offenbach am Main\">Unfall<\/a> &middot; <\/span><a href=\"https:\/\/www.fr.de\/rhein-main\/offenbach\/toedlicher-zugunfall-in-suedhessen-bahnstrecke-gesperrt-zr-94237741.html\" title=\"Link zum Artikel auf fr.de\" target=\"_blank\">fr.de<\/a><\/div>\n  <b><\/b>\n <\/div>\n <\/article>\n<\/div>\n<div class=\"post\" style=\"margin-bottom:40px;\">\n <article>\n <h2><a name=\"2a3ca2e2\" href=\"https:\/\/www.op-online.de\/region\/rodgau\/mit-tempo-230-bewaehrungsstrafe-nach-toedlichem-auffahrunfall-94235401.html\" rel=\"bookmark\" style=\"color:#333333; font-weight:bold;\" title=\"Link zum Artikel auf op-online.de\" target=\"_blank\">Rodgau: Bew\u00e4hrung nach Tempo\u2011230\u2011Crash \u2013 ein Toter, Debatte um Tempolimit 100 neu entfacht<\/a><\/h2>\n <div class=\"entry\">\n  <p style=\"margin-bottom:4px;\">\n   <a href=\"https:\/\/www.op-online.de\/region\/rodgau\/mit-tempo-230-bewaehrungsstrafe-nach-toedlichem-auffahrunfall-94235401.html\" target=\"_blank\"><img decoding=\"async\" src=\"https:\/\/www.op-online.de\/assets\/images\/42\/1\/42001053-mit-tempo-230-hat-im-februar-2024-eine-damals-22-jaehrige-einen-schweren-unfall-verursacht-bei-dem-der-fahrer-einer-mercedes-klasse-starb-das-1Z01.jpg\" style=\"align:left !important; float:left !important; margin-top:4px !important; margin-right:8px !important; margin-bottom:4px !important; width:90px !important;\" \/><\/a>   Eine 24-J&auml;hrige raste auf der B 45 bei Dudenhofen in einen Mercedes. Der 67-j&auml;hrige Beifahrer starb an schwersten Verletzungen. Nun wurde sie zu einer Bew&auml;hrungsstrafe verurteilt.<br clear=\"all\" \/>  <\/p>\n  <div><span class=\"my_article_details\"><time datetime=\"2026-03-26\">26.03.2026<\/time> &middot; <a href=\"\/news\/rodgau-aktuell\" title=\"Rodgau heute aktuell\">Rodgau<\/a> &middot; <a href=\"\/news\/unfaelle-offenbach-am-main\" title=\"Unf\u00e4lle Offenbach am Main\">Unfall<\/a> &middot; <\/span><a href=\"https:\/\/www.op-online.de\/region\/rodgau\/mit-tempo-230-bewaehrungsstrafe-nach-toedlichem-auffahrunfall-94235401.html\" title=\"Link zum Artikel auf op-online.de\" target=\"_blank\">op-online.de<\/a><\/div>\n  <b><\/b>\n <\/div>\n <\/article>\n<\/div>\n<div class=\"post\" style=\"margin-bottom:40px;\">\n <article>\n <h2><a name=\"faf18a0a\" href=\"https:\/\/www.presseportal.de\/blaulicht\/pm\/43561\/6244122\" rel=\"bookmark\" style=\"color:#333333; font-weight:bold;\" title=\"Link zum Artikel auf presseportal.de\" target=\"_blank\">Polizei Offenbach am Main: Pressemeldungen vom 26.03.2026<\/a><\/h2>\n <div class=\"entry\">\n  <p style=\"margin-bottom:4px;\">\n   <a href=\"https:\/\/www.presseportal.de\/blaulicht\/pm\/43561\/6244122\" target=\"_blank\"><img decoding=\"async\" src=\"\/feeds\/gfx\/POL-OF.jpg\" style=\"align:left !important; float:left !important; margin-top:4px !important; margin-right:8px !important; margin-bottom:4px !important; width:90px !important;\" \/><\/a>   ... <b>2. Mann bei Zusammensto\u00df mit zwei Pkw leicht verletzt - Offenbach<\/b>     (me) Eine leicht verletzte Person und ein Sachschaden von etwa 10.000 Euro sind das Resultat eines Zusammensto\u00dfes von drei Fahrzeugen am Mittwochabend. Gegen 20.30 Uhr befuhr ein Smart-Lenker die Berliner Stra\u00dfe und kollidierte im Bereich der 250er-Hausnummern ...<br clear=\"all\" \/>  <\/p>\n  <div><span class=\"my_article_details\"><time datetime=\"2026-03-26\">26.03.2026<\/time> &middot; <a href=\"\/news\/offenbach-aktuell\" title=\"Offenbach heute aktuell\">Offenbach<\/a> &middot; <a href=\"\/news\/polizeieinsaetze-offenbach-am-main\" title=\"Polizeieins\u00e4tze Offenbach am Main\">Polizei<\/a> &middot; <a href=\"\/news\/unfaelle-offenbach-am-main\" title=\"Unf\u00e4lle Offenbach am Main\">Unfall<\/a> &middot; <\/span><a href=\"https:\/\/www.presseportal.de\/blaulicht\/pm\/43561\/6244122\" title=\"Link zum Artikel auf presseportal.de\" target=\"_blank\">presseportal.de<\/a><\/div>\n  <b><\/b>\n <\/div>\n <\/article>\n<\/div>\n<div class=\"post\" style=\"margin-bottom:40px;\">\n <article>\n <h2><a name=\"29a86b2a\" href=\"https:\/\/www.presseportal.de\/blaulicht\/pm\/43561\/6243322\" rel=\"bookmark\" style=\"color:#333333; font-weight:bold;\" title=\"Link zum Artikel auf presseportal.de\" target=\"_blank\">Polizei Offenbach am Main: Pressemeldungen vom 25.03.2026<\/a><\/h2>\n <div class=\"entry\">\n  <p style=\"margin-bottom:4px;\">\n   <a href=\"https:\/\/www.presseportal.de\/blaulicht\/pm\/43561\/6243322\" target=\"_blank\"><img decoding=\"async\" src=\"\/feeds\/gfx\/POL-OF.jpg\" style=\"align:left !important; float:left !important; margin-top:4px !important; margin-right:8px !important; margin-bottom:4px !important; width:90px !important;\" \/><\/a>   ... <b>10. Auto stie\u00df mit Motorrad zusammen: Zwei Personen verletzt - Dreieich<\/b>   (me) Am Dienstagmittag wurden zwei Personen bei der Kollision eines Opel und einer Piaggio verletzt. Gegen 13.20 Uhr beabsichtigte der Lenker eines Corsa von der Hainer Chausee in den Heckenweg abzubiegen und \u00fcbersah offenbar hierbei den ihm entgegenkommenden ...<br clear=\"all\" \/>  <\/p>\n  <div><span class=\"my_article_details\"><time datetime=\"2026-03-25\">25.03.2026<\/time> &middot; <a href=\"\/news\/dreieich-aktuell\" title=\"Dreieich heute aktuell\">Dreieich<\/a> &middot; <a href=\"\/news\/langen-aktuell\" title=\"Langen heute aktuell\">Langen<\/a> &middot; <a href=\"\/news\/polizeieinsaetze-offenbach-am-main\" title=\"Polizeieins\u00e4tze Offenbach am Main\">Polizei<\/a> &middot; <a href=\"\/news\/unfaelle-offenbach-am-main\" title=\"Unf\u00e4lle Offenbach am Main\">Unfall<\/a> &middot; <\/span><a href=\"https:\/\/www.presseportal.de\/blaulicht\/pm\/43561\/6243322\" title=\"Link zum Artikel auf presseportal.de\" target=\"_blank\">presseportal.de<\/a><\/div>\n  <b><\/b>\n <\/div>\n <\/article>\n<\/div>\n<div class=\"post\" style=\"margin-bottom:40px;\">\n <article>\n <h2><a name=\"2aed82a1\" href=\"https:\/\/www.presseportal.de\/blaulicht\/pm\/43561\/6242482\" rel=\"bookmark\" style=\"color:#333333; font-weight:bold;\" title=\"Link zum Artikel auf presseportal.de\" target=\"_blank\">Polizei Offenbach am Main: Pressemeldungen vom 24.03.2026<\/a><\/h2>\n <div class=\"entry\">\n  <p style=\"margin-bottom:4px;\">\n   <a href=\"https:\/\/www.presseportal.de\/blaulicht\/pm\/43561\/6242482\" target=\"_blank\"><img decoding=\"async\" src=\"\/feeds\/gfx\/POL-OF.jpg\" style=\"align:left !important; float:left !important; margin-top:4px !important; margin-right:8px !important; margin-bottom:4px !important; width:90px !important;\" \/><\/a>   ... <b>1. Radler stie\u00df mit Autofahrer zusammen und verletzt sich leicht - Offenbach<\/b>     (me) Ein jugendlicher Radfahrer verletzte sich am Montagabend bei der Kollision mit einem Seat leicht. Gegen 18.30 Uhr kam es zu dem Zusammensto\u00df zwischen dem grauen Cupra und dem Biker im Bereich der Offenbacher Stra\u00dfe \/ Sch\u00f6nbornstra\u00dfe. Scheinbar \u00fcbersah ...<br clear=\"all\" \/><\/p><p style=\"margin-top:8px; margin-bottom:4px;\"><a href=\"https:\/\/www.presseportal.de\/blaulicht\/pm\/43561\/6242482\" target=\"_blank\"><img decoding=\"async\" src=\"\/feeds\/gfx\/POL-OF.jpg\" style=\"align:left !important; float:left !important; margin-top:4px !important; margin-right:8px !important; margin-bottom:4px !important; width:90px !important;\" \/><\/a> ... <b>2. Bei Verkehrsunfall: Drei Insassen in Linienbus verletzt - Offenbach<\/b>     (me) Am Montagmorgen verletzten sich drei Insassen eines \u00f6ffentlichen Verkehrsmittels aufgrund einer Gefahrenbremsung. Grund f\u00fcr den Bremsvorgang, zu dem es im Bereich der Berliner Stra\u00dfe \/ Waldstra\u00dfe kam, war das pl\u00f6tzliche \u00dcberqueren der Fahrbahn durch ...<br clear=\"all\" \/><\/p><p style=\"margin-top:8px; margin-bottom:4px;\"><a href=\"https:\/\/www.presseportal.de\/blaulicht\/pm\/43561\/6242482\" target=\"_blank\"><img decoding=\"async\" src=\"\/feeds\/gfx\/POL-OF.jpg\" style=\"align:left !important; float:left !important; margin-top:4px !important; margin-right:8px !important; margin-bottom:4px !important; width:90px !important;\" \/><\/a> ... <b>5. Beim Einparken zusammengesto\u00dfen und gefl\u00fcchtet - Neu-Isenburg<\/b>     (me) Die Beamten der Polizeistation in Neu-Isenburg sind weiterhin auf der Suche nach Zeugen eines Zusammensto\u00dfes vom 12. M\u00e4rz. Gegen 8.15 Uhr wollte der Fahrer eines Seat auf der Siemensstra\u00dfe (10er-Hausnummern) einparken und wurde hierbei durch einen ...<br clear=\"all\" \/><\/p><p style=\"margin-top:8px; margin-bottom:4px;\"><a href=\"https:\/\/www.presseportal.de\/blaulicht\/pm\/43561\/6242482\" target=\"_blank\"><img decoding=\"async\" src=\"\/feeds\/gfx\/POL-OF.jpg\" style=\"align:left !important; float:left !important; margin-top:4px !important; margin-right:8px !important; margin-bottom:4px !important; width:90px !important;\" \/><\/a> ... <b>6. Mutma\u00dflich betrunken in andere Wagen gekracht: Unfallverursacher musste Blutprobe abgeben - Dreieich<\/b>     (me) Ein 20 Jahre alter Wagenlenker musste in der Folge eines Verkehrsunfalls am fr\u00fchen Dienstagmorgen, bei dem er einen Schaden von rund 21.000 Euro anrichtete, die Ordnungsh\u00fcter mit auf die Wache begleiten. Nach den bisherigen Erkenntnissen befuhr der ...<br clear=\"all\" \/>  <\/p>\n  <div><span class=\"my_article_details\"><time datetime=\"2026-03-24\">24.03.2026<\/time> &middot; <a href=\"\/news\/dreieich-aktuell\" title=\"Dreieich heute aktuell\">Dreieich<\/a> &middot; <a href=\"\/news\/langen-aktuell\" title=\"Langen heute aktuell\">Langen<\/a> &middot; <a href=\"\/news\/neu-isenburg-aktuell\" title=\"Neu-Isenburg heute aktuell\">Neu-Isenburg<\/a> &middot; <a href=\"\/news\/offenbach-aktuell\" title=\"Offenbach heute aktuell\">Offenbach<\/a> &middot; <a href=\"\/news\/polizeieinsaetze-offenbach-am-main\" title=\"Polizeieins\u00e4tze Offenbach am Main\">Polizei<\/a> &middot; <a href=\"\/news\/unfaelle-offenbach-am-main\" title=\"Unf\u00e4lle Offenbach am Main\">Unfall<\/a> &middot; <\/span><a href=\"https:\/\/www.presseportal.de\/blaulicht\/pm\/43561\/6242482\" title=\"Link zum Artikel auf presseportal.de\" target=\"_blank\">presseportal.de<\/a><\/div>\n  <b><\/b>\n <\/div>\n <\/article>\n<\/div>\n<div class=\"post\" style=\"margin-bottom:40px;\">\n <article>\n <h2><a name=\"9752e037\" href=\"https:\/\/www.presseportal.de\/blaulicht\/pm\/43561\/6241679\" rel=\"bookmark\" style=\"color:#333333; font-weight:bold;\" title=\"Link zum Artikel auf presseportal.de\" target=\"_blank\">Polizei Offenbach am Main: Pressemeldungen vom 23.03.2026<\/a><\/h2>\n <div class=\"entry\">\n  <p style=\"margin-bottom:4px;\">\n   <a href=\"https:\/\/www.presseportal.de\/blaulicht\/pm\/43561\/6241679\" target=\"_blank\"><img decoding=\"async\" src=\"\/feeds\/gfx\/POL-OF.jpg\" style=\"align:left !important; float:left !important; margin-top:4px !important; margin-right:8px !important; margin-bottom:4px !important; width:90px !important;\" \/><\/a>   ... <b>4. Roter Unfallwagen gesucht: Hinweise erbeten - Offenbach<\/b>   (me) Zwischen Donnerstag und Freitag richtete ein fl\u00fcchtiger Unfallverursacher einen Schaden von rund 16.000 Euro an einem schwarzen Mercedes an. Aufgrund der Spurenlage geht die Polizei davon aus, dass der unbekannte Wagenlenker beim Ein- oder Ausparken ...<br clear=\"all\" \/><\/p><p style=\"margin-top:8px; margin-bottom:4px;\"><a href=\"https:\/\/www.presseportal.de\/blaulicht\/pm\/43561\/6241679\" target=\"_blank\"><img decoding=\"async\" src=\"\/feeds\/gfx\/POL-OF.jpg\" style=\"align:left !important; float:left !important; margin-top:4px !important; margin-right:8px !important; margin-bottom:4px !important; width:90px !important;\" \/><\/a> ... <b>7. Zeugen gesucht: Schwarzer BMW abgedr\u00e4ngt und zwei Personen verletzt - Autobahn 661 Neu-Isenburg \/ Dreieich<\/b>   (cb) Nachdem ein bislang unbekannter Unfallverursacher am Sonntagnachmittag durch seine Fahrweise einen schwarzen BMW auf der BAB 661 in Fahrtrichtung Darmstadt abgedr\u00e4ngt hatte und anschlie\u00dfend fl\u00fcchtete, suchen die Beamten Zeugen der Unfallflucht. Nach ...<br clear=\"all\" \/>  <\/p>\n  <div><span class=\"my_article_details\"><time datetime=\"2026-03-23\">23.03.2026<\/time> &middot; <a href=\"\/news\/dreieich-aktuell\" title=\"Dreieich heute aktuell\">Dreieich<\/a> &middot; <a href=\"\/news\/neu-isenburg-aktuell\" title=\"Neu-Isenburg heute aktuell\">Neu-Isenburg<\/a> &middot; <a href=\"\/news\/offenbach-aktuell\" title=\"Offenbach heute aktuell\">Offenbach<\/a> &middot; <a href=\"\/news\/polizeieinsaetze-offenbach-am-main\" title=\"Polizeieins\u00e4tze Offenbach am Main\">Polizei<\/a> &middot; <a href=\"\/news\/unfaelle-offenbach-am-main\" title=\"Unf\u00e4lle Offenbach am Main\">Unfall<\/a> &middot; <\/span><a href=\"https:\/\/www.presseportal.de\/blaulicht\/pm\/43561\/6241679\" title=\"Link zum Artikel auf presseportal.de\" target=\"_blank\">presseportal.de<\/a><\/div>\n  <b><\/b>\n <\/div>\n <\/article>\n<\/div>\n<div class=\"post\" style=\"margin-bottom:40px;\">\n <article>\n <h2><a name=\"dda1cd64\" href=\"https:\/\/www.op-online.de\/offenbach\/in-offenbach-mit-ueber-100-km-durch-die-50er-zone-polizei-stoppt-tempo-wahnsinn-94229000.html\" rel=\"bookmark\" style=\"color:#333333; font-weight:bold;\" title=\"Link zum Artikel auf op-online.de\" target=\"_blank\">Mit \u00fcber 100 km\/h durch die 50er-Zone: Polizei stoppt Tempo-Wahnsinn auf der M\u00fchlheimer Stra\u00dfe<\/a><\/h2>\n <div class=\"entry\">\n  <p style=\"margin-bottom:4px;\">\n   <a href=\"https:\/\/www.op-online.de\/offenbach\/in-offenbach-mit-ueber-100-km-durch-die-50er-zone-polizei-stoppt-tempo-wahnsinn-94229000.html\" target=\"_blank\"><img decoding=\"async\" src=\"https:\/\/www.op-online.de\/assets\/images\/41\/953\/41953528-immer-wieder-sind-autofahrer-auf-der-muehlheimer-strasse-in-offenbach-zu-schnell-unterwegs-die-polizei-kontrolliert-verstaerkt-symbolbild-2601.jpg\" style=\"align:left !important; float:left !important; margin-top:4px !important; margin-right:8px !important; margin-bottom:4px !important; width:90px !important;\" \/><\/a>   Seit dem tragischen Unfall mit drei Toten im vergangenen Jahr wird auf der M&uuml;hlheimer Stra&szlig;e in Offenbach verst&auml;rkt kontrolliert. Die Polizei stellte k&uuml;rzlich in nur einer Nacht zahlreiche Verst&ouml;&szlig;e fest.<br clear=\"all\" \/>  <\/p>\n  <div><span class=\"my_article_details\"><time datetime=\"2026-03-21\">21.03.2026<\/time> &middot; <a href=\"\/news\/muehlheim-aktuell\" title=\"M\u00fchlheim heute aktuell\">M\u00fchlheim<\/a> &middot; <a href=\"\/news\/offenbach-aktuell\" title=\"Offenbach heute aktuell\">Offenbach<\/a> &middot; <a href=\"\/news\/polizeieinsaetze-offenbach-am-main\" title=\"Polizeieins\u00e4tze Offenbach am Main\">Polizei<\/a> &middot; <a href=\"\/news\/unfaelle-offenbach-am-main\" title=\"Unf\u00e4lle Offenbach am Main\">Unfall<\/a> &middot; <\/span><a href=\"https:\/\/www.op-online.de\/offenbach\/in-offenbach-mit-ueber-100-km-durch-die-50er-zone-polizei-stoppt-tempo-wahnsinn-94229000.html\" title=\"Link zum Artikel auf op-online.de\" target=\"_blank\">op-online.de<\/a><\/div>\n  <b><\/b>\n <\/div>\n <\/article>\n<\/div>\n<div class=\"post\" style=\"margin-bottom:40px;\">\n <article>\n <h2><a name=\"58da09bf\" href=\"https:\/\/www.presseportal.de\/blaulicht\/pm\/43561\/6239948\" rel=\"bookmark\" style=\"color:#333333; font-weight:bold;\" title=\"Link zum Artikel auf presseportal.de\" target=\"_blank\">Polizei Offenbach am Main: Pressemeldungen vom 20.03.2026<\/a><\/h2>\n <div class=\"entry\">\n  <p style=\"margin-bottom:4px;\">\n   <a href=\"https:\/\/www.presseportal.de\/blaulicht\/pm\/43561\/6239948\" target=\"_blank\"><img decoding=\"async\" src=\"\/feeds\/gfx\/POL-OF.jpg\" style=\"align:left !important; float:left !important; margin-top:4px !important; margin-right:8px !important; margin-bottom:4px !important; width:90px !important;\" \/><\/a>   ... <b>2. Zeugensuche nach Zusammensto\u00df beim Einparken - Offenbach<\/b>   (me) Die Gesetzesh\u00fcter des Polizeireviers in Offenbach sind auf der Suche nach Zeugen eines Zusammensto\u00dfes, der sich am Mittwoch auf dem Parkplatz eines Einkaufsmarktes in der Sprendlinger Landstra\u00dfe (140er-Hausnummern) ereignet haben soll. Gegen 11.30 Uhr ...<br clear=\"all\" \/>  <\/p>\n  <div><span class=\"my_article_details\"><time datetime=\"2026-03-20\">20.03.2026<\/time> &middot; <a href=\"\/news\/muehlheim-aktuell\" title=\"M\u00fchlheim heute aktuell\">M\u00fchlheim<\/a> &middot; <a href=\"\/news\/offenbach-aktuell\" title=\"Offenbach heute aktuell\">Offenbach<\/a> &middot; <a href=\"\/news\/polizeieinsaetze-offenbach-am-main\" title=\"Polizeieins\u00e4tze Offenbach am Main\">Polizei<\/a> &middot; <a href=\"\/news\/unfaelle-offenbach-am-main\" title=\"Unf\u00e4lle Offenbach am Main\">Unfall<\/a> &middot; <\/span><a href=\"https:\/\/www.presseportal.de\/blaulicht\/pm\/43561\/6239948\" title=\"Link zum Artikel auf presseportal.de\" target=\"_blank\">presseportal.de<\/a><\/div>\n  <b><\/b>\n <\/div>\n <\/article>\n<\/div>\n<div class=\"post\" style=\"margin-bottom:40px;\">\n <article>\n <h2><a name=\"51630f6d\" href=\"https:\/\/www.presseportal.de\/blaulicht\/pm\/43561\/6240328\" rel=\"bookmark\" style=\"color:#333333; font-weight:bold;\" title=\"Link zum Artikel auf presseportal.de\" target=\"_blank\">POL-OF: Kontrollen auf der M\u00fchlheimer Stra\u00dfe: Polizei stellt zahlreiche Geschwindigkeitsverst\u00f6\u00dfe fest<\/a><\/h2>\n <div class=\"entry\">\n  <p style=\"margin-bottom:4px;\">\n   <a href=\"https:\/\/www.presseportal.de\/blaulicht\/pm\/43561\/6240328\" target=\"_blank\"><img decoding=\"async\" src=\"\/feeds\/gfx\/POL-OF.jpg\" style=\"align:left !important; float:left !important; margin-top:4px !important; margin-right:8px !important; margin-bottom:4px !important; width:90px !important;\" \/><\/a>   (lei) Bei n\u00e4chtlichen Geschwindigkeitskontrollen auf der M\u00fchlheimer Stra\u00dfe hat die Polizei zahlreiche Verst\u00f6\u00dfe festgestellt. Einsatzkr\u00e4fte der Verkehrsinspektion \u00fcberwachten dort in der Nacht zu Freitag f\u00fcr mehrere Stunden den Verkehr.  Ab 21.45 Uhr wurden ...<br clear=\"all\" \/>  <\/p>\n  <div><span class=\"my_article_details\"><time datetime=\"2026-03-20\">20.03.2026<\/time> &middot; <a href=\"\/news\/muehlheim-aktuell\" title=\"M\u00fchlheim heute aktuell\">M\u00fchlheim<\/a> &middot; <a href=\"\/news\/polizeieinsaetze-offenbach-am-main\" title=\"Polizeieins\u00e4tze Offenbach am Main\">Polizei<\/a> &middot; <a href=\"\/news\/unfaelle-offenbach-am-main\" title=\"Unf\u00e4lle Offenbach am Main\">Unfall<\/a> &middot; <\/span><a href=\"https:\/\/www.presseportal.de\/blaulicht\/pm\/43561\/6240328\" title=\"Link zum Artikel auf presseportal.de\" target=\"_blank\">presseportal.de<\/a><\/div>\n  <b><\/b>\n <\/div>\n <\/article>\n<\/div>\n<div class=\"post\" style=\"margin-bottom:40px;\">\n <article>\n <h2><a name=\"4fb08f20\" href=\"https:\/\/www.presseportal.de\/blaulicht\/pm\/43561\/6239258\" rel=\"bookmark\" style=\"color:#333333; font-weight:bold;\" title=\"Link zum Artikel auf presseportal.de\" target=\"_blank\">Polizei Offenbach am Main: Pressemeldungen vom 19.03.2026<\/a><\/h2>\n <div class=\"entry\">\n  <p style=\"margin-bottom:4px;\">\n   <a href=\"https:\/\/www.presseportal.de\/blaulicht\/pm\/43561\/6239258\" target=\"_blank\"><img decoding=\"async\" src=\"\/feeds\/gfx\/POL-OF.jpg\" style=\"align:left !important; float:left !important; margin-top:4px !important; margin-right:8px !important; margin-bottom:4px !important; width:90px !important;\" \/><\/a>   ... <b>1. Zwei verletzte Personen und hoher Sachschaden nach Unfall im Kreuzungsbereich - Offenbach<\/b>   (cb) Zwei verletzte Personen und knapp 150.000 Euro Schaden vermeldete die Polizei, nachdem es am Mittwochabend zu einem Zusammensto\u00df zweier Fahrzeuge im Kreuzungsbereich Waldstra\u00dfe\/Spessartring kam. Gegen 22.35 Uhr beabsichtigte der 38-j\u00e4hrige Fahrer eines ...<br clear=\"all\" \/><\/p><p style=\"margin-top:8px; margin-bottom:4px;\"><a href=\"https:\/\/www.presseportal.de\/blaulicht\/pm\/43561\/6239258\" target=\"_blank\"><img decoding=\"async\" src=\"\/feeds\/gfx\/POL-OF.jpg\" style=\"align:left !important; float:left !important; margin-top:4px !important; margin-right:8px !important; margin-bottom:4px !important; width:90px !important;\" \/><\/a> ... <b>2. Kradfahrer fl\u00fcchtete verletzt von Unfallstelle: Zeugen des Zusammensto\u00dfes gesucht - Offenbach<\/b>   (me) Die Polizei aus Offenbach ermittelt derzeit gegen einen 56 Jahre alten Mann, nachdem dieser sich nach einem Zusammensto\u00df mit einem anderen Wagen am Donnerstagmorgen von der Unfallstelle entfernt haben soll. Nach den bisherigen Erkenntnissen fuhren eine ...<br clear=\"all\" \/><\/p><p style=\"margin-top:8px; margin-bottom:4px;\"><a href=\"https:\/\/www.presseportal.de\/blaulicht\/pm\/43561\/6239258\" target=\"_blank\"><img decoding=\"async\" src=\"\/feeds\/gfx\/POL-OF.jpg\" style=\"align:left !important; float:left !important; margin-top:4px !important; margin-right:8px !important; margin-bottom:4px !important; width:90px !important;\" \/><\/a> ... <b>5. Zeugensuche nach Parkrempler - Dietzenbach<\/b>   (me) Auf dem Parkplatz eines Einkaufsmarktes im Bereich der einstelligen Hausnummern des Masayaplatz kam es am Montagnachmittag zu einem Verkehrsunfall inklusive anschlie\u00dfender Flucht des Verursachers. Die Beamten der Polizeistation in Dietzenbach suchen ...<br clear=\"all\" \/>  <\/p>\n  <div><span class=\"my_article_details\"><time datetime=\"2026-03-19\">19.03.2026<\/time> &middot; <a href=\"\/news\/dietzenbach-aktuell\" title=\"Dietzenbach heute aktuell\">Dietzenbach<\/a> &middot; <a href=\"\/news\/offenbach-aktuell\" title=\"Offenbach heute aktuell\">Offenbach<\/a> &middot; <a href=\"\/news\/polizeieinsaetze-offenbach-am-main\" title=\"Polizeieins\u00e4tze Offenbach am Main\">Polizei<\/a> &middot; <a href=\"\/news\/unfaelle-offenbach-am-main\" title=\"Unf\u00e4lle Offenbach am Main\">Unfall<\/a> &middot; <\/span><a href=\"https:\/\/www.presseportal.de\/blaulicht\/pm\/43561\/6239258\" title=\"Link zum Artikel auf presseportal.de\" target=\"_blank\">presseportal.de<\/a><\/div>\n  <b><\/b>\n <\/div>\n <\/article>\n<\/div>\n<div class=\"post\" style=\"margin-bottom:40px;\">\n <article>\n <h2><a name=\"127753c4\" href=\"https:\/\/www.presseportal.de\/blaulicht\/pm\/43561\/6238411\" rel=\"bookmark\" style=\"color:#333333; font-weight:bold;\" title=\"Link zum Artikel auf presseportal.de\" target=\"_blank\">Polizei Offenbach am Main: Pressemeldungen vom 18.03.2026<\/a><\/h2>\n <div class=\"entry\">\n  <p style=\"margin-bottom:4px;\">\n   <a href=\"https:\/\/www.presseportal.de\/blaulicht\/pm\/43561\/6238411\" target=\"_blank\"><img decoding=\"async\" src=\"\/feeds\/gfx\/POL-OF.jpg\" style=\"align:left !important; float:left !important; margin-top:4px !important; margin-right:8px !important; margin-bottom:4px !important; width:90px !important;\" \/><\/a>   ... <b>3. Kind stie\u00df mit E-Scooter zusammen: Zeugensuche nach Verkehrsunfallflucht - Obertshausen<\/b>   (me) Ein M\u00e4dchen fuhr auf ihrem Fahrrad aus der Einfahrt eines Grundst\u00fccks in der Beethovenstra\u00dfe (30er-Hausnummern) heraus und kollidierte dort mit der Fahrerin eines E-Scooters: So geschehen am Dienstagnachmittag. Bei dem Zusammensto\u00df wurde die Neunj\u00e4hrige ...<br clear=\"all\" \/>  <\/p>\n  <div><span class=\"my_article_details\"><time datetime=\"2026-03-18\">18.03.2026<\/time> &middot; <a href=\"\/news\/heusenstamm-aktuell\" title=\"Heusenstamm heute aktuell\">Heusenstamm<\/a> &middot; <a href=\"\/news\/obertshausen-aktuell\" title=\"Obertshausen heute aktuell\">Obertshausen<\/a> &middot; <a href=\"\/news\/polizeieinsaetze-offenbach-am-main\" title=\"Polizeieins\u00e4tze Offenbach am Main\">Polizei<\/a> &middot; <a href=\"\/news\/unfaelle-offenbach-am-main\" title=\"Unf\u00e4lle Offenbach am Main\">Unfall<\/a> &middot; <\/span><a href=\"https:\/\/www.presseportal.de\/blaulicht\/pm\/43561\/6238411\" title=\"Link zum Artikel auf presseportal.de\" target=\"_blank\">presseportal.de<\/a><\/div>\n  <b><\/b>\n <\/div>\n <\/article>\n<\/div>\n<div class=\"post\" style=\"margin-bottom:40px;\">\n <article>\n <h2><a name=\"66f643fc\" href=\"https:\/\/www.op-online.de\/region\/heusenstamm\/runder-tisch-will-aufzeigen-wie-heusenstammer-kinder-alleine-sicher-zur-schule-kommen-94231835.html\" rel=\"bookmark\" style=\"color:#333333; font-weight:bold;\" title=\"Link zum Artikel auf op-online.de\" target=\"_blank\">\u201eRunder Tisch\u201c will aufzeigen, wie Heusenstammer Kinder alleine sicher zur Schule kommen<\/a><\/h2>\n <div class=\"entry\">\n  <p style=\"margin-bottom:4px;\">\n   <a href=\"https:\/\/www.op-online.de\/region\/heusenstamm\/runder-tisch-will-aufzeigen-wie-heusenstammer-kinder-alleine-sicher-zur-schule-kommen-94231835.html\" target=\"_blank\"><img decoding=\"async\" src=\"https:\/\/www.op-online.de\/assets\/images\/38\/568\/38568945-kinder-auf-schulweg-2u01.jpg\" style=\"align:left !important; float:left !important; margin-top:4px !important; margin-right:8px !important; margin-bottom:4px !important; width:90px !important;\" \/><\/a>   Der \u201eRunde Tisch Stadtmobilit&auml;t\u201c will Kinder ermutigen, selbstst&auml;ndig zur Schule zu gehen. Die Polizei ver&ouml;ffentlicht Zahlen zu Unf&auml;llen auf Schulwegen.<br clear=\"all\" \/>  <\/p>\n  <div><span class=\"my_article_details\"><time datetime=\"2026-03-18\">18.03.2026<\/time> &middot; <a href=\"\/news\/heusenstamm-aktuell\" title=\"Heusenstamm heute aktuell\">Heusenstamm<\/a> &middot; <a href=\"\/news\/polizeieinsaetze-offenbach-am-main\" title=\"Polizeieins\u00e4tze Offenbach am Main\">Polizei<\/a> &middot; <a href=\"\/news\/unfaelle-offenbach-am-main\" title=\"Unf\u00e4lle Offenbach am Main\">Unfall<\/a> &middot; <\/span><a href=\"https:\/\/www.op-online.de\/region\/heusenstamm\/runder-tisch-will-aufzeigen-wie-heusenstammer-kinder-alleine-sicher-zur-schule-kommen-94231835.html\" title=\"Link zum Artikel auf op-online.de\" target=\"_blank\">op-online.de<\/a><\/div>\n  <b><\/b>\n <\/div>\n <\/article>\n<\/div>\n<div class=\"post\" style=\"margin-bottom:40px;\">\n <article>\n <h2><a name=\"ffaf4ee7\" href=\"https:\/\/www.presseportal.de\/blaulicht\/pm\/43561\/6237458\" rel=\"bookmark\" style=\"color:#333333; font-weight:bold;\" title=\"Link zum Artikel auf presseportal.de\" target=\"_blank\">Polizei Offenbach am Main: Pressemeldungen vom 17.03.2026<\/a><\/h2>\n <div class=\"entry\">\n  <p style=\"margin-bottom:4px;\">\n   <a href=\"https:\/\/www.presseportal.de\/blaulicht\/pm\/43561\/6237458\" target=\"_blank\"><img decoding=\"async\" src=\"\/feeds\/gfx\/POL-OF.jpg\" style=\"align:left !important; float:left !important; margin-top:4px !important; margin-right:8px !important; margin-bottom:4px !important; width:90px !important;\" \/><\/a>   ... <b>2. Wer hat den grauen Mazda touchiert? - Neu-Isenburg<\/b>   (cb) Wer hat den grauen Mazda touchiert und ist dann gefl\u00fcchtet? Das fragen sich die Beamten der Polizeistation Neu-Isenburg und suchen Zeugen der Verkehrsunfallflucht. Der CX5 parkte am Montag, zwischen 19.30 und 22 Uhr, am Fahrbahnrand der K\u00f6rnerstra\u00dfe, ...<br clear=\"all\" \/><\/p><p style=\"margin-top:8px; margin-bottom:4px;\"><a href=\"https:\/\/www.presseportal.de\/blaulicht\/pm\/43561\/6237458\" target=\"_blank\"><img decoding=\"async\" src=\"\/feeds\/gfx\/POL-OF.jpg\" style=\"align:left !important; float:left !important; margin-top:4px !important; margin-right:8px !important; margin-bottom:4px !important; width:90px !important;\" \/><\/a> ... <b>4. Zeugensuche nach Verkehrsunfallflucht - Neu-Isenburg<\/b>   (me) Am Sonntagmorgen kam es auf der Frankfurter Stra\u00dfe (100er-Hausnummern) zu einer Verkehrsunfallflucht, weshalb die Beamten der Polizeistation in Neu-Isenburg nach Zeugen des Zusammensto\u00dfes suchen. In der Zeit zwischen 10 Uhr und 11.30 Uhr kollidierte ...<br clear=\"all\" \/><\/p><p style=\"margin-top:8px; margin-bottom:4px;\"><a href=\"https:\/\/www.presseportal.de\/blaulicht\/pm\/43561\/6237458\" target=\"_blank\"><img decoding=\"async\" src=\"\/feeds\/gfx\/POL-OF.jpg\" style=\"align:left !important; float:left !important; margin-top:4px !important; margin-right:8px !important; margin-bottom:4px !important; width:90px !important;\" \/><\/a> ... <b>7. Mercedes angedotzt: Hinweise erbeten - Langen<\/b>   (cb) Einen Sachschaden von etwa 1.500 Euro verursachte ein bis dato unbekannter Unfallverursacher, als dieser einen Mercedes, welcher in der Bahnstra\u00dfe (50er-Hausnummern) parkte, besch\u00e4digte. Die Fahrzeugeigent\u00fcmerin stellte ihren Wagen mit F-Kennzeichen ...<br clear=\"all\" \/><\/p><p style=\"margin-top:8px; margin-bottom:4px;\"><a href=\"https:\/\/www.presseportal.de\/blaulicht\/pm\/43561\/6237458\" target=\"_blank\"><img decoding=\"async\" src=\"\/feeds\/gfx\/POL-OF.jpg\" style=\"align:left !important; float:left !important; margin-top:4px !important; margin-right:8px !important; margin-bottom:4px !important; width:90px !important;\" \/><\/a> ... <b>8. Au\u00dfenspiegel von Opel abgefahren und gefl\u00fcchtet - Hainburg<\/b>   (cb) Ein bis dato unbekannter Unfallverursacher touchierte am Montag im Vorbeifahren einen silbernen Opel, der am Fahrbahnrand in der Porschestra\u00dfe \/ Edisonstra\u00dfe abgestellt war. Hierdurch wurde der Au\u00dfenspiegel sowie die Fahrerseite des silbernen Kleinwagens ...<br clear=\"all\" \/>  <\/p>\n  <div><span class=\"my_article_details\"><time datetime=\"2026-03-17\">17.03.2026<\/time> &middot; <a href=\"\/news\/hainburg-aktuell\" title=\"Hainburg heute aktuell\">Hainburg<\/a> &middot; <a href=\"\/news\/langen-aktuell\" title=\"Langen heute aktuell\">Langen<\/a> &middot; <a href=\"\/news\/neu-isenburg-aktuell\" title=\"Neu-Isenburg heute aktuell\">Neu-Isenburg<\/a> &middot; <a href=\"\/news\/polizeieinsaetze-offenbach-am-main\" title=\"Polizeieins\u00e4tze Offenbach am Main\">Polizei<\/a> &middot; <a href=\"\/news\/seligenstadt-aktuell\" title=\"Seligenstadt heute aktuell\">Seligenstadt<\/a> &middot; <a href=\"\/news\/unfaelle-offenbach-am-main\" title=\"Unf\u00e4lle Offenbach am Main\">Unfall<\/a> &middot; <\/span><a href=\"https:\/\/www.presseportal.de\/blaulicht\/pm\/43561\/6237458\" title=\"Link zum Artikel auf presseportal.de\" target=\"_blank\">presseportal.de<\/a><\/div>\n  <b><\/b>\n <\/div>\n <\/article>\n<\/div>\n<div class=\"post\" style=\"margin-bottom:40px;\">\n <article>\n <h2><a name=\"aec488b5\" href=\"https:\/\/www.presseportal.de\/blaulicht\/pm\/43561\/6236443\" rel=\"bookmark\" style=\"color:#333333; font-weight:bold;\" title=\"Link zum Artikel auf presseportal.de\" target=\"_blank\">Polizei Offenbach am Main: Pressemeldungen vom 16.03.2026<\/a><\/h2>\n <div class=\"entry\">\n  <p style=\"margin-bottom:4px;\">\n   <a href=\"https:\/\/www.presseportal.de\/blaulicht\/pm\/43561\/6236443\" target=\"_blank\"><img decoding=\"async\" src=\"\/feeds\/gfx\/POL-OF.jpg\" style=\"align:left !important; float:left !important; margin-top:4px !important; margin-right:8px !important; margin-bottom:4px !important; width:90px !important;\" \/><\/a>   ... <b>6. 80-j\u00e4hriger Radfahrer bei Kollision mit Auto schwer verletzt - Offenbach<\/b>   (lei) Rettungsdienst und Polizei sind am heutigen Montagmorgen in die Parkstra\u00dfe gerufen worden. Anlass hierzu war ein gemeldeter Verkehrsunfall zwischen einem Auto und einem Fahrradfahrer, von dem es bereits in den ersten Meldungen hie\u00df, dass dieser erheblich ...<br clear=\"all\" \/>  <\/p>\n  <div><span class=\"my_article_details\"><time datetime=\"2026-03-16\">16.03.2026<\/time> &middot; <a href=\"\/news\/offenbach-aktuell\" title=\"Offenbach heute aktuell\">Offenbach<\/a> &middot; <a href=\"\/news\/polizeieinsaetze-offenbach-am-main\" title=\"Polizeieins\u00e4tze Offenbach am Main\">Polizei<\/a> &middot; <a href=\"\/news\/unfaelle-offenbach-am-main\" title=\"Unf\u00e4lle Offenbach am Main\">Unfall<\/a> &middot; <\/span><a href=\"https:\/\/www.presseportal.de\/blaulicht\/pm\/43561\/6236443\" title=\"Link zum Artikel auf presseportal.de\" target=\"_blank\">presseportal.de<\/a><\/div>\n  <b><\/b>\n <\/div>\n <\/article>\n<\/div>\n<div class=\"post\" style=\"margin-bottom:40px;\">\n <article>\n <h2><a name=\"57cb65d5\" href=\"https:\/\/www.presseportal.de\/blaulicht\/pm\/43561\/6234465\" rel=\"bookmark\" style=\"color:#333333; font-weight:bold;\" title=\"Link zum Artikel auf presseportal.de\" target=\"_blank\">Polizei Offenbach am Main: Pressemeldungen vom 12.03.2026<\/a><\/h2>\n <div class=\"entry\">\n  <p style=\"margin-bottom:4px;\">\n   <a href=\"https:\/\/www.presseportal.de\/blaulicht\/pm\/43561\/6234465\" target=\"_blank\"><img decoding=\"async\" src=\"\/feeds\/gfx\/POL-OF.jpg\" style=\"align:left !important; float:left !important; margin-top:4px !important; margin-right:8px !important; margin-bottom:4px !important; width:90px !important;\" \/><\/a>   ... <b>2. Parkplatzrempler: Hinweise erbeten - M\u00fchlheim am Main<\/b>     (cb) Einen Sachschaden von knapp 1.000 Euro hinterlie\u00df ein bis dato unbekannter Unfallverursacher am Freitag an einem grauen Hyundai. Der Fahrzeugeigent\u00fcmer parkte seinen i10 gegen 9.30 Uhr auf einem Parkplatz in der M\u00fchlheimer Stra\u00dfe (320er-Hausnummern). ...<br clear=\"all\" \/><\/p><p style=\"margin-top:8px; margin-bottom:4px;\"><a href=\"https:\/\/www.presseportal.de\/blaulicht\/pm\/43561\/6234465\" target=\"_blank\"><img decoding=\"async\" src=\"\/feeds\/gfx\/POL-OF.jpg\" style=\"align:left !important; float:left !important; margin-top:4px !important; margin-right:8px !important; margin-bottom:4px !important; width:90px !important;\" \/><\/a> ... <b>3. Zeugensuche nach Unfallflucht: BMW besch\u00e4digt - Dietzenbach<\/b>     (cb) An einem BMW X1 musste der Fahrzeugeigent\u00fcmer am Mittwochnachmittag Besch\u00e4digungen in H\u00f6he von etwa 1.500 Euro feststellen. Seinen Wagen stellte er am Dienstag, gegen 21.30 Uhr, am Fahrbahnrand im Reinhardsweg (einstellige Hausnummern) ab. Am Folgetag, ...<br clear=\"all\" \/><\/p><p style=\"margin-top:8px; margin-bottom:4px;\"><a href=\"https:\/\/www.presseportal.de\/blaulicht\/pm\/43561\/6234465\" target=\"_blank\"><img decoding=\"async\" src=\"\/feeds\/gfx\/POL-OF.jpg\" style=\"align:left !important; float:left !important; margin-top:4px !important; margin-right:8px !important; margin-bottom:4px !important; width:90px !important;\" \/><\/a> ... <b>7. Hyundai und Kleinbus kollidierten: hoher Sachschaden - R\u00f6dermark<\/b>     (cb) Ein Gesamtsachschaden von etwa 45.000 Euro entstand bei einem Unfall, der sich am Dienstag auf der Landessstra\u00dfe 3097 ereignete. Bei diesem kollidierte ein wei\u00dfer Hyundai mit einem Linienbus. Nach derzeitigem Kenntnisstand kam der 28 Jahre alte Fahrer ...<br clear=\"all\" \/>  <\/p>\n  <div><span class=\"my_article_details\"><time datetime=\"2026-03-12\">12.03.2026<\/time> &middot; <a href=\"\/news\/dietzenbach-aktuell\" title=\"Dietzenbach heute aktuell\">Dietzenbach<\/a> &middot; <a href=\"\/news\/muehlheim-aktuell\" title=\"M\u00fchlheim heute aktuell\">M\u00fchlheim<\/a> &middot; <a href=\"\/news\/polizeieinsaetze-offenbach-am-main\" title=\"Polizeieins\u00e4tze Offenbach am Main\">Polizei<\/a> &middot; <a href=\"\/news\/roedermark-aktuell\" title=\"R\u00f6dermark heute aktuell\">R\u00f6dermark<\/a> &middot; <a href=\"\/news\/unfaelle-offenbach-am-main\" title=\"Unf\u00e4lle Offenbach am Main\">Unfall<\/a> &middot; <\/span><a href=\"https:\/\/www.presseportal.de\/blaulicht\/pm\/43561\/6234465\" title=\"Link zum Artikel auf presseportal.de\" target=\"_blank\">presseportal.de<\/a><\/div>\n  <b><\/b>\n <\/div>\n <\/article>\n<\/div>\n<div class=\"post\" style=\"margin-bottom:40px;\">\n <article>\n <h2><a name=\"86d6b45d\" href=\"https:\/\/www.op-online.de\/region\/seligenstadt\/polizei-warnt-schockanrufen-seniorin-uebergibt-schmuck-kreis-offenbach-seligenstadt-94213027.html\" rel=\"bookmark\" style=\"color:#333333; font-weight:bold;\" title=\"Link zum Artikel auf op-online.de\" target=\"_blank\">Angeblich t\u00f6dlicher Unfall: Frau \u00fcbergibt wertvollen Schmuck \u2013 Polizei warnt erneut<\/a><\/h2>\n <div class=\"entry\">\n  <p style=\"margin-bottom:4px;\">\n   <a href=\"https:\/\/www.op-online.de\/region\/seligenstadt\/polizei-warnt-schockanrufen-seniorin-uebergibt-schmuck-kreis-offenbach-seligenstadt-94213027.html\" target=\"_blank\"><img decoding=\"async\" src=\"https:\/\/www.op-online.de\/assets\/images\/41\/671\/41671076-aeltere-frau-telefoniert-1U01.jpg\" style=\"align:left !important; float:left !important; margin-top:4px !important; margin-right:8px !important; margin-bottom:4px !important; width:90px !important;\" \/><\/a>   Die Polizei S&uuml;dosthessen warnt vor einer Trickbetrugsmasche. Eine Seniorin aus dem Kreis Offenbach wurde Opfer einer solchen.<br clear=\"all\" \/>  <\/p>\n  <div><span class=\"my_article_details\"><time datetime=\"2026-03-11\">11.03.2026<\/time> &middot; <a href=\"\/news\/offenbach-aktuell\" title=\"Offenbach heute aktuell\">Offenbach<\/a> &middot; <a href=\"\/news\/polizeieinsaetze-offenbach-am-main\" title=\"Polizeieins\u00e4tze Offenbach am Main\">Polizei<\/a> &middot; <a href=\"\/news\/seligenstadt-aktuell\" title=\"Seligenstadt heute aktuell\">Seligenstadt<\/a> &middot; <a href=\"\/news\/unfaelle-offenbach-am-main\" title=\"Unf\u00e4lle Offenbach am Main\">Unfall<\/a> &middot; <\/span><a href=\"https:\/\/www.op-online.de\/region\/seligenstadt\/polizei-warnt-schockanrufen-seniorin-uebergibt-schmuck-kreis-offenbach-seligenstadt-94213027.html\" title=\"Link zum Artikel auf op-online.de\" target=\"_blank\">op-online.de<\/a><\/div>\n  <b><\/b>\n <\/div>\n <\/article>\n<\/div>\n<div class=\"post\" style=\"margin-bottom:40px;\">\n <article>\n <h2><a name=\"3a9dd07c\" href=\"https:\/\/www.presseportal.de\/blaulicht\/pm\/43561\/6233641\" rel=\"bookmark\" style=\"color:#333333; font-weight:bold;\" title=\"Link zum Artikel auf presseportal.de\" target=\"_blank\">Polizei Offenbach am Main: Pressemeldungen vom 11.03.2026<\/a><\/h2>\n <div class=\"entry\">\n  <p style=\"margin-bottom:4px;\">\n   <a href=\"https:\/\/www.presseportal.de\/blaulicht\/pm\/43561\/6233641\" target=\"_blank\"><img decoding=\"async\" src=\"\/feeds\/gfx\/POL-OF.jpg\" style=\"align:left !important; float:left !important; margin-top:4px !important; margin-right:8px !important; margin-bottom:4px !important; width:90px !important;\" \/><\/a>   ... <b>5. Fahrradfahrerin und Fu\u00dfg\u00e4nger kollidierten: eine Person verletzt - Offenbach<\/b>   (cb) Am Freitagvormittag kam es auf dem Radweg der Berliner Stra\u00dfe zu einem Unfall zwischen einer Radfahrerin und einem bislang unbekannten Fu\u00dfg\u00e4nger; bei diesem trug Radlerin leichte Verletzungen davon. Laut bisherigen Erkenntnissen stie\u00df die 59-j\u00e4hrige ...<br clear=\"all\" \/>  <\/p>\n  <div><span class=\"my_article_details\"><time datetime=\"2026-03-11\">11.03.2026<\/time> &middot; <a href=\"\/news\/muehlheim-aktuell\" title=\"M\u00fchlheim heute aktuell\">M\u00fchlheim<\/a> &middot; <a href=\"\/news\/offenbach-aktuell\" title=\"Offenbach heute aktuell\">Offenbach<\/a> &middot; <a href=\"\/news\/unfaelle-offenbach-am-main\" title=\"Unf\u00e4lle Offenbach am Main\">Unfall<\/a> &middot; <\/span><a href=\"https:\/\/www.presseportal.de\/blaulicht\/pm\/43561\/6233641\" title=\"Link zum Artikel auf presseportal.de\" target=\"_blank\">presseportal.de<\/a><\/div>\n  <b><\/b>\n <\/div>\n <\/article>\n<\/div>\n<div class=\"post\" style=\"margin-bottom:40px;\">\n <article>\n <h2><a name=\"e7bfb079\" href=\"https:\/\/www.presseportal.de\/blaulicht\/pm\/43561\/6233701\" rel=\"bookmark\" style=\"color:#333333; font-weight:bold;\" title=\"Link zum Artikel auf presseportal.de\" target=\"_blank\">POL-OF: Nach Auffahrunfall mit drei Beteiligten: Zwei leicht verletzte Personen und kurzzeitige Vollsperrung der Fahrbahn<\/a><\/h2>\n <div class=\"entry\">\n  <p style=\"margin-bottom:4px;\">\n   <a href=\"https:\/\/www.presseportal.de\/blaulicht\/pm\/43561\/6233701\" target=\"_blank\"><img decoding=\"async\" src=\"\/feeds\/gfx\/POL-OF.jpg\" style=\"align:left !important; float:left !important; margin-top:4px !important; margin-right:8px !important; margin-bottom:4px !important; width:90px !important;\" \/><\/a>   Gravenbruch \/ Dietzenbach  (ots)      (me) Zwei leicht verletzte Personen und zwei nicht mehr fahrbereite Fahrzeuge sind das Ergebnis eines Auffahrunfalls mit drei Beteiligten am Mittwochmorgen. Gegen 10.25 Uhr fuhr das Trio hintereinander auf der Bundesstra\u00dfe ...<br clear=\"all\" \/>  <\/p>\n  <div><span class=\"my_article_details\"><time datetime=\"2026-03-11\">11.03.2026<\/time> &middot; <a href=\"\/news\/dietzenbach-aktuell\" title=\"Dietzenbach heute aktuell\">Dietzenbach<\/a> &middot; <a href=\"\/news\/neu-isenburg-aktuell\" title=\"Neu-Isenburg heute aktuell\">Neu-Isenburg<\/a> &middot; <a href=\"\/news\/polizeieinsaetze-offenbach-am-main\" title=\"Polizeieins\u00e4tze Offenbach am Main\">Polizei<\/a> &middot; <a href=\"\/news\/unfaelle-offenbach-am-main\" title=\"Unf\u00e4lle Offenbach am Main\">Unfall<\/a> &middot; <\/span><a href=\"https:\/\/www.presseportal.de\/blaulicht\/pm\/43561\/6233701\" title=\"Link zum Artikel auf presseportal.de\" target=\"_blank\">presseportal.de<\/a><\/div>\n  <b><\/b>\n <\/div>\n <\/article>\n<\/div>\n<div class=\"post\" style=\"margin-bottom:40px;\">\n <article>\n <h2><a name=\"5c70c80f\" href=\"https:\/\/www.presseportal.de\/blaulicht\/pm\/43561\/6232775\" rel=\"bookmark\" style=\"color:#333333; font-weight:bold;\" title=\"Link zum Artikel auf presseportal.de\" target=\"_blank\">Polizei Offenbach am Main: Pressemeldungen vom 10.03.2026<\/a><\/h2>\n <div class=\"entry\">\n  <p style=\"margin-bottom:4px;\">\n   <a href=\"https:\/\/www.presseportal.de\/blaulicht\/pm\/43561\/6232775\" target=\"_blank\"><img decoding=\"async\" src=\"\/feeds\/gfx\/POL-OF.jpg\" style=\"align:left !important; float:left !important; margin-top:4px !important; margin-right:8px !important; margin-bottom:4px !important; width:90px !important;\" \/><\/a>   ... <b>1. Europ\u00e4ische Aktionswoche Roadpol \"Seatbelt\": Gurt- und Handyverst\u00f6\u00dfe geahndet - Offenbach<\/b>   (fg) Beamtinnen und Beamte des Offenbacher Polizeireviers haben am Montag mit Unterst\u00fctzung des Hessischen Polizeipr\u00e4sidiums Einsatz im Rahmen der europ\u00e4ischen Aktionswoche Roadpol \"Seatbelt\" verst\u00e4rkt Kontrollen hinsichtlich der Gurtpflicht durchgef\u00fchrt. ...<br clear=\"all\" \/><\/p><p style=\"margin-top:8px; margin-bottom:4px;\"><a href=\"https:\/\/www.presseportal.de\/blaulicht\/pm\/43561\/6232775\" target=\"_blank\"><img decoding=\"async\" src=\"\/feeds\/gfx\/POL-OF.jpg\" style=\"align:left !important; float:left !important; margin-top:4px !important; margin-right:8px !important; margin-bottom:4px !important; width:90px !important;\" \/><\/a> ... <b>7. Nach Zusammensto\u00df: Mountainbike-Fahrer gesucht - Langen<\/b>   (me) Die Polizei sucht derzeit einen noch unbekannten Radfahrer mit seinem schwarz \/ grauen Mountainbike. Der Biker soll am Freitag, gegen 13.10 Uhr, an einem Verkehrsunfall mit einer minderj\u00e4hrigen Radfahrerin beteiligt gewesen sein. Nach den bisherigen ...<br clear=\"all\" \/>  <\/p>\n  <div><span class=\"my_article_details\"><time datetime=\"2026-03-10\">10.03.2026<\/time> &middot; <a href=\"\/news\/langen-aktuell\" title=\"Langen heute aktuell\">Langen<\/a> &middot; <a href=\"\/news\/offenbach-aktuell\" title=\"Offenbach heute aktuell\">Offenbach<\/a> &middot; <a href=\"\/news\/polizeieinsaetze-offenbach-am-main\" title=\"Polizeieins\u00e4tze Offenbach am Main\">Polizei<\/a> &middot; <a href=\"\/news\/unfaelle-offenbach-am-main\" title=\"Unf\u00e4lle Offenbach am Main\">Unfall<\/a> &middot; <\/span><a href=\"https:\/\/www.presseportal.de\/blaulicht\/pm\/43561\/6232775\" title=\"Link zum Artikel auf presseportal.de\" target=\"_blank\">presseportal.de<\/a><\/div>\n  <b><\/b>\n <\/div>\n <\/article>\n<\/div>\n<div class=\"post\" style=\"margin-bottom:40px;\">\n <article>\n <h2><a name=\"8d8c31b2\" href=\"https:\/\/www.presseportal.de\/blaulicht\/pm\/43561\/6231844\" rel=\"bookmark\" style=\"color:#333333; font-weight:bold;\" title=\"Link zum Artikel auf presseportal.de\" target=\"_blank\">Polizei Offenbach am Main: Pressemeldungen vom 09.03.2026<\/a><\/h2>\n <div class=\"entry\">\n  <p style=\"margin-bottom:4px;\">\n   <a href=\"https:\/\/www.presseportal.de\/blaulicht\/pm\/43561\/6231844\" target=\"_blank\"><img decoding=\"async\" src=\"\/feeds\/gfx\/POL-OF.jpg\" style=\"align:left !important; float:left !important; margin-top:4px !important; margin-right:8px !important; margin-bottom:4px !important; width:90px !important;\" \/><\/a>   ... <b>6. Kunde kollidierte mit Autofahrer auf Tankstellengel\u00e4nde - M\u00fchlheim am Main<\/b>     (me) Nachdem er am Sonntagmorgen seinen Tankvorgang bezahlt und den Verkaufsraum wieder verlassen hatte, wurde ein 43 Jahre alter Mann von einem Autofahrer gestreift und hierdurch leicht verletzt. Gegen 9.55 Uhr kam es zu dem Zusammensto\u00df auf dem Gel\u00e4nde ...<br clear=\"all\" \/><\/p><p style=\"margin-top:8px; margin-bottom:4px;\"><a href=\"https:\/\/www.presseportal.de\/blaulicht\/pm\/43561\/6231844\" target=\"_blank\"><img decoding=\"async\" src=\"\/feeds\/gfx\/POL-OF.jpg\" style=\"align:left !important; float:left !important; margin-top:4px !important; margin-right:8px !important; margin-bottom:4px !important; width:90px !important;\" \/><\/a> ... <b>7. Mercedes beim Vorbeifahren gestreift: Polizei sucht nach Zeugen - Obertshausen<\/b>     (me) Am Freitag, in der Zeit zwischen 12.50 Uhr und 13.10 Uhr, fuhr ein bislang noch unbekannter Wagenlenker gegen einen geparkten schwarzen Mercedes und richtete an diesem einen Schaden von rund 3.000 Euro an. Im Anschluss an den Zusammensto\u00df mit der V-Klasse ...<br clear=\"all\" \/><\/p><p style=\"margin-top:8px; margin-bottom:4px;\"><a href=\"https:\/\/www.presseportal.de\/blaulicht\/pm\/43561\/6231844\" target=\"_blank\"><img decoding=\"async\" src=\"\/feeds\/gfx\/POL-OF.jpg\" style=\"align:left !important; float:left !important; margin-top:4px !important; margin-right:8px !important; margin-bottom:4px !important; width:90px !important;\" \/><\/a> ... <b>11. 75-J\u00e4hriger kurzzeitig bewusstlos: Ermittlungen wegen Verdachts der Unfallflucht -Hainburg<\/b>     (lei) Eine Kollision zwischen einem Radfahrer und einer Fu\u00dfg\u00e4ngerin auf dem Mainradweg hat am Sonntagvormittag zu Verletzungen und anschlie\u00dfenden Ermittlungen der Polizei gef\u00fchrt. Nach bisherigen Erkenntnissen blieb ein 75 Jahre alter Radfahrer gegen 11.30 ...<br clear=\"all\" \/>  <\/p>\n  <div><span class=\"my_article_details\"><time datetime=\"2026-03-09\">09.03.2026<\/time> &middot; <a href=\"\/news\/hainburg-aktuell\" title=\"Hainburg heute aktuell\">Hainburg<\/a> &middot; <a href=\"\/news\/heusenstamm-aktuell\" title=\"Heusenstamm heute aktuell\">Heusenstamm<\/a> &middot; <a href=\"\/news\/muehlheim-aktuell\" title=\"M\u00fchlheim heute aktuell\">M\u00fchlheim<\/a> &middot; <a href=\"\/news\/obertshausen-aktuell\" title=\"Obertshausen heute aktuell\">Obertshausen<\/a> &middot; <a href=\"\/news\/offenbach-aktuell\" title=\"Offenbach heute aktuell\">Offenbach<\/a> &middot; <a href=\"\/news\/polizeieinsaetze-offenbach-am-main\" title=\"Polizeieins\u00e4tze Offenbach am Main\">Polizei<\/a> &middot; <a href=\"\/news\/seligenstadt-aktuell\" title=\"Seligenstadt heute aktuell\">Seligenstadt<\/a> &middot; <a href=\"\/news\/unfaelle-offenbach-am-main\" title=\"Unf\u00e4lle Offenbach am Main\">Unfall<\/a> &middot; <\/span><a href=\"https:\/\/www.presseportal.de\/blaulicht\/pm\/43561\/6231844\" title=\"Link zum Artikel auf presseportal.de\" target=\"_blank\">presseportal.de<\/a><\/div>\n  <b><\/b>\n <\/div>\n <\/article>\n<\/div>\n<div class=\"post\" style=\"margin-bottom:40px;\">\n <article>\n <h2><a name=\"b9195151\" href=\"https:\/\/www.presseportal.de\/blaulicht\/pm\/43561\/6230147\" rel=\"bookmark\" style=\"color:#333333; font-weight:bold;\" title=\"Link zum Artikel auf presseportal.de\" target=\"_blank\">Polizei Offenbach am Main: Pressemeldungen vom 06.03.2026<\/a><\/h2>\n <div class=\"entry\">\n  <p style=\"margin-bottom:4px;\">\n   <a href=\"https:\/\/www.presseportal.de\/blaulicht\/pm\/43561\/6230147\" target=\"_blank\"><img decoding=\"async\" src=\"\/feeds\/gfx\/POL-OF.jpg\" style=\"align:left !important; float:left !important; margin-top:4px !important; margin-right:8px !important; margin-bottom:4px !important; width:90px !important;\" \/><\/a>   ... <b>5. Wertgegenst\u00e4nde nach Schockanruf \u00fcbergeben: Wer sah den Abholer? - Dreieich<\/b>   (fg) Nach einem vorangegangenem Schockanruf \u00fcbergab eine Seniorin am Donnerstag, gegen 18 Uhr, unter anderem Schmuck sowie M\u00fcnzen an einen bis dato unbekannten Abholer. Die Kriminalpolizei sucht nun nach dem Trickbetr\u00fcger, zu dem nachfolgende Personenbeschreibung ...<br clear=\"all\" \/>  <\/p>\n  <div><span class=\"my_article_details\"><time datetime=\"2026-03-06\">06.03.2026<\/time> &middot; <a href=\"\/news\/dreieich-aktuell\" title=\"Dreieich heute aktuell\">Dreieich<\/a> &middot; <a href=\"\/news\/langen-aktuell\" title=\"Langen heute aktuell\">Langen<\/a> &middot; <a href=\"\/news\/polizeieinsaetze-offenbach-am-main\" title=\"Polizeieins\u00e4tze Offenbach am Main\">Polizei<\/a> &middot; <a href=\"\/news\/unfaelle-offenbach-am-main\" title=\"Unf\u00e4lle Offenbach am Main\">Unfall<\/a> &middot; <\/span><a href=\"https:\/\/www.presseportal.de\/blaulicht\/pm\/43561\/6230147\" title=\"Link zum Artikel auf presseportal.de\" target=\"_blank\">presseportal.de<\/a><\/div>\n  <b><\/b>\n <\/div>\n <\/article>\n<\/div>\n<div class=\"post\" style=\"margin-bottom:40px;\">\n <article>\n <h2><a name=\"7d2d104d\" href=\"https:\/\/www.presseportal.de\/blaulicht\/pm\/43561\/6229562\" rel=\"bookmark\" style=\"color:#333333; font-weight:bold;\" title=\"Link zum Artikel auf presseportal.de\" target=\"_blank\">Polizei Offenbach am Main: Pressemeldungen vom 05.03.2026<\/a><\/h2>\n <div class=\"entry\">\n  <p style=\"margin-bottom:4px;\">\n   <a href=\"https:\/\/www.presseportal.de\/blaulicht\/pm\/43561\/6229562\" target=\"_blank\"><img decoding=\"async\" src=\"\/feeds\/gfx\/POL-OF.jpg\" style=\"align:left !important; float:left !important; margin-top:4px !important; margin-right:8px !important; margin-bottom:4px !important; width:90px !important;\" \/><\/a>   ... <b>3. Radfahrer bei Zusammensto\u00df mit Auto verletzt - Offenbach<\/b>   (me) Bei einem Zusammensto\u00df zwischen einem Autofahrer und einem Radfahrer am Mittwochnachmittag wurde der Letztgenannte verletzt und musste f\u00fcr seine medizinische Versorgung in ein Krankenhaus gebracht werden. Gegen 15.50 Uhr wollte der VW-Lenker offenbar ...<br clear=\"all\" \/>  <\/p>\n  <div><span class=\"my_article_details\"><time datetime=\"2026-03-05\">05.03.2026<\/time> &middot; <a href=\"\/news\/offenbach-aktuell\" title=\"Offenbach heute aktuell\">Offenbach<\/a> &middot; <a href=\"\/news\/polizeieinsaetze-offenbach-am-main\" title=\"Polizeieins\u00e4tze Offenbach am Main\">Polizei<\/a> &middot; <a href=\"\/news\/unfaelle-offenbach-am-main\" title=\"Unf\u00e4lle Offenbach am Main\">Unfall<\/a> &middot; <\/span><a href=\"https:\/\/www.presseportal.de\/blaulicht\/pm\/43561\/6229562\" title=\"Link zum Artikel auf presseportal.de\" target=\"_blank\">presseportal.de<\/a><\/div>\n  <b><\/b>\n <\/div>\n <\/article>\n<\/div>\n<div class=\"post\" style=\"margin-bottom:40px;\">\n <article>\n <h2><a name=\"445a85e8\" href=\"https:\/\/www.presseportal.de\/blaulicht\/pm\/43561\/6228757\" rel=\"bookmark\" style=\"color:#333333; font-weight:bold;\" title=\"Link zum Artikel auf presseportal.de\" target=\"_blank\">Polizei Offenbach am Main: Pressemeldungen vom 04.03.2026<\/a><\/h2>\n <div class=\"entry\">\n  <p style=\"margin-bottom:4px;\">\n   <a href=\"https:\/\/www.presseportal.de\/blaulicht\/pm\/43561\/6228757\" target=\"_blank\"><img decoding=\"async\" src=\"\/feeds\/gfx\/POL-OF.jpg\" style=\"align:left !important; float:left !important; margin-top:4px !important; margin-right:8px !important; margin-bottom:4px !important; width:90px !important;\" \/><\/a>   ... <b>2. Grauer Mercedes bei Parkvorgang besch\u00e4digt: Polizei sucht Zeugen! - Offenbach<\/b>   (fg) Ein bis dato unbekannter Verkehrsteilnehmer hat am Samstagabend einen in der L\u00f6wenstra\u00dfe im Bereich der 20er-Hausnummern abgestellten Mercedes besch\u00e4digt. Vermutlich bei einem Parkvorgang stie\u00df der Verursacher gegen die Hecksto\u00dfstange des grauen Wagens ...<br clear=\"all\" \/>  <\/p>\n  <div><span class=\"my_article_details\"><time datetime=\"2026-03-04\">04.03.2026<\/time> &middot; <a href=\"\/news\/offenbach-aktuell\" title=\"Offenbach heute aktuell\">Offenbach<\/a> &middot; <a href=\"\/news\/polizeieinsaetze-offenbach-am-main\" title=\"Polizeieins\u00e4tze Offenbach am Main\">Polizei<\/a> &middot; <a href=\"\/news\/unfaelle-offenbach-am-main\" title=\"Unf\u00e4lle Offenbach am Main\">Unfall<\/a> &middot; <\/span><a href=\"https:\/\/www.presseportal.de\/blaulicht\/pm\/43561\/6228757\" title=\"Link zum Artikel auf presseportal.de\" target=\"_blank\">presseportal.de<\/a><\/div>\n  <b><\/b>\n <\/div>\n <\/article>\n<\/div>\n<div class=\"post\" style=\"margin-bottom:40px;\">\n <article>\n <h2><a name=\"e038c2ae\" href=\"https:\/\/www.presseportal.de\/blaulicht\/pm\/43561\/6227124\" rel=\"bookmark\" style=\"color:#333333; font-weight:bold;\" title=\"Link zum Artikel auf presseportal.de\" target=\"_blank\">Polizei Offenbach am Main: Pressemeldungen vom 02.03.2026<\/a><\/h2>\n <div class=\"entry\">\n  <p style=\"margin-bottom:4px;\">\n   <a href=\"https:\/\/www.presseportal.de\/blaulicht\/pm\/43561\/6227124\" target=\"_blank\"><img decoding=\"async\" src=\"\/feeds\/gfx\/POL-OF.jpg\" style=\"align:left !important; float:left !important; margin-top:4px !important; margin-right:8px !important; margin-bottom:4px !important; width:90px !important;\" \/><\/a>   ... <b>10. Nach Verdacht von illegalen Kraftfahrzeugrennen und Verkehrsunf\u00e4llen: Polizei f\u00fchrte verst\u00e4rkte Kontrollen durch - Offenbach \/ M\u00fchlheim am Main<\/b>   (me) Nachdem es in der Vergangenheit zu Verkehrsunf\u00e4llen gekommen war, bei denen der Verdacht der nicht angepassten oder \u00fcberh\u00f6hten Geschwindigkeit bestand und mehrere Anzeigen wegen des Verdachts illegaler Kraftfahrzeugrennen gefertigt worden waren (wir ...<br clear=\"all\" \/>  <\/p>\n  <div><span class=\"my_article_details\"><time datetime=\"2026-03-02\">02.03.2026<\/time> &middot; <a href=\"\/news\/muehlheim-aktuell\" title=\"M\u00fchlheim heute aktuell\">M\u00fchlheim<\/a> &middot; <a href=\"\/news\/offenbach-aktuell\" title=\"Offenbach heute aktuell\">Offenbach<\/a> &middot; <a href=\"\/news\/polizeieinsaetze-offenbach-am-main\" title=\"Polizeieins\u00e4tze Offenbach am Main\">Polizei<\/a> &middot; <a href=\"\/news\/unfaelle-offenbach-am-main\" title=\"Unf\u00e4lle Offenbach am Main\">Unfall<\/a> &middot; <\/span><a href=\"https:\/\/www.presseportal.de\/blaulicht\/pm\/43561\/6227124\" title=\"Link zum Artikel auf presseportal.de\" target=\"_blank\">presseportal.de<\/a><\/div>\n  <b><\/b>\n <\/div>\n <\/article>\n<\/div>\n<div class=\"post\" style=\"margin-bottom:40px;\">\n <article>\n <h2><a name=\"18424d0a\" href=\"https:\/\/www.hessenschau.de\/panorama\/pilot-geraet-bei-anflug-in-egelsbach-in-oberleitung---notlandung-und-bahnsperrung-v2,flugzeug-unfall-egelsbach-bahnleitung-streckensperrung100.html\" rel=\"bookmark\" style=\"color:#333333; font-weight:bold;\" title=\"Link zum Artikel auf hessenschau.de\" target=\"_blank\">Pilot ger\u00e4t bei Anflug in Egelsbach in Oberleitung - Notlandung und Bahnsperrung<\/a><\/h2>\n <div class=\"entry\">\n  <p style=\"margin-bottom:4px;\">\n   <a href=\"https:\/\/www.hessenschau.de\/panorama\/pilot-geraet-bei-anflug-in-egelsbach-in-oberleitung---notlandung-und-bahnsperrung-v2,flugzeug-unfall-egelsbach-bahnleitung-streckensperrung100.html\" target=\"_blank\"><img decoding=\"async\" src=\"https:\/\/www.hessenschau.de\/panorama\/flugzeug-unfall-egelsbach-oberleitung-100~_t-1772305687103_v-16to9.jpg\" style=\"align:left !important; float:left !important; margin-top:4px !important; margin-right:8px !important; margin-bottom:4px !important; width:90px !important;\" \/><\/a>   Der Pilot eines Kleinflugzeugs hat beim Landeanflug auf den Flugplatz Egelsbach die Oberleitungen der nahen Bahnstrecke gerammt. Er konnte notlanden und blieb unverletzt. Der Unfall hatte Auswirkungen auf den Bahnverkehr. ...<br clear=\"all\" \/>  <\/p>\n  <div><span class=\"my_article_details\"><time datetime=\"2026-03-01\">01.03.2026<\/time> &middot; <a href=\"\/news\/egelsbach-aktuell\" title=\"Egelsbach heute aktuell\">Egelsbach<\/a> &middot; <a href=\"\/news\/unfaelle-offenbach-am-main\" title=\"Unf\u00e4lle Offenbach am Main\">Unfall<\/a> &middot; <\/span><a href=\"https:\/\/www.hessenschau.de\/panorama\/pilot-geraet-bei-anflug-in-egelsbach-in-oberleitung---notlandung-und-bahnsperrung-v2,flugzeug-unfall-egelsbach-bahnleitung-streckensperrung100.html\" title=\"Link zum Artikel auf hessenschau.de\" target=\"_blank\">hessenschau.de<\/a><\/div>\n  <b><\/b>\n <\/div>\n <\/article>\n<\/div>\n<div class=\"post\" style=\"margin-bottom:40px;\">\n <article>\n <h2><a name=\"68a8e1fd\" href=\"https:\/\/www.fr.de\/rhein-main\/offenbach\/mann-aus-offenbach-kaempft-gegen-die-krankenkassen-buerokratie-94189873.html\" rel=\"bookmark\" style=\"color:#333333; font-weight:bold;\" title=\"Link zum Artikel auf fr.de\" target=\"_blank\">Nach Derby verungl\u00fcckt: Offenbacher k\u00e4mpft seit Unfall im Rollstuhl gegen die Krankenkassen-B\u00fcrokratie<\/a><\/h2>\n <div class=\"entry\">\n  <p style=\"margin-bottom:4px;\">\n   <a href=\"https:\/\/www.fr.de\/rhein-main\/offenbach\/mann-aus-offenbach-kaempft-gegen-die-krankenkassen-buerokratie-94189873.html\" target=\"_blank\"><img decoding=\"async\" src=\"https:\/\/www.fr.de\/assets\/images\/41\/639\/41639483-der-offenbacher-michael-laufenberg-sitzt-seit-seinem-unfall-im-rollstuhl-2j01.jpg\" style=\"align:left !important; float:left !important; margin-top:4px !important; margin-right:8px !important; margin-bottom:4px !important; width:90px !important;\" \/><\/a>   Nach einem Fahrradunfall ist ein Offenbacher Wasserballer querschnittsgel&auml;hmt. Die Krankenkasse bewilligt kaum Hilfsmittel f&uuml;r seine Therapie.<br clear=\"all\" \/>  <\/p>\n  <div><span class=\"my_article_details\"><time datetime=\"2026-02-28\">28.02.2026<\/time> &middot; <a href=\"\/news\/offenbach-aktuell\" title=\"Offenbach heute aktuell\">Offenbach<\/a> &middot; <a href=\"\/news\/unfaelle-offenbach-am-main\" title=\"Unf\u00e4lle Offenbach am Main\">Unfall<\/a> &middot; <\/span><a href=\"https:\/\/www.fr.de\/rhein-main\/offenbach\/mann-aus-offenbach-kaempft-gegen-die-krankenkassen-buerokratie-94189873.html\" title=\"Link zum Artikel auf fr.de\" target=\"_blank\">fr.de<\/a><\/div>\n  <b><\/b>\n <\/div>\n <\/article>\n<\/div>\n<div class=\"post\" style=\"margin-bottom:40px;\">\n <article>\n <h2><a name=\"9fd01bb2\" href=\"https:\/\/www.op-online.de\/offenbach\/michael-laufenberg-kaempft-nach-sturz-gegen-buerokratie-und-laehmung-94188514.html\" rel=\"bookmark\" style=\"color:#333333; font-weight:bold;\" title=\"Link zum Artikel auf op-online.de\" target=\"_blank\">Michael Laufenberg k\u00e4mpft nach Sturz gegen B\u00fcrokratie und L\u00e4hmung<\/a><\/h2>\n <div class=\"entry\">\n  <p style=\"margin-bottom:4px;\">\n   <a href=\"https:\/\/www.op-online.de\/offenbach\/michael-laufenberg-kaempft-nach-sturz-gegen-buerokratie-und-laehmung-94188514.html\" target=\"_blank\"><img decoding=\"async\" src=\"https:\/\/www.op-online.de\/assets\/images\/41\/639\/41639461-als-die-welt-noch-in-ordnung-war-michael-laufenberg-mit-ehefrau-petra-1Q01.jpg\" style=\"align:left !important; float:left !important; margin-top:4px !important; margin-right:8px !important; margin-bottom:4px !important; width:90px !important;\" \/><\/a>   Nach einem Fahrradunfall ist der Offenbacher Wasserballer querschnittsgel&auml;hmt. Die Krankenkasse bewilligt kaum Hilfsmittel f&uuml;r seine Therapie.<br clear=\"all\" \/>  <\/p>\n  <div><span class=\"my_article_details\"><time datetime=\"2026-02-27\">27.02.2026<\/time> &middot; <a href=\"\/news\/offenbach-aktuell\" title=\"Offenbach heute aktuell\">Offenbach<\/a> &middot; <a href=\"\/news\/unfaelle-offenbach-am-main\" title=\"Unf\u00e4lle Offenbach am Main\">Unfall<\/a> &middot; <\/span><a href=\"https:\/\/www.op-online.de\/offenbach\/michael-laufenberg-kaempft-nach-sturz-gegen-buerokratie-und-laehmung-94188514.html\" title=\"Link zum Artikel auf op-online.de\" target=\"_blank\">op-online.de<\/a><\/div>\n  <b><\/b>\n <\/div>\n <\/article>\n<\/div>\n<div class=\"post\" style=\"margin-bottom:40px;\">\n <article>\n <h2><a name=\"1e539a1c\" href=\"https:\/\/www.presseportal.de\/blaulicht\/pm\/43561\/6224679\" rel=\"bookmark\" style=\"color:#333333; font-weight:bold;\" title=\"Link zum Artikel auf presseportal.de\" target=\"_blank\">Polizei Offenbach am Main: Pressemeldungen vom 26.02.2026<\/a><\/h2>\n <div class=\"entry\">\n  <p style=\"margin-bottom:4px;\">\n   <a href=\"https:\/\/www.presseportal.de\/blaulicht\/pm\/43561\/6224679\" target=\"_blank\"><img decoding=\"async\" src=\"\/feeds\/gfx\/POL-OF.jpg\" style=\"align:left !important; float:left !important; margin-top:4px !important; margin-right:8px !important; margin-bottom:4px !important; width:90px !important;\" \/><\/a>   ... <b>5. Zeugensuche nach Unfallflucht - Dreieich<\/b>   (fg) Vergangenen Freitag ereignete sich im Kurt-Schumacher-Ring (110er-Hausnummern) in Sprendlingen zwischen 11.45 Uhr und 13 Uhr eine Verkehrsunfallflucht, weshalb die Polizei weiterhin nach Zeugen sucht. Der Fahrzeugeigent\u00fcmer hatte seinen grauen 3er BMW ...<br clear=\"all\" \/>  <\/p>\n  <div><span class=\"my_article_details\"><time datetime=\"2026-02-26\">26.02.2026<\/time> &middot; <a href=\"\/news\/dreieich-aktuell\" title=\"Dreieich heute aktuell\">Dreieich<\/a> &middot; <a href=\"\/news\/neu-isenburg-aktuell\" title=\"Neu-Isenburg heute aktuell\">Neu-Isenburg<\/a> &middot; <a href=\"\/news\/polizeieinsaetze-offenbach-am-main\" title=\"Polizeieins\u00e4tze Offenbach am Main\">Polizei<\/a> &middot; <a href=\"\/news\/unfaelle-offenbach-am-main\" title=\"Unf\u00e4lle Offenbach am Main\">Unfall<\/a> &middot; <\/span><a href=\"https:\/\/www.presseportal.de\/blaulicht\/pm\/43561\/6224679\" title=\"Link zum Artikel auf presseportal.de\" target=\"_blank\">presseportal.de<\/a><\/div>\n  <b><\/b>\n <\/div>\n <\/article>\n<\/div>\n<div class=\"post\" style=\"margin-bottom:40px;\">\n <article>\n <h2><a name=\"2f86edf8\" href=\"https:\/\/www.op-online.de\/offenbach\/trotz-toten-und-morddebatte-stadt-sieht-keinen-unfallschwerpunkt-94183938.html\" rel=\"bookmark\" style=\"color:#333333; font-weight:bold;\" title=\"Link zum Artikel auf op-online.de\" target=\"_blank\">Autorennen auf der M\u00fchlheimer: Stadt sieht keinen Unfallschwerpunkt<\/a><\/h2>\n <div class=\"entry\">\n  <p style=\"margin-bottom:4px;\">\n   <a href=\"https:\/\/www.op-online.de\/offenbach\/trotz-toten-und-morddebatte-stadt-sieht-keinen-unfallschwerpunkt-94183938.html\" target=\"_blank\"><img decoding=\"async\" src=\"https:\/\/www.op-online.de\/assets\/images\/41\/618\/41618402-schwerer-verkehrsunfall-offenbach-am-main-1u01.jpg\" style=\"align:left !important; float:left !important; margin-top:4px !important; margin-right:8px !important; margin-bottom:4px !important; width:90px !important;\" \/><\/a>   Nach t&ouml;dlichem Unfall plant Offenbach keine &Auml;nderungen an der M&uuml;hlheimer Stra&szlig;e. Die Polizei registrierte dort 112 Unf&auml;lle in drei Jahren.<br clear=\"all\" \/>  <\/p>\n  <div><span class=\"my_article_details\"><time datetime=\"2026-02-24\">24.02.2026<\/time> &middot; <a href=\"\/news\/muehlheim-aktuell\" title=\"M\u00fchlheim heute aktuell\">M\u00fchlheim<\/a> &middot; <a href=\"\/news\/offenbach-aktuell\" title=\"Offenbach heute aktuell\">Offenbach<\/a> &middot; <a href=\"\/news\/polizeieinsaetze-offenbach-am-main\" title=\"Polizeieins\u00e4tze Offenbach am Main\">Polizei<\/a> &middot; <a href=\"\/news\/unfaelle-offenbach-am-main\" title=\"Unf\u00e4lle Offenbach am Main\">Unfall<\/a> &middot; <\/span><a href=\"https:\/\/www.op-online.de\/offenbach\/trotz-toten-und-morddebatte-stadt-sieht-keinen-unfallschwerpunkt-94183938.html\" title=\"Link zum Artikel auf op-online.de\" target=\"_blank\">op-online.de<\/a><\/div>\n  <b><\/b>\n <\/div>\n <\/article>\n<\/div>\n<div class=\"post\" style=\"margin-bottom:40px;\">\n <article>\n <h2><a name=\"c358366f\" href=\"https:\/\/www.presseportal.de\/blaulicht\/pm\/43561\/6220773\" rel=\"bookmark\" style=\"color:#333333; font-weight:bold;\" title=\"Link zum Artikel auf presseportal.de\" target=\"_blank\">Polizei Offenbach am Main: Pressemeldungen vom 20.02.2026<\/a><\/h2>\n <div class=\"entry\">\n  <p style=\"margin-bottom:4px;\">\n   <a href=\"https:\/\/www.presseportal.de\/blaulicht\/pm\/43561\/6220773\" target=\"_blank\"><img decoding=\"async\" src=\"\/feeds\/gfx\/POL-OF.jpg\" style=\"align:left !important; float:left !important; margin-top:4px !important; margin-right:8px !important; margin-bottom:4px !important; width:90px !important;\" \/><\/a>   ... <b>3. Berlingo-Fahrer unter Alkoholeinfluss unterwegs: Kollision mit Kia - Offenbach<\/b>   (cb) Am Donnerstagabend ereignete sich auf der Bieberer Stra\u00dfe, in H\u00f6he der 170er-Hausnummern, ein Verkehrsunfall, bei dem ein Sachschaden von rund 12.000 Euro entstand. Nach dem derzeitigen Stand der Ermittlungen fuhr der 31 Jahre alte Citroen-Fahrer kurz ...<br clear=\"all\" \/><\/p><p style=\"margin-top:8px; margin-bottom:4px;\"><a href=\"https:\/\/www.presseportal.de\/blaulicht\/pm\/43561\/6220773\" target=\"_blank\"><img decoding=\"async\" src=\"\/feeds\/gfx\/POL-OF.jpg\" style=\"align:left !important; float:left !important; margin-top:4px !important; margin-right:8px !important; margin-bottom:4px !important; width:90px !important;\" \/><\/a> ... <b>4. Zeugen gesucht! Schwarzer Skoda angedotzt - Offenbach<\/b>   (cb) Einen Sachschaden von etwa 2.500 Euro verursachte ein bis dato unbekannter Fahrer eines roten Kleinwagens am Mittwochnachmittag an einem abgestellten schwarzen Skoda. Nach dem derzeitigen Kenntnisstand touchierte der Fahrzeugf\u00fchrer eines roten Twingos ...<br clear=\"all\" \/><\/p><p style=\"margin-top:8px; margin-bottom:4px;\"><a href=\"https:\/\/www.presseportal.de\/blaulicht\/pm\/43561\/6220773\" target=\"_blank\"><img decoding=\"async\" src=\"\/feeds\/gfx\/POL-OF.jpg\" style=\"align:left !important; float:left !important; margin-top:4px !important; margin-right:8px !important; margin-bottom:4px !important; width:90px !important;\" \/><\/a> ... <b>6. Auf Unfall folgte Unfall: Bundesstra\u00dfe kurzzeitig gesperrt - Neu-Isenburg<\/b>   (me) Am Freitagmorgen kam es auf der Bundesstra\u00dfe 459 zwischen Neu-Isenburg und Dietzenbach innerhalb k\u00fcrzester Zeit zu gleich zwei Verkehrsunf\u00e4llen, wobei einer wohl im Zusammenhang mit dem anderen stand. Nach den bisherigen Erkenntnissen streiften sich ...<br clear=\"all\" \/><\/p><p style=\"margin-top:8px; margin-bottom:4px;\"><a href=\"https:\/\/www.presseportal.de\/blaulicht\/pm\/43561\/6220773\" target=\"_blank\"><img decoding=\"async\" src=\"\/feeds\/gfx\/POL-OF.jpg\" style=\"align:left !important; float:left !important; margin-top:4px !important; margin-right:8px !important; margin-bottom:4px !important; width:90px !important;\" \/><\/a> ... <b>8. BMW X3 prallte gegen Schutzplanke: Zeugen gesucht! - Rodgau<\/b>   (fg) Bei einem Unfall am Donnerstagmorgen auf der Bundesstra\u00dfe 45 in Fahrtrichtung Hanau kurz vor der Anschlussstelle Hanau zur Autobahn 3 entstand an einem BMW X3 ein Schaden von rund 5.000 Euro. Der Fahrer aus dem Landkreis Darmstadt-Dieburg gab an, dass ...<br clear=\"all\" \/>  <\/p>\n  <div><span class=\"my_article_details\"><time datetime=\"2026-02-20\">20.02.2026<\/time> &middot; <a href=\"\/news\/dietzenbach-aktuell\" title=\"Dietzenbach heute aktuell\">Dietzenbach<\/a> &middot; <a href=\"\/news\/neu-isenburg-aktuell\" title=\"Neu-Isenburg heute aktuell\">Neu-Isenburg<\/a> &middot; <a href=\"\/news\/offenbach-aktuell\" title=\"Offenbach heute aktuell\">Offenbach<\/a> &middot; <a href=\"\/news\/polizeieinsaetze-offenbach-am-main\" title=\"Polizeieins\u00e4tze Offenbach am Main\">Polizei<\/a> &middot; <a href=\"\/news\/rodgau-aktuell\" title=\"Rodgau heute aktuell\">Rodgau<\/a> &middot; <a href=\"\/news\/unfaelle-offenbach-am-main\" title=\"Unf\u00e4lle Offenbach am Main\">Unfall<\/a> &middot; <\/span><a href=\"https:\/\/www.presseportal.de\/blaulicht\/pm\/43561\/6220773\" title=\"Link zum Artikel auf presseportal.de\" target=\"_blank\">presseportal.de<\/a><\/div>\n  <b><\/b>\n <\/div>\n <\/article>\n<\/div>\n<div class=\"post\" style=\"margin-bottom:40px;\">\n <article>\n <h2><a name=\"30da8f46\" href=\"https:\/\/www.op-online.de\/region\/rodgau\/sattelzug-verunglueckt-auf-glatter-strasse-vollsperrung-nahe-offenbach-unnoetige-fahrten-moeglichst-vermeiden-94177538.html\" rel=\"bookmark\" style=\"color:#333333; font-weight:bold;\" title=\"Link zum Artikel auf op-online.de\" target=\"_blank\">Sattelzug verungl\u00fcckt auf glatter Stra\u00dfe: Vollsperrung nahe Offenbach \u2013 \u201eUnn\u00f6tige Fahrten m\u00f6glichst vermeiden\u201c<\/a><\/h2>\n <div class=\"entry\">\n  <p style=\"margin-bottom:4px;\">\n   <a href=\"https:\/\/www.op-online.de\/region\/rodgau\/sattelzug-verunglueckt-auf-glatter-strasse-vollsperrung-nahe-offenbach-unnoetige-fahrten-moeglichst-vermeiden-94177538.html\" target=\"_blank\"><img decoding=\"async\" src=\"https:\/\/www.op-online.de\/assets\/images\/41\/575\/41575731-ein-lkw-fahrer-konnte-das-unglueck-nicht-mehr-verhindern-2401.jpg\" style=\"align:left !important; float:left !important; margin-top:4px !important; margin-right:8px !important; margin-bottom:4px !important; width:90px !important;\" \/><\/a>   Glatte Stra&szlig;en und Schneefall f&uuml;hrten in Offenbach zu vielen Unf&auml;llen. Auf der L3116 geriet ein Sattelschlepper au&szlig;er Kontrolle und &uuml;berschlug sich.<br clear=\"all\" \/>  <\/p>\n  <div><span class=\"my_article_details\"><time datetime=\"2026-02-19\">19.02.2026<\/time> &middot; <a href=\"\/news\/offenbach-aktuell\" title=\"Offenbach heute aktuell\">Offenbach<\/a> &middot; <a href=\"\/news\/rodgau-aktuell\" title=\"Rodgau heute aktuell\">Rodgau<\/a> &middot; <a href=\"\/news\/unfaelle-offenbach-am-main\" title=\"Unf\u00e4lle Offenbach am Main\">Unfall<\/a> &middot; <\/span><a href=\"https:\/\/www.op-online.de\/region\/rodgau\/sattelzug-verunglueckt-auf-glatter-strasse-vollsperrung-nahe-offenbach-unnoetige-fahrten-moeglichst-vermeiden-94177538.html\" title=\"Link zum Artikel auf op-online.de\" target=\"_blank\">op-online.de<\/a><\/div>\n  <b><\/b>\n <\/div>\n <\/article>\n<\/div>\n<div class=\"post\" style=\"margin-bottom:40px;\">\n <article>\n <h2><a name=\"d6c6ce32\" href=\"https:\/\/www.presseportal.de\/blaulicht\/pm\/43561\/6219981\" rel=\"bookmark\" style=\"color:#333333; font-weight:bold;\" title=\"Link zum Artikel auf presseportal.de\" target=\"_blank\">Polizei Offenbach am Main: Pressemeldungen vom 19.02.2026<\/a><\/h2>\n <div class=\"entry\">\n  <p style=\"margin-bottom:4px;\">\n   <a href=\"https:\/\/www.presseportal.de\/blaulicht\/pm\/43561\/6219981\" target=\"_blank\"><img decoding=\"async\" src=\"\/feeds\/gfx\/POL-OF.jpg\" style=\"align:left !important; float:left !important; margin-top:4px !important; margin-right:8px !important; margin-bottom:4px !important; width:90px !important;\" \/><\/a>   ... <b>Rodgau - Am Opel-Pr\u00fcffeld - Unfall: Auto fuhr in Stra\u00dfengraben<\/b> 6.40  ...<br clear=\"all\" \/><\/p><p style=\"margin-top:8px; margin-bottom:4px;\"><a href=\"https:\/\/www.presseportal.de\/blaulicht\/pm\/43561\/6219981\" target=\"_blank\"><img decoding=\"async\" src=\"\/feeds\/gfx\/POL-OF.jpg\" style=\"align:left !important; float:left !important; margin-top:4px !important; margin-right:8px !important; margin-bottom:4px !important; width:90px !important;\" \/><\/a> ... <b>Kilianst\u00e4dten - Verkehrsbehinderung: Lkw an Steigung stecken geblieben  6.41 Uhr - Nidderau - Unfall: Fahrzeug gegen geparktes Auto gefahren<\/b> 6.42  ...<br clear=\"all\" \/><\/p><p style=\"margin-top:8px; margin-bottom:4px;\"><a href=\"https:\/\/www.presseportal.de\/blaulicht\/pm\/43561\/6219981\" target=\"_blank\"><img decoding=\"async\" src=\"\/feeds\/gfx\/POL-OF.jpg\" style=\"align:left !important; float:left !important; margin-top:4px !important; margin-right:8px !important; margin-bottom:4px !important; width:90px !important;\" \/><\/a> ... <b>Neu-Isenburg - Unfall: Verkehrsschild umgefahren  7.00 Uhr - Maintal - Edisonstra\u00dfe - Unfall: Zwei Fahrzeuge fuhren aufeinander auf<\/b> 7.03  ...<br clear=\"all\" \/><\/p><p style=\"margin-top:8px; margin-bottom:4px;\"><a href=\"https:\/\/www.presseportal.de\/blaulicht\/pm\/43561\/6219981\" target=\"_blank\"><img decoding=\"async\" src=\"\/feeds\/gfx\/POL-OF.jpg\" style=\"align:left !important; float:left !important; margin-top:4px !important; margin-right:8px !important; margin-bottom:4px !important; width:90px !important;\" \/><\/a> ... <b>Seligenstadt - Dudenh\u00f6fer Stra\u00dfe - Unfall: Keine polizeiliche Aufnahme<\/b> 7.13  ...<br clear=\"all\" \/><\/p><p style=\"margin-top:8px; margin-bottom:4px;\"><a href=\"https:\/\/www.presseportal.de\/blaulicht\/pm\/43561\/6219981\" target=\"_blank\"><img decoding=\"async\" src=\"\/feeds\/gfx\/POL-OF.jpg\" style=\"align:left !important; float:left !important; margin-top:4px !important; margin-right:8px !important; margin-bottom:4px !important; width:90px !important;\" \/><\/a> ... <b>W\u00fcrzburg - Unfall: Zusammensto\u00df zwischen zwei beteiligten Fahrzeugen  7.25 Uhr - Maintal - B 8 - Unfall: Auto gegen Leitplanke<\/b> 7.31  ...<br clear=\"all\" \/><\/p><p style=\"margin-top:8px; margin-bottom:4px;\"><a href=\"https:\/\/www.presseportal.de\/blaulicht\/pm\/43561\/6219981\" target=\"_blank\"><img decoding=\"async\" src=\"\/feeds\/gfx\/POL-OF.jpg\" style=\"align:left !important; float:left !important; margin-top:4px !important; margin-right:8px !important; margin-bottom:4px !important; width:90px !important;\" \/><\/a> ... <b>Bruchk\u00f6bel - Niederissigheimer Stra\u00dfe - Unfall: Fahrzeug prallte gegen Verkehrszeichen<\/b> 7.32  ...<br clear=\"all\" \/><\/p><p style=\"margin-top:8px; margin-bottom:4px;\"><a href=\"https:\/\/www.presseportal.de\/blaulicht\/pm\/43561\/6219981\" target=\"_blank\"><img decoding=\"async\" src=\"\/feeds\/gfx\/POL-OF.jpg\" style=\"align:left !important; float:left !important; margin-top:4px !important; margin-right:8px !important; margin-bottom:4px !important; width:90px !important;\" \/><\/a> ... <b>Offenbach - Sprendlinger Landstra\u00dfe \/ Beckstra\u00dfe - Unfall: Fahrzeug prallte gegen geparktes Auto<\/b> 7.33  ...<br clear=\"all\" \/><\/p><p style=\"margin-top:8px; margin-bottom:4px;\"><a href=\"https:\/\/www.presseportal.de\/blaulicht\/pm\/43561\/6219981\" target=\"_blank\"><img decoding=\"async\" src=\"\/feeds\/gfx\/POL-OF.jpg\" style=\"align:left !important; float:left !important; margin-top:4px !important; margin-right:8px !important; margin-bottom:4px !important; width:90px !important;\" \/><\/a> ... <b>Graben und st\u00fcrzte um, Bergung voraussichtlich ab 13.00 Uhr  7.40 Uhr - Offenbach - Carl-von-Ossietzky-Stra\u00dfe: Ast fiel auf Fahrzeug<\/b> 7.40  ...<br clear=\"all\" \/><\/p><p style=\"margin-top:8px; margin-bottom:4px;\"><a href=\"https:\/\/www.presseportal.de\/blaulicht\/pm\/43561\/6219981\" target=\"_blank\"><img decoding=\"async\" src=\"\/feeds\/gfx\/POL-OF.jpg\" style=\"align:left !important; float:left !important; margin-top:4px !important; margin-right:8px !important; margin-bottom:4px !important; width:90px !important;\" \/><\/a> ... <b>Hainstadt - L 3416 - Unfall: Zwei Fahrzeuge stie\u00dfen zusammen<\/b> 7.43  ...<br clear=\"all\" \/><\/p><p style=\"margin-top:8px; margin-bottom:4px;\"><a href=\"https:\/\/www.presseportal.de\/blaulicht\/pm\/43561\/6219981\" target=\"_blank\"><img decoding=\"async\" src=\"\/feeds\/gfx\/POL-OF.jpg\" style=\"align:left !important; float:left !important; margin-top:4px !important; margin-right:8px !important; margin-bottom:4px !important; width:90px !important;\" \/><\/a> ... <b>Bus steckte fest und kam nicht mehr weiter  8.01 Uhr - Steinau an der Stra\u00dfe, OT Neustall - Unfall: Fahrzeug im Graben<\/b> 8.03  ...<br clear=\"all\" \/><\/p><p style=\"margin-top:8px; margin-bottom:4px;\"><a href=\"https:\/\/www.presseportal.de\/blaulicht\/pm\/43561\/6219981\" target=\"_blank\"><img decoding=\"async\" src=\"\/feeds\/gfx\/POL-OF.jpg\" style=\"align:left !important; float:left !important; margin-top:4px !important; margin-right:8px !important; margin-bottom:4px !important; width:90px !important;\" \/><\/a> ... <b>Neu-Isenburg - Offenbacher Stra\u00dfe \/ Friedhofstra\u00dfe - Unfall: Kollision auf Abbiegerspur<\/b> 8.14  ...<br clear=\"all\" \/><\/p><p style=\"margin-top:8px; margin-bottom:4px;\"><a href=\"https:\/\/www.presseportal.de\/blaulicht\/pm\/43561\/6219981\" target=\"_blank\"><img decoding=\"async\" src=\"\/feeds\/gfx\/POL-OF.jpg\" style=\"align:left !important; float:left !important; margin-top:4px !important; margin-right:8px !important; margin-bottom:4px !important; width:90px !important;\" \/><\/a> ... <b>Auto, Fahrerin kam verletzt ins Krankenhaus  8.14 Uhr - Langen - A 661, Fahrtrichtung S\u00fcden - Unfall: weiterer Unfall auf der Gegenspur<\/b> 8.16  ...<br clear=\"all\" \/><\/p><p style=\"margin-top:8px; margin-bottom:4px;\"><a href=\"https:\/\/www.presseportal.de\/blaulicht\/pm\/43561\/6219981\" target=\"_blank\"><img decoding=\"async\" src=\"\/feeds\/gfx\/POL-OF.jpg\" style=\"align:left !important; float:left !important; margin-top:4px !important; margin-right:8px !important; margin-bottom:4px !important; width:90px !important;\" \/><\/a> ... <b>Biebergem\u00fcnd -L 3333 - Unfall: Fahrzeug gegen Leitplanke  8.18 Uhr - Rodgau - B 45, Ausfahrt Dudenhofen - Unfall: Lkw im Graben<\/b> 8.27  ...<br clear=\"all\" \/><\/p><p style=\"margin-top:8px; margin-bottom:4px;\"><a href=\"https:\/\/www.presseportal.de\/blaulicht\/pm\/43561\/6219981\" target=\"_blank\"><img decoding=\"async\" src=\"\/feeds\/gfx\/POL-OF.jpg\" style=\"align:left !important; float:left !important; margin-top:4px !important; margin-right:8px !important; margin-bottom:4px !important; width:90px !important;\" \/><\/a> ... <b>B 486 - Unfall: Kollision zwischen mindestens zwei Beteiligten  8.54 Uhr - Birstein - L 3195 - Unfall: umgekippter Lkw im Graben<\/b> 9.07  ...<br clear=\"all\" \/><\/p><p style=\"margin-top:8px; margin-bottom:4px;\"><a href=\"https:\/\/www.presseportal.de\/blaulicht\/pm\/43561\/6219981\" target=\"_blank\"><img decoding=\"async\" src=\"\/feeds\/gfx\/POL-OF.jpg\" style=\"align:left !important; float:left !important; margin-top:4px !important; margin-right:8px !important; margin-bottom:4px !important; width:90px !important;\" \/><\/a> ... <b>Richtung Niederdorfelden  9.15 Uhr - Heusenstamm - A 3 Fahrtrichtung Frankfurt - Unfall: Zusammensto\u00df mindestens zweier Fahrzeuge<\/b> 9.27  ...<br clear=\"all\" \/><\/p><p style=\"margin-top:8px; margin-bottom:4px;\"><a href=\"https:\/\/www.presseportal.de\/blaulicht\/pm\/43561\/6219981\" target=\"_blank\"><img decoding=\"async\" src=\"\/feeds\/gfx\/POL-OF.jpg\" style=\"align:left !important; float:left !important; margin-top:4px !important; margin-right:8px !important; margin-bottom:4px !important; width:90px !important;\" \/><\/a> ... <b>Offenbach - Berliner Stra\u00dfe - Unfall: Personalien wurden ausgetauscht<\/b> 9.47  ...<br clear=\"all\" \/><\/p><p style=\"margin-top:8px; margin-bottom:4px;\"><a href=\"https:\/\/www.presseportal.de\/blaulicht\/pm\/43561\/6219981\" target=\"_blank\"><img decoding=\"async\" src=\"\/feeds\/gfx\/POL-OF.jpg\" style=\"align:left !important; float:left !important; margin-top:4px !important; margin-right:8px !important; margin-bottom:4px !important; width:90px !important;\" \/><\/a> ... <b>Fahrzeug steht quer und blockiert Fahrbahn  9.59 Uhr - Rodgau - B45, Richtung Eppertshausen - Unfall: Auto mehrfach in Leitplanke gerutscht<\/b> 10.02  ...<br clear=\"all\" \/><\/p><p style=\"margin-top:8px; margin-bottom:4px;\"><a href=\"https:\/\/www.presseportal.de\/blaulicht\/pm\/43561\/6219981\" target=\"_blank\"><img decoding=\"async\" src=\"\/feeds\/gfx\/POL-OF.jpg\" style=\"align:left !important; float:left !important; margin-top:4px !important; margin-right:8px !important; margin-bottom:4px !important; width:90px !important;\" \/><\/a> ... <b>Offenbach - Odenwaldring - Unfall: Kollision auf Parkplatz Ring-Center<\/b> 10.13  ...<br clear=\"all\" \/>  <\/p>\n  <div><span class=\"my_article_details\"><time datetime=\"2026-02-19\">19.02.2026<\/time> &middot; <a href=\"\/news\/heusenstamm-aktuell\" title=\"Heusenstamm heute aktuell\">Heusenstamm<\/a> &middot; <a href=\"\/news\/langen-aktuell\" title=\"Langen heute aktuell\">Langen<\/a> &middot; <a href=\"\/news\/neu-isenburg-aktuell\" title=\"Neu-Isenburg heute aktuell\">Neu-Isenburg<\/a> &middot; <a href=\"\/news\/offenbach-aktuell\" title=\"Offenbach heute aktuell\">Offenbach<\/a> &middot; <a href=\"\/news\/polizeieinsaetze-offenbach-am-main\" title=\"Polizeieins\u00e4tze Offenbach am Main\">Polizei<\/a> &middot; <a href=\"\/news\/rodgau-aktuell\" title=\"Rodgau heute aktuell\">Rodgau<\/a> &middot; <a href=\"\/news\/seligenstadt-aktuell\" title=\"Seligenstadt heute aktuell\">Seligenstadt<\/a> &middot; <a href=\"\/news\/unfaelle-offenbach-am-main\" title=\"Unf\u00e4lle Offenbach am Main\">Unfall<\/a> &middot; <\/span><a href=\"https:\/\/www.presseportal.de\/blaulicht\/pm\/43561\/6219981\" title=\"Link zum Artikel auf presseportal.de\" target=\"_blank\">presseportal.de<\/a><\/div>\n  <b><\/b>\n <\/div>\n <\/article>\n<\/div>\n<div class=\"post\" style=\"margin-bottom:40px;\">\n <article>\n <h2><a name=\"1adc8c06\" href=\"https:\/\/www.presseportal.de\/blaulicht\/pm\/43561\/6220112\" rel=\"bookmark\" style=\"color:#333333; font-weight:bold;\" title=\"Link zum Artikel auf presseportal.de\" target=\"_blank\">Polizei Offenbach am Main: Pressemeldungen vom 19.02.2026<\/a><\/h2>\n <div class=\"entry\">\n  <p style=\"margin-bottom:4px;\">\n   <a href=\"https:\/\/www.presseportal.de\/blaulicht\/pm\/43561\/6220112\" target=\"_blank\"><img decoding=\"async\" src=\"\/feeds\/gfx\/POL-OF.jpg\" style=\"align:left !important; float:left !important; margin-top:4px !important; margin-right:8px !important; margin-bottom:4px !important; width:90px !important;\" \/><\/a>   ... <b>6. Fu\u00dfg\u00e4ngerin auf Zebrastreifen angefahren: Fahrerin mit Mercedes fl\u00fcchtete - Langen<\/b>   (me) Die Verkehrsunfallfluchtgruppe des Polizeipr\u00e4sidiums S\u00fcdosthessen sucht derzeit Zeugen einer Kollision zwischen einer 31 Jahre alten Fu\u00dfg\u00e4ngerin und einer Autofahrerin. Nach den derzeitigen Erkenntnissen bog die Mercedes-Lenkerin vom Parkplatz eines ...<br clear=\"all\" \/>  <\/p>\n  <div><span class=\"my_article_details\"><time datetime=\"2026-02-19\">19.02.2026<\/time> &middot; <a href=\"\/news\/langen-aktuell\" title=\"Langen heute aktuell\">Langen<\/a> &middot; <a href=\"\/news\/offenbach-aktuell\" title=\"Offenbach heute aktuell\">Offenbach<\/a> &middot; <a href=\"\/news\/polizeieinsaetze-offenbach-am-main\" title=\"Polizeieins\u00e4tze Offenbach am Main\">Polizei<\/a> &middot; <a href=\"\/news\/unfaelle-offenbach-am-main\" title=\"Unf\u00e4lle Offenbach am Main\">Unfall<\/a> &middot; <\/span><a href=\"https:\/\/www.presseportal.de\/blaulicht\/pm\/43561\/6220112\" title=\"Link zum Artikel auf presseportal.de\" target=\"_blank\">presseportal.de<\/a><\/div>\n  <b><\/b>\n <\/div>\n <\/article>\n<\/div>\n<div class=\"post\" style=\"margin-bottom:40px;\">\n <article>\n <h2><a name=\"239abc3b\" href=\"https:\/\/www.op-online.de\/offenbach\/busfahrer-muss-scooter-ausweichen-rollerfahrer-fluechtet-trotz-unfall-94175390.html\" rel=\"bookmark\" style=\"color:#333333; font-weight:bold;\" title=\"Link zum Artikel auf op-online.de\" target=\"_blank\">Busfahrer muss E-Scooter ausweichen \u2013 Rollerfahrer fl\u00fcchtet trotz Unfall<\/a><\/h2>\n <div class=\"entry\">\n  <p style=\"margin-bottom:4px;\">\n   <a href=\"https:\/\/www.op-online.de\/offenbach\/busfahrer-muss-scooter-ausweichen-rollerfahrer-fluechtet-trotz-unfall-94175390.html\" target=\"_blank\"><img decoding=\"async\" src=\"https:\/\/www.op-online.de\/assets\/images\/41\/558\/41558353-ein-scooter-fahrer-sorgte-durch-sein-unachtsames-verhalten-fuer-einen-verkehrsunfall-in-offenbach-symbolbild-1i01.jpg\" style=\"align:left !important; float:left !important; margin-top:4px !important; margin-right:8px !important; margin-bottom:4px !important; width:90px !important;\" \/><\/a>   Durch sein r&uuml;cksichtsloses Verhalten sorgte ein E-Scooter-Fahrer in Offenbach f&uuml;r einen Verkehrsunfall. Ein Busfahrer musste ausweichen und verlor die Kontrolle &uuml;ber das Fahrzeug.<br clear=\"all\" \/>  <\/p>\n  <div><span class=\"my_article_details\"><time datetime=\"2026-02-18\">18.02.2026<\/time> &middot; <a href=\"\/news\/offenbach-aktuell\" title=\"Offenbach heute aktuell\">Offenbach<\/a> &middot; <a href=\"\/news\/unfaelle-offenbach-am-main\" title=\"Unf\u00e4lle Offenbach am Main\">Unfall<\/a> &middot; <\/span><a href=\"https:\/\/www.op-online.de\/offenbach\/busfahrer-muss-scooter-ausweichen-rollerfahrer-fluechtet-trotz-unfall-94175390.html\" title=\"Link zum Artikel auf op-online.de\" target=\"_blank\">op-online.de<\/a><\/div>\n  <b><\/b>\n <\/div>\n <\/article>\n<\/div>\n<div class=\"post\" style=\"margin-bottom:40px;\">\n <article>\n <h2><a name=\"b9fbd95e\" href=\"https:\/\/www.presseportal.de\/blaulicht\/pm\/43561\/6218842\" rel=\"bookmark\" style=\"color:#333333; font-weight:bold;\" title=\"Link zum Artikel auf presseportal.de\" target=\"_blank\">POL-OF: Ausweichman\u00f6ver eines Linienbusses endet mit Sachschaden: E-Scooter-Fahrer fl\u00fcchtete<\/a><\/h2>\n <div class=\"entry\">\n  <p style=\"margin-bottom:4px;\">\n   <a href=\"https:\/\/www.presseportal.de\/blaulicht\/pm\/43561\/6218842\" target=\"_blank\"><img decoding=\"async\" src=\"\/feeds\/gfx\/POL-OF.jpg\" style=\"align:left !important; float:left !important; margin-top:4px !important; margin-right:8px !important; margin-bottom:4px !important; width:90px !important;\" \/><\/a>   (lei) Ein Schreckmoment f\u00fchrte am Dienstagabend offenbar zu einem Verkehrsunfall im Stadtteil B\u00fcrgel. Der Fahrer eines Linienbusses war dort gegen 20.30 Uhr in der Langstra\u00dfe unterwegs, als nach seiner Aussage pl\u00f6tzlich ein E-Scooter-Fahrer von rechts aus der ...<br clear=\"all\" \/>  <\/p>\n  <div><span class=\"my_article_details\"><time datetime=\"2026-02-18\">18.02.2026<\/time> &middot; <a href=\"\/news\/offenbach-aktuell\" title=\"Offenbach heute aktuell\">Offenbach<\/a> &middot; <a href=\"\/news\/polizeieinsaetze-offenbach-am-main\" title=\"Polizeieins\u00e4tze Offenbach am Main\">Polizei<\/a> &middot; <a href=\"\/news\/unfaelle-offenbach-am-main\" title=\"Unf\u00e4lle Offenbach am Main\">Unfall<\/a> &middot; <\/span><a href=\"https:\/\/www.presseportal.de\/blaulicht\/pm\/43561\/6218842\" title=\"Link zum Artikel auf presseportal.de\" target=\"_blank\">presseportal.de<\/a><\/div>\n  <b><\/b>\n <\/div>\n <\/article>\n<\/div>\n<div class=\"post\" style=\"margin-bottom:40px;\">\n <article>\n <h2><a name=\"66b34942\" href=\"https:\/\/www.presseportal.de\/blaulicht\/pm\/43561\/6218850\" rel=\"bookmark\" style=\"color:#333333; font-weight:bold;\" title=\"Link zum Artikel auf presseportal.de\" target=\"_blank\">POL-OF: Zeugenaufruf nach Unfall mit Rettungswagen<\/a><\/h2>\n <div class=\"entry\">\n  <p style=\"margin-bottom:4px;\">\n   <a href=\"https:\/\/www.presseportal.de\/blaulicht\/pm\/43561\/6218850\" target=\"_blank\"><img decoding=\"async\" src=\"\/feeds\/gfx\/POL-OF.jpg\" style=\"align:left !important; float:left !important; margin-top:4px !important; margin-right:8px !important; margin-bottom:4px !important; width:90px !important;\" \/><\/a>   Seligenstadt  (ots)      (lei) Nach dem folgenreichen Zusammensto\u00df zwischen einem Rettungswagen und einem Mini Cooper am Dienstagnachmittag bei Seligenstadt (wir berichteten:  https:\/\/www.presseportal.de\/blaulicht\/pm\/43561\/6218777 ), sucht die Polizei Zeugen ...<br clear=\"all\" \/>  <\/p>\n  <div><span class=\"my_article_details\"><time datetime=\"2026-02-18\">18.02.2026<\/time> &middot; <a href=\"\/news\/polizeieinsaetze-offenbach-am-main\" title=\"Polizeieins\u00e4tze Offenbach am Main\">Polizei<\/a> &middot; <a href=\"\/news\/seligenstadt-aktuell\" title=\"Seligenstadt heute aktuell\">Seligenstadt<\/a> &middot; <a href=\"\/news\/unfaelle-offenbach-am-main\" title=\"Unf\u00e4lle Offenbach am Main\">Unfall<\/a> &middot; <\/span><a href=\"https:\/\/www.presseportal.de\/blaulicht\/pm\/43561\/6218850\" title=\"Link zum Artikel auf presseportal.de\" target=\"_blank\">presseportal.de<\/a><\/div>\n  <b><\/b>\n <\/div>\n <\/article>\n<\/div>\n<div class=\"post\" style=\"margin-bottom:40px;\">\n <article>\n <h2><a name=\"774f73f0\" href=\"https:\/\/www.presseportal.de\/blaulicht\/pm\/43561\/6219343\" rel=\"bookmark\" style=\"color:#333333; font-weight:bold;\" title=\"Link zum Artikel auf presseportal.de\" target=\"_blank\">Polizei Offenbach am Main: Pressemeldungen vom 18.02.2026<\/a><\/h2>\n <div class=\"entry\">\n  <p style=\"margin-bottom:4px;\">\n   <a href=\"https:\/\/www.presseportal.de\/blaulicht\/pm\/43561\/6219343\" target=\"_blank\"><img decoding=\"async\" src=\"\/feeds\/gfx\/POL-OF.jpg\" style=\"align:left !important; float:left !important; margin-top:4px !important; margin-right:8px !important; margin-bottom:4px !important; width:90px !important;\" \/><\/a>   ... <b>8. Unfall vermutlich durch Fehler beim Fahrspurwechsel - Autobahn 3 \/ Anschlussstelle Hanau<\/b>   (cb) Am Dienstagabend kam es auf der Autobahn 3 in Fahrtrichtung W\u00fcrzburg zu einem Unfall, bei dem ein Gesamtsachschaden von sch\u00e4tzungsweise 13.800 Euro entstand. Nach dem derzeitigen Stand der Erkenntnisse wollte ein 63 Jahre alter Wohnmobilfahrer gegen ...<br clear=\"all\" \/>  <\/p>\n  <div><span class=\"my_article_details\"><time datetime=\"2026-02-18\">18.02.2026<\/time> &middot; <a href=\"\/news\/polizeieinsaetze-offenbach-am-main\" title=\"Polizeieins\u00e4tze Offenbach am Main\">Polizei<\/a> &middot; <a href=\"\/news\/seligenstadt-aktuell\" title=\"Seligenstadt heute aktuell\">Seligenstadt<\/a> &middot; <a href=\"\/news\/unfaelle-offenbach-am-main\" title=\"Unf\u00e4lle Offenbach am Main\">Unfall<\/a> &middot; <\/span><a href=\"https:\/\/www.presseportal.de\/blaulicht\/pm\/43561\/6219343\" title=\"Link zum Artikel auf presseportal.de\" target=\"_blank\">presseportal.de<\/a><\/div>\n  <b><\/b>\n <\/div>\n <\/article>\n<\/div>\n<div class=\"post\" style=\"margin-bottom:40px;\">\n <article>\n <h2><a name=\"bf559961\" href=\"https:\/\/www.hessenschau.de\/panorama\/rettungswagen-und-ampel-bei-unfall-in-seligenstadt-umgekippt-v1,unfall-rettungswagen-seligenstadt-100.html\" rel=\"bookmark\" style=\"color:#333333; font-weight:bold;\" title=\"Link zum Artikel auf hessenschau.de\" target=\"_blank\">Rettungswagen und Ampel bei Unfall in Seligenstadt umgekippt<\/a><\/h2>\n <div class=\"entry\">\n  <p style=\"margin-bottom:4px;\">\n   <a href=\"https:\/\/www.hessenschau.de\/panorama\/rettungswagen-und-ampel-bei-unfall-in-seligenstadt-umgekippt-v1,unfall-rettungswagen-seligenstadt-100.html\" target=\"_blank\"><img decoding=\"async\" src=\"https:\/\/www.hessenschau.de\/panorama\/rtw-unfall-104~_t-1771350288583_v-16to9.jpg\" style=\"align:left !important; float:left !important; margin-top:4px !important; margin-right:8px !important; margin-bottom:4px !important; width:90px !important;\" \/><\/a>   Bei einem Zusammensto&szlig; mit einem Auto ist ein Rettungswagen in Seligenstadt umgekippt. Eine Ampel st&uuml;rzte ebenfalls um - und besch&auml;digte dabei auch noch einen Lastwagen. Es gab mehrere Verletzte. ...<br clear=\"all\" \/>  <\/p>\n  <div><span class=\"my_article_details\"><time datetime=\"2026-02-17\">17.02.2026<\/time> &middot; <a href=\"\/news\/seligenstadt-aktuell\" title=\"Seligenstadt heute aktuell\">Seligenstadt<\/a> &middot; <a href=\"\/news\/unfaelle-offenbach-am-main\" title=\"Unf\u00e4lle Offenbach am Main\">Unfall<\/a> &middot; <\/span><a href=\"https:\/\/www.hessenschau.de\/panorama\/rettungswagen-und-ampel-bei-unfall-in-seligenstadt-umgekippt-v1,unfall-rettungswagen-seligenstadt-100.html\" title=\"Link zum Artikel auf hessenschau.de\" target=\"_blank\">hessenschau.de<\/a><\/div>\n  <b><\/b>\n <\/div>\n <\/article>\n<\/div>\n<div class=\"post\" style=\"margin-bottom:40px;\">\n <article>\n <h2><a name=\"074913e1\" href=\"https:\/\/www.op-online.de\/region\/seligenstadt\/rettungswagen-kippt-auf-kreuzung-um-die-bilder-von-der-unfallstelle-94174900.html\" rel=\"bookmark\" style=\"color:#333333; font-weight:bold;\" title=\"Link zum Artikel auf op-online.de\" target=\"_blank\">Rettungswagen kippt auf Kreuzung um \u2013 die Bilder von der Unfallstelle<\/a><\/h2>\n <div class=\"entry\">\n  <p style=\"margin-bottom:4px;\">\n   <a href=\"https:\/\/www.op-online.de\/region\/seligenstadt\/rettungswagen-kippt-auf-kreuzung-um-die-bilder-von-der-unfallstelle-94174900.html\" target=\"_blank\"><img decoding=\"async\" src=\"https:\/\/www.op-online.de\/assets\/images\/41\/555\/41555547-5vision-news-3701.jpg\" style=\"align:left !important; float:left !important; margin-top:4px !important; margin-right:8px !important; margin-bottom:4px !important; width:90px !important;\" \/><\/a>   Die Einsatzfahrt eines Rettungswagens in Seligenstadt endet dramatisch. Mit einer Patientin an Bord kippt das Fahrzeug nach einer Kollision mit einem Auto auf einer Kreuzung um. Mehrere Personen werden verletzt.<br clear=\"all\" \/>  <\/p>\n  <div><span class=\"my_article_details\"><time datetime=\"2026-02-17\">17.02.2026<\/time> &middot; <a href=\"\/news\/seligenstadt-aktuell\" title=\"Seligenstadt heute aktuell\">Seligenstadt<\/a> &middot; <a href=\"\/news\/unfaelle-offenbach-am-main\" title=\"Unf\u00e4lle Offenbach am Main\">Unfall<\/a> &middot; <\/span><a href=\"https:\/\/www.op-online.de\/region\/seligenstadt\/rettungswagen-kippt-auf-kreuzung-um-die-bilder-von-der-unfallstelle-94174900.html\" title=\"Link zum Artikel auf op-online.de\" target=\"_blank\">op-online.de<\/a><\/div>\n  <b><\/b>\n <\/div>\n <\/article>\n<\/div>\n<div class=\"post\" style=\"margin-bottom:40px;\">\n <article>\n <h2><a name=\"40fc665e\" href=\"https:\/\/www.op-online.de\/region\/seligenstadt\/dramatischer-unfall-bei-blaulichtfahrt-rettungswagen-kippt-um-mit-patientin-an-bord-94174842.html\" rel=\"bookmark\" style=\"color:#333333; font-weight:bold;\" title=\"Link zum Artikel auf op-online.de\" target=\"_blank\">Dramatischer Unfall bei Blaulichtfahrt: Rettungswagen kippt um \u2013 mit Patientin an Bord<\/a><\/h2>\n <div class=\"entry\">\n  <p style=\"margin-bottom:4px;\">\n   <a href=\"https:\/\/www.op-online.de\/region\/seligenstadt\/dramatischer-unfall-bei-blaulichtfahrt-rettungswagen-kippt-um-mit-patientin-an-bord-94174842.html\" target=\"_blank\"><img decoding=\"async\" src=\"https:\/\/www.op-online.de\/assets\/images\/41\/555\/41555318-der-krankenwagen-kippte-nach-einem-zusammenprall-mit-einem-auto-auf-der-kreuzung-um-3v01.jpg\" style=\"align:left !important; float:left !important; margin-top:4px !important; margin-right:8px !important; margin-bottom:4px !important; width:90px !important;\" \/><\/a>   Der Rettungswagen in Seligenstadt war mit Blaulicht bei Rot auf eine Kreuzung gefahren. Beim Zusammensto&szlig; mit einem Auto kippte das Fahrzeug um.<br clear=\"all\" \/>  <\/p>\n  <div><span class=\"my_article_details\"><time datetime=\"2026-02-17\">17.02.2026<\/time> &middot; <a href=\"\/news\/seligenstadt-aktuell\" title=\"Seligenstadt heute aktuell\">Seligenstadt<\/a> &middot; <a href=\"\/news\/unfaelle-offenbach-am-main\" title=\"Unf\u00e4lle Offenbach am Main\">Unfall<\/a> &middot; <\/span><a href=\"https:\/\/www.op-online.de\/region\/seligenstadt\/dramatischer-unfall-bei-blaulichtfahrt-rettungswagen-kippt-um-mit-patientin-an-bord-94174842.html\" title=\"Link zum Artikel auf op-online.de\" target=\"_blank\">op-online.de<\/a><\/div>\n  <b><\/b>\n <\/div>\n <\/article>\n<\/div>\n<div class=\"post\" style=\"margin-bottom:40px;\">\n <article>\n <h2><a name=\"387961f4\" href=\"https:\/\/www.hessenschau.de\/panorama\/faschingsumzug-in-muehlheim-mann-stuerzt-von-wagen--lebensgefahr-v2,unfall-fastnachtswagen-100.html\" rel=\"bookmark\" style=\"color:#333333; font-weight:bold;\" title=\"Link zum Artikel auf hessenschau.de\" target=\"_blank\">Faschingsumzug in M\u00fchlheim: Mann st\u00fcrzt von Wagen \u2013 Lebensgefahr<\/a><\/h2>\n <div class=\"entry\">\n  <p style=\"margin-bottom:4px;\">\n   <a href=\"https:\/\/www.hessenschau.de\/panorama\/faschingsumzug-in-muehlheim-mann-stuerzt-von-wagen--lebensgefahr-v2,unfall-fastnachtswagen-100.html\" target=\"_blank\"><img decoding=\"async\" src=\"https:\/\/www.hessenschau.de\/panorama\/rettungshubschrauber-112~_t-1713012960421_v-16to9.jpg\" style=\"align:left !important; float:left !important; margin-top:4px !important; margin-right:8px !important; margin-bottom:4px !important; width:90px !important;\" \/><\/a>   Tragisches Ende einer fr&ouml;hlichen Feier: Nach dem Rosenmontagsumzug in M&uuml;hlheim am Main ist ein Mann von einem der Umzugswagen gest&uuml;rzt und lebensgef&auml;hrlich verletzt worden. ...<br clear=\"all\" \/>  <\/p>\n  <div><span class=\"my_article_details\"><time datetime=\"2026-02-17\">17.02.2026<\/time> &middot; <a href=\"\/news\/muehlheim-aktuell\" title=\"M\u00fchlheim heute aktuell\">M\u00fchlheim<\/a> &middot; <a href=\"\/news\/unfaelle-offenbach-am-main\" title=\"Unf\u00e4lle Offenbach am Main\">Unfall<\/a> &middot; <\/span><a href=\"https:\/\/www.hessenschau.de\/panorama\/faschingsumzug-in-muehlheim-mann-stuerzt-von-wagen--lebensgefahr-v2,unfall-fastnachtswagen-100.html\" title=\"Link zum Artikel auf hessenschau.de\" target=\"_blank\">hessenschau.de<\/a><\/div>\n  <b><\/b>\n <\/div>\n <\/article>\n<\/div>\n<div class=\"post\" style=\"margin-bottom:40px;\">\n <article>\n <h2><a name=\"3ff02fc8\" href=\"https:\/\/www.presseportal.de\/blaulicht\/pm\/43561\/6218193\" rel=\"bookmark\" style=\"color:#333333; font-weight:bold;\" title=\"Link zum Artikel auf presseportal.de\" target=\"_blank\">POL-OF: Rosenmontagsumz\u00fcge: Vereinzelt polizeiliches Einschreiten n\u00f6tig<\/a><\/h2>\n <div class=\"entry\">\n  <p style=\"margin-bottom:4px;\">\n   <a href=\"https:\/\/www.presseportal.de\/blaulicht\/pm\/43561\/6218193\" target=\"_blank\"><img decoding=\"async\" src=\"\/feeds\/gfx\/POL-OF.jpg\" style=\"align:left !important; float:left !important; margin-top:4px !important; margin-right:8px !important; margin-bottom:4px !important; width:90px !important;\" \/><\/a>   Seligenstadt \/ M\u00fchlheim am Main \/ Bad Orb  (ots)       (lei) Zehntausende Menschen haben bei den gro\u00dfen Rosenmontagsumz\u00fcge im Bereich des Polizeipr\u00e4sidiums S\u00fcdosthessen die Stra\u00dfen ges\u00e4umt und ausgelassen gefeiert.    Wie in den vergangenen Jahren war die Polizei ...<br clear=\"all\" \/>  <\/p>\n  <div><span class=\"my_article_details\"><time datetime=\"2026-02-17\">17.02.2026<\/time> &middot; <a href=\"\/news\/muehlheim-aktuell\" title=\"M\u00fchlheim heute aktuell\">M\u00fchlheim<\/a> &middot; <a href=\"\/news\/polizeieinsaetze-offenbach-am-main\" title=\"Polizeieins\u00e4tze Offenbach am Main\">Polizei<\/a> &middot; <a href=\"\/news\/seligenstadt-aktuell\" title=\"Seligenstadt heute aktuell\">Seligenstadt<\/a> &middot; <a href=\"\/news\/unfaelle-offenbach-am-main\" title=\"Unf\u00e4lle Offenbach am Main\">Unfall<\/a> &middot; <\/span><a href=\"https:\/\/www.presseportal.de\/blaulicht\/pm\/43561\/6218193\" title=\"Link zum Artikel auf presseportal.de\" target=\"_blank\">presseportal.de<\/a><\/div>\n  <b><\/b>\n <\/div>\n <\/article>\n<\/div>\n<div class=\"post\" style=\"margin-bottom:40px;\">\n <article>\n <h2><a name=\"cc1e5184\" href=\"https:\/\/www.op-online.de\/region\/muehlheim\/unglueck-ueberschattet-fastnachtszug-mann-stuerzt-von-festwagen-94173214.html\" rel=\"bookmark\" style=\"color:#333333; font-weight:bold;\" title=\"Link zum Artikel auf op-online.de\" target=\"_blank\">Lebensgef\u00e4hrlich verletzt: Mann st\u00fcrzt bei Faschingsumzug vom Festwagen \u2013 Polizei mit Update<\/a><\/h2>\n <div class=\"entry\">\n  <p style=\"margin-bottom:4px;\">\n   <a href=\"https:\/\/www.op-online.de\/region\/muehlheim\/unglueck-ueberschattet-fastnachtszug-mann-stuerzt-von-festwagen-94173214.html\" target=\"_blank\"><img decoding=\"async\" src=\"https:\/\/www.op-online.de\/assets\/images\/41\/538\/41538930-ein-mann-stuerzte-am-rosenmontag-von-einem-umzugswagen-in-muehlheim-er-wurde-mit-lebensbedrohlichen-verletzungen-in-ein-krankenhaus-geflogen-2301.jpg\" style=\"align:left !important; float:left !important; margin-top:4px !important; margin-right:8px !important; margin-bottom:4px !important; width:90px !important;\" \/><\/a>   Der Rosenmontagszug in M&uuml;hlheim endete mit einem schweren Unfall. Ein Mann st&uuml;rzte von einem Wagen und trug lebensgef&auml;hrliche Verletzungen davon.<br clear=\"all\" \/>  <\/p>\n  <div><span class=\"my_article_details\"><time datetime=\"2026-02-16\">16.02.2026<\/time> &middot; <a href=\"\/news\/muehlheim-aktuell\" title=\"M\u00fchlheim heute aktuell\">M\u00fchlheim<\/a> &middot; <a href=\"\/news\/polizeieinsaetze-offenbach-am-main\" title=\"Polizeieins\u00e4tze Offenbach am Main\">Polizei<\/a> &middot; <a href=\"\/news\/unfaelle-offenbach-am-main\" title=\"Unf\u00e4lle Offenbach am Main\">Unfall<\/a> &middot; <\/span><a href=\"https:\/\/www.op-online.de\/region\/muehlheim\/unglueck-ueberschattet-fastnachtszug-mann-stuerzt-von-festwagen-94173214.html\" title=\"Link zum Artikel auf op-online.de\" target=\"_blank\">op-online.de<\/a><\/div>\n  <b><\/b>\n <\/div>\n <\/article>\n<\/div>\n<div class=\"post\" style=\"margin-bottom:40px;\">\n <article>\n <h2><a name=\"9def0d83\" href=\"https:\/\/www.presseportal.de\/blaulicht\/pm\/43561\/6216776\" rel=\"bookmark\" style=\"color:#333333; font-weight:bold;\" title=\"Link zum Artikel auf presseportal.de\" target=\"_blank\">POL-OF: Unfall mit vier Leichtverletzten<\/a><\/h2>\n <div class=\"entry\">\n  <p style=\"margin-bottom:4px;\">\n   <a href=\"https:\/\/www.presseportal.de\/blaulicht\/pm\/43561\/6216776\" target=\"_blank\"><img decoding=\"async\" src=\"\/feeds\/gfx\/POL-OF.jpg\" style=\"align:left !important; float:left !important; margin-top:4px !important; margin-right:8px !important; margin-bottom:4px !important; width:90px !important;\" \/><\/a>   Neu-Isenburg  (ots)      Freitagabend, gegen 19:20 Uhr, endete ein Abbiegeman\u00f6ver auf der Frankfurter Stra\u00dfe mit vier Leichtverletzten und einem Sachschaden von etwa 9000 Euro.  Die 60-j\u00e4hrige Fahrerin eines roten Skodas bog von der Hauptstra\u00dfe nach links in ...<br clear=\"all\" \/>  <\/p>\n  <div><span class=\"my_article_details\"><time datetime=\"2026-02-14\">14.02.2026<\/time> &middot; <a href=\"\/news\/neu-isenburg-aktuell\" title=\"Neu-Isenburg heute aktuell\">Neu-Isenburg<\/a> &middot; <a href=\"\/news\/polizeieinsaetze-offenbach-am-main\" title=\"Polizeieins\u00e4tze Offenbach am Main\">Polizei<\/a> &middot; <a href=\"\/news\/unfaelle-offenbach-am-main\" title=\"Unf\u00e4lle Offenbach am Main\">Unfall<\/a> &middot; <\/span><a href=\"https:\/\/www.presseportal.de\/blaulicht\/pm\/43561\/6216776\" title=\"Link zum Artikel auf presseportal.de\" target=\"_blank\">presseportal.de<\/a><\/div>\n  <b><\/b>\n <\/div>\n <\/article>\n<\/div>\n<div class=\"post\" style=\"margin-bottom:40px;\">\n <article>\n <h2><a name=\"f7a6ce33\" href=\"https:\/\/www.presseportal.de\/blaulicht\/pm\/43561\/6216408\" rel=\"bookmark\" style=\"color:#333333; font-weight:bold;\" title=\"Link zum Artikel auf presseportal.de\" target=\"_blank\">POL-OF: Orts\u00fcbergreifende Verkehrskontrollen zur \"Weiberfastnacht\" - Schwerpunkt Alkohol und Drogen<\/a><\/h2>\n <div class=\"entry\">\n  <p style=\"margin-bottom:4px;\">\n   <a href=\"https:\/\/www.presseportal.de\/blaulicht\/pm\/43561\/6216408\" target=\"_blank\"><img decoding=\"async\" src=\"\/feeds\/gfx\/POL-OF.jpg\" style=\"align:left !important; float:left !important; margin-top:4px !important; margin-right:8px !important; margin-bottom:4px !important; width:90px !important;\" \/><\/a>   Landkreis Offenbach  (ots)      (js) Anl\u00e4sslich der Faschingszeit f\u00fchrte die Polizei am Donnerstagabend, in der Zeit von 18 Uhr bis 2 Uhr des Folgetages, umfangreiche orts\u00fcbergreifende Verkehrskontrollen mit dem Schwerpunkt Alkohol und Drogen im Stra\u00dfenverkehr ...<br clear=\"all\" \/>  <\/p>\n  <div><span class=\"my_article_details\"><time datetime=\"2026-02-13\">13.02.2026<\/time> &middot; <a href=\"\/news\/dreieich-aktuell\" title=\"Dreieich heute aktuell\">Dreieich<\/a> &middot; <a href=\"\/news\/egelsbach-aktuell\" title=\"Egelsbach heute aktuell\">Egelsbach<\/a> &middot; <a href=\"\/news\/heusenstamm-aktuell\" title=\"Heusenstamm heute aktuell\">Heusenstamm<\/a> &middot; <a href=\"\/news\/unfaelle-offenbach-am-main\" title=\"Unf\u00e4lle Offenbach am Main\">Unfall<\/a> &middot; <\/span><a href=\"https:\/\/www.presseportal.de\/blaulicht\/pm\/43561\/6216408\" title=\"Link zum Artikel auf presseportal.de\" target=\"_blank\">presseportal.de<\/a><\/div>\n  <b><\/b>\n <\/div>\n <\/article>\n<\/div>\n<div class=\"post\" style=\"margin-bottom:40px;\">\n <article>\n <h2><a name=\"06669479\" href=\"https:\/\/www.op-online.de\/region\/obertshausen\/vollsperrung-mann-wird-auf-a3-von-hyundai-erfasst-und-toedlich-verletzt-94167837.html\" rel=\"bookmark\" style=\"color:#333333; font-weight:bold;\" title=\"Link zum Artikel auf op-online.de\" target=\"_blank\">Pl\u00f6tzlich tritt Mann auf A3-Fahrbahn: T\u00f6dlicher Unfall \u2013 Feuerwehr kritisiert Lkw-Fahrer<\/a><\/h2>\n <div class=\"entry\">\n  <p style=\"margin-bottom:4px;\">\n   <a href=\"https:\/\/www.op-online.de\/region\/obertshausen\/vollsperrung-mann-wird-auf-a3-von-hyundai-erfasst-und-toedlich-verletzt-94167837.html\" target=\"_blank\"><img decoding=\"async\" src=\"https:\/\/www.op-online.de\/assets\/images\/41\/484\/41484175-ein-mann-ueberlebte-den-unfall-auf-der-a3-bei-obertshausen-nicht-2b01.jpg\" style=\"align:left !important; float:left !important; margin-top:4px !important; margin-right:8px !important; margin-bottom:4px !important; width:90px !important;\" \/><\/a>   Ein Mann wird bei einem Unfall auf der A3 bei Obertshausen t&ouml;dlich verletzt. Er war wohl zu Fu&szlig; auf der Autobahn unterwegs. Der Bereich ist am Abend voll gesperrt.<br clear=\"all\" \/>  <\/p>\n  <div><span class=\"my_article_details\"><time datetime=\"2026-02-12\">12.02.2026<\/time> &middot; <a href=\"\/news\/braende-offenbach-am-main\" title=\"Br\u00e4nde Offenbach am Main\">Feuerwehr<\/a> &middot; <a href=\"\/news\/obertshausen-aktuell\" title=\"Obertshausen heute aktuell\">Obertshausen<\/a> &middot; <a href=\"\/news\/unfaelle-offenbach-am-main\" title=\"Unf\u00e4lle Offenbach am Main\">Unfall<\/a> &middot; <\/span><a href=\"https:\/\/www.op-online.de\/region\/obertshausen\/vollsperrung-mann-wird-auf-a3-von-hyundai-erfasst-und-toedlich-verletzt-94167837.html\" title=\"Link zum Artikel auf op-online.de\" target=\"_blank\">op-online.de<\/a><\/div>\n  <b><\/b>\n <\/div>\n <\/article>\n<\/div>\n<div class=\"post\" style=\"margin-bottom:40px;\">\n <article>\n <h2><a name=\"f399ae86\" href=\"https:\/\/www.presseportal.de\/blaulicht\/pm\/43561\/6215727\" rel=\"bookmark\" style=\"color:#333333; font-weight:bold;\" title=\"Link zum Artikel auf presseportal.de\" target=\"_blank\">Polizei Offenbach am Main: Pressemeldungen vom 12.02.2026<\/a><\/h2>\n <div class=\"entry\">\n  <p style=\"margin-bottom:4px;\">\n   <a href=\"https:\/\/www.presseportal.de\/blaulicht\/pm\/43561\/6215727\" target=\"_blank\"><img decoding=\"async\" src=\"\/feeds\/gfx\/POL-OF.jpg\" style=\"align:left !important; float:left !important; margin-top:4px !important; margin-right:8px !important; margin-bottom:4px !important; width:90px !important;\" \/><\/a>   ... <b>1. Wohl unter dem Einfluss von Rauschmitteln unterwegs: Unfallfahrerin soll Widerstand geleistet haben - Offenbach<\/b>     (js) Erst verunfallt und anschlie\u00dfend Widerstand geleistet. Am Mittwochvormittag, gegen 12 Uhr, soll eine 26-j\u00e4hrige Mercedesfahrerin in der Mathildenstra\u00dfe (30er-Hausnummern) die Kontrolle \u00fcber ihr Auto verloren haben und anschlie\u00dfend von der Fahrbahn ...<br clear=\"all\" \/>  <\/p>\n  <div><span class=\"my_article_details\"><time datetime=\"2026-02-12\">12.02.2026<\/time> &middot; <a href=\"\/news\/offenbach-aktuell\" title=\"Offenbach heute aktuell\">Offenbach<\/a> &middot; <a href=\"\/news\/polizeieinsaetze-offenbach-am-main\" title=\"Polizeieins\u00e4tze Offenbach am Main\">Polizei<\/a> &middot; <a href=\"\/news\/unfaelle-offenbach-am-main\" title=\"Unf\u00e4lle Offenbach am Main\">Unfall<\/a> &middot; <\/span><a href=\"https:\/\/www.presseportal.de\/blaulicht\/pm\/43561\/6215727\" title=\"Link zum Artikel auf presseportal.de\" target=\"_blank\">presseportal.de<\/a><\/div>\n  <b><\/b>\n <\/div>\n <\/article>\n<\/div>\n<div class=\"post\" style=\"margin-bottom:40px;\">\n <article>\n <h2><a name=\"46b0fc16\" href=\"https:\/\/www.presseportal.de\/blaulicht\/pm\/43561\/6214968\" rel=\"bookmark\" style=\"color:#333333; font-weight:bold;\" title=\"Link zum Artikel auf presseportal.de\" target=\"_blank\">Polizei Offenbach am Main: Pressemeldungen vom 11.02.2026<\/a><\/h2>\n <div class=\"entry\">\n  <p style=\"margin-bottom:4px;\">\n   <a href=\"https:\/\/www.presseportal.de\/blaulicht\/pm\/43561\/6214968\" target=\"_blank\"><img decoding=\"async\" src=\"\/feeds\/gfx\/POL-OF.jpg\" style=\"align:left !important; float:left !important; margin-top:4px !important; margin-right:8px !important; margin-bottom:4px !important; width:90px !important;\" \/><\/a>   ... <b>6. Zeugensuche nach Unfall im Kreuzungsbereich - Dietzenbach<\/b>     (cb) Ein Gesamtsachschaden von etwa 8.000 Euro entstand an einem wei\u00dfen Daimler und einem grauen Suzuki nach einem Unfall am Montagnachmittag an einem ampelgeschalteten Kreuzungsbereich. Kurz nach 15 Uhr beabsichtigte der Daimler-Fahrer von der Velizystra\u00dfe ...<br clear=\"all\" \/><\/p><p style=\"margin-top:8px; margin-bottom:4px;\"><a href=\"https:\/\/www.presseportal.de\/blaulicht\/pm\/43561\/6214968\" target=\"_blank\"><img decoding=\"async\" src=\"\/feeds\/gfx\/POL-OF.jpg\" style=\"align:left !important; float:left !important; margin-top:4px !important; margin-right:8px !important; margin-bottom:4px !important; width:90px !important;\" \/><\/a> ... <b>7. Zeugensuche nach Zusammensto\u00df im Kreuzungsbereich - Neu-Isenburg<\/b>     (me) Die Polizei aus Neu-Isenburg sucht weiterhin nach Zeugen eines Zusammensto\u00dfes, der sich bereits am Morgen des 21. Januar ereignete. Nach den bisherigen Erkenntnissen befuhr ein Golf-Lenker gegen 6 Uhr die Landesstra\u00dfe 3262 von der Autobahn 5 kommend ...<br clear=\"all\" \/><\/p><p style=\"margin-top:8px; margin-bottom:4px;\"><a href=\"https:\/\/www.presseportal.de\/blaulicht\/pm\/43561\/6214968\" target=\"_blank\"><img decoding=\"async\" src=\"\/feeds\/gfx\/POL-OF.jpg\" style=\"align:left !important; float:left !important; margin-top:4px !important; margin-right:8px !important; margin-bottom:4px !important; width:90px !important;\" \/><\/a> ... <b>8. Senior bei Zusammensto\u00df mit Auto schwer verletzt - Neu-Isenburg<\/b>     (me) Bei einem Verkehrsunfall am Dienstabend im Ortsteil Gravenbruch wurde ein Senior schwer verletzt. Nach den bisherigen Erkenntnissen befuhr der \u00e4ltere Herr auf seinem Kickboard gegen 20 Uhr die Stra\u00dfe \"Am Forsthaus Gravenbruch\" und wurde offenbar von ...<br clear=\"all\" \/>  <\/p>\n  <div><span class=\"my_article_details\"><time datetime=\"2026-02-11\">11.02.2026<\/time> &middot; <a href=\"\/news\/dietzenbach-aktuell\" title=\"Dietzenbach heute aktuell\">Dietzenbach<\/a> &middot; <a href=\"\/news\/neu-isenburg-aktuell\" title=\"Neu-Isenburg heute aktuell\">Neu-Isenburg<\/a> &middot; <a href=\"\/news\/polizeieinsaetze-offenbach-am-main\" title=\"Polizeieins\u00e4tze Offenbach am Main\">Polizei<\/a> &middot; <a href=\"\/news\/unfaelle-offenbach-am-main\" title=\"Unf\u00e4lle Offenbach am Main\">Unfall<\/a> &middot; <\/span><a href=\"https:\/\/www.presseportal.de\/blaulicht\/pm\/43561\/6214968\" title=\"Link zum Artikel auf presseportal.de\" target=\"_blank\">presseportal.de<\/a><\/div>\n  <b><\/b>\n <\/div>\n <\/article>\n<\/div>\n<div class=\"post\" style=\"margin-bottom:40px;\">\n <article>\n <h2><a name=\"612360f8\" href=\"https:\/\/www.op-online.de\/region\/obertshausen\/verkehrschaos-auf-a3-schwerer-unfall-sorgt-fuer-kilometerlangen-stau-94162552.html\" rel=\"bookmark\" style=\"color:#333333; font-weight:bold;\" title=\"Link zum Artikel auf op-online.de\" target=\"_blank\">Verkehrschaos auf A3: Schwerer Unfall sorgt f\u00fcr kilometerlangen Stau<\/a><\/h2>\n <div class=\"entry\">\n  <p style=\"margin-bottom:4px;\">\n   <a href=\"https:\/\/www.op-online.de\/region\/obertshausen\/verkehrschaos-auf-a3-schwerer-unfall-sorgt-fuer-kilometerlangen-stau-94162552.html\" target=\"_blank\"><img decoding=\"async\" src=\"https:\/\/www.op-online.de\/assets\/images\/41\/379\/41379976-winterwetter-in-mecklenburg-vorpommern-V01.jpg\" style=\"align:left !important; float:left !important; margin-top:4px !important; margin-right:8px !important; margin-bottom:4px !important; width:90px !important;\" \/><\/a>   Auf der A3 Richtung Frankfurt kommt es am Dienstagmorgen zu Staus. Nahe Obertshausen kollidierten kurz vor 7 Uhr vier Autos. Zwei Menschen wurden verletzt, Details sind noch offen.<br clear=\"all\" \/>  <\/p>\n  <div><span class=\"my_article_details\"><time datetime=\"2026-02-10\">10.02.2026<\/time> &middot; <a href=\"\/news\/langen-aktuell\" title=\"Langen heute aktuell\">Langen<\/a> &middot; <a href=\"\/news\/obertshausen-aktuell\" title=\"Obertshausen heute aktuell\">Obertshausen<\/a> &middot; <a href=\"\/news\/unfaelle-offenbach-am-main\" title=\"Unf\u00e4lle Offenbach am Main\">Unfall<\/a> &middot; <\/span><a href=\"https:\/\/www.op-online.de\/region\/obertshausen\/verkehrschaos-auf-a3-schwerer-unfall-sorgt-fuer-kilometerlangen-stau-94162552.html\" title=\"Link zum Artikel auf op-online.de\" target=\"_blank\">op-online.de<\/a><\/div>\n  <b><\/b>\n <\/div>\n <\/article>\n<\/div>\n<div class=\"post\" style=\"margin-bottom:40px;\">\n <article>\n <h2><a name=\"1a7c6371\" href=\"https:\/\/www.presseportal.de\/blaulicht\/pm\/43561\/6213721\" rel=\"bookmark\" style=\"color:#333333; font-weight:bold;\" title=\"Link zum Artikel auf presseportal.de\" target=\"_blank\">POL-OF: Erhebliche Verkehrsbehinderungen nach Unfall mit vier Beteiligten<\/a><\/h2>\n <div class=\"entry\">\n  <p style=\"margin-bottom:4px;\">\n   <a href=\"https:\/\/www.presseportal.de\/blaulicht\/pm\/43561\/6213721\" target=\"_blank\"><img decoding=\"async\" src=\"\/feeds\/gfx\/POL-OF.jpg\" style=\"align:left !important; float:left !important; margin-top:4px !important; margin-right:8px !important; margin-bottom:4px !important; width:90px !important;\" \/><\/a>   Autobahn 3 \/ Obertshausen  (ots)      (fg) Nach einem Unfall auf der Autobahn 3 in Fahrtrichtung Frankfurt am Main kommt es nach wie vor zu erheblichen Verkehrsbehinderungen im morgendlichen Berufsverkehr. In H\u00f6he der Anschlussstelle Obertshausen hat sich gegen ...<br clear=\"all\" \/>  <\/p>\n  <div><span class=\"my_article_details\"><time datetime=\"2026-02-10\">10.02.2026<\/time> &middot; <a href=\"\/news\/obertshausen-aktuell\" title=\"Obertshausen heute aktuell\">Obertshausen<\/a> &middot; <a href=\"\/news\/polizeieinsaetze-offenbach-am-main\" title=\"Polizeieins\u00e4tze Offenbach am Main\">Polizei<\/a> &middot; <a href=\"\/news\/unfaelle-offenbach-am-main\" title=\"Unf\u00e4lle Offenbach am Main\">Unfall<\/a> &middot; <\/span><a href=\"https:\/\/www.presseportal.de\/blaulicht\/pm\/43561\/6213721\" title=\"Link zum Artikel auf presseportal.de\" target=\"_blank\">presseportal.de<\/a><\/div>\n  <b><\/b>\n <\/div>\n <\/article>\n<\/div>\n<div class=\"post\" style=\"margin-bottom:40px;\">\n <article>\n <h2><a name=\"6cd2245b\" href=\"https:\/\/www.presseportal.de\/blaulicht\/pm\/43561\/6214167\" rel=\"bookmark\" style=\"color:#333333; font-weight:bold;\" title=\"Link zum Artikel auf presseportal.de\" target=\"_blank\">Polizei Offenbach am Main: Pressemeldungen vom 10.02.2026<\/a><\/h2>\n <div class=\"entry\">\n  <p style=\"margin-bottom:4px;\">\n   <a href=\"https:\/\/www.presseportal.de\/blaulicht\/pm\/43561\/6214167\" target=\"_blank\"><img decoding=\"async\" src=\"\/feeds\/gfx\/POL-OF.jpg\" style=\"align:left !important; float:left !important; margin-top:4px !important; margin-right:8px !important; margin-bottom:4px !important; width:90px !important;\" \/><\/a>   ... <b>3. Zeugensuche nach Unfallflucht - Dietzenbach<\/b>   (cb) Die Beamten der Polizeistation Dietzenbach suchen Zeugen einer Verkehrsunfallflucht, welche sich am Montagabend in der Philipp-Reis-Stra\u00dfe (10er-Hausnummern) ereignete. Die Fahrzeugeigent\u00fcmerin stellte ihren Toyota Yaris gegen 17.55 Uhr am Fahrbahnrand ...<br clear=\"all\" \/>  <\/p>\n  <div><span class=\"my_article_details\"><time datetime=\"2026-02-10\">10.02.2026<\/time> &middot; <a href=\"\/news\/dietzenbach-aktuell\" title=\"Dietzenbach heute aktuell\">Dietzenbach<\/a> &middot; <a href=\"\/news\/polizeieinsaetze-offenbach-am-main\" title=\"Polizeieins\u00e4tze Offenbach am Main\">Polizei<\/a> &middot; <a href=\"\/news\/unfaelle-offenbach-am-main\" title=\"Unf\u00e4lle Offenbach am Main\">Unfall<\/a> &middot; <\/span><a href=\"https:\/\/www.presseportal.de\/blaulicht\/pm\/43561\/6214167\" title=\"Link zum Artikel auf presseportal.de\" target=\"_blank\">presseportal.de<\/a><\/div>\n  <b><\/b>\n <\/div>\n <\/article>\n<\/div>\n<div class=\"post\" style=\"margin-bottom:40px;\">\n <article>\n <h2><a name=\"2b62d746\" href=\"https:\/\/www.presseportal.de\/blaulicht\/pm\/43561\/6213568\" rel=\"bookmark\" style=\"color:#333333; font-weight:bold;\" title=\"Link zum Artikel auf presseportal.de\" target=\"_blank\">Polizei Offenbach am Main: Pressemeldungen vom 09.02.2026<\/a><\/h2>\n <div class=\"entry\">\n  <p style=\"margin-bottom:4px;\">\n   <a href=\"https:\/\/www.presseportal.de\/blaulicht\/pm\/43561\/6213568\" target=\"_blank\"><img decoding=\"async\" src=\"\/feeds\/gfx\/POL-OF.jpg\" style=\"align:left !important; float:left !important; margin-top:4px !important; margin-right:8px !important; margin-bottom:4px !important; width:90px !important;\" \/><\/a>   ... <b>4.\tZeugensuche nach Unfallflucht: Wer hat etwas gesehen? - Neu-Isenburg<\/b>   (fg) In der Friedhofstra\u00dfe in H\u00f6he der Hausnummer 72 ereignete sich am Samstagnachmittag, kurz vor 14 Uhr, ein Verkehrsunfall, bei dem der Lenker eines grauen Fahrzeugs nach einem Spurwechsel Schaden verursachte und anschlie\u00dfend unerlaubt von der Unfallstelle ...<br clear=\"all\" \/><\/p><p style=\"margin-top:8px; margin-bottom:4px;\"><a href=\"https:\/\/www.presseportal.de\/blaulicht\/pm\/43561\/6213568\" target=\"_blank\"><img decoding=\"async\" src=\"\/feeds\/gfx\/POL-OF.jpg\" style=\"align:left !important; float:left !important; margin-top:4px !important; margin-right:8px !important; margin-bottom:4px !important; width:90px !important;\" \/><\/a> ... <b>7.\tSchwarzer Audi angefahren: Wer hat etwas beobachtet? - Dreieich<\/b>   (me) Bereits zwischen Mittwoch (4. Februar), 14.45 Uhr und Donnerstag (5. Februar), 13.30 Uhr, wurde ein schwarzer Audi durch einen anderen Wagenlenker in Mitleidenschaft gezogen. Anstatt den Unfall zu melden, fuhr der Verursacher davon, weshalb die Beamten ...<br clear=\"all\" \/><\/p><p style=\"margin-top:8px; margin-bottom:4px;\"><a href=\"https:\/\/www.presseportal.de\/blaulicht\/pm\/43561\/6213568\" target=\"_blank\"><img decoding=\"async\" src=\"\/feeds\/gfx\/POL-OF.jpg\" style=\"align:left !important; float:left !important; margin-top:4px !important; margin-right:8px !important; margin-bottom:4px !important; width:90px !important;\" \/><\/a> ... <b>9.\tZeugensuche nach Unfallflucht in der R\u00f6merstra\u00dfe - Dietzenbach<\/b>   (fg) Zwischen Sonntagabend, 19.30 Uhr und Montagmorgen, 9 Uhr, kam es in der R\u00f6merstra\u00dfe zu einer Verkehrsunfallflucht. Nach derzeitigen Erkenntnissen wurde ein am Fahrbahnrand (30er-Hausnummern) geparkter schwarzer VW Golf durch einen bislang unbekannten ...<br clear=\"all\" \/><\/p><p style=\"margin-top:8px; margin-bottom:4px;\"><a href=\"https:\/\/www.presseportal.de\/blaulicht\/pm\/43561\/6213568\" target=\"_blank\"><img decoding=\"async\" src=\"\/feeds\/gfx\/POL-OF.jpg\" style=\"align:left !important; float:left !important; margin-top:4px !important; margin-right:8px !important; margin-bottom:4px !important; width:90px !important;\" \/><\/a> ... <b>13.\tSchwarzer Hyundai angedotzt: Zeugen gesucht! - Obertshausen<\/b>   (cb) Die Beamten der Polizeistation in Heusenstamm suchen nach einer Verkehrsunfallflucht, die sich auf dem Parkplatz eines Einkaufsmarktes in der K\u00f6nigsberger Stra\u00dfe (einstellige Hausnummern) ereignete, Zeugen. Die Fahrzeugeigent\u00fcmerin stellte ihren schwarzen ...<br clear=\"all\" \/><\/p><p style=\"margin-top:8px; margin-bottom:4px;\"><a href=\"https:\/\/www.presseportal.de\/blaulicht\/pm\/43561\/6213568\" target=\"_blank\"><img decoding=\"async\" src=\"\/feeds\/gfx\/POL-OF.jpg\" style=\"align:left !important; float:left !important; margin-top:4px !important; margin-right:8px !important; margin-bottom:4px !important; width:90px !important;\" \/><\/a> ... <b>14.\tZeugensuche nach Zusammensto\u00df beim \u00dcberholen - Seligenstadt<\/b>   (me) Bereits am Mittwoch (4. Februar) kam es in den Abendstunden zu einem Verkehrsunfall bei einem \u00dcberholvorgang. Gegen 19 Uhr fuhr die Kolonne, bestehend aus den zwei sp\u00e4teren Verunfallten und zwei nicht beteiligten Fahrzeugen, auf der Landesstra\u00dfe 3065 ...<br clear=\"all\" \/>  <\/p>\n  <div><span class=\"my_article_details\"><time datetime=\"2026-02-09\">09.02.2026<\/time> &middot; <a href=\"\/news\/dietzenbach-aktuell\" title=\"Dietzenbach heute aktuell\">Dietzenbach<\/a> &middot; <a href=\"\/news\/dreieich-aktuell\" title=\"Dreieich heute aktuell\">Dreieich<\/a> &middot; <a href=\"\/news\/heusenstamm-aktuell\" title=\"Heusenstamm heute aktuell\">Heusenstamm<\/a> &middot; <a href=\"\/news\/neu-isenburg-aktuell\" title=\"Neu-Isenburg heute aktuell\">Neu-Isenburg<\/a> &middot; <a href=\"\/news\/obertshausen-aktuell\" title=\"Obertshausen heute aktuell\">Obertshausen<\/a> &middot; <a href=\"\/news\/polizeieinsaetze-offenbach-am-main\" title=\"Polizeieins\u00e4tze Offenbach am Main\">Polizei<\/a> &middot; <a href=\"\/news\/seligenstadt-aktuell\" title=\"Seligenstadt heute aktuell\">Seligenstadt<\/a> &middot; <a href=\"\/news\/unfaelle-offenbach-am-main\" title=\"Unf\u00e4lle Offenbach am Main\">Unfall<\/a> &middot; <\/span><a href=\"https:\/\/www.presseportal.de\/blaulicht\/pm\/43561\/6213568\" title=\"Link zum Artikel auf presseportal.de\" target=\"_blank\">presseportal.de<\/a><\/div>\n  <b><\/b>\n <\/div>\n <\/article>\n<\/div>\n<div class=\"post\" style=\"margin-bottom:40px;\">\n <article>\n <h2><a name=\"1b026e46\" href=\"https:\/\/www.presseportal.de\/blaulicht\/pm\/43561\/6212027\" rel=\"bookmark\" style=\"color:#333333; font-weight:bold;\" title=\"Link zum Artikel auf presseportal.de\" target=\"_blank\">Polizei Offenbach am Main: Pressemeldungen vom 06.02.2026<\/a><\/h2>\n <div class=\"entry\">\n  <p style=\"margin-bottom:4px;\">\n   <a href=\"https:\/\/www.presseportal.de\/blaulicht\/pm\/43561\/6212027\" target=\"_blank\"><img decoding=\"async\" src=\"\/feeds\/gfx\/POL-OF.jpg\" style=\"align:left !important; float:left !important; margin-top:4px !important; margin-right:8px !important; margin-bottom:4px !important; width:90px !important;\" \/><\/a>   ... <b>3. Nach Zusammensto\u00df: Verursacher musste Blutprobe abgeben - Obertshausen<\/b>   (me) Zwei Leichtverletzte, ein Sachschaden von mehr als 20.000 Euro und eine Blutentnahme sind das Ergebnis eines Verkehrsunfalls vom Donnerstagnachmittag. Gegen 16.15 Uhr befuhr ein Seat-Lenker die Bahnhofstra\u00dfe im Bereich einer dortigen Unterf\u00fchrung und ...<br clear=\"all\" \/><\/p><p style=\"margin-top:8px; margin-bottom:4px;\"><a href=\"https:\/\/www.presseportal.de\/blaulicht\/pm\/43561\/6212027\" target=\"_blank\"><img decoding=\"async\" src=\"\/feeds\/gfx\/POL-OF.jpg\" style=\"align:left !important; float:left !important; margin-top:4px !important; margin-right:8px !important; margin-bottom:4px !important; width:90px !important;\" \/><\/a> ... <b>5. Verlorenes Fahrzeugteil besch\u00e4digte grauen Seat: Zeugen gesucht! - Hainburg<\/b>   (cb) Die Beamten der Polizeiautobahnstation S\u00fcdosthessen suchen nach einer Verkehrsunfallflucht, die sich am Donnerstag auf der Bundesstra\u00dfe 45 kurz vor dem \"Tannenm\u00fchlkreisel\" in Fahrtrichtung Dieburg ereignete, Zeugen. Nach dem bisherigen Erkenntnisstand ...<br clear=\"all\" \/><\/p><p style=\"margin-top:8px; margin-bottom:4px;\"><a href=\"https:\/\/www.presseportal.de\/blaulicht\/pm\/43561\/6212027\" target=\"_blank\"><img decoding=\"async\" src=\"\/feeds\/gfx\/POL-OF.jpg\" style=\"align:left !important; float:left !important; margin-top:4px !important; margin-right:8px !important; margin-bottom:4px !important; width:90px !important;\" \/><\/a> ... <b>7. Zeugenaufruf nach Unfall auf der Landesstra\u00dfe 3065: Wer kann Angaben zum Unfallhergang machen? - Hainburg<\/b>   (js) Gegen 16.30 Uhr kam es am Donnerstag auf der Landesstra\u00dfe 3065 an der Kreuzung zum Ostring zu einem Unfall zwischen einem blauen Opel und einem E-Scooter. Der 16-j\u00e4hrige E-Scooterfahrer \u00fcberquerte die Kreuzung vom Ostring kommend in Richtung Daimlerstra\u00dfe. ...<br clear=\"all\" \/>  <\/p>\n  <div><span class=\"my_article_details\"><time datetime=\"2026-02-06\">06.02.2026<\/time> &middot; <a href=\"\/news\/hainburg-aktuell\" title=\"Hainburg heute aktuell\">Hainburg<\/a> &middot; <a href=\"\/news\/heusenstamm-aktuell\" title=\"Heusenstamm heute aktuell\">Heusenstamm<\/a> &middot; <a href=\"\/news\/obertshausen-aktuell\" title=\"Obertshausen heute aktuell\">Obertshausen<\/a> &middot; <a href=\"\/news\/polizeieinsaetze-offenbach-am-main\" title=\"Polizeieins\u00e4tze Offenbach am Main\">Polizei<\/a> &middot; <a href=\"\/news\/seligenstadt-aktuell\" title=\"Seligenstadt heute aktuell\">Seligenstadt<\/a> &middot; <a href=\"\/news\/unfaelle-offenbach-am-main\" title=\"Unf\u00e4lle Offenbach am Main\">Unfall<\/a> &middot; <\/span><a href=\"https:\/\/www.presseportal.de\/blaulicht\/pm\/43561\/6212027\" title=\"Link zum Artikel auf presseportal.de\" target=\"_blank\">presseportal.de<\/a><\/div>\n  <b><\/b>\n <\/div>\n <\/article>\n<\/div>\n<div class=\"post\" style=\"margin-bottom:40px;\">\n <article>\n <h2><a name=\"5cbec488\" href=\"https:\/\/www.presseportal.de\/blaulicht\/pm\/43561\/6211302\" rel=\"bookmark\" style=\"color:#333333; font-weight:bold;\" title=\"Link zum Artikel auf presseportal.de\" target=\"_blank\">Polizei Offenbach am Main: Pressemeldungen vom 05.02.2026<\/a><\/h2>\n <div class=\"entry\">\n  <p style=\"margin-bottom:4px;\">\n   <a href=\"https:\/\/www.presseportal.de\/blaulicht\/pm\/43561\/6211302\" target=\"_blank\"><img decoding=\"async\" src=\"\/feeds\/gfx\/POL-OF.jpg\" style=\"align:left !important; float:left !important; margin-top:4px !important; margin-right:8px !important; margin-bottom:4px !important; width:90px !important;\" \/><\/a>   ... <b>8. Streit eskalierte: Mann wurde geschlagen und verursachte Unfall - Langen<\/b>   (me) Der Streit zweier M\u00e4nner am Dienstagnachmittag m\u00fcndete in einem Ermittlungsverfahren wegen des Verdachts des gef\u00e4hrlichen Eingriffs in den Stra\u00dfenverkehr und des Verdachts der K\u00f6rperverletzung. In diesem Zusammenhang sucht die Polizei aus Langen nun ...<br clear=\"all\" \/>  <\/p>\n  <div><span class=\"my_article_details\"><time datetime=\"2026-02-05\">05.02.2026<\/time> &middot; <a href=\"\/news\/egelsbach-aktuell\" title=\"Egelsbach heute aktuell\">Egelsbach<\/a> &middot; <a href=\"\/news\/langen-aktuell\" title=\"Langen heute aktuell\">Langen<\/a> &middot; <a href=\"\/news\/polizeieinsaetze-offenbach-am-main\" title=\"Polizeieins\u00e4tze Offenbach am Main\">Polizei<\/a> &middot; <a href=\"\/news\/unfaelle-offenbach-am-main\" title=\"Unf\u00e4lle Offenbach am Main\">Unfall<\/a> &middot; <\/span><a href=\"https:\/\/www.presseportal.de\/blaulicht\/pm\/43561\/6211302\" title=\"Link zum Artikel auf presseportal.de\" target=\"_blank\">presseportal.de<\/a><\/div>\n  <b><\/b>\n <\/div>\n <\/article>\n<\/div>\n<div class=\"post\" style=\"margin-bottom:40px;\">\n <article>\n <h2><a name=\"2bdfa8ce\" href=\"https:\/\/www.presseportal.de\/blaulicht\/pm\/43561\/6210284\" rel=\"bookmark\" style=\"color:#333333; font-weight:bold;\" title=\"Link zum Artikel auf presseportal.de\" target=\"_blank\">Polizei Offenbach am Main: Pressemeldungen vom 04.02.2026<\/a><\/h2>\n <div class=\"entry\">\n  <p style=\"margin-bottom:4px;\">\n   <a href=\"https:\/\/www.presseportal.de\/blaulicht\/pm\/43561\/6210284\" target=\"_blank\"><img decoding=\"async\" src=\"\/feeds\/gfx\/POL-OF.jpg\" style=\"align:left !important; float:left !important; margin-top:4px !important; margin-right:8px !important; margin-bottom:4px !important; width:90px !important;\" \/><\/a>   ... <b>2. Blauer Audi besch\u00e4digt: Hinweise erbeten - M\u00fchlheim am Main<\/b>   (me) Die linke Sto\u00dfstange eines blauen Kombis wurde im Verlauf des Montags durch einen bislang unbekannten Wagenlenker besch\u00e4digt. Da der Verursacher sich unerlaubt von der Unfallstelle entfernte, ermittelt die Polizei aus M\u00fchlheim am Main nun wegen des Verdachts ...<br clear=\"all\" \/>  <\/p>\n  <div><span class=\"my_article_details\"><time datetime=\"2026-02-04\">04.02.2026<\/time> &middot; <a href=\"\/news\/muehlheim-aktuell\" title=\"M\u00fchlheim heute aktuell\">M\u00fchlheim<\/a> &middot; <a href=\"\/news\/polizeieinsaetze-offenbach-am-main\" title=\"Polizeieins\u00e4tze Offenbach am Main\">Polizei<\/a> &middot; <a href=\"\/news\/unfaelle-offenbach-am-main\" title=\"Unf\u00e4lle Offenbach am Main\">Unfall<\/a> &middot; <\/span><a href=\"https:\/\/www.presseportal.de\/blaulicht\/pm\/43561\/6210284\" title=\"Link zum Artikel auf presseportal.de\" target=\"_blank\">presseportal.de<\/a><\/div>\n  <b><\/b>\n <\/div>\n <\/article>\n<\/div>\n<div class=\"post\" style=\"margin-bottom:40px;\">\n <article>\n <h2><a name=\"68d51985\" href=\"https:\/\/www.presseportal.de\/blaulicht\/pm\/43561\/6209749\" rel=\"bookmark\" style=\"color:#333333; font-weight:bold;\" title=\"Link zum Artikel auf presseportal.de\" target=\"_blank\">Polizei Offenbach am Main: Pressemeldungen vom 03.02.2026<\/a><\/h2>\n <div class=\"entry\">\n  <p style=\"margin-bottom:4px;\">\n   <a href=\"https:\/\/www.presseportal.de\/blaulicht\/pm\/43561\/6209749\" target=\"_blank\"><img decoding=\"async\" src=\"\/feeds\/gfx\/POL-OF.jpg\" style=\"align:left !important; float:left !important; margin-top:4px !important; margin-right:8px !important; margin-bottom:4px !important; width:90px !important;\" \/><\/a>   ... <b>1. Kontrollma\u00dfnahmen des Polizeireviers: Diverse Straftaten und Ordnungswidrigkeiten aufgedeckt - Offenbach<\/b>   (js) In den vergangenen Tagen f\u00fchrten Beamtinnen und Beamte des Polizeireviers Offenbach vermehrt Kontrollen durch, in dessen Folge diverse Straf- und Ordnungswidrigkeitenverfahren er\u00f6ffnet wurden. Im Rahmen der Kontrollen wurden mehrere Verkehrsteilnehmende ...<br clear=\"all\" \/><\/p><p style=\"margin-top:8px; margin-bottom:4px;\"><a href=\"https:\/\/www.presseportal.de\/blaulicht\/pm\/43561\/6209749\" target=\"_blank\"><img decoding=\"async\" src=\"\/feeds\/gfx\/POL-OF.jpg\" style=\"align:left !important; float:left !important; margin-top:4px !important; margin-right:8px !important; margin-bottom:4px !important; width:90px !important;\" \/><\/a> ... <b>2. Nach Unfall mit Rettungswagen: eine Person verletzt - Offenbach<\/b>   (cb) Am Montag ereignete sich ein Unfall im Kreuzungsbereich Kaiserstra\u00dfe \/ Bernhardstra\u00dfe, bei dem es zum Zusammensto\u00df zwischen einem Rettungswagen und einem schwarzen Mercedes kam. Hierbei wurde eine Person leicht verletzt und musste medizinisch versorgt ...<br clear=\"all\" \/>  <\/p>\n  <div><span class=\"my_article_details\"><time datetime=\"2026-02-03\">03.02.2026<\/time> &middot; <a href=\"\/news\/offenbach-aktuell\" title=\"Offenbach heute aktuell\">Offenbach<\/a> &middot; <a href=\"\/news\/polizeieinsaetze-offenbach-am-main\" title=\"Polizeieins\u00e4tze Offenbach am Main\">Polizei<\/a> &middot; <a href=\"\/news\/unfaelle-offenbach-am-main\" title=\"Unf\u00e4lle Offenbach am Main\">Unfall<\/a> &middot; <\/span><a href=\"https:\/\/www.presseportal.de\/blaulicht\/pm\/43561\/6209749\" title=\"Link zum Artikel auf presseportal.de\" target=\"_blank\">presseportal.de<\/a><\/div>\n  <b><\/b>\n <\/div>\n <\/article>\n<\/div>\n<div class=\"post\" style=\"margin-bottom:40px;\">\n <article>\n <h2><a name=\"ffd55829\" href=\"https:\/\/www.presseportal.de\/blaulicht\/pm\/43561\/6208756\" rel=\"bookmark\" style=\"color:#333333; font-weight:bold;\" title=\"Link zum Artikel auf presseportal.de\" target=\"_blank\">Polizei Offenbach am Main: Pressemeldungen vom 02.02.2026<\/a><\/h2>\n <div class=\"entry\">\n  <p style=\"margin-bottom:4px;\">\n   <a href=\"https:\/\/www.presseportal.de\/blaulicht\/pm\/43561\/6208756\" target=\"_blank\"><img decoding=\"async\" src=\"\/feeds\/gfx\/POL-OF.jpg\" style=\"align:left !important; float:left !important; margin-top:4px !important; margin-right:8px !important; margin-bottom:4px !important; width:90px !important;\" \/><\/a>   ... <b>11. Nach Ausweichman\u00f6ver in den Graben gerutscht - Bundesstra\u00dfe 448 \/ Obertshausen<\/b>     (cb) Nachdem ein 25 Jahre alter Fiat-Fahrer am Donnerstagnachmittag auf der Bundesstra\u00dfe 448 in Fahrtrichtung Offenbach einem vor ihm einscherenden Fahrzeug ausweichen musste, kam er ins Rutschen und landete im Stra\u00dfengraben. Nach dem derzeitigen Stand ...<br clear=\"all\" \/><\/p><p style=\"margin-top:8px; margin-bottom:4px;\"><a href=\"https:\/\/www.presseportal.de\/blaulicht\/pm\/43561\/6208756\" target=\"_blank\"><img decoding=\"async\" src=\"\/feeds\/gfx\/POL-OF.jpg\" style=\"align:left !important; float:left !important; margin-top:4px !important; margin-right:8px !important; margin-bottom:4px !important; width:90px !important;\" \/><\/a> ... <b>14. Fu\u00dfg\u00e4ngerin bei Zusammensto\u00df verletzt: Polizei sucht nach Zeugen - Seligenstadt<\/b>     (me) Eine die Fahrbahn \u00fcberquerende Passantin wurde am Freitagvormittag bei einer Kollision mit einem Wagen verletzt. Die Zw\u00f6lfj\u00e4hrige soll gegen 11 Uhr die Steinheimer Stra\u00dfe (90er-Hausnummern) \u00fcberschritten haben. Hierbei achtete das M\u00e4dchen offenbar ...<br clear=\"all\" \/><\/p><p style=\"margin-top:8px; margin-bottom:4px;\"><a href=\"https:\/\/www.presseportal.de\/blaulicht\/pm\/43561\/6208756\" target=\"_blank\"><img decoding=\"async\" src=\"\/feeds\/gfx\/POL-OF.jpg\" style=\"align:left !important; float:left !important; margin-top:4px !important; margin-right:8px !important; margin-bottom:4px !important; width:90px !important;\" \/><\/a> ... <b>17. Zeugensuche nach Unfallflucht auf der Landesstra\u00dfe 2310 - Seligenstadt<\/b>     (fg) Bei einem Zusammensto\u00df im Begegnungsverkehr entstand am Freitagmorgen, gegen 7.15 Uhr, ein Schaden von rund 1.000 Euro. Da der Unfallverursacher jedoch floh und somit deliktisch ein unerlaubtes Entfernen vom Unfallort vorliegt, ermittelt nun die Polizei ...<br clear=\"all\" \/>  <\/p>\n  <div><span class=\"my_article_details\"><time datetime=\"2026-02-02\">02.02.2026<\/time> &middot; <a href=\"\/news\/obertshausen-aktuell\" title=\"Obertshausen heute aktuell\">Obertshausen<\/a> &middot; <a href=\"\/news\/offenbach-aktuell\" title=\"Offenbach heute aktuell\">Offenbach<\/a> &middot; <a href=\"\/news\/polizeieinsaetze-offenbach-am-main\" title=\"Polizeieins\u00e4tze Offenbach am Main\">Polizei<\/a> &middot; <a href=\"\/news\/seligenstadt-aktuell\" title=\"Seligenstadt heute aktuell\">Seligenstadt<\/a> &middot; <a href=\"\/news\/unfaelle-offenbach-am-main\" title=\"Unf\u00e4lle Offenbach am Main\">Unfall<\/a> &middot; <\/span><a href=\"https:\/\/www.presseportal.de\/blaulicht\/pm\/43561\/6208756\" title=\"Link zum Artikel auf presseportal.de\" target=\"_blank\">presseportal.de<\/a><\/div>\n  <b><\/b>\n <\/div>\n <\/article>\n<\/div>\n\n<p>&nbsp;<\/p>\n<div><span class=\"my_article_details\"><a href=\"https:\/\/www.heusenstaemmchen.de\/news\/polizeieinsaetze-offenbach-am-main\"><b>Polizeieins\u00e4tze im Kreis Offenbach am Main<\/b><\/a>:<br \/>\n<a href=\"https:\/\/www.heusenstaemmchen.de\/news\/betrugsfaelle-offenbach-am-main\">Betrugsf\u00e4lle<\/a> &middot; <a href=\"https:\/\/www.heusenstaemmchen.de\/news\/braende-offenbach-am-main\">Br\u00e4nde<\/a> &middot; <a href=\"https:\/\/www.heusenstaemmchen.de\/news\/diebstaehle-offenbach-am-main\">Diebst\u00e4hle<\/a> &middot; <a href=\"https:\/\/www.heusenstaemmchen.de\/news\/einbrueche-offenbach-am-main\">Einbr\u00fcche<\/a> &middot; <a href=\"https:\/\/www.heusenstaemmchen.de\/news\/raubueberfaelle-offenbach-am-main\">Raub\u00fcberf\u00e4lle<\/a> &middot; <a href=\"https:\/\/www.heusenstaemmchen.de\/news\/unfaelle-offenbach-am-main\">Unf\u00e4lle<\/a><\/span><\/div>\n<p>&nbsp;<\/p>\n","protected":false},"excerpt":{"rendered":"<p>Aktuelle Polizeieins\u00e4tze im Kreis Offenbach am Main von heute und den letzten Wochen Betrugsf\u00e4lle &middot; Br\u00e4nde &middot; Diebst\u00e4hle &middot; Einbr\u00fcche &middot; Raub\u00fcberf\u00e4lle &middot; Unf\u00e4lle &nbsp; &nbsp; Polizeieins\u00e4tze im Kreis Offenbach am Main: Betrugsf\u00e4lle &middot; Br\u00e4nde &middot; Diebst\u00e4hle &middot; Einbr\u00fcche &middot; Raub\u00fcberf\u00e4lle &middot;&#46;&#46;&#46;<\/p>\n","protected":false},"author":4,"featured_media":13343,"parent":0,"menu_order":0,"comment_status":"closed","ping_status":"closed","template":"","meta":{"footnotes":""},"categories":[477],"tags":[311,156,133,456,4,90,457,302,102,433,455,458,190,459,468],"class_list":["post-8087","page","type-page","status-publish","has-post-thumbnail","hentry","category-polizeiberichte","tag-dietzenbach","tag-dreieich","tag-egelsbach","tag-hainburg","tag-heusenstamm","tag-langen","tag-mainhausen","tag-muehlheim-am-main","tag-neu-isenburg","tag-obertshausen","tag-offenbach-am-main","tag-roedermark","tag-rodgau","tag-seligenstadt","tag-unfall"],"_links":{"self":[{"href":"https:\/\/www.heusenstaemmchen.de\/news\/wp-json\/wp\/v2\/pages\/8087","targetHints":{"allow":["GET"]}}],"collection":[{"href":"https:\/\/www.heusenstaemmchen.de\/news\/wp-json\/wp\/v2\/pages"}],"about":[{"href":"https:\/\/www.heusenstaemmchen.de\/news\/wp-json\/wp\/v2\/types\/page"}],"author":[{"embeddable":true,"href":"https:\/\/www.heusenstaemmchen.de\/news\/wp-json\/wp\/v2\/users\/4"}],"replies":[{"embeddable":true,"href":"https:\/\/www.heusenstaemmchen.de\/news\/wp-json\/wp\/v2\/comments?post=8087"}],"version-history":[{"count":3,"href":"https:\/\/www.heusenstaemmchen.de\/news\/wp-json\/wp\/v2\/pages\/8087\/revisions"}],"predecessor-version":[{"id":13712,"href":"https:\/\/www.heusenstaemmchen.de\/news\/wp-json\/wp\/v2\/pages\/8087\/revisions\/13712"}],"wp:featuredmedia":[{"embeddable":true,"href":"https:\/\/www.heusenstaemmchen.de\/news\/wp-json\/wp\/v2\/media\/13343"}],"wp:attachment":[{"href":"https:\/\/www.heusenstaemmchen.de\/news\/wp-json\/wp\/v2\/media?parent=8087"}],"wp:term":[{"taxonomy":"category","embeddable":true,"href":"https:\/\/www.heusenstaemmchen.de\/news\/wp-json\/wp\/v2\/categories?post=8087"},{"taxonomy":"post_tag","embeddable":true,"href":"https:\/\/www.heusenstaemmchen.de\/news\/wp-json\/wp\/v2\/tags?post=8087"}],"curies":[{"name":"wp","href":"https:\/\/api.w.org\/{rel}","templated":true}]}}