{"id":6673,"date":"2017-05-26T21:58:04","date_gmt":"2017-05-26T19:58:04","guid":{"rendered":"http:\/\/www.heusenstaemmchen.de\/blog\/?page_id=6673"},"modified":"2024-08-25T19:04:34","modified_gmt":"2024-08-25T17:04:34","slug":"ausbau-glasfasernetz-offenbach-am-main","status":"publish","type":"page","link":"https:\/\/www.heusenstaemmchen.de\/news\/ausbau-glasfasernetz-offenbach-am-main","title":{"rendered":"Ausbau des Glasfasernetzes im Kreis Offenbach"},"content":{"rendered":"<p><b>News zum Ausbau des Glasfasernetzes im Kreis Offenbach am Main von heute und den vergangenen Monaten<\/b><\/p>\n<p>&nbsp;<\/p>\n<div class=\"post\" style=\"margin-bottom:40px;\">\n <article>\n <h2><a name=\"655a7085\" href=\"https:\/\/www.heusenstamm.de\/de\/buerger-und-stadt\/pressecenter\/aktuelle-meldungen\/detail\/item\/9590\/glasfaserausbau-aktueller-sachstand-der-westconnect-und-der-gvg-glasfaser\" rel=\"bookmark\" style=\"color:#333333; font-weight:bold;\" title=\"Link zum Artikel auf heusenstamm.de\" target=\"_blank\">Glasfaserausbau: Aktueller Sachstand der Westconnect und der GVG Glasfaser<\/a><\/h2>\n <div class=\"entry\">\n  <p style=\"margin-bottom:4px;\">\n   <a href=\"https:\/\/www.heusenstamm.de\/de\/buerger-und-stadt\/pressecenter\/aktuelle-meldungen\/detail\/item\/9590\/glasfaserausbau-aktueller-sachstand-der-westconnect-und-der-gvg-glasfaser\" target=\"_blank\"><img decoding=\"async\" src=\"\/feeds\/gfx\/heusenstamm.de.png\" style=\"align:left !important; float:left !important; margin-top:4px !important; margin-right:8px !important; margin-bottom:4px !important; width:90px !important;\" \/><\/a>   Der Glasfaserausbau in Heusenstamm kommt weiter voran \u2013 und wird f&uuml;r viele B&uuml;rgerinnen und B&uuml;rger inzwischen auch ganz konkret im Stadtbild sichtbar. Baustellen, Leitungsverlegungen und vorberei ...<br clear=\"all\" \/>  <\/p>\n  <div><span class=\"my_article_details\"><time datetime=\"2026-04-20\">20.04.2026<\/time> &middot; <a href=\"\/news\/ausbau-glasfasernetz-offenbach-am-main\" title=\"Glasfasernetz Offenbach am Main\">Glasfaser<\/a> &middot; <a href=\"\/news\/heusenstamm-aktuell\" title=\"Heusenstamm heute aktuell\">Heusenstamm<\/a> &middot; <\/span><a href=\"https:\/\/www.heusenstamm.de\/de\/buerger-und-stadt\/pressecenter\/aktuelle-meldungen\/detail\/item\/9590\/glasfaserausbau-aktueller-sachstand-der-westconnect-und-der-gvg-glasfaser\" title=\"Link zum Artikel auf heusenstamm.de\" target=\"_blank\">heusenstamm.de<\/a><\/div>\n  <b><\/b>\n <\/div>\n <\/article>\n<\/div>\n<div class=\"post\" style=\"margin-bottom:40px;\">\n <article>\n <h2><a name=\"e72d61c8\" href=\"https:\/\/www.heusenstamm.de\/de\/buerger-und-stadt\/pressecenter\/aktuelle-meldungen?article=9575&title=glasfaserausbau-in-heusenstamm-symbolischer-spatenstich-fuer-glasfaser-laengstrasse-der-westconnect\" rel=\"bookmark\" style=\"color:#333333; font-weight:bold;\" title=\"Link zum Artikel auf heusenstamm.de\" target=\"_blank\">Glasfaserausbau in Heusenstamm: Symbolischer Spatenstich f\u00fcr Glasfaser-L\u00e4ngstrasse der Westconnect<\/a><\/h2>\n <div class=\"entry\">\n  <p style=\"margin-bottom:4px;\">\n   <a href=\"https:\/\/www.heusenstamm.de\/de\/buerger-und-stadt\/pressecenter\/aktuelle-meldungen?article=9575&title=glasfaserausbau-in-heusenstamm-symbolischer-spatenstich-fuer-glasfaser-laengstrasse-der-westconnect\" target=\"_blank\"><img decoding=\"async\" src=\"\/feeds\/gfx\/heusenstamm.de.png\" style=\"align:left !important; float:left !important; margin-top:4px !important; margin-right:8px !important; margin-bottom:4px !important; width:90px !important;\" \/><\/a>   Mit einem gemeinsamen symbolischen Spatenstich an der Frankfurter Stra&szlig;e haben B&uuml;rgermeister Steffen Ball, Erster Stadtrat Paul Sassen, Westconnect-Gesch&auml;ftsf&uuml;hrer Carsten Lagemann, GigabitRegio ...<br clear=\"all\" \/>  <\/p>\n  <div><span class=\"my_article_details\"><time datetime=\"2026-03-25\">25.03.2026<\/time> &middot; <a href=\"\/news\/ausbau-glasfasernetz-offenbach-am-main\" title=\"Glasfasernetz Offenbach am Main\">Glasfaser<\/a> &middot; <a href=\"\/news\/heusenstamm-aktuell\" title=\"Heusenstamm heute aktuell\">Heusenstamm<\/a> &middot; <\/span><a href=\"https:\/\/www.heusenstamm.de\/de\/buerger-und-stadt\/pressecenter\/aktuelle-meldungen?article=9575&title=glasfaserausbau-in-heusenstamm-symbolischer-spatenstich-fuer-glasfaser-laengstrasse-der-westconnect\" title=\"Link zum Artikel auf heusenstamm.de\" target=\"_blank\">heusenstamm.de<\/a><\/div>\n  <b><\/b>\n <\/div>\n <\/article>\n<\/div>\n<div class=\"post\" style=\"margin-bottom:40px;\">\n <article>\n <h2><a name=\"b615b79f\" href=\"https:\/\/www.op-online.de\/region\/dreieich\/glasfaserausbau-in-dreieich-hoffnungsschimmer-nach-langer-unterbrechung-94168083.html\" rel=\"bookmark\" style=\"color:#333333; font-weight:bold;\" title=\"Link zum Artikel auf op-online.de\" target=\"_blank\">Knapp eineinhalb Jahre \u201eunerwartet verz\u00f6gert\u201c: Glasfaser-Arbeiten in Dreieich starten wieder<\/a><\/h2>\n <div class=\"entry\">\n  <p style=\"margin-bottom:4px;\">\n   <a href=\"https:\/\/www.op-online.de\/region\/dreieich\/glasfaserausbau-in-dreieich-hoffnungsschimmer-nach-langer-unterbrechung-94168083.html\" target=\"_blank\"><img decoding=\"async\" src=\"https:\/\/www.op-online.de\/assets\/images\/41\/459\/41459213-bwe11022026glasfaserstollegeisslerburlonheller1-jpg-1N01.jpg\" style=\"align:left !important; float:left !important; margin-top:4px !important; margin-right:8px !important; margin-bottom:4px !important; width:90px !important;\" \/><\/a>   Der Glasfaserausbau in Dreieich stockt seit anderthalb Jahren. Beton unter den B&uuml;rgersteigen sorgt f&uuml;r Streit zwischen Stadt und Telekom.<br clear=\"all\" \/>  <\/p>\n  <div><span class=\"my_article_details\"><time datetime=\"2026-02-13\">13.02.2026<\/time> &middot; E.ON &middot; <a href=\"\/news\/ausbau-glasfasernetz-offenbach-am-main\" title=\"Glasfasernetz Offenbach am Main\">Glasfaser<\/a> &middot; Telekom &middot; <\/span><a href=\"https:\/\/www.op-online.de\/region\/dreieich\/glasfaserausbau-in-dreieich-hoffnungsschimmer-nach-langer-unterbrechung-94168083.html\" title=\"Link zum Artikel auf op-online.de\" target=\"_blank\">op-online.de<\/a><\/div>\n  <b><\/b>\n <\/div>\n <\/article>\n<\/div>\n<div class=\"post\" style=\"margin-bottom:40px;\">\n <article>\n <h2><a name=\"76123795\" href=\"https:\/\/www.op-online.de\/region\/muehlheim\/querungen-moeglicher-doppelausbau-verzoegerungen-so-steht-es-um-den-glasfaserausbau-in-muehlheim-94155677.html\" rel=\"bookmark\" style=\"color:#333333; font-weight:bold;\" title=\"Link zum Artikel auf op-online.de\" target=\"_blank\">Querungen, m\u00f6glicher Doppelausbau, Verz\u00f6gerungen: So steht es um den Glasfaserausbau in M\u00fchlheim<\/a><\/h2>\n <div class=\"entry\">\n  <p style=\"margin-bottom:4px;\">\n   <a href=\"https:\/\/www.op-online.de\/region\/muehlheim\/querungen-moeglicher-doppelausbau-verzoegerungen-so-steht-es-um-den-glasfaserausbau-in-muehlheim-94155677.html\" target=\"_blank\"><img decoding=\"async\" src=\"https:\/\/www.op-online.de\/assets\/images\/41\/221\/41221938-glasfaser-3F01.jpg\" style=\"align:left !important; float:left !important; margin-top:4px !important; margin-right:8px !important; margin-bottom:4px !important; width:90px !important;\" \/><\/a>   Die Telekom gibt Updates zum laufenden Ausbau in M&uuml;hlheim. Das schlechte Wetter und die K&uuml;ndigung einer Baufirma sorgen dabei aktuell f&uuml;r leichte Verz&ouml;gerungen.<br clear=\"all\" \/>  <\/p>\n  <div><span class=\"my_article_details\"><time datetime=\"2026-02-05\">05.02.2026<\/time> &middot; <a href=\"\/news\/ausbau-glasfasernetz-offenbach-am-main\" title=\"Glasfasernetz Offenbach am Main\">Glasfaser<\/a> &middot; <a href=\"\/news\/muehlheim-aktuell\" title=\"M\u00fchlheim heute aktuell\">M\u00fchlheim<\/a> &middot; Telekom &middot; <\/span><a href=\"https:\/\/www.op-online.de\/region\/muehlheim\/querungen-moeglicher-doppelausbau-verzoegerungen-so-steht-es-um-den-glasfaserausbau-in-muehlheim-94155677.html\" title=\"Link zum Artikel auf op-online.de\" target=\"_blank\">op-online.de<\/a><\/div>\n  <b><\/b>\n <\/div>\n <\/article>\n<\/div>\n<div class=\"post\" style=\"margin-bottom:40px;\">\n <article>\n <h2><a name=\"90c31794\" href=\"https:\/\/www.op-online.de\/region\/obertshausen\/die-telekom-will-4750-haushalte-ans-schnelle-internet-anschliessen-94134737.html\" rel=\"bookmark\" style=\"color:#333333; font-weight:bold;\" title=\"Link zum Artikel auf op-online.de\" target=\"_blank\">Die Telekom will 4750 Haushalte in Obertshausen ans schnelle Netz bringen<\/a><\/h2>\n <div class=\"entry\">\n  <p style=\"margin-bottom:4px;\">\n   <a href=\"https:\/\/www.op-online.de\/region\/obertshausen\/die-telekom-will-4750-haushalte-ans-schnelle-internet-anschliessen-94134737.html\" target=\"_blank\"><img decoding=\"async\" src=\"https:\/\/www.op-online.de\/assets\/images\/41\/196\/41196886-telekom-informationsabend-im-buergerhaus-hausen-2e01.jpg\" style=\"align:left !important; float:left !important; margin-top:4px !important; margin-right:8px !important; margin-bottom:4px !important; width:90px !important;\" \/><\/a>   Der Glasfaser-Ausbau in Obertshausen Nord soll im Fr&uuml;hjahr gestartet werden. Daf&uuml;r hatte die Telekom zu einem Informationsabend ins B&uuml;rgerhaus eingeladen, bei dem aber nicht alle Fragen beantwortet werden konnten.<br clear=\"all\" \/>  <\/p>\n  <div><span class=\"my_article_details\"><time datetime=\"2026-01-22\">22.01.2026<\/time> &middot; <a href=\"\/news\/ausbau-glasfasernetz-offenbach-am-main\" title=\"Glasfasernetz Offenbach am Main\">Glasfaser<\/a> &middot; <a href=\"\/news\/obertshausen-aktuell\" title=\"Obertshausen heute aktuell\">Obertshausen<\/a> &middot; Telekom &middot; <\/span><a href=\"https:\/\/www.op-online.de\/region\/obertshausen\/die-telekom-will-4750-haushalte-ans-schnelle-internet-anschliessen-94134737.html\" title=\"Link zum Artikel auf op-online.de\" target=\"_blank\">op-online.de<\/a><\/div>\n  <b><\/b>\n <\/div>\n <\/article>\n<\/div>\n<div class=\"post\" style=\"margin-bottom:40px;\">\n <article>\n <h2><a name=\"53baaa1a\" href=\"https:\/\/www.dietzenbach.de\/index.php?ModID=255&FID=3651.28429.1&object=tx%2C3651.6\" rel=\"bookmark\" style=\"color:#333333; font-weight:bold;\" title=\"Link zum Artikel auf dietzenbach.de\" target=\"_blank\">Glasfaser in Dietzenbach: Info-Veranstaltung am 13. Januar<\/a><\/h2>\n <div class=\"entry\">\n  <p style=\"margin-bottom:4px;\">\n   <a href=\"https:\/\/www.dietzenbach.de\/index.php?ModID=255&FID=3651.28429.1&object=tx%2C3651.6\" target=\"_blank\"><img decoding=\"async\" src=\"\/feeds\/gfx\/dietzenbach.de.png\" style=\"align:left !important; float:left !important; margin-top:4px !important; margin-right:8px !important; margin-bottom:4px !important; width:90px !important;\" \/><\/a>   Deutsche Telekom berichtet zum geplanten Ausbau ab Sommer 2026 Die Deutsche Telekom wird von diesem Jahr an die Infrastruktur der Kreisstadt Dietzenbach mit einem modernen Glasfaseranschluss ausbauen, um Einwohnerinnen und Einwohnern eine ...<br clear=\"all\" \/>  <\/p>\n  <div><span class=\"my_article_details\"><time datetime=\"2026-01-08\">08.01.2026<\/time> &middot; <a href=\"\/news\/dietzenbach-aktuell\" title=\"Dietzenbach heute aktuell\">Dietzenbach<\/a> &middot; <a href=\"\/news\/ausbau-glasfasernetz-offenbach-am-main\" title=\"Glasfasernetz Offenbach am Main\">Glasfaser<\/a> &middot; Telekom &middot; <\/span><a href=\"https:\/\/www.dietzenbach.de\/index.php?ModID=255&FID=3651.28429.1&object=tx%2C3651.6\" title=\"Link zum Artikel auf dietzenbach.de\" target=\"_blank\">dietzenbach.de<\/a><\/div>\n  <b><\/b>\n <\/div>\n <\/article>\n<\/div>\n<div class=\"post\" style=\"margin-bottom:40px;\">\n <article>\n <h2><a name=\"2fe74a53\" href=\"https:\/\/www.heusenstamm.de\/de\/buerger-und-stadt\/pressecenter\/aktuelle-meldungen\/detail\/item\/8490\/glasfaserausbau-gvg-erster-glasfaserkunde-in-rembruecken-aktiviert\" rel=\"bookmark\" style=\"color:#333333; font-weight:bold;\" title=\"Link zum Artikel auf heusenstamm.de\" target=\"_blank\">Glasfaserausbau GVG: Erster Glasfaserkunde in Rembr\u00fccken aktiviert<\/a><\/h2>\n <div class=\"entry\">\n  <p style=\"margin-bottom:4px;\">\n   <a href=\"https:\/\/www.heusenstamm.de\/de\/buerger-und-stadt\/pressecenter\/aktuelle-meldungen\/detail\/item\/8490\/glasfaserausbau-gvg-erster-glasfaserkunde-in-rembruecken-aktiviert\" target=\"_blank\"><img decoding=\"async\" src=\"\/feeds\/gfx\/heusenstamm.de.png\" style=\"align:left !important; float:left !important; margin-top:4px !important; margin-right:8px !important; margin-bottom:4px !important; width:90px !important;\" \/><\/a>   Es sind gute Nachrichten f&uuml;r Heusenstamm \u2013 und das nur einen Tag vor Heiligabend: Die GVG Glasfaser konnte heute den ersten Glasfaseranschluss ihrer Marke teranet in der s&uuml;dhessischen Stadt im L ...<br clear=\"all\" \/>  <\/p>\n  <div><span class=\"my_article_details\"><time datetime=\"2026-01-06\">06.01.2026<\/time> &middot; <a href=\"\/news\/ausbau-glasfasernetz-offenbach-am-main\" title=\"Glasfasernetz Offenbach am Main\">Glasfaser<\/a> &middot; <a href=\"\/news\/heusenstamm-aktuell\" title=\"Heusenstamm heute aktuell\">Heusenstamm<\/a> &middot; Teranet &middot; <\/span><a href=\"https:\/\/www.heusenstamm.de\/de\/buerger-und-stadt\/pressecenter\/aktuelle-meldungen\/detail\/item\/8490\/glasfaserausbau-gvg-erster-glasfaserkunde-in-rembruecken-aktiviert\" title=\"Link zum Artikel auf heusenstamm.de\" target=\"_blank\">heusenstamm.de<\/a><\/div>\n  <b><\/b>\n <\/div>\n <\/article>\n<\/div>\n<div class=\"post\" style=\"margin-bottom:40px;\">\n <article>\n <h2><a name=\"13e3e8c0\" href=\"https:\/\/www.rembruecken.de\/2025\/12\/23\/es-leuchtet-erste-glasfaseranschluesse-in-rembruecken-geschaltet\/\" rel=\"bookmark\" style=\"color:#333333; font-weight:bold;\" title=\"Link zum Artikel auf rembruecken.de\" target=\"_blank\">Es leuchtet: Erste Glasfaseranschl\u00fcsse in Rembr\u00fccken geschaltet!<\/a><\/h2>\n <div class=\"entry\">\n  <p style=\"margin-bottom:4px;\">\n   <a href=\"https:\/\/www.rembruecken.de\/2025\/12\/23\/es-leuchtet-erste-glasfaseranschluesse-in-rembruecken-geschaltet\/\" target=\"_blank\"><img decoding=\"async\" src=\"\/feeds\/gfx\/rembruecken.de.png\" style=\"align:left !important; float:left !important; margin-top:4px !important; margin-right:8px !important; margin-bottom:4px !important; width:90px !important;\" \/><\/a>   \u201e Was lange w&auml;hrt, wird endlich gut. \u201c Selten trifft ein Zitat so passend auf etwas zu, wie die Versorgung von Rembr&uuml;cken mit Glasfaseranschl&uuml;ssen. Doch blicken wir kurz zur&uuml;ck: es war der 5. Mai 2021 als der damalige B&uuml;rgermeister Halil &Ouml;ztas per Brief an ...<br clear=\"all\" \/>  <\/p>\n  <div><span class=\"my_article_details\"><time datetime=\"2025-12-23\">23.12.2025<\/time> &middot; <a href=\"\/news\/ausbau-glasfasernetz-offenbach-am-main\" title=\"Glasfasernetz Offenbach am Main\">Glasfaser<\/a> &middot; <a href=\"\/news\/heusenstamm-aktuell\" title=\"Heusenstamm heute aktuell\">Heusenstamm<\/a> &middot; Teranet &middot; <\/span><a href=\"https:\/\/www.rembruecken.de\/2025\/12\/23\/es-leuchtet-erste-glasfaseranschluesse-in-rembruecken-geschaltet\/\" title=\"Link zum Artikel auf rembruecken.de\" target=\"_blank\">rembruecken.de<\/a><\/div>\n  <b><\/b>\n <\/div>\n <\/article>\n<\/div>\n<div class=\"post\" style=\"margin-bottom:40px;\">\n <article>\n <h2><a name=\"1c1f9842\" href=\"https:\/\/www.op-online.de\/region\/obertshausen\/glasfasernetz-drei-anbieter-kaempfen-in-obertshausen-um-das-94087505.html\" rel=\"bookmark\" style=\"color:#333333; font-weight:bold;\" title=\"Link zum Artikel auf op-online.de\" target=\"_blank\">In Obertshausen verdichtet sich das Wirrwarr beim deutschen Glasfasernetzausbau<\/a><\/h2>\n <div class=\"entry\">\n  <p style=\"margin-bottom:4px;\">\n   <a href=\"https:\/\/www.op-online.de\/region\/obertshausen\/glasfasernetz-drei-anbieter-kaempfen-in-obertshausen-um-das-94087505.html\" target=\"_blank\"><img decoding=\"async\" src=\"https:\/\/www.op-online.de\/assets\/images\/40\/840\/40840951-bnoo17-12-25glasfaserinfoveranstaltung-infoveranstaltung-zum-glasfaserausbau-in-obertshausen-am-15-dezember-sassen-auf-dem-podium-im-buergerhaus-1X01.jpg\" style=\"align:left !important; float:left !important; margin-top:4px !important; margin-right:8px !important; margin-bottom:4px !important; width:90px !important;\" \/><\/a>   Der Glasfaserausbau in Obertshausen sorgt weiter f&uuml;r Verwirrung bei B&uuml;rgern. Drei Anbieter konkurrieren, einer hat sich zur&uuml;ckgezogen. Mittlerweile k&auml;mpft die gesamte Branche ums Gesch&auml;ft.<br clear=\"all\" \/>  <\/p>\n  <div><span class=\"my_article_details\"><time datetime=\"2025-12-17\">17.12.2025<\/time> &middot; <a href=\"\/news\/ausbau-glasfasernetz-offenbach-am-main\" title=\"Glasfasernetz Offenbach am Main\">Glasfaser<\/a> &middot; <a href=\"\/news\/obertshausen-aktuell\" title=\"Obertshausen heute aktuell\">Obertshausen<\/a> &middot; <\/span><a href=\"https:\/\/www.op-online.de\/region\/obertshausen\/glasfasernetz-drei-anbieter-kaempfen-in-obertshausen-um-das-94087505.html\" title=\"Link zum Artikel auf op-online.de\" target=\"_blank\">op-online.de<\/a><\/div>\n  <b><\/b>\n <\/div>\n <\/article>\n<\/div>\n<div class=\"post\" style=\"margin-bottom:40px;\">\n <article>\n <h2><a name=\"f1af367e\" href=\"https:\/\/www.heusenstamm.de\/de\/buerger-und-stadt\/pressecenter\/aktuelle-meldungen\/detail\/item\/8607\/podcast-buergermeisterei-63150-episode-14-glasfaserausbau\" rel=\"bookmark\" style=\"color:#333333; font-weight:bold;\" title=\"Link zum Artikel auf heusenstamm.de\" target=\"_blank\">Podcast B\u00fcrgermeisterei 63150: Episode 14 - Glasfaserausbau<\/a><\/h2>\n <div class=\"entry\">\n  <p style=\"margin-bottom:4px;\">\n   <a href=\"https:\/\/www.heusenstamm.de\/de\/buerger-und-stadt\/pressecenter\/aktuelle-meldungen\/detail\/item\/8607\/podcast-buergermeisterei-63150-episode-14-glasfaserausbau\" target=\"_blank\"><img decoding=\"async\" src=\"\/feeds\/gfx\/heusenstamm.de.png\" style=\"align:left !important; float:left !important; margin-top:4px !important; margin-right:8px !important; margin-bottom:4px !important; width:90px !important;\" \/><\/a>   Gute Nachrichten f&uuml;r alle Heusenstammer Einwohnerinnen und Einwohner sowie Gewerbetreibende: Am 6. M&auml;rz haben wir eine Kooperationsvereinbarung mit der Westconnect unterzeichnet, die vorsieht, d ...<br clear=\"all\" \/>  <\/p>\n  <div><span class=\"my_article_details\"><time datetime=\"2025-12-15\">15.12.2025<\/time> &middot; <a href=\"\/news\/ausbau-glasfasernetz-offenbach-am-main\" title=\"Glasfasernetz Offenbach am Main\">Glasfaser<\/a> &middot; <a href=\"\/news\/heusenstamm-aktuell\" title=\"Heusenstamm heute aktuell\">Heusenstamm<\/a> &middot; <\/span><a href=\"https:\/\/www.heusenstamm.de\/de\/buerger-und-stadt\/pressecenter\/aktuelle-meldungen\/detail\/item\/8607\/podcast-buergermeisterei-63150-episode-14-glasfaserausbau\" title=\"Link zum Artikel auf heusenstamm.de\" target=\"_blank\">heusenstamm.de<\/a><\/div>\n  <b><\/b>\n <\/div>\n <\/article>\n<\/div>\n<div class=\"post\" style=\"margin-bottom:40px;\">\n <article>\n <h2><a name=\"f2176cf2\" href=\"https:\/\/www.op-online.de\/region\/obertshausen\/telekom-ueberbaut-westconnect-das-gesetz-ist-schlecht-orchestriert-94076622.html\" rel=\"bookmark\" style=\"color:#333333; font-weight:bold;\" title=\"Link zum Artikel auf op-online.de\" target=\"_blank\">\u201eUnfair\u201c: Telekom will Westconnect beim Glasfasernetz \u00fcberbauen<\/a><\/h2>\n <div class=\"entry\">\n  <p style=\"margin-bottom:4px;\">\n   <a href=\"https:\/\/www.op-online.de\/region\/obertshausen\/telekom-ueberbaut-westconnect-das-gesetz-ist-schlecht-orchestriert-94076622.html\" target=\"_blank\"><img decoding=\"async\" src=\"https:\/\/www.op-online.de\/assets\/images\/40\/763\/40763505-div-archiv-08-04-2021-niedersachsen-leer-glasfaserkabel-liegen-auf-einer-baustelle-zu-dpa-zwei-von-drei-haushalten-koennten-glasfaser-nutzen-foto-sina-1o01.jpg\" style=\"align:left !important; float:left !important; margin-top:4px !important; margin-right:8px !important; margin-bottom:4px !important; width:90px !important;\" \/><\/a>   Der Glasfaserausbau in Obertshausen eskaliert zum Wettbewerb. Die Telekom plant ein paralleles Netz neben Westconnect \u2013 und theoretisch auch noch Giganetz.<br clear=\"all\" \/>  <\/p>\n  <div><span class=\"my_article_details\"><time datetime=\"2025-12-10\">10.12.2025<\/time> &middot; Giganetz &middot; <a href=\"\/news\/ausbau-glasfasernetz-offenbach-am-main\" title=\"Glasfasernetz Offenbach am Main\">Glasfaser<\/a> &middot; Telekom &middot; <\/span><a href=\"https:\/\/www.op-online.de\/region\/obertshausen\/telekom-ueberbaut-westconnect-das-gesetz-ist-schlecht-orchestriert-94076622.html\" title=\"Link zum Artikel auf op-online.de\" target=\"_blank\">op-online.de<\/a><\/div>\n  <b><\/b>\n <\/div>\n <\/article>\n<\/div>\n<div class=\"post\" style=\"margin-bottom:40px;\">\n <article>\n <h2><a name=\"21d6a1ee\" href=\"https:\/\/www.dietzenbach.de\/index.php?ModID=255&FID=3651.28358.1&object=tx%2C3651.6\" rel=\"bookmark\" style=\"color:#333333; font-weight:bold;\" title=\"Link zum Artikel auf dietzenbach.de\" target=\"_blank\">Glasfaser f\u00fcr Dietzenbach<\/a><\/h2>\n <div class=\"entry\">\n  <p style=\"margin-bottom:4px;\">\n   <a href=\"https:\/\/www.dietzenbach.de\/index.php?ModID=255&FID=3651.28358.1&object=tx%2C3651.6\" target=\"_blank\"><img decoding=\"async\" src=\"\/feeds\/gfx\/dietzenbach.de.png\" style=\"align:left !important; float:left !important; margin-top:4px !important; margin-right:8px !important; margin-bottom:4px !important; width:90px !important;\" \/><\/a>   Insgesamt profitieren 16.250 Haushalte und Unternehmen vom stufenweisen Glasfaserausbau Die Telekom baut in Dietzenbach ein Glasfasernetz aktuell f&uuml;r 6.200Haushalte und Unternehmen. Die Arbeiten beginnen im Juni 2026. Nach Fertigstellung des 1. Ausbaugebietes ...<br clear=\"all\" \/>  <\/p>\n  <div><span class=\"my_article_details\"><time datetime=\"2025-12-01\">01.12.2025<\/time> &middot; <a href=\"\/news\/dietzenbach-aktuell\" title=\"Dietzenbach heute aktuell\">Dietzenbach<\/a> &middot; <a href=\"\/news\/ausbau-glasfasernetz-offenbach-am-main\" title=\"Glasfasernetz Offenbach am Main\">Glasfaser<\/a> &middot; Telekom &middot; <\/span><a href=\"https:\/\/www.dietzenbach.de\/index.php?ModID=255&FID=3651.28358.1&object=tx%2C3651.6\" title=\"Link zum Artikel auf dietzenbach.de\" target=\"_blank\">dietzenbach.de<\/a><\/div>\n  <b><\/b>\n <\/div>\n <\/article>\n<\/div>\n<div class=\"post\" style=\"background-color: #e6e6ff; margin-bottom: 40px; padding: 10px;\"><article><a style=\"color: #000000; font-size: 20px; font-weight: normal; text-decoration: underlined;\" href=\"https:\/\/www.ndr.de\/nachrichten\/info\/solarenergie-liefert-erstmals-mehr-strom-als-aus-braunkohle,photovoltaik-124.html\" target=\"_blank\">Solarenergie liefert erstmals mehr Strom als Braunkohle<\/a><\/p><div class=\"entry\"><p style=\"margin-bottom: 4px;\"><a href=\"https:\/\/www.ndr.de\/nachrichten\/info\/solarenergie-liefert-erstmals-mehr-strom-als-aus-braunkohle,photovoltaik-124.html\" target=\"_blank\" rel=\"noopener\"><img decoding=\"async\" style=\"align: left !important; float: left !important; margin-top: 4px !important; margin-right: 8px !important; margin-bottom: 4px !important; width: 90px !important;\" src=\"data:image\/gif;base64,R0lGODlhAQABAIAAAAAAAP\/\/\/yH5BAEAAAAALAAAAAABAAEAAAIBRAA7\" data-src=\"https:\/\/www.heusenstaemmchen.de\/feeds\/gfx\/ndr.de.png\" \/><\/a>Photovoltaik lag vergangenes Jahr zum ersten Mal auf Platz 2 bei der Stromerzeugung in Deutschland &#8211; vor Braunkohle und Erdgas. Insgesamt stieg der Anteil erneuerbarer Energien am Strommix aber nicht.<br clear=\"all\" \/><\/p><div><b>Schon gewusst?<\/b> \u00b7 Regenerative Energien \u00b7 <a title=\"Mehr Details auf ndr.de\" href=\"https:\/\/www.ndr.de\/nachrichten\/info\/solarenergie-liefert-erstmals-mehr-strom-als-aus-braunkohle,photovoltaik-124.html\" target=\"_blank\" rel=\"noopener\">ndr.de<\/a><\/div><\/div><\/article><\/div><div class=\"post\" style=\"margin-bottom:40px;\">\n <article>\n <h2><a name=\"80314550\" href=\"https:\/\/www.op-online.de\/region\/obertshausen\/glasfaserausbau-in-obertshausen-bleibt-fuer-buerger-unklar-94050994.html\" rel=\"bookmark\" style=\"color:#333333; font-weight:bold;\" title=\"Link zum Artikel auf op-online.de\" target=\"_blank\">Glasfaserausbau in Obertshausen \u2013 Wann kommt endlich schnelles Internet?<\/a><\/h2>\n <div class=\"entry\">\n  <p style=\"margin-bottom:4px;\">\n   <a href=\"https:\/\/www.op-online.de\/region\/obertshausen\/glasfaserausbau-in-obertshausen-bleibt-fuer-buerger-unklar-94050994.html\" target=\"_blank\"><img decoding=\"async\" src=\"https:\/\/www.op-online.de\/assets\/images\/36\/329\/36329440-archiv-13-07-2021-sachsen-eschdorf-das-ende-eines-buendels-glasfaserkabel-ist-auf-einer-baustelle-zu-sehen-deutschland-kommt-beim-ausbau-seines-2n3ldGd14e01.jpg\" style=\"align:left !important; float:left !important; margin-top:4px !important; margin-right:8px !important; margin-bottom:4px !important; width:90px !important;\" \/><\/a>   Zwar gibt sich Westconnect zufrieden mit dem Stand seiner Ausbaupl&auml;ne f&uuml;r Obertshausen. Doch genauer wird der Anbieter kaum. Im Haupt- und Finanzausschuss wurde wieder deutlich, in welcher Abh&auml;ngigkeit die Stadt ist.<br clear=\"all\" \/>  <\/p>\n  <div><span class=\"my_article_details\"><time datetime=\"2025-11-23\">23.11.2025<\/time> &middot; <a href=\"\/news\/ausbau-glasfasernetz-offenbach-am-main\" title=\"Glasfasernetz Offenbach am Main\">Glasfaser<\/a> &middot; Internet &middot; <a href=\"\/news\/obertshausen-aktuell\" title=\"Obertshausen heute aktuell\">Obertshausen<\/a> &middot; <\/span><a href=\"https:\/\/www.op-online.de\/region\/obertshausen\/glasfaserausbau-in-obertshausen-bleibt-fuer-buerger-unklar-94050994.html\" title=\"Link zum Artikel auf op-online.de\" target=\"_blank\">op-online.de<\/a><\/div>\n  <b><\/b>\n <\/div>\n <\/article>\n<\/div>\n<div class=\"post\" style=\"margin-bottom:40px;\">\n <article>\n <h2><a name=\"dc9fcf04\" href=\"https:\/\/www.rembruecken.de\/2025\/10\/22\/glasfaserausbau-geht-offensichtlich-auf-die-zielgerade\/\" rel=\"bookmark\" style=\"color:#333333; font-weight:bold;\" title=\"Link zum Artikel auf rembruecken.de\" target=\"_blank\">Rembr\u00fccken: Glasfaserausbau geht offensichtlich auf die Zielgerade \u2026<\/a><\/h2>\n <div class=\"entry\">\n  <p style=\"margin-bottom:4px;\">\n   <a href=\"https:\/\/www.rembruecken.de\/2025\/10\/22\/glasfaserausbau-geht-offensichtlich-auf-die-zielgerade\/\" target=\"_blank\"><img decoding=\"async\" src=\"\/feeds\/gfx\/rembruecken.de.png\" style=\"align:left !important; float:left !important; margin-top:4px !important; margin-right:8px !important; margin-bottom:4px !important; width:90px !important;\" \/><\/a>   Die GVG Glasfaser teilt heute folgendes mit: Dem Start des letzten Bauabschnitts f&uuml;r das zukunftssichere Glasfasernetz der GVG-Marke teranet im Heusenstammer Stadtteil Rembr&uuml;cken steht nichts mehr im Wege: Die GVG Glasfaser wird am kommenden Montag (27. Oktober) ...<br clear=\"all\" \/>  <\/p>\n  <div><span class=\"my_article_details\"><time datetime=\"2025-10-22\">22.10.2025<\/time> &middot; <a href=\"\/news\/ausbau-glasfasernetz-offenbach-am-main\" title=\"Glasfasernetz Offenbach am Main\">Glasfaser<\/a> &middot; <a href=\"\/news\/heusenstamm-aktuell\" title=\"Heusenstamm heute aktuell\">Heusenstamm<\/a> &middot; Teranet &middot; <\/span><a href=\"https:\/\/www.rembruecken.de\/2025\/10\/22\/glasfaserausbau-geht-offensichtlich-auf-die-zielgerade\/\" title=\"Link zum Artikel auf rembruecken.de\" target=\"_blank\">rembruecken.de<\/a><\/div>\n  <b><\/b>\n <\/div>\n <\/article>\n<\/div>\n<div class=\"post\" style=\"margin-bottom:40px;\">\n <article>\n <h2><a name=\"80c86fe7\" href=\"https:\/\/www.heusenstamm.de\/de\/buerger-und-stadt\/pressecenter\/aktuelle-meldungen\/detail\/item\/6378\/glasfaserausbau-westconnect-und-maingau-schliessen-glasfaser-kooperation\" rel=\"bookmark\" style=\"color:#333333; font-weight:bold;\" title=\"Link zum Artikel auf heusenstamm.de\" target=\"_blank\">Glasfaserausbau: Westconnect und MAINGAU schlie\u00dfen Glasfaser-Kooperation<\/a><\/h2>\n <div class=\"entry\">\n  <p style=\"margin-bottom:4px;\">\n   <a href=\"https:\/\/www.heusenstamm.de\/de\/buerger-und-stadt\/pressecenter\/aktuelle-meldungen\/detail\/item\/6378\/glasfaserausbau-westconnect-und-maingau-schliessen-glasfaser-kooperation\" target=\"_blank\"><img decoding=\"async\" src=\"\/feeds\/gfx\/heusenstamm.de.png\" style=\"align:left !important; float:left !important; margin-top:4px !important; margin-right:8px !important; margin-bottom:4px !important; width:90px !important;\" \/><\/a>   MAINGAU, ein stark wachsendes Energie-und Techunternehmen mit Sitz in Obertshausen, und Westconnect, eines der f&uuml;hrenden deutschen Glasfaserunternehmen mit Sitz in Essen, arbeiten im Sinne des G ...<br clear=\"all\" \/>  <\/p>\n  <div><span class=\"my_article_details\"><time datetime=\"2025-09-09\">09.09.2025<\/time> &middot; <a href=\"\/news\/ausbau-glasfasernetz-offenbach-am-main\" title=\"Glasfasernetz Offenbach am Main\">Glasfaser<\/a> &middot; <a href=\"\/news\/heusenstamm-aktuell\" title=\"Heusenstamm heute aktuell\">Heusenstamm<\/a> &middot; <a href=\"\/news\/obertshausen-aktuell\" title=\"Obertshausen heute aktuell\">Obertshausen<\/a> &middot; <\/span><a href=\"https:\/\/www.heusenstamm.de\/de\/buerger-und-stadt\/pressecenter\/aktuelle-meldungen\/detail\/item\/6378\/glasfaserausbau-westconnect-und-maingau-schliessen-glasfaser-kooperation\" title=\"Link zum Artikel auf heusenstamm.de\" target=\"_blank\">heusenstamm.de<\/a><\/div>\n  <b><\/b>\n <\/div>\n <\/article>\n<\/div>\n<div class=\"post\" style=\"margin-bottom:40px;\">\n <article>\n <h2><a name=\"70b39b05\" href=\"https:\/\/www.heusenstamm.de\/de\/buerger-und-stadt\/pressecenter\/aktuelle-meldungen\/detail\/item\/8490\/glasfaserausbau-westconnect-verlaengerung-der-vermarktungsphase\" rel=\"bookmark\" style=\"color:#333333; font-weight:bold;\" title=\"Link zum Artikel auf heusenstamm.de\" target=\"_blank\">Glasfaserausbau Westconnect: Verl\u00e4ngerung der Vermarktungsphase<\/a><\/h2>\n <div class=\"entry\">\n  <p style=\"margin-bottom:4px;\">\n   <a href=\"https:\/\/www.heusenstamm.de\/de\/buerger-und-stadt\/pressecenter\/aktuelle-meldungen\/detail\/item\/8490\/glasfaserausbau-westconnect-verlaengerung-der-vermarktungsphase\" target=\"_blank\"><img decoding=\"async\" src=\"\/feeds\/gfx\/heusenstamm.de.png\" style=\"align:left !important; float:left !important; margin-top:4px !important; margin-right:8px !important; margin-bottom:4px !important; width:90px !important;\" \/><\/a>   Westconnect verl&auml;ngert die Vorvermarktung f&uuml;r Glasfaseranschl&uuml;sse: Die B&uuml;rgerinnen und B&uuml;rger in Heusenstamm k&ouml;nnen sich f&uuml;r ihre Immobilien noch bis zum 31. August 2025 einen kostenlosen Ansc ...<br clear=\"all\" \/>  <\/p>\n  <div><span class=\"my_article_details\"><time datetime=\"2025-06-27\">27.06.2025<\/time> &middot; <a href=\"\/news\/ausbau-glasfasernetz-offenbach-am-main\" title=\"Glasfasernetz Offenbach am Main\">Glasfaser<\/a> &middot; <a href=\"\/news\/heusenstamm-aktuell\" title=\"Heusenstamm heute aktuell\">Heusenstamm<\/a> &middot; <\/span><a href=\"https:\/\/www.heusenstamm.de\/de\/buerger-und-stadt\/pressecenter\/aktuelle-meldungen\/detail\/item\/8490\/glasfaserausbau-westconnect-verlaengerung-der-vermarktungsphase\" title=\"Link zum Artikel auf heusenstamm.de\" target=\"_blank\">heusenstamm.de<\/a><\/div>\n  <b><\/b>\n <\/div>\n <\/article>\n<\/div>\n<div class=\"post\" style=\"margin-bottom:40px;\">\n <article>\n <h2><a name=\"b7c57128\" href=\"https:\/\/www.op-online.de\/region\/heusenstamm\/heusenstamm-wartet-weiter-auf-schnelles-internet-93734453.html\" rel=\"bookmark\" style=\"color:#333333; font-weight:bold;\" title=\"Link zum Artikel auf op-online.de\" target=\"_blank\">Heusenstamm wartet weiter auf schnelles Internet<\/a><\/h2>\n <div class=\"entry\">\n  <p style=\"margin-bottom:4px;\">\n   <a href=\"https:\/\/www.op-online.de\/region\/heusenstamm\/heusenstamm-wartet-weiter-auf-schnelles-internet-93734453.html\" target=\"_blank\"><img decoding=\"async\" src=\"https:\/\/www.op-online.de\/assets\/images\/38\/205\/38205832-glasfaser-kabel-glasfaser-ausbau-stuhr-maerz-2021-x01.jpg\" style=\"align:left !important; float:left !important; margin-top:4px !important; margin-right:8px !important; margin-bottom:4px !important; width:90px !important;\" \/><\/a>   Glasfaserausbau in Heusenstamm: Einigung zwischen Westconnect und Teranet gescheitert.<br clear=\"all\" \/>  <\/p>\n  <div><span class=\"my_article_details\"><time datetime=\"2025-05-16\">16.05.2025<\/time> &middot; <a href=\"\/news\/ausbau-glasfasernetz-offenbach-am-main\" title=\"Glasfasernetz Offenbach am Main\">Glasfaser<\/a> &middot; Internet &middot; Teranet &middot; <\/span><a href=\"https:\/\/www.op-online.de\/region\/heusenstamm\/heusenstamm-wartet-weiter-auf-schnelles-internet-93734453.html\" title=\"Link zum Artikel auf op-online.de\" target=\"_blank\">op-online.de<\/a><\/div>\n  <b><\/b>\n <\/div>\n <\/article>\n<\/div>\n<div class=\"post\" style=\"margin-bottom:40px;\">\n <article>\n <h2><a name=\"04700bdc\" href=\"https:\/\/www.rembruecken.de\/2025\/05\/14\/update-zum-thema-glasfaserausbau\/\" rel=\"bookmark\" style=\"color:#333333; font-weight:bold;\" title=\"Link zum Artikel auf rembruecken.de\" target=\"_blank\">Rembr\u00fccken: Update zum Thema \u201eGlasfaserausbau\u201c<\/a><\/h2>\n <div class=\"entry\">\n  <p style=\"margin-bottom:4px;\">\n   <a href=\"https:\/\/www.rembruecken.de\/2025\/05\/14\/update-zum-thema-glasfaserausbau\/\" target=\"_blank\"><img decoding=\"async\" src=\"\/feeds\/gfx\/rembruecken.de.png\" style=\"align:left !important; float:left !important; margin-top:4px !important; margin-right:8px !important; margin-bottom:4px !important; width:90px !important;\" \/><\/a>   Pressemeldung der Stadt Heusenstamm vom 14.05.2025 zum Glasfaserausbau Glasfaserausbau im Stadtgebiet: GVG Glasfaser k&uuml;ndigt per Pressemeldung die Weiterf&uuml;hrung des Ausbaus in Rembr&uuml;cken an \u2013 Erste Stellungnahme von B&uuml;rgermeister Steffen Ball Am heutigen Mittwochvormittag ...<br clear=\"all\" \/>  <\/p>\n  <div><span class=\"my_article_details\"><time datetime=\"2025-05-14\">14.05.2025<\/time> &middot; <a href=\"\/news\/ausbau-glasfasernetz-offenbach-am-main\" title=\"Glasfasernetz Offenbach am Main\">Glasfaser<\/a> &middot; <a href=\"\/news\/heusenstamm-aktuell\" title=\"Heusenstamm heute aktuell\">Heusenstamm<\/a> &middot; Teranet &middot; <\/span><a href=\"https:\/\/www.rembruecken.de\/2025\/05\/14\/update-zum-thema-glasfaserausbau\/\" title=\"Link zum Artikel auf rembruecken.de\" target=\"_blank\">rembruecken.de<\/a><\/div>\n  <b><\/b>\n <\/div>\n <\/article>\n<\/div>\n\n","protected":false},"excerpt":{"rendered":"<p>News zum Ausbau des Glasfasernetzes im Kreis Offenbach am Main von heute und den vergangenen Monaten &nbsp;<\/p>\n","protected":false},"author":4,"featured_media":0,"parent":0,"menu_order":0,"comment_status":"closed","ping_status":"closed","template":"","meta":{"footnotes":""},"categories":[],"tags":[311,156,133,460,456,4,90,457,302,102,433,455,458,190,459],"class_list":["post-6673","page","type-page","status-publish","hentry","tag-dietzenbach","tag-dreieich","tag-egelsbach","tag-glasfaser","tag-hainburg","tag-heusenstamm","tag-langen","tag-mainhausen","tag-muehlheim-am-main","tag-neu-isenburg","tag-obertshausen","tag-offenbach-am-main","tag-roedermark","tag-rodgau","tag-seligenstadt"],"_links":{"self":[{"href":"https:\/\/www.heusenstaemmchen.de\/news\/wp-json\/wp\/v2\/pages\/6673","targetHints":{"allow":["GET"]}}],"collection":[{"href":"https:\/\/www.heusenstaemmchen.de\/news\/wp-json\/wp\/v2\/pages"}],"about":[{"href":"https:\/\/www.heusenstaemmchen.de\/news\/wp-json\/wp\/v2\/types\/page"}],"author":[{"embeddable":true,"href":"https:\/\/www.heusenstaemmchen.de\/news\/wp-json\/wp\/v2\/users\/4"}],"replies":[{"embeddable":true,"href":"https:\/\/www.heusenstaemmchen.de\/news\/wp-json\/wp\/v2\/comments?post=6673"}],"version-history":[{"count":2,"href":"https:\/\/www.heusenstaemmchen.de\/news\/wp-json\/wp\/v2\/pages\/6673\/revisions"}],"predecessor-version":[{"id":13277,"href":"https:\/\/www.heusenstaemmchen.de\/news\/wp-json\/wp\/v2\/pages\/6673\/revisions\/13277"}],"wp:attachment":[{"href":"https:\/\/www.heusenstaemmchen.de\/news\/wp-json\/wp\/v2\/media?parent=6673"}],"wp:term":[{"taxonomy":"category","embeddable":true,"href":"https:\/\/www.heusenstaemmchen.de\/news\/wp-json\/wp\/v2\/categories?post=6673"},{"taxonomy":"post_tag","embeddable":true,"href":"https:\/\/www.heusenstaemmchen.de\/news\/wp-json\/wp\/v2\/tags?post=6673"}],"curies":[{"name":"wp","href":"https:\/\/api.w.org\/{rel}","templated":true}]}}