{"id":5376,"date":"2024-06-23T15:47:05","date_gmt":"2024-06-23T13:47:05","guid":{"rendered":"http:\/\/www.heusenstaemmchen.de\/blog\/?page_id=5376"},"modified":"2026-01-24T10:57:36","modified_gmt":"2026-01-24T09:57:36","slug":"egelsbach-nachrichten","status":"publish","type":"page","link":"https:\/\/www.heusenstaemmchen.de\/news\/egelsbach-nachrichten","title":{"rendered":"Egelsbach News: Aktuelle Nachrichten"},"content":{"rendered":"<div class=\"post\" style=\"margin-bottom:40px;\">\n <article>\n <h2><a name=\"69a586df\" href=\"https:\/\/www.op-online.de\/hessen\/offenbach-und-rhein-main-erwarten-wetter-achterbahn-94286874.html\" rel=\"bookmark\" style=\"color:#333333; font-weight:bold;\" title=\"Link zum Artikel auf op-online.de\" target=\"_blank\">Von 27 Grad bis Gewitter: Offenbach und Rhein-Main erwarten Wetter-Achterbahn<\/a><\/h2>\n <div class=\"entry\">\n  <p style=\"margin-bottom:4px;\">\n   <a href=\"https:\/\/www.op-online.de\/hessen\/offenbach-und-rhein-main-erwarten-wetter-achterbahn-94286874.html\" target=\"_blank\"><img decoding=\"async\" src=\"https:\/\/www.op-online.de\/assets\/images\/42\/241\/42241521-maibaum-2l01.jpg\" style=\"align:left !important; float:left !important; margin-top:4px !important; margin-right:8px !important; margin-bottom:4px !important; width:90px !important;\" \/><\/a>   Sonne und Temperaturen bis zu 27 Grad: Hessen erwartet ein freundliches Maiwochenende \u2013 mit einer Ausnahme: Nachts droht stellenweise Bodenfrost.<br clear=\"all\" \/>  <\/p>\n  <div><span class=\"my_article_details\"><time datetime=\"2026-04-30\">30.04.2026<\/time> &middot; <a href=\"\/news\/offenbach-aktuell\" title=\"Offenbach heute aktuell\">Offenbach<\/a> &middot; Wetter &middot; <\/span><a href=\"https:\/\/www.op-online.de\/hessen\/offenbach-und-rhein-main-erwarten-wetter-achterbahn-94286874.html\" title=\"Link zum Artikel auf op-online.de\" target=\"_blank\">op-online.de<\/a><\/div>\n  <b><\/b>\n <\/div>\n <\/article>\n<\/div>\n<div class=\"post\" style=\"margin-bottom:40px;\">\n <article>\n <h2><a name=\"b295621a\" href=\"https:\/\/of-news.de\/langen\/siebenschlaefer-maimarkt-lockt-mit-apfelwein-und-stadtradeln-start-in-die-langener-wassergasse-167804\/\" rel=\"bookmark\" style=\"color:#333333; font-weight:bold;\" title=\"Link zum Artikel auf of-news.de\" target=\"_blank\">Siebenschl\u00e4fer-Maimarkt lockt mit Apfelwein und Stadtradeln-Start in die Langener Wassergasse<\/a><\/h2>\n <div class=\"entry\">\n  <p style=\"margin-bottom:4px;\">\n   <a href=\"https:\/\/of-news.de\/langen\/siebenschlaefer-maimarkt-lockt-mit-apfelwein-und-stadtradeln-start-in-die-langener-wassergasse-167804\/\" target=\"_blank\"><img decoding=\"async\" src=\"\/feeds\/gfx\/of-news.de.png\" style=\"align:left !important; float:left !important; margin-top:4px !important; margin-right:8px !important; margin-bottom:4px !important; width:90px !important;\" \/><\/a>   Am Sonntag, 3. Mai, findet in der Wassergasse der traditionelle Siebenschl&#xE4;fer-Maimarkt statt. Von 11 bis 18 Uhr wird die historische Altstadtgasse zur autofreien Festmeile und markiert den Saisonstart der Apfelwein- und Streuobstwiesenroute. Der Markt ...<br clear=\"all\" \/>  <\/p>\n  <div><span class=\"my_article_details\"><time datetime=\"2026-04-30\">30.04.2026<\/time> &middot; <a href=\"\/news\/egelsbach-aktuell\" title=\"Egelsbach heute aktuell\">Egelsbach<\/a> &middot; <a href=\"\/news\/egelsbach-nachrichten\" title=\"Egelsbach Nachrichten\">News<\/a> &middot; <\/span><a href=\"https:\/\/of-news.de\/langen\/siebenschlaefer-maimarkt-lockt-mit-apfelwein-und-stadtradeln-start-in-die-langener-wassergasse-167804\/\" title=\"Link zum Artikel auf of-news.de\" target=\"_blank\">of-news.de<\/a><\/div>\n  <b><\/b>\n <\/div>\n <\/article>\n<\/div>\n<div class=\"post\" style=\"margin-bottom:40px;\">\n <article>\n <h2><a name=\"026e8e4a\" href=\"https:\/\/www.rheinmainverlag.de\/2026\/04\/30\/sirenenprobe-im-kreis-offenbach-2\/\" rel=\"bookmark\" style=\"color:#333333; font-weight:bold;\" title=\"Link zum Artikel auf rheinmainverlag.de\" target=\"_blank\">Sirenenprobe im Kreis Offenbach<\/a><\/h2>\n <div class=\"entry\">\n  <p style=\"margin-bottom:4px;\">\n   <a href=\"https:\/\/www.rheinmainverlag.de\/2026\/04\/30\/sirenenprobe-im-kreis-offenbach-2\/\" target=\"_blank\"><img decoding=\"async\" src=\"\/feeds\/gfx\/rheinmainverlag.de.png\" style=\"align:left !important; float:left !important; margin-top:4px !important; margin-right:8px !important; margin-bottom:4px !important; width:90px !important;\" \/><\/a>   Eine kreisweite einheitliche Sirenenton&uuml;berpr&uuml;fung findet am kommenden Samstag, 2. Mai 2026, statt. Um 11 Uhr werden die Sirenen in den 13 Kommunen den Warnton ausl&ouml;sen. Eine Minute lang wird ein Heulton auf- und abschwellen. Eine Entwarnung erfolgt nicht. ...<br clear=\"all\" \/>  <\/p>\n  <div><span class=\"my_article_details\"><time datetime=\"2026-04-30\">30.04.2026<\/time> &middot; <a href=\"\/news\/polizeieinsaetze-offenbach-am-main\" title=\"Polizeieins\u00e4tze Offenbach am Main\">Kreis Offenbach<\/a> &middot; <\/span><a href=\"https:\/\/www.rheinmainverlag.de\/2026\/04\/30\/sirenenprobe-im-kreis-offenbach-2\/\" title=\"Link zum Artikel auf rheinmainverlag.de\" target=\"_blank\">rheinmainverlag.de<\/a><\/div>\n  <b><\/b>\n <\/div>\n <\/article>\n<\/div>\n<div class=\"post\" style=\"margin-bottom:40px;\">\n <article>\n <h2><a name=\"1a1fb848\" href=\"https:\/\/www.op-online.de\/hessen\/bringen-die-eisheiligen-den-frost-nach-offenbach-hanau-zurueck-experten-wagen-wetter-prognose-94286052.html\" rel=\"bookmark\" style=\"color:#333333; font-weight:bold;\" title=\"Link zum Artikel auf op-online.de\" target=\"_blank\">Bringen die Eisheiligen den Frost nach Offenbach und Hanau zur\u00fcck? Experten wagen Wetter-Prognose<\/a><\/h2>\n <div class=\"entry\">\n  <p style=\"margin-bottom:4px;\">\n   <a href=\"https:\/\/www.op-online.de\/hessen\/bringen-die-eisheiligen-den-frost-nach-offenbach-hanau-zurueck-experten-wagen-wetter-prognose-94286052.html\" target=\"_blank\"><img decoding=\"async\" src=\"https:\/\/www.op-online.de\/assets\/images\/42\/238\/42238331-baeumt-sich-in-niedersachsen-zu-den-eisheiligen-ein-letztes-mal-der-winter-mit-eisiger-kaelte-und-frost-auf-oder-kommt-der-fruehsommer-experten-wagen-1G01.jpg\" style=\"align:left !important; float:left !important; margin-top:4px !important; margin-right:8px !important; margin-bottom:4px !important; width:90px !important;\" \/><\/a>   Der Mai r&uuml;ckt n&auml;her, und mit ihm nahen die Eisheiligen. Nach dem warmen April stellt sich in Offenbach, Hanau und anderen Teilen des Rhein-Main-Gebiets f&uuml;r manchen die Frostfrage in besonderem Ma&szlig;e.<br clear=\"all\" \/>  <\/p>\n  <div><span class=\"my_article_details\"><time datetime=\"2026-04-30\">30.04.2026<\/time> &middot; <a href=\"\/news\/offenbach-aktuell\" title=\"Offenbach heute aktuell\">Offenbach<\/a> &middot; Wetter &middot; <\/span><a href=\"https:\/\/www.op-online.de\/hessen\/bringen-die-eisheiligen-den-frost-nach-offenbach-hanau-zurueck-experten-wagen-wetter-prognose-94286052.html\" title=\"Link zum Artikel auf op-online.de\" target=\"_blank\">op-online.de<\/a><\/div>\n  <b><\/b>\n <\/div>\n <\/article>\n<\/div>\n<div class=\"post\" style=\"margin-bottom:40px;\">\n <article>\n <h2><a name=\"05879cda\" href=\"https:\/\/www.rheinmainverlag.de\/2026\/04\/30\/freiwillige-feuerwehr-heusenstamm-feiert-ihr-150-jaehriges-bestehen\/\" rel=\"bookmark\" style=\"color:#333333; font-weight:bold;\" title=\"Link zum Artikel auf rheinmainverlag.de\" target=\"_blank\">Freiwillige Feuerwehr Heusenstamm feiert ihr 150-j\u00e4hriges Bestehen<\/a><\/h2>\n <div class=\"entry\">\n  <p style=\"margin-bottom:4px;\">\n   <a href=\"https:\/\/www.rheinmainverlag.de\/2026\/04\/30\/freiwillige-feuerwehr-heusenstamm-feiert-ihr-150-jaehriges-bestehen\/\" target=\"_blank\"><img decoding=\"async\" src=\"\/feeds\/gfx\/rheinmainverlag.de.png\" style=\"align:left !important; float:left !important; margin-top:4px !important; margin-right:8px !important; margin-bottom:4px !important; width:90px !important;\" \/><\/a>   Ein Jubil&auml;um, das Geschichte atmet, Gemeinschaft feiert und die unverzichtbare Arbeit ehrenamtlicher Helden in den Mittelpunkt stellt: Die Freiwillige Feuerwehr Heusenstamm blickte am Samstagabend im voll besetzten Kultur- und Sportzentrum Martinsee auf 150 ...<br clear=\"all\" \/>  <\/p>\n  <div><span class=\"my_article_details\"><time datetime=\"2026-04-30\">30.04.2026<\/time> &middot; <a href=\"\/news\/braende-offenbach-am-main\" title=\"Br\u00e4nde Offenbach am Main\">Feuerwehr<\/a> &middot; <a href=\"\/news\/polizeieinsaetze-offenbach-am-main\" title=\"Polizeieins\u00e4tze Offenbach am Main\">Kreis Offenbach<\/a> &middot; <\/span><a href=\"https:\/\/www.rheinmainverlag.de\/2026\/04\/30\/freiwillige-feuerwehr-heusenstamm-feiert-ihr-150-jaehriges-bestehen\/\" title=\"Link zum Artikel auf rheinmainverlag.de\" target=\"_blank\">rheinmainverlag.de<\/a><\/div>\n  <b><\/b>\n <\/div>\n <\/article>\n<\/div>\n<div class=\"post\" style=\"margin-bottom:40px;\">\n <article>\n <h2><a name=\"dc40c770\" href=\"https:\/\/www.evo-ag.de\/presse\/pressemitteilungen\/details\/stromausfall-in-heusenstamm\" rel=\"bookmark\" style=\"color:#333333; font-weight:bold;\" title=\"Link zum Artikel auf evo-ag.de\" target=\"_blank\">EVO: Stromausfall in Heusenstamm<\/a><\/h2>\n <div class=\"entry\">\n  <p style=\"margin-bottom:4px;\">\n   <a href=\"https:\/\/www.evo-ag.de\/presse\/pressemitteilungen\/details\/stromausfall-in-heusenstamm\" target=\"_blank\"><img decoding=\"async\" src=\"\/feeds\/gfx\/evo-ag.de.png\" style=\"align:left !important; float:left !important; margin-top:4px !important; margin-right:8px !important; margin-bottom:4px !important; width:90px !important;\" \/><\/a>   HEUSENSTAMM, 30. April 2026. Heute Nacht ist es in gro\u00dfen Teilen von Heusenstamm zu einem Stromausfall gekommen. Ausgefallen waren insgesamt 15 Stationen, betroffen waren B\u00fcrgerinnen und B\u00fcrger etwa an der Frankfurter Stra\u00dfe, an der Jahnstra\u00dfe und ...<br clear=\"all\" \/>  <\/p>\n  <div><span class=\"my_article_details\"><time datetime=\"2026-04-30\">30.04.2026<\/time> &middot; Energie &middot; <a href=\"\/news\/offenbach-aktuell\" title=\"Offenbach heute aktuell\">Offenbach<\/a> &middot; <\/span><a href=\"https:\/\/www.evo-ag.de\/presse\/pressemitteilungen\/details\/stromausfall-in-heusenstamm\" title=\"Link zum Artikel auf evo-ag.de\" target=\"_blank\">evo-ag.de<\/a><\/div>\n  <b><\/b>\n <\/div>\n <\/article>\n<\/div>\n<div class=\"post\" style=\"margin-bottom:40px;\">\n <article>\n <h2><a name=\"40b66676\" href=\"https:\/\/www.op-online.de\/region\/langen\/mehr-als-zwei-tonnen-speiseoel-in-gelben-boxen-gesammelt-94285091.html\" rel=\"bookmark\" style=\"color:#333333; font-weight:bold;\" title=\"Link zum Artikel auf op-online.de\" target=\"_blank\">Mehr als zwei Tonnen Speise\u00f6l in gelben Boxen gesammelt<\/a><\/h2>\n <div class=\"entry\">\n  <p style=\"margin-bottom:4px;\">\n   <a href=\"https:\/\/www.op-online.de\/region\/langen\/mehr-als-zwei-tonnen-speiseoel-in-gelben-boxen-gesammelt-94285091.html\" target=\"_blank\"><img decoding=\"async\" src=\"https:\/\/www.op-online.de\/assets\/images\/42\/396\/42396581-zufrieden-mit-dem-ersten-jahr-muenzer-vertriebsleiter-albert-bechtoldt-egelsbachs-buergermeister-tobias-wilbrand-aleg-teamleiter-jens-roemischer-1EAYPGRtsu01.jpg\" style=\"align:left !important; float:left !important; margin-top:4px !important; margin-right:8px !important; margin-bottom:4px !important; width:90px !important;\" \/><\/a>   Die Sammelboxen f&uuml;r Altspeise&ouml;l werden in Langen und Egelsbach gut angenommen. Weitere Standorte sind denkbar.<br clear=\"all\" \/>  <\/p>\n  <div><span class=\"my_article_details\"><time datetime=\"2026-04-30\">30.04.2026<\/time> &middot; <a href=\"\/news\/egelsbach-aktuell\" title=\"Egelsbach heute aktuell\">Egelsbach<\/a> &middot; <a href=\"\/news\/egelsbach-nachrichten\" title=\"Egelsbach Nachrichten\">News<\/a> &middot; <\/span><a href=\"https:\/\/www.op-online.de\/region\/langen\/mehr-als-zwei-tonnen-speiseoel-in-gelben-boxen-gesammelt-94285091.html\" title=\"Link zum Artikel auf op-online.de\" target=\"_blank\">op-online.de<\/a><\/div>\n  <b><\/b>\n <\/div>\n <\/article>\n<\/div>\n<div class=\"post\" style=\"margin-bottom:40px;\">\n <article>\n <h2><a name=\"56e7c614\" href=\"https:\/\/www.op-online.de\/sport\/lokalsport\/klime-gjorgjieski-verlaesst-seine-familie-in-egelsbach-fuer-die-regionalliga-94285160.html\" rel=\"bookmark\" style=\"color:#333333; font-weight:bold;\" title=\"Link zum Artikel auf op-online.de\" target=\"_blank\">Klime Gjorgjieski verl\u00e4sst seine \u201eFamilie&quot; in Egelsbach f\u00fcr die Regionalliga<\/a><\/h2>\n <div class=\"entry\">\n  <p style=\"margin-bottom:4px;\">\n   <a href=\"https:\/\/www.op-online.de\/sport\/lokalsport\/klime-gjorgjieski-verlaesst-seine-familie-in-egelsbach-fuer-die-regionalliga-94285160.html\" target=\"_blank\"><img decoding=\"async\" src=\"https:\/\/www.op-online.de\/assets\/images\/42\/393\/42393381-handball-maenner-oberliga-sued-sg-egelsbach-hsg-aschafftal-der-egelsbacher-klime-gjorglieski-kommt-frei-zum-wurf-und-markiert-einen-treffer-re-tim-2j01.jpg\" style=\"align:left !important; float:left !important; margin-top:4px !important; margin-right:8px !important; margin-bottom:4px !important; width:90px !important;\" \/><\/a>   Nach f&uuml;nf Jahren wechselt der Linksh&auml;nder zur TSG Offenbach-B&uuml;rgel. Der Abschied von Egelsbach f&auml;llt dem 27-J&auml;hrigen nicht leicht.<br clear=\"all\" \/>  <\/p>\n  <div><span class=\"my_article_details\"><time datetime=\"2026-04-29\">29.04.2026<\/time> &middot; <a href=\"\/news\/egelsbach-aktuell\" title=\"Egelsbach heute aktuell\">Egelsbach<\/a> &middot; <a href=\"\/news\/egelsbach-nachrichten\" title=\"Egelsbach Nachrichten\">News<\/a> &middot; <\/span><a href=\"https:\/\/www.op-online.de\/sport\/lokalsport\/klime-gjorgjieski-verlaesst-seine-familie-in-egelsbach-fuer-die-regionalliga-94285160.html\" title=\"Link zum Artikel auf op-online.de\" target=\"_blank\">op-online.de<\/a><\/div>\n  <b><\/b>\n <\/div>\n <\/article>\n<\/div>\n<div class=\"post\" style=\"margin-bottom:40px;\">\n <article>\n <h2><a name=\"9020daf7\" href=\"https:\/\/www.hessenschau.de\/panorama\/durchsuchungen-im-kreis-offenbach-razzia-gegen-internationale-geldwaescherbande-v1,geldwaesche-razzia-100.html\" rel=\"bookmark\" style=\"color:#333333; font-weight:bold;\" title=\"Link zum Artikel auf hessenschau.de\" target=\"_blank\">Durchsuchungen im Kreis Offenbach: Razzia gegen internationale Geldw\u00e4scherbande<\/a><\/h2>\n <div class=\"entry\">\n  <p style=\"margin-bottom:4px;\">\n   <a href=\"https:\/\/www.hessenschau.de\/panorama\/durchsuchungen-im-kreis-offenbach-razzia-gegen-internationale-geldwaescherbande-v1,geldwaesche-razzia-100.html\" target=\"_blank\"><img decoding=\"async\" src=\"https:\/\/www.hessenschau.de\/panorama\/razzia-geldwaesche-100~_t-1777473601035_v-16to9.jpg\" style=\"align:left !important; float:left !important; margin-top:4px !important; margin-right:8px !important; margin-bottom:4px !important; width:90px !important;\" \/><\/a>   Mit Durchsuchungen unter anderem im Kreis Offenbach ist die Polizei gegen eine mutma&szlig;liche Geldw&auml;scherbande vorgegangen. Sie soll f&uuml;r eine chinesische Organisation Bargeldsummen im Millionenbereich verschoben haben. ...<br clear=\"all\" \/>  <\/p>\n  <div><span class=\"my_article_details\"><time datetime=\"2026-04-29\">29.04.2026<\/time> &middot; <a href=\"\/news\/polizeieinsaetze-offenbach-am-main\" title=\"Polizeieins\u00e4tze Offenbach am Main\">Kreis Offenbach<\/a> &middot; <a href=\"\/news\/egelsbach-polizeimeldungen\" title=\"Polizeieins\u00e4tze Egelsbach\">Polizei<\/a> &middot; <\/span><a href=\"https:\/\/www.hessenschau.de\/panorama\/durchsuchungen-im-kreis-offenbach-razzia-gegen-internationale-geldwaescherbande-v1,geldwaesche-razzia-100.html\" title=\"Link zum Artikel auf hessenschau.de\" target=\"_blank\">hessenschau.de<\/a><\/div>\n  <b><\/b>\n <\/div>\n <\/article>\n<\/div>\n<div class=\"post\" style=\"margin-bottom:40px;\">\n <article>\n <h2><a name=\"128af539\" href=\"https:\/\/www.fr.de\/rhein-main\/landespolitik\/afd-wird-wegen-kritik-am-frankfurter-flughafen-scharf-angegriffen-94285047.html\" rel=\"bookmark\" style=\"color:#333333; font-weight:bold;\" title=\"Link zum Artikel auf fr.de\" target=\"_blank\">AfD wird wegen Kritik am Frankfurter Flughafen scharf angegriffen<\/a><\/h2>\n <div class=\"entry\">\n  <p style=\"margin-bottom:4px;\">\n   <a href=\"https:\/\/www.fr.de\/rhein-main\/landespolitik\/afd-wird-wegen-kritik-am-frankfurter-flughafen-scharf-angegriffen-94285047.html\" target=\"_blank\"><img decoding=\"async\" src=\"https:\/\/www.fr.de\/assets\/images\/42\/306\/42306005-frankfurt-22-04-2026-flughafen-terminal-auf-der-suedseite-des-airports-mit-einem-offiziellen-festakt-in-der-markthalle-eroeffnet-die-fraport-ag-eines-Z01.jpg\" style=\"align:left !important; float:left !important; margin-top:4px !important; margin-right:8px !important; margin-bottom:4px !important; width:90px !important;\" \/><\/a>   Die demokratischen Fraktionen werfen der AfD vor, den Wirtschaftsstandort zu sch&auml;digen. Auch die Gr&uuml;nen &uuml;ben Kritik am Terminal.<br clear=\"all\" \/>  <\/p>\n  <div><span class=\"my_article_details\"><time datetime=\"2026-04-29\">29.04.2026<\/time> &middot; <a href=\"\/news\/fluglaerm-offenbach-am-main\" title=\"Flugl\u00e4rm Offenbach am Main\">Flughafen<\/a> &middot; Frankfurt &middot; <\/span><a href=\"https:\/\/www.fr.de\/rhein-main\/landespolitik\/afd-wird-wegen-kritik-am-frankfurter-flughafen-scharf-angegriffen-94285047.html\" title=\"Link zum Artikel auf fr.de\" target=\"_blank\">fr.de<\/a><\/div>\n  <b><\/b>\n <\/div>\n <\/article>\n<\/div>\n<div class=\"post\" style=\"margin-bottom:40px;\">\n <article>\n <h2><a name=\"8ec6bb9a\" href=\"https:\/\/www.egelsbach.de\/rathaus-politik\/aktuelles\/neuigkeiten-der-gemeinde\/2026\/april\/egelsbach-und-langen-fuer-co2-einsparung-ausgezeichnet\/\" rel=\"bookmark\" style=\"color:#333333; font-weight:bold;\" title=\"Link zum Artikel auf egelsbach.de\" target=\"_blank\">Egelsbach und Langen f\u00fcr CO\u2082-Einsparung ausgezeichnet<\/a><\/h2>\n <div class=\"entry\">\n  <p style=\"margin-bottom:4px;\">\n   <a href=\"https:\/\/www.egelsbach.de\/rathaus-politik\/aktuelles\/neuigkeiten-der-gemeinde\/2026\/april\/egelsbach-und-langen-fuer-co2-einsparung-ausgezeichnet\/\" target=\"_blank\"><img decoding=\"async\" src=\"\/feeds\/gfx\/egelsbach.de.png\" style=\"align:left !important; float:left !important; margin-top:4px !important; margin-right:8px !important; margin-bottom:4px !important; width:90px !important;\" \/><\/a>   Die Kommunen Egelsbach und Langen haben gemeinsam mit der Abfallservice Langen Egelsbach GmbH (ALEG) und M\u00fcnzer Deutschland einen messbaren Beitrag zum Klimaschutz geleistet: Seit dem Start der Altspeise\u00f6lsammlung im M\u00e4rz 2025 wurden rund 2.400 Kilogramm gebrauchtes ...<br clear=\"all\" \/>  <\/p>\n  <div><span class=\"my_article_details\"><time datetime=\"2026-04-29\">29.04.2026<\/time> &middot; <a href=\"\/news\/egelsbach-aktuell\" title=\"Egelsbach heute aktuell\">Egelsbach<\/a> &middot; <a href=\"\/news\/egelsbach-nachrichten\" title=\"Egelsbach Nachrichten\">News<\/a> &middot; <\/span><a href=\"https:\/\/www.egelsbach.de\/rathaus-politik\/aktuelles\/neuigkeiten-der-gemeinde\/2026\/april\/egelsbach-und-langen-fuer-co2-einsparung-ausgezeichnet\/\" title=\"Link zum Artikel auf egelsbach.de\" target=\"_blank\">egelsbach.de<\/a><\/div>\n  <b><\/b>\n <\/div>\n <\/article>\n<\/div>\n<div class=\"post\" style=\"margin-bottom:40px;\">\n <article>\n <h2><a name=\"8d9558a0\" href=\"https:\/\/www.kreis-offenbach.de\/Service\/Medienservice\/Aktuelle-Pressemitteilungen\/Kreisverwaltung-ist-familienfreundlicher-Arbeitgeber.php?object=tx,4013.5.1&ModID=7&FID=4013.3403.1&NavID=4013.211&La=1\" rel=\"bookmark\" style=\"color:#333333; font-weight:bold;\" title=\"Link zum Artikel auf kreis-offenbach.de\" target=\"_blank\">Kreisverwaltung ist familienfreundlicher Arbeitgeber<\/a><\/h2>\n <div class=\"entry\">\n  <p style=\"margin-bottom:4px;\">\n   <a href=\"https:\/\/www.kreis-offenbach.de\/Service\/Medienservice\/Aktuelle-Pressemitteilungen\/Kreisverwaltung-ist-familienfreundlicher-Arbeitgeber.php?object=tx,4013.5.1&ModID=7&FID=4013.3403.1&NavID=4013.211&La=1\" target=\"_blank\"><img decoding=\"async\" src=\"\/feeds\/gfx\/kreis-offenbach.de.png\" style=\"align:left !important; float:left !important; margin-top:4px !important; margin-right:8px !important; margin-bottom:4px !important; width:90px !important;\" \/><\/a>   Inzwischen mehr als 1.300 Besch\u00e4ftigte<br clear=\"all\" \/>  <\/p>\n  <div><span class=\"my_article_details\"><time datetime=\"2026-04-29\">29.04.2026<\/time> &middot; <a href=\"\/news\/polizeieinsaetze-offenbach-am-main\" title=\"Polizeieins\u00e4tze Offenbach am Main\">Kreis Offenbach<\/a> &middot; <\/span><a href=\"https:\/\/www.kreis-offenbach.de\/Service\/Medienservice\/Aktuelle-Pressemitteilungen\/Kreisverwaltung-ist-familienfreundlicher-Arbeitgeber.php?object=tx,4013.5.1&ModID=7&FID=4013.3403.1&NavID=4013.211&La=1\" title=\"Link zum Artikel auf kreis-offenbach.de\" target=\"_blank\">kreis-offenbach.de<\/a><\/div>\n  <b><\/b>\n <\/div>\n <\/article>\n<\/div>\n<div class=\"post\" style=\"background-color: #f4f4f4; margin-bottom: 40px; padding: 10px;\"><article><a style=\"color: #000000; font-size: 20px; font-weight: normal; text-decoration: underlined;\" href=\"https:\/\/www.tagesschau.de\/wirtschaft\/elektroauto-kosten-strom-100.html\" target=\"_blank\">Laden von E-Autos deutlich g\u00fcnstiger als Tanken<\/a><\/p><div class=\"entry\"><p style=\"margin-bottom: 4px;\"><a href=\"https:\/\/www.tagesschau.de\/wirtschaft\/elektroauto-kosten-strom-100.html\" target=\"_blank\" rel=\"noopener\"><img decoding=\"async\" style=\"align: left !important; float: left !important; margin-top: 4px !important; margin-right: 8px !important; margin-bottom: 4px !important; width: 90px !important;\" src=\"data:image\/gif;base64,R0lGODlhAQABAIAAAAAAAP\/\/\/yH5BAEAAAAALAAAAAABAAEAAAIBRAA7\" data-src=\"https:\/\/www.heusenstaemmchen.de\/feeds\/gfx\/tagesschau.de.png\" \/><\/a>Wer ein E-Auto besitzt und das zu Hause laden kann, der war im vergangenen Jahr am g\u00fcnstigsten unterwegs. Wer \u00f6ffentliche Lades\u00e4ulen nutzte, zahlte zwar mehr, aber immer noch viel weniger als die Fahrer von Benzinern an der Tankstelle.<br clear=\"all\" \/><\/p><div><b>Schon gewusst?<\/b> \u00b7 Regenerative Energien \u00b7 <a title=\"Mehr Details auf tagesschau.de\" href=\"https:\/\/www.tagesschau.de\/wirtschaft\/elektroauto-kosten-strom-100.html\" target=\"_blank\" rel=\"noopener\">tagesschau.de<\/a><\/div><\/div><\/article><\/div><div class=\"post\" style=\"margin-bottom:40px;\">\n <article>\n <h2><a name=\"de0efc66\" href=\"https:\/\/www.iz.de\/transaktionen\/news\/-laer-will-gewerbepark-am-frankfurter-flughafen-entwickeln-2000043431?utm_source=rss&utm_medium=referral&utm_campaign=news&utm_term=\" rel=\"bookmark\" style=\"color:#333333; font-weight:bold;\" title=\"Link zum Artikel auf iz.de\" target=\"_blank\">Immobilien: Laer will Gewerbepark am Frankfurter Flughafen entwickeln<\/a><\/h2>\n <div class=\"entry\">\n  <p style=\"margin-bottom:4px;\">\n   <a href=\"https:\/\/www.iz.de\/transaktionen\/news\/-laer-will-gewerbepark-am-frankfurter-flughafen-entwickeln-2000043431?utm_source=rss&utm_medium=referral&utm_campaign=news&utm_term=\" target=\"_blank\"><img decoding=\"async\" src=\"\/feeds\/gfx\/iz.de.png\" style=\"align:left !important; float:left !important; margin-top:4px !important; margin-right:8px !important; margin-bottom:4px !important; width:90px !important;\" \/><\/a>   Der Projektentwickler Laer hat sich ein Areal in der N&auml;he des Frankfurter Flughafens gesichert. Er plant dort einen Gewerbepark.<br clear=\"all\" \/>  <\/p>\n  <div><span class=\"my_article_details\"><time datetime=\"2026-04-28\">28.04.2026<\/time> &middot; <a href=\"\/news\/fluglaerm-offenbach-am-main\" title=\"Flugl\u00e4rm Offenbach am Main\">Flughafen<\/a> &middot; Frankfurt &middot; <\/span><a href=\"https:\/\/www.iz.de\/transaktionen\/news\/-laer-will-gewerbepark-am-frankfurter-flughafen-entwickeln-2000043431?utm_source=rss&utm_medium=referral&utm_campaign=news&utm_term=\" title=\"Link zum Artikel auf iz.de\" target=\"_blank\">iz.de<\/a><\/div>\n  <b><\/b>\n <\/div>\n <\/article>\n<\/div>\n<div class=\"post\" style=\"margin-bottom:40px;\">\n <article>\n <h2><a name=\"4723d83f\" href=\"https:\/\/www.rheinmainverlag.de\/2026\/04\/28\/kreis-offenbach-und-berehowe-staerken-zusammenarbeit\/\" rel=\"bookmark\" style=\"color:#333333; font-weight:bold;\" title=\"Link zum Artikel auf rheinmainverlag.de\" target=\"_blank\">Kreis Offenbach und Berehowe st\u00e4rken Zusammenarbeit<\/a><\/h2>\n <div class=\"entry\">\n  <p style=\"margin-bottom:4px;\">\n   <a href=\"https:\/\/www.rheinmainverlag.de\/2026\/04\/28\/kreis-offenbach-und-berehowe-staerken-zusammenarbeit\/\" target=\"_blank\"><img decoding=\"async\" src=\"\/feeds\/gfx\/rheinmainverlag.de.png\" style=\"align:left !important; float:left !important; margin-top:4px !important; margin-right:8px !important; margin-bottom:4px !important; width:90px !important;\" \/><\/a>   St&auml;dtepartnerschaftsvertrag unterzeichnet Der Kreis Offenbach und die Stadt Berehowe im Westen der Ukraine sind seit fast drei Jahren miteinander verbunden. Mit der Unterzeichnung des St&auml;dtepartnerschaftsvertrages haben beide Kommunen dies am Montagabend bekr&auml;ftigt. ...<br clear=\"all\" \/>  <\/p>\n  <div><span class=\"my_article_details\"><time datetime=\"2026-04-28\">28.04.2026<\/time> &middot; <a href=\"\/news\/polizeieinsaetze-offenbach-am-main\" title=\"Polizeieins\u00e4tze Offenbach am Main\">Kreis Offenbach<\/a> &middot; <\/span><a href=\"https:\/\/www.rheinmainverlag.de\/2026\/04\/28\/kreis-offenbach-und-berehowe-staerken-zusammenarbeit\/\" title=\"Link zum Artikel auf rheinmainverlag.de\" target=\"_blank\">rheinmainverlag.de<\/a><\/div>\n  <b><\/b>\n <\/div>\n <\/article>\n<\/div>\n<div class=\"post\" style=\"margin-bottom:40px;\">\n <article>\n <h2><a name=\"ba6e2353\" href=\"https:\/\/www.hessenschau.de\/politik\/steuer-projekt-in-hessen-selbst-finanzminister-lorz-ist-die-steuererklaerung-zu-kompliziert-v1,lorz-steuererklaerung-100.html\" rel=\"bookmark\" style=\"color:#333333; font-weight:bold;\" title=\"Link zum Artikel auf hessenschau.de\" target=\"_blank\">Steuer-Projekt in Hessen: Selbst Finanzminister Lorz ist die Steuererkl\u00e4rung &quot;zu kompliziert&quot;<\/a><\/h2>\n <div class=\"entry\">\n  <p style=\"margin-bottom:4px;\">\n   <a href=\"https:\/\/www.hessenschau.de\/politik\/steuer-projekt-in-hessen-selbst-finanzminister-lorz-ist-die-steuererklaerung-zu-kompliziert-v1,lorz-steuererklaerung-100.html\" target=\"_blank\"><img decoding=\"async\" src=\"https:\/\/www.hessenschau.de\/politik\/alexander-lorz-112~_t-1777353729491_v-16to9.jpg\" style=\"align:left !important; float:left !important; margin-top:4px !important; margin-right:8px !important; margin-bottom:4px !important; width:90px !important;\" \/><\/a>   Finanzminister Lorz will die Steuererkl&auml;rung vereinfachen, das angelaufene Projekt &quot;Die Steuer macht das Amt&quot; soll dabei helfen. In dieser Woche wird im Landtag dar&uuml;ber diskutiert. Passend dazu gibt der Minister Einblick in seine Steuer-Praktiken. ...<br clear=\"all\" \/>  <\/p>\n  <div><span class=\"my_article_details\"><time datetime=\"2026-04-28\">28.04.2026<\/time> &middot; Hessen &middot; Landtag &middot; <\/span><a href=\"https:\/\/www.hessenschau.de\/politik\/steuer-projekt-in-hessen-selbst-finanzminister-lorz-ist-die-steuererklaerung-zu-kompliziert-v1,lorz-steuererklaerung-100.html\" title=\"Link zum Artikel auf hessenschau.de\" target=\"_blank\">hessenschau.de<\/a><\/div>\n  <b><\/b>\n <\/div>\n <\/article>\n<\/div>\n<div class=\"post\" style=\"margin-bottom:40px;\">\n <article>\n <h2><a name=\"557a94e2\" href=\"https:\/\/www.rheinmainverlag.de\/2026\/04\/28\/gefaehrliche-koerperverletzung-unter-arbeitskollegen-am-flughafen-frankfurt\/\" rel=\"bookmark\" style=\"color:#333333; font-weight:bold;\" title=\"Link zum Artikel auf rheinmainverlag.de\" target=\"_blank\">Gef\u00e4hrliche K\u00f6rperverletzung unter Arbeitskollegen am Flughafen Frankfurt<\/a><\/h2>\n <div class=\"entry\">\n  <p style=\"margin-bottom:4px;\">\n   <a href=\"https:\/\/www.rheinmainverlag.de\/2026\/04\/28\/gefaehrliche-koerperverletzung-unter-arbeitskollegen-am-flughafen-frankfurt\/\" target=\"_blank\"><img decoding=\"async\" src=\"\/feeds\/gfx\/rheinmainverlag.de.png\" style=\"align:left !important; float:left !important; margin-top:4px !important; margin-right:8px !important; margin-bottom:4px !important; width:90px !important;\" \/><\/a>   Am sp&auml;ten Sonntagabend eskalierte ein Streit unter Mitarbeitenden am Flughafen Frankfurt, welcher bereits am Nachmittag begonnen habe. Nach aktuellen Erkenntnissen gerieten zwei Angestellte desselben Unternehmens bereits tags&uuml;ber in Streit. Dies veranlasste ...<br clear=\"all\" \/>  <\/p>\n  <div><span class=\"my_article_details\"><time datetime=\"2026-04-28\">28.04.2026<\/time> &middot; <a href=\"\/news\/fluglaerm-offenbach-am-main\" title=\"Flugl\u00e4rm Offenbach am Main\">Flughafen<\/a> &middot; Frankfurt &middot; <\/span><a href=\"https:\/\/www.rheinmainverlag.de\/2026\/04\/28\/gefaehrliche-koerperverletzung-unter-arbeitskollegen-am-flughafen-frankfurt\/\" title=\"Link zum Artikel auf rheinmainverlag.de\" target=\"_blank\">rheinmainverlag.de<\/a><\/div>\n  <b><\/b>\n <\/div>\n <\/article>\n<\/div>\n<div class=\"post\" style=\"margin-bottom:40px;\">\n <article>\n <h2><a name=\"6ac37a28\" href=\"https:\/\/www.kreis-offenbach.de\/Service\/Medienservice\/Aktuelle-Pressemitteilungen\/Vorlesen-er%C3%B6ffnet-Kindern-die-Welt.php?object=tx,4013.5.1&ModID=7&FID=4013.3398.1&NavID=4013.211&La=1\" rel=\"bookmark\" style=\"color:#333333; font-weight:bold;\" title=\"Link zum Artikel auf kreis-offenbach.de\" target=\"_blank\">Vorlesen er\u00f6ffnet Kindern die Welt<\/a><\/h2>\n <div class=\"entry\">\n  <p style=\"margin-bottom:4px;\">\n   <a href=\"https:\/\/www.kreis-offenbach.de\/Service\/Medienservice\/Aktuelle-Pressemitteilungen\/Vorlesen-er%C3%B6ffnet-Kindern-die-Welt.php?object=tx,4013.5.1&ModID=7&FID=4013.3398.1&NavID=4013.211&La=1\" target=\"_blank\"><img decoding=\"async\" src=\"\/feeds\/gfx\/kreis-offenbach.de.png\" style=\"align:left !important; float:left !important; margin-top:4px !important; margin-right:8px !important; margin-bottom:4px !important; width:90px !important;\" \/><\/a>   Lesef\u00f6rderung ist eine ganz wichtige Voraussetzung, dass Kinder sich die Welt erschlie\u00dfen k\u00f6nnen. Um Eltern dabei zu unterst\u00fctzen, werden im Kreis Offenbach  ...<br clear=\"all\" \/>  <\/p>\n  <div><span class=\"my_article_details\"><time datetime=\"2026-04-28\">28.04.2026<\/time> &middot; <a href=\"\/news\/polizeieinsaetze-offenbach-am-main\" title=\"Polizeieins\u00e4tze Offenbach am Main\">Kreis Offenbach<\/a> &middot; <\/span><a href=\"https:\/\/www.kreis-offenbach.de\/Service\/Medienservice\/Aktuelle-Pressemitteilungen\/Vorlesen-er%C3%B6ffnet-Kindern-die-Welt.php?object=tx,4013.5.1&ModID=7&FID=4013.3398.1&NavID=4013.211&La=1\" title=\"Link zum Artikel auf kreis-offenbach.de\" target=\"_blank\">kreis-offenbach.de<\/a><\/div>\n  <b><\/b>\n <\/div>\n <\/article>\n<\/div>\n<div class=\"post\" style=\"margin-bottom:40px;\">\n <article>\n <h2><a name=\"e22a9744\" href=\"https:\/\/www.kreis-offenbach.de\/Service\/Medienservice\/Aktuelle-Pressemitteilungen\/Druckfrischer-Veranstaltungskalender-erschienen-33-Kultursommer-S%C3%BCdhessen-mit-%C3%BCber-360-Veranstaltungen.php?object=tx,4013.5.1&ModID=7&FID=4013.3402.1&NavID=4013.211&La=1\" rel=\"bookmark\" style=\"color:#333333; font-weight:bold;\" title=\"Link zum Artikel auf kreis-offenbach.de\" target=\"_blank\">Druckfrischer Veranstaltungskalender erschienen: 33. Kultursommer S\u00fcdhessen mit \u00fcber 360 Veranstaltungen<\/a><\/h2>\n <div class=\"entry\">\n  <p style=\"margin-bottom:4px;\">\n   <a href=\"https:\/\/www.kreis-offenbach.de\/Service\/Medienservice\/Aktuelle-Pressemitteilungen\/Druckfrischer-Veranstaltungskalender-erschienen-33-Kultursommer-S%C3%BCdhessen-mit-%C3%BCber-360-Veranstaltungen.php?object=tx,4013.5.1&ModID=7&FID=4013.3402.1&NavID=4013.211&La=1\" target=\"_blank\"><img decoding=\"async\" src=\"\/feeds\/gfx\/kreis-offenbach.de.png\" style=\"align:left !important; float:left !important; margin-top:4px !important; margin-right:8px !important; margin-bottom:4px !important; width:90px !important;\" \/><\/a>   Vielfalt erleben &ndash; R\u00e4ume \u00f6ffnen: Kultur f\u00fcr alle Generationen von Juni bis September<br clear=\"all\" \/>  <\/p>\n  <div><span class=\"my_article_details\"><time datetime=\"2026-04-28\">28.04.2026<\/time> &middot; <a href=\"\/news\/polizeieinsaetze-offenbach-am-main\" title=\"Polizeieins\u00e4tze Offenbach am Main\">Kreis Offenbach<\/a> &middot; <\/span><a href=\"https:\/\/www.kreis-offenbach.de\/Service\/Medienservice\/Aktuelle-Pressemitteilungen\/Druckfrischer-Veranstaltungskalender-erschienen-33-Kultursommer-S%C3%BCdhessen-mit-%C3%BCber-360-Veranstaltungen.php?object=tx,4013.5.1&ModID=7&FID=4013.3402.1&NavID=4013.211&La=1\" title=\"Link zum Artikel auf kreis-offenbach.de\" target=\"_blank\">kreis-offenbach.de<\/a><\/div>\n  <b><\/b>\n <\/div>\n <\/article>\n<\/div>\n<div class=\"post\" style=\"margin-bottom:40px;\">\n <article>\n <h2><a name=\"a2e30fb8\" href=\"https:\/\/www.1730live.de\/2026\/04\/27\/droht-ein-kerosin-mangel\/\" rel=\"bookmark\" style=\"color:#333333; font-weight:bold;\" title=\"Link zum Artikel auf 1730live.de\" target=\"_blank\">Droht ein Kerosin-Mangel?<\/a><\/h2>\n <div class=\"entry\">\n  <p style=\"margin-bottom:4px;\">\n   <a href=\"https:\/\/www.1730live.de\/2026\/04\/27\/droht-ein-kerosin-mangel\/\" target=\"_blank\"><img decoding=\"async\" src=\"\/feeds\/gfx\/1730live.de.png\" style=\"align:left !important; float:left !important; margin-top:4px !important; margin-right:8px !important; margin-bottom:4px !important; width:90px !important;\" \/><\/a>   Die Hoffnung auf ein wirtschaftliches Fr&uuml;hlingserwachen ist verflogen. Stattdessen ist die Energiekrise seit dem Beginn des Kriegs im Nahen Osten noch dramatischer. Nicht nur der Sprit an der Tankstelle ist extrem teuer, sondern auch Flugbenzin, Kerosin. Was ...<br clear=\"all\" \/>  <\/p>\n  <div><span class=\"my_article_details\"><time datetime=\"2026-04-27\">27.04.2026<\/time> &middot; <a href=\"\/news\/fluglaerm-offenbach-am-main\" title=\"Flugl\u00e4rm Offenbach am Main\">Flughafen<\/a> &middot; Frankfurt &middot; <\/span><a href=\"https:\/\/www.1730live.de\/2026\/04\/27\/droht-ein-kerosin-mangel\/\" title=\"Link zum Artikel auf 1730live.de\" target=\"_blank\">1730live.de<\/a><\/div>\n  <b><\/b>\n <\/div>\n <\/article>\n<\/div>\n<div class=\"post\" style=\"margin-bottom:40px;\">\n <article>\n <h2><a name=\"fdf9ebaa\" href=\"https:\/\/www.hessenschau.de\/kultur\/terminal-3-architekt-maeckler-ich-baue-weiter-solange-es-mir-spass-macht-v1,christoph-maeckler-interview-100.html\" rel=\"bookmark\" style=\"color:#333333; font-weight:bold;\" title=\"Link zum Artikel auf hessenschau.de\" target=\"_blank\">Terminal-3-Architekt M\u00e4ckler: &quot;Ich baue weiter, solange es mir Spa\u00df macht&quot;<\/a><\/h2>\n <div class=\"entry\">\n  <p style=\"margin-bottom:4px;\">\n   <a href=\"https:\/\/www.hessenschau.de\/kultur\/terminal-3-architekt-maeckler-ich-baue-weiter-solange-es-mir-spass-macht-v1,christoph-maeckler-interview-100.html\" target=\"_blank\"><img decoding=\"async\" src=\"https:\/\/www.hessenschau.de\/rheinmain\/terminal_drei-102~_t-1777295431378_v-16to9.jpg\" style=\"align:left !important; float:left !important; margin-top:4px !important; margin-right:8px !important; margin-bottom:4px !important; width:90px !important;\" \/><\/a>   F&uuml;r das neue Terminal 3 am Frankfurter Flughafen hat Architekt Christoph M&auml;ckler viel Lob bekommen. Aufh&ouml;ren will der 75-J&auml;hrige trotzdem noch nicht - er hat gro&szlig;e Pl&auml;ne f&uuml;r ein zentrales Bauwerk in der Frankfurter Innenstadt. ...<br clear=\"all\" \/>  <\/p>\n  <div><span class=\"my_article_details\"><time datetime=\"2026-04-27\">27.04.2026<\/time> &middot; <a href=\"\/news\/fluglaerm-offenbach-am-main\" title=\"Flugl\u00e4rm Offenbach am Main\">Flughafen<\/a> &middot; Frankfurt &middot; <\/span><a href=\"https:\/\/www.hessenschau.de\/kultur\/terminal-3-architekt-maeckler-ich-baue-weiter-solange-es-mir-spass-macht-v1,christoph-maeckler-interview-100.html\" title=\"Link zum Artikel auf hessenschau.de\" target=\"_blank\">hessenschau.de<\/a><\/div>\n  <b><\/b>\n <\/div>\n <\/article>\n<\/div>\n<div class=\"post\" style=\"background-color: #f4f4f4; margin-bottom: 40px; padding: 10px;\"><article><a style=\"color: #000000; font-size: 20px; font-weight: normal; text-decoration: underlined;\" href=\"https:\/\/www.tagesschau.de\/wirtschaft\/energie\/boom-batteriespeicher-deutschland-energiewende-100.html\" target=\"_blank\">Batteriegro\u00dfspeicher erleben einen Boom<\/a><\/p><div class=\"entry\"><p style=\"margin-bottom: 4px;\"><a href=\"https:\/\/www.tagesschau.de\/wirtschaft\/energie\/boom-batteriespeicher-deutschland-energiewende-100.html\" target=\"_blank\" rel=\"noopener\"><img decoding=\"async\" style=\"align: left !important; float: left !important; margin-top: 4px !important; margin-right: 8px !important; margin-bottom: 4px !important; width: 90px !important;\" src=\"data:image\/gif;base64,R0lGODlhAQABAIAAAAAAAP\/\/\/yH5BAEAAAAALAAAAAABAAEAAAIBRAA7\" data-src=\"https:\/\/www.heusenstaemmchen.de\/feeds\/gfx\/tagesschau.de.png\" \/><\/a>Um Erneuerbare Energien effizienter zu nutzen, werden Batterie&shy;gro\u00df&shy;speicher ben\u00f6tigt. F\u00fcr Experten sind sie ein entscheidender Baustein der Energiewende. Die Nachfrage ist enorm.<br clear=\"all\" \/><\/p><div><b>Schon gewusst?<\/b> \u00b7 Regenerative Energien \u00b7 <a title=\"Mehr Details auf tagesschau.de\" href=\"https:\/\/www.tagesschau.de\/wirtschaft\/energie\/boom-batteriespeicher-deutschland-energiewende-100.html\" rel=\"noopener\">tagesschau.de<\/a><\/div><\/div><\/article><\/div><div class=\"post\" style=\"margin-bottom:40px;\">\n <article>\n <h2><a name=\"4ec0a60c\" href=\"https:\/\/www.rheinmainverlag.de\/2026\/04\/27\/meldeportal-fuer-verdacht-auf-vorkommen-der-grossen-druesenameise\/\" rel=\"bookmark\" style=\"color:#333333; font-weight:bold;\" title=\"Link zum Artikel auf rheinmainverlag.de\" target=\"_blank\">Meldeportal f\u00fcr Verdacht auf Vorkommen der Gro\u00dfen Dr\u00fcsenameise<\/a><\/h2>\n <div class=\"entry\">\n  <p style=\"margin-bottom:4px;\">\n   <a href=\"https:\/\/www.rheinmainverlag.de\/2026\/04\/27\/meldeportal-fuer-verdacht-auf-vorkommen-der-grossen-druesenameise\/\" target=\"_blank\"><img decoding=\"async\" src=\"\/feeds\/gfx\/rheinmainverlag.de.png\" style=\"align:left !important; float:left !important; margin-top:4px !important; margin-right:8px !important; margin-bottom:4px !important; width:90px !important;\" \/><\/a>   Die gro&szlig;e Dr&uuml;senameise (Tapinoma magnum) ist eine invasive Insektenart, die jetzt auch schon an einigen Stellen in der Stadt und im Kreis Offenbach gesichtet wurde. Da sie sehr aggressiv ist und gro&szlig;e Sch&auml;den verursacht, ruft die st&auml;dtische Umweltberatung die ...<br clear=\"all\" \/>  <\/p>\n  <div><span class=\"my_article_details\"><time datetime=\"2026-04-27\">27.04.2026<\/time> &middot; <a href=\"\/news\/polizeieinsaetze-offenbach-am-main\" title=\"Polizeieins\u00e4tze Offenbach am Main\">Kreis Offenbach<\/a> &middot; <\/span><a href=\"https:\/\/www.rheinmainverlag.de\/2026\/04\/27\/meldeportal-fuer-verdacht-auf-vorkommen-der-grossen-druesenameise\/\" title=\"Link zum Artikel auf rheinmainverlag.de\" target=\"_blank\">rheinmainverlag.de<\/a><\/div>\n  <b><\/b>\n <\/div>\n <\/article>\n<\/div>\n<div class=\"post\" style=\"margin-bottom:40px;\">\n <article>\n <h2><a name=\"5049b59a\" href=\"https:\/\/www.egelsbach.de\/rathaus-politik\/aktuelles\/neuigkeiten-der-gemeinde\/2026\/mai\/buergermeistersprechstunde-mai\/\" rel=\"bookmark\" style=\"color:#333333; font-weight:bold;\" title=\"Link zum Artikel auf egelsbach.de\" target=\"_blank\">Egelsbach: N\u00e4chste B\u00fcrgermeistersprechstunde\u00a0<\/a><\/h2>\n <div class=\"entry\">\n  <p style=\"margin-bottom:4px;\">\n   <a href=\"https:\/\/www.egelsbach.de\/rathaus-politik\/aktuelles\/neuigkeiten-der-gemeinde\/2026\/mai\/buergermeistersprechstunde-mai\/\" target=\"_blank\"><img decoding=\"async\" src=\"\/feeds\/gfx\/egelsbach.de.png\" style=\"align:left !important; float:left !important; margin-top:4px !important; margin-right:8px !important; margin-bottom:4px !important; width:90px !important;\" \/><\/a>   im Rathaus am 28. Mai 2026<br clear=\"all\" \/>  <\/p>\n  <div><span class=\"my_article_details\"><time datetime=\"2026-04-27\">27.04.2026<\/time> &middot; <a href=\"\/news\/egelsbach-aktuell\" title=\"Egelsbach heute aktuell\">Egelsbach<\/a> &middot; <a href=\"\/news\/egelsbach-nachrichten\" title=\"Egelsbach Nachrichten\">News<\/a> &middot; <\/span><a href=\"https:\/\/www.egelsbach.de\/rathaus-politik\/aktuelles\/neuigkeiten-der-gemeinde\/2026\/mai\/buergermeistersprechstunde-mai\/\" title=\"Link zum Artikel auf egelsbach.de\" target=\"_blank\">egelsbach.de<\/a><\/div>\n  <b><\/b>\n <\/div>\n <\/article>\n<\/div>\n<div class=\"post\" style=\"margin-bottom:40px;\">\n <article>\n <h2><a name=\"82cd1478\" href=\"https:\/\/www.kreis-offenbach.de\/Service\/Medienservice\/Aktuelle-Pressemitteilungen\/Beflaggung-vor-dem-Kreishaus-am-1-Mai.php?object=tx,4013.5.1&ModID=7&FID=4013.3387.1&NavID=4013.211&La=1\" rel=\"bookmark\" style=\"color:#333333; font-weight:bold;\" title=\"Link zum Artikel auf kreis-offenbach.de\" target=\"_blank\">Beflaggung vor dem Kreishaus am 1. Mai<\/a><\/h2>\n <div class=\"entry\">\n  <p style=\"margin-bottom:4px;\">\n   <a href=\"https:\/\/www.kreis-offenbach.de\/Service\/Medienservice\/Aktuelle-Pressemitteilungen\/Beflaggung-vor-dem-Kreishaus-am-1-Mai.php?object=tx,4013.5.1&ModID=7&FID=4013.3387.1&NavID=4013.211&La=1\" target=\"_blank\"><img decoding=\"async\" src=\"\/feeds\/gfx\/kreis-offenbach.de.png\" style=\"align:left !important; float:left !important; margin-top:4px !important; margin-right:8px !important; margin-bottom:4px !important; width:90px !important;\" \/><\/a>   Am &bdquo;Tag der Arbeit&ldquo;, dem 1. Mai, werden vor dem Kreishaus in Dietzenbach und anderen \u00f6ffentlichen Geb\u00e4uden Flaggen wehen, um auf die  ...<br clear=\"all\" \/>  <\/p>\n  <div><span class=\"my_article_details\"><time datetime=\"2026-04-27\">27.04.2026<\/time> &middot; <a href=\"\/news\/polizeieinsaetze-offenbach-am-main\" title=\"Polizeieins\u00e4tze Offenbach am Main\">Kreis Offenbach<\/a> &middot; <\/span><a href=\"https:\/\/www.kreis-offenbach.de\/Service\/Medienservice\/Aktuelle-Pressemitteilungen\/Beflaggung-vor-dem-Kreishaus-am-1-Mai.php?object=tx,4013.5.1&ModID=7&FID=4013.3387.1&NavID=4013.211&La=1\" title=\"Link zum Artikel auf kreis-offenbach.de\" target=\"_blank\">kreis-offenbach.de<\/a><\/div>\n  <b><\/b>\n <\/div>\n <\/article>\n<\/div>\n<div class=\"post\" style=\"margin-bottom:40px;\">\n <article>\n <h2><a name=\"3b85aa9f\" href=\"https:\/\/www.verbraucherzentrale-hessen.de\/node\/119798\" rel=\"bookmark\" style=\"color:#333333; font-weight:bold;\" title=\"Link zum Artikel auf verbraucherzentrale-hessen.de\" target=\"_blank\">Verbraucherzentrale: Online-Vortrag der Energieberatung im Mai<\/a><\/h2>\n <div class=\"entry\">\n  <p style=\"margin-bottom:4px;\">\n   <a href=\"https:\/\/www.verbraucherzentrale-hessen.de\/node\/119798\" target=\"_blank\"><img decoding=\"async\" src=\"\/feeds\/gfx\/verbraucherzentrale-hessen.de.png\" style=\"align:left !important; float:left !important; margin-top:4px !important; margin-right:8px !important; margin-bottom:4px !important; width:90px !important;\" \/><\/a>   Kostenloser Online-Vortrag der Verbraucherzentrale Hessen zur Optimierung bestehender Heizanlagen<br clear=\"all\" \/>  <\/p>\n  <div><span class=\"my_article_details\"><time datetime=\"2026-04-27\">27.04.2026<\/time> &middot; Hessen &middot; <\/span><a href=\"https:\/\/www.verbraucherzentrale-hessen.de\/node\/119798\" title=\"Link zum Artikel auf verbraucherzentrale-hessen.de\" target=\"_blank\">verbraucherzentrale-hessen.de<\/a><\/div>\n  <b><\/b>\n <\/div>\n <\/article>\n<\/div>\n<div class=\"post\" style=\"margin-bottom:40px;\">\n <article>\n <h2><a name=\"399bd3ce\" href=\"https:\/\/www.op-online.de\/sport\/amateur-fussball\/teutonia-hausen-baut-vorsprung-aus-egelsbach-dreht-das-spiel-94279743.html\" rel=\"bookmark\" style=\"color:#333333; font-weight:bold;\" title=\"Link zum Artikel auf op-online.de\" target=\"_blank\">Fu\u00dfball: Teutonia Hausen nicht zu stoppen \u2013 Egelsbach dreht das Spiel<\/a><\/h2>\n <div class=\"entry\">\n  <p style=\"margin-bottom:4px;\">\n   <a href=\"https:\/\/www.op-online.de\/sport\/amateur-fussball\/teutonia-hausen-baut-vorsprung-aus-egelsbach-dreht-das-spiel-94279743.html\" target=\"_blank\"><img decoding=\"async\" src=\"https:\/\/www.op-online.de\/assets\/images\/42\/353\/42353188-pascal-sehnert-li-dud-felix-harth-sel-1401.jpg\" style=\"align:left !important; float:left !important; margin-top:4px !important; margin-right:8px !important; margin-bottom:4px !important; width:90px !important;\" \/><\/a>   Der FC Teutonia siegt mit 5:2 in Dreieichenhain. Die SG Egelsbach k&auml;mpft sich aus einem 0:2-R&uuml;ckstand zur&uuml;ck und gewinnt noch 3:2.<br clear=\"all\" \/>  <\/p>\n  <div><span class=\"my_article_details\"><time datetime=\"2026-04-26\">26.04.2026<\/time> &middot; <a href=\"\/news\/egelsbach-aktuell\" title=\"Egelsbach heute aktuell\">Egelsbach<\/a> &middot; <a href=\"\/news\/egelsbach-nachrichten\" title=\"Egelsbach Nachrichten\">News<\/a> &middot; <\/span><a href=\"https:\/\/www.op-online.de\/sport\/amateur-fussball\/teutonia-hausen-baut-vorsprung-aus-egelsbach-dreht-das-spiel-94279743.html\" title=\"Link zum Artikel auf op-online.de\" target=\"_blank\">op-online.de<\/a><\/div>\n  <b><\/b>\n <\/div>\n <\/article>\n<\/div>\n<div class=\"post\" style=\"margin-bottom:40px;\">\n <article>\n <h2><a name=\"2a8df219\" href=\"https:\/\/www.hessenschau.de\/wirtschaft\/flughafen-frankfurt-interview-mit-fraport-chef-schulte-zum-terminal-3-v1,interview-fraport-chef-100.html\" rel=\"bookmark\" style=\"color:#333333; font-weight:bold;\" title=\"Link zum Artikel auf hessenschau.de\" target=\"_blank\">Flughafen Frankfurt: Interview mit Fraport-Chef Schulte zum Terminal 3<\/a><\/h2>\n <div class=\"entry\">\n  <p style=\"margin-bottom:4px;\">\n   <a href=\"https:\/\/www.hessenschau.de\/wirtschaft\/flughafen-frankfurt-interview-mit-fraport-chef-schulte-zum-terminal-3-v1,interview-fraport-chef-100.html\" target=\"_blank\"><img decoding=\"async\" src=\"https:\/\/www.hessenschau.de\/wirtschaft\/stefan-schulte-fraport-100~_t-1777197115365_v-16to9.jpg\" style=\"align:left !important; float:left !important; margin-top:4px !important; margin-right:8px !important; margin-bottom:4px !important; width:90px !important;\" \/><\/a>   Hohe Funktionalit&auml;t gepaart mit Wohlf&uuml;hlatmosph&auml;re: Das neue Terminal 3 am Flughafen Frankfurt hat f&uuml;r Passagiere viel zu bieten. Fraport-Chef Stefan Schulte sieht den Bau als Chance, weiter zu wachsen. ...<br clear=\"all\" \/>  <\/p>\n  <div><span class=\"my_article_details\"><time datetime=\"2026-04-26\">26.04.2026<\/time> &middot; <a href=\"\/news\/fluglaerm-offenbach-am-main\" title=\"Flugl\u00e4rm Offenbach am Main\">Flughafen<\/a> &middot; Frankfurt &middot; <\/span><a href=\"https:\/\/www.hessenschau.de\/wirtschaft\/flughafen-frankfurt-interview-mit-fraport-chef-schulte-zum-terminal-3-v1,interview-fraport-chef-100.html\" title=\"Link zum Artikel auf hessenschau.de\" target=\"_blank\">hessenschau.de<\/a><\/div>\n  <b><\/b>\n <\/div>\n <\/article>\n<\/div>\n<div class=\"post\" style=\"margin-bottom:40px;\">\n <article>\n <h2><a name=\"92ad0c3c\" href=\"https:\/\/www.op-online.de\/leben\/reise\/warum-viele-fluege-ab-frankfurt-bald-an-anderer-stelle-starten-zr-94278644.html\" rel=\"bookmark\" style=\"color:#333333; font-weight:bold;\" title=\"Link zum Artikel auf op-online.de\" target=\"_blank\">Warum viele Fl\u00fcge ab Frankfurt bald an anderer Stelle starten<\/a><\/h2>\n <div class=\"entry\">\n  <p style=\"margin-bottom:4px;\">\n   <a href=\"https:\/\/www.op-online.de\/leben\/reise\/warum-viele-fluege-ab-frankfurt-bald-an-anderer-stelle-starten-zr-94278644.html\" target=\"_blank\"><img decoding=\"async\" src=\"https:\/\/www.op-online.de\/assets\/images\/42\/243\/42243655-flugzeuge-flughafen-frankfurt-am-main-terminal-1n01.jpg\" style=\"align:left !important; float:left !important; margin-top:4px !important; margin-right:8px !important; margin-bottom:4px !important; width:90px !important;\" \/><\/a>   Mit Terminal 3 ver&auml;ndert sich am Flughafen Frankfurt f&uuml;r viele Reisende der gewohnte Abflugort. Erfahren Sie hier, was Sie beachten sollten.<br clear=\"all\" \/>  <\/p>\n  <div><span class=\"my_article_details\"><time datetime=\"2026-04-25\">25.04.2026<\/time> &middot; <a href=\"\/news\/fluglaerm-offenbach-am-main\" title=\"Flugl\u00e4rm Offenbach am Main\">Flughafen<\/a> &middot; Frankfurt &middot; <\/span><a href=\"https:\/\/www.op-online.de\/leben\/reise\/warum-viele-fluege-ab-frankfurt-bald-an-anderer-stelle-starten-zr-94278644.html\" title=\"Link zum Artikel auf op-online.de\" target=\"_blank\">op-online.de<\/a><\/div>\n  <b><\/b>\n <\/div>\n <\/article>\n<\/div>\n<div class=\"post\" style=\"margin-bottom:40px;\">\n <article>\n <h2><a name=\"79f99e6b\" href=\"https:\/\/www.fr.de\/rhein-main\/offenbach\/grosseinsatz-nach-brand-in-seligenstadt-kripo-ermittelt-ursache-94278548.html\" rel=\"bookmark\" style=\"color:#333333; font-weight:bold;\" title=\"Link zum Artikel auf fr.de\" target=\"_blank\">Gro\u00dfeinsatz nach Brand in Rhein-Main: Kripo ermittelt Ursache<\/a><\/h2>\n <div class=\"entry\">\n  <p style=\"margin-bottom:4px;\">\n   <a href=\"https:\/\/www.fr.de\/rhein-main\/offenbach\/grosseinsatz-nach-brand-in-seligenstadt-kripo-ermittelt-ursache-94278548.html\" target=\"_blank\"><img decoding=\"async\" src=\"https:\/\/www.fr.de\/assets\/images\/42\/344\/42344222-ein-garagenbrand-im-kreis-offenbach-hat-einen-schaden-von-mehr-als-70-000-euro-verursacht-1w01.jpg\" style=\"align:left !important; float:left !important; margin-top:4px !important; margin-right:8px !important; margin-bottom:4px !important; width:90px !important;\" \/><\/a>   Ein Garagenbrand in Seligenstadt (Kreis Offenbach) hat am Freitag, 24. April, einen Schaden von mehr als 70.000 Euro verursacht.<br clear=\"all\" \/>  <\/p>\n  <div><span class=\"my_article_details\"><time datetime=\"2026-04-25\">25.04.2026<\/time> &middot; <a href=\"\/news\/polizeieinsaetze-offenbach-am-main\" title=\"Polizeieins\u00e4tze Offenbach am Main\">Kreis Offenbach<\/a> &middot; <\/span><a href=\"https:\/\/www.fr.de\/rhein-main\/offenbach\/grosseinsatz-nach-brand-in-seligenstadt-kripo-ermittelt-ursache-94278548.html\" title=\"Link zum Artikel auf fr.de\" target=\"_blank\">fr.de<\/a><\/div>\n  <b><\/b>\n <\/div>\n <\/article>\n<\/div>\n<div class=\"post\" style=\"background-color: #e6e6ff; margin-bottom: 40px; padding: 10px;\"><article><a style=\"color: #000000; font-size: 20px; font-weight: normal; text-decoration: underlined;\" href=\"https:\/\/www.ndr.de\/nachrichten\/info\/solarenergie-liefert-erstmals-mehr-strom-als-aus-braunkohle,photovoltaik-124.html\" target=\"_blank\">Solarenergie liefert erstmals mehr Strom als Braunkohle<\/a><\/p><div class=\"entry\"><p style=\"margin-bottom: 4px;\"><a href=\"https:\/\/www.ndr.de\/nachrichten\/info\/solarenergie-liefert-erstmals-mehr-strom-als-aus-braunkohle,photovoltaik-124.html\" target=\"_blank\" rel=\"noopener\"><img decoding=\"async\" style=\"align: left !important; float: left !important; margin-top: 4px !important; margin-right: 8px !important; margin-bottom: 4px !important; width: 90px !important;\" src=\"data:image\/gif;base64,R0lGODlhAQABAIAAAAAAAP\/\/\/yH5BAEAAAAALAAAAAABAAEAAAIBRAA7\" data-src=\"https:\/\/www.heusenstaemmchen.de\/feeds\/gfx\/ndr.de.png\" \/><\/a>Photovoltaik lag vergangenes Jahr zum ersten Mal auf Platz 2 bei der Stromerzeugung in Deutschland &#8211; vor Braunkohle und Erdgas. Insgesamt stieg der Anteil erneuerbarer Energien am Strommix aber nicht.<br clear=\"all\" \/><\/p><div><b>Schon gewusst?<\/b> \u00b7 Regenerative Energien \u00b7 <a title=\"Mehr Details auf ndr.de\" href=\"https:\/\/www.ndr.de\/nachrichten\/info\/solarenergie-liefert-erstmals-mehr-strom-als-aus-braunkohle,photovoltaik-124.html\" target=\"_blank\" rel=\"noopener\">ndr.de<\/a><\/div><\/div><\/article><\/div><div class=\"post\" style=\"margin-bottom:40px;\">\n <article>\n <h2><a name=\"85aa7669\" href=\"https:\/\/www.kreis-offenbach.de\/Service\/Medienservice\/Aktuelle-Pressemitteilungen\/Musiccamp-in-den-Sommerferien.php?object=tx,4013.5.1&ModID=7&FID=4013.3384.1&NavID=4013.211&La=1\" rel=\"bookmark\" style=\"color:#333333; font-weight:bold;\" title=\"Link zum Artikel auf kreis-offenbach.de\" target=\"_blank\">Musiccamp in den Sommerferien<\/a><\/h2>\n <div class=\"entry\">\n  <p style=\"margin-bottom:4px;\">\n   <a href=\"https:\/\/www.kreis-offenbach.de\/Service\/Medienservice\/Aktuelle-Pressemitteilungen\/Musiccamp-in-den-Sommerferien.php?object=tx,4013.5.1&ModID=7&FID=4013.3384.1&NavID=4013.211&La=1\" target=\"_blank\"><img decoding=\"async\" src=\"\/feeds\/gfx\/kreis-offenbach.de.png\" style=\"align:left !important; float:left !important; margin-top:4px !important; margin-right:8px !important; margin-bottom:4px !important; width:90px !important;\" \/><\/a>   Kreative Jugendliche aus S\u00fcdhessen k\u00f6nnen w\u00e4hrend der Sommerferien &ndash; vom 13. bis 19. Juli 2026 &ndash; das Musiccamp im Kreisjugendheim Ernsthofen  ...<br clear=\"all\" \/>  <\/p>\n  <div><span class=\"my_article_details\"><time datetime=\"2026-04-24\">24.04.2026<\/time> &middot; <a href=\"\/news\/polizeieinsaetze-offenbach-am-main\" title=\"Polizeieins\u00e4tze Offenbach am Main\">Kreis Offenbach<\/a> &middot; <\/span><a href=\"https:\/\/www.kreis-offenbach.de\/Service\/Medienservice\/Aktuelle-Pressemitteilungen\/Musiccamp-in-den-Sommerferien.php?object=tx,4013.5.1&ModID=7&FID=4013.3384.1&NavID=4013.211&La=1\" title=\"Link zum Artikel auf kreis-offenbach.de\" target=\"_blank\">kreis-offenbach.de<\/a><\/div>\n  <b><\/b>\n <\/div>\n <\/article>\n<\/div>\n<div class=\"post\" style=\"margin-bottom:40px;\">\n <article>\n <h2><a name=\"d114a528\" href=\"https:\/\/gruene-offenbach.de\/2026\/04\/23\/die-gruenen-im-rathaus-sind-fuer-die-oppositionsfuehrung-bereit\/\" rel=\"bookmark\" style=\"color:#333333; font-weight:bold;\" title=\"Link zum Artikel auf gruene-offenbach.de\" target=\"_blank\">Die Gr\u00fcnen im Rathaus sind f\u00fcr die Oppositionsf\u00fchrung bereit<\/a><\/h2>\n <div class=\"entry\">\n  <p style=\"margin-bottom:4px;\">\n   <a href=\"https:\/\/gruene-offenbach.de\/2026\/04\/23\/die-gruenen-im-rathaus-sind-fuer-die-oppositionsfuehrung-bereit\/\" target=\"_blank\"><img decoding=\"async\" src=\"\/feeds\/gfx\/gruene-offenbach.de.png\" style=\"align:left !important; float:left !important; margin-top:4px !important; margin-right:8px !important; margin-bottom:4px !important; width:90px !important;\" \/><\/a>   Wechsel in der gr&uuml;nen Fraktion Im Zuge der Neukonstituierung der Stadtverordnetenversammlung f&uuml;gt sich auch in der neu gew&auml;hlten Gr&uuml;nen-Fraktion das Personaltableau neu zusammen. \u201eWir nehmen unsere neue Rolle als st&auml;rkste Kraft in der Opposition und damit als ...<br clear=\"all\" \/>  <\/p>\n  <div><span class=\"my_article_details\"><time datetime=\"2026-04-23\">23.04.2026<\/time> &middot; IHK &middot; <a href=\"\/news\/offenbach-aktuell\" title=\"Offenbach heute aktuell\">Offenbach<\/a> &middot; <\/span><a href=\"https:\/\/gruene-offenbach.de\/2026\/04\/23\/die-gruenen-im-rathaus-sind-fuer-die-oppositionsfuehrung-bereit\/\" title=\"Link zum Artikel auf gruene-offenbach.de\" target=\"_blank\">gruene-offenbach.de<\/a><\/div>\n  <b><\/b>\n <\/div>\n <\/article>\n<\/div>\n<div class=\"post\" style=\"margin-bottom:40px;\">\n <article>\n <h2><a name=\"b0618d9a\" href=\"https:\/\/www.rheinmainverlag.de\/2026\/04\/23\/bedrohung-mit-cuttermesser-am-flughafen-frankfurt\/\" rel=\"bookmark\" style=\"color:#333333; font-weight:bold;\" title=\"Link zum Artikel auf rheinmainverlag.de\" target=\"_blank\">Bedrohung mit Cuttermesser am Flughafen Frankfurt<\/a><\/h2>\n <div class=\"entry\">\n  <p style=\"margin-bottom:4px;\">\n   <a href=\"https:\/\/www.rheinmainverlag.de\/2026\/04\/23\/bedrohung-mit-cuttermesser-am-flughafen-frankfurt\/\" target=\"_blank\"><img decoding=\"async\" src=\"\/feeds\/gfx\/rheinmainverlag.de.png\" style=\"align:left !important; float:left !important; margin-top:4px !important; margin-right:8px !important; margin-bottom:4px !important; width:90px !important;\" \/><\/a>   Am Dienstag bedrohte ein Mann einen 30-J&auml;hrigen am Flughafen Frankfurt mit einem Cuttermesser. Am Mittwochmorgen (22.) wurde er festgenommen. Nach aktuellen Erkenntnissen begegneten sich die beiden M&auml;nner gegen 7.30 Uhr in der Kellerfahrstra&szlig;e am Flughafen. ...<br clear=\"all\" \/>  <\/p>\n  <div><span class=\"my_article_details\"><time datetime=\"2026-04-23\">23.04.2026<\/time> &middot; <a href=\"\/news\/fluglaerm-offenbach-am-main\" title=\"Flugl\u00e4rm Offenbach am Main\">Flughafen<\/a> &middot; Frankfurt &middot; <\/span><a href=\"https:\/\/www.rheinmainverlag.de\/2026\/04\/23\/bedrohung-mit-cuttermesser-am-flughafen-frankfurt\/\" title=\"Link zum Artikel auf rheinmainverlag.de\" target=\"_blank\">rheinmainverlag.de<\/a><\/div>\n  <b><\/b>\n <\/div>\n <\/article>\n<\/div>\n<div class=\"post\" style=\"margin-bottom:40px;\">\n <article>\n <h2><a name=\"65c71002\" href=\"https:\/\/ass-offenbach.de\/2026\/04\/23\/aktion-zum-earth-day-klasse-5f-engagiert-sich-fuer-die-umwelt\/\" rel=\"bookmark\" style=\"color:#333333; font-weight:bold;\" title=\"Link zum Artikel auf ass-offenbach.de\" target=\"_blank\">Aktion zum Earth Day: Klasse 5f engagiert sich f\u00fcr die Umwelt<\/a><\/h2>\n <div class=\"entry\">\n  <p style=\"margin-bottom:4px;\">\n   <a href=\"https:\/\/ass-offenbach.de\/2026\/04\/23\/aktion-zum-earth-day-klasse-5f-engagiert-sich-fuer-die-umwelt\/\" target=\"_blank\"><img decoding=\"async\" src=\"\/feeds\/gfx\/ass-offenbach.de.jpg\" style=\"align:left !important; float:left !important; margin-top:4px !important; margin-right:8px !important; margin-bottom:4px !important; width:90px !important;\" \/><\/a>   Anl&auml;sslich des diesj&auml;hrigen &#8222;Earth Day&quot; hat die Klasse 5f unter der Leitung von Frau Schubert einen ausf&uuml;hrlichen Rundgang rund um das Schulgel&auml;nde, die Gabelsberger Stra&szlig;e sowie den neuen Spielplatz am Friedrichsweiher unternommen und dabei gemeinsam ...<br clear=\"all\" \/>  <\/p>\n  <div><span class=\"my_article_details\"><time datetime=\"2026-04-23\">23.04.2026<\/time> &middot; <a href=\"\/news\/offenbach-aktuell\" title=\"Offenbach heute aktuell\">Offenbach<\/a> &middot; Umgebung &middot; <\/span><a href=\"https:\/\/ass-offenbach.de\/2026\/04\/23\/aktion-zum-earth-day-klasse-5f-engagiert-sich-fuer-die-umwelt\/\" title=\"Link zum Artikel auf ass-offenbach.de\" target=\"_blank\">ass-offenbach.de<\/a><\/div>\n  <b><\/b>\n <\/div>\n <\/article>\n<\/div>\n<div class=\"post\" style=\"margin-bottom:40px;\">\n <article>\n <h2><a name=\"9eed220d\" href=\"https:\/\/www.rheinmainverlag.de\/2026\/04\/23\/terminal-3-am-flughafen-frankfurt-mit-grossem-festakt-eroeffnet\/\" rel=\"bookmark\" style=\"color:#333333; font-weight:bold;\" title=\"Link zum Artikel auf rheinmainverlag.de\" target=\"_blank\">Terminal 3 am Flughafen Frankfurt mit gro\u00dfem Festakt er\u00f6ffnet<\/a><\/h2>\n <div class=\"entry\">\n  <p style=\"margin-bottom:4px;\">\n   <a href=\"https:\/\/www.rheinmainverlag.de\/2026\/04\/23\/terminal-3-am-flughafen-frankfurt-mit-grossem-festakt-eroeffnet\/\" target=\"_blank\"><img decoding=\"async\" src=\"\/feeds\/gfx\/rheinmainverlag.de.png\" style=\"align:left !important; float:left !important; margin-top:4px !important; margin-right:8px !important; margin-bottom:4px !important; width:90px !important;\" \/><\/a>   &Uuml;ber 400 geladene G&auml;ste feiern mit Fraport Mit einem feierlichen Festakt und &uuml;ber 400 geladenen G&auml;sten aus Politik, Wirtschaft sowie der Luftfahrtbranche hat die Fraport AG am Mittwoch, 22. April, das hochmoderne Terminal 3 am Flughafen Frankfurt offiziell ...<br clear=\"all\" \/>  <\/p>\n  <div><span class=\"my_article_details\"><time datetime=\"2026-04-23\">23.04.2026<\/time> &middot; <a href=\"\/news\/fluglaerm-offenbach-am-main\" title=\"Flugl\u00e4rm Offenbach am Main\">Flughafen<\/a> &middot; Frankfurt &middot; <\/span><a href=\"https:\/\/www.rheinmainverlag.de\/2026\/04\/23\/terminal-3-am-flughafen-frankfurt-mit-grossem-festakt-eroeffnet\/\" title=\"Link zum Artikel auf rheinmainverlag.de\" target=\"_blank\">rheinmainverlag.de<\/a><\/div>\n  <b><\/b>\n <\/div>\n <\/article>\n<\/div>\n<div class=\"post\" style=\"margin-bottom:40px;\">\n <article>\n <h2><a name=\"e35893dc\" href=\"https:\/\/www.journal-frankfurt.de\/?src=journal_news_einzel&id=45533&from=feed\" rel=\"bookmark\" style=\"color:#333333; font-weight:bold;\" title=\"Link zum Artikel auf journal-frankfurt.de\" target=\"_blank\">Frankfurter Initiativen kritisieren Terminal 3<\/a><\/h2>\n <div class=\"entry\">\n  <p style=\"margin-bottom:4px;\">\n   <a href=\"https:\/\/www.journal-frankfurt.de\/?src=journal_news_einzel&id=45533&from=feed\" target=\"_blank\"><img decoding=\"async\" src=\"https:\/\/www.journal-frankfurt.de\/cache\/images\/news\/q180\/45533.jpg\" style=\"align:left !important; float:left !important; margin-top:4px !important; margin-right:8px !important; margin-bottom:4px !important; width:90px !important;\" \/><\/a>   Das Terminal 3 am Frankfurter Flughafen ist er&ouml;ffnet. Dies wurde mit einem Wochenendevent gefeiert. Nun ger&auml;t die Feier in die Kritik.<br clear=\"all\" \/>  <\/p>\n  <div><span class=\"my_article_details\"><time datetime=\"2026-04-23\">23.04.2026<\/time> &middot; <a href=\"\/news\/fluglaerm-offenbach-am-main\" title=\"Flugl\u00e4rm Offenbach am Main\">Flughafen<\/a> &middot; Frankfurt &middot; <\/span><a href=\"https:\/\/www.journal-frankfurt.de\/?src=journal_news_einzel&id=45533&from=feed\" title=\"Link zum Artikel auf journal-frankfurt.de\" target=\"_blank\">journal-frankfurt.de<\/a><\/div>\n  <b><\/b>\n <\/div>\n <\/article>\n<\/div>\n<div class=\"post\" style=\"margin-bottom:40px;\">\n <article>\n <h2><a name=\"84982c88\" href=\"https:\/\/www.kreis-offenbach.de\/Service\/Medienservice\/Aktuelle-Pressemitteilungen\/Neue-Wege-in-Arbeit-Wie-der-Kreis-Offenbach-Frauen-gezielt-in-Besch%C3%A4ftigung-bringt.php?object=tx,4013.5.1&ModID=7&FID=4013.3383.1&NavID=4013.211&La=1\" rel=\"bookmark\" style=\"color:#333333; font-weight:bold;\" title=\"Link zum Artikel auf kreis-offenbach.de\" target=\"_blank\">Neue Wege in Arbeit: Wie der Kreis Offenbach Frauen gezielt in Besch\u00e4ftigung bringt<\/a><\/h2>\n <div class=\"entry\">\n  <p style=\"margin-bottom:4px;\">\n   <a href=\"https:\/\/www.kreis-offenbach.de\/Service\/Medienservice\/Aktuelle-Pressemitteilungen\/Neue-Wege-in-Arbeit-Wie-der-Kreis-Offenbach-Frauen-gezielt-in-Besch%C3%A4ftigung-bringt.php?object=tx,4013.5.1&ModID=7&FID=4013.3383.1&NavID=4013.211&La=1\" target=\"_blank\"><img decoding=\"async\" src=\"\/feeds\/gfx\/kreis-offenbach.de.png\" style=\"align:left !important; float:left !important; margin-top:4px !important; margin-right:8px !important; margin-bottom:4px !important; width:90px !important;\" \/><\/a>   Wie k\u00f6nnen bislang ungenutzte Erwerbspotenziale von Frauen st\u00e4rker f\u00fcr den Arbeitsmarkt erschlossen werden &ndash; und damit zur Fachkr\u00e4ftesicherung beitragen? Diese  ...<br clear=\"all\" \/>  <\/p>\n  <div><span class=\"my_article_details\"><time datetime=\"2026-04-23\">23.04.2026<\/time> &middot; <a href=\"\/news\/polizeieinsaetze-offenbach-am-main\" title=\"Polizeieins\u00e4tze Offenbach am Main\">Kreis Offenbach<\/a> &middot; <\/span><a href=\"https:\/\/www.kreis-offenbach.de\/Service\/Medienservice\/Aktuelle-Pressemitteilungen\/Neue-Wege-in-Arbeit-Wie-der-Kreis-Offenbach-Frauen-gezielt-in-Besch%C3%A4ftigung-bringt.php?object=tx,4013.5.1&ModID=7&FID=4013.3383.1&NavID=4013.211&La=1\" title=\"Link zum Artikel auf kreis-offenbach.de\" target=\"_blank\">kreis-offenbach.de<\/a><\/div>\n  <b><\/b>\n <\/div>\n <\/article>\n<\/div>\n<div class=\"post\" style=\"margin-bottom:40px;\">\n <article>\n <h2><a name=\"121b5bee\" href=\"https:\/\/www.evo-ag.de\/presse\/pressemitteilungen\/details\/100-vereine-10000-liter-bierspende-fuer-stadt-und-kreis\" rel=\"bookmark\" style=\"color:#333333; font-weight:bold;\" title=\"Link zum Artikel auf evo-ag.de\" target=\"_blank\">100 Vereine, 10.000 Liter: Bierspende f\u00fcr Stadt und Kreis<\/a><\/h2>\n <div class=\"entry\">\n  <p style=\"margin-bottom:4px;\">\n   <a href=\"https:\/\/www.evo-ag.de\/presse\/pressemitteilungen\/details\/100-vereine-10000-liter-bierspende-fuer-stadt-und-kreis\" target=\"_blank\"><img decoding=\"async\" src=\"\/feeds\/gfx\/evo-ag.de.png\" style=\"align:left !important; float:left !important; margin-top:4px !important; margin-right:8px !important; margin-bottom:4px !important; width:90px !important;\" \/><\/a>   Glaabsbr\u00e4u und EVO \u00fcbergeben Bierspende-Gutscheine in Seligenstadt \/ Ehrengast: OFC-Pr\u00e4sident Joachim Wagner<br clear=\"all\" \/>  <\/p>\n  <div><span class=\"my_article_details\"><time datetime=\"2026-04-23\">23.04.2026<\/time> &middot; Energie &middot; <a href=\"\/news\/offenbach-aktuell\" title=\"Offenbach heute aktuell\">Offenbach<\/a> &middot; <\/span><a href=\"https:\/\/www.evo-ag.de\/presse\/pressemitteilungen\/details\/100-vereine-10000-liter-bierspende-fuer-stadt-und-kreis\" title=\"Link zum Artikel auf evo-ag.de\" target=\"_blank\">evo-ag.de<\/a><\/div>\n  <b><\/b>\n <\/div>\n <\/article>\n<\/div>\n<div class=\"post\" style=\"margin-bottom:40px;\">\n <article>\n <h2><a name=\"9c1a830b\" href=\"https:\/\/www.verbraucherzentrale-hessen.de\/node\/119436\" rel=\"bookmark\" style=\"color:#333333; font-weight:bold;\" title=\"Link zum Artikel auf verbraucherzentrale-hessen.de\" target=\"_blank\">Soja im Faktencheck: Mythen, Risiken und Chancen<\/a><\/h2>\n <div class=\"entry\">\n  <p style=\"margin-bottom:4px;\">\n   <a href=\"https:\/\/www.verbraucherzentrale-hessen.de\/node\/119436\" target=\"_blank\"><img decoding=\"async\" src=\"\/feeds\/gfx\/verbraucherzentrale-hessen.de.png\" style=\"align:left !important; float:left !important; margin-top:4px !important; margin-right:8px !important; margin-bottom:4px !important; width:90px !important;\" \/><\/a>   Verbraucherzentralen ordnen Sorgen und Hoffnungen rund um den Verzehr von Soja ein<br clear=\"all\" \/>  <\/p>\n  <div><span class=\"my_article_details\"><time datetime=\"2026-04-23\">23.04.2026<\/time> &middot; Hessen &middot; <\/span><a href=\"https:\/\/www.verbraucherzentrale-hessen.de\/node\/119436\" title=\"Link zum Artikel auf verbraucherzentrale-hessen.de\" target=\"_blank\">verbraucherzentrale-hessen.de<\/a><\/div>\n  <b><\/b>\n <\/div>\n <\/article>\n<\/div>\n<div class=\"post\" style=\"margin-bottom:40px;\">\n <article>\n <h2><a name=\"77742e70\" href=\"https:\/\/www.1730live.de\/2026\/04\/22\/terminal-3-eroeffnet\/\" rel=\"bookmark\" style=\"color:#333333; font-weight:bold;\" title=\"Link zum Artikel auf 1730live.de\" target=\"_blank\">Terminal 3 er\u00f6ffnet<\/a><\/h2>\n <div class=\"entry\">\n  <p style=\"margin-bottom:4px;\">\n   <a href=\"https:\/\/www.1730live.de\/2026\/04\/22\/terminal-3-eroeffnet\/\" target=\"_blank\"><img decoding=\"async\" src=\"\/feeds\/gfx\/1730live.de.png\" style=\"align:left !important; float:left !important; margin-top:4px !important; margin-right:8px !important; margin-bottom:4px !important; width:90px !important;\" \/><\/a>   Heute ist ein gro&szlig;er Tag f&uuml;r den Luftverkehr in Deutschland: Am Frankfurter Flughafen &ouml;ffnet das neue Terminal 3 &#8211; und wir waren nat&uuml;rlich f&uuml;r Sie dabei. Nach vielen Jahren der Planung und des Baus sollen dort k&uuml;nftig Millionen zus&auml;tzlicher Passagiere ...<br clear=\"all\" \/>  <\/p>\n  <div><span class=\"my_article_details\"><time datetime=\"2026-04-22\">22.04.2026<\/time> &middot; <a href=\"\/news\/fluglaerm-offenbach-am-main\" title=\"Flugl\u00e4rm Offenbach am Main\">Flughafen<\/a> &middot; Frankfurt &middot; <\/span><a href=\"https:\/\/www.1730live.de\/2026\/04\/22\/terminal-3-eroeffnet\/\" title=\"Link zum Artikel auf 1730live.de\" target=\"_blank\">1730live.de<\/a><\/div>\n  <b><\/b>\n <\/div>\n <\/article>\n<\/div>\n<div class=\"post\" style=\"margin-bottom:40px;\">\n <article>\n <h2><a name=\"97d06106\" href=\"https:\/\/www.1730live.de\/2026\/04\/22\/der-lange-weg-zum-bau-von-terminal-3\/\" rel=\"bookmark\" style=\"color:#333333; font-weight:bold;\" title=\"Link zum Artikel auf 1730live.de\" target=\"_blank\">Der lange Weg zum Bau von Terminal 3<\/a><\/h2>\n <div class=\"entry\">\n  <p style=\"margin-bottom:4px;\">\n   <a href=\"https:\/\/www.1730live.de\/2026\/04\/22\/der-lange-weg-zum-bau-von-terminal-3\/\" target=\"_blank\"><img decoding=\"async\" src=\"\/feeds\/gfx\/1730live.de.png\" style=\"align:left !important; float:left !important; margin-top:4px !important; margin-right:8px !important; margin-bottom:4px !important; width:90px !important;\" \/><\/a>   Wir werfen einen Blick zur&uuml;ck auf die Entstehung &#8211; auf die Planung und Umsetzung einer Baustelle der Superlative. Der Frankfurter Flughafen, er w&auml;chst weiter. Terminal 3 im S&uuml;den des Airport-Gel&auml;ndes soll den Flughafen f&uuml;r die kommenden Jahrzehnte fit ...<br clear=\"all\" \/>  <\/p>\n  <div><span class=\"my_article_details\"><time datetime=\"2026-04-22\">22.04.2026<\/time> &middot; <a href=\"\/news\/fluglaerm-offenbach-am-main\" title=\"Flugl\u00e4rm Offenbach am Main\">Flughafen<\/a> &middot; Frankfurt &middot; <\/span><a href=\"https:\/\/www.1730live.de\/2026\/04\/22\/der-lange-weg-zum-bau-von-terminal-3\/\" title=\"Link zum Artikel auf 1730live.de\" target=\"_blank\">1730live.de<\/a><\/div>\n  <b><\/b>\n <\/div>\n <\/article>\n<\/div>\n<div class=\"post\" style=\"margin-bottom:40px;\">\n <article>\n <h2><a name=\"5c711fd2\" href=\"https:\/\/www.hessenschau.de\/wirtschaft\/terminal-3-am-flughafen-frankfurt-alles-ueber-airlines-umstiege-anfahrt-v4,terminal-3-fragen-antworten-100.html\" rel=\"bookmark\" style=\"color:#333333; font-weight:bold;\" title=\"Link zum Artikel auf hessenschau.de\" target=\"_blank\">Terminal 3 am Flughafen Frankfurt: Alles \u00fcber Airlines, Umstiege, Anfahrt<\/a><\/h2>\n <div class=\"entry\">\n  <p style=\"margin-bottom:4px;\">\n   <a href=\"https:\/\/www.hessenschau.de\/wirtschaft\/terminal-3-am-flughafen-frankfurt-alles-ueber-airlines-umstiege-anfahrt-v4,terminal-3-fragen-antworten-100.html\" target=\"_blank\"><img decoding=\"async\" src=\"https:\/\/www.hessenschau.de\/wirtschaft\/terminal3_-102~_t-1776182860000_v-16to9.jpg\" style=\"align:left !important; float:left !important; margin-top:4px !important; margin-right:8px !important; margin-bottom:4px !important; width:90px !important;\" \/><\/a>   Welche Airlines starten wo? Wie klappt der Umstieg? Und was gilt bei der Sicherheitskontrolle? Das neue Terminal 3 am Frankfurter Flughafen bringt viele &Auml;nderungen \u2013 die wichtigsten Antworten im &Uuml;berblick. ...<br clear=\"all\" \/>  <\/p>\n  <div><span class=\"my_article_details\"><time datetime=\"2026-04-22\">22.04.2026<\/time> &middot; <a href=\"\/news\/fluglaerm-offenbach-am-main\" title=\"Flugl\u00e4rm Offenbach am Main\">Flughafen<\/a> &middot; Frankfurt &middot; <\/span><a href=\"https:\/\/www.hessenschau.de\/wirtschaft\/terminal-3-am-flughafen-frankfurt-alles-ueber-airlines-umstiege-anfahrt-v4,terminal-3-fragen-antworten-100.html\" title=\"Link zum Artikel auf hessenschau.de\" target=\"_blank\">hessenschau.de<\/a><\/div>\n  <b><\/b>\n <\/div>\n <\/article>\n<\/div>\n<div class=\"post\" style=\"margin-bottom:40px;\">\n <article>\n <h2><a name=\"0526de37\" href=\"https:\/\/www.1730live.de\/2026\/04\/22\/schaltgespraech-mit-fraport-chef-stefan-schulte\/\" rel=\"bookmark\" style=\"color:#333333; font-weight:bold;\" title=\"Link zum Artikel auf 1730live.de\" target=\"_blank\">Schaltgespr\u00e4ch mit Fraport-Chef Stefan Schulte<\/a><\/h2>\n <div class=\"entry\">\n  <p style=\"margin-bottom:4px;\">\n   <a href=\"https:\/\/www.1730live.de\/2026\/04\/22\/schaltgespraech-mit-fraport-chef-stefan-schulte\/\" target=\"_blank\"><img decoding=\"async\" src=\"\/feeds\/gfx\/1730live.de.png\" style=\"align:left !important; float:left !important; margin-top:4px !important; margin-right:8px !important; margin-bottom:4px !important; width:90px !important;\" \/><\/a>   Eva Dieterle spricht mit ihm &uuml;ber die Herausforderungen der Mega-Baustelle, die Vorteile f&uuml;r Passagiere und ob der Bau eines dritten Terminals wirklich sinnvoll war. Eva Dieterle, Moderatorin: Guten Tag. Stefan Schulte, Vorstandsvorsitzender Fraport: Guten ...<br clear=\"all\" \/>  <\/p>\n  <div><span class=\"my_article_details\"><time datetime=\"2026-04-22\">22.04.2026<\/time> &middot; <a href=\"\/news\/fluglaerm-offenbach-am-main\" title=\"Flugl\u00e4rm Offenbach am Main\">Flughafen<\/a> &middot; Frankfurt &middot; <\/span><a href=\"https:\/\/www.1730live.de\/2026\/04\/22\/schaltgespraech-mit-fraport-chef-stefan-schulte\/\" title=\"Link zum Artikel auf 1730live.de\" target=\"_blank\">1730live.de<\/a><\/div>\n  <b><\/b>\n <\/div>\n <\/article>\n<\/div>\n<div class=\"post\" style=\"margin-bottom:40px;\">\n <article>\n <h2><a name=\"93b9e4e7\" href=\"https:\/\/www.hessenschau.de\/wirtschaft\/terminal-3-in-frankfurt-eroeffnet-eine-visitenkarte-fuer-hessen-v1,terminal3-eroeffnung-100.html\" rel=\"bookmark\" style=\"color:#333333; font-weight:bold;\" title=\"Link zum Artikel auf hessenschau.de\" target=\"_blank\">Terminal 3 in Frankfurt er\u00f6ffnet: Eine &quot;Visitenkarte f\u00fcr Hessen&quot;<\/a><\/h2>\n <div class=\"entry\">\n  <p style=\"margin-bottom:4px;\">\n   <a href=\"https:\/\/www.hessenschau.de\/wirtschaft\/terminal-3-in-frankfurt-eroeffnet-eine-visitenkarte-fuer-hessen-v1,terminal3-eroeffnung-100.html\" target=\"_blank\"><img decoding=\"async\" src=\"https:\/\/www.hessenschau.de\/wirtschaft\/terminal3-100~_t-1776855510609_v-16to9.jpg\" style=\"align:left !important; float:left !important; margin-top:4px !important; margin-right:8px !important; margin-bottom:4px !important; width:90px !important;\" \/><\/a>   Am Frankfurter Flughafen ist das Terminal 3 mit einem Festakt er&ouml;ffnet worden. Es ist f&uuml;r die Abfertigung von rund 19 Millionen Passagieren im Jahr ausgelegt - Erweiterung m&ouml;glich. ...<br clear=\"all\" \/>  <\/p>\n  <div><span class=\"my_article_details\"><time datetime=\"2026-04-22\">22.04.2026<\/time> &middot; <a href=\"\/news\/fluglaerm-offenbach-am-main\" title=\"Flugl\u00e4rm Offenbach am Main\">Flughafen<\/a> &middot; Frankfurt &middot; <\/span><a href=\"https:\/\/www.hessenschau.de\/wirtschaft\/terminal-3-in-frankfurt-eroeffnet-eine-visitenkarte-fuer-hessen-v1,terminal3-eroeffnung-100.html\" title=\"Link zum Artikel auf hessenschau.de\" target=\"_blank\">hessenschau.de<\/a><\/div>\n  <b><\/b>\n <\/div>\n <\/article>\n<\/div>\n<div class=\"post\" style=\"margin-bottom:40px;\">\n <article>\n <h2><a name=\"45838227\" href=\"https:\/\/www.hessenschau.de\/panorama\/bundeswehr-grossuebung-mit-400-fahrzeugen-panzer-rollen-durch-hessen-v3,bundeswehr-kolonne-hethex-100.html\" rel=\"bookmark\" style=\"color:#333333; font-weight:bold;\" title=\"Link zum Artikel auf hessenschau.de\" target=\"_blank\">Bundeswehr-Gro\u00df\u00fcbung mit 400 Fahrzeugen: Panzer rollen durch Hessen<\/a><\/h2>\n <div class=\"entry\">\n  <p style=\"margin-bottom:4px;\">\n   <a href=\"https:\/\/www.hessenschau.de\/panorama\/bundeswehr-grossuebung-mit-400-fahrzeugen-panzer-rollen-durch-hessen-v3,bundeswehr-kolonne-hethex-100.html\" target=\"_blank\"><img decoding=\"async\" src=\"https:\/\/www.hessenschau.de\/panorama\/dpa-bundeswehr-kolonne-100~_t-1776795735894_v-16to9.jpg\" style=\"align:left !important; float:left !important; margin-top:4px !important; margin-right:8px !important; margin-bottom:4px !important; width:90px !important;\" \/><\/a>   Ab heute bis Sonntag sind zahlreiche Milit&auml;rkonvois auf hessischen Autobahnen unterwegs. Die Bundeswehr &uuml;bt den Ernstfall, f&uuml;r alle anderen Verkehrsteilnehmer gibt es klare Regeln. ...<br clear=\"all\" \/>  <\/p>\n  <div><span class=\"my_article_details\"><time datetime=\"2026-04-22\">22.04.2026<\/time> &middot; Hessen &middot; Regeln &middot; <\/span><a href=\"https:\/\/www.hessenschau.de\/panorama\/bundeswehr-grossuebung-mit-400-fahrzeugen-panzer-rollen-durch-hessen-v3,bundeswehr-kolonne-hethex-100.html\" title=\"Link zum Artikel auf hessenschau.de\" target=\"_blank\">hessenschau.de<\/a><\/div>\n  <b><\/b>\n <\/div>\n <\/article>\n<\/div>\n<div class=\"post\" style=\"margin-bottom:40px;\">\n <article>\n <h2><a name=\"fdb16fc2\" href=\"https:\/\/www.offenbach.de\/presse\/pressemeldungen\/pressemeldungen-april\/pressemeldungen-KW17\/kjk-school-off-rock22.04.2026.php\" rel=\"bookmark\" style=\"color:#333333; font-weight:bold;\" title=\"Link zum Artikel auf offenbach.de\" target=\"_blank\">School off Rock: Sch\u00fclerBandFestival am Samstag<\/a><\/h2>\n <div class=\"entry\">\n  <p style=\"margin-bottom:4px;\">\n   <a href=\"https:\/\/www.offenbach.de\/presse\/pressemeldungen\/pressemeldungen-april\/pressemeldungen-KW17\/kjk-school-off-rock22.04.2026.php\" target=\"_blank\"><img decoding=\"async\" src=\"\/feeds\/gfx\/offenbach.de.png\" style=\"align:left !important; float:left !important; margin-top:4px !important; margin-right:8px !important; margin-bottom:4px !important; width:90px !important;\" \/><\/a>   <i>F\u00fcr diese Meldung existiert leider kein kurzer Auszug.<\/i><br clear=\"all\" \/>  <\/p>\n  <div><span class=\"my_article_details\"><time datetime=\"2026-04-22\">22.04.2026<\/time> &middot; Festival &middot; <a href=\"\/news\/offenbach-aktuell\" title=\"Offenbach heute aktuell\">Offenbach<\/a> &middot; <\/span><a href=\"https:\/\/www.offenbach.de\/presse\/pressemeldungen\/pressemeldungen-april\/pressemeldungen-KW17\/kjk-school-off-rock22.04.2026.php\" title=\"Link zum Artikel auf offenbach.de\" target=\"_blank\">offenbach.de<\/a><\/div>\n  <b><\/b>\n <\/div>\n <\/article>\n<\/div>\n<div class=\"post\" style=\"margin-bottom:40px;\">\n <article>\n <h2><a name=\"eb1ee8f6\" href=\"https:\/\/www.kreis-offenbach.de\/Service\/Medienservice\/Aktuelle-Pressemitteilungen\/-Landrat-vor-Ort-in-Obertshausen.php?object=tx,4013.5.1&ModID=7&FID=4013.3380.1&NavID=4013.211&La=1\" rel=\"bookmark\" style=\"color:#333333; font-weight:bold;\" title=\"Link zum Artikel auf kreis-offenbach.de\" target=\"_blank\">&bdquo;Landrat vor Ort&ldquo; in Obertshausen<\/a><\/h2>\n <div class=\"entry\">\n  <p style=\"margin-bottom:4px;\">\n   <a href=\"https:\/\/www.kreis-offenbach.de\/Service\/Medienservice\/Aktuelle-Pressemitteilungen\/-Landrat-vor-Ort-in-Obertshausen.php?object=tx,4013.5.1&ModID=7&FID=4013.3380.1&NavID=4013.211&La=1\" target=\"_blank\"><img decoding=\"async\" src=\"\/feeds\/gfx\/kreis-offenbach.de.png\" style=\"align:left !important; float:left !important; margin-top:4px !important; margin-right:8px !important; margin-bottom:4px !important; width:90px !important;\" \/><\/a>   Die Begegnungen und der Dialog mit den Menschen sind f\u00fcr Landrat Oliver Quilling besonders wichtig. Mit ihm ins Gespr\u00e4ch kommen  ...<br clear=\"all\" \/>  <\/p>\n  <div><span class=\"my_article_details\"><time datetime=\"2026-04-22\">22.04.2026<\/time> &middot; <a href=\"\/news\/polizeieinsaetze-offenbach-am-main\" title=\"Polizeieins\u00e4tze Offenbach am Main\">Kreis Offenbach<\/a> &middot; <\/span><a href=\"https:\/\/www.kreis-offenbach.de\/Service\/Medienservice\/Aktuelle-Pressemitteilungen\/-Landrat-vor-Ort-in-Obertshausen.php?object=tx,4013.5.1&ModID=7&FID=4013.3380.1&NavID=4013.211&La=1\" title=\"Link zum Artikel auf kreis-offenbach.de\" target=\"_blank\">kreis-offenbach.de<\/a><\/div>\n  <b><\/b>\n <\/div>\n <\/article>\n<\/div>\n<div class=\"post\" style=\"margin-bottom:40px;\">\n <article>\n <h2><a name=\"45d0a9ef\" href=\"https:\/\/www.egelsbach.de\/rathaus-politik\/aktuelles\/neuigkeiten-der-gemeinde\/2026\/april\/wegearbeiten-traenkbach-paranalage\/\" rel=\"bookmark\" style=\"color:#333333; font-weight:bold;\" title=\"Link zum Artikel auf egelsbach.de\" target=\"_blank\">Egelsbach: Erneuerung der Wegedecke in der Tr\u00e4nkbach Parkanlage<\/a><\/h2>\n <div class=\"entry\">\n  <p style=\"margin-bottom:4px;\">\n   <a href=\"https:\/\/www.egelsbach.de\/rathaus-politik\/aktuelles\/neuigkeiten-der-gemeinde\/2026\/april\/wegearbeiten-traenkbach-paranalage\/\" target=\"_blank\"><img decoding=\"async\" src=\"\/feeds\/gfx\/egelsbach.de.png\" style=\"align:left !important; float:left !important; margin-top:4px !important; margin-right:8px !important; margin-bottom:4px !important; width:90px !important;\" \/><\/a>   In der Zeit vom Montag, 27.04.26, bis voraussichtlich Freitag, 22.05.26, soll die gesamte Wegedecke der Fu\u00dfwegverbindungen in der Parkanlage am Tr\u00e4nkbach, erneuert werden. Die Durchf\u00fchrung der Arbeiten wird in jeweils drei Bauabschnitten durchgef\u00fchrt, welche ...<br clear=\"all\" \/>  <\/p>\n  <div><span class=\"my_article_details\"><time datetime=\"2026-04-22\">22.04.2026<\/time> &middot; <a href=\"\/news\/egelsbach-aktuell\" title=\"Egelsbach heute aktuell\">Egelsbach<\/a> &middot; <a href=\"\/news\/egelsbach-nachrichten\" title=\"Egelsbach Nachrichten\">News<\/a> &middot; <\/span><a href=\"https:\/\/www.egelsbach.de\/rathaus-politik\/aktuelles\/neuigkeiten-der-gemeinde\/2026\/april\/wegearbeiten-traenkbach-paranalage\/\" title=\"Link zum Artikel auf egelsbach.de\" target=\"_blank\">egelsbach.de<\/a><\/div>\n  <b><\/b>\n <\/div>\n <\/article>\n<\/div>\n<div class=\"post\" style=\"margin-bottom:40px;\">\n <article>\n <h2><a name=\"ac6342b6\" href=\"https:\/\/www.fr.de\/rhein-main\/offenbach\/beliebtes-freizeitbad-in-rhein-main-bekommt-upgrade-94272571.html\" rel=\"bookmark\" style=\"color:#333333; font-weight:bold;\" title=\"Link zum Artikel auf fr.de\" target=\"_blank\">Spatenstich erfolgt: Beliebtes Freizeitbad in Rhein-Main bekommt Upgrade<\/a><\/h2>\n <div class=\"entry\">\n  <p style=\"margin-bottom:4px;\">\n   <a href=\"https:\/\/www.fr.de\/rhein-main\/offenbach\/beliebtes-freizeitbad-in-rhein-main-bekommt-upgrade-94272571.html\" target=\"_blank\"><img decoding=\"async\" src=\"https:\/\/www.fr.de\/assets\/images\/42\/278\/42278607-symbolischer-spatenstich-fuer-die-freiflaeche-des-monte-mare-bades-fuenfter-von-links-obertshausens-buergermeister-manuel-friedrich-2x01.jpg\" style=\"align:left !important; float:left !important; margin-top:4px !important; margin-right:8px !important; margin-bottom:4px !important; width:90px !important;\" \/><\/a>   2027 soll die neue Au&szlig;enfl&auml;che am Monte-Mare-Freizeitbad in Obertshausen (Kreis Offenbach) er&ouml;ffnet werden. F&uuml;r die Anlage war jetzt Spatenstich.<br clear=\"all\" \/>  <\/p>\n  <div><span class=\"my_article_details\"><time datetime=\"2026-04-21\">21.04.2026<\/time> &middot; <a href=\"\/news\/polizeieinsaetze-offenbach-am-main\" title=\"Polizeieins\u00e4tze Offenbach am Main\">Kreis Offenbach<\/a> &middot; <\/span><a href=\"https:\/\/www.fr.de\/rhein-main\/offenbach\/beliebtes-freizeitbad-in-rhein-main-bekommt-upgrade-94272571.html\" title=\"Link zum Artikel auf fr.de\" target=\"_blank\">fr.de<\/a><\/div>\n  <b><\/b>\n <\/div>\n <\/article>\n<\/div>\n<div class=\"post\" style=\"margin-bottom:40px;\">\n <article>\n <h2><a name=\"56a898f8\" href=\"https:\/\/www.fr.de\/rhein-main\/a3-im-kreis-offenbach-drei-naechte-dicht-a45-umleitung-richtung-hanau-94272242.html\" rel=\"bookmark\" style=\"color:#333333; font-weight:bold;\" title=\"Link zum Artikel auf fr.de\" target=\"_blank\">A3 in Rhein-Main drei N\u00e4chte dicht \u2013 A45-Umleitung Richtung Hanau<\/a><\/h2>\n <div class=\"entry\">\n  <p style=\"margin-bottom:4px;\">\n   <a href=\"https:\/\/www.fr.de\/rhein-main\/a3-im-kreis-offenbach-drei-naechte-dicht-a45-umleitung-richtung-hanau-94272242.html\" target=\"_blank\"><img decoding=\"async\" src=\"https:\/\/www.fr.de\/assets\/images\/42\/4\/42004618-autobahn-a5-frankfurter-kreuz-2N01.jpg\" style=\"align:left !important; float:left !important; margin-top:4px !important; margin-right:8px !important; margin-bottom:4px !important; width:90px !important;\" \/><\/a>   Die A3-Anschlussstelle Hanau wird Montag, Dienstag und Donnerstag nachts gesperrt. Umleitungen sind ab Seligenstadt (Kreis Offenbach) ausgeschildert.<br clear=\"all\" \/>  <\/p>\n  <div><span class=\"my_article_details\"><time datetime=\"2026-04-21\">21.04.2026<\/time> &middot; <a href=\"\/news\/polizeieinsaetze-offenbach-am-main\" title=\"Polizeieins\u00e4tze Offenbach am Main\">Kreis Offenbach<\/a> &middot; <\/span><a href=\"https:\/\/www.fr.de\/rhein-main\/a3-im-kreis-offenbach-drei-naechte-dicht-a45-umleitung-richtung-hanau-94272242.html\" title=\"Link zum Artikel auf fr.de\" target=\"_blank\">fr.de<\/a><\/div>\n  <b><\/b>\n <\/div>\n <\/article>\n<\/div>\n<div class=\"post\" style=\"margin-bottom:40px;\">\n <article>\n <h2><a name=\"e41b22dc\" href=\"https:\/\/www.kreis-offenbach.de\/Service\/Medienservice\/Aktuelle-Pressemitteilungen\/Junger-KUSS-startet-Anmeldephase.php?object=tx,4013.5.1&ModID=7&FID=4013.3370.1&NavID=4013.211&La=1\" rel=\"bookmark\" style=\"color:#333333; font-weight:bold;\" title=\"Link zum Artikel auf kreis-offenbach.de\" target=\"_blank\">Junger KUSS startet Anmeldephase<\/a><\/h2>\n <div class=\"entry\">\n  <p style=\"margin-bottom:4px;\">\n   <a href=\"https:\/\/www.kreis-offenbach.de\/Service\/Medienservice\/Aktuelle-Pressemitteilungen\/Junger-KUSS-startet-Anmeldephase.php?object=tx,4013.5.1&ModID=7&FID=4013.3370.1&NavID=4013.211&La=1\" target=\"_blank\"><img decoding=\"async\" src=\"\/feeds\/gfx\/kreis-offenbach.de.png\" style=\"align:left !important; float:left !important; margin-top:4px !important; margin-right:8px !important; margin-bottom:4px !important; width:90px !important;\" \/><\/a>   Mit dem neuen Programmheft ist der Junge Kultursommer 2026 im Kreis Offenbach gestartet. Schulen, Klassen und Gruppen k\u00f6nnen sich ab sofort  ...<br clear=\"all\" \/>  <\/p>\n  <div><span class=\"my_article_details\"><time datetime=\"2026-04-21\">21.04.2026<\/time> &middot; <a href=\"\/news\/polizeieinsaetze-offenbach-am-main\" title=\"Polizeieins\u00e4tze Offenbach am Main\">Kreis Offenbach<\/a> &middot; <\/span><a href=\"https:\/\/www.kreis-offenbach.de\/Service\/Medienservice\/Aktuelle-Pressemitteilungen\/Junger-KUSS-startet-Anmeldephase.php?object=tx,4013.5.1&ModID=7&FID=4013.3370.1&NavID=4013.211&La=1\" title=\"Link zum Artikel auf kreis-offenbach.de\" target=\"_blank\">kreis-offenbach.de<\/a><\/div>\n  <b><\/b>\n <\/div>\n <\/article>\n<\/div>\n<div class=\"post\" style=\"margin-bottom:40px;\">\n <article>\n <h2><a name=\"85d7dded\" href=\"https:\/\/www.op-online.de\/region\/egelsbach\/nach-turbulenter-sitzung-gruene-werfen-viererbuendnis-kungelei-vor-94270806.html\" rel=\"bookmark\" style=\"color:#333333; font-weight:bold;\" title=\"Link zum Artikel auf op-online.de\" target=\"_blank\">Nach turbulenter Sitzung: Gr\u00fcne werfen Viererb\u00fcndnis \u201eKungelei\u201c vor<\/a><\/h2>\n <div class=\"entry\">\n  <p style=\"margin-bottom:4px;\">\n   <a href=\"https:\/\/www.op-online.de\/region\/egelsbach\/nach-turbulenter-sitzung-gruene-werfen-viererbuendnis-kungelei-vor-94270806.html\" target=\"_blank\"><img decoding=\"async\" src=\"https:\/\/www.op-online.de\/assets\/images\/38\/509\/38509064-archiv-eine-mannheimer-buergerin-wirft-am-22-09-2013-in-mannheim-einen-gelben-wahlzettel-in-eine-wahlurne-in-mannheim-stimmen-die-buerger-in-einem-1s01.jpg\" style=\"align:left !important; float:left !important; margin-top:4px !important; margin-right:8px !important; margin-bottom:4px !important; width:90px !important;\" \/><\/a>   Die Egelsbacher Gemeindevertretung ist in zwei Lager geteilt, beide Seiten &uuml;berziehen sich mit gegenseitigen Vorw&uuml;rfen. Eine Koalition wird es aber vermutlich nicht geben.<br clear=\"all\" \/>  <\/p>\n  <div><span class=\"my_article_details\"><time datetime=\"2026-04-21\">21.04.2026<\/time> &middot; <a href=\"\/news\/egelsbach-aktuell\" title=\"Egelsbach heute aktuell\">Egelsbach<\/a> &middot; <a href=\"\/news\/egelsbach-nachrichten\" title=\"Egelsbach Nachrichten\">News<\/a> &middot; <\/span><a href=\"https:\/\/www.op-online.de\/region\/egelsbach\/nach-turbulenter-sitzung-gruene-werfen-viererbuendnis-kungelei-vor-94270806.html\" title=\"Link zum Artikel auf op-online.de\" target=\"_blank\">op-online.de<\/a><\/div>\n  <b><\/b>\n <\/div>\n <\/article>\n<\/div>\n<div class=\"post\" style=\"margin-bottom:40px;\">\n <article>\n <h2><a name=\"1cbdd78e\" href=\"https:\/\/www.verbraucherzentrale-hessen.de\/node\/119236\" rel=\"bookmark\" style=\"color:#333333; font-weight:bold;\" title=\"Link zum Artikel auf verbraucherzentrale-hessen.de\" target=\"_blank\">Verbraucherzentrale: Schule vorbei und durchstarten<\/a><\/h2>\n <div class=\"entry\">\n  <p style=\"margin-bottom:4px;\">\n   <a href=\"https:\/\/www.verbraucherzentrale-hessen.de\/node\/119236\" target=\"_blank\"><img decoding=\"async\" src=\"\/feeds\/gfx\/verbraucherzentrale-hessen.de.png\" style=\"align:left !important; float:left !important; margin-top:4px !important; margin-right:8px !important; margin-bottom:4px !important; width:90px !important;\" \/><\/a>   Die Fokuswoche Ziele der Verbraucherzentralen bietet vom 18. bis zum 21. Mai 2026 kostenlose Online-Vortr&auml;ge<br clear=\"all\" \/>  <\/p>\n  <div><span class=\"my_article_details\"><time datetime=\"2026-04-21\">21.04.2026<\/time> &middot; Hessen &middot; <\/span><a href=\"https:\/\/www.verbraucherzentrale-hessen.de\/node\/119236\" title=\"Link zum Artikel auf verbraucherzentrale-hessen.de\" target=\"_blank\">verbraucherzentrale-hessen.de<\/a><\/div>\n  <b><\/b>\n <\/div>\n <\/article>\n<\/div>\n<div class=\"post\" style=\"margin-bottom:40px;\">\n <article>\n <h2><a name=\"ae0bf0fa\" href=\"https:\/\/www.op-online.de\/hessen\/fruehsommer-wetter-ueber-hessen-zieht-sich-zurueck-doch-bald-kommt-tag-mit-13-stunden-sonne-94269725.html\" rel=\"bookmark\" style=\"color:#333333; font-weight:bold;\" title=\"Link zum Artikel auf op-online.de\" target=\"_blank\">Fr\u00fchsommer-Wetter \u00fcber Offenbach zieht sich zur\u00fcck \u2013 doch bald kommt Tag mit 13 Stunden Sonne<\/a><\/h2>\n <div class=\"entry\">\n  <p style=\"margin-bottom:4px;\">\n   <a href=\"https:\/\/www.op-online.de\/hessen\/fruehsommer-wetter-ueber-hessen-zieht-sich-zurueck-doch-bald-kommt-tag-mit-13-stunden-sonne-94269725.html\" target=\"_blank\"><img decoding=\"async\" src=\"https:\/\/www.op-online.de\/assets\/images\/42\/272\/42272584-partie-schach-im-sonnenschein-in-offenbach-3F01.jpg\" style=\"align:left !important; float:left !important; margin-top:4px !important; margin-right:8px !important; margin-bottom:4px !important; width:90px !important;\" \/><\/a>   Am Wochenende wurde es pl&ouml;tzlich wieder kalt in S&uuml;dosthessen. Doch die neue Woche verspricht mindestens zwei sch&ouml;ne Tage f&uuml;r alle, die die Sonne lieben.<br clear=\"all\" \/>  <\/p>\n  <div><span class=\"my_article_details\"><time datetime=\"2026-04-20\">20.04.2026<\/time> &middot; <a href=\"\/news\/offenbach-aktuell\" title=\"Offenbach heute aktuell\">Offenbach<\/a> &middot; Wetter &middot; <\/span><a href=\"https:\/\/www.op-online.de\/hessen\/fruehsommer-wetter-ueber-hessen-zieht-sich-zurueck-doch-bald-kommt-tag-mit-13-stunden-sonne-94269725.html\" title=\"Link zum Artikel auf op-online.de\" target=\"_blank\">op-online.de<\/a><\/div>\n  <b><\/b>\n <\/div>\n <\/article>\n<\/div>\n<div class=\"post\" style=\"margin-bottom:40px;\">\n <article>\n <h2><a name=\"3ec53c9d\" href=\"https:\/\/gruene-egelsbach.de\/egelsbacher-mails-05-2026\/\" rel=\"bookmark\" style=\"color:#333333; font-weight:bold;\" title=\"Link zum Artikel auf gruene-egelsbach.de\" target=\"_blank\">E(gelsbacher)-Mails 05\/2026<\/a><\/h2>\n <div class=\"entry\">\n  <p style=\"margin-bottom:4px;\">\n   <a href=\"https:\/\/gruene-egelsbach.de\/egelsbacher-mails-05-2026\/\" target=\"_blank\"><img decoding=\"async\" src=\"\/feeds\/gfx\/gruene-egelsbach.de.png\" style=\"align:left !important; float:left !important; margin-top:4px !important; margin-right:8px !important; margin-bottom:4px !important; width:90px !important;\" \/><\/a>   Ausgabe vom 19.04.2026 Liebe Egelsbacherinnen, liebe Egelsbacher, Informationen zur konstituierenden Sitzung der Gemeindevertretung Nach einer Kommunalwahl trifft die Gemeindevertretung in ihrer ersten Sitzung zun&auml;chst eine Reihe wichtiger Personalentscheidungen. ...<br clear=\"all\" \/>  <\/p>\n  <div><span class=\"my_article_details\"><time datetime=\"2026-04-19\">19.04.2026<\/time> &middot; <a href=\"\/news\/egelsbach-aktuell\" title=\"Egelsbach heute aktuell\">Egelsbach<\/a> &middot; <a href=\"\/news\/egelsbach-nachrichten\" title=\"Egelsbach Nachrichten\">News<\/a> &middot; <\/span><a href=\"https:\/\/gruene-egelsbach.de\/egelsbacher-mails-05-2026\/\" title=\"Link zum Artikel auf gruene-egelsbach.de\" target=\"_blank\">gruene-egelsbach.de<\/a><\/div>\n  <b><\/b>\n <\/div>\n <\/article>\n<\/div>\n<div class=\"post\" style=\"margin-bottom:40px;\">\n <article>\n <h2><a name=\"f77ac018\" href=\"https:\/\/www.op-online.de\/offenbach\/verwandeln-koennten-strassenbahn-inklusive-wie-zwei-entwuerfe-das-quartier-um-offenbachs-hauptbahnhof-94266867.html\" rel=\"bookmark\" style=\"color:#333333; font-weight:bold;\" title=\"Link zum Artikel auf op-online.de\" target=\"_blank\">Stra\u00dfenbahn inklusive: Wie zwei Entw\u00fcrfe das Quartier um Offenbachs Hauptbahnhof verwandeln k\u00f6nnten<\/a><\/h2>\n <div class=\"entry\">\n  <p style=\"margin-bottom:4px;\">\n   <a href=\"https:\/\/www.op-online.de\/offenbach\/verwandeln-koennten-strassenbahn-inklusive-wie-zwei-entwuerfe-das-quartier-um-offenbachs-hauptbahnhof-94266867.html\" target=\"_blank\"><img decoding=\"async\" src=\"https:\/\/www.op-online.de\/assets\/images\/42\/243\/42243882-visionen-wollen-bezahlt-werden-weiss-auch-kai-schmitt-fan-des-hauptbahnhofs-und-ehemaliger-stadtverordneter-der-gruenen-doch-fuer-offenbachs-2m01.jpg\" style=\"align:left !important; float:left !important; margin-top:4px !important; margin-right:8px !important; margin-bottom:4px !important; width:90px !important;\" \/><\/a>   Es gibt Ideen f&uuml;r den Raum um Offenbachs maroden Hauptbahnhof. Und die Zeit f&uuml;r die Umsetzung dr&auml;ngt, sagt ein Kenner des Bahnhofs und seiner Umgebung.<br clear=\"all\" \/>  <\/p>\n  <div><span class=\"my_article_details\"><time datetime=\"2026-04-18\">18.04.2026<\/time> &middot; <a href=\"\/news\/offenbach-aktuell\" title=\"Offenbach heute aktuell\">Offenbach<\/a> &middot; Umgebung &middot; <\/span><a href=\"https:\/\/www.op-online.de\/offenbach\/verwandeln-koennten-strassenbahn-inklusive-wie-zwei-entwuerfe-das-quartier-um-offenbachs-hauptbahnhof-94266867.html\" title=\"Link zum Artikel auf op-online.de\" target=\"_blank\">op-online.de<\/a><\/div>\n  <b><\/b>\n <\/div>\n <\/article>\n<\/div>\n<div class=\"post\" style=\"margin-bottom:40px;\">\n <article>\n <h2><a name=\"700cd954\" href=\"https:\/\/www.op-online.de\/region\/egelsbach\/gemeindevertretung-waehlt-sascha-wurm-cdu-zum-neuen-vorsitzenden-keine-posten-fuer-gruene-94267130.html\" rel=\"bookmark\" style=\"color:#333333; font-weight:bold;\" title=\"Link zum Artikel auf op-online.de\" target=\"_blank\">Gemeindevertretung w\u00e4hlt Sascha Wurm (CDU) zum neuen Vorsitzenden \u2013 Keine Posten f\u00fcr Gr\u00fcne<\/a><\/h2>\n <div class=\"entry\">\n  <p style=\"margin-bottom:4px;\">\n   <a href=\"https:\/\/www.op-online.de\/region\/egelsbach\/gemeindevertretung-waehlt-sascha-wurm-cdu-zum-neuen-vorsitzenden-keine-posten-fuer-gruene-94267130.html\" target=\"_blank\"><img decoding=\"async\" src=\"https:\/\/www.op-online.de\/assets\/images\/42\/246\/42246823-sascha-wurm-cdu-vorsitzender-gemeindevertretung-egelsbach-2I1GWvjatU01.jpg\" style=\"align:left !important; float:left !important; margin-top:4px !important; margin-right:8px !important; margin-bottom:4px !important; width:90px !important;\" \/><\/a>   In der konstituierenden Sitzung der Egelsbacher Gemeindevertretung bildet sich eine Allianz gegen die Gr&uuml;nen. Dem Wahlsieger wird schlechte Kommunikation im Vorfeld vorgeworfen.<br clear=\"all\" \/>  <\/p>\n  <div><span class=\"my_article_details\"><time datetime=\"2026-04-18\">18.04.2026<\/time> &middot; <a href=\"\/news\/egelsbach-aktuell\" title=\"Egelsbach heute aktuell\">Egelsbach<\/a> &middot; <a href=\"\/news\/egelsbach-nachrichten\" title=\"Egelsbach Nachrichten\">News<\/a> &middot; <\/span><a href=\"https:\/\/www.op-online.de\/region\/egelsbach\/gemeindevertretung-waehlt-sascha-wurm-cdu-zum-neuen-vorsitzenden-keine-posten-fuer-gruene-94267130.html\" title=\"Link zum Artikel auf op-online.de\" target=\"_blank\">op-online.de<\/a><\/div>\n  <b><\/b>\n <\/div>\n <\/article>\n<\/div>\n<div class=\"post\" style=\"margin-bottom:40px;\">\n <article>\n <h2><a name=\"0416f223\" href=\"https:\/\/www.op-online.de\/offenbach\/wetter-wochenende-mit-23-grad-in-offenbach-dann-dreht-das-94266449.html\" rel=\"bookmark\" style=\"color:#333333; font-weight:bold;\" title=\"Link zum Artikel auf op-online.de\" target=\"_blank\">Wochenende mit 23 Grad in Offenbach \u2013 dann dreht das Wetter<\/a><\/h2>\n <div class=\"entry\">\n  <p style=\"margin-bottom:4px;\">\n   <a href=\"https:\/\/www.op-online.de\/offenbach\/wetter-wochenende-mit-23-grad-in-offenbach-dann-dreht-das-94266449.html\" target=\"_blank\"><img decoding=\"async\" src=\"https:\/\/www.op-online.de\/assets\/images\/35\/265\/35265071-anfang-august-wird-es-in-offenbach-sommerlich-heiss-2r01.jpg\" style=\"align:left !important; float:left !important; margin-top:4px !important; margin-right:8px !important; margin-bottom:4px !important; width:90px !important;\" \/><\/a>   Hessen muss sich am Wochenende auf eine Wetter-Achterbahn einstellen. W&auml;hrend Freitag und Samstag sommerliche Bedingungen herrschen, k&uuml;hlt es am Sonntag merklich ab.<br clear=\"all\" \/>  <\/p>\n  <div><span class=\"my_article_details\"><time datetime=\"2026-04-17\">17.04.2026<\/time> &middot; <a href=\"\/news\/offenbach-aktuell\" title=\"Offenbach heute aktuell\">Offenbach<\/a> &middot; Wetter &middot; <\/span><a href=\"https:\/\/www.op-online.de\/offenbach\/wetter-wochenende-mit-23-grad-in-offenbach-dann-dreht-das-94266449.html\" title=\"Link zum Artikel auf op-online.de\" target=\"_blank\">op-online.de<\/a><\/div>\n  <b><\/b>\n <\/div>\n <\/article>\n<\/div>\n<div class=\"post\" style=\"margin-bottom:40px;\">\n <article>\n <h2><a name=\"be5e2fc3\" href=\"https:\/\/www.kreis-offenbach.de\/Service\/Medienservice\/Aktuelle-Pressemitteilungen\/Energiekoffer-machen-Strom-und-Nachhaltigkeit-im-Unterricht-erlebbar.php?object=tx,4013.5.1&ModID=7&FID=4013.3365.1&NavID=4013.211&La=1\" rel=\"bookmark\" style=\"color:#333333; font-weight:bold;\" title=\"Link zum Artikel auf kreis-offenbach.de\" target=\"_blank\">Energiekoffer machen Strom und Nachhaltigkeit im Unterricht erlebbar<\/a><\/h2>\n <div class=\"entry\">\n  <p style=\"margin-bottom:4px;\">\n   <a href=\"https:\/\/www.kreis-offenbach.de\/Service\/Medienservice\/Aktuelle-Pressemitteilungen\/Energiekoffer-machen-Strom-und-Nachhaltigkeit-im-Unterricht-erlebbar.php?object=tx,4013.5.1&ModID=7&FID=4013.3365.1&NavID=4013.211&La=1\" target=\"_blank\"><img decoding=\"async\" src=\"\/feeds\/gfx\/kreis-offenbach.de.png\" style=\"align:left !important; float:left !important; margin-top:4px !important; margin-right:8px !important; margin-bottom:4px !important; width:90px !important;\" \/><\/a>   Wie kommt eigentlich Strom in die Steckdose und wie entsteht Energie aus Wind oder Sonne? Mit den vier Energiekoffern des Kreises  ...<br clear=\"all\" \/>  <\/p>\n  <div><span class=\"my_article_details\"><time datetime=\"2026-04-17\">17.04.2026<\/time> &middot; <a href=\"\/news\/polizeieinsaetze-offenbach-am-main\" title=\"Polizeieins\u00e4tze Offenbach am Main\">Kreis Offenbach<\/a> &middot; <\/span><a href=\"https:\/\/www.kreis-offenbach.de\/Service\/Medienservice\/Aktuelle-Pressemitteilungen\/Energiekoffer-machen-Strom-und-Nachhaltigkeit-im-Unterricht-erlebbar.php?object=tx,4013.5.1&ModID=7&FID=4013.3365.1&NavID=4013.211&La=1\" title=\"Link zum Artikel auf kreis-offenbach.de\" target=\"_blank\">kreis-offenbach.de<\/a><\/div>\n  <b><\/b>\n <\/div>\n <\/article>\n<\/div>\n<div class=\"post\" style=\"margin-bottom:40px;\">\n <article>\n <h2><a name=\"e72f21b5\" href=\"https:\/\/www.egelsbach.de\/rathaus-politik\/aktuelles\/neuigkeiten-der-gemeinde\/2026\/april\/spendenuebergabe\/\" rel=\"bookmark\" style=\"color:#333333; font-weight:bold;\" title=\"Link zum Artikel auf egelsbach.de\" target=\"_blank\">Egelsbach: Spenden\u00fcbergabe<\/a><\/h2>\n <div class=\"entry\">\n  <p style=\"margin-bottom:4px;\">\n   <a href=\"https:\/\/www.egelsbach.de\/rathaus-politik\/aktuelles\/neuigkeiten-der-gemeinde\/2026\/april\/spendenuebergabe\/\" target=\"_blank\"><img decoding=\"async\" src=\"\/feeds\/gfx\/egelsbach.de.png\" style=\"align:left !important; float:left !important; margin-top:4px !important; margin-right:8px !important; margin-bottom:4px !important; width:90px !important;\" \/><\/a>   Mit gro\u00dfem Engagement hat das Flohmarkt-Team der Egelsbacher Kindertagesst\u00e4tten mit ihren gro\u00dfartig organisierten Kinderflohm\u00e4rkten im letzten Jahr Spenden zu Gunsten der kinderbetreuenden Einrichtungen in der Gemeinde gesammelt. Frau Christina K\u00f6nig und Frau ...<br clear=\"all\" \/>  <\/p>\n  <div><span class=\"my_article_details\"><time datetime=\"2026-04-17\">17.04.2026<\/time> &middot; <a href=\"\/news\/egelsbach-aktuell\" title=\"Egelsbach heute aktuell\">Egelsbach<\/a> &middot; <a href=\"\/news\/egelsbach-nachrichten\" title=\"Egelsbach Nachrichten\">News<\/a> &middot; <\/span><a href=\"https:\/\/www.egelsbach.de\/rathaus-politik\/aktuelles\/neuigkeiten-der-gemeinde\/2026\/april\/spendenuebergabe\/\" title=\"Link zum Artikel auf egelsbach.de\" target=\"_blank\">egelsbach.de<\/a><\/div>\n  <b><\/b>\n <\/div>\n <\/article>\n<\/div>\n<div class=\"post\" style=\"margin-bottom:40px;\">\n <article>\n <h2><a name=\"ab03eb75\" href=\"https:\/\/www.op-online.de\/region\/langen\/seniorenhilfe-langen-und-egelsbach-feiert-30-jaehriges-bestehen-94265222.html\" rel=\"bookmark\" style=\"color:#333333; font-weight:bold;\" title=\"Link zum Artikel auf op-online.de\" target=\"_blank\">Seniorenhilfe Langen und Egelsbach feiert 30-j\u00e4hriges Bestehen<\/a><\/h2>\n <div class=\"entry\">\n  <p style=\"margin-bottom:4px;\">\n   <a href=\"https:\/\/www.op-online.de\/region\/langen\/seniorenhilfe-langen-und-egelsbach-feiert-30-jaehriges-bestehen-94265222.html\" target=\"_blank\"><img decoding=\"async\" src=\"https:\/\/www.op-online.de\/assets\/images\/42\/219\/42219157-vorstand-und-aktive-seniorenhilfe-langen-egelsbach-2qlJ9cLFjm01.jpg\" style=\"align:left !important; float:left !important; margin-top:4px !important; margin-right:8px !important; margin-bottom:4px !important; width:90px !important;\" \/><\/a>   Der Verein plant zum Jubil&auml;um einige besondere Veranstaltungen. Weitere Mitstreiter f&uuml;r den Vorstand und das Kursangebot werden gesucht.<br clear=\"all\" \/>  <\/p>\n  <div><span class=\"my_article_details\"><time datetime=\"2026-04-17\">17.04.2026<\/time> &middot; <a href=\"\/news\/egelsbach-aktuell\" title=\"Egelsbach heute aktuell\">Egelsbach<\/a> &middot; <a href=\"\/news\/egelsbach-nachrichten\" title=\"Egelsbach Nachrichten\">News<\/a> &middot; <\/span><a href=\"https:\/\/www.op-online.de\/region\/langen\/seniorenhilfe-langen-und-egelsbach-feiert-30-jaehriges-bestehen-94265222.html\" title=\"Link zum Artikel auf op-online.de\" target=\"_blank\">op-online.de<\/a><\/div>\n  <b><\/b>\n <\/div>\n <\/article>\n<\/div>\n<div class=\"post\" style=\"margin-bottom:40px;\">\n <article>\n <h2><a name=\"40bc1f62\" href=\"https:\/\/www.verbraucherzentrale-hessen.de\/node\/119232\" rel=\"bookmark\" style=\"color:#333333; font-weight:bold;\" title=\"Link zum Artikel auf verbraucherzentrale-hessen.de\" target=\"_blank\">Hochmotiviert in die Kita-Verpflegung: Aktionswoche l\u00e4dt zum Mitmachen ein<\/a><\/h2>\n <div class=\"entry\">\n  <p style=\"margin-bottom:4px;\">\n   <a href=\"https:\/\/www.verbraucherzentrale-hessen.de\/node\/119232\" target=\"_blank\"><img decoding=\"async\" src=\"\/feeds\/gfx\/verbraucherzentrale-hessen.de.png\" style=\"align:left !important; float:left !important; margin-top:4px !important; margin-right:8px !important; margin-bottom:4px !important; width:90px !important;\" \/><\/a>   Verbraucherzentrale Hessen bietet zwei kostenlose Online-Workshops f&uuml;r Kindertagesbetreuung<br clear=\"all\" \/>  <\/p>\n  <div><span class=\"my_article_details\"><time datetime=\"2026-04-17\">17.04.2026<\/time> &middot; Hessen &middot; <\/span><a href=\"https:\/\/www.verbraucherzentrale-hessen.de\/node\/119232\" title=\"Link zum Artikel auf verbraucherzentrale-hessen.de\" target=\"_blank\">verbraucherzentrale-hessen.de<\/a><\/div>\n  <b><\/b>\n <\/div>\n <\/article>\n<\/div>\n<div class=\"post\" style=\"margin-bottom:40px;\">\n <article>\n <h2><a name=\"856442bf\" href=\"https:\/\/www.kreis-offenbach.de\/Service\/Medienservice\/Aktuelle-Pressemitteilungen\/Sonntag-geht-es-auf-die-Spuren-eines-Imperiums.php?object=tx,4013.5.1&ModID=7&FID=4013.3363.1&NavID=4013.211&La=1\" rel=\"bookmark\" style=\"color:#333333; font-weight:bold;\" title=\"Link zum Artikel auf kreis-offenbach.de\" target=\"_blank\">Sonntag geht es auf die Spuren eines Imperiums<\/a><\/h2>\n <div class=\"entry\">\n  <p style=\"margin-bottom:4px;\">\n   <a href=\"https:\/\/www.kreis-offenbach.de\/Service\/Medienservice\/Aktuelle-Pressemitteilungen\/Sonntag-geht-es-auf-die-Spuren-eines-Imperiums.php?object=tx,4013.5.1&ModID=7&FID=4013.3363.1&NavID=4013.211&La=1\" target=\"_blank\"><img decoding=\"async\" src=\"\/feeds\/gfx\/kreis-offenbach.de.png\" style=\"align:left !important; float:left !important; margin-top:4px !important; margin-right:8px !important; margin-bottom:4px !important; width:90px !important;\" \/><\/a>   F\u00fchrung im RegioMuseum in Seligenstadt<br clear=\"all\" \/>  <\/p>\n  <div><span class=\"my_article_details\"><time datetime=\"2026-04-16\">16.04.2026<\/time> &middot; <a href=\"\/news\/polizeieinsaetze-offenbach-am-main\" title=\"Polizeieins\u00e4tze Offenbach am Main\">Kreis Offenbach<\/a> &middot; <\/span><a href=\"https:\/\/www.kreis-offenbach.de\/Service\/Medienservice\/Aktuelle-Pressemitteilungen\/Sonntag-geht-es-auf-die-Spuren-eines-Imperiums.php?object=tx,4013.5.1&ModID=7&FID=4013.3363.1&NavID=4013.211&La=1\" title=\"Link zum Artikel auf kreis-offenbach.de\" target=\"_blank\">kreis-offenbach.de<\/a><\/div>\n  <b><\/b>\n <\/div>\n <\/article>\n<\/div>\n<div class=\"post\" style=\"margin-bottom:40px;\">\n <article>\n <h2><a name=\"1a6508e2\" href=\"https:\/\/www.verbraucherzentrale-hessen.de\/node\/119365\" rel=\"bookmark\" style=\"color:#333333; font-weight:bold;\" title=\"Link zum Artikel auf verbraucherzentrale-hessen.de\" target=\"_blank\">Stromio: Gericht folgt Auffassung der Verbraucherzentrale Hessen<\/a><\/h2>\n <div class=\"entry\">\n  <p style=\"margin-bottom:4px;\">\n   <a href=\"https:\/\/www.verbraucherzentrale-hessen.de\/node\/119365\" target=\"_blank\"><img decoding=\"async\" src=\"\/feeds\/gfx\/verbraucherzentrale-hessen.de.png\" style=\"align:left !important; float:left !important; margin-top:4px !important; margin-right:8px !important; margin-bottom:4px !important; width:90px !important;\" \/><\/a>   Parteien haben einen Monat Zeit f&uuml;r Vergleichsverhandlungen<br clear=\"all\" \/>  <\/p>\n  <div><span class=\"my_article_details\"><time datetime=\"2026-04-16\">16.04.2026<\/time> &middot; Hessen &middot; <\/span><a href=\"https:\/\/www.verbraucherzentrale-hessen.de\/node\/119365\" title=\"Link zum Artikel auf verbraucherzentrale-hessen.de\" target=\"_blank\">verbraucherzentrale-hessen.de<\/a><\/div>\n  <b><\/b>\n <\/div>\n <\/article>\n<\/div>\n<div class=\"post\" style=\"margin-bottom:40px;\">\n <article>\n <h2><a name=\"c051cee3\" href=\"https:\/\/www.hessenschau.de\/wirtschaft\/100-jahre-lufthansa-flugbegleiter-streik-verhagelt-festakt-zum-jubilaeum-v2,lufthansa-streik-flugbegleiter-100.html\" rel=\"bookmark\" style=\"color:#333333; font-weight:bold;\" title=\"Link zum Artikel auf hessenschau.de\" target=\"_blank\">100 Jahre Lufthansa: Flugbegleiter-Streik verhagelt Festakt zum Jubil\u00e4um<\/a><\/h2>\n <div class=\"entry\">\n  <p style=\"margin-bottom:4px;\">\n   <a href=\"https:\/\/www.hessenschau.de\/wirtschaft\/100-jahre-lufthansa-flugbegleiter-streik-verhagelt-festakt-zum-jubilaeum-v2,lufthansa-streik-flugbegleiter-100.html\" target=\"_blank\"><img decoding=\"async\" src=\"https:\/\/www.hessenschau.de\/wirtschaft\/lufthansa-streik-164~_t-1776270852012_v-16to9.jpg\" style=\"align:left !important; float:left !important; margin-top:4px !important; margin-right:8px !important; margin-bottom:4px !important; width:90px !important;\" \/><\/a>   Bei der Lufthansa folgt ein Arbeitskampf auf den anderen: Weil die Kabinengewerkschaft Ufo die Flugbegleiter zum Streik aufgerufen hat, fallen weiter viele Fl&uuml;ge am Flughafen Frankfurt aus. Das verhagelte der Lufthansa auch einen Festakt zu ihrem Gr&uuml;ndungsjubil&auml;um. ...<br clear=\"all\" \/>  <\/p>\n  <div><span class=\"my_article_details\"><time datetime=\"2026-04-15\">15.04.2026<\/time> &middot; <a href=\"\/news\/fluglaerm-offenbach-am-main\" title=\"Flugl\u00e4rm Offenbach am Main\">Flughafen<\/a> &middot; Frankfurt &middot; <\/span><a href=\"https:\/\/www.hessenschau.de\/wirtschaft\/100-jahre-lufthansa-flugbegleiter-streik-verhagelt-festakt-zum-jubilaeum-v2,lufthansa-streik-flugbegleiter-100.html\" title=\"Link zum Artikel auf hessenschau.de\" target=\"_blank\">hessenschau.de<\/a><\/div>\n  <b><\/b>\n <\/div>\n <\/article>\n<\/div>\n<div class=\"post\" style=\"margin-bottom:40px;\">\n <article>\n <h2><a name=\"d5e07bb1\" href=\"https:\/\/www.hessenschau.de\/politik\/bislang-360-unternehmen-mit-hessenfonds-gefoerdert-v1,hessenfonds-bilanz-100.html\" rel=\"bookmark\" style=\"color:#333333; font-weight:bold;\" title=\"Link zum Artikel auf hessenschau.de\" target=\"_blank\">Bislang 360 Unternehmen mit Hessenfonds gef\u00f6rdert<\/a><\/h2>\n <div class=\"entry\">\n  <p style=\"margin-bottom:4px;\">\n   <a href=\"https:\/\/www.hessenschau.de\/politik\/bislang-360-unternehmen-mit-hessenfonds-gefoerdert-v1,hessenfonds-bilanz-100.html\" target=\"_blank\"><img decoding=\"async\" src=\"https:\/\/www.hessenschau.de\/politik\/mansoori-100~_t-1776272526729_v-16to9.jpg\" style=\"align:left !important; float:left !important; margin-top:4px !important; margin-right:8px !important; margin-bottom:4px !important; width:90px !important;\" \/><\/a>   Wie der Wirtschaft in schwierigen Zeiten helfen? Die Landesregierung setzte dazu vor einem Jahr den sogenannten Hessenfonds f&uuml;r nachhaltige Gesch&auml;ftsmodelle auf. CDU und SPD finden, das klappt super. F&uuml;r die Opposition verletzt der Fonds die Regeln der Marktwirtschaft. ...<br clear=\"all\" \/>  <\/p>\n  <div><span class=\"my_article_details\"><time datetime=\"2026-04-15\">15.04.2026<\/time> &middot; Hessen &middot; Regeln &middot; <\/span><a href=\"https:\/\/www.hessenschau.de\/politik\/bislang-360-unternehmen-mit-hessenfonds-gefoerdert-v1,hessenfonds-bilanz-100.html\" title=\"Link zum Artikel auf hessenschau.de\" target=\"_blank\">hessenschau.de<\/a><\/div>\n  <b><\/b>\n <\/div>\n <\/article>\n<\/div>\n<div class=\"post\" style=\"margin-bottom:40px;\">\n <article>\n <h2><a name=\"316f8ff3\" href=\"https:\/\/www.kreis-offenbach.de\/Service\/Medienservice\/Aktuelle-Pressemitteilungen\/Zus%C3%A4tzliche-R%C3%A4ume-f%C3%BCr-die-Oswald-von-Nell-Breuning-Schule-in-R%C3%B6dermark-Ober-Roden.php?object=tx,4013.5.1&ModID=7&FID=4013.3361.1&NavID=4013.211&La=1\" rel=\"bookmark\" style=\"color:#333333; font-weight:bold;\" title=\"Link zum Artikel auf kreis-offenbach.de\" target=\"_blank\">Zus\u00e4tzliche R\u00e4ume f\u00fcr die Oswald-von-Nell-Breuning-Schule in R\u00f6dermark&ndash;Ober-Roden<\/a><\/h2>\n <div class=\"entry\">\n  <p style=\"margin-bottom:4px;\">\n   <a href=\"https:\/\/www.kreis-offenbach.de\/Service\/Medienservice\/Aktuelle-Pressemitteilungen\/Zus%C3%A4tzliche-R%C3%A4ume-f%C3%BCr-die-Oswald-von-Nell-Breuning-Schule-in-R%C3%B6dermark-Ober-Roden.php?object=tx,4013.5.1&ModID=7&FID=4013.3361.1&NavID=4013.211&La=1\" target=\"_blank\"><img decoding=\"async\" src=\"\/feeds\/gfx\/kreis-offenbach.de.png\" style=\"align:left !important; float:left !important; margin-top:4px !important; margin-right:8px !important; margin-bottom:4px !important; width:90px !important;\" \/><\/a>   Der Kreisausschuss hat beschlossen, dass an der Oswald-von-Nell-Breuning-Schule in R\u00f6dermark&ndash;Ober-Roden zus\u00e4tzlich neue R\u00e4ume geschaffen werden. Dazu wird die bestehende Mietcontaineranlage aus  ...<br clear=\"all\" \/>  <\/p>\n  <div><span class=\"my_article_details\"><time datetime=\"2026-04-15\">15.04.2026<\/time> &middot; <a href=\"\/news\/polizeieinsaetze-offenbach-am-main\" title=\"Polizeieins\u00e4tze Offenbach am Main\">Kreis Offenbach<\/a> &middot; <\/span><a href=\"https:\/\/www.kreis-offenbach.de\/Service\/Medienservice\/Aktuelle-Pressemitteilungen\/Zus%C3%A4tzliche-R%C3%A4ume-f%C3%BCr-die-Oswald-von-Nell-Breuning-Schule-in-R%C3%B6dermark-Ober-Roden.php?object=tx,4013.5.1&ModID=7&FID=4013.3361.1&NavID=4013.211&La=1\" title=\"Link zum Artikel auf kreis-offenbach.de\" target=\"_blank\">kreis-offenbach.de<\/a><\/div>\n  <b><\/b>\n <\/div>\n <\/article>\n<\/div>\n<div class=\"post\" style=\"margin-bottom:40px;\">\n <article>\n <h2><a name=\"eebfe83f\" href=\"https:\/\/www.evo-ag.de\/presse\/pressemitteilungen\/details\/eigenbau-hebt-ab-eno-azubis-entwickeln-eigenen-multicopter\" rel=\"bookmark\" style=\"color:#333333; font-weight:bold;\" title=\"Link zum Artikel auf evo-ag.de\" target=\"_blank\">Eigenbau hebt ab: ENO-Azubis entwickeln eigenen Multicopter<\/a><\/h2>\n <div class=\"entry\">\n  <p style=\"margin-bottom:4px;\">\n   <a href=\"https:\/\/www.evo-ag.de\/presse\/pressemitteilungen\/details\/eigenbau-hebt-ab-eno-azubis-entwickeln-eigenen-multicopter\" target=\"_blank\"><img decoding=\"async\" src=\"\/feeds\/gfx\/evo-ag.de.png\" style=\"align:left !important; float:left !important; margin-top:4px !important; margin-right:8px !important; margin-bottom:4px !important; width:90px !important;\" \/><\/a>   Projekt verbindet CAD, 3D-Druck und Flugsteuerung \u2013 Unterst\u00fctzung beim Erstflug durch den Flug- und Modellbau-Club Dietzenbach<br clear=\"all\" \/>  <\/p>\n  <div><span class=\"my_article_details\"><time datetime=\"2026-04-15\">15.04.2026<\/time> &middot; Energie &middot; <a href=\"\/news\/offenbach-aktuell\" title=\"Offenbach heute aktuell\">Offenbach<\/a> &middot; <\/span><a href=\"https:\/\/www.evo-ag.de\/presse\/pressemitteilungen\/details\/eigenbau-hebt-ab-eno-azubis-entwickeln-eigenen-multicopter\" title=\"Link zum Artikel auf evo-ag.de\" target=\"_blank\">evo-ag.de<\/a><\/div>\n  <b><\/b>\n <\/div>\n <\/article>\n<\/div>\n<div class=\"post\" style=\"margin-bottom:40px;\">\n <article>\n <h2><a name=\"f9366d89\" href=\"https:\/\/www.fraport.com\/de\/newsroom\/pressemitteilungen\/2026\/verkehrszahlen\/fraport-verkehrszahlen-im-maerz-2026---wachstum-bei-passagieren-.html\" rel=\"bookmark\" style=\"color:#333333; font-weight:bold;\" title=\"Link zum Artikel auf fraport.com\" target=\"_blank\">Fraport-Verkehrszahlen im M\u00e4rz 2026: Wachstum bei Passagieren und Cargo in Frankfurt<\/a><\/h2>\n <div class=\"entry\">\n  <p style=\"margin-bottom:4px;\">\n   <a href=\"https:\/\/www.fraport.com\/de\/newsroom\/pressemitteilungen\/2026\/verkehrszahlen\/fraport-verkehrszahlen-im-maerz-2026---wachstum-bei-passagieren-.html\" target=\"_blank\"><img decoding=\"async\" src=\"\/feeds\/gfx\/fraport.com.png\" style=\"align:left !important; float:left !important; margin-top:4px !important; margin-right:8px !important; margin-bottom:4px !important; width:90px !important;\" \/><\/a>   <i>F\u00fcr diese Meldung existiert leider kein kurzer Auszug.<\/i><br clear=\"all\" \/>  <\/p>\n  <div><span class=\"my_article_details\"><time datetime=\"2026-04-15\">15.04.2026<\/time> &middot; <a href=\"\/news\/fluglaerm-offenbach-am-main\" title=\"Flugl\u00e4rm Offenbach am Main\">Flughafen<\/a> &middot; Frankfurt &middot; <\/span><a href=\"https:\/\/www.fraport.com\/de\/newsroom\/pressemitteilungen\/2026\/verkehrszahlen\/fraport-verkehrszahlen-im-maerz-2026---wachstum-bei-passagieren-.html\" title=\"Link zum Artikel auf fraport.com\" target=\"_blank\">fraport.com<\/a><\/div>\n  <b><\/b>\n <\/div>\n <\/article>\n<\/div>\n<div class=\"post\" style=\"margin-bottom:40px;\">\n <article>\n <h2><a name=\"2d6338f0\" href=\"https:\/\/of-news.de\/egelsbach\/musical-ferienspiele-enden-in-egelsbach-mit-auffuehrung-in-st-josef-167478\/\" rel=\"bookmark\" style=\"color:#333333; font-weight:bold;\" title=\"Link zum Artikel auf of-news.de\" target=\"_blank\">Musical-Ferienspiele enden in Egelsbach mit Auff\u00fchrung in St. Josef<\/a><\/h2>\n <div class=\"entry\">\n  <p style=\"margin-bottom:4px;\">\n   <a href=\"https:\/\/of-news.de\/egelsbach\/musical-ferienspiele-enden-in-egelsbach-mit-auffuehrung-in-st-josef-167478\/\" target=\"_blank\"><img decoding=\"async\" src=\"\/feeds\/gfx\/of-news.de.png\" style=\"align:left !important; float:left !important; margin-top:4px !important; margin-right:8px !important; margin-bottom:4px !important; width:90px !important;\" \/><\/a>   Mit einer Musical-Auff&#xFC;hrung im Familiengottesdienst in St. Josef sind die &#x201E;MUSICALischen Ferienspiele&#x201C; in Egelsbach zu Ende gegangen. Eine Woche lang hatten Kinder und Jugendliche aus der 1. bis zur 7. Klasse f&#xFC;r das Projekt geprobt, ...<br clear=\"all\" \/>  <\/p>\n  <div><span class=\"my_article_details\"><time datetime=\"2026-04-14\">14.04.2026<\/time> &middot; <a href=\"\/news\/egelsbach-aktuell\" title=\"Egelsbach heute aktuell\">Egelsbach<\/a> &middot; <a href=\"\/news\/egelsbach-nachrichten\" title=\"Egelsbach Nachrichten\">News<\/a> &middot; <\/span><a href=\"https:\/\/of-news.de\/egelsbach\/musical-ferienspiele-enden-in-egelsbach-mit-auffuehrung-in-st-josef-167478\/\" title=\"Link zum Artikel auf of-news.de\" target=\"_blank\">of-news.de<\/a><\/div>\n  <b><\/b>\n <\/div>\n <\/article>\n<\/div>\n<div class=\"post\" style=\"margin-bottom:40px;\">\n <article>\n <h2><a name=\"efc87415\" href=\"https:\/\/www.hessenschau.de\/wirtschaft\/lufthansa-streik-am-flughafen-frankfurt-die-fronten-sind-verhaertet-v8,lufthansa-streik-156.html\" rel=\"bookmark\" style=\"color:#333333; font-weight:bold;\" title=\"Link zum Artikel auf hessenschau.de\" target=\"_blank\">Lufthansa-Streik am Flughafen Frankfurt: Die Fronten sind verh\u00e4rtet<\/a><\/h2>\n <div class=\"entry\">\n  <p style=\"margin-bottom:4px;\">\n   <a href=\"https:\/\/www.hessenschau.de\/wirtschaft\/lufthansa-streik-am-flughafen-frankfurt-die-fronten-sind-verhaertet-v8,lufthansa-streik-156.html\" target=\"_blank\"><img decoding=\"async\" src=\"https:\/\/www.hessenschau.de\/panorama\/streik-frankfurt-flughafen-102~_t-1776058747916_v-16to9.jpg\" style=\"align:left !important; float:left !important; margin-top:4px !important; margin-right:8px !important; margin-bottom:4px !important; width:90px !important;\" \/><\/a>   Rund 1.100 abgesagte Starts und Landungen am Flughafen Frankfurt: Die Piloten mehrerer Lufthansa-Airlines sind am Montag und Dienstag zum Streik aufgerufen. Der Konzern will ihren Forderungen nicht nachgeben. ...<br clear=\"all\" \/>  <\/p>\n  <div><span class=\"my_article_details\"><time datetime=\"2026-04-13\">13.04.2026<\/time> &middot; <a href=\"\/news\/fluglaerm-offenbach-am-main\" title=\"Flugl\u00e4rm Offenbach am Main\">Flughafen<\/a> &middot; Frankfurt &middot; <\/span><a href=\"https:\/\/www.hessenschau.de\/wirtschaft\/lufthansa-streik-am-flughafen-frankfurt-die-fronten-sind-verhaertet-v8,lufthansa-streik-156.html\" title=\"Link zum Artikel auf hessenschau.de\" target=\"_blank\">hessenschau.de<\/a><\/div>\n  <b><\/b>\n <\/div>\n <\/article>\n<\/div>\n<div class=\"post\" style=\"margin-bottom:40px;\">\n <article>\n <h2><a name=\"f41fabaa\" href=\"https:\/\/www.op-online.de\/hessen\/sommerliche-waerme-wetterwende-in-offenbach-hanau-nach-regen-und-frost-kommt-94259413.html\" rel=\"bookmark\" style=\"color:#333333; font-weight:bold;\" title=\"Link zum Artikel auf op-online.de\" target=\"_blank\">Wetterwende in Offenbach und Hanau: Nach Regen und Frost kommt sommerliche W\u00e4rme<\/a><\/h2>\n <div class=\"entry\">\n  <p style=\"margin-bottom:4px;\">\n   <a href=\"https:\/\/www.op-online.de\/hessen\/sommerliche-waerme-wetterwende-in-offenbach-hanau-nach-regen-und-frost-kommt-94259413.html\" target=\"_blank\"><img decoding=\"async\" src=\"https:\/\/www.op-online.de\/assets\/images\/42\/188\/42188228-die-kirschbluete-ist-ein-beliebtes-fotomotiv-im-fruehling-2401.jpg\" style=\"align:left !important; float:left !important; margin-top:4px !important; margin-right:8px !important; margin-bottom:4px !important; width:90px !important;\" \/><\/a>   Tr&uuml;bes Wetter begleitet Offenbach und die Region zum Wochenstart. Aber schon bald lockert es auf und die Sonne zeigt sich wieder.<br clear=\"all\" \/>  <\/p>\n  <div><span class=\"my_article_details\"><time datetime=\"2026-04-13\">13.04.2026<\/time> &middot; <a href=\"\/news\/offenbach-aktuell\" title=\"Offenbach heute aktuell\">Offenbach<\/a> &middot; Wetter &middot; <\/span><a href=\"https:\/\/www.op-online.de\/hessen\/sommerliche-waerme-wetterwende-in-offenbach-hanau-nach-regen-und-frost-kommt-94259413.html\" title=\"Link zum Artikel auf op-online.de\" target=\"_blank\">op-online.de<\/a><\/div>\n  <b><\/b>\n <\/div>\n <\/article>\n<\/div>\n<div class=\"post\" style=\"margin-bottom:40px;\">\n <article>\n <h2><a name=\"79938082\" href=\"https:\/\/www.op-online.de\/region\/egelsbach\/massenanfall-von-verletzten-in-egelsbach-ausgeloest-feuerwehr-im-grosseinsatz-94259165.html\" rel=\"bookmark\" style=\"color:#333333; font-weight:bold;\" title=\"Link zum Artikel auf op-online.de\" target=\"_blank\">Massenanfall von Verletzten in Egelsbach ausgel\u00f6st \u2013 Feuerwehr im Gro\u00dfeinsatz<\/a><\/h2>\n <div class=\"entry\">\n  <p style=\"margin-bottom:4px;\">\n   <a href=\"https:\/\/www.op-online.de\/region\/egelsbach\/massenanfall-von-verletzten-in-egelsbach-ausgeloest-feuerwehr-im-grosseinsatz-94259165.html\" target=\"_blank\"><img decoding=\"async\" src=\"https:\/\/www.op-online.de\/assets\/images\/42\/187\/42187543-brand-in-uebergangswohnheim-personen-gerettet-wohnhaus-unbewohnbar-1G01.jpg\" style=\"align:left !important; float:left !important; margin-top:4px !important; margin-right:8px !important; margin-bottom:4px !important; width:90px !important;\" \/><\/a>   In Egelsbach steht eine Wohnung in Vollbrand. Die Rettungskr&auml;fte bef&uuml;rchten eine gro&szlig;e Anzahl an Verletzten und zu rettenden Bewohnern.<br clear=\"all\" \/>  <\/p>\n  <div><span class=\"my_article_details\"><time datetime=\"2026-04-13\">13.04.2026<\/time> &middot; <a href=\"\/news\/egelsbach-aktuell\" title=\"Egelsbach heute aktuell\">Egelsbach<\/a> &middot; <a href=\"\/news\/braende-offenbach-am-main\" title=\"Br\u00e4nde Offenbach am Main\">Feuerwehr<\/a> &middot; <a href=\"\/news\/egelsbach-nachrichten\" title=\"Egelsbach Nachrichten\">News<\/a> &middot; <\/span><a href=\"https:\/\/www.op-online.de\/region\/egelsbach\/massenanfall-von-verletzten-in-egelsbach-ausgeloest-feuerwehr-im-grosseinsatz-94259165.html\" title=\"Link zum Artikel auf op-online.de\" target=\"_blank\">op-online.de<\/a><\/div>\n  <b><\/b>\n <\/div>\n <\/article>\n<\/div>\n<div class=\"post\" style=\"margin-bottom:40px;\">\n <article>\n <h2><a name=\"f4e518b4\" href=\"https:\/\/of-news.de\/egelsbach\/wohnungsbrand-in-egelsbach-drei-personen-aus-haus-gerettet-167450\/\" rel=\"bookmark\" style=\"color:#333333; font-weight:bold;\" title=\"Link zum Artikel auf of-news.de\" target=\"_blank\">Wohnungsbrand in Egelsbach: Drei Personen aus Haus gerettet<\/a><\/h2>\n <div class=\"entry\">\n  <p style=\"margin-bottom:4px;\">\n   <a href=\"https:\/\/of-news.de\/egelsbach\/wohnungsbrand-in-egelsbach-drei-personen-aus-haus-gerettet-167450\/\" target=\"_blank\"><img decoding=\"async\" src=\"\/feeds\/gfx\/of-news.de.png\" style=\"align:left !important; float:left !important; margin-top:4px !important; margin-right:8px !important; margin-bottom:4px !important; width:90px !important;\" \/><\/a>   In Egelsbach hat ein Wohnungsbrand in der Henri-Dunant-Stra&#xDF;e in der Nacht auf Montag einen Gro&#xDF;einsatz ausgel&#xF6;st. Kurz nach 23 Uhr wurde die Feuerwehr mit dem Stichwort &#x201E;Wohnungsbrand, Menschenleben in Gefahr&#x201C; alarmiert. Beim Eintreffen ...<br clear=\"all\" \/>  <\/p>\n  <div><span class=\"my_article_details\"><time datetime=\"2026-04-13\">13.04.2026<\/time> &middot; <a href=\"\/news\/braende-offenbach-am-main\" title=\"Br\u00e4nde Offenbach am Main\">Brand<\/a> &middot; <a href=\"\/news\/egelsbach-aktuell\" title=\"Egelsbach heute aktuell\">Egelsbach<\/a> &middot; <a href=\"\/news\/braende-offenbach-am-main\" title=\"Br\u00e4nde Offenbach am Main\">Feuerwehr<\/a> &middot; <a href=\"\/news\/egelsbach-nachrichten\" title=\"Egelsbach Nachrichten\">News<\/a> &middot; <\/span><a href=\"https:\/\/of-news.de\/egelsbach\/wohnungsbrand-in-egelsbach-drei-personen-aus-haus-gerettet-167450\/\" title=\"Link zum Artikel auf of-news.de\" target=\"_blank\">of-news.de<\/a><\/div>\n  <b><\/b>\n <\/div>\n <\/article>\n<\/div>\n<div class=\"post\" style=\"margin-bottom:40px;\">\n <article>\n <h2><a name=\"f1e8ee26\" href=\"https:\/\/of-news.de\/langen\/lego-rampe-soll-zugang-zu-zwei-geschaeften-in-langen-erleichtern-167407\/\" rel=\"bookmark\" style=\"color:#333333; font-weight:bold;\" title=\"Link zum Artikel auf of-news.de\" target=\"_blank\">Lego-Rampe soll Zugang zu zwei Gesch\u00e4ften in Langen erleichtern<\/a><\/h2>\n <div class=\"entry\">\n  <p style=\"margin-bottom:4px;\">\n   <a href=\"https:\/\/of-news.de\/langen\/lego-rampe-soll-zugang-zu-zwei-geschaeften-in-langen-erleichtern-167407\/\" target=\"_blank\"><img decoding=\"async\" src=\"\/feeds\/gfx\/of-news.de.png\" style=\"align:left !important; float:left !important; margin-top:4px !important; margin-right:8px !important; margin-bottom:4px !important; width:90px !important;\" \/><\/a>   Sch&#xFC;lerinnen und Sch&#xFC;ler der Erich-K&#xE4;stner-Schule in Langen haben im Rahmen einer Projektwoche eine Auffahrhilfe aus gebrauchten Lego-Steinen gebaut und jetzt an zwei Gesch&#xE4;fte in der Bahnstra&#xDF;e 30\/32 &#xFC;bergeben. Die Rampe ging ...<br clear=\"all\" \/>  <\/p>\n  <div><span class=\"my_article_details\"><time datetime=\"2026-04-09\">09.04.2026<\/time> &middot; <a href=\"\/news\/egelsbach-aktuell\" title=\"Egelsbach heute aktuell\">Egelsbach<\/a> &middot; <a href=\"\/news\/egelsbach-nachrichten\" title=\"Egelsbach Nachrichten\">News<\/a> &middot; <\/span><a href=\"https:\/\/of-news.de\/langen\/lego-rampe-soll-zugang-zu-zwei-geschaeften-in-langen-erleichtern-167407\/\" title=\"Link zum Artikel auf of-news.de\" target=\"_blank\">of-news.de<\/a><\/div>\n  <b><\/b>\n <\/div>\n <\/article>\n<\/div>\n<div class=\"post\" style=\"margin-bottom:40px;\">\n <article>\n <h2><a name=\"7c18d152\" href=\"https:\/\/www.op-online.de\/offenbach\/wetter-wende-in-offenbach-hanau-schon-in-wenigen-stunden-ist-es-soweit-94254280.html\" rel=\"bookmark\" style=\"color:#333333; font-weight:bold;\" title=\"Link zum Artikel auf op-online.de\" target=\"_blank\">Wetter-Wende in Offenbach und Region \u2013 Schon in wenigen Stunden ist es soweit<\/a><\/h2>\n <div class=\"entry\">\n  <p style=\"margin-bottom:4px;\">\n   <a href=\"https:\/\/www.op-online.de\/offenbach\/wetter-wende-in-offenbach-hanau-schon-in-wenigen-stunden-ist-es-soweit-94254280.html\" target=\"_blank\"><img decoding=\"async\" src=\"https:\/\/www.op-online.de\/assets\/images\/41\/346\/41346555-sonne-wolken-1U01.jpg\" style=\"align:left !important; float:left !important; margin-top:4px !important; margin-right:8px !important; margin-bottom:4px !important; width:90px !important;\" \/><\/a>   In Offenbach, Hanau und dem Rhein-Main-Gebiet war es zuletzt sonnig und mild. Ab Donnerstagabend n&auml;hert sich von Westen feuchtere, k&uuml;hlere Luft. F&uuml;r die Nacht zu Freitag sind Schauer und einzelne Gewitter m&ouml;glich.<br clear=\"all\" \/>  <\/p>\n  <div><span class=\"my_article_details\"><time datetime=\"2026-04-09\">09.04.2026<\/time> &middot; <a href=\"\/news\/offenbach-aktuell\" title=\"Offenbach heute aktuell\">Offenbach<\/a> &middot; Wetter &middot; <\/span><a href=\"https:\/\/www.op-online.de\/offenbach\/wetter-wende-in-offenbach-hanau-schon-in-wenigen-stunden-ist-es-soweit-94254280.html\" title=\"Link zum Artikel auf op-online.de\" target=\"_blank\">op-online.de<\/a><\/div>\n  <b><\/b>\n <\/div>\n <\/article>\n<\/div>\n<div class=\"post\" style=\"margin-bottom:40px;\">\n <article>\n <h2><a name=\"6107b7f1\" href=\"https:\/\/www.egelsbach.de\/rathaus-politik\/aktuelles\/neuigkeiten-der-gemeinde\/2026\/april\/information-zum-fruehjahrsputz-am-bahnhof\/\" rel=\"bookmark\" style=\"color:#333333; font-weight:bold;\" title=\"Link zum Artikel auf egelsbach.de\" target=\"_blank\">Information zum Fr\u00fchjahrsputz am Bahnhof Egelsbach<\/a><\/h2>\n <div class=\"entry\">\n  <p style=\"margin-bottom:4px;\">\n   <a href=\"https:\/\/www.egelsbach.de\/rathaus-politik\/aktuelles\/neuigkeiten-der-gemeinde\/2026\/april\/information-zum-fruehjahrsputz-am-bahnhof\/\" target=\"_blank\"><img decoding=\"async\" src=\"\/feeds\/gfx\/egelsbach.de.png\" style=\"align:left !important; float:left !important; margin-top:4px !important; margin-right:8px !important; margin-bottom:4px !important; width:90px !important;\" \/><\/a>   Die Deutsche Bahn f\u00fchrt auch im Jahr 2026 einen bundesweiten Fr\u00fchjahrsputz an zahlreichen Verkehrsstationen durch.<br clear=\"all\" \/>  <\/p>\n  <div><span class=\"my_article_details\"><time datetime=\"2026-04-09\">09.04.2026<\/time> &middot; <a href=\"\/news\/egelsbach-aktuell\" title=\"Egelsbach heute aktuell\">Egelsbach<\/a> &middot; <a href=\"\/news\/egelsbach-nachrichten\" title=\"Egelsbach Nachrichten\">News<\/a> &middot; <\/span><a href=\"https:\/\/www.egelsbach.de\/rathaus-politik\/aktuelles\/neuigkeiten-der-gemeinde\/2026\/april\/information-zum-fruehjahrsputz-am-bahnhof\/\" title=\"Link zum Artikel auf egelsbach.de\" target=\"_blank\">egelsbach.de<\/a><\/div>\n  <b><\/b>\n <\/div>\n <\/article>\n<\/div>\n<div class=\"post\" style=\"margin-bottom:40px;\">\n <article>\n <h2><a name=\"c2661174\" href=\"https:\/\/www.sternfreundekreisoffenbach.de\/uncategorized\/astronomisches-schuelerpraktikum\/\" rel=\"bookmark\" style=\"color:#333333; font-weight:bold;\" title=\"Link zum Artikel auf sternfreundekreisoffenbach.de\" target=\"_blank\">Astronomie: Astronomisches Sch\u00fclerpraktikum<\/a><\/h2>\n <div class=\"entry\">\n  <p style=\"margin-bottom:4px;\">\n   <a href=\"https:\/\/www.sternfreundekreisoffenbach.de\/uncategorized\/astronomisches-schuelerpraktikum\/\" target=\"_blank\"><img decoding=\"async\" src=\"\/feeds\/gfx\/sternfreundekreisoffenbach.de.jpg\" style=\"align:left !important; float:left !important; margin-top:4px !important; margin-right:8px !important; margin-bottom:4px !important; width:90px !important;\" \/><\/a>   Mitte M&auml;rz &ouml;ffneten wir unsere Sternwarte f&uuml;r die 5. Klassen des Adolf-Reichwein-Gymnasiums im Rahmen ihres Klassenfestes. Auf dem Programm standen ein Tag der Sonnenbeobachtung sowie zwei Beobachtungsn&auml;chte. Am Abend des 17. M&auml;rz spielte das Wetter leider ...<br clear=\"all\" \/>  <\/p>\n  <div><span class=\"my_article_details\"><time datetime=\"2026-04-09\">09.04.2026<\/time> &middot; <a href=\"\/news\/polizeieinsaetze-offenbach-am-main\" title=\"Polizeieins\u00e4tze Offenbach am Main\">Kreis Offenbach<\/a> &middot; <\/span><a href=\"https:\/\/www.sternfreundekreisoffenbach.de\/uncategorized\/astronomisches-schuelerpraktikum\/\" title=\"Link zum Artikel auf sternfreundekreisoffenbach.de\" target=\"_blank\">sternfreundekreisoffenbach.de<\/a><\/div>\n  <b><\/b>\n <\/div>\n <\/article>\n<\/div>\n<div class=\"post\" style=\"margin-bottom:40px;\">\n <article>\n <h2><a name=\"66d68edb\" href=\"https:\/\/www.egelsbach.de\/rathaus-politik\/aktuelles\/neuigkeiten-der-gemeinde\/2026\/april\/geoproh-messfluege-ab-dem-6-april-2026\/\" rel=\"bookmark\" style=\"color:#333333; font-weight:bold;\" title=\"Link zum Artikel auf egelsbach.de\" target=\"_blank\">Egelsbach: Erneuter Start des Forschungsprojekts \u201eGeoProH\u201c \u2013 Messfl\u00fcge ab dem 6. April\u00a0<\/a><\/h2>\n <div class=\"entry\">\n  <p style=\"margin-bottom:4px;\">\n   <a href=\"https:\/\/www.egelsbach.de\/rathaus-politik\/aktuelles\/neuigkeiten-der-gemeinde\/2026\/april\/geoproh-messfluege-ab-dem-6-april-2026\/\" target=\"_blank\"><img decoding=\"async\" src=\"\/feeds\/gfx\/egelsbach.de.png\" style=\"align:left !important; float:left !important; margin-top:4px !important; margin-right:8px !important; margin-bottom:4px !important; width:90px !important;\" \/><\/a>   Die flugzeuggest\u00fctzte Untersuchung im Gebiet Oberrheingraben Plus wird in Hessen nach einer witterungsbedingten Unterbrechung fortgesetzt. Der Neustart beginnt am 6. April in der Zeit von 23:00 Uhr bis 5:00 Uhr. Bei planm\u00e4\u00dfigem Verlauf endet die Untersuchung ...<br clear=\"all\" \/>  <\/p>\n  <div><span class=\"my_article_details\"><time datetime=\"2026-04-07\">07.04.2026<\/time> &middot; <a href=\"\/news\/egelsbach-aktuell\" title=\"Egelsbach heute aktuell\">Egelsbach<\/a> &middot; <a href=\"\/news\/egelsbach-nachrichten\" title=\"Egelsbach Nachrichten\">News<\/a> &middot; <\/span><a href=\"https:\/\/www.egelsbach.de\/rathaus-politik\/aktuelles\/neuigkeiten-der-gemeinde\/2026\/april\/geoproh-messfluege-ab-dem-6-april-2026\/\" title=\"Link zum Artikel auf egelsbach.de\" target=\"_blank\">egelsbach.de<\/a><\/div>\n  <b><\/b>\n <\/div>\n <\/article>\n<\/div>\n<div class=\"post\" style=\"margin-bottom:40px;\">\n <article>\n <h2><a name=\"7268adeb\" href=\"https:\/\/www.egelsbach.de\/rathaus-politik\/aktuelles\/neuigkeiten-der-gemeinde\/2026\/april\/25-jaehriges-dienstjubilaeum\/\" rel=\"bookmark\" style=\"color:#333333; font-weight:bold;\" title=\"Link zum Artikel auf egelsbach.de\" target=\"_blank\">25 Jahre Engagement: Dienstjubil\u00e4um in der Kita B\u00fcrgerhaus<\/a><\/h2>\n <div class=\"entry\">\n  <p style=\"margin-bottom:4px;\">\n   <a href=\"https:\/\/www.egelsbach.de\/rathaus-politik\/aktuelles\/neuigkeiten-der-gemeinde\/2026\/april\/25-jaehriges-dienstjubilaeum\/\" target=\"_blank\"><img decoding=\"async\" src=\"\/feeds\/gfx\/egelsbach.de.png\" style=\"align:left !important; float:left !important; margin-top:4px !important; margin-right:8px !important; margin-bottom:4px !important; width:90px !important;\" \/><\/a>   Am 1. April, auf den Stichtag genau 25 Jahre nach ihrem Arbeitsbeginn in der Kindertagesst\u00e4tte B\u00fcrgerhaus, dankte B\u00fcrgermeister Tobias Wilbrand Frau Carola Pati-Wandrei pers\u00f6nlich f\u00fcr ihr langj\u00e4hriges Engagement, ihre Loyalit\u00e4t und ihre Zuverl\u00e4ssigkeit.<br clear=\"all\" \/>  <\/p>\n  <div><span class=\"my_article_details\"><time datetime=\"2026-04-07\">07.04.2026<\/time> &middot; <a href=\"\/news\/egelsbach-aktuell\" title=\"Egelsbach heute aktuell\">Egelsbach<\/a> &middot; <a href=\"\/news\/egelsbach-nachrichten\" title=\"Egelsbach Nachrichten\">News<\/a> &middot; <\/span><a href=\"https:\/\/www.egelsbach.de\/rathaus-politik\/aktuelles\/neuigkeiten-der-gemeinde\/2026\/april\/25-jaehriges-dienstjubilaeum\/\" title=\"Link zum Artikel auf egelsbach.de\" target=\"_blank\">egelsbach.de<\/a><\/div>\n  <b><\/b>\n <\/div>\n <\/article>\n<\/div>\n<div class=\"post\" style=\"margin-bottom:40px;\">\n <article>\n <h2><a name=\"1c8bcad4\" href=\"https:\/\/www.op-online.de\/hessen\/vorsicht-kein-april-scherz-in-hessen-wird-es-bis-zu-23-grad-warm-94250322.html\" rel=\"bookmark\" style=\"color:#333333; font-weight:bold;\" title=\"Link zum Artikel auf op-online.de\" target=\"_blank\">Wetter verw\u00f6hnt Menschen in Offenbach und Hanau \u2013 doch Vorsicht ist geboten<\/a><\/h2>\n <div class=\"entry\">\n  <p style=\"margin-bottom:4px;\">\n   <a href=\"https:\/\/www.op-online.de\/hessen\/vorsicht-kein-april-scherz-in-hessen-wird-es-bis-zu-23-grad-warm-94250322.html\" target=\"_blank\"><img decoding=\"async\" src=\"https:\/\/www.op-online.de\/assets\/images\/42\/118\/42118738-der-fruehling-legt-nach-ostern-in-hessen-richtig-los-tagelang-sonne-und-bis-zu-23-grad-1c01.jpg\" style=\"align:left !important; float:left !important; margin-top:4px !important; margin-right:8px !important; margin-bottom:4px !important; width:90px !important;\" \/><\/a>   Sonne, kaum Wind und Temperaturen bis 23 Grad \u2013 der Fr&uuml;hling zeigt sich in Hessen von seiner sch&ouml;nsten Seite. Doch die N&auml;chte haben es noch in sich.<br clear=\"all\" \/>  <\/p>\n  <div><span class=\"my_article_details\"><time datetime=\"2026-04-07\">07.04.2026<\/time> &middot; <a href=\"\/news\/offenbach-aktuell\" title=\"Offenbach heute aktuell\">Offenbach<\/a> &middot; Wetter &middot; <\/span><a href=\"https:\/\/www.op-online.de\/hessen\/vorsicht-kein-april-scherz-in-hessen-wird-es-bis-zu-23-grad-warm-94250322.html\" title=\"Link zum Artikel auf op-online.de\" target=\"_blank\">op-online.de<\/a><\/div>\n  <b><\/b>\n <\/div>\n <\/article>\n<\/div>\n<div class=\"post\" style=\"margin-bottom:40px;\">\n <article>\n <h2><a name=\"a2e5bcd6\" href=\"https:\/\/gruene-egelsbach.de\/egelsbacher-mails-04-2026\/\" rel=\"bookmark\" style=\"color:#333333; font-weight:bold;\" title=\"Link zum Artikel auf gruene-egelsbach.de\" target=\"_blank\">E(gelsbacher)-Mails 04\/2026<\/a><\/h2>\n <div class=\"entry\">\n  <p style=\"margin-bottom:4px;\">\n   <a href=\"https:\/\/gruene-egelsbach.de\/egelsbacher-mails-04-2026\/\" target=\"_blank\"><img decoding=\"async\" src=\"\/feeds\/gfx\/gruene-egelsbach.de.png\" style=\"align:left !important; float:left !important; margin-top:4px !important; margin-right:8px !important; margin-bottom:4px !important; width:90px !important;\" \/><\/a>   Ausgabe vom 06.04.2026 Liebe Egelsbacherinnen, liebe Egelsbacher, nach unserem wunderbaren Ergebnis bei der Kommunalwahl haben wir in einer Mitgliederversammlung mit einigen personellen Entscheidungen die Weichen f&uuml;r die kommenden Jahre gestellt. Der neue Vorstand ...<br clear=\"all\" \/>  <\/p>\n  <div><span class=\"my_article_details\"><time datetime=\"2026-04-06\">06.04.2026<\/time> &middot; <a href=\"\/news\/egelsbach-aktuell\" title=\"Egelsbach heute aktuell\">Egelsbach<\/a> &middot; <a href=\"\/news\/egelsbach-nachrichten\" title=\"Egelsbach Nachrichten\">News<\/a> &middot; <\/span><a href=\"https:\/\/gruene-egelsbach.de\/egelsbacher-mails-04-2026\/\" title=\"Link zum Artikel auf gruene-egelsbach.de\" target=\"_blank\">gruene-egelsbach.de<\/a><\/div>\n  <b><\/b>\n <\/div>\n <\/article>\n<\/div>\n<div class=\"post\" style=\"margin-bottom:40px;\">\n <article>\n <h2><a name=\"d3bf579b\" href=\"https:\/\/of-news.de\/dietzenbach\/neuer-standort-neue-gelaender-dietzenbacher-skateranlage-ist-zurueck-167335\/\" rel=\"bookmark\" style=\"color:#333333; font-weight:bold;\" title=\"Link zum Artikel auf of-news.de\" target=\"_blank\">Neuer Standort, neue Gel\u00e4nder: Dietzenbacher Skateranlage ist zur\u00fcck<\/a><\/h2>\n <div class=\"entry\">\n  <p style=\"margin-bottom:4px;\">\n   <a href=\"https:\/\/of-news.de\/dietzenbach\/neuer-standort-neue-gelaender-dietzenbacher-skateranlage-ist-zurueck-167335\/\" target=\"_blank\"><img decoding=\"async\" src=\"\/feeds\/gfx\/of-news.de.png\" style=\"align:left !important; float:left !important; margin-top:4px !important; margin-right:8px !important; margin-bottom:4px !important; width:90px !important;\" \/><\/a>   Die Skateranlage der Kreisstadt Dietzenbach ist innerhalb des Stadtteils Steinberg an einen neuen Standort verlegt worden. Hintergrund ist die geplante Erweiterung der Kl&#xE4;ranlage, durch die die bisherigen Freizeitfl&#xE4;chen nicht mehr genutzt werden ...<br clear=\"all\" \/>  <\/p>\n  <div><span class=\"my_article_details\"><time datetime=\"2026-04-04\">04.04.2026<\/time> &middot; <a href=\"\/news\/offenbach-aktuell\" title=\"Offenbach heute aktuell\">Offenbach<\/a> &middot; Umgebung &middot; <\/span><a href=\"https:\/\/of-news.de\/dietzenbach\/neuer-standort-neue-gelaender-dietzenbacher-skateranlage-ist-zurueck-167335\/\" title=\"Link zum Artikel auf of-news.de\" target=\"_blank\">of-news.de<\/a><\/div>\n  <b><\/b>\n <\/div>\n <\/article>\n<\/div>\n<div class=\"post\" style=\"margin-bottom:40px;\">\n <article>\n <h2><a name=\"375ef4f7\" href=\"https:\/\/www.op-online.de\/region\/egelsbach\/hessen-und-thueringen-beschaffen-gemeinsam-neue-hubschrauber-fuer-egelsbach-94247725.html\" rel=\"bookmark\" style=\"color:#333333; font-weight:bold;\" title=\"Link zum Artikel auf op-online.de\" target=\"_blank\">Alte Maschinen werden Situation nicht mehr gerecht: Neue Hubschrauber f\u00fcr Egelsbach<\/a><\/h2>\n <div class=\"entry\">\n  <p style=\"margin-bottom:4px;\">\n   <a href=\"https:\/\/www.op-online.de\/region\/egelsbach\/hessen-und-thueringen-beschaffen-gemeinsam-neue-hubschrauber-fuer-egelsbach-94247725.html\" target=\"_blank\"><img decoding=\"async\" src=\"https:\/\/www.op-online.de\/assets\/images\/42\/76\/42076482-egelsbach-hessische-polizeihubschrauber-staffel-die-leider-der-beiden-polizeihubschrauiberstaffeln-moritz-von-zezschwitz-re-hessen-egelsbach-und-2601.jpg\" style=\"align:left !important; float:left !important; margin-top:4px !important; margin-right:8px !important; margin-bottom:4px !important; width:90px !important;\" \/><\/a>   Immer h&auml;ufiger kommen Polizeihubschrauber auch in Katastrophenf&auml;llen zum Einsatz. Die alten Maschinen in Egelsbach werden der Situation nicht mehr gerecht.<br clear=\"all\" \/>  <\/p>\n  <div><span class=\"my_article_details\"><time datetime=\"2026-04-04\">04.04.2026<\/time> &middot; <a href=\"\/news\/egelsbach-aktuell\" title=\"Egelsbach heute aktuell\">Egelsbach<\/a> &middot; Hubschrauber &middot; <a href=\"\/news\/egelsbach-nachrichten\" title=\"Egelsbach Nachrichten\">News<\/a> &middot; <a href=\"\/news\/egelsbach-polizeimeldungen\" title=\"Polizeieins\u00e4tze Egelsbach\">Polizei<\/a> &middot; <\/span><a href=\"https:\/\/www.op-online.de\/region\/egelsbach\/hessen-und-thueringen-beschaffen-gemeinsam-neue-hubschrauber-fuer-egelsbach-94247725.html\" title=\"Link zum Artikel auf op-online.de\" target=\"_blank\">op-online.de<\/a><\/div>\n  <b><\/b>\n <\/div>\n <\/article>\n<\/div>\n<div class=\"post\" style=\"margin-bottom:40px;\">\n <article>\n <h2><a name=\"cd9c8f06\" href=\"https:\/\/www.op-online.de\/region\/neu-isenburg\/flughafen-frankfurt-terminal-3-eroeffnung-gastronom-andreas-hebeis-neu-isenburg-gaeste-party-94246326.html\" rel=\"bookmark\" style=\"color:#333333; font-weight:bold;\" title=\"Link zum Artikel auf op-online.de\" target=\"_blank\">Gastronom Andreas Hebeis liefert alles f\u00fcr die Terminal-3-Party \u2013 &quot;Ben\u00f6tigen mehr Strom als die Landebahn&quot;<\/a><\/h2>\n <div class=\"entry\">\n  <p style=\"margin-bottom:4px;\">\n   <a href=\"https:\/\/www.op-online.de\/region\/neu-isenburg\/flughafen-frankfurt-terminal-3-eroeffnung-gastronom-andreas-hebeis-neu-isenburg-gaeste-party-94246326.html\" target=\"_blank\"><img decoding=\"async\" src=\"https:\/\/www.op-online.de\/assets\/images\/42\/75\/42075219-andreas-hebeis-ist-veranstaltungsprofi-und-weiss-wie-sich-gaeste-wohlfuehlen-dafuer-sorgt-er-auch-bei-dem-grossen-fraport-event-zur-terminal-G01.jpg\" style=\"align:left !important; float:left !important; margin-top:4px !important; margin-right:8px !important; margin-bottom:4px !important; width:90px !important;\" \/><\/a>   Der Neu-Isenburger Gastronom Andreas Hebeis organisiert die Gastronomie f&uuml;r das Er&ouml;ffnungswochenende des Terminal 3 am Flughafen Frankfurt. Zw&ouml;lf Food-Trucks und 18.000 Tassen Kaffee sind geplant.<br clear=\"all\" \/>  <\/p>\n  <div><span class=\"my_article_details\"><time datetime=\"2026-04-02\">02.04.2026<\/time> &middot; <a href=\"\/news\/fluglaerm-offenbach-am-main\" title=\"Flugl\u00e4rm Offenbach am Main\">Flughafen<\/a> &middot; Frankfurt &middot; <\/span><a href=\"https:\/\/www.op-online.de\/region\/neu-isenburg\/flughafen-frankfurt-terminal-3-eroeffnung-gastronom-andreas-hebeis-neu-isenburg-gaeste-party-94246326.html\" title=\"Link zum Artikel auf op-online.de\" target=\"_blank\">op-online.de<\/a><\/div>\n  <b><\/b>\n <\/div>\n <\/article>\n<\/div>\n<div class=\"post\" style=\"margin-bottom:40px;\">\n <article>\n <h2><a name=\"e1251254\" href=\"https:\/\/www.egelsbach.de\/rathaus-politik\/aktuelles\/neuigkeiten-der-gemeinde\/2026\/april\/neues-aus-dem-freibad\/\" rel=\"bookmark\" style=\"color:#333333; font-weight:bold;\" title=\"Link zum Artikel auf egelsbach.de\" target=\"_blank\">Egelsbach: Neues Video auf YouTube<\/a><\/h2>\n <div class=\"entry\">\n  <p style=\"margin-bottom:4px;\">\n   <a href=\"https:\/\/www.egelsbach.de\/rathaus-politik\/aktuelles\/neuigkeiten-der-gemeinde\/2026\/april\/neues-aus-dem-freibad\/\" target=\"_blank\"><img decoding=\"async\" src=\"\/feeds\/gfx\/egelsbach.de.png\" style=\"align:left !important; float:left !important; margin-top:4px !important; margin-right:8px !important; margin-bottom:4px !important; width:90px !important;\" \/><\/a>   Es gibt wieder ein Update zum Freibad Egelsbach aus dem M\u00e4rz 2026<br clear=\"all\" \/>  <\/p>\n  <div><span class=\"my_article_details\"><time datetime=\"2026-04-01\">01.04.2026<\/time> &middot; <a href=\"\/news\/egelsbach-aktuell\" title=\"Egelsbach heute aktuell\">Egelsbach<\/a> &middot; <a href=\"\/news\/egelsbach-nachrichten\" title=\"Egelsbach Nachrichten\">News<\/a> &middot; <\/span><a href=\"https:\/\/www.egelsbach.de\/rathaus-politik\/aktuelles\/neuigkeiten-der-gemeinde\/2026\/april\/neues-aus-dem-freibad\/\" title=\"Link zum Artikel auf egelsbach.de\" target=\"_blank\">egelsbach.de<\/a><\/div>\n  <b><\/b>\n <\/div>\n <\/article>\n<\/div>\n<div class=\"post\" style=\"margin-bottom:40px;\">\n <article>\n <h2><a name=\"88c97ca8\" href=\"https:\/\/www.verbraucherzentrale-hessen.de\/node\/118834\" rel=\"bookmark\" style=\"color:#333333; font-weight:bold;\" title=\"Link zum Artikel auf verbraucherzentrale-hessen.de\" target=\"_blank\">Verbraucherzentrale: Eier und Fisch an Ostern<\/a><\/h2>\n <div class=\"entry\">\n  <p style=\"margin-bottom:4px;\">\n   <a href=\"https:\/\/www.verbraucherzentrale-hessen.de\/node\/118834\" target=\"_blank\"><img decoding=\"async\" src=\"\/feeds\/gfx\/verbraucherzentrale-hessen.de.png\" style=\"align:left !important; float:left !important; margin-top:4px !important; margin-right:8px !important; margin-bottom:4px !important; width:90px !important;\" \/><\/a>   Verbraucherzentrale Hessen gibt Tipps f&uuml;r restelosen Genuss<br clear=\"all\" \/>  <\/p>\n  <div><span class=\"my_article_details\"><time datetime=\"2026-04-01\">01.04.2026<\/time> &middot; Hessen &middot; <\/span><a href=\"https:\/\/www.verbraucherzentrale-hessen.de\/node\/118834\" title=\"Link zum Artikel auf verbraucherzentrale-hessen.de\" target=\"_blank\">verbraucherzentrale-hessen.de<\/a><\/div>\n  <b><\/b>\n <\/div>\n <\/article>\n<\/div>\n<br \/><div style=\"margin-top:15px; margin-bottom:15px; padding:10px; text-align:left; word-wrap:break-word;\"><a name=\"umgebung\"><\/a><h2 style=\"margin:0px; margin-bottom:20px;\">Nachrichten aus dem Kreis Offenbach<\/h2><div class=\"post\"><article><div class=\"entry\"><p>Falls dich eher die an&shy;de&shy;ren St\u00e4dte des Kreis Offenbach interes&shy;sie&shy;ren, gelangst du mit Hilfe der folgenden Links jeweils direkt zu deren aktuell&shy;sten Nach&shy;rich&shy;ten.<\/p><ul><li><a href=\"\/news\/dietzenbach-nachrichten\">Dietzenbach Nachrichten<\/a><\/li><li><a href=\"\/news\/dreieich-nachrichten\">Dreieich Nachrichten<\/a><\/li><li><a href=\"\/news\/hainburg-nachrichten\">Hainburg Nachrichten<\/a><\/li><li><a href=\"\/news\/heusenstamm-nachrichten\">Heusenstamm Nachrichten<\/a><\/li><li><a href=\"\/news\/langen-nachrichten\">Langen Nachrichten<\/a><\/li><li><a href=\"\/news\/mainhausen-nachrichten\">Mainhausen Nachrichten<\/a><\/li><li><a href=\"\/news\/muehlheim-nachrichten\">M\u00fchlheim Nachrichten<\/a><\/li><li><a href=\"\/news\/neu-isenburg-nachrichten\">Neu-Isenburg Nachrichten<\/a><\/li><li><a href=\"\/news\/obertshausen-nachrichten\">Obertshausen Nachrichten<\/a><\/li><li><a href=\"\/news\/offenbach-nachrichten\">Offenbach Nachrichten<\/a><\/li><li><a href=\"\/news\/rodgau-nachrichten\">Rodgau Nachrichten<\/a><\/li><li><a href=\"\/news\/roedermark-nachrichten\">R\u00f6dermark Nachrichten<\/a><\/li><li><a href=\"\/news\/seligenstadt-nachrichten\">Seligenstadt Nachrichten<\/a><\/li><\/ul><p>Ansonsten lies doch einfach in unserem <a href=\"\/news\/blog\" title=\"Heusenstamm Blog\">Blog<\/a> weiter! Dort findest du weitere Informationen mit regionalem Fokus.<\/p><\/div><\/article><\/div><\/div>\n\n","protected":false},"excerpt":{"rendered":"","protected":false},"author":4,"featured_media":11527,"parent":0,"menu_order":33,"comment_status":"closed","ping_status":"closed","template":"","meta":{"footnotes":""},"categories":[479],"tags":[133,498,152,461,506,469,470],"class_list":["post-5376","page","type-page","status-publish","has-post-thumbnail","hentry","category-nachrichten","tag-egelsbach","tag-kreis-offenbach","tag-nachrichten","tag-news","tag-of","tag-presse","tag-regional"],"_links":{"self":[{"href":"https:\/\/www.heusenstaemmchen.de\/news\/wp-json\/wp\/v2\/pages\/5376","targetHints":{"allow":["GET"]}}],"collection":[{"href":"https:\/\/www.heusenstaemmchen.de\/news\/wp-json\/wp\/v2\/pages"}],"about":[{"href":"https:\/\/www.heusenstaemmchen.de\/news\/wp-json\/wp\/v2\/types\/page"}],"author":[{"embeddable":true,"href":"https:\/\/www.heusenstaemmchen.de\/news\/wp-json\/wp\/v2\/users\/4"}],"replies":[{"embeddable":true,"href":"https:\/\/www.heusenstaemmchen.de\/news\/wp-json\/wp\/v2\/comments?post=5376"}],"version-history":[{"count":3,"href":"https:\/\/www.heusenstaemmchen.de\/news\/wp-json\/wp\/v2\/pages\/5376\/revisions"}],"predecessor-version":[{"id":13715,"href":"https:\/\/www.heusenstaemmchen.de\/news\/wp-json\/wp\/v2\/pages\/5376\/revisions\/13715"}],"wp:featuredmedia":[{"embeddable":true,"href":"https:\/\/www.heusenstaemmchen.de\/news\/wp-json\/wp\/v2\/media\/11527"}],"wp:attachment":[{"href":"https:\/\/www.heusenstaemmchen.de\/news\/wp-json\/wp\/v2\/media?parent=5376"}],"wp:term":[{"taxonomy":"category","embeddable":true,"href":"https:\/\/www.heusenstaemmchen.de\/news\/wp-json\/wp\/v2\/categories?post=5376"},{"taxonomy":"post_tag","embeddable":true,"href":"https:\/\/www.heusenstaemmchen.de\/news\/wp-json\/wp\/v2\/tags?post=5376"}],"curies":[{"name":"wp","href":"https:\/\/api.w.org\/{rel}","templated":true}]}}