{"id":5072,"date":"2024-06-23T15:47:05","date_gmt":"2024-06-23T13:47:05","guid":{"rendered":"http:\/\/www.heusenstaemmchen.de\/blog\/?page_id=5072"},"modified":"2026-01-24T10:57:27","modified_gmt":"2026-01-24T09:57:27","slug":"dreieich-nachrichten","status":"publish","type":"page","link":"https:\/\/www.heusenstaemmchen.de\/news\/dreieich-nachrichten","title":{"rendered":"Dreieich News: Aktuelle Nachrichten"},"content":{"rendered":"<div class=\"post\" style=\"margin-bottom:40px;\">\n <article>\n <h2><a name=\"bebd8305\" href=\"https:\/\/www.op-online.de\/region\/dreieich\/stadt-will-anbauten-an-der-historischen-stadtmauer-legalisieren-cdu-spricht-sich-dagegen-aus-94474826.html\" rel=\"bookmark\" style=\"color:#333333; font-weight:bold;\" title=\"Link zum Artikel auf op-online.de\" target=\"_blank\">Stadt will Anbauten an der historischen Stadtmauer legalisieren \u2013 CDU spricht sich dagegen aus<\/a><\/h2>\n <div class=\"entry\">\n  <p style=\"margin-bottom:4px;\">\n   <a href=\"https:\/\/www.op-online.de\/region\/dreieich\/stadt-will-anbauten-an-der-historischen-stadtmauer-legalisieren-cdu-spricht-sich-dagegen-aus-94474826.html\" target=\"_blank\"><img decoding=\"async\" src=\"https:\/\/www.op-online.de\/assets\/images\/43\/958\/43958902-die-hausbesitzer-haben-hinter-der-historischen-stadtmauer-sehr-idyllische-gaerten-diese-gruenflaeche-hinter-dem-haus-ist-in-privatbesitz-trotzdem-35ef.jpg\" style=\"align:left !important; float:left !important; margin-top:4px !important; margin-right:8px !important; margin-bottom:4px !important; width:90px !important;\" \/><\/a>   Rund 20 Anwohner sind gekommen, um zu erfahren, was mit ihren G&auml;rten hinter der historischen Stadtmauer passiert. Der Ausschuss lehnt zun&auml;chst eine Satzung ab, die ihre Anbauten h&auml;tte legalisieren k&ouml;nnen.<br clear=\"all\" \/>  <\/p>\n  <div><span class=\"my_article_details\"><time datetime=\"2026-09-04\">04.09.2026<\/time> &middot; <a href=\"\/news\/dreieich-aktuell\" title=\"Dreieich heute aktuell\">Dreieich<\/a> &middot; <a href=\"\/news\/dreieich-nachrichten\" title=\"Dreieich Nachrichten\">News<\/a> &middot; <\/span><a href=\"https:\/\/www.op-online.de\/region\/dreieich\/stadt-will-anbauten-an-der-historischen-stadtmauer-legalisieren-cdu-spricht-sich-dagegen-aus-94474826.html\" title=\"Link zum Artikel auf op-online.de\" target=\"_blank\">op-online.de<\/a><\/div>\n  <b><\/b>\n <\/div>\n <\/article>\n<\/div>\n<div class=\"post\" style=\"margin-bottom:40px;\">\n <article>\n <h2><a name=\"2a756e41\" href=\"https:\/\/www.heinrich-heine-schule.de\/news\/ansicht\/sommerfest-an-der-heinrich-heine-schule-gemeinschaft-in-vielfalt.html\" rel=\"bookmark\" style=\"color:#333333; font-weight:bold;\" title=\"Link zum Artikel auf heinrich-heine-schule.de\" target=\"_blank\">Sommerfest an der Heinrich-Heine-Schule: Gemeinschaft in Vielfalt<\/a><\/h2>\n <div class=\"entry\">\n  <p style=\"margin-bottom:4px;\">\n   <a href=\"https:\/\/www.heinrich-heine-schule.de\/news\/ansicht\/sommerfest-an-der-heinrich-heine-schule-gemeinschaft-in-vielfalt.html\" target=\"_blank\"><img decoding=\"async\" src=\"\/feeds\/gfx\/heinrich-heine-schule.de.png\" style=\"align:left !important; float:left !important; margin-top:4px !important; margin-right:8px !important; margin-bottom:4px !important; width:90px !important;\" \/><\/a>   Die Vorfreude war gro&szlig;, dass die HHS ihr Schulfest als Sp&auml;tsommerfest nachholen konnte. Zum geplanten Termin vor den Ferien hatten Temperaturen um die 40 Grad dem Vorhaben einen Strich durch die Rechnung gemacht, nun passte der sp&auml;tsommerliche Rahmen: Auf dem ...<br clear=\"all\" \/>  <\/p>\n  <div><span class=\"my_article_details\"><time datetime=\"2026-09-04\">04.09.2026<\/time> &middot; <a href=\"\/news\/dreieich-aktuell\" title=\"Dreieich heute aktuell\">Dreieich<\/a> &middot; <a href=\"\/news\/dreieich-nachrichten\" title=\"Dreieich Nachrichten\">News<\/a> &middot; <\/span><a href=\"https:\/\/www.heinrich-heine-schule.de\/news\/ansicht\/sommerfest-an-der-heinrich-heine-schule-gemeinschaft-in-vielfalt.html\" title=\"Link zum Artikel auf heinrich-heine-schule.de\" target=\"_blank\">heinrich-heine-schule.de<\/a><\/div>\n  <b><\/b>\n <\/div>\n <\/article>\n<\/div>\n<div class=\"post\" style=\"margin-bottom:40px;\">\n <article>\n <h2><a name=\"b7b285cc\" href=\"https:\/\/www.hessenschau.de\/politik\/corona-ausschuss-in-hessen-startet-nach-jahrelangem-streit-v1,corona-u-ausschuss-beginn-100.html\" rel=\"bookmark\" style=\"color:#333333; font-weight:bold;\" title=\"Link zum Artikel auf hessenschau.de\" target=\"_blank\">Corona-Ausschuss in Hessen startet nach jahrelangem Streit<\/a><\/h2>\n <div class=\"entry\">\n  <p style=\"margin-bottom:4px;\">\n   <a href=\"https:\/\/www.hessenschau.de\/politik\/corona-ausschuss-in-hessen-startet-nach-jahrelangem-streit-v1,corona-u-ausschuss-beginn-100.html\" target=\"_blank\"><img decoding=\"async\" src=\"https:\/\/www.hessenschau.de\/bild-coronauausschuss-100~_t-1788498179094_v-16to9.jpg\" style=\"align:left !important; float:left !important; margin-top:4px !important; margin-right:8px !important; margin-bottom:4px !important; width:90px !important;\" \/><\/a>   Fast drei Jahre nach der AfD-Ank&uuml;ndigung geht es los: Der Corona-Untersuchungsausschuss im Landtag startet mit der Befragung von Fachleuten und Zeugen - zun&auml;chst zum Thema Lockdown. Vorausgegangen waren jahrelanger Stillstand, Verfahrensstreitereien und eine ...<br clear=\"all\" \/>  <\/p>\n  <div><span class=\"my_article_details\"><time datetime=\"2026-09-04\">04.09.2026<\/time> &middot; Hessen &middot; Landtag &middot; <\/span><a href=\"https:\/\/www.hessenschau.de\/politik\/corona-ausschuss-in-hessen-startet-nach-jahrelangem-streit-v1,corona-u-ausschuss-beginn-100.html\" title=\"Link zum Artikel auf hessenschau.de\" target=\"_blank\">hessenschau.de<\/a><\/div>\n  <b><\/b>\n <\/div>\n <\/article>\n<\/div>\n<div class=\"post\" style=\"margin-bottom:40px;\">\n <article>\n <h2><a name=\"315d27a8\" href=\"https:\/\/www.fraport.com\/de\/newsroom\/pressemitteilungen\/2026\/q3\/bau-des-multi--tenant--neubaus.html\" rel=\"bookmark\" style=\"color:#333333; font-weight:bold;\" title=\"Link zum Artikel auf fraport.com\" target=\"_blank\">Bau des Multi-Tenant-Neubaus \u201eLogiSpace\u201c in erstklassiger Lage am Flughafen Frankfurt voll im Plan<\/a><\/h2>\n <div class=\"entry\">\n  <p style=\"margin-bottom:4px;\">\n   <a href=\"https:\/\/www.fraport.com\/de\/newsroom\/pressemitteilungen\/2026\/q3\/bau-des-multi--tenant--neubaus.html\" target=\"_blank\"><img decoding=\"async\" src=\"\/feeds\/gfx\/fraport.com.png\" style=\"align:left !important; float:left !important; margin-top:4px !important; margin-right:8px !important; margin-bottom:4px !important; width:90px !important;\" \/><\/a>   <i>F\u00fcr diese Meldung existiert leider kein kurzer Auszug.<\/i><br clear=\"all\" \/>  <\/p>\n  <div><span class=\"my_article_details\"><time datetime=\"2026-09-04\">04.09.2026<\/time> &middot; <a href=\"\/news\/fluglaerm-offenbach-am-main\" title=\"Flugl\u00e4rm Offenbach am Main\">Flughafen<\/a> &middot; Frankfurt &middot; <\/span><a href=\"https:\/\/www.fraport.com\/de\/newsroom\/pressemitteilungen\/2026\/q3\/bau-des-multi--tenant--neubaus.html\" title=\"Link zum Artikel auf fraport.com\" target=\"_blank\">fraport.com<\/a><\/div>\n  <b><\/b>\n <\/div>\n <\/article>\n<\/div>\n<div class=\"post\" style=\"margin-bottom:40px;\">\n <article>\n <h2><a name=\"a1f5de36\" href=\"https:\/\/www.kreis-offenbach.de\/Service\/Medienservice\/Aktuelle-Pressemitteilungen\/Amerikanische-Faulbrut-20-Bienenv%C3%B6lker-zur-Seuchenbek%C3%A4mpfung-get%C3%B6tet.php?object=tx,4013.5.1&ModID=7&FID=4013.3646.1&NavID=4013.211\" rel=\"bookmark\" style=\"color:#333333; font-weight:bold;\" title=\"Link zum Artikel auf kreis-offenbach.de\" target=\"_blank\">Amerikanische Faulbrut: 20 Bienenv\u00f6lker zur Seuchenbek\u00e4mpfung get\u00f6tet<\/a><\/h2>\n <div class=\"entry\">\n  <p style=\"margin-bottom:4px;\">\n   <a href=\"https:\/\/www.kreis-offenbach.de\/Service\/Medienservice\/Aktuelle-Pressemitteilungen\/Amerikanische-Faulbrut-20-Bienenv%C3%B6lker-zur-Seuchenbek%C3%A4mpfung-get%C3%B6tet.php?object=tx,4013.5.1&ModID=7&FID=4013.3646.1&NavID=4013.211\" target=\"_blank\"><img decoding=\"async\" src=\"\/feeds\/gfx\/kreis-offenbach.de.png\" style=\"align:left !important; float:left !important; margin-top:4px !important; margin-right:8px !important; margin-bottom:4px !important; width:90px !important;\" \/><\/a>   Die Amerikanische Faulbrut (AFB) bleibt im Kreis Offenbach ein ernstes Thema. Die f\u00fcr den Menschen ungef\u00e4hrliche Tierseuche wurde im M\u00e4rz 2026  ...<br clear=\"all\" \/>  <\/p>\n  <div><span class=\"my_article_details\"><time datetime=\"2026-09-04\">04.09.2026<\/time> &middot; <a href=\"\/news\/polizeieinsaetze-offenbach-am-main\" title=\"Polizeieins\u00e4tze Offenbach am Main\">Kreis Offenbach<\/a> &middot; <\/span><a href=\"https:\/\/www.kreis-offenbach.de\/Service\/Medienservice\/Aktuelle-Pressemitteilungen\/Amerikanische-Faulbrut-20-Bienenv%C3%B6lker-zur-Seuchenbek%C3%A4mpfung-get%C3%B6tet.php?object=tx,4013.5.1&ModID=7&FID=4013.3646.1&NavID=4013.211\" title=\"Link zum Artikel auf kreis-offenbach.de\" target=\"_blank\">kreis-offenbach.de<\/a><\/div>\n  <b><\/b>\n <\/div>\n <\/article>\n<\/div>\n<div class=\"post\" style=\"margin-bottom:40px;\">\n <article>\n <h2><a name=\"e3247b1d\" href=\"https:\/\/www.dreieich.de\/rathaus-service\/presse-medien\/pressemitteilungen\/2026\/baeder-kuendigen-saisonwechsel-an\/\" rel=\"bookmark\" style=\"color:#333333; font-weight:bold;\" title=\"Link zum Artikel auf dreieich.de\" target=\"_blank\">Dreieich: B\u00e4der k\u00fcndigen Saisonwechsel an<\/a><\/h2>\n <div class=\"entry\">\n  <p style=\"margin-bottom:4px;\">\n   <a href=\"https:\/\/www.dreieich.de\/rathaus-service\/presse-medien\/pressemitteilungen\/2026\/baeder-kuendigen-saisonwechsel-an\/\" target=\"_blank\"><img decoding=\"async\" src=\"https:\/\/www.dreieich.de\/rathaus-service\/presse-medien\/pressemitteilungen\/2026\/baeder-kuendigen-saisonwechsel-an\/logo-dreieich-schwimmbaeder.14cca584.svg?cid=dg7.8hhm&resize=d3b21a%3a1024x768c\" style=\"align:left !important; float:left !important; margin-top:4px !important; margin-right:8px !important; margin-bottom:4px !important; width:90px !important;\" \/><\/a>   Die diesj&auml;hrige Freibadsaison im Parkschwimmbad Dreieich geht am Sonntag, 6. September 2026, zu Ende. Am Vormittag findet dort der Kids Triathlon statt. Aus diesem Grund &ouml;ffnet das Freibad an diesem Tag erst ab 14 Uhr f&uuml;r den &ouml;ffentlichen Badebetrieb. Zuschauerinnen ...<br clear=\"all\" \/>  <\/p>\n  <div><span class=\"my_article_details\"><time datetime=\"2026-09-03\">03.09.2026<\/time> &middot; <a href=\"\/news\/dreieich-aktuell\" title=\"Dreieich heute aktuell\">Dreieich<\/a> &middot; <a href=\"\/news\/dreieich-nachrichten\" title=\"Dreieich Nachrichten\">News<\/a> &middot; <\/span><a href=\"https:\/\/www.dreieich.de\/rathaus-service\/presse-medien\/pressemitteilungen\/2026\/baeder-kuendigen-saisonwechsel-an\/\" title=\"Link zum Artikel auf dreieich.de\" target=\"_blank\">dreieich.de<\/a><\/div>\n  <b><\/b>\n <\/div>\n <\/article>\n<\/div>\n<div class=\"post\" style=\"background-color: #fae67a; margin-bottom: 40px; padding: 10px;\"><article><a style=\"color: #000000; font-size: 20px; font-weight: normal; text-decoration: underlined;\" href=\"https:\/\/www.ffhstm.de\/150-jahre-feuerwehr-heusenstamm\" target=\"_blank\">Gro\u00dfes Festwochenende der Freiwilligen Feuerwehr Heusenstamm vom 4. bis 6. September<\/a><\/p><div class=\"entry\"><p style=\"margin-bottom: 4px;\"><a href=\"https:\/\/www.ffhstm.de\/150-jahre-feuerwehr-heusenstamm\" target=\"_blank\" rel=\"noopener\"><img decoding=\"async\" style=\"align: left !important; float: left !important; margin-top: 4px !important; margin-right: 8px !important; margin-bottom: 4px !important; width: 90px !important;\" src=\"data:image\/gif;base64,R0lGODlhAQABAIAAAAAAAP\/\/\/yH5BAEAAAAALAAAAAABAAEAAAIBRAA7\" data-src=\"https:\/\/www.heusenstaemmchen.de\/feeds\/gfx\/ffhstm.de.png\" \/><\/a>Wir planen Gro\u00dfes, Lautes, Feuriges, aber auch Herzliches und Geselliges zum Festwochenende im September 2026. Ein gro\u00dfes Festzelt wird errichtet und drei Tage lang werden wir uns und die Feuerwehr Heusenstamm mit Ihnen und Euch feiern.<br clear=\"all\" \/><\/p><div><b>Veranstaltung<\/b> \u00b7 Festwochenende \u00b7 <a title=\"Mehr Details auf ffhstm.de\" href=\"https:\/\/www.ffhstm.de\/150-jahre-feuerwehr-heusenstamm\" target=\"_blank\" rel=\"noopener\">ffhstm.de<\/a><\/div><\/div><\/article><\/div><div class=\"post\" style=\"margin-bottom:40px;\">\n <article>\n <h2><a name=\"3b883f4b\" href=\"https:\/\/www.op-online.de\/region\/dreieich\/ehemaliger-stadtverordneter-stellt-dream-vor-sieben-bausteine-fuer-mehr-ehrenamt-94472924.html\" rel=\"bookmark\" style=\"color:#333333; font-weight:bold;\" title=\"Link zum Artikel auf op-online.de\" target=\"_blank\">Ehemaliger Stadtverordneter stellt \u201eDREAM&quot; vor: Sieben Bausteine f\u00fcr mehr Ehrenamt<\/a><\/h2>\n <div class=\"entry\">\n  <p style=\"margin-bottom:4px;\">\n   <a href=\"https:\/\/www.op-online.de\/region\/dreieich\/ehemaliger-stadtverordneter-stellt-dream-vor-sieben-bausteine-fuer-mehr-ehrenamt-94472924.html\" target=\"_blank\"><img decoding=\"async\" src=\"https:\/\/www.op-online.de\/assets\/images\/43\/943\/43943474-so-koennte-werbung-fuer-dream-aussehen-die-traurige-omi-will-ehrenamtliche-gewinnen-um-einen-kaffeeklatsch-im-stadtteil-zu-organisieren-die-genannte-43ef.jpg\" style=\"align:left !important; float:left !important; margin-top:4px !important; margin-right:8px !important; margin-bottom:4px !important; width:90px !important;\" \/><\/a>   Alexander Kowalski pr&auml;sentiert im Sozialausschuss sein Konzept zur Ehrenamts-Mobilisierung in Dreieich. Herzst&uuml;ck ist eine Internetplattform, auf der Interessierte nach Stadtteil, Wochentag und Dauer filtern k&ouml;nnen.<br clear=\"all\" \/>  <\/p>\n  <div><span class=\"my_article_details\"><time datetime=\"2026-09-03\">03.09.2026<\/time> &middot; <a href=\"\/news\/dreieich-aktuell\" title=\"Dreieich heute aktuell\">Dreieich<\/a> &middot; <a href=\"\/news\/dreieich-nachrichten\" title=\"Dreieich Nachrichten\">News<\/a> &middot; <\/span><a href=\"https:\/\/www.op-online.de\/region\/dreieich\/ehemaliger-stadtverordneter-stellt-dream-vor-sieben-bausteine-fuer-mehr-ehrenamt-94472924.html\" title=\"Link zum Artikel auf op-online.de\" target=\"_blank\">op-online.de<\/a><\/div>\n  <b><\/b>\n <\/div>\n <\/article>\n<\/div>\n<div class=\"post\" style=\"margin-bottom:40px;\">\n <article>\n <h2><a name=\"4068f2a0\" href=\"https:\/\/spvgg03.de\/punktspiele-senioren-im-september-2\/\" rel=\"bookmark\" style=\"color:#333333; font-weight:bold;\" title=\"Link zum Artikel auf null-drei.de\" target=\"_blank\">Fu\u00dfball: Punktspiele Senioren im September<\/a><\/h2>\n <div class=\"entry\">\n  <p style=\"margin-bottom:4px;\">\n   <a href=\"https:\/\/spvgg03.de\/punktspiele-senioren-im-september-2\/\" target=\"_blank\"><img decoding=\"async\" src=\"\/feeds\/gfx\/null-drei.de.png\" style=\"align:left !important; float:left !important; margin-top:4px !important; margin-right:8px !important; margin-bottom:4px !important; width:90px !important;\" \/><\/a>   Auch im September geht es f&uuml;r unsere 1te gleich mit zwei Hochkar&auml;tern weiter, ehe in der zweiten Monatsh&auml;lfte dann mal Gegner auf Augenh&ouml;he warten. Trotzdem will man nat&uuml;rlich in Seligenstadt und Bornheim f&uuml;r eine &Uuml;berraschung sorgen und Punkte entf&uuml;hren. Die ...<br clear=\"all\" \/>  <\/p>\n  <div><span class=\"my_article_details\"><time datetime=\"2026-09-03\">03.09.2026<\/time> &middot; Sprendlingen &middot; <\/span><a href=\"https:\/\/spvgg03.de\/punktspiele-senioren-im-september-2\/\" title=\"Link zum Artikel auf null-drei.de\" target=\"_blank\">null-drei.de<\/a><\/div>\n  <b><\/b>\n <\/div>\n <\/article>\n<\/div>\n<div class=\"post\" style=\"margin-bottom:40px;\">\n <article>\n <h2><a name=\"f8c287a0\" href=\"https:\/\/www.presseportal.de\/blaulicht\/pm\/43561\/6345126\" rel=\"bookmark\" style=\"color:#333333; font-weight:bold;\" title=\"Link zum Artikel auf presseportal.de\" target=\"_blank\">Polizei Offenbach am Main: Pressemeldungen vom 03.09.2026<\/a><\/h2>\n <div class=\"entry\">\n  <p style=\"margin-bottom:4px;\">\n   <a href=\"https:\/\/www.presseportal.de\/blaulicht\/pm\/43561\/6345126\" target=\"_blank\"><img decoding=\"async\" src=\"\/feeds\/gfx\/POL-OF.jpg\" style=\"align:left !important; float:left !important; margin-top:4px !important; margin-right:8px !important; margin-bottom:4px !important; width:90px !important;\" \/><\/a>   ... <b>9. Fenster von Linienbus durch Au\u00dfenspiegel besch\u00e4digt: Hinweise erbeten! - Dreieich<\/b>   (me) Klirrende Ger\u00e4usche und viele Scherben nahmen Anwohner der Frankfurter Stra\u00dfe (100er-Hausnummern) am Mittwochabend wahr, als mehrere Fenster eines Linienbusses zu Bruch gingen. Nach den bisherigen Erkenntnissen war das \u00f6ffentliche Verkehrsmittel gegen ...<br clear=\"all\" \/>  <\/p>\n  <div><span class=\"my_article_details\"><time datetime=\"2026-09-03\">03.09.2026<\/time> &middot; <a href=\"\/news\/dreieich-aktuell\" title=\"Dreieich heute aktuell\">Dreieich<\/a> &middot; <a href=\"\/news\/dreieich-polizeimeldungen\" title=\"Polizeieins\u00e4tze Dreieich\">Polizei<\/a> &middot; Sprendlingen &middot; <\/span><a href=\"https:\/\/www.presseportal.de\/blaulicht\/pm\/43561\/6345126\" title=\"Link zum Artikel auf presseportal.de\" target=\"_blank\">presseportal.de<\/a><\/div>\n  <b><\/b>\n <\/div>\n <\/article>\n<\/div>\n<div class=\"post\" style=\"margin-bottom:40px;\">\n <article>\n <h2><a name=\"355b5d42\" href=\"https:\/\/gruene-offenbach.de\/2026\/09\/02\/naturnahe-bildung-im-naturerfahrungsraum\/\" rel=\"bookmark\" style=\"color:#333333; font-weight:bold;\" title=\"Link zum Artikel auf gruene-offenbach.de\" target=\"_blank\">Die Gr\u00fcnen: Naturnahe Bildung im Naturerfahrungsraum<\/a><\/h2>\n <div class=\"entry\">\n  <p style=\"margin-bottom:4px;\">\n   <a href=\"https:\/\/gruene-offenbach.de\/2026\/09\/02\/naturnahe-bildung-im-naturerfahrungsraum\/\" target=\"_blank\"><img decoding=\"async\" src=\"\/feeds\/gfx\/gruene-offenbach.de.png\" style=\"align:left !important; float:left !important; margin-top:4px !important; margin-right:8px !important; margin-bottom:4px !important; width:90px !important;\" \/><\/a>   Rede von Tobias Dondelinger in der Stadtverordnetenversammlung Weil es in den Aussch&uuml;ssen immer mal wieder Fragen dazu gab, vorab ein paar Worte zu Naturerfahrungsr&auml;umen: Toben, balancieren, rennen, sammeln, beobachten, Fr&uuml;chte naschen und H&ouml;hlen bauen \u2013 nat&uuml;rlicher ...<br clear=\"all\" \/>  <\/p>\n  <div><span class=\"my_article_details\"><time datetime=\"2026-09-02\">02.09.2026<\/time> &middot; <a href=\"\/news\/offenbach-aktuell\" title=\"Offenbach heute aktuell\">Offenbach<\/a> &middot; Umgebung &middot; <\/span><a href=\"https:\/\/gruene-offenbach.de\/2026\/09\/02\/naturnahe-bildung-im-naturerfahrungsraum\/\" title=\"Link zum Artikel auf gruene-offenbach.de\" target=\"_blank\">gruene-offenbach.de<\/a><\/div>\n  <b><\/b>\n <\/div>\n <\/article>\n<\/div>\n<div class=\"post\" style=\"margin-bottom:40px;\">\n <article>\n <h2><a name=\"124ce628\" href=\"https:\/\/gruene-offenbach.de\/2026\/09\/02\/hitzevorsorge-in-offenbach\/\" rel=\"bookmark\" style=\"color:#333333; font-weight:bold;\" title=\"Link zum Artikel auf gruene-offenbach.de\" target=\"_blank\">Die Gr\u00fcnen: Hitzevorsorge in Offenbach<\/a><\/h2>\n <div class=\"entry\">\n  <p style=\"margin-bottom:4px;\">\n   <a href=\"https:\/\/gruene-offenbach.de\/2026\/09\/02\/hitzevorsorge-in-offenbach\/\" target=\"_blank\"><img decoding=\"async\" src=\"\/feeds\/gfx\/gruene-offenbach.de.png\" style=\"align:left !important; float:left !important; margin-top:4px !important; margin-right:8px !important; margin-bottom:4px !important; width:90px !important;\" \/><\/a>   Rede von Sonja Schneider in der Stadtverordnetenversammlung Wir stehen in Offenbach vor einer Herausforderung, die uns alle angeht: Die Hitze nimmt zu, und unsere Innenstadt ist besonders betroffen. Offenbach z&auml;hlt zu den sehr stark hitzegeplagten St&auml;dten in ...<br clear=\"all\" \/>  <\/p>\n  <div><span class=\"my_article_details\"><time datetime=\"2026-09-02\">02.09.2026<\/time> &middot; <a href=\"\/news\/offenbach-aktuell\" title=\"Offenbach heute aktuell\">Offenbach<\/a> &middot; \u00d6PNV &middot; <\/span><a href=\"https:\/\/gruene-offenbach.de\/2026\/09\/02\/hitzevorsorge-in-offenbach\/\" title=\"Link zum Artikel auf gruene-offenbach.de\" target=\"_blank\">gruene-offenbach.de<\/a><\/div>\n  <b><\/b>\n <\/div>\n <\/article>\n<\/div>\n<div class=\"post\" style=\"margin-bottom:40px;\">\n <article>\n <h2><a name=\"9cc8e359\" href=\"https:\/\/www.dietzenbach.de\/Stadt-Rathaus\/Stadt\/Aktuelles\/Vermessung-des-Instrumentenlandesystems-ILS-am-Flughafen-Frankfurt.php?ModID=255&FID=3651.29591.1\" rel=\"bookmark\" style=\"color:#333333; font-weight:bold;\" title=\"Link zum Artikel auf dietzenbach.de\" target=\"_blank\">Dietzenbach: Vermessung des Instrumentenlandesystems (ILS) am Flughafen Frankfurt<\/a><\/h2>\n <div class=\"entry\">\n  <p style=\"margin-bottom:4px;\">\n   <a href=\"https:\/\/www.dietzenbach.de\/Stadt-Rathaus\/Stadt\/Aktuelles\/Vermessung-des-Instrumentenlandesystems-ILS-am-Flughafen-Frankfurt.php?ModID=255&FID=3651.29591.1\" target=\"_blank\"><img decoding=\"async\" src=\"\/feeds\/gfx\/dietzenbach.de.png\" style=\"align:left !important; float:left !important; margin-top:4px !important; margin-right:8px !important; margin-bottom:4px !important; width:90px !important;\" \/><\/a>   Messflugzeug vom 3. bis 6. September 2026 in der Region Vom 3. bis voraussichtlich 6. September 2026 wird das (ILS) Instrumentenlandesystem der S&uuml;dbahn des Frankfurter Flughafens vermessen. Ein speziell hierf&uuml;r ausger&uuml;stetes Messflugzeug &uuml;berpr&uuml;ft ...<br clear=\"all\" \/>  <\/p>\n  <div><span class=\"my_article_details\"><time datetime=\"2026-09-02\">02.09.2026<\/time> &middot; <a href=\"\/news\/fluglaerm-offenbach-am-main\" title=\"Flugl\u00e4rm Offenbach am Main\">Flughafen<\/a> &middot; Frankfurt &middot; <\/span><a href=\"https:\/\/www.dietzenbach.de\/Stadt-Rathaus\/Stadt\/Aktuelles\/Vermessung-des-Instrumentenlandesystems-ILS-am-Flughafen-Frankfurt.php?ModID=255&FID=3651.29591.1\" title=\"Link zum Artikel auf dietzenbach.de\" target=\"_blank\">dietzenbach.de<\/a><\/div>\n  <b><\/b>\n <\/div>\n <\/article>\n<\/div>\n<div class=\"post\" style=\"margin-bottom:40px;\">\n <article>\n <h2><a name=\"2947ec1c\" href=\"https:\/\/www.op-online.de\/offenbach\/sommer-schmuddelherbst-grenze-teilt-deutschland-so-entwickelt-sich-wetter-in-offenbach-94471394.html\" rel=\"bookmark\" style=\"color:#333333; font-weight:bold;\" title=\"Link zum Artikel auf op-online.de\" target=\"_blank\">Sommer-Schmuddelherbst-Grenze teilt Deutschland: So entwickelt sich Wetter in Offenbach<\/a><\/h2>\n <div class=\"entry\">\n  <p style=\"margin-bottom:4px;\">\n   <a href=\"https:\/\/www.op-online.de\/offenbach\/sommer-schmuddelherbst-grenze-teilt-deutschland-so-entwickelt-sich-wetter-in-offenbach-94471394.html\" target=\"_blank\"><img decoding=\"async\" src=\"https:\/\/www.op-online.de\/assets\/images\/43\/872\/43872992-blaetter-baum-nacht-1pbvVBIMXaef.jpg\" style=\"align:left !important; float:left !important; margin-top:4px !important; margin-right:8px !important; margin-bottom:4px !important; width:90px !important;\" \/><\/a>   Nach den Hitzewellen ist es im Hessen erst einmal k&uuml;hler geworden. Doch der DWD sieht schon die n&auml;chste warme Luft im Anmarsch. F&uuml;r Offenbach gilt das wohl auch.<br clear=\"all\" \/>  <\/p>\n  <div><span class=\"my_article_details\"><time datetime=\"2026-09-02\">02.09.2026<\/time> &middot; <a href=\"\/news\/offenbach-aktuell\" title=\"Offenbach heute aktuell\">Offenbach<\/a> &middot; Wetter &middot; <\/span><a href=\"https:\/\/www.op-online.de\/offenbach\/sommer-schmuddelherbst-grenze-teilt-deutschland-so-entwickelt-sich-wetter-in-offenbach-94471394.html\" title=\"Link zum Artikel auf op-online.de\" target=\"_blank\">op-online.de<\/a><\/div>\n  <b><\/b>\n <\/div>\n <\/article>\n<\/div>\n<div class=\"post\" style=\"margin-bottom:40px;\">\n <article>\n <h2><a name=\"2ef56e45\" href=\"https:\/\/www.heinrich-heine-schule.de\/news\/ansicht\/lesefoerderung-an-der-heinrich-heine-schule-lesen-teilen-buecher-schenken-gemeinschaft-staerken.html\" rel=\"bookmark\" style=\"color:#333333; font-weight:bold;\" title=\"Link zum Artikel auf heinrich-heine-schule.de\" target=\"_blank\">Lesef\u00f6rderung an der Heinrich-Heine-Schule: Lesen teilen, B\u00fccher schenken, Gemeinschaft st\u00e4rken<\/a><\/h2>\n <div class=\"entry\">\n  <p style=\"margin-bottom:4px;\">\n   <a href=\"https:\/\/www.heinrich-heine-schule.de\/news\/ansicht\/lesefoerderung-an-der-heinrich-heine-schule-lesen-teilen-buecher-schenken-gemeinschaft-staerken.html\" target=\"_blank\"><img decoding=\"async\" src=\"\/feeds\/gfx\/heinrich-heine-schule.de.png\" style=\"align:left !important; float:left !important; margin-top:4px !important; margin-right:8px !important; margin-bottom:4px !important; width:90px !important;\" \/><\/a>   Damit alle mitmachen k&ouml;nnen, erstattet die Schule den Kaufpreis vollst&auml;ndig, wenn ein Kassenzettel oder eine Rechnung vorgelegt wird. Die Teilnahme steht allen Jahrg&auml;ngen und Schulzweigen offen. Wichtig ist nur, dass die ausgew&auml;hlten B&uuml;cher altersgerecht, gut ...<br clear=\"all\" \/>  <\/p>\n  <div><span class=\"my_article_details\"><time datetime=\"2026-09-02\">02.09.2026<\/time> &middot; <a href=\"\/news\/dreieich-aktuell\" title=\"Dreieich heute aktuell\">Dreieich<\/a> &middot; <a href=\"\/news\/dreieich-nachrichten\" title=\"Dreieich Nachrichten\">News<\/a> &middot; <\/span><a href=\"https:\/\/www.heinrich-heine-schule.de\/news\/ansicht\/lesefoerderung-an-der-heinrich-heine-schule-lesen-teilen-buecher-schenken-gemeinschaft-staerken.html\" title=\"Link zum Artikel auf heinrich-heine-schule.de\" target=\"_blank\">heinrich-heine-schule.de<\/a><\/div>\n  <b><\/b>\n <\/div>\n <\/article>\n<\/div>\n<div class=\"post\" style=\"margin-bottom:40px;\">\n <article>\n <h2><a name=\"e47bb3f3\" href=\"https:\/\/gruene-offenbach.de\/2026\/09\/02\/foerderung-fuer-klimaresiliente-schulhoefe-nutzen\/\" rel=\"bookmark\" style=\"color:#333333; font-weight:bold;\" title=\"Link zum Artikel auf gruene-offenbach.de\" target=\"_blank\">Die Gr\u00fcnen: F\u00f6rderung f\u00fcr klimaresiliente Schulh\u00f6fe nutzen<\/a><\/h2>\n <div class=\"entry\">\n  <p style=\"margin-bottom:4px;\">\n   <a href=\"https:\/\/gruene-offenbach.de\/2026\/09\/02\/foerderung-fuer-klimaresiliente-schulhoefe-nutzen\/\" target=\"_blank\"><img decoding=\"async\" src=\"\/feeds\/gfx\/gruene-offenbach.de.png\" style=\"align:left !important; float:left !important; margin-top:4px !important; margin-right:8px !important; margin-bottom:4px !important; width:90px !important;\" \/><\/a>   Rede von Nata Kabir in der Stadtverordnetenversammlung Wir haben in diesem Jahr eindr&uuml;cklich erlebt, wie der Sommer sein kann, wie stark sich versiegelte Fl&auml;chen aufheizen. Gerade f&uuml;r Kinder sind hohe Temperaturen eine Belastung. Deshalb haben wir als Stadtverordnetenversammlung ...<br clear=\"all\" \/>  <\/p>\n  <div><span class=\"my_article_details\"><time datetime=\"2026-09-02\">02.09.2026<\/time> &middot; <a href=\"\/news\/offenbach-aktuell\" title=\"Offenbach heute aktuell\">Offenbach<\/a> &middot; Umgebung &middot; <\/span><a href=\"https:\/\/gruene-offenbach.de\/2026\/09\/02\/foerderung-fuer-klimaresiliente-schulhoefe-nutzen\/\" title=\"Link zum Artikel auf gruene-offenbach.de\" target=\"_blank\">gruene-offenbach.de<\/a><\/div>\n  <b><\/b>\n <\/div>\n <\/article>\n<\/div>\n<div class=\"post\" style=\"margin-bottom:40px;\">\n <article>\n <h2><a name=\"163de543\" href=\"https:\/\/of-news.de\/dietzenbach\/becken-frei-fuer-vierbeiner-waldschwimmbad-beendet-freibadsaison-mit-hundeschwimmen-170086\/\" rel=\"bookmark\" style=\"color:#333333; font-weight:bold;\" title=\"Link zum Artikel auf of-news.de\" target=\"_blank\">Becken frei f\u00fcr Vierbeiner: Waldschwimmbad beendet Freibadsaison mit Hundeschwimmen<\/a><\/h2>\n <div class=\"entry\">\n  <p style=\"margin-bottom:4px;\">\n   <a href=\"https:\/\/of-news.de\/dietzenbach\/becken-frei-fuer-vierbeiner-waldschwimmbad-beendet-freibadsaison-mit-hundeschwimmen-170086\/\" target=\"_blank\"><img decoding=\"async\" src=\"https:\/\/of-news.de\/wp-content\/uploads\/2026\/09\/Becken-frei-fuer-Vierbeiner-Waldschwimmbad-beendet-Freibadsaison-mit-Hundeschwimmen-scaled-e1788334101267-150x150.jpg\" style=\"align:left !important; float:left !important; margin-top:4px !important; margin-right:8px !important; margin-bottom:4px !important; width:90px !important;\" \/><\/a>   Das Waldschwimmbad in Dietzenbach beschlie&szlig;t die diesj&auml;hrige Freibadsaison am Sonntag, den 13. September 2026, mit dem traditionellen Hundeschwimmen. Im Anschluss an den letzten regul&auml;ren Badetag f&uuml;r Menschen sind die Becken auf dem Gel&auml;nde in der Offenthaler ...<br clear=\"all\" \/>  <\/p>\n  <div><span class=\"my_article_details\"><time datetime=\"2026-09-02\">02.09.2026<\/time> &middot; Offenthal &middot; <\/span><a href=\"https:\/\/of-news.de\/dietzenbach\/becken-frei-fuer-vierbeiner-waldschwimmbad-beendet-freibadsaison-mit-hundeschwimmen-170086\/\" title=\"Link zum Artikel auf of-news.de\" target=\"_blank\">of-news.de<\/a><\/div>\n  <b><\/b>\n <\/div>\n <\/article>\n<\/div>\n<div class=\"post\" style=\"margin-bottom:40px;\">\n <article>\n <h2><a name=\"bf1e40a8\" href=\"https:\/\/www.op-online.de\/region\/dreieich\/fuenftes-maklerbuero-eroeffnet-in-der-fahrgasse-werbegemeinschaft-schlaegt-alarm-94470844.html\" rel=\"bookmark\" style=\"color:#333333; font-weight:bold;\" title=\"Link zum Artikel auf op-online.de\" target=\"_blank\">F\u00fcnftes Maklerb\u00fcro in nur einer Stra\u00dfe \u2013 Werbegemeinschaft schl\u00e4gt Alarm<\/a><\/h2>\n <div class=\"entry\">\n  <p style=\"margin-bottom:4px;\">\n   <a href=\"https:\/\/www.op-online.de\/region\/dreieich\/fuenftes-maklerbuero-eroeffnet-in-der-fahrgasse-werbegemeinschaft-schlaegt-alarm-94470844.html\" target=\"_blank\"><img decoding=\"async\" src=\"https:\/\/www.op-online.de\/assets\/images\/43\/926\/43926404-das-geschenkhaus-droell-mit-blick-aufs-obertor-melanie-grossmann-wirtschaftsfoerderung-stadt-dreieich-und-robin-winkel-vorsitzender-werbegemeinschaft-1Vef.jpg\" style=\"align:left !important; float:left !important; margin-top:4px !important; margin-right:8px !important; margin-bottom:4px !important; width:90px !important;\" \/><\/a>   In Dreieich (Kreis Offenbach) ziehen statt Einzelh&auml;ndlern und Gastronomen zunehmend Immobilienmakler und Dienstleister ein.<br clear=\"all\" \/>  <\/p>\n  <div><span class=\"my_article_details\"><time datetime=\"2026-09-02\">02.09.2026<\/time> &middot; <a href=\"\/news\/dreieich-aktuell\" title=\"Dreieich heute aktuell\">Dreieich<\/a> &middot; <a href=\"\/news\/dreieich-nachrichten\" title=\"Dreieich Nachrichten\">News<\/a> &middot; <\/span><a href=\"https:\/\/www.op-online.de\/region\/dreieich\/fuenftes-maklerbuero-eroeffnet-in-der-fahrgasse-werbegemeinschaft-schlaegt-alarm-94470844.html\" title=\"Link zum Artikel auf op-online.de\" target=\"_blank\">op-online.de<\/a><\/div>\n  <b><\/b>\n <\/div>\n <\/article>\n<\/div>\n<div class=\"post\" style=\"margin-bottom:40px;\">\n <article>\n <h2><a name=\"bdd58118\" href=\"https:\/\/www.presseportal.de\/blaulicht\/pm\/43561\/6344496\" rel=\"bookmark\" style=\"color:#333333; font-weight:bold;\" title=\"Link zum Artikel auf presseportal.de\" target=\"_blank\">Polizei Offenbach am Main: Pressemeldungen vom 02.09.2026<\/a><\/h2>\n <div class=\"entry\">\n  <p style=\"margin-bottom:4px;\">\n   <a href=\"https:\/\/www.presseportal.de\/blaulicht\/pm\/43561\/6344496\" target=\"_blank\"><img decoding=\"async\" src=\"\/feeds\/gfx\/POL-OF.jpg\" style=\"align:left !important; float:left !important; margin-top:4px !important; margin-right:8px !important; margin-bottom:4px !important; width:90px !important;\" \/><\/a>   ... <b>4. Zeugensuche nach Einbruch in Gastst\u00e4tte - Dreieich<\/b>   (fg) Wer hat am Dienstagmorgen, zwischen 1.20 Uhr und 1.40 Uhr, in der Hainer Chaussee (20er-Hausnummern) verd\u00e4chtige Personen oder Beobachtungen gemacht? Nach einem Einbruch in die Gastst\u00e4tte eines Tennisclubs bittet die Polizei um Hinweise aus der Bev\u00f6lkerung. ...<br clear=\"all\" \/>  <\/p>\n  <div><span class=\"my_article_details\"><time datetime=\"2026-09-02\">02.09.2026<\/time> &middot; <a href=\"\/news\/diebstaehle-offenbach-am-main\" title=\"Diebst\u00e4hle Offenbach am Main\">Diebstahl<\/a> &middot; <a href=\"\/news\/dreieich-aktuell\" title=\"Dreieich heute aktuell\">Dreieich<\/a> &middot; <a href=\"\/news\/einbrueche-offenbach-am-main\" title=\"Einbr\u00fcche Offenbach am Main\">Einbruch<\/a> &middot; <a href=\"\/news\/dreieich-polizeimeldungen\" title=\"Polizeieins\u00e4tze Dreieich\">Polizei<\/a> &middot; <\/span><a href=\"https:\/\/www.presseportal.de\/blaulicht\/pm\/43561\/6344496\" title=\"Link zum Artikel auf presseportal.de\" target=\"_blank\">presseportal.de<\/a><\/div>\n  <b><\/b>\n <\/div>\n <\/article>\n<\/div>\n<div class=\"post\" style=\"margin-bottom:40px;\">\n <article>\n <h2><a name=\"11e8c9ed\" href=\"https:\/\/www.verbraucherzentrale-hessen.de\/pressemitteilungen\/beratung-zu-energieschulden-und-sperren-in-wiesbaden-125558\" rel=\"bookmark\" style=\"color:#333333; font-weight:bold;\" title=\"Link zum Artikel auf verbraucherzentrale-hessen.de\" target=\"_blank\">Verbraucherzentrale: Beratung zu Energieschulden und -sperren in Wiesbaden<\/a><\/h2>\n <div class=\"entry\">\n  <p style=\"margin-bottom:4px;\">\n   <a href=\"https:\/\/www.verbraucherzentrale-hessen.de\/pressemitteilungen\/beratung-zu-energieschulden-und-sperren-in-wiesbaden-125558\" target=\"_blank\"><img decoding=\"async\" src=\"\/feeds\/gfx\/verbraucherzentrale-hessen.de.png\" style=\"align:left !important; float:left !important; margin-top:4px !important; margin-right:8px !important; margin-bottom:4px !important; width:90px !important;\" \/><\/a>   Verbraucherzentrale Hessen startet kostenlose Beratung vor Ort<br clear=\"all\" \/>  <\/p>\n  <div><span class=\"my_article_details\"><time datetime=\"2026-09-02\">02.09.2026<\/time> &middot; Hessen &middot; <\/span><a href=\"https:\/\/www.verbraucherzentrale-hessen.de\/pressemitteilungen\/beratung-zu-energieschulden-und-sperren-in-wiesbaden-125558\" title=\"Link zum Artikel auf verbraucherzentrale-hessen.de\" target=\"_blank\">verbraucherzentrale-hessen.de<\/a><\/div>\n  <b><\/b>\n <\/div>\n <\/article>\n<\/div>\n<div class=\"post\" style=\"margin-bottom:40px;\">\n <article>\n <h2><a name=\"710469be\" href=\"https:\/\/mobil.hessen.de\/presse\/b-459-l-3117-radwegbau-wechselt-in-naechsten-bauabschnitt\" rel=\"bookmark\" style=\"color:#333333; font-weight:bold;\" title=\"Link zum Artikel auf mobil.hessen.de\" target=\"_blank\">Kreis Offenbach: B 459 \/ L 3117: Radwegbau wechselt in n\u00e4chsten Bauabschnitt<\/a><\/h2>\n <div class=\"entry\">\n  <p style=\"margin-bottom:4px;\">\n   <a href=\"https:\/\/mobil.hessen.de\/presse\/b-459-l-3117-radwegbau-wechselt-in-naechsten-bauabschnitt\" target=\"_blank\"><img decoding=\"async\" src=\"\/feeds\/gfx\/mobil.hessen.de.png\" style=\"align:left !important; float:left !important; margin-top:4px !important; margin-right:8px !important; margin-bottom:4px !important; width:90px !important;\" \/><\/a>   Arbeiten zwischen Kempinski-Kreuzung und Reithalle starten am Montag<br clear=\"all\" \/>  <\/p>\n  <div><span class=\"my_article_details\"><time datetime=\"2026-09-02\">02.09.2026<\/time> &middot; <a href=\"\/news\/polizeieinsaetze-offenbach-am-main\" title=\"Polizeieins\u00e4tze Offenbach am Main\">Kreis Offenbach<\/a> &middot; <\/span><a href=\"https:\/\/mobil.hessen.de\/presse\/b-459-l-3117-radwegbau-wechselt-in-naechsten-bauabschnitt\" title=\"Link zum Artikel auf mobil.hessen.de\" target=\"_blank\">mobil.hessen.de<\/a><\/div>\n  <b><\/b>\n <\/div>\n <\/article>\n<\/div>\n<div class=\"post\" style=\"margin-bottom:40px;\">\n <article>\n <h2><a name=\"b2bc5ac2\" href=\"https:\/\/www.evo-ag.de\/presse\/pressemitteilungen\/details\/verstaerkung-fuer-das-evo-team\" rel=\"bookmark\" style=\"color:#333333; font-weight:bold;\" title=\"Link zum Artikel auf evo-ag.de\" target=\"_blank\">Verst\u00e4rkung f\u00fcr das EVO-Team<\/a><\/h2>\n <div class=\"entry\">\n  <p style=\"margin-bottom:4px;\">\n   <a href=\"https:\/\/www.evo-ag.de\/presse\/pressemitteilungen\/details\/verstaerkung-fuer-das-evo-team\" target=\"_blank\"><img decoding=\"async\" src=\"\/feeds\/gfx\/evo-ag.de.png\" style=\"align:left !important; float:left !important; margin-top:4px !important; margin-right:8px !important; margin-bottom:4px !important; width:90px !important;\" \/><\/a>   OFFENBACH, 02. September 2026. Elf junge Menschen haben am gestrigen Dienstag ihre Ausbildung bei der Energieversorgung Offenbach AG (EVO) begonnen. Technikvorst\u00e4ndin Dr. Catharina Friedrich hie\u00df die neuen Kolleginnen und Kollegen auf dem Offenbac ...<br clear=\"all\" \/>  <\/p>\n  <div><span class=\"my_article_details\"><time datetime=\"2026-09-02\">02.09.2026<\/time> &middot; Energie &middot; <a href=\"\/news\/offenbach-aktuell\" title=\"Offenbach heute aktuell\">Offenbach<\/a> &middot; <\/span><a href=\"https:\/\/www.evo-ag.de\/presse\/pressemitteilungen\/details\/verstaerkung-fuer-das-evo-team\" title=\"Link zum Artikel auf evo-ag.de\" target=\"_blank\">evo-ag.de<\/a><\/div>\n  <b><\/b>\n <\/div>\n <\/article>\n<\/div>\n<div class=\"post\" style=\"margin-bottom:40px;\">\n <article>\n <h2><a name=\"996b6df1\" href=\"https:\/\/www.kreis-offenbach.de\/Service\/Medienservice\/Aktuelle-Pressemitteilungen\/Landrat-kommt-nach-R%C3%B6dermark.php?object=tx,4013.5.1&ModID=7&FID=4013.3641.1&NavID=4013.211\" rel=\"bookmark\" style=\"color:#333333; font-weight:bold;\" title=\"Link zum Artikel auf kreis-offenbach.de\" target=\"_blank\">Landrat kommt nach R\u00f6dermark<\/a><\/h2>\n <div class=\"entry\">\n  <p style=\"margin-bottom:4px;\">\n   <a href=\"https:\/\/www.kreis-offenbach.de\/Service\/Medienservice\/Aktuelle-Pressemitteilungen\/Landrat-kommt-nach-R%C3%B6dermark.php?object=tx,4013.5.1&ModID=7&FID=4013.3641.1&NavID=4013.211\" target=\"_blank\"><img decoding=\"async\" src=\"\/feeds\/gfx\/kreis-offenbach.de.png\" style=\"align:left !important; float:left !important; margin-top:4px !important; margin-right:8px !important; margin-bottom:4px !important; width:90px !important;\" \/><\/a>   Sprechstunde im Rathaus Ober-Roden<br clear=\"all\" \/>  <\/p>\n  <div><span class=\"my_article_details\"><time datetime=\"2026-09-02\">02.09.2026<\/time> &middot; <a href=\"\/news\/polizeieinsaetze-offenbach-am-main\" title=\"Polizeieins\u00e4tze Offenbach am Main\">Kreis Offenbach<\/a> &middot; <\/span><a href=\"https:\/\/www.kreis-offenbach.de\/Service\/Medienservice\/Aktuelle-Pressemitteilungen\/Landrat-kommt-nach-R%C3%B6dermark.php?object=tx,4013.5.1&ModID=7&FID=4013.3641.1&NavID=4013.211\" title=\"Link zum Artikel auf kreis-offenbach.de\" target=\"_blank\">kreis-offenbach.de<\/a><\/div>\n  <b><\/b>\n <\/div>\n <\/article>\n<\/div>\n<div class=\"post\" style=\"margin-bottom:40px;\">\n <article>\n <h2><a name=\"76fcb83b\" href=\"https:\/\/www.maingau-energie.de\/pressemitteilungen\/maingau-waehlt-deftpower-fuer-intelligenteres-ev-laden-in-deutschland\" rel=\"bookmark\" style=\"color:#333333; font-weight:bold;\" title=\"Link zum Artikel auf maingau-energie.de\" target=\"_blank\">MAINGAU w\u00e4hlt Deftpower f\u00fcr intelligenteres EV-Laden in Deutschland<\/a><\/h2>\n <div class=\"entry\">\n  <p style=\"margin-bottom:4px;\">\n   <a href=\"https:\/\/www.maingau-energie.de\/pressemitteilungen\/maingau-waehlt-deftpower-fuer-intelligenteres-ev-laden-in-deutschland\" target=\"_blank\"><img decoding=\"async\" src=\"\/feeds\/gfx\/maingau-energie.de.png\" style=\"align:left !important; float:left !important; margin-top:4px !important; margin-right:8px !important; margin-bottom:4px !important; width:90px !important;\" \/><\/a>   MAINGAU hat Deftpower als eMSP-Partner ausgew\u00e4hlt, um das Autostromangebot weiterzuentwickeln. Die Partnerschaft schafft die Grundlage f\u00fcr smartes Laden und eine tiefere Integration weiterer Services.<br clear=\"all\" \/>  <\/p>\n  <div><span class=\"my_article_details\"><time datetime=\"2026-09-02\">02.09.2026<\/time> &middot; <a href=\"\/news\/polizeieinsaetze-offenbach-am-main\" title=\"Polizeieins\u00e4tze Offenbach am Main\">Kreis Offenbach<\/a> &middot; <\/span><a href=\"https:\/\/www.maingau-energie.de\/pressemitteilungen\/maingau-waehlt-deftpower-fuer-intelligenteres-ev-laden-in-deutschland\" title=\"Link zum Artikel auf maingau-energie.de\" target=\"_blank\">maingau-energie.de<\/a><\/div>\n  <b><\/b>\n <\/div>\n <\/article>\n<\/div>\n<div class=\"post\" style=\"margin-bottom:40px;\">\n <article>\n <h2><a name=\"10bed240\" href=\"https:\/\/www.hessenschau.de\/politik\/besoldung-beamte-in-hessen-bekommen-knapp-sechs-prozent-mehr-geld-v1,beamtenbesoldung-hessen-100.html\" rel=\"bookmark\" style=\"color:#333333; font-weight:bold;\" title=\"Link zum Artikel auf hessenschau.de\" target=\"_blank\">Besoldung: Beamte in Hessen bekommen knapp sechs Prozent mehr Geld<\/a><\/h2>\n <div class=\"entry\">\n  <p style=\"margin-bottom:4px;\">\n   <a href=\"https:\/\/www.hessenschau.de\/politik\/besoldung-beamte-in-hessen-bekommen-knapp-sechs-prozent-mehr-geld-v1,beamtenbesoldung-hessen-100.html\" target=\"_blank\"><img decoding=\"async\" src=\"https:\/\/www.hessenschau.de\/politik\/beamte-arbeit-100~_t-1788325954465_v-16to9.jpg\" style=\"align:left !important; float:left !important; margin-top:4px !important; margin-right:8px !important; margin-bottom:4px !important; width:90px !important;\" \/><\/a>   Hessische Beamte und Pension&auml;re bekommen mehr Geld. Das beschloss der Landtag mit den Stimmen der schwarz-roten Regierung. Die Opposition sieht besonders ein verankertes Familieneink&uuml;nftemodell als rechtlich bedenklich. ...<br clear=\"all\" \/>  <\/p>\n  <div><span class=\"my_article_details\"><time datetime=\"2026-09-01\">01.09.2026<\/time> &middot; Hessen &middot; Landtag &middot; <\/span><a href=\"https:\/\/www.hessenschau.de\/politik\/besoldung-beamte-in-hessen-bekommen-knapp-sechs-prozent-mehr-geld-v1,beamtenbesoldung-hessen-100.html\" title=\"Link zum Artikel auf hessenschau.de\" target=\"_blank\">hessenschau.de<\/a><\/div>\n  <b><\/b>\n <\/div>\n <\/article>\n<\/div>\n<div class=\"post\" style=\"margin-bottom:40px;\">\n <article>\n <h2><a name=\"c363c9dd\" href=\"https:\/\/www.hessenschau.de\/gesellschaft\/hebamme-in-offenbach-wie-ein-mann-im-kreisssaal-seine-berufung-fand-v1,maennliche-hebamme-100.html\" rel=\"bookmark\" style=\"color:#333333; font-weight:bold;\" title=\"Link zum Artikel auf hessenschau.de\" target=\"_blank\">Hebamme in Offenbach: Wie ein Mann im Krei\u00dfsaal seine Berufung fand<\/a><\/h2>\n <div class=\"entry\">\n  <p style=\"margin-bottom:4px;\">\n   <a href=\"https:\/\/www.hessenschau.de\/gesellschaft\/hebamme-in-offenbach-wie-ein-mann-im-kreisssaal-seine-berufung-fand-v1,maennliche-hebamme-100.html\" target=\"_blank\"><img decoding=\"async\" src=\"https:\/\/www.hessenschau.de\/panorama\/maennliche-hebamme-102~_t-1788282898293_v-16to9.jpg\" style=\"align:left !important; float:left !important; margin-top:4px !important; margin-right:8px !important; margin-bottom:4px !important; width:90px !important;\" \/><\/a>   Roman Linares-Ebert hat in seinem Leben schon einige Berufe ausprobiert. Als Hebamme im Sana-Klinikum Offenbach hat er seine Berufung gefunden. Hier erz&auml;hlt er, wie er bei Patientinnen ankommt \u2013 und was er anderen M&auml;nnern mitgeben m&ouml;chte. ...<br clear=\"all\" \/>  <\/p>\n  <div><span class=\"my_article_details\"><time datetime=\"2026-09-01\">01.09.2026<\/time> &middot; <a href=\"\/news\/sana-klinikum-offenbach\" title=\"Sana Klinikum Offenbach\">Klinik<\/a> &middot; <a href=\"\/news\/offenbach-aktuell\" title=\"Offenbach heute aktuell\">Offenbach<\/a> &middot; <\/span><a href=\"https:\/\/www.hessenschau.de\/gesellschaft\/hebamme-in-offenbach-wie-ein-mann-im-kreisssaal-seine-berufung-fand-v1,maennliche-hebamme-100.html\" title=\"Link zum Artikel auf hessenschau.de\" target=\"_blank\">hessenschau.de<\/a><\/div>\n  <b><\/b>\n <\/div>\n <\/article>\n<\/div>\n<div class=\"post\" style=\"margin-bottom:40px;\">\n <article>\n <h2><a name=\"dce110b0\" href=\"https:\/\/of-news.de\/dreieich\/ritter-recken-und-turmlegenden-dreieichenhain-ruestet-sich-fuer-das-hayner-burgfest-2026-170058\/\" rel=\"bookmark\" style=\"color:#333333; font-weight:bold;\" title=\"Link zum Artikel auf of-news.de\" target=\"_blank\">Ritter, Recken und Turmlegenden: Dreieichenhain r\u00fcstet sich f\u00fcr das Hayner Burgfest 2026<\/a><\/h2>\n <div class=\"entry\">\n  <p style=\"margin-bottom:4px;\">\n   <a href=\"https:\/\/of-news.de\/dreieich\/ritter-recken-und-turmlegenden-dreieichenhain-ruestet-sich-fuer-das-hayner-burgfest-2026-170058\/\" target=\"_blank\"><img decoding=\"async\" src=\"\/feeds\/gfx\/of-news.de.png\" style=\"align:left !important; float:left !important; margin-top:4px !important; margin-right:8px !important; margin-bottom:4px !important; width:90px !important;\" \/><\/a>   Am zweiten Septemberwochenende verwandelt sich die historische Altstadt von Dreieichenhain anl&auml;sslich des Hayner Burgfestes erneut in einen Schauplatz des Mittelalters. Vom 11. bis zum 13. September 2026 laden die ausrichtenden Vereine zu der Gro&szlig;veranstaltung ...<br clear=\"all\" \/>  <\/p>\n  <div><span class=\"my_article_details\"><time datetime=\"2026-09-01\">01.09.2026<\/time> &middot; <a href=\"\/news\/dreieich-aktuell\" title=\"Dreieich heute aktuell\">Dreieich<\/a> &middot; <a href=\"\/news\/dreieich-nachrichten\" title=\"Dreieich Nachrichten\">News<\/a> &middot; <\/span><a href=\"https:\/\/of-news.de\/dreieich\/ritter-recken-und-turmlegenden-dreieichenhain-ruestet-sich-fuer-das-hayner-burgfest-2026-170058\/\" title=\"Link zum Artikel auf of-news.de\" target=\"_blank\">of-news.de<\/a><\/div>\n  <b><\/b>\n <\/div>\n <\/article>\n<\/div>\n<div class=\"post\" style=\"margin-bottom:40px;\">\n <article>\n <h2><a name=\"12178d57\" href=\"https:\/\/of-news.de\/dreieich\/rund-500-gaeste-auf-dem-sommerfest-tierheim-dreieich-informiert-ueber-regionale-tierschutzarbeit-170055\/\" rel=\"bookmark\" style=\"color:#333333; font-weight:bold;\" title=\"Link zum Artikel auf of-news.de\" target=\"_blank\">Rund 500 G\u00e4ste auf dem Sommerfest: Tierheim Dreieich informiert \u00fcber regionale Tierschutzarbeit<\/a><\/h2>\n <div class=\"entry\">\n  <p style=\"margin-bottom:4px;\">\n   <a href=\"https:\/\/of-news.de\/dreieich\/rund-500-gaeste-auf-dem-sommerfest-tierheim-dreieich-informiert-ueber-regionale-tierschutzarbeit-170055\/\" target=\"_blank\"><img decoding=\"async\" src=\"\/feeds\/gfx\/of-news.de.png\" style=\"align:left !important; float:left !important; margin-top:4px !important; margin-right:8px !important; margin-bottom:4px !important; width:90px !important;\" \/><\/a>   Das Tierheim in Dreieich hat am vergangenen Sonntag sein diesj&auml;hriges Sommerfest veranstaltet. Rund 500 Besucherinnen und Besucher nutzten nach Angaben der Organisatoren die Gelegenheit, sich vor Ort &uuml;ber die Belange des regionalen Tierschutzes zu informieren ...<br clear=\"all\" \/>  <\/p>\n  <div><span class=\"my_article_details\"><time datetime=\"2026-09-01\">01.09.2026<\/time> &middot; <a href=\"\/news\/braende-offenbach-am-main\" title=\"Br\u00e4nde Offenbach am Main\">Brand<\/a> &middot; <a href=\"\/news\/dreieich-aktuell\" title=\"Dreieich heute aktuell\">Dreieich<\/a> &middot; <a href=\"\/news\/dreieich-nachrichten\" title=\"Dreieich Nachrichten\">News<\/a> &middot; <\/span><a href=\"https:\/\/of-news.de\/dreieich\/rund-500-gaeste-auf-dem-sommerfest-tierheim-dreieich-informiert-ueber-regionale-tierschutzarbeit-170055\/\" title=\"Link zum Artikel auf of-news.de\" target=\"_blank\">of-news.de<\/a><\/div>\n  <b><\/b>\n <\/div>\n <\/article>\n<\/div>\n<div class=\"post\" style=\"margin-bottom:40px;\">\n <article>\n <h2><a name=\"1a67a995\" href=\"https:\/\/www.op-online.de\/region\/dreieich\/theaterspaziergang-zeigt-burg-hayn-spielte-schluesselrolle-beim-gang-nach-canossa-94469535.html\" rel=\"bookmark\" style=\"color:#333333; font-weight:bold;\" title=\"Link zum Artikel auf op-online.de\" target=\"_blank\">Theaterspaziergang zeigt: Burg Hayn spielte Rolle beim Gang nach Canossa<\/a><\/h2>\n <div class=\"entry\">\n  <p style=\"margin-bottom:4px;\">\n   <a href=\"https:\/\/www.op-online.de\/region\/dreieich\/theaterspaziergang-zeigt-burg-hayn-spielte-schluesselrolle-beim-gang-nach-canossa-94469535.html\" target=\"_blank\"><img decoding=\"async\" src=\"https:\/\/www.op-online.de\/assets\/images\/43\/853\/43853287-theater-burg-hayn-1vef.jpg\" style=\"align:left !important; float:left !important; margin-top:4px !important; margin-right:8px !important; margin-bottom:4px !important; width:90px !important;\" \/><\/a>   Das Ehepaar Grevel hat zum Burgjubil&auml;um ein St&uuml;ck entwickelt, das eine urkundliche Erw&auml;hnung aus dem Jahr 1076 aufgreift.<br clear=\"all\" \/>  <\/p>\n  <div><span class=\"my_article_details\"><time datetime=\"2026-09-01\">01.09.2026<\/time> &middot; <a href=\"\/news\/dreieich-aktuell\" title=\"Dreieich heute aktuell\">Dreieich<\/a> &middot; <a href=\"\/news\/dreieich-nachrichten\" title=\"Dreieich Nachrichten\">News<\/a> &middot; <\/span><a href=\"https:\/\/www.op-online.de\/region\/dreieich\/theaterspaziergang-zeigt-burg-hayn-spielte-schluesselrolle-beim-gang-nach-canossa-94469535.html\" title=\"Link zum Artikel auf op-online.de\" target=\"_blank\">op-online.de<\/a><\/div>\n  <b><\/b>\n <\/div>\n <\/article>\n<\/div>\n<div class=\"post\" style=\"margin-bottom:40px;\">\n <article>\n <h2><a name=\"96309836\" href=\"https:\/\/www.dreieich.de\/rathaus-service\/presse-medien\/pressemitteilungen\/2026\/woche-der-klimaanpassung-dreieich-beteiligt-sich-mit-zwei-veranstaltungen\/\" rel=\"bookmark\" style=\"color:#333333; font-weight:bold;\" title=\"Link zum Artikel auf dreieich.de\" target=\"_blank\">Woche der Klimaanpassung: Dreieich beteiligt sich mit zwei Veranstaltungen<\/a><\/h2>\n <div class=\"entry\">\n  <p style=\"margin-bottom:4px;\">\n   <a href=\"https:\/\/www.dreieich.de\/rathaus-service\/presse-medien\/pressemitteilungen\/2026\/woche-der-klimaanpassung-dreieich-beteiligt-sich-mit-zwei-veranstaltungen\/\" target=\"_blank\"><img decoding=\"async\" src=\"https:\/\/www.dreieich.de\/rathaus-service\/presse-medien\/pressemitteilungen\/2026\/woche-der-klimaanpassung-dreieich-beteiligt-sich-mit-zwei-veranstaltungen\/earth-day-environment-concept-and-eco-concept-2026-01-09-07-31-53-utc.jpg?cid=1r5v.8h5y&resize=ad517b%3a1024x768c\" style=\"align:left !important; float:left !important; margin-top:4px !important; margin-right:8px !important; margin-bottom:4px !important; width:90px !important;\" \/><\/a>   Mit der F&uuml;hrung \u201eWald im (Klima-)Wandel\u201c und der Radtour \u201eAus Grau wird Gr&uuml;n\u201c beteiligt sich die Stadt an der \u201eWoche der Klimaanpassung\u201c, einem gemeinsamen Projekt des Bundesministeriums f&uuml;r Umwelt, Klimaschutz, Naturschutz und nukleare Sicherheit (BMUKN) und ...<br clear=\"all\" \/>  <\/p>\n  <div><span class=\"my_article_details\"><time datetime=\"2026-09-01\">01.09.2026<\/time> &middot; <a href=\"\/news\/dreieich-aktuell\" title=\"Dreieich heute aktuell\">Dreieich<\/a> &middot; <a href=\"\/news\/dreieich-nachrichten\" title=\"Dreieich Nachrichten\">News<\/a> &middot; <\/span><a href=\"https:\/\/www.dreieich.de\/rathaus-service\/presse-medien\/pressemitteilungen\/2026\/woche-der-klimaanpassung-dreieich-beteiligt-sich-mit-zwei-veranstaltungen\/\" title=\"Link zum Artikel auf dreieich.de\" target=\"_blank\">dreieich.de<\/a><\/div>\n  <b><\/b>\n <\/div>\n <\/article>\n<\/div>\n<div class=\"post\" style=\"margin-bottom:40px;\">\n <article>\n <h2><a name=\"7d82d033\" href=\"https:\/\/www.dreieich.de\/rathaus-service\/presse-medien\/pressemitteilungen\/verkehr\/2026\/verkehrsinformation-dreieichenhain-umleitungen-waehrend-burgfest\/\" rel=\"bookmark\" style=\"color:#333333; font-weight:bold;\" title=\"Link zum Artikel auf dreieich.de\" target=\"_blank\">Verkehrsinformation Dreieichenhain: Umleitungen w\u00e4hrend Burgfest<\/a><\/h2>\n <div class=\"entry\">\n  <p style=\"margin-bottom:4px;\">\n   <a href=\"https:\/\/www.dreieich.de\/rathaus-service\/presse-medien\/pressemitteilungen\/verkehr\/2026\/verkehrsinformation-dreieichenhain-umleitungen-waehrend-burgfest\/\" target=\"_blank\"><img decoding=\"async\" src=\"https:\/\/www.dreieich.de\/rathaus-service\/presse-medien\/pressemitteilungen\/verkehr\/2026\/verkehrsinformation-dreieichenhain-umleitungen-waehrend-burgfest\/light-trails-2026-01-09-06-49-12-utc.jpg?cid=1r5u.8he2&resize=a90256%3a1024x768c\" style=\"align:left !important; float:left !important; margin-top:4px !important; margin-right:8px !important; margin-bottom:4px !important; width:90px !important;\" \/><\/a>   Aufgrund des \u201eHayner Burgfestes\u201c vom 11. bis 13. September 2026 in der Burg Dreieichenhain und in der Fahrgasse werden Fahrzeuge und Linienbusse umgeleitet. Hinweisschilder auf Umleitungsstrecken werden aufgestellt.<br clear=\"all\" \/>  <\/p>\n  <div><span class=\"my_article_details\"><time datetime=\"2026-09-01\">01.09.2026<\/time> &middot; <a href=\"\/news\/dreieich-aktuell\" title=\"Dreieich heute aktuell\">Dreieich<\/a> &middot; <a href=\"\/news\/dreieich-nachrichten\" title=\"Dreieich Nachrichten\">News<\/a> &middot; <\/span><a href=\"https:\/\/www.dreieich.de\/rathaus-service\/presse-medien\/pressemitteilungen\/verkehr\/2026\/verkehrsinformation-dreieichenhain-umleitungen-waehrend-burgfest\/\" title=\"Link zum Artikel auf dreieich.de\" target=\"_blank\">dreieich.de<\/a><\/div>\n  <b><\/b>\n <\/div>\n <\/article>\n<\/div>\n<div class=\"post\" style=\"margin-bottom:40px;\">\n <article>\n <h2><a name=\"cc679144\" href=\"https:\/\/www.dreieich.de\/rathaus-service\/presse-medien\/pressemitteilungen\/2026\/brennholz-aus-dem-stadtwald\/\" rel=\"bookmark\" style=\"color:#333333; font-weight:bold;\" title=\"Link zum Artikel auf dreieich.de\" target=\"_blank\">Dreieich: Brennholz aus dem Stadtwald<\/a><\/h2>\n <div class=\"entry\">\n  <p style=\"margin-bottom:4px;\">\n   <a href=\"https:\/\/www.dreieich.de\/rathaus-service\/presse-medien\/pressemitteilungen\/2026\/brennholz-aus-dem-stadtwald\/\" target=\"_blank\"><img decoding=\"async\" src=\"https:\/\/www.dreieich.de\/rathaus-service\/presse-medien\/pressemitteilungen\/2026\/brennholz-aus-dem-stadtwald\/dlb-holzstapel.jpg?cid=1t40.8hdz&resize=21f0ce%3a1024x768c\" style=\"align:left !important; float:left !important; margin-top:4px !important; margin-right:8px !important; margin-bottom:4px !important; width:90px !important;\" \/><\/a>   Ab sofort kann wieder Brennholz aus dem Stadtwald von den B&uuml;rgerinnen und B&uuml;rgern Dreieichs in haushalts&uuml;blichen Mengen &uuml;ber eine digitale Brennholzb&ouml;rse gekauft werden.<br clear=\"all\" \/>  <\/p>\n  <div><span class=\"my_article_details\"><time datetime=\"2026-09-01\">01.09.2026<\/time> &middot; <a href=\"\/news\/dreieich-aktuell\" title=\"Dreieich heute aktuell\">Dreieich<\/a> &middot; <a href=\"\/news\/dreieich-nachrichten\" title=\"Dreieich Nachrichten\">News<\/a> &middot; <\/span><a href=\"https:\/\/www.dreieich.de\/rathaus-service\/presse-medien\/pressemitteilungen\/2026\/brennholz-aus-dem-stadtwald\/\" title=\"Link zum Artikel auf dreieich.de\" target=\"_blank\">dreieich.de<\/a><\/div>\n  <b><\/b>\n <\/div>\n <\/article>\n<\/div>\n<div class=\"post\" style=\"margin-bottom:40px;\">\n <article>\n <h2><a name=\"1c611ff2\" href=\"https:\/\/www.op-online.de\/region\/langen\/drk-baut-rettungswache-in-langen-fuer-rund-millionen-euro-um-94468603.html\" rel=\"bookmark\" style=\"color:#333333; font-weight:bold;\" title=\"Link zum Artikel auf op-online.de\" target=\"_blank\">DRK rei\u00dft Rettungswache in Langen ab \u2013 3-Millionen-Neubau soll bis 2028 fertig sein<\/a><\/h2>\n <div class=\"entry\">\n  <p style=\"margin-bottom:4px;\">\n   <a href=\"https:\/\/www.op-online.de\/region\/langen\/drk-baut-rettungswache-in-langen-fuer-rund-millionen-euro-um-94468603.html\" target=\"_blank\"><img decoding=\"async\" src=\"https:\/\/www.op-online.de\/assets\/images\/43\/906\/43906226-die-rettungswagen-halle-an-der-asklepios-klinik-in-der-roentgenstrasse-ist-in-die-jahre-gekommen-das-drk-plant-das-gebaeude-abzureissen-und-bis-2028-3uef.jpg\" style=\"align:left !important; float:left !important; margin-top:4px !important; margin-right:8px !important; margin-bottom:4px !important; width:90px !important;\" \/><\/a>   Das 1999 errichtete Geb&auml;ude an der Asklepios-Klinik in Langen (Kreis Offenbach) wird ab Januar 2027 abgerissen und neu gebaut.<br clear=\"all\" \/>  <\/p>\n  <div><span class=\"my_article_details\"><time datetime=\"2026-09-01\">01.09.2026<\/time> &middot; <a href=\"\/news\/sana-klinikum-offenbach\" title=\"Sana Klinikum Offenbach\">Klinik<\/a> &middot; <a href=\"\/news\/offenbach-aktuell\" title=\"Offenbach heute aktuell\">Offenbach<\/a> &middot; <\/span><a href=\"https:\/\/www.op-online.de\/region\/langen\/drk-baut-rettungswache-in-langen-fuer-rund-millionen-euro-um-94468603.html\" title=\"Link zum Artikel auf op-online.de\" target=\"_blank\">op-online.de<\/a><\/div>\n  <b><\/b>\n <\/div>\n <\/article>\n<\/div>\n<div class=\"post\" style=\"margin-bottom:40px;\">\n <article>\n <h2><a name=\"37e3eb66\" href=\"https:\/\/www.op-online.de\/region\/dreieich\/feuerwehr-offenthal-zeigt-fettexplosion-und-wirbt-um-neue-mitglieder-94468523.html\" rel=\"bookmark\" style=\"color:#333333; font-weight:bold;\" title=\"Link zum Artikel auf op-online.de\" target=\"_blank\">Feuerwehr Offenthal zeigt Fettexplosion und wirbt um neue Mitglieder<\/a><\/h2>\n <div class=\"entry\">\n  <p style=\"margin-bottom:4px;\">\n   <a href=\"https:\/\/www.op-online.de\/region\/dreieich\/feuerwehr-offenthal-zeigt-fettexplosion-und-wirbt-um-neue-mitglieder-94468523.html\" target=\"_blank\"><img decoding=\"async\" src=\"https:\/\/www.op-online.de\/assets\/images\/43\/911\/43911782-andre-vonhof-und-katrin-fischer-mit-einigen-mitgliedern-der-kinderfeuerwehr-den-feuerfalken-kef.jpg\" style=\"align:left !important; float:left !important; margin-top:4px !important; margin-right:8px !important; margin-bottom:4px !important; width:90px !important;\" \/><\/a>   Die Freiwillige Feuerwehr Offenthal feiert ihr 140-j&auml;hriges Bestehen mit einem Tag der Feuerwehr. Neben Vorf&uuml;hrungen einer Fettexplosion k&ouml;nnen Besucher den Umgang mit Feuerl&ouml;schern &uuml;ben.<br clear=\"all\" \/>  <\/p>\n  <div><span class=\"my_article_details\"><time datetime=\"2026-09-01\">01.09.2026<\/time> &middot; <a href=\"\/news\/braende-offenbach-am-main\" title=\"Br\u00e4nde Offenbach am Main\">Feuerwehr<\/a> &middot; Offenthal &middot; <\/span><a href=\"https:\/\/www.op-online.de\/region\/dreieich\/feuerwehr-offenthal-zeigt-fettexplosion-und-wirbt-um-neue-mitglieder-94468523.html\" title=\"Link zum Artikel auf op-online.de\" target=\"_blank\">op-online.de<\/a><\/div>\n  <b><\/b>\n <\/div>\n <\/article>\n<\/div>\n<div class=\"post\" style=\"margin-bottom:40px;\">\n <article>\n <h2><a name=\"e256ef85\" href=\"https:\/\/www.presseportal.de\/blaulicht\/pm\/43561\/6343509\" rel=\"bookmark\" style=\"color:#333333; font-weight:bold;\" title=\"Link zum Artikel auf presseportal.de\" target=\"_blank\">Polizei Offenbach am Main: Pressemeldungen vom 01.09.2026<\/a><\/h2>\n <div class=\"entry\">\n  <p style=\"margin-bottom:4px;\">\n   <a href=\"https:\/\/www.presseportal.de\/blaulicht\/pm\/43561\/6343509\" target=\"_blank\"><img decoding=\"async\" src=\"\/feeds\/gfx\/POL-OF.jpg\" style=\"align:left !important; float:left !important; margin-top:4px !important; margin-right:8px !important; margin-bottom:4px !important; width:90px !important;\" \/><\/a>   ... <b>5. Fassade und Fenster durch unbekannten Wagenlenker besch\u00e4digt: Wer hat den Unfall beobachtet? - Langen<\/b>   (me) In der Bahnstra\u00dfe (40er-Hausnummern) auf dem Parkplatz einer dortigen Schule kam es zwischen Montag, 22 Uhr und Dienstag, 8 Uhr, zu einer Verkehrsunfallflucht, bei welcher ein Verkehrsteilnehmer einen Schaden von \u00fcber tausend Euro anrichtete. Mutma\u00dflich ...<br clear=\"all\" \/>  <\/p>\n  <div><span class=\"my_article_details\"><time datetime=\"2026-09-01\">01.09.2026<\/time> &middot; <a href=\"\/news\/dreieich-aktuell\" title=\"Dreieich heute aktuell\">Dreieich<\/a> &middot; <a href=\"\/news\/dreieich-polizeimeldungen\" title=\"Polizeieins\u00e4tze Dreieich\">Polizei<\/a> &middot; Sprendlingen &middot; <a href=\"\/news\/unfaelle-offenbach-am-main\" title=\"Unf\u00e4lle Offenbach am Main\">Unfall<\/a> &middot; <\/span><a href=\"https:\/\/www.presseportal.de\/blaulicht\/pm\/43561\/6343509\" title=\"Link zum Artikel auf presseportal.de\" target=\"_blank\">presseportal.de<\/a><\/div>\n  <b><\/b>\n <\/div>\n <\/article>\n<\/div>\n<div class=\"post\" style=\"margin-bottom:40px;\">\n <article>\n <h2><a name=\"cd6c8c4b\" href=\"https:\/\/www.heusenstamm.de\/de\/buerger-und-stadt\/pressecenter\/aktuelle-meldungen\/detail\/item\/8637\/aktuelle-vermessungsfluege-rund-um-den-flughafen-frankfurt\" rel=\"bookmark\" style=\"color:#333333; font-weight:bold;\" title=\"Link zum Artikel auf heusenstamm.de\" target=\"_blank\">Heusenstamm: Aktuelle Vermessungsfl\u00fcge rund um den Flughafen Frankfurt<\/a><\/h2>\n <div class=\"entry\">\n  <p style=\"margin-bottom:4px;\">\n   <a href=\"https:\/\/www.heusenstamm.de\/de\/buerger-und-stadt\/pressecenter\/aktuelle-meldungen\/detail\/item\/8637\/aktuelle-vermessungsfluege-rund-um-den-flughafen-frankfurt\" target=\"_blank\"><img decoding=\"async\" src=\"\/feeds\/gfx\/heusenstamm.de.png\" style=\"align:left !important; float:left !important; margin-top:4px !important; margin-right:8px !important; margin-bottom:4px !important; width:90px !important;\" \/><\/a>   <i>F\u00fcr diese Meldung existiert leider kein kurzer Auszug.<\/i><br clear=\"all\" \/>  <\/p>\n  <div><span class=\"my_article_details\"><time datetime=\"2026-09-01\">01.09.2026<\/time> &middot; <a href=\"\/news\/fluglaerm-offenbach-am-main\" title=\"Flugl\u00e4rm Offenbach am Main\">Flughafen<\/a> &middot; Frankfurt &middot; <\/span><a href=\"https:\/\/www.heusenstamm.de\/de\/buerger-und-stadt\/pressecenter\/aktuelle-meldungen\/detail\/item\/8637\/aktuelle-vermessungsfluege-rund-um-den-flughafen-frankfurt\" title=\"Link zum Artikel auf heusenstamm.de\" target=\"_blank\">heusenstamm.de<\/a><\/div>\n  <b><\/b>\n <\/div>\n <\/article>\n<\/div>\n<div class=\"post\" style=\"margin-bottom:40px;\">\n <article>\n <h2><a name=\"3b5a3945\" href=\"https:\/\/www.egelsbach.de\/rathaus-politik\/aktuelles\/neuigkeiten-der-gemeinde\/2026\/september\/vermessungsfluege-3-bis-6-september\/\" rel=\"bookmark\" style=\"color:#333333; font-weight:bold;\" title=\"Link zum Artikel auf egelsbach.de\" target=\"_blank\">Egelsbach: Weitere Vermessungsfl\u00fcge am Flughafen Frankfurt<\/a><\/h2>\n <div class=\"entry\">\n  <p style=\"margin-bottom:4px;\">\n   <a href=\"https:\/\/www.egelsbach.de\/rathaus-politik\/aktuelles\/neuigkeiten-der-gemeinde\/2026\/september\/vermessungsfluege-3-bis-6-september\/\" target=\"_blank\"><img decoding=\"async\" src=\"\/feeds\/gfx\/egelsbach.de.png\" style=\"align:left !important; float:left !important; margin-top:4px !important; margin-right:8px !important; margin-bottom:4px !important; width:90px !important;\" \/><\/a>   Vom 3. bis voraussichtlich 6. September 2026 wird das (ILS) Instrumentenlandesystem der S\u00fcdbahn des Frankfurter Flughafens vermessen. Ein speziell hierf\u00fcr ausger\u00fcstetes Messflugzeug \u00fcberpr\u00fcft dabei die Pr\u00e4zision der Signale, die f\u00fcr sichere Landungen erforderlich ...<br clear=\"all\" \/>  <\/p>\n  <div><span class=\"my_article_details\"><time datetime=\"2026-09-01\">01.09.2026<\/time> &middot; <a href=\"\/news\/fluglaerm-offenbach-am-main\" title=\"Flugl\u00e4rm Offenbach am Main\">Flughafen<\/a> &middot; Frankfurt &middot; <\/span><a href=\"https:\/\/www.egelsbach.de\/rathaus-politik\/aktuelles\/neuigkeiten-der-gemeinde\/2026\/september\/vermessungsfluege-3-bis-6-september\/\" title=\"Link zum Artikel auf egelsbach.de\" target=\"_blank\">egelsbach.de<\/a><\/div>\n  <b><\/b>\n <\/div>\n <\/article>\n<\/div>\n<div class=\"post\" style=\"margin-bottom:40px;\">\n <article>\n <h2><a name=\"cbd0529f\" href=\"https:\/\/www.kreis-offenbach.de\/Service\/Medienservice\/Aktuelle-Pressemitteilungen\/Pflegekurs-vermittelt-Wissen-f%C3%BCr-den-Alltag.php?object=tx,4013.5.1&ModID=7&FID=4013.3633.1&NavID=4013.211\" rel=\"bookmark\" style=\"color:#333333; font-weight:bold;\" title=\"Link zum Artikel auf kreis-offenbach.de\" target=\"_blank\">Pflegekurs vermittelt Wissen f\u00fcr den Alltag<\/a><\/h2>\n <div class=\"entry\">\n  <p style=\"margin-bottom:4px;\">\n   <a href=\"https:\/\/www.kreis-offenbach.de\/Service\/Medienservice\/Aktuelle-Pressemitteilungen\/Pflegekurs-vermittelt-Wissen-f%C3%BCr-den-Alltag.php?object=tx,4013.5.1&ModID=7&FID=4013.3633.1&NavID=4013.211\" target=\"_blank\"><img decoding=\"async\" src=\"\/feeds\/gfx\/kreis-offenbach.de.png\" style=\"align:left !important; float:left !important; margin-top:4px !important; margin-right:8px !important; margin-bottom:4px !important; width:90px !important;\" \/><\/a>   Wer einen nahestehenden Menschen zu Hause pflegt, \u00fcbernimmt viel Verantwortung. Gerade im Alltag entstehen dabei Situationen, auf die Angeh\u00f6rige nicht immer  ...<br clear=\"all\" \/>  <\/p>\n  <div><span class=\"my_article_details\"><time datetime=\"2026-09-01\">01.09.2026<\/time> &middot; <a href=\"\/news\/polizeieinsaetze-offenbach-am-main\" title=\"Polizeieins\u00e4tze Offenbach am Main\">Kreis Offenbach<\/a> &middot; <\/span><a href=\"https:\/\/www.kreis-offenbach.de\/Service\/Medienservice\/Aktuelle-Pressemitteilungen\/Pflegekurs-vermittelt-Wissen-f%C3%BCr-den-Alltag.php?object=tx,4013.5.1&ModID=7&FID=4013.3633.1&NavID=4013.211\" title=\"Link zum Artikel auf kreis-offenbach.de\" target=\"_blank\">kreis-offenbach.de<\/a><\/div>\n  <b><\/b>\n <\/div>\n <\/article>\n<\/div>\n<div class=\"post\" style=\"margin-bottom:40px;\">\n <article>\n <h2><a name=\"28ec95c6\" href=\"https:\/\/www.1730live.de\/2026\/08\/31\/luftverkehrsforum-des-unternehmerverbandes\/\" rel=\"bookmark\" style=\"color:#333333; font-weight:bold;\" title=\"Link zum Artikel auf 1730live.de\" target=\"_blank\">Luftverkehrsforum des Unternehmerverbandes<\/a><\/h2>\n <div class=\"entry\">\n  <p style=\"margin-bottom:4px;\">\n   <a href=\"https:\/\/www.1730live.de\/2026\/08\/31\/luftverkehrsforum-des-unternehmerverbandes\/\" target=\"_blank\"><img decoding=\"async\" src=\"\/feeds\/gfx\/1730live.de.png\" style=\"align:left !important; float:left !important; margin-top:4px !important; margin-right:8px !important; margin-bottom:4px !important; width:90px !important;\" \/><\/a>   Die deutsche Luftfahrt steckt weiterhin in der Krise. Der R&uuml;ckstand der Branche auf den Rest Europas ist so gro&szlig; wie nie seit Ende der Corona -Pandemie. W&auml;hrend viele Fluglinien und Flugh&auml;fen im europ&auml;ischen Ausland l&auml;ngst wieder so stark ausgelastet sind wie ...<br clear=\"all\" \/>  <\/p>\n  <div><span class=\"my_article_details\"><time datetime=\"2026-08-31\">31.08.2026<\/time> &middot; <a href=\"\/news\/fluglaerm-offenbach-am-main\" title=\"Flugl\u00e4rm Offenbach am Main\">Flughafen<\/a> &middot; Frankfurt &middot; <\/span><a href=\"https:\/\/www.1730live.de\/2026\/08\/31\/luftverkehrsforum-des-unternehmerverbandes\/\" title=\"Link zum Artikel auf 1730live.de\" target=\"_blank\">1730live.de<\/a><\/div>\n  <b><\/b>\n <\/div>\n <\/article>\n<\/div>\n<div class=\"post\" style=\"margin-bottom:40px;\">\n <article>\n <h2><a name=\"723a34d9\" href=\"https:\/\/www.dreieich.de\/rathaus-service\/presse-medien\/pressemitteilungen\/2026\/interkulturelle-wochen-fatma-nur-kizilok-erhaelt-posthum-den-integrationspreis-der-stadt-dreieich-2026\/\" rel=\"bookmark\" style=\"color:#333333; font-weight:bold;\" title=\"Link zum Artikel auf dreieich.de\" target=\"_blank\">Interkulturelle Wochen: Fatma Nur Kizilok erh\u00e4lt posthum den Integrationspreis der Stadt Dreieich 2026<\/a><\/h2>\n <div class=\"entry\">\n  <p style=\"margin-bottom:4px;\">\n   <a href=\"https:\/\/www.dreieich.de\/rathaus-service\/presse-medien\/pressemitteilungen\/2026\/interkulturelle-wochen-fatma-nur-kizilok-erhaelt-posthum-den-integrationspreis-der-stadt-dreieich-2026\/\" target=\"_blank\"><img decoding=\"async\" src=\"https:\/\/www.dreieich.de\/rathaus-service\/presse-medien\/pressemitteilungen\/2026\/interkulturelle-wochen-fatma-nur-kizilok-erhaelt-posthum-den-integrationspreis-der-stadt-dreieich-2026\/group-of-divers-people-2026-01-08-00-00-00-utc.jpg?cid=1r62.8ham&resize=37a3dc%3a1024x768c\" style=\"align:left !important; float:left !important; margin-top:4px !important; margin-right:8px !important; margin-bottom:4px !important; width:90px !important;\" \/><\/a>   Unter dem Leitmotiv \u201eMiteinander \u2013 F&uuml;reinander \u2013 Integration ist Teilhabe\u201c w&uuml;rdigt der Integrationspreis seit 2019 herausragendes Engagement f&uuml;r Zusammenhalt und Teilhabe in Dreieich. In diesem Jahr wurde der Preis nicht ausgeschrieben und es gab kein Bewerbungsverfahren: ...<br clear=\"all\" \/>  <\/p>\n  <div><span class=\"my_article_details\"><time datetime=\"2026-08-31\">31.08.2026<\/time> &middot; <a href=\"\/news\/dreieich-aktuell\" title=\"Dreieich heute aktuell\">Dreieich<\/a> &middot; <a href=\"\/news\/dreieich-nachrichten\" title=\"Dreieich Nachrichten\">News<\/a> &middot; <\/span><a href=\"https:\/\/www.dreieich.de\/rathaus-service\/presse-medien\/pressemitteilungen\/2026\/interkulturelle-wochen-fatma-nur-kizilok-erhaelt-posthum-den-integrationspreis-der-stadt-dreieich-2026\/\" title=\"Link zum Artikel auf dreieich.de\" target=\"_blank\">dreieich.de<\/a><\/div>\n  <b><\/b>\n <\/div>\n <\/article>\n<\/div>\n<div class=\"post\" style=\"margin-bottom:40px;\">\n <article>\n <h2><a name=\"902a7606\" href=\"https:\/\/www.rheinmainverlag.de\/2026\/08\/31\/druecken-statt-zoegern-250-schuelerinnen-und-schueler-werden-zu-lebensrettern\/\" rel=\"bookmark\" style=\"color:#333333; font-weight:bold;\" title=\"Link zum Artikel auf rheinmainverlag.de\" target=\"_blank\">Dr\u00fccken statt z\u00f6gern: 250 Sch\u00fclerinnen und Sch\u00fcler werden zu Lebensrettern<\/a><\/h2>\n <div class=\"entry\">\n  <p style=\"margin-bottom:4px;\">\n   <a href=\"https:\/\/www.rheinmainverlag.de\/2026\/08\/31\/druecken-statt-zoegern-250-schuelerinnen-und-schueler-werden-zu-lebensrettern\/\" target=\"_blank\"><img decoding=\"async\" src=\"\/feeds\/gfx\/rheinmainverlag.de.png\" style=\"align:left !important; float:left !important; margin-top:4px !important; margin-right:8px !important; margin-bottom:4px !important; width:90px !important;\" \/><\/a>   Rotary Club Offenbach-Dreieich, Kinderhilfestiftung e. V. und Asklepios Klinik Langen veranstalten am 26. August Aktionstag \u201eKids Save Lives\u201c Bei einem pl&ouml;tzlichen Herz-Kreislauf-Stillstand z&auml;hlt jede Minute. Bereits nach wenigen Minuten ohne ausreichende Sauerstoffversorgung ...<br clear=\"all\" \/>  <\/p>\n  <div><span class=\"my_article_details\"><time datetime=\"2026-08-31\">31.08.2026<\/time> &middot; <a href=\"\/news\/dreieich-aktuell\" title=\"Dreieich heute aktuell\">Dreieich<\/a> &middot; <a href=\"\/news\/dreieich-nachrichten\" title=\"Dreieich Nachrichten\">News<\/a> &middot; <\/span><a href=\"https:\/\/www.rheinmainverlag.de\/2026\/08\/31\/druecken-statt-zoegern-250-schuelerinnen-und-schueler-werden-zu-lebensrettern\/\" title=\"Link zum Artikel auf rheinmainverlag.de\" target=\"_blank\">rheinmainverlag.de<\/a><\/div>\n  <b><\/b>\n <\/div>\n <\/article>\n<\/div>\n<div class=\"post\" style=\"margin-bottom:40px;\">\n <article>\n <h2><a name=\"d1f0daba\" href=\"https:\/\/tg-dietzenbach.com\/2026\/08\/31\/wettkampftag-der-gau-mannschaftsmeisterschaften\/\" rel=\"bookmark\" style=\"color:#333333; font-weight:bold;\" title=\"Link zum Artikel auf tgd-sport.de\" target=\"_blank\">Sport: Wettkampftag der Gau-Meisterschaften<\/a><\/h2>\n <div class=\"entry\">\n  <p style=\"margin-bottom:4px;\">\n   <a href=\"https:\/\/tg-dietzenbach.com\/2026\/08\/31\/wettkampftag-der-gau-mannschaftsmeisterschaften\/\" target=\"_blank\"><img decoding=\"async\" src=\"\/feeds\/gfx\/tgd-sport.de.png\" style=\"align:left !important; float:left !important; margin-top:4px !important; margin-right:8px !important; margin-bottom:4px !important; width:90px !important;\" \/><\/a>   Erfolgreicher Wettkampftag f&uuml;r die Turnerinnen der TG Dietzenbach Am 29. August nahm die TG Dietzenbach mit gleich drei Mannschaften erfolgreich an der zweiten Runde der Gau-Mannschaftsmeisterschaften weiblich in Dreieich teil. Die Turnerinnen konnten mit sch&ouml;nen ...<br clear=\"all\" \/>  <\/p>\n  <div><span class=\"my_article_details\"><time datetime=\"2026-08-31\">31.08.2026<\/time> &middot; <a href=\"\/news\/dreieich-aktuell\" title=\"Dreieich heute aktuell\">Dreieich<\/a> &middot; <a href=\"\/news\/dreieich-nachrichten\" title=\"Dreieich Nachrichten\">News<\/a> &middot; <\/span><a href=\"https:\/\/tg-dietzenbach.com\/2026\/08\/31\/wettkampftag-der-gau-mannschaftsmeisterschaften\/\" title=\"Link zum Artikel auf tgd-sport.de\" target=\"_blank\">tgd-sport.de<\/a><\/div>\n  <b><\/b>\n <\/div>\n <\/article>\n<\/div>\n<div class=\"post\" style=\"margin-bottom:40px;\">\n <article>\n <h2><a name=\"22c8a8db\" href=\"https:\/\/www.presseportal.de\/blaulicht\/pm\/43561\/6342886\" rel=\"bookmark\" style=\"color:#333333; font-weight:bold;\" title=\"Link zum Artikel auf presseportal.de\" target=\"_blank\">Polizei Offenbach am Main: Pressemeldungen vom 31.08.2026<\/a><\/h2>\n <div class=\"entry\">\n  <p style=\"margin-bottom:4px;\">\n   <a href=\"https:\/\/www.presseportal.de\/blaulicht\/pm\/43561\/6342886\" target=\"_blank\"><img decoding=\"async\" src=\"\/feeds\/gfx\/POL-OF.jpg\" style=\"align:left !important; float:left !important; margin-top:4px !important; margin-right:8px !important; margin-bottom:4px !important; width:90px !important;\" \/><\/a>   ... <b>4. Mercedes Vito zerkratzt: Zeugensuche! - Dreieich<\/b>   (fg) Unbekannte haben zwischen Freitagabend, 19.30 Uhr und Samstagnachmittag, 16 Uhr, einen in der Stra\u00dfe \"Im Weibelfeld\" (einstellige Hausnummern) in Sprendlingen abgestellten Mercedes Vito zerkratzt und hierdurch einen Schaden von mehreren tausend Euro ...<br clear=\"all\" \/>  <\/p>\n  <div><span class=\"my_article_details\"><time datetime=\"2026-08-31\">31.08.2026<\/time> &middot; <a href=\"\/news\/dreieich-aktuell\" title=\"Dreieich heute aktuell\">Dreieich<\/a> &middot; <a href=\"\/news\/dreieich-polizeimeldungen\" title=\"Polizeieins\u00e4tze Dreieich\">Polizei<\/a> &middot; Sprendlingen &middot; <\/span><a href=\"https:\/\/www.presseportal.de\/blaulicht\/pm\/43561\/6342886\" title=\"Link zum Artikel auf presseportal.de\" target=\"_blank\">presseportal.de<\/a><\/div>\n  <b><\/b>\n <\/div>\n <\/article>\n<\/div>\n<div class=\"post\" style=\"margin-bottom:40px;\">\n <article>\n <h2><a name=\"ab195820\" href=\"https:\/\/www.op-online.de\/region\/dreieich\/hoschebaafest-ueber-1000-gaeste-am-freitagabend-trotz-regenschauer-94466393.html\" rel=\"bookmark\" style=\"color:#333333; font-weight:bold;\" title=\"Link zum Artikel auf op-online.de\" target=\"_blank\">Hoschebaafest: Ekstase auf dem Lindenplatz<\/a><\/h2>\n <div class=\"entry\">\n  <p style=\"margin-bottom:4px;\">\n   <a href=\"https:\/\/www.op-online.de\/region\/dreieich\/hoschebaafest-ueber-1000-gaeste-am-freitagabend-trotz-regenschauer-94466393.html\" target=\"_blank\"><img decoding=\"async\" src=\"https:\/\/www.op-online.de\/assets\/images\/43\/898\/43898452-hoschebaafest-pfund-1RzK5RU02Lef.jpg\" style=\"align:left !important; float:left !important; margin-top:4px !important; margin-right:8px !important; margin-bottom:4px !important; width:90px !important;\" \/><\/a>   Die Sprendlinger Turngemeinde lockt mit Livemusik, Familienspa&szlig; und Gewinnspielen die Massen an. Am Sonntag startet erstmals ein Entenrennen auf dem Hengstbach.<br clear=\"all\" \/>  <\/p>\n  <div><span class=\"my_article_details\"><time datetime=\"2026-08-31\">31.08.2026<\/time> &middot; <a href=\"\/news\/dreieich-aktuell\" title=\"Dreieich heute aktuell\">Dreieich<\/a> &middot; <a href=\"\/news\/dreieich-nachrichten\" title=\"Dreieich Nachrichten\">News<\/a> &middot; <\/span><a href=\"https:\/\/www.op-online.de\/region\/dreieich\/hoschebaafest-ueber-1000-gaeste-am-freitagabend-trotz-regenschauer-94466393.html\" title=\"Link zum Artikel auf op-online.de\" target=\"_blank\">op-online.de<\/a><\/div>\n  <b><\/b>\n <\/div>\n <\/article>\n<\/div>\n<div class=\"post\" style=\"margin-bottom:40px;\">\n <article>\n <h2><a name=\"5b58c3cb\" href=\"https:\/\/www.kreis-offenbach.de\/Service\/Medienservice\/Aktuelle-Pressemitteilungen\/Kreis-f%C3%B6rdert-neue-Spezialausr%C3%BCstung-f%C3%BCr-Gefahrguteins%C3%A4tze.php?object=tx,4013.5.1&ModID=7&FID=4013.3629.1&NavID=4013.211\" rel=\"bookmark\" style=\"color:#333333; font-weight:bold;\" title=\"Link zum Artikel auf kreis-offenbach.de\" target=\"_blank\">Kreis f\u00f6rdert neue Spezialausr\u00fcstung f\u00fcr Gefahrguteins\u00e4tze<\/a><\/h2>\n <div class=\"entry\">\n  <p style=\"margin-bottom:4px;\">\n   <a href=\"https:\/\/www.kreis-offenbach.de\/Service\/Medienservice\/Aktuelle-Pressemitteilungen\/Kreis-f%C3%B6rdert-neue-Spezialausr%C3%BCstung-f%C3%BCr-Gefahrguteins%C3%A4tze.php?object=tx,4013.5.1&ModID=7&FID=4013.3629.1&NavID=4013.211\" target=\"_blank\"><img decoding=\"async\" src=\"\/feeds\/gfx\/kreis-offenbach.de.png\" style=\"align:left !important; float:left !important; margin-top:4px !important; margin-right:8px !important; margin-bottom:4px !important; width:90px !important;\" \/><\/a>   Feuerwehr Neu-Isenburg erh\u00e4lt Zuschuss \u00fcber 80.000 Euro<br clear=\"all\" \/>  <\/p>\n  <div><span class=\"my_article_details\"><time datetime=\"2026-08-30\">30.08.2026<\/time> &middot; <a href=\"\/news\/braende-offenbach-am-main\" title=\"Br\u00e4nde Offenbach am Main\">Feuerwehr<\/a> &middot; <a href=\"\/news\/polizeieinsaetze-offenbach-am-main\" title=\"Polizeieins\u00e4tze Offenbach am Main\">Kreis Offenbach<\/a> &middot; <\/span><a href=\"https:\/\/www.kreis-offenbach.de\/Service\/Medienservice\/Aktuelle-Pressemitteilungen\/Kreis-f%C3%B6rdert-neue-Spezialausr%C3%BCstung-f%C3%BCr-Gefahrguteins%C3%A4tze.php?object=tx,4013.5.1&ModID=7&FID=4013.3629.1&NavID=4013.211\" title=\"Link zum Artikel auf kreis-offenbach.de\" target=\"_blank\">kreis-offenbach.de<\/a><\/div>\n  <b><\/b>\n <\/div>\n <\/article>\n<\/div>\n<div class=\"post\" style=\"margin-bottom:40px;\">\n <article>\n <h2><a name=\"d2723e59\" href=\"https:\/\/www.op-online.de\/region\/dreieich\/vhs-kreis-offenbach-eroeffnet-pop-up-store-mit-pub-quiz-und-plattenabend-94465094.html\" rel=\"bookmark\" style=\"color:#333333; font-weight:bold;\" title=\"Link zum Artikel auf op-online.de\" target=\"_blank\">VHS bezieht Pop-up-Store in Sprendlinger Innenstadt: Pub-Quiz und Plattenabend geplant<\/a><\/h2>\n <div class=\"entry\">\n  <p style=\"margin-bottom:4px;\">\n   <a href=\"https:\/\/www.op-online.de\/region\/dreieich\/vhs-kreis-offenbach-eroeffnet-pop-up-store-mit-pub-quiz-und-plattenabend-94465094.html\" target=\"_blank\"><img decoding=\"async\" src=\"https:\/\/www.op-online.de\/assets\/images\/43\/871\/43871640-ebbe-volquardsen-konzipiert-den-popup-store-der-vhs-41ef.jpg\" style=\"align:left !important; float:left !important; margin-top:4px !important; margin-right:8px !important; margin-bottom:4px !important; width:90px !important;\" \/><\/a>   Die Volkshochschule Kreis Offenbach bringt ein umfangreiches Programm in die tempor&auml;re Ladenfl&auml;che. Dabei geht es auch darum, die Innenstadt lebendig zu halten.<br clear=\"all\" \/>  <\/p>\n  <div><span class=\"my_article_details\"><time datetime=\"2026-08-29\">29.08.2026<\/time> &middot; <a href=\"\/news\/dreieich-aktuell\" title=\"Dreieich heute aktuell\">Dreieich<\/a> &middot; <a href=\"\/news\/dreieich-nachrichten\" title=\"Dreieich Nachrichten\">News<\/a> &middot; <\/span><a href=\"https:\/\/www.op-online.de\/region\/dreieich\/vhs-kreis-offenbach-eroeffnet-pop-up-store-mit-pub-quiz-und-plattenabend-94465094.html\" title=\"Link zum Artikel auf op-online.de\" target=\"_blank\">op-online.de<\/a><\/div>\n  <b><\/b>\n <\/div>\n <\/article>\n<\/div>\n<div class=\"post\" style=\"margin-bottom:40px;\">\n <article>\n <h2><a name=\"7508385f\" href=\"https:\/\/www.op-online.de\/sport\/lokalsport\/michael-freund-gewinnt-neun-wm-medaillen-und-erfindet-den-hallenweltcup-94464753.html\" rel=\"bookmark\" style=\"color:#333333; font-weight:bold;\" title=\"Link zum Artikel auf op-online.de\" target=\"_blank\">Michael Freund gewinnt neun WM-Medaillen \u2013 und erfindet den Hallenweltcup<\/a><\/h2>\n <div class=\"entry\">\n  <p style=\"margin-bottom:4px;\">\n   <a href=\"https:\/\/www.op-online.de\/sport\/lokalsport\/michael-freund-gewinnt-neun-wm-medaillen-und-erfindet-den-hallenweltcup-94464753.html\" target=\"_blank\"><img decoding=\"async\" src=\"https:\/\/www.op-online.de\/assets\/images\/43\/578\/43578654-weltklasse-im-vierspaenner-michael-freund-hat-auch-beim-german-masters-2006-in-stuttgart-die-zuegel-fest-in-der-hand-1OaNEPvrfOef.jpg\" style=\"align:left !important; float:left !important; margin-top:4px !important; margin-right:8px !important; margin-bottom:4px !important; width:90px !important;\" \/><\/a>   Der Dreieicher ist dreifacher Weltmeister im Viersp&auml;nner und mehrfacher Deutscher Meister. Seinen neunten Titel gewinnt er vor 25 Jahren.<br clear=\"all\" \/>  <\/p>\n  <div><span class=\"my_article_details\"><time datetime=\"2026-08-28\">28.08.2026<\/time> &middot; <a href=\"\/news\/dreieich-aktuell\" title=\"Dreieich heute aktuell\">Dreieich<\/a> &middot; <a href=\"\/news\/dreieich-nachrichten\" title=\"Dreieich Nachrichten\">News<\/a> &middot; <\/span><a href=\"https:\/\/www.op-online.de\/sport\/lokalsport\/michael-freund-gewinnt-neun-wm-medaillen-und-erfindet-den-hallenweltcup-94464753.html\" title=\"Link zum Artikel auf op-online.de\" target=\"_blank\">op-online.de<\/a><\/div>\n  <b><\/b>\n <\/div>\n <\/article>\n<\/div>\n<div class=\"post\" style=\"margin-bottom:40px;\">\n <article>\n <h2><a name=\"d1416218\" href=\"https:\/\/www.dietzenbach.de\/Stadt-Rathaus\/Stadt\/Aktuelles\/Erfolgreiche-Freibadsaison-im-Waldschwimmbad-geht-zu-Ende.php?ModID=255&FID=3651.29583.1\" rel=\"bookmark\" style=\"color:#333333; font-weight:bold;\" title=\"Link zum Artikel auf dietzenbach.de\" target=\"_blank\">Dietzenbach: Erfolgreiche Freibadsaison im Waldschwimmbad geht zu Ende<\/a><\/h2>\n <div class=\"entry\">\n  <p style=\"margin-bottom:4px;\">\n   <a href=\"https:\/\/www.dietzenbach.de\/Stadt-Rathaus\/Stadt\/Aktuelles\/Erfolgreiche-Freibadsaison-im-Waldschwimmbad-geht-zu-Ende.php?ModID=255&FID=3651.29583.1\" target=\"_blank\"><img decoding=\"async\" src=\"\/feeds\/gfx\/dietzenbach.de.png\" style=\"align:left !important; float:left !important; margin-top:4px !important; margin-right:8px !important; margin-bottom:4px !important; width:90px !important;\" \/><\/a>   Bislang mehr als 92.000 Besucherinnen und Besucher in diesem Sommer Der Sommer 2026 hat sich noch einmal von seiner besten Seite gezeigt &ndash; und das Waldschwimmbad an der Offenthaler Stra&szlig;e 85 war ...<br clear=\"all\" \/>  <\/p>\n  <div><span class=\"my_article_details\"><time datetime=\"2026-08-28\">28.08.2026<\/time> &middot; Offenthal &middot; <\/span><a href=\"https:\/\/www.dietzenbach.de\/Stadt-Rathaus\/Stadt\/Aktuelles\/Erfolgreiche-Freibadsaison-im-Waldschwimmbad-geht-zu-Ende.php?ModID=255&FID=3651.29583.1\" title=\"Link zum Artikel auf dietzenbach.de\" target=\"_blank\">dietzenbach.de<\/a><\/div>\n  <b><\/b>\n <\/div>\n <\/article>\n<\/div>\n<div class=\"post\" style=\"margin-bottom:40px;\">\n <article>\n <h2><a name=\"fd4d44b6\" href=\"https:\/\/www.op-online.de\/offenbach\/starke-gewitter-drohen-dwd-mit-amtlicher-warnung-fuer-offenbach-kreis-und-mkk-94464111.html\" rel=\"bookmark\" style=\"color:#333333; font-weight:bold;\" title=\"Link zum Artikel auf op-online.de\" target=\"_blank\">Starke Gewitter drohen: DWD mit amtlicher Warnung f\u00fcr Offenbach, Kreis und MKK<\/a><\/h2>\n <div class=\"entry\">\n  <p style=\"margin-bottom:4px;\">\n   <a href=\"https:\/\/www.op-online.de\/offenbach\/starke-gewitter-drohen-dwd-mit-amtlicher-warnung-fuer-offenbach-kreis-und-mkk-94464111.html\" target=\"_blank\"><img decoding=\"async\" src=\"https:\/\/www.op-online.de\/assets\/images\/34\/653\/34653863-der-deutsche-wetterdienst-warnt-vor-starken-gewittern-in-der-region-1oef.jpg\" style=\"align:left !important; float:left !important; margin-top:4px !important; margin-right:8px !important; margin-bottom:4px !important; width:90px !important;\" \/><\/a>   Der Deutsche Wetterdienst warnt am Freitag vor starken Gewittern. Aktuell ist S&uuml;dosthessen von der Unwetter-Gefahr betroffen.<br clear=\"all\" \/>  <\/p>\n  <div><span class=\"my_article_details\"><time datetime=\"2026-08-28\">28.08.2026<\/time> &middot; <a href=\"\/news\/offenbach-aktuell\" title=\"Offenbach heute aktuell\">Offenbach<\/a> &middot; Wetter &middot; <\/span><a href=\"https:\/\/www.op-online.de\/offenbach\/starke-gewitter-drohen-dwd-mit-amtlicher-warnung-fuer-offenbach-kreis-und-mkk-94464111.html\" title=\"Link zum Artikel auf op-online.de\" target=\"_blank\">op-online.de<\/a><\/div>\n  <b><\/b>\n <\/div>\n <\/article>\n<\/div>\n<div class=\"post\" style=\"margin-bottom:40px;\">\n <article>\n <h2><a name=\"17ffc8e3\" href=\"https:\/\/www.rheinmainverlag.de\/2026\/08\/28\/gesundheitsamt-informiert-zum-aktuellen-stand-der-malaria-faelle-am-frankfurter-flughafen\/\" rel=\"bookmark\" style=\"color:#333333; font-weight:bold;\" title=\"Link zum Artikel auf rheinmainverlag.de\" target=\"_blank\">Gesundheitsamt informiert zum aktuellen Stand der Malaria-F\u00e4lle am Frankfurter Flughafen<\/a><\/h2>\n <div class=\"entry\">\n  <p style=\"margin-bottom:4px;\">\n   <a href=\"https:\/\/www.rheinmainverlag.de\/2026\/08\/28\/gesundheitsamt-informiert-zum-aktuellen-stand-der-malaria-faelle-am-frankfurter-flughafen\/\" target=\"_blank\"><img decoding=\"async\" src=\"\/feeds\/gfx\/rheinmainverlag.de.png\" style=\"align:left !important; float:left !important; margin-top:4px !important; margin-right:8px !important; margin-bottom:4px !important; width:90px !important;\" \/><\/a>   Kein erh&ouml;htes Gesundheitsrisiko f&uuml;r die Allgemeinbev&ouml;lkerung Im Zusammenhang mit den bereits bekannten sechs F&auml;llen von Malaria tropica bei Personen, die am Flughafen Frankfurt am Main t&auml;tig sind, sind zwei Erkrankte verstorben. Vier der sechs Betroffenen sind ...<br clear=\"all\" \/>  <\/p>\n  <div><span class=\"my_article_details\"><time datetime=\"2026-08-28\">28.08.2026<\/time> &middot; <a href=\"\/news\/fluglaerm-offenbach-am-main\" title=\"Flugl\u00e4rm Offenbach am Main\">Flughafen<\/a> &middot; Frankfurt &middot; <\/span><a href=\"https:\/\/www.rheinmainverlag.de\/2026\/08\/28\/gesundheitsamt-informiert-zum-aktuellen-stand-der-malaria-faelle-am-frankfurter-flughafen\/\" title=\"Link zum Artikel auf rheinmainverlag.de\" target=\"_blank\">rheinmainverlag.de<\/a><\/div>\n  <b><\/b>\n <\/div>\n <\/article>\n<\/div>\n<div class=\"post\" style=\"margin-bottom:40px;\">\n <article>\n <h2><a name=\"6146a94a\" href=\"https:\/\/ass-offenbach.de\/2026\/08\/28\/ausflug-ins-besucherzentrum-des-frankfurter-flughafens\/\" rel=\"bookmark\" style=\"color:#333333; font-weight:bold;\" title=\"Link zum Artikel auf ass-offenbach.de\" target=\"_blank\">Schule: Ausflug ins Besucherzentrum des Frankfurter Flughafens<\/a><\/h2>\n <div class=\"entry\">\n  <p style=\"margin-bottom:4px;\">\n   <a href=\"https:\/\/ass-offenbach.de\/2026\/08\/28\/ausflug-ins-besucherzentrum-des-frankfurter-flughafens\/\" target=\"_blank\"><img decoding=\"async\" src=\"\/feeds\/gfx\/ass-offenbach.de.jpg\" style=\"align:left !important; float:left !important; margin-top:4px !important; margin-right:8px !important; margin-bottom:4px !important; width:90px !important;\" \/><\/a>   Am Donnerstag, dem 27.08.2026, besuchten zwei Klassen der Albert-Schweitzer-Schule Offenbach das Besucherzentrum des Frankfurter Flughafens mit der Intention, mehr &uuml;ber die Berufe am Frankfurter Flughafen zu erfahren. Am \u201eFraport\u201c arbeiten aktuell um die 80.000 ...<br clear=\"all\" \/>  <\/p>\n  <div><span class=\"my_article_details\"><time datetime=\"2026-08-28\">28.08.2026<\/time> &middot; <a href=\"\/news\/fluglaerm-offenbach-am-main\" title=\"Flugl\u00e4rm Offenbach am Main\">Flughafen<\/a> &middot; Frankfurt &middot; <\/span><a href=\"https:\/\/ass-offenbach.de\/2026\/08\/28\/ausflug-ins-besucherzentrum-des-frankfurter-flughafens\/\" title=\"Link zum Artikel auf ass-offenbach.de\" target=\"_blank\">ass-offenbach.de<\/a><\/div>\n  <b><\/b>\n <\/div>\n <\/article>\n<\/div>\n<div class=\"post\" style=\"margin-bottom:40px;\">\n <article>\n <h2><a name=\"57462242\" href=\"https:\/\/www.op-online.de\/offenbach\/gewitter-und-sturm-richten-schaeden-in-hessen-an-live-warnkarte-zeigt-neue-unwetter-94463577.html\" rel=\"bookmark\" style=\"color:#333333; font-weight:bold;\" title=\"Link zum Artikel auf op-online.de\" target=\"_blank\">Gewitter und Sturm richten Sch\u00e4den in Hessen an \u2013 Live-Warnkarte zeigt neue Unwetter<\/a><\/h2>\n <div class=\"entry\">\n  <p style=\"margin-bottom:4px;\">\n   <a href=\"https:\/\/www.op-online.de\/offenbach\/gewitter-und-sturm-richten-schaeden-in-hessen-an-live-warnkarte-zeigt-neue-unwetter-94463577.html\" target=\"_blank\"><img decoding=\"async\" src=\"https:\/\/www.op-online.de\/assets\/images\/43\/877\/43877490-gewitter-ueber-der-rheinebene-Bef.jpg\" style=\"align:left !important; float:left !important; margin-top:4px !important; margin-right:8px !important; margin-bottom:4px !important; width:90px !important;\" \/><\/a>   Gewitter mit Sturmb&ouml;en haben in Hessen viele Eins&auml;tze ausgel&ouml;st. Auch in den kommenden Tagen bleibt es unruhig.<br clear=\"all\" \/>  <\/p>\n  <div><span class=\"my_article_details\"><time datetime=\"2026-08-28\">28.08.2026<\/time> &middot; <a href=\"\/news\/offenbach-aktuell\" title=\"Offenbach heute aktuell\">Offenbach<\/a> &middot; Sturm &middot; <\/span><a href=\"https:\/\/www.op-online.de\/offenbach\/gewitter-und-sturm-richten-schaeden-in-hessen-an-live-warnkarte-zeigt-neue-unwetter-94463577.html\" title=\"Link zum Artikel auf op-online.de\" target=\"_blank\">op-online.de<\/a><\/div>\n  <b><\/b>\n <\/div>\n <\/article>\n<\/div>\n<div class=\"post\" style=\"margin-bottom:40px;\">\n <article>\n <h2><a name=\"d305cb29\" href=\"https:\/\/www.kreis-offenbach.de\/Service\/Medienservice\/Aktuelle-Pressemitteilungen\/Volkshochschule-schafft-lebendigen-Ort-f%C3%BCr-Bildung-Kultur-und-Begegnungen.php?object=tx,4013.5.1&ModID=7&FID=4013.3627.1&NavID=4013.211\" rel=\"bookmark\" style=\"color:#333333; font-weight:bold;\" title=\"Link zum Artikel auf kreis-offenbach.de\" target=\"_blank\">Volkshochschule schafft lebendigen Ort f\u00fcr Bildung, Kultur und Begegnungen<\/a><\/h2>\n <div class=\"entry\">\n  <p style=\"margin-bottom:4px;\">\n   <a href=\"https:\/\/www.kreis-offenbach.de\/Service\/Medienservice\/Aktuelle-Pressemitteilungen\/Volkshochschule-schafft-lebendigen-Ort-f%C3%BCr-Bildung-Kultur-und-Begegnungen.php?object=tx,4013.5.1&ModID=7&FID=4013.3627.1&NavID=4013.211\" target=\"_blank\"><img decoding=\"async\" src=\"\/feeds\/gfx\/kreis-offenbach.de.png\" style=\"align:left !important; float:left !important; margin-top:4px !important; margin-right:8px !important; margin-bottom:4px !important; width:90px !important;\" \/><\/a>   Mit ihren Angeboten im vielseitigen Veranstaltungs- und Kursprogramm ist die Volkshochschule Kreis Offenbach seit jeher ganz nah an den Menschen. Jetzt  ...<br clear=\"all\" \/>  <\/p>\n  <div><span class=\"my_article_details\"><time datetime=\"2026-08-28\">28.08.2026<\/time> &middot; <a href=\"\/news\/polizeieinsaetze-offenbach-am-main\" title=\"Polizeieins\u00e4tze Offenbach am Main\">Kreis Offenbach<\/a> &middot; <\/span><a href=\"https:\/\/www.kreis-offenbach.de\/Service\/Medienservice\/Aktuelle-Pressemitteilungen\/Volkshochschule-schafft-lebendigen-Ort-f%C3%BCr-Bildung-Kultur-und-Begegnungen.php?object=tx,4013.5.1&ModID=7&FID=4013.3627.1&NavID=4013.211\" title=\"Link zum Artikel auf kreis-offenbach.de\" target=\"_blank\">kreis-offenbach.de<\/a><\/div>\n  <b><\/b>\n <\/div>\n <\/article>\n<\/div>\n<div class=\"post\" style=\"margin-bottom:40px;\">\n <article>\n <h2><a name=\"7e91fb3f\" href=\"https:\/\/www.stadtwerke-dreieich.de\/magazin\/beitrag\/guter-rat-in-geselliger-runde-die-neuen-energie-partys-der-stadtwerke-dreieich\" rel=\"bookmark\" style=\"color:#333333; font-weight:bold;\" title=\"Link zum Artikel auf stadtwerke-dreieich.de\" target=\"_blank\">Guter Rat in geselliger Runde: Die neuen Energie-Partys der Stadtwerke Dreieich<\/a><\/h2>\n <div class=\"entry\">\n  <p style=\"margin-bottom:4px;\">\n   <a href=\"https:\/\/www.stadtwerke-dreieich.de\/magazin\/beitrag\/guter-rat-in-geselliger-runde-die-neuen-energie-partys-der-stadtwerke-dreieich\" target=\"_blank\"><img decoding=\"async\" src=\"\/feeds\/gfx\/stadtwerke-dreieich.de.png\" style=\"align:left !important; float:left !important; margin-top:4px !important; margin-right:8px !important; margin-bottom:4px !important; width:90px !important;\" \/><\/a>   <i>F\u00fcr diese Meldung existiert leider kein kurzer Auszug.<\/i><br clear=\"all\" \/>  <\/p>\n  <div><span class=\"my_article_details\"><time datetime=\"2026-08-28\">28.08.2026<\/time> &middot; <a href=\"\/news\/dreieich-aktuell\" title=\"Dreieich heute aktuell\">Dreieich<\/a> &middot; <a href=\"\/news\/dreieich-nachrichten\" title=\"Dreieich Nachrichten\">News<\/a> &middot; <\/span><a href=\"https:\/\/www.stadtwerke-dreieich.de\/magazin\/beitrag\/guter-rat-in-geselliger-runde-die-neuen-energie-partys-der-stadtwerke-dreieich\" title=\"Link zum Artikel auf stadtwerke-dreieich.de\" target=\"_blank\">stadtwerke-dreieich.de<\/a><\/div>\n  <b><\/b>\n <\/div>\n <\/article>\n<\/div>\n<div class=\"post\" style=\"margin-bottom:40px;\">\n <article>\n <h2><a name=\"33532fdd\" href=\"https:\/\/of-news.de\/neu-isenburg\/kurzfristige-fahrbahnsanierung-fuehrt-zu-halbseitigen-sperrungen-der-friedhofstrasse-in-neu-isenburg-169941\/\" rel=\"bookmark\" style=\"color:#333333; font-weight:bold;\" title=\"Link zum Artikel auf of-news.de\" target=\"_blank\">Kurzfristige Fahrbahnsanierung f\u00fchrt zu halbseitigen Sperrungen der Friedhofstra\u00dfe in Neu-Isenburg<\/a><\/h2>\n <div class=\"entry\">\n  <p style=\"margin-bottom:4px;\">\n   <a href=\"https:\/\/of-news.de\/neu-isenburg\/kurzfristige-fahrbahnsanierung-fuehrt-zu-halbseitigen-sperrungen-der-friedhofstrasse-in-neu-isenburg-169941\/\" target=\"_blank\"><img decoding=\"async\" src=\"\/feeds\/gfx\/of-news.de.png\" style=\"align:left !important; float:left !important; margin-top:4px !important; margin-right:8px !important; margin-bottom:4px !important; width:90px !important;\" \/><\/a>   Aufgrund von erheblichen Stra&szlig;ensch&auml;den l&auml;sst Hessen Mobil ab dem 10. September einen Abschnitt der Landesstra&szlig;e 3117 in der Ortsdurchfahrt von Neu-Isenburg reparieren. Die Arbeiten an der lokal als Friedhofstra&szlig;e bekannten Verkehrsachse dauern voraussichtlich ...<br clear=\"all\" \/>  <\/p>\n  <div><span class=\"my_article_details\"><time datetime=\"2026-08-27\">27.08.2026<\/time> &middot; Sprendlingen &middot; <\/span><a href=\"https:\/\/of-news.de\/neu-isenburg\/kurzfristige-fahrbahnsanierung-fuehrt-zu-halbseitigen-sperrungen-der-friedhofstrasse-in-neu-isenburg-169941\/\" title=\"Link zum Artikel auf of-news.de\" target=\"_blank\">of-news.de<\/a><\/div>\n  <b><\/b>\n <\/div>\n <\/article>\n<\/div>\n<div class=\"post\" style=\"margin-bottom:40px;\">\n <article>\n <h2><a name=\"2e8f9822\" href=\"https:\/\/www.journal-frankfurt.de\/?src=journal_news_einzel&id=46173&from=feed\" rel=\"bookmark\" style=\"color:#333333; font-weight:bold;\" title=\"Link zum Artikel auf journal-frankfurt.de\" target=\"_blank\">Flughafen-Mitarbeiter sterben nach Malaria-Infektion<\/a><\/h2>\n <div class=\"entry\">\n  <p style=\"margin-bottom:4px;\">\n   <a href=\"https:\/\/www.journal-frankfurt.de\/?src=journal_news_einzel&id=46173&from=feed\" target=\"_blank\"><img decoding=\"async\" src=\"https:\/\/www.journal-frankfurt.de\/cache\/images\/news\/q180\/46173.jpg\" style=\"align:left !important; float:left !important; margin-top:4px !important; margin-right:8px !important; margin-bottom:4px !important; width:90px !important;\" \/><\/a>   Durch eingeschleppte M&uuml;cken haben sich am Flughafen sechs Mitarbeiter mit der Tropenkrankheit angesteckt. Zwei Besch&auml;ftigte verstarben an den Folgen.<br clear=\"all\" \/>  <\/p>\n  <div><span class=\"my_article_details\"><time datetime=\"2026-08-27\">27.08.2026<\/time> &middot; <a href=\"\/news\/fluglaerm-offenbach-am-main\" title=\"Flugl\u00e4rm Offenbach am Main\">Flughafen<\/a> &middot; Frankfurt &middot; <\/span><a href=\"https:\/\/www.journal-frankfurt.de\/?src=journal_news_einzel&id=46173&from=feed\" title=\"Link zum Artikel auf journal-frankfurt.de\" target=\"_blank\">journal-frankfurt.de<\/a><\/div>\n  <b><\/b>\n <\/div>\n <\/article>\n<\/div>\n<div class=\"post\" style=\"margin-bottom:40px;\">\n <article>\n <h2><a name=\"437f99b2\" href=\"https:\/\/www.tagesschau.de\/inland\/regional\/hessen\/malaria-am-frankfurter-flughafen-100.html\" rel=\"bookmark\" style=\"color:#333333; font-weight:bold;\" title=\"Link zum Artikel auf tagesschau.de\" target=\"_blank\">&quot;Airport-Malaria&quot;: Zwei Tote nach Infektion am Frankfurter Flughafen<\/a><\/h2>\n <div class=\"entry\">\n  <p style=\"margin-bottom:4px;\">\n   <a href=\"https:\/\/www.tagesschau.de\/inland\/regional\/hessen\/malaria-am-frankfurter-flughafen-100.html\" target=\"_blank\"><img decoding=\"async\" src=\"\/feeds\/gfx\/tagesschau.de.png\" style=\"align:left !important; float:left !important; margin-top:4px !important; margin-right:8px !important; margin-bottom:4px !important; width:90px !important;\" \/><\/a>   Zwei Fraport-Mitarbeiter sind infolge einer Malaria-Infektion gestorben. Zun&auml;chst war nur von einem Toten die Rede. Die sogenannte Airport-Malaria gilt als seltener &Uuml;bertragungsweg der Krankheit. Sechs Menschen sollen infiziert sein. ...<br clear=\"all\" \/>  <\/p>\n  <div><span class=\"my_article_details\"><time datetime=\"2026-08-27\">27.08.2026<\/time> &middot; <a href=\"\/news\/fluglaerm-offenbach-am-main\" title=\"Flugl\u00e4rm Offenbach am Main\">Flughafen<\/a> &middot; Frankfurt &middot; <\/span><a href=\"https:\/\/www.tagesschau.de\/inland\/regional\/hessen\/malaria-am-frankfurter-flughafen-100.html\" title=\"Link zum Artikel auf tagesschau.de\" target=\"_blank\">tagesschau.de<\/a><\/div>\n  <b><\/b>\n <\/div>\n <\/article>\n<\/div>\n<div class=\"post\" style=\"margin-bottom:40px;\">\n <article>\n <h2><a name=\"be8b312f\" href=\"https:\/\/www.hessenschau.de\/panorama\/weiteres-opfer-bestaetigt-zwei-tote-durch-malaria-am-flughafen-frankfurt-v4,malaria-flughafen-102.html\" rel=\"bookmark\" style=\"color:#333333; font-weight:bold;\" title=\"Link zum Artikel auf hessenschau.de\" target=\"_blank\">Weiteres Opfer best\u00e4tigt: Zwei Tote durch Malaria am Flughafen Frankfurt<\/a><\/h2>\n <div class=\"entry\">\n  <p style=\"margin-bottom:4px;\">\n   <a href=\"https:\/\/www.hessenschau.de\/panorama\/weiteres-opfer-bestaetigt-zwei-tote-durch-malaria-am-flughafen-frankfurt-v4,malaria-flughafen-102.html\" target=\"_blank\"><img decoding=\"async\" src=\"https:\/\/www.hessenschau.de\/panorama\/anopheles-muecke-malaria-100~_t-1787747198115_v-16to9.jpg\" style=\"align:left !important; float:left !important; margin-top:4px !important; margin-right:8px !important; margin-bottom:4px !important; width:90px !important;\" \/><\/a>   Zwei Mitarbeiter des Frankfurter Flughafens sind an den Folgen einer Malaria-Erkrankung gestorben, zun&auml;chst war von einem Toten die Rede. Insgesamt sind laut Airport-Betreiber Fraport sechs F&auml;lle bekannt. ...<br clear=\"all\" \/>  <\/p>\n  <div><span class=\"my_article_details\"><time datetime=\"2026-08-27\">27.08.2026<\/time> &middot; <a href=\"\/news\/fluglaerm-offenbach-am-main\" title=\"Flugl\u00e4rm Offenbach am Main\">Flughafen<\/a> &middot; Frankfurt &middot; <\/span><a href=\"https:\/\/www.hessenschau.de\/panorama\/weiteres-opfer-bestaetigt-zwei-tote-durch-malaria-am-flughafen-frankfurt-v4,malaria-flughafen-102.html\" title=\"Link zum Artikel auf hessenschau.de\" target=\"_blank\">hessenschau.de<\/a><\/div>\n  <b><\/b>\n <\/div>\n <\/article>\n<\/div>\n<div class=\"post\" style=\"margin-bottom:40px;\">\n <article>\n <h2><a name=\"46662d6e\" href=\"https:\/\/www.dreieich.de\/rathaus-service\/presse-medien\/pressemitteilungen\/2026\/quartiersarbeit-nachhaltiger-essen-und-einkaufen\/\" rel=\"bookmark\" style=\"color:#333333; font-weight:bold;\" title=\"Link zum Artikel auf dreieich.de\" target=\"_blank\">Quartiersarbeit: Nachhaltiger essen und einkaufen<\/a><\/h2>\n <div class=\"entry\">\n  <p style=\"margin-bottom:4px;\">\n   <a href=\"https:\/\/www.dreieich.de\/rathaus-service\/presse-medien\/pressemitteilungen\/2026\/quartiersarbeit-nachhaltiger-essen-und-einkaufen\/\" target=\"_blank\"><img decoding=\"async\" src=\"https:\/\/www.dreieich.de\/rathaus-service\/presse-medien\/pressemitteilungen\/2026\/quartiersarbeit-nachhaltiger-essen-und-einkaufen\/group-of-divers-people-2026-01-07-23-41-32-utc.jpg?cid=1r5z.8h7i&resize=3f87dd%3a1024x768c\" style=\"align:left !important; float:left !important; margin-top:4px !important; margin-right:8px !important; margin-bottom:4px !important; width:90px !important;\" \/><\/a>   Wie gelingt eine nachhaltigere Ern&auml;hrung im Alltag und welchen Einfluss haben unsere Ess- und Einkaufsgewohnheiten auf Gesundheit, Klima und Umwelt? Genau diesen Fragen widmet sich eine Veranstaltung der Verbraucherzentrale in Kooperation mit dem Familienzentrum ...<br clear=\"all\" \/>  <\/p>\n  <div><span class=\"my_article_details\"><time datetime=\"2026-08-27\">27.08.2026<\/time> &middot; <a href=\"\/news\/dreieich-aktuell\" title=\"Dreieich heute aktuell\">Dreieich<\/a> &middot; <a href=\"\/news\/dreieich-nachrichten\" title=\"Dreieich Nachrichten\">News<\/a> &middot; <\/span><a href=\"https:\/\/www.dreieich.de\/rathaus-service\/presse-medien\/pressemitteilungen\/2026\/quartiersarbeit-nachhaltiger-essen-und-einkaufen\/\" title=\"Link zum Artikel auf dreieich.de\" target=\"_blank\">dreieich.de<\/a><\/div>\n  <b><\/b>\n <\/div>\n <\/article>\n<\/div>\n<div class=\"post\" style=\"margin-bottom:40px;\">\n <article>\n <h2><a name=\"d76f2494\" href=\"https:\/\/www.op-online.de\/region\/dreieich\/dreieicher-buchen-werfen-gruene-blaetter-ab-keine-mehr-gesund-94461477.html\" rel=\"bookmark\" style=\"color:#333333; font-weight:bold;\" title=\"Link zum Artikel auf op-online.de\" target=\"_blank\">Dreieicher Buchen werfen gr\u00fcne Bl\u00e4tter ab \u2013 keine mehr gesund<\/a><\/h2>\n <div class=\"entry\">\n  <p style=\"margin-bottom:4px;\">\n   <a href=\"https:\/\/www.op-online.de\/region\/dreieich\/dreieicher-buchen-werfen-gruene-blaetter-ab-keine-mehr-gesund-94461477.html\" target=\"_blank\"><img decoding=\"async\" src=\"https:\/\/www.op-online.de\/assets\/images\/43\/852\/43852933-revierfoersterin-helene-zickler-hat-die-baeume-im-blick-die-jungpflanzen-leiden-bei-hoechsttemperaturen-3kef.jpg\" style=\"align:left !important; float:left !important; margin-top:4px !important; margin-right:8px !important; margin-bottom:4px !important; width:90px !important;\" \/><\/a>   Die Buchen im Dreieicher Stadtwald leiden massiv unter Hitze und Trockenheit. Revierleiterin Helene Zickler sagt: Keine der gro&szlig;en Buchen sei derzeit noch wirklich gesund.<br clear=\"all\" \/>  <\/p>\n  <div><span class=\"my_article_details\"><time datetime=\"2026-08-27\">27.08.2026<\/time> &middot; <a href=\"\/news\/dreieich-aktuell\" title=\"Dreieich heute aktuell\">Dreieich<\/a> &middot; <a href=\"\/news\/dreieich-nachrichten\" title=\"Dreieich Nachrichten\">News<\/a> &middot; <\/span><a href=\"https:\/\/www.op-online.de\/region\/dreieich\/dreieicher-buchen-werfen-gruene-blaetter-ab-keine-mehr-gesund-94461477.html\" title=\"Link zum Artikel auf op-online.de\" target=\"_blank\">op-online.de<\/a><\/div>\n  <b><\/b>\n <\/div>\n <\/article>\n<\/div>\n<div class=\"post\" style=\"margin-bottom:40px;\">\n <article>\n <h2><a name=\"1e4ada3f\" href=\"https:\/\/www.gruene-dreieich.de\/fuer-klimaschutz-der-im-alltag-ankommt-antrag\/\" rel=\"bookmark\" style=\"color:#333333; font-weight:bold;\" title=\"Link zum Artikel auf gruene-dreieich.de\" target=\"_blank\">Die Gr\u00fcnen: F\u00fcr Klimaschutz, der im Alltag ankommt \u2013 Antrag<\/a><\/h2>\n <div class=\"entry\">\n  <p style=\"margin-bottom:4px;\">\n   <a href=\"https:\/\/www.gruene-dreieich.de\/fuer-klimaschutz-der-im-alltag-ankommt-antrag\/\" target=\"_blank\"><img decoding=\"async\" src=\"\/feeds\/gfx\/gruene-dreieich.de.png\" style=\"align:left !important; float:left !important; margin-top:4px !important; margin-right:8px !important; margin-bottom:4px !important; width:90px !important;\" \/><\/a>   F&uuml;r Klimaschutz, der im Alltag ankommt: GR&Uuml;NE, SPD und FWG bringen gemeinsam Antr&auml;ge f&uuml;r konkrete Umsetzung auf den Weg Papier allein senkt keine Emissionen \u2013 und ein gedrucktes Konzept macht eine Stadt noch nicht wetterfest. Damit das neu vorgelegte st&auml;dtische ...<br clear=\"all\" \/>  <\/p>\n  <div><span class=\"my_article_details\"><time datetime=\"2026-08-26\">26.08.2026<\/time> &middot; <a href=\"\/news\/dreieich-aktuell\" title=\"Dreieich heute aktuell\">Dreieich<\/a> &middot; <a href=\"\/news\/dreieich-nachrichten\" title=\"Dreieich Nachrichten\">News<\/a> &middot; <\/span><a href=\"https:\/\/www.gruene-dreieich.de\/fuer-klimaschutz-der-im-alltag-ankommt-antrag\/\" title=\"Link zum Artikel auf gruene-dreieich.de\" target=\"_blank\">gruene-dreieich.de<\/a><\/div>\n  <b><\/b>\n <\/div>\n <\/article>\n<\/div>\n<div class=\"post\" style=\"margin-bottom:40px;\">\n <article>\n <h2><a name=\"45e9adb1\" href=\"https:\/\/www.op-online.de\/offenbach\/unwetter-walze-rollt-auf-offenbach-und-rhein-main-zu-dwd-sieht-saemtliche-gewitterzutaten-94460563.html\" rel=\"bookmark\" style=\"color:#333333; font-weight:bold;\" title=\"Link zum Artikel auf op-online.de\" target=\"_blank\">Unwetter-Walze rollt auf Offenbach zu \u2013 DWD sieht \u201es\u00e4mtliche Gewitterzutaten\u201c<\/a><\/h2>\n <div class=\"entry\">\n  <p style=\"margin-bottom:4px;\">\n   <a href=\"https:\/\/www.op-online.de\/offenbach\/unwetter-walze-rollt-auf-offenbach-und-rhein-main-zu-dwd-sieht-saemtliche-gewitterzutaten-94460563.html\" target=\"_blank\"><img decoding=\"async\" src=\"https:\/\/www.op-online.de\/assets\/images\/43\/799\/43799867-starke-regenfaelle-kraeftige-boeen-und-gewitter-zogen-ueber-mehrere-regionen-hinweg-mit-teils-dramatischen-folgen-fuer-anwohner-und-veranstaltungen-2gMYRzeUouef.jpg\" style=\"align:left !important; float:left !important; margin-top:4px !important; margin-right:8px !important; margin-bottom:4px !important; width:90px !important;\" \/><\/a>   Im Rhein-Main-Gebiet wird das Wetter unbest&auml;ndiger. Ab Donnerstagabend drohen kr&auml;ftige Gewitter mit Starkregen und Hagel. Unsere Warnkarte zeigt die aktuelle Entwicklung.<br clear=\"all\" \/>  <\/p>\n  <div><span class=\"my_article_details\"><time datetime=\"2026-08-26\">26.08.2026<\/time> &middot; <a href=\"\/news\/offenbach-aktuell\" title=\"Offenbach heute aktuell\">Offenbach<\/a> &middot; Wetter &middot; <\/span><a href=\"https:\/\/www.op-online.de\/offenbach\/unwetter-walze-rollt-auf-offenbach-und-rhein-main-zu-dwd-sieht-saemtliche-gewitterzutaten-94460563.html\" title=\"Link zum Artikel auf op-online.de\" target=\"_blank\">op-online.de<\/a><\/div>\n  <b><\/b>\n <\/div>\n <\/article>\n<\/div>\n<div class=\"post\" style=\"margin-bottom:40px;\">\n <article>\n <h2><a name=\"9055ee19\" href=\"https:\/\/www.hessenschau.de\/newsletter\/hessen-am-abend-malaria-todesfaelle-in-hessen---und-boris-rhein-haelt-nichts-von-zuckersteuer-v1,hessen-am-abend-mittwoch-266.html\" rel=\"bookmark\" style=\"color:#333333; font-weight:bold;\" title=\"Link zum Artikel auf hessenschau.de\" target=\"_blank\">Hessen am Abend: Malaria-Todesf\u00e4lle in Hessen - und Boris Rhein h\u00e4lt nichts von Zuckersteuer<\/a><\/h2>\n <div class=\"entry\">\n  <p style=\"margin-bottom:4px;\">\n   <a href=\"https:\/\/www.hessenschau.de\/newsletter\/hessen-am-abend-malaria-todesfaelle-in-hessen---und-boris-rhein-haelt-nichts-von-zuckersteuer-v1,hessen-am-abend-mittwoch-266.html\" target=\"_blank\"><img decoding=\"async\" src=\"https:\/\/www.hessenschau.de\/panorama\/hessen-am-abend-834~_t-1787751170214_v-16to9.jpg\" style=\"align:left !important; float:left !important; margin-top:4px !important; margin-right:8px !important; margin-bottom:4px !important; width:90px !important;\" \/><\/a>   Zwei Mitarbeiter am Frankfurter Flughafen sterben nach Malaria-Infektion, Ministerpr&auml;sident Rhein fordert klare Absage an Zuckersteuer und Lahn-Dill-Kreis bittet um Finanzhilfen nach Tornado. Das und mehr gibt es in Sven-Oliver Schibats Blick auf den Tag. ...<br clear=\"all\" \/>  <\/p>\n  <div><span class=\"my_article_details\"><time datetime=\"2026-08-26\">26.08.2026<\/time> &middot; <a href=\"\/news\/fluglaerm-offenbach-am-main\" title=\"Flugl\u00e4rm Offenbach am Main\">Flughafen<\/a> &middot; Frankfurt &middot; <\/span><a href=\"https:\/\/www.hessenschau.de\/newsletter\/hessen-am-abend-malaria-todesfaelle-in-hessen---und-boris-rhein-haelt-nichts-von-zuckersteuer-v1,hessen-am-abend-mittwoch-266.html\" title=\"Link zum Artikel auf hessenschau.de\" target=\"_blank\">hessenschau.de<\/a><\/div>\n  <b><\/b>\n <\/div>\n <\/article>\n<\/div>\n<div class=\"post\" style=\"margin-bottom:40px;\">\n <article>\n <h2><a name=\"f99a3e12\" href=\"https:\/\/gruene-offenbach.de\/2026\/08\/26\/gruene-radeln-mit-und-warnen-land-will-foerderung-des-stadtradelns-streichen\/\" rel=\"bookmark\" style=\"color:#333333; font-weight:bold;\" title=\"Link zum Artikel auf gruene-offenbach.de\" target=\"_blank\">Gr\u00fcne radeln mit \u2013 und warnen: Land will F\u00f6rderung des \u201eStadtradelns\u201c streichen<\/a><\/h2>\n <div class=\"entry\">\n  <p style=\"margin-bottom:4px;\">\n   <a href=\"https:\/\/gruene-offenbach.de\/2026\/08\/26\/gruene-radeln-mit-und-warnen-land-will-foerderung-des-stadtradelns-streichen\/\" target=\"_blank\"><img decoding=\"async\" src=\"\/feeds\/gfx\/gruene-offenbach.de.png\" style=\"align:left !important; float:left !important; margin-top:4px !important; margin-right:8px !important; margin-bottom:4px !important; width:90px !important;\" \/><\/a>   Am 28. August startet in Offenbach das \u201eStadtradeln\u201c. Drei Wochen lang, bis zum 17. September, sammeln Teams und Einzelfahrende Kilometer auf dem Rad \u2013 f&uuml;r weniger CO2, f&uuml;r mehr Sichtbarkeit des Radverkehrs und f&uuml;r den Spa&szlig; an der Bewegung. B&uuml;ndnis 90\/Die Gr&uuml;nen ...<br clear=\"all\" \/>  <\/p>\n  <div><span class=\"my_article_details\"><time datetime=\"2026-08-26\">26.08.2026<\/time> &middot; IHK &middot; <a href=\"\/news\/offenbach-aktuell\" title=\"Offenbach heute aktuell\">Offenbach<\/a> &middot; <\/span><a href=\"https:\/\/gruene-offenbach.de\/2026\/08\/26\/gruene-radeln-mit-und-warnen-land-will-foerderung-des-stadtradelns-streichen\/\" title=\"Link zum Artikel auf gruene-offenbach.de\" target=\"_blank\">gruene-offenbach.de<\/a><\/div>\n  <b><\/b>\n <\/div>\n <\/article>\n<\/div>\n<div class=\"post\" style=\"margin-bottom:40px;\">\n <article>\n <h2><a name=\"b5f01470\" href=\"http:\/\/www.neu-isenburg.de\/pressemodul\/pressemitteilungen\/august\/stadt-neu-isenburg-unterstuetzt-dreieichhoernchen\" rel=\"bookmark\" style=\"color:#333333; font-weight:bold;\" title=\"Link zum Artikel auf neu-isenburg.de\" target=\"_blank\">Stadt Neu-Isenburg unterst\u00fctzt Dreieichh\u00f6rnchen<\/a><\/h2>\n <div class=\"entry\">\n  <p style=\"margin-bottom:4px;\">\n   <a href=\"http:\/\/www.neu-isenburg.de\/pressemodul\/pressemitteilungen\/august\/stadt-neu-isenburg-unterstuetzt-dreieichhoernchen\" target=\"_blank\"><img decoding=\"async\" src=\"\/feeds\/gfx\/neu-isenburg.de.png\" style=\"align:left !important; float:left !important; margin-top:4px !important; margin-right:8px !important; margin-bottom:4px !important; width:90px !important;\" \/><\/a>   St&auml;dtischer Zuschuss f&uuml;r die Kinder- und Jugendfarm aus Dreieich<br clear=\"all\" \/>  <\/p>\n  <div><span class=\"my_article_details\"><time datetime=\"2026-08-26\">26.08.2026<\/time> &middot; <a href=\"\/news\/dreieich-aktuell\" title=\"Dreieich heute aktuell\">Dreieich<\/a> &middot; <a href=\"\/news\/dreieich-nachrichten\" title=\"Dreieich Nachrichten\">News<\/a> &middot; <\/span><a href=\"http:\/\/www.neu-isenburg.de\/pressemodul\/pressemitteilungen\/august\/stadt-neu-isenburg-unterstuetzt-dreieichhoernchen\" title=\"Link zum Artikel auf neu-isenburg.de\" target=\"_blank\">neu-isenburg.de<\/a><\/div>\n  <b><\/b>\n <\/div>\n <\/article>\n<\/div>\n<div class=\"post\" style=\"margin-bottom:40px;\">\n <article>\n <h2><a name=\"34cb42f8\" href=\"https:\/\/www.rheinmainverlag.de\/2026\/08\/26\/suche-nach-verursacher-zweistuendige-reinigung-nach-ladungsverlust-eines-betonmischers-auf-b486-bei-offenthal\/\" rel=\"bookmark\" style=\"color:#333333; font-weight:bold;\" title=\"Link zum Artikel auf rheinmainverlag.de\" target=\"_blank\">Suche nach Verursacher: Zweist\u00fcndige Reinigung nach Ladungsverlust eines Betonmischers auf B486 bei Offenthal<\/a><\/h2>\n <div class=\"entry\">\n  <p style=\"margin-bottom:4px;\">\n   <a href=\"https:\/\/www.rheinmainverlag.de\/2026\/08\/26\/suche-nach-verursacher-zweistuendige-reinigung-nach-ladungsverlust-eines-betonmischers-auf-b486-bei-offenthal\/\" target=\"_blank\"><img decoding=\"async\" src=\"\/feeds\/gfx\/rheinmainverlag.de.png\" style=\"align:left !important; float:left !important; margin-top:4px !important; margin-right:8px !important; margin-bottom:4px !important; width:90px !important;\" \/><\/a>   F&uuml;r Verkehrsteilnehmende auf der Bundesstra&szlig;e 486 in Richtung Offenthal hie&szlig; es am Dienstagnachmittag : Vorsicht, Beton! Gegen 17.55 Uhr verlor ein bislang unbekannter Fahrer eines wei&szlig;en Betonmischers kurz vor der Auffahrt zur Autobahn 661 in Richtung Egelsbach ...<br clear=\"all\" \/>  <\/p>\n  <div><span class=\"my_article_details\"><time datetime=\"2026-08-26\">26.08.2026<\/time> &middot; Offenthal &middot; <\/span><a href=\"https:\/\/www.rheinmainverlag.de\/2026\/08\/26\/suche-nach-verursacher-zweistuendige-reinigung-nach-ladungsverlust-eines-betonmischers-auf-b486-bei-offenthal\/\" title=\"Link zum Artikel auf rheinmainverlag.de\" target=\"_blank\">rheinmainverlag.de<\/a><\/div>\n  <b><\/b>\n <\/div>\n <\/article>\n<\/div>\n<div class=\"post\" style=\"margin-bottom:40px;\">\n <article>\n <h2><a name=\"470101e5\" href=\"https:\/\/www.op-online.de\/region\/dreieich\/fotografin-bietet-tinder-shootings-fuer-maenner-ab-35-an-94459479.html\" rel=\"bookmark\" style=\"color:#333333; font-weight:bold;\" title=\"Link zum Artikel auf op-online.de\" target=\"_blank\">\u201eSwipen mit W\u00fcrde\u201c: Fotografin bietet Tinder-Shootings f\u00fcr M\u00e4nner ab 35 an<\/a><\/h2>\n <div class=\"entry\">\n  <p style=\"margin-bottom:4px;\">\n   <a href=\"https:\/\/www.op-online.de\/region\/dreieich\/fotografin-bietet-tinder-shootings-fuer-maenner-ab-35-an-94459479.html\" target=\"_blank\"><img decoding=\"async\" src=\"https:\/\/www.op-online.de\/assets\/images\/43\/836\/43836445-katerina-gottesleben-mit-ihrem-maenner-ratgeber-swipen-mit-wuerde-2Eef.jpg\" style=\"align:left !important; float:left !important; margin-top:4px !important; margin-right:8px !important; margin-bottom:4px !important; width:90px !important;\" \/><\/a>   Katerina Gottesleben aus G&ouml;tzenhain hat ein Gesch&auml;ftsmodell entwickelt, bei dem sie Singles professionell fotografiert. Nach einem Einladungsvideo gewann sie innerhalb kurzer Zeit rund 2.500 neue Follower.<br clear=\"all\" \/>  <\/p>\n  <div><span class=\"my_article_details\"><time datetime=\"2026-08-26\">26.08.2026<\/time> &middot; G\u00f6tzenhain &middot; <\/span><a href=\"https:\/\/www.op-online.de\/region\/dreieich\/fotografin-bietet-tinder-shootings-fuer-maenner-ab-35-an-94459479.html\" title=\"Link zum Artikel auf op-online.de\" target=\"_blank\">op-online.de<\/a><\/div>\n  <b><\/b>\n <\/div>\n <\/article>\n<\/div>\n<div class=\"post\" style=\"margin-bottom:40px;\">\n <article>\n <h2><a name=\"875467f0\" href=\"https:\/\/www.verbraucherzentrale-hessen.de\/pressemitteilungen\/onlinevortraege-der-energieberatung-im-september-125387\" rel=\"bookmark\" style=\"color:#333333; font-weight:bold;\" title=\"Link zum Artikel auf verbraucherzentrale-hessen.de\" target=\"_blank\">Verbraucherzentrale: Online-Vortr\u00e4ge der Energieberatung im September<\/a><\/h2>\n <div class=\"entry\">\n  <p style=\"margin-bottom:4px;\">\n   <a href=\"https:\/\/www.verbraucherzentrale-hessen.de\/pressemitteilungen\/onlinevortraege-der-energieberatung-im-september-125387\" target=\"_blank\"><img decoding=\"async\" src=\"\/feeds\/gfx\/verbraucherzentrale-hessen.de.png\" style=\"align:left !important; float:left !important; margin-top:4px !important; margin-right:8px !important; margin-bottom:4px !important; width:90px !important;\" \/><\/a>   Kostenlose Online-Vortr\u00e4ge der Verbraucherzentrale Hessen zu neuen Fenstern und T\u00fcren, energetischer Sanierung und moderner Heiztechnik<br clear=\"all\" \/>  <\/p>\n  <div><span class=\"my_article_details\"><time datetime=\"2026-08-26\">26.08.2026<\/time> &middot; Hessen &middot; <\/span><a href=\"https:\/\/www.verbraucherzentrale-hessen.de\/pressemitteilungen\/onlinevortraege-der-energieberatung-im-september-125387\" title=\"Link zum Artikel auf verbraucherzentrale-hessen.de\" target=\"_blank\">verbraucherzentrale-hessen.de<\/a><\/div>\n  <b><\/b>\n <\/div>\n <\/article>\n<\/div>\n<div class=\"post\" style=\"margin-bottom:40px;\">\n <article>\n <h2><a name=\"f1b3f73e\" href=\"https:\/\/www.kreis-offenbach.de\/Service\/Medienservice\/Aktuelle-Pressemitteilungen\/Zweites-Fachkr%C3%A4ftefr%C3%BChst%C3%BCck-f%C3%BCr-Unternehmen.php?object=tx,4013.5.1&ModID=7&FID=4013.3626.1&NavID=4013.211\" rel=\"bookmark\" style=\"color:#333333; font-weight:bold;\" title=\"Link zum Artikel auf kreis-offenbach.de\" target=\"_blank\">Zweites Fachkr\u00e4ftefr\u00fchst\u00fcck f\u00fcr Unternehmen<\/a><\/h2>\n <div class=\"entry\">\n  <p style=\"margin-bottom:4px;\">\n   <a href=\"https:\/\/www.kreis-offenbach.de\/Service\/Medienservice\/Aktuelle-Pressemitteilungen\/Zweites-Fachkr%C3%A4ftefr%C3%BChst%C3%BCck-f%C3%BCr-Unternehmen.php?object=tx,4013.5.1&ModID=7&FID=4013.3626.1&NavID=4013.211\" target=\"_blank\"><img decoding=\"async\" src=\"\/feeds\/gfx\/kreis-offenbach.de.png\" style=\"align:left !important; float:left !important; margin-top:4px !important; margin-right:8px !important; margin-bottom:4px !important; width:90px !important;\" \/><\/a>   Gut ausgebildete Mitarbeiterinnen und Mitarbeiter zu finden, ist schwer. Sie im eigenen Betrieb weiterzuentwickeln, ist ebenso wichtig. Beide Themen stehen beim  ...<br clear=\"all\" \/>  <\/p>\n  <div><span class=\"my_article_details\"><time datetime=\"2026-08-26\">26.08.2026<\/time> &middot; <a href=\"\/news\/polizeieinsaetze-offenbach-am-main\" title=\"Polizeieins\u00e4tze Offenbach am Main\">Kreis Offenbach<\/a> &middot; <\/span><a href=\"https:\/\/www.kreis-offenbach.de\/Service\/Medienservice\/Aktuelle-Pressemitteilungen\/Zweites-Fachkr%C3%A4ftefr%C3%BChst%C3%BCck-f%C3%BCr-Unternehmen.php?object=tx,4013.5.1&ModID=7&FID=4013.3626.1&NavID=4013.211\" title=\"Link zum Artikel auf kreis-offenbach.de\" target=\"_blank\">kreis-offenbach.de<\/a><\/div>\n  <b><\/b>\n <\/div>\n <\/article>\n<\/div>\n<div class=\"post\" style=\"margin-bottom:40px;\">\n <article>\n <h2><a name=\"5cf214be\" href=\"https:\/\/www.hessenschau.de\/panorama\/kurioser-unfall-bei-dietzenbach-frau-faellt-beim-abbiegen-aus-auto-v1,frau-faellt-aus-auto-100.html\" rel=\"bookmark\" style=\"color:#333333; font-weight:bold;\" title=\"Link zum Artikel auf hessenschau.de\" target=\"_blank\">Kurioser Unfall bei Dietzenbach: Frau f\u00e4llt beim Abbiegen aus Auto<\/a><\/h2>\n <div class=\"entry\">\n  <p style=\"margin-bottom:4px;\">\n   <a href=\"https:\/\/www.hessenschau.de\/panorama\/kurioser-unfall-bei-dietzenbach-frau-faellt-beim-abbiegen-aus-auto-v1,frau-faellt-aus-auto-100.html\" target=\"_blank\"><img decoding=\"async\" src=\"https:\/\/www.hessenschau.de\/panorama\/blaulicht-nacht-polizei-sujet-100~_t-1566879504306_v-16to9.jpg\" style=\"align:left !important; float:left !important; margin-top:4px !important; margin-right:8px !important; margin-bottom:4px !important; width:90px !important;\" \/><\/a>   Eine Autot&uuml;r &ouml;ffnet sich beim Abbiegen, die nicht angeschnallte Beifahrerin f&auml;llt hinaus: Zwischen Dietzenbach und G&ouml;tzenhain hat sich ein ungew&ouml;hnlicher Unfall ereignet. Die Frau kam glimpflich davon \u2013 und der Polizei gibt der Fall einige R&auml;tsel auf. ...<br clear=\"all\" \/>  <\/p>\n  <div><span class=\"my_article_details\"><time datetime=\"2026-08-25\">25.08.2026<\/time> &middot; G\u00f6tzenhain &middot; <a href=\"\/news\/dreieich-polizeimeldungen\" title=\"Polizeieins\u00e4tze Dreieich\">Polizei<\/a> &middot; <a href=\"\/news\/unfaelle-offenbach-am-main\" title=\"Unf\u00e4lle Offenbach am Main\">Unfall<\/a> &middot; <\/span><a href=\"https:\/\/www.hessenschau.de\/panorama\/kurioser-unfall-bei-dietzenbach-frau-faellt-beim-abbiegen-aus-auto-v1,frau-faellt-aus-auto-100.html\" title=\"Link zum Artikel auf hessenschau.de\" target=\"_blank\">hessenschau.de<\/a><\/div>\n  <b><\/b>\n <\/div>\n <\/article>\n<\/div>\n<div class=\"post\" style=\"margin-bottom:40px;\">\n <article>\n <h2><a name=\"02bea8c7\" href=\"https:\/\/www.rheinmainverlag.de\/2026\/08\/25\/beifahrertuer-nur-angelehnt-frau-fiel-zwischen-goetzenhain-und-dietzenbach-aus-fahrendem-auto\/\" rel=\"bookmark\" style=\"color:#333333; font-weight:bold;\" title=\"Link zum Artikel auf rheinmainverlag.de\" target=\"_blank\">Beifahrert\u00fcr nur angelehnt: Frau fiel zwischen G\u00f6tzenhain und Dietzenbach aus fahrendem Auto<\/a><\/h2>\n <div class=\"entry\">\n  <p style=\"margin-bottom:4px;\">\n   <a href=\"https:\/\/www.rheinmainverlag.de\/2026\/08\/25\/beifahrertuer-nur-angelehnt-frau-fiel-zwischen-goetzenhain-und-dietzenbach-aus-fahrendem-auto\/\" target=\"_blank\"><img decoding=\"async\" src=\"\/feeds\/gfx\/rheinmainverlag.de.png\" style=\"align:left !important; float:left !important; margin-top:4px !important; margin-right:8px !important; margin-bottom:4px !important; width:90px !important;\" \/><\/a>   Glimpflich, wenn auch auf ziemlich ungew&ouml;hnliche Art, ging ein Unfall am sp&auml;ten Montagabend zwischen G&ouml;tzenhain und Dietzenbach aus. Zwei ungl&uuml;ckliche Umst&auml;nde f&uuml;hrten offenbar dazu, dass eine Frau unfreiwillig aus einem fahrenden Auto geraten war. Nach allem ...<br clear=\"all\" \/>  <\/p>\n  <div><span class=\"my_article_details\"><time datetime=\"2026-08-25\">25.08.2026<\/time> &middot; G\u00f6tzenhain &middot; <a href=\"\/news\/unfaelle-offenbach-am-main\" title=\"Unf\u00e4lle Offenbach am Main\">Unfall<\/a> &middot; <\/span><a href=\"https:\/\/www.rheinmainverlag.de\/2026\/08\/25\/beifahrertuer-nur-angelehnt-frau-fiel-zwischen-goetzenhain-und-dietzenbach-aus-fahrendem-auto\/\" title=\"Link zum Artikel auf rheinmainverlag.de\" target=\"_blank\">rheinmainverlag.de<\/a><\/div>\n  <b><\/b>\n <\/div>\n <\/article>\n<\/div>\n<div class=\"post\" style=\"margin-bottom:40px;\">\n <article>\n <h2><a name=\"3b3486f1\" href=\"https:\/\/www.dreieich.de\/rathaus-service\/presse-medien\/pressemitteilungen\/2026\/oldie-infos-erste-ausgabe-2026-liegt-bereit\/\" rel=\"bookmark\" style=\"color:#333333; font-weight:bold;\" title=\"Link zum Artikel auf dreieich.de\" target=\"_blank\">Oldie-Infos: Erste Ausgabe 2026 liegt bereit<\/a><\/h2>\n <div class=\"entry\">\n  <p style=\"margin-bottom:4px;\">\n   <a href=\"https:\/\/www.dreieich.de\/rathaus-service\/presse-medien\/pressemitteilungen\/2026\/oldie-infos-erste-ausgabe-2026-liegt-bereit\/\" target=\"_blank\"><img decoding=\"async\" src=\"https:\/\/www.dreieich.de\/zukunft-leben\/soziales-gesellschaft\/seniorinnen-und-senioren\/a-panorama-portrait-of-a-group-of-happy-elderly-me-2021-08-26-15-45-39-utc-klein.jpg?cid=duj.8c0s&resize=88a928%3a1024x768c\" style=\"align:left !important; float:left !important; margin-top:4px !important; margin-right:8px !important; margin-bottom:4px !important; width:90px !important;\" \/><\/a>   Die neue Ausgabe der \u201eOldie-Infos\u201c ist da \u2013 kompakt, bunt und lebendig! Ab sofort k&ouml;nnen alle Dreieicherinnen und Dreieicher die neueste Ausgabe im Foyer des Rathauses, an den bekannten Auslagestellen oder online unter www.dreieich.de entdecken.<br clear=\"all\" \/>  <\/p>\n  <div><span class=\"my_article_details\"><time datetime=\"2026-08-25\">25.08.2026<\/time> &middot; <a href=\"\/news\/dreieich-aktuell\" title=\"Dreieich heute aktuell\">Dreieich<\/a> &middot; <a href=\"\/news\/dreieich-nachrichten\" title=\"Dreieich Nachrichten\">News<\/a> &middot; <\/span><a href=\"https:\/\/www.dreieich.de\/rathaus-service\/presse-medien\/pressemitteilungen\/2026\/oldie-infos-erste-ausgabe-2026-liegt-bereit\/\" title=\"Link zum Artikel auf dreieich.de\" target=\"_blank\">dreieich.de<\/a><\/div>\n  <b><\/b>\n <\/div>\n <\/article>\n<\/div>\n<div class=\"post\" style=\"margin-bottom:40px;\">\n <article>\n <h2><a name=\"b12bf0aa\" href=\"https:\/\/www.op-online.de\/region\/dietzenbach\/millionen-spritze-fuer-radschnellwege-zum-flughafen-und-nach-hanau-94458476.html\" rel=\"bookmark\" style=\"color:#333333; font-weight:bold;\" title=\"Link zum Artikel auf op-online.de\" target=\"_blank\">Millionen-Spritze f\u00fcr Radschnellwege zum Flughafen und nach Hanau<\/a><\/h2>\n <div class=\"entry\">\n  <p style=\"margin-bottom:4px;\">\n   <a href=\"https:\/\/www.op-online.de\/region\/dietzenbach\/millionen-spritze-fuer-radschnellwege-zum-flughafen-und-nach-hanau-94458476.html\" target=\"_blank\"><img decoding=\"async\" src=\"https:\/\/www.op-online.de\/assets\/images\/43\/825\/43825452-freuen-sich-ueber-meilenstein-fuer-radschnellwege-claudia-jaeger-verbandsdirektorin-regionalverband-frankfurtrheinmain-von-links-dirk-woelfing-3Fef.jpg\" style=\"align:left !important; float:left !important; margin-top:4px !important; margin-right:8px !important; margin-bottom:4px !important; width:90px !important;\" \/><\/a>   Hessen unterst&uuml;tzt zwei Radschnellwege von Seligenstadt zum Flughafen Frankfurt und von Frankfurt nach Hanau. Der l&auml;ngste Abschnitt ist 12,5 Kilometer lang und verbindet Rodgau, Dietzenbach und Dreieich.<br clear=\"all\" \/>  <\/p>\n  <div><span class=\"my_article_details\"><time datetime=\"2026-08-25\">25.08.2026<\/time> &middot; <a href=\"\/news\/dreieich-aktuell\" title=\"Dreieich heute aktuell\">Dreieich<\/a> &middot; <a href=\"\/news\/fluglaerm-offenbach-am-main\" title=\"Flugl\u00e4rm Offenbach am Main\">Flughafen<\/a> &middot; Frankfurt &middot; <a href=\"\/news\/dreieich-nachrichten\" title=\"Dreieich Nachrichten\">News<\/a> &middot; <\/span><a href=\"https:\/\/www.op-online.de\/region\/dietzenbach\/millionen-spritze-fuer-radschnellwege-zum-flughafen-und-nach-hanau-94458476.html\" title=\"Link zum Artikel auf op-online.de\" target=\"_blank\">op-online.de<\/a><\/div>\n  <b><\/b>\n <\/div>\n <\/article>\n<\/div>\n<div class=\"post\" style=\"margin-bottom:40px;\">\n <article>\n <h2><a name=\"8eb20d89\" href=\"https:\/\/www.op-online.de\/region\/dreieich\/beifahrertuer-nur-angelehnt-frau-fliegt-in-der-kurve-aus-dem-auto-94458411.html\" rel=\"bookmark\" style=\"color:#333333; font-weight:bold;\" title=\"Link zum Artikel auf op-online.de\" target=\"_blank\">Beifahrert\u00fcr nur angelehnt \u2013 Frau fliegt in der Kurve aus dem Auto<\/a><\/h2>\n <div class=\"entry\">\n  <p style=\"margin-bottom:4px;\">\n   <a href=\"https:\/\/www.op-online.de\/region\/dreieich\/beifahrertuer-nur-angelehnt-frau-fliegt-in-der-kurve-aus-dem-auto-94458411.html\" target=\"_blank\"><img decoding=\"async\" src=\"https:\/\/www.op-online.de\/assets\/images\/43\/838\/43838249-eine-beifahrerin-ist-nicht-angeschnallt-und-die-tuer-nicht-richtig-geschlossen-symbolfoto-1vef.jpg\" style=\"align:left !important; float:left !important; margin-top:4px !important; margin-right:8px !important; margin-bottom:4px !important; width:90px !important;\" \/><\/a>   Gl&uuml;ck im Ungl&uuml;ck hat eine Beifahrerin zwischen G&ouml;tzenhain und Dietzenbach. Ihre T&uuml;r war nicht richtig geschlossen \u2013 und die Frau selbst nicht angeschnallt.<br clear=\"all\" \/>  <\/p>\n  <div><span class=\"my_article_details\"><time datetime=\"2026-08-25\">25.08.2026<\/time> &middot; G\u00f6tzenhain &middot; <\/span><a href=\"https:\/\/www.op-online.de\/region\/dreieich\/beifahrertuer-nur-angelehnt-frau-fliegt-in-der-kurve-aus-dem-auto-94458411.html\" title=\"Link zum Artikel auf op-online.de\" target=\"_blank\">op-online.de<\/a><\/div>\n  <b><\/b>\n <\/div>\n <\/article>\n<\/div>\n<div class=\"post\" style=\"margin-bottom:40px;\">\n <article>\n <h2><a name=\"349de993\" href=\"https:\/\/www.op-online.de\/region\/dreieich\/sommergarten-im-faselstall-laeuft-sechs-wochen-lang-und-wird-verlaengert-94457899.html\" rel=\"bookmark\" style=\"color:#333333; font-weight:bold;\" title=\"Link zum Artikel auf op-online.de\" target=\"_blank\">Sommergarten im Faselstall l\u00e4uft sechs Wochen lang \u2013 und wird verl\u00e4ngert<\/a><\/h2>\n <div class=\"entry\">\n  <p style=\"margin-bottom:4px;\">\n   <a href=\"https:\/\/www.op-online.de\/region\/dreieich\/sommergarten-im-faselstall-laeuft-sechs-wochen-lang-und-wird-verlaengert-94457899.html\" target=\"_blank\"><img decoding=\"async\" src=\"https:\/\/www.op-online.de\/assets\/images\/43\/827\/43827823-blick-in-den-garten-des-faselstalls-eef.jpg\" style=\"align:left !important; float:left !important; margin-top:4px !important; margin-right:8px !important; margin-bottom:4px !important; width:90px !important;\" \/><\/a>   Der Geschichts- und Heimatverein betreibt den Sommergarten im Faselstall in diesem Jahr sechs Wochen lang parallel zu den Burgfestspielen. Nach den Festspielen &uuml;bernimmt der Verein drei weitere Wochenenden in Eigenregie.<br clear=\"all\" \/>  <\/p>\n  <div><span class=\"my_article_details\"><time datetime=\"2026-08-25\">25.08.2026<\/time> &middot; <a href=\"\/news\/dreieich-aktuell\" title=\"Dreieich heute aktuell\">Dreieich<\/a> &middot; <a href=\"\/news\/dreieich-nachrichten\" title=\"Dreieich Nachrichten\">News<\/a> &middot; <\/span><a href=\"https:\/\/www.op-online.de\/region\/dreieich\/sommergarten-im-faselstall-laeuft-sechs-wochen-lang-und-wird-verlaengert-94457899.html\" title=\"Link zum Artikel auf op-online.de\" target=\"_blank\">op-online.de<\/a><\/div>\n  <b><\/b>\n <\/div>\n <\/article>\n<\/div>\n<div class=\"post\" style=\"margin-bottom:40px;\">\n <article>\n <h2><a name=\"29a34c57\" href=\"https:\/\/www.kreis-offenbach.de\/Service\/Medienservice\/Aktuelle-Pressemitteilungen\/Noch-freie-Pl%C3%A4tze-f%C3%BCr-Europa-Seminar-in-Stra%C3%9Fburg.php?object=tx,4013.5.1&ModID=7&FID=4013.3624.1&NavID=4013.211\" rel=\"bookmark\" style=\"color:#333333; font-weight:bold;\" title=\"Link zum Artikel auf kreis-offenbach.de\" target=\"_blank\">Noch freie Pl\u00e4tze f\u00fcr Europa-Seminar in Stra\u00dfburg<\/a><\/h2>\n <div class=\"entry\">\n  <p style=\"margin-bottom:4px;\">\n   <a href=\"https:\/\/www.kreis-offenbach.de\/Service\/Medienservice\/Aktuelle-Pressemitteilungen\/Noch-freie-Pl%C3%A4tze-f%C3%BCr-Europa-Seminar-in-Stra%C3%9Fburg.php?object=tx,4013.5.1&ModID=7&FID=4013.3624.1&NavID=4013.211\" target=\"_blank\"><img decoding=\"async\" src=\"\/feeds\/gfx\/kreis-offenbach.de.png\" style=\"align:left !important; float:left !important; margin-top:4px !important; margin-right:8px !important; margin-bottom:4px !important; width:90px !important;\" \/><\/a>   Wie europ\u00e4ische Politik funktioniert, l\u00e4sst sich aus B\u00fcchern oder Fernsehberichten lernen &ndash; oder direkt vor Ort erleben. F\u00fcr das Europa-Seminar  ...<br clear=\"all\" \/>  <\/p>\n  <div><span class=\"my_article_details\"><time datetime=\"2026-08-25\">25.08.2026<\/time> &middot; <a href=\"\/news\/polizeieinsaetze-offenbach-am-main\" title=\"Polizeieins\u00e4tze Offenbach am Main\">Kreis Offenbach<\/a> &middot; <\/span><a href=\"https:\/\/www.kreis-offenbach.de\/Service\/Medienservice\/Aktuelle-Pressemitteilungen\/Noch-freie-Pl%C3%A4tze-f%C3%BCr-Europa-Seminar-in-Stra%C3%9Fburg.php?object=tx,4013.5.1&ModID=7&FID=4013.3624.1&NavID=4013.211\" title=\"Link zum Artikel auf kreis-offenbach.de\" target=\"_blank\">kreis-offenbach.de<\/a><\/div>\n  <b><\/b>\n <\/div>\n <\/article>\n<\/div>\n<div class=\"post\" style=\"margin-bottom:40px;\">\n <article>\n <h2><a name=\"f3763b96\" href=\"https:\/\/tischtennis-dreieichenhain.de\/sommerfest-und-vereinsmeisterschaften-2026\/\" rel=\"bookmark\" style=\"color:#333333; font-weight:bold;\" title=\"Link zum Artikel auf tischtennis-dreieichenhain.de\" target=\"_blank\">Tischtennis: Sommerfest und Vereinsmeisterschaften 2026<\/a><\/h2>\n <div class=\"entry\">\n  <p style=\"margin-bottom:4px;\">\n   <a href=\"https:\/\/tischtennis-dreieichenhain.de\/sommerfest-und-vereinsmeisterschaften-2026\/\" target=\"_blank\"><img decoding=\"async\" src=\"\/feeds\/gfx\/tischtennis-dreieichenhain.de.jpg\" style=\"align:left !important; float:left !important; margin-top:4px !important; margin-right:8px !important; margin-bottom:4px !important; width:90px !important;\" \/><\/a>   Zum Ende der Ferien und zur Vorbereitung auf die neue Saison organisierte das Betreuerteam der Tischtennis-Abteilung die Vereinsmeisterschaft des Nachwuchses. Trotz der sommerlichen Temperaturen war die Halle voll. Eine sch&ouml;ne Kulisse f&uuml;r die 27 Spieler, die ...<br clear=\"all\" \/>  <\/p>\n  <div><span class=\"my_article_details\"><time datetime=\"2026-08-24\">24.08.2026<\/time> &middot; <a href=\"\/news\/dreieich-aktuell\" title=\"Dreieich heute aktuell\">Dreieich<\/a> &middot; <a href=\"\/news\/dreieich-nachrichten\" title=\"Dreieich Nachrichten\">News<\/a> &middot; <\/span><a href=\"https:\/\/tischtennis-dreieichenhain.de\/sommerfest-und-vereinsmeisterschaften-2026\/\" title=\"Link zum Artikel auf tischtennis-dreieichenhain.de\" target=\"_blank\">tischtennis-dreieichenhain.de<\/a><\/div>\n  <b><\/b>\n <\/div>\n <\/article>\n<\/div>\n<div class=\"post\" style=\"margin-bottom:40px;\">\n <article>\n <h2><a name=\"b2df9c0c\" href=\"https:\/\/www.fr.de\/rhein-main\/offenbach\/gleise-bahnuebergang-gesperrt-radfahrer-ignorieren-absperrung-und-gehen-ueber-94456879.html\" rel=\"bookmark\" style=\"color:#333333; font-weight:bold;\" title=\"Link zum Artikel auf fr.de\" target=\"_blank\">Gesperrter Bahn\u00fcbergang sorgt f\u00fcr \u00c4rger \u2013 Radfahrer ignorieren Absperrung und gehen \u00fcber Gleise<\/a><\/h2>\n <div class=\"entry\">\n  <p style=\"margin-bottom:4px;\">\n   <a href=\"https:\/\/www.fr.de\/rhein-main\/offenbach\/gleise-bahnuebergang-gesperrt-radfahrer-ignorieren-absperrung-und-gehen-ueber-94456879.html\" target=\"_blank\"><img decoding=\"async\" src=\"https:\/\/www.fr.de\/assets\/images\/43\/782\/43782471-stefan-judt-bahnuebergang-2NQuZQQi0cef.jpg\" style=\"align:left !important; float:left !important; margin-top:4px !important; margin-right:8px !important; margin-bottom:4px !important; width:90px !important;\" \/><\/a>   Seit einem Monat ist der Bahn&uuml;bergang in Buchschlag wegen Vandalismus gesperrt. Betroffene B&uuml;rger beschweren sich &uuml;ber die fehlende Beschilderung.<br clear=\"all\" \/>  <\/p>\n  <div><span class=\"my_article_details\"><time datetime=\"2026-08-24\">24.08.2026<\/time> &middot; Buchschlag &middot; <\/span><a href=\"https:\/\/www.fr.de\/rhein-main\/offenbach\/gleise-bahnuebergang-gesperrt-radfahrer-ignorieren-absperrung-und-gehen-ueber-94456879.html\" title=\"Link zum Artikel auf fr.de\" target=\"_blank\">fr.de<\/a><\/div>\n  <b><\/b>\n <\/div>\n <\/article>\n<\/div>\n<div class=\"post\" style=\"margin-bottom:40px;\">\n <article>\n <h2><a name=\"ac4ed828\" href=\"https:\/\/www.dreieich.de\/rathaus-service\/presse-medien\/pressemitteilungen\/2026\/september-programm-der-stadtbuecherei-dreieich\/\" rel=\"bookmark\" style=\"color:#333333; font-weight:bold;\" title=\"Link zum Artikel auf dreieich.de\" target=\"_blank\">September-Programm der Stadtb\u00fccherei Dreieich<\/a><\/h2>\n <div class=\"entry\">\n  <p style=\"margin-bottom:4px;\">\n   <a href=\"https:\/\/www.dreieich.de\/rathaus-service\/presse-medien\/pressemitteilungen\/2026\/september-programm-der-stadtbuecherei-dreieich\/\" target=\"_blank\"><img decoding=\"async\" src=\"https:\/\/www.dreieich.de\/rathaus-service\/presse-medien\/pressemitteilungen\/2026\/september-programm-der-stadtbuecherei-dreieich\/2025-stadtbuecherei.png?cid=1nn5.8h01&resize=12af03%3a1024x768c\" style=\"align:left !important; float:left !important; margin-top:4px !important; margin-right:8px !important; margin-bottom:4px !important; width:90px !important;\" \/><\/a>   Auch im September gibt es wieder ein abwechslungsreiches Programm.<br clear=\"all\" \/>  <\/p>\n  <div><span class=\"my_article_details\"><time datetime=\"2026-08-24\">24.08.2026<\/time> &middot; <a href=\"\/news\/dreieich-aktuell\" title=\"Dreieich heute aktuell\">Dreieich<\/a> &middot; <a href=\"\/news\/dreieich-nachrichten\" title=\"Dreieich Nachrichten\">News<\/a> &middot; <\/span><a href=\"https:\/\/www.dreieich.de\/rathaus-service\/presse-medien\/pressemitteilungen\/2026\/september-programm-der-stadtbuecherei-dreieich\/\" title=\"Link zum Artikel auf dreieich.de\" target=\"_blank\">dreieich.de<\/a><\/div>\n  <b><\/b>\n <\/div>\n <\/article>\n<\/div>\n<div class=\"post\" style=\"margin-bottom:40px;\">\n <article>\n <h2><a name=\"7846b011\" href=\"https:\/\/www.dreieich.de\/rathaus-service\/presse-medien\/pressemitteilungen\/2026\/motto-dafuer-interkulturelle-wochen-vom-1-september-bis-31-oktober\/\" rel=\"bookmark\" style=\"color:#333333; font-weight:bold;\" title=\"Link zum Artikel auf dreieich.de\" target=\"_blank\">Motto \u201edaf\u00fcr\u201c: Interkulturelle Wochen vom 1. September bis 31. Oktober<\/a><\/h2>\n <div class=\"entry\">\n  <p style=\"margin-bottom:4px;\">\n   <a href=\"https:\/\/www.dreieich.de\/rathaus-service\/presse-medien\/pressemitteilungen\/2026\/motto-dafuer-interkulturelle-wochen-vom-1-september-bis-31-oktober\/\" target=\"_blank\"><img decoding=\"async\" src=\"https:\/\/www.dreieich.de\/rathaus-service\/presse-medien\/pressemitteilungen\/2026\/motto-dafuer-interkulturelle-wochen-vom-1-september-bis-31-oktober\/group-of-divers-people-2026-01-08-00-00-00-utc.jpg?cid=1r62.8gzu&resize=d010c0%3a1024x768c\" style=\"align:left !important; float:left !important; margin-top:4px !important; margin-right:8px !important; margin-bottom:4px !important; width:90px !important;\" \/><\/a>   Auch in diesem Jahr finden in Dreieich vom 1. September bis 31. Oktober die Interkulturellen Wochen statt - bereits zum zweiten Mal unter dem Motto \u201eDaf&uuml;r!\u201c.<br clear=\"all\" \/>  <\/p>\n  <div><span class=\"my_article_details\"><time datetime=\"2026-08-24\">24.08.2026<\/time> &middot; <a href=\"\/news\/dreieich-aktuell\" title=\"Dreieich heute aktuell\">Dreieich<\/a> &middot; <a href=\"\/news\/dreieich-nachrichten\" title=\"Dreieich Nachrichten\">News<\/a> &middot; <\/span><a href=\"https:\/\/www.dreieich.de\/rathaus-service\/presse-medien\/pressemitteilungen\/2026\/motto-dafuer-interkulturelle-wochen-vom-1-september-bis-31-oktober\/\" title=\"Link zum Artikel auf dreieich.de\" target=\"_blank\">dreieich.de<\/a><\/div>\n  <b><\/b>\n <\/div>\n <\/article>\n<\/div>\n<div class=\"post\" style=\"margin-bottom:40px;\">\n <article>\n <h2><a name=\"d0eb82ef\" href=\"http:\/\/www.neu-isenburg.de\/pressemodul\/pressemitteilungen\/august\/radschnellweg-seligenstadt-flughafen-frankfurt\" rel=\"bookmark\" style=\"color:#333333; font-weight:bold;\" title=\"Link zum Artikel auf neu-isenburg.de\" target=\"_blank\">Radschnellweg Seligenstadt \u2013 Flughafen Frankfurt F\u00f6rderbescheid f\u00fcr Neu-Isenburg<\/a><\/h2>\n <div class=\"entry\">\n  <p style=\"margin-bottom:4px;\">\n   <a href=\"http:\/\/www.neu-isenburg.de\/pressemodul\/pressemitteilungen\/august\/radschnellweg-seligenstadt-flughafen-frankfurt\" target=\"_blank\"><img decoding=\"async\" src=\"\/feeds\/gfx\/neu-isenburg.de.png\" style=\"align:left !important; float:left !important; margin-top:4px !important; margin-right:8px !important; margin-bottom:4px !important; width:90px !important;\" \/><\/a>   Land Hessen f&ouml;rdert die weitere Planung des Radschnellwegabschnitts mit ca. 372.000 Euro<br clear=\"all\" \/>  <\/p>\n  <div><span class=\"my_article_details\"><time datetime=\"2026-08-24\">24.08.2026<\/time> &middot; <a href=\"\/news\/fluglaerm-offenbach-am-main\" title=\"Flugl\u00e4rm Offenbach am Main\">Flughafen<\/a> &middot; Frankfurt &middot; <\/span><a href=\"http:\/\/www.neu-isenburg.de\/pressemodul\/pressemitteilungen\/august\/radschnellweg-seligenstadt-flughafen-frankfurt\" title=\"Link zum Artikel auf neu-isenburg.de\" target=\"_blank\">neu-isenburg.de<\/a><\/div>\n  <b><\/b>\n <\/div>\n <\/article>\n<\/div>\n<div class=\"post\" style=\"margin-bottom:40px;\">\n <article>\n <h2><a name=\"f89a5b79\" href=\"https:\/\/www.evo-ag.de\/presse\/pressemitteilungen\/details\/evo-trauert-um-ihren-ehemaligen-technikvorstand-guenther-weiss\" rel=\"bookmark\" style=\"color:#333333; font-weight:bold;\" title=\"Link zum Artikel auf evo-ag.de\" target=\"_blank\">EVO trauert um ihren ehemaligen Technikvorstand G\u00fcnther Wei\u00df<\/a><\/h2>\n <div class=\"entry\">\n  <p style=\"margin-bottom:4px;\">\n   <a href=\"https:\/\/www.evo-ag.de\/presse\/pressemitteilungen\/details\/evo-trauert-um-ihren-ehemaligen-technikvorstand-guenther-weiss\" target=\"_blank\"><img decoding=\"async\" src=\"\/feeds\/gfx\/evo-ag.de.png\" style=\"align:left !important; float:left !important; margin-top:4px !important; margin-right:8px !important; margin-bottom:4px !important; width:90px !important;\" \/><\/a>   Offenbach, 24. August 2026. Die Energieversorgung Offenbach AG (EVO) trauert um ihren ehemaligen Technikvorstand G\u00fcnther Wei\u00df. Der langj\u00e4hrige Vorstand des Unternehmens ist am Samstag bei einem Bergunfall in Tirol t\u00f6dlich veru ...<br clear=\"all\" \/>  <\/p>\n  <div><span class=\"my_article_details\"><time datetime=\"2026-08-24\">24.08.2026<\/time> &middot; Energie &middot; <a href=\"\/news\/offenbach-aktuell\" title=\"Offenbach heute aktuell\">Offenbach<\/a> &middot; <a href=\"\/news\/unfaelle-offenbach-am-main\" title=\"Unf\u00e4lle Offenbach am Main\">Unfall<\/a> &middot; <\/span><a href=\"https:\/\/www.evo-ag.de\/presse\/pressemitteilungen\/details\/evo-trauert-um-ihren-ehemaligen-technikvorstand-guenther-weiss\" title=\"Link zum Artikel auf evo-ag.de\" target=\"_blank\">evo-ag.de<\/a><\/div>\n  <b><\/b>\n <\/div>\n <\/article>\n<\/div>\n<div class=\"post\" style=\"margin-bottom:40px;\">\n <article>\n <h2><a name=\"f5f4f5c8\" href=\"https:\/\/www.kreis-offenbach.de\/Service\/Medienservice\/Aktuelle-Pressemitteilungen\/Kulturfonds-Frankfurt-RheinMain-bleibt-Erfolgsgeschichte.php?object=tx,4013.5.1&ModID=7&FID=4013.3622.1&NavID=4013.211\" rel=\"bookmark\" style=\"color:#333333; font-weight:bold;\" title=\"Link zum Artikel auf kreis-offenbach.de\" target=\"_blank\">Kulturfonds Frankfurt RheinMain bleibt Erfolgsgeschichte<\/a><\/h2>\n <div class=\"entry\">\n  <p style=\"margin-bottom:4px;\">\n   <a href=\"https:\/\/www.kreis-offenbach.de\/Service\/Medienservice\/Aktuelle-Pressemitteilungen\/Kulturfonds-Frankfurt-RheinMain-bleibt-Erfolgsgeschichte.php?object=tx,4013.5.1&ModID=7&FID=4013.3622.1&NavID=4013.211\" target=\"_blank\"><img decoding=\"async\" src=\"\/feeds\/gfx\/kreis-offenbach.de.png\" style=\"align:left !important; float:left !important; margin-top:4px !important; margin-right:8px !important; margin-bottom:4px !important; width:90px !important;\" \/><\/a>   Um neue Impulse zu setzen und regionale Netzwerke zu st\u00e4rken, braucht Kultur starke Partner. Ein solcher Partner ist der Kulturfonds Frankfurt RheinMain.  ...<br clear=\"all\" \/>  <\/p>\n  <div><span class=\"my_article_details\"><time datetime=\"2026-08-24\">24.08.2026<\/time> &middot; <a href=\"\/news\/polizeieinsaetze-offenbach-am-main\" title=\"Polizeieins\u00e4tze Offenbach am Main\">Kreis Offenbach<\/a> &middot; <\/span><a href=\"https:\/\/www.kreis-offenbach.de\/Service\/Medienservice\/Aktuelle-Pressemitteilungen\/Kulturfonds-Frankfurt-RheinMain-bleibt-Erfolgsgeschichte.php?object=tx,4013.5.1&ModID=7&FID=4013.3622.1&NavID=4013.211\" title=\"Link zum Artikel auf kreis-offenbach.de\" target=\"_blank\">kreis-offenbach.de<\/a><\/div>\n  <b><\/b>\n <\/div>\n <\/article>\n<\/div>\n<div class=\"post\" style=\"margin-bottom:40px;\">\n <article>\n <h2><a name=\"377814cf\" href=\"https:\/\/www.op-online.de\/region\/dreieich\/euro-zuschuss-grosse-druesenameise-in-dreieich-stadt-zahlt-nur-400-94456028.html\" rel=\"bookmark\" style=\"color:#333333; font-weight:bold;\" title=\"Link zum Artikel auf op-online.de\" target=\"_blank\">Gro\u00dfe Dr\u00fcsenameise: Grundst\u00fccksbesitzer m\u00fcssen bei Pilotprojekt blechen \u2013 Stadt zahlt nur Zuschuss<\/a><\/h2>\n <div class=\"entry\">\n  <p style=\"margin-bottom:4px;\">\n   <a href=\"https:\/\/www.op-online.de\/region\/dreieich\/euro-zuschuss-grosse-druesenameise-in-dreieich-stadt-zahlt-nur-400-94456028.html\" target=\"_blank\"><img decoding=\"async\" src=\"https:\/\/www.op-online.de\/assets\/images\/42\/141\/42141681-das-ist-einer-der-plagegeister-13ef.jpg\" style=\"align:left !important; float:left !important; margin-top:4px !important; margin-right:8px !important; margin-bottom:4px !important; width:90px !important;\" \/><\/a>   Die Stadt Dreieich startet am Odenwaldring ein Pilotprojekt gegen die Gro&szlig;e Dr&uuml;senameise. Grundst&uuml;cksbesitzer m&uuml;ssen die H&auml;lfte der Kosten selbst tragen \u2013 wer nicht mitmacht, gef&auml;hrdet den Erfolg auf allen Nachbargrundst&uuml;cken.<br clear=\"all\" \/>  <\/p>\n  <div><span class=\"my_article_details\"><time datetime=\"2026-08-24\">24.08.2026<\/time> &middot; <a href=\"\/news\/dreieich-aktuell\" title=\"Dreieich heute aktuell\">Dreieich<\/a> &middot; <a href=\"\/news\/dreieich-nachrichten\" title=\"Dreieich Nachrichten\">News<\/a> &middot; <\/span><a href=\"https:\/\/www.op-online.de\/region\/dreieich\/euro-zuschuss-grosse-druesenameise-in-dreieich-stadt-zahlt-nur-400-94456028.html\" title=\"Link zum Artikel auf op-online.de\" target=\"_blank\">op-online.de<\/a><\/div>\n  <b><\/b>\n <\/div>\n <\/article>\n<\/div>\n<div class=\"post\" style=\"margin-bottom:40px;\">\n <article>\n <h2><a name=\"da2acea0\" href=\"https:\/\/www.op-online.de\/offenbach\/starkregen-droht-was-fuer-ein-absturz-wetter-achterbahn-in-offenbach-94455808.html\" rel=\"bookmark\" style=\"color:#333333; font-weight:bold;\" title=\"Link zum Artikel auf op-online.de\" target=\"_blank\">\u201eWas f\u00fcr ein Absturz\u201c: Wetter-Achterbahn in Offenbach \u2013 Starkregen droht<\/a><\/h2>\n <div class=\"entry\">\n  <p style=\"margin-bottom:4px;\">\n   <a href=\"https:\/\/www.op-online.de\/offenbach\/starkregen-droht-was-fuer-ein-absturz-wetter-achterbahn-in-offenbach-94455808.html\" target=\"_blank\"><img decoding=\"async\" src=\"https:\/\/www.op-online.de\/assets\/images\/43\/801\/43801340-diese-spektakulaere-gewitterzelle-zog-am-donnerstagabend-ueber-odelzhausen-auf-2KDEFiplPnef.jpg\" style=\"align:left !important; float:left !important; margin-top:4px !important; margin-right:8px !important; margin-bottom:4px !important; width:90px !important;\" \/><\/a>   Nach Hitze und Regen zeigt sich das Wetter im Rhein-Main-Gebiet erst einmal freundlich. Schon ab Dienstag drohen wieder Schauer und Gewitter. Danach ist sogar ein neuer Angriff auf die 30-Grad-Marke drin.<br clear=\"all\" \/>  <\/p>\n  <div><span class=\"my_article_details\"><time datetime=\"2026-08-23\">23.08.2026<\/time> &middot; <a href=\"\/news\/offenbach-aktuell\" title=\"Offenbach heute aktuell\">Offenbach<\/a> &middot; Wetter &middot; <\/span><a href=\"https:\/\/www.op-online.de\/offenbach\/starkregen-droht-was-fuer-ein-absturz-wetter-achterbahn-in-offenbach-94455808.html\" title=\"Link zum Artikel auf op-online.de\" target=\"_blank\">op-online.de<\/a><\/div>\n  <b><\/b>\n <\/div>\n <\/article>\n<\/div>\n<div class=\"post\" style=\"margin-bottom:40px;\">\n <article>\n <h2><a name=\"b45662b1\" href=\"https:\/\/www.quartier-waldacker.de\/?p=28605\" rel=\"bookmark\" style=\"color:#333333; font-weight:bold;\" title=\"Link zum Artikel auf quartier-waldacker.de\" target=\"_blank\">Waldacker: Radtour nach Hanau Lamboy zum Hanauer Bub<\/a><\/h2>\n <div class=\"entry\">\n  <p style=\"margin-bottom:4px;\">\n   <a href=\"https:\/\/www.quartier-waldacker.de\/?p=28605\" target=\"_blank\"><img decoding=\"async\" src=\"\/feeds\/gfx\/quartier-waldacker.de.png\" style=\"align:left !important; float:left !important; margin-top:4px !important; margin-right:8px !important; margin-bottom:4px !important; width:90px !important;\" \/><\/a>   Am 21.08.2026 starteten 23 Radlerinnen und Radler bei angenehmen Temperaturen zwischen 21 und 23 Grad zu einer abwechslungsreichen Tour nach Hanau-Lamboy. Besonders begr&uuml;&szlig;t wurden die beiden neuen Teilnehmer Ingeborg S. aus Waldacker und Stephan P. aus Offenthal. ...<br clear=\"all\" \/>  <\/p>\n  <div><span class=\"my_article_details\"><time datetime=\"2026-08-23\">23.08.2026<\/time> &middot; Offenthal &middot; <\/span><a href=\"https:\/\/www.quartier-waldacker.de\/?p=28605\" title=\"Link zum Artikel auf quartier-waldacker.de\" target=\"_blank\">quartier-waldacker.de<\/a><\/div>\n  <b><\/b>\n <\/div>\n <\/article>\n<\/div>\n<div class=\"post\" style=\"margin-bottom:40px;\">\n <article>\n <h2><a name=\"1d89bc31\" href=\"https:\/\/www.faz.net\/aktuell\/rhein-main\/kultur\/hot-printing-festival-offenbach-2026-druckgrafiken-sehen-machen-kaufen-201143125.html\" rel=\"bookmark\" style=\"color:#333333; font-weight:bold;\" title=\"Link zum Artikel auf faz.net\" target=\"_blank\">K\u00fcnstler machen Druck<\/a><\/h2>\n <div class=\"entry\">\n  <p style=\"margin-bottom:4px;\">\n   <a href=\"https:\/\/www.faz.net\/aktuell\/rhein-main\/kultur\/hot-printing-festival-offenbach-2026-druckgrafiken-sehen-machen-kaufen-201143125.html\" target=\"_blank\"><img decoding=\"async\" src=\"\/feeds\/gfx\/faz.net.png\" style=\"align:left !important; float:left !important; margin-top:4px !important; margin-right:8px !important; margin-bottom:4px !important; width:90px !important;\" \/><\/a>   Mainwasser-Lithographie, klassischer Bleisatz, knallbunte Risodrucke: Das Festival \u201eHot Printing\u201c zeigt originelle Druckgrafiken regionaler und internationaler K&uuml;nstler.<br clear=\"all\" \/>  <\/p>\n  <div><span class=\"my_article_details\"><time datetime=\"2026-08-21\">21.08.2026<\/time> &middot; Festival &middot; <a href=\"\/news\/offenbach-aktuell\" title=\"Offenbach heute aktuell\">Offenbach<\/a> &middot; <\/span><a href=\"https:\/\/www.faz.net\/aktuell\/rhein-main\/kultur\/hot-printing-festival-offenbach-2026-druckgrafiken-sehen-machen-kaufen-201143125.html\" title=\"Link zum Artikel auf faz.net\" target=\"_blank\">faz.net<\/a><\/div>\n  <b><\/b>\n <\/div>\n <\/article>\n<\/div>\n<div class=\"post\" style=\"margin-bottom:40px;\">\n <article>\n <h2><a name=\"45a3ddf5\" href=\"https:\/\/www.dreieich.de\/rathaus-service\/presse-medien\/pressemitteilungen\/2026\/radschnellweg-seligenstadt-flughafen-frankfurt-frm9-foerderbescheid\/\" rel=\"bookmark\" style=\"color:#333333; font-weight:bold;\" title=\"Link zum Artikel auf dreieich.de\" target=\"_blank\">Radschnellweg Seligenstadt \u2013 Flughafen Frankfurt (FRM9): F\u00f6rderbescheid f\u00fcr Abschnitt zwischen Rodgau und Dreieich-G\u00f6tzenhain \u00fcbergeben<\/a><\/h2>\n <div class=\"entry\">\n  <p style=\"margin-bottom:4px;\">\n   <a href=\"https:\/\/www.dreieich.de\/rathaus-service\/presse-medien\/pressemitteilungen\/2026\/radschnellweg-seligenstadt-flughafen-frankfurt-frm9-foerderbescheid\/\" target=\"_blank\"><img decoding=\"async\" src=\"https:\/\/www.dreieich.de\/rathaus-service\/presse-medien\/pressemitteilungen\/2026\/radschnellweg-seligenstadt-flughafen-frankfurt-frm9-foerderbescheid\/pm43-2026-uebergabe-foerderbescheid-abschnitt-rodgau-rodgau-dreieich-goetzenhain-frm9.jpg?cid=1t0d.8gye&resize=c9a426%3a1024x768c\" style=\"align:left !important; float:left !important; margin-top:4px !important; margin-right:8px !important; margin-bottom:4px !important; width:90px !important;\" \/><\/a>   Land Hessen f&ouml;rdert die weitere Planung des Radschnellwegs mit 1,9 Millionen Euro<br clear=\"all\" \/>  <\/p>\n  <div><span class=\"my_article_details\"><time datetime=\"2026-08-21\">21.08.2026<\/time> &middot; <a href=\"\/news\/dreieich-aktuell\" title=\"Dreieich heute aktuell\">Dreieich<\/a> &middot; <a href=\"\/news\/fluglaerm-offenbach-am-main\" title=\"Flugl\u00e4rm Offenbach am Main\">Flughafen<\/a> &middot; Frankfurt &middot; G\u00f6tzenhain &middot; <\/span><a href=\"https:\/\/www.dreieich.de\/rathaus-service\/presse-medien\/pressemitteilungen\/2026\/radschnellweg-seligenstadt-flughafen-frankfurt-frm9-foerderbescheid\/\" title=\"Link zum Artikel auf dreieich.de\" target=\"_blank\">dreieich.de<\/a><\/div>\n  <b><\/b>\n <\/div>\n <\/article>\n<\/div>\n<div class=\"post\" style=\"margin-bottom:40px;\">\n <article>\n <h2><a name=\"e9159ed9\" href=\"https:\/\/www.hessenschau.de\/kultur\/hot-printing-festival-offenbach-feiert-die-druckkunst-v1,2026-hot-printing-festival-100.html\" rel=\"bookmark\" style=\"color:#333333; font-weight:bold;\" title=\"Link zum Artikel auf hessenschau.de\" target=\"_blank\">Hot Printing Festival: Offenbach feiert die Druckkunst<\/a><\/h2>\n <div class=\"entry\">\n  <p style=\"margin-bottom:4px;\">\n   <a href=\"https:\/\/www.hessenschau.de\/kultur\/hot-printing-festival-offenbach-feiert-die-druckkunst-v1,2026-hot-printing-festival-100.html\" target=\"_blank\"><img decoding=\"async\" src=\"https:\/\/www.hessenschau.de\/kultur\/offenbach-druck-hotprinting-100~_t-1787311046501_v-16to9.jpg\" style=\"align:left !important; float:left !important; margin-top:4px !important; margin-right:8px !important; margin-bottom:4px !important; width:90px !important;\" \/><\/a>   Als Stadt der Druckkunst hat Offenbach eine lange Tradition. Die soll am kommenden Wochenende wiederbelebt werden \u2013 mit dem Hot Printing Festival, das Kreative und K&uuml;nstler genauso ansprechen will wie Familien. ...<br clear=\"all\" \/>  <\/p>\n  <div><span class=\"my_article_details\"><time datetime=\"2026-08-21\">21.08.2026<\/time> &middot; Festival &middot; <a href=\"\/news\/offenbach-aktuell\" title=\"Offenbach heute aktuell\">Offenbach<\/a> &middot; <\/span><a href=\"https:\/\/www.hessenschau.de\/kultur\/hot-printing-festival-offenbach-feiert-die-druckkunst-v1,2026-hot-printing-festival-100.html\" title=\"Link zum Artikel auf hessenschau.de\" target=\"_blank\">hessenschau.de<\/a><\/div>\n  <b><\/b>\n <\/div>\n <\/article>\n<\/div>\n<div class=\"post\" style=\"margin-bottom:40px;\">\n <article>\n <h2><a name=\"8decadfe\" href=\"https:\/\/www.kreis-offenbach.de\/Service\/Medienservice\/Aktuelle-Pressemitteilungen\/-Konzert-am-Wasser-verwandelt-Langener-Waldsee-in-Ort-der-Kultur.php?object=tx,4013.5.1&ModID=7&FID=4013.3617.1&NavID=4013.211\" rel=\"bookmark\" style=\"color:#333333; font-weight:bold;\" title=\"Link zum Artikel auf kreis-offenbach.de\" target=\"_blank\">&bdquo;Konzert am Wasser&ldquo; verwandelt Langener Waldsee in Ort der Kultur<\/a><\/h2>\n <div class=\"entry\">\n  <p style=\"margin-bottom:4px;\">\n   <a href=\"https:\/\/www.kreis-offenbach.de\/Service\/Medienservice\/Aktuelle-Pressemitteilungen\/-Konzert-am-Wasser-verwandelt-Langener-Waldsee-in-Ort-der-Kultur.php?object=tx,4013.5.1&ModID=7&FID=4013.3617.1&NavID=4013.211\" target=\"_blank\"><img decoding=\"async\" src=\"\/feeds\/gfx\/kreis-offenbach.de.png\" style=\"align:left !important; float:left !important; margin-top:4px !important; margin-right:8px !important; margin-bottom:4px !important; width:90px !important;\" \/><\/a>   Der Beachclub am Langener Waldsee steht f\u00fcr Sommertage, Erholung und Events am Wasser. Beim &bdquo;Konzert am Wasser&ldquo; wurde das Ufer am Donnerstagabend  ...<br clear=\"all\" \/>  <\/p>\n  <div><span class=\"my_article_details\"><time datetime=\"2026-08-21\">21.08.2026<\/time> &middot; <a href=\"\/news\/polizeieinsaetze-offenbach-am-main\" title=\"Polizeieins\u00e4tze Offenbach am Main\">Kreis Offenbach<\/a> &middot; <\/span><a href=\"https:\/\/www.kreis-offenbach.de\/Service\/Medienservice\/Aktuelle-Pressemitteilungen\/-Konzert-am-Wasser-verwandelt-Langener-Waldsee-in-Ort-der-Kultur.php?object=tx,4013.5.1&ModID=7&FID=4013.3617.1&NavID=4013.211\" title=\"Link zum Artikel auf kreis-offenbach.de\" target=\"_blank\">kreis-offenbach.de<\/a><\/div>\n  <b><\/b>\n <\/div>\n <\/article>\n<\/div>\n<div class=\"post\" style=\"margin-bottom:40px;\">\n <article>\n <h2><a name=\"2a61880d\" href=\"https:\/\/www.op-online.de\/region\/dreieich\/scheitern-cdu-gewinnt-kommunalwahl-deutlich-doch-koalitionsgespraeche-94451880.html\" rel=\"bookmark\" style=\"color:#333333; font-weight:bold;\" title=\"Link zum Artikel auf op-online.de\" target=\"_blank\">CDU gewinnt Kommunalwahl deutlich \u2013 doch Koalitionsgespr\u00e4che scheitern<\/a><\/h2>\n <div class=\"entry\">\n  <p style=\"margin-bottom:4px;\">\n   <a href=\"https:\/\/www.op-online.de\/region\/dreieich\/scheitern-cdu-gewinnt-kommunalwahl-deutlich-doch-koalitionsgespraeche-94451880.html\" target=\"_blank\"><img decoding=\"async\" src=\"https:\/\/www.op-online.de\/assets\/images\/41\/934\/41934810-das-rathaus-mit-der-adresse-hauptstrasse-45-geht-bald-ins-eigentum-der-stadt-dreieich-ueber-den-gut-300-mitarbeitern-steht-also-kein-umzug-bevor-18ef.jpg\" style=\"align:left !important; float:left !important; margin-top:4px !important; margin-right:8px !important; margin-bottom:4px !important; width:90px !important;\" \/><\/a>   In Dreieich regiert die CDU seit der Kommunalwahl ohne feste Koalition. An der Personalfrage sind die Verhandlungen mit der SPD gescheitert.<br clear=\"all\" \/>  <\/p>\n  <div><span class=\"my_article_details\"><time datetime=\"2026-08-20\">20.08.2026<\/time> &middot; <a href=\"\/news\/dreieich-aktuell\" title=\"Dreieich heute aktuell\">Dreieich<\/a> &middot; <a href=\"\/news\/dreieich-nachrichten\" title=\"Dreieich Nachrichten\">News<\/a> &middot; <\/span><a href=\"https:\/\/www.op-online.de\/region\/dreieich\/scheitern-cdu-gewinnt-kommunalwahl-deutlich-doch-koalitionsgespraeche-94451880.html\" title=\"Link zum Artikel auf op-online.de\" target=\"_blank\">op-online.de<\/a><\/div>\n  <b><\/b>\n <\/div>\n <\/article>\n<\/div>\n<div class=\"post\" style=\"margin-bottom:40px;\">\n <article>\n <h2><a name=\"3ffbdff2\" href=\"https:\/\/www.op-online.de\/region\/dreieich\/dracula-komoedie-auf-der-burg-hayn-94451839.html\" rel=\"bookmark\" style=\"color:#333333; font-weight:bold;\" title=\"Link zum Artikel auf op-online.de\" target=\"_blank\">Dracula-Kom\u00f6die auf der Burg Hayn<\/a><\/h2>\n <div class=\"entry\">\n  <p style=\"margin-bottom:4px;\">\n   <a href=\"https:\/\/www.op-online.de\/region\/dreieich\/dracula-komoedie-auf-der-burg-hayn-94451839.html\" target=\"_blank\"><img decoding=\"async\" src=\"https:\/\/www.op-online.de\/assets\/images\/43\/719\/43719382-kreuze-und-knoblauch-verjagen-graf-dracula-die-theatergruppe-des-geschichts-und-heimatvereins-hat-eine-ganz-eigene-lustige-version-des-1Bef.jpg\" style=\"align:left !important; float:left !important; margin-top:4px !important; margin-right:8px !important; margin-bottom:4px !important; width:90px !important;\" \/><\/a>   Das Burgtheater Dreieichenhain bringt Bram Stokers Vampir-Klassiker als Kom&ouml;die auf die B&uuml;hne. Autor Maximilian Nowak lie&szlig; die Dialoge von K&uuml;nstlicher Intelligenz schreiben und &uuml;berarbeitete sie dann selbst.<br clear=\"all\" \/>  <\/p>\n  <div><span class=\"my_article_details\"><time datetime=\"2026-08-20\">20.08.2026<\/time> &middot; <a href=\"\/news\/dreieich-aktuell\" title=\"Dreieich heute aktuell\">Dreieich<\/a> &middot; <a href=\"\/news\/dreieich-nachrichten\" title=\"Dreieich Nachrichten\">News<\/a> &middot; <\/span><a href=\"https:\/\/www.op-online.de\/region\/dreieich\/dracula-komoedie-auf-der-burg-hayn-94451839.html\" title=\"Link zum Artikel auf op-online.de\" target=\"_blank\">op-online.de<\/a><\/div>\n  <b><\/b>\n <\/div>\n <\/article>\n<\/div>\n<div class=\"post\" style=\"margin-bottom:40px;\">\n <article>\n <h2><a name=\"0e085d9c\" href=\"https:\/\/www.dreieich.de\/rathaus-service\/presse-medien\/pressemitteilungen\/2026\/seniorenarbeit-einsam-gemeinsam-das-interaktive-erzaehlcafe-zwischen-app-und-analog\/\" rel=\"bookmark\" style=\"color:#333333; font-weight:bold;\" title=\"Link zum Artikel auf dreieich.de\" target=\"_blank\">Seniorenarbeit: Einsam? Gemeinsam! - Das interaktive Erz\u00e4hlcaf\u00e9 zwischen App und analog<\/a><\/h2>\n <div class=\"entry\">\n  <p style=\"margin-bottom:4px;\">\n   <a href=\"https:\/\/www.dreieich.de\/rathaus-service\/presse-medien\/pressemitteilungen\/2026\/seniorenarbeit-einsam-gemeinsam-das-interaktive-erzaehlcafe-zwischen-app-und-analog\/\" target=\"_blank\"><img decoding=\"async\" src=\"https:\/\/www.dreieich.de\/zukunft-leben\/soziales-gesellschaft\/seniorinnen-und-senioren\/a-panorama-portrait-of-a-group-of-happy-elderly-me-2021-08-26-15-45-39-utc-klein.jpg?cid=duj.8c0s&resize=88a928%3a1024x768c\" style=\"align:left !important; float:left !important; margin-top:4px !important; margin-right:8px !important; margin-bottom:4px !important; width:90px !important;\" \/><\/a>   Am 28. August um 15 Uhr im Pop-Up-Store in der Offenbacher Stra&szlig;e findet das interaktive Erz&auml;hlcaf\u00e9 statt. Einsamkeit kennt kein Alter und hat viele Gesichter. Das Erz&auml;hlcaf\u00e9 schafft Raum f&uuml;r echte Begegnungen und neue Kontakte. In entspannter Atmosph&auml;re kann ...<br clear=\"all\" \/>  <\/p>\n  <div><span class=\"my_article_details\"><time datetime=\"2026-08-20\">20.08.2026<\/time> &middot; <a href=\"\/news\/dreieich-aktuell\" title=\"Dreieich heute aktuell\">Dreieich<\/a> &middot; <a href=\"\/news\/dreieich-nachrichten\" title=\"Dreieich Nachrichten\">News<\/a> &middot; <\/span><a href=\"https:\/\/www.dreieich.de\/rathaus-service\/presse-medien\/pressemitteilungen\/2026\/seniorenarbeit-einsam-gemeinsam-das-interaktive-erzaehlcafe-zwischen-app-und-analog\/\" title=\"Link zum Artikel auf dreieich.de\" target=\"_blank\">dreieich.de<\/a><\/div>\n  <b><\/b>\n <\/div>\n <\/article>\n<\/div>\n<div class=\"post\" style=\"margin-bottom:40px;\">\n <article>\n <h2><a name=\"61b0f9e0\" href=\"https:\/\/www.kreis-offenbach.de\/Service\/Medienservice\/Aktuelle-Pressemitteilungen\/Kommunale-Integrationsstrukturen-st%C3%A4rken.php?object=tx,4013.5.1&ModID=7&FID=4013.3608.1&NavID=4013.211\" rel=\"bookmark\" style=\"color:#333333; font-weight:bold;\" title=\"Link zum Artikel auf kreis-offenbach.de\" target=\"_blank\">Kommunale Integrationsstrukturen st\u00e4rken<\/a><\/h2>\n <div class=\"entry\">\n  <p style=\"margin-bottom:4px;\">\n   <a href=\"https:\/\/www.kreis-offenbach.de\/Service\/Medienservice\/Aktuelle-Pressemitteilungen\/Kommunale-Integrationsstrukturen-st%C3%A4rken.php?object=tx,4013.5.1&ModID=7&FID=4013.3608.1&NavID=4013.211\" target=\"_blank\"><img decoding=\"async\" src=\"\/feeds\/gfx\/kreis-offenbach.de.png\" style=\"align:left !important; float:left !important; margin-top:4px !important; margin-right:8px !important; margin-bottom:4px !important; width:90px !important;\" \/><\/a>   Integrationsstaatssekret\u00e4rin Hechler \u00fcbergibt F\u00f6rderbescheid \u00fcber 600.000 Euro f\u00fcr das WIRVielfaltszentrumim Kreis Offenbach<br clear=\"all\" \/>  <\/p>\n  <div><span class=\"my_article_details\"><time datetime=\"2026-08-20\">20.08.2026<\/time> &middot; <a href=\"\/news\/polizeieinsaetze-offenbach-am-main\" title=\"Polizeieins\u00e4tze Offenbach am Main\">Kreis Offenbach<\/a> &middot; <\/span><a href=\"https:\/\/www.kreis-offenbach.de\/Service\/Medienservice\/Aktuelle-Pressemitteilungen\/Kommunale-Integrationsstrukturen-st%C3%A4rken.php?object=tx,4013.5.1&ModID=7&FID=4013.3608.1&NavID=4013.211\" title=\"Link zum Artikel auf kreis-offenbach.de\" target=\"_blank\">kreis-offenbach.de<\/a><\/div>\n  <b><\/b>\n <\/div>\n <\/article>\n<\/div>\n<div class=\"post\" style=\"margin-bottom:40px;\">\n <article>\n <h2><a name=\"be62b6f9\" href=\"https:\/\/www.op-online.de\/offenbach\/hot-printing-festival-zieht-ueber-90-aussteller-an-aus-150-bewerbungen-94451001.html\" rel=\"bookmark\" style=\"color:#333333; font-weight:bold;\" title=\"Link zum Artikel auf op-online.de\" target=\"_blank\">Museum in Offenbach veranstaltet Festival und will bedrohtes Kulturgut retten<\/a><\/h2>\n <div class=\"entry\">\n  <p style=\"margin-bottom:4px;\">\n   <a href=\"https:\/\/www.op-online.de\/offenbach\/hot-printing-festival-zieht-ueber-90-aussteller-an-aus-150-bewerbungen-94451001.html\" target=\"_blank\"><img decoding=\"async\" src=\"https:\/\/www.op-online.de\/assets\/images\/43\/768\/43768855-vor-verschrottung-bewahren-diese-matern-aus-der-geschlossenen-darmstaedter-werkstatt-des-letzten-schriftgiessers-rainer-gestenberg-moechte-das-3aef.jpg\" style=\"align:left !important; float:left !important; margin-top:4px !important; margin-right:8px !important; margin-bottom:4px !important; width:90px !important;\" \/><\/a>   Das Klingspormuseum in Offenbach veranstaltet zum dritten Mal das Druckfestival \u201eHot Printing\u201c. Die Zahl der St&auml;nde ist von 50 auf &uuml;ber 90 gestiegen \u2013 obwohl das Gel&auml;nde bereits auf vier Standorte erweitert wurde.<br clear=\"all\" \/>  <\/p>\n  <div><span class=\"my_article_details\"><time datetime=\"2026-08-20\">20.08.2026<\/time> &middot; Festival &middot; <a href=\"\/news\/offenbach-aktuell\" title=\"Offenbach heute aktuell\">Offenbach<\/a> &middot; <\/span><a href=\"https:\/\/www.op-online.de\/offenbach\/hot-printing-festival-zieht-ueber-90-aussteller-an-aus-150-bewerbungen-94451001.html\" title=\"Link zum Artikel auf op-online.de\" target=\"_blank\">op-online.de<\/a><\/div>\n  <b><\/b>\n <\/div>\n <\/article>\n<\/div>\n<div class=\"post\" style=\"margin-bottom:40px;\">\n <article>\n <h2><a name=\"54d37250\" href=\"https:\/\/of-news.de\/dreieich\/millionenprojekt-in-sprendlingen-baustart-fuer-die-erweiterung-der-ricarda-huch-schule-169759\/\" rel=\"bookmark\" style=\"color:#333333; font-weight:bold;\" title=\"Link zum Artikel auf of-news.de\" target=\"_blank\">Millionenprojekt in Sprendlingen: Baustart f\u00fcr die Erweiterung der Ricarda-Huch-Schule<\/a><\/h2>\n <div class=\"entry\">\n  <p style=\"margin-bottom:4px;\">\n   <a href=\"https:\/\/of-news.de\/dreieich\/millionenprojekt-in-sprendlingen-baustart-fuer-die-erweiterung-der-ricarda-huch-schule-169759\/\" target=\"_blank\"><img decoding=\"async\" src=\"\/feeds\/gfx\/of-news.de.png\" style=\"align:left !important; float:left !important; margin-top:4px !important; margin-right:8px !important; margin-bottom:4px !important; width:90px !important;\" \/><\/a>   Mit dem ersten Spatenstich hat die umfangreiche Modernisierung und Vergr&ouml;&szlig;erung der Ricarda-Huch-Schule in Dreieich-Sprendlingen nun offiziell begonnen. Erste Vorbereitungen f&uuml;r das Bauprojekt auf dem Gel&auml;nde des Gymnasiums waren bereits zu Beginn der Sommerferien ...<br clear=\"all\" \/>  <\/p>\n  <div><span class=\"my_article_details\"><time datetime=\"2026-08-19\">19.08.2026<\/time> &middot; <a href=\"\/news\/braende-offenbach-am-main\" title=\"Br\u00e4nde Offenbach am Main\">Brand<\/a> &middot; <a href=\"\/news\/dreieich-aktuell\" title=\"Dreieich heute aktuell\">Dreieich<\/a> &middot; <a href=\"\/news\/dreieich-nachrichten\" title=\"Dreieich Nachrichten\">News<\/a> &middot; Sprendlingen &middot; <\/span><a href=\"https:\/\/of-news.de\/dreieich\/millionenprojekt-in-sprendlingen-baustart-fuer-die-erweiterung-der-ricarda-huch-schule-169759\/\" title=\"Link zum Artikel auf of-news.de\" target=\"_blank\">of-news.de<\/a><\/div>\n  <b><\/b>\n <\/div>\n <\/article>\n<\/div>\n<div class=\"post\" style=\"margin-bottom:40px;\">\n <article>\n <h2><a name=\"79360fd1\" href=\"https:\/\/www.dreieich.de\/rathaus-service\/presse-medien\/pressemitteilungen\/2026\/offizieller-baubeginn-an-der-ricarda-huch-schule-in-dreieich-sprendlingen\/\" rel=\"bookmark\" style=\"color:#333333; font-weight:bold;\" title=\"Link zum Artikel auf dreieich.de\" target=\"_blank\">Offizieller Baubeginn an der Ricarda-Huch-Schule in Dreieich-Sprendlingen<\/a><\/h2>\n <div class=\"entry\">\n  <p style=\"margin-bottom:4px;\">\n   <a href=\"https:\/\/www.dreieich.de\/rathaus-service\/presse-medien\/pressemitteilungen\/2026\/offizieller-baubeginn-an-der-ricarda-huch-schule-in-dreieich-sprendlingen\/\" target=\"_blank\"><img decoding=\"async\" src=\"https:\/\/www.dreieich.de\/rathaus-service\/presse-medien\/pressemitteilungen\/2026\/offizieller-baubeginn-an-der-ricarda-huch-schule-in-dreieich-sprendlingen\/kreis-of-logo16by9.jpg?cid=1t00.8gse&resize=c10bef%3a1024x768c\" style=\"align:left !important; float:left !important; margin-top:4px !important; margin-right:8px !important; margin-bottom:4px !important; width:90px !important;\" \/><\/a>   Mit dem Spatenstich haben Kreisbeigeordneter Alexander B&ouml;hn, der B&uuml;rgermeister der Stadt Dreieich Martin Burlon und Schulleiter Torsten Lampert offiziell den Startschuss f&uuml;r die Erweiterung der Ricarda-Huch-Schule in Dreieich-Sprendlingen gegeben. Zu Beginn ...<br clear=\"all\" \/>  <\/p>\n  <div><span class=\"my_article_details\"><time datetime=\"2026-08-19\">19.08.2026<\/time> &middot; <a href=\"\/news\/dreieich-aktuell\" title=\"Dreieich heute aktuell\">Dreieich<\/a> &middot; <a href=\"\/news\/dreieich-nachrichten\" title=\"Dreieich Nachrichten\">News<\/a> &middot; Sprendlingen &middot; <\/span><a href=\"https:\/\/www.dreieich.de\/rathaus-service\/presse-medien\/pressemitteilungen\/2026\/offizieller-baubeginn-an-der-ricarda-huch-schule-in-dreieich-sprendlingen\/\" title=\"Link zum Artikel auf dreieich.de\" target=\"_blank\">dreieich.de<\/a><\/div>\n  <b><\/b>\n <\/div>\n <\/article>\n<\/div>\n<div class=\"post\" style=\"margin-bottom:40px;\">\n <article>\n <h2><a name=\"b1a9044c\" href=\"https:\/\/www.op-online.de\/region\/dreieich\/ricarda-huch-schule-spatenstich-fuer-23-millionen-erweiterung-container-bleiben-94449942.html\" rel=\"bookmark\" style=\"color:#333333; font-weight:bold;\" title=\"Link zum Artikel auf op-online.de\" target=\"_blank\">Ricarda-Huch-Schule: Spatenstich f\u00fcr 23,8-Millionen-Erweiterung \u2013 Container bleiben<\/a><\/h2>\n <div class=\"entry\">\n  <p style=\"margin-bottom:4px;\">\n   <a href=\"https:\/\/www.op-online.de\/region\/dreieich\/ricarda-huch-schule-spatenstich-fuer-23-millionen-erweiterung-container-bleiben-94449942.html\" target=\"_blank\"><img decoding=\"async\" src=\"https:\/\/www.op-online.de\/assets\/images\/43\/762\/43762577-jetzt-geht-los-das-dreieicher-gymnasium-bekommt-die-schon-lange-benoetigte-erweiterung-dienstag-war-spatenstich-bis-zum-schuljahr-28-29-soll-der-23-2Ref.jpg\" style=\"align:left !important; float:left !important; margin-top:4px !important; margin-right:8px !important; margin-bottom:4px !important; width:90px !important;\" \/><\/a>   Der Kreis Offenbach startet den Erweiterungsbau am Gymnasium in Sprendlingen. Trotz acht neuer Klassenr&auml;ume und vier Ganztagsr&auml;umen reicht der Platz nicht aus.<br clear=\"all\" \/>  <\/p>\n  <div><span class=\"my_article_details\"><time datetime=\"2026-08-19\">19.08.2026<\/time> &middot; Sprendlingen &middot; <\/span><a href=\"https:\/\/www.op-online.de\/region\/dreieich\/ricarda-huch-schule-spatenstich-fuer-23-millionen-erweiterung-container-bleiben-94449942.html\" title=\"Link zum Artikel auf op-online.de\" target=\"_blank\">op-online.de<\/a><\/div>\n  <b><\/b>\n <\/div>\n <\/article>\n<\/div>\n<div class=\"post\" style=\"margin-bottom:40px;\">\n <article>\n <h2><a name=\"5aa5cde1\" href=\"https:\/\/www.sternfreundekreisoffenbach.de\/uncategorized\/sonnenfinsternis-am-12-august\/\" rel=\"bookmark\" style=\"color:#333333; font-weight:bold;\" title=\"Link zum Artikel auf sternfreundekreisoffenbach.de\" target=\"_blank\">Astronomie: Sonnenfinsternis am 12. August<\/a><\/h2>\n <div class=\"entry\">\n  <p style=\"margin-bottom:4px;\">\n   <a href=\"https:\/\/www.sternfreundekreisoffenbach.de\/uncategorized\/sonnenfinsternis-am-12-august\/\" target=\"_blank\"><img decoding=\"async\" src=\"\/feeds\/gfx\/sternfreundekreisoffenbach.de.jpg\" style=\"align:left !important; float:left !important; margin-top:4px !important; margin-right:8px !important; margin-bottom:4px !important; width:90px !important;\" \/><\/a>   Am Abend des 12. August gab es in Deutschland kurz vor Sonnenuntergang eine partielle Sonnenfinsternis. Bei wolkenfreiem Himmel konnte man auch im Rhein-Main-Gebiet beobachten, wie sich die Sonne zu fast 90 Prozent verdunkelte, selbstverst&auml;ndlich nur mit speziellen ...<br clear=\"all\" \/>  <\/p>\n  <div><span class=\"my_article_details\"><time datetime=\"2026-08-19\">19.08.2026<\/time> &middot; <a href=\"\/news\/dreieich-aktuell\" title=\"Dreieich heute aktuell\">Dreieich<\/a> &middot; <a href=\"\/news\/polizeieinsaetze-offenbach-am-main\" title=\"Polizeieins\u00e4tze Offenbach am Main\">Kreis Offenbach<\/a> &middot; <a href=\"\/news\/dreieich-nachrichten\" title=\"Dreieich Nachrichten\">News<\/a> &middot; <\/span><a href=\"https:\/\/www.sternfreundekreisoffenbach.de\/uncategorized\/sonnenfinsternis-am-12-august\/\" title=\"Link zum Artikel auf sternfreundekreisoffenbach.de\" target=\"_blank\">sternfreundekreisoffenbach.de<\/a><\/div>\n  <b><\/b>\n <\/div>\n <\/article>\n<\/div>\n<div class=\"post\" style=\"margin-bottom:40px;\">\n <article>\n <h2><a name=\"d7d122b9\" href=\"https:\/\/www.gruene-dreieich.de\/hitzeschutz-endlich-anpacken-antrag-gruene-spd-fwg\/\" rel=\"bookmark\" style=\"color:#333333; font-weight:bold;\" title=\"Link zum Artikel auf gruene-dreieich.de\" target=\"_blank\">Die Gr\u00fcnen: Hitzeschutz endlich anpacken! \u2013 Antrag GR\u00dcNE, SPD, FWG<\/a><\/h2>\n <div class=\"entry\">\n  <p style=\"margin-bottom:4px;\">\n   <a href=\"https:\/\/www.gruene-dreieich.de\/hitzeschutz-endlich-anpacken-antrag-gruene-spd-fwg\/\" target=\"_blank\"><img decoding=\"async\" src=\"\/feeds\/gfx\/gruene-dreieich.de.png\" style=\"align:left !important; float:left !important; margin-top:4px !important; margin-right:8px !important; margin-bottom:4px !important; width:90px !important;\" \/><\/a>   Die Sommer werden sp&uuml;rbar hei&szlig;er. Hitzewellen dauern l&auml;nger und kommen h&auml;ufiger &#8211; auch in Dreieich! Wir alle sehen es am abgestorbenen Rasen und den Verkaufszahlen der Klimaanlagen. Was fr&uuml;her als Ausnahme galt, wird zunehmend zur Belastungsprobe f&uuml;r ...<br clear=\"all\" \/>  <\/p>\n  <div><span class=\"my_article_details\"><time datetime=\"2026-08-18\">18.08.2026<\/time> &middot; <a href=\"\/news\/dreieich-aktuell\" title=\"Dreieich heute aktuell\">Dreieich<\/a> &middot; <a href=\"\/news\/dreieich-nachrichten\" title=\"Dreieich Nachrichten\">News<\/a> &middot; <\/span><a href=\"https:\/\/www.gruene-dreieich.de\/hitzeschutz-endlich-anpacken-antrag-gruene-spd-fwg\/\" title=\"Link zum Artikel auf gruene-dreieich.de\" target=\"_blank\">gruene-dreieich.de<\/a><\/div>\n  <b><\/b>\n <\/div>\n <\/article>\n<\/div>\n<div class=\"post\" style=\"margin-bottom:40px;\">\n <article>\n <h2><a name=\"994f5e57\" href=\"https:\/\/www.dreieich.de\/rathaus-service\/presse-medien\/pressemitteilungen\/2026\/stadtbuecherei-dreieich-neues-medienangebot-spielerisch-lernen-mit-edurino\/\" rel=\"bookmark\" style=\"color:#333333; font-weight:bold;\" title=\"Link zum Artikel auf dreieich.de\" target=\"_blank\">Stadtb\u00fccherei Dreieich: Neues Medienangebot - Spielerisch lernen mit Edurino<\/a><\/h2>\n <div class=\"entry\">\n  <p style=\"margin-bottom:4px;\">\n   <a href=\"https:\/\/www.dreieich.de\/rathaus-service\/presse-medien\/pressemitteilungen\/2026\/stadtbuecherei-dreieich-neues-medienangebot-spielerisch-lernen-mit-edurino\/\" target=\"_blank\"><img decoding=\"async\" src=\"https:\/\/www.dreieich.de\/rathaus-service\/presse-medien\/pressemitteilungen\/2026\/stadtbuecherei-dreieich-neues-medienangebot-spielerisch-lernen-mit-edurino\/117-stadtbue-edurino-02.jpg?cid=1sy7.8gms&resize=1947d3%3a1024x768c\" style=\"align:left !important; float:left !important; margin-top:4px !important; margin-right:8px !important; margin-bottom:4px !important; width:90px !important;\" \/><\/a>   Ab sofort stehen in der Stadtb&uuml;cherei Dreieich Edurino-Figuren zur Ausleihe bereit. Das neue Angebot richtet sich besonders an Kinder im Vor- und Grundschulalter und verbindet haptische Lernfiguren mit digitalem Lernen.<br clear=\"all\" \/>  <\/p>\n  <div><span class=\"my_article_details\"><time datetime=\"2026-08-18\">18.08.2026<\/time> &middot; <a href=\"\/news\/dreieich-aktuell\" title=\"Dreieich heute aktuell\">Dreieich<\/a> &middot; <a href=\"\/news\/dreieich-nachrichten\" title=\"Dreieich Nachrichten\">News<\/a> &middot; <\/span><a href=\"https:\/\/www.dreieich.de\/rathaus-service\/presse-medien\/pressemitteilungen\/2026\/stadtbuecherei-dreieich-neues-medienangebot-spielerisch-lernen-mit-edurino\/\" title=\"Link zum Artikel auf dreieich.de\" target=\"_blank\">dreieich.de<\/a><\/div>\n  <b><\/b>\n <\/div>\n <\/article>\n<\/div>\n<div class=\"post\" style=\"margin-bottom:40px;\">\n <article>\n <h2><a name=\"bf06641e\" href=\"https:\/\/www.dreieich.de\/rathaus-service\/presse-medien\/pressemitteilungen\/2026\/stadtbuecherei-dreieich-krimi-lesung-mit-weinprobe-in-dreieichenhain\/\" rel=\"bookmark\" style=\"color:#333333; font-weight:bold;\" title=\"Link zum Artikel auf dreieich.de\" target=\"_blank\">Stadtb\u00fccherei Dreieich: Krimi-Lesung mit Weinprobe in Dreieichenhain<\/a><\/h2>\n <div class=\"entry\">\n  <p style=\"margin-bottom:4px;\">\n   <a href=\"https:\/\/www.dreieich.de\/rathaus-service\/presse-medien\/pressemitteilungen\/2026\/stadtbuecherei-dreieich-krimi-lesung-mit-weinprobe-in-dreieichenhain\/\" target=\"_blank\"><img decoding=\"async\" src=\"https:\/\/www.dreieich.de\/rathaus-service\/presse-medien\/pressemitteilungen\/2026\/stadtbuecherei-dreieich-krimi-lesung-mit-weinprobe-in-dreieichenhain\/118-lesegarten-1.jpg?cid=1sy5.8gmk&resize=3203d2%3a1024x768c\" style=\"align:left !important; float:left !important; margin-top:4px !important; margin-right:8px !important; margin-bottom:4px !important; width:90px !important;\" \/><\/a>   Ein Toter im Weinberg und ein Glas Grauburgunder in der Hand: Am Donnerstagabend hat der rheinhessische Autor und Winzer Andreas Wagner im Lesegarten der Stadtteilb&uuml;cherei Dreieichenhain aus seinem Kriminalroman \u201eWinzergrab\u201c gelesen. Die Veranstaltung fand ...<br clear=\"all\" \/>  <\/p>\n  <div><span class=\"my_article_details\"><time datetime=\"2026-08-18\">18.08.2026<\/time> &middot; <a href=\"\/news\/dreieich-aktuell\" title=\"Dreieich heute aktuell\">Dreieich<\/a> &middot; <a href=\"\/news\/dreieich-nachrichten\" title=\"Dreieich Nachrichten\">News<\/a> &middot; <\/span><a href=\"https:\/\/www.dreieich.de\/rathaus-service\/presse-medien\/pressemitteilungen\/2026\/stadtbuecherei-dreieich-krimi-lesung-mit-weinprobe-in-dreieichenhain\/\" title=\"Link zum Artikel auf dreieich.de\" target=\"_blank\">dreieich.de<\/a><\/div>\n  <b><\/b>\n <\/div>\n <\/article>\n<\/div>\n<div class=\"post\" style=\"margin-bottom:40px;\">\n <article>\n <h2><a name=\"42298974\" href=\"https:\/\/www.dreieich.de\/rathaus-service\/presse-medien\/pressemitteilungen\/verkehr\/2026\/verkehrsinfo-hooschebaafest-in-sprendlingen\/\" rel=\"bookmark\" style=\"color:#333333; font-weight:bold;\" title=\"Link zum Artikel auf dreieich.de\" target=\"_blank\">Verkehrsinfo: Hooschebaafest in Sprendlingen<\/a><\/h2>\n <div class=\"entry\">\n  <p style=\"margin-bottom:4px;\">\n   <a href=\"https:\/\/www.dreieich.de\/rathaus-service\/presse-medien\/pressemitteilungen\/verkehr\/2026\/verkehrsinfo-hooschebaafest-in-sprendlingen\/\" target=\"_blank\"><img decoding=\"async\" src=\"https:\/\/www.dreieich.de\/rathaus-service\/presse-medien\/pressemitteilungen\/verkehr\/2026\/verkehrsinfo-hooschebaafest-in-sprendlingen\/light-trails-2026-01-09-06-49-12-utc.jpg?cid=1r5u.8glv&resize=607f3c%3a1024x768c\" style=\"align:left !important; float:left !important; margin-top:4px !important; margin-right:8px !important; margin-bottom:4px !important; width:90px !important;\" \/><\/a>   Anl&auml;sslich des Hooschebaafests in Sprendlingen wird der Lindenplatz f&uuml;r den Durchgangsverkehr in der Zeit vom Donnerstag, den 27. August 2026 ab 7 Uhr bis Montag, den 31. August 2026 gesperrt.<br clear=\"all\" \/>  <\/p>\n  <div><span class=\"my_article_details\"><time datetime=\"2026-08-18\">18.08.2026<\/time> &middot; Sprendlingen &middot; <\/span><a href=\"https:\/\/www.dreieich.de\/rathaus-service\/presse-medien\/pressemitteilungen\/verkehr\/2026\/verkehrsinfo-hooschebaafest-in-sprendlingen\/\" title=\"Link zum Artikel auf dreieich.de\" target=\"_blank\">dreieich.de<\/a><\/div>\n  <b><\/b>\n <\/div>\n <\/article>\n<\/div>\n<div class=\"post\" style=\"margin-bottom:40px;\">\n <article>\n <h2><a name=\"36d389c9\" href=\"https:\/\/www.dreieich.de\/rathaus-service\/presse-medien\/pressemitteilungen\/2026\/buergerhaeuser-programm-september\/\" rel=\"bookmark\" style=\"color:#333333; font-weight:bold;\" title=\"Link zum Artikel auf dreieich.de\" target=\"_blank\">Dreieich: Programm September 2026<\/a><\/h2>\n <div class=\"entry\">\n  <p style=\"margin-bottom:4px;\">\n   <a href=\"https:\/\/www.dreieich.de\/rathaus-service\/presse-medien\/pressemitteilungen\/2026\/buergerhaeuser-programm-september\/\" target=\"_blank\"><img decoding=\"async\" src=\"https:\/\/www.dreieich.de\/medien\/pressemitteilungen\/dreieich-logo-q.svg?cid=52d.8a3w&resize=827090%3a1024x768c\" style=\"align:left !important; float:left !important; margin-top:4px !important; margin-right:8px !important; margin-bottom:4px !important; width:90px !important;\" \/><\/a>   Entdecken Sie das vielf&auml;ltige Angebote unserer B&uuml;rgerh&auml;user in Dreieich! Von spannenden Workshops und Kursen &uuml;ber kulturelle Veranstaltungen bis hin zu Treffpunkten f&uuml;r alle Altersgruppen \u2013 monatlich neu und f&uuml;r Sie gemacht.<br clear=\"all\" \/>  <\/p>\n  <div><span class=\"my_article_details\"><time datetime=\"2026-08-18\">18.08.2026<\/time> &middot; <a href=\"\/news\/dreieich-aktuell\" title=\"Dreieich heute aktuell\">Dreieich<\/a> &middot; <a href=\"\/news\/dreieich-nachrichten\" title=\"Dreieich Nachrichten\">News<\/a> &middot; <\/span><a href=\"https:\/\/www.dreieich.de\/rathaus-service\/presse-medien\/pressemitteilungen\/2026\/buergerhaeuser-programm-september\/\" title=\"Link zum Artikel auf dreieich.de\" target=\"_blank\">dreieich.de<\/a><\/div>\n  <b><\/b>\n <\/div>\n <\/article>\n<\/div>\n<div class=\"post\" style=\"margin-bottom:40px;\">\n <article>\n <h2><a name=\"56ac02b4\" href=\"https:\/\/www.dreieich.de\/rathaus-service\/presse-medien\/pressemitteilungen\/2026\/trinkwasser-ampel-in-dreieich-wieder-auf-gelb-weiterhin-bewusst-mit-wasser-umgehen\/\" rel=\"bookmark\" style=\"color:#333333; font-weight:bold;\" title=\"Link zum Artikel auf dreieich.de\" target=\"_blank\">Trinkwasser-Ampel in Dreieich wieder auf \u201eGelb\u201d\u2013 weiterhin bewusst mit Wasser umgehen<\/a><\/h2>\n <div class=\"entry\">\n  <p style=\"margin-bottom:4px;\">\n   <a href=\"https:\/\/www.dreieich.de\/rathaus-service\/presse-medien\/pressemitteilungen\/2026\/trinkwasser-ampel-in-dreieich-wieder-auf-gelb-weiterhin-bewusst-mit-wasser-umgehen\/\" target=\"_blank\"><img decoding=\"async\" src=\"https:\/\/www.dreieich.de\/zukunft-leben\/umwelt-natur\/energie-ressourcen\/trinkwasser\/2022-07-wasserstand-gelb.jpg?cid=cg7.5xum&resize=e6d8ea%3a1024x768c\" style=\"align:left !important; float:left !important; margin-top:4px !important; margin-right:8px !important; margin-bottom:4px !important; width:90px !important;\" \/><\/a>   Die Stadtwerke Dreieich stellen die Trinkwasser-Ampel ab sofort von \u201eRot\u201c auf \u201eGelb\u201c. Ausschlaggebend daf&uuml;r ist die derzeitige Wetterentwicklung mit etwas sinkenden Temperaturen und einem damit verbundenen R&uuml;ckgang des Trinkwasserverbrauchs. Eine nachhaltige ...<br clear=\"all\" \/>  <\/p>\n  <div><span class=\"my_article_details\"><time datetime=\"2026-08-18\">18.08.2026<\/time> &middot; <a href=\"\/news\/dreieich-aktuell\" title=\"Dreieich heute aktuell\">Dreieich<\/a> &middot; <a href=\"\/news\/dreieich-nachrichten\" title=\"Dreieich Nachrichten\">News<\/a> &middot; <\/span><a href=\"https:\/\/www.dreieich.de\/rathaus-service\/presse-medien\/pressemitteilungen\/2026\/trinkwasser-ampel-in-dreieich-wieder-auf-gelb-weiterhin-bewusst-mit-wasser-umgehen\/\" title=\"Link zum Artikel auf dreieich.de\" target=\"_blank\">dreieich.de<\/a><\/div>\n  <b><\/b>\n <\/div>\n <\/article>\n<\/div>\n<div class=\"post\" style=\"margin-bottom:40px;\">\n <article>\n <h2><a name=\"b7ba42f2\" href=\"https:\/\/www.egelsbach.de\/rathaus-politik\/aktuelles\/neuigkeiten-der-gemeinde\/2026\/august\/vermessungsfluege-20-bis-23-august\/\" rel=\"bookmark\" style=\"color:#333333; font-weight:bold;\" title=\"Link zum Artikel auf egelsbach.de\" target=\"_blank\">Egelsbach: Neue Vermessungsfl\u00fcge am Frankfurter Flughafen<\/a><\/h2>\n <div class=\"entry\">\n  <p style=\"margin-bottom:4px;\">\n   <a href=\"https:\/\/www.egelsbach.de\/rathaus-politik\/aktuelles\/neuigkeiten-der-gemeinde\/2026\/august\/vermessungsfluege-20-bis-23-august\/\" target=\"_blank\"><img decoding=\"async\" src=\"\/feeds\/gfx\/egelsbach.de.png\" style=\"align:left !important; float:left !important; margin-top:4px !important; margin-right:8px !important; margin-bottom:4px !important; width:90px !important;\" \/><\/a>   Vom 20. bis voraussichtlich 23. August 2026 wird das Instrumentenlandesystem (ILS) der Centerbahn des Frankfurter Flughafens vermessen. Ein speziell hierf\u00fcr ausger\u00fcstetes Messflugzeug \u00fcberpr\u00fcft dabei die Pr\u00e4zision der Signale, die f\u00fcr sichere Landungen erforderlich ...<br clear=\"all\" \/>  <\/p>\n  <div><span class=\"my_article_details\"><time datetime=\"2026-08-18\">18.08.2026<\/time> &middot; <a href=\"\/news\/fluglaerm-offenbach-am-main\" title=\"Flugl\u00e4rm Offenbach am Main\">Flughafen<\/a> &middot; Frankfurt &middot; <\/span><a href=\"https:\/\/www.egelsbach.de\/rathaus-politik\/aktuelles\/neuigkeiten-der-gemeinde\/2026\/august\/vermessungsfluege-20-bis-23-august\/\" title=\"Link zum Artikel auf egelsbach.de\" target=\"_blank\">egelsbach.de<\/a><\/div>\n  <b><\/b>\n <\/div>\n <\/article>\n<\/div>\n<div class=\"post\" style=\"margin-bottom:40px;\">\n <article>\n <h2><a name=\"3570635f\" href=\"https:\/\/www.op-online.de\/sport\/lokalsport\/erich-mueller-preis-2026-leuchttuerme-vorbildlichen-engagements-94447896.html\" rel=\"bookmark\" style=\"color:#333333; font-weight:bold;\" title=\"Link zum Artikel auf op-online.de\" target=\"_blank\">Erich-M\u00fcller-Preis 2026: Leuchtt\u00fcrme vorbildlichen Engagements<\/a><\/h2>\n <div class=\"entry\">\n  <p style=\"margin-bottom:4px;\">\n   <a href=\"https:\/\/www.op-online.de\/sport\/lokalsport\/erich-mueller-preis-2026-leuchttuerme-vorbildlichen-engagements-94447896.html\" target=\"_blank\"><img decoding=\"async\" src=\"https:\/\/www.op-online.de\/assets\/images\/43\/735\/43735510-erich-mueller-preistraeger-2026-von-links-dr-robin-ruff-judo-verein-sprendlingen-rolf-duencher-von-der-uta-und-rolf-duencher-stiftunt-hannah-sahm-2aPE6Eo3Xhef.jpg\" style=\"align:left !important; float:left !important; margin-top:4px !important; margin-right:8px !important; margin-bottom:4px !important; width:90px !important;\" \/><\/a>   Diesmal werden Hannah Sahm (SF Rodgau), Christian Biehrer (JFV Obertshausen) und Dr. Robin Ruff (1. JV Sprendlingen) ausgezeichnet.<br clear=\"all\" \/>  <\/p>\n  <div><span class=\"my_article_details\"><time datetime=\"2026-08-17\">17.08.2026<\/time> &middot; Sprendlingen &middot; <\/span><a href=\"https:\/\/www.op-online.de\/sport\/lokalsport\/erich-mueller-preis-2026-leuchttuerme-vorbildlichen-engagements-94447896.html\" title=\"Link zum Artikel auf op-online.de\" target=\"_blank\">op-online.de<\/a><\/div>\n  <b><\/b>\n <\/div>\n <\/article>\n<\/div>\n<div class=\"post\" style=\"margin-bottom:40px;\">\n <article>\n <h2><a name=\"a695f139\" href=\"https:\/\/www.presseportal.de\/blaulicht\/pm\/63987\/6334759\" rel=\"bookmark\" style=\"color:#333333; font-weight:bold;\" title=\"Link zum Artikel auf presseportal.de\" target=\"_blank\">BPOL-F: Bundespolizei Frankfurt am Main Hauptbahnhof: Zeugen nach K\u00f6rperverletzung in S-Bahn gesucht<\/a><\/h2>\n <div class=\"entry\">\n  <p style=\"margin-bottom:4px;\">\n   <a href=\"https:\/\/www.presseportal.de\/blaulicht\/pm\/63987\/6334759\" target=\"_blank\"><img decoding=\"async\" src=\"\/feeds\/gfx\/BPOL-F.jpg\" style=\"align:left !important; float:left !important; margin-top:4px !important; margin-right:8px !important; margin-bottom:4px !important; width:90px !important;\" \/><\/a>   Offenbach am Main  (ots)      Frankfurt am Main 14.08.2026 \/ Offenbach am Main - Nach einer K\u00f6rperverletzung in einer S-Bahn der Linie S8 sucht die Bundespolizei nach Zeuginnen und Zeugen.  Nach bisherigen Erkenntnissen kam es in den fr\u00fchen Morgenstunden des ...<br clear=\"all\" \/>  <\/p>\n  <div><span class=\"my_article_details\"><time datetime=\"2026-08-17\">17.08.2026<\/time> &middot; Bundespolizei &middot; <a href=\"\/news\/offenbach-aktuell\" title=\"Offenbach heute aktuell\">Offenbach<\/a> &middot; <a href=\"\/news\/dreieich-polizeimeldungen\" title=\"Polizeieins\u00e4tze Dreieich\">Polizei<\/a> &middot; <\/span><a href=\"https:\/\/www.presseportal.de\/blaulicht\/pm\/63987\/6334759\" title=\"Link zum Artikel auf presseportal.de\" target=\"_blank\">presseportal.de<\/a><\/div>\n  <b><\/b>\n <\/div>\n <\/article>\n<\/div>\n<div class=\"post\" style=\"margin-bottom:40px;\">\n <article>\n <h2><a name=\"878a7e80\" href=\"https:\/\/www.op-online.de\/offenbach\/main-matsuri-festival-lockt-abertausende-in-den-buesingpark-94445634.html\" rel=\"bookmark\" style=\"color:#333333; font-weight:bold;\" title=\"Link zum Artikel auf op-online.de\" target=\"_blank\">Main Matsuri Festival lockt Abertausende in den Offenbacher B\u00fcsingpark<\/a><\/h2>\n <div class=\"entry\">\n  <p style=\"margin-bottom:4px;\">\n   <a href=\"https:\/\/www.op-online.de\/offenbach\/main-matsuri-festival-lockt-abertausende-in-den-buesingpark-94445634.html\" target=\"_blank\"><img decoding=\"async\" src=\"https:\/\/www.op-online.de\/assets\/images\/43\/728\/43728661-fernoestliche-cosplay-kaempfer-im-schatten-beim-fachgespraech-1qef.jpg\" style=\"align:left !important; float:left !important; margin-top:4px !important; margin-right:8px !important; margin-bottom:4px !important; width:90px !important;\" \/><\/a>   Drei Tage lang verwandelte sich der Offenbacher B&uuml;singpark in ein St&uuml;ck Japan. An knapp 90 St&auml;nden gab es japanische Gerichte, Fanartikel und Cosplay-Wettbewerbe zu bestaunen.<br clear=\"all\" \/>  <\/p>\n  <div><span class=\"my_article_details\"><time datetime=\"2026-08-17\">17.08.2026<\/time> &middot; Festival &middot; <a href=\"\/news\/offenbach-aktuell\" title=\"Offenbach heute aktuell\">Offenbach<\/a> &middot; <\/span><a href=\"https:\/\/www.op-online.de\/offenbach\/main-matsuri-festival-lockt-abertausende-in-den-buesingpark-94445634.html\" title=\"Link zum Artikel auf op-online.de\" target=\"_blank\">op-online.de<\/a><\/div>\n  <b><\/b>\n <\/div>\n <\/article>\n<\/div>\n<div class=\"post\" style=\"margin-bottom:40px;\">\n <article>\n <h2><a name=\"bc59a12d\" href=\"https:\/\/www.op-online.de\/region\/dreieich\/sprendlinger-kerb-zelt-wird-bei-36-grad-zur-sauna-und-ist-trotzdem-voll-94445826.html\" rel=\"bookmark\" style=\"color:#333333; font-weight:bold;\" title=\"Link zum Artikel auf op-online.de\" target=\"_blank\">Sprendlinger Kerb: Zelt wird bei 36 Grad zur Sauna \u2013 und ist trotzdem voll<\/a><\/h2>\n <div class=\"entry\">\n  <p style=\"margin-bottom:4px;\">\n   <a href=\"https:\/\/www.op-online.de\/region\/dreieich\/sprendlinger-kerb-zelt-wird-bei-36-grad-zur-sauna-und-ist-trotzdem-voll-94445826.html\" target=\"_blank\"><img decoding=\"async\" src=\"https:\/\/www.op-online.de\/assets\/images\/43\/730\/43730942-ein-praechtiger-kranz-der-stuhl-fuer-die-kerbpuppe-am-samstagnachmittag-stellte-das-kerb-team-darunter-viele-burschen-aus-dem-2024er-jahrgang-den-baum-2u9qSvTa7Kef.jpg\" style=\"align:left !important; float:left !important; margin-top:4px !important; margin-right:8px !important; margin-bottom:4px !important; width:90px !important;\" \/><\/a>   Die 310. Sprendlinger Kerb startet bei extremer Hitze. Weil es keinen aktuellen Kerbborsch-Jahrgang gibt, stellen ehemalige Kerbborschen den Baum auf.<br clear=\"all\" \/>  <\/p>\n  <div><span class=\"my_article_details\"><time datetime=\"2026-08-17\">17.08.2026<\/time> &middot; <a href=\"\/news\/dreieich-aktuell\" title=\"Dreieich heute aktuell\">Dreieich<\/a> &middot; <a href=\"\/news\/dreieich-nachrichten\" title=\"Dreieich Nachrichten\">News<\/a> &middot; <\/span><a href=\"https:\/\/www.op-online.de\/region\/dreieich\/sprendlinger-kerb-zelt-wird-bei-36-grad-zur-sauna-und-ist-trotzdem-voll-94445826.html\" title=\"Link zum Artikel auf op-online.de\" target=\"_blank\">op-online.de<\/a><\/div>\n  <b><\/b>\n <\/div>\n <\/article>\n<\/div>\n<div class=\"post\" style=\"margin-bottom:40px;\">\n <article>\n <h2><a name=\"edd0315a\" href=\"https:\/\/of-news.de\/heusenstamm\/grossfeuer-in-heusenstamm-zerstoert-reitanlage-und-loest-waldbrand-aus-169673\/\" rel=\"bookmark\" style=\"color:#333333; font-weight:bold;\" title=\"Link zum Artikel auf of-news.de\" target=\"_blank\">Gro\u00dffeuer in Heusenstamm zerst\u00f6rt Reitanlage und l\u00f6st Waldbrand aus<\/a><\/h2>\n <div class=\"entry\">\n  <p style=\"margin-bottom:4px;\">\n   <a href=\"https:\/\/of-news.de\/heusenstamm\/grossfeuer-in-heusenstamm-zerstoert-reitanlage-und-loest-waldbrand-aus-169673\/\" target=\"_blank\"><img decoding=\"async\" src=\"\/feeds\/gfx\/of-news.de.png\" style=\"align:left !important; float:left !important; margin-top:4px !important; margin-right:8px !important; margin-bottom:4px !important; width:90px !important;\" \/><\/a>   Bei einem massiven Brand in Heusenstamm sind am Samstagabend eine Reithalle sowie eine angrenzende Lagerhalle vollst&auml;ndig zerst&ouml;rt worden. Das Feuer an der Martinseestra&szlig;e breitete sich in der Folge auch auf ein benachbartes Waldst&uuml;ck aus und erforderte einen ...<br clear=\"all\" \/>  <\/p>\n  <div><span class=\"my_article_details\"><time datetime=\"2026-08-16\">16.08.2026<\/time> &middot; <a href=\"\/news\/braende-offenbach-am-main\" title=\"Br\u00e4nde Offenbach am Main\">Brand<\/a> &middot; <a href=\"\/news\/dreieich-aktuell\" title=\"Dreieich heute aktuell\">Dreieich<\/a> &middot; <a href=\"\/news\/braende-offenbach-am-main\" title=\"Br\u00e4nde Offenbach am Main\">Feuerwehr<\/a> &middot; <a href=\"\/news\/dreieich-nachrichten\" title=\"Dreieich Nachrichten\">News<\/a> &middot; <\/span><a href=\"https:\/\/of-news.de\/heusenstamm\/grossfeuer-in-heusenstamm-zerstoert-reitanlage-und-loest-waldbrand-aus-169673\/\" title=\"Link zum Artikel auf of-news.de\" target=\"_blank\">of-news.de<\/a><\/div>\n  <b><\/b>\n <\/div>\n <\/article>\n<\/div>\n<div class=\"post\" style=\"margin-bottom:40px;\">\n <article>\n <h2><a name=\"4f7cb302\" href=\"https:\/\/of-news.de\/dietzenbach\/kreis-investiert-31-millionen-euro-europahaus-in-dietzenbach-steht-vor-umfassender-sanierung-169666\/\" rel=\"bookmark\" style=\"color:#333333; font-weight:bold;\" title=\"Link zum Artikel auf of-news.de\" target=\"_blank\">Kreis investiert 3,1 Millionen Euro: Europahaus in Dietzenbach steht vor umfassender Sanierung<\/a><\/h2>\n <div class=\"entry\">\n  <p style=\"margin-bottom:4px;\">\n   <a href=\"https:\/\/of-news.de\/dietzenbach\/kreis-investiert-31-millionen-euro-europahaus-in-dietzenbach-steht-vor-umfassender-sanierung-169666\/\" target=\"_blank\"><img decoding=\"async\" src=\"\/feeds\/gfx\/of-news.de.png\" style=\"align:left !important; float:left !important; margin-top:4px !important; margin-right:8px !important; margin-bottom:4px !important; width:90px !important;\" \/><\/a>   Der Kreisausschuss hat dem Kreistag die Freigabe von rund 3,1 Millionen Euro f&uuml;r die Modernisierung des Europahauses in Dietzenbach empfohlen. Der Geb&auml;udekomplex an der Offenthaler Stra&szlig;e soll energetisch auf den neuesten Stand gebracht werden, eine komplett ...<br clear=\"all\" \/>  <\/p>\n  <div><span class=\"my_article_details\"><time datetime=\"2026-08-16\">16.08.2026<\/time> &middot; Offenthal &middot; <\/span><a href=\"https:\/\/of-news.de\/dietzenbach\/kreis-investiert-31-millionen-euro-europahaus-in-dietzenbach-steht-vor-umfassender-sanierung-169666\/\" title=\"Link zum Artikel auf of-news.de\" target=\"_blank\">of-news.de<\/a><\/div>\n  <b><\/b>\n <\/div>\n <\/article>\n<\/div>\n<div class=\"post\" style=\"margin-bottom:40px;\">\n <article>\n <h2><a name=\"be992bc1\" href=\"https:\/\/www.op-online.de\/region\/dreieich\/weiter-befuellt-dreieich-trinkwasserampel-auf-rot-doch-pools-werden-94445174.html\" rel=\"bookmark\" style=\"color:#333333; font-weight:bold;\" title=\"Link zum Artikel auf op-online.de\" target=\"_blank\">Dreieich: Trinkwasserampel auf Rot \u2013 doch Pools werden weiter bef\u00fcllt<\/a><\/h2>\n <div class=\"entry\">\n  <p style=\"margin-bottom:4px;\">\n   <a href=\"https:\/\/www.op-online.de\/region\/dreieich\/weiter-befuellt-dreieich-trinkwasserampel-auf-rot-doch-pools-werden-94445174.html\" target=\"_blank\"><img decoding=\"async\" src=\"https:\/\/www.op-online.de\/assets\/images\/43\/114\/43114865-archiv-10-08-2020-hessen-frankfurt-main-illustration-ein-rasen-in-einem-frankfurter-garten-wird-mit-wasser-gesprengt-erste-hessische-kommunen-sprechen-3Kef.jpg\" style=\"align:left !important; float:left !important; margin-top:4px !important; margin-right:8px !important; margin-bottom:4px !important; width:90px !important;\" \/><\/a>   In Dreieich steht die Trinkwasserampel auf Rot, viele G&auml;rten vertrocknen. Anwohner beobachten dennoch randvolle Swimmingpools und bew&auml;sserte Rasenfl&auml;chen in der Nachbarschaft.<br clear=\"all\" \/>  <\/p>\n  <div><span class=\"my_article_details\"><time datetime=\"2026-08-15\">15.08.2026<\/time> &middot; <a href=\"\/news\/dreieich-aktuell\" title=\"Dreieich heute aktuell\">Dreieich<\/a> &middot; <a href=\"\/news\/dreieich-nachrichten\" title=\"Dreieich Nachrichten\">News<\/a> &middot; <\/span><a href=\"https:\/\/www.op-online.de\/region\/dreieich\/weiter-befuellt-dreieich-trinkwasserampel-auf-rot-doch-pools-werden-94445174.html\" title=\"Link zum Artikel auf op-online.de\" target=\"_blank\">op-online.de<\/a><\/div>\n  <b><\/b>\n <\/div>\n <\/article>\n<\/div>\n<div class=\"post\" style=\"margin-bottom:40px;\">\n <article>\n <h2><a name=\"e9442aca\" href=\"https:\/\/www.op-online.de\/region\/dreieich\/26-314-besucher-bei-burgfestspielen-bass-bleibt-in-london-zurueck-94442708.html\" rel=\"bookmark\" style=\"color:#333333; font-weight:bold;\" title=\"Link zum Artikel auf op-online.de\" target=\"_blank\">26.314 Besucher bei Burgfestspielen \u2013 Bass bleibt in London zur\u00fcck<\/a><\/h2>\n <div class=\"entry\">\n  <p style=\"margin-bottom:4px;\">\n   <a href=\"https:\/\/www.op-online.de\/region\/dreieich\/26-314-besucher-bei-burgfestspielen-bass-bleibt-in-london-zurueck-94442708.html\" target=\"_blank\"><img decoding=\"async\" src=\"https:\/\/www.op-online.de\/assets\/images\/43\/683\/43683963-die-eigenproduktion-variete-unter-sternen-war-bereits-monate-im-voraus-ausverkauft-2nef.jpg\" style=\"align:left !important; float:left !important; margin-top:4px !important; margin-right:8px !important; margin-bottom:4px !important; width:90px !important;\" \/><\/a>   Die Burgfestspiele in Dreieichenhain haben 36 Veranstaltungen mit einer Auslastung von 92 Prozent abgeschlossen. Beim Auftritt von Sona Jobarteh musste der Bassist mit einem Ersatzinstrument spielen.<br clear=\"all\" \/>  <\/p>\n  <div><span class=\"my_article_details\"><time datetime=\"2026-08-14\">14.08.2026<\/time> &middot; <a href=\"\/news\/dreieich-aktuell\" title=\"Dreieich heute aktuell\">Dreieich<\/a> &middot; <a href=\"\/news\/dreieich-nachrichten\" title=\"Dreieich Nachrichten\">News<\/a> &middot; <\/span><a href=\"https:\/\/www.op-online.de\/region\/dreieich\/26-314-besucher-bei-burgfestspielen-bass-bleibt-in-london-zurueck-94442708.html\" title=\"Link zum Artikel auf op-online.de\" target=\"_blank\">op-online.de<\/a><\/div>\n  <b><\/b>\n <\/div>\n <\/article>\n<\/div>\n<div class=\"post\" style=\"margin-bottom:40px;\">\n <article>\n <h2><a name=\"989a9a27\" href=\"https:\/\/www.verbraucherzentrale-hessen.de\/pressemitteilungen\/snackzeit-fuer-kinder-einfach-kindgerecht-und-ausgewogen-125346\" rel=\"bookmark\" style=\"color:#333333; font-weight:bold;\" title=\"Link zum Artikel auf verbraucherzentrale-hessen.de\" target=\"_blank\">Snack-Zeit f\u00fcr Kinder: einfach, kindgerecht und ausgewogen<\/a><\/h2>\n <div class=\"entry\">\n  <p style=\"margin-bottom:4px;\">\n   <a href=\"https:\/\/www.verbraucherzentrale-hessen.de\/pressemitteilungen\/snackzeit-fuer-kinder-einfach-kindgerecht-und-ausgewogen-125346\" target=\"_blank\"><img decoding=\"async\" src=\"\/feeds\/gfx\/verbraucherzentrale-hessen.de.png\" style=\"align:left !important; float:left !important; margin-top:4px !important; margin-right:8px !important; margin-bottom:4px !important; width:90px !important;\" \/><\/a>   Verbraucherzentrale Hessen testete die Zwischenverpflegung in Einrichtungen der hessischen Kindertagesbetreuung<br clear=\"all\" \/>  <\/p>\n  <div><span class=\"my_article_details\"><time datetime=\"2026-08-14\">14.08.2026<\/time> &middot; Hessen &middot; <\/span><a href=\"https:\/\/www.verbraucherzentrale-hessen.de\/pressemitteilungen\/snackzeit-fuer-kinder-einfach-kindgerecht-und-ausgewogen-125346\" title=\"Link zum Artikel auf verbraucherzentrale-hessen.de\" target=\"_blank\">verbraucherzentrale-hessen.de<\/a><\/div>\n  <b><\/b>\n <\/div>\n <\/article>\n<\/div>\n<div class=\"post\" style=\"margin-bottom:40px;\">\n <article>\n <h2><a name=\"d1a92b1f\" href=\"https:\/\/www.op-online.de\/region\/dreieich\/gerhart-hauptmann-schule-feiert-richtfest-acht-neue-klassenraeume-94440559.html\" rel=\"bookmark\" style=\"color:#333333; font-weight:bold;\" title=\"Link zum Artikel auf op-online.de\" target=\"_blank\">Gerhart-Hauptmann-Schule feiert Richtfest \u2013 acht neue Klassenr\u00e4ume<\/a><\/h2>\n <div class=\"entry\">\n  <p style=\"margin-bottom:4px;\">\n   <a href=\"https:\/\/www.op-online.de\/region\/dreieich\/gerhart-hauptmann-schule-feiert-richtfest-acht-neue-klassenraeume-94440559.html\" target=\"_blank\"><img decoding=\"async\" src=\"https:\/\/www.op-online.de\/assets\/images\/43\/683\/43683865-ulrich-wagner-von-der-cnk-planungsgesellschaft-sprach-den-richtspruch-3sef.jpg\" style=\"align:left !important; float:left !important; margin-top:4px !important; margin-right:8px !important; margin-bottom:4px !important; width:90px !important;\" \/><\/a>   Der Erweiterungsbau der Gerhart-Hauptmann-Schule in Sprendlingen hat Richtfest gefeiert. Auf drei Stockwerken entstehen acht Klassenr&auml;ume, ein Speisesaal und freizeitp&auml;dagogische Fl&auml;chen.<br clear=\"all\" \/>  <\/p>\n  <div><span class=\"my_article_details\"><time datetime=\"2026-08-13\">13.08.2026<\/time> &middot; Sprendlingen &middot; <\/span><a href=\"https:\/\/www.op-online.de\/region\/dreieich\/gerhart-hauptmann-schule-feiert-richtfest-acht-neue-klassenraeume-94440559.html\" title=\"Link zum Artikel auf op-online.de\" target=\"_blank\">op-online.de<\/a><\/div>\n  <b><\/b>\n <\/div>\n <\/article>\n<\/div>\n<div class=\"post\" style=\"margin-bottom:40px;\">\n <article>\n <h2><a name=\"b70dca51\" href=\"https:\/\/www.fraport.com\/de\/newsroom\/pressemitteilungen\/2026\/verkehrszahlen\/fraport-verkehrszahlen-im-juli-2026--anstieg-bei-passagieren-und.html\" rel=\"bookmark\" style=\"color:#333333; font-weight:bold;\" title=\"Link zum Artikel auf fraport.com\" target=\"_blank\">Fraport-Verkehrszahlen im Juli 2026: Anstieg bei Passagieren und Fracht in Frankfurt<\/a><\/h2>\n <div class=\"entry\">\n  <p style=\"margin-bottom:4px;\">\n   <a href=\"https:\/\/www.fraport.com\/de\/newsroom\/pressemitteilungen\/2026\/verkehrszahlen\/fraport-verkehrszahlen-im-juli-2026--anstieg-bei-passagieren-und.html\" target=\"_blank\"><img decoding=\"async\" src=\"\/feeds\/gfx\/fraport.com.png\" style=\"align:left !important; float:left !important; margin-top:4px !important; margin-right:8px !important; margin-bottom:4px !important; width:90px !important;\" \/><\/a>   <i>F\u00fcr diese Meldung existiert leider kein kurzer Auszug.<\/i><br clear=\"all\" \/>  <\/p>\n  <div><span class=\"my_article_details\"><time datetime=\"2026-08-13\">13.08.2026<\/time> &middot; <a href=\"\/news\/fluglaerm-offenbach-am-main\" title=\"Flugl\u00e4rm Offenbach am Main\">Flughafen<\/a> &middot; Frankfurt &middot; <\/span><a href=\"https:\/\/www.fraport.com\/de\/newsroom\/pressemitteilungen\/2026\/verkehrszahlen\/fraport-verkehrszahlen-im-juli-2026--anstieg-bei-passagieren-und.html\" title=\"Link zum Artikel auf fraport.com\" target=\"_blank\">fraport.com<\/a><\/div>\n  <b><\/b>\n <\/div>\n <\/article>\n<\/div>\n<div class=\"post\" style=\"margin-bottom:40px;\">\n <article>\n <h2><a name=\"77da613a\" href=\"https:\/\/www.op-online.de\/offenbach\/bereits-in-kuerze-geht-los-autobahn-einschraenkung-bei-offenbach-94439988.html\" rel=\"bookmark\" style=\"color:#333333; font-weight:bold;\" title=\"Link zum Artikel auf op-online.de\" target=\"_blank\">Autobahn-Einschr\u00e4nkung bei Offenbach: Bereits in K\u00fcrze geht\u2018s los<\/a><\/h2>\n <div class=\"entry\">\n  <p style=\"margin-bottom:4px;\">\n   <a href=\"https:\/\/www.op-online.de\/offenbach\/bereits-in-kuerze-geht-los-autobahn-einschraenkung-bei-offenbach-94439988.html\" target=\"_blank\"><img decoding=\"async\" src=\"https:\/\/www.op-online.de\/assets\/images\/43\/683\/43683841-stahltraeger-stuerzt-auf-a81-bruecke-und-autobahn-gesperrt-14ef.jpg\" style=\"align:left !important; float:left !important; margin-top:4px !important; margin-right:8px !important; margin-bottom:4px !important; width:90px !important;\" \/><\/a>   Die Autobahn GmbH erneuert Rampen an der A661 bei Offenbach. Daf&uuml;r werden Verbindungen am Taunusring von Freitagabend bis Montagfr&uuml;h gesperrt. Ausweichrouten stehen bereits fest.<br clear=\"all\" \/>  <\/p>\n  <div><span class=\"my_article_details\"><time datetime=\"2026-08-12\">12.08.2026<\/time> &middot; A661 &middot; <a href=\"\/news\/offenbach-aktuell\" title=\"Offenbach heute aktuell\">Offenbach<\/a> &middot; <\/span><a href=\"https:\/\/www.op-online.de\/offenbach\/bereits-in-kuerze-geht-los-autobahn-einschraenkung-bei-offenbach-94439988.html\" title=\"Link zum Artikel auf op-online.de\" target=\"_blank\">op-online.de<\/a><\/div>\n  <b><\/b>\n <\/div>\n <\/article>\n<\/div>\n<div class=\"post\" style=\"margin-bottom:40px;\">\n <article>\n <h2><a name=\"207a9060\" href=\"https:\/\/of-news.de\/dreieich\/rohbau-in-dreieich-sprendlingen-steht-17-millionen-euro-erweiterung-fuer-die-gerhart-hauptmann-schule-169601\/\" rel=\"bookmark\" style=\"color:#333333; font-weight:bold;\" title=\"Link zum Artikel auf of-news.de\" target=\"_blank\">Rohbau in Dreieich-Sprendlingen steht: 17-Millionen-Euro-Erweiterung f\u00fcr die Gerhart-Hauptmann-Schule<\/a><\/h2>\n <div class=\"entry\">\n  <p style=\"margin-bottom:4px;\">\n   <a href=\"https:\/\/of-news.de\/dreieich\/rohbau-in-dreieich-sprendlingen-steht-17-millionen-euro-erweiterung-fuer-die-gerhart-hauptmann-schule-169601\/\" target=\"_blank\"><img decoding=\"async\" src=\"\/feeds\/gfx\/of-news.de.png\" style=\"align:left !important; float:left !important; margin-top:4px !important; margin-right:8px !important; margin-bottom:4px !important; width:90px !important;\" \/><\/a>   Der Ausbau der Gerhart-Hauptmann-Schule in Dreieich-Sprendlingen schreitet voran. Am Dienstag feierten Verantwortliche aus Politik und Schule sowie am Bau Beteiligte das offizielle Richtfest f&uuml;r den neuen Geb&auml;udetrakt. Der Erweiterungsbau soll im dritten Quartal ...<br clear=\"all\" \/>  <\/p>\n  <div><span class=\"my_article_details\"><time datetime=\"2026-08-12\">12.08.2026<\/time> &middot; <a href=\"\/news\/dreieich-aktuell\" title=\"Dreieich heute aktuell\">Dreieich<\/a> &middot; <a href=\"\/news\/dreieich-nachrichten\" title=\"Dreieich Nachrichten\">News<\/a> &middot; Sprendlingen &middot; <\/span><a href=\"https:\/\/of-news.de\/dreieich\/rohbau-in-dreieich-sprendlingen-steht-17-millionen-euro-erweiterung-fuer-die-gerhart-hauptmann-schule-169601\/\" title=\"Link zum Artikel auf of-news.de\" target=\"_blank\">of-news.de<\/a><\/div>\n  <b><\/b>\n <\/div>\n <\/article>\n<\/div>\n<div class=\"post\" style=\"margin-bottom:40px;\">\n <article>\n <h2><a name=\"9c5151f6\" href=\"https:\/\/www.dreieich.de\/rathaus-service\/presse-medien\/pressemitteilungen\/2026\/richtfest-an-der-gerhart-hauptmann-schule\/\" rel=\"bookmark\" style=\"color:#333333; font-weight:bold;\" title=\"Link zum Artikel auf dreieich.de\" target=\"_blank\">Richtfest an der Gerhart-Hauptmann-Schule in Dreieich-Sprendlingen<\/a><\/h2>\n <div class=\"entry\">\n  <p style=\"margin-bottom:4px;\">\n   <a href=\"https:\/\/www.dreieich.de\/rathaus-service\/presse-medien\/pressemitteilungen\/2026\/richtfest-an-der-gerhart-hauptmann-schule\/\" target=\"_blank\"><img decoding=\"async\" src=\"\/feeds\/gfx\/dreieich.de.png\" style=\"align:left !important; float:left !important; margin-top:4px !important; margin-right:8px !important; margin-bottom:4px !important; width:90px !important;\" \/><\/a>   Die Erweiterung der Gerhart-Hauptmann-Schule in Dreieich-Sprendlingen kommt gut voran. Am Dienstag wurde Richtfest gefeiert. Ulrich Wagner von der CNK Planungsgesellschaft mbH sprach in Anwesenheit von Kreisbeigeordnetem Alexander B&ouml;hn, Dreieichs B&uuml;rgermeister ...<br clear=\"all\" \/>  <\/p>\n  <div><span class=\"my_article_details\"><time datetime=\"2026-08-12\">12.08.2026<\/time> &middot; <a href=\"\/news\/dreieich-aktuell\" title=\"Dreieich heute aktuell\">Dreieich<\/a> &middot; <a href=\"\/news\/dreieich-nachrichten\" title=\"Dreieich Nachrichten\">News<\/a> &middot; Sprendlingen &middot; <\/span><a href=\"https:\/\/www.dreieich.de\/rathaus-service\/presse-medien\/pressemitteilungen\/2026\/richtfest-an-der-gerhart-hauptmann-schule\/\" title=\"Link zum Artikel auf dreieich.de\" target=\"_blank\">dreieich.de<\/a><\/div>\n  <b><\/b>\n <\/div>\n <\/article>\n<\/div>\n<div class=\"post\" style=\"margin-bottom:40px;\">\n <article>\n <h2><a name=\"f988b56f\" href=\"https:\/\/www.heinrich-heine-schule.de\/news\/ansicht\/einschulung-an-der-dreieicher-heinrich-heine-schule-schueleraufnahmen-auf-hohem-niveau.html\" rel=\"bookmark\" style=\"color:#333333; font-weight:bold;\" title=\"Link zum Artikel auf heinrich-heine-schule.de\" target=\"_blank\">Einschulung an der Dreieicher Heinrich-Heine-Schule: Sch\u00fcleraufnahmen auf hohem Niveau<\/a><\/h2>\n <div class=\"entry\">\n  <p style=\"margin-bottom:4px;\">\n   <a href=\"https:\/\/www.heinrich-heine-schule.de\/news\/ansicht\/einschulung-an-der-dreieicher-heinrich-heine-schule-schueleraufnahmen-auf-hohem-niveau.html\" target=\"_blank\"><img decoding=\"async\" src=\"\/feeds\/gfx\/heinrich-heine-schule.de.png\" style=\"align:left !important; float:left !important; margin-top:4px !important; margin-right:8px !important; margin-bottom:4px !important; width:90px !important;\" \/><\/a>   Mit der Wahl einer Europaschule, so Schulleiterin Sigrid Neuner in ihrer Begr&uuml;&szlig;ung, h&auml;tten die Eltern eine besondere Entscheidung f&uuml;r die Zukunft ihrer Kinder getroffen. Ausschlaggebend sei bei der Schulwahl der weiterf&uuml;hrenden Schule f&uuml;r viele das Profil als ...<br clear=\"all\" \/>  <\/p>\n  <div><span class=\"my_article_details\"><time datetime=\"2026-08-12\">12.08.2026<\/time> &middot; <a href=\"\/news\/dreieich-aktuell\" title=\"Dreieich heute aktuell\">Dreieich<\/a> &middot; <a href=\"\/news\/dreieich-nachrichten\" title=\"Dreieich Nachrichten\">News<\/a> &middot; <\/span><a href=\"https:\/\/www.heinrich-heine-schule.de\/news\/ansicht\/einschulung-an-der-dreieicher-heinrich-heine-schule-schueleraufnahmen-auf-hohem-niveau.html\" title=\"Link zum Artikel auf heinrich-heine-schule.de\" target=\"_blank\">heinrich-heine-schule.de<\/a><\/div>\n  <b><\/b>\n <\/div>\n <\/article>\n<\/div>\n<div class=\"post\" style=\"margin-bottom:40px;\">\n <article>\n <h2><a name=\"bedd3d3a\" href=\"https:\/\/www.stadtwerke-dreieich.de\/magazin\/beitrag\/neue-kunst-fuer-dreieich\" rel=\"bookmark\" style=\"color:#333333; font-weight:bold;\" title=\"Link zum Artikel auf stadtwerke-dreieich.de\" target=\"_blank\">Stadtwerke Dreieich: Neue Kunst f\u00fcr Dreieich<\/a><\/h2>\n <div class=\"entry\">\n  <p style=\"margin-bottom:4px;\">\n   <a href=\"https:\/\/www.stadtwerke-dreieich.de\/magazin\/beitrag\/neue-kunst-fuer-dreieich\" target=\"_blank\"><img decoding=\"async\" src=\"\/feeds\/gfx\/stadtwerke-dreieich.de.png\" style=\"align:left !important; float:left !important; margin-top:4px !important; margin-right:8px !important; margin-bottom:4px !important; width:90px !important;\" \/><\/a>   <i>F\u00fcr diese Meldung existiert leider kein kurzer Auszug.<\/i><br clear=\"all\" \/>  <\/p>\n  <div><span class=\"my_article_details\"><time datetime=\"2026-08-12\">12.08.2026<\/time> &middot; <a href=\"\/news\/dreieich-aktuell\" title=\"Dreieich heute aktuell\">Dreieich<\/a> &middot; <a href=\"\/news\/dreieich-nachrichten\" title=\"Dreieich Nachrichten\">News<\/a> &middot; <\/span><a href=\"https:\/\/www.stadtwerke-dreieich.de\/magazin\/beitrag\/neue-kunst-fuer-dreieich\" title=\"Link zum Artikel auf stadtwerke-dreieich.de\" target=\"_blank\">stadtwerke-dreieich.de<\/a><\/div>\n  <b><\/b>\n <\/div>\n <\/article>\n<\/div>\n<div class=\"post\" style=\"margin-bottom:40px;\">\n <article>\n <h2><a name=\"c9978f74\" href=\"https:\/\/www.wfs-dreieich.de\/2026\/08\/12\/chemie-leistungskurs-der-weibelfeldschule-zu-gast-im-merck-tu-darmstadt-juniorlabor\/\" rel=\"bookmark\" style=\"color:#333333; font-weight:bold;\" title=\"Link zum Artikel auf wfs-dreieich.de\" target=\"_blank\">Chemie-Leistungskurs der Weibelfeldschule zu Gast im Merck-TU Darmstadt-Juniorlabor<\/a><\/h2>\n <div class=\"entry\">\n  <p style=\"margin-bottom:4px;\">\n   <a href=\"https:\/\/www.wfs-dreieich.de\/2026\/08\/12\/chemie-leistungskurs-der-weibelfeldschule-zu-gast-im-merck-tu-darmstadt-juniorlabor\/\" target=\"_blank\"><img decoding=\"async\" src=\"\/feeds\/gfx\/wfs-dreieich.de.png\" style=\"align:left !important; float:left !important; margin-top:4px !important; margin-right:8px !important; margin-bottom:4px !important; width:90px !important;\" \/><\/a>   Der Chemie-Leistungskurs der Weibelfeldschule besuchte das Merck-TU Darmstadt-Juniorlabor in Darmstadt und verbrachte dort einen spannenden und abwechslungsreichen Experimentiertag zum Thema Kunststoffe. Im Mittelpunkt standen die Herstellung und Untersuchung ...<br clear=\"all\" \/>  <\/p>\n  <div><span class=\"my_article_details\"><time datetime=\"2026-08-12\">12.08.2026<\/time> &middot; <a href=\"\/news\/dreieich-aktuell\" title=\"Dreieich heute aktuell\">Dreieich<\/a> &middot; <a href=\"\/news\/dreieich-nachrichten\" title=\"Dreieich Nachrichten\">News<\/a> &middot; <\/span><a href=\"https:\/\/www.wfs-dreieich.de\/2026\/08\/12\/chemie-leistungskurs-der-weibelfeldschule-zu-gast-im-merck-tu-darmstadt-juniorlabor\/\" title=\"Link zum Artikel auf wfs-dreieich.de\" target=\"_blank\">wfs-dreieich.de<\/a><\/div>\n  <b><\/b>\n <\/div>\n <\/article>\n<\/div>\n<div class=\"post\" style=\"margin-bottom:40px;\">\n <article>\n <h2><a name=\"1ce16b4c\" href=\"https:\/\/www.wfs-dreieich.de\/2026\/08\/12\/weibelfelder-brandschutztage-jahrelange-erfolgreiche-zusammenarbeit-mit-der-feuerwehr-dreieich\/\" rel=\"bookmark\" style=\"color:#333333; font-weight:bold;\" title=\"Link zum Artikel auf wfs-dreieich.de\" target=\"_blank\">Weibelfelder Brandschutztage \u2013 Jahrelange erfolgreiche Zusammenarbeit mit der Feuerwehr Dreieich<\/a><\/h2>\n <div class=\"entry\">\n  <p style=\"margin-bottom:4px;\">\n   <a href=\"https:\/\/www.wfs-dreieich.de\/2026\/08\/12\/weibelfelder-brandschutztage-jahrelange-erfolgreiche-zusammenarbeit-mit-der-feuerwehr-dreieich\/\" target=\"_blank\"><img decoding=\"async\" src=\"\/feeds\/gfx\/wfs-dreieich.de.png\" style=\"align:left !important; float:left !important; margin-top:4px !important; margin-right:8px !important; margin-bottom:4px !important; width:90px !important;\" \/><\/a>   Seit vielen Jahren verbindet die Weibelfeldschule und die Feuerwehr Dreieich eine enge und erfolgreiche Zusammenarbeit unter anderem im Rahmen der j\u00e4hrlichen Brandschutztage. Die Kooperation hat sich als fester Bestandteil des Schuljahres etabliert und vermittelt ...<br clear=\"all\" \/>  <\/p>\n  <div><span class=\"my_article_details\"><time datetime=\"2026-08-12\">12.08.2026<\/time> &middot; <a href=\"\/news\/braende-offenbach-am-main\" title=\"Br\u00e4nde Offenbach am Main\">Brand<\/a> &middot; <a href=\"\/news\/dreieich-aktuell\" title=\"Dreieich heute aktuell\">Dreieich<\/a> &middot; <a href=\"\/news\/braende-offenbach-am-main\" title=\"Br\u00e4nde Offenbach am Main\">Feuerwehr<\/a> &middot; <a href=\"\/news\/dreieich-nachrichten\" title=\"Dreieich Nachrichten\">News<\/a> &middot; <\/span><a href=\"https:\/\/www.wfs-dreieich.de\/2026\/08\/12\/weibelfelder-brandschutztage-jahrelange-erfolgreiche-zusammenarbeit-mit-der-feuerwehr-dreieich\/\" title=\"Link zum Artikel auf wfs-dreieich.de\" target=\"_blank\">wfs-dreieich.de<\/a><\/div>\n  <b><\/b>\n <\/div>\n <\/article>\n<\/div>\n<div class=\"post\" style=\"margin-bottom:40px;\">\n <article>\n <h2><a name=\"a24b0fd3\" href=\"https:\/\/www.wfs-dreieich.de\/2026\/08\/12\/ehemaliger-chemie-leistungskursschueler-lennart-gutsche-begeistert-mit-spannenden-einblicken-in-die-lebensmittelchemie\/\" rel=\"bookmark\" style=\"color:#333333; font-weight:bold;\" title=\"Link zum Artikel auf wfs-dreieich.de\" target=\"_blank\">Ehemaliger Chemie-Leistungskurssch\u00fcler Lennart Gutsche begeistert mit spannenden Einblicken in die Lebensmittelchemie<\/a><\/h2>\n <div class=\"entry\">\n  <p style=\"margin-bottom:4px;\">\n   <a href=\"https:\/\/www.wfs-dreieich.de\/2026\/08\/12\/ehemaliger-chemie-leistungskursschueler-lennart-gutsche-begeistert-mit-spannenden-einblicken-in-die-lebensmittelchemie\/\" target=\"_blank\"><img decoding=\"async\" src=\"\/feeds\/gfx\/wfs-dreieich.de.png\" style=\"align:left !important; float:left !important; margin-top:4px !important; margin-right:8px !important; margin-bottom:4px !important; width:90px !important;\" \/><\/a>   Wie sieht der Studienalltag im Studium der Lebensmittelchemie aus? Welche Inhalte erwarten Studierende und welche beruflichen M\u00f6glichkeiten er\u00f6ffnen sich anschlie\u00dfend? Antworten auf diese und viele weitere Fragen erhielten die Sch\u00fclerinnen und Sch\u00fcler des derzeitigen ...<br clear=\"all\" \/>  <\/p>\n  <div><span class=\"my_article_details\"><time datetime=\"2026-08-12\">12.08.2026<\/time> &middot; <a href=\"\/news\/dreieich-aktuell\" title=\"Dreieich heute aktuell\">Dreieich<\/a> &middot; <a href=\"\/news\/dreieich-nachrichten\" title=\"Dreieich Nachrichten\">News<\/a> &middot; <\/span><a href=\"https:\/\/www.wfs-dreieich.de\/2026\/08\/12\/ehemaliger-chemie-leistungskursschueler-lennart-gutsche-begeistert-mit-spannenden-einblicken-in-die-lebensmittelchemie\/\" title=\"Link zum Artikel auf wfs-dreieich.de\" target=\"_blank\">wfs-dreieich.de<\/a><\/div>\n  <b><\/b>\n <\/div>\n <\/article>\n<\/div>\n<div class=\"post\" style=\"margin-bottom:40px;\">\n <article>\n <h2><a name=\"5832c565\" href=\"https:\/\/www.op-online.de\/region\/dreieich\/circus-liebe-startet-ende-august-mit-sechs-vorstellungen-94438825.html\" rel=\"bookmark\" style=\"color:#333333; font-weight:bold;\" title=\"Link zum Artikel auf op-online.de\" target=\"_blank\">\u201eCircus & Liebe&quot; startet Ende August mit sechs Vorstellungen<\/a><\/h2>\n <div class=\"entry\">\n  <p style=\"margin-bottom:4px;\">\n   <a href=\"https:\/\/www.op-online.de\/region\/dreieich\/circus-liebe-startet-ende-august-mit-sechs-vorstellungen-94438825.html\" target=\"_blank\"><img decoding=\"async\" src=\"https:\/\/www.op-online.de\/assets\/images\/43\/670\/43670505-das-finnische-duo-lotta-und-stine-1eef.jpg\" style=\"align:left !important; float:left !important; margin-top:4px !important; margin-right:8px !important; margin-bottom:4px !important; width:90px !important;\" \/><\/a>   Das B&uuml;rgerhaus Dreieich veranstaltet vom 28. bis 30. August ein neues Festival f&uuml;r Cirque Nouveau. Zwei finnische K&uuml;nstlerinnen erz&auml;hlen darin von Frauen, die perfekt sein wollen \u2013 mit Hula-Hoop und Rola-Bola.<br clear=\"all\" \/>  <\/p>\n  <div><span class=\"my_article_details\"><time datetime=\"2026-08-12\">12.08.2026<\/time> &middot; <a href=\"\/news\/dreieich-aktuell\" title=\"Dreieich heute aktuell\">Dreieich<\/a> &middot; <a href=\"\/news\/dreieich-nachrichten\" title=\"Dreieich Nachrichten\">News<\/a> &middot; <\/span><a href=\"https:\/\/www.op-online.de\/region\/dreieich\/circus-liebe-startet-ende-august-mit-sechs-vorstellungen-94438825.html\" title=\"Link zum Artikel auf op-online.de\" target=\"_blank\">op-online.de<\/a><\/div>\n  <b><\/b>\n <\/div>\n <\/article>\n<\/div>\n<div class=\"post\" style=\"margin-bottom:40px;\">\n <article>\n <h2><a name=\"65c96c37\" href=\"https:\/\/www.dreieich.de\/rathaus-service\/presse-medien\/pressemitteilungen\/2026\/stadtradeln-2026\/\" rel=\"bookmark\" style=\"color:#333333; font-weight:bold;\" title=\"Link zum Artikel auf dreieich.de\" target=\"_blank\">Stadtradeln 2026: Gemeinsam f\u00fcr Klimaschutz und mehr Radverkehr<\/a><\/h2>\n <div class=\"entry\">\n  <p style=\"margin-bottom:4px;\">\n   <a href=\"https:\/\/www.dreieich.de\/rathaus-service\/presse-medien\/pressemitteilungen\/2026\/stadtradeln-2026\/\" target=\"_blank\"><img decoding=\"async\" src=\"https:\/\/www.dreieich.de\/rathaus-service\/presse-medien\/pressemitteilungen\/2026\/stadtradeln-2026\/earth-day-environment-concept-and-eco-concept-2026-01-09-07-31-53-utc.jpg?cid=1r5v.8gdt&resize=0a317e%3a1024x768c\" style=\"align:left !important; float:left !important; margin-top:4px !important; margin-right:8px !important; margin-bottom:4px !important; width:90px !important;\" \/><\/a>   Ab 1. September nimmt die Stadt Dreieich erneut an der beliebten Aktion &quot;Stadtradeln&quot; teil. Die bundesweite Kampagne motiviert seit 2008 Kommunalpolitikerinnen, Kommunalpolitiker sowie B&uuml;rgerinnen und B&uuml;rger, durch Radfahren das Klima zu sch&uuml;tzen und den Radverkehr ...<br clear=\"all\" \/>  <\/p>\n  <div><span class=\"my_article_details\"><time datetime=\"2026-08-11\">11.08.2026<\/time> &middot; <a href=\"\/news\/dreieich-aktuell\" title=\"Dreieich heute aktuell\">Dreieich<\/a> &middot; <a href=\"\/news\/dreieich-nachrichten\" title=\"Dreieich Nachrichten\">News<\/a> &middot; <\/span><a href=\"https:\/\/www.dreieich.de\/rathaus-service\/presse-medien\/pressemitteilungen\/2026\/stadtradeln-2026\/\" title=\"Link zum Artikel auf dreieich.de\" target=\"_blank\">dreieich.de<\/a><\/div>\n  <b><\/b>\n <\/div>\n <\/article>\n<\/div>\n<div class=\"post\" style=\"margin-bottom:40px;\">\n <article>\n <h2><a name=\"50cfc94b\" href=\"https:\/\/www.gruene-dreieich.de\/sommerfest-2026\/\" rel=\"bookmark\" style=\"color:#333333; font-weight:bold;\" title=\"Link zum Artikel auf gruene-dreieich.de\" target=\"_blank\">Die Gr\u00fcnen: Sommerfest 2026<\/a><\/h2>\n <div class=\"entry\">\n  <p style=\"margin-bottom:4px;\">\n   <a href=\"https:\/\/www.gruene-dreieich.de\/sommerfest-2026\/\" target=\"_blank\"><img decoding=\"async\" src=\"\/feeds\/gfx\/gruene-dreieich.de.png\" style=\"align:left !important; float:left !important; margin-top:4px !important; margin-right:8px !important; margin-bottom:4px !important; width:90px !important;\" \/><\/a>   Herzliche Einladung zum Sommerfest der Gr&uuml;nen Dreieich Wir laden alle B&uuml;rgerinnen und B&uuml;rger herzlich zu unserem diesj&auml;hrigen Sommerfest ein. Nutzen Sie die Gelegenheit, in entspannter Atmosph&auml;re bei Kaffee und Kuchen mit uns ins Gespr&auml;ch zu kommen, bekannte ...<br clear=\"all\" \/>  <\/p>\n  <div><span class=\"my_article_details\"><time datetime=\"2026-08-11\">11.08.2026<\/time> &middot; <a href=\"\/news\/dreieich-aktuell\" title=\"Dreieich heute aktuell\">Dreieich<\/a> &middot; <a href=\"\/news\/dreieich-nachrichten\" title=\"Dreieich Nachrichten\">News<\/a> &middot; <\/span><a href=\"https:\/\/www.gruene-dreieich.de\/sommerfest-2026\/\" title=\"Link zum Artikel auf gruene-dreieich.de\" target=\"_blank\">gruene-dreieich.de<\/a><\/div>\n  <b><\/b>\n <\/div>\n <\/article>\n<\/div>\n<div class=\"post\" style=\"margin-bottom:40px;\">\n <article>\n <h2><a name=\"795364cf\" href=\"https:\/\/of-news.de\/heusenstamm\/historisches-weinfest-in-heusenstamm-lockt-mit-sechs-tagen-programm-rund-um-das-schloss-schoenborn-169532\/\" rel=\"bookmark\" style=\"color:#333333; font-weight:bold;\" title=\"Link zum Artikel auf of-news.de\" target=\"_blank\">Historisches Weinfest in Heusenstamm lockt mit sechs Tagen Programm rund um das Schloss Sch\u00f6nborn<\/a><\/h2>\n <div class=\"entry\">\n  <p style=\"margin-bottom:4px;\">\n   <a href=\"https:\/\/of-news.de\/heusenstamm\/historisches-weinfest-in-heusenstamm-lockt-mit-sechs-tagen-programm-rund-um-das-schloss-schoenborn-169532\/\" target=\"_blank\"><img decoding=\"async\" src=\"\/feeds\/gfx\/of-news.de.png\" style=\"align:left !important; float:left !important; margin-top:4px !important; margin-right:8px !important; margin-bottom:4px !important; width:90px !important;\" \/><\/a>   Von Mittwoch, 19. August, bis Montag, 24. August, verwandelt sich das Gel&auml;nde rund um das Schloss Sch&ouml;nborn in Heusenstamm wieder in einen gro&szlig;en Festplatz. Das traditionelle Weinfest bietet den Besucherinnen und Besuchern im Bereich zwischen dem Schlossinnenhof ...<br clear=\"all\" \/>  <\/p>\n  <div><span class=\"my_article_details\"><time datetime=\"2026-08-11\">11.08.2026<\/time> &middot; <a href=\"\/news\/offenbach-aktuell\" title=\"Offenbach heute aktuell\">Offenbach<\/a> &middot; Umgebung &middot; <\/span><a href=\"https:\/\/of-news.de\/heusenstamm\/historisches-weinfest-in-heusenstamm-lockt-mit-sechs-tagen-programm-rund-um-das-schloss-schoenborn-169532\/\" title=\"Link zum Artikel auf of-news.de\" target=\"_blank\">of-news.de<\/a><\/div>\n  <b><\/b>\n <\/div>\n <\/article>\n<\/div>\n<div class=\"post\" style=\"margin-bottom:40px;\">\n <article>\n <h2><a name=\"f05a698c\" href=\"https:\/\/www.op-online.de\/region\/dreieich\/hund-spike-wartet-seit-anderthalb-jahren-im-tierheim-auf-vermittlung-94437227.html\" rel=\"bookmark\" style=\"color:#333333; font-weight:bold;\" title=\"Link zum Artikel auf op-online.de\" target=\"_blank\">Anderthalb Jahre und kein Zuhause: Tierheim-Hund Spike wartet auf Vermittlung<\/a><\/h2>\n <div class=\"entry\">\n  <p style=\"margin-bottom:4px;\">\n   <a href=\"https:\/\/www.op-online.de\/region\/dreieich\/hund-spike-wartet-seit-anderthalb-jahren-im-tierheim-auf-vermittlung-94437227.html\" target=\"_blank\"><img decoding=\"async\" src=\"https:\/\/www.op-online.de\/assets\/images\/43\/724\/43724419-stafford-mischlingsruede-spike-wartet-im-tierheim-schon-laenger-auf-ein-liebevolles-zuhause-45ef.jpg\" style=\"align:left !important; float:left !important; margin-top:4px !important; margin-right:8px !important; margin-bottom:4px !important; width:90px !important;\" \/><\/a>   Der American-Staffordshire-Terrier-Mischling sitzt seit gut anderthalb Jahren im Tierheim Dreieich. Auch Katze Bertha wartet seit &uuml;ber einem Jahr auf ein neues Zuhause.<br clear=\"all\" \/>  <\/p>\n  <div><span class=\"my_article_details\"><time datetime=\"2026-08-11\">11.08.2026<\/time> &middot; <a href=\"\/news\/dreieich-aktuell\" title=\"Dreieich heute aktuell\">Dreieich<\/a> &middot; <a href=\"\/news\/dreieich-nachrichten\" title=\"Dreieich Nachrichten\">News<\/a> &middot; <\/span><a href=\"https:\/\/www.op-online.de\/region\/dreieich\/hund-spike-wartet-seit-anderthalb-jahren-im-tierheim-auf-vermittlung-94437227.html\" title=\"Link zum Artikel auf op-online.de\" target=\"_blank\">op-online.de<\/a><\/div>\n  <b><\/b>\n <\/div>\n <\/article>\n<\/div>\n<div class=\"post\" style=\"margin-bottom:40px;\">\n <article>\n <h2><a name=\"2a083f8f\" href=\"https:\/\/www.maingau-energie.de\/pressemitteilungen\/maingau-bringt-portfoliomanagement-in-die-kisterscloud\" rel=\"bookmark\" style=\"color:#333333; font-weight:bold;\" title=\"Link zum Artikel auf maingau-energie.de\" target=\"_blank\">MAINGAU bringt Portfoliomanagement in die KISTERScloud<\/a><\/h2>\n <div class=\"entry\">\n  <p style=\"margin-bottom:4px;\">\n   <a href=\"https:\/\/www.maingau-energie.de\/pressemitteilungen\/maingau-bringt-portfoliomanagement-in-die-kisterscloud\" target=\"_blank\"><img decoding=\"async\" src=\"\/feeds\/gfx\/maingau-energie.de.png\" style=\"align:left !important; float:left !important; margin-top:4px !important; margin-right:8px !important; margin-bottom:4px !important; width:90px !important;\" \/><\/a>   MAINGAU hat ihr aktives Portfoliomanagement erfolgreich in die KISTERScloud migriert. Die Managed Services durch KISTERS schaffen die Basis f\u00fcr automatisierte Abl\u00e4ufe und zukunftssichere Handelsprozesse.<br clear=\"all\" \/>  <\/p>\n  <div><span class=\"my_article_details\"><time datetime=\"2026-08-11\">11.08.2026<\/time> &middot; <a href=\"\/news\/polizeieinsaetze-offenbach-am-main\" title=\"Polizeieins\u00e4tze Offenbach am Main\">Kreis Offenbach<\/a> &middot; <\/span><a href=\"https:\/\/www.maingau-energie.de\/pressemitteilungen\/maingau-bringt-portfoliomanagement-in-die-kisterscloud\" title=\"Link zum Artikel auf maingau-energie.de\" target=\"_blank\">maingau-energie.de<\/a><\/div>\n  <b><\/b>\n <\/div>\n <\/article>\n<\/div>\n<div class=\"post\" style=\"margin-bottom:40px;\">\n <article>\n <h2><a name=\"f96fb429\" href=\"https:\/\/www.wfs-dreieich.de\/2026\/08\/11\/die-weibelfeldschule-trauert-um-elke-duerr\/\" rel=\"bookmark\" style=\"color:#333333; font-weight:bold;\" title=\"Link zum Artikel auf wfs-dreieich.de\" target=\"_blank\">Die Weibelfeldschule trauert um Elke D\u00fcrr<\/a><\/h2>\n <div class=\"entry\">\n  <p style=\"margin-bottom:4px;\">\n   <a href=\"https:\/\/www.wfs-dreieich.de\/2026\/08\/11\/die-weibelfeldschule-trauert-um-elke-duerr\/\" target=\"_blank\"><img decoding=\"async\" src=\"\/feeds\/gfx\/wfs-dreieich.de.png\" style=\"align:left !important; float:left !important; margin-top:4px !important; margin-right:8px !important; margin-bottom:4px !important; width:90px !important;\" \/><\/a>   Traurig und betroffen teilen wir Gedanken zu und mit Elke D\u00fcrr. Eine zur\u00fcckliegende gemeinsame Zeit (1991 - 2007) war gepr\u00e4gt von Engagement, Haltung, Humor, Respekt und pers\u00f6nlichen Erlebnissen. Wie erinnern uns an eine starke Frau,  ...<br clear=\"all\" \/>  <\/p>\n  <div><span class=\"my_article_details\"><time datetime=\"2026-08-11\">11.08.2026<\/time> &middot; <a href=\"\/news\/dreieich-aktuell\" title=\"Dreieich heute aktuell\">Dreieich<\/a> &middot; <a href=\"\/news\/dreieich-nachrichten\" title=\"Dreieich Nachrichten\">News<\/a> &middot; <\/span><a href=\"https:\/\/www.wfs-dreieich.de\/2026\/08\/11\/die-weibelfeldschule-trauert-um-elke-duerr\/\" title=\"Link zum Artikel auf wfs-dreieich.de\" target=\"_blank\">wfs-dreieich.de<\/a><\/div>\n  <b><\/b>\n <\/div>\n <\/article>\n<\/div>\n<div class=\"post\" style=\"margin-bottom:40px;\">\n <article>\n <h2><a name=\"35845e97\" href=\"https:\/\/www.op-online.de\/sport\/lokalsport\/tc-rw-sprendlingen-wird-vizemeister-94437476.html\" rel=\"bookmark\" style=\"color:#333333; font-weight:bold;\" title=\"Link zum Artikel auf op-online.de\" target=\"_blank\">TC RW Sprendlingen wird Vizemeister<\/a><\/h2>\n <div class=\"entry\">\n  <p style=\"margin-bottom:4px;\">\n   <a href=\"https:\/\/www.op-online.de\/sport\/lokalsport\/tc-rw-sprendlingen-wird-vizemeister-94437476.html\" target=\"_blank\"><img decoding=\"async\" src=\"https:\/\/www.op-online.de\/assets\/images\/43\/657\/43657222-tc-rw-mrh-trowe-sprendlingen-bundesliga-2026-1Ief.jpg\" style=\"align:left !important; float:left !important; margin-top:4px !important; margin-right:8px !important; margin-bottom:4px !important; width:90px !important;\" \/><\/a>   Der TC RW Sprendlingen sichert sich Rang zwei in der 2. Tennis-Bundesliga S&uuml;d. Entscheidend war am Ende ein einziger gewonnener Matchpunkt mehr als der Drittplatzierte Wolfsberg.<br clear=\"all\" \/>  <\/p>\n  <div><span class=\"my_article_details\"><time datetime=\"2026-08-10\">10.08.2026<\/time> &middot; Sprendlingen &middot; <\/span><a href=\"https:\/\/www.op-online.de\/sport\/lokalsport\/tc-rw-sprendlingen-wird-vizemeister-94437476.html\" title=\"Link zum Artikel auf op-online.de\" target=\"_blank\">op-online.de<\/a><\/div>\n  <b><\/b>\n <\/div>\n <\/article>\n<\/div>\n<div class=\"post\" style=\"margin-bottom:40px;\">\n <article>\n <h2><a name=\"70ccfee5\" href=\"https:\/\/arg-heusenstamm.de\/news\/entry\/123-zwischen-heusenstamm-und-tonbridge\/\" rel=\"bookmark\" style=\"color:#333333; font-weight:bold;\" title=\"Link zum Artikel auf arg-heusenstamm.de\" target=\"_blank\">Schule: Zwischen Heusenstamm und Tonbridge<\/a><\/h2>\n <div class=\"entry\">\n  <p style=\"margin-bottom:4px;\">\n   <a href=\"https:\/\/arg-heusenstamm.de\/news\/entry\/123-zwischen-heusenstamm-und-tonbridge\/\" target=\"_blank\"><img decoding=\"async\" src=\"https:\/\/arg-heusenstamm.de\/news\/images\/coverPhotos\/6e\/148-6e0190013d471bb5e0d2bc56efa5e4181dcaab68.jpg\" style=\"align:left !important; float:left !important; margin-top:4px !important; margin-right:8px !important; margin-bottom:4px !important; width:90px !important;\" \/><\/a>   Vom 5. bis 13. Mai 2026 empfing das Adolf-Reichwein-Gymnasium 30 Sch&uuml;lerinnen und Sch&uuml;ler der Judd School aus Tonbridge. Im Juni folgte schlie&szlig;lich der Gegenbesuch in England. Der diesj&auml;hrige Englandaustausch bot den Sch&uuml;lerinnen und Sch&uuml;lern der neunten Klassen ...<br clear=\"all\" \/>  <\/p>\n  <div><span class=\"my_article_details\"><time datetime=\"2026-08-10\">10.08.2026<\/time> &middot; <a href=\"\/news\/fluglaerm-offenbach-am-main\" title=\"Flugl\u00e4rm Offenbach am Main\">Flughafen<\/a> &middot; Frankfurt &middot; <\/span><a href=\"https:\/\/arg-heusenstamm.de\/news\/entry\/123-zwischen-heusenstamm-und-tonbridge\/\" title=\"Link zum Artikel auf arg-heusenstamm.de\" target=\"_blank\">arg-heusenstamm.de<\/a><\/div>\n  <b><\/b>\n <\/div>\n <\/article>\n<\/div>\n<div class=\"post\" style=\"margin-bottom:40px;\">\n <article>\n <h2><a name=\"d5025fda\" href=\"https:\/\/www.op-online.de\/region\/dreieich\/im-einsatz-bagger-reisst-gasleitung-an-zwei-stellen-auf-80-feuerwehrleute-94437181.html\" rel=\"bookmark\" style=\"color:#333333; font-weight:bold;\" title=\"Link zum Artikel auf op-online.de\" target=\"_blank\">Bagger rei\u00dft Gasleitung an zwei Stellen auf \u2013 80 Feuerwehrleute im Einsatz<\/a><\/h2>\n <div class=\"entry\">\n  <p style=\"margin-bottom:4px;\">\n   <a href=\"https:\/\/www.op-online.de\/region\/dreieich\/im-einsatz-bagger-reisst-gasleitung-an-zwei-stellen-auf-80-feuerwehrleute-94437181.html\" target=\"_blank\"><img decoding=\"async\" src=\"https:\/\/www.op-online.de\/assets\/images\/43\/665\/43665808-bagger-beschaedigt-gasleitung-in-der-friedhofstrasse-offenthal-3Yef.jpg\" style=\"align:left !important; float:left !important; margin-top:4px !important; margin-right:8px !important; margin-bottom:4px !important; width:90px !important;\" \/><\/a>   Bei Erdarbeiten in der Friedhofstra&szlig;e besch&auml;digt ein Bagger eine Gasleitung gleich zweimal. Die Feuerwehr muss das Gas mit speziellen Klemmen stoppen und kontrolliert alle Keller der Nachbarschaft.<br clear=\"all\" \/>  <\/p>\n  <div><span class=\"my_article_details\"><time datetime=\"2026-08-10\">10.08.2026<\/time> &middot; <a href=\"\/news\/dreieich-aktuell\" title=\"Dreieich heute aktuell\">Dreieich<\/a> &middot; <a href=\"\/news\/braende-offenbach-am-main\" title=\"Br\u00e4nde Offenbach am Main\">Feuerwehr<\/a> &middot; <a href=\"\/news\/dreieich-nachrichten\" title=\"Dreieich Nachrichten\">News<\/a> &middot; <\/span><a href=\"https:\/\/www.op-online.de\/region\/dreieich\/im-einsatz-bagger-reisst-gasleitung-an-zwei-stellen-auf-80-feuerwehrleute-94437181.html\" title=\"Link zum Artikel auf op-online.de\" target=\"_blank\">op-online.de<\/a><\/div>\n  <b><\/b>\n <\/div>\n <\/article>\n<\/div>\n<div class=\"post\" style=\"margin-bottom:40px;\">\n <article>\n <h2><a name=\"0febc1b3\" href=\"https:\/\/gruene-offenbach.de\/2026\/08\/10\/gruene-wollen-foerdermittel-fuer-klimaresiliente-schulhoefe-nutzen\/\" rel=\"bookmark\" style=\"color:#333333; font-weight:bold;\" title=\"Link zum Artikel auf gruene-offenbach.de\" target=\"_blank\">Die Gr\u00fcnen: Gr\u00fcne wollen F\u00f6rdermittel f\u00fcr klimaresiliente Schulh\u00f6fe nutzen<\/a><\/h2>\n <div class=\"entry\">\n  <p style=\"margin-bottom:4px;\">\n   <a href=\"https:\/\/gruene-offenbach.de\/2026\/08\/10\/gruene-wollen-foerdermittel-fuer-klimaresiliente-schulhoefe-nutzen\/\" target=\"_blank\"><img decoding=\"async\" src=\"\/feeds\/gfx\/gruene-offenbach.de.png\" style=\"align:left !important; float:left !important; margin-top:4px !important; margin-right:8px !important; margin-bottom:4px !important; width:90px !important;\" \/><\/a>   Mindestens 75 Prozent F&ouml;rderung &uuml;ber Hessische Klimarichtlinie \u2013 KfW-Programm kann Finanzierung zus&auml;tzlich verbessern Die Offenbacher Gr&uuml;nen wollen die F&ouml;rderm&ouml;glichkeiten f&uuml;r die klimaresiliente Umgestaltung von Schulh&ouml;fen konsequent nutzen. Mit einem Antrag ...<br clear=\"all\" \/>  <\/p>\n  <div><span class=\"my_article_details\"><time datetime=\"2026-08-10\">10.08.2026<\/time> &middot; <a href=\"\/news\/offenbach-aktuell\" title=\"Offenbach heute aktuell\">Offenbach<\/a> &middot; Umgebung &middot; <\/span><a href=\"https:\/\/gruene-offenbach.de\/2026\/08\/10\/gruene-wollen-foerdermittel-fuer-klimaresiliente-schulhoefe-nutzen\/\" title=\"Link zum Artikel auf gruene-offenbach.de\" target=\"_blank\">gruene-offenbach.de<\/a><\/div>\n  <b><\/b>\n <\/div>\n <\/article>\n<\/div>\n<div class=\"post\" style=\"margin-bottom:40px;\">\n <article>\n <h2><a name=\"cfc2c5ee\" href=\"https:\/\/www.op-online.de\/region\/dreieich\/48-gefoerderte-wohnungen-fuer-50-euro-pro-quadratmeter-bezugsfertig-94436456.html\" rel=\"bookmark\" style=\"color:#333333; font-weight:bold;\" title=\"Link zum Artikel auf op-online.de\" target=\"_blank\">48 Wohnungen auf Gel\u00e4nde der ehemaligen Szenekneipe \u201ePonyhof&quot; bezugsfertig<\/a><\/h2>\n <div class=\"entry\">\n  <p style=\"margin-bottom:4px;\">\n   <a href=\"https:\/\/www.op-online.de\/region\/dreieich\/48-gefoerderte-wohnungen-fuer-50-euro-pro-quadratmeter-bezugsfertig-94436456.html\" target=\"_blank\"><img decoding=\"async\" src=\"https:\/\/www.op-online.de\/assets\/images\/43\/621\/43621214-die-neuen-gebaeude-befinden-sich-auf-dem-grundstueck-in-der-birkenau-das-frueher-szene-lokale-wie-zum-automaten-jost-und-den-ponyhof-beherbergte-2pG2URWEA8ef.jpg\" style=\"align:left !important; float:left !important; margin-top:4px !important; margin-right:8px !important; margin-bottom:4px !important; width:90px !important;\" \/><\/a>   Auf dem Gel&auml;nde der ehemaligen Szenekneipe \u201ePonyhof&quot; in Offenthal hat die DreieichBau 48 gef&ouml;rderte Wohnungen &uuml;bernommen. Die ersten Mitevertr&auml;ge sind bereits auf dem Weg.<br clear=\"all\" \/>  <\/p>\n  <div><span class=\"my_article_details\"><time datetime=\"2026-08-10\">10.08.2026<\/time> &middot; <a href=\"\/news\/dreieich-aktuell\" title=\"Dreieich heute aktuell\">Dreieich<\/a> &middot; <a href=\"\/news\/dreieich-nachrichten\" title=\"Dreieich Nachrichten\">News<\/a> &middot; Offenthal &middot; <\/span><a href=\"https:\/\/www.op-online.de\/region\/dreieich\/48-gefoerderte-wohnungen-fuer-50-euro-pro-quadratmeter-bezugsfertig-94436456.html\" title=\"Link zum Artikel auf op-online.de\" target=\"_blank\">op-online.de<\/a><\/div>\n  <b><\/b>\n <\/div>\n <\/article>\n<\/div>\n<div class=\"post\" style=\"margin-bottom:40px;\">\n <article>\n <h2><a name=\"e0c78d42\" href=\"https:\/\/www.dreieich.de\/rathaus-service\/presse-medien\/pressemitteilungen\/2026\/die-vhs-pop-p-t-auf\/\" rel=\"bookmark\" style=\"color:#333333; font-weight:bold;\" title=\"Link zum Artikel auf dreieich.de\" target=\"_blank\">DIE VHS POP(P)T AUF: POP-UP-STORE WIRD TREFFPUNKT F\u00dcR BILDUNG UND BEGEGNUNG<\/a><\/h2>\n <div class=\"entry\">\n  <p style=\"margin-bottom:4px;\">\n   <a href=\"https:\/\/www.dreieich.de\/rathaus-service\/presse-medien\/pressemitteilungen\/2026\/die-vhs-pop-p-t-auf\/\" target=\"_blank\"><img decoding=\"async\" src=\"https:\/\/www.dreieich.de\/medien\/fotos\/pop-up\/popup3-ecke.jpg?cid=1qiq.82xy&resize=387571%3a1024x768c\" style=\"align:left !important; float:left !important; margin-top:4px !important; margin-right:8px !important; margin-bottom:4px !important; width:90px !important;\" \/><\/a>   Sechs Wochen lang wird der Pop-up-Store in der Offenbacher Stra&szlig;e 1 in Dreieich-Sprendlingen zum Treffpunkt f&uuml;r Bildung, Kultur und Begegnung. Vom 28. August bis 3. Oktober 2026 l&auml;dt die Volkshochschule mit Vortr&auml;gen, Gespr&auml;chsrunden, Mitmachaktionen und kostenlosen ...<br clear=\"all\" \/>  <\/p>\n  <div><span class=\"my_article_details\"><time datetime=\"2026-08-10\">10.08.2026<\/time> &middot; <a href=\"\/news\/dreieich-aktuell\" title=\"Dreieich heute aktuell\">Dreieich<\/a> &middot; Sprendlingen &middot; <\/span><a href=\"https:\/\/www.dreieich.de\/rathaus-service\/presse-medien\/pressemitteilungen\/2026\/die-vhs-pop-p-t-auf\/\" title=\"Link zum Artikel auf dreieich.de\" target=\"_blank\">dreieich.de<\/a><\/div>\n  <b><\/b>\n <\/div>\n <\/article>\n<\/div>\n<div class=\"post\" style=\"margin-bottom:40px;\">\n <article>\n <h2><a name=\"1159adf2\" href=\"https:\/\/www.op-online.de\/region\/dreieich\/schulranzen-kostet-bis-zu-310-euro-schule-verteilt-gebraucht-ranzen-94435310.html\" rel=\"bookmark\" style=\"color:#333333; font-weight:bold;\" title=\"Link zum Artikel auf op-online.de\" target=\"_blank\">Schulranzen kostet bis zu 310 Euro \u2013 Schule verteilt Gebraucht-Ranzen<\/a><\/h2>\n <div class=\"entry\">\n  <p style=\"margin-bottom:4px;\">\n   <a href=\"https:\/\/www.op-online.de\/region\/dreieich\/schulranzen-kostet-bis-zu-310-euro-schule-verteilt-gebraucht-ranzen-94435310.html\" target=\"_blank\"><img decoding=\"async\" src=\"https:\/\/www.op-online.de\/assets\/images\/43\/611\/43611110-teurer-start-in-neuen-lebensabschnitt-der-schulanfang-ist-fuer-viele-kinder-etwas-ganz-besonderes-doch-nicht-jede-familie-kann-sich-einen-neuen-ranzen-37ef.jpg\" style=\"align:left !important; float:left !important; margin-top:4px !important; margin-right:8px !important; margin-bottom:4px !important; width:90px !important;\" \/><\/a>   Die Einschulung verschlingt Hunderte Euro f&uuml;r Ranzen und Material. Die Wingertschule in Dreieich sammelt deshalb gebrauchte Schulranzen von Viertkl&auml;sslern und gibt sie an bed&uuml;rftige Familien weiter.<br clear=\"all\" \/>  <\/p>\n  <div><span class=\"my_article_details\"><time datetime=\"2026-08-10\">10.08.2026<\/time> &middot; <a href=\"\/news\/dreieich-aktuell\" title=\"Dreieich heute aktuell\">Dreieich<\/a> &middot; <a href=\"\/news\/dreieich-nachrichten\" title=\"Dreieich Nachrichten\">News<\/a> &middot; <\/span><a href=\"https:\/\/www.op-online.de\/region\/dreieich\/schulranzen-kostet-bis-zu-310-euro-schule-verteilt-gebraucht-ranzen-94435310.html\" title=\"Link zum Artikel auf op-online.de\" target=\"_blank\">op-online.de<\/a><\/div>\n  <b><\/b>\n <\/div>\n <\/article>\n<\/div>\n<div class=\"post\" style=\"margin-bottom:40px;\">\n <article>\n <h2><a name=\"72d4e42b\" href=\"https:\/\/www.stadtwerke-dreieich.de\/magazin\/beitrag\/wie-ihr-stromtarif-dreieicher-vereine-unterstuetzt\" rel=\"bookmark\" style=\"color:#333333; font-weight:bold;\" title=\"Link zum Artikel auf stadtwerke-dreieich.de\" target=\"_blank\">Stadtwerke Dreieich: Wie Ihr Stromtarif Dreieicher Vereine unterst\u00fctzt<\/a><\/h2>\n <div class=\"entry\">\n  <p style=\"margin-bottom:4px;\">\n   <a href=\"https:\/\/www.stadtwerke-dreieich.de\/magazin\/beitrag\/wie-ihr-stromtarif-dreieicher-vereine-unterstuetzt\" target=\"_blank\"><img decoding=\"async\" src=\"\/feeds\/gfx\/stadtwerke-dreieich.de.png\" style=\"align:left !important; float:left !important; margin-top:4px !important; margin-right:8px !important; margin-bottom:4px !important; width:90px !important;\" \/><\/a>   <i>F\u00fcr diese Meldung existiert leider kein kurzer Auszug.<\/i><br clear=\"all\" \/>  <\/p>\n  <div><span class=\"my_article_details\"><time datetime=\"2026-08-10\">10.08.2026<\/time> &middot; <a href=\"\/news\/dreieich-aktuell\" title=\"Dreieich heute aktuell\">Dreieich<\/a> &middot; <a href=\"\/news\/dreieich-nachrichten\" title=\"Dreieich Nachrichten\">News<\/a> &middot; <\/span><a href=\"https:\/\/www.stadtwerke-dreieich.de\/magazin\/beitrag\/wie-ihr-stromtarif-dreieicher-vereine-unterstuetzt\" title=\"Link zum Artikel auf stadtwerke-dreieich.de\" target=\"_blank\">stadtwerke-dreieich.de<\/a><\/div>\n  <b><\/b>\n <\/div>\n <\/article>\n<\/div>\n<div class=\"post\" style=\"margin-bottom:40px;\">\n <article>\n <h2><a name=\"9b28453f\" href=\"https:\/\/fledermausschutz-seligenstadt.de\/fledermauswanderung-am-7-august-in-dreieich\/\" rel=\"bookmark\" style=\"color:#333333; font-weight:bold;\" title=\"Link zum Artikel auf fledermausschutz-seligenstadt.de\" target=\"_blank\">Naturschutz: Fledermauswanderung am 7. August in Dreieich<\/a><\/h2>\n <div class=\"entry\">\n  <p style=\"margin-bottom:4px;\">\n   Zusammen mit dem BUND Dreieich haben wir um 20:30 Uhr zur Fledermauswanderung eingeladen. Wir durften 31 G&auml;ste begr&uuml;&szlig;en und haben uns &uuml;ber die gute Resonanz gefreut! Nach dem Einf&uuml;hrungsvortrag &uuml;ber Flederm&auml;use konnten wir einen Pflegling wieder in die Natur ...<br clear=\"all\" \/>  <\/p>\n  <div><span class=\"my_article_details\"><time datetime=\"2026-08-09\">09.08.2026<\/time> &middot; <a href=\"\/news\/dreieich-aktuell\" title=\"Dreieich heute aktuell\">Dreieich<\/a> &middot; <a href=\"\/news\/dreieich-nachrichten\" title=\"Dreieich Nachrichten\">News<\/a> &middot; <\/span><a href=\"https:\/\/fledermausschutz-seligenstadt.de\/fledermauswanderung-am-7-august-in-dreieich\/\" title=\"Link zum Artikel auf fledermausschutz-seligenstadt.de\" target=\"_blank\">fledermausschutz-seligenstadt.de<\/a><\/div>\n  <b><\/b>\n <\/div>\n <\/article>\n<\/div>\n<div class=\"post\" style=\"margin-bottom:40px;\">\n <article>\n <h2><a name=\"229830d8\" href=\"https:\/\/www.faz.net\/aktuell\/sport\/rhein-main-sport\/eintracht-frankfurt\/eintracht-frankfurt-torwart-kaua-santos-ueberzeugt-gegen-hull-city-accg-201108973.html\" rel=\"bookmark\" style=\"color:#333333; font-weight:bold;\" title=\"Link zum Artikel auf faz.net\" target=\"_blank\">Die Fragezeichen der neuen Eintracht<\/a><\/h2>\n <div class=\"entry\">\n  <p style=\"margin-bottom:4px;\">\n   <a href=\"https:\/\/www.faz.net\/aktuell\/sport\/rhein-main-sport\/eintracht-frankfurt\/eintracht-frankfurt-torwart-kaua-santos-ueberzeugt-gegen-hull-city-accg-201108973.html\" target=\"_blank\"><img decoding=\"async\" src=\"\/feeds\/gfx\/faz.net.png\" style=\"align:left !important; float:left !important; margin-top:4px !important; margin-right:8px !important; margin-bottom:4px !important; width:90px !important;\" \/><\/a>   Trainer Adi H&uuml;tter will sich noch nicht festlegen, wer seine Nummer eins im Tor sein wird. Gegen Hull City liefert Kaua Santos Argumente in eigener Sache. Theate und Wahi k&ouml;nnten den Klub noch verlassen.<br clear=\"all\" \/>  <\/p>\n  <div><span class=\"my_article_details\"><time datetime=\"2026-08-09\">09.08.2026<\/time> &middot; <a href=\"\/news\/dreieich-aktuell\" title=\"Dreieich heute aktuell\">Dreieich<\/a> &middot; <a href=\"\/news\/dreieich-nachrichten\" title=\"Dreieich Nachrichten\">News<\/a> &middot; <\/span><a href=\"https:\/\/www.faz.net\/aktuell\/sport\/rhein-main-sport\/eintracht-frankfurt\/eintracht-frankfurt-torwart-kaua-santos-ueberzeugt-gegen-hull-city-accg-201108973.html\" title=\"Link zum Artikel auf faz.net\" target=\"_blank\">faz.net<\/a><\/div>\n  <b><\/b>\n <\/div>\n <\/article>\n<\/div>\n<div class=\"post\" style=\"margin-bottom:40px;\">\n <article>\n <h2><a name=\"c5603383\" href=\"https:\/\/www.dreieich.de\/rathaus-service\/presse-medien\/pressemitteilungen\/2026\/klimafoerderung-2026-budget-fuer-klimaanpassungsmassnahmen-noch-verfuegbar-budget-fuer-klimaschutzmassnahmen-ausgeschoepft\/\" rel=\"bookmark\" style=\"color:#333333; font-weight:bold;\" title=\"Link zum Artikel auf dreieich.de\" target=\"_blank\">Klimaf\u00f6rderung 2026: Budget f\u00fcr Klimaanpassungsma\u00dfnahmen noch verf\u00fcgbar - Budget f\u00fcr Klimaschutzma\u00dfnahmen ausgesch\u00f6pft<\/a><\/h2>\n <div class=\"entry\">\n  <p style=\"margin-bottom:4px;\">\n   <a href=\"https:\/\/www.dreieich.de\/rathaus-service\/presse-medien\/pressemitteilungen\/2026\/klimafoerderung-2026-budget-fuer-klimaanpassungsmassnahmen-noch-verfuegbar-budget-fuer-klimaschutzmassnahmen-ausgeschoepft\/\" target=\"_blank\"><img decoding=\"async\" src=\"https:\/\/www.dreieich.de\/rathaus-service\/presse-medien\/pressemitteilungen\/2026\/klimafoerderung-2026-budget-fuer-klimaanpassungsmassnahmen-noch-verfuegbar-budget-fuer-klimaschutzmassnahmen-ausgeschoepft\/earth-day-environment-concept-and-eco-concept-2026-01-09-07-31-53-utc.jpg?cid=1r5v.8fzg&resize=21fe2b%3a1024x768c\" style=\"align:left !important; float:left !important; margin-top:4px !important; margin-right:8px !important; margin-bottom:4px !important; width:90px !important;\" \/><\/a>   Die Klimaf&ouml;rderrichtlinie der Stadt Dreieich erfreut sich auch im Jahr 2026 gro&szlig;er Beliebtheit. Innerhalb eines Tages sind bereits 51 Antr&auml;ge f&uuml;r Ma&szlig;nahmen des Klimaschutzes und zwei Antr&auml;ge f&uuml;r Klimaanpassungsma&szlig;nahmen eingegangen.<br clear=\"all\" \/>  <\/p>\n  <div><span class=\"my_article_details\"><time datetime=\"2026-08-07\">07.08.2026<\/time> &middot; <a href=\"\/news\/dreieich-aktuell\" title=\"Dreieich heute aktuell\">Dreieich<\/a> &middot; <a href=\"\/news\/dreieich-nachrichten\" title=\"Dreieich Nachrichten\">News<\/a> &middot; <\/span><a href=\"https:\/\/www.dreieich.de\/rathaus-service\/presse-medien\/pressemitteilungen\/2026\/klimafoerderung-2026-budget-fuer-klimaanpassungsmassnahmen-noch-verfuegbar-budget-fuer-klimaschutzmassnahmen-ausgeschoepft\/\" title=\"Link zum Artikel auf dreieich.de\" target=\"_blank\">dreieich.de<\/a><\/div>\n  <b><\/b>\n <\/div>\n <\/article>\n<\/div>\n<div class=\"post\" style=\"margin-bottom:40px;\">\n <article>\n <h2><a name=\"f48bfe22\" href=\"https:\/\/www.wfs-dreieich.de\/2026\/08\/07\/beitraege-des-vergangenen-schuljahres-2025-26\/\" rel=\"bookmark\" style=\"color:#333333; font-weight:bold;\" title=\"Link zum Artikel auf wfs-dreieich.de\" target=\"_blank\">Beitr\u00e4ge des vergangenen Schuljahres 2025\/26<\/a><\/h2>\n <div class=\"entry\">\n  <p style=\"margin-bottom:4px;\">\n   <a href=\"https:\/\/www.wfs-dreieich.de\/2026\/08\/07\/beitraege-des-vergangenen-schuljahres-2025-26\/\" target=\"_blank\"><img decoding=\"async\" src=\"\/feeds\/gfx\/wfs-dreieich.de.png\" style=\"align:left !important; float:left !important; margin-top:4px !important; margin-right:8px !important; margin-bottom:4px !important; width:90px !important;\" \/><\/a>   Klicken Sie hier um die Beitr\u00e4ge des vergangenen Schuljahres anzusehen  ...<br clear=\"all\" \/>  <\/p>\n  <div><span class=\"my_article_details\"><time datetime=\"2026-08-07\">07.08.2026<\/time> &middot; <a href=\"\/news\/dreieich-aktuell\" title=\"Dreieich heute aktuell\">Dreieich<\/a> &middot; <a href=\"\/news\/dreieich-nachrichten\" title=\"Dreieich Nachrichten\">News<\/a> &middot; <\/span><a href=\"https:\/\/www.wfs-dreieich.de\/2026\/08\/07\/beitraege-des-vergangenen-schuljahres-2025-26\/\" title=\"Link zum Artikel auf wfs-dreieich.de\" target=\"_blank\">wfs-dreieich.de<\/a><\/div>\n  <b><\/b>\n <\/div>\n <\/article>\n<\/div>\n<div class=\"post\" style=\"margin-bottom:40px;\">\n <article>\n <h2><a name=\"7e12e3bf\" href=\"https:\/\/www.wfs-dreieich.de\/2026\/08\/07\/mit-einer-praesentationsolympiade-endete-das-schuljahr-2025-26-fast-400-schuelerinnen-und-schueler-zeigen-ihr-koennen\/\" rel=\"bookmark\" style=\"color:#333333; font-weight:bold;\" title=\"Link zum Artikel auf wfs-dreieich.de\" target=\"_blank\">Mit einer Pr\u00e4sentationsolympiade endete das Schuljahr 2025\/26 \u2013 Fast 400 Sch\u00fclerinnen und Sch\u00fcler zeigen ihr K\u00f6nnen<\/a><\/h2>\n <div class=\"entry\">\n  <p style=\"margin-bottom:4px;\">\n   <a href=\"https:\/\/www.wfs-dreieich.de\/2026\/08\/07\/mit-einer-praesentationsolympiade-endete-das-schuljahr-2025-26-fast-400-schuelerinnen-und-schueler-zeigen-ihr-koennen\/\" target=\"_blank\"><img decoding=\"async\" src=\"\/feeds\/gfx\/wfs-dreieich.de.png\" style=\"align:left !important; float:left !important; margin-top:4px !important; margin-right:8px !important; margin-bottom:4px !important; width:90px !important;\" \/><\/a>   Mit einer gro\u00dfen Pr\u00e4sentationsolympiade endete f\u00fcr die Jahrg\u00e4nge 5 und 6 der Weibelfeldschule das Schuljahr. Fast 400 Sch\u00fclerinnen und Sch\u00fcler stellten dabei eindrucksvoll unter Beweis, dass gutes Pr\u00e4sentieren weit mehr bedeutet, als Informationen vorzutragen. ...<br clear=\"all\" \/>  <\/p>\n  <div><span class=\"my_article_details\"><time datetime=\"2026-08-07\">07.08.2026<\/time> &middot; <a href=\"\/news\/dreieich-aktuell\" title=\"Dreieich heute aktuell\">Dreieich<\/a> &middot; <a href=\"\/news\/dreieich-nachrichten\" title=\"Dreieich Nachrichten\">News<\/a> &middot; <\/span><a href=\"https:\/\/www.wfs-dreieich.de\/2026\/08\/07\/mit-einer-praesentationsolympiade-endete-das-schuljahr-2025-26-fast-400-schuelerinnen-und-schueler-zeigen-ihr-koennen\/\" title=\"Link zum Artikel auf wfs-dreieich.de\" target=\"_blank\">wfs-dreieich.de<\/a><\/div>\n  <b><\/b>\n <\/div>\n <\/article>\n<\/div>\n<div class=\"post\" style=\"margin-bottom:40px;\">\n <article>\n <h2><a name=\"58956fba\" href=\"https:\/\/www.op-online.de\/region\/dreieich\/variete-unter-sternen-hochkaraetiges-finale-der-burgfestspiele-94432177.html\" rel=\"bookmark\" style=\"color:#333333; font-weight:bold;\" title=\"Link zum Artikel auf op-online.de\" target=\"_blank\">\u201eVariet\u00e9 unter Sternen\u201c: Hochkar\u00e4tiges Finale der Burgfestspiele<\/a><\/h2>\n <div class=\"entry\">\n  <p style=\"margin-bottom:4px;\">\n   <a href=\"https:\/\/www.op-online.de\/region\/dreieich\/variete-unter-sternen-hochkaraetiges-finale-der-burgfestspiele-94432177.html\" target=\"_blank\"><img decoding=\"async\" src=\"https:\/\/www.op-online.de\/assets\/images\/43\/622\/43622687-absolute-koerperkontrolle-lisa-stampfl-aus-oesterreich-baendigt-muehelos-fuenf-hula-hoop-reifen-auf-einmal-ein-auftritt-der-nur-so-sprueht-vor-2wtluDhTiJef.jpg\" style=\"align:left !important; float:left !important; margin-top:4px !important; margin-right:8px !important; margin-bottom:4px !important; width:90px !important;\" \/><\/a>   Die Eigenproduktion der Dreieicher B&uuml;rgerh&auml;user begeistert das Publikum mit Akrobatik, Magie und Humor auf Spitzenniveau. Die f&uuml;nf Abende sind schon seit Monaten ausverkauft.<br clear=\"all\" \/>  <\/p>\n  <div><span class=\"my_article_details\"><time datetime=\"2026-08-07\">07.08.2026<\/time> &middot; <a href=\"\/news\/dreieich-aktuell\" title=\"Dreieich heute aktuell\">Dreieich<\/a> &middot; <a href=\"\/news\/dreieich-nachrichten\" title=\"Dreieich Nachrichten\">News<\/a> &middot; <\/span><a href=\"https:\/\/www.op-online.de\/region\/dreieich\/variete-unter-sternen-hochkaraetiges-finale-der-burgfestspiele-94432177.html\" title=\"Link zum Artikel auf op-online.de\" target=\"_blank\">op-online.de<\/a><\/div>\n  <b><\/b>\n <\/div>\n <\/article>\n<\/div>\n<div class=\"post\" style=\"margin-bottom:40px;\">\n <article>\n <h2><a name=\"70b15144\" href=\"https:\/\/www.dreieich.de\/rathaus-service\/presse-medien\/pressemitteilungen\/2026\/rathaus-buergermeister-martin-burlon-unterzeichnet-kaufvertrag\/\" rel=\"bookmark\" style=\"color:#333333; font-weight:bold;\" title=\"Link zum Artikel auf dreieich.de\" target=\"_blank\">Rathaus: B\u00fcrgermeister Martin Burlon unterzeichnet Kaufvertrag<\/a><\/h2>\n <div class=\"entry\">\n  <p style=\"margin-bottom:4px;\">\n   <a href=\"https:\/\/www.dreieich.de\/rathaus-service\/presse-medien\/pressemitteilungen\/2026\/rathaus-buergermeister-martin-burlon-unterzeichnet-kaufvertrag\/\" target=\"_blank\"><img decoding=\"async\" src=\"https:\/\/www.dreieich.de\/rathaus-service\/presse-medien\/pressemitteilungen\/2026\/rathaus-buergermeister-martin-burlon-unterzeichnet-kaufvertrag\/112-rathausunterzeichnung-breit.jpg?cid=1swk.8fvo&resize=20b0c6%3a1024x768c\" style=\"align:left !important; float:left !important; margin-top:4px !important; margin-right:8px !important; margin-bottom:4px !important; width:90px !important;\" \/><\/a>   Es ist vollbracht: Am 3. August 2026 hat B&uuml;rgermeister Martin Burlon gemeinsam mit Vertretern der bisherigen Eigent&uuml;merin alstria den Kaufvertrag f&uuml;r das Rathaus im Sprendlinger Ortskern unterschrieben.<br clear=\"all\" \/>  <\/p>\n  <div><span class=\"my_article_details\"><time datetime=\"2026-08-06\">06.08.2026<\/time> &middot; <a href=\"\/news\/dreieich-aktuell\" title=\"Dreieich heute aktuell\">Dreieich<\/a> &middot; <a href=\"\/news\/dreieich-nachrichten\" title=\"Dreieich Nachrichten\">News<\/a> &middot; <\/span><a href=\"https:\/\/www.dreieich.de\/rathaus-service\/presse-medien\/pressemitteilungen\/2026\/rathaus-buergermeister-martin-burlon-unterzeichnet-kaufvertrag\/\" title=\"Link zum Artikel auf dreieich.de\" target=\"_blank\">dreieich.de<\/a><\/div>\n  <b><\/b>\n <\/div>\n <\/article>\n<\/div>\n<div class=\"post\" style=\"margin-bottom:40px;\">\n <article>\n <h2><a name=\"fa77108c\" href=\"https:\/\/www.dreieich.de\/rathaus-service\/presse-medien\/pressemitteilungen\/verkehr\/2026\/verkehrsinfo-goetzenhain-halbseitige-fahrbahnsperrung-dietzenbacher-strasse-und-vollsperrung-wallstrasse\/\" rel=\"bookmark\" style=\"color:#333333; font-weight:bold;\" title=\"Link zum Artikel auf dreieich.de\" target=\"_blank\">Verkehrsinfo G\u00f6tzenhain: Halbseitige Fahrbahnsperrung Dietzenbacher Stra\u00dfe und Vollsperrung Wallstra\u00dfe<\/a><\/h2>\n <div class=\"entry\">\n  <p style=\"margin-bottom:4px;\">\n   <a href=\"https:\/\/www.dreieich.de\/rathaus-service\/presse-medien\/pressemitteilungen\/verkehr\/2026\/verkehrsinfo-goetzenhain-halbseitige-fahrbahnsperrung-dietzenbacher-strasse-und-vollsperrung-wallstrasse\/\" target=\"_blank\"><img decoding=\"async\" src=\"https:\/\/www.dreieich.de\/rathaus-service\/presse-medien\/pressemitteilungen\/verkehr\/2026\/verkehrsinfo-goetzenhain-halbseitige-fahrbahnsperrung-dietzenbacher-strasse-und-vollsperrung-wallstrasse\/light-trails-2026-01-09-06-49-12-utc.jpg?cid=1r5u.8fv4&resize=715ce8%3a1024x768c\" style=\"align:left !important; float:left !important; margin-top:4px !important; margin-right:8px !important; margin-bottom:4px !important; width:90px !important;\" \/><\/a>   Ab Montag, 10. August 2026 wird die Bushaltestelle in der Dietzenbacher Stra&szlig;e im Bereich der Grundst&uuml;cke mit den Hausnummern 5 bis 19 barrierefrei ausgebaut. Die Fahrbahn wird dabei halbseitig gesperrt.<br clear=\"all\" \/>  <\/p>\n  <div><span class=\"my_article_details\"><time datetime=\"2026-08-06\">06.08.2026<\/time> &middot; G\u00f6tzenhain &middot; <\/span><a href=\"https:\/\/www.dreieich.de\/rathaus-service\/presse-medien\/pressemitteilungen\/verkehr\/2026\/verkehrsinfo-goetzenhain-halbseitige-fahrbahnsperrung-dietzenbacher-strasse-und-vollsperrung-wallstrasse\/\" title=\"Link zum Artikel auf dreieich.de\" target=\"_blank\">dreieich.de<\/a><\/div>\n  <b><\/b>\n <\/div>\n <\/article>\n<\/div>\n<div class=\"post\" style=\"margin-bottom:40px;\">\n <article>\n <h2><a name=\"0f6d5891\" href=\"https:\/\/www.op-online.de\/region\/dreieich\/kita-schulstrasse-wird-125-jahre-alt-eltern-und-grosseltern-gingen-hier-94430590.html\" rel=\"bookmark\" style=\"color:#333333; font-weight:bold;\" title=\"Link zum Artikel auf op-online.de\" target=\"_blank\">Kita feiert 125 Jahre \u2013 Eltern und Gro\u00dfeltern gingen hier schon ein und aus<\/a><\/h2>\n <div class=\"entry\">\n  <p style=\"margin-bottom:4px;\">\n   <a href=\"https:\/\/www.op-online.de\/region\/dreieich\/kita-schulstrasse-wird-125-jahre-alt-eltern-und-grosseltern-gingen-hier-94430590.html\" target=\"_blank\"><img decoding=\"async\" src=\"https:\/\/www.op-online.de\/assets\/images\/43\/543\/43543099-kitaleiterin-selina-wagner-ist-besonders-dankbar-fuer-ihr-harmonisches-team-und-die-gute-zusammenarbeit-3Uef.jpg\" style=\"align:left !important; float:left !important; margin-top:4px !important; margin-right:8px !important; margin-bottom:4px !important; width:90px !important;\" \/><\/a>   Die Kindertagesst&auml;tte Schulstra&szlig;e in Sprendlingen ist die &auml;lteste Einrichtung in Dreieich. In manchen Familien haben bereits drei Generationen das rote Backsteinhaus besucht.<br clear=\"all\" \/>  <\/p>\n  <div><span class=\"my_article_details\"><time datetime=\"2026-08-06\">06.08.2026<\/time> &middot; <a href=\"\/news\/dreieich-aktuell\" title=\"Dreieich heute aktuell\">Dreieich<\/a> &middot; <a href=\"\/news\/dreieich-nachrichten\" title=\"Dreieich Nachrichten\">News<\/a> &middot; Sprendlingen &middot; <\/span><a href=\"https:\/\/www.op-online.de\/region\/dreieich\/kita-schulstrasse-wird-125-jahre-alt-eltern-und-grosseltern-gingen-hier-94430590.html\" title=\"Link zum Artikel auf op-online.de\" target=\"_blank\">op-online.de<\/a><\/div>\n  <b><\/b>\n <\/div>\n <\/article>\n<\/div>\n<br \/><div style=\"margin-top:15px; margin-bottom:15px; padding:10px; text-align:left; word-wrap:break-word;\"><a name=\"umgebung\"><\/a><h2 style=\"margin:0px; margin-bottom:20px;\">Nachrichten aus dem Kreis Offenbach<\/h2><div class=\"post\"><article><div class=\"entry\"><p>Falls dich eher die an&shy;de&shy;ren St\u00e4dte des Kreis Offenbach interes&shy;sie&shy;ren, gelangst du mit Hilfe der folgenden Links jeweils direkt zu deren aktuell&shy;sten Nach&shy;rich&shy;ten.<\/p><ul><li><a href=\"\/news\/dietzenbach-nachrichten\">Dietzenbach Nachrichten<\/a><\/li><li><a href=\"\/news\/egelsbach-nachrichten\">Egelsbach Nachrichten<\/a><\/li><li><a href=\"\/news\/hainburg-nachrichten\">Hainburg Nachrichten<\/a><\/li><li><a href=\"\/news\/heusenstamm-nachrichten\">Heusenstamm Nachrichten<\/a><\/li><li><a href=\"\/news\/langen-nachrichten\">Langen Nachrichten<\/a><\/li><li><a href=\"\/news\/mainhausen-nachrichten\">Mainhausen Nachrichten<\/a><\/li><li><a href=\"\/news\/muehlheim-nachrichten\">M\u00fchlheim Nachrichten<\/a><\/li><li><a href=\"\/news\/neu-isenburg-nachrichten\">Neu-Isenburg Nachrichten<\/a><\/li><li><a href=\"\/news\/obertshausen-nachrichten\">Obertshausen Nachrichten<\/a><\/li><li><a href=\"\/news\/offenbach-nachrichten\">Offenbach Nachrichten<\/a><\/li><li><a href=\"\/news\/rodgau-nachrichten\">Rodgau Nachrichten<\/a><\/li><li><a href=\"\/news\/roedermark-nachrichten\">R\u00f6dermark Nachrichten<\/a><\/li><li><a href=\"\/news\/seligenstadt-nachrichten\">Seligenstadt Nachrichten<\/a><\/li><\/ul><p>Ansonsten lies doch einfach in unserem <a href=\"\/news\/blog\" title=\"Heusenstamm Blog\">Blog<\/a> weiter! Dort findest du weitere Informationen mit regionalem Fokus.<\/p><\/div><\/article><\/div><\/div>\n\n","protected":false},"excerpt":{"rendered":"","protected":false},"author":4,"featured_media":11527,"parent":0,"menu_order":32,"comment_status":"closed","ping_status":"closed","template":"","meta":{"footnotes":""},"categories":[479],"tags":[156,498,152,461,506,469,470],"class_list":["post-5072","page","type-page","status-publish","has-post-thumbnail","hentry","category-nachrichten","tag-dreieich","tag-kreis-offenbach","tag-nachrichten","tag-news","tag-of","tag-presse","tag-regional"],"_links":{"self":[{"href":"https:\/\/www.heusenstaemmchen.de\/news\/wp-json\/wp\/v2\/pages\/5072","targetHints":{"allow":["GET"]}}],"collection":[{"href":"https:\/\/www.heusenstaemmchen.de\/news\/wp-json\/wp\/v2\/pages"}],"about":[{"href":"https:\/\/www.heusenstaemmchen.de\/news\/wp-json\/wp\/v2\/types\/page"}],"author":[{"embeddable":true,"href":"https:\/\/www.heusenstaemmchen.de\/news\/wp-json\/wp\/v2\/users\/4"}],"replies":[{"embeddable":true,"href":"https:\/\/www.heusenstaemmchen.de\/news\/wp-json\/wp\/v2\/comments?post=5072"}],"version-history":[{"count":3,"href":"https:\/\/www.heusenstaemmchen.de\/news\/wp-json\/wp\/v2\/pages\/5072\/revisions"}],"predecessor-version":[{"id":13714,"href":"https:\/\/www.heusenstaemmchen.de\/news\/wp-json\/wp\/v2\/pages\/5072\/revisions\/13714"}],"wp:featuredmedia":[{"embeddable":true,"href":"https:\/\/www.heusenstaemmchen.de\/news\/wp-json\/wp\/v2\/media\/11527"}],"wp:attachment":[{"href":"https:\/\/www.heusenstaemmchen.de\/news\/wp-json\/wp\/v2\/media?parent=5072"}],"wp:term":[{"taxonomy":"category","embeddable":true,"href":"https:\/\/www.heusenstaemmchen.de\/news\/wp-json\/wp\/v2\/categories?post=5072"},{"taxonomy":"post_tag","embeddable":true,"href":"https:\/\/www.heusenstaemmchen.de\/news\/wp-json\/wp\/v2\/tags?post=5072"}],"curies":[{"name":"wp","href":"https:\/\/api.w.org\/{rel}","templated":true}]}}