{"id":5070,"date":"2024-06-23T15:47:05","date_gmt":"2024-06-23T13:47:05","guid":{"rendered":"http:\/\/www.heusenstaemmchen.de\/blog\/?page_id=5070"},"modified":"2026-01-24T10:58:25","modified_gmt":"2026-01-24T09:58:25","slug":"neu-isenburg-nachrichten","status":"publish","type":"page","link":"https:\/\/www.heusenstaemmchen.de\/news\/neu-isenburg-nachrichten","title":{"rendered":"Neu-Isenburg News: Aktuelle Nachrichten"},"content":{"rendered":"<div class=\"post\" style=\"margin-bottom:40px;\">\n <article>\n <h2><a name=\"2a8df219\" href=\"https:\/\/www.hessenschau.de\/wirtschaft\/flughafen-frankfurt-interview-mit-fraport-chef-schulte-zum-terminal-3-v1,interview-fraport-chef-100.html\" rel=\"bookmark\" style=\"color:#333333; font-weight:bold;\" title=\"Link zum Artikel auf hessenschau.de\" target=\"_blank\">Flughafen Frankfurt: Interview mit Fraport-Chef Schulte zum Terminal 3<\/a><\/h2>\n <div class=\"entry\">\n  <p style=\"margin-bottom:4px;\">\n   <a href=\"https:\/\/www.hessenschau.de\/wirtschaft\/flughafen-frankfurt-interview-mit-fraport-chef-schulte-zum-terminal-3-v1,interview-fraport-chef-100.html\" target=\"_blank\"><img decoding=\"async\" src=\"https:\/\/www.hessenschau.de\/wirtschaft\/stefan-schulte-fraport-100~_t-1777197115365_v-16to9.jpg\" style=\"align:left !important; float:left !important; margin-top:4px !important; margin-right:8px !important; margin-bottom:4px !important; width:90px !important;\" \/><\/a>   Hohe Funktionalit&auml;t gepaart mit Wohlf&uuml;hlatmosph&auml;re: Das neue Terminal 3 am Flughafen Frankfurt hat f&uuml;r Passagiere viel zu bieten. Fraport-Chef Stefan Schulte sieht den Bau als Chance, weiter zu wachsen. ...<br clear=\"all\" \/>  <\/p>\n  <div><span class=\"my_article_details\"><time datetime=\"2026-04-26\">26.04.2026<\/time> &middot; <a href=\"\/news\/fluglaerm-offenbach-am-main\" title=\"Flugl\u00e4rm Offenbach am Main\">Flughafen<\/a> &middot; Frankfurt &middot; <\/span><a href=\"https:\/\/www.hessenschau.de\/wirtschaft\/flughafen-frankfurt-interview-mit-fraport-chef-schulte-zum-terminal-3-v1,interview-fraport-chef-100.html\" title=\"Link zum Artikel auf hessenschau.de\" target=\"_blank\">hessenschau.de<\/a><\/div>\n  <b><\/b>\n <\/div>\n <\/article>\n<\/div>\n<div class=\"post\" style=\"margin-bottom:40px;\">\n <article>\n <h2><a name=\"92ad0c3c\" href=\"https:\/\/www.op-online.de\/leben\/reise\/warum-viele-fluege-ab-frankfurt-bald-an-anderer-stelle-starten-zr-94278644.html\" rel=\"bookmark\" style=\"color:#333333; font-weight:bold;\" title=\"Link zum Artikel auf op-online.de\" target=\"_blank\">Warum viele Fl\u00fcge ab Frankfurt bald an anderer Stelle starten<\/a><\/h2>\n <div class=\"entry\">\n  <p style=\"margin-bottom:4px;\">\n   <a href=\"https:\/\/www.op-online.de\/leben\/reise\/warum-viele-fluege-ab-frankfurt-bald-an-anderer-stelle-starten-zr-94278644.html\" target=\"_blank\"><img decoding=\"async\" src=\"https:\/\/www.op-online.de\/assets\/images\/42\/243\/42243655-flugzeuge-flughafen-frankfurt-am-main-terminal-1n01.jpg\" style=\"align:left !important; float:left !important; margin-top:4px !important; margin-right:8px !important; margin-bottom:4px !important; width:90px !important;\" \/><\/a>   Mit Terminal 3 ver&auml;ndert sich am Flughafen Frankfurt f&uuml;r viele Reisende der gewohnte Abflugort. Erfahren Sie hier, was Sie beachten sollten.<br clear=\"all\" \/>  <\/p>\n  <div><span class=\"my_article_details\"><time datetime=\"2026-04-25\">25.04.2026<\/time> &middot; <a href=\"\/news\/fluglaerm-offenbach-am-main\" title=\"Flugl\u00e4rm Offenbach am Main\">Flughafen<\/a> &middot; Frankfurt &middot; <\/span><a href=\"https:\/\/www.op-online.de\/leben\/reise\/warum-viele-fluege-ab-frankfurt-bald-an-anderer-stelle-starten-zr-94278644.html\" title=\"Link zum Artikel auf op-online.de\" target=\"_blank\">op-online.de<\/a><\/div>\n  <b><\/b>\n <\/div>\n <\/article>\n<\/div>\n<div class=\"post\" style=\"margin-bottom:40px;\">\n <article>\n <h2><a name=\"79f99e6b\" href=\"https:\/\/www.fr.de\/rhein-main\/offenbach\/grosseinsatz-nach-brand-in-seligenstadt-kripo-ermittelt-ursache-94278548.html\" rel=\"bookmark\" style=\"color:#333333; font-weight:bold;\" title=\"Link zum Artikel auf fr.de\" target=\"_blank\">Gro\u00dfeinsatz nach Brand in Rhein-Main: Kripo ermittelt Ursache<\/a><\/h2>\n <div class=\"entry\">\n  <p style=\"margin-bottom:4px;\">\n   <a href=\"https:\/\/www.fr.de\/rhein-main\/offenbach\/grosseinsatz-nach-brand-in-seligenstadt-kripo-ermittelt-ursache-94278548.html\" target=\"_blank\"><img decoding=\"async\" src=\"https:\/\/www.fr.de\/assets\/images\/42\/344\/42344222-ein-garagenbrand-im-kreis-offenbach-hat-einen-schaden-von-mehr-als-70-000-euro-verursacht-1w01.jpg\" style=\"align:left !important; float:left !important; margin-top:4px !important; margin-right:8px !important; margin-bottom:4px !important; width:90px !important;\" \/><\/a>   Ein Garagenbrand in Seligenstadt (Kreis Offenbach) hat am Freitag, 24. April, einen Schaden von mehr als 70.000 Euro verursacht.<br clear=\"all\" \/>  <\/p>\n  <div><span class=\"my_article_details\"><time datetime=\"2026-04-25\">25.04.2026<\/time> &middot; <a href=\"\/news\/polizeieinsaetze-offenbach-am-main\" title=\"Polizeieins\u00e4tze Offenbach am Main\">Kreis Offenbach<\/a> &middot; <\/span><a href=\"https:\/\/www.fr.de\/rhein-main\/offenbach\/grosseinsatz-nach-brand-in-seligenstadt-kripo-ermittelt-ursache-94278548.html\" title=\"Link zum Artikel auf fr.de\" target=\"_blank\">fr.de<\/a><\/div>\n  <b><\/b>\n <\/div>\n <\/article>\n<\/div>\n<div class=\"post\" style=\"margin-bottom:40px;\">\n <article>\n <h2><a name=\"125917bf\" href=\"https:\/\/www.rheinmainverlag.de\/2026\/04\/25\/blitzer-im-kreis-offenbach-kw18\/\" rel=\"bookmark\" style=\"color:#333333; font-weight:bold;\" title=\"Link zum Artikel auf rheinmainverlag.de\" target=\"_blank\">Blitzer im Kreis Offenbach (KW18)<\/a><\/h2>\n <div class=\"entry\">\n  <p style=\"margin-bottom:4px;\">\n   <a href=\"https:\/\/www.rheinmainverlag.de\/2026\/04\/25\/blitzer-im-kreis-offenbach-kw18\/\" target=\"_blank\"><img decoding=\"async\" src=\"\/feeds\/gfx\/rheinmainverlag.de.png\" style=\"align:left !important; float:left !important; margin-top:4px !important; margin-right:8px !important; margin-bottom:4px !important; width:90px !important;\" \/><\/a>   Die Beamtinnen und Beamten der Verkehrsdirektion kontrollieren in der n&auml;chsten Woche die Einhaltung der Tempolimits unter anderem an Kinderg&auml;rten sowie Schulwegen. Geplant sind Messungen im Bereich folgender &Ouml;rtlichkeiten: 28.04.2026: Dietzenbach, Rodgaustra&szlig;e ...<br clear=\"all\" \/>  <\/p>\n  <div><span class=\"my_article_details\"><time datetime=\"2026-04-25\">25.04.2026<\/time> &middot; <a href=\"\/news\/polizeieinsaetze-offenbach-am-main\" title=\"Polizeieins\u00e4tze Offenbach am Main\">Kreis Offenbach<\/a> &middot; <\/span><a href=\"https:\/\/www.rheinmainverlag.de\/2026\/04\/25\/blitzer-im-kreis-offenbach-kw18\/\" title=\"Link zum Artikel auf rheinmainverlag.de\" target=\"_blank\">rheinmainverlag.de<\/a><\/div>\n  <b><\/b>\n <\/div>\n <\/article>\n<\/div>\n<div class=\"post\" style=\"margin-bottom:40px;\">\n <article>\n <h2><a name=\"cce1bf73\" href=\"http:\/\/www.neu-isenburg.de\/pressemodul\/pressemitteilungen\/april\/bekaempfung-des-eichenprozessionsspinners-2026\" rel=\"bookmark\" style=\"color:#333333; font-weight:bold;\" title=\"Link zum Artikel auf neu-isenburg.de\" target=\"_blank\">Neu-Isenburg: Pr\u00e4vention Eichenprozessionsspinner<\/a><\/h2>\n <div class=\"entry\">\n  <p style=\"margin-bottom:4px;\">\n   <a href=\"http:\/\/www.neu-isenburg.de\/pressemodul\/pressemitteilungen\/april\/bekaempfung-des-eichenprozessionsspinners-2026\" target=\"_blank\"><img decoding=\"async\" src=\"\/feeds\/gfx\/neu-isenburg.de.png\" style=\"align:left !important; float:left !important; margin-top:4px !important; margin-right:8px !important; margin-bottom:4px !important; width:90px !important;\" \/><\/a>   Die pr&auml;ventive Spritzung gegen die Raupen des Eichenprozessionsspinners ist in Neu-Isenburg am 28. April 2026 geplant<br clear=\"all\" \/>  <\/p>\n  <div><span class=\"my_article_details\"><time datetime=\"2026-04-24\">24.04.2026<\/time> &middot; <a href=\"\/news\/neu-isenburg-aktuell\" title=\"Neu-Isenburg heute aktuell\">Neu-Isenburg<\/a> &middot; <a href=\"\/news\/neu-isenburg-nachrichten\" title=\"Neu-Isenburg Nachrichten\">News<\/a> &middot; <\/span><a href=\"http:\/\/www.neu-isenburg.de\/pressemodul\/pressemitteilungen\/april\/bekaempfung-des-eichenprozessionsspinners-2026\" title=\"Link zum Artikel auf neu-isenburg.de\" target=\"_blank\">neu-isenburg.de<\/a><\/div>\n  <b><\/b>\n <\/div>\n <\/article>\n<\/div>\n<div class=\"post\" style=\"margin-bottom:40px;\">\n <article>\n <h2><a name=\"374c820a\" href=\"http:\/\/www.neu-isenburg.de\/pressemodul\/pressemitteilungen\/april\/kreisweiter-probealarm-2-mai-2026\" rel=\"bookmark\" style=\"color:#333333; font-weight:bold;\" title=\"Link zum Artikel auf neu-isenburg.de\" target=\"_blank\">Neu-Isenburg: Kreisweiter Probealarm am 2. Mai<\/a><\/h2>\n <div class=\"entry\">\n  <p style=\"margin-bottom:4px;\">\n   <a href=\"http:\/\/www.neu-isenburg.de\/pressemodul\/pressemitteilungen\/april\/kreisweiter-probealarm-2-mai-2026\" target=\"_blank\"><img decoding=\"async\" src=\"\/feeds\/gfx\/neu-isenburg.de.png\" style=\"align:left !important; float:left !important; margin-top:4px !important; margin-right:8px !important; margin-bottom:4px !important; width:90px !important;\" \/><\/a>   Am 2. Mai, 11:00 Uhr, findet die quartalsweise einheitliche Sirenenton&uuml;berpr&uuml;fung im Kreis Offenbach statt<br clear=\"all\" \/>  <\/p>\n  <div><span class=\"my_article_details\"><time datetime=\"2026-04-24\">24.04.2026<\/time> &middot; <a href=\"\/news\/neu-isenburg-aktuell\" title=\"Neu-Isenburg heute aktuell\">Neu-Isenburg<\/a> &middot; <a href=\"\/news\/neu-isenburg-nachrichten\" title=\"Neu-Isenburg Nachrichten\">News<\/a> &middot; <\/span><a href=\"http:\/\/www.neu-isenburg.de\/pressemodul\/pressemitteilungen\/april\/kreisweiter-probealarm-2-mai-2026\" title=\"Link zum Artikel auf neu-isenburg.de\" target=\"_blank\">neu-isenburg.de<\/a><\/div>\n  <b><\/b>\n <\/div>\n <\/article>\n<\/div>\n<div class=\"post\" style=\"margin-bottom:40px;\">\n <article>\n <h2><a name=\"61cc8e6c\" href=\"https:\/\/www.rheinmainverlag.de\/2026\/04\/24\/offenbar-mit-schlagring-verletzt-zuegige-festnahme-und-ermittlungen-gegen-48-jaehrigen-in-neu-isenburg\/\" rel=\"bookmark\" style=\"color:#333333; font-weight:bold;\" title=\"Link zum Artikel auf rheinmainverlag.de\" target=\"_blank\">Offenbar mit Schlagring verletzt: Z\u00fcgige Festnahme und Ermittlungen gegen 48-J\u00e4hrigen in Neu-Isenburg<\/a><\/h2>\n <div class=\"entry\">\n  <p style=\"margin-bottom:4px;\">\n   <a href=\"https:\/\/www.rheinmainverlag.de\/2026\/04\/24\/offenbar-mit-schlagring-verletzt-zuegige-festnahme-und-ermittlungen-gegen-48-jaehrigen-in-neu-isenburg\/\" target=\"_blank\"><img decoding=\"async\" src=\"\/feeds\/gfx\/rheinmainverlag.de.png\" style=\"align:left !important; float:left !important; margin-top:4px !important; margin-right:8px !important; margin-bottom:4px !important; width:90px !important;\" \/><\/a>   Er soll einen anderen Mann in Neu-Isenburg mutma&szlig;lich mit einem Schlagring verletzt und hiernach das Mobiltelefon von diesem besch&auml;digt haben: So lauten die Vorw&uuml;rfe gegen einen 48 Jahre alten Mann aus Neu-Isenburg, gegen den die Polizei nun wegen des Verdachts ...<br clear=\"all\" \/>  <\/p>\n  <div><span class=\"my_article_details\"><time datetime=\"2026-04-24\">24.04.2026<\/time> &middot; <a href=\"\/news\/neu-isenburg-aktuell\" title=\"Neu-Isenburg heute aktuell\">Neu-Isenburg<\/a> &middot; <a href=\"\/news\/neu-isenburg-nachrichten\" title=\"Neu-Isenburg Nachrichten\">News<\/a> &middot; <a href=\"\/news\/neu-isenburg-polizeimeldungen\" title=\"Polizeieins\u00e4tze Neu-Isenburg\">Polizei<\/a> &middot; <\/span><a href=\"https:\/\/www.rheinmainverlag.de\/2026\/04\/24\/offenbar-mit-schlagring-verletzt-zuegige-festnahme-und-ermittlungen-gegen-48-jaehrigen-in-neu-isenburg\/\" title=\"Link zum Artikel auf rheinmainverlag.de\" target=\"_blank\">rheinmainverlag.de<\/a><\/div>\n  <b><\/b>\n <\/div>\n <\/article>\n<\/div>\n<div class=\"post\" style=\"margin-bottom:40px;\">\n <article>\n <h2><a name=\"59e00a16\" href=\"https:\/\/www.presseportal.de\/blaulicht\/pm\/43561\/6262159\" rel=\"bookmark\" style=\"color:#333333; font-weight:bold;\" title=\"Link zum Artikel auf presseportal.de\" target=\"_blank\">Polizei Offenbach am Main: Pressemeldungen vom 24.04.2026<\/a><\/h2>\n <div class=\"entry\">\n  <p style=\"margin-bottom:4px;\">\n   <a href=\"https:\/\/www.presseportal.de\/blaulicht\/pm\/43561\/6262159\" target=\"_blank\"><img decoding=\"async\" src=\"\/feeds\/gfx\/POL-OF.jpg\" style=\"align:left !important; float:left !important; margin-top:4px !important; margin-right:8px !important; margin-bottom:4px !important; width:90px !important;\" \/><\/a>   ... <b>3. L\u00e4rmschutzwand mit Farbe beschmiert: Zeugen gesucht! - Neu-Isenburg<\/b>   (cb) Die Polizei in Neu-Isenburg hat Ermittlungen wegen des Verdachts der Sachbesch\u00e4digung durch Graffiti am Donnerstagmittag gegen bis dato noch unbekannte T\u00e4ter eingeleitet. Diese beschmierten eine L\u00e4rmschutzwand entlang einer Bahnstrecke zwischen Neu-Isenburg ...<br clear=\"all\" \/>  <\/p>\n  <div><span class=\"my_article_details\"><time datetime=\"2026-04-24\">24.04.2026<\/time> &middot; <a href=\"\/news\/neu-isenburg-aktuell\" title=\"Neu-Isenburg heute aktuell\">Neu-Isenburg<\/a> &middot; <a href=\"\/news\/neu-isenburg-polizeimeldungen\" title=\"Polizeieins\u00e4tze Neu-Isenburg\">Polizei<\/a> &middot; Sachbesch\u00e4digung &middot; <\/span><a href=\"https:\/\/www.presseportal.de\/blaulicht\/pm\/43561\/6262159\" title=\"Link zum Artikel auf presseportal.de\" target=\"_blank\">presseportal.de<\/a><\/div>\n  <b><\/b>\n <\/div>\n <\/article>\n<\/div>\n<div class=\"post\" style=\"margin-bottom:40px;\">\n <article>\n <h2><a name=\"85aa7669\" href=\"https:\/\/www.kreis-offenbach.de\/Service\/Medienservice\/Aktuelle-Pressemitteilungen\/Musiccamp-in-den-Sommerferien.php?object=tx,4013.5.1&ModID=7&FID=4013.3384.1&NavID=4013.211&La=1\" rel=\"bookmark\" style=\"color:#333333; font-weight:bold;\" title=\"Link zum Artikel auf kreis-offenbach.de\" target=\"_blank\">Musiccamp in den Sommerferien<\/a><\/h2>\n <div class=\"entry\">\n  <p style=\"margin-bottom:4px;\">\n   <a href=\"https:\/\/www.kreis-offenbach.de\/Service\/Medienservice\/Aktuelle-Pressemitteilungen\/Musiccamp-in-den-Sommerferien.php?object=tx,4013.5.1&ModID=7&FID=4013.3384.1&NavID=4013.211&La=1\" target=\"_blank\"><img decoding=\"async\" src=\"\/feeds\/gfx\/kreis-offenbach.de.png\" style=\"align:left !important; float:left !important; margin-top:4px !important; margin-right:8px !important; margin-bottom:4px !important; width:90px !important;\" \/><\/a>   Kreative Jugendliche aus S\u00fcdhessen k\u00f6nnen w\u00e4hrend der Sommerferien &ndash; vom 13. bis 19. Juli 2026 &ndash; das Musiccamp im Kreisjugendheim Ernsthofen  ...<br clear=\"all\" \/>  <\/p>\n  <div><span class=\"my_article_details\"><time datetime=\"2026-04-24\">24.04.2026<\/time> &middot; <a href=\"\/news\/polizeieinsaetze-offenbach-am-main\" title=\"Polizeieins\u00e4tze Offenbach am Main\">Kreis Offenbach<\/a> &middot; <\/span><a href=\"https:\/\/www.kreis-offenbach.de\/Service\/Medienservice\/Aktuelle-Pressemitteilungen\/Musiccamp-in-den-Sommerferien.php?object=tx,4013.5.1&ModID=7&FID=4013.3384.1&NavID=4013.211&La=1\" title=\"Link zum Artikel auf kreis-offenbach.de\" target=\"_blank\">kreis-offenbach.de<\/a><\/div>\n  <b><\/b>\n <\/div>\n <\/article>\n<\/div>\n<div class=\"post\" style=\"margin-bottom:40px;\">\n <article>\n <h2><a name=\"6245e89d\" href=\"https:\/\/www.op-online.de\/region\/neu-isenburg\/nach-33-jahren-gibt-der-auslaenderbeirat-sein-amt-ab-mit-streit-94276055.html\" rel=\"bookmark\" style=\"color:#333333; font-weight:bold;\" title=\"Link zum Artikel auf op-online.de\" target=\"_blank\">F\u00fchrungswechsel nach 33 Jahren: Ausl\u00e4nderbeirat stellt sich neu auf<\/a><\/h2>\n <div class=\"entry\">\n  <p style=\"margin-bottom:4px;\">\n   <a href=\"https:\/\/www.op-online.de\/region\/neu-isenburg\/nach-33-jahren-gibt-der-auslaenderbeirat-sein-amt-ab-mit-streit-94276055.html\" target=\"_blank\"><img decoding=\"async\" src=\"https:\/\/www.op-online.de\/assets\/images\/42\/318\/42318626-der-langjaehrige-vorsitzende-des-auslaenderbeirats-neu-isenburg-sarantis-biscas-mit-seinem-nachfolger-nikolaos-michos-2v01.jpg\" style=\"align:left !important; float:left !important; margin-top:4px !important; margin-right:8px !important; margin-bottom:4px !important; width:90px !important;\" \/><\/a>   Nikolaos Michos &uuml;bernimmt den Vorsitz des Ausl&auml;nderbeirats. Bei der Besetzung weiterer Posten kommt es zur Diskussion.<br clear=\"all\" \/>  <\/p>\n  <div><span class=\"my_article_details\"><time datetime=\"2026-04-24\">24.04.2026<\/time> &middot; <a href=\"\/news\/neu-isenburg-aktuell\" title=\"Neu-Isenburg heute aktuell\">Neu-Isenburg<\/a> &middot; <a href=\"\/news\/neu-isenburg-nachrichten\" title=\"Neu-Isenburg Nachrichten\">News<\/a> &middot; <\/span><a href=\"https:\/\/www.op-online.de\/region\/neu-isenburg\/nach-33-jahren-gibt-der-auslaenderbeirat-sein-amt-ab-mit-streit-94276055.html\" title=\"Link zum Artikel auf op-online.de\" target=\"_blank\">op-online.de<\/a><\/div>\n  <b><\/b>\n <\/div>\n <\/article>\n<\/div>\n<div class=\"post\" style=\"margin-bottom:40px;\">\n <article>\n <h2><a name=\"0606cb1b\" href=\"https:\/\/hugenotten-hartgesotten.de\/2026\/04\/23\/20-tfc-jugend-cup-albert-juengling-turnier-2026-diego-konrad-holt-den-2-platz-auf-dem-podest\/\" rel=\"bookmark\" style=\"color:#333333; font-weight:bold;\" title=\"Link zum Artikel auf hugenotten-hartgesotten.de\" target=\"_blank\">Fechten: 20. TFC-Jugend-Cup, Albert-J\u00fcngling-Turnier 2026 \u2013 Diego Konrad holt den 2. Platz auf dem Podest<\/a><\/h2>\n <div class=\"entry\">\n  <p style=\"margin-bottom:4px;\">\n   <a href=\"https:\/\/hugenotten-hartgesotten.de\/2026\/04\/23\/20-tfc-jugend-cup-albert-juengling-turnier-2026-diego-konrad-holt-den-2-platz-auf-dem-podest\/\" target=\"_blank\"><img decoding=\"async\" src=\"\/feeds\/gfx\/hugenotten-hartgesotten.de.png\" style=\"align:left !important; float:left !important; margin-top:4px !important; margin-right:8px !important; margin-bottom:4px !important; width:90px !important;\" \/><\/a>   Vergangenes Wochenende wurde in Hanau das Turnier um den TFC-Jugend-Cup vom Turn- und Fechtclub 1869 Hanau e.V. ausgerichtet. Vier Fechter vom TV 1861 Neu-Isenburg gingen mit dem Florett an den Start. In der Disziplin Herrenflorett U13 trat Philipp Mentges ...<br clear=\"all\" \/>  <\/p>\n  <div><span class=\"my_article_details\"><time datetime=\"2026-04-23\">23.04.2026<\/time> &middot; <a href=\"\/news\/neu-isenburg-aktuell\" title=\"Neu-Isenburg heute aktuell\">Neu-Isenburg<\/a> &middot; <a href=\"\/news\/neu-isenburg-nachrichten\" title=\"Neu-Isenburg Nachrichten\">News<\/a> &middot; <\/span><a href=\"https:\/\/hugenotten-hartgesotten.de\/2026\/04\/23\/20-tfc-jugend-cup-albert-juengling-turnier-2026-diego-konrad-holt-den-2-platz-auf-dem-podest\/\" title=\"Link zum Artikel auf hugenotten-hartgesotten.de\" target=\"_blank\">hugenotten-hartgesotten.de<\/a><\/div>\n  <b><\/b>\n <\/div>\n <\/article>\n<\/div>\n<div class=\"post\" style=\"margin-bottom:40px;\">\n <article>\n <h2><a name=\"d114a528\" href=\"https:\/\/gruene-offenbach.de\/2026\/04\/23\/die-gruenen-im-rathaus-sind-fuer-die-oppositionsfuehrung-bereit\/\" rel=\"bookmark\" style=\"color:#333333; font-weight:bold;\" title=\"Link zum Artikel auf gruene-offenbach.de\" target=\"_blank\">Die Gr\u00fcnen im Rathaus sind f\u00fcr die Oppositionsf\u00fchrung bereit<\/a><\/h2>\n <div class=\"entry\">\n  <p style=\"margin-bottom:4px;\">\n   <a href=\"https:\/\/gruene-offenbach.de\/2026\/04\/23\/die-gruenen-im-rathaus-sind-fuer-die-oppositionsfuehrung-bereit\/\" target=\"_blank\"><img decoding=\"async\" src=\"\/feeds\/gfx\/gruene-offenbach.de.png\" style=\"align:left !important; float:left !important; margin-top:4px !important; margin-right:8px !important; margin-bottom:4px !important; width:90px !important;\" \/><\/a>   Wechsel in der gr&uuml;nen Fraktion Im Zuge der Neukonstituierung der Stadtverordnetenversammlung f&uuml;gt sich auch in der neu gew&auml;hlten Gr&uuml;nen-Fraktion das Personaltableau neu zusammen. \u201eWir nehmen unsere neue Rolle als st&auml;rkste Kraft in der Opposition und damit als ...<br clear=\"all\" \/>  <\/p>\n  <div><span class=\"my_article_details\"><time datetime=\"2026-04-23\">23.04.2026<\/time> &middot; IHK &middot; <a href=\"\/news\/offenbach-aktuell\" title=\"Offenbach heute aktuell\">Offenbach<\/a> &middot; <\/span><a href=\"https:\/\/gruene-offenbach.de\/2026\/04\/23\/die-gruenen-im-rathaus-sind-fuer-die-oppositionsfuehrung-bereit\/\" title=\"Link zum Artikel auf gruene-offenbach.de\" target=\"_blank\">gruene-offenbach.de<\/a><\/div>\n  <b><\/b>\n <\/div>\n <\/article>\n<\/div>\n<div class=\"post\" style=\"background-color: #f4f4f4; margin-bottom: 40px; padding: 10px;\"><article><a style=\"color: #000000; font-size: 20px; font-weight: normal; text-decoration: underlined;\" href=\"https:\/\/www.tagesschau.de\/wirtschaft\/elektroauto-kosten-strom-100.html\" target=\"_blank\">Laden von E-Autos deutlich g\u00fcnstiger als Tanken<\/a><\/p><div class=\"entry\"><p style=\"margin-bottom: 4px;\"><a href=\"https:\/\/www.tagesschau.de\/wirtschaft\/elektroauto-kosten-strom-100.html\" target=\"_blank\" rel=\"noopener\"><img decoding=\"async\" style=\"align: left !important; float: left !important; margin-top: 4px !important; margin-right: 8px !important; margin-bottom: 4px !important; width: 90px !important;\" src=\"data:image\/gif;base64,R0lGODlhAQABAIAAAAAAAP\/\/\/yH5BAEAAAAALAAAAAABAAEAAAIBRAA7\" data-src=\"https:\/\/www.heusenstaemmchen.de\/feeds\/gfx\/tagesschau.de.png\" \/><\/a>Wer ein E-Auto besitzt und das zu Hause laden kann, der war im vergangenen Jahr am g\u00fcnstigsten unterwegs. Wer \u00f6ffentliche Lades\u00e4ulen nutzte, zahlte zwar mehr, aber immer noch viel weniger als die Fahrer von Benzinern an der Tankstelle.<br clear=\"all\" \/><\/p><div><b>Schon gewusst?<\/b> \u00b7 Regenerative Energien \u00b7 <a title=\"Mehr Details auf tagesschau.de\" href=\"https:\/\/www.tagesschau.de\/wirtschaft\/elektroauto-kosten-strom-100.html\" target=\"_blank\" rel=\"noopener\">tagesschau.de<\/a><\/div><\/div><\/article><\/div><div class=\"post\" style=\"margin-bottom:40px;\">\n <article>\n <h2><a name=\"bf059506\" href=\"https:\/\/www.op-online.de\/region\/neu-isenburg\/diese-firmen-aus-dem-kreis-offenbach-haben-am-terminal-mitgebaut-94275506.html\" rel=\"bookmark\" style=\"color:#333333; font-weight:bold;\" title=\"Link zum Artikel auf op-online.de\" target=\"_blank\">Diese Firmen aus dem Kreis haben am Terminal 3 mitgebaut<\/a><\/h2>\n <div class=\"entry\">\n  <p style=\"margin-bottom:4px;\">\n   <a href=\"https:\/\/www.op-online.de\/region\/neu-isenburg\/diese-firmen-aus-dem-kreis-offenbach-haben-am-terminal-mitgebaut-94275506.html\" target=\"_blank\"><img decoding=\"async\" src=\"https:\/\/www.op-online.de\/assets\/images\/42\/293\/42293038-grosser-auftrag-beim-bau-des-terminal-hat-sich-die-schreinerei-kramwinkel-aus-muehlheim-um-die-wc-moebel-in-den-sanitaerbereichen-gekuemmert-4501.jpg\" style=\"align:left !important; float:left !important; margin-top:4px !important; margin-right:8px !important; margin-bottom:4px !important; width:90px !important;\" \/><\/a>   F&uuml;nf Unternehmen aus der Region waren am Megaprojekt beteiligt. Ihre Auftr&auml;ge reichten von Sanit&auml;rm&ouml;beln bis zu Abfallbeh&auml;ltern.<br clear=\"all\" \/>  <\/p>\n  <div><span class=\"my_article_details\"><time datetime=\"2026-04-23\">23.04.2026<\/time> &middot; <a href=\"\/news\/neu-isenburg-aktuell\" title=\"Neu-Isenburg heute aktuell\">Neu-Isenburg<\/a> &middot; <a href=\"\/news\/neu-isenburg-nachrichten\" title=\"Neu-Isenburg Nachrichten\">News<\/a> &middot; <\/span><a href=\"https:\/\/www.op-online.de\/region\/neu-isenburg\/diese-firmen-aus-dem-kreis-offenbach-haben-am-terminal-mitgebaut-94275506.html\" title=\"Link zum Artikel auf op-online.de\" target=\"_blank\">op-online.de<\/a><\/div>\n  <b><\/b>\n <\/div>\n <\/article>\n<\/div>\n<div class=\"post\" style=\"margin-bottom:40px;\">\n <article>\n <h2><a name=\"b0618d9a\" href=\"https:\/\/www.rheinmainverlag.de\/2026\/04\/23\/bedrohung-mit-cuttermesser-am-flughafen-frankfurt\/\" rel=\"bookmark\" style=\"color:#333333; font-weight:bold;\" title=\"Link zum Artikel auf rheinmainverlag.de\" target=\"_blank\">Bedrohung mit Cuttermesser am Flughafen Frankfurt<\/a><\/h2>\n <div class=\"entry\">\n  <p style=\"margin-bottom:4px;\">\n   <a href=\"https:\/\/www.rheinmainverlag.de\/2026\/04\/23\/bedrohung-mit-cuttermesser-am-flughafen-frankfurt\/\" target=\"_blank\"><img decoding=\"async\" src=\"\/feeds\/gfx\/rheinmainverlag.de.png\" style=\"align:left !important; float:left !important; margin-top:4px !important; margin-right:8px !important; margin-bottom:4px !important; width:90px !important;\" \/><\/a>   Am Dienstag bedrohte ein Mann einen 30-J&auml;hrigen am Flughafen Frankfurt mit einem Cuttermesser. Am Mittwochmorgen (22.) wurde er festgenommen. Nach aktuellen Erkenntnissen begegneten sich die beiden M&auml;nner gegen 7.30 Uhr in der Kellerfahrstra&szlig;e am Flughafen. ...<br clear=\"all\" \/>  <\/p>\n  <div><span class=\"my_article_details\"><time datetime=\"2026-04-23\">23.04.2026<\/time> &middot; <a href=\"\/news\/fluglaerm-offenbach-am-main\" title=\"Flugl\u00e4rm Offenbach am Main\">Flughafen<\/a> &middot; Frankfurt &middot; <\/span><a href=\"https:\/\/www.rheinmainverlag.de\/2026\/04\/23\/bedrohung-mit-cuttermesser-am-flughafen-frankfurt\/\" title=\"Link zum Artikel auf rheinmainverlag.de\" target=\"_blank\">rheinmainverlag.de<\/a><\/div>\n  <b><\/b>\n <\/div>\n <\/article>\n<\/div>\n<div class=\"post\" style=\"margin-bottom:40px;\">\n <article>\n <h2><a name=\"c62e0225\" href=\"https:\/\/www.op-online.de\/sport\/amateur-fussball\/die-03er-koennen-einen-ganz-grossen-schritt-zur-meisterschaft-machen-94275405.html\" rel=\"bookmark\" style=\"color:#333333; font-weight:bold;\" title=\"Link zum Artikel auf op-online.de\" target=\"_blank\">Fu\u00dfball: Die 03er k\u00f6nnen einen ganz gro\u00dfen Schritt zur Meisterschaft machen<\/a><\/h2>\n <div class=\"entry\">\n  <p style=\"margin-bottom:4px;\">\n   <a href=\"https:\/\/www.op-online.de\/sport\/amateur-fussball\/die-03er-koennen-einen-ganz-grossen-schritt-zur-meisterschaft-machen-94275405.html\" target=\"_blank\"><img decoding=\"async\" src=\"https:\/\/www.op-online.de\/assets\/images\/42\/319\/42319371-02-04-2026-xphx-neu-isenburg-gruppenliga-saison-2025-2026spvgg-03-neu-isenburg-fc-eintracht-oberissigheimzivojin-juskic-trainer-spvgg-03-neu-R01.jpg\" style=\"align:left !important; float:left !important; margin-top:4px !important; margin-right:8px !important; margin-bottom:4px !important; width:90px !important;\" \/><\/a>   Am Sonntag empf&auml;ngt Spitzenreiter Neu-Isenburg den Verfolger M&uuml;hlheim. Beide Trainer sprechen &uuml;ber die m&ouml;gliche Vorentscheidung im Titelrennen.<br clear=\"all\" \/>  <\/p>\n  <div><span class=\"my_article_details\"><time datetime=\"2026-04-23\">23.04.2026<\/time> &middot; <a href=\"\/news\/neu-isenburg-aktuell\" title=\"Neu-Isenburg heute aktuell\">Neu-Isenburg<\/a> &middot; <a href=\"\/news\/neu-isenburg-nachrichten\" title=\"Neu-Isenburg Nachrichten\">News<\/a> &middot; <\/span><a href=\"https:\/\/www.op-online.de\/sport\/amateur-fussball\/die-03er-koennen-einen-ganz-grossen-schritt-zur-meisterschaft-machen-94275405.html\" title=\"Link zum Artikel auf op-online.de\" target=\"_blank\">op-online.de<\/a><\/div>\n  <b><\/b>\n <\/div>\n <\/article>\n<\/div>\n<div class=\"post\" style=\"margin-bottom:40px;\">\n <article>\n <h2><a name=\"65c71002\" href=\"https:\/\/ass-offenbach.de\/2026\/04\/23\/aktion-zum-earth-day-klasse-5f-engagiert-sich-fuer-die-umwelt\/\" rel=\"bookmark\" style=\"color:#333333; font-weight:bold;\" title=\"Link zum Artikel auf ass-offenbach.de\" target=\"_blank\">Aktion zum Earth Day: Klasse 5f engagiert sich f\u00fcr die Umwelt<\/a><\/h2>\n <div class=\"entry\">\n  <p style=\"margin-bottom:4px;\">\n   <a href=\"https:\/\/ass-offenbach.de\/2026\/04\/23\/aktion-zum-earth-day-klasse-5f-engagiert-sich-fuer-die-umwelt\/\" target=\"_blank\"><img decoding=\"async\" src=\"\/feeds\/gfx\/ass-offenbach.de.jpg\" style=\"align:left !important; float:left !important; margin-top:4px !important; margin-right:8px !important; margin-bottom:4px !important; width:90px !important;\" \/><\/a>   Anl&auml;sslich des diesj&auml;hrigen &#8222;Earth Day&quot; hat die Klasse 5f unter der Leitung von Frau Schubert einen ausf&uuml;hrlichen Rundgang rund um das Schulgel&auml;nde, die Gabelsberger Stra&szlig;e sowie den neuen Spielplatz am Friedrichsweiher unternommen und dabei gemeinsam ...<br clear=\"all\" \/>  <\/p>\n  <div><span class=\"my_article_details\"><time datetime=\"2026-04-23\">23.04.2026<\/time> &middot; <a href=\"\/news\/offenbach-aktuell\" title=\"Offenbach heute aktuell\">Offenbach<\/a> &middot; Umgebung &middot; <\/span><a href=\"https:\/\/ass-offenbach.de\/2026\/04\/23\/aktion-zum-earth-day-klasse-5f-engagiert-sich-fuer-die-umwelt\/\" title=\"Link zum Artikel auf ass-offenbach.de\" target=\"_blank\">ass-offenbach.de<\/a><\/div>\n  <b><\/b>\n <\/div>\n <\/article>\n<\/div>\n<div class=\"post\" style=\"margin-bottom:40px;\">\n <article>\n <h2><a name=\"c8990b67\" href=\"https:\/\/www.dreieich.de\/rathaus-service\/presse-medien\/pressemitteilungen\/2026\/tag-der-offenen-tuer-beim-dlb-am-9-mai-2026\/\" rel=\"bookmark\" style=\"color:#333333; font-weight:bold;\" title=\"Link zum Artikel auf dreieich.de\" target=\"_blank\">Dreieich: Tag der offenen T\u00fcr beim DLB am 9. Mai 2026<\/a><\/h2>\n <div class=\"entry\">\n  <p style=\"margin-bottom:4px;\">\n   <a href=\"https:\/\/www.dreieich.de\/rathaus-service\/presse-medien\/pressemitteilungen\/2026\/tag-der-offenen-tuer-beim-dlb-am-9-mai-2026\/\" target=\"_blank\"><img decoding=\"async\" src=\"https:\/\/www.dreieich.de\/medien\/pressemitteilungen\/dlb-orange-schatten-claim2.jpg?cid=34m.6tig&resize=bea609%3a1024x768c\" style=\"align:left !important; float:left !important; margin-top:4px !important; margin-right:8px !important; margin-bottom:4px !important; width:90px !important;\" \/><\/a>   Am 9. Mai &ouml;ffnet die DLB-A&ouml;R von 10 bis 14 Uhr T&uuml;ren und Tore, die das ganze Jahr &uuml;ber nur den Mitarbeitenden zug&auml;nglich sind, f&uuml;r alle anderen aber geschlossen bleiben. Das Programm, das der Dienstleistungsbetrieb Dreieich und Neu-Isenburg A&ouml;R auf die Beine ...<br clear=\"all\" \/>  <\/p>\n  <div><span class=\"my_article_details\"><time datetime=\"2026-04-23\">23.04.2026<\/time> &middot; <a href=\"\/news\/neu-isenburg-aktuell\" title=\"Neu-Isenburg heute aktuell\">Neu-Isenburg<\/a> &middot; <a href=\"\/news\/neu-isenburg-nachrichten\" title=\"Neu-Isenburg Nachrichten\">News<\/a> &middot; <\/span><a href=\"https:\/\/www.dreieich.de\/rathaus-service\/presse-medien\/pressemitteilungen\/2026\/tag-der-offenen-tuer-beim-dlb-am-9-mai-2026\/\" title=\"Link zum Artikel auf dreieich.de\" target=\"_blank\">dreieich.de<\/a><\/div>\n  <b><\/b>\n <\/div>\n <\/article>\n<\/div>\n<div class=\"post\" style=\"margin-bottom:40px;\">\n <article>\n <h2><a name=\"9eed220d\" href=\"https:\/\/www.rheinmainverlag.de\/2026\/04\/23\/terminal-3-am-flughafen-frankfurt-mit-grossem-festakt-eroeffnet\/\" rel=\"bookmark\" style=\"color:#333333; font-weight:bold;\" title=\"Link zum Artikel auf rheinmainverlag.de\" target=\"_blank\">Terminal 3 am Flughafen Frankfurt mit gro\u00dfem Festakt er\u00f6ffnet<\/a><\/h2>\n <div class=\"entry\">\n  <p style=\"margin-bottom:4px;\">\n   <a href=\"https:\/\/www.rheinmainverlag.de\/2026\/04\/23\/terminal-3-am-flughafen-frankfurt-mit-grossem-festakt-eroeffnet\/\" target=\"_blank\"><img decoding=\"async\" src=\"\/feeds\/gfx\/rheinmainverlag.de.png\" style=\"align:left !important; float:left !important; margin-top:4px !important; margin-right:8px !important; margin-bottom:4px !important; width:90px !important;\" \/><\/a>   &Uuml;ber 400 geladene G&auml;ste feiern mit Fraport Mit einem feierlichen Festakt und &uuml;ber 400 geladenen G&auml;sten aus Politik, Wirtschaft sowie der Luftfahrtbranche hat die Fraport AG am Mittwoch, 22. April, das hochmoderne Terminal 3 am Flughafen Frankfurt offiziell ...<br clear=\"all\" \/>  <\/p>\n  <div><span class=\"my_article_details\"><time datetime=\"2026-04-23\">23.04.2026<\/time> &middot; <a href=\"\/news\/fluglaerm-offenbach-am-main\" title=\"Flugl\u00e4rm Offenbach am Main\">Flughafen<\/a> &middot; Frankfurt &middot; <\/span><a href=\"https:\/\/www.rheinmainverlag.de\/2026\/04\/23\/terminal-3-am-flughafen-frankfurt-mit-grossem-festakt-eroeffnet\/\" title=\"Link zum Artikel auf rheinmainverlag.de\" target=\"_blank\">rheinmainverlag.de<\/a><\/div>\n  <b><\/b>\n <\/div>\n <\/article>\n<\/div>\n<div class=\"post\" style=\"margin-bottom:40px;\">\n <article>\n <h2><a name=\"e35893dc\" href=\"https:\/\/www.journal-frankfurt.de\/?src=journal_news_einzel&id=45533&from=feed\" rel=\"bookmark\" style=\"color:#333333; font-weight:bold;\" title=\"Link zum Artikel auf journal-frankfurt.de\" target=\"_blank\">Frankfurter Initiativen kritisieren Terminal 3<\/a><\/h2>\n <div class=\"entry\">\n  <p style=\"margin-bottom:4px;\">\n   <a href=\"https:\/\/www.journal-frankfurt.de\/?src=journal_news_einzel&id=45533&from=feed\" target=\"_blank\"><img decoding=\"async\" src=\"https:\/\/www.journal-frankfurt.de\/cache\/images\/news\/q180\/45533.jpg\" style=\"align:left !important; float:left !important; margin-top:4px !important; margin-right:8px !important; margin-bottom:4px !important; width:90px !important;\" \/><\/a>   Das Terminal 3 am Frankfurter Flughafen ist er&ouml;ffnet. Dies wurde mit einem Wochenendevent gefeiert. Nun ger&auml;t die Feier in die Kritik.<br clear=\"all\" \/>  <\/p>\n  <div><span class=\"my_article_details\"><time datetime=\"2026-04-23\">23.04.2026<\/time> &middot; <a href=\"\/news\/fluglaerm-offenbach-am-main\" title=\"Flugl\u00e4rm Offenbach am Main\">Flughafen<\/a> &middot; Frankfurt &middot; <\/span><a href=\"https:\/\/www.journal-frankfurt.de\/?src=journal_news_einzel&id=45533&from=feed\" title=\"Link zum Artikel auf journal-frankfurt.de\" target=\"_blank\">journal-frankfurt.de<\/a><\/div>\n  <b><\/b>\n <\/div>\n <\/article>\n<\/div>\n<div class=\"post\" style=\"margin-bottom:40px;\">\n <article>\n <h2><a name=\"3a73772a\" href=\"https:\/\/www.op-online.de\/region\/neu-isenburg\/vom-deck-zum-dj-theo-jack-aus-neu-isenburg-verwirklicht-traum-94274090.html\" rel=\"bookmark\" style=\"color:#333333; font-weight:bold;\" title=\"Link zum Artikel auf op-online.de\" target=\"_blank\">Vom Schiffsdeck zum DJ: Theo Jack aus Neu-Isenburg verwirklicht seinen Traum<\/a><\/h2>\n <div class=\"entry\">\n  <p style=\"margin-bottom:4px;\">\n   <a href=\"https:\/\/www.op-online.de\/region\/neu-isenburg\/vom-deck-zum-dj-theo-jack-aus-neu-isenburg-verwirklicht-traum-94274090.html\" target=\"_blank\"><img decoding=\"async\" src=\"https:\/\/www.op-online.de\/assets\/images\/42\/219\/42219908-der-34-jaehrige-theo-jack-hat-bereits-mehrmals-auf-dem-festival-world-club-dome-aufgelegt-3e01.jpg\" style=\"align:left !important; float:left !important; margin-top:4px !important; margin-right:8px !important; margin-bottom:4px !important; width:90px !important;\" \/><\/a>   Theo Jack arbeitete auf Jachten, bevor er zur Musik kam. Heute lebt der DJ in Neu-Isenburg und legt regelm&auml;&szlig;ig auf \u2013 das war ein langer Weg.<br clear=\"all\" \/>  <\/p>\n  <div><span class=\"my_article_details\"><time datetime=\"2026-04-23\">23.04.2026<\/time> &middot; <a href=\"\/news\/neu-isenburg-aktuell\" title=\"Neu-Isenburg heute aktuell\">Neu-Isenburg<\/a> &middot; <a href=\"\/news\/neu-isenburg-nachrichten\" title=\"Neu-Isenburg Nachrichten\">News<\/a> &middot; <\/span><a href=\"https:\/\/www.op-online.de\/region\/neu-isenburg\/vom-deck-zum-dj-theo-jack-aus-neu-isenburg-verwirklicht-traum-94274090.html\" title=\"Link zum Artikel auf op-online.de\" target=\"_blank\">op-online.de<\/a><\/div>\n  <b><\/b>\n <\/div>\n <\/article>\n<\/div>\n<div class=\"post\" style=\"background-color: #e6e6ff; margin-bottom: 40px; padding: 10px;\"><article><a style=\"color: #000000; font-size: 20px; font-weight: normal; text-decoration: underlined;\" href=\"https:\/\/www.ndr.de\/nachrichten\/info\/solarenergie-liefert-erstmals-mehr-strom-als-aus-braunkohle,photovoltaik-124.html\" target=\"_blank\">Solarenergie liefert erstmals mehr Strom als Braunkohle<\/a><\/p><div class=\"entry\"><p style=\"margin-bottom: 4px;\"><a href=\"https:\/\/www.ndr.de\/nachrichten\/info\/solarenergie-liefert-erstmals-mehr-strom-als-aus-braunkohle,photovoltaik-124.html\" target=\"_blank\" rel=\"noopener\"><img decoding=\"async\" style=\"align: left !important; float: left !important; margin-top: 4px !important; margin-right: 8px !important; margin-bottom: 4px !important; width: 90px !important;\" src=\"data:image\/gif;base64,R0lGODlhAQABAIAAAAAAAP\/\/\/yH5BAEAAAAALAAAAAABAAEAAAIBRAA7\" data-src=\"https:\/\/www.heusenstaemmchen.de\/feeds\/gfx\/ndr.de.png\" \/><\/a>Photovoltaik lag vergangenes Jahr zum ersten Mal auf Platz 2 bei der Stromerzeugung in Deutschland &#8211; vor Braunkohle und Erdgas. Insgesamt stieg der Anteil erneuerbarer Energien am Strommix aber nicht.<br clear=\"all\" \/><\/p><div><b>Schon gewusst?<\/b> \u00b7 Regenerative Energien \u00b7 <a title=\"Mehr Details auf ndr.de\" href=\"https:\/\/www.ndr.de\/nachrichten\/info\/solarenergie-liefert-erstmals-mehr-strom-als-aus-braunkohle,photovoltaik-124.html\" target=\"_blank\" rel=\"noopener\">ndr.de<\/a><\/div><\/div><\/article><\/div><div class=\"post\" style=\"margin-bottom:40px;\">\n <article>\n <h2><a name=\"2a64b284\" href=\"https:\/\/www.presseportal.de\/blaulicht\/pm\/43561\/6261364\" rel=\"bookmark\" style=\"color:#333333; font-weight:bold;\" title=\"Link zum Artikel auf presseportal.de\" target=\"_blank\">Polizei Offenbach am Main: Pressemeldungen vom 23.04.2026<\/a><\/h2>\n <div class=\"entry\">\n  <p style=\"margin-bottom:4px;\">\n   <a href=\"https:\/\/www.presseportal.de\/blaulicht\/pm\/43561\/6261364\" target=\"_blank\"><img decoding=\"async\" src=\"\/feeds\/gfx\/POL-OF.jpg\" style=\"align:left !important; float:left !important; margin-top:4px !important; margin-right:8px !important; margin-bottom:4px !important; width:90px !important;\" \/><\/a>   ... <b>8.\tZeugensuche nach Wohnungseinbruch - Neu-Isenburg<\/b>   (fg) Bei einem Wohnungseinbruch in der Alicestra\u00dfe erbeuteten bisher unbekannte T\u00e4ter in der Zeit von Dienstag, 17 Uhr bis Mittwoch 14 Uhr Bargeld und Goldschmuck im Wert von mehreren 10.000 Euro. Hinweise auf die Einbrecher, die sich \u00fcber die Wohnungst\u00fcr ...<br clear=\"all\" \/><\/p><p style=\"margin-top:8px; margin-bottom:4px;\"><a href=\"https:\/\/www.presseportal.de\/blaulicht\/pm\/43561\/6261364\" target=\"_blank\"><img decoding=\"async\" src=\"\/feeds\/gfx\/POL-OF.jpg\" style=\"align:left !important; float:left !important; margin-top:4px !important; margin-right:8px !important; margin-bottom:4px !important; width:90px !important;\" \/><\/a> ... <b>9.\tOffenbar mit Schlagring verletzt: Z\u00fcgige Festnahme und Ermittlungen gegen 48-J\u00e4hrigen - Neu-Isenburg<\/b>   (me) Er soll einen anderen Mann mutma\u00dflich mit einem Schlagring verletzt und hiernach das Mobiltelefon von diesem besch\u00e4digt haben: So lauten die Vorw\u00fcrfe gegen einen 48 Jahre alten Mann aus Neu-Isenburg, gegen den die Polizei nun wegen des Verdachts der ...<br clear=\"all\" \/>  <\/p>\n  <div><span class=\"my_article_details\"><time datetime=\"2026-04-23\">23.04.2026<\/time> &middot; <a href=\"\/news\/diebstaehle-offenbach-am-main\" title=\"Diebst\u00e4hle Offenbach am Main\">Diebstahl<\/a> &middot; <a href=\"\/news\/einbrueche-offenbach-am-main\" title=\"Einbr\u00fcche Offenbach am Main\">Einbruch<\/a> &middot; <a href=\"\/news\/neu-isenburg-aktuell\" title=\"Neu-Isenburg heute aktuell\">Neu-Isenburg<\/a> &middot; <a href=\"\/news\/neu-isenburg-polizeimeldungen\" title=\"Polizeieins\u00e4tze Neu-Isenburg\">Polizei<\/a> &middot; <\/span><a href=\"https:\/\/www.presseportal.de\/blaulicht\/pm\/43561\/6261364\" title=\"Link zum Artikel auf presseportal.de\" target=\"_blank\">presseportal.de<\/a><\/div>\n  <b><\/b>\n <\/div>\n <\/article>\n<\/div>\n<div class=\"post\" style=\"margin-bottom:40px;\">\n <article>\n <h2><a name=\"121b5bee\" href=\"https:\/\/www.evo-ag.de\/presse\/pressemitteilungen\/details\/100-vereine-10000-liter-bierspende-fuer-stadt-und-kreis\" rel=\"bookmark\" style=\"color:#333333; font-weight:bold;\" title=\"Link zum Artikel auf evo-ag.de\" target=\"_blank\">100 Vereine, 10.000 Liter: Bierspende f\u00fcr Stadt und Kreis<\/a><\/h2>\n <div class=\"entry\">\n  <p style=\"margin-bottom:4px;\">\n   <a href=\"https:\/\/www.evo-ag.de\/presse\/pressemitteilungen\/details\/100-vereine-10000-liter-bierspende-fuer-stadt-und-kreis\" target=\"_blank\"><img decoding=\"async\" src=\"\/feeds\/gfx\/evo-ag.de.png\" style=\"align:left !important; float:left !important; margin-top:4px !important; margin-right:8px !important; margin-bottom:4px !important; width:90px !important;\" \/><\/a>   Glaabsbr\u00e4u und EVO \u00fcbergeben Bierspende-Gutscheine in Seligenstadt \/ Ehrengast: OFC-Pr\u00e4sident Joachim Wagner<br clear=\"all\" \/>  <\/p>\n  <div><span class=\"my_article_details\"><time datetime=\"2026-04-23\">23.04.2026<\/time> &middot; Energie &middot; <a href=\"\/news\/offenbach-aktuell\" title=\"Offenbach heute aktuell\">Offenbach<\/a> &middot; <\/span><a href=\"https:\/\/www.evo-ag.de\/presse\/pressemitteilungen\/details\/100-vereine-10000-liter-bierspende-fuer-stadt-und-kreis\" title=\"Link zum Artikel auf evo-ag.de\" target=\"_blank\">evo-ag.de<\/a><\/div>\n  <b><\/b>\n <\/div>\n <\/article>\n<\/div>\n<div class=\"post\" style=\"margin-bottom:40px;\">\n <article>\n <h2><a name=\"84982c88\" href=\"https:\/\/www.kreis-offenbach.de\/Service\/Medienservice\/Aktuelle-Pressemitteilungen\/Neue-Wege-in-Arbeit-Wie-der-Kreis-Offenbach-Frauen-gezielt-in-Besch%C3%A4ftigung-bringt.php?object=tx,4013.5.1&ModID=7&FID=4013.3383.1&NavID=4013.211&La=1\" rel=\"bookmark\" style=\"color:#333333; font-weight:bold;\" title=\"Link zum Artikel auf kreis-offenbach.de\" target=\"_blank\">Neue Wege in Arbeit: Wie der Kreis Offenbach Frauen gezielt in Besch\u00e4ftigung bringt<\/a><\/h2>\n <div class=\"entry\">\n  <p style=\"margin-bottom:4px;\">\n   <a href=\"https:\/\/www.kreis-offenbach.de\/Service\/Medienservice\/Aktuelle-Pressemitteilungen\/Neue-Wege-in-Arbeit-Wie-der-Kreis-Offenbach-Frauen-gezielt-in-Besch%C3%A4ftigung-bringt.php?object=tx,4013.5.1&ModID=7&FID=4013.3383.1&NavID=4013.211&La=1\" target=\"_blank\"><img decoding=\"async\" src=\"\/feeds\/gfx\/kreis-offenbach.de.png\" style=\"align:left !important; float:left !important; margin-top:4px !important; margin-right:8px !important; margin-bottom:4px !important; width:90px !important;\" \/><\/a>   Wie k\u00f6nnen bislang ungenutzte Erwerbspotenziale von Frauen st\u00e4rker f\u00fcr den Arbeitsmarkt erschlossen werden &ndash; und damit zur Fachkr\u00e4ftesicherung beitragen? Diese  ...<br clear=\"all\" \/>  <\/p>\n  <div><span class=\"my_article_details\"><time datetime=\"2026-04-23\">23.04.2026<\/time> &middot; <a href=\"\/news\/polizeieinsaetze-offenbach-am-main\" title=\"Polizeieins\u00e4tze Offenbach am Main\">Kreis Offenbach<\/a> &middot; <\/span><a href=\"https:\/\/www.kreis-offenbach.de\/Service\/Medienservice\/Aktuelle-Pressemitteilungen\/Neue-Wege-in-Arbeit-Wie-der-Kreis-Offenbach-Frauen-gezielt-in-Besch%C3%A4ftigung-bringt.php?object=tx,4013.5.1&ModID=7&FID=4013.3383.1&NavID=4013.211&La=1\" title=\"Link zum Artikel auf kreis-offenbach.de\" target=\"_blank\">kreis-offenbach.de<\/a><\/div>\n  <b><\/b>\n <\/div>\n <\/article>\n<\/div>\n<div class=\"post\" style=\"margin-bottom:40px;\">\n <article>\n <h2><a name=\"9c1a830b\" href=\"https:\/\/www.verbraucherzentrale-hessen.de\/node\/119436\" rel=\"bookmark\" style=\"color:#333333; font-weight:bold;\" title=\"Link zum Artikel auf verbraucherzentrale-hessen.de\" target=\"_blank\">Soja im Faktencheck: Mythen, Risiken und Chancen<\/a><\/h2>\n <div class=\"entry\">\n  <p style=\"margin-bottom:4px;\">\n   <a href=\"https:\/\/www.verbraucherzentrale-hessen.de\/node\/119436\" target=\"_blank\"><img decoding=\"async\" src=\"\/feeds\/gfx\/verbraucherzentrale-hessen.de.png\" style=\"align:left !important; float:left !important; margin-top:4px !important; margin-right:8px !important; margin-bottom:4px !important; width:90px !important;\" \/><\/a>   Verbraucherzentralen ordnen Sorgen und Hoffnungen rund um den Verzehr von Soja ein<br clear=\"all\" \/>  <\/p>\n  <div><span class=\"my_article_details\"><time datetime=\"2026-04-23\">23.04.2026<\/time> &middot; Hessen &middot; <\/span><a href=\"https:\/\/www.verbraucherzentrale-hessen.de\/node\/119436\" title=\"Link zum Artikel auf verbraucherzentrale-hessen.de\" target=\"_blank\">verbraucherzentrale-hessen.de<\/a><\/div>\n  <b><\/b>\n <\/div>\n <\/article>\n<\/div>\n<div class=\"post\" style=\"margin-bottom:40px;\">\n <article>\n <h2><a name=\"77742e70\" href=\"https:\/\/www.1730live.de\/2026\/04\/22\/terminal-3-eroeffnet\/\" rel=\"bookmark\" style=\"color:#333333; font-weight:bold;\" title=\"Link zum Artikel auf 1730live.de\" target=\"_blank\">Terminal 3 er\u00f6ffnet<\/a><\/h2>\n <div class=\"entry\">\n  <p style=\"margin-bottom:4px;\">\n   <a href=\"https:\/\/www.1730live.de\/2026\/04\/22\/terminal-3-eroeffnet\/\" target=\"_blank\"><img decoding=\"async\" src=\"\/feeds\/gfx\/1730live.de.png\" style=\"align:left !important; float:left !important; margin-top:4px !important; margin-right:8px !important; margin-bottom:4px !important; width:90px !important;\" \/><\/a>   Heute ist ein gro&szlig;er Tag f&uuml;r den Luftverkehr in Deutschland: Am Frankfurter Flughafen &ouml;ffnet das neue Terminal 3 &#8211; und wir waren nat&uuml;rlich f&uuml;r Sie dabei. Nach vielen Jahren der Planung und des Baus sollen dort k&uuml;nftig Millionen zus&auml;tzlicher Passagiere ...<br clear=\"all\" \/>  <\/p>\n  <div><span class=\"my_article_details\"><time datetime=\"2026-04-22\">22.04.2026<\/time> &middot; <a href=\"\/news\/fluglaerm-offenbach-am-main\" title=\"Flugl\u00e4rm Offenbach am Main\">Flughafen<\/a> &middot; Frankfurt &middot; <\/span><a href=\"https:\/\/www.1730live.de\/2026\/04\/22\/terminal-3-eroeffnet\/\" title=\"Link zum Artikel auf 1730live.de\" target=\"_blank\">1730live.de<\/a><\/div>\n  <b><\/b>\n <\/div>\n <\/article>\n<\/div>\n<div class=\"post\" style=\"margin-bottom:40px;\">\n <article>\n <h2><a name=\"97d06106\" href=\"https:\/\/www.1730live.de\/2026\/04\/22\/der-lange-weg-zum-bau-von-terminal-3\/\" rel=\"bookmark\" style=\"color:#333333; font-weight:bold;\" title=\"Link zum Artikel auf 1730live.de\" target=\"_blank\">Der lange Weg zum Bau von Terminal 3<\/a><\/h2>\n <div class=\"entry\">\n  <p style=\"margin-bottom:4px;\">\n   <a href=\"https:\/\/www.1730live.de\/2026\/04\/22\/der-lange-weg-zum-bau-von-terminal-3\/\" target=\"_blank\"><img decoding=\"async\" src=\"\/feeds\/gfx\/1730live.de.png\" style=\"align:left !important; float:left !important; margin-top:4px !important; margin-right:8px !important; margin-bottom:4px !important; width:90px !important;\" \/><\/a>   Wir werfen einen Blick zur&uuml;ck auf die Entstehung &#8211; auf die Planung und Umsetzung einer Baustelle der Superlative. Der Frankfurter Flughafen, er w&auml;chst weiter. Terminal 3 im S&uuml;den des Airport-Gel&auml;ndes soll den Flughafen f&uuml;r die kommenden Jahrzehnte fit ...<br clear=\"all\" \/>  <\/p>\n  <div><span class=\"my_article_details\"><time datetime=\"2026-04-22\">22.04.2026<\/time> &middot; <a href=\"\/news\/fluglaerm-offenbach-am-main\" title=\"Flugl\u00e4rm Offenbach am Main\">Flughafen<\/a> &middot; Frankfurt &middot; <\/span><a href=\"https:\/\/www.1730live.de\/2026\/04\/22\/der-lange-weg-zum-bau-von-terminal-3\/\" title=\"Link zum Artikel auf 1730live.de\" target=\"_blank\">1730live.de<\/a><\/div>\n  <b><\/b>\n <\/div>\n <\/article>\n<\/div>\n<div class=\"post\" style=\"margin-bottom:40px;\">\n <article>\n <h2><a name=\"0526de37\" href=\"https:\/\/www.1730live.de\/2026\/04\/22\/schaltgespraech-mit-fraport-chef-stefan-schulte\/\" rel=\"bookmark\" style=\"color:#333333; font-weight:bold;\" title=\"Link zum Artikel auf 1730live.de\" target=\"_blank\">Schaltgespr\u00e4ch mit Fraport-Chef Stefan Schulte<\/a><\/h2>\n <div class=\"entry\">\n  <p style=\"margin-bottom:4px;\">\n   <a href=\"https:\/\/www.1730live.de\/2026\/04\/22\/schaltgespraech-mit-fraport-chef-stefan-schulte\/\" target=\"_blank\"><img decoding=\"async\" src=\"\/feeds\/gfx\/1730live.de.png\" style=\"align:left !important; float:left !important; margin-top:4px !important; margin-right:8px !important; margin-bottom:4px !important; width:90px !important;\" \/><\/a>   Eva Dieterle spricht mit ihm &uuml;ber die Herausforderungen der Mega-Baustelle, die Vorteile f&uuml;r Passagiere und ob der Bau eines dritten Terminals wirklich sinnvoll war. Eva Dieterle, Moderatorin: Guten Tag. Stefan Schulte, Vorstandsvorsitzender Fraport: Guten ...<br clear=\"all\" \/>  <\/p>\n  <div><span class=\"my_article_details\"><time datetime=\"2026-04-22\">22.04.2026<\/time> &middot; <a href=\"\/news\/fluglaerm-offenbach-am-main\" title=\"Flugl\u00e4rm Offenbach am Main\">Flughafen<\/a> &middot; Frankfurt &middot; <\/span><a href=\"https:\/\/www.1730live.de\/2026\/04\/22\/schaltgespraech-mit-fraport-chef-stefan-schulte\/\" title=\"Link zum Artikel auf 1730live.de\" target=\"_blank\">1730live.de<\/a><\/div>\n  <b><\/b>\n <\/div>\n <\/article>\n<\/div>\n<div class=\"post\" style=\"margin-bottom:40px;\">\n <article>\n <h2><a name=\"3b468d35\" href=\"https:\/\/of-news.de\/neu-isenburg\/volleyfische-verteidigen-titel-bei-mixed-volleyball-stadtmeisterschaft-167582\/\" rel=\"bookmark\" style=\"color:#333333; font-weight:bold;\" title=\"Link zum Artikel auf of-news.de\" target=\"_blank\">Volleyfische verteidigen Titel bei Mixed-Volleyball-Stadtmeisterschaft<\/a><\/h2>\n <div class=\"entry\">\n  <p style=\"margin-bottom:4px;\">\n   <a href=\"https:\/\/of-news.de\/neu-isenburg\/volleyfische-verteidigen-titel-bei-mixed-volleyball-stadtmeisterschaft-167582\/\" target=\"_blank\"><img decoding=\"async\" src=\"\/feeds\/gfx\/of-news.de.png\" style=\"align:left !important; float:left !important; margin-top:4px !important; margin-right:8px !important; margin-bottom:4px !important; width:90px !important;\" \/><\/a>   Bei der Stadtmeisterschaft im Mixed-Volleyball in Neu-Isenburg haben die Volleyfische erneut den Titel gewonnen. Das Team setzte sich am Samstag in der Sportparkhalle im Finale gegen Orplid Frankfurt durch und verteidigte damit seinen Erfolg aus dem Vorjahr. ...<br clear=\"all\" \/>  <\/p>\n  <div><span class=\"my_article_details\"><time datetime=\"2026-04-22\">22.04.2026<\/time> &middot; Gravenbruch &middot; <a href=\"\/news\/neu-isenburg-aktuell\" title=\"Neu-Isenburg heute aktuell\">Neu-Isenburg<\/a> &middot; <a href=\"\/news\/neu-isenburg-nachrichten\" title=\"Neu-Isenburg Nachrichten\">News<\/a> &middot; <\/span><a href=\"https:\/\/of-news.de\/neu-isenburg\/volleyfische-verteidigen-titel-bei-mixed-volleyball-stadtmeisterschaft-167582\/\" title=\"Link zum Artikel auf of-news.de\" target=\"_blank\">of-news.de<\/a><\/div>\n  <b><\/b>\n <\/div>\n <\/article>\n<\/div>\n<div class=\"post\" style=\"background-color: #f4f4f4; margin-bottom: 40px; padding: 10px;\"><article><a style=\"color: #000000; font-size: 20px; font-weight: normal; text-decoration: underlined;\" href=\"https:\/\/www.tagesschau.de\/wirtschaft\/energie\/boom-batteriespeicher-deutschland-energiewende-100.html\" target=\"_blank\">Batteriegro\u00dfspeicher erleben einen Boom<\/a><\/p><div class=\"entry\"><p style=\"margin-bottom: 4px;\"><a href=\"https:\/\/www.tagesschau.de\/wirtschaft\/energie\/boom-batteriespeicher-deutschland-energiewende-100.html\" target=\"_blank\" rel=\"noopener\"><img decoding=\"async\" style=\"align: left !important; float: left !important; margin-top: 4px !important; margin-right: 8px !important; margin-bottom: 4px !important; width: 90px !important;\" src=\"data:image\/gif;base64,R0lGODlhAQABAIAAAAAAAP\/\/\/yH5BAEAAAAALAAAAAABAAEAAAIBRAA7\" data-src=\"https:\/\/www.heusenstaemmchen.de\/feeds\/gfx\/tagesschau.de.png\" \/><\/a>Um Erneuerbare Energien effizienter zu nutzen, werden Batterie&shy;gro\u00df&shy;speicher ben\u00f6tigt. F\u00fcr Experten sind sie ein entscheidender Baustein der Energiewende. Die Nachfrage ist enorm.<br clear=\"all\" \/><\/p><div><b>Schon gewusst?<\/b> \u00b7 Regenerative Energien \u00b7 <a title=\"Mehr Details auf tagesschau.de\" href=\"https:\/\/www.tagesschau.de\/wirtschaft\/energie\/boom-batteriespeicher-deutschland-energiewende-100.html\" rel=\"noopener\">tagesschau.de<\/a><\/div><\/div><\/article><\/div><div class=\"post\" style=\"margin-bottom:40px;\">\n <article>\n <h2><a name=\"1584d280\" href=\"https:\/\/of-news.de\/neu-isenburg\/in-diesen-bereichen-gilt-in-neu-isenburg-leinenpflicht-fuer-hunde-167579\/\" rel=\"bookmark\" style=\"color:#333333; font-weight:bold;\" title=\"Link zum Artikel auf of-news.de\" target=\"_blank\">In diesen Bereichen gilt in Neu-Isenburg Leinenpflicht f\u00fcr Hunde<\/a><\/h2>\n <div class=\"entry\">\n  <p style=\"margin-bottom:4px;\">\n   <a href=\"https:\/\/of-news.de\/neu-isenburg\/in-diesen-bereichen-gilt-in-neu-isenburg-leinenpflicht-fuer-hunde-167579\/\" target=\"_blank\"><img decoding=\"async\" src=\"\/feeds\/gfx\/of-news.de.png\" style=\"align:left !important; float:left !important; margin-top:4px !important; margin-right:8px !important; margin-bottom:4px !important; width:90px !important;\" \/><\/a>   In Neu-Isenburg m&uuml;ssen Hunde nicht im gesamten Stadtgebiet an die Leine. Eine generelle Anleinpflicht gibt es nicht. Frei laufen d&uuml;rfen Hunde demnach grunds&auml;tzlich dann, wenn sie unter Kontrolle stehen und keine Gefahr darstellen. Gleichzeitig gibt es mehrere ...<br clear=\"all\" \/>  <\/p>\n  <div><span class=\"my_article_details\"><time datetime=\"2026-04-22\">22.04.2026<\/time> &middot; Gravenbruch &middot; <a href=\"\/news\/neu-isenburg-aktuell\" title=\"Neu-Isenburg heute aktuell\">Neu-Isenburg<\/a> &middot; <a href=\"\/news\/neu-isenburg-nachrichten\" title=\"Neu-Isenburg Nachrichten\">News<\/a> &middot; <\/span><a href=\"https:\/\/of-news.de\/neu-isenburg\/in-diesen-bereichen-gilt-in-neu-isenburg-leinenpflicht-fuer-hunde-167579\/\" title=\"Link zum Artikel auf of-news.de\" target=\"_blank\">of-news.de<\/a><\/div>\n  <b><\/b>\n <\/div>\n <\/article>\n<\/div>\n<div class=\"post\" style=\"margin-bottom:40px;\">\n <article>\n <h2><a name=\"618c20a3\" href=\"https:\/\/www.dreieich.de\/rathaus-service\/presse-medien\/pressemitteilungen\/2026\/800-000-euro-fuer-sportstaetten-in-dreieich-und-neu-isenburg\/\" rel=\"bookmark\" style=\"color:#333333; font-weight:bold;\" title=\"Link zum Artikel auf dreieich.de\" target=\"_blank\">800.000 Euro f\u00fcr Sportst\u00e4tten in Dreieich und Neu-Isenburg<\/a><\/h2>\n <div class=\"entry\">\n  <p style=\"margin-bottom:4px;\">\n   <a href=\"https:\/\/www.dreieich.de\/rathaus-service\/presse-medien\/pressemitteilungen\/2026\/800-000-euro-fuer-sportstaetten-in-dreieich-und-neu-isenburg\/\" target=\"_blank\"><img decoding=\"async\" src=\"https:\/\/www.dreieich.de\/medien\/pressemitteilungen\/veranstaltungen-dreieich.png?cid=1gx8.7qcb&resize=23263c%3a1024x768c\" style=\"align:left !important; float:left !important; margin-top:4px !important; margin-right:8px !important; margin-bottom:4px !important; width:90px !important;\" \/><\/a>   Bj&ouml;rn Simon MdB: &quot;Starke Unterst&uuml;tzung des Bundes f&uuml;r unsere Sportst&auml;tten vor Ort&quot;<br clear=\"all\" \/>  <\/p>\n  <div><span class=\"my_article_details\"><time datetime=\"2026-04-22\">22.04.2026<\/time> &middot; <a href=\"\/news\/neu-isenburg-aktuell\" title=\"Neu-Isenburg heute aktuell\">Neu-Isenburg<\/a> &middot; <a href=\"\/news\/neu-isenburg-nachrichten\" title=\"Neu-Isenburg Nachrichten\">News<\/a> &middot; <\/span><a href=\"https:\/\/www.dreieich.de\/rathaus-service\/presse-medien\/pressemitteilungen\/2026\/800-000-euro-fuer-sportstaetten-in-dreieich-und-neu-isenburg\/\" title=\"Link zum Artikel auf dreieich.de\" target=\"_blank\">dreieich.de<\/a><\/div>\n  <b><\/b>\n <\/div>\n <\/article>\n<\/div>\n<div class=\"post\" style=\"margin-bottom:40px;\">\n <article>\n <h2><a name=\"0969c055\" href=\"https:\/\/www.op-online.de\/region\/neu-isenburg\/mehr-braun-als-gruen-neu-isenburgs-teure-pflanzenwand-bekommt-eine-zweite-chance-94273743.html\" rel=\"bookmark\" style=\"color:#333333; font-weight:bold;\" title=\"Link zum Artikel auf op-online.de\" target=\"_blank\">Mehr braun als gr\u00fcn: Neu-Isenburgs teure Pflanzenwand bekommt eine zweite Chance<\/a><\/h2>\n <div class=\"entry\">\n  <p style=\"margin-bottom:4px;\">\n   <a href=\"https:\/\/www.op-online.de\/region\/neu-isenburg\/mehr-braun-als-gruen-neu-isenburgs-teure-pflanzenwand-bekommt-eine-zweite-chance-94273743.html\" target=\"_blank\"><img decoding=\"async\" src=\"https:\/\/www.op-online.de\/assets\/images\/42\/286\/42286864-neu-isenburg-kaiserpassage-green-wall-3e01.jpg\" style=\"align:left !important; float:left !important; margin-top:4px !important; margin-right:8px !important; margin-bottom:4px !important; width:90px !important;\" \/><\/a>   Die Pflanzenwand in Neu-Isenburg kostete 215.000 Euro. Nun soll ein neues Unternehmen die verkommene Green Wall retten.<br clear=\"all\" \/>  <\/p>\n  <div><span class=\"my_article_details\"><time datetime=\"2026-04-22\">22.04.2026<\/time> &middot; <a href=\"\/news\/neu-isenburg-aktuell\" title=\"Neu-Isenburg heute aktuell\">Neu-Isenburg<\/a> &middot; <a href=\"\/news\/neu-isenburg-nachrichten\" title=\"Neu-Isenburg Nachrichten\">News<\/a> &middot; <\/span><a href=\"https:\/\/www.op-online.de\/region\/neu-isenburg\/mehr-braun-als-gruen-neu-isenburgs-teure-pflanzenwand-bekommt-eine-zweite-chance-94273743.html\" title=\"Link zum Artikel auf op-online.de\" target=\"_blank\">op-online.de<\/a><\/div>\n  <b><\/b>\n <\/div>\n <\/article>\n<\/div>\n<div class=\"post\" style=\"margin-bottom:40px;\">\n <article>\n <h2><a name=\"94ece979\" href=\"http:\/\/www.neu-isenburg.de\/pressemodul\/pressemitteilungen\/april\/filmmatin-e-zum-idahobit-am-17.mai\" rel=\"bookmark\" style=\"color:#333333; font-weight:bold;\" title=\"Link zum Artikel auf neu-isenburg.de\" target=\"_blank\">Neu-Isenburg: Filmmatin\u00e9e zum IDAHOBIT am 17. Mai<\/a><\/h2>\n <div class=\"entry\">\n  <p style=\"margin-bottom:4px;\">\n   <a href=\"http:\/\/www.neu-isenburg.de\/pressemodul\/pressemitteilungen\/april\/filmmatin-e-zum-idahobit-am-17.mai\" target=\"_blank\"><img decoding=\"async\" src=\"\/feeds\/gfx\/neu-isenburg.de.png\" style=\"align:left !important; float:left !important; margin-top:4px !important; margin-right:8px !important; margin-bottom:4px !important; width:90px !important;\" \/><\/a>   Internationaler Tag gegen Homo-, Bi-, Inter- und Transphobie<br clear=\"all\" \/>  <\/p>\n  <div><span class=\"my_article_details\"><time datetime=\"2026-04-22\">22.04.2026<\/time> &middot; <a href=\"\/news\/neu-isenburg-aktuell\" title=\"Neu-Isenburg heute aktuell\">Neu-Isenburg<\/a> &middot; <a href=\"\/news\/neu-isenburg-nachrichten\" title=\"Neu-Isenburg Nachrichten\">News<\/a> &middot; <\/span><a href=\"http:\/\/www.neu-isenburg.de\/pressemodul\/pressemitteilungen\/april\/filmmatin-e-zum-idahobit-am-17.mai\" title=\"Link zum Artikel auf neu-isenburg.de\" target=\"_blank\">neu-isenburg.de<\/a><\/div>\n  <b><\/b>\n <\/div>\n <\/article>\n<\/div>\n<div class=\"post\" style=\"margin-bottom:40px;\">\n <article>\n <h2><a name=\"6f02a782\" href=\"https:\/\/www.tagesschau.de\/wirtschaft\/unternehmen\/terminal-3-frankfurt-flughafen-100.html\" rel=\"bookmark\" style=\"color:#333333; font-weight:bold;\" title=\"Link zum Artikel auf tagesschau.de\" target=\"_blank\">Was das neue Terminal 3 f\u00fcr den Frankfurter Flughafen bedeutet<\/a><\/h2>\n <div class=\"entry\">\n  <p style=\"margin-bottom:4px;\">\n   <a href=\"https:\/\/www.tagesschau.de\/wirtschaft\/unternehmen\/terminal-3-frankfurt-flughafen-100.html\" target=\"_blank\"><img decoding=\"async\" src=\"\/feeds\/gfx\/tagesschau.de.png\" style=\"align:left !important; float:left !important; margin-top:4px !important; margin-right:8px !important; margin-bottom:4px !important; width:90px !important;\" \/><\/a>   Bis zu 19 Millionen Passagiere j&auml;hrlich sollen hier abgefertigt werden: Mit dem neuen Terminal setzt der Frankfurter Flughafen auf Expansion. Warum bei der Er&ouml;ffnung aber nicht allen zum Feiern zumute ist, erkl&auml;rt Ingo Nathusius . ...<br clear=\"all\" \/>  <\/p>\n  <div><span class=\"my_article_details\"><time datetime=\"2026-04-22\">22.04.2026<\/time> &middot; <a href=\"\/news\/fluglaerm-offenbach-am-main\" title=\"Flugl\u00e4rm Offenbach am Main\">Flughafen<\/a> &middot; Frankfurt &middot; <\/span><a href=\"https:\/\/www.tagesschau.de\/wirtschaft\/unternehmen\/terminal-3-frankfurt-flughafen-100.html\" title=\"Link zum Artikel auf tagesschau.de\" target=\"_blank\">tagesschau.de<\/a><\/div>\n  <b><\/b>\n <\/div>\n <\/article>\n<\/div>\n<div class=\"post\" style=\"margin-bottom:40px;\">\n <article>\n <h2><a name=\"58a4b5bb\" href=\"http:\/\/www.neu-isenburg.de\/pressemodul\/pressemitteilungen\/april\/erfolgreiche-aikido-ferienspielwoche-in-den-osterferien\" rel=\"bookmark\" style=\"color:#333333; font-weight:bold;\" title=\"Link zum Artikel auf neu-isenburg.de\" target=\"_blank\">Ferienspiele f\u00fcr Neu-Isenburger Grundschulkinder<\/a><\/h2>\n <div class=\"entry\">\n  <p style=\"margin-bottom:4px;\">\n   <a href=\"http:\/\/www.neu-isenburg.de\/pressemodul\/pressemitteilungen\/april\/erfolgreiche-aikido-ferienspielwoche-in-den-osterferien\" target=\"_blank\"><img decoding=\"async\" src=\"\/feeds\/gfx\/neu-isenburg.de.png\" style=\"align:left !important; float:left !important; margin-top:4px !important; margin-right:8px !important; margin-bottom:4px !important; width:90px !important;\" \/><\/a>   Anmeldung f&uuml;r die Sommerferienspiele noch bis 15. Mai m&ouml;glich<br clear=\"all\" \/>  <\/p>\n  <div><span class=\"my_article_details\"><time datetime=\"2026-04-22\">22.04.2026<\/time> &middot; <a href=\"\/news\/neu-isenburg-aktuell\" title=\"Neu-Isenburg heute aktuell\">Neu-Isenburg<\/a> &middot; <a href=\"\/news\/neu-isenburg-nachrichten\" title=\"Neu-Isenburg Nachrichten\">News<\/a> &middot; <\/span><a href=\"http:\/\/www.neu-isenburg.de\/pressemodul\/pressemitteilungen\/april\/erfolgreiche-aikido-ferienspielwoche-in-den-osterferien\" title=\"Link zum Artikel auf neu-isenburg.de\" target=\"_blank\">neu-isenburg.de<\/a><\/div>\n  <b><\/b>\n <\/div>\n <\/article>\n<\/div>\n<div class=\"post\" style=\"margin-bottom:40px;\">\n <article>\n <h2><a name=\"3770a9a5\" href=\"http:\/\/www.neu-isenburg.de\/pressemodul\/pressemitteilungen\/april\/gemeinsam-bewegen-centro-vitalis-tag-der-offenen-tuer\" rel=\"bookmark\" style=\"color:#333333; font-weight:bold;\" title=\"Link zum Artikel auf neu-isenburg.de\" target=\"_blank\">Neu-Isenburg: Tag der offenen T\u00fcr im Centro Vitalis<\/a><\/h2>\n <div class=\"entry\">\n  <p style=\"margin-bottom:4px;\">\n   <a href=\"http:\/\/www.neu-isenburg.de\/pressemodul\/pressemitteilungen\/april\/gemeinsam-bewegen-centro-vitalis-tag-der-offenen-tuer\" target=\"_blank\"><img decoding=\"async\" src=\"\/feeds\/gfx\/neu-isenburg.de.png\" style=\"align:left !important; float:left !important; margin-top:4px !important; margin-right:8px !important; margin-bottom:4px !important; width:90px !important;\" \/><\/a>   Angebot im Rahmen der Reihe \u201eGemeinsam Bewegen 2026\u201c<br clear=\"all\" \/>  <\/p>\n  <div><span class=\"my_article_details\"><time datetime=\"2026-04-22\">22.04.2026<\/time> &middot; <a href=\"\/news\/neu-isenburg-aktuell\" title=\"Neu-Isenburg heute aktuell\">Neu-Isenburg<\/a> &middot; <a href=\"\/news\/neu-isenburg-nachrichten\" title=\"Neu-Isenburg Nachrichten\">News<\/a> &middot; <\/span><a href=\"http:\/\/www.neu-isenburg.de\/pressemodul\/pressemitteilungen\/april\/gemeinsam-bewegen-centro-vitalis-tag-der-offenen-tuer\" title=\"Link zum Artikel auf neu-isenburg.de\" target=\"_blank\">neu-isenburg.de<\/a><\/div>\n  <b><\/b>\n <\/div>\n <\/article>\n<\/div>\n<div class=\"post\" style=\"margin-bottom:40px;\">\n <article>\n <h2><a name=\"0a452a14\" href=\"http:\/\/www.neu-isenburg.de\/pressemodul\/pressemitteilungen\/april\/weltkindertag-am-27.september-2026\" rel=\"bookmark\" style=\"color:#333333; font-weight:bold;\" title=\"Link zum Artikel auf neu-isenburg.de\" target=\"_blank\">Neu-Isenburg: Beitr\u00e4ge und Aktionen f\u00fcr den Weltkindertag einreichen<\/a><\/h2>\n <div class=\"entry\">\n  <p style=\"margin-bottom:4px;\">\n   <a href=\"http:\/\/www.neu-isenburg.de\/pressemodul\/pressemitteilungen\/april\/weltkindertag-am-27.september-2026\" target=\"_blank\"><img decoding=\"async\" src=\"\/feeds\/gfx\/neu-isenburg.de.png\" style=\"align:left !important; float:left !important; margin-top:4px !important; margin-right:8px !important; margin-bottom:4px !important; width:90px !important;\" \/><\/a>   Der Weltkindertag wird am 27. September gefeiert. Wer mitmachen m&ouml;chte, kann seine Beitr&auml;ge bis zum 30. April 2026 anmelden<br clear=\"all\" \/>  <\/p>\n  <div><span class=\"my_article_details\"><time datetime=\"2026-04-22\">22.04.2026<\/time> &middot; <a href=\"\/news\/neu-isenburg-aktuell\" title=\"Neu-Isenburg heute aktuell\">Neu-Isenburg<\/a> &middot; <a href=\"\/news\/neu-isenburg-nachrichten\" title=\"Neu-Isenburg Nachrichten\">News<\/a> &middot; <\/span><a href=\"http:\/\/www.neu-isenburg.de\/pressemodul\/pressemitteilungen\/april\/weltkindertag-am-27.september-2026\" title=\"Link zum Artikel auf neu-isenburg.de\" target=\"_blank\">neu-isenburg.de<\/a><\/div>\n  <b><\/b>\n <\/div>\n <\/article>\n<\/div>\n<div class=\"post\" style=\"margin-bottom:40px;\">\n <article>\n <h2><a name=\"4d9add05\" href=\"https:\/\/www.hessenschau.de\/wirtschaft\/frankfurter-flughafen-neues-passagier-terminal-3-feierlich-eroeffnet-v1,terminal3-eroeffnung-100.html\" rel=\"bookmark\" style=\"color:#333333; font-weight:bold;\" title=\"Link zum Artikel auf hessenschau.de\" target=\"_blank\">Frankfurter Flughafen: Neues Passagier-Terminal 3 feierlich er\u00f6ffnet<\/a><\/h2>\n <div class=\"entry\">\n  <p style=\"margin-bottom:4px;\">\n   <a href=\"https:\/\/www.hessenschau.de\/wirtschaft\/frankfurter-flughafen-neues-passagier-terminal-3-feierlich-eroeffnet-v1,terminal3-eroeffnung-100.html\" target=\"_blank\"><img decoding=\"async\" src=\"https:\/\/www.hessenschau.de\/wirtschaft\/terminal3-100~_t-1776855510609_v-16to9.jpg\" style=\"align:left !important; float:left !important; margin-top:4px !important; margin-right:8px !important; margin-bottom:4px !important; width:90px !important;\" \/><\/a>   Am Frankfurter Flughafen ist das Terminal 3 mit einem Festakt er&ouml;ffnet worden. Es ist f&uuml;r die Abfertigung von rund 19 Millionen Passagieren im Jahr ausgelegt - Erweiterung m&ouml;glich. ...<br clear=\"all\" \/>  <\/p>\n  <div><span class=\"my_article_details\"><time datetime=\"2026-04-22\">22.04.2026<\/time> &middot; <a href=\"\/news\/fluglaerm-offenbach-am-main\" title=\"Flugl\u00e4rm Offenbach am Main\">Flughafen<\/a> &middot; Frankfurt &middot; <\/span><a href=\"https:\/\/www.hessenschau.de\/wirtschaft\/frankfurter-flughafen-neues-passagier-terminal-3-feierlich-eroeffnet-v1,terminal3-eroeffnung-100.html\" title=\"Link zum Artikel auf hessenschau.de\" target=\"_blank\">hessenschau.de<\/a><\/div>\n  <b><\/b>\n <\/div>\n <\/article>\n<\/div>\n<div class=\"post\" style=\"margin-bottom:40px;\">\n <article>\n <h2><a name=\"921a7fd4\" href=\"http:\/\/www.neu-isenburg.de\/pressemodul\/pressemitteilungen\/april\/verschenk-und-tauschmarkt\" rel=\"bookmark\" style=\"color:#333333; font-weight:bold;\" title=\"Link zum Artikel auf neu-isenburg.de\" target=\"_blank\">Neu-Isenburg: Verschenk- und Tauschmarkt<\/a><\/h2>\n <div class=\"entry\">\n  <p style=\"margin-bottom:4px;\">\n   <a href=\"http:\/\/www.neu-isenburg.de\/pressemodul\/pressemitteilungen\/april\/verschenk-und-tauschmarkt\" target=\"_blank\"><img decoding=\"async\" src=\"\/feeds\/gfx\/neu-isenburg.de.png\" style=\"align:left !important; float:left !important; margin-top:4px !important; margin-right:8px !important; margin-bottom:4px !important; width:90px !important;\" \/><\/a>   Alles, was zu schade f&uuml;r den M&uuml;ll ist, kann hier gehandelt werden.<br clear=\"all\" \/>  <\/p>\n  <div><span class=\"my_article_details\"><time datetime=\"2026-04-22\">22.04.2026<\/time> &middot; <a href=\"\/news\/neu-isenburg-aktuell\" title=\"Neu-Isenburg heute aktuell\">Neu-Isenburg<\/a> &middot; <a href=\"\/news\/neu-isenburg-nachrichten\" title=\"Neu-Isenburg Nachrichten\">News<\/a> &middot; <\/span><a href=\"http:\/\/www.neu-isenburg.de\/pressemodul\/pressemitteilungen\/april\/verschenk-und-tauschmarkt\" title=\"Link zum Artikel auf neu-isenburg.de\" target=\"_blank\">neu-isenburg.de<\/a><\/div>\n  <b><\/b>\n <\/div>\n <\/article>\n<\/div>\n<div class=\"post\" style=\"margin-bottom:40px;\">\n <article>\n <h2><a name=\"bf52f67e\" href=\"http:\/\/www.neu-isenburg.de\/pressemodul\/pressemitteilungen\/april\/anleinpflicht-fuer-hunde\" rel=\"bookmark\" style=\"color:#333333; font-weight:bold;\" title=\"Link zum Artikel auf neu-isenburg.de\" target=\"_blank\">Wo Hunde in Neu-Isenburg an die Leine m\u00fcssen<\/a><\/h2>\n <div class=\"entry\">\n  <p style=\"margin-bottom:4px;\">\n   <a href=\"http:\/\/www.neu-isenburg.de\/pressemodul\/pressemitteilungen\/april\/anleinpflicht-fuer-hunde\" target=\"_blank\"><img decoding=\"async\" src=\"\/feeds\/gfx\/neu-isenburg.de.png\" style=\"align:left !important; float:left !important; margin-top:4px !important; margin-right:8px !important; margin-bottom:4px !important; width:90px !important;\" \/><\/a>   Eine stadtweite Anleinpflicht besteht nicht - allerdings gibt es ausgewiesene Bereiche, in denen Hunde an die Leine m&uuml;ssen<br clear=\"all\" \/>  <\/p>\n  <div><span class=\"my_article_details\"><time datetime=\"2026-04-22\">22.04.2026<\/time> &middot; <a href=\"\/news\/neu-isenburg-aktuell\" title=\"Neu-Isenburg heute aktuell\">Neu-Isenburg<\/a> &middot; <a href=\"\/news\/neu-isenburg-nachrichten\" title=\"Neu-Isenburg Nachrichten\">News<\/a> &middot; <\/span><a href=\"http:\/\/www.neu-isenburg.de\/pressemodul\/pressemitteilungen\/april\/anleinpflicht-fuer-hunde\" title=\"Link zum Artikel auf neu-isenburg.de\" target=\"_blank\">neu-isenburg.de<\/a><\/div>\n  <b><\/b>\n <\/div>\n <\/article>\n<\/div>\n<div class=\"post\" style=\"margin-bottom:40px;\">\n <article>\n <h2><a name=\"8ac891cd\" href=\"http:\/\/www.neu-isenburg.de\/pressemodul\/pressemitteilungen\/april\/fussball-und-fifa-ps5-freundschaftsspielevent\" rel=\"bookmark\" style=\"color:#333333; font-weight:bold;\" title=\"Link zum Artikel auf neu-isenburg.de\" target=\"_blank\">Neu-Isenburg: Fu\u00dfball- und Fifa-PS5-Freundschaftsspiel<\/a><\/h2>\n <div class=\"entry\">\n  <p style=\"margin-bottom:4px;\">\n   <a href=\"http:\/\/www.neu-isenburg.de\/pressemodul\/pressemitteilungen\/april\/fussball-und-fifa-ps5-freundschaftsspielevent\" target=\"_blank\"><img decoding=\"async\" src=\"\/feeds\/gfx\/neu-isenburg.de.png\" style=\"align:left !important; float:left !important; margin-top:4px !important; margin-right:8px !important; margin-bottom:4px !important; width:90px !important;\" \/><\/a>   JUZ Gravenbruch veranstaltet in Kooperation mit der mobilen Jugendarbeit Heusenstamm ein Freundschaftsspiel<br clear=\"all\" \/>  <\/p>\n  <div><span class=\"my_article_details\"><time datetime=\"2026-04-22\">22.04.2026<\/time> &middot; Gravenbruch &middot; <\/span><a href=\"http:\/\/www.neu-isenburg.de\/pressemodul\/pressemitteilungen\/april\/fussball-und-fifa-ps5-freundschaftsspielevent\" title=\"Link zum Artikel auf neu-isenburg.de\" target=\"_blank\">neu-isenburg.de<\/a><\/div>\n  <b><\/b>\n <\/div>\n <\/article>\n<\/div>\n<div class=\"post\" style=\"margin-bottom:40px;\">\n <article>\n <h2><a name=\"81466655\" href=\"http:\/\/www.neu-isenburg.de\/pressemodul\/pressemitteilungen\/april\/stadtmeisterschaft-im-mixed-volleyball-in-neu-isenburg\" rel=\"bookmark\" style=\"color:#333333; font-weight:bold;\" title=\"Link zum Artikel auf neu-isenburg.de\" target=\"_blank\">Neu-Isenburg: Volleyfische gewinnen Stadtmeisterschaft im Mixed-Volleyball<\/a><\/h2>\n <div class=\"entry\">\n  <p style=\"margin-bottom:4px;\">\n   <a href=\"http:\/\/www.neu-isenburg.de\/pressemodul\/pressemitteilungen\/april\/stadtmeisterschaft-im-mixed-volleyball-in-neu-isenburg\" target=\"_blank\"><img decoding=\"async\" src=\"\/feeds\/gfx\/neu-isenburg.de.png\" style=\"align:left !important; float:left !important; margin-top:4px !important; margin-right:8px !important; margin-bottom:4px !important; width:90px !important;\" \/><\/a>   10 Mannschaften gingen an den Start. Erneut setzten sich die &quot;Volleyfische&quot; durch.<br clear=\"all\" \/>  <\/p>\n  <div><span class=\"my_article_details\"><time datetime=\"2026-04-22\">22.04.2026<\/time> &middot; <a href=\"\/news\/neu-isenburg-aktuell\" title=\"Neu-Isenburg heute aktuell\">Neu-Isenburg<\/a> &middot; <a href=\"\/news\/neu-isenburg-nachrichten\" title=\"Neu-Isenburg Nachrichten\">News<\/a> &middot; <\/span><a href=\"http:\/\/www.neu-isenburg.de\/pressemodul\/pressemitteilungen\/april\/stadtmeisterschaft-im-mixed-volleyball-in-neu-isenburg\" title=\"Link zum Artikel auf neu-isenburg.de\" target=\"_blank\">neu-isenburg.de<\/a><\/div>\n  <b><\/b>\n <\/div>\n <\/article>\n<\/div>\n<div class=\"post\" style=\"margin-bottom:40px;\">\n <article>\n <h2><a name=\"e41d161b\" href=\"http:\/\/www.neu-isenburg.de\/pressemodul\/pressemitteilungen\/april\/was-vapen-so-gefaehrlich-macht\" rel=\"bookmark\" style=\"color:#333333; font-weight:bold;\" title=\"Link zum Artikel auf neu-isenburg.de\" target=\"_blank\">Neu-Isenburg: Was Vapen so gef\u00e4hrlich macht<\/a><\/h2>\n <div class=\"entry\">\n  <p style=\"margin-bottom:4px;\">\n   <a href=\"http:\/\/www.neu-isenburg.de\/pressemodul\/pressemitteilungen\/april\/was-vapen-so-gefaehrlich-macht\" target=\"_blank\"><img decoding=\"async\" src=\"\/feeds\/gfx\/neu-isenburg.de.png\" style=\"align:left !important; float:left !important; margin-top:4px !important; margin-right:8px !important; margin-bottom:4px !important; width:90px !important;\" \/><\/a>   Pr&auml;ventionsseminar der Schulsozialarbeit an der Br&uuml;der-Grimm-Schule<br clear=\"all\" \/>  <\/p>\n  <div><span class=\"my_article_details\"><time datetime=\"2026-04-22\">22.04.2026<\/time> &middot; <a href=\"\/news\/neu-isenburg-aktuell\" title=\"Neu-Isenburg heute aktuell\">Neu-Isenburg<\/a> &middot; <a href=\"\/news\/neu-isenburg-nachrichten\" title=\"Neu-Isenburg Nachrichten\">News<\/a> &middot; <\/span><a href=\"http:\/\/www.neu-isenburg.de\/pressemodul\/pressemitteilungen\/april\/was-vapen-so-gefaehrlich-macht\" title=\"Link zum Artikel auf neu-isenburg.de\" target=\"_blank\">neu-isenburg.de<\/a><\/div>\n  <b><\/b>\n <\/div>\n <\/article>\n<\/div>\n<div class=\"post\" style=\"margin-bottom:40px;\">\n <article>\n <h2><a name=\"6e38a468\" href=\"http:\/\/www.neu-isenburg.de\/pressemodul\/pressemitteilungen\/april\/energieberatungen-der-verbraucherzentrale\" rel=\"bookmark\" style=\"color:#333333; font-weight:bold;\" title=\"Link zum Artikel auf neu-isenburg.de\" target=\"_blank\">Neu-Isenburg: Energieberatung Verbraucherzentrale<\/a><\/h2>\n <div class=\"entry\">\n  <p style=\"margin-bottom:4px;\">\n   <a href=\"http:\/\/www.neu-isenburg.de\/pressemodul\/pressemitteilungen\/april\/energieberatungen-der-verbraucherzentrale\" target=\"_blank\"><img decoding=\"async\" src=\"\/feeds\/gfx\/neu-isenburg.de.png\" style=\"align:left !important; float:left !important; margin-top:4px !important; margin-right:8px !important; margin-bottom:4px !important; width:90px !important;\" \/><\/a>   N&auml;chster Beratungs-Termin ist am 12. Mai im Rathaus<br clear=\"all\" \/>  <\/p>\n  <div><span class=\"my_article_details\"><time datetime=\"2026-04-22\">22.04.2026<\/time> &middot; <a href=\"\/news\/neu-isenburg-aktuell\" title=\"Neu-Isenburg heute aktuell\">Neu-Isenburg<\/a> &middot; <a href=\"\/news\/neu-isenburg-nachrichten\" title=\"Neu-Isenburg Nachrichten\">News<\/a> &middot; <\/span><a href=\"http:\/\/www.neu-isenburg.de\/pressemodul\/pressemitteilungen\/april\/energieberatungen-der-verbraucherzentrale\" title=\"Link zum Artikel auf neu-isenburg.de\" target=\"_blank\">neu-isenburg.de<\/a><\/div>\n  <b><\/b>\n <\/div>\n <\/article>\n<\/div>\n<div class=\"post\" style=\"margin-bottom:40px;\">\n <article>\n <h2><a name=\"16764371\" href=\"http:\/\/www.neu-isenburg.de\/pressemodul\/pressemitteilungen\/april\/vollsperrung-kirchstrasse-beginnt-am-18-mai\" rel=\"bookmark\" style=\"color:#333333; font-weight:bold;\" title=\"Link zum Artikel auf neu-isenburg.de\" target=\"_blank\">Neu-Isenburg: Vollsperrung Kirchstra\u00dfe ab 18. Mai<\/a><\/h2>\n <div class=\"entry\">\n  <p style=\"margin-bottom:4px;\">\n   <a href=\"http:\/\/www.neu-isenburg.de\/pressemodul\/pressemitteilungen\/april\/vollsperrung-kirchstrasse-beginnt-am-18-mai\" target=\"_blank\"><img decoding=\"async\" src=\"\/feeds\/gfx\/neu-isenburg.de.png\" style=\"align:left !important; float:left !important; margin-top:4px !important; margin-right:8px !important; margin-bottom:4px !important; width:90px !important;\" \/><\/a>   Aufgrund von Dacharbeiten ist die Kirchstra&szlig;e bis voraussichtlich 12. Juni 2026 im Kreuzungsbereich der Ludwigstra&szlig;e gesperrt<br clear=\"all\" \/>  <\/p>\n  <div><span class=\"my_article_details\"><time datetime=\"2026-04-22\">22.04.2026<\/time> &middot; <a href=\"\/news\/neu-isenburg-aktuell\" title=\"Neu-Isenburg heute aktuell\">Neu-Isenburg<\/a> &middot; <a href=\"\/news\/neu-isenburg-nachrichten\" title=\"Neu-Isenburg Nachrichten\">News<\/a> &middot; <\/span><a href=\"http:\/\/www.neu-isenburg.de\/pressemodul\/pressemitteilungen\/april\/vollsperrung-kirchstrasse-beginnt-am-18-mai\" title=\"Link zum Artikel auf neu-isenburg.de\" target=\"_blank\">neu-isenburg.de<\/a><\/div>\n  <b><\/b>\n <\/div>\n <\/article>\n<\/div>\n<div class=\"post\" style=\"margin-bottom:40px;\">\n <article>\n <h2><a name=\"53b4d7ae\" href=\"http:\/\/www.neu-isenburg.de\/pressemodul\/pressemitteilungen\/april\/entwurf-haushalt-2026-jetzt-online\" rel=\"bookmark\" style=\"color:#333333; font-weight:bold;\" title=\"Link zum Artikel auf neu-isenburg.de\" target=\"_blank\">Neu-Isenburg: Entwurf Haushalt 2026 jetzt online<\/a><\/h2>\n <div class=\"entry\">\n  <p style=\"margin-bottom:4px;\">\n   <a href=\"http:\/\/www.neu-isenburg.de\/pressemodul\/pressemitteilungen\/april\/entwurf-haushalt-2026-jetzt-online\" target=\"_blank\"><img decoding=\"async\" src=\"\/feeds\/gfx\/neu-isenburg.de.png\" style=\"align:left !important; float:left !important; margin-top:4px !important; margin-right:8px !important; margin-bottom:4px !important; width:90px !important;\" \/><\/a>   Interaktiver Haushalt der st&auml;dtischen Finanzen - mit vielen Grafiken und Erl&auml;uterungen<br clear=\"all\" \/>  <\/p>\n  <div><span class=\"my_article_details\"><time datetime=\"2026-04-22\">22.04.2026<\/time> &middot; <a href=\"\/news\/neu-isenburg-aktuell\" title=\"Neu-Isenburg heute aktuell\">Neu-Isenburg<\/a> &middot; <a href=\"\/news\/neu-isenburg-nachrichten\" title=\"Neu-Isenburg Nachrichten\">News<\/a> &middot; <\/span><a href=\"http:\/\/www.neu-isenburg.de\/pressemodul\/pressemitteilungen\/april\/entwurf-haushalt-2026-jetzt-online\" title=\"Link zum Artikel auf neu-isenburg.de\" target=\"_blank\">neu-isenburg.de<\/a><\/div>\n  <b><\/b>\n <\/div>\n <\/article>\n<\/div>\n<div class=\"post\" style=\"margin-bottom:40px;\">\n <article>\n <h2><a name=\"c8b6febb\" href=\"http:\/\/www.neu-isenburg.de\/pressemodul\/pressemitteilungen\/april\/oeffnungszeiten-wertstoffhof-sommerzeit\" rel=\"bookmark\" style=\"color:#333333; font-weight:bold;\" title=\"Link zum Artikel auf neu-isenburg.de\" target=\"_blank\">Neu-Isenburg: Sommer\u00f6ffnungszeiten des Isenburger Wertstoffhofes<\/a><\/h2>\n <div class=\"entry\">\n  <p style=\"margin-bottom:4px;\">\n   <a href=\"http:\/\/www.neu-isenburg.de\/pressemodul\/pressemitteilungen\/april\/oeffnungszeiten-wertstoffhof-sommerzeit\" target=\"_blank\"><img decoding=\"async\" src=\"\/feeds\/gfx\/neu-isenburg.de.png\" style=\"align:left !important; float:left !important; margin-top:4px !important; margin-right:8px !important; margin-bottom:4px !important; width:90px !important;\" \/><\/a>   Am langen Mittwoch bis 18 Uhr ge&ouml;ffnet<br clear=\"all\" \/>  <\/p>\n  <div><span class=\"my_article_details\"><time datetime=\"2026-04-22\">22.04.2026<\/time> &middot; <a href=\"\/news\/neu-isenburg-aktuell\" title=\"Neu-Isenburg heute aktuell\">Neu-Isenburg<\/a> &middot; <a href=\"\/news\/neu-isenburg-nachrichten\" title=\"Neu-Isenburg Nachrichten\">News<\/a> &middot; <\/span><a href=\"http:\/\/www.neu-isenburg.de\/pressemodul\/pressemitteilungen\/april\/oeffnungszeiten-wertstoffhof-sommerzeit\" title=\"Link zum Artikel auf neu-isenburg.de\" target=\"_blank\">neu-isenburg.de<\/a><\/div>\n  <b><\/b>\n <\/div>\n <\/article>\n<\/div>\n<div class=\"post\" style=\"margin-bottom:40px;\">\n <article>\n <h2><a name=\"41b1a52c\" href=\"http:\/\/www.neu-isenburg.de\/pressemodul\/pressemitteilungen\/april\/geaenderte-termine-der-abfallsammlung-wegen-maifeiertag\" rel=\"bookmark\" style=\"color:#333333; font-weight:bold;\" title=\"Link zum Artikel auf neu-isenburg.de\" target=\"_blank\">Neu-Isenburg: Ge\u00e4nderte Termine der Abfallsammlung wegen Maifeiertag<\/a><\/h2>\n <div class=\"entry\">\n  <p style=\"margin-bottom:4px;\">\n   <a href=\"http:\/\/www.neu-isenburg.de\/pressemodul\/pressemitteilungen\/april\/geaenderte-termine-der-abfallsammlung-wegen-maifeiertag\" target=\"_blank\"><img decoding=\"async\" src=\"\/feeds\/gfx\/neu-isenburg.de.png\" style=\"align:left !important; float:left !important; margin-top:4px !important; margin-right:8px !important; margin-bottom:4px !important; width:90px !important;\" \/><\/a>   Alle &Auml;nderungen sind im aktuellen Abfallkalender verzeichnet<br clear=\"all\" \/>  <\/p>\n  <div><span class=\"my_article_details\"><time datetime=\"2026-04-22\">22.04.2026<\/time> &middot; <a href=\"\/news\/neu-isenburg-aktuell\" title=\"Neu-Isenburg heute aktuell\">Neu-Isenburg<\/a> &middot; <a href=\"\/news\/neu-isenburg-nachrichten\" title=\"Neu-Isenburg Nachrichten\">News<\/a> &middot; <\/span><a href=\"http:\/\/www.neu-isenburg.de\/pressemodul\/pressemitteilungen\/april\/geaenderte-termine-der-abfallsammlung-wegen-maifeiertag\" title=\"Link zum Artikel auf neu-isenburg.de\" target=\"_blank\">neu-isenburg.de<\/a><\/div>\n  <b><\/b>\n <\/div>\n <\/article>\n<\/div>\n<div class=\"post\" style=\"margin-bottom:40px;\">\n <article>\n <h2><a name=\"ae02bb43\" href=\"http:\/\/www.neu-isenburg.de\/pressemodul\/pressemitteilungen\/april\/schliessung-wertstoffhof-am-9.mai\" rel=\"bookmark\" style=\"color:#333333; font-weight:bold;\" title=\"Link zum Artikel auf neu-isenburg.de\" target=\"_blank\">Neu-Isenburg: Schlie\u00dfung Wertstoffhof am 9. Mai<\/a><\/h2>\n <div class=\"entry\">\n  <p style=\"margin-bottom:4px;\">\n   <a href=\"http:\/\/www.neu-isenburg.de\/pressemodul\/pressemitteilungen\/april\/schliessung-wertstoffhof-am-9.mai\" target=\"_blank\"><img decoding=\"async\" src=\"\/feeds\/gfx\/neu-isenburg.de.png\" style=\"align:left !important; float:left !important; margin-top:4px !important; margin-right:8px !important; margin-bottom:4px !important; width:90px !important;\" \/><\/a>   Wegen des &quot;Tags der offenen T&uuml;r&quot; beim DLB am 9. Mai bleibt der Wertstoffhof an diesem Tag geschlossen<br clear=\"all\" \/>  <\/p>\n  <div><span class=\"my_article_details\"><time datetime=\"2026-04-22\">22.04.2026<\/time> &middot; <a href=\"\/news\/neu-isenburg-aktuell\" title=\"Neu-Isenburg heute aktuell\">Neu-Isenburg<\/a> &middot; <a href=\"\/news\/neu-isenburg-nachrichten\" title=\"Neu-Isenburg Nachrichten\">News<\/a> &middot; <\/span><a href=\"http:\/\/www.neu-isenburg.de\/pressemodul\/pressemitteilungen\/april\/schliessung-wertstoffhof-am-9.mai\" title=\"Link zum Artikel auf neu-isenburg.de\" target=\"_blank\">neu-isenburg.de<\/a><\/div>\n  <b><\/b>\n <\/div>\n <\/article>\n<\/div>\n<div class=\"post\" style=\"margin-bottom:40px;\">\n <article>\n <h2><a name=\"e0eac3a5\" href=\"http:\/\/www.neu-isenburg.de\/pressemodul\/pressemitteilungen\/april\/tag-der-offenen-tuer-beim-dlb\" rel=\"bookmark\" style=\"color:#333333; font-weight:bold;\" title=\"Link zum Artikel auf neu-isenburg.de\" target=\"_blank\">Neu-Isenburg: &quot;Tag der offenen T\u00fcr&quot; beim DLB am 09. Mai<\/a><\/h2>\n <div class=\"entry\">\n  <p style=\"margin-bottom:4px;\">\n   <a href=\"http:\/\/www.neu-isenburg.de\/pressemodul\/pressemitteilungen\/april\/tag-der-offenen-tuer-beim-dlb\" target=\"_blank\"><img decoding=\"async\" src=\"\/feeds\/gfx\/neu-isenburg.de.png\" style=\"align:left !important; float:left !important; margin-top:4px !important; margin-right:8px !important; margin-bottom:4px !important; width:90px !important;\" \/><\/a>   Entdecken, informieren, mitmachen - Von 10:00 Uhr bis 14:00 Uhr &ouml;ffnet der DLB alle T&uuml;ren.<br clear=\"all\" \/>  <\/p>\n  <div><span class=\"my_article_details\"><time datetime=\"2026-04-22\">22.04.2026<\/time> &middot; <a href=\"\/news\/neu-isenburg-aktuell\" title=\"Neu-Isenburg heute aktuell\">Neu-Isenburg<\/a> &middot; <a href=\"\/news\/neu-isenburg-nachrichten\" title=\"Neu-Isenburg Nachrichten\">News<\/a> &middot; <\/span><a href=\"http:\/\/www.neu-isenburg.de\/pressemodul\/pressemitteilungen\/april\/tag-der-offenen-tuer-beim-dlb\" title=\"Link zum Artikel auf neu-isenburg.de\" target=\"_blank\">neu-isenburg.de<\/a><\/div>\n  <b><\/b>\n <\/div>\n <\/article>\n<\/div>\n<div class=\"post\" style=\"margin-bottom:40px;\">\n <article>\n <h2><a name=\"c37d3ec1\" href=\"http:\/\/www.neu-isenburg.de\/pressemodul\/pressemitteilungen\/april\/maengelmelder-neu-isenburg\" rel=\"bookmark\" style=\"color:#333333; font-weight:bold;\" title=\"Link zum Artikel auf neu-isenburg.de\" target=\"_blank\">Neu-Isenburg: Der Onlinemelder \u201eSag\u2019s uns\u201c kommt gut an<\/a><\/h2>\n <div class=\"entry\">\n  <p style=\"margin-bottom:4px;\">\n   <a href=\"http:\/\/www.neu-isenburg.de\/pressemodul\/pressemitteilungen\/april\/maengelmelder-neu-isenburg\" target=\"_blank\"><img decoding=\"async\" src=\"\/feeds\/gfx\/neu-isenburg.de.png\" style=\"align:left !important; float:left !important; margin-top:4px !important; margin-right:8px !important; margin-bottom:4px !important; width:90px !important;\" \/><\/a>   Nutzerfreundlich, &uuml;bersichtlich, modernes Design<br clear=\"all\" \/>  <\/p>\n  <div><span class=\"my_article_details\"><time datetime=\"2026-04-22\">22.04.2026<\/time> &middot; <a href=\"\/news\/neu-isenburg-aktuell\" title=\"Neu-Isenburg heute aktuell\">Neu-Isenburg<\/a> &middot; <a href=\"\/news\/neu-isenburg-nachrichten\" title=\"Neu-Isenburg Nachrichten\">News<\/a> &middot; <\/span><a href=\"http:\/\/www.neu-isenburg.de\/pressemodul\/pressemitteilungen\/april\/maengelmelder-neu-isenburg\" title=\"Link zum Artikel auf neu-isenburg.de\" target=\"_blank\">neu-isenburg.de<\/a><\/div>\n  <b><\/b>\n <\/div>\n <\/article>\n<\/div>\n<div class=\"post\" style=\"margin-bottom:40px;\">\n <article>\n <h2><a name=\"41785486\" href=\"https:\/\/www.hessenschau.de\/panorama\/grossuebung-mit-400-fahrzeugen-bis-sonntag-rollen-panzer-durch-hessen-v3,bundeswehr-kolonne-hethex-100.html\" rel=\"bookmark\" style=\"color:#333333; font-weight:bold;\" title=\"Link zum Artikel auf hessenschau.de\" target=\"_blank\">Gro\u00df\u00fcbung mit 400 Fahrzeugen: Bis Sonntag rollen Panzer durch Hessen<\/a><\/h2>\n <div class=\"entry\">\n  <p style=\"margin-bottom:4px;\">\n   <a href=\"https:\/\/www.hessenschau.de\/panorama\/grossuebung-mit-400-fahrzeugen-bis-sonntag-rollen-panzer-durch-hessen-v3,bundeswehr-kolonne-hethex-100.html\" target=\"_blank\"><img decoding=\"async\" src=\"https:\/\/www.hessenschau.de\/panorama\/dpa-bundeswehr-kolonne-100~_t-1776795735894_v-16to9.jpg\" style=\"align:left !important; float:left !important; margin-top:4px !important; margin-right:8px !important; margin-bottom:4px !important; width:90px !important;\" \/><\/a>   Ab heute bis Sonntag sind zahlreiche Milit&auml;rkonvois auf hessischen Autobahnen unterwegs. Die Bundeswehr &uuml;bt den Ernstfall, f&uuml;r alle anderen Verkehrsteilnehmer gibt es klare Regeln. ...<br clear=\"all\" \/>  <\/p>\n  <div><span class=\"my_article_details\"><time datetime=\"2026-04-22\">22.04.2026<\/time> &middot; Hessen &middot; Regeln &middot; <\/span><a href=\"https:\/\/www.hessenschau.de\/panorama\/grossuebung-mit-400-fahrzeugen-bis-sonntag-rollen-panzer-durch-hessen-v3,bundeswehr-kolonne-hethex-100.html\" title=\"Link zum Artikel auf hessenschau.de\" target=\"_blank\">hessenschau.de<\/a><\/div>\n  <b><\/b>\n <\/div>\n <\/article>\n<\/div>\n<div class=\"post\" style=\"margin-bottom:40px;\">\n <article>\n <h2><a name=\"c99c3254\" href=\"https:\/\/tsg-neu-isenburg.de\/2026\/04\/einladung-zur-jahreshauptversammlung-2026-freitag-22-mai-2026-1900-uhr-tsg-vereinshalle\/46237\/\" rel=\"bookmark\" style=\"color:#333333; font-weight:bold;\" title=\"Link zum Artikel auf tsg1885.de\" target=\"_blank\">Ein\u00adlad\u00adung zur Jahr\u00ades\u00adhaupt\u00adver\u00adsamm\u00adlung 2026, Freitag, 22. Mai 2026, 19:00 Uhr, TSG-Vereinshalle<\/a><\/h2>\n <div class=\"entry\">\n  <p style=\"margin-bottom:4px;\">\n   <a href=\"https:\/\/tsg-neu-isenburg.de\/2026\/04\/einladung-zur-jahreshauptversammlung-2026-freitag-22-mai-2026-1900-uhr-tsg-vereinshalle\/46237\/\" target=\"_blank\"><img decoding=\"async\" src=\"\/feeds\/gfx\/tsg1885.de.png\" style=\"align:left !important; float:left !important; margin-top:4px !important; margin-right:8px !important; margin-bottom:4px !important; width:90px !important;\" \/><\/a>   Liebe Vereinsmitglieder, sehr geehrte Ehreng&auml;ste, zu der am Freitag, den 22.05.2026, um 19:00 Uhr in der TSG-Vereinshalle stattfindenden ordentlichen Mitgliederversammlung der TSG 1885 e.V. Neu-Isenburg laden wir Sie\/Euch gem&auml;&szlig; \u00a710 der Satzung des Vereins herzlich ...<br clear=\"all\" \/>  <\/p>\n  <div><span class=\"my_article_details\"><time datetime=\"2026-04-22\">22.04.2026<\/time> &middot; <a href=\"\/news\/neu-isenburg-aktuell\" title=\"Neu-Isenburg heute aktuell\">Neu-Isenburg<\/a> &middot; <a href=\"\/news\/neu-isenburg-nachrichten\" title=\"Neu-Isenburg Nachrichten\">News<\/a> &middot; <\/span><a href=\"https:\/\/tsg-neu-isenburg.de\/2026\/04\/einladung-zur-jahreshauptversammlung-2026-freitag-22-mai-2026-1900-uhr-tsg-vereinshalle\/46237\/\" title=\"Link zum Artikel auf tsg1885.de\" target=\"_blank\">tsg1885.de<\/a><\/div>\n  <b><\/b>\n <\/div>\n <\/article>\n<\/div>\n<div class=\"post\" style=\"margin-bottom:40px;\">\n <article>\n <h2><a name=\"b9fe8a96\" href=\"https:\/\/www.spd-neu-isenburg.eu\/2026\/04\/22\/pubquiz-die-bundeslaender-einmal-anders-facts-funfacts-fangfragen\/\" rel=\"bookmark\" style=\"color:#333333; font-weight:bold;\" title=\"Link zum Artikel auf spd-neu-isenburg.eu\" target=\"_blank\">SPD: Pubquiz \u201cDie Bundesl\u00e4nder einmal anders \u2013 Facts, Funfacts, Fangfragen\u201d<\/a><\/h2>\n <div class=\"entry\">\n  <p style=\"margin-bottom:4px;\">\n   <a href=\"https:\/\/www.spd-neu-isenburg.eu\/2026\/04\/22\/pubquiz-die-bundeslaender-einmal-anders-facts-funfacts-fangfragen\/\" target=\"_blank\"><img decoding=\"async\" src=\"https:\/\/www.spd-neu-isenburg.eu\/wp-content\/uploads\/sites\/919\/2026\/01\/ig-post-hochkant-l-nder-900x600.png\" style=\"align:left !important; float:left !important; margin-top:4px !important; margin-right:8px !important; margin-bottom:4px !important; width:90px !important;\" \/><\/a>   Die SPD Neu-Isenburg l&auml;dt alle Interessierten ein, an unserem Pubquiz zum Thema &quot;Die Bundesl&auml;nder einmal anders &#8211; Facts, Funfacts, Fangfragen&quot; ein. Dieses mal dreht sich alles um unsere 16 Bundesl&auml;nder und die Eigenheiten, die sie auszeichnen. Kommt vorbei ...<br clear=\"all\" \/>  <\/p>\n  <div><span class=\"my_article_details\"><time datetime=\"2026-04-22\">22.04.2026<\/time> &middot; <a href=\"\/news\/neu-isenburg-aktuell\" title=\"Neu-Isenburg heute aktuell\">Neu-Isenburg<\/a> &middot; <a href=\"\/news\/neu-isenburg-nachrichten\" title=\"Neu-Isenburg Nachrichten\">News<\/a> &middot; <\/span><a href=\"https:\/\/www.spd-neu-isenburg.eu\/2026\/04\/22\/pubquiz-die-bundeslaender-einmal-anders-facts-funfacts-fangfragen\/\" title=\"Link zum Artikel auf spd-neu-isenburg.eu\" target=\"_blank\">spd-neu-isenburg.eu<\/a><\/div>\n  <b><\/b>\n <\/div>\n <\/article>\n<\/div>\n<div class=\"post\" style=\"margin-bottom:40px;\">\n <article>\n <h2><a name=\"95eeaa74\" href=\"https:\/\/www.presseportal.de\/blaulicht\/pm\/43561\/6260552\" rel=\"bookmark\" style=\"color:#333333; font-weight:bold;\" title=\"Link zum Artikel auf presseportal.de\" target=\"_blank\">Polizei Offenbach am Main: Pressemeldungen vom 22.04.2026<\/a><\/h2>\n <div class=\"entry\">\n  <p style=\"margin-bottom:4px;\">\n   <a href=\"https:\/\/www.presseportal.de\/blaulicht\/pm\/43561\/6260552\" target=\"_blank\"><img decoding=\"async\" src=\"\/feeds\/gfx\/POL-OF.jpg\" style=\"align:left !important; float:left !important; margin-top:4px !important; margin-right:8px !important; margin-bottom:4px !important; width:90px !important;\" \/><\/a>   ... <b>6. Zeugensuche nach Geldb\u00f6rsendiebstahl - Dreieich<\/b>   (cb) Eine Rentnerin war am Dienstag, zwischen 16 Uhr und 16.50 Uhr, in einem Einkaufsmarkt in der Robert-Bosch-Stra\u00dfe (10er-Hausnummern) einkaufen, als ihr Unbekannte die Geldb\u00f6rse klauten. Vermutlich nutzten die T\u00e4ter einen unbeobachteten Moment und entnahmen ...<br clear=\"all\" \/>  <\/p>\n  <div><span class=\"my_article_details\"><time datetime=\"2026-04-22\">22.04.2026<\/time> &middot; <a href=\"\/news\/diebstaehle-offenbach-am-main\" title=\"Diebst\u00e4hle Offenbach am Main\">Diebstahl<\/a> &middot; <a href=\"\/news\/neu-isenburg-aktuell\" title=\"Neu-Isenburg heute aktuell\">Neu-Isenburg<\/a> &middot; <\/span><a href=\"https:\/\/www.presseportal.de\/blaulicht\/pm\/43561\/6260552\" title=\"Link zum Artikel auf presseportal.de\" target=\"_blank\">presseportal.de<\/a><\/div>\n  <b><\/b>\n <\/div>\n <\/article>\n<\/div>\n<div class=\"post\" style=\"margin-bottom:40px;\">\n <article>\n <h2><a name=\"fdb16fc2\" href=\"https:\/\/www.offenbach.de\/presse\/pressemeldungen\/pressemeldungen-april\/pressemeldungen-KW17\/kjk-school-off-rock22.04.2026.php\" rel=\"bookmark\" style=\"color:#333333; font-weight:bold;\" title=\"Link zum Artikel auf offenbach.de\" target=\"_blank\">School off Rock: Sch\u00fclerBandFestival am Samstag<\/a><\/h2>\n <div class=\"entry\">\n  <p style=\"margin-bottom:4px;\">\n   <a href=\"https:\/\/www.offenbach.de\/presse\/pressemeldungen\/pressemeldungen-april\/pressemeldungen-KW17\/kjk-school-off-rock22.04.2026.php\" target=\"_blank\"><img decoding=\"async\" src=\"\/feeds\/gfx\/offenbach.de.png\" style=\"align:left !important; float:left !important; margin-top:4px !important; margin-right:8px !important; margin-bottom:4px !important; width:90px !important;\" \/><\/a>   <i>F\u00fcr diese Meldung existiert leider kein kurzer Auszug.<\/i><br clear=\"all\" \/>  <\/p>\n  <div><span class=\"my_article_details\"><time datetime=\"2026-04-22\">22.04.2026<\/time> &middot; Festival &middot; <a href=\"\/news\/offenbach-aktuell\" title=\"Offenbach heute aktuell\">Offenbach<\/a> &middot; <\/span><a href=\"https:\/\/www.offenbach.de\/presse\/pressemeldungen\/pressemeldungen-april\/pressemeldungen-KW17\/kjk-school-off-rock22.04.2026.php\" title=\"Link zum Artikel auf offenbach.de\" target=\"_blank\">offenbach.de<\/a><\/div>\n  <b><\/b>\n <\/div>\n <\/article>\n<\/div>\n<div class=\"post\" style=\"margin-bottom:40px;\">\n <article>\n <h2><a name=\"eb1ee8f6\" href=\"https:\/\/www.kreis-offenbach.de\/Service\/Medienservice\/Aktuelle-Pressemitteilungen\/-Landrat-vor-Ort-in-Obertshausen.php?object=tx,4013.5.1&ModID=7&FID=4013.3380.1&NavID=4013.211&La=1\" rel=\"bookmark\" style=\"color:#333333; font-weight:bold;\" title=\"Link zum Artikel auf kreis-offenbach.de\" target=\"_blank\">&bdquo;Landrat vor Ort&ldquo; in Obertshausen<\/a><\/h2>\n <div class=\"entry\">\n  <p style=\"margin-bottom:4px;\">\n   <a href=\"https:\/\/www.kreis-offenbach.de\/Service\/Medienservice\/Aktuelle-Pressemitteilungen\/-Landrat-vor-Ort-in-Obertshausen.php?object=tx,4013.5.1&ModID=7&FID=4013.3380.1&NavID=4013.211&La=1\" target=\"_blank\"><img decoding=\"async\" src=\"\/feeds\/gfx\/kreis-offenbach.de.png\" style=\"align:left !important; float:left !important; margin-top:4px !important; margin-right:8px !important; margin-bottom:4px !important; width:90px !important;\" \/><\/a>   Die Begegnungen und der Dialog mit den Menschen sind f\u00fcr Landrat Oliver Quilling besonders wichtig. Mit ihm ins Gespr\u00e4ch kommen  ...<br clear=\"all\" \/>  <\/p>\n  <div><span class=\"my_article_details\"><time datetime=\"2026-04-22\">22.04.2026<\/time> &middot; <a href=\"\/news\/polizeieinsaetze-offenbach-am-main\" title=\"Polizeieins\u00e4tze Offenbach am Main\">Kreis Offenbach<\/a> &middot; <\/span><a href=\"https:\/\/www.kreis-offenbach.de\/Service\/Medienservice\/Aktuelle-Pressemitteilungen\/-Landrat-vor-Ort-in-Obertshausen.php?object=tx,4013.5.1&ModID=7&FID=4013.3380.1&NavID=4013.211&La=1\" title=\"Link zum Artikel auf kreis-offenbach.de\" target=\"_blank\">kreis-offenbach.de<\/a><\/div>\n  <b><\/b>\n <\/div>\n <\/article>\n<\/div>\n<div class=\"post\" style=\"margin-bottom:40px;\">\n <article>\n <h2><a name=\"ac6342b6\" href=\"https:\/\/www.fr.de\/rhein-main\/offenbach\/beliebtes-freizeitbad-in-rhein-main-bekommt-upgrade-94272571.html\" rel=\"bookmark\" style=\"color:#333333; font-weight:bold;\" title=\"Link zum Artikel auf fr.de\" target=\"_blank\">Spatenstich erfolgt: Beliebtes Freizeitbad in Rhein-Main bekommt Upgrade<\/a><\/h2>\n <div class=\"entry\">\n  <p style=\"margin-bottom:4px;\">\n   <a href=\"https:\/\/www.fr.de\/rhein-main\/offenbach\/beliebtes-freizeitbad-in-rhein-main-bekommt-upgrade-94272571.html\" target=\"_blank\"><img decoding=\"async\" src=\"https:\/\/www.fr.de\/assets\/images\/42\/278\/42278607-symbolischer-spatenstich-fuer-die-freiflaeche-des-monte-mare-bades-fuenfter-von-links-obertshausens-buergermeister-manuel-friedrich-2x01.jpg\" style=\"align:left !important; float:left !important; margin-top:4px !important; margin-right:8px !important; margin-bottom:4px !important; width:90px !important;\" \/><\/a>   2027 soll die neue Au&szlig;enfl&auml;che am Monte-Mare-Freizeitbad in Obertshausen (Kreis Offenbach) er&ouml;ffnet werden. F&uuml;r die Anlage war jetzt Spatenstich.<br clear=\"all\" \/>  <\/p>\n  <div><span class=\"my_article_details\"><time datetime=\"2026-04-21\">21.04.2026<\/time> &middot; <a href=\"\/news\/polizeieinsaetze-offenbach-am-main\" title=\"Polizeieins\u00e4tze Offenbach am Main\">Kreis Offenbach<\/a> &middot; <\/span><a href=\"https:\/\/www.fr.de\/rhein-main\/offenbach\/beliebtes-freizeitbad-in-rhein-main-bekommt-upgrade-94272571.html\" title=\"Link zum Artikel auf fr.de\" target=\"_blank\">fr.de<\/a><\/div>\n  <b><\/b>\n <\/div>\n <\/article>\n<\/div>\n<div class=\"post\" style=\"margin-bottom:40px;\">\n <article>\n <h2><a name=\"56a898f8\" href=\"https:\/\/www.fr.de\/rhein-main\/a3-im-kreis-offenbach-drei-naechte-dicht-a45-umleitung-richtung-hanau-94272242.html\" rel=\"bookmark\" style=\"color:#333333; font-weight:bold;\" title=\"Link zum Artikel auf fr.de\" target=\"_blank\">A3 in Rhein-Main drei N\u00e4chte dicht \u2013 A45-Umleitung Richtung Hanau<\/a><\/h2>\n <div class=\"entry\">\n  <p style=\"margin-bottom:4px;\">\n   <a href=\"https:\/\/www.fr.de\/rhein-main\/a3-im-kreis-offenbach-drei-naechte-dicht-a45-umleitung-richtung-hanau-94272242.html\" target=\"_blank\"><img decoding=\"async\" src=\"https:\/\/www.fr.de\/assets\/images\/42\/4\/42004618-autobahn-a5-frankfurter-kreuz-2N01.jpg\" style=\"align:left !important; float:left !important; margin-top:4px !important; margin-right:8px !important; margin-bottom:4px !important; width:90px !important;\" \/><\/a>   Die A3-Anschlussstelle Hanau wird Montag, Dienstag und Donnerstag nachts gesperrt. Umleitungen sind ab Seligenstadt (Kreis Offenbach) ausgeschildert.<br clear=\"all\" \/>  <\/p>\n  <div><span class=\"my_article_details\"><time datetime=\"2026-04-21\">21.04.2026<\/time> &middot; <a href=\"\/news\/polizeieinsaetze-offenbach-am-main\" title=\"Polizeieins\u00e4tze Offenbach am Main\">Kreis Offenbach<\/a> &middot; <\/span><a href=\"https:\/\/www.fr.de\/rhein-main\/a3-im-kreis-offenbach-drei-naechte-dicht-a45-umleitung-richtung-hanau-94272242.html\" title=\"Link zum Artikel auf fr.de\" target=\"_blank\">fr.de<\/a><\/div>\n  <b><\/b>\n <\/div>\n <\/article>\n<\/div>\n<div class=\"post\" style=\"margin-bottom:40px;\">\n <article>\n <h2><a name=\"ec0b6fb5\" href=\"https:\/\/tsg-neu-isenburg.de\/2026\/04\/frauenselbstverteidigungskurs-2\/46232\/\" rel=\"bookmark\" style=\"color:#333333; font-weight:bold;\" title=\"Link zum Artikel auf tsg1885.de\" target=\"_blank\">Sport: Frauenselbstverteidigungskurs<\/a><\/h2>\n <div class=\"entry\">\n  <p style=\"margin-bottom:4px;\">\n   <a href=\"https:\/\/tsg-neu-isenburg.de\/2026\/04\/frauenselbstverteidigungskurs-2\/46232\/\" target=\"_blank\"><img decoding=\"async\" src=\"\/feeds\/gfx\/tsg1885.de.png\" style=\"align:left !important; float:left !important; margin-top:4px !important; margin-right:8px !important; margin-bottom:4px !important; width:90px !important;\" \/><\/a>   Unter der Leitung von Hapkido-Meister Michael Nees, 4. DAN Hapkido, 2. DAN Selbstverteidigung und Master Coach fand am Samstag, dem 18. April 2026, bei der TSG ein Selbstverteidigungskurs f&uuml;r Frauen statt. Unterst&uuml;tzt wurde er hierbei von den Hapkido-Meistern ...<br clear=\"all\" \/>  <\/p>\n  <div><span class=\"my_article_details\"><time datetime=\"2026-04-21\">21.04.2026<\/time> &middot; <a href=\"\/news\/neu-isenburg-aktuell\" title=\"Neu-Isenburg heute aktuell\">Neu-Isenburg<\/a> &middot; <a href=\"\/news\/neu-isenburg-nachrichten\" title=\"Neu-Isenburg Nachrichten\">News<\/a> &middot; <\/span><a href=\"https:\/\/tsg-neu-isenburg.de\/2026\/04\/frauenselbstverteidigungskurs-2\/46232\/\" title=\"Link zum Artikel auf tsg1885.de\" target=\"_blank\">tsg1885.de<\/a><\/div>\n  <b><\/b>\n <\/div>\n <\/article>\n<\/div>\n<div class=\"post\" style=\"margin-bottom:40px;\">\n <article>\n <h2><a name=\"a2e98d84\" href=\"https:\/\/spvgg03.de\/unser-sommer-2026\/\" rel=\"bookmark\" style=\"color:#333333; font-weight:bold;\" title=\"Link zum Artikel auf null-drei.de\" target=\"_blank\">Fu\u00dfball: Unser Sommer 2026<\/a><\/h2>\n <div class=\"entry\">\n  <p style=\"margin-bottom:4px;\">\n   <a href=\"https:\/\/spvgg03.de\/unser-sommer-2026\/\" target=\"_blank\"><img decoding=\"async\" src=\"\/feeds\/gfx\/null-drei.de.png\" style=\"align:left !important; float:left !important; margin-top:4px !important; margin-right:8px !important; margin-bottom:4px !important; width:90px !important;\" \/><\/a>   Auch diesen Sommer steht wieder ein buntes Programm auf dem Plan. Unser Veranstaltungssommer startet am 14.05.26 mit einem Vatertagsgrillen bei uns im Stadion. Zus&auml;tzlich tragen wir nebenbei ein kleines U19 Blitzturnier aus. An den n&auml;chsten beiden Tagen, dem ...<br clear=\"all\" \/>  <\/p>\n  <div><span class=\"my_article_details\"><time datetime=\"2026-04-21\">21.04.2026<\/time> &middot; <a href=\"\/news\/neu-isenburg-aktuell\" title=\"Neu-Isenburg heute aktuell\">Neu-Isenburg<\/a> &middot; <a href=\"\/news\/neu-isenburg-nachrichten\" title=\"Neu-Isenburg Nachrichten\">News<\/a> &middot; <\/span><a href=\"https:\/\/spvgg03.de\/unser-sommer-2026\/\" title=\"Link zum Artikel auf null-drei.de\" target=\"_blank\">null-drei.de<\/a><\/div>\n  <b><\/b>\n <\/div>\n <\/article>\n<\/div>\n<div class=\"post\" style=\"margin-bottom:40px;\">\n <article>\n <h2><a name=\"83a1b4fa\" href=\"https:\/\/spvgg03.de\/mercedes-benz-ostercamp-2026\/\" rel=\"bookmark\" style=\"color:#333333; font-weight:bold;\" title=\"Link zum Artikel auf null-drei.de\" target=\"_blank\">Fu\u00dfball: Mercedes-Benz Ostercamp 2026<\/a><\/h2>\n <div class=\"entry\">\n  <p style=\"margin-bottom:4px;\">\n   <a href=\"https:\/\/spvgg03.de\/mercedes-benz-ostercamp-2026\/\" target=\"_blank\"><img decoding=\"async\" src=\"\/feeds\/gfx\/null-drei.de.png\" style=\"align:left !important; float:left !important; margin-top:4px !important; margin-right:8px !important; margin-bottom:4px !important; width:90px !important;\" \/><\/a>   Mit etwas Versp&auml;tung ziehen wir auch 2026 ein sehr positives Fazit unseres Ostercamps. Vom 30.03. &#8211; 02.04. hie&szlig; es &uuml;ber 4 Tage und 8 Einheiten wieder Spiel, Spa&szlig; und gute Laune. Unsere Trainer um Bajram, Sebastian, Peeke und Stefano stellten ein buntes ...<br clear=\"all\" \/>  <\/p>\n  <div><span class=\"my_article_details\"><time datetime=\"2026-04-21\">21.04.2026<\/time> &middot; <a href=\"\/news\/neu-isenburg-aktuell\" title=\"Neu-Isenburg heute aktuell\">Neu-Isenburg<\/a> &middot; <a href=\"\/news\/neu-isenburg-nachrichten\" title=\"Neu-Isenburg Nachrichten\">News<\/a> &middot; <\/span><a href=\"https:\/\/spvgg03.de\/mercedes-benz-ostercamp-2026\/\" title=\"Link zum Artikel auf null-drei.de\" target=\"_blank\">null-drei.de<\/a><\/div>\n  <b><\/b>\n <\/div>\n <\/article>\n<\/div>\n<div class=\"post\" style=\"margin-bottom:40px;\">\n <article>\n <h2><a name=\"c3e75a78\" href=\"https:\/\/www.op-online.de\/region\/neu-isenburg\/miruna-costa-leitet-das-projekt-enso-fuer-den-kreis-offenbach-94270054.html\" rel=\"bookmark\" style=\"color:#333333; font-weight:bold;\" title=\"Link zum Artikel auf op-online.de\" target=\"_blank\">Miruna Costa leitet das Projekt ENSO f\u00fcr den Kreis Offenbach<\/a><\/h2>\n <div class=\"entry\">\n  <p style=\"margin-bottom:4px;\">\n   <a href=\"https:\/\/www.op-online.de\/region\/neu-isenburg\/miruna-costa-leitet-das-projekt-enso-fuer-den-kreis-offenbach-94270054.html\" target=\"_blank\"><img decoding=\"async\" src=\"https:\/\/www.op-online.de\/assets\/images\/42\/271\/42271273-die-neu-isenburger-kuenstlerin-miruna-costa-2d01.jpg\" style=\"align:left !important; float:left !important; margin-top:4px !important; margin-right:8px !important; margin-bottom:4px !important; width:90px !important;\" \/><\/a>   Die Neu-Isenburgerin organisiert das Kreisprojekt ENSO zum World Design Capital. Vier W&auml;lder und eine besondere Kunstaktion sind geplant.<br clear=\"all\" \/>  <\/p>\n  <div><span class=\"my_article_details\"><time datetime=\"2026-04-21\">21.04.2026<\/time> &middot; <a href=\"\/news\/neu-isenburg-aktuell\" title=\"Neu-Isenburg heute aktuell\">Neu-Isenburg<\/a> &middot; <a href=\"\/news\/neu-isenburg-nachrichten\" title=\"Neu-Isenburg Nachrichten\">News<\/a> &middot; <\/span><a href=\"https:\/\/www.op-online.de\/region\/neu-isenburg\/miruna-costa-leitet-das-projekt-enso-fuer-den-kreis-offenbach-94270054.html\" title=\"Link zum Artikel auf op-online.de\" target=\"_blank\">op-online.de<\/a><\/div>\n  <b><\/b>\n <\/div>\n <\/article>\n<\/div>\n<div class=\"post\" style=\"margin-bottom:40px;\">\n <article>\n <h2><a name=\"e41b22dc\" href=\"https:\/\/www.kreis-offenbach.de\/Service\/Medienservice\/Aktuelle-Pressemitteilungen\/Junger-KUSS-startet-Anmeldephase.php?object=tx,4013.5.1&ModID=7&FID=4013.3370.1&NavID=4013.211&La=1\" rel=\"bookmark\" style=\"color:#333333; font-weight:bold;\" title=\"Link zum Artikel auf kreis-offenbach.de\" target=\"_blank\">Junger KUSS startet Anmeldephase<\/a><\/h2>\n <div class=\"entry\">\n  <p style=\"margin-bottom:4px;\">\n   <a href=\"https:\/\/www.kreis-offenbach.de\/Service\/Medienservice\/Aktuelle-Pressemitteilungen\/Junger-KUSS-startet-Anmeldephase.php?object=tx,4013.5.1&ModID=7&FID=4013.3370.1&NavID=4013.211&La=1\" target=\"_blank\"><img decoding=\"async\" src=\"\/feeds\/gfx\/kreis-offenbach.de.png\" style=\"align:left !important; float:left !important; margin-top:4px !important; margin-right:8px !important; margin-bottom:4px !important; width:90px !important;\" \/><\/a>   Mit dem neuen Programmheft ist der Junge Kultursommer 2026 im Kreis Offenbach gestartet. Schulen, Klassen und Gruppen k\u00f6nnen sich ab sofort  ...<br clear=\"all\" \/>  <\/p>\n  <div><span class=\"my_article_details\"><time datetime=\"2026-04-21\">21.04.2026<\/time> &middot; <a href=\"\/news\/polizeieinsaetze-offenbach-am-main\" title=\"Polizeieins\u00e4tze Offenbach am Main\">Kreis Offenbach<\/a> &middot; <\/span><a href=\"https:\/\/www.kreis-offenbach.de\/Service\/Medienservice\/Aktuelle-Pressemitteilungen\/Junger-KUSS-startet-Anmeldephase.php?object=tx,4013.5.1&ModID=7&FID=4013.3370.1&NavID=4013.211&La=1\" title=\"Link zum Artikel auf kreis-offenbach.de\" target=\"_blank\">kreis-offenbach.de<\/a><\/div>\n  <b><\/b>\n <\/div>\n <\/article>\n<\/div>\n<div class=\"post\" style=\"margin-bottom:40px;\">\n <article>\n <h2><a name=\"1cbdd78e\" href=\"https:\/\/www.verbraucherzentrale-hessen.de\/node\/119236\" rel=\"bookmark\" style=\"color:#333333; font-weight:bold;\" title=\"Link zum Artikel auf verbraucherzentrale-hessen.de\" target=\"_blank\">Verbraucherzentrale: Schule vorbei und durchstarten<\/a><\/h2>\n <div class=\"entry\">\n  <p style=\"margin-bottom:4px;\">\n   <a href=\"https:\/\/www.verbraucherzentrale-hessen.de\/node\/119236\" target=\"_blank\"><img decoding=\"async\" src=\"\/feeds\/gfx\/verbraucherzentrale-hessen.de.png\" style=\"align:left !important; float:left !important; margin-top:4px !important; margin-right:8px !important; margin-bottom:4px !important; width:90px !important;\" \/><\/a>   Die Fokuswoche Ziele der Verbraucherzentralen bietet vom 18. bis zum 21. Mai 2026 kostenlose Online-Vortr&auml;ge<br clear=\"all\" \/>  <\/p>\n  <div><span class=\"my_article_details\"><time datetime=\"2026-04-21\">21.04.2026<\/time> &middot; Hessen &middot; <\/span><a href=\"https:\/\/www.verbraucherzentrale-hessen.de\/node\/119236\" title=\"Link zum Artikel auf verbraucherzentrale-hessen.de\" target=\"_blank\">verbraucherzentrale-hessen.de<\/a><\/div>\n  <b><\/b>\n <\/div>\n <\/article>\n<\/div>\n<div class=\"post\" style=\"margin-bottom:40px;\">\n <article>\n <h2><a name=\"ae0bf0fa\" href=\"https:\/\/www.op-online.de\/hessen\/fruehsommer-wetter-ueber-hessen-zieht-sich-zurueck-doch-bald-kommt-tag-mit-13-stunden-sonne-94269725.html\" rel=\"bookmark\" style=\"color:#333333; font-weight:bold;\" title=\"Link zum Artikel auf op-online.de\" target=\"_blank\">Fr\u00fchsommer-Wetter \u00fcber Offenbach zieht sich zur\u00fcck \u2013 doch bald kommt Tag mit 13 Stunden Sonne<\/a><\/h2>\n <div class=\"entry\">\n  <p style=\"margin-bottom:4px;\">\n   <a href=\"https:\/\/www.op-online.de\/hessen\/fruehsommer-wetter-ueber-hessen-zieht-sich-zurueck-doch-bald-kommt-tag-mit-13-stunden-sonne-94269725.html\" target=\"_blank\"><img decoding=\"async\" src=\"https:\/\/www.op-online.de\/assets\/images\/42\/272\/42272584-partie-schach-im-sonnenschein-in-offenbach-3F01.jpg\" style=\"align:left !important; float:left !important; margin-top:4px !important; margin-right:8px !important; margin-bottom:4px !important; width:90px !important;\" \/><\/a>   Am Wochenende wurde es pl&ouml;tzlich wieder kalt in S&uuml;dosthessen. Doch die neue Woche verspricht mindestens zwei sch&ouml;ne Tage f&uuml;r alle, die die Sonne lieben.<br clear=\"all\" \/>  <\/p>\n  <div><span class=\"my_article_details\"><time datetime=\"2026-04-20\">20.04.2026<\/time> &middot; <a href=\"\/news\/offenbach-aktuell\" title=\"Offenbach heute aktuell\">Offenbach<\/a> &middot; Wetter &middot; <\/span><a href=\"https:\/\/www.op-online.de\/hessen\/fruehsommer-wetter-ueber-hessen-zieht-sich-zurueck-doch-bald-kommt-tag-mit-13-stunden-sonne-94269725.html\" title=\"Link zum Artikel auf op-online.de\" target=\"_blank\">op-online.de<\/a><\/div>\n  <b><\/b>\n <\/div>\n <\/article>\n<\/div>\n<div class=\"post\" style=\"margin-bottom:40px;\">\n <article>\n <h2><a name=\"f0961555\" href=\"https:\/\/www.presseportal.de\/blaulicht\/pm\/43561\/6258846\" rel=\"bookmark\" style=\"color:#333333; font-weight:bold;\" title=\"Link zum Artikel auf presseportal.de\" target=\"_blank\">Polizei Offenbach am Main: Pressemeldungen vom 20.04.2026<\/a><\/h2>\n <div class=\"entry\">\n  <p style=\"margin-bottom:4px;\">\n   <a href=\"https:\/\/www.presseportal.de\/blaulicht\/pm\/43561\/6258846\" target=\"_blank\"><img decoding=\"async\" src=\"\/feeds\/gfx\/POL-OF.jpg\" style=\"align:left !important; float:left !important; margin-top:4px !important; margin-right:8px !important; margin-bottom:4px !important; width:90px !important;\" \/><\/a>   ... <b>10. Fahrer fuhr auf Verkehrsinsel und fl\u00fcchtete hiernach zu Fu\u00df - Dreieich<\/b>     (me) Aus bislang noch unbekannten Gr\u00fcnden geriet der etwa 40 Jahre alte Fahrer eines blauen Kastenwagens mit diesem am Sonntag gegen 10:15 Uhr beim Befahren einer Rechtskurve nach links auf eine Verkehrsinsel und verkeilte sich auf dieser. Anstatt den Unfall ...<br clear=\"all\" \/>  <\/p>\n  <div><span class=\"my_article_details\"><time datetime=\"2026-04-20\">20.04.2026<\/time> &middot; <a href=\"\/news\/neu-isenburg-aktuell\" title=\"Neu-Isenburg heute aktuell\">Neu-Isenburg<\/a> &middot; <a href=\"\/news\/unfaelle-offenbach-am-main\" title=\"Unf\u00e4lle Offenbach am Main\">Unfall<\/a> &middot; <\/span><a href=\"https:\/\/www.presseportal.de\/blaulicht\/pm\/43561\/6258846\" title=\"Link zum Artikel auf presseportal.de\" target=\"_blank\">presseportal.de<\/a><\/div>\n  <b><\/b>\n <\/div>\n <\/article>\n<\/div>\n<div class=\"post\" style=\"margin-bottom:40px;\">\n <article>\n <h2><a name=\"2781f0d6\" href=\"https:\/\/www.op-online.de\/sport\/amateur-fussball\/albera-haelt-die-03er-mit-zwei-toren-auf-titelkurs-94269182.html\" rel=\"bookmark\" style=\"color:#333333; font-weight:bold;\" title=\"Link zum Artikel auf op-online.de\" target=\"_blank\">Fu\u00dfball: Albera h\u00e4lt die 03er mit zwei Toren auf Titelkurs<\/a><\/h2>\n <div class=\"entry\">\n  <p style=\"margin-bottom:4px;\">\n   <a href=\"https:\/\/www.op-online.de\/sport\/amateur-fussball\/albera-haelt-die-03er-mit-zwei-toren-auf-titelkurs-94269182.html\" target=\"_blank\"><img decoding=\"async\" src=\"https:\/\/www.op-online.de\/assets\/images\/42\/265\/42265531-elfmeter-und-jubel-zum-durch-jerome-eros-albera-isenburg-2001.jpg\" style=\"align:left !important; float:left !important; margin-top:4px !important; margin-right:8px !important; margin-bottom:4px !important; width:90px !important;\" \/><\/a>   Die Spvgg. 03 Neu-Isenburg siegt 3:1 in Obertshausen. Der Vorsprung auf den Verfolger w&auml;chst auf vier Punkte. Dietesheim verliert deutlich.<br clear=\"all\" \/>  <\/p>\n  <div><span class=\"my_article_details\"><time datetime=\"2026-04-19\">19.04.2026<\/time> &middot; <a href=\"\/news\/neu-isenburg-aktuell\" title=\"Neu-Isenburg heute aktuell\">Neu-Isenburg<\/a> &middot; <a href=\"\/news\/neu-isenburg-nachrichten\" title=\"Neu-Isenburg Nachrichten\">News<\/a> &middot; <\/span><a href=\"https:\/\/www.op-online.de\/sport\/amateur-fussball\/albera-haelt-die-03er-mit-zwei-toren-auf-titelkurs-94269182.html\" title=\"Link zum Artikel auf op-online.de\" target=\"_blank\">op-online.de<\/a><\/div>\n  <b><\/b>\n <\/div>\n <\/article>\n<\/div>\n<div class=\"post\" style=\"margin-bottom:40px;\">\n <article>\n <h2><a name=\"b294d6c6\" href=\"https:\/\/www.hessenschau.de\/wirtschaft\/terminal-3-startet-was-sich-fuer-reisende-am-flughafen-frankfurt-aendert-v1,terminal-3-fragen-antworten-100.html\" rel=\"bookmark\" style=\"color:#333333; font-weight:bold;\" title=\"Link zum Artikel auf hessenschau.de\" target=\"_blank\">Terminal 3 startet: Was sich f\u00fcr Reisende am Flughafen Frankfurt \u00e4ndert<\/a><\/h2>\n <div class=\"entry\">\n  <p style=\"margin-bottom:4px;\">\n   <a href=\"https:\/\/www.hessenschau.de\/wirtschaft\/terminal-3-startet-was-sich-fuer-reisende-am-flughafen-frankfurt-aendert-v1,terminal-3-fragen-antworten-100.html\" target=\"_blank\"><img decoding=\"async\" src=\"https:\/\/www.hessenschau.de\/wirtschaft\/terminal3_-102~_t-1776182860000_v-16to9.jpg\" style=\"align:left !important; float:left !important; margin-top:4px !important; margin-right:8px !important; margin-bottom:4px !important; width:90px !important;\" \/><\/a>   Welche Airlines starten wo? Wie klappt der Umstieg? Und was gilt bei der Sicherheitskontrolle? Das neue Terminal 3 am Frankfurter Flughafen bringt viele &Auml;nderungen \u2013 die wichtigsten Antworten im &Uuml;berblick. ...<br clear=\"all\" \/>  <\/p>\n  <div><span class=\"my_article_details\"><time datetime=\"2026-04-19\">19.04.2026<\/time> &middot; <a href=\"\/news\/fluglaerm-offenbach-am-main\" title=\"Flugl\u00e4rm Offenbach am Main\">Flughafen<\/a> &middot; Frankfurt &middot; <\/span><a href=\"https:\/\/www.hessenschau.de\/wirtschaft\/terminal-3-startet-was-sich-fuer-reisende-am-flughafen-frankfurt-aendert-v1,terminal-3-fragen-antworten-100.html\" title=\"Link zum Artikel auf hessenschau.de\" target=\"_blank\">hessenschau.de<\/a><\/div>\n  <b><\/b>\n <\/div>\n <\/article>\n<\/div>\n<div class=\"post\" style=\"margin-bottom:40px;\">\n <article>\n <h2><a name=\"599e8c13\" href=\"https:\/\/www.journal-frankfurt.de\/?src=journal_news_einzel&id=45519&from=feed\" rel=\"bookmark\" style=\"color:#333333; font-weight:bold;\" title=\"Link zum Artikel auf journal-frankfurt.de\" target=\"_blank\">DanaMaria stellt ihr neues Album \u201eStarstruck\u201c vor<\/a><\/h2>\n <div class=\"entry\">\n  <p style=\"margin-bottom:4px;\">\n   <a href=\"https:\/\/www.journal-frankfurt.de\/?src=journal_news_einzel&id=45519&from=feed\" target=\"_blank\"><img decoding=\"async\" src=\"https:\/\/www.journal-frankfurt.de\/cache\/images\/news\/q180\/45519.jpg\" style=\"align:left !important; float:left !important; margin-top:4px !important; margin-right:8px !important; margin-bottom:4px !important; width:90px !important;\" \/><\/a>   Die Pr&auml;rie f&auml;ngt gleich hinter der Frankfurter Stadtgrenze statt. Denn aus Neu-Isenburg kommt DanaMaria, die dem deutschen Country-Klischee ihre ureigene Idee eines Space Country Cowboy Style entgegen.<br clear=\"all\" \/>  <\/p>\n  <div><span class=\"my_article_details\"><time datetime=\"2026-04-19\">19.04.2026<\/time> &middot; <a href=\"\/news\/neu-isenburg-aktuell\" title=\"Neu-Isenburg heute aktuell\">Neu-Isenburg<\/a> &middot; <a href=\"\/news\/neu-isenburg-nachrichten\" title=\"Neu-Isenburg Nachrichten\">News<\/a> &middot; <\/span><a href=\"https:\/\/www.journal-frankfurt.de\/?src=journal_news_einzel&id=45519&from=feed\" title=\"Link zum Artikel auf journal-frankfurt.de\" target=\"_blank\">journal-frankfurt.de<\/a><\/div>\n  <b><\/b>\n <\/div>\n <\/article>\n<\/div>\n<div class=\"post\" style=\"margin-bottom:40px;\">\n <article>\n <h2><a name=\"c50531c0\" href=\"https:\/\/germania-ober-roden.de\/germania-e2-beim-dsv-oster-cup-in-maintal\/\" rel=\"bookmark\" style=\"color:#333333; font-weight:bold;\" title=\"Link zum Artikel auf germania-ober-roden.de\" target=\"_blank\">Fu\u00dfball: Germania E2\u00a0beim\u00a0DSV Oster-CUP in Maintal<\/a><\/h2>\n <div class=\"entry\">\n  <p style=\"margin-bottom:4px;\">\n   <a href=\"https:\/\/germania-ober-roden.de\/germania-e2-beim-dsv-oster-cup-in-maintal\/\" target=\"_blank\"><img decoding=\"async\" src=\"\/feeds\/gfx\/germania-ober-roden.de.png\" style=\"align:left !important; float:left !important; margin-top:4px !important; margin-right:8px !important; margin-bottom:4px !important; width:90px !important;\" \/><\/a>   Am 04.04.2026, dem Samstag vor Ostern, hie&szlig; es f&uuml;r die Germania E2 nicht etwa \u201eOstervorbereitungen\u201c oder \u201eFerienmodus\u201c. Nein &#8211; unsere E2 trat beim DSV Oster-CUP in Maintal an und wollte sich gegen neun andere Mannschaften behaupten. Vorrunde Und direkt ...<br clear=\"all\" \/>  <\/p>\n  <div><span class=\"my_article_details\"><time datetime=\"2026-04-18\">18.04.2026<\/time> &middot; <a href=\"\/news\/neu-isenburg-aktuell\" title=\"Neu-Isenburg heute aktuell\">Neu-Isenburg<\/a> &middot; <a href=\"\/news\/neu-isenburg-nachrichten\" title=\"Neu-Isenburg Nachrichten\">News<\/a> &middot; <\/span><a href=\"https:\/\/germania-ober-roden.de\/germania-e2-beim-dsv-oster-cup-in-maintal\/\" title=\"Link zum Artikel auf germania-ober-roden.de\" target=\"_blank\">germania-ober-roden.de<\/a><\/div>\n  <b><\/b>\n <\/div>\n <\/article>\n<\/div>\n<div class=\"post\" style=\"margin-bottom:40px;\">\n <article>\n <h2><a name=\"86af881c\" href=\"https:\/\/www.op-online.de\/region\/neu-isenburg\/die-markthalle-in-neu-isenburg-wird-erst-2028-eroeffnet-94267454.html\" rel=\"bookmark\" style=\"color:#333333; font-weight:bold;\" title=\"Link zum Artikel auf op-online.de\" target=\"_blank\">Das wird die neue Markthalle in Neu-Isenburg<\/a><\/h2>\n <div class=\"entry\">\n  <p style=\"margin-bottom:4px;\">\n   <a href=\"https:\/\/www.op-online.de\/region\/neu-isenburg\/die-markthalle-in-neu-isenburg-wird-erst-2028-eroeffnet-94267454.html\" target=\"_blank\"><img decoding=\"async\" src=\"https:\/\/www.op-online.de\/assets\/images\/42\/245\/42245461-das-interieur-der-markthalle-im-rohbau-links-fuehrt-die-treppe-in-das-untergeschoss-zur-geplanten-vinotek-rechts-verbindet-ein-aufzug-alle-ebenen-2h01.jpg\" style=\"align:left !important; float:left !important; margin-top:4px !important; margin-right:8px !important; margin-bottom:4px !important; width:90px !important;\" \/><\/a>   Beim Bau der Markthalle im Quartier Neue Welt geht es voran. Die GEWOBAU rechnet mit einer Fertigstellung im Jahr 2027. Mit der Er&ouml;ffnung soll trotzdem noch l&auml;nger gewartet werden.<br clear=\"all\" \/>  <\/p>\n  <div><span class=\"my_article_details\"><time datetime=\"2026-04-18\">18.04.2026<\/time> &middot; <a href=\"\/news\/neu-isenburg-aktuell\" title=\"Neu-Isenburg heute aktuell\">Neu-Isenburg<\/a> &middot; <a href=\"\/news\/neu-isenburg-nachrichten\" title=\"Neu-Isenburg Nachrichten\">News<\/a> &middot; <\/span><a href=\"https:\/\/www.op-online.de\/region\/neu-isenburg\/die-markthalle-in-neu-isenburg-wird-erst-2028-eroeffnet-94267454.html\" title=\"Link zum Artikel auf op-online.de\" target=\"_blank\">op-online.de<\/a><\/div>\n  <b><\/b>\n <\/div>\n <\/article>\n<\/div>\n<div class=\"post\" style=\"margin-bottom:40px;\">\n <article>\n <h2><a name=\"f77ac018\" href=\"https:\/\/www.op-online.de\/offenbach\/verwandeln-koennten-strassenbahn-inklusive-wie-zwei-entwuerfe-das-quartier-um-offenbachs-hauptbahnhof-94266867.html\" rel=\"bookmark\" style=\"color:#333333; font-weight:bold;\" title=\"Link zum Artikel auf op-online.de\" target=\"_blank\">Stra\u00dfenbahn inklusive: Wie zwei Entw\u00fcrfe das Quartier um Offenbachs Hauptbahnhof verwandeln k\u00f6nnten<\/a><\/h2>\n <div class=\"entry\">\n  <p style=\"margin-bottom:4px;\">\n   <a href=\"https:\/\/www.op-online.de\/offenbach\/verwandeln-koennten-strassenbahn-inklusive-wie-zwei-entwuerfe-das-quartier-um-offenbachs-hauptbahnhof-94266867.html\" target=\"_blank\"><img decoding=\"async\" src=\"https:\/\/www.op-online.de\/assets\/images\/42\/243\/42243882-visionen-wollen-bezahlt-werden-weiss-auch-kai-schmitt-fan-des-hauptbahnhofs-und-ehemaliger-stadtverordneter-der-gruenen-doch-fuer-offenbachs-2m01.jpg\" style=\"align:left !important; float:left !important; margin-top:4px !important; margin-right:8px !important; margin-bottom:4px !important; width:90px !important;\" \/><\/a>   Es gibt Ideen f&uuml;r den Raum um Offenbachs maroden Hauptbahnhof. Und die Zeit f&uuml;r die Umsetzung dr&auml;ngt, sagt ein Kenner des Bahnhofs und seiner Umgebung.<br clear=\"all\" \/>  <\/p>\n  <div><span class=\"my_article_details\"><time datetime=\"2026-04-18\">18.04.2026<\/time> &middot; <a href=\"\/news\/offenbach-aktuell\" title=\"Offenbach heute aktuell\">Offenbach<\/a> &middot; Umgebung &middot; <\/span><a href=\"https:\/\/www.op-online.de\/offenbach\/verwandeln-koennten-strassenbahn-inklusive-wie-zwei-entwuerfe-das-quartier-um-offenbachs-hauptbahnhof-94266867.html\" title=\"Link zum Artikel auf op-online.de\" target=\"_blank\">op-online.de<\/a><\/div>\n  <b><\/b>\n <\/div>\n <\/article>\n<\/div>\n<div class=\"post\" style=\"margin-bottom:40px;\">\n <article>\n <h2><a name=\"10a015cd\" href=\"https:\/\/www.rheinmainverlag.de\/2026\/04\/17\/drogen-schlagstock-kleidung-und-zigaretten-in-neu-isenburg-sichergestellt\/\" rel=\"bookmark\" style=\"color:#333333; font-weight:bold;\" title=\"Link zum Artikel auf rheinmainverlag.de\" target=\"_blank\">Drogen, Schlagstock, Kleidung und Zigaretten in Neu-Isenburg sichergestellt<\/a><\/h2>\n <div class=\"entry\">\n  <p style=\"margin-bottom:4px;\">\n   <a href=\"https:\/\/www.rheinmainverlag.de\/2026\/04\/17\/drogen-schlagstock-kleidung-und-zigaretten-in-neu-isenburg-sichergestellt\/\" target=\"_blank\"><img decoding=\"async\" src=\"\/feeds\/gfx\/rheinmainverlag.de.png\" style=\"align:left !important; float:left !important; margin-top:4px !important; margin-right:8px !important; margin-bottom:4px !important; width:90px !important;\" \/><\/a>   Mehrere Taschen mit wom&ouml;glich gestohlener Bekleidung, etwa ein Kilogramm Amphetamin, 1,5 Kilogramm Marihuana und einen Teleskopschlagstock stellten Polizeibeamte am Donnerstagabend in der Peterstra&szlig;e in Neu-Isenburg sicher. Dort kontrollierten sie drei angetroffene ...<br clear=\"all\" \/>  <\/p>\n  <div><span class=\"my_article_details\"><time datetime=\"2026-04-17\">17.04.2026<\/time> &middot; <a href=\"\/news\/neu-isenburg-aktuell\" title=\"Neu-Isenburg heute aktuell\">Neu-Isenburg<\/a> &middot; <a href=\"\/news\/neu-isenburg-nachrichten\" title=\"Neu-Isenburg Nachrichten\">News<\/a> &middot; <a href=\"\/news\/neu-isenburg-polizeimeldungen\" title=\"Polizeieins\u00e4tze Neu-Isenburg\">Polizei<\/a> &middot; <\/span><a href=\"https:\/\/www.rheinmainverlag.de\/2026\/04\/17\/drogen-schlagstock-kleidung-und-zigaretten-in-neu-isenburg-sichergestellt\/\" title=\"Link zum Artikel auf rheinmainverlag.de\" target=\"_blank\">rheinmainverlag.de<\/a><\/div>\n  <b><\/b>\n <\/div>\n <\/article>\n<\/div>\n<div class=\"post\" style=\"margin-bottom:40px;\">\n <article>\n <h2><a name=\"0416f223\" href=\"https:\/\/www.op-online.de\/offenbach\/wetter-wochenende-mit-23-grad-in-offenbach-dann-dreht-das-94266449.html\" rel=\"bookmark\" style=\"color:#333333; font-weight:bold;\" title=\"Link zum Artikel auf op-online.de\" target=\"_blank\">Wochenende mit 23 Grad in Offenbach \u2013 dann dreht das Wetter<\/a><\/h2>\n <div class=\"entry\">\n  <p style=\"margin-bottom:4px;\">\n   <a href=\"https:\/\/www.op-online.de\/offenbach\/wetter-wochenende-mit-23-grad-in-offenbach-dann-dreht-das-94266449.html\" target=\"_blank\"><img decoding=\"async\" src=\"https:\/\/www.op-online.de\/assets\/images\/35\/265\/35265071-anfang-august-wird-es-in-offenbach-sommerlich-heiss-2r01.jpg\" style=\"align:left !important; float:left !important; margin-top:4px !important; margin-right:8px !important; margin-bottom:4px !important; width:90px !important;\" \/><\/a>   Hessen muss sich am Wochenende auf eine Wetter-Achterbahn einstellen. W&auml;hrend Freitag und Samstag sommerliche Bedingungen herrschen, k&uuml;hlt es am Sonntag merklich ab.<br clear=\"all\" \/>  <\/p>\n  <div><span class=\"my_article_details\"><time datetime=\"2026-04-17\">17.04.2026<\/time> &middot; <a href=\"\/news\/offenbach-aktuell\" title=\"Offenbach heute aktuell\">Offenbach<\/a> &middot; Wetter &middot; <\/span><a href=\"https:\/\/www.op-online.de\/offenbach\/wetter-wochenende-mit-23-grad-in-offenbach-dann-dreht-das-94266449.html\" title=\"Link zum Artikel auf op-online.de\" target=\"_blank\">op-online.de<\/a><\/div>\n  <b><\/b>\n <\/div>\n <\/article>\n<\/div>\n<div class=\"post\" style=\"margin-bottom:40px;\">\n <article>\n <h2><a name=\"09c29dae\" href=\"http:\/\/www.neu-isenburg.de\/pressemodul\/pressemitteilungen\/april\/aenderung-der-verkehrsfuehrung-in-der-konrad-adenauer-strasse\" rel=\"bookmark\" style=\"color:#333333; font-weight:bold;\" title=\"Link zum Artikel auf neu-isenburg.de\" target=\"_blank\">Neu-Isenburg: \u00c4nderung der Verkehrsf\u00fchrung in der Konrad-Adenauer-Stra\u00dfe<\/a><\/h2>\n <div class=\"entry\">\n  <p style=\"margin-bottom:4px;\">\n   <a href=\"http:\/\/www.neu-isenburg.de\/pressemodul\/pressemitteilungen\/april\/aenderung-der-verkehrsfuehrung-in-der-konrad-adenauer-strasse\" target=\"_blank\"><img decoding=\"async\" src=\"\/feeds\/gfx\/neu-isenburg.de.png\" style=\"align:left !important; float:left !important; margin-top:4px !important; margin-right:8px !important; margin-bottom:4px !important; width:90px !important;\" \/><\/a>   Ab 20. April bis voraussichtlich 30. Mai 2026, kann die Stra&szlig;e nur zwischen der Werner-Hilpert-Stra&szlig;e und der Bahnhofstra&szlig;e in n&ouml;rdlicher Fahrtrichtung befahren werden<br clear=\"all\" \/>  <\/p>\n  <div><span class=\"my_article_details\"><time datetime=\"2026-04-17\">17.04.2026<\/time> &middot; <a href=\"\/news\/neu-isenburg-aktuell\" title=\"Neu-Isenburg heute aktuell\">Neu-Isenburg<\/a> &middot; <a href=\"\/news\/neu-isenburg-nachrichten\" title=\"Neu-Isenburg Nachrichten\">News<\/a> &middot; <\/span><a href=\"http:\/\/www.neu-isenburg.de\/pressemodul\/pressemitteilungen\/april\/aenderung-der-verkehrsfuehrung-in-der-konrad-adenauer-strasse\" title=\"Link zum Artikel auf neu-isenburg.de\" target=\"_blank\">neu-isenburg.de<\/a><\/div>\n  <b><\/b>\n <\/div>\n <\/article>\n<\/div>\n<div class=\"post\" style=\"margin-bottom:40px;\">\n <article>\n <h2><a name=\"703aa3b7\" href=\"https:\/\/www.journal-frankfurt.de\/?src=journal_news_einzel&id=45478&from=feed\" rel=\"bookmark\" style=\"color:#333333; font-weight:bold;\" title=\"Link zum Artikel auf journal-frankfurt.de\" target=\"_blank\">Lufthansa schlie\u00dft Cityline \u2013 Piloten streiken weiter<\/a><\/h2>\n <div class=\"entry\">\n  <p style=\"margin-bottom:4px;\">\n   <a href=\"https:\/\/www.journal-frankfurt.de\/?src=journal_news_einzel&id=45478&from=feed\" target=\"_blank\"><img decoding=\"async\" src=\"https:\/\/www.journal-frankfurt.de\/cache\/images\/news\/q180\/45478.jpg\" style=\"align:left !important; float:left !important; margin-top:4px !important; margin-right:8px !important; margin-bottom:4px !important; width:90px !important;\" \/><\/a>   Inmitten der Streikwoche der Piloten und Flugbegleiter k&uuml;ndigt die Lufthansa an, ihre Konzerntochter Cityline am Samstag einzustampfen. Die Gewerkschaften sind ver&auml;rgert. Hunderte Fl&uuml;ge am Frankfurter Flughafen fallen aufgrund der Ausst&auml;nde aus.<br clear=\"all\" \/>  <\/p>\n  <div><span class=\"my_article_details\"><time datetime=\"2026-04-17\">17.04.2026<\/time> &middot; <a href=\"\/news\/fluglaerm-offenbach-am-main\" title=\"Flugl\u00e4rm Offenbach am Main\">Flughafen<\/a> &middot; Frankfurt &middot; <\/span><a href=\"https:\/\/www.journal-frankfurt.de\/?src=journal_news_einzel&id=45478&from=feed\" title=\"Link zum Artikel auf journal-frankfurt.de\" target=\"_blank\">journal-frankfurt.de<\/a><\/div>\n  <b><\/b>\n <\/div>\n <\/article>\n<\/div>\n<div class=\"post\" style=\"margin-bottom:40px;\">\n <article>\n <h2><a name=\"4a5e4916\" href=\"https:\/\/www.presseportal.de\/blaulicht\/pm\/43561\/6257519\" rel=\"bookmark\" style=\"color:#333333; font-weight:bold;\" title=\"Link zum Artikel auf presseportal.de\" target=\"_blank\">POL-OF: Drogen, Schlagstock, Kleidung und Zigaretten sichergestellt: Festnahme und Ermittlungen gegen drei M\u00e4nner<\/a><\/h2>\n <div class=\"entry\">\n  <p style=\"margin-bottom:4px;\">\n   <a href=\"https:\/\/www.presseportal.de\/blaulicht\/pm\/43561\/6257519\" target=\"_blank\"><img decoding=\"async\" src=\"\/feeds\/gfx\/POL-OF.jpg\" style=\"align:left !important; float:left !important; margin-top:4px !important; margin-right:8px !important; margin-bottom:4px !important; width:90px !important;\" \/><\/a>   Neu-Isenburg  (ots)      (lei) Mehrere Taschen mit wom\u00f6glich gestohlener Bekleidung, etwa ein Kilogramm Amphetamin, 1,5 Kilogramm Marihuana und einen Teleskopschlagstock stellten Polizeibeamte am Donnerstagabend in der Peterstra\u00dfe sicher. Dort kontrollierten ...<br clear=\"all\" \/>  <\/p>\n  <div><span class=\"my_article_details\"><time datetime=\"2026-04-17\">17.04.2026<\/time> &middot; <a href=\"\/news\/diebstaehle-offenbach-am-main\" title=\"Diebst\u00e4hle Offenbach am Main\">Diebstahl<\/a> &middot; <a href=\"\/news\/neu-isenburg-aktuell\" title=\"Neu-Isenburg heute aktuell\">Neu-Isenburg<\/a> &middot; <a href=\"\/news\/neu-isenburg-polizeimeldungen\" title=\"Polizeieins\u00e4tze Neu-Isenburg\">Polizei<\/a> &middot; <\/span><a href=\"https:\/\/www.presseportal.de\/blaulicht\/pm\/43561\/6257519\" title=\"Link zum Artikel auf presseportal.de\" target=\"_blank\">presseportal.de<\/a><\/div>\n  <b><\/b>\n <\/div>\n <\/article>\n<\/div>\n<div class=\"post\" style=\"margin-bottom:40px;\">\n <article>\n <h2><a name=\"be5e2fc3\" href=\"https:\/\/www.kreis-offenbach.de\/Service\/Medienservice\/Aktuelle-Pressemitteilungen\/Energiekoffer-machen-Strom-und-Nachhaltigkeit-im-Unterricht-erlebbar.php?object=tx,4013.5.1&ModID=7&FID=4013.3365.1&NavID=4013.211&La=1\" rel=\"bookmark\" style=\"color:#333333; font-weight:bold;\" title=\"Link zum Artikel auf kreis-offenbach.de\" target=\"_blank\">Energiekoffer machen Strom und Nachhaltigkeit im Unterricht erlebbar<\/a><\/h2>\n <div class=\"entry\">\n  <p style=\"margin-bottom:4px;\">\n   <a href=\"https:\/\/www.kreis-offenbach.de\/Service\/Medienservice\/Aktuelle-Pressemitteilungen\/Energiekoffer-machen-Strom-und-Nachhaltigkeit-im-Unterricht-erlebbar.php?object=tx,4013.5.1&ModID=7&FID=4013.3365.1&NavID=4013.211&La=1\" target=\"_blank\"><img decoding=\"async\" src=\"\/feeds\/gfx\/kreis-offenbach.de.png\" style=\"align:left !important; float:left !important; margin-top:4px !important; margin-right:8px !important; margin-bottom:4px !important; width:90px !important;\" \/><\/a>   Wie kommt eigentlich Strom in die Steckdose und wie entsteht Energie aus Wind oder Sonne? Mit den vier Energiekoffern des Kreises  ...<br clear=\"all\" \/>  <\/p>\n  <div><span class=\"my_article_details\"><time datetime=\"2026-04-17\">17.04.2026<\/time> &middot; <a href=\"\/news\/polizeieinsaetze-offenbach-am-main\" title=\"Polizeieins\u00e4tze Offenbach am Main\">Kreis Offenbach<\/a> &middot; <\/span><a href=\"https:\/\/www.kreis-offenbach.de\/Service\/Medienservice\/Aktuelle-Pressemitteilungen\/Energiekoffer-machen-Strom-und-Nachhaltigkeit-im-Unterricht-erlebbar.php?object=tx,4013.5.1&ModID=7&FID=4013.3365.1&NavID=4013.211&La=1\" title=\"Link zum Artikel auf kreis-offenbach.de\" target=\"_blank\">kreis-offenbach.de<\/a><\/div>\n  <b><\/b>\n <\/div>\n <\/article>\n<\/div>\n<div class=\"post\" style=\"margin-bottom:40px;\">\n <article>\n <h2><a name=\"e256580b\" href=\"https:\/\/www.op-online.de\/region\/neu-isenburg\/christine-wagner-fuehrt-das-stadtparlament-in-schwierige-zeiten-94265450.html\" rel=\"bookmark\" style=\"color:#333333; font-weight:bold;\" title=\"Link zum Artikel auf op-online.de\" target=\"_blank\">Erste Sitzung vom neuen Stadtparlament: \u201eWir haben schwierige Zeiten vor uns\u201c<\/a><\/h2>\n <div class=\"entry\">\n  <p style=\"margin-bottom:4px;\">\n   <a href=\"https:\/\/www.op-online.de\/region\/neu-isenburg\/christine-wagner-fuehrt-das-stadtparlament-in-schwierige-zeiten-94265450.html\" target=\"_blank\"><img decoding=\"async\" src=\"https:\/\/www.op-online.de\/assets\/images\/42\/229\/42229321-neu-isenburg-wahl-stadtverordnetenvorsteherin-blick-in-den-parlamentssaal-die-sitzordnung-ist-noch-nicht-final-da-die-parteien-noch-mitglieder-fuer-901.jpg\" style=\"align:left !important; float:left !important; margin-top:4px !important; margin-right:8px !important; margin-bottom:4px !important; width:90px !important;\" \/><\/a>   Das neue Stadtparlament Neu-Isenburg hat sich konstituiert. Christine Wagner wurde mit gro&szlig;er Mehrheit als Vorsteherin wiedergew&auml;hlt.<br clear=\"all\" \/>  <\/p>\n  <div><span class=\"my_article_details\"><time datetime=\"2026-04-17\">17.04.2026<\/time> &middot; <a href=\"\/news\/neu-isenburg-aktuell\" title=\"Neu-Isenburg heute aktuell\">Neu-Isenburg<\/a> &middot; <a href=\"\/news\/neu-isenburg-nachrichten\" title=\"Neu-Isenburg Nachrichten\">News<\/a> &middot; <\/span><a href=\"https:\/\/www.op-online.de\/region\/neu-isenburg\/christine-wagner-fuehrt-das-stadtparlament-in-schwierige-zeiten-94265450.html\" title=\"Link zum Artikel auf op-online.de\" target=\"_blank\">op-online.de<\/a><\/div>\n  <b><\/b>\n <\/div>\n <\/article>\n<\/div>\n<div class=\"post\" style=\"margin-bottom:40px;\">\n <article>\n <h2><a name=\"40bc1f62\" href=\"https:\/\/www.verbraucherzentrale-hessen.de\/node\/119232\" rel=\"bookmark\" style=\"color:#333333; font-weight:bold;\" title=\"Link zum Artikel auf verbraucherzentrale-hessen.de\" target=\"_blank\">Hochmotiviert in die Kita-Verpflegung: Aktionswoche l\u00e4dt zum Mitmachen ein<\/a><\/h2>\n <div class=\"entry\">\n  <p style=\"margin-bottom:4px;\">\n   <a href=\"https:\/\/www.verbraucherzentrale-hessen.de\/node\/119232\" target=\"_blank\"><img decoding=\"async\" src=\"\/feeds\/gfx\/verbraucherzentrale-hessen.de.png\" style=\"align:left !important; float:left !important; margin-top:4px !important; margin-right:8px !important; margin-bottom:4px !important; width:90px !important;\" \/><\/a>   Verbraucherzentrale Hessen bietet zwei kostenlose Online-Workshops f&uuml;r Kindertagesbetreuung<br clear=\"all\" \/>  <\/p>\n  <div><span class=\"my_article_details\"><time datetime=\"2026-04-17\">17.04.2026<\/time> &middot; Hessen &middot; <\/span><a href=\"https:\/\/www.verbraucherzentrale-hessen.de\/node\/119232\" title=\"Link zum Artikel auf verbraucherzentrale-hessen.de\" target=\"_blank\">verbraucherzentrale-hessen.de<\/a><\/div>\n  <b><\/b>\n <\/div>\n <\/article>\n<\/div>\n<div class=\"post\" style=\"margin-bottom:40px;\">\n <article>\n <h2><a name=\"99fa0856\" href=\"https:\/\/www.op-online.de\/sport\/amateur-fussball\/der-fc-neu-isenburg-braucht-drei-punkte-gegen-die-fsg-leeheim-94264845.html\" rel=\"bookmark\" style=\"color:#333333; font-weight:bold;\" title=\"Link zum Artikel auf op-online.de\" target=\"_blank\">Fu\u00dfball: Der FC Neu-Isenburg braucht drei Punkte gegen die FSG Leeheim<\/a><\/h2>\n <div class=\"entry\">\n  <p style=\"margin-bottom:4px;\">\n   <a href=\"https:\/\/www.op-online.de\/sport\/amateur-fussball\/der-fc-neu-isenburg-braucht-drei-punkte-gegen-die-fsg-leeheim-94264845.html\" target=\"_blank\"><img decoding=\"async\" src=\"https:\/\/www.op-online.de\/assets\/images\/42\/234\/42234006-fussball-frauen-grl-suedost-fc-neu-isenburg-fc-langen-die-neu-isenburgerin-mryam-el-mahoui-mitte-versucht-sich-gegen-die-langeneri-alexa-traeger-3001.jpg\" style=\"align:left !important; float:left !important; margin-top:4px !important; margin-right:8px !important; margin-bottom:4px !important; width:90px !important;\" \/><\/a>   Trotz guter Leistung verlor der FCNI zuletzt gegen Langen. Jetzt soll beim Tabellennachbar der Befreiungsschlag im Abstiegskampf gelingen.<br clear=\"all\" \/>  <\/p>\n  <div><span class=\"my_article_details\"><time datetime=\"2026-04-16\">16.04.2026<\/time> &middot; <a href=\"\/news\/neu-isenburg-aktuell\" title=\"Neu-Isenburg heute aktuell\">Neu-Isenburg<\/a> &middot; <a href=\"\/news\/neu-isenburg-nachrichten\" title=\"Neu-Isenburg Nachrichten\">News<\/a> &middot; <\/span><a href=\"https:\/\/www.op-online.de\/sport\/amateur-fussball\/der-fc-neu-isenburg-braucht-drei-punkte-gegen-die-fsg-leeheim-94264845.html\" title=\"Link zum Artikel auf op-online.de\" target=\"_blank\">op-online.de<\/a><\/div>\n  <b><\/b>\n <\/div>\n <\/article>\n<\/div>\n<div class=\"post\" style=\"margin-bottom:40px;\">\n <article>\n <h2><a name=\"3a7c3461\" href=\"https:\/\/www.rheinmainverlag.de\/2026\/04\/16\/asklepios-klinik-seligenstadt-setzt-zeichen-fuer-menschen-mit-demenz\/\" rel=\"bookmark\" style=\"color:#333333; font-weight:bold;\" title=\"Link zum Artikel auf rheinmainverlag.de\" target=\"_blank\">Asklepios Klinik Seligenstadt setzt Zeichen f\u00fcr Menschen mit Demenz<\/a><\/h2>\n <div class=\"entry\">\n  <p style=\"margin-bottom:4px;\">\n   <a href=\"https:\/\/www.rheinmainverlag.de\/2026\/04\/16\/asklepios-klinik-seligenstadt-setzt-zeichen-fuer-menschen-mit-demenz\/\" target=\"_blank\"><img decoding=\"async\" src=\"\/feeds\/gfx\/rheinmainverlag.de.png\" style=\"align:left !important; float:left !important; margin-top:4px !important; margin-right:8px !important; margin-bottom:4px !important; width:90px !important;\" \/><\/a>   Mit Vergissmeinnicht gegen das Vergessen Unter dem Motto \u201eGemeinsam pflanzen, gemeinsam erinnern!\u201c wurde am Mittwoch, den 25. M&auml;rz, in elf Kommunen im Kreis Offenbach, darunter auch in der Asklepios Klinik Seligenstadt, ein symbolisches Zeichen f&uuml;r Menschen ...<br clear=\"all\" \/>  <\/p>\n  <div><span class=\"my_article_details\"><time datetime=\"2026-04-16\">16.04.2026<\/time> &middot; <a href=\"\/news\/polizeieinsaetze-offenbach-am-main\" title=\"Polizeieins\u00e4tze Offenbach am Main\">Kreis Offenbach<\/a> &middot; <\/span><a href=\"https:\/\/www.rheinmainverlag.de\/2026\/04\/16\/asklepios-klinik-seligenstadt-setzt-zeichen-fuer-menschen-mit-demenz\/\" title=\"Link zum Artikel auf rheinmainverlag.de\" target=\"_blank\">rheinmainverlag.de<\/a><\/div>\n  <b><\/b>\n <\/div>\n <\/article>\n<\/div>\n<div class=\"post\" style=\"margin-bottom:40px;\">\n <article>\n <h2><a name=\"f8008e0e\" href=\"https:\/\/www.op-online.de\/region\/neu-isenburg\/die-stadt-reinigt-den-sand-auf-40-spielplaetzen-in-neu-isenburg-94263472.html\" rel=\"bookmark\" style=\"color:#333333; font-weight:bold;\" title=\"Link zum Artikel auf op-online.de\" target=\"_blank\">Die Stadt reinigt den Sand auf 40 Spielpl\u00e4tzen in Neu-Isenburg<\/a><\/h2>\n <div class=\"entry\">\n  <p style=\"margin-bottom:4px;\">\n   <a href=\"https:\/\/www.op-online.de\/region\/neu-isenburg\/die-stadt-reinigt-den-sand-auf-40-spielplaetzen-in-neu-isenburg-94263472.html\" target=\"_blank\"><img decoding=\"async\" src=\"https:\/\/www.op-online.de\/assets\/images\/42\/220\/42220894-die-sandflaeche-am-spielplatz-tulpenstrasse-vor-der-reinigung-4101.jpg\" style=\"align:left !important; float:left !important; margin-top:4px !important; margin-right:8px !important; margin-bottom:4px !important; width:90px !important;\" \/><\/a>   Zum Fr&uuml;hlingsbeginn werden alle Spielpl&auml;tze ges&auml;ubert. Die Kosten belaufen sich auf fast zehn Euro pro Kubikmeter Sand.<br clear=\"all\" \/>  <\/p>\n  <div><span class=\"my_article_details\"><time datetime=\"2026-04-16\">16.04.2026<\/time> &middot; <a href=\"\/news\/neu-isenburg-aktuell\" title=\"Neu-Isenburg heute aktuell\">Neu-Isenburg<\/a> &middot; <a href=\"\/news\/neu-isenburg-nachrichten\" title=\"Neu-Isenburg Nachrichten\">News<\/a> &middot; <\/span><a href=\"https:\/\/www.op-online.de\/region\/neu-isenburg\/die-stadt-reinigt-den-sand-auf-40-spielplaetzen-in-neu-isenburg-94263472.html\" title=\"Link zum Artikel auf op-online.de\" target=\"_blank\">op-online.de<\/a><\/div>\n  <b><\/b>\n <\/div>\n <\/article>\n<\/div>\n<div class=\"post\" style=\"margin-bottom:40px;\">\n <article>\n <h2><a name=\"856442bf\" href=\"https:\/\/www.kreis-offenbach.de\/Service\/Medienservice\/Aktuelle-Pressemitteilungen\/Sonntag-geht-es-auf-die-Spuren-eines-Imperiums.php?object=tx,4013.5.1&ModID=7&FID=4013.3363.1&NavID=4013.211&La=1\" rel=\"bookmark\" style=\"color:#333333; font-weight:bold;\" title=\"Link zum Artikel auf kreis-offenbach.de\" target=\"_blank\">Sonntag geht es auf die Spuren eines Imperiums<\/a><\/h2>\n <div class=\"entry\">\n  <p style=\"margin-bottom:4px;\">\n   <a href=\"https:\/\/www.kreis-offenbach.de\/Service\/Medienservice\/Aktuelle-Pressemitteilungen\/Sonntag-geht-es-auf-die-Spuren-eines-Imperiums.php?object=tx,4013.5.1&ModID=7&FID=4013.3363.1&NavID=4013.211&La=1\" target=\"_blank\"><img decoding=\"async\" src=\"\/feeds\/gfx\/kreis-offenbach.de.png\" style=\"align:left !important; float:left !important; margin-top:4px !important; margin-right:8px !important; margin-bottom:4px !important; width:90px !important;\" \/><\/a>   F\u00fchrung im RegioMuseum in Seligenstadt<br clear=\"all\" \/>  <\/p>\n  <div><span class=\"my_article_details\"><time datetime=\"2026-04-16\">16.04.2026<\/time> &middot; <a href=\"\/news\/polizeieinsaetze-offenbach-am-main\" title=\"Polizeieins\u00e4tze Offenbach am Main\">Kreis Offenbach<\/a> &middot; <\/span><a href=\"https:\/\/www.kreis-offenbach.de\/Service\/Medienservice\/Aktuelle-Pressemitteilungen\/Sonntag-geht-es-auf-die-Spuren-eines-Imperiums.php?object=tx,4013.5.1&ModID=7&FID=4013.3363.1&NavID=4013.211&La=1\" title=\"Link zum Artikel auf kreis-offenbach.de\" target=\"_blank\">kreis-offenbach.de<\/a><\/div>\n  <b><\/b>\n <\/div>\n <\/article>\n<\/div>\n<div class=\"post\" style=\"margin-bottom:40px;\">\n <article>\n <h2><a name=\"1a6508e2\" href=\"https:\/\/www.verbraucherzentrale-hessen.de\/node\/119365\" rel=\"bookmark\" style=\"color:#333333; font-weight:bold;\" title=\"Link zum Artikel auf verbraucherzentrale-hessen.de\" target=\"_blank\">Stromio: Gericht folgt Auffassung der Verbraucherzentrale Hessen<\/a><\/h2>\n <div class=\"entry\">\n  <p style=\"margin-bottom:4px;\">\n   <a href=\"https:\/\/www.verbraucherzentrale-hessen.de\/node\/119365\" target=\"_blank\"><img decoding=\"async\" src=\"\/feeds\/gfx\/verbraucherzentrale-hessen.de.png\" style=\"align:left !important; float:left !important; margin-top:4px !important; margin-right:8px !important; margin-bottom:4px !important; width:90px !important;\" \/><\/a>   Parteien haben einen Monat Zeit f&uuml;r Vergleichsverhandlungen<br clear=\"all\" \/>  <\/p>\n  <div><span class=\"my_article_details\"><time datetime=\"2026-04-16\">16.04.2026<\/time> &middot; Hessen &middot; <\/span><a href=\"https:\/\/www.verbraucherzentrale-hessen.de\/node\/119365\" title=\"Link zum Artikel auf verbraucherzentrale-hessen.de\" target=\"_blank\">verbraucherzentrale-hessen.de<\/a><\/div>\n  <b><\/b>\n <\/div>\n <\/article>\n<\/div>\n<div class=\"post\" style=\"margin-bottom:40px;\">\n <article>\n <h2><a name=\"c051cee3\" href=\"https:\/\/www.hessenschau.de\/wirtschaft\/100-jahre-lufthansa-flugbegleiter-streik-verhagelt-festakt-zum-jubilaeum-v2,lufthansa-streik-flugbegleiter-100.html\" rel=\"bookmark\" style=\"color:#333333; font-weight:bold;\" title=\"Link zum Artikel auf hessenschau.de\" target=\"_blank\">100 Jahre Lufthansa: Flugbegleiter-Streik verhagelt Festakt zum Jubil\u00e4um<\/a><\/h2>\n <div class=\"entry\">\n  <p style=\"margin-bottom:4px;\">\n   <a href=\"https:\/\/www.hessenschau.de\/wirtschaft\/100-jahre-lufthansa-flugbegleiter-streik-verhagelt-festakt-zum-jubilaeum-v2,lufthansa-streik-flugbegleiter-100.html\" target=\"_blank\"><img decoding=\"async\" src=\"https:\/\/www.hessenschau.de\/wirtschaft\/lufthansa-streik-164~_t-1776270852012_v-16to9.jpg\" style=\"align:left !important; float:left !important; margin-top:4px !important; margin-right:8px !important; margin-bottom:4px !important; width:90px !important;\" \/><\/a>   Bei der Lufthansa folgt ein Arbeitskampf auf den anderen: Weil die Kabinengewerkschaft Ufo die Flugbegleiter zum Streik aufgerufen hat, fallen weiter viele Fl&uuml;ge am Flughafen Frankfurt aus. Das verhagelte der Lufthansa auch einen Festakt zu ihrem Gr&uuml;ndungsjubil&auml;um. ...<br clear=\"all\" \/>  <\/p>\n  <div><span class=\"my_article_details\"><time datetime=\"2026-04-15\">15.04.2026<\/time> &middot; <a href=\"\/news\/fluglaerm-offenbach-am-main\" title=\"Flugl\u00e4rm Offenbach am Main\">Flughafen<\/a> &middot; Frankfurt &middot; <\/span><a href=\"https:\/\/www.hessenschau.de\/wirtschaft\/100-jahre-lufthansa-flugbegleiter-streik-verhagelt-festakt-zum-jubilaeum-v2,lufthansa-streik-flugbegleiter-100.html\" title=\"Link zum Artikel auf hessenschau.de\" target=\"_blank\">hessenschau.de<\/a><\/div>\n  <b><\/b>\n <\/div>\n <\/article>\n<\/div>\n<div class=\"post\" style=\"margin-bottom:40px;\">\n <article>\n <h2><a name=\"d5e07bb1\" href=\"https:\/\/www.hessenschau.de\/politik\/bislang-360-unternehmen-mit-hessenfonds-gefoerdert-v1,hessenfonds-bilanz-100.html\" rel=\"bookmark\" style=\"color:#333333; font-weight:bold;\" title=\"Link zum Artikel auf hessenschau.de\" target=\"_blank\">Bislang 360 Unternehmen mit Hessenfonds gef\u00f6rdert<\/a><\/h2>\n <div class=\"entry\">\n  <p style=\"margin-bottom:4px;\">\n   <a href=\"https:\/\/www.hessenschau.de\/politik\/bislang-360-unternehmen-mit-hessenfonds-gefoerdert-v1,hessenfonds-bilanz-100.html\" target=\"_blank\"><img decoding=\"async\" src=\"https:\/\/www.hessenschau.de\/politik\/mansoori-100~_t-1776272526729_v-16to9.jpg\" style=\"align:left !important; float:left !important; margin-top:4px !important; margin-right:8px !important; margin-bottom:4px !important; width:90px !important;\" \/><\/a>   Wie der Wirtschaft in schwierigen Zeiten helfen? Die Landesregierung setzte dazu vor einem Jahr den sogenannten Hessenfonds f&uuml;r nachhaltige Gesch&auml;ftsmodelle auf. CDU und SPD finden, das klappt super. F&uuml;r die Opposition verletzt der Fonds die Regeln der Marktwirtschaft. ...<br clear=\"all\" \/>  <\/p>\n  <div><span class=\"my_article_details\"><time datetime=\"2026-04-15\">15.04.2026<\/time> &middot; Hessen &middot; Regeln &middot; <\/span><a href=\"https:\/\/www.hessenschau.de\/politik\/bislang-360-unternehmen-mit-hessenfonds-gefoerdert-v1,hessenfonds-bilanz-100.html\" title=\"Link zum Artikel auf hessenschau.de\" target=\"_blank\">hessenschau.de<\/a><\/div>\n  <b><\/b>\n <\/div>\n <\/article>\n<\/div>\n<div class=\"post\" style=\"margin-bottom:40px;\">\n <article>\n <h2><a name=\"26df7df7\" href=\"http:\/\/www.neu-isenburg.de\/pressemodul\/pressemitteilungen\/april\/vollsperrung-dreieichstrasse-noerdlich-der-bahnhofstrasse\" rel=\"bookmark\" style=\"color:#333333; font-weight:bold;\" title=\"Link zum Artikel auf neu-isenburg.de\" target=\"_blank\">Neu-Isenburg: Vollsperrung Dreieichstra\u00dfe<\/a><\/h2>\n <div class=\"entry\">\n  <p style=\"margin-bottom:4px;\">\n   <a href=\"http:\/\/www.neu-isenburg.de\/pressemodul\/pressemitteilungen\/april\/vollsperrung-dreieichstrasse-noerdlich-der-bahnhofstrasse\" target=\"_blank\"><img decoding=\"async\" src=\"\/feeds\/gfx\/neu-isenburg.de.png\" style=\"align:left !important; float:left !important; margin-top:4px !important; margin-right:8px !important; margin-bottom:4px !important; width:90px !important;\" \/><\/a>   Vom 27. April bis voraussichtlich 31. Oktober 2026 muss die Dreieichstra&szlig;e im Einm&uuml;ndungsbereich der Bahnhofstra&szlig;e voll gesperrt werden.<br clear=\"all\" \/>  <\/p>\n  <div><span class=\"my_article_details\"><time datetime=\"2026-04-15\">15.04.2026<\/time> &middot; <a href=\"\/news\/neu-isenburg-aktuell\" title=\"Neu-Isenburg heute aktuell\">Neu-Isenburg<\/a> &middot; <a href=\"\/news\/neu-isenburg-nachrichten\" title=\"Neu-Isenburg Nachrichten\">News<\/a> &middot; <\/span><a href=\"http:\/\/www.neu-isenburg.de\/pressemodul\/pressemitteilungen\/april\/vollsperrung-dreieichstrasse-noerdlich-der-bahnhofstrasse\" title=\"Link zum Artikel auf neu-isenburg.de\" target=\"_blank\">neu-isenburg.de<\/a><\/div>\n  <b><\/b>\n <\/div>\n <\/article>\n<\/div>\n<div class=\"post\" style=\"margin-bottom:40px;\">\n <article>\n <h2><a name=\"f81bc1f8\" href=\"http:\/\/www.neu-isenburg.de\/pressemodul\/pressemitteilungen\/april\/klangvolle-auszeit-in-der-seniorenwohnanlage-pappelweg\" rel=\"bookmark\" style=\"color:#333333; font-weight:bold;\" title=\"Link zum Artikel auf neu-isenburg.de\" target=\"_blank\">Neu-Isenburg: Klangvolle Auszeit im Pappelweg<\/a><\/h2>\n <div class=\"entry\">\n  <p style=\"margin-bottom:4px;\">\n   <a href=\"http:\/\/www.neu-isenburg.de\/pressemodul\/pressemitteilungen\/april\/klangvolle-auszeit-in-der-seniorenwohnanlage-pappelweg\" target=\"_blank\"><img decoding=\"async\" src=\"\/feeds\/gfx\/neu-isenburg.de.png\" style=\"align:left !important; float:left !important; margin-top:4px !important; margin-right:8px !important; margin-bottom:4px !important; width:90px !important;\" \/><\/a>   In der Seniorenwohnanlage im Pappelweg wurde eine Auszeit voller Klang, Achtsamkeit und Wohlgef&uuml;hl angeboten<br clear=\"all\" \/>  <\/p>\n  <div><span class=\"my_article_details\"><time datetime=\"2026-04-15\">15.04.2026<\/time> &middot; <a href=\"\/news\/neu-isenburg-aktuell\" title=\"Neu-Isenburg heute aktuell\">Neu-Isenburg<\/a> &middot; <a href=\"\/news\/neu-isenburg-nachrichten\" title=\"Neu-Isenburg Nachrichten\">News<\/a> &middot; <\/span><a href=\"http:\/\/www.neu-isenburg.de\/pressemodul\/pressemitteilungen\/april\/klangvolle-auszeit-in-der-seniorenwohnanlage-pappelweg\" title=\"Link zum Artikel auf neu-isenburg.de\" target=\"_blank\">neu-isenburg.de<\/a><\/div>\n  <b><\/b>\n <\/div>\n <\/article>\n<\/div>\n<div class=\"post\" style=\"margin-bottom:40px;\">\n <article>\n <h2><a name=\"aa22079c\" href=\"http:\/\/www.neu-isenburg.de\/pressemodul\/pressemitteilungen\/april\/neu-isenburger-berufsinformationsboerse-am-10.september-2026\" rel=\"bookmark\" style=\"color:#333333; font-weight:bold;\" title=\"Link zum Artikel auf neu-isenburg.de\" target=\"_blank\">31. Neu-Isenburger Berufsinformationsb\u00f6rse am 10. September 2026<\/a><\/h2>\n <div class=\"entry\">\n  <p style=\"margin-bottom:4px;\">\n   <a href=\"http:\/\/www.neu-isenburg.de\/pressemodul\/pressemitteilungen\/april\/neu-isenburger-berufsinformationsboerse-am-10.september-2026\" target=\"_blank\"><img decoding=\"async\" src=\"\/feeds\/gfx\/neu-isenburg.de.png\" style=\"align:left !important; float:left !important; margin-top:4px !important; margin-right:8px !important; margin-bottom:4px !important; width:90px !important;\" \/><\/a>   Unternehmen k&ouml;nnen sich ab sofort online f&uuml;r die Teilnahme anmelden - Das Ausbildungsforum der Stadt Neu-Isenburg l&auml;dt ein<br clear=\"all\" \/>  <\/p>\n  <div><span class=\"my_article_details\"><time datetime=\"2026-04-15\">15.04.2026<\/time> &middot; <a href=\"\/news\/neu-isenburg-aktuell\" title=\"Neu-Isenburg heute aktuell\">Neu-Isenburg<\/a> &middot; <a href=\"\/news\/neu-isenburg-nachrichten\" title=\"Neu-Isenburg Nachrichten\">News<\/a> &middot; <\/span><a href=\"http:\/\/www.neu-isenburg.de\/pressemodul\/pressemitteilungen\/april\/neu-isenburger-berufsinformationsboerse-am-10.september-2026\" title=\"Link zum Artikel auf neu-isenburg.de\" target=\"_blank\">neu-isenburg.de<\/a><\/div>\n  <b><\/b>\n <\/div>\n <\/article>\n<\/div>\n<div class=\"post\" style=\"margin-bottom:40px;\">\n <article>\n <h2><a name=\"127ac816\" href=\"http:\/\/www.neu-isenburg.de\/pressemodul\/pressemitteilungen\/april\/osterferienausflug-in-den-trampolinpark\" rel=\"bookmark\" style=\"color:#333333; font-weight:bold;\" title=\"Link zum Artikel auf neu-isenburg.de\" target=\"_blank\">Neu-Isenburg: Osterferienausflug in den Trampolinpark<\/a><\/h2>\n <div class=\"entry\">\n  <p style=\"margin-bottom:4px;\">\n   <a href=\"http:\/\/www.neu-isenburg.de\/pressemodul\/pressemitteilungen\/april\/osterferienausflug-in-den-trampolinpark\" target=\"_blank\"><img decoding=\"async\" src=\"\/feeds\/gfx\/neu-isenburg.de.png\" style=\"align:left !important; float:left !important; margin-top:4px !important; margin-right:8px !important; margin-bottom:4px !important; width:90px !important;\" \/><\/a>   Das Team des Jugendzentrum Gravenbruch organisierte Ausflug in Deutschlands gr&ouml;&szlig;ten Trampolinpark \u201eSuperfly\u201c<br clear=\"all\" \/>  <\/p>\n  <div><span class=\"my_article_details\"><time datetime=\"2026-04-15\">15.04.2026<\/time> &middot; Gravenbruch &middot; <\/span><a href=\"http:\/\/www.neu-isenburg.de\/pressemodul\/pressemitteilungen\/april\/osterferienausflug-in-den-trampolinpark\" title=\"Link zum Artikel auf neu-isenburg.de\" target=\"_blank\">neu-isenburg.de<\/a><\/div>\n  <b><\/b>\n <\/div>\n <\/article>\n<\/div>\n<div class=\"post\" style=\"margin-bottom:40px;\">\n <article>\n <h2><a name=\"31cac742\" href=\"https:\/\/www.journal-frankfurt.de\/?src=journal_news_einzel&id=45441&from=feed\" rel=\"bookmark\" style=\"color:#333333; font-weight:bold;\" title=\"Link zum Artikel auf journal-frankfurt.de\" target=\"_blank\">Vorhang auf f\u00fcr das Terminal 3<\/a><\/h2>\n <div class=\"entry\">\n  <p style=\"margin-bottom:4px;\">\n   <a href=\"https:\/\/www.journal-frankfurt.de\/?src=journal_news_einzel&id=45441&from=feed\" target=\"_blank\"><img decoding=\"async\" src=\"https:\/\/www.journal-frankfurt.de\/cache\/images\/news\/q180\/45441.jpg\" style=\"align:left !important; float:left !important; margin-top:4px !important; margin-right:8px !important; margin-bottom:4px !important; width:90px !important;\" \/><\/a>   Bald ist es soweit: Am 22. April wird das Terminal 3 am Frankfurter Flughafen er&ouml;ffnet. Was hinter den Kulissen alles geplant und gemacht werden musste, lesen Sie hier.<br clear=\"all\" \/>  <\/p>\n  <div><span class=\"my_article_details\"><time datetime=\"2026-04-15\">15.04.2026<\/time> &middot; <a href=\"\/news\/fluglaerm-offenbach-am-main\" title=\"Flugl\u00e4rm Offenbach am Main\">Flughafen<\/a> &middot; Frankfurt &middot; <\/span><a href=\"https:\/\/www.journal-frankfurt.de\/?src=journal_news_einzel&id=45441&from=feed\" title=\"Link zum Artikel auf journal-frankfurt.de\" target=\"_blank\">journal-frankfurt.de<\/a><\/div>\n  <b><\/b>\n <\/div>\n <\/article>\n<\/div>\n<div class=\"post\" style=\"margin-bottom:40px;\">\n <article>\n <h2><a name=\"fb33c48c\" href=\"http:\/\/www.neu-isenburg.de\/pressemodul\/pressemitteilungen\/april\/buergerinformation-forschungsprojekts-geoproh\" rel=\"bookmark\" style=\"color:#333333; font-weight:bold;\" title=\"Link zum Artikel auf neu-isenburg.de\" target=\"_blank\">Neu-Isenburg: B\u00fcrgerinformation Forschungsprojekt \u201eGe-oProH\u201c<\/a><\/h2>\n <div class=\"entry\">\n  <p style=\"margin-bottom:4px;\">\n   <a href=\"http:\/\/www.neu-isenburg.de\/pressemodul\/pressemitteilungen\/april\/buergerinformation-forschungsprojekts-geoproh\" target=\"_blank\"><img decoding=\"async\" src=\"\/feeds\/gfx\/neu-isenburg.de.png\" style=\"align:left !important; float:left !important; margin-top:4px !important; margin-right:8px !important; margin-bottom:4px !important; width:90px !important;\" \/><\/a>   Messfl&uuml;ge in Hessen bis Ende Mai 2026<br clear=\"all\" \/>  <\/p>\n  <div><span class=\"my_article_details\"><time datetime=\"2026-04-15\">15.04.2026<\/time> &middot; <a href=\"\/news\/neu-isenburg-aktuell\" title=\"Neu-Isenburg heute aktuell\">Neu-Isenburg<\/a> &middot; <a href=\"\/news\/neu-isenburg-nachrichten\" title=\"Neu-Isenburg Nachrichten\">News<\/a> &middot; <\/span><a href=\"http:\/\/www.neu-isenburg.de\/pressemodul\/pressemitteilungen\/april\/buergerinformation-forschungsprojekts-geoproh\" title=\"Link zum Artikel auf neu-isenburg.de\" target=\"_blank\">neu-isenburg.de<\/a><\/div>\n  <b><\/b>\n <\/div>\n <\/article>\n<\/div>\n<div class=\"post\" style=\"margin-bottom:40px;\">\n <article>\n <h2><a name=\"b0586730\" href=\"http:\/\/www.neu-isenburg.de\/pressemodul\/pressemitteilungen\/april\/jugendzentrum-ab-sofort-jeden-samstag-mietbar\" rel=\"bookmark\" style=\"color:#333333; font-weight:bold;\" title=\"Link zum Artikel auf neu-isenburg.de\" target=\"_blank\">Neu-Isenburg: Jugendzentrum Gravenbruch mieten<\/a><\/h2>\n <div class=\"entry\">\n  <p style=\"margin-bottom:4px;\">\n   <a href=\"http:\/\/www.neu-isenburg.de\/pressemodul\/pressemitteilungen\/april\/jugendzentrum-ab-sofort-jeden-samstag-mietbar\" target=\"_blank\"><img decoding=\"async\" src=\"\/feeds\/gfx\/neu-isenburg.de.png\" style=\"align:left !important; float:left !important; margin-top:4px !important; margin-right:8px !important; margin-bottom:4px !important; width:90px !important;\" \/><\/a>   Ab sofort k&ouml;nnen die R&auml;umlichkeiten jeden Samstag von den Gravenbrucherinnen und Gravenbruchern gemietet werden<br clear=\"all\" \/>  <\/p>\n  <div><span class=\"my_article_details\"><time datetime=\"2026-04-15\">15.04.2026<\/time> &middot; Gravenbruch &middot; <\/span><a href=\"http:\/\/www.neu-isenburg.de\/pressemodul\/pressemitteilungen\/april\/jugendzentrum-ab-sofort-jeden-samstag-mietbar\" title=\"Link zum Artikel auf neu-isenburg.de\" target=\"_blank\">neu-isenburg.de<\/a><\/div>\n  <b><\/b>\n <\/div>\n <\/article>\n<\/div>\n<div class=\"post\" style=\"margin-bottom:40px;\">\n <article>\n <h2><a name=\"b15c3790\" href=\"http:\/\/www.neu-isenburg.de\/pressemodul\/pressemitteilungen\/april\/katzenschutzverordnung-neu-isenburg\" rel=\"bookmark\" style=\"color:#333333; font-weight:bold;\" title=\"Link zum Artikel auf neu-isenburg.de\" target=\"_blank\">Katzenschutzverordnung Neu-Isenburg<\/a><\/h2>\n <div class=\"entry\">\n  <p style=\"margin-bottom:4px;\">\n   <a href=\"http:\/\/www.neu-isenburg.de\/pressemodul\/pressemitteilungen\/april\/katzenschutzverordnung-neu-isenburg\" target=\"_blank\"><img decoding=\"async\" src=\"\/feeds\/gfx\/neu-isenburg.de.png\" style=\"align:left !important; float:left !important; margin-top:4px !important; margin-right:8px !important; margin-bottom:4px !important; width:90px !important;\" \/><\/a>   Freilaufende Katzen m&uuml;ssen registriert, gekennzeichnet und kastriert werden<br clear=\"all\" \/>  <\/p>\n  <div><span class=\"my_article_details\"><time datetime=\"2026-04-15\">15.04.2026<\/time> &middot; <a href=\"\/news\/neu-isenburg-aktuell\" title=\"Neu-Isenburg heute aktuell\">Neu-Isenburg<\/a> &middot; <a href=\"\/news\/neu-isenburg-nachrichten\" title=\"Neu-Isenburg Nachrichten\">News<\/a> &middot; <\/span><a href=\"http:\/\/www.neu-isenburg.de\/pressemodul\/pressemitteilungen\/april\/katzenschutzverordnung-neu-isenburg\" title=\"Link zum Artikel auf neu-isenburg.de\" target=\"_blank\">neu-isenburg.de<\/a><\/div>\n  <b><\/b>\n <\/div>\n <\/article>\n<\/div>\n<div class=\"post\" style=\"margin-bottom:40px;\">\n <article>\n <h2><a name=\"4b6de56a\" href=\"http:\/\/www.neu-isenburg.de\/pressemodul\/pressemitteilungen\/april\/jugendforum-besucht-hessischen-landtag\" rel=\"bookmark\" style=\"color:#333333; font-weight:bold;\" title=\"Link zum Artikel auf neu-isenburg.de\" target=\"_blank\">Neu-Isenburg: Jugendforum besucht Hessischen Landtag<\/a><\/h2>\n <div class=\"entry\">\n  <p style=\"margin-bottom:4px;\">\n   <a href=\"http:\/\/www.neu-isenburg.de\/pressemodul\/pressemitteilungen\/april\/jugendforum-besucht-hessischen-landtag\" target=\"_blank\"><img decoding=\"async\" src=\"\/feeds\/gfx\/neu-isenburg.de.png\" style=\"align:left !important; float:left !important; margin-top:4px !important; margin-right:8px !important; margin-bottom:4px !important; width:90px !important;\" \/><\/a>   Auf Zeitreise durch den Hessischen Landtag &quot;Lost in Time&quot;<br clear=\"all\" \/>  <\/p>\n  <div><span class=\"my_article_details\"><time datetime=\"2026-04-15\">15.04.2026<\/time> &middot; <a href=\"\/news\/neu-isenburg-aktuell\" title=\"Neu-Isenburg heute aktuell\">Neu-Isenburg<\/a> &middot; <a href=\"\/news\/neu-isenburg-nachrichten\" title=\"Neu-Isenburg Nachrichten\">News<\/a> &middot; <\/span><a href=\"http:\/\/www.neu-isenburg.de\/pressemodul\/pressemitteilungen\/april\/jugendforum-besucht-hessischen-landtag\" title=\"Link zum Artikel auf neu-isenburg.de\" target=\"_blank\">neu-isenburg.de<\/a><\/div>\n  <b><\/b>\n <\/div>\n <\/article>\n<\/div>\n<div class=\"post\" style=\"margin-bottom:40px;\">\n <article>\n <h2><a name=\"8100cc80\" href=\"http:\/\/www.neu-isenburg.de\/pressemodul\/pressemitteilungen\/april\/oeffentliche-ausschreibungen-planungsleistungen\" rel=\"bookmark\" style=\"color:#333333; font-weight:bold;\" title=\"Link zum Artikel auf neu-isenburg.de\" target=\"_blank\">Neu-Isenburg: \u00d6ffentliche Ausschreibungen Planungsleistungen<\/a><\/h2>\n <div class=\"entry\">\n  <p style=\"margin-bottom:4px;\">\n   <a href=\"http:\/\/www.neu-isenburg.de\/pressemodul\/pressemitteilungen\/april\/oeffentliche-ausschreibungen-planungsleistungen\" target=\"_blank\"><img decoding=\"async\" src=\"\/feeds\/gfx\/neu-isenburg.de.png\" style=\"align:left !important; float:left !important; margin-top:4px !important; margin-right:8px !important; margin-bottom:4px !important; width:90px !important;\" \/><\/a>   HAD-Referenz-Nummer 16\/ 37287 und HAD-Referenz Nummer 16\/37288<br clear=\"all\" \/>  <\/p>\n  <div><span class=\"my_article_details\"><time datetime=\"2026-04-15\">15.04.2026<\/time> &middot; <a href=\"\/news\/neu-isenburg-aktuell\" title=\"Neu-Isenburg heute aktuell\">Neu-Isenburg<\/a> &middot; <a href=\"\/news\/neu-isenburg-nachrichten\" title=\"Neu-Isenburg Nachrichten\">News<\/a> &middot; <\/span><a href=\"http:\/\/www.neu-isenburg.de\/pressemodul\/pressemitteilungen\/april\/oeffentliche-ausschreibungen-planungsleistungen\" title=\"Link zum Artikel auf neu-isenburg.de\" target=\"_blank\">neu-isenburg.de<\/a><\/div>\n  <b><\/b>\n <\/div>\n <\/article>\n<\/div>\n<div class=\"post\" style=\"margin-bottom:40px;\">\n <article>\n <h2><a name=\"ce8a76ad\" href=\"http:\/\/www.neu-isenburg.de\/pressemodul\/pressemitteilungen\/april\/waldfuehrung-mit-foerster\" rel=\"bookmark\" style=\"color:#333333; font-weight:bold;\" title=\"Link zum Artikel auf neu-isenburg.de\" target=\"_blank\">Neu-Isenburg: Waldf\u00fchrung mit F\u00f6rster in Zeppelinheim<\/a><\/h2>\n <div class=\"entry\">\n  <p style=\"margin-bottom:4px;\">\n   <a href=\"http:\/\/www.neu-isenburg.de\/pressemodul\/pressemitteilungen\/april\/waldfuehrung-mit-foerster\" target=\"_blank\"><img decoding=\"async\" src=\"\/feeds\/gfx\/neu-isenburg.de.png\" style=\"align:left !important; float:left !important; margin-top:4px !important; margin-right:8px !important; margin-bottom:4px !important; width:90px !important;\" \/><\/a>   Treffpunkt am Samstag, 16. Mai, 14 Uhr an der Schranke am Friedhof Zeppelinheim<br clear=\"all\" \/>  <\/p>\n  <div><span class=\"my_article_details\"><time datetime=\"2026-04-15\">15.04.2026<\/time> &middot; <a href=\"\/news\/neu-isenburg-aktuell\" title=\"Neu-Isenburg heute aktuell\">Neu-Isenburg<\/a> &middot; <a href=\"\/news\/neu-isenburg-nachrichten\" title=\"Neu-Isenburg Nachrichten\">News<\/a> &middot; <\/span><a href=\"http:\/\/www.neu-isenburg.de\/pressemodul\/pressemitteilungen\/april\/waldfuehrung-mit-foerster\" title=\"Link zum Artikel auf neu-isenburg.de\" target=\"_blank\">neu-isenburg.de<\/a><\/div>\n  <b><\/b>\n <\/div>\n <\/article>\n<\/div>\n<div class=\"post\" style=\"margin-bottom:40px;\">\n <article>\n <h2><a name=\"eebfe83f\" href=\"https:\/\/www.evo-ag.de\/presse\/pressemitteilungen\/details\/eigenbau-hebt-ab-eno-azubis-entwickeln-eigenen-multicopter\" rel=\"bookmark\" style=\"color:#333333; font-weight:bold;\" title=\"Link zum Artikel auf evo-ag.de\" target=\"_blank\">Eigenbau hebt ab: ENO-Azubis entwickeln eigenen Multicopter<\/a><\/h2>\n <div class=\"entry\">\n  <p style=\"margin-bottom:4px;\">\n   <a href=\"https:\/\/www.evo-ag.de\/presse\/pressemitteilungen\/details\/eigenbau-hebt-ab-eno-azubis-entwickeln-eigenen-multicopter\" target=\"_blank\"><img decoding=\"async\" src=\"\/feeds\/gfx\/evo-ag.de.png\" style=\"align:left !important; float:left !important; margin-top:4px !important; margin-right:8px !important; margin-bottom:4px !important; width:90px !important;\" \/><\/a>   Projekt verbindet CAD, 3D-Druck und Flugsteuerung \u2013 Unterst\u00fctzung beim Erstflug durch den Flug- und Modellbau-Club Dietzenbach<br clear=\"all\" \/>  <\/p>\n  <div><span class=\"my_article_details\"><time datetime=\"2026-04-15\">15.04.2026<\/time> &middot; Energie &middot; <a href=\"\/news\/offenbach-aktuell\" title=\"Offenbach heute aktuell\">Offenbach<\/a> &middot; <\/span><a href=\"https:\/\/www.evo-ag.de\/presse\/pressemitteilungen\/details\/eigenbau-hebt-ab-eno-azubis-entwickeln-eigenen-multicopter\" title=\"Link zum Artikel auf evo-ag.de\" target=\"_blank\">evo-ag.de<\/a><\/div>\n  <b><\/b>\n <\/div>\n <\/article>\n<\/div>\n<div class=\"post\" style=\"margin-bottom:40px;\">\n <article>\n <h2><a name=\"316f8ff3\" href=\"https:\/\/www.kreis-offenbach.de\/Service\/Medienservice\/Aktuelle-Pressemitteilungen\/Zus%C3%A4tzliche-R%C3%A4ume-f%C3%BCr-die-Oswald-von-Nell-Breuning-Schule-in-R%C3%B6dermark-Ober-Roden.php?object=tx,4013.5.1&ModID=7&FID=4013.3361.1&NavID=4013.211&La=1\" rel=\"bookmark\" style=\"color:#333333; font-weight:bold;\" title=\"Link zum Artikel auf kreis-offenbach.de\" target=\"_blank\">Zus\u00e4tzliche R\u00e4ume f\u00fcr die Oswald-von-Nell-Breuning-Schule in R\u00f6dermark&ndash;Ober-Roden<\/a><\/h2>\n <div class=\"entry\">\n  <p style=\"margin-bottom:4px;\">\n   <a href=\"https:\/\/www.kreis-offenbach.de\/Service\/Medienservice\/Aktuelle-Pressemitteilungen\/Zus%C3%A4tzliche-R%C3%A4ume-f%C3%BCr-die-Oswald-von-Nell-Breuning-Schule-in-R%C3%B6dermark-Ober-Roden.php?object=tx,4013.5.1&ModID=7&FID=4013.3361.1&NavID=4013.211&La=1\" target=\"_blank\"><img decoding=\"async\" src=\"\/feeds\/gfx\/kreis-offenbach.de.png\" style=\"align:left !important; float:left !important; margin-top:4px !important; margin-right:8px !important; margin-bottom:4px !important; width:90px !important;\" \/><\/a>   Der Kreisausschuss hat beschlossen, dass an der Oswald-von-Nell-Breuning-Schule in R\u00f6dermark&ndash;Ober-Roden zus\u00e4tzlich neue R\u00e4ume geschaffen werden. Dazu wird die bestehende Mietcontaineranlage aus  ...<br clear=\"all\" \/>  <\/p>\n  <div><span class=\"my_article_details\"><time datetime=\"2026-04-15\">15.04.2026<\/time> &middot; <a href=\"\/news\/polizeieinsaetze-offenbach-am-main\" title=\"Polizeieins\u00e4tze Offenbach am Main\">Kreis Offenbach<\/a> &middot; <\/span><a href=\"https:\/\/www.kreis-offenbach.de\/Service\/Medienservice\/Aktuelle-Pressemitteilungen\/Zus%C3%A4tzliche-R%C3%A4ume-f%C3%BCr-die-Oswald-von-Nell-Breuning-Schule-in-R%C3%B6dermark-Ober-Roden.php?object=tx,4013.5.1&ModID=7&FID=4013.3361.1&NavID=4013.211&La=1\" title=\"Link zum Artikel auf kreis-offenbach.de\" target=\"_blank\">kreis-offenbach.de<\/a><\/div>\n  <b><\/b>\n <\/div>\n <\/article>\n<\/div>\n<div class=\"post\" style=\"margin-bottom:40px;\">\n <article>\n <h2><a name=\"f9366d89\" href=\"https:\/\/www.fraport.com\/de\/newsroom\/pressemitteilungen\/2026\/verkehrszahlen\/fraport-verkehrszahlen-im-maerz-2026---wachstum-bei-passagieren-.html\" rel=\"bookmark\" style=\"color:#333333; font-weight:bold;\" title=\"Link zum Artikel auf fraport.com\" target=\"_blank\">Fraport-Verkehrszahlen im M\u00e4rz 2026: Wachstum bei Passagieren und Cargo in Frankfurt<\/a><\/h2>\n <div class=\"entry\">\n  <p style=\"margin-bottom:4px;\">\n   <a href=\"https:\/\/www.fraport.com\/de\/newsroom\/pressemitteilungen\/2026\/verkehrszahlen\/fraport-verkehrszahlen-im-maerz-2026---wachstum-bei-passagieren-.html\" target=\"_blank\"><img decoding=\"async\" src=\"\/feeds\/gfx\/fraport.com.png\" style=\"align:left !important; float:left !important; margin-top:4px !important; margin-right:8px !important; margin-bottom:4px !important; width:90px !important;\" \/><\/a>   <i>F\u00fcr diese Meldung existiert leider kein kurzer Auszug.<\/i><br clear=\"all\" \/>  <\/p>\n  <div><span class=\"my_article_details\"><time datetime=\"2026-04-15\">15.04.2026<\/time> &middot; <a href=\"\/news\/fluglaerm-offenbach-am-main\" title=\"Flugl\u00e4rm Offenbach am Main\">Flughafen<\/a> &middot; Frankfurt &middot; <\/span><a href=\"https:\/\/www.fraport.com\/de\/newsroom\/pressemitteilungen\/2026\/verkehrszahlen\/fraport-verkehrszahlen-im-maerz-2026---wachstum-bei-passagieren-.html\" title=\"Link zum Artikel auf fraport.com\" target=\"_blank\">fraport.com<\/a><\/div>\n  <b><\/b>\n <\/div>\n <\/article>\n<\/div>\n<div class=\"post\" style=\"margin-bottom:40px;\">\n <article>\n <h2><a name=\"8aed2f42\" href=\"https:\/\/www.op-online.de\/region\/neu-isenburg\/wie-die-dosenwurst-die-demokratie-nach-neu-isenburg-brachte-94262012.html\" rel=\"bookmark\" style=\"color:#333333; font-weight:bold;\" title=\"Link zum Artikel auf op-online.de\" target=\"_blank\">Wie Dosenwurst aus Neu-Isenburg f\u00fcr mehr demokratische Teilhabe sorgte<\/a><\/h2>\n <div class=\"entry\">\n  <p style=\"margin-bottom:4px;\">\n   <a href=\"https:\/\/www.op-online.de\/region\/neu-isenburg\/wie-die-dosenwurst-die-demokratie-nach-neu-isenburg-brachte-94262012.html\" target=\"_blank\"><img decoding=\"async\" src=\"https:\/\/www.op-online.de\/assets\/images\/42\/206\/42206763-marco-thoms-vom-kulturbuero-neu-isenburg-hat-sich-zuletzt-ausgiebig-mit-der-frage-befasst-wie-dosenwurst-demokratische-teilhabe-foerdert-3h01.jpg\" style=\"align:left !important; float:left !important; margin-top:4px !important; margin-right:8px !important; margin-bottom:4px !important; width:90px !important;\" \/><\/a>   Die Vortragsreihe \u201eUnboxing the Everyday&quot; zeigt, wie Alltagsgegenst&auml;nde mit Demokratie zusammenh&auml;ngen. In der ersten Ausgabe ging es um die Wurst.<br clear=\"all\" \/>  <\/p>\n  <div><span class=\"my_article_details\"><time datetime=\"2026-04-15\">15.04.2026<\/time> &middot; <a href=\"\/news\/neu-isenburg-aktuell\" title=\"Neu-Isenburg heute aktuell\">Neu-Isenburg<\/a> &middot; <a href=\"\/news\/neu-isenburg-nachrichten\" title=\"Neu-Isenburg Nachrichten\">News<\/a> &middot; <\/span><a href=\"https:\/\/www.op-online.de\/region\/neu-isenburg\/wie-die-dosenwurst-die-demokratie-nach-neu-isenburg-brachte-94262012.html\" title=\"Link zum Artikel auf op-online.de\" target=\"_blank\">op-online.de<\/a><\/div>\n  <b><\/b>\n <\/div>\n <\/article>\n<\/div>\n<div class=\"post\" style=\"margin-bottom:40px;\">\n <article>\n <h2><a name=\"1d540f89\" href=\"https:\/\/www.kreis-offenbach.de\/Service\/Medienservice\/Aktuelle-Pressemitteilungen\/Im-Handwerk-und-im-Ehrenamt-auf-Erfolgskurs.php?object=tx,4013.5.1&ModID=7&FID=4013.3356.1&NavID=4013.211&La=1\" rel=\"bookmark\" style=\"color:#333333; font-weight:bold;\" title=\"Link zum Artikel auf kreis-offenbach.de\" target=\"_blank\">Im Handwerk und im Ehrenamt auf Erfolgskurs<\/a><\/h2>\n <div class=\"entry\">\n  <p style=\"margin-bottom:4px;\">\n   <a href=\"https:\/\/www.kreis-offenbach.de\/Service\/Medienservice\/Aktuelle-Pressemitteilungen\/Im-Handwerk-und-im-Ehrenamt-auf-Erfolgskurs.php?object=tx,4013.5.1&ModID=7&FID=4013.3356.1&NavID=4013.211&La=1\" target=\"_blank\"><img decoding=\"async\" src=\"\/feeds\/gfx\/kreis-offenbach.de.png\" style=\"align:left !important; float:left !important; margin-top:4px !important; margin-right:8px !important; margin-bottom:4px !important; width:90px !important;\" \/><\/a>   Landrat Oliver Quilling \u00fcberreicht Obermeister Thomas Lippold das Bundesverdienstkreuz<br clear=\"all\" \/>  <\/p>\n  <div><span class=\"my_article_details\"><time datetime=\"2026-04-14\">14.04.2026<\/time> &middot; <a href=\"\/news\/polizeieinsaetze-offenbach-am-main\" title=\"Polizeieins\u00e4tze Offenbach am Main\">Kreis Offenbach<\/a> &middot; <\/span><a href=\"https:\/\/www.kreis-offenbach.de\/Service\/Medienservice\/Aktuelle-Pressemitteilungen\/Im-Handwerk-und-im-Ehrenamt-auf-Erfolgskurs.php?object=tx,4013.5.1&ModID=7&FID=4013.3356.1&NavID=4013.211&La=1\" title=\"Link zum Artikel auf kreis-offenbach.de\" target=\"_blank\">kreis-offenbach.de<\/a><\/div>\n  <b><\/b>\n <\/div>\n <\/article>\n<\/div>\n<div class=\"post\" style=\"margin-bottom:40px;\">\n <article>\n <h2><a name=\"d80b7d63\" href=\"https:\/\/www.op-online.de\/region\/neu-isenburg\/isenburg-zentrum-geschaefte-verweigern-jaehrigem-toilettengang-im-94260282.html\" rel=\"bookmark\" style=\"color:#333333; font-weight:bold;\" title=\"Link zum Artikel auf op-online.de\" target=\"_blank\">Gesch\u00e4fte verweigern 7-J\u00e4hrigem Toilettengang im Isenburg-Zentrum<\/a><\/h2>\n <div class=\"entry\">\n  <p style=\"margin-bottom:4px;\">\n   <a href=\"https:\/\/www.op-online.de\/region\/neu-isenburg\/isenburg-zentrum-geschaefte-verweigern-jaehrigem-toilettengang-im-94260282.html\" target=\"_blank\"><img decoding=\"async\" src=\"https:\/\/www.op-online.de\/assets\/images\/42\/189\/42189926-toilettenschild-im-isenburg-zentrum-3m01.jpg\" style=\"align:left !important; float:left !important; margin-top:4px !important; margin-right:8px !important; margin-bottom:4px !important; width:90px !important;\" \/><\/a>   Marei Binder war mit ihren S&ouml;hnen im Isenburg-Zentrum einkaufen. Mehrere Gesch&auml;fte wiesen ihren Sohn ab. Die Unternehmen verweisen auf das &ouml;ffentliche WC.<br clear=\"all\" \/>  <\/p>\n  <div><span class=\"my_article_details\"><time datetime=\"2026-04-14\">14.04.2026<\/time> &middot; <a href=\"\/news\/neu-isenburg-aktuell\" title=\"Neu-Isenburg heute aktuell\">Neu-Isenburg<\/a> &middot; <a href=\"\/news\/neu-isenburg-nachrichten\" title=\"Neu-Isenburg Nachrichten\">News<\/a> &middot; <\/span><a href=\"https:\/\/www.op-online.de\/region\/neu-isenburg\/isenburg-zentrum-geschaefte-verweigern-jaehrigem-toilettengang-im-94260282.html\" title=\"Link zum Artikel auf op-online.de\" target=\"_blank\">op-online.de<\/a><\/div>\n  <b><\/b>\n <\/div>\n <\/article>\n<\/div>\n<div class=\"post\" style=\"margin-bottom:40px;\">\n <article>\n <h2><a name=\"efc87415\" href=\"https:\/\/www.hessenschau.de\/wirtschaft\/lufthansa-streik-am-flughafen-frankfurt-die-fronten-sind-verhaertet-v8,lufthansa-streik-156.html\" rel=\"bookmark\" style=\"color:#333333; font-weight:bold;\" title=\"Link zum Artikel auf hessenschau.de\" target=\"_blank\">Lufthansa-Streik am Flughafen Frankfurt: Die Fronten sind verh\u00e4rtet<\/a><\/h2>\n <div class=\"entry\">\n  <p style=\"margin-bottom:4px;\">\n   <a href=\"https:\/\/www.hessenschau.de\/wirtschaft\/lufthansa-streik-am-flughafen-frankfurt-die-fronten-sind-verhaertet-v8,lufthansa-streik-156.html\" target=\"_blank\"><img decoding=\"async\" src=\"https:\/\/www.hessenschau.de\/panorama\/streik-frankfurt-flughafen-102~_t-1776058747916_v-16to9.jpg\" style=\"align:left !important; float:left !important; margin-top:4px !important; margin-right:8px !important; margin-bottom:4px !important; width:90px !important;\" \/><\/a>   Rund 1.100 abgesagte Starts und Landungen am Flughafen Frankfurt: Die Piloten mehrerer Lufthansa-Airlines sind am Montag und Dienstag zum Streik aufgerufen. Der Konzern will ihren Forderungen nicht nachgeben. ...<br clear=\"all\" \/>  <\/p>\n  <div><span class=\"my_article_details\"><time datetime=\"2026-04-13\">13.04.2026<\/time> &middot; <a href=\"\/news\/fluglaerm-offenbach-am-main\" title=\"Flugl\u00e4rm Offenbach am Main\">Flughafen<\/a> &middot; Frankfurt &middot; <\/span><a href=\"https:\/\/www.hessenschau.de\/wirtschaft\/lufthansa-streik-am-flughafen-frankfurt-die-fronten-sind-verhaertet-v8,lufthansa-streik-156.html\" title=\"Link zum Artikel auf hessenschau.de\" target=\"_blank\">hessenschau.de<\/a><\/div>\n  <b><\/b>\n <\/div>\n <\/article>\n<\/div>\n<div class=\"post\" style=\"margin-bottom:40px;\">\n <article>\n <h2><a name=\"f41fabaa\" href=\"https:\/\/www.op-online.de\/hessen\/sommerliche-waerme-wetterwende-in-offenbach-hanau-nach-regen-und-frost-kommt-94259413.html\" rel=\"bookmark\" style=\"color:#333333; font-weight:bold;\" title=\"Link zum Artikel auf op-online.de\" target=\"_blank\">Wetterwende in Offenbach und Hanau: Nach Regen und Frost kommt sommerliche W\u00e4rme<\/a><\/h2>\n <div class=\"entry\">\n  <p style=\"margin-bottom:4px;\">\n   <a href=\"https:\/\/www.op-online.de\/hessen\/sommerliche-waerme-wetterwende-in-offenbach-hanau-nach-regen-und-frost-kommt-94259413.html\" target=\"_blank\"><img decoding=\"async\" src=\"https:\/\/www.op-online.de\/assets\/images\/42\/188\/42188228-die-kirschbluete-ist-ein-beliebtes-fotomotiv-im-fruehling-2401.jpg\" style=\"align:left !important; float:left !important; margin-top:4px !important; margin-right:8px !important; margin-bottom:4px !important; width:90px !important;\" \/><\/a>   Tr&uuml;bes Wetter begleitet Offenbach und die Region zum Wochenstart. Aber schon bald lockert es auf und die Sonne zeigt sich wieder.<br clear=\"all\" \/>  <\/p>\n  <div><span class=\"my_article_details\"><time datetime=\"2026-04-13\">13.04.2026<\/time> &middot; <a href=\"\/news\/offenbach-aktuell\" title=\"Offenbach heute aktuell\">Offenbach<\/a> &middot; Wetter &middot; <\/span><a href=\"https:\/\/www.op-online.de\/hessen\/sommerliche-waerme-wetterwende-in-offenbach-hanau-nach-regen-und-frost-kommt-94259413.html\" title=\"Link zum Artikel auf op-online.de\" target=\"_blank\">op-online.de<\/a><\/div>\n  <b><\/b>\n <\/div>\n <\/article>\n<\/div>\n<div class=\"post\" style=\"margin-bottom:40px;\">\n <article>\n <h2><a name=\"bf5fcf17\" href=\"https:\/\/www.op-online.de\/sport\/amateur-fussball\/rosenhoehe-setzt-sich-durch-in-dietesheim-94259170.html\" rel=\"bookmark\" style=\"color:#333333; font-weight:bold;\" title=\"Link zum Artikel auf op-online.de\" target=\"_blank\">Fu\u00dfball: Rosenh\u00f6he setzt sich durch in Dietesheim<\/a><\/h2>\n <div class=\"entry\">\n  <p style=\"margin-bottom:4px;\">\n   <a href=\"https:\/\/www.op-online.de\/sport\/amateur-fussball\/rosenhoehe-setzt-sich-durch-in-dietesheim-94259170.html\" target=\"_blank\"><img decoding=\"async\" src=\"https:\/\/www.op-online.de\/assets\/images\/42\/184\/42184028-12-04-2026-xpsx-fussball-gruppenliga-spvgg-dietesheim-osc-rosenhoehe-metin-aydin-dietesheim-atila-celik-rosenhoehe-g01.jpg\" style=\"align:left !important; float:left !important; margin-top:4px !important; margin-right:8px !important; margin-bottom:4px !important; width:90px !important;\" \/><\/a>   Die Spvgg. Neu-Isenburg behauptete mit einem 4:0 gegen Bayern Alzenau II die Tabellenf&uuml;hrung in der Fu&szlig;ball-Gruppenliga Frankfurt Ost. Verfolger KV M&uuml;hlheim hielt mit einem 2:0 beim FC Gelnhausen Schritt. Der OSC Rosenh&ouml;he gewann das Kreisduell in Dietesh ...<br clear=\"all\" \/>  <\/p>\n  <div><span class=\"my_article_details\"><time datetime=\"2026-04-13\">13.04.2026<\/time> &middot; <a href=\"\/news\/neu-isenburg-aktuell\" title=\"Neu-Isenburg heute aktuell\">Neu-Isenburg<\/a> &middot; <a href=\"\/news\/neu-isenburg-nachrichten\" title=\"Neu-Isenburg Nachrichten\">News<\/a> &middot; <\/span><a href=\"https:\/\/www.op-online.de\/sport\/amateur-fussball\/rosenhoehe-setzt-sich-durch-in-dietesheim-94259170.html\" title=\"Link zum Artikel auf op-online.de\" target=\"_blank\">op-online.de<\/a><\/div>\n  <b><\/b>\n <\/div>\n <\/article>\n<\/div>\n<div class=\"post\" style=\"margin-bottom:40px;\">\n <article>\n <h2><a name=\"f4e518b4\" href=\"https:\/\/of-news.de\/egelsbach\/wohnungsbrand-in-egelsbach-drei-personen-aus-haus-gerettet-167450\/\" rel=\"bookmark\" style=\"color:#333333; font-weight:bold;\" title=\"Link zum Artikel auf of-news.de\" target=\"_blank\">Wohnungsbrand in Egelsbach: Drei Personen aus Haus gerettet<\/a><\/h2>\n <div class=\"entry\">\n  <p style=\"margin-bottom:4px;\">\n   <a href=\"https:\/\/of-news.de\/egelsbach\/wohnungsbrand-in-egelsbach-drei-personen-aus-haus-gerettet-167450\/\" target=\"_blank\"><img decoding=\"async\" src=\"\/feeds\/gfx\/of-news.de.png\" style=\"align:left !important; float:left !important; margin-top:4px !important; margin-right:8px !important; margin-bottom:4px !important; width:90px !important;\" \/><\/a>   In Egelsbach hat ein Wohnungsbrand in der Henri-Dunant-Stra&szlig;e in der Nacht auf Montag einen Gro&szlig;einsatz ausgel&ouml;st. Kurz nach 23 Uhr wurde die Feuerwehr mit dem Stichwort \u201eWohnungsbrand, Menschenleben in Gefahr\u201c alarmiert. Beim Eintreffen stand eine Wohnung ...<br clear=\"all\" \/>  <\/p>\n  <div><span class=\"my_article_details\"><time datetime=\"2026-04-13\">13.04.2026<\/time> &middot; <a href=\"\/news\/braende-offenbach-am-main\" title=\"Br\u00e4nde Offenbach am Main\">Brand<\/a> &middot; <a href=\"\/news\/braende-offenbach-am-main\" title=\"Br\u00e4nde Offenbach am Main\">Feuerwehr<\/a> &middot; <a href=\"\/news\/neu-isenburg-aktuell\" title=\"Neu-Isenburg heute aktuell\">Neu-Isenburg<\/a> &middot; <a href=\"\/news\/neu-isenburg-nachrichten\" title=\"Neu-Isenburg Nachrichten\">News<\/a> &middot; <\/span><a href=\"https:\/\/of-news.de\/egelsbach\/wohnungsbrand-in-egelsbach-drei-personen-aus-haus-gerettet-167450\/\" title=\"Link zum Artikel auf of-news.de\" target=\"_blank\">of-news.de<\/a><\/div>\n  <b><\/b>\n <\/div>\n <\/article>\n<\/div>\n<div class=\"post\" style=\"margin-bottom:40px;\">\n <article>\n <h2><a name=\"0cabe77a\" href=\"https:\/\/www.op-online.de\/region\/neu-isenburg\/auto-und-tempo-30-spalten-neu-isenburg-digitalisierung-vereint-94258334.html\" rel=\"bookmark\" style=\"color:#333333; font-weight:bold;\" title=\"Link zum Artikel auf op-online.de\" target=\"_blank\">Auswertung von Wahl-Tool zeigt: Autovorrang und Tempo 30 spalten Neu-Isenburg<\/a><\/h2>\n <div class=\"entry\">\n  <p style=\"margin-bottom:4px;\">\n   <a href=\"https:\/\/www.op-online.de\/region\/neu-isenburg\/auto-und-tempo-30-spalten-neu-isenburg-digitalisierung-vereint-94258334.html\" target=\"_blank\"><img decoding=\"async\" src=\"https:\/\/www.op-online.de\/assets\/images\/42\/144\/42144335-torsten-spamer-hat-fuer-die-kommunalwahl-in-neu-isenburg-den-hugenott-mat-entwickelt-701.jpg\" style=\"align:left !important; float:left !important; margin-top:4px !important; margin-right:8px !important; margin-bottom:4px !important; width:90px !important;\" \/><\/a>   Der Hugenott-O-Mat zeigt die politischen W&uuml;nsche der Isenburger. Beim Thema Verkehr gehen die Meinungen am st&auml;rksten auseinander.<br clear=\"all\" \/>  <\/p>\n  <div><span class=\"my_article_details\"><time datetime=\"2026-04-13\">13.04.2026<\/time> &middot; <a href=\"\/news\/neu-isenburg-aktuell\" title=\"Neu-Isenburg heute aktuell\">Neu-Isenburg<\/a> &middot; <a href=\"\/news\/neu-isenburg-nachrichten\" title=\"Neu-Isenburg Nachrichten\">News<\/a> &middot; <\/span><a href=\"https:\/\/www.op-online.de\/region\/neu-isenburg\/auto-und-tempo-30-spalten-neu-isenburg-digitalisierung-vereint-94258334.html\" title=\"Link zum Artikel auf op-online.de\" target=\"_blank\">op-online.de<\/a><\/div>\n  <b><\/b>\n <\/div>\n <\/article>\n<\/div>\n<div class=\"post\" style=\"margin-bottom:40px;\">\n <article>\n <h2><a name=\"3eb02457\" href=\"https:\/\/www.op-online.de\/region\/neu-isenburg\/kinder-steuern-beebot-roboter-durch-knifflige-hindernisparcours-94256967.html\" rel=\"bookmark\" style=\"color:#333333; font-weight:bold;\" title=\"Link zum Artikel auf op-online.de\" target=\"_blank\">Kinder steuern Beebot-Roboter durch knifflige Hindernisparcours<\/a><\/h2>\n <div class=\"entry\">\n  <p style=\"margin-bottom:4px;\">\n   <a href=\"https:\/\/www.op-online.de\/region\/neu-isenburg\/kinder-steuern-beebot-roboter-durch-knifflige-hindernisparcours-94256967.html\" target=\"_blank\"><img decoding=\"async\" src=\"https:\/\/www.op-online.de\/assets\/images\/42\/163\/42163766-neu-isenburg-kinder-und-jugendbibliothek-makerspaces-beebot-workshop-gleich-soll-es-losgehen-dann-sollen-die-von-den-kids-programmierten-beebots-ihren-3n01.jpg\" style=\"align:left !important; float:left !important; margin-top:4px !important; margin-right:8px !important; margin-bottom:4px !important; width:90px !important;\" \/><\/a>   Die Stadtbibliothek Neu-Isenburg bietet Beebot-Workshops in den Osterferien an. Kinder lernen, kleine Roboter zu programmieren.<br clear=\"all\" \/>  <\/p>\n  <div><span class=\"my_article_details\"><time datetime=\"2026-04-11\">11.04.2026<\/time> &middot; <a href=\"\/news\/neu-isenburg-aktuell\" title=\"Neu-Isenburg heute aktuell\">Neu-Isenburg<\/a> &middot; <a href=\"\/news\/neu-isenburg-nachrichten\" title=\"Neu-Isenburg Nachrichten\">News<\/a> &middot; <\/span><a href=\"https:\/\/www.op-online.de\/region\/neu-isenburg\/kinder-steuern-beebot-roboter-durch-knifflige-hindernisparcours-94256967.html\" title=\"Link zum Artikel auf op-online.de\" target=\"_blank\">op-online.de<\/a><\/div>\n  <b><\/b>\n <\/div>\n <\/article>\n<\/div>\n<div class=\"post\" style=\"margin-bottom:40px;\">\n <article>\n <h2><a name=\"58602b18\" href=\"http:\/\/www.neu-isenburg.de\/pressemodul\/pressemitteilungen\/april\/sommerfit-2026\" rel=\"bookmark\" style=\"color:#333333; font-weight:bold;\" title=\"Link zum Artikel auf neu-isenburg.de\" target=\"_blank\">Neu-Isenburg: Seit 16 Jahren gemeinsam in Bewegung<\/a><\/h2>\n <div class=\"entry\">\n  <p style=\"margin-bottom:4px;\">\n   <a href=\"http:\/\/www.neu-isenburg.de\/pressemodul\/pressemitteilungen\/april\/sommerfit-2026\" target=\"_blank\"><img decoding=\"async\" src=\"\/feeds\/gfx\/neu-isenburg.de.png\" style=\"align:left !important; float:left !important; margin-top:4px !important; margin-right:8px !important; margin-bottom:4px !important; width:90px !important;\" \/><\/a>   Sommerfit 2026 in Neu-Isenburg bereits ausgebucht \u2013 Anmeldung zur Warteliste m&ouml;glich<br clear=\"all\" \/>  <\/p>\n  <div><span class=\"my_article_details\"><time datetime=\"2026-04-10\">10.04.2026<\/time> &middot; <a href=\"\/news\/neu-isenburg-aktuell\" title=\"Neu-Isenburg heute aktuell\">Neu-Isenburg<\/a> &middot; <a href=\"\/news\/neu-isenburg-nachrichten\" title=\"Neu-Isenburg Nachrichten\">News<\/a> &middot; <\/span><a href=\"http:\/\/www.neu-isenburg.de\/pressemodul\/pressemitteilungen\/april\/sommerfit-2026\" title=\"Link zum Artikel auf neu-isenburg.de\" target=\"_blank\">neu-isenburg.de<\/a><\/div>\n  <b><\/b>\n <\/div>\n <\/article>\n<\/div>\n<div class=\"post\" style=\"margin-bottom:40px;\">\n <article>\n <h2><a name=\"856d4fd9\" href=\"https:\/\/www.fr.de\/rhein-main\/parkhotel-ausziehen-260-gefluechtete-muessen-bis-jahresende-aus-dem-94255464.html\" rel=\"bookmark\" style=\"color:#333333; font-weight:bold;\" title=\"Link zum Artikel auf fr.de\" target=\"_blank\">260 Gefl\u00fcchtete m\u00fcssen bis Jahresende aus Parkhotel ausziehen<\/a><\/h2>\n <div class=\"entry\">\n  <p style=\"margin-bottom:4px;\">\n   <a href=\"https:\/\/www.fr.de\/rhein-main\/parkhotel-ausziehen-260-gefluechtete-muessen-bis-jahresende-aus-dem-94255464.html\" target=\"_blank\"><img decoding=\"async\" src=\"https:\/\/www.fr.de\/assets\/images\/42\/35\/42035953-startschuss-fuer-die-fluechtlingsunterkunft-im-fruehjahr-2022-carsten-mueller-links-handelte-den-mietvertrag-mit-hoteldirektor-knut-anton-werner-und-2xr62EsyoR01.jpg\" style=\"align:left !important; float:left !important; margin-top:4px !important; margin-right:8px !important; margin-bottom:4px !important; width:90px !important;\" \/><\/a>   Der Kreis Offenbach schlie&szlig;t die Unterkunft im Parkhotel R&ouml;dermark. Die Bewohner brauchen bis Jahresende neue Wohnungen in der Region.<br clear=\"all\" \/>  <\/p>\n  <div><span class=\"my_article_details\"><time datetime=\"2026-04-09\">09.04.2026<\/time> &middot; <a href=\"\/news\/polizeieinsaetze-offenbach-am-main\" title=\"Polizeieins\u00e4tze Offenbach am Main\">Kreis Offenbach<\/a> &middot; <\/span><a href=\"https:\/\/www.fr.de\/rhein-main\/parkhotel-ausziehen-260-gefluechtete-muessen-bis-jahresende-aus-dem-94255464.html\" title=\"Link zum Artikel auf fr.de\" target=\"_blank\">fr.de<\/a><\/div>\n  <b><\/b>\n <\/div>\n <\/article>\n<\/div>\n<div class=\"post\" style=\"margin-bottom:40px;\">\n <article>\n <h2><a name=\"ffbd031d\" href=\"http:\/\/www.neu-isenburg.de\/pressemodul\/pressemitteilungen\/april\/run-up-2026\" rel=\"bookmark\" style=\"color:#333333; font-weight:bold;\" title=\"Link zum Artikel auf neu-isenburg.de\" target=\"_blank\">Neu-Isenburg: Run up 2026<\/a><\/h2>\n <div class=\"entry\">\n  <p style=\"margin-bottom:4px;\">\n   <a href=\"http:\/\/www.neu-isenburg.de\/pressemodul\/pressemitteilungen\/april\/run-up-2026\" target=\"_blank\"><img decoding=\"async\" src=\"\/feeds\/gfx\/neu-isenburg.de.png\" style=\"align:left !important; float:left !important; margin-top:4px !important; margin-right:8px !important; margin-bottom:4px !important; width:90px !important;\" \/><\/a>   Start in die Laufsaison am 25. April um 10.00 Uhr am Lauftreffschild.<br clear=\"all\" \/>  <\/p>\n  <div><span class=\"my_article_details\"><time datetime=\"2026-04-09\">09.04.2026<\/time> &middot; <a href=\"\/news\/neu-isenburg-aktuell\" title=\"Neu-Isenburg heute aktuell\">Neu-Isenburg<\/a> &middot; <a href=\"\/news\/neu-isenburg-nachrichten\" title=\"Neu-Isenburg Nachrichten\">News<\/a> &middot; <\/span><a href=\"http:\/\/www.neu-isenburg.de\/pressemodul\/pressemitteilungen\/april\/run-up-2026\" title=\"Link zum Artikel auf neu-isenburg.de\" target=\"_blank\">neu-isenburg.de<\/a><\/div>\n  <b><\/b>\n <\/div>\n <\/article>\n<\/div>\n<div class=\"post\" style=\"margin-bottom:40px;\">\n <article>\n <h2><a name=\"b2ae74c2\" href=\"https:\/\/of-news.de\/neu-isenburg\/kita-st-josef-in-neu-isenburg-feiert-115-jaehriges-bestehen-167414\/\" rel=\"bookmark\" style=\"color:#333333; font-weight:bold;\" title=\"Link zum Artikel auf of-news.de\" target=\"_blank\">Kita St. Josef in Neu-Isenburg feiert 115-j\u00e4hriges Bestehen<\/a><\/h2>\n <div class=\"entry\">\n  <p style=\"margin-bottom:4px;\">\n   <a href=\"https:\/\/of-news.de\/neu-isenburg\/kita-st-josef-in-neu-isenburg-feiert-115-jaehriges-bestehen-167414\/\" target=\"_blank\"><img decoding=\"async\" src=\"\/feeds\/gfx\/of-news.de.png\" style=\"align:left !important; float:left !important; margin-top:4px !important; margin-right:8px !important; margin-bottom:4px !important; width:90px !important;\" \/><\/a>   Die katholische Kindertagesst&auml;tte St. Josef in Neu-Isenburg besteht seit 115 Jahren. Ihre Anf&auml;nge liegen im Jahr 1911, in der fr&uuml;hen Phase der katholischen Gemeinde vor Ort. Schon damals organisierten Ordensschwestern eine Betreuung f&uuml;r Kinder berufst&auml;tiger ...<br clear=\"all\" \/>  <\/p>\n  <div><span class=\"my_article_details\"><time datetime=\"2026-04-09\">09.04.2026<\/time> &middot; <a href=\"\/news\/neu-isenburg-aktuell\" title=\"Neu-Isenburg heute aktuell\">Neu-Isenburg<\/a> &middot; <a href=\"\/news\/neu-isenburg-nachrichten\" title=\"Neu-Isenburg Nachrichten\">News<\/a> &middot; <\/span><a href=\"https:\/\/of-news.de\/neu-isenburg\/kita-st-josef-in-neu-isenburg-feiert-115-jaehriges-bestehen-167414\/\" title=\"Link zum Artikel auf of-news.de\" target=\"_blank\">of-news.de<\/a><\/div>\n  <b><\/b>\n <\/div>\n <\/article>\n<\/div>\n<div class=\"post\" style=\"margin-bottom:40px;\">\n <article>\n <h2><a name=\"7c18d152\" href=\"https:\/\/www.op-online.de\/offenbach\/wetter-wende-in-offenbach-hanau-schon-in-wenigen-stunden-ist-es-soweit-94254280.html\" rel=\"bookmark\" style=\"color:#333333; font-weight:bold;\" title=\"Link zum Artikel auf op-online.de\" target=\"_blank\">Wetter-Wende in Offenbach und Region \u2013 Schon in wenigen Stunden ist es soweit<\/a><\/h2>\n <div class=\"entry\">\n  <p style=\"margin-bottom:4px;\">\n   <a href=\"https:\/\/www.op-online.de\/offenbach\/wetter-wende-in-offenbach-hanau-schon-in-wenigen-stunden-ist-es-soweit-94254280.html\" target=\"_blank\"><img decoding=\"async\" src=\"https:\/\/www.op-online.de\/assets\/images\/41\/346\/41346555-sonne-wolken-1U01.jpg\" style=\"align:left !important; float:left !important; margin-top:4px !important; margin-right:8px !important; margin-bottom:4px !important; width:90px !important;\" \/><\/a>   In Offenbach, Hanau und dem Rhein-Main-Gebiet war es zuletzt sonnig und mild. Ab Donnerstagabend n&auml;hert sich von Westen feuchtere, k&uuml;hlere Luft. F&uuml;r die Nacht zu Freitag sind Schauer und einzelne Gewitter m&ouml;glich.<br clear=\"all\" \/>  <\/p>\n  <div><span class=\"my_article_details\"><time datetime=\"2026-04-09\">09.04.2026<\/time> &middot; <a href=\"\/news\/offenbach-aktuell\" title=\"Offenbach heute aktuell\">Offenbach<\/a> &middot; Wetter &middot; <\/span><a href=\"https:\/\/www.op-online.de\/offenbach\/wetter-wende-in-offenbach-hanau-schon-in-wenigen-stunden-ist-es-soweit-94254280.html\" title=\"Link zum Artikel auf op-online.de\" target=\"_blank\">op-online.de<\/a><\/div>\n  <b><\/b>\n <\/div>\n <\/article>\n<\/div>\n<div class=\"post\" style=\"margin-bottom:40px;\">\n <article>\n <h2><a name=\"67a6e338\" href=\"https:\/\/www.op-online.de\/region\/neu-isenburg\/das-waldschwimmbad-oeffnet-am-13-mai-zum-100-jubilaeum-94253666.html\" rel=\"bookmark\" style=\"color:#333333; font-weight:bold;\" title=\"Link zum Artikel auf op-online.de\" target=\"_blank\">Vorbereitungen auf Jubil\u00e4umssaison im Waldschwimmbad laufen<\/a><\/h2>\n <div class=\"entry\">\n  <p style=\"margin-bottom:4px;\">\n   <a href=\"https:\/\/www.op-online.de\/region\/neu-isenburg\/das-waldschwimmbad-oeffnet-am-13-mai-zum-100-jubilaeum-94253666.html\" target=\"_blank\"><img decoding=\"async\" src=\"https:\/\/www.op-online.de\/assets\/images\/42\/122\/42122855-neu-isenburg-waldschwimmbad-fruehjahrsputz-das-grosse-schwimmerbecken-wird-mit-dampf-hochdruck-gereinigt-3r01.jpg\" style=\"align:left !important; float:left !important; margin-top:4px !important; margin-right:8px !important; margin-bottom:4px !important; width:90px !important;\" \/><\/a>   Das Waldschwimmbad wird gr&uuml;ndlich gereinigt und vorbereitet. In diesem Jahr steht eine besondere Freibadsaison an.<br clear=\"all\" \/>  <\/p>\n  <div><span class=\"my_article_details\"><time datetime=\"2026-04-09\">09.04.2026<\/time> &middot; <a href=\"\/news\/neu-isenburg-aktuell\" title=\"Neu-Isenburg heute aktuell\">Neu-Isenburg<\/a> &middot; <a href=\"\/news\/neu-isenburg-nachrichten\" title=\"Neu-Isenburg Nachrichten\">News<\/a> &middot; <\/span><a href=\"https:\/\/www.op-online.de\/region\/neu-isenburg\/das-waldschwimmbad-oeffnet-am-13-mai-zum-100-jubilaeum-94253666.html\" title=\"Link zum Artikel auf op-online.de\" target=\"_blank\">op-online.de<\/a><\/div>\n  <b><\/b>\n <\/div>\n <\/article>\n<\/div>\n<div class=\"post\" style=\"margin-bottom:40px;\">\n <article>\n <h2><a name=\"c2661174\" href=\"https:\/\/www.sternfreundekreisoffenbach.de\/uncategorized\/astronomisches-schuelerpraktikum\/\" rel=\"bookmark\" style=\"color:#333333; font-weight:bold;\" title=\"Link zum Artikel auf sternfreundekreisoffenbach.de\" target=\"_blank\">Astronomie: Astronomisches Sch\u00fclerpraktikum<\/a><\/h2>\n <div class=\"entry\">\n  <p style=\"margin-bottom:4px;\">\n   <a href=\"https:\/\/www.sternfreundekreisoffenbach.de\/uncategorized\/astronomisches-schuelerpraktikum\/\" target=\"_blank\"><img decoding=\"async\" src=\"\/feeds\/gfx\/sternfreundekreisoffenbach.de.jpg\" style=\"align:left !important; float:left !important; margin-top:4px !important; margin-right:8px !important; margin-bottom:4px !important; width:90px !important;\" \/><\/a>   Mitte M&auml;rz &ouml;ffneten wir unsere Sternwarte f&uuml;r die 5. Klassen des Adolf-Reichwein-Gymnasiums im Rahmen ihres Klassenfestes. Auf dem Programm standen ein Tag der Sonnenbeobachtung sowie zwei Beobachtungsn&auml;chte. Am Abend des 17. M&auml;rz spielte das Wetter leider ...<br clear=\"all\" \/>  <\/p>\n  <div><span class=\"my_article_details\"><time datetime=\"2026-04-09\">09.04.2026<\/time> &middot; <a href=\"\/news\/polizeieinsaetze-offenbach-am-main\" title=\"Polizeieins\u00e4tze Offenbach am Main\">Kreis Offenbach<\/a> &middot; <\/span><a href=\"https:\/\/www.sternfreundekreisoffenbach.de\/uncategorized\/astronomisches-schuelerpraktikum\/\" title=\"Link zum Artikel auf sternfreundekreisoffenbach.de\" target=\"_blank\">sternfreundekreisoffenbach.de<\/a><\/div>\n  <b><\/b>\n <\/div>\n <\/article>\n<\/div>\n<div class=\"post\" style=\"margin-bottom:40px;\">\n <article>\n <h2><a name=\"bb86b578\" href=\"https:\/\/of-news.de\/neu-isenburg\/neu-isenburg-setzt-im-sommer-erneut-auf-zusaetzliche-city-streife-167388\/\" rel=\"bookmark\" style=\"color:#333333; font-weight:bold;\" title=\"Link zum Artikel auf of-news.de\" target=\"_blank\">Neu-Isenburg setzt im Sommer erneut auf zus\u00e4tzliche City-Streife<\/a><\/h2>\n <div class=\"entry\">\n  <p style=\"margin-bottom:4px;\">\n   <a href=\"https:\/\/of-news.de\/neu-isenburg\/neu-isenburg-setzt-im-sommer-erneut-auf-zusaetzliche-city-streife-167388\/\" target=\"_blank\"><img decoding=\"async\" src=\"\/feeds\/gfx\/of-news.de.png\" style=\"align:left !important; float:left !important; margin-top:4px !important; margin-right:8px !important; margin-bottom:4px !important; width:90px !important;\" \/><\/a>   Neu-Isenburg will in den Sommermonaten wieder mit zus&auml;tzlichen Streifen im &ouml;ffentlichen Raum pr&auml;sent sein. Der Auftrag f&uuml;r die \u201eCity-Streife\u201c ist erteilt, damit wird die Zusammenarbeit mit dem Team von Florian Kassel, Gesch&auml;ftsf&uuml;hrer der Rhein-Main Sicherheitsdienst ...<br clear=\"all\" \/>  <\/p>\n  <div><span class=\"my_article_details\"><time datetime=\"2026-04-08\">08.04.2026<\/time> &middot; Gravenbruch &middot; <a href=\"\/news\/neu-isenburg-aktuell\" title=\"Neu-Isenburg heute aktuell\">Neu-Isenburg<\/a> &middot; <a href=\"\/news\/neu-isenburg-nachrichten\" title=\"Neu-Isenburg Nachrichten\">News<\/a> &middot; <a href=\"\/news\/neu-isenburg-polizeimeldungen\" title=\"Polizeieins\u00e4tze Neu-Isenburg\">Polizei<\/a> &middot; <\/span><a href=\"https:\/\/of-news.de\/neu-isenburg\/neu-isenburg-setzt-im-sommer-erneut-auf-zusaetzliche-city-streife-167388\/\" title=\"Link zum Artikel auf of-news.de\" target=\"_blank\">of-news.de<\/a><\/div>\n  <b><\/b>\n <\/div>\n <\/article>\n<\/div>\n<div class=\"post\" style=\"margin-bottom:40px;\">\n <article>\n <h2><a name=\"6c0d9111\" href=\"http:\/\/www.neu-isenburg.de\/pressemodul\/pressemitteilungen\/april\/dritter-energietag-der-stadtwerke-am-25-april-2026\" rel=\"bookmark\" style=\"color:#333333; font-weight:bold;\" title=\"Link zum Artikel auf neu-isenburg.de\" target=\"_blank\">Dritter Energietag der Stadtwerke Neu-Isenburg am 25. April 2026<\/a><\/h2>\n <div class=\"entry\">\n  <p style=\"margin-bottom:4px;\">\n   <a href=\"http:\/\/www.neu-isenburg.de\/pressemodul\/pressemitteilungen\/april\/dritter-energietag-der-stadtwerke-am-25-april-2026\" target=\"_blank\"><img decoding=\"async\" src=\"\/feeds\/gfx\/neu-isenburg.de.png\" style=\"align:left !important; float:left !important; margin-top:4px !important; margin-right:8px !important; margin-bottom:4px !important; width:90px !important;\" \/><\/a>   Informationen zu der Energieversorgung von morgen sowie L&ouml;sungen um Energiekosten zu senken und gleichzeitig einen Beitrag zum Klimaschutz zu leisten, stehen im Fokus der Veranstaltung<br clear=\"all\" \/>  <\/p>\n  <div><span class=\"my_article_details\"><time datetime=\"2026-04-08\">08.04.2026<\/time> &middot; <a href=\"\/news\/neu-isenburg-aktuell\" title=\"Neu-Isenburg heute aktuell\">Neu-Isenburg<\/a> &middot; <a href=\"\/news\/neu-isenburg-nachrichten\" title=\"Neu-Isenburg Nachrichten\">News<\/a> &middot; <\/span><a href=\"http:\/\/www.neu-isenburg.de\/pressemodul\/pressemitteilungen\/april\/dritter-energietag-der-stadtwerke-am-25-april-2026\" title=\"Link zum Artikel auf neu-isenburg.de\" target=\"_blank\">neu-isenburg.de<\/a><\/div>\n  <b><\/b>\n <\/div>\n <\/article>\n<\/div>\n<div class=\"post\" style=\"margin-bottom:40px;\">\n <article>\n <h2><a name=\"3de1144d\" href=\"http:\/\/www.neu-isenburg.de\/pressemodul\/pressemitteilungen\/april\/stadtbaeume-gegen-hitze\" rel=\"bookmark\" style=\"color:#333333; font-weight:bold;\" title=\"Link zum Artikel auf neu-isenburg.de\" target=\"_blank\">Neu-Isenburg: Standortoptimierung von Bestandsb\u00e4umen in der Rathenaustra\u00dfe<\/a><\/h2>\n <div class=\"entry\">\n  <p style=\"margin-bottom:4px;\">\n   <a href=\"http:\/\/www.neu-isenburg.de\/pressemodul\/pressemitteilungen\/april\/stadtbaeume-gegen-hitze\" target=\"_blank\"><img decoding=\"async\" src=\"\/feeds\/gfx\/neu-isenburg.de.png\" style=\"align:left !important; float:left !important; margin-top:4px !important; margin-right:8px !important; margin-bottom:4px !important; width:90px !important;\" \/><\/a>   Tempor&auml;re abschnittsweise Einschr&auml;nkungen ab Montag, 13. April bei der Nutzung von Gehwegen und Parkpl&auml;tzen w&auml;hrend der Bauarbeiten<br clear=\"all\" \/>  <\/p>\n  <div><span class=\"my_article_details\"><time datetime=\"2026-04-08\">08.04.2026<\/time> &middot; <a href=\"\/news\/neu-isenburg-aktuell\" title=\"Neu-Isenburg heute aktuell\">Neu-Isenburg<\/a> &middot; <a href=\"\/news\/neu-isenburg-nachrichten\" title=\"Neu-Isenburg Nachrichten\">News<\/a> &middot; <\/span><a href=\"http:\/\/www.neu-isenburg.de\/pressemodul\/pressemitteilungen\/april\/stadtbaeume-gegen-hitze\" title=\"Link zum Artikel auf neu-isenburg.de\" target=\"_blank\">neu-isenburg.de<\/a><\/div>\n  <b><\/b>\n <\/div>\n <\/article>\n<\/div>\n<div class=\"post\" style=\"margin-bottom:40px;\">\n <article>\n <h2><a name=\"d74fe2bd\" href=\"http:\/\/www.neu-isenburg.de\/pressemodul\/pressemitteilungen\/april\/die-lesescouts-gestalten-die-stadtbibliothek\" rel=\"bookmark\" style=\"color:#333333; font-weight:bold;\" title=\"Link zum Artikel auf neu-isenburg.de\" target=\"_blank\">Monsterm\u00e4\u00dfig: Die Lesescouts gestalten ihre Stadtbibliothek<\/a><\/h2>\n <div class=\"entry\">\n  <p style=\"margin-bottom:4px;\">\n   <a href=\"http:\/\/www.neu-isenburg.de\/pressemodul\/pressemitteilungen\/april\/die-lesescouts-gestalten-die-stadtbibliothek\" target=\"_blank\"><img decoding=\"async\" src=\"\/feeds\/gfx\/neu-isenburg.de.png\" style=\"align:left !important; float:left !important; margin-top:4px !important; margin-right:8px !important; margin-bottom:4px !important; width:90px !important;\" \/><\/a>   Freche, kleinen Monster auf zwei gro&szlig;en Leinw&auml;nden begr&uuml;&szlig;en jetzt die Kinder in der Kinderbibliothek<br clear=\"all\" \/>  <\/p>\n  <div><span class=\"my_article_details\"><time datetime=\"2026-04-08\">08.04.2026<\/time> &middot; <a href=\"\/news\/neu-isenburg-aktuell\" title=\"Neu-Isenburg heute aktuell\">Neu-Isenburg<\/a> &middot; <a href=\"\/news\/neu-isenburg-nachrichten\" title=\"Neu-Isenburg Nachrichten\">News<\/a> &middot; <\/span><a href=\"http:\/\/www.neu-isenburg.de\/pressemodul\/pressemitteilungen\/april\/die-lesescouts-gestalten-die-stadtbibliothek\" title=\"Link zum Artikel auf neu-isenburg.de\" target=\"_blank\">neu-isenburg.de<\/a><\/div>\n  <b><\/b>\n <\/div>\n <\/article>\n<\/div>\n<div class=\"post\" style=\"margin-bottom:40px;\">\n <article>\n <h2><a name=\"c215787b\" href=\"http:\/\/www.neu-isenburg.de\/pressemodul\/pressemitteilungen\/april\/vortrag-mit-prof.dr.stefan-mueller-in-der-seminar-und-gedenkstaette-bertha-pappenheim\" rel=\"bookmark\" style=\"color:#333333; font-weight:bold;\" title=\"Link zum Artikel auf neu-isenburg.de\" target=\"_blank\">Neu-Isenburg: Vortrag zu Antisemitismus an Schulen und Hochschulen nach dem 7. Oktober 2023<\/a><\/h2>\n <div class=\"entry\">\n  <p style=\"margin-bottom:4px;\">\n   <a href=\"http:\/\/www.neu-isenburg.de\/pressemodul\/pressemitteilungen\/april\/vortrag-mit-prof.dr.stefan-mueller-in-der-seminar-und-gedenkstaette-bertha-pappenheim\" target=\"_blank\"><img decoding=\"async\" src=\"\/feeds\/gfx\/neu-isenburg.de.png\" style=\"align:left !important; float:left !important; margin-top:4px !important; margin-right:8px !important; margin-bottom:4px !important; width:90px !important;\" \/><\/a>   Die Veranstaltung findet am Montag, 27. April, 18:30 Uhr bis 20:30 Uhr in der Seminar- und Gedenkst&auml;tte Bertha Pappenheim statt, eine Anmeldung ist erforderlich<br clear=\"all\" \/>  <\/p>\n  <div><span class=\"my_article_details\"><time datetime=\"2026-04-08\">08.04.2026<\/time> &middot; <a href=\"\/news\/neu-isenburg-aktuell\" title=\"Neu-Isenburg heute aktuell\">Neu-Isenburg<\/a> &middot; <a href=\"\/news\/neu-isenburg-nachrichten\" title=\"Neu-Isenburg Nachrichten\">News<\/a> &middot; <\/span><a href=\"http:\/\/www.neu-isenburg.de\/pressemodul\/pressemitteilungen\/april\/vortrag-mit-prof.dr.stefan-mueller-in-der-seminar-und-gedenkstaette-bertha-pappenheim\" title=\"Link zum Artikel auf neu-isenburg.de\" target=\"_blank\">neu-isenburg.de<\/a><\/div>\n  <b><\/b>\n <\/div>\n <\/article>\n<\/div>\n<div class=\"post\" style=\"margin-bottom:40px;\">\n <article>\n <h2><a name=\"f0d31e50\" href=\"https:\/\/www.kreis-offenbach.de\/Service\/Medienservice\/Aktuelle-Pressemitteilungen\/Br%C3%BCssel-trifft-Berlin.php?object=tx,4013.5.1&ModID=7&FID=4013.3333.1&NavID=4013.211&La=1\" rel=\"bookmark\" style=\"color:#333333; font-weight:bold;\" title=\"Link zum Artikel auf kreis-offenbach.de\" target=\"_blank\">Br\u00fcssel trifft Berlin<\/a><\/h2>\n <div class=\"entry\">\n  <p style=\"margin-bottom:4px;\">\n   <a href=\"https:\/\/www.kreis-offenbach.de\/Service\/Medienservice\/Aktuelle-Pressemitteilungen\/Br%C3%BCssel-trifft-Berlin.php?object=tx,4013.5.1&ModID=7&FID=4013.3333.1&NavID=4013.211&La=1\" target=\"_blank\"><img decoding=\"async\" src=\"\/feeds\/gfx\/kreis-offenbach.de.png\" style=\"align:left !important; float:left !important; margin-top:4px !important; margin-right:8px !important; margin-bottom:4px !important; width:90px !important;\" \/><\/a>   Bildungsurlaub vermittelt Einblicke in EU-Entscheidungsprozesse und Lobbyismus<br clear=\"all\" \/>  <\/p>\n  <div><span class=\"my_article_details\"><time datetime=\"2026-04-08\">08.04.2026<\/time> &middot; <a href=\"\/news\/polizeieinsaetze-offenbach-am-main\" title=\"Polizeieins\u00e4tze Offenbach am Main\">Kreis Offenbach<\/a> &middot; <\/span><a href=\"https:\/\/www.kreis-offenbach.de\/Service\/Medienservice\/Aktuelle-Pressemitteilungen\/Br%C3%BCssel-trifft-Berlin.php?object=tx,4013.5.1&ModID=7&FID=4013.3333.1&NavID=4013.211&La=1\" title=\"Link zum Artikel auf kreis-offenbach.de\" target=\"_blank\">kreis-offenbach.de<\/a><\/div>\n  <b><\/b>\n <\/div>\n <\/article>\n<\/div>\n<div class=\"post\" style=\"margin-bottom:40px;\">\n <article>\n <h2><a name=\"6c286ec6\" href=\"http:\/\/swni.de\/de\/Ueber-uns\/Presse\/Aktuelle-Meldungen\/Dritter-Energietag-der-Stadtwerke-am-25.-April-2026-_885909.html\" rel=\"bookmark\" style=\"color:#333333; font-weight:bold;\" title=\"Link zum Artikel auf swni.de\" target=\"_blank\">Stadtwerke Neu-Isenburg: Dritter Energietag der Stadtwerke am 25. April 2026<\/a><\/h2>\n <div class=\"entry\">\n  <p style=\"margin-bottom:4px;\">\n   <a href=\"http:\/\/swni.de\/de\/Ueber-uns\/Presse\/Aktuelle-Meldungen\/Dritter-Energietag-der-Stadtwerke-am-25.-April-2026-_885909.html\" target=\"_blank\"><img decoding=\"async\" src=\"\/feeds\/gfx\/swni.de.png\" style=\"align:left !important; float:left !important; margin-top:4px !important; margin-right:8px !important; margin-bottom:4px !important; width:90px !important;\" \/><\/a>   <i>F\u00fcr diese Meldung existiert leider kein kurzer Auszug.<\/i><br clear=\"all\" \/>  <\/p>\n  <div><span class=\"my_article_details\"><time datetime=\"2026-04-08\">08.04.2026<\/time> &middot; <a href=\"\/news\/neu-isenburg-aktuell\" title=\"Neu-Isenburg heute aktuell\">Neu-Isenburg<\/a> &middot; <a href=\"\/news\/neu-isenburg-nachrichten\" title=\"Neu-Isenburg Nachrichten\">News<\/a> &middot; <\/span><a href=\"http:\/\/swni.de\/de\/Ueber-uns\/Presse\/Aktuelle-Meldungen\/Dritter-Energietag-der-Stadtwerke-am-25.-April-2026-_885909.html\" title=\"Link zum Artikel auf swni.de\" target=\"_blank\">swni.de<\/a><\/div>\n  <b><\/b>\n <\/div>\n <\/article>\n<\/div>\n<div class=\"post\" style=\"margin-bottom:40px;\">\n <article>\n <h2><a name=\"adba7c02\" href=\"https:\/\/www.op-online.de\/region\/neu-isenburg\/die-kita-st-josef-feiert-jubilaeum-mit-modernem-konzept-94251963.html\" rel=\"bookmark\" style=\"color:#333333; font-weight:bold;\" title=\"Link zum Artikel auf op-online.de\" target=\"_blank\">Historische Kita feiert Jubil\u00e4um mit modernem Konzept<\/a><\/h2>\n <div class=\"entry\">\n  <p style=\"margin-bottom:4px;\">\n   <a href=\"https:\/\/www.op-online.de\/region\/neu-isenburg\/die-kita-st-josef-feiert-jubilaeum-mit-modernem-konzept-94251963.html\" target=\"_blank\"><img decoding=\"async\" src=\"https:\/\/www.op-online.de\/assets\/images\/42\/96\/42096147-neu-isenburg-115-jahre-kita-st-josef-diana-flucke-leber-fachbereichsleitung-kinder-ganz-links-dann-erster-stadtrat-stefan-schmitt-christina-moka-kita-2g01.jpg\" style=\"align:left !important; float:left !important; margin-top:4px !important; margin-right:8px !important; margin-bottom:4px !important; width:90px !important;\" \/><\/a>   Die katholische Kita St. Josef in Neu-Isenburg betreut 150 Kinder. Ihre Geschichte reicht zur&uuml;ck bis ins Jahr 1911.<br clear=\"all\" \/>  <\/p>\n  <div><span class=\"my_article_details\"><time datetime=\"2026-04-08\">08.04.2026<\/time> &middot; <a href=\"\/news\/neu-isenburg-aktuell\" title=\"Neu-Isenburg heute aktuell\">Neu-Isenburg<\/a> &middot; <a href=\"\/news\/neu-isenburg-nachrichten\" title=\"Neu-Isenburg Nachrichten\">News<\/a> &middot; <\/span><a href=\"https:\/\/www.op-online.de\/region\/neu-isenburg\/die-kita-st-josef-feiert-jubilaeum-mit-modernem-konzept-94251963.html\" title=\"Link zum Artikel auf op-online.de\" target=\"_blank\">op-online.de<\/a><\/div>\n  <b><\/b>\n <\/div>\n <\/article>\n<\/div>\n<div class=\"post\" style=\"margin-bottom:40px;\">\n <article>\n <h2><a name=\"de26f3f1\" href=\"https:\/\/www.op-online.de\/region\/neu-isenburg\/heimatverein-kritisiert-abgespeckte-plaene-fuer-den-alten-ort-94251918.html\" rel=\"bookmark\" style=\"color:#333333; font-weight:bold;\" title=\"Link zum Artikel auf op-online.de\" target=\"_blank\">Heimatverein beklagt abgespeckte Pl\u00e4ne f\u00fcr den Alten Ort<\/a><\/h2>\n <div class=\"entry\">\n  <p style=\"margin-bottom:4px;\">\n   <a href=\"https:\/\/www.op-online.de\/region\/neu-isenburg\/heimatverein-kritisiert-abgespeckte-plaene-fuer-den-alten-ort-94251918.html\" target=\"_blank\"><img decoding=\"async\" src=\"https:\/\/www.op-online.de\/assets\/images\/42\/114\/42114382-neu-isenburg-verein-pour-yseboursch-der-vorsitzende-werner-stahl-re-mit-veronika-lorey-mitt-beisitzerin-und-brigitte-schentke-schriftfuehrerin-auf-dem-501.jpg\" style=\"align:left !important; float:left !important; margin-top:4px !important; margin-right:8px !important; margin-bottom:4px !important; width:90px !important;\" \/><\/a>   Ein L&uuml;becker B&uuml;ro soll den Alten Ort endlich neu gestalten. Doch der Heimatverein fordert mehr als nur Barrierefreiheit und Begr&uuml;nung.<br clear=\"all\" \/>  <\/p>\n  <div><span class=\"my_article_details\"><time datetime=\"2026-04-07\">07.04.2026<\/time> &middot; <a href=\"\/news\/neu-isenburg-aktuell\" title=\"Neu-Isenburg heute aktuell\">Neu-Isenburg<\/a> &middot; <a href=\"\/news\/neu-isenburg-nachrichten\" title=\"Neu-Isenburg Nachrichten\">News<\/a> &middot; <\/span><a href=\"https:\/\/www.op-online.de\/region\/neu-isenburg\/heimatverein-kritisiert-abgespeckte-plaene-fuer-den-alten-ort-94251918.html\" title=\"Link zum Artikel auf op-online.de\" target=\"_blank\">op-online.de<\/a><\/div>\n  <b><\/b>\n <\/div>\n <\/article>\n<\/div>\n<div class=\"post\" style=\"margin-bottom:40px;\">\n <article>\n <h2><a name=\"1c8bcad4\" href=\"https:\/\/www.op-online.de\/hessen\/vorsicht-kein-april-scherz-in-hessen-wird-es-bis-zu-23-grad-warm-94250322.html\" rel=\"bookmark\" style=\"color:#333333; font-weight:bold;\" title=\"Link zum Artikel auf op-online.de\" target=\"_blank\">Wetter verw\u00f6hnt Menschen in Offenbach und Hanau \u2013 doch Vorsicht ist geboten<\/a><\/h2>\n <div class=\"entry\">\n  <p style=\"margin-bottom:4px;\">\n   <a href=\"https:\/\/www.op-online.de\/hessen\/vorsicht-kein-april-scherz-in-hessen-wird-es-bis-zu-23-grad-warm-94250322.html\" target=\"_blank\"><img decoding=\"async\" src=\"https:\/\/www.op-online.de\/assets\/images\/42\/118\/42118738-der-fruehling-legt-nach-ostern-in-hessen-richtig-los-tagelang-sonne-und-bis-zu-23-grad-1c01.jpg\" style=\"align:left !important; float:left !important; margin-top:4px !important; margin-right:8px !important; margin-bottom:4px !important; width:90px !important;\" \/><\/a>   Sonne, kaum Wind und Temperaturen bis 23 Grad \u2013 der Fr&uuml;hling zeigt sich in Hessen von seiner sch&ouml;nsten Seite. Doch die N&auml;chte haben es noch in sich.<br clear=\"all\" \/>  <\/p>\n  <div><span class=\"my_article_details\"><time datetime=\"2026-04-07\">07.04.2026<\/time> &middot; <a href=\"\/news\/offenbach-aktuell\" title=\"Offenbach heute aktuell\">Offenbach<\/a> &middot; Wetter &middot; <\/span><a href=\"https:\/\/www.op-online.de\/hessen\/vorsicht-kein-april-scherz-in-hessen-wird-es-bis-zu-23-grad-warm-94250322.html\" title=\"Link zum Artikel auf op-online.de\" target=\"_blank\">op-online.de<\/a><\/div>\n  <b><\/b>\n <\/div>\n <\/article>\n<\/div>\n<div class=\"post\" style=\"margin-bottom:40px;\">\n <article>\n <h2><a name=\"30871c3d\" href=\"https:\/\/www.op-online.de\/sport\/amateur-fussball\/die-03er-erobern-die-tabellenfuehrung-in-der-gruppenliga-zurueck-94250640.html\" rel=\"bookmark\" style=\"color:#333333; font-weight:bold;\" title=\"Link zum Artikel auf op-online.de\" target=\"_blank\">Fu\u00dfball: Die 03er erobern die Tabellenf\u00fchrung in der Gruppenliga zur\u00fcck<\/a><\/h2>\n <div class=\"entry\">\n  <p style=\"margin-bottom:4px;\">\n   <a href=\"https:\/\/www.op-online.de\/sport\/amateur-fussball\/die-03er-erobern-die-tabellenfuehrung-in-der-gruppenliga-zurueck-94250640.html\" target=\"_blank\"><img decoding=\"async\" src=\"https:\/\/www.op-online.de\/assets\/images\/42\/120\/42120546-06-04-2026-xpsx-fussball-gruppenliga-eintracht-oberissigheim-spvgg-dietesheim-marcel-mohn-oberissigheim-rafael-mitsopoulos-dietesheim-3W01.jpg\" style=\"align:left !important; float:left !important; margin-top:4px !important; margin-right:8px !important; margin-bottom:4px !important; width:90px !important;\" \/><\/a>   Neu-Isenburg siegt 2:0 in Schotten und ist wieder Spitzenreiter. Dietesheim gewinnt trotz Roter Karte &uuml;berraschend deutlich mit 3:0.<br clear=\"all\" \/>  <\/p>\n  <div><span class=\"my_article_details\"><time datetime=\"2026-04-06\">06.04.2026<\/time> &middot; <a href=\"\/news\/neu-isenburg-aktuell\" title=\"Neu-Isenburg heute aktuell\">Neu-Isenburg<\/a> &middot; <a href=\"\/news\/neu-isenburg-nachrichten\" title=\"Neu-Isenburg Nachrichten\">News<\/a> &middot; <\/span><a href=\"https:\/\/www.op-online.de\/sport\/amateur-fussball\/die-03er-erobern-die-tabellenfuehrung-in-der-gruppenliga-zurueck-94250640.html\" title=\"Link zum Artikel auf op-online.de\" target=\"_blank\">op-online.de<\/a><\/div>\n  <b><\/b>\n <\/div>\n <\/article>\n<\/div>\n<div class=\"post\" style=\"margin-bottom:40px;\">\n <article>\n <h2><a name=\"d3bf579b\" href=\"https:\/\/of-news.de\/dietzenbach\/neuer-standort-neue-gelaender-dietzenbacher-skateranlage-ist-zurueck-167335\/\" rel=\"bookmark\" style=\"color:#333333; font-weight:bold;\" title=\"Link zum Artikel auf of-news.de\" target=\"_blank\">Neuer Standort, neue Gel\u00e4nder: Dietzenbacher Skateranlage ist zur\u00fcck<\/a><\/h2>\n <div class=\"entry\">\n  <p style=\"margin-bottom:4px;\">\n   <a href=\"https:\/\/of-news.de\/dietzenbach\/neuer-standort-neue-gelaender-dietzenbacher-skateranlage-ist-zurueck-167335\/\" target=\"_blank\"><img decoding=\"async\" src=\"\/feeds\/gfx\/of-news.de.png\" style=\"align:left !important; float:left !important; margin-top:4px !important; margin-right:8px !important; margin-bottom:4px !important; width:90px !important;\" \/><\/a>   Die Skateranlage der Kreisstadt Dietzenbach ist innerhalb des Stadtteils Steinberg an einen neuen Standort verlegt worden. Hintergrund ist die geplante Erweiterung der Kl&auml;ranlage, durch die die bisherigen Freizeitfl&auml;chen nicht mehr genutzt werden k&ouml;nnen. Die ...<br clear=\"all\" \/>  <\/p>\n  <div><span class=\"my_article_details\"><time datetime=\"2026-04-04\">04.04.2026<\/time> &middot; <a href=\"\/news\/neu-isenburg-aktuell\" title=\"Neu-Isenburg heute aktuell\">Neu-Isenburg<\/a> &middot; <a href=\"\/news\/neu-isenburg-nachrichten\" title=\"Neu-Isenburg Nachrichten\">News<\/a> &middot; <\/span><a href=\"https:\/\/of-news.de\/dietzenbach\/neuer-standort-neue-gelaender-dietzenbacher-skateranlage-ist-zurueck-167335\/\" title=\"Link zum Artikel auf of-news.de\" target=\"_blank\">of-news.de<\/a><\/div>\n  <b><\/b>\n <\/div>\n <\/article>\n<\/div>\n<div class=\"post\" style=\"margin-bottom:40px;\">\n <article>\n <h2><a name=\"e6f1651c\" href=\"https:\/\/www.op-online.de\/region\/langen\/autonome-shuttles-expandieren-massiv-kira-faehrt-jetzt-im-westkreis-offenbach-94248386.html\" rel=\"bookmark\" style=\"color:#333333; font-weight:bold;\" title=\"Link zum Artikel auf op-online.de\" target=\"_blank\">Autonome Shuttles expandieren massiv: Kira f\u00e4hrt jetzt im Westkreis Offenbach<\/a><\/h2>\n <div class=\"entry\">\n  <p style=\"margin-bottom:4px;\">\n   <a href=\"https:\/\/www.op-online.de\/region\/langen\/autonome-shuttles-expandieren-massiv-kira-faehrt-jetzt-im-westkreis-offenbach-94248386.html\" target=\"_blank\"><img decoding=\"async\" src=\"https:\/\/www.op-online.de\/assets\/images\/42\/73\/42073782-auto-mit-der-aufschrift-kira-an-der-seite-steht-vor-dem-darmstaedter-hauptbahnhof-2m01.jpg\" style=\"align:left !important; float:left !important; margin-top:4px !important; margin-right:8px !important; margin-bottom:4px !important; width:90px !important;\" \/><\/a>   Die selbstfahrenden Kira-Shuttles erweitern ihr Angebot massiv. Neue Ziele und Fahrten bis in den fr&uuml;hen Abend sollen mehr Nutzer anlocken.<br clear=\"all\" \/>  <\/p>\n  <div><span class=\"my_article_details\"><time datetime=\"2026-04-03\">03.04.2026<\/time> &middot; <a href=\"\/news\/neu-isenburg-aktuell\" title=\"Neu-Isenburg heute aktuell\">Neu-Isenburg<\/a> &middot; <a href=\"\/news\/neu-isenburg-nachrichten\" title=\"Neu-Isenburg Nachrichten\">News<\/a> &middot; <\/span><a href=\"https:\/\/www.op-online.de\/region\/langen\/autonome-shuttles-expandieren-massiv-kira-faehrt-jetzt-im-westkreis-offenbach-94248386.html\" title=\"Link zum Artikel auf op-online.de\" target=\"_blank\">op-online.de<\/a><\/div>\n  <b><\/b>\n <\/div>\n <\/article>\n<\/div>\n<div class=\"post\" style=\"margin-bottom:40px;\">\n <article>\n <h2><a name=\"a94b7ba6\" href=\"https:\/\/www.op-online.de\/sport\/amateur-fussball\/eintracht-oberissigheim-sendet-schoenes-zeichen-an-die-liga-94248593.html\" rel=\"bookmark\" style=\"color:#333333; font-weight:bold;\" title=\"Link zum Artikel auf op-online.de\" target=\"_blank\">Fu\u00dfball: Eintracht Oberissigheim sendet \u201esch\u00f6nes Zeichen an die Liga\u201c<\/a><\/h2>\n <div class=\"entry\">\n  <p style=\"margin-bottom:4px;\">\n   <a href=\"https:\/\/www.op-online.de\/sport\/amateur-fussball\/eintracht-oberissigheim-sendet-schoenes-zeichen-an-die-liga-94248593.html\" target=\"_blank\"><img decoding=\"async\" src=\"https:\/\/www.op-online.de\/assets\/images\/42\/106\/42106597-mit-ihm-hatten-die-03er-keinen-spass-die-neu-isenburger-paul-bickel-links-und-shayan-matthes-versuchen-oberissigheims-elias-zafar-zu-stoppen-klappte-2iyAziSMbE01.jpg\" style=\"align:left !important; float:left !important; margin-top:4px !important; margin-right:8px !important; margin-bottom:4px !important; width:90px !important;\" \/><\/a>   1:0 Sieg bei Spvgg. 03 Neu-Isenburg macht Titelrennen in der Gruppenliga Frankfurt Ost noch spannender, Aufsteiger KV M&uuml;hlheim r&uuml;ckt an die Spitze.<br clear=\"all\" \/>  <\/p>\n  <div><span class=\"my_article_details\"><time datetime=\"2026-04-03\">03.04.2026<\/time> &middot; <a href=\"\/news\/neu-isenburg-aktuell\" title=\"Neu-Isenburg heute aktuell\">Neu-Isenburg<\/a> &middot; <a href=\"\/news\/neu-isenburg-nachrichten\" title=\"Neu-Isenburg Nachrichten\">News<\/a> &middot; <\/span><a href=\"https:\/\/www.op-online.de\/sport\/amateur-fussball\/eintracht-oberissigheim-sendet-schoenes-zeichen-an-die-liga-94248593.html\" title=\"Link zum Artikel auf op-online.de\" target=\"_blank\">op-online.de<\/a><\/div>\n  <b><\/b>\n <\/div>\n <\/article>\n<\/div>\n<div class=\"post\" style=\"margin-bottom:40px;\">\n <article>\n <h2><a name=\"3536a702\" href=\"https:\/\/www.op-online.de\/region\/neu-isenburg\/jugendliche-fotografieren-die-geschaefte-in-der-bahnhofstrasse-94247595.html\" rel=\"bookmark\" style=\"color:#333333; font-weight:bold;\" title=\"Link zum Artikel auf op-online.de\" target=\"_blank\">Fu\u00dfg\u00e4ngerzone als Ort der Begegnung<\/a><\/h2>\n <div class=\"entry\">\n  <p style=\"margin-bottom:4px;\">\n   <a href=\"https:\/\/www.op-online.de\/region\/neu-isenburg\/jugendliche-fotografieren-die-geschaefte-in-der-bahnhofstrasse-94247595.html\" target=\"_blank\"><img decoding=\"async\" src=\"https:\/\/www.op-online.de\/assets\/images\/42\/89\/42089739-neu-isenburg-foto-projekt-fotograf-ferhat-buda-ueberprueft-eine-aufnahme-t01.jpg\" style=\"align:left !important; float:left !important; margin-top:4px !important; margin-right:8px !important; margin-bottom:4px !important; width:90px !important;\" \/><\/a>   24 Teilnehmende erkunden die Fu&szlig;g&auml;ngerzone mit der Kamera. Im Sommer soll eine Stra&szlig;en-Galerie die Portr&auml;ts der Ladeninhaber zeigen.<br clear=\"all\" \/>  <\/p>\n  <div><span class=\"my_article_details\"><time datetime=\"2026-04-03\">03.04.2026<\/time> &middot; <a href=\"\/news\/neu-isenburg-aktuell\" title=\"Neu-Isenburg heute aktuell\">Neu-Isenburg<\/a> &middot; <a href=\"\/news\/neu-isenburg-nachrichten\" title=\"Neu-Isenburg Nachrichten\">News<\/a> &middot; <\/span><a href=\"https:\/\/www.op-online.de\/region\/neu-isenburg\/jugendliche-fotografieren-die-geschaefte-in-der-bahnhofstrasse-94247595.html\" title=\"Link zum Artikel auf op-online.de\" target=\"_blank\">op-online.de<\/a><\/div>\n  <b><\/b>\n <\/div>\n <\/article>\n<\/div>\n<div class=\"post\" style=\"margin-bottom:40px;\">\n <article>\n <h2><a name=\"de423ea2\" href=\"http:\/\/www.neu-isenburg.de\/pressemodul\/pressemitteilungen\/april\/2026-04-02-Bauarbeiten-in-der-Thomas-Reiter-Strasse\" rel=\"bookmark\" style=\"color:#333333; font-weight:bold;\" title=\"Link zum Artikel auf neu-isenburg.de\" target=\"_blank\">Neu-Isenburg: Bauarbeiten in der Thomas-Reiter-Stra\u00dfe<\/a><\/h2>\n <div class=\"entry\">\n  <p style=\"margin-bottom:4px;\">\n   <a href=\"http:\/\/www.neu-isenburg.de\/pressemodul\/pressemitteilungen\/april\/2026-04-02-Bauarbeiten-in-der-Thomas-Reiter-Strasse\" target=\"_blank\"><img decoding=\"async\" src=\"\/feeds\/gfx\/neu-isenburg.de.png\" style=\"align:left !important; float:left !important; margin-top:4px !important; margin-right:8px !important; margin-bottom:4px !important; width:90px !important;\" \/><\/a>   Die Arbeiten werden vom 13. April bis voraussichtlich 2. Mai 2026 durchgef&uuml;hrt.<br clear=\"all\" \/>  <\/p>\n  <div><span class=\"my_article_details\"><time datetime=\"2026-04-02\">02.04.2026<\/time> &middot; <a href=\"\/news\/neu-isenburg-aktuell\" title=\"Neu-Isenburg heute aktuell\">Neu-Isenburg<\/a> &middot; <a href=\"\/news\/neu-isenburg-nachrichten\" title=\"Neu-Isenburg Nachrichten\">News<\/a> &middot; <\/span><a href=\"http:\/\/www.neu-isenburg.de\/pressemodul\/pressemitteilungen\/april\/2026-04-02-Bauarbeiten-in-der-Thomas-Reiter-Strasse\" title=\"Link zum Artikel auf neu-isenburg.de\" target=\"_blank\">neu-isenburg.de<\/a><\/div>\n  <b><\/b>\n <\/div>\n <\/article>\n<\/div>\n<div class=\"post\" style=\"margin-bottom:40px;\">\n <article>\n <h2><a name=\"ff568b29\" href=\"https:\/\/www.op-online.de\/offenbach\/gaeste-bei-der-eroeffnung-des-terminal-am-frankfurter-flughafen-offenbacher-marktbeschicker-dirk-wolff-bewirtet-15-000-94247567.html\" rel=\"bookmark\" style=\"color:#333333; font-weight:bold;\" title=\"Link zum Artikel auf op-online.de\" target=\"_blank\">Offenbacher Marktbeschicker bewirtet 15.000 G\u00e4ste bei der Er\u00f6ffnung des Terminal 3 am Frankfurter Flughafen<\/a><\/h2>\n <div class=\"entry\">\n  <p style=\"margin-bottom:4px;\">\n   <a href=\"https:\/\/www.op-online.de\/offenbach\/gaeste-bei-der-eroeffnung-des-terminal-am-frankfurter-flughafen-offenbacher-marktbeschicker-dirk-wolff-bewirtet-15-000-94247567.html\" target=\"_blank\"><img decoding=\"async\" src=\"https:\/\/www.op-online.de\/assets\/images\/41\/927\/41927190-dirk-wolff-vor-seinem-beliebten-imbissstand-auf-dem-offenbacher-wochenmarkt-201.jpg\" style=\"align:left !important; float:left !important; margin-top:4px !important; margin-right:8px !important; margin-bottom:4px !important; width:90px !important;\" \/><\/a>   Der Offenbacher Marktbeschicker Dirk Wolff bringt zur Er&ouml;ffnung des Terminal 3 am Frankfurter Flughafen gleich drei Wagen auf die Startbahn.<br clear=\"all\" \/>  <\/p>\n  <div><span class=\"my_article_details\"><time datetime=\"2026-04-02\">02.04.2026<\/time> &middot; <a href=\"\/news\/fluglaerm-offenbach-am-main\" title=\"Flugl\u00e4rm Offenbach am Main\">Flughafen<\/a> &middot; Frankfurt &middot; <\/span><a href=\"https:\/\/www.op-online.de\/offenbach\/gaeste-bei-der-eroeffnung-des-terminal-am-frankfurter-flughafen-offenbacher-marktbeschicker-dirk-wolff-bewirtet-15-000-94247567.html\" title=\"Link zum Artikel auf op-online.de\" target=\"_blank\">op-online.de<\/a><\/div>\n  <b><\/b>\n <\/div>\n <\/article>\n<\/div>\n<div class=\"post\" style=\"margin-bottom:40px;\">\n <article>\n <h2><a name=\"226dca0c\" href=\"https:\/\/spvgg03.de\/punkteteilung-unserer-1ten-auf-der-rosenhoehe\/\" rel=\"bookmark\" style=\"color:#333333; font-weight:bold;\" title=\"Link zum Artikel auf null-drei.de\" target=\"_blank\">Fu\u00dfball: Punkteteilung unserer 1ten auf der Rosenh\u00f6he<\/a><\/h2>\n <div class=\"entry\">\n  <p style=\"margin-bottom:4px;\">\n   <a href=\"https:\/\/spvgg03.de\/punkteteilung-unserer-1ten-auf-der-rosenhoehe\/\" target=\"_blank\"><img decoding=\"async\" src=\"\/feeds\/gfx\/null-drei.de.png\" style=\"align:left !important; float:left !important; margin-top:4px !important; margin-right:8px !important; margin-bottom:4px !important; width:90px !important;\" \/><\/a>   Am 25. Spieltag war unsere 03 zu Gast beim OSC Rosenh&ouml;he. Am Ende nehmen unsere Jungs einen Punkt mit nach Hause. Die Partie begann zun&auml;chst etwas zerfahren. In den ersten zehn Minuten traten die Gastgeber mutig auf und setzten unsere Mannschaft fr&uuml;h unter ...<br clear=\"all\" \/>  <\/p>\n  <div><span class=\"my_article_details\"><time datetime=\"2026-04-02\">02.04.2026<\/time> &middot; <a href=\"\/news\/neu-isenburg-aktuell\" title=\"Neu-Isenburg heute aktuell\">Neu-Isenburg<\/a> &middot; <a href=\"\/news\/neu-isenburg-nachrichten\" title=\"Neu-Isenburg Nachrichten\">News<\/a> &middot; <\/span><a href=\"https:\/\/spvgg03.de\/punkteteilung-unserer-1ten-auf-der-rosenhoehe\/\" title=\"Link zum Artikel auf null-drei.de\" target=\"_blank\">null-drei.de<\/a><\/div>\n  <b><\/b>\n <\/div>\n <\/article>\n<\/div>\n<div class=\"post\" style=\"margin-bottom:40px;\">\n <article>\n <h2><a name=\"1b9dd409\" href=\"https:\/\/spvgg03.de\/nachruf-juergen-preller-%e2%9c%9f\/\" rel=\"bookmark\" style=\"color:#333333; font-weight:bold;\" title=\"Link zum Artikel auf null-drei.de\" target=\"_blank\">Fu\u00dfball: Nachruf J\u00fcrgen Preller \u271f<\/a><\/h2>\n <div class=\"entry\">\n  <p style=\"margin-bottom:4px;\">\n   <a href=\"https:\/\/spvgg03.de\/nachruf-juergen-preller-%e2%9c%9f\/\" target=\"_blank\"><img decoding=\"async\" src=\"\/feeds\/gfx\/null-drei.de.png\" style=\"align:left !important; float:left !important; margin-top:4px !important; margin-right:8px !important; margin-bottom:4px !important; width:90px !important;\" \/><\/a>   Mit gro&szlig;er Trauer m&uuml;ssen wir Euch mitteilen, dass unser Ehrenmitglied und ehemaliger Zeugwart J&uuml;rgen Preller verstorben ist. J&uuml;rgen war &uuml;ber viele Jahre eine unverzichtbare St&uuml;tze und die gute Seele unseres Vereins und mit seiner freundlichen und hilfsbereiten ...<br clear=\"all\" \/>  <\/p>\n  <div><span class=\"my_article_details\"><time datetime=\"2026-04-02\">02.04.2026<\/time> &middot; <a href=\"\/news\/neu-isenburg-aktuell\" title=\"Neu-Isenburg heute aktuell\">Neu-Isenburg<\/a> &middot; <a href=\"\/news\/neu-isenburg-nachrichten\" title=\"Neu-Isenburg Nachrichten\">News<\/a> &middot; <\/span><a href=\"https:\/\/spvgg03.de\/nachruf-juergen-preller-%e2%9c%9f\/\" title=\"Link zum Artikel auf null-drei.de\" target=\"_blank\">null-drei.de<\/a><\/div>\n  <b><\/b>\n <\/div>\n <\/article>\n<\/div>\n<div class=\"post\" style=\"margin-bottom:40px;\">\n <article>\n <h2><a name=\"40d09c0e\" href=\"https:\/\/spvgg03.de\/dominanter-heimsieg-30-fuer-unsere-u23\/\" rel=\"bookmark\" style=\"color:#333333; font-weight:bold;\" title=\"Link zum Artikel auf null-drei.de\" target=\"_blank\">Fu\u00dfball: Dominanter Heimsieg \u2013 3:0 f\u00fcr unsere U23!<\/a><\/h2>\n <div class=\"entry\">\n  <p style=\"margin-bottom:4px;\">\n   <a href=\"https:\/\/spvgg03.de\/dominanter-heimsieg-30-fuer-unsere-u23\/\" target=\"_blank\"><img decoding=\"async\" src=\"\/feeds\/gfx\/null-drei.de.png\" style=\"align:left !important; float:left !important; margin-top:4px !important; margin-right:8px !important; margin-bottom:4px !important; width:90px !important;\" \/><\/a>   Am Sonntag, den 29.03.2026, empfing unsere U23 zuhause die SuSgo Offenthal II. Nach einer &uuml;berzeugenden Leistung &uuml;ber 90 Minuten konnten wir einen verdienten 3:0-Heimsieg einfahren und damit wieder wichtige drei Punkte sichern. Zum Spielverlauf: Von Beginn ...<br clear=\"all\" \/>  <\/p>\n  <div><span class=\"my_article_details\"><time datetime=\"2026-04-02\">02.04.2026<\/time> &middot; <a href=\"\/news\/neu-isenburg-aktuell\" title=\"Neu-Isenburg heute aktuell\">Neu-Isenburg<\/a> &middot; <a href=\"\/news\/neu-isenburg-nachrichten\" title=\"Neu-Isenburg Nachrichten\">News<\/a> &middot; <\/span><a href=\"https:\/\/spvgg03.de\/dominanter-heimsieg-30-fuer-unsere-u23\/\" title=\"Link zum Artikel auf null-drei.de\" target=\"_blank\">null-drei.de<\/a><\/div>\n  <b><\/b>\n <\/div>\n <\/article>\n<\/div>\n<div class=\"post\" style=\"margin-bottom:40px;\">\n <article>\n <h2><a name=\"90731330\" href=\"https:\/\/spvgg03.de\/schnuppertraining\/\" rel=\"bookmark\" style=\"color:#333333; font-weight:bold;\" title=\"Link zum Artikel auf null-drei.de\" target=\"_blank\">Fu\u00dfball: Anmeldung zum Schnuppertraining<\/a><\/h2>\n <div class=\"entry\">\n  <p style=\"margin-bottom:4px;\">\n   <a href=\"https:\/\/spvgg03.de\/schnuppertraining\/\" target=\"_blank\"><img decoding=\"async\" src=\"\/feeds\/gfx\/null-drei.de.png\" style=\"align:left !important; float:left !important; margin-top:4px !important; margin-right:8px !important; margin-bottom:4px !important; width:90px !important;\" \/><\/a>   Schnuppertraining f&uuml;r fu&szlig;ballbegeisterte Kids des Jahrgangs 2021<br clear=\"all\" \/>  <\/p>\n  <div><span class=\"my_article_details\"><time datetime=\"2026-04-02\">02.04.2026<\/time> &middot; <a href=\"\/news\/neu-isenburg-aktuell\" title=\"Neu-Isenburg heute aktuell\">Neu-Isenburg<\/a> &middot; <a href=\"\/news\/neu-isenburg-nachrichten\" title=\"Neu-Isenburg Nachrichten\">News<\/a> &middot; <\/span><a href=\"https:\/\/spvgg03.de\/schnuppertraining\/\" title=\"Link zum Artikel auf null-drei.de\" target=\"_blank\">null-drei.de<\/a><\/div>\n  <b><\/b>\n <\/div>\n <\/article>\n<\/div>\n<div class=\"post\" style=\"margin-bottom:40px;\">\n <article>\n <h2><a name=\"cd9c8f06\" href=\"https:\/\/www.op-online.de\/region\/neu-isenburg\/flughafen-frankfurt-terminal-3-eroeffnung-gastronom-andreas-hebeis-neu-isenburg-gaeste-party-94246326.html\" rel=\"bookmark\" style=\"color:#333333; font-weight:bold;\" title=\"Link zum Artikel auf op-online.de\" target=\"_blank\">Gastronom Andreas Hebeis liefert alles f\u00fcr die Terminal-3-Party \u2013 &quot;Ben\u00f6tigen mehr Strom als die Landebahn&quot;<\/a><\/h2>\n <div class=\"entry\">\n  <p style=\"margin-bottom:4px;\">\n   <a href=\"https:\/\/www.op-online.de\/region\/neu-isenburg\/flughafen-frankfurt-terminal-3-eroeffnung-gastronom-andreas-hebeis-neu-isenburg-gaeste-party-94246326.html\" target=\"_blank\"><img decoding=\"async\" src=\"https:\/\/www.op-online.de\/assets\/images\/42\/75\/42075219-andreas-hebeis-ist-veranstaltungsprofi-und-weiss-wie-sich-gaeste-wohlfuehlen-dafuer-sorgt-er-auch-bei-dem-grossen-fraport-event-zur-terminal-G01.jpg\" style=\"align:left !important; float:left !important; margin-top:4px !important; margin-right:8px !important; margin-bottom:4px !important; width:90px !important;\" \/><\/a>   Der Neu-Isenburger Gastronom Andreas Hebeis organisiert die Gastronomie f&uuml;r das Er&ouml;ffnungswochenende des Terminal 3 am Flughafen Frankfurt. Zw&ouml;lf Food-Trucks und 18.000 Tassen Kaffee sind geplant.<br clear=\"all\" \/>  <\/p>\n  <div><span class=\"my_article_details\"><time datetime=\"2026-04-02\">02.04.2026<\/time> &middot; <a href=\"\/news\/fluglaerm-offenbach-am-main\" title=\"Flugl\u00e4rm Offenbach am Main\">Flughafen<\/a> &middot; Frankfurt &middot; <a href=\"\/news\/neu-isenburg-aktuell\" title=\"Neu-Isenburg heute aktuell\">Neu-Isenburg<\/a> &middot; <a href=\"\/news\/neu-isenburg-nachrichten\" title=\"Neu-Isenburg Nachrichten\">News<\/a> &middot; <\/span><a href=\"https:\/\/www.op-online.de\/region\/neu-isenburg\/flughafen-frankfurt-terminal-3-eroeffnung-gastronom-andreas-hebeis-neu-isenburg-gaeste-party-94246326.html\" title=\"Link zum Artikel auf op-online.de\" target=\"_blank\">op-online.de<\/a><\/div>\n  <b><\/b>\n <\/div>\n <\/article>\n<\/div>\n<div class=\"post\" style=\"margin-bottom:40px;\">\n <article>\n <h2><a name=\"2da71866\" href=\"https:\/\/www.kreis-offenbach.de\/Service\/Medienservice\/Aktuelle-Pressemitteilungen\/Als-Mammuts-noch-durch-Seligenstadt-streiften.php?object=tx,4013.5.1&ModID=7&FID=4013.3327.1&NavID=4013.211&La=1\" rel=\"bookmark\" style=\"color:#333333; font-weight:bold;\" title=\"Link zum Artikel auf kreis-offenbach.de\" target=\"_blank\">Als Mammuts noch durch Seligenstadt streiften<\/a><\/h2>\n <div class=\"entry\">\n  <p style=\"margin-bottom:4px;\">\n   <a href=\"https:\/\/www.kreis-offenbach.de\/Service\/Medienservice\/Aktuelle-Pressemitteilungen\/Als-Mammuts-noch-durch-Seligenstadt-streiften.php?object=tx,4013.5.1&ModID=7&FID=4013.3327.1&NavID=4013.211&La=1\" target=\"_blank\"><img decoding=\"async\" src=\"\/feeds\/gfx\/kreis-offenbach.de.png\" style=\"align:left !important; float:left !important; margin-top:4px !important; margin-right:8px !important; margin-bottom:4px !important; width:90px !important;\" \/><\/a>   RegioMuseum bietet Entdeckungstouren f\u00fcr Ferienspielgruppen an<br clear=\"all\" \/>  <\/p>\n  <div><span class=\"my_article_details\"><time datetime=\"2026-04-02\">02.04.2026<\/time> &middot; <a href=\"\/news\/polizeieinsaetze-offenbach-am-main\" title=\"Polizeieins\u00e4tze Offenbach am Main\">Kreis Offenbach<\/a> &middot; <\/span><a href=\"https:\/\/www.kreis-offenbach.de\/Service\/Medienservice\/Aktuelle-Pressemitteilungen\/Als-Mammuts-noch-durch-Seligenstadt-streiften.php?object=tx,4013.5.1&ModID=7&FID=4013.3327.1&NavID=4013.211&La=1\" title=\"Link zum Artikel auf kreis-offenbach.de\" target=\"_blank\">kreis-offenbach.de<\/a><\/div>\n  <b><\/b>\n <\/div>\n <\/article>\n<\/div>\n<div class=\"post\" style=\"margin-bottom:40px;\">\n <article>\n <h2><a name=\"4d9ca38f\" href=\"https:\/\/www.op-online.de\/region\/neu-isenburg\/erstes-wildtierhilfe-zentrum-in-neu-isenburg-oeffnet-seine-tueren-94246146.html\" rel=\"bookmark\" style=\"color:#333333; font-weight:bold;\" title=\"Link zum Artikel auf op-online.de\" target=\"_blank\">Pilotprojekt: Wildtierhilfe-Zentrum in Neu-Isenburg \u00f6ffnet seine T\u00fcren<\/a><\/h2>\n <div class=\"entry\">\n  <p style=\"margin-bottom:4px;\">\n   <a href=\"https:\/\/www.op-online.de\/region\/neu-isenburg\/erstes-wildtierhilfe-zentrum-in-neu-isenburg-oeffnet-seine-tueren-94246146.html\" target=\"_blank\"><img decoding=\"async\" src=\"https:\/\/www.op-online.de\/assets\/images\/42\/86\/42086685-von-links-christine-dickmann-leitende-tieraerztin-vera-heck-geschaeftsfuehrerin-bundesverband-der-wildtierhilfen-tamara-gruhn-mitarbeiterin-im-2C01.jpg\" style=\"align:left !important; float:left !important; margin-top:4px !important; margin-right:8px !important; margin-bottom:4px !important; width:90px !important;\" \/><\/a>   Besonders in St&auml;dten werden t&auml;glich viele hilfsbed&uuml;rftige Wildtiere gefunden. Die neue Einrichtung in Neu-Isenburg soll in solchen F&auml;llen unkompliziert helfen.<br clear=\"all\" \/>  <\/p>\n  <div><span class=\"my_article_details\"><time datetime=\"2026-04-02\">02.04.2026<\/time> &middot; <a href=\"\/news\/neu-isenburg-aktuell\" title=\"Neu-Isenburg heute aktuell\">Neu-Isenburg<\/a> &middot; <a href=\"\/news\/neu-isenburg-nachrichten\" title=\"Neu-Isenburg Nachrichten\">News<\/a> &middot; <\/span><a href=\"https:\/\/www.op-online.de\/region\/neu-isenburg\/erstes-wildtierhilfe-zentrum-in-neu-isenburg-oeffnet-seine-tueren-94246146.html\" title=\"Link zum Artikel auf op-online.de\" target=\"_blank\">op-online.de<\/a><\/div>\n  <b><\/b>\n <\/div>\n <\/article>\n<\/div>\n<div class=\"post\" style=\"margin-bottom:40px;\">\n <article>\n <h2><a name=\"709df4a3\" href=\"http:\/\/www.neu-isenburg.de\/pressemodul\/pressemitteilungen\/april\/jahre-kita-st.josef\" rel=\"bookmark\" style=\"color:#333333; font-weight:bold;\" title=\"Link zum Artikel auf neu-isenburg.de\" target=\"_blank\">Neu-Isenburg: 115 Jahre Kita St. Josef<\/a><\/h2>\n <div class=\"entry\">\n  <p style=\"margin-bottom:4px;\">\n   <a href=\"http:\/\/www.neu-isenburg.de\/pressemodul\/pressemitteilungen\/april\/jahre-kita-st.josef\" target=\"_blank\"><img decoding=\"async\" src=\"\/feeds\/gfx\/neu-isenburg.de.png\" style=\"align:left !important; float:left !important; margin-top:4px !important; margin-right:8px !important; margin-bottom:4px !important; width:90px !important;\" \/><\/a>   Kinderbetreuung hat in Neu-Isenburg eine lange Tradition<br clear=\"all\" \/>  <\/p>\n  <div><span class=\"my_article_details\"><time datetime=\"2026-04-01\">01.04.2026<\/time> &middot; <a href=\"\/news\/neu-isenburg-aktuell\" title=\"Neu-Isenburg heute aktuell\">Neu-Isenburg<\/a> &middot; <a href=\"\/news\/neu-isenburg-nachrichten\" title=\"Neu-Isenburg Nachrichten\">News<\/a> &middot; <\/span><a href=\"http:\/\/www.neu-isenburg.de\/pressemodul\/pressemitteilungen\/april\/jahre-kita-st.josef\" title=\"Link zum Artikel auf neu-isenburg.de\" target=\"_blank\">neu-isenburg.de<\/a><\/div>\n  <b><\/b>\n <\/div>\n <\/article>\n<\/div>\n<div class=\"post\" style=\"margin-bottom:40px;\">\n <article>\n <h2><a name=\"22dbe906\" href=\"http:\/\/www.neu-isenburg.de\/pressemodul\/pressemitteilungen\/april\/fotografie-verbindet\" rel=\"bookmark\" style=\"color:#333333; font-weight:bold;\" title=\"Link zum Artikel auf neu-isenburg.de\" target=\"_blank\">Neu-Isenburg: Fotografie verbindet<\/a><\/h2>\n <div class=\"entry\">\n  <p style=\"margin-bottom:4px;\">\n   <a href=\"http:\/\/www.neu-isenburg.de\/pressemodul\/pressemitteilungen\/april\/fotografie-verbindet\" target=\"_blank\"><img decoding=\"async\" src=\"\/feeds\/gfx\/neu-isenburg.de.png\" style=\"align:left !important; float:left !important; margin-top:4px !important; margin-right:8px !important; margin-bottom:4px !important; width:90px !important;\" \/><\/a>   Inklusiver Fotoworkshop bringt Jugendliche und Gesch&auml;fte in der Fu&szlig;g&auml;ngerzone zusammen<br clear=\"all\" \/>  <\/p>\n  <div><span class=\"my_article_details\"><time datetime=\"2026-04-01\">01.04.2026<\/time> &middot; <a href=\"\/news\/neu-isenburg-aktuell\" title=\"Neu-Isenburg heute aktuell\">Neu-Isenburg<\/a> &middot; <a href=\"\/news\/neu-isenburg-nachrichten\" title=\"Neu-Isenburg Nachrichten\">News<\/a> &middot; <\/span><a href=\"http:\/\/www.neu-isenburg.de\/pressemodul\/pressemitteilungen\/april\/fotografie-verbindet\" title=\"Link zum Artikel auf neu-isenburg.de\" target=\"_blank\">neu-isenburg.de<\/a><\/div>\n  <b><\/b>\n <\/div>\n <\/article>\n<\/div>\n<div class=\"post\" style=\"margin-bottom:40px;\">\n <article>\n <h2><a name=\"b898d54c\" href=\"http:\/\/www.neu-isenburg.de\/pressemodul\/pressemitteilungen\/april\/kino-theater-osterfruehstueck-im-pappelweg-ist-immer-etwas-los\" rel=\"bookmark\" style=\"color:#333333; font-weight:bold;\" title=\"Link zum Artikel auf neu-isenburg.de\" target=\"_blank\">Neu-Isenburg: Kino, Theater, Osterfr\u00fchst\u00fcck \u2013 Im Pappelweg ist immer etwas los<\/a><\/h2>\n <div class=\"entry\">\n  <p style=\"margin-bottom:4px;\">\n   <a href=\"http:\/\/www.neu-isenburg.de\/pressemodul\/pressemitteilungen\/april\/kino-theater-osterfruehstueck-im-pappelweg-ist-immer-etwas-los\" target=\"_blank\"><img decoding=\"async\" src=\"\/feeds\/gfx\/neu-isenburg.de.png\" style=\"align:left !important; float:left !important; margin-top:4px !important; margin-right:8px !important; margin-bottom:4px !important; width:90px !important;\" \/><\/a>   Die Bewohnerinnen und Bewohner hatten einen erlebnis- und abwechslungsreichen Monat<br clear=\"all\" \/>  <\/p>\n  <div><span class=\"my_article_details\"><time datetime=\"2026-04-01\">01.04.2026<\/time> &middot; <a href=\"\/news\/neu-isenburg-aktuell\" title=\"Neu-Isenburg heute aktuell\">Neu-Isenburg<\/a> &middot; <a href=\"\/news\/neu-isenburg-nachrichten\" title=\"Neu-Isenburg Nachrichten\">News<\/a> &middot; <\/span><a href=\"http:\/\/www.neu-isenburg.de\/pressemodul\/pressemitteilungen\/april\/kino-theater-osterfruehstueck-im-pappelweg-ist-immer-etwas-los\" title=\"Link zum Artikel auf neu-isenburg.de\" target=\"_blank\">neu-isenburg.de<\/a><\/div>\n  <b><\/b>\n <\/div>\n <\/article>\n<\/div>\n<div class=\"post\" style=\"margin-bottom:40px;\">\n <article>\n <h2><a name=\"eae26f66\" href=\"http:\/\/www.neu-isenburg.de\/pressemodul\/pressemitteilungen\/april\/geburtstag-franz-voelker\" rel=\"bookmark\" style=\"color:#333333; font-weight:bold;\" title=\"Link zum Artikel auf neu-isenburg.de\" target=\"_blank\">Neu-Isenburg: Geschichte h\u00f6ren - Franz V\u00f6lker im Stadtmuseum Haus zum L\u00f6wen<\/a><\/h2>\n <div class=\"entry\">\n  <p style=\"margin-bottom:4px;\">\n   <a href=\"http:\/\/www.neu-isenburg.de\/pressemodul\/pressemitteilungen\/april\/geburtstag-franz-voelker\" target=\"_blank\"><img decoding=\"async\" src=\"\/feeds\/gfx\/neu-isenburg.de.png\" style=\"align:left !important; float:left !important; margin-top:4px !important; margin-right:8px !important; margin-bottom:4px !important; width:90px !important;\" \/><\/a>   Am 31. M&auml;rz j&auml;hrt sich der Geburtstag von Franz V&ouml;lker zum 127. Mal<br clear=\"all\" \/>  <\/p>\n  <div><span class=\"my_article_details\"><time datetime=\"2026-04-01\">01.04.2026<\/time> &middot; <a href=\"\/news\/neu-isenburg-aktuell\" title=\"Neu-Isenburg heute aktuell\">Neu-Isenburg<\/a> &middot; <a href=\"\/news\/neu-isenburg-nachrichten\" title=\"Neu-Isenburg Nachrichten\">News<\/a> &middot; <\/span><a href=\"http:\/\/www.neu-isenburg.de\/pressemodul\/pressemitteilungen\/april\/geburtstag-franz-voelker\" title=\"Link zum Artikel auf neu-isenburg.de\" target=\"_blank\">neu-isenburg.de<\/a><\/div>\n  <b><\/b>\n <\/div>\n <\/article>\n<\/div>\n<div class=\"post\" style=\"margin-bottom:40px;\">\n <article>\n <h2><a name=\"db1b34c3\" href=\"http:\/\/www.neu-isenburg.de\/pressemodul\/pressemitteilungen\/april\/koordinierte-strassenbaumassnahmen-2026\" rel=\"bookmark\" style=\"color:#333333; font-weight:bold;\" title=\"Link zum Artikel auf neu-isenburg.de\" target=\"_blank\">Neu-Isenburg: Investitionen in Verkehrssicherheit, Infrastruktur und Leitungsnetze<\/a><\/h2>\n <div class=\"entry\">\n  <p style=\"margin-bottom:4px;\">\n   <a href=\"http:\/\/www.neu-isenburg.de\/pressemodul\/pressemitteilungen\/april\/koordinierte-strassenbaumassnahmen-2026\" target=\"_blank\"><img decoding=\"async\" src=\"\/feeds\/gfx\/neu-isenburg.de.png\" style=\"align:left !important; float:left !important; margin-top:4px !important; margin-right:8px !important; margin-bottom:4px !important; width:90px !important;\" \/><\/a>   Koordinierte Ma&szlig;nahmen von DLB, Stadtwerke und der Stadt Neu-Isenburg<br clear=\"all\" \/>  <\/p>\n  <div><span class=\"my_article_details\"><time datetime=\"2026-04-01\">01.04.2026<\/time> &middot; <a href=\"\/news\/neu-isenburg-aktuell\" title=\"Neu-Isenburg heute aktuell\">Neu-Isenburg<\/a> &middot; <a href=\"\/news\/neu-isenburg-nachrichten\" title=\"Neu-Isenburg Nachrichten\">News<\/a> &middot; <\/span><a href=\"http:\/\/www.neu-isenburg.de\/pressemodul\/pressemitteilungen\/april\/koordinierte-strassenbaumassnahmen-2026\" title=\"Link zum Artikel auf neu-isenburg.de\" target=\"_blank\">neu-isenburg.de<\/a><\/div>\n  <b><\/b>\n <\/div>\n <\/article>\n<\/div>\n<div class=\"post\" style=\"margin-bottom:40px;\">\n <article>\n <h2><a name=\"29835d5b\" href=\"http:\/\/www.neu-isenburg.de\/pressemodul\/pressemitteilungen\/april\/frankfurt-liest-ein-buch-mit-jo-van-nelsen-am-29.04.2026\" rel=\"bookmark\" style=\"color:#333333; font-weight:bold;\" title=\"Link zum Artikel auf neu-isenburg.de\" target=\"_blank\">Neu-Isenburg: Das Leise im Lauten finden - Jo van Nelsen<\/a><\/h2>\n <div class=\"entry\">\n  <p style=\"margin-bottom:4px;\">\n   <a href=\"http:\/\/www.neu-isenburg.de\/pressemodul\/pressemitteilungen\/april\/frankfurt-liest-ein-buch-mit-jo-van-nelsen-am-29.04.2026\" target=\"_blank\"><img decoding=\"async\" src=\"\/feeds\/gfx\/neu-isenburg.de.png\" style=\"align:left !important; float:left !important; margin-top:4px !important; margin-right:8px !important; margin-bottom:4px !important; width:90px !important;\" \/><\/a>   Jo van Nelsen pr&auml;sentiert Marie Luise Kaschnitz. Am 29. April in der Stadtbibliothek Neu-Isenburg.<br clear=\"all\" \/>  <\/p>\n  <div><span class=\"my_article_details\"><time datetime=\"2026-04-01\">01.04.2026<\/time> &middot; <a href=\"\/news\/neu-isenburg-aktuell\" title=\"Neu-Isenburg heute aktuell\">Neu-Isenburg<\/a> &middot; <a href=\"\/news\/neu-isenburg-nachrichten\" title=\"Neu-Isenburg Nachrichten\">News<\/a> &middot; <\/span><a href=\"http:\/\/www.neu-isenburg.de\/pressemodul\/pressemitteilungen\/april\/frankfurt-liest-ein-buch-mit-jo-van-nelsen-am-29.04.2026\" title=\"Link zum Artikel auf neu-isenburg.de\" target=\"_blank\">neu-isenburg.de<\/a><\/div>\n  <b><\/b>\n <\/div>\n <\/article>\n<\/div>\n<div class=\"post\" style=\"margin-bottom:40px;\">\n <article>\n <h2><a name=\"08b5ecd4\" href=\"http:\/\/www.neu-isenburg.de\/pressemodul\/pressemitteilungen\/april\/fundsachen-im-buergeramt-abholen\" rel=\"bookmark\" style=\"color:#333333; font-weight:bold;\" title=\"Link zum Artikel auf neu-isenburg.de\" target=\"_blank\">Neu-Isenburg: Vergessen, verloren \u2013 im B\u00fcrgeramt gefunden?<\/a><\/h2>\n <div class=\"entry\">\n  <p style=\"margin-bottom:4px;\">\n   <a href=\"http:\/\/www.neu-isenburg.de\/pressemodul\/pressemitteilungen\/april\/fundsachen-im-buergeramt-abholen\" target=\"_blank\"><img decoding=\"async\" src=\"\/feeds\/gfx\/neu-isenburg.de.png\" style=\"align:left !important; float:left !important; margin-top:4px !important; margin-right:8px !important; margin-bottom:4px !important; width:90px !important;\" \/><\/a>   Fundst&uuml;cke, die nicht abgeholt werden, gehen in die Versteigerung am 9. Mai zum \u201eTag der offenen T&uuml;r\u201c des DLB<br clear=\"all\" \/>  <\/p>\n  <div><span class=\"my_article_details\"><time datetime=\"2026-04-01\">01.04.2026<\/time> &middot; <a href=\"\/news\/neu-isenburg-aktuell\" title=\"Neu-Isenburg heute aktuell\">Neu-Isenburg<\/a> &middot; <a href=\"\/news\/neu-isenburg-nachrichten\" title=\"Neu-Isenburg Nachrichten\">News<\/a> &middot; <\/span><a href=\"http:\/\/www.neu-isenburg.de\/pressemodul\/pressemitteilungen\/april\/fundsachen-im-buergeramt-abholen\" title=\"Link zum Artikel auf neu-isenburg.de\" target=\"_blank\">neu-isenburg.de<\/a><\/div>\n  <b><\/b>\n <\/div>\n <\/article>\n<\/div>\n<div class=\"post\" style=\"margin-bottom:40px;\">\n <article>\n <h2><a name=\"57caf69d\" href=\"http:\/\/www.neu-isenburg.de\/pressemodul\/pressemitteilungen\/april\/stadtteilbibliothek-gravenbruch-feiert-ihr-10-jaehriges-jubilaeum\" rel=\"bookmark\" style=\"color:#333333; font-weight:bold;\" title=\"Link zum Artikel auf neu-isenburg.de\" target=\"_blank\">Neu-Isenburg: Stadtteilbibliothek Gravenbruch feiert 10-j\u00e4hriges Bestehen<\/a><\/h2>\n <div class=\"entry\">\n  <p style=\"margin-bottom:4px;\">\n   <a href=\"http:\/\/www.neu-isenburg.de\/pressemodul\/pressemitteilungen\/april\/stadtteilbibliothek-gravenbruch-feiert-ihr-10-jaehriges-jubilaeum\" target=\"_blank\"><img decoding=\"async\" src=\"\/feeds\/gfx\/neu-isenburg.de.png\" style=\"align:left !important; float:left !important; margin-top:4px !important; margin-right:8px !important; margin-bottom:4px !important; width:90px !important;\" \/><\/a>   Seit 2016 ein Ort der Kultur und Begegnung in Gravenbruch<br clear=\"all\" \/>  <\/p>\n  <div><span class=\"my_article_details\"><time datetime=\"2026-04-01\">01.04.2026<\/time> &middot; Gravenbruch &middot; <\/span><a href=\"http:\/\/www.neu-isenburg.de\/pressemodul\/pressemitteilungen\/april\/stadtteilbibliothek-gravenbruch-feiert-ihr-10-jaehriges-jubilaeum\" title=\"Link zum Artikel auf neu-isenburg.de\" target=\"_blank\">neu-isenburg.de<\/a><\/div>\n  <b><\/b>\n <\/div>\n <\/article>\n<\/div>\n<div class=\"post\" style=\"margin-bottom:40px;\">\n <article>\n <h2><a name=\"b33b34f2\" href=\"https:\/\/www.op-online.de\/region\/dietzenbach\/auto-und-linienbus-krachen-auf-bundesstrasse-zusammen-die-fotos-des-einsatzes-zr-94244889.html\" rel=\"bookmark\" style=\"color:#333333; font-weight:bold;\" title=\"Link zum Artikel auf op-online.de\" target=\"_blank\">Auto und Linienbus krachen auf Bundesstra\u00dfe zusammen \u2013 die Fotos des Einsatzes<\/a><\/h2>\n <div class=\"entry\">\n  <p style=\"margin-bottom:4px;\">\n   <a href=\"https:\/\/www.op-online.de\/region\/dietzenbach\/auto-und-linienbus-krachen-auf-bundesstrasse-zusammen-die-fotos-des-einsatzes-zr-94244889.html\" target=\"_blank\"><img decoding=\"async\" src=\"https:\/\/www.op-online.de\/assets\/images\/42\/81\/42081227-auf-der-b459-zwischen-gravenbruch-und-dietzenbach-geht-am-mittwochmorgen-nichts-mehr-ein-auto-kollidierte-mit-einem-linienbus-die-bundesstrasse-ist-in-1801.jpg\" style=\"align:left !important; float:left !important; margin-top:4px !important; margin-right:8px !important; margin-bottom:4px !important; width:90px !important;\" \/><\/a>   Auf der B459 zwischen Gravenbruch und Dietzenbach kollidiert ein Auto mit einem Linienbus. Die Bundesstra&szlig;e ist in beide Richtungen gesperrt. Mehrere Personen werden verletzt, eine Frau erlag noch vor Ort ihren Verletzungen.<br clear=\"all\" \/>  <\/p>\n  <div><span class=\"my_article_details\"><time datetime=\"2026-04-01\">01.04.2026<\/time> &middot; Gravenbruch &middot; <\/span><a href=\"https:\/\/www.op-online.de\/region\/dietzenbach\/auto-und-linienbus-krachen-auf-bundesstrasse-zusammen-die-fotos-des-einsatzes-zr-94244889.html\" title=\"Link zum Artikel auf op-online.de\" target=\"_blank\">op-online.de<\/a><\/div>\n  <b><\/b>\n <\/div>\n <\/article>\n<\/div>\n<div class=\"post\" style=\"margin-bottom:40px;\">\n <article>\n <h2><a name=\"5af85f4c\" href=\"https:\/\/www.op-online.de\/region\/neu-isenburg\/nach-schwierigen-jahren-die-feuerwehr-neu-isenburg-bekommt-neue-chefs-94244355.html\" rel=\"bookmark\" style=\"color:#333333; font-weight:bold;\" title=\"Link zum Artikel auf op-online.de\" target=\"_blank\">Nach schwierigen Jahren: Die Feuerwehr Neu-Isenburg bekommt neue Chefs<\/a><\/h2>\n <div class=\"entry\">\n  <p style=\"margin-bottom:4px;\">\n   <a href=\"https:\/\/www.op-online.de\/region\/neu-isenburg\/nach-schwierigen-jahren-die-feuerwehr-neu-isenburg-bekommt-neue-chefs-94244355.html\" target=\"_blank\"><img decoding=\"async\" src=\"https:\/\/www.op-online.de\/assets\/images\/42\/75\/42075524-neu-isenburg-freiwillige-feuerwehr-wechsel-in-der-fuehrungsspitze-als-symbol-der-uebertragung-der-verantwortung-ueberreichte-der-bisherige-2Q01.jpg\" style=\"align:left !important; float:left !important; margin-top:4px !important; margin-right:8px !important; margin-bottom:4px !important; width:90px !important;\" \/><\/a>   Sebastian Morawe und Jens Multer treten ab. W&auml;hrend ihrer Amtszeit k&auml;mpfte die Feuerwehr Neu-Isenburg mit Corona-Verordnungen und Ger&auml;teausf&auml;llen zugleich.<br clear=\"all\" \/>  <\/p>\n  <div><span class=\"my_article_details\"><time datetime=\"2026-04-01\">01.04.2026<\/time> &middot; <a href=\"\/news\/braende-offenbach-am-main\" title=\"Br\u00e4nde Offenbach am Main\">Feuerwehr<\/a> &middot; <a href=\"\/news\/neu-isenburg-aktuell\" title=\"Neu-Isenburg heute aktuell\">Neu-Isenburg<\/a> &middot; <a href=\"\/news\/neu-isenburg-nachrichten\" title=\"Neu-Isenburg Nachrichten\">News<\/a> &middot; <\/span><a href=\"https:\/\/www.op-online.de\/region\/neu-isenburg\/nach-schwierigen-jahren-die-feuerwehr-neu-isenburg-bekommt-neue-chefs-94244355.html\" title=\"Link zum Artikel auf op-online.de\" target=\"_blank\">op-online.de<\/a><\/div>\n  <b><\/b>\n <\/div>\n <\/article>\n<\/div>\n<div class=\"post\" style=\"margin-bottom:40px;\">\n <article>\n <h2><a name=\"88c97ca8\" href=\"https:\/\/www.verbraucherzentrale-hessen.de\/node\/118834\" rel=\"bookmark\" style=\"color:#333333; font-weight:bold;\" title=\"Link zum Artikel auf verbraucherzentrale-hessen.de\" target=\"_blank\">Verbraucherzentrale: Eier und Fisch an Ostern<\/a><\/h2>\n <div class=\"entry\">\n  <p style=\"margin-bottom:4px;\">\n   <a href=\"https:\/\/www.verbraucherzentrale-hessen.de\/node\/118834\" target=\"_blank\"><img decoding=\"async\" src=\"\/feeds\/gfx\/verbraucherzentrale-hessen.de.png\" style=\"align:left !important; float:left !important; margin-top:4px !important; margin-right:8px !important; margin-bottom:4px !important; width:90px !important;\" \/><\/a>   Verbraucherzentrale Hessen gibt Tipps f&uuml;r restelosen Genuss<br clear=\"all\" \/>  <\/p>\n  <div><span class=\"my_article_details\"><time datetime=\"2026-04-01\">01.04.2026<\/time> &middot; Hessen &middot; <\/span><a href=\"https:\/\/www.verbraucherzentrale-hessen.de\/node\/118834\" title=\"Link zum Artikel auf verbraucherzentrale-hessen.de\" target=\"_blank\">verbraucherzentrale-hessen.de<\/a><\/div>\n  <b><\/b>\n <\/div>\n <\/article>\n<\/div>\n<div class=\"post\" style=\"margin-bottom:40px;\">\n <article>\n <h2><a name=\"3fe4157e\" href=\"https:\/\/of-news.de\/heusenstamm\/einbrecher-stehlen-schmuck-im-wert-von-40-000-euro-aus-haus-in-heusenstamm-167298\/\" rel=\"bookmark\" style=\"color:#333333; font-weight:bold;\" title=\"Link zum Artikel auf of-news.de\" target=\"_blank\">Einbrecher stehlen Schmuck im Wert von 40.000 Euro aus Haus in Heusenstamm<\/a><\/h2>\n <div class=\"entry\">\n  <p style=\"margin-bottom:4px;\">\n   <a href=\"https:\/\/of-news.de\/heusenstamm\/einbrecher-stehlen-schmuck-im-wert-von-40-000-euro-aus-haus-in-heusenstamm-167298\/\" target=\"_blank\"><img decoding=\"async\" src=\"\/feeds\/gfx\/of-news.de.png\" style=\"align:left !important; float:left !important; margin-top:4px !important; margin-right:8px !important; margin-bottom:4px !important; width:90px !important;\" \/><\/a>   Zwei bislang unbekannte M&auml;nner sind am Mittwochmittag in ein Wohnhaus in der Anton-Hermann-Stra&szlig;e (10er-Hausnummern) eingebrochen und haben hochwertigen Schmuck erbeutet. Nach dem bisherigen Stand der Ermittlungen hatte der Bewohner das Haus gegen 11.30 Uhr ...<br clear=\"all\" \/>  <\/p>\n  <div><span class=\"my_article_details\"><time datetime=\"2026-03-31\">31.03.2026<\/time> &middot; <a href=\"\/news\/offenbach-aktuell\" title=\"Offenbach heute aktuell\">Offenbach<\/a> &middot; <a href=\"\/news\/neu-isenburg-polizeimeldungen\" title=\"Polizeieins\u00e4tze Neu-Isenburg\">Polizei<\/a> &middot; Umgebung &middot; <\/span><a href=\"https:\/\/of-news.de\/heusenstamm\/einbrecher-stehlen-schmuck-im-wert-von-40-000-euro-aus-haus-in-heusenstamm-167298\/\" title=\"Link zum Artikel auf of-news.de\" target=\"_blank\">of-news.de<\/a><\/div>\n  <b><\/b>\n <\/div>\n <\/article>\n<\/div>\n<div class=\"post\" style=\"margin-bottom:40px;\">\n <article>\n <h2><a name=\"f06c7897\" href=\"https:\/\/www.op-online.de\/region\/neu-isenburg\/trotz-gewinnrueckgaengen-bei-stadtwerken-bleibt-stefan-schmitt-gelassen-94243324.html\" rel=\"bookmark\" style=\"color:#333333; font-weight:bold;\" title=\"Link zum Artikel auf op-online.de\" target=\"_blank\">Gelassenheit trotz Gewinnr\u00fcckg\u00e4ngen bei Stadtwerken und Gewobau<\/a><\/h2>\n <div class=\"entry\">\n  <p style=\"margin-bottom:4px;\">\n   <a href=\"https:\/\/www.op-online.de\/region\/neu-isenburg\/trotz-gewinnrueckgaengen-bei-stadtwerken-bleibt-stefan-schmitt-gelassen-94243324.html\" target=\"_blank\"><img decoding=\"async\" src=\"https:\/\/www.op-online.de\/assets\/images\/42\/53\/42053748-neu-isenburg-stadtwerke-haupteingang-2D01.jpg\" style=\"align:left !important; float:left !important; margin-top:4px !important; margin-right:8px !important; margin-bottom:4px !important; width:90px !important;\" \/><\/a>   Die kommunalen Versorger verzeichnen sinkende Gewinne. Wie tragbar ist das Unternehmenskonstrukt der Stadt?<br clear=\"all\" \/>  <\/p>\n  <div><span class=\"my_article_details\"><time datetime=\"2026-03-31\">31.03.2026<\/time> &middot; <a href=\"\/news\/neu-isenburg-aktuell\" title=\"Neu-Isenburg heute aktuell\">Neu-Isenburg<\/a> &middot; <a href=\"\/news\/neu-isenburg-nachrichten\" title=\"Neu-Isenburg Nachrichten\">News<\/a> &middot; <\/span><a href=\"https:\/\/www.op-online.de\/region\/neu-isenburg\/trotz-gewinnrueckgaengen-bei-stadtwerken-bleibt-stefan-schmitt-gelassen-94243324.html\" title=\"Link zum Artikel auf op-online.de\" target=\"_blank\">op-online.de<\/a><\/div>\n  <b><\/b>\n <\/div>\n <\/article>\n<\/div>\n<div class=\"post\" style=\"margin-bottom:40px;\">\n <article>\n <h2><a name=\"184665c5\" href=\"http:\/\/www.neu-isenburg.de\/pressemodul\/pressemitteilungen\/maerz\/volleyball-stadtmeisterschaft-jetzt-anmelden\" rel=\"bookmark\" style=\"color:#333333; font-weight:bold;\" title=\"Link zum Artikel auf neu-isenburg.de\" target=\"_blank\">Neu-Isenburg: Volleyball Stadtmeisterschaft \u2013 Jetzt anmelden<\/a><\/h2>\n <div class=\"entry\">\n  <p style=\"margin-bottom:4px;\">\n   <a href=\"http:\/\/www.neu-isenburg.de\/pressemodul\/pressemitteilungen\/maerz\/volleyball-stadtmeisterschaft-jetzt-anmelden\" target=\"_blank\"><img decoding=\"async\" src=\"\/feeds\/gfx\/neu-isenburg.de.png\" style=\"align:left !important; float:left !important; margin-top:4px !important; margin-right:8px !important; margin-bottom:4px !important; width:90px !important;\" \/><\/a>   Stadtmeisterschaft findet am 18. April in der Sportparkhalle statt<br clear=\"all\" \/>  <\/p>\n  <div><span class=\"my_article_details\"><time datetime=\"2026-03-30\">30.03.2026<\/time> &middot; <a href=\"\/news\/neu-isenburg-aktuell\" title=\"Neu-Isenburg heute aktuell\">Neu-Isenburg<\/a> &middot; <a href=\"\/news\/neu-isenburg-nachrichten\" title=\"Neu-Isenburg Nachrichten\">News<\/a> &middot; <\/span><a href=\"http:\/\/www.neu-isenburg.de\/pressemodul\/pressemitteilungen\/maerz\/volleyball-stadtmeisterschaft-jetzt-anmelden\" title=\"Link zum Artikel auf neu-isenburg.de\" target=\"_blank\">neu-isenburg.de<\/a><\/div>\n  <b><\/b>\n <\/div>\n <\/article>\n<\/div>\n<div class=\"post\" style=\"margin-bottom:40px;\">\n <article>\n <h2><a name=\"38615baa\" href=\"https:\/\/www.op-online.de\/region\/neu-isenburg\/zehn-kinder-pilgern-jeden-monat-zur-bibliothek-94241044.html\" rel=\"bookmark\" style=\"color:#333333; font-weight:bold;\" title=\"Link zum Artikel auf op-online.de\" target=\"_blank\">\u201eExtrem wichtig\u201c \u2013 Bibliotheksbesuch f\u00fcr die Neu-Isenburger Tagesm\u00fctter unerl\u00e4sslich<\/a><\/h2>\n <div class=\"entry\">\n  <p style=\"margin-bottom:4px;\">\n   <a href=\"https:\/\/www.op-online.de\/region\/neu-isenburg\/zehn-kinder-pilgern-jeden-monat-zur-bibliothek-94241044.html\" target=\"_blank\"><img decoding=\"async\" src=\"https:\/\/www.op-online.de\/assets\/images\/41\/920\/41920198-in-der-bibliothek-treffen-sich-einmal-im-monat-15-tageskinder-die-tagesmuetter-renate-weiler-mitte-vorn-victoria-seidensticker-mitte-hinten-und-hilma-2l01.jpg\" style=\"align:left !important; float:left !important; margin-top:4px !important; margin-right:8px !important; margin-bottom:4px !important; width:90px !important;\" \/><\/a>   Der Bibliotheksbesuch f&ouml;rdert Sozialkompetenz und Sprachentwicklung. Doch Millionen Kindern in Deutschland wird kaum vorgelesen.<br clear=\"all\" \/>  <\/p>\n  <div><span class=\"my_article_details\"><time datetime=\"2026-03-30\">30.03.2026<\/time> &middot; <a href=\"\/news\/neu-isenburg-aktuell\" title=\"Neu-Isenburg heute aktuell\">Neu-Isenburg<\/a> &middot; <a href=\"\/news\/neu-isenburg-nachrichten\" title=\"Neu-Isenburg Nachrichten\">News<\/a> &middot; <\/span><a href=\"https:\/\/www.op-online.de\/region\/neu-isenburg\/zehn-kinder-pilgern-jeden-monat-zur-bibliothek-94241044.html\" title=\"Link zum Artikel auf op-online.de\" target=\"_blank\">op-online.de<\/a><\/div>\n  <b><\/b>\n <\/div>\n <\/article>\n<\/div>\n<div class=\"post\" style=\"margin-bottom:40px;\">\n <article>\n <h2><a name=\"2f12b550\" href=\"https:\/\/www.op-online.de\/sport\/lokalsport\/verbandsliga-sv-pars-nach-niederlage-im-topspiel-enttaeuscht-94241169.html\" rel=\"bookmark\" style=\"color:#333333; font-weight:bold;\" title=\"Link zum Artikel auf op-online.de\" target=\"_blank\">Verbandsliga: SV Pars nach Niederlage im Topspiel entt\u00e4uscht<\/a><\/h2>\n <div class=\"entry\">\n  <p style=\"margin-bottom:4px;\">\n   <a href=\"https:\/\/www.op-online.de\/sport\/lokalsport\/verbandsliga-sv-pars-nach-niederlage-im-topspiel-enttaeuscht-94241169.html\" target=\"_blank\"><img decoding=\"async\" src=\"https:\/\/www.op-online.de\/assets\/images\/42\/49\/42049166-27-03-2026-xhpx-neu-isenburg-zeppelinheimverbandsliga-sued-vbl-saison-2025-2026-sv-pars-neu-isenburg-sv-unter-flockenbachsinisa-alempic-17-sv-pars-neu-1701.jpg\" style=\"align:left !important; float:left !important; margin-top:4px !important; margin-right:8px !important; margin-bottom:4px !important; width:90px !important;\" \/><\/a>   Tabellenf&uuml;hrer SV Unter-Flockenbach feierte in der Fu&szlig;ball-Verbandsliga S&uuml;d mit dem 3:2 beim SV Pars Neu-Isenburg den sechsten Sieg in Folge. Die Sportfreunde Seligenstadt verbesserten sich durch den 3:2-Erfolg bei RW Darmstadt auf Platz zwei.<br clear=\"all\" \/>  <\/p>\n  <div><span class=\"my_article_details\"><time datetime=\"2026-03-29\">29.03.2026<\/time> &middot; <a href=\"\/news\/neu-isenburg-aktuell\" title=\"Neu-Isenburg heute aktuell\">Neu-Isenburg<\/a> &middot; <a href=\"\/news\/neu-isenburg-nachrichten\" title=\"Neu-Isenburg Nachrichten\">News<\/a> &middot; <\/span><a href=\"https:\/\/www.op-online.de\/sport\/lokalsport\/verbandsliga-sv-pars-nach-niederlage-im-topspiel-enttaeuscht-94241169.html\" title=\"Link zum Artikel auf op-online.de\" target=\"_blank\">op-online.de<\/a><\/div>\n  <b><\/b>\n <\/div>\n <\/article>\n<\/div>\n<div class=\"post\" style=\"margin-bottom:40px;\">\n <article>\n <h2><a name=\"c00b148a\" href=\"https:\/\/www.op-online.de\/sport\/amateur-fussball\/osc-rosenhoehe-erkaempft-ein-gegen-spitzenreiter-03-neu-isenburg-94241133.html\" rel=\"bookmark\" style=\"color:#333333; font-weight:bold;\" title=\"Link zum Artikel auf op-online.de\" target=\"_blank\">Fu\u00dfball: OSC Rosenh\u00f6he erk\u00e4mpft ein 1:1 gegen Spitzenreiter 03 Neu-Isenburg<\/a><\/h2>\n <div class=\"entry\">\n  <p style=\"margin-bottom:4px;\">\n   <a href=\"https:\/\/www.op-online.de\/sport\/amateur-fussball\/osc-rosenhoehe-erkaempft-ein-gegen-spitzenreiter-03-neu-isenburg-94241133.html\" target=\"_blank\"><img decoding=\"async\" src=\"https:\/\/www.op-online.de\/assets\/images\/42\/50\/42050874-29-03-2026-xpsx-fussball-gruppenliga-osc-rosenhoehe-spvgg-03-neu-isenburg-tobias-loosen-isenburg-ahmed-ben-bachir-diack-isenburg-B01.jpg\" style=\"align:left !important; float:left !important; margin-top:4px !important; margin-right:8px !important; margin-bottom:4px !important; width:90px !important;\" \/><\/a>   Der KV M&uuml;hlheim r&uuml;ckt dem Tabellenf&uuml;hrer n&auml;her. Dietesheim siegt ausw&auml;rts. Die Kickers Obertshausen holen einen wichtigen Punkt.<br clear=\"all\" \/>  <\/p>\n  <div><span class=\"my_article_details\"><time datetime=\"2026-03-29\">29.03.2026<\/time> &middot; <a href=\"\/news\/neu-isenburg-aktuell\" title=\"Neu-Isenburg heute aktuell\">Neu-Isenburg<\/a> &middot; <a href=\"\/news\/neu-isenburg-nachrichten\" title=\"Neu-Isenburg Nachrichten\">News<\/a> &middot; <\/span><a href=\"https:\/\/www.op-online.de\/sport\/amateur-fussball\/osc-rosenhoehe-erkaempft-ein-gegen-spitzenreiter-03-neu-isenburg-94241133.html\" title=\"Link zum Artikel auf op-online.de\" target=\"_blank\">op-online.de<\/a><\/div>\n  <b><\/b>\n <\/div>\n <\/article>\n<\/div>\n<div class=\"post\" style=\"margin-bottom:40px;\">\n <article>\n <h2><a name=\"fef8e945\" href=\"https:\/\/of-news.de\/langen\/greenplaces-plant-gewerbehof-in-langen-22-einheiten-an-der-robert-bosch-strasse-167266\/\" rel=\"bookmark\" style=\"color:#333333; font-weight:bold;\" title=\"Link zum Artikel auf of-news.de\" target=\"_blank\">GreenPlaces plant Gewerbehof in Langen: 22 Einheiten an der Robert-Bosch-Stra\u00dfe<\/a><\/h2>\n <div class=\"entry\">\n  <p style=\"margin-bottom:4px;\">\n   <a href=\"https:\/\/of-news.de\/langen\/greenplaces-plant-gewerbehof-in-langen-22-einheiten-an-der-robert-bosch-strasse-167266\/\" target=\"_blank\"><img decoding=\"async\" src=\"\/feeds\/gfx\/of-news.de.png\" style=\"align:left !important; float:left !important; margin-top:4px !important; margin-right:8px !important; margin-bottom:4px !important; width:90px !important;\" \/><\/a>   GreenPlaces Deutschland hat in Langen ein rund 5000 Quadratmeter gro&szlig;es Grundst&uuml;ck im Gewerbegebiet Neurott gekauft. Auf dem Areal an der Robert-Bosch-Stra&szlig;e 2 soll ein Gewerbehof mit 22 modularen Einheiten entstehen. Der Baustart ist f&uuml;r den Sp&auml;tsommer 2026 ...<br clear=\"all\" \/>  <\/p>\n  <div><span class=\"my_article_details\"><time datetime=\"2026-03-28\">28.03.2026<\/time> &middot; <a href=\"\/news\/fluglaerm-offenbach-am-main\" title=\"Flugl\u00e4rm Offenbach am Main\">Flughafen<\/a> &middot; Frankfurt &middot; <\/span><a href=\"https:\/\/of-news.de\/langen\/greenplaces-plant-gewerbehof-in-langen-22-einheiten-an-der-robert-bosch-strasse-167266\/\" title=\"Link zum Artikel auf of-news.de\" target=\"_blank\">of-news.de<\/a><\/div>\n  <b><\/b>\n <\/div>\n <\/article>\n<\/div>\n<div class=\"post\" style=\"margin-bottom:40px;\">\n <article>\n <h2><a name=\"e8f6d3e7\" href=\"https:\/\/www.op-online.de\/region\/neu-isenburg\/ein-defibrillator-rettet-einem-schwimmer-im-waldschwimmbad-das-leben-94239245.html\" rel=\"bookmark\" style=\"color:#333333; font-weight:bold;\" title=\"Link zum Artikel auf op-online.de\" target=\"_blank\">Zwei Menschen durch st\u00e4dtische Defibrillatoren gerettet: Bademeister berichtet von Wiederbelebung<\/a><\/h2>\n <div class=\"entry\">\n  <p style=\"margin-bottom:4px;\">\n   <a href=\"https:\/\/www.op-online.de\/region\/neu-isenburg\/ein-defibrillator-rettet-einem-schwimmer-im-waldschwimmbad-das-leben-94239245.html\" target=\"_blank\"><img decoding=\"async\" src=\"https:\/\/www.op-online.de\/assets\/images\/42\/28\/42028064-neu-isenburg-waldschwimmbad-defibrillator-eva-lang-stellvertr-betzriebsleiterin-mit-einem-der-beiden-notfallrucksaecke-in-denen-sich-jeweils-ein-b01.jpg\" style=\"align:left !important; float:left !important; margin-top:4px !important; margin-right:8px !important; margin-bottom:4px !important; width:90px !important;\" \/><\/a>   Das Netzwerk aus Reanimationsger&auml;ten in Neu-Isenburg wird immer dichter. 23 Jahre nach Start der Initiative zieht die Stadt Bilanz \u2013 und erweitert das Angebot.<br clear=\"all\" \/>  <\/p>\n  <div><span class=\"my_article_details\"><time datetime=\"2026-03-28\">28.03.2026<\/time> &middot; <a href=\"\/news\/neu-isenburg-aktuell\" title=\"Neu-Isenburg heute aktuell\">Neu-Isenburg<\/a> &middot; <a href=\"\/news\/neu-isenburg-nachrichten\" title=\"Neu-Isenburg Nachrichten\">News<\/a> &middot; <\/span><a href=\"https:\/\/www.op-online.de\/region\/neu-isenburg\/ein-defibrillator-rettet-einem-schwimmer-im-waldschwimmbad-das-leben-94239245.html\" title=\"Link zum Artikel auf op-online.de\" target=\"_blank\">op-online.de<\/a><\/div>\n  <b><\/b>\n <\/div>\n <\/article>\n<\/div>\n<br \/><div style=\"margin-top:15px; margin-bottom:15px; padding:10px; text-align:left; word-wrap:break-word;\"><a name=\"umgebung\"><\/a><h2 style=\"margin:0px; margin-bottom:20px;\">Nachrichten aus dem Kreis Offenbach<\/h2><div class=\"post\"><article><div class=\"entry\"><p>Falls dich eher die an&shy;de&shy;ren St\u00e4dte des Kreis Offenbach interes&shy;sie&shy;ren, gelangst du mit Hilfe der folgenden Links jeweils direkt zu deren aktuell&shy;sten Nach&shy;rich&shy;ten.<\/p><ul><li><a href=\"\/news\/dietzenbach-nachrichten\">Dietzenbach Nachrichten<\/a><\/li><li><a href=\"\/news\/dreieich-nachrichten\">Dreieich Nachrichten<\/a><\/li><li><a href=\"\/news\/egelsbach-nachrichten\">Egelsbach Nachrichten<\/a><\/li><li><a href=\"\/news\/hainburg-nachrichten\">Hainburg Nachrichten<\/a><\/li><li><a href=\"\/news\/heusenstamm-nachrichten\">Heusenstamm Nachrichten<\/a><\/li><li><a href=\"\/news\/langen-nachrichten\">Langen Nachrichten<\/a><\/li><li><a href=\"\/news\/mainhausen-nachrichten\">Mainhausen Nachrichten<\/a><\/li><li><a href=\"\/news\/muehlheim-nachrichten\">M\u00fchlheim Nachrichten<\/a><\/li><li><a href=\"\/news\/obertshausen-nachrichten\">Obertshausen Nachrichten<\/a><\/li><li><a href=\"\/news\/offenbach-nachrichten\">Offenbach Nachrichten<\/a><\/li><li><a href=\"\/news\/rodgau-nachrichten\">Rodgau Nachrichten<\/a><\/li><li><a href=\"\/news\/roedermark-nachrichten\">R\u00f6dermark Nachrichten<\/a><\/li><li><a href=\"\/news\/seligenstadt-nachrichten\">Seligenstadt Nachrichten<\/a><\/li><\/ul><p>Ansonsten lies doch einfach in unserem <a href=\"\/news\/blog\" title=\"Heusenstamm Blog\">Blog<\/a> weiter! Dort findest du weitere Informationen mit regionalem Fokus.<\/p><\/div><\/article><\/div><\/div>\n\n","protected":false},"excerpt":{"rendered":"","protected":false},"author":4,"featured_media":11527,"parent":0,"menu_order":39,"comment_status":"closed","ping_status":"closed","template":"","meta":{"footnotes":""},"categories":[479],"tags":[498,152,102,461,506,469,470],"class_list":["post-5070","page","type-page","status-publish","has-post-thumbnail","hentry","category-nachrichten","tag-kreis-offenbach","tag-nachrichten","tag-neu-isenburg","tag-news","tag-of","tag-presse","tag-regional"],"_links":{"self":[{"href":"https:\/\/www.heusenstaemmchen.de\/news\/wp-json\/wp\/v2\/pages\/5070","targetHints":{"allow":["GET"]}}],"collection":[{"href":"https:\/\/www.heusenstaemmchen.de\/news\/wp-json\/wp\/v2\/pages"}],"about":[{"href":"https:\/\/www.heusenstaemmchen.de\/news\/wp-json\/wp\/v2\/types\/page"}],"author":[{"embeddable":true,"href":"https:\/\/www.heusenstaemmchen.de\/news\/wp-json\/wp\/v2\/users\/4"}],"replies":[{"embeddable":true,"href":"https:\/\/www.heusenstaemmchen.de\/news\/wp-json\/wp\/v2\/comments?post=5070"}],"version-history":[{"count":3,"href":"https:\/\/www.heusenstaemmchen.de\/news\/wp-json\/wp\/v2\/pages\/5070\/revisions"}],"predecessor-version":[{"id":13721,"href":"https:\/\/www.heusenstaemmchen.de\/news\/wp-json\/wp\/v2\/pages\/5070\/revisions\/13721"}],"wp:featuredmedia":[{"embeddable":true,"href":"https:\/\/www.heusenstaemmchen.de\/news\/wp-json\/wp\/v2\/media\/11527"}],"wp:attachment":[{"href":"https:\/\/www.heusenstaemmchen.de\/news\/wp-json\/wp\/v2\/media?parent=5070"}],"wp:term":[{"taxonomy":"category","embeddable":true,"href":"https:\/\/www.heusenstaemmchen.de\/news\/wp-json\/wp\/v2\/categories?post=5070"},{"taxonomy":"post_tag","embeddable":true,"href":"https:\/\/www.heusenstaemmchen.de\/news\/wp-json\/wp\/v2\/tags?post=5070"}],"curies":[{"name":"wp","href":"https:\/\/api.w.org\/{rel}","templated":true}]}}