{"id":4868,"date":"2024-06-23T15:47:05","date_gmt":"2024-06-23T13:47:05","guid":{"rendered":"http:\/\/www.heusenstaemmchen.de\/blog\/?page_id=4868"},"modified":"2026-01-24T10:58:43","modified_gmt":"2026-01-24T09:58:43","slug":"roedermark-nachrichten","status":"publish","type":"page","link":"https:\/\/www.heusenstaemmchen.de\/news\/roedermark-nachrichten","title":{"rendered":"R\u00f6dermark News: Aktuelle Nachrichten"},"content":{"rendered":"<div class=\"post\" style=\"margin-bottom:40px;\">\n <article>\n <h2><a name=\"fdf9ebaa\" href=\"https:\/\/www.hessenschau.de\/kultur\/terminal-3-architekt-maeckler-ich-baue-weiter-solange-es-mir-spass-macht-v1,christoph-maeckler-interview-100.html\" rel=\"bookmark\" style=\"color:#333333; font-weight:bold;\" title=\"Link zum Artikel auf hessenschau.de\" target=\"_blank\">Terminal-3-Architekt M\u00e4ckler: &quot;Ich baue weiter, solange es mir Spa\u00df macht&quot;<\/a><\/h2>\n <div class=\"entry\">\n  <p style=\"margin-bottom:4px;\">\n   <a href=\"https:\/\/www.hessenschau.de\/kultur\/terminal-3-architekt-maeckler-ich-baue-weiter-solange-es-mir-spass-macht-v1,christoph-maeckler-interview-100.html\" target=\"_blank\"><img decoding=\"async\" src=\"https:\/\/www.hessenschau.de\/rheinmain\/terminal_drei-102~_t-1777295431378_v-16to9.jpg\" style=\"align:left !important; float:left !important; margin-top:4px !important; margin-right:8px !important; margin-bottom:4px !important; width:90px !important;\" \/><\/a>   F&uuml;r das neue Terminal 3 am Frankfurter Flughafen hat Architekt Christoph M&auml;ckler viel Lob bekommen. Aufh&ouml;ren will der 75-J&auml;hrige trotzdem noch nicht - er hat gro&szlig;e Pl&auml;ne f&uuml;r ein zentrales Bauwerk in der Frankfurter Innenstadt. ...<br clear=\"all\" \/>  <\/p>\n  <div><span class=\"my_article_details\"><time datetime=\"2026-04-27\">27.04.2026<\/time> &middot; <a href=\"\/news\/fluglaerm-offenbach-am-main\" title=\"Flugl\u00e4rm Offenbach am Main\">Flughafen<\/a> &middot; Frankfurt &middot; <\/span><a href=\"https:\/\/www.hessenschau.de\/kultur\/terminal-3-architekt-maeckler-ich-baue-weiter-solange-es-mir-spass-macht-v1,christoph-maeckler-interview-100.html\" title=\"Link zum Artikel auf hessenschau.de\" target=\"_blank\">hessenschau.de<\/a><\/div>\n  <b><\/b>\n <\/div>\n <\/article>\n<\/div>\n<div class=\"post\" style=\"margin-bottom:40px;\">\n <article>\n <h2><a name=\"4ec0a60c\" href=\"https:\/\/www.rheinmainverlag.de\/2026\/04\/27\/meldeportal-fuer-verdacht-auf-vorkommen-der-grossen-druesenameise\/\" rel=\"bookmark\" style=\"color:#333333; font-weight:bold;\" title=\"Link zum Artikel auf rheinmainverlag.de\" target=\"_blank\">Meldeportal f\u00fcr Verdacht auf Vorkommen der Gro\u00dfen Dr\u00fcsenameise<\/a><\/h2>\n <div class=\"entry\">\n  <p style=\"margin-bottom:4px;\">\n   <a href=\"https:\/\/www.rheinmainverlag.de\/2026\/04\/27\/meldeportal-fuer-verdacht-auf-vorkommen-der-grossen-druesenameise\/\" target=\"_blank\"><img decoding=\"async\" src=\"\/feeds\/gfx\/rheinmainverlag.de.png\" style=\"align:left !important; float:left !important; margin-top:4px !important; margin-right:8px !important; margin-bottom:4px !important; width:90px !important;\" \/><\/a>   Die gro&szlig;e Dr&uuml;senameise (Tapinoma magnum) ist eine invasive Insektenart, die jetzt auch schon an einigen Stellen in der Stadt und im Kreis Offenbach gesichtet wurde. Da sie sehr aggressiv ist und gro&szlig;e Sch&auml;den verursacht, ruft die st&auml;dtische Umweltberatung die ...<br clear=\"all\" \/>  <\/p>\n  <div><span class=\"my_article_details\"><time datetime=\"2026-04-27\">27.04.2026<\/time> &middot; <a href=\"\/news\/polizeieinsaetze-offenbach-am-main\" title=\"Polizeieins\u00e4tze Offenbach am Main\">Kreis Offenbach<\/a> &middot; <\/span><a href=\"https:\/\/www.rheinmainverlag.de\/2026\/04\/27\/meldeportal-fuer-verdacht-auf-vorkommen-der-grossen-druesenameise\/\" title=\"Link zum Artikel auf rheinmainverlag.de\" target=\"_blank\">rheinmainverlag.de<\/a><\/div>\n  <b><\/b>\n <\/div>\n <\/article>\n<\/div>\n<div class=\"post\" style=\"margin-bottom:40px;\">\n <article>\n <h2><a name=\"581e411b\" href=\"https:\/\/www.rheinmainverlag.de\/2026\/04\/27\/kripo-bittet-um-hinweise-nach-bewaffneten-raubueberfall-in-roedermark\/\" rel=\"bookmark\" style=\"color:#333333; font-weight:bold;\" title=\"Link zum Artikel auf rheinmainverlag.de\" target=\"_blank\">Festnahme von Tatverd\u00e4chtigem nach bewaffneten Raub\u00fcberfall in R\u00f6dermark<\/a><\/h2>\n <div class=\"entry\">\n  <p style=\"margin-bottom:4px;\">\n   <a href=\"https:\/\/www.rheinmainverlag.de\/2026\/04\/27\/kripo-bittet-um-hinweise-nach-bewaffneten-raubueberfall-in-roedermark\/\" target=\"_blank\"><img decoding=\"async\" src=\"\/feeds\/gfx\/rheinmainverlag.de.png\" style=\"align:left !important; float:left !important; margin-top:4px !important; margin-right:8px !important; margin-bottom:4px !important; width:90px !important;\" \/><\/a>   Update: Nach einem Raub&uuml;berfall auf eine Spielhalle in der Siemensstra&szlig;e in der Nacht zu Samstag hat sich am Samstagmorgen ein 21 Jahre alter Tatverd&auml;chtiger bei der Polizei gestellt. Der Beschuldigte wurde am Sonntag (26.) dem Haftrichter am Amtsgericht Darmstadt ...<br clear=\"all\" \/>  <\/p>\n  <div><span class=\"my_article_details\"><time datetime=\"2026-04-27\">27.04.2026<\/time> &middot; <a href=\"\/news\/roedermark-nachrichten\" title=\"Roedermark Nachrichten\">News<\/a> &middot; <a href=\"\/news\/roedermark-polizeimeldungen\" title=\"Polizeieins\u00e4tze Roedermark\">Polizei<\/a> &middot; <a href=\"\/news\/roedermark-aktuell\" title=\"R\u00f6dermark heute aktuell\">R\u00f6dermark<\/a> &middot; <\/span><a href=\"https:\/\/www.rheinmainverlag.de\/2026\/04\/27\/kripo-bittet-um-hinweise-nach-bewaffneten-raubueberfall-in-roedermark\/\" title=\"Link zum Artikel auf rheinmainverlag.de\" target=\"_blank\">rheinmainverlag.de<\/a><\/div>\n  <b><\/b>\n <\/div>\n <\/article>\n<\/div>\n<div class=\"post\" style=\"margin-bottom:40px;\">\n <article>\n <h2><a name=\"b2499875\" href=\"https:\/\/germania-ober-roden.de\/kein-glueck-in-kirdorf-bad-homburger-blitzstart-stellt-die-weichen\/\" rel=\"bookmark\" style=\"color:#333333; font-weight:bold;\" title=\"Link zum Artikel auf germania-ober-roden.de\" target=\"_blank\">Fu\u00dfball: Kein Gl\u00fcck in Kirdorf \u2013 Bad Homburger Blitzstart stellt die Weichen<\/a><\/h2>\n <div class=\"entry\">\n  <p style=\"margin-bottom:4px;\">\n   <a href=\"https:\/\/germania-ober-roden.de\/kein-glueck-in-kirdorf-bad-homburger-blitzstart-stellt-die-weichen\/\" target=\"_blank\"><img decoding=\"async\" src=\"\/feeds\/gfx\/germania-ober-roden.de.png\" style=\"align:left !important; float:left !important; margin-top:4px !important; margin-right:8px !important; margin-bottom:4px !important; width:90px !important;\" \/><\/a>   Auf f&uuml;nf Positionen ver&auml;ndert schickt Coach B&auml;cker, der auf einige Stammspieler verzichten muss, seine Elf ins Rennen. Lange will man das Spiel offen halten, dem Gegner keine L&uuml;cken bieten und ihn nicht in Spiellaune kommen lassen. dann hintenraus mit Kraft ...<br clear=\"all\" \/>  <\/p>\n  <div><span class=\"my_article_details\"><time datetime=\"2026-04-27\">27.04.2026<\/time> &middot; Ober-Roden &middot; <\/span><a href=\"https:\/\/germania-ober-roden.de\/kein-glueck-in-kirdorf-bad-homburger-blitzstart-stellt-die-weichen\/\" title=\"Link zum Artikel auf germania-ober-roden.de\" target=\"_blank\">germania-ober-roden.de<\/a><\/div>\n  <b><\/b>\n <\/div>\n <\/article>\n<\/div>\n<div class=\"post\" style=\"margin-bottom:40px;\">\n <article>\n <h2><a name=\"82cd1478\" href=\"https:\/\/www.kreis-offenbach.de\/Service\/Medienservice\/Aktuelle-Pressemitteilungen\/Beflaggung-vor-dem-Kreishaus-am-1-Mai.php?object=tx,4013.5.1&ModID=7&FID=4013.3387.1&NavID=4013.211&La=1\" rel=\"bookmark\" style=\"color:#333333; font-weight:bold;\" title=\"Link zum Artikel auf kreis-offenbach.de\" target=\"_blank\">Beflaggung vor dem Kreishaus am 1. Mai<\/a><\/h2>\n <div class=\"entry\">\n  <p style=\"margin-bottom:4px;\">\n   <a href=\"https:\/\/www.kreis-offenbach.de\/Service\/Medienservice\/Aktuelle-Pressemitteilungen\/Beflaggung-vor-dem-Kreishaus-am-1-Mai.php?object=tx,4013.5.1&ModID=7&FID=4013.3387.1&NavID=4013.211&La=1\" target=\"_blank\"><img decoding=\"async\" src=\"\/feeds\/gfx\/kreis-offenbach.de.png\" style=\"align:left !important; float:left !important; margin-top:4px !important; margin-right:8px !important; margin-bottom:4px !important; width:90px !important;\" \/><\/a>   Am &bdquo;Tag der Arbeit&ldquo;, dem 1. Mai, werden vor dem Kreishaus in Dietzenbach und anderen \u00f6ffentlichen Geb\u00e4uden Flaggen wehen, um auf die  ...<br clear=\"all\" \/>  <\/p>\n  <div><span class=\"my_article_details\"><time datetime=\"2026-04-27\">27.04.2026<\/time> &middot; <a href=\"\/news\/polizeieinsaetze-offenbach-am-main\" title=\"Polizeieins\u00e4tze Offenbach am Main\">Kreis Offenbach<\/a> &middot; <\/span><a href=\"https:\/\/www.kreis-offenbach.de\/Service\/Medienservice\/Aktuelle-Pressemitteilungen\/Beflaggung-vor-dem-Kreishaus-am-1-Mai.php?object=tx,4013.5.1&ModID=7&FID=4013.3387.1&NavID=4013.211&La=1\" title=\"Link zum Artikel auf kreis-offenbach.de\" target=\"_blank\">kreis-offenbach.de<\/a><\/div>\n  <b><\/b>\n <\/div>\n <\/article>\n<\/div>\n<div class=\"post\" style=\"margin-bottom:40px;\">\n <article>\n <h2><a name=\"285e87ac\" href=\"https:\/\/www.presseportal.de\/blaulicht\/pm\/43561\/6263097\" rel=\"bookmark\" style=\"color:#333333; font-weight:bold;\" title=\"Link zum Artikel auf presseportal.de\" target=\"_blank\">POL-OF: Untersuchungshaft nach Raub\u00fcberfall auf Spielhalle: 21-J\u00e4hriger Tatverd\u00e4chtiger stellte sich<\/a><\/h2>\n <div class=\"entry\">\n  <p style=\"margin-bottom:4px;\">\n   <a href=\"https:\/\/www.presseportal.de\/blaulicht\/pm\/43561\/6263097\" target=\"_blank\"><img decoding=\"async\" src=\"\/feeds\/gfx\/POL-OF.jpg\" style=\"align:left !important; float:left !important; margin-top:4px !important; margin-right:8px !important; margin-bottom:4px !important; width:90px !important;\" \/><\/a>   R\u00f6dermark  (ots)      Gemeinsame Pressemitteilung der Staatsanwaltschaft Darmstadt und des Polizeipr\u00e4sidiums S\u00fcdosthessen  (lei) Nach einem Raub\u00fcberfall auf eine Spielhalle in der Siemensstra\u00dfe in der Nacht zu Samstag (wir berichteten:  https:\/\/www.presseportal.de\/blaulicht\/pm\/43561\/6262488 ...<br clear=\"all\" \/>  <\/p>\n  <div><span class=\"my_article_details\"><time datetime=\"2026-04-27\">27.04.2026<\/time> &middot; <a href=\"\/news\/roedermark-polizeimeldungen\" title=\"Polizeieins\u00e4tze Roedermark\">Polizei<\/a> &middot; <a href=\"\/news\/roedermark-aktuell\" title=\"R\u00f6dermark heute aktuell\">R\u00f6dermark<\/a> &middot; <\/span><a href=\"https:\/\/www.presseportal.de\/blaulicht\/pm\/43561\/6263097\" title=\"Link zum Artikel auf presseportal.de\" target=\"_blank\">presseportal.de<\/a><\/div>\n  <b><\/b>\n <\/div>\n <\/article>\n<\/div>\n<div class=\"post\" style=\"margin-bottom:40px;\">\n <article>\n <h2><a name=\"3b85aa9f\" href=\"https:\/\/www.verbraucherzentrale-hessen.de\/node\/119798\" rel=\"bookmark\" style=\"color:#333333; font-weight:bold;\" title=\"Link zum Artikel auf verbraucherzentrale-hessen.de\" target=\"_blank\">Verbraucherzentrale: Online-Vortrag der Energieberatung im Mai<\/a><\/h2>\n <div class=\"entry\">\n  <p style=\"margin-bottom:4px;\">\n   <a href=\"https:\/\/www.verbraucherzentrale-hessen.de\/node\/119798\" target=\"_blank\"><img decoding=\"async\" src=\"\/feeds\/gfx\/verbraucherzentrale-hessen.de.png\" style=\"align:left !important; float:left !important; margin-top:4px !important; margin-right:8px !important; margin-bottom:4px !important; width:90px !important;\" \/><\/a>   Kostenloser Online-Vortrag der Verbraucherzentrale Hessen zur Optimierung bestehender Heizanlagen<br clear=\"all\" \/>  <\/p>\n  <div><span class=\"my_article_details\"><time datetime=\"2026-04-27\">27.04.2026<\/time> &middot; Hessen &middot; <\/span><a href=\"https:\/\/www.verbraucherzentrale-hessen.de\/node\/119798\" title=\"Link zum Artikel auf verbraucherzentrale-hessen.de\" target=\"_blank\">verbraucherzentrale-hessen.de<\/a><\/div>\n  <b><\/b>\n <\/div>\n <\/article>\n<\/div>\n<div class=\"post\" style=\"margin-bottom:40px;\">\n <article>\n <h2><a name=\"97383164\" href=\"https:\/\/germania-ober-roden.de\/e1-tanzt-weiter-auf-allen-hochzeiten\/\" rel=\"bookmark\" style=\"color:#333333; font-weight:bold;\" title=\"Link zum Artikel auf germania-ober-roden.de\" target=\"_blank\">Fu\u00dfball: E1 tanzt weiter auf allen Hochzeiten<\/a><\/h2>\n <div class=\"entry\">\n  <p style=\"margin-bottom:4px;\">\n   <a href=\"https:\/\/germania-ober-roden.de\/e1-tanzt-weiter-auf-allen-hochzeiten\/\" target=\"_blank\"><img decoding=\"async\" src=\"\/feeds\/gfx\/germania-ober-roden.de.png\" style=\"align:left !important; float:left !important; margin-top:4px !important; margin-right:8px !important; margin-bottom:4px !important; width:90px !important;\" \/><\/a>   Die Truppe um Coach Osman Bilgic und Cotrainerin Saloua Laudiai zieht weiter ihre Kreise. Platz 1 in der Kreisliga Dieburg, ungeschlagen und verlustpunktfrei und am Vatertag im Kreispokalfinale. Einzug ins Pokalfinale gegen die Turnerschaft Im Halbfinale um ...<br clear=\"all\" \/>  <\/p>\n  <div><span class=\"my_article_details\"><time datetime=\"2026-04-26\">26.04.2026<\/time> &middot; Ober-Roden &middot; Urberach &middot; <\/span><a href=\"https:\/\/germania-ober-roden.de\/e1-tanzt-weiter-auf-allen-hochzeiten\/\" title=\"Link zum Artikel auf germania-ober-roden.de\" target=\"_blank\">germania-ober-roden.de<\/a><\/div>\n  <b><\/b>\n <\/div>\n <\/article>\n<\/div>\n<div class=\"post\" style=\"margin-bottom:40px;\">\n <article>\n <h2><a name=\"07b73541\" href=\"https:\/\/www.quartier-waldacker.de\/?p=27862\" rel=\"bookmark\" style=\"color:#333333; font-weight:bold;\" title=\"Link zum Artikel auf quartier-waldacker.de\" target=\"_blank\">Waldacker: Baumelbank erstrahlt in neuem Glanz<\/a><\/h2>\n <div class=\"entry\">\n  <p style=\"margin-bottom:4px;\">\n   <a href=\"https:\/\/www.quartier-waldacker.de\/?p=27862\" target=\"_blank\"><img decoding=\"async\" src=\"\/feeds\/gfx\/quartier-waldacker.de.png\" style=\"align:left !important; float:left !important; margin-top:4px !important; margin-right:8px !important; margin-bottom:4px !important; width:90px !important;\" \/><\/a>   <i>F\u00fcr diese Meldung existiert leider kein kurzer Auszug.<\/i><br clear=\"all\" \/>  <\/p>\n  <div><span class=\"my_article_details\"><time datetime=\"2026-04-26\">26.04.2026<\/time> &middot; <a href=\"\/news\/roedermark-nachrichten\" title=\"Roedermark Nachrichten\">News<\/a> &middot; <a href=\"\/news\/roedermark-aktuell\" title=\"R\u00f6dermark heute aktuell\">R\u00f6dermark<\/a> &middot; <\/span><a href=\"https:\/\/www.quartier-waldacker.de\/?p=27862\" title=\"Link zum Artikel auf quartier-waldacker.de\" target=\"_blank\">quartier-waldacker.de<\/a><\/div>\n  <b><\/b>\n <\/div>\n <\/article>\n<\/div>\n<div class=\"post\" style=\"margin-bottom:40px;\">\n <article>\n <h2><a name=\"b59ef749\" href=\"https:\/\/www.quartier-waldacker.de\/?p=27833\" rel=\"bookmark\" style=\"color:#333333; font-weight:bold;\" title=\"Link zum Artikel auf quartier-waldacker.de\" target=\"_blank\">Waldacker: Radtour am Main mit Picknick am Schultheisweiher<\/a><\/h2>\n <div class=\"entry\">\n  <p style=\"margin-bottom:4px;\">\n   <a href=\"https:\/\/www.quartier-waldacker.de\/?p=27833\" target=\"_blank\"><img decoding=\"async\" src=\"\/feeds\/gfx\/quartier-waldacker.de.png\" style=\"align:left !important; float:left !important; margin-top:4px !important; margin-right:8px !important; margin-bottom:4px !important; width:90px !important;\" \/><\/a>   24. April 2026 \u2013 Sonne, Pannen und jede Menge gute Laune Manchmal beginnt ein perfekter Radeltag genau so, wie man ihn nicht geplant hat \u2013 und genau das machte diese Tour besonders erinnerungsw&uuml;rdig. &#x2600;&#xfe0f; Start unter besten Vorzeichen Am 24. April ...<br clear=\"all\" \/>  <\/p>\n  <div><span class=\"my_article_details\"><time datetime=\"2026-04-26\">26.04.2026<\/time> &middot; <a href=\"\/news\/roedermark-nachrichten\" title=\"Roedermark Nachrichten\">News<\/a> &middot; <a href=\"\/news\/roedermark-aktuell\" title=\"R\u00f6dermark heute aktuell\">R\u00f6dermark<\/a> &middot; <\/span><a href=\"https:\/\/www.quartier-waldacker.de\/?p=27833\" title=\"Link zum Artikel auf quartier-waldacker.de\" target=\"_blank\">quartier-waldacker.de<\/a><\/div>\n  <b><\/b>\n <\/div>\n <\/article>\n<\/div>\n<div class=\"post\" style=\"margin-bottom:40px;\">\n <article>\n <h2><a name=\"2a8df219\" href=\"https:\/\/www.hessenschau.de\/wirtschaft\/flughafen-frankfurt-interview-mit-fraport-chef-schulte-zum-terminal-3-v1,interview-fraport-chef-100.html\" rel=\"bookmark\" style=\"color:#333333; font-weight:bold;\" title=\"Link zum Artikel auf hessenschau.de\" target=\"_blank\">Flughafen Frankfurt: Interview mit Fraport-Chef Schulte zum Terminal 3<\/a><\/h2>\n <div class=\"entry\">\n  <p style=\"margin-bottom:4px;\">\n   <a href=\"https:\/\/www.hessenschau.de\/wirtschaft\/flughafen-frankfurt-interview-mit-fraport-chef-schulte-zum-terminal-3-v1,interview-fraport-chef-100.html\" target=\"_blank\"><img decoding=\"async\" src=\"https:\/\/www.hessenschau.de\/wirtschaft\/stefan-schulte-fraport-100~_t-1777197115365_v-16to9.jpg\" style=\"align:left !important; float:left !important; margin-top:4px !important; margin-right:8px !important; margin-bottom:4px !important; width:90px !important;\" \/><\/a>   Hohe Funktionalit&auml;t gepaart mit Wohlf&uuml;hlatmosph&auml;re: Das neue Terminal 3 am Flughafen Frankfurt hat f&uuml;r Passagiere viel zu bieten. Fraport-Chef Stefan Schulte sieht den Bau als Chance, weiter zu wachsen. ...<br clear=\"all\" \/>  <\/p>\n  <div><span class=\"my_article_details\"><time datetime=\"2026-04-26\">26.04.2026<\/time> &middot; <a href=\"\/news\/fluglaerm-offenbach-am-main\" title=\"Flugl\u00e4rm Offenbach am Main\">Flughafen<\/a> &middot; Frankfurt &middot; <\/span><a href=\"https:\/\/www.hessenschau.de\/wirtschaft\/flughafen-frankfurt-interview-mit-fraport-chef-schulte-zum-terminal-3-v1,interview-fraport-chef-100.html\" title=\"Link zum Artikel auf hessenschau.de\" target=\"_blank\">hessenschau.de<\/a><\/div>\n  <b><\/b>\n <\/div>\n <\/article>\n<\/div>\n<div class=\"post\" style=\"margin-bottom:40px;\">\n <article>\n <h2><a name=\"92ad0c3c\" href=\"https:\/\/www.op-online.de\/leben\/reise\/warum-viele-fluege-ab-frankfurt-bald-an-anderer-stelle-starten-zr-94278644.html\" rel=\"bookmark\" style=\"color:#333333; font-weight:bold;\" title=\"Link zum Artikel auf op-online.de\" target=\"_blank\">Warum viele Fl\u00fcge ab Frankfurt bald an anderer Stelle starten<\/a><\/h2>\n <div class=\"entry\">\n  <p style=\"margin-bottom:4px;\">\n   <a href=\"https:\/\/www.op-online.de\/leben\/reise\/warum-viele-fluege-ab-frankfurt-bald-an-anderer-stelle-starten-zr-94278644.html\" target=\"_blank\"><img decoding=\"async\" src=\"https:\/\/www.op-online.de\/assets\/images\/42\/243\/42243655-flugzeuge-flughafen-frankfurt-am-main-terminal-1n01.jpg\" style=\"align:left !important; float:left !important; margin-top:4px !important; margin-right:8px !important; margin-bottom:4px !important; width:90px !important;\" \/><\/a>   Mit Terminal 3 ver&auml;ndert sich am Flughafen Frankfurt f&uuml;r viele Reisende der gewohnte Abflugort. Erfahren Sie hier, was Sie beachten sollten.<br clear=\"all\" \/>  <\/p>\n  <div><span class=\"my_article_details\"><time datetime=\"2026-04-25\">25.04.2026<\/time> &middot; <a href=\"\/news\/fluglaerm-offenbach-am-main\" title=\"Flugl\u00e4rm Offenbach am Main\">Flughafen<\/a> &middot; Frankfurt &middot; <\/span><a href=\"https:\/\/www.op-online.de\/leben\/reise\/warum-viele-fluege-ab-frankfurt-bald-an-anderer-stelle-starten-zr-94278644.html\" title=\"Link zum Artikel auf op-online.de\" target=\"_blank\">op-online.de<\/a><\/div>\n  <b><\/b>\n <\/div>\n <\/article>\n<\/div>\n<div class=\"post\" style=\"background-color: #f4f4f4; margin-bottom: 40px; padding: 10px;\"><article><a style=\"color: #000000; font-size: 20px; font-weight: normal; text-decoration: underlined;\" href=\"https:\/\/www.tagesschau.de\/wirtschaft\/energie\/boom-batteriespeicher-deutschland-energiewende-100.html\" target=\"_blank\">Batteriegro\u00dfspeicher erleben einen Boom<\/a><\/p><div class=\"entry\"><p style=\"margin-bottom: 4px;\"><a href=\"https:\/\/www.tagesschau.de\/wirtschaft\/energie\/boom-batteriespeicher-deutschland-energiewende-100.html\" target=\"_blank\" rel=\"noopener\"><img decoding=\"async\" style=\"align: left !important; float: left !important; margin-top: 4px !important; margin-right: 8px !important; margin-bottom: 4px !important; width: 90px !important;\" src=\"data:image\/gif;base64,R0lGODlhAQABAIAAAAAAAP\/\/\/yH5BAEAAAAALAAAAAABAAEAAAIBRAA7\" data-src=\"https:\/\/www.heusenstaemmchen.de\/feeds\/gfx\/tagesschau.de.png\" \/><\/a>Um Erneuerbare Energien effizienter zu nutzen, werden Batterie&shy;gro\u00df&shy;speicher ben\u00f6tigt. F\u00fcr Experten sind sie ein entscheidender Baustein der Energiewende. Die Nachfrage ist enorm.<br clear=\"all\" \/><\/p><div><b>Schon gewusst?<\/b> \u00b7 Regenerative Energien \u00b7 <a title=\"Mehr Details auf tagesschau.de\" href=\"https:\/\/www.tagesschau.de\/wirtschaft\/energie\/boom-batteriespeicher-deutschland-energiewende-100.html\" rel=\"noopener\">tagesschau.de<\/a><\/div><\/div><\/article><\/div><div class=\"post\" style=\"margin-bottom:40px;\">\n <article>\n <h2><a name=\"79f99e6b\" href=\"https:\/\/www.fr.de\/rhein-main\/offenbach\/grosseinsatz-nach-brand-in-seligenstadt-kripo-ermittelt-ursache-94278548.html\" rel=\"bookmark\" style=\"color:#333333; font-weight:bold;\" title=\"Link zum Artikel auf fr.de\" target=\"_blank\">Gro\u00dfeinsatz nach Brand in Rhein-Main: Kripo ermittelt Ursache<\/a><\/h2>\n <div class=\"entry\">\n  <p style=\"margin-bottom:4px;\">\n   <a href=\"https:\/\/www.fr.de\/rhein-main\/offenbach\/grosseinsatz-nach-brand-in-seligenstadt-kripo-ermittelt-ursache-94278548.html\" target=\"_blank\"><img decoding=\"async\" src=\"https:\/\/www.fr.de\/assets\/images\/42\/344\/42344222-ein-garagenbrand-im-kreis-offenbach-hat-einen-schaden-von-mehr-als-70-000-euro-verursacht-1w01.jpg\" style=\"align:left !important; float:left !important; margin-top:4px !important; margin-right:8px !important; margin-bottom:4px !important; width:90px !important;\" \/><\/a>   Ein Garagenbrand in Seligenstadt (Kreis Offenbach) hat am Freitag, 24. April, einen Schaden von mehr als 70.000 Euro verursacht.<br clear=\"all\" \/>  <\/p>\n  <div><span class=\"my_article_details\"><time datetime=\"2026-04-25\">25.04.2026<\/time> &middot; <a href=\"\/news\/polizeieinsaetze-offenbach-am-main\" title=\"Polizeieins\u00e4tze Offenbach am Main\">Kreis Offenbach<\/a> &middot; <\/span><a href=\"https:\/\/www.fr.de\/rhein-main\/offenbach\/grosseinsatz-nach-brand-in-seligenstadt-kripo-ermittelt-ursache-94278548.html\" title=\"Link zum Artikel auf fr.de\" target=\"_blank\">fr.de<\/a><\/div>\n  <b><\/b>\n <\/div>\n <\/article>\n<\/div>\n<div class=\"post\" style=\"margin-bottom:40px;\">\n <article>\n <h2><a name=\"125917bf\" href=\"https:\/\/www.rheinmainverlag.de\/2026\/04\/25\/blitzer-im-kreis-offenbach-kw18\/\" rel=\"bookmark\" style=\"color:#333333; font-weight:bold;\" title=\"Link zum Artikel auf rheinmainverlag.de\" target=\"_blank\">Blitzer im Kreis Offenbach (KW18)<\/a><\/h2>\n <div class=\"entry\">\n  <p style=\"margin-bottom:4px;\">\n   <a href=\"https:\/\/www.rheinmainverlag.de\/2026\/04\/25\/blitzer-im-kreis-offenbach-kw18\/\" target=\"_blank\"><img decoding=\"async\" src=\"\/feeds\/gfx\/rheinmainverlag.de.png\" style=\"align:left !important; float:left !important; margin-top:4px !important; margin-right:8px !important; margin-bottom:4px !important; width:90px !important;\" \/><\/a>   Die Beamtinnen und Beamten der Verkehrsdirektion kontrollieren in der n&auml;chsten Woche die Einhaltung der Tempolimits unter anderem an Kinderg&auml;rten sowie Schulwegen. Geplant sind Messungen im Bereich folgender &Ouml;rtlichkeiten: 28.04.2026: Dietzenbach, Rodgaustra&szlig;e ...<br clear=\"all\" \/>  <\/p>\n  <div><span class=\"my_article_details\"><time datetime=\"2026-04-25\">25.04.2026<\/time> &middot; <a href=\"\/news\/polizeieinsaetze-offenbach-am-main\" title=\"Polizeieins\u00e4tze Offenbach am Main\">Kreis Offenbach<\/a> &middot; <\/span><a href=\"https:\/\/www.rheinmainverlag.de\/2026\/04\/25\/blitzer-im-kreis-offenbach-kw18\/\" title=\"Link zum Artikel auf rheinmainverlag.de\" target=\"_blank\">rheinmainverlag.de<\/a><\/div>\n  <b><\/b>\n <\/div>\n <\/article>\n<\/div>\n<div class=\"post\" style=\"margin-bottom:40px;\">\n <article>\n <h2><a name=\"9d391b09\" href=\"https:\/\/of-news.de\/roedermark\/ceotronics-erweitert-standort-in-roedermark-um-weiteres-gebaeude-167636\/\" rel=\"bookmark\" style=\"color:#333333; font-weight:bold;\" title=\"Link zum Artikel auf of-news.de\" target=\"_blank\">Ceotronics erweitert Standort in R\u00f6dermark um weiteres Geb\u00e4ude<\/a><\/h2>\n <div class=\"entry\">\n  <p style=\"margin-bottom:4px;\">\n   <a href=\"https:\/\/of-news.de\/roedermark\/ceotronics-erweitert-standort-in-roedermark-um-weiteres-gebaeude-167636\/\" target=\"_blank\"><img decoding=\"async\" src=\"\/feeds\/gfx\/of-news.de.png\" style=\"align:left !important; float:left !important; margin-top:4px !important; margin-right:8px !important; margin-bottom:4px !important; width:90px !important;\" \/><\/a>   Die Ceotronics AG baut ihren Standort in R&#xF6;dermark aus und hat daf&#xFC;r eine benachbarte Gewerbeimmobilie in der Rudolf-Diesel-Stra&#xDF;e gekauft. Das Unternehmen reagiert damit nach eigenen Angaben auf den wachsenden Platzbedarf am bisherigen Firmensitz ...<br clear=\"all\" \/>  <\/p>\n  <div><span class=\"my_article_details\"><time datetime=\"2026-04-25\">25.04.2026<\/time> &middot; <a href=\"\/news\/roedermark-nachrichten\" title=\"Roedermark Nachrichten\">News<\/a> &middot; <a href=\"\/news\/roedermark-aktuell\" title=\"R\u00f6dermark heute aktuell\">R\u00f6dermark<\/a> &middot; <\/span><a href=\"https:\/\/of-news.de\/roedermark\/ceotronics-erweitert-standort-in-roedermark-um-weiteres-gebaeude-167636\/\" title=\"Link zum Artikel auf of-news.de\" target=\"_blank\">of-news.de<\/a><\/div>\n  <b><\/b>\n <\/div>\n <\/article>\n<\/div>\n<div class=\"post\" style=\"margin-bottom:40px;\">\n <article>\n <h2><a name=\"e5eeb037\" href=\"https:\/\/www.presseportal.de\/blaulicht\/pm\/43561\/6262488\" rel=\"bookmark\" style=\"color:#333333; font-weight:bold;\" title=\"Link zum Artikel auf presseportal.de\" target=\"_blank\">POL-OF: Kripo bittet um Hinweise nach bewaffneten Raub\u00fcberfall<\/a><\/h2>\n <div class=\"entry\">\n  <p style=\"margin-bottom:4px;\">\n   <a href=\"https:\/\/www.presseportal.de\/blaulicht\/pm\/43561\/6262488\" target=\"_blank\"><img decoding=\"async\" src=\"\/feeds\/gfx\/POL-OF.jpg\" style=\"align:left !important; float:left !important; margin-top:4px !important; margin-right:8px !important; margin-bottom:4px !important; width:90px !important;\" \/><\/a>   R\u00f6dermark  (ots)      (lei) Augenscheinlich mit einer Pistole bewaffnet hat ein etwa 1,85 Meter gro\u00dfer Mann in der Nacht zu Samstag eine Spielhalle in der Siemensstra\u00dfe \u00fcberfallen und Bargeld erbeutet. Gegen 2 Uhr betrat der dunkel gekleidete Unbekannte mit ...<br clear=\"all\" \/>  <\/p>\n  <div><span class=\"my_article_details\"><time datetime=\"2026-04-25\">25.04.2026<\/time> &middot; <a href=\"\/news\/roedermark-polizeimeldungen\" title=\"Polizeieins\u00e4tze Roedermark\">Polizei<\/a> &middot; <a href=\"\/news\/roedermark-aktuell\" title=\"R\u00f6dermark heute aktuell\">R\u00f6dermark<\/a> &middot; <\/span><a href=\"https:\/\/www.presseportal.de\/blaulicht\/pm\/43561\/6262488\" title=\"Link zum Artikel auf presseportal.de\" target=\"_blank\">presseportal.de<\/a><\/div>\n  <b><\/b>\n <\/div>\n <\/article>\n<\/div>\n<div class=\"post\" style=\"margin-bottom:40px;\">\n <article>\n <h2><a name=\"517381cb\" href=\"https:\/\/www.rheinmainverlag.de\/2026\/04\/24\/kommunale-waermeplanung-vier-staedte-ein-gemeinsames-ziel\/\" rel=\"bookmark\" style=\"color:#333333; font-weight:bold;\" title=\"Link zum Artikel auf rheinmainverlag.de\" target=\"_blank\">Kommunale W\u00e4rmeplanung: Vier St\u00e4dte, ein gemeinsames Ziel<\/a><\/h2>\n <div class=\"entry\">\n  <p style=\"margin-bottom:4px;\">\n   <a href=\"https:\/\/www.rheinmainverlag.de\/2026\/04\/24\/kommunale-waermeplanung-vier-staedte-ein-gemeinsames-ziel\/\" target=\"_blank\"><img decoding=\"async\" src=\"\/feeds\/gfx\/rheinmainverlag.de.png\" style=\"align:left !important; float:left !important; margin-top:4px !important; margin-right:8px !important; margin-bottom:4px !important; width:90px !important;\" \/><\/a>   Vier St&auml;dte, ein gemeinsames Ziel: Mit einer ersten B&uuml;rgerinformationsveranstaltung im B&uuml;rgerhaus Hausen haben Obertshausen, Rodgau, R&ouml;dermark und M&uuml;hlheim am Main den Auftakt f&uuml;r ihre kommunale W&auml;rmeplanung gemacht. Gemeinsam gehen sie den Weg als sogenannte ...<br clear=\"all\" \/>  <\/p>\n  <div><span class=\"my_article_details\"><time datetime=\"2026-04-24\">24.04.2026<\/time> &middot; <a href=\"\/news\/roedermark-nachrichten\" title=\"Roedermark Nachrichten\">News<\/a> &middot; <a href=\"\/news\/roedermark-aktuell\" title=\"R\u00f6dermark heute aktuell\">R\u00f6dermark<\/a> &middot; <\/span><a href=\"https:\/\/www.rheinmainverlag.de\/2026\/04\/24\/kommunale-waermeplanung-vier-staedte-ein-gemeinsames-ziel\/\" title=\"Link zum Artikel auf rheinmainverlag.de\" target=\"_blank\">rheinmainverlag.de<\/a><\/div>\n  <b><\/b>\n <\/div>\n <\/article>\n<\/div>\n<div class=\"post\" style=\"margin-bottom:40px;\">\n <article>\n <h2><a name=\"f61c14b2\" href=\"https:\/\/www.op-online.de\/region\/roedermark\/ceotronics-verdoppelt-flaeche-fuer-65millionenvision-94276022.html\" rel=\"bookmark\" style=\"color:#333333; font-weight:bold;\" title=\"Link zum Artikel auf op-online.de\" target=\"_blank\">Urberach: Ceotronics verdoppelt Fl\u00e4che f\u00fcr 65\u2011Millionen\u2011Vision<\/a><\/h2>\n <div class=\"entry\">\n  <p style=\"margin-bottom:4px;\">\n   <a href=\"https:\/\/www.op-online.de\/region\/roedermark\/ceotronics-verdoppelt-flaeche-fuer-65millionenvision-94276022.html\" target=\"_blank\"><img decoding=\"async\" src=\"https:\/\/www.op-online.de\/assets\/images\/42\/304\/42304169-das-schild-haengt-schon-die-neue-gewerbeimmobilie-liegt-an-der-rudolf-diesel-strasse-ums-eck-vom-hauptsitz-2tSQvCOq9X01.jpg\" style=\"align:left !important; float:left !important; margin-top:4px !important; margin-right:8px !important; margin-bottom:4px !important; width:90px !important;\" \/><\/a>   Ceotronics kauft eine neue Gewerbeimmobilie in Urberach. Die Produktion zieht um, damit die Umsatzmarke erreicht werden kann.<br clear=\"all\" \/>  <\/p>\n  <div><span class=\"my_article_details\"><time datetime=\"2026-04-24\">24.04.2026<\/time> &middot; Urberach &middot; <\/span><a href=\"https:\/\/www.op-online.de\/region\/roedermark\/ceotronics-verdoppelt-flaeche-fuer-65millionenvision-94276022.html\" title=\"Link zum Artikel auf op-online.de\" target=\"_blank\">op-online.de<\/a><\/div>\n  <b><\/b>\n <\/div>\n <\/article>\n<\/div>\n<div class=\"post\" style=\"margin-bottom:40px;\">\n <article>\n <h2><a name=\"85aa7669\" href=\"https:\/\/www.kreis-offenbach.de\/Service\/Medienservice\/Aktuelle-Pressemitteilungen\/Musiccamp-in-den-Sommerferien.php?object=tx,4013.5.1&ModID=7&FID=4013.3384.1&NavID=4013.211&La=1\" rel=\"bookmark\" style=\"color:#333333; font-weight:bold;\" title=\"Link zum Artikel auf kreis-offenbach.de\" target=\"_blank\">Musiccamp in den Sommerferien<\/a><\/h2>\n <div class=\"entry\">\n  <p style=\"margin-bottom:4px;\">\n   <a href=\"https:\/\/www.kreis-offenbach.de\/Service\/Medienservice\/Aktuelle-Pressemitteilungen\/Musiccamp-in-den-Sommerferien.php?object=tx,4013.5.1&ModID=7&FID=4013.3384.1&NavID=4013.211&La=1\" target=\"_blank\"><img decoding=\"async\" src=\"\/feeds\/gfx\/kreis-offenbach.de.png\" style=\"align:left !important; float:left !important; margin-top:4px !important; margin-right:8px !important; margin-bottom:4px !important; width:90px !important;\" \/><\/a>   Kreative Jugendliche aus S\u00fcdhessen k\u00f6nnen w\u00e4hrend der Sommerferien &ndash; vom 13. bis 19. Juli 2026 &ndash; das Musiccamp im Kreisjugendheim Ernsthofen  ...<br clear=\"all\" \/>  <\/p>\n  <div><span class=\"my_article_details\"><time datetime=\"2026-04-24\">24.04.2026<\/time> &middot; <a href=\"\/news\/polizeieinsaetze-offenbach-am-main\" title=\"Polizeieins\u00e4tze Offenbach am Main\">Kreis Offenbach<\/a> &middot; <\/span><a href=\"https:\/\/www.kreis-offenbach.de\/Service\/Medienservice\/Aktuelle-Pressemitteilungen\/Musiccamp-in-den-Sommerferien.php?object=tx,4013.5.1&ModID=7&FID=4013.3384.1&NavID=4013.211&La=1\" title=\"Link zum Artikel auf kreis-offenbach.de\" target=\"_blank\">kreis-offenbach.de<\/a><\/div>\n  <b><\/b>\n <\/div>\n <\/article>\n<\/div>\n<div class=\"post\" style=\"margin-bottom:40px;\">\n <article>\n <h2><a name=\"af91a96b\" href=\"https:\/\/www.op-online.de\/region\/roedermark\/elterntaxis-in-urberach-gelbe-karten-fuer-riskantes-fahrverhalten-94275997.html\" rel=\"bookmark\" style=\"color:#333333; font-weight:bold;\" title=\"Link zum Artikel auf op-online.de\" target=\"_blank\">Elterntaxis in Urberach: Gelbe Karten f\u00fcr riskantes Fahrverhalten<\/a><\/h2>\n <div class=\"entry\">\n  <p style=\"margin-bottom:4px;\">\n   <a href=\"https:\/\/www.op-online.de\/region\/roedermark\/elterntaxis-in-urberach-gelbe-karten-fuer-riskantes-fahrverhalten-94275997.html\" target=\"_blank\"><img decoding=\"async\" src=\"https:\/\/www.op-online.de\/assets\/images\/42\/307\/42307219-die-kinder-ueberreichten-nach-einer-kurzen-erklaerenden-ansprache-der-polizisten-den-autofahrerinnen-und-autofahrern-die-gelben-oder-gruenen-karten-2ufxyMOyWh01.jpg\" style=\"align:left !important; float:left !important; margin-top:4px !important; margin-right:8px !important; margin-bottom:4px !important; width:90px !important;\" \/><\/a>   Polizei und Sch&uuml;ler kontrollierten gemeinsam vor der Schule an den Linden. Die h&auml;ufigsten Verst&ouml;&szlig;e: zu schnelles Fahren und ungesicherte Kinder.<br clear=\"all\" \/>  <\/p>\n  <div><span class=\"my_article_details\"><time datetime=\"2026-04-23\">23.04.2026<\/time> &middot; <a href=\"\/news\/roedermark-polizeimeldungen\" title=\"Polizeieins\u00e4tze Roedermark\">Polizei<\/a> &middot; Urberach &middot; <\/span><a href=\"https:\/\/www.op-online.de\/region\/roedermark\/elterntaxis-in-urberach-gelbe-karten-fuer-riskantes-fahrverhalten-94275997.html\" title=\"Link zum Artikel auf op-online.de\" target=\"_blank\">op-online.de<\/a><\/div>\n  <b><\/b>\n <\/div>\n <\/article>\n<\/div>\n<div class=\"post\" style=\"background-color: #f4f4f4; margin-bottom: 40px; padding: 10px;\"><article><a style=\"color: #000000; font-size: 20px; font-weight: normal; text-decoration: underlined;\" href=\"https:\/\/www.tagesschau.de\/wirtschaft\/elektroauto-kosten-strom-100.html\" target=\"_blank\">Laden von E-Autos deutlich g\u00fcnstiger als Tanken<\/a><\/p><div class=\"entry\"><p style=\"margin-bottom: 4px;\"><a href=\"https:\/\/www.tagesschau.de\/wirtschaft\/elektroauto-kosten-strom-100.html\" target=\"_blank\" rel=\"noopener\"><img decoding=\"async\" style=\"align: left !important; float: left !important; margin-top: 4px !important; margin-right: 8px !important; margin-bottom: 4px !important; width: 90px !important;\" src=\"data:image\/gif;base64,R0lGODlhAQABAIAAAAAAAP\/\/\/yH5BAEAAAAALAAAAAABAAEAAAIBRAA7\" data-src=\"https:\/\/www.heusenstaemmchen.de\/feeds\/gfx\/tagesschau.de.png\" \/><\/a>Wer ein E-Auto besitzt und das zu Hause laden kann, der war im vergangenen Jahr am g\u00fcnstigsten unterwegs. Wer \u00f6ffentliche Lades\u00e4ulen nutzte, zahlte zwar mehr, aber immer noch viel weniger als die Fahrer von Benzinern an der Tankstelle.<br clear=\"all\" \/><\/p><div><b>Schon gewusst?<\/b> \u00b7 Regenerative Energien \u00b7 <a title=\"Mehr Details auf tagesschau.de\" href=\"https:\/\/www.tagesschau.de\/wirtschaft\/elektroauto-kosten-strom-100.html\" target=\"_blank\" rel=\"noopener\">tagesschau.de<\/a><\/div><\/div><\/article><\/div><div class=\"post\" style=\"margin-bottom:40px;\">\n <article>\n <h2><a name=\"d114a528\" href=\"https:\/\/gruene-offenbach.de\/2026\/04\/23\/die-gruenen-im-rathaus-sind-fuer-die-oppositionsfuehrung-bereit\/\" rel=\"bookmark\" style=\"color:#333333; font-weight:bold;\" title=\"Link zum Artikel auf gruene-offenbach.de\" target=\"_blank\">Die Gr\u00fcnen im Rathaus sind f\u00fcr die Oppositionsf\u00fchrung bereit<\/a><\/h2>\n <div class=\"entry\">\n  <p style=\"margin-bottom:4px;\">\n   <a href=\"https:\/\/gruene-offenbach.de\/2026\/04\/23\/die-gruenen-im-rathaus-sind-fuer-die-oppositionsfuehrung-bereit\/\" target=\"_blank\"><img decoding=\"async\" src=\"\/feeds\/gfx\/gruene-offenbach.de.png\" style=\"align:left !important; float:left !important; margin-top:4px !important; margin-right:8px !important; margin-bottom:4px !important; width:90px !important;\" \/><\/a>   Wechsel in der gr&uuml;nen Fraktion Im Zuge der Neukonstituierung der Stadtverordnetenversammlung f&uuml;gt sich auch in der neu gew&auml;hlten Gr&uuml;nen-Fraktion das Personaltableau neu zusammen. \u201eWir nehmen unsere neue Rolle als st&auml;rkste Kraft in der Opposition und damit als ...<br clear=\"all\" \/>  <\/p>\n  <div><span class=\"my_article_details\"><time datetime=\"2026-04-23\">23.04.2026<\/time> &middot; IHK &middot; <a href=\"\/news\/offenbach-aktuell\" title=\"Offenbach heute aktuell\">Offenbach<\/a> &middot; <\/span><a href=\"https:\/\/gruene-offenbach.de\/2026\/04\/23\/die-gruenen-im-rathaus-sind-fuer-die-oppositionsfuehrung-bereit\/\" title=\"Link zum Artikel auf gruene-offenbach.de\" target=\"_blank\">gruene-offenbach.de<\/a><\/div>\n  <b><\/b>\n <\/div>\n <\/article>\n<\/div>\n<div class=\"post\" style=\"margin-bottom:40px;\">\n <article>\n <h2><a name=\"cfa1eb76\" href=\"https:\/\/of-news.de\/obertshausen\/mit-pfefferspray-attackiert-und-auto-geraubt-zwei-verdaechtige-in-obertshausen-festgenommen-167605\/\" rel=\"bookmark\" style=\"color:#333333; font-weight:bold;\" title=\"Link zum Artikel auf of-news.de\" target=\"_blank\">Mit Pfefferspray attackiert und Auto geraubt: Zwei Verd\u00e4chtige in Obertshausen festgenommen<\/a><\/h2>\n <div class=\"entry\">\n  <p style=\"margin-bottom:4px;\">\n   <a href=\"https:\/\/of-news.de\/obertshausen\/mit-pfefferspray-attackiert-und-auto-geraubt-zwei-verdaechtige-in-obertshausen-festgenommen-167605\/\" target=\"_blank\"><img decoding=\"async\" src=\"\/feeds\/gfx\/of-news.de.png\" style=\"align:left !important; float:left !important; margin-top:4px !important; margin-right:8px !important; margin-bottom:4px !important; width:90px !important;\" \/><\/a>   Nach dem mutma&#xDF;lichen Raub eines Fahrzeugs in Obertshausen ermitteln Staatsanwaltschaft und Kriminalpolizei gegen zwei junge M&#xE4;nner im Alter von 18 und 19 Jahren aus dem Kreis Offenbach. Ihnen wird gemeinschaftlicher schwerer Raub in Tateinheit mit ...<br clear=\"all\" \/>  <\/p>\n  <div><span class=\"my_article_details\"><time datetime=\"2026-04-23\">23.04.2026<\/time> &middot; Eppertshausen &middot; <a href=\"\/news\/roedermark-polizeimeldungen\" title=\"Polizeieins\u00e4tze Roedermark\">Polizei<\/a> &middot; <\/span><a href=\"https:\/\/of-news.de\/obertshausen\/mit-pfefferspray-attackiert-und-auto-geraubt-zwei-verdaechtige-in-obertshausen-festgenommen-167605\/\" title=\"Link zum Artikel auf of-news.de\" target=\"_blank\">of-news.de<\/a><\/div>\n  <b><\/b>\n <\/div>\n <\/article>\n<\/div>\n<div class=\"post\" style=\"margin-bottom:40px;\">\n <article>\n <h2><a name=\"b0618d9a\" href=\"https:\/\/www.rheinmainverlag.de\/2026\/04\/23\/bedrohung-mit-cuttermesser-am-flughafen-frankfurt\/\" rel=\"bookmark\" style=\"color:#333333; font-weight:bold;\" title=\"Link zum Artikel auf rheinmainverlag.de\" target=\"_blank\">Bedrohung mit Cuttermesser am Flughafen Frankfurt<\/a><\/h2>\n <div class=\"entry\">\n  <p style=\"margin-bottom:4px;\">\n   <a href=\"https:\/\/www.rheinmainverlag.de\/2026\/04\/23\/bedrohung-mit-cuttermesser-am-flughafen-frankfurt\/\" target=\"_blank\"><img decoding=\"async\" src=\"\/feeds\/gfx\/rheinmainverlag.de.png\" style=\"align:left !important; float:left !important; margin-top:4px !important; margin-right:8px !important; margin-bottom:4px !important; width:90px !important;\" \/><\/a>   Am Dienstag bedrohte ein Mann einen 30-J&auml;hrigen am Flughafen Frankfurt mit einem Cuttermesser. Am Mittwochmorgen (22.) wurde er festgenommen. Nach aktuellen Erkenntnissen begegneten sich die beiden M&auml;nner gegen 7.30 Uhr in der Kellerfahrstra&szlig;e am Flughafen. ...<br clear=\"all\" \/>  <\/p>\n  <div><span class=\"my_article_details\"><time datetime=\"2026-04-23\">23.04.2026<\/time> &middot; <a href=\"\/news\/fluglaerm-offenbach-am-main\" title=\"Flugl\u00e4rm Offenbach am Main\">Flughafen<\/a> &middot; Frankfurt &middot; <\/span><a href=\"https:\/\/www.rheinmainverlag.de\/2026\/04\/23\/bedrohung-mit-cuttermesser-am-flughafen-frankfurt\/\" title=\"Link zum Artikel auf rheinmainverlag.de\" target=\"_blank\">rheinmainverlag.de<\/a><\/div>\n  <b><\/b>\n <\/div>\n <\/article>\n<\/div>\n<div class=\"post\" style=\"margin-bottom:40px;\">\n <article>\n <h2><a name=\"65c71002\" href=\"https:\/\/ass-offenbach.de\/2026\/04\/23\/aktion-zum-earth-day-klasse-5f-engagiert-sich-fuer-die-umwelt\/\" rel=\"bookmark\" style=\"color:#333333; font-weight:bold;\" title=\"Link zum Artikel auf ass-offenbach.de\" target=\"_blank\">Aktion zum Earth Day: Klasse 5f engagiert sich f\u00fcr die Umwelt<\/a><\/h2>\n <div class=\"entry\">\n  <p style=\"margin-bottom:4px;\">\n   <a href=\"https:\/\/ass-offenbach.de\/2026\/04\/23\/aktion-zum-earth-day-klasse-5f-engagiert-sich-fuer-die-umwelt\/\" target=\"_blank\"><img decoding=\"async\" src=\"\/feeds\/gfx\/ass-offenbach.de.jpg\" style=\"align:left !important; float:left !important; margin-top:4px !important; margin-right:8px !important; margin-bottom:4px !important; width:90px !important;\" \/><\/a>   Anl&auml;sslich des diesj&auml;hrigen &#8222;Earth Day&quot; hat die Klasse 5f unter der Leitung von Frau Schubert einen ausf&uuml;hrlichen Rundgang rund um das Schulgel&auml;nde, die Gabelsberger Stra&szlig;e sowie den neuen Spielplatz am Friedrichsweiher unternommen und dabei gemeinsam ...<br clear=\"all\" \/>  <\/p>\n  <div><span class=\"my_article_details\"><time datetime=\"2026-04-23\">23.04.2026<\/time> &middot; <a href=\"\/news\/offenbach-aktuell\" title=\"Offenbach heute aktuell\">Offenbach<\/a> &middot; Umgebung &middot; <\/span><a href=\"https:\/\/ass-offenbach.de\/2026\/04\/23\/aktion-zum-earth-day-klasse-5f-engagiert-sich-fuer-die-umwelt\/\" title=\"Link zum Artikel auf ass-offenbach.de\" target=\"_blank\">ass-offenbach.de<\/a><\/div>\n  <b><\/b>\n <\/div>\n <\/article>\n<\/div>\n<div class=\"post\" style=\"margin-bottom:40px;\">\n <article>\n <h2><a name=\"1a8709ac\" href=\"https:\/\/www.op-online.de\/region\/roedermark\/dank-neuer-aufmachung-der-wumbor-lauf-ist-gerettet-94275178.html\" rel=\"bookmark\" style=\"color:#333333; font-weight:bold;\" title=\"Link zum Artikel auf op-online.de\" target=\"_blank\">Dank neuer Form: Der wumboR-Lauf ist gerettet<\/a><\/h2>\n <div class=\"entry\">\n  <p style=\"margin-bottom:4px;\">\n   <a href=\"https:\/\/www.op-online.de\/region\/roedermark\/dank-neuer-aufmachung-der-wumbor-lauf-ist-gerettet-94275178.html\" target=\"_blank\"><img decoding=\"async\" src=\"https:\/\/www.op-online.de\/assets\/images\/42\/290\/42290115-der-wumbor-lauf-bringt-gross-und-klein-auf-ganz-unterschiedlichen-leistungsniveaus-zusammen-impression-von-der-17-auflage-des-breitensport-klassikers-1101.jpg\" style=\"align:left !important; float:left !important; margin-top:4px !important; margin-right:8px !important; margin-bottom:4px !important; width:90px !important;\" \/><\/a>   Der wumboR-Lauf startet am 14. Juni bei Germania Ober-Roden. Die neue Streckenf&uuml;hrung soll Kosten sparen und die Tradition erhalten.<br clear=\"all\" \/>  <\/p>\n  <div><span class=\"my_article_details\"><time datetime=\"2026-04-23\">23.04.2026<\/time> &middot; Ober-Roden &middot; <\/span><a href=\"https:\/\/www.op-online.de\/region\/roedermark\/dank-neuer-aufmachung-der-wumbor-lauf-ist-gerettet-94275178.html\" title=\"Link zum Artikel auf op-online.de\" target=\"_blank\">op-online.de<\/a><\/div>\n  <b><\/b>\n <\/div>\n <\/article>\n<\/div>\n<div class=\"post\" style=\"margin-bottom:40px;\">\n <article>\n <h2><a name=\"9eed220d\" href=\"https:\/\/www.rheinmainverlag.de\/2026\/04\/23\/terminal-3-am-flughafen-frankfurt-mit-grossem-festakt-eroeffnet\/\" rel=\"bookmark\" style=\"color:#333333; font-weight:bold;\" title=\"Link zum Artikel auf rheinmainverlag.de\" target=\"_blank\">Terminal 3 am Flughafen Frankfurt mit gro\u00dfem Festakt er\u00f6ffnet<\/a><\/h2>\n <div class=\"entry\">\n  <p style=\"margin-bottom:4px;\">\n   <a href=\"https:\/\/www.rheinmainverlag.de\/2026\/04\/23\/terminal-3-am-flughafen-frankfurt-mit-grossem-festakt-eroeffnet\/\" target=\"_blank\"><img decoding=\"async\" src=\"\/feeds\/gfx\/rheinmainverlag.de.png\" style=\"align:left !important; float:left !important; margin-top:4px !important; margin-right:8px !important; margin-bottom:4px !important; width:90px !important;\" \/><\/a>   &Uuml;ber 400 geladene G&auml;ste feiern mit Fraport Mit einem feierlichen Festakt und &uuml;ber 400 geladenen G&auml;sten aus Politik, Wirtschaft sowie der Luftfahrtbranche hat die Fraport AG am Mittwoch, 22. April, das hochmoderne Terminal 3 am Flughafen Frankfurt offiziell ...<br clear=\"all\" \/>  <\/p>\n  <div><span class=\"my_article_details\"><time datetime=\"2026-04-23\">23.04.2026<\/time> &middot; <a href=\"\/news\/fluglaerm-offenbach-am-main\" title=\"Flugl\u00e4rm Offenbach am Main\">Flughafen<\/a> &middot; Frankfurt &middot; <\/span><a href=\"https:\/\/www.rheinmainverlag.de\/2026\/04\/23\/terminal-3-am-flughafen-frankfurt-mit-grossem-festakt-eroeffnet\/\" title=\"Link zum Artikel auf rheinmainverlag.de\" target=\"_blank\">rheinmainverlag.de<\/a><\/div>\n  <b><\/b>\n <\/div>\n <\/article>\n<\/div>\n<div class=\"post\" style=\"margin-bottom:40px;\">\n <article>\n <h2><a name=\"e35893dc\" href=\"https:\/\/www.journal-frankfurt.de\/?src=journal_news_einzel&id=45533&from=feed\" rel=\"bookmark\" style=\"color:#333333; font-weight:bold;\" title=\"Link zum Artikel auf journal-frankfurt.de\" target=\"_blank\">Frankfurter Initiativen kritisieren Terminal 3<\/a><\/h2>\n <div class=\"entry\">\n  <p style=\"margin-bottom:4px;\">\n   <a href=\"https:\/\/www.journal-frankfurt.de\/?src=journal_news_einzel&id=45533&from=feed\" target=\"_blank\"><img decoding=\"async\" src=\"https:\/\/www.journal-frankfurt.de\/cache\/images\/news\/q180\/45533.jpg\" style=\"align:left !important; float:left !important; margin-top:4px !important; margin-right:8px !important; margin-bottom:4px !important; width:90px !important;\" \/><\/a>   Das Terminal 3 am Frankfurter Flughafen ist er&ouml;ffnet. Dies wurde mit einem Wochenendevent gefeiert. Nun ger&auml;t die Feier in die Kritik.<br clear=\"all\" \/>  <\/p>\n  <div><span class=\"my_article_details\"><time datetime=\"2026-04-23\">23.04.2026<\/time> &middot; <a href=\"\/news\/fluglaerm-offenbach-am-main\" title=\"Flugl\u00e4rm Offenbach am Main\">Flughafen<\/a> &middot; Frankfurt &middot; <\/span><a href=\"https:\/\/www.journal-frankfurt.de\/?src=journal_news_einzel&id=45533&from=feed\" title=\"Link zum Artikel auf journal-frankfurt.de\" target=\"_blank\">journal-frankfurt.de<\/a><\/div>\n  <b><\/b>\n <\/div>\n <\/article>\n<\/div>\n<div class=\"post\" style=\"margin-bottom:40px;\">\n <article>\n <h2><a name=\"2a64b284\" href=\"https:\/\/www.presseportal.de\/blaulicht\/pm\/43561\/6261364\" rel=\"bookmark\" style=\"color:#333333; font-weight:bold;\" title=\"Link zum Artikel auf presseportal.de\" target=\"_blank\">Polizei Offenbach am Main: Pressemeldungen vom 23.04.2026<\/a><\/h2>\n <div class=\"entry\">\n  <p style=\"margin-bottom:4px;\">\n   <a href=\"https:\/\/www.presseportal.de\/blaulicht\/pm\/43561\/6261364\" target=\"_blank\"><img decoding=\"async\" src=\"\/feeds\/gfx\/POL-OF.jpg\" style=\"align:left !important; float:left !important; margin-top:4px !important; margin-right:8px !important; margin-bottom:4px !important; width:90px !important;\" \/><\/a>   ... <b>10.\tNach Wohnungseinbruch: Polizei sucht weiterhin nach unbekanntem Zeugen - R\u00f6dermark<\/b>   (me) Nach einem Wohnungseinbruch, der sich bereits am Freitag (27. M\u00e4rz) in der Zeit zwischen 17 Uhr und 18.15 Uhr zutrug, sucht die Kriminalpolizei aus Offenbach weiterhin nach Zeugen. Bei der Tat hebelten der oder die Langfinger mit einem bislang unbekannten ...<br clear=\"all\" \/>  <\/p>\n  <div><span class=\"my_article_details\"><time datetime=\"2026-04-23\">23.04.2026<\/time> &middot; <a href=\"\/news\/roedermark-polizeimeldungen\" title=\"Polizeieins\u00e4tze Roedermark\">Polizei<\/a> &middot; <a href=\"\/news\/roedermark-aktuell\" title=\"R\u00f6dermark heute aktuell\">R\u00f6dermark<\/a> &middot; <\/span><a href=\"https:\/\/www.presseportal.de\/blaulicht\/pm\/43561\/6261364\" title=\"Link zum Artikel auf presseportal.de\" target=\"_blank\">presseportal.de<\/a><\/div>\n  <b><\/b>\n <\/div>\n <\/article>\n<\/div>\n<div class=\"post\" style=\"background-color: #e6e6ff; margin-bottom: 40px; padding: 10px;\"><article><a style=\"color: #000000; font-size: 20px; font-weight: normal; text-decoration: underlined;\" href=\"https:\/\/www.ndr.de\/nachrichten\/info\/solarenergie-liefert-erstmals-mehr-strom-als-aus-braunkohle,photovoltaik-124.html\" target=\"_blank\">Solarenergie liefert erstmals mehr Strom als Braunkohle<\/a><\/p><div class=\"entry\"><p style=\"margin-bottom: 4px;\"><a href=\"https:\/\/www.ndr.de\/nachrichten\/info\/solarenergie-liefert-erstmals-mehr-strom-als-aus-braunkohle,photovoltaik-124.html\" target=\"_blank\" rel=\"noopener\"><img decoding=\"async\" style=\"align: left !important; float: left !important; margin-top: 4px !important; margin-right: 8px !important; margin-bottom: 4px !important; width: 90px !important;\" src=\"data:image\/gif;base64,R0lGODlhAQABAIAAAAAAAP\/\/\/yH5BAEAAAAALAAAAAABAAEAAAIBRAA7\" data-src=\"https:\/\/www.heusenstaemmchen.de\/feeds\/gfx\/ndr.de.png\" \/><\/a>Photovoltaik lag vergangenes Jahr zum ersten Mal auf Platz 2 bei der Stromerzeugung in Deutschland &#8211; vor Braunkohle und Erdgas. Insgesamt stieg der Anteil erneuerbarer Energien am Strommix aber nicht.<br clear=\"all\" \/><\/p><div><b>Schon gewusst?<\/b> \u00b7 Regenerative Energien \u00b7 <a title=\"Mehr Details auf ndr.de\" href=\"https:\/\/www.ndr.de\/nachrichten\/info\/solarenergie-liefert-erstmals-mehr-strom-als-aus-braunkohle,photovoltaik-124.html\" target=\"_blank\" rel=\"noopener\">ndr.de<\/a><\/div><\/div><\/article><\/div><div class=\"post\" style=\"margin-bottom:40px;\">\n <article>\n <h2><a name=\"121b5bee\" href=\"https:\/\/www.evo-ag.de\/presse\/pressemitteilungen\/details\/100-vereine-10000-liter-bierspende-fuer-stadt-und-kreis\" rel=\"bookmark\" style=\"color:#333333; font-weight:bold;\" title=\"Link zum Artikel auf evo-ag.de\" target=\"_blank\">100 Vereine, 10.000 Liter: Bierspende f\u00fcr Stadt und Kreis<\/a><\/h2>\n <div class=\"entry\">\n  <p style=\"margin-bottom:4px;\">\n   <a href=\"https:\/\/www.evo-ag.de\/presse\/pressemitteilungen\/details\/100-vereine-10000-liter-bierspende-fuer-stadt-und-kreis\" target=\"_blank\"><img decoding=\"async\" src=\"\/feeds\/gfx\/evo-ag.de.png\" style=\"align:left !important; float:left !important; margin-top:4px !important; margin-right:8px !important; margin-bottom:4px !important; width:90px !important;\" \/><\/a>   Glaabsbr\u00e4u und EVO \u00fcbergeben Bierspende-Gutscheine in Seligenstadt \/ Ehrengast: OFC-Pr\u00e4sident Joachim Wagner<br clear=\"all\" \/>  <\/p>\n  <div><span class=\"my_article_details\"><time datetime=\"2026-04-23\">23.04.2026<\/time> &middot; Energie &middot; <a href=\"\/news\/offenbach-aktuell\" title=\"Offenbach heute aktuell\">Offenbach<\/a> &middot; <\/span><a href=\"https:\/\/www.evo-ag.de\/presse\/pressemitteilungen\/details\/100-vereine-10000-liter-bierspende-fuer-stadt-und-kreis\" title=\"Link zum Artikel auf evo-ag.de\" target=\"_blank\">evo-ag.de<\/a><\/div>\n  <b><\/b>\n <\/div>\n <\/article>\n<\/div>\n<div class=\"post\" style=\"margin-bottom:40px;\">\n <article>\n <h2><a name=\"84982c88\" href=\"https:\/\/www.kreis-offenbach.de\/Service\/Medienservice\/Aktuelle-Pressemitteilungen\/Neue-Wege-in-Arbeit-Wie-der-Kreis-Offenbach-Frauen-gezielt-in-Besch%C3%A4ftigung-bringt.php?object=tx,4013.5.1&ModID=7&FID=4013.3383.1&NavID=4013.211&La=1\" rel=\"bookmark\" style=\"color:#333333; font-weight:bold;\" title=\"Link zum Artikel auf kreis-offenbach.de\" target=\"_blank\">Neue Wege in Arbeit: Wie der Kreis Offenbach Frauen gezielt in Besch\u00e4ftigung bringt<\/a><\/h2>\n <div class=\"entry\">\n  <p style=\"margin-bottom:4px;\">\n   <a href=\"https:\/\/www.kreis-offenbach.de\/Service\/Medienservice\/Aktuelle-Pressemitteilungen\/Neue-Wege-in-Arbeit-Wie-der-Kreis-Offenbach-Frauen-gezielt-in-Besch%C3%A4ftigung-bringt.php?object=tx,4013.5.1&ModID=7&FID=4013.3383.1&NavID=4013.211&La=1\" target=\"_blank\"><img decoding=\"async\" src=\"\/feeds\/gfx\/kreis-offenbach.de.png\" style=\"align:left !important; float:left !important; margin-top:4px !important; margin-right:8px !important; margin-bottom:4px !important; width:90px !important;\" \/><\/a>   Wie k\u00f6nnen bislang ungenutzte Erwerbspotenziale von Frauen st\u00e4rker f\u00fcr den Arbeitsmarkt erschlossen werden &ndash; und damit zur Fachkr\u00e4ftesicherung beitragen? Diese  ...<br clear=\"all\" \/>  <\/p>\n  <div><span class=\"my_article_details\"><time datetime=\"2026-04-23\">23.04.2026<\/time> &middot; <a href=\"\/news\/polizeieinsaetze-offenbach-am-main\" title=\"Polizeieins\u00e4tze Offenbach am Main\">Kreis Offenbach<\/a> &middot; <\/span><a href=\"https:\/\/www.kreis-offenbach.de\/Service\/Medienservice\/Aktuelle-Pressemitteilungen\/Neue-Wege-in-Arbeit-Wie-der-Kreis-Offenbach-Frauen-gezielt-in-Besch%C3%A4ftigung-bringt.php?object=tx,4013.5.1&ModID=7&FID=4013.3383.1&NavID=4013.211&La=1\" title=\"Link zum Artikel auf kreis-offenbach.de\" target=\"_blank\">kreis-offenbach.de<\/a><\/div>\n  <b><\/b>\n <\/div>\n <\/article>\n<\/div>\n<div class=\"post\" style=\"margin-bottom:40px;\">\n <article>\n <h2><a name=\"9c1a830b\" href=\"https:\/\/www.verbraucherzentrale-hessen.de\/node\/119436\" rel=\"bookmark\" style=\"color:#333333; font-weight:bold;\" title=\"Link zum Artikel auf verbraucherzentrale-hessen.de\" target=\"_blank\">Soja im Faktencheck: Mythen, Risiken und Chancen<\/a><\/h2>\n <div class=\"entry\">\n  <p style=\"margin-bottom:4px;\">\n   <a href=\"https:\/\/www.verbraucherzentrale-hessen.de\/node\/119436\" target=\"_blank\"><img decoding=\"async\" src=\"\/feeds\/gfx\/verbraucherzentrale-hessen.de.png\" style=\"align:left !important; float:left !important; margin-top:4px !important; margin-right:8px !important; margin-bottom:4px !important; width:90px !important;\" \/><\/a>   Verbraucherzentralen ordnen Sorgen und Hoffnungen rund um den Verzehr von Soja ein<br clear=\"all\" \/>  <\/p>\n  <div><span class=\"my_article_details\"><time datetime=\"2026-04-23\">23.04.2026<\/time> &middot; Hessen &middot; <\/span><a href=\"https:\/\/www.verbraucherzentrale-hessen.de\/node\/119436\" title=\"Link zum Artikel auf verbraucherzentrale-hessen.de\" target=\"_blank\">verbraucherzentrale-hessen.de<\/a><\/div>\n  <b><\/b>\n <\/div>\n <\/article>\n<\/div>\n<div class=\"post\" style=\"margin-bottom:40px;\">\n <article>\n <h2><a name=\"77742e70\" href=\"https:\/\/www.1730live.de\/2026\/04\/22\/terminal-3-eroeffnet\/\" rel=\"bookmark\" style=\"color:#333333; font-weight:bold;\" title=\"Link zum Artikel auf 1730live.de\" target=\"_blank\">Terminal 3 er\u00f6ffnet<\/a><\/h2>\n <div class=\"entry\">\n  <p style=\"margin-bottom:4px;\">\n   <a href=\"https:\/\/www.1730live.de\/2026\/04\/22\/terminal-3-eroeffnet\/\" target=\"_blank\"><img decoding=\"async\" src=\"\/feeds\/gfx\/1730live.de.png\" style=\"align:left !important; float:left !important; margin-top:4px !important; margin-right:8px !important; margin-bottom:4px !important; width:90px !important;\" \/><\/a>   Heute ist ein gro&szlig;er Tag f&uuml;r den Luftverkehr in Deutschland: Am Frankfurter Flughafen &ouml;ffnet das neue Terminal 3 &#8211; und wir waren nat&uuml;rlich f&uuml;r Sie dabei. Nach vielen Jahren der Planung und des Baus sollen dort k&uuml;nftig Millionen zus&auml;tzlicher Passagiere ...<br clear=\"all\" \/>  <\/p>\n  <div><span class=\"my_article_details\"><time datetime=\"2026-04-22\">22.04.2026<\/time> &middot; <a href=\"\/news\/fluglaerm-offenbach-am-main\" title=\"Flugl\u00e4rm Offenbach am Main\">Flughafen<\/a> &middot; Frankfurt &middot; <\/span><a href=\"https:\/\/www.1730live.de\/2026\/04\/22\/terminal-3-eroeffnet\/\" title=\"Link zum Artikel auf 1730live.de\" target=\"_blank\">1730live.de<\/a><\/div>\n  <b><\/b>\n <\/div>\n <\/article>\n<\/div>\n<div class=\"post\" style=\"margin-bottom:40px;\">\n <article>\n <h2><a name=\"97d06106\" href=\"https:\/\/www.1730live.de\/2026\/04\/22\/der-lange-weg-zum-bau-von-terminal-3\/\" rel=\"bookmark\" style=\"color:#333333; font-weight:bold;\" title=\"Link zum Artikel auf 1730live.de\" target=\"_blank\">Der lange Weg zum Bau von Terminal 3<\/a><\/h2>\n <div class=\"entry\">\n  <p style=\"margin-bottom:4px;\">\n   <a href=\"https:\/\/www.1730live.de\/2026\/04\/22\/der-lange-weg-zum-bau-von-terminal-3\/\" target=\"_blank\"><img decoding=\"async\" src=\"\/feeds\/gfx\/1730live.de.png\" style=\"align:left !important; float:left !important; margin-top:4px !important; margin-right:8px !important; margin-bottom:4px !important; width:90px !important;\" \/><\/a>   Wir werfen einen Blick zur&uuml;ck auf die Entstehung &#8211; auf die Planung und Umsetzung einer Baustelle der Superlative. Der Frankfurter Flughafen, er w&auml;chst weiter. Terminal 3 im S&uuml;den des Airport-Gel&auml;ndes soll den Flughafen f&uuml;r die kommenden Jahrzehnte fit ...<br clear=\"all\" \/>  <\/p>\n  <div><span class=\"my_article_details\"><time datetime=\"2026-04-22\">22.04.2026<\/time> &middot; <a href=\"\/news\/fluglaerm-offenbach-am-main\" title=\"Flugl\u00e4rm Offenbach am Main\">Flughafen<\/a> &middot; Frankfurt &middot; <\/span><a href=\"https:\/\/www.1730live.de\/2026\/04\/22\/der-lange-weg-zum-bau-von-terminal-3\/\" title=\"Link zum Artikel auf 1730live.de\" target=\"_blank\">1730live.de<\/a><\/div>\n  <b><\/b>\n <\/div>\n <\/article>\n<\/div>\n<div class=\"post\" style=\"margin-bottom:40px;\">\n <article>\n <h2><a name=\"0526de37\" href=\"https:\/\/www.1730live.de\/2026\/04\/22\/schaltgespraech-mit-fraport-chef-stefan-schulte\/\" rel=\"bookmark\" style=\"color:#333333; font-weight:bold;\" title=\"Link zum Artikel auf 1730live.de\" target=\"_blank\">Schaltgespr\u00e4ch mit Fraport-Chef Stefan Schulte<\/a><\/h2>\n <div class=\"entry\">\n  <p style=\"margin-bottom:4px;\">\n   <a href=\"https:\/\/www.1730live.de\/2026\/04\/22\/schaltgespraech-mit-fraport-chef-stefan-schulte\/\" target=\"_blank\"><img decoding=\"async\" src=\"\/feeds\/gfx\/1730live.de.png\" style=\"align:left !important; float:left !important; margin-top:4px !important; margin-right:8px !important; margin-bottom:4px !important; width:90px !important;\" \/><\/a>   Eva Dieterle spricht mit ihm &uuml;ber die Herausforderungen der Mega-Baustelle, die Vorteile f&uuml;r Passagiere und ob der Bau eines dritten Terminals wirklich sinnvoll war. Eva Dieterle, Moderatorin: Guten Tag. Stefan Schulte, Vorstandsvorsitzender Fraport: Guten ...<br clear=\"all\" \/>  <\/p>\n  <div><span class=\"my_article_details\"><time datetime=\"2026-04-22\">22.04.2026<\/time> &middot; <a href=\"\/news\/fluglaerm-offenbach-am-main\" title=\"Flugl\u00e4rm Offenbach am Main\">Flughafen<\/a> &middot; Frankfurt &middot; <\/span><a href=\"https:\/\/www.1730live.de\/2026\/04\/22\/schaltgespraech-mit-fraport-chef-stefan-schulte\/\" title=\"Link zum Artikel auf 1730live.de\" target=\"_blank\">1730live.de<\/a><\/div>\n  <b><\/b>\n <\/div>\n <\/article>\n<\/div>\n<div class=\"post\" style=\"margin-bottom:40px;\">\n <article>\n <h2><a name=\"50458923\" href=\"https:\/\/www.adfc-roedermark.de\/cms_select.php?ID=785\" rel=\"bookmark\" style=\"color:#333333; font-weight:bold;\" title=\"Link zum Artikel auf adfc-roedermark.de\" target=\"_blank\">Radfahren: ++ Fahrradbasar OF ++ 26.April 2026 ++<\/a><\/h2>\n <div class=\"entry\">\n  <p style=\"margin-bottom:4px;\">\n   <a href=\"https:\/\/www.adfc-roedermark.de\/cms_select.php?ID=785\" target=\"_blank\"><img decoding=\"async\" src=\"\/feeds\/gfx\/adfc-roedermark.de.gif\" style=\"align:left !important; float:left !important; margin-top:4px !important; margin-right:8px !important; margin-bottom:4px !important; width:90px !important;\" \/><\/a>   Es ist wieder soweit: der n&auml;chste Fahrradbasar steht an, unsere im Jahr 2023 erstmals verwendete Online-Applikation zur Anmeldung hat sich mittlerweile etabliert und vieles vereinfacht, die Anwenderfreundlichkeit wurde weiter verbessert. Durch die optionale ...<br clear=\"all\" \/>  <\/p>\n  <div><span class=\"my_article_details\"><time datetime=\"2026-04-22\">22.04.2026<\/time> &middot; <a href=\"\/news\/roedermark-nachrichten\" title=\"Roedermark Nachrichten\">News<\/a> &middot; <a href=\"\/news\/roedermark-aktuell\" title=\"R\u00f6dermark heute aktuell\">R\u00f6dermark<\/a> &middot; <\/span><a href=\"https:\/\/www.adfc-roedermark.de\/cms_select.php?ID=785\" title=\"Link zum Artikel auf adfc-roedermark.de\" target=\"_blank\">adfc-roedermark.de<\/a><\/div>\n  <b><\/b>\n <\/div>\n <\/article>\n<\/div>\n<div class=\"post\" style=\"margin-bottom:40px;\">\n <article>\n <h2><a name=\"6f02a782\" href=\"https:\/\/www.tagesschau.de\/wirtschaft\/unternehmen\/terminal-3-frankfurt-flughafen-100.html\" rel=\"bookmark\" style=\"color:#333333; font-weight:bold;\" title=\"Link zum Artikel auf tagesschau.de\" target=\"_blank\">Was das neue Terminal 3 f\u00fcr den Frankfurter Flughafen bedeutet<\/a><\/h2>\n <div class=\"entry\">\n  <p style=\"margin-bottom:4px;\">\n   <a href=\"https:\/\/www.tagesschau.de\/wirtschaft\/unternehmen\/terminal-3-frankfurt-flughafen-100.html\" target=\"_blank\"><img decoding=\"async\" src=\"\/feeds\/gfx\/tagesschau.de.png\" style=\"align:left !important; float:left !important; margin-top:4px !important; margin-right:8px !important; margin-bottom:4px !important; width:90px !important;\" \/><\/a>   Bis zu 19 Millionen Passagiere j&auml;hrlich sollen hier abgefertigt werden: Mit dem neuen Terminal setzt der Frankfurter Flughafen auf Expansion. Warum bei der Er&ouml;ffnung aber nicht allen zum Feiern zumute ist, erkl&auml;rt Ingo Nathusius . ...<br clear=\"all\" \/>  <\/p>\n  <div><span class=\"my_article_details\"><time datetime=\"2026-04-22\">22.04.2026<\/time> &middot; <a href=\"\/news\/fluglaerm-offenbach-am-main\" title=\"Flugl\u00e4rm Offenbach am Main\">Flughafen<\/a> &middot; Frankfurt &middot; <\/span><a href=\"https:\/\/www.tagesschau.de\/wirtschaft\/unternehmen\/terminal-3-frankfurt-flughafen-100.html\" title=\"Link zum Artikel auf tagesschau.de\" target=\"_blank\">tagesschau.de<\/a><\/div>\n  <b><\/b>\n <\/div>\n <\/article>\n<\/div>\n<div class=\"post\" style=\"margin-bottom:40px;\">\n <article>\n <h2><a name=\"4d9add05\" href=\"https:\/\/www.hessenschau.de\/wirtschaft\/frankfurter-flughafen-neues-passagier-terminal-3-feierlich-eroeffnet-v1,terminal3-eroeffnung-100.html\" rel=\"bookmark\" style=\"color:#333333; font-weight:bold;\" title=\"Link zum Artikel auf hessenschau.de\" target=\"_blank\">Frankfurter Flughafen: Neues Passagier-Terminal 3 feierlich er\u00f6ffnet<\/a><\/h2>\n <div class=\"entry\">\n  <p style=\"margin-bottom:4px;\">\n   <a href=\"https:\/\/www.hessenschau.de\/wirtschaft\/frankfurter-flughafen-neues-passagier-terminal-3-feierlich-eroeffnet-v1,terminal3-eroeffnung-100.html\" target=\"_blank\"><img decoding=\"async\" src=\"https:\/\/www.hessenschau.de\/wirtschaft\/terminal3-100~_t-1776855510609_v-16to9.jpg\" style=\"align:left !important; float:left !important; margin-top:4px !important; margin-right:8px !important; margin-bottom:4px !important; width:90px !important;\" \/><\/a>   Am Frankfurter Flughafen ist das Terminal 3 mit einem Festakt er&ouml;ffnet worden. Es ist f&uuml;r die Abfertigung von rund 19 Millionen Passagieren im Jahr ausgelegt - Erweiterung m&ouml;glich. ...<br clear=\"all\" \/>  <\/p>\n  <div><span class=\"my_article_details\"><time datetime=\"2026-04-22\">22.04.2026<\/time> &middot; <a href=\"\/news\/fluglaerm-offenbach-am-main\" title=\"Flugl\u00e4rm Offenbach am Main\">Flughafen<\/a> &middot; Frankfurt &middot; <\/span><a href=\"https:\/\/www.hessenschau.de\/wirtschaft\/frankfurter-flughafen-neues-passagier-terminal-3-feierlich-eroeffnet-v1,terminal3-eroeffnung-100.html\" title=\"Link zum Artikel auf hessenschau.de\" target=\"_blank\">hessenschau.de<\/a><\/div>\n  <b><\/b>\n <\/div>\n <\/article>\n<\/div>\n<div class=\"post\" style=\"margin-bottom:40px;\">\n <article>\n <h2><a name=\"41785486\" href=\"https:\/\/www.hessenschau.de\/panorama\/grossuebung-mit-400-fahrzeugen-bis-sonntag-rollen-panzer-durch-hessen-v3,bundeswehr-kolonne-hethex-100.html\" rel=\"bookmark\" style=\"color:#333333; font-weight:bold;\" title=\"Link zum Artikel auf hessenschau.de\" target=\"_blank\">Gro\u00df\u00fcbung mit 400 Fahrzeugen: Bis Sonntag rollen Panzer durch Hessen<\/a><\/h2>\n <div class=\"entry\">\n  <p style=\"margin-bottom:4px;\">\n   <a href=\"https:\/\/www.hessenschau.de\/panorama\/grossuebung-mit-400-fahrzeugen-bis-sonntag-rollen-panzer-durch-hessen-v3,bundeswehr-kolonne-hethex-100.html\" target=\"_blank\"><img decoding=\"async\" src=\"https:\/\/www.hessenschau.de\/panorama\/dpa-bundeswehr-kolonne-100~_t-1776795735894_v-16to9.jpg\" style=\"align:left !important; float:left !important; margin-top:4px !important; margin-right:8px !important; margin-bottom:4px !important; width:90px !important;\" \/><\/a>   Ab heute bis Sonntag sind zahlreiche Milit&auml;rkonvois auf hessischen Autobahnen unterwegs. Die Bundeswehr &uuml;bt den Ernstfall, f&uuml;r alle anderen Verkehrsteilnehmer gibt es klare Regeln. ...<br clear=\"all\" \/>  <\/p>\n  <div><span class=\"my_article_details\"><time datetime=\"2026-04-22\">22.04.2026<\/time> &middot; Hessen &middot; Regeln &middot; <\/span><a href=\"https:\/\/www.hessenschau.de\/panorama\/grossuebung-mit-400-fahrzeugen-bis-sonntag-rollen-panzer-durch-hessen-v3,bundeswehr-kolonne-hethex-100.html\" title=\"Link zum Artikel auf hessenschau.de\" target=\"_blank\">hessenschau.de<\/a><\/div>\n  <b><\/b>\n <\/div>\n <\/article>\n<\/div>\n<div class=\"post\" style=\"margin-bottom:40px;\">\n <article>\n <h2><a name=\"fdb16fc2\" href=\"https:\/\/www.offenbach.de\/presse\/pressemeldungen\/pressemeldungen-april\/pressemeldungen-KW17\/kjk-school-off-rock22.04.2026.php\" rel=\"bookmark\" style=\"color:#333333; font-weight:bold;\" title=\"Link zum Artikel auf offenbach.de\" target=\"_blank\">School off Rock: Sch\u00fclerBandFestival am Samstag<\/a><\/h2>\n <div class=\"entry\">\n  <p style=\"margin-bottom:4px;\">\n   <a href=\"https:\/\/www.offenbach.de\/presse\/pressemeldungen\/pressemeldungen-april\/pressemeldungen-KW17\/kjk-school-off-rock22.04.2026.php\" target=\"_blank\"><img decoding=\"async\" src=\"\/feeds\/gfx\/offenbach.de.png\" style=\"align:left !important; float:left !important; margin-top:4px !important; margin-right:8px !important; margin-bottom:4px !important; width:90px !important;\" \/><\/a>   <i>F\u00fcr diese Meldung existiert leider kein kurzer Auszug.<\/i><br clear=\"all\" \/>  <\/p>\n  <div><span class=\"my_article_details\"><time datetime=\"2026-04-22\">22.04.2026<\/time> &middot; Festival &middot; <a href=\"\/news\/offenbach-aktuell\" title=\"Offenbach heute aktuell\">Offenbach<\/a> &middot; <\/span><a href=\"https:\/\/www.offenbach.de\/presse\/pressemeldungen\/pressemeldungen-april\/pressemeldungen-KW17\/kjk-school-off-rock22.04.2026.php\" title=\"Link zum Artikel auf offenbach.de\" target=\"_blank\">offenbach.de<\/a><\/div>\n  <b><\/b>\n <\/div>\n <\/article>\n<\/div>\n<div class=\"post\" style=\"margin-bottom:40px;\">\n <article>\n <h2><a name=\"eb1ee8f6\" href=\"https:\/\/www.kreis-offenbach.de\/Service\/Medienservice\/Aktuelle-Pressemitteilungen\/-Landrat-vor-Ort-in-Obertshausen.php?object=tx,4013.5.1&ModID=7&FID=4013.3380.1&NavID=4013.211&La=1\" rel=\"bookmark\" style=\"color:#333333; font-weight:bold;\" title=\"Link zum Artikel auf kreis-offenbach.de\" target=\"_blank\">&bdquo;Landrat vor Ort&ldquo; in Obertshausen<\/a><\/h2>\n <div class=\"entry\">\n  <p style=\"margin-bottom:4px;\">\n   <a href=\"https:\/\/www.kreis-offenbach.de\/Service\/Medienservice\/Aktuelle-Pressemitteilungen\/-Landrat-vor-Ort-in-Obertshausen.php?object=tx,4013.5.1&ModID=7&FID=4013.3380.1&NavID=4013.211&La=1\" target=\"_blank\"><img decoding=\"async\" src=\"\/feeds\/gfx\/kreis-offenbach.de.png\" style=\"align:left !important; float:left !important; margin-top:4px !important; margin-right:8px !important; margin-bottom:4px !important; width:90px !important;\" \/><\/a>   Die Begegnungen und der Dialog mit den Menschen sind f\u00fcr Landrat Oliver Quilling besonders wichtig. Mit ihm ins Gespr\u00e4ch kommen  ...<br clear=\"all\" \/>  <\/p>\n  <div><span class=\"my_article_details\"><time datetime=\"2026-04-22\">22.04.2026<\/time> &middot; <a href=\"\/news\/polizeieinsaetze-offenbach-am-main\" title=\"Polizeieins\u00e4tze Offenbach am Main\">Kreis Offenbach<\/a> &middot; <\/span><a href=\"https:\/\/www.kreis-offenbach.de\/Service\/Medienservice\/Aktuelle-Pressemitteilungen\/-Landrat-vor-Ort-in-Obertshausen.php?object=tx,4013.5.1&ModID=7&FID=4013.3380.1&NavID=4013.211&La=1\" title=\"Link zum Artikel auf kreis-offenbach.de\" target=\"_blank\">kreis-offenbach.de<\/a><\/div>\n  <b><\/b>\n <\/div>\n <\/article>\n<\/div>\n<div class=\"post\" style=\"margin-bottom:40px;\">\n <article>\n <h2><a name=\"ac6342b6\" href=\"https:\/\/www.fr.de\/rhein-main\/offenbach\/beliebtes-freizeitbad-in-rhein-main-bekommt-upgrade-94272571.html\" rel=\"bookmark\" style=\"color:#333333; font-weight:bold;\" title=\"Link zum Artikel auf fr.de\" target=\"_blank\">Spatenstich erfolgt: Beliebtes Freizeitbad in Rhein-Main bekommt Upgrade<\/a><\/h2>\n <div class=\"entry\">\n  <p style=\"margin-bottom:4px;\">\n   <a href=\"https:\/\/www.fr.de\/rhein-main\/offenbach\/beliebtes-freizeitbad-in-rhein-main-bekommt-upgrade-94272571.html\" target=\"_blank\"><img decoding=\"async\" src=\"https:\/\/www.fr.de\/assets\/images\/42\/278\/42278607-symbolischer-spatenstich-fuer-die-freiflaeche-des-monte-mare-bades-fuenfter-von-links-obertshausens-buergermeister-manuel-friedrich-2x01.jpg\" style=\"align:left !important; float:left !important; margin-top:4px !important; margin-right:8px !important; margin-bottom:4px !important; width:90px !important;\" \/><\/a>   2027 soll die neue Au&szlig;enfl&auml;che am Monte-Mare-Freizeitbad in Obertshausen (Kreis Offenbach) er&ouml;ffnet werden. F&uuml;r die Anlage war jetzt Spatenstich.<br clear=\"all\" \/>  <\/p>\n  <div><span class=\"my_article_details\"><time datetime=\"2026-04-21\">21.04.2026<\/time> &middot; <a href=\"\/news\/polizeieinsaetze-offenbach-am-main\" title=\"Polizeieins\u00e4tze Offenbach am Main\">Kreis Offenbach<\/a> &middot; <\/span><a href=\"https:\/\/www.fr.de\/rhein-main\/offenbach\/beliebtes-freizeitbad-in-rhein-main-bekommt-upgrade-94272571.html\" title=\"Link zum Artikel auf fr.de\" target=\"_blank\">fr.de<\/a><\/div>\n  <b><\/b>\n <\/div>\n <\/article>\n<\/div>\n<div class=\"post\" style=\"margin-bottom:40px;\">\n <article>\n <h2><a name=\"56a898f8\" href=\"https:\/\/www.fr.de\/rhein-main\/a3-im-kreis-offenbach-drei-naechte-dicht-a45-umleitung-richtung-hanau-94272242.html\" rel=\"bookmark\" style=\"color:#333333; font-weight:bold;\" title=\"Link zum Artikel auf fr.de\" target=\"_blank\">A3 in Rhein-Main drei N\u00e4chte dicht \u2013 A45-Umleitung Richtung Hanau<\/a><\/h2>\n <div class=\"entry\">\n  <p style=\"margin-bottom:4px;\">\n   <a href=\"https:\/\/www.fr.de\/rhein-main\/a3-im-kreis-offenbach-drei-naechte-dicht-a45-umleitung-richtung-hanau-94272242.html\" target=\"_blank\"><img decoding=\"async\" src=\"https:\/\/www.fr.de\/assets\/images\/42\/4\/42004618-autobahn-a5-frankfurter-kreuz-2N01.jpg\" style=\"align:left !important; float:left !important; margin-top:4px !important; margin-right:8px !important; margin-bottom:4px !important; width:90px !important;\" \/><\/a>   Die A3-Anschlussstelle Hanau wird Montag, Dienstag und Donnerstag nachts gesperrt. Umleitungen sind ab Seligenstadt (Kreis Offenbach) ausgeschildert.<br clear=\"all\" \/>  <\/p>\n  <div><span class=\"my_article_details\"><time datetime=\"2026-04-21\">21.04.2026<\/time> &middot; <a href=\"\/news\/polizeieinsaetze-offenbach-am-main\" title=\"Polizeieins\u00e4tze Offenbach am Main\">Kreis Offenbach<\/a> &middot; <\/span><a href=\"https:\/\/www.fr.de\/rhein-main\/a3-im-kreis-offenbach-drei-naechte-dicht-a45-umleitung-richtung-hanau-94272242.html\" title=\"Link zum Artikel auf fr.de\" target=\"_blank\">fr.de<\/a><\/div>\n  <b><\/b>\n <\/div>\n <\/article>\n<\/div>\n<div class=\"post\" style=\"margin-bottom:40px;\">\n <article>\n <h2><a name=\"9ec7a83a\" href=\"https:\/\/al-gruene.de\/verantwortung-in-schwieriger-zeit\/\" rel=\"bookmark\" style=\"color:#333333; font-weight:bold;\" title=\"Link zum Artikel auf roedermarkpartei.de\" target=\"_blank\">\u201eVerantwortung in schwieriger Zeit!\u201c<\/a><\/h2>\n <div class=\"entry\">\n  <p style=\"margin-bottom:4px;\">\n   <a href=\"https:\/\/al-gruene.de\/verantwortung-in-schwieriger-zeit\/\" target=\"_blank\"><img decoding=\"async\" src=\"\/feeds\/gfx\/roedermarkpartei.de.png\" style=\"align:left !important; float:left !important; margin-top:4px !important; margin-right:8px !important; margin-bottom:4px !important; width:90px !important;\" \/><\/a>   Mit den Ergebnissen und Auswirkungen der Kommunalwahl vom 15. M&auml;rz befasste sich die Mitgliederversammlung der Anderen Liste\/Die Gr&uuml;nen R&ouml;dermark (AL) in der vollbesetzten Martinsstube des Forums St. Nazarius am Mittwoch letzter Woche. Angesichts des Verlustes ...<br clear=\"all\" \/>  <\/p>\n  <div><span class=\"my_article_details\"><time datetime=\"2026-04-21\">21.04.2026<\/time> &middot; <a href=\"\/news\/roedermark-nachrichten\" title=\"Roedermark Nachrichten\">News<\/a> &middot; <a href=\"\/news\/roedermark-aktuell\" title=\"R\u00f6dermark heute aktuell\">R\u00f6dermark<\/a> &middot; <\/span><a href=\"https:\/\/al-gruene.de\/verantwortung-in-schwieriger-zeit\/\" title=\"Link zum Artikel auf roedermarkpartei.de\" target=\"_blank\">roedermarkpartei.de<\/a><\/div>\n  <b><\/b>\n <\/div>\n <\/article>\n<\/div>\n<div class=\"post\" style=\"margin-bottom:40px;\">\n <article>\n <h2><a name=\"e41b22dc\" href=\"https:\/\/www.kreis-offenbach.de\/Service\/Medienservice\/Aktuelle-Pressemitteilungen\/Junger-KUSS-startet-Anmeldephase.php?object=tx,4013.5.1&ModID=7&FID=4013.3370.1&NavID=4013.211&La=1\" rel=\"bookmark\" style=\"color:#333333; font-weight:bold;\" title=\"Link zum Artikel auf kreis-offenbach.de\" target=\"_blank\">Junger KUSS startet Anmeldephase<\/a><\/h2>\n <div class=\"entry\">\n  <p style=\"margin-bottom:4px;\">\n   <a href=\"https:\/\/www.kreis-offenbach.de\/Service\/Medienservice\/Aktuelle-Pressemitteilungen\/Junger-KUSS-startet-Anmeldephase.php?object=tx,4013.5.1&ModID=7&FID=4013.3370.1&NavID=4013.211&La=1\" target=\"_blank\"><img decoding=\"async\" src=\"\/feeds\/gfx\/kreis-offenbach.de.png\" style=\"align:left !important; float:left !important; margin-top:4px !important; margin-right:8px !important; margin-bottom:4px !important; width:90px !important;\" \/><\/a>   Mit dem neuen Programmheft ist der Junge Kultursommer 2026 im Kreis Offenbach gestartet. Schulen, Klassen und Gruppen k\u00f6nnen sich ab sofort  ...<br clear=\"all\" \/>  <\/p>\n  <div><span class=\"my_article_details\"><time datetime=\"2026-04-21\">21.04.2026<\/time> &middot; <a href=\"\/news\/polizeieinsaetze-offenbach-am-main\" title=\"Polizeieins\u00e4tze Offenbach am Main\">Kreis Offenbach<\/a> &middot; <\/span><a href=\"https:\/\/www.kreis-offenbach.de\/Service\/Medienservice\/Aktuelle-Pressemitteilungen\/Junger-KUSS-startet-Anmeldephase.php?object=tx,4013.5.1&ModID=7&FID=4013.3370.1&NavID=4013.211&La=1\" title=\"Link zum Artikel auf kreis-offenbach.de\" target=\"_blank\">kreis-offenbach.de<\/a><\/div>\n  <b><\/b>\n <\/div>\n <\/article>\n<\/div>\n<div class=\"post\" style=\"margin-bottom:40px;\">\n <article>\n <h2><a name=\"6888abd1\" href=\"https:\/\/www.op-online.de\/region\/roedermark\/4falt-verbindet-cafe-interior-und-taschen-zu-einer-kreativwerkstatt-94270637.html\" rel=\"bookmark\" style=\"color:#333333; font-weight:bold;\" title=\"Link zum Artikel auf op-online.de\" target=\"_blank\">Kreativwerkstatt \u201e4falt\u201c bringt Caf\u00e9, Design und Handwerk unter ein Dach<\/a><\/h2>\n <div class=\"entry\">\n  <p style=\"margin-bottom:4px;\">\n   <a href=\"https:\/\/www.op-online.de\/region\/roedermark\/4falt-verbindet-cafe-interior-und-taschen-zu-einer-kreativwerkstatt-94270637.html\" target=\"_blank\"><img decoding=\"async\" src=\"https:\/\/www.op-online.de\/assets\/images\/42\/276\/42276554-4falt-wurde-2018-eroeffnet-der-grosse-laden-bietet-reichlich-auswahl-4001.jpg\" style=\"align:left !important; float:left !important; margin-top:4px !important; margin-right:8px !important; margin-bottom:4px !important; width:90px !important;\" \/><\/a>   Das Familienunternehmen \u201e4falt&quot; in Ober-Roden bietet seit acht Jahren eine ungew&ouml;hnliche Kombination. Personalisierbare Produkte werden vor Ort gefertigt.<br clear=\"all\" \/>  <\/p>\n  <div><span class=\"my_article_details\"><time datetime=\"2026-04-21\">21.04.2026<\/time> &middot; Ober-Roden &middot; <\/span><a href=\"https:\/\/www.op-online.de\/region\/roedermark\/4falt-verbindet-cafe-interior-und-taschen-zu-einer-kreativwerkstatt-94270637.html\" title=\"Link zum Artikel auf op-online.de\" target=\"_blank\">op-online.de<\/a><\/div>\n  <b><\/b>\n <\/div>\n <\/article>\n<\/div>\n<div class=\"post\" style=\"margin-bottom:40px;\">\n <article>\n <h2><a name=\"1cbdd78e\" href=\"https:\/\/www.verbraucherzentrale-hessen.de\/node\/119236\" rel=\"bookmark\" style=\"color:#333333; font-weight:bold;\" title=\"Link zum Artikel auf verbraucherzentrale-hessen.de\" target=\"_blank\">Verbraucherzentrale: Schule vorbei und durchstarten<\/a><\/h2>\n <div class=\"entry\">\n  <p style=\"margin-bottom:4px;\">\n   <a href=\"https:\/\/www.verbraucherzentrale-hessen.de\/node\/119236\" target=\"_blank\"><img decoding=\"async\" src=\"\/feeds\/gfx\/verbraucherzentrale-hessen.de.png\" style=\"align:left !important; float:left !important; margin-top:4px !important; margin-right:8px !important; margin-bottom:4px !important; width:90px !important;\" \/><\/a>   Die Fokuswoche Ziele der Verbraucherzentralen bietet vom 18. bis zum 21. Mai 2026 kostenlose Online-Vortr&auml;ge<br clear=\"all\" \/>  <\/p>\n  <div><span class=\"my_article_details\"><time datetime=\"2026-04-21\">21.04.2026<\/time> &middot; Hessen &middot; <\/span><a href=\"https:\/\/www.verbraucherzentrale-hessen.de\/node\/119236\" title=\"Link zum Artikel auf verbraucherzentrale-hessen.de\" target=\"_blank\">verbraucherzentrale-hessen.de<\/a><\/div>\n  <b><\/b>\n <\/div>\n <\/article>\n<\/div>\n<div class=\"post\" style=\"margin-bottom:40px;\">\n <article>\n <h2><a name=\"02a98810\" href=\"https:\/\/www.hessenschau.de\/wirtschaft\/terminal-3-startet-was-sich-fuer-reisende-am-flughafen-frankfurt-aendert-v2,terminal-3-fragen-antworten-100.html\" rel=\"bookmark\" style=\"color:#333333; font-weight:bold;\" title=\"Link zum Artikel auf hessenschau.de\" target=\"_blank\">Terminal 3 startet: Was sich f\u00fcr Reisende am Flughafen Frankfurt \u00e4ndert<\/a><\/h2>\n <div class=\"entry\">\n  <p style=\"margin-bottom:4px;\">\n   <a href=\"https:\/\/www.hessenschau.de\/wirtschaft\/terminal-3-startet-was-sich-fuer-reisende-am-flughafen-frankfurt-aendert-v2,terminal-3-fragen-antworten-100.html\" target=\"_blank\"><img decoding=\"async\" src=\"https:\/\/www.hessenschau.de\/wirtschaft\/terminal3_-102~_t-1776182860000_v-16to9.jpg\" style=\"align:left !important; float:left !important; margin-top:4px !important; margin-right:8px !important; margin-bottom:4px !important; width:90px !important;\" \/><\/a>   Welche Airlines starten wo? Wie klappt der Umstieg? Und was gilt bei der Sicherheitskontrolle? Das neue Terminal 3 am Frankfurter Flughafen bringt viele &Auml;nderungen \u2013 die wichtigsten Antworten im &Uuml;berblick. ...<br clear=\"all\" \/>  <\/p>\n  <div><span class=\"my_article_details\"><time datetime=\"2026-04-20\">20.04.2026<\/time> &middot; <a href=\"\/news\/fluglaerm-offenbach-am-main\" title=\"Flugl\u00e4rm Offenbach am Main\">Flughafen<\/a> &middot; Frankfurt &middot; <\/span><a href=\"https:\/\/www.hessenschau.de\/wirtschaft\/terminal-3-startet-was-sich-fuer-reisende-am-flughafen-frankfurt-aendert-v2,terminal-3-fragen-antworten-100.html\" title=\"Link zum Artikel auf hessenschau.de\" target=\"_blank\">hessenschau.de<\/a><\/div>\n  <b><\/b>\n <\/div>\n <\/article>\n<\/div>\n<div class=\"post\" style=\"margin-bottom:40px;\">\n <article>\n <h2><a name=\"ae0bf0fa\" href=\"https:\/\/www.op-online.de\/hessen\/fruehsommer-wetter-ueber-hessen-zieht-sich-zurueck-doch-bald-kommt-tag-mit-13-stunden-sonne-94269725.html\" rel=\"bookmark\" style=\"color:#333333; font-weight:bold;\" title=\"Link zum Artikel auf op-online.de\" target=\"_blank\">Fr\u00fchsommer-Wetter \u00fcber Offenbach zieht sich zur\u00fcck \u2013 doch bald kommt Tag mit 13 Stunden Sonne<\/a><\/h2>\n <div class=\"entry\">\n  <p style=\"margin-bottom:4px;\">\n   <a href=\"https:\/\/www.op-online.de\/hessen\/fruehsommer-wetter-ueber-hessen-zieht-sich-zurueck-doch-bald-kommt-tag-mit-13-stunden-sonne-94269725.html\" target=\"_blank\"><img decoding=\"async\" src=\"https:\/\/www.op-online.de\/assets\/images\/42\/272\/42272584-partie-schach-im-sonnenschein-in-offenbach-3F01.jpg\" style=\"align:left !important; float:left !important; margin-top:4px !important; margin-right:8px !important; margin-bottom:4px !important; width:90px !important;\" \/><\/a>   Am Wochenende wurde es pl&ouml;tzlich wieder kalt in S&uuml;dosthessen. Doch die neue Woche verspricht mindestens zwei sch&ouml;ne Tage f&uuml;r alle, die die Sonne lieben.<br clear=\"all\" \/>  <\/p>\n  <div><span class=\"my_article_details\"><time datetime=\"2026-04-20\">20.04.2026<\/time> &middot; <a href=\"\/news\/offenbach-aktuell\" title=\"Offenbach heute aktuell\">Offenbach<\/a> &middot; Wetter &middot; <\/span><a href=\"https:\/\/www.op-online.de\/hessen\/fruehsommer-wetter-ueber-hessen-zieht-sich-zurueck-doch-bald-kommt-tag-mit-13-stunden-sonne-94269725.html\" title=\"Link zum Artikel auf op-online.de\" target=\"_blank\">op-online.de<\/a><\/div>\n  <b><\/b>\n <\/div>\n <\/article>\n<\/div>\n<div class=\"post\" style=\"margin-bottom:40px;\">\n <article>\n <h2><a name=\"3dc36653\" href=\"https:\/\/www.tcwaldacker.de\/tcw-lk-turnier-21-waldacker-jugend-lk-cup\/\" rel=\"bookmark\" style=\"color:#333333; font-weight:bold;\" title=\"Link zum Artikel auf tcwaldacker.de\" target=\"_blank\">TCW LK-Turnier \u2013 21. Waldacker Jugend LK-Cup<\/a><\/h2>\n <div class=\"entry\">\n  <p style=\"margin-bottom:4px;\">\n   <a href=\"https:\/\/www.tcwaldacker.de\/tcw-lk-turnier-21-waldacker-jugend-lk-cup\/\" target=\"_blank\"><img decoding=\"async\" src=\"\/feeds\/gfx\/tcwaldacker.de.png\" style=\"align:left !important; float:left !important; margin-top:4px !important; margin-right:8px !important; margin-bottom:4px !important; width:90px !important;\" \/><\/a>   <i>F\u00fcr diese Meldung existiert leider kein kurzer Auszug.<\/i><br clear=\"all\" \/>  <\/p>\n  <div><span class=\"my_article_details\"><time datetime=\"2026-04-20\">20.04.2026<\/time> &middot; Waldacker &middot; <\/span><a href=\"https:\/\/www.tcwaldacker.de\/tcw-lk-turnier-21-waldacker-jugend-lk-cup\/\" title=\"Link zum Artikel auf tcwaldacker.de\" target=\"_blank\">tcwaldacker.de<\/a><\/div>\n  <b><\/b>\n <\/div>\n <\/article>\n<\/div>\n<div class=\"post\" style=\"margin-bottom:40px;\">\n <article>\n <h2><a name=\"04465993\" href=\"https:\/\/www.op-online.de\/region\/roedermark\/vladislav-praznik-zeigt-roboterarm-auf-der-hannover-messe-94268914.html\" rel=\"bookmark\" style=\"color:#333333; font-weight:bold;\" title=\"Link zum Artikel auf op-online.de\" target=\"_blank\">Vladislav Praznik zeigt Roboterarm auf der Hannover Messe<\/a><\/h2>\n <div class=\"entry\">\n  <p style=\"margin-bottom:4px;\">\n   <a href=\"https:\/\/www.op-online.de\/region\/roedermark\/vladislav-praznik-zeigt-roboterarm-auf-der-hannover-messe-94268914.html\" target=\"_blank\"><img decoding=\"async\" src=\"https:\/\/www.op-online.de\/assets\/images\/42\/250\/42250525-bewegung-und-gefuehl-aus-der-ferne-vladislav-praznik-zeigt-wie-sein-roboterarm-menschliche-handbewegungen-in-echtzeit-nachahmt-2n01.jpg\" style=\"align:left !important; float:left !important; margin-top:4px !important; margin-right:8px !important; margin-bottom:4px !important; width:90px !important;\" \/><\/a>   Der Student aus R&ouml;dermark pr&auml;sentiert seine Erfindung am Stand des Bundesforschungsministeriums. Sein System erm&ouml;glicht die Steuerung per Smartphone.<br clear=\"all\" \/>  <\/p>\n  <div><span class=\"my_article_details\"><time datetime=\"2026-04-20\">20.04.2026<\/time> &middot; <a href=\"\/news\/roedermark-nachrichten\" title=\"Roedermark Nachrichten\">News<\/a> &middot; <a href=\"\/news\/roedermark-aktuell\" title=\"R\u00f6dermark heute aktuell\">R\u00f6dermark<\/a> &middot; <\/span><a href=\"https:\/\/www.op-online.de\/region\/roedermark\/vladislav-praznik-zeigt-roboterarm-auf-der-hannover-messe-94268914.html\" title=\"Link zum Artikel auf op-online.de\" target=\"_blank\">op-online.de<\/a><\/div>\n  <b><\/b>\n <\/div>\n <\/article>\n<\/div>\n<div class=\"post\" style=\"margin-bottom:40px;\">\n <article>\n <h2><a name=\"ad126ff8\" href=\"https:\/\/germania-ober-roden.de\/bockstarke-leistung-im-spitzenspiel-germania-erringt-naechsten-auswaertssieg\/\" rel=\"bookmark\" style=\"color:#333333; font-weight:bold;\" title=\"Link zum Artikel auf germania-ober-roden.de\" target=\"_blank\">Fu\u00dfball: Bockstarke Leistung im Spitzenspiel \u2013 Germania erringt n\u00e4chsten Ausw\u00e4rtssieg<\/a><\/h2>\n <div class=\"entry\">\n  <p style=\"margin-bottom:4px;\">\n   <a href=\"https:\/\/germania-ober-roden.de\/bockstarke-leistung-im-spitzenspiel-germania-erringt-naechsten-auswaertssieg\/\" target=\"_blank\"><img decoding=\"async\" src=\"\/feeds\/gfx\/germania-ober-roden.de.png\" style=\"align:left !important; float:left !important; margin-top:4px !important; margin-right:8px !important; margin-bottom:4px !important; width:90px !important;\" \/><\/a>   Bei der immensem Sparzwang unterlegenen Kickers-Reserve, die als uns als Gastgeber auf einem ausgedehnten Trainingsgel&auml;nde im Top-Zustand dazu n&ouml;tigen, einen zweiten Kasten Wasser selbst beim Vereinskiosk zu kaufen, nehmen wir drei hochverdiente Punkte mit. ...<br clear=\"all\" \/>  <\/p>\n  <div><span class=\"my_article_details\"><time datetime=\"2026-04-20\">20.04.2026<\/time> &middot; Ober-Roden &middot; <\/span><a href=\"https:\/\/germania-ober-roden.de\/bockstarke-leistung-im-spitzenspiel-germania-erringt-naechsten-auswaertssieg\/\" title=\"Link zum Artikel auf germania-ober-roden.de\" target=\"_blank\">germania-ober-roden.de<\/a><\/div>\n  <b><\/b>\n <\/div>\n <\/article>\n<\/div>\n<div class=\"post\" style=\"margin-bottom:40px;\">\n <article>\n <h2><a name=\"a7ff3ec2\" href=\"https:\/\/www.op-online.de\/sport\/amateur-fussball\/germania-ober-roden-siegt-bei-kickers-offenbach-ii-94269179.html\" rel=\"bookmark\" style=\"color:#333333; font-weight:bold;\" title=\"Link zum Artikel auf op-online.de\" target=\"_blank\">Fu\u00dfball: Germania Ober-Roden siegt 4:1 bei Kickers Offenbach II<\/a><\/h2>\n <div class=\"entry\">\n  <p style=\"margin-bottom:4px;\">\n   <a href=\"https:\/\/www.op-online.de\/sport\/amateur-fussball\/germania-ober-roden-siegt-bei-kickers-offenbach-ii-94269179.html\" target=\"_blank\"><img decoding=\"async\" src=\"https:\/\/www.op-online.de\/assets\/images\/42\/267\/42267760-ofc-ii-gegen-fc-germaniav-2v01.jpg\" style=\"align:left !important; float:left !important; margin-top:4px !important; margin-right:8px !important; margin-bottom:4px !important; width:90px !important;\" \/><\/a>   Germania feiert den vierten Sieg in Folge. Die Sportfreunde Seligenstadt &uuml;bernehmen Platz zwei in der Tabelle der Verbandsliga S&uuml;d.<br clear=\"all\" \/>  <\/p>\n  <div><span class=\"my_article_details\"><time datetime=\"2026-04-19\">19.04.2026<\/time> &middot; Ober-Roden &middot; <\/span><a href=\"https:\/\/www.op-online.de\/sport\/amateur-fussball\/germania-ober-roden-siegt-bei-kickers-offenbach-ii-94269179.html\" title=\"Link zum Artikel auf op-online.de\" target=\"_blank\">op-online.de<\/a><\/div>\n  <b><\/b>\n <\/div>\n <\/article>\n<\/div>\n<div class=\"post\" style=\"margin-bottom:40px;\">\n <article>\n <h2><a name=\"4bc4504f\" href=\"https:\/\/www.quartier-waldacker.de\/?p=27792\" rel=\"bookmark\" style=\"color:#333333; font-weight:bold;\" title=\"Link zum Artikel auf quartier-waldacker.de\" target=\"_blank\">Waldacker: Ab in den Frankfurter Stadtwald \u2013 Auf zum Goetheturm! (54 km)<\/a><\/h2>\n <div class=\"entry\">\n  <p style=\"margin-bottom:4px;\">\n   <a href=\"https:\/\/www.quartier-waldacker.de\/?p=27792\" target=\"_blank\"><img decoding=\"async\" src=\"\/feeds\/gfx\/quartier-waldacker.de.png\" style=\"align:left !important; float:left !important; margin-top:4px !important; margin-right:8px !important; margin-bottom:4px !important; width:90px !important;\" \/><\/a>   Datum: 17. April 2026Wetter: Angesagt waren 24 \u00b0C \u2013 geliefert wurden 24 \u00b0C. Bestleistung auch vom Wetterdienst!Tourenleitung: Alfred GrohmannSchlussmann: Reinhold Harnoth Ein ganz besonderer Auftakt Schon zu Beginn lag etwas Besonderes in der Luft \u2013 und damit ...<br clear=\"all\" \/>  <\/p>\n  <div><span class=\"my_article_details\"><time datetime=\"2026-04-19\">19.04.2026<\/time> &middot; <a href=\"\/news\/roedermark-nachrichten\" title=\"Roedermark Nachrichten\">News<\/a> &middot; <a href=\"\/news\/roedermark-aktuell\" title=\"R\u00f6dermark heute aktuell\">R\u00f6dermark<\/a> &middot; <\/span><a href=\"https:\/\/www.quartier-waldacker.de\/?p=27792\" title=\"Link zum Artikel auf quartier-waldacker.de\" target=\"_blank\">quartier-waldacker.de<\/a><\/div>\n  <b><\/b>\n <\/div>\n <\/article>\n<\/div>\n<div class=\"post\" style=\"margin-bottom:40px;\">\n <article>\n <h2><a name=\"c50531c0\" href=\"https:\/\/germania-ober-roden.de\/germania-e2-beim-dsv-oster-cup-in-maintal\/\" rel=\"bookmark\" style=\"color:#333333; font-weight:bold;\" title=\"Link zum Artikel auf germania-ober-roden.de\" target=\"_blank\">Fu\u00dfball: Germania E2\u00a0beim\u00a0DSV Oster-CUP in Maintal<\/a><\/h2>\n <div class=\"entry\">\n  <p style=\"margin-bottom:4px;\">\n   <a href=\"https:\/\/germania-ober-roden.de\/germania-e2-beim-dsv-oster-cup-in-maintal\/\" target=\"_blank\"><img decoding=\"async\" src=\"\/feeds\/gfx\/germania-ober-roden.de.png\" style=\"align:left !important; float:left !important; margin-top:4px !important; margin-right:8px !important; margin-bottom:4px !important; width:90px !important;\" \/><\/a>   Am 04.04.2026, dem Samstag vor Ostern, hie&szlig; es f&uuml;r die Germania E2 nicht etwa \u201eOstervorbereitungen\u201c oder \u201eFerienmodus\u201c. Nein &#8211; unsere E2 trat beim DSV Oster-CUP in Maintal an und wollte sich gegen neun andere Mannschaften behaupten. Vorrunde Und direkt ...<br clear=\"all\" \/>  <\/p>\n  <div><span class=\"my_article_details\"><time datetime=\"2026-04-18\">18.04.2026<\/time> &middot; <a href=\"\/news\/roedermark-nachrichten\" title=\"Roedermark Nachrichten\">News<\/a> &middot; <a href=\"\/news\/roedermark-aktuell\" title=\"R\u00f6dermark heute aktuell\">R\u00f6dermark<\/a> &middot; <\/span><a href=\"https:\/\/germania-ober-roden.de\/germania-e2-beim-dsv-oster-cup-in-maintal\/\" title=\"Link zum Artikel auf germania-ober-roden.de\" target=\"_blank\">germania-ober-roden.de<\/a><\/div>\n  <b><\/b>\n <\/div>\n <\/article>\n<\/div>\n<div class=\"post\" style=\"margin-bottom:40px;\">\n <article>\n <h2><a name=\"61c03bc6\" href=\"https:\/\/www.op-online.de\/region\/obertshausen\/vier-staedte-planen-gemeinsam-die-waermewende-bis-2045-94267529.html\" rel=\"bookmark\" style=\"color:#333333; font-weight:bold;\" title=\"Link zum Artikel auf op-online.de\" target=\"_blank\">Geothermie oder Abw\u00e4rme: Vier St\u00e4dte gehen gemeinsam in ein neues Heizungszeitalter<\/a><\/h2>\n <div class=\"entry\">\n  <p style=\"margin-bottom:4px;\">\n   <a href=\"https:\/\/www.op-online.de\/region\/obertshausen\/vier-staedte-planen-gemeinsam-die-waermewende-bis-2045-94267529.html\" target=\"_blank\"><img decoding=\"async\" src=\"https:\/\/www.op-online.de\/assets\/images\/42\/251\/42251400-bnoo18-04-26waermeplanung-am-16-april-praesentierten-im-buergerhaus-hausen-die-vier-kommunen-obertshausen-muehlheim-rodgau-und-roedermark-ihre-H01.jpg\" style=\"align:left !important; float:left !important; margin-top:4px !important; margin-right:8px !important; margin-bottom:4px !important; width:90px !important;\" \/><\/a>   Obertshausen, Rodgau, R&ouml;dermark und M&uuml;hlheim erstellen zusammen ihre kommunale W&auml;rmeplanung. Daf&uuml;r wurde ein gemeinsamer Dienstleister gebucht. F&uuml;r die B&uuml;rger bleibt vieles trotzdem noch abstrakt.<br clear=\"all\" \/>  <\/p>\n  <div><span class=\"my_article_details\"><time datetime=\"2026-04-18\">18.04.2026<\/time> &middot; <a href=\"\/news\/roedermark-nachrichten\" title=\"Roedermark Nachrichten\">News<\/a> &middot; <a href=\"\/news\/roedermark-aktuell\" title=\"R\u00f6dermark heute aktuell\">R\u00f6dermark<\/a> &middot; <\/span><a href=\"https:\/\/www.op-online.de\/region\/obertshausen\/vier-staedte-planen-gemeinsam-die-waermewende-bis-2045-94267529.html\" title=\"Link zum Artikel auf op-online.de\" target=\"_blank\">op-online.de<\/a><\/div>\n  <b><\/b>\n <\/div>\n <\/article>\n<\/div>\n<div class=\"post\" style=\"margin-bottom:40px;\">\n <article>\n <h2><a name=\"f77ac018\" href=\"https:\/\/www.op-online.de\/offenbach\/verwandeln-koennten-strassenbahn-inklusive-wie-zwei-entwuerfe-das-quartier-um-offenbachs-hauptbahnhof-94266867.html\" rel=\"bookmark\" style=\"color:#333333; font-weight:bold;\" title=\"Link zum Artikel auf op-online.de\" target=\"_blank\">Stra\u00dfenbahn inklusive: Wie zwei Entw\u00fcrfe das Quartier um Offenbachs Hauptbahnhof verwandeln k\u00f6nnten<\/a><\/h2>\n <div class=\"entry\">\n  <p style=\"margin-bottom:4px;\">\n   <a href=\"https:\/\/www.op-online.de\/offenbach\/verwandeln-koennten-strassenbahn-inklusive-wie-zwei-entwuerfe-das-quartier-um-offenbachs-hauptbahnhof-94266867.html\" target=\"_blank\"><img decoding=\"async\" src=\"https:\/\/www.op-online.de\/assets\/images\/42\/243\/42243882-visionen-wollen-bezahlt-werden-weiss-auch-kai-schmitt-fan-des-hauptbahnhofs-und-ehemaliger-stadtverordneter-der-gruenen-doch-fuer-offenbachs-2m01.jpg\" style=\"align:left !important; float:left !important; margin-top:4px !important; margin-right:8px !important; margin-bottom:4px !important; width:90px !important;\" \/><\/a>   Es gibt Ideen f&uuml;r den Raum um Offenbachs maroden Hauptbahnhof. Und die Zeit f&uuml;r die Umsetzung dr&auml;ngt, sagt ein Kenner des Bahnhofs und seiner Umgebung.<br clear=\"all\" \/>  <\/p>\n  <div><span class=\"my_article_details\"><time datetime=\"2026-04-18\">18.04.2026<\/time> &middot; <a href=\"\/news\/offenbach-aktuell\" title=\"Offenbach heute aktuell\">Offenbach<\/a> &middot; Umgebung &middot; <\/span><a href=\"https:\/\/www.op-online.de\/offenbach\/verwandeln-koennten-strassenbahn-inklusive-wie-zwei-entwuerfe-das-quartier-um-offenbachs-hauptbahnhof-94266867.html\" title=\"Link zum Artikel auf op-online.de\" target=\"_blank\">op-online.de<\/a><\/div>\n  <b><\/b>\n <\/div>\n <\/article>\n<\/div>\n<div class=\"post\" style=\"margin-bottom:40px;\">\n <article>\n <h2><a name=\"17ea0220\" href=\"https:\/\/www.op-online.de\/region\/roedermark\/die-nell-breuning-schule-bekommt-vier-neue-container-klassenzimmer-94267148.html\" rel=\"bookmark\" style=\"color:#333333; font-weight:bold;\" title=\"Link zum Artikel auf op-online.de\" target=\"_blank\">Die Nell-Breuning-Schule bekommt vier neue Container-Klassenzimmer<\/a><\/h2>\n <div class=\"entry\">\n  <p style=\"margin-bottom:4px;\">\n   <a href=\"https:\/\/www.op-online.de\/region\/roedermark\/die-nell-breuning-schule-bekommt-vier-neue-container-klassenzimmer-94267148.html\" target=\"_blank\"><img decoding=\"async\" src=\"https:\/\/www.op-online.de\/assets\/images\/42\/247\/42247207-die-ersten-der-container-standen-bei-der-einschulung-2024-bereit-fuer-die-gestiegenen-schuelerzahlen-g01.jpg\" style=\"align:left !important; float:left !important; margin-top:4px !important; margin-right:8px !important; margin-bottom:4px !important; width:90px !important;\" \/><\/a>   Der Kreis investiert 820.000 Euro in die Erweiterung. Die Nell-Breuning-Schule platzt aus allen N&auml;hten. 250 neue Sch&uuml;ler kommen im Herbst.<br clear=\"all\" \/>  <\/p>\n  <div><span class=\"my_article_details\"><time datetime=\"2026-04-18\">18.04.2026<\/time> &middot; <a href=\"\/news\/roedermark-nachrichten\" title=\"Roedermark Nachrichten\">News<\/a> &middot; <a href=\"\/news\/roedermark-aktuell\" title=\"R\u00f6dermark heute aktuell\">R\u00f6dermark<\/a> &middot; <\/span><a href=\"https:\/\/www.op-online.de\/region\/roedermark\/die-nell-breuning-schule-bekommt-vier-neue-container-klassenzimmer-94267148.html\" title=\"Link zum Artikel auf op-online.de\" target=\"_blank\">op-online.de<\/a><\/div>\n  <b><\/b>\n <\/div>\n <\/article>\n<\/div>\n<div class=\"post\" style=\"margin-bottom:40px;\">\n <article>\n <h2><a name=\"87d8fb2e\" href=\"https:\/\/www.rheinmainverlag.de\/2026\/04\/17\/aufbruch-beim-tav-eppertshausen\/\" rel=\"bookmark\" style=\"color:#333333; font-weight:bold;\" title=\"Link zum Artikel auf rheinmainverlag.de\" target=\"_blank\">Aufbruch beim TAV Eppertshausen<\/a><\/h2>\n <div class=\"entry\">\n  <p style=\"margin-bottom:4px;\">\n   <a href=\"https:\/\/www.rheinmainverlag.de\/2026\/04\/17\/aufbruch-beim-tav-eppertshausen\/\" target=\"_blank\"><img decoding=\"async\" src=\"\/feeds\/gfx\/rheinmainverlag.de.png\" style=\"align:left !important; float:left !important; margin-top:4px !important; margin-right:8px !important; margin-bottom:4px !important; width:90px !important;\" \/><\/a>   Verein hat neue Satzung, neuen Vorstand und noch in diesem Jahr viel vor Nach langer Anbahnung hat sich der TAV Eppertshausen im M&auml;rz auf seiner Mitgliederversammlung f&uuml;r die Zukunft aufgestellt \u2013 mit neuer Satzung, neuem Vorstandsteam sowie frischen Ideen. ...<br clear=\"all\" \/>  <\/p>\n  <div><span class=\"my_article_details\"><time datetime=\"2026-04-17\">17.04.2026<\/time> &middot; Eppertshausen &middot; <\/span><a href=\"https:\/\/www.rheinmainverlag.de\/2026\/04\/17\/aufbruch-beim-tav-eppertshausen\/\" title=\"Link zum Artikel auf rheinmainverlag.de\" target=\"_blank\">rheinmainverlag.de<\/a><\/div>\n  <b><\/b>\n <\/div>\n <\/article>\n<\/div>\n<div class=\"post\" style=\"margin-bottom:40px;\">\n <article>\n <h2><a name=\"0416f223\" href=\"https:\/\/www.op-online.de\/offenbach\/wetter-wochenende-mit-23-grad-in-offenbach-dann-dreht-das-94266449.html\" rel=\"bookmark\" style=\"color:#333333; font-weight:bold;\" title=\"Link zum Artikel auf op-online.de\" target=\"_blank\">Wochenende mit 23 Grad in Offenbach \u2013 dann dreht das Wetter<\/a><\/h2>\n <div class=\"entry\">\n  <p style=\"margin-bottom:4px;\">\n   <a href=\"https:\/\/www.op-online.de\/offenbach\/wetter-wochenende-mit-23-grad-in-offenbach-dann-dreht-das-94266449.html\" target=\"_blank\"><img decoding=\"async\" src=\"https:\/\/www.op-online.de\/assets\/images\/35\/265\/35265071-anfang-august-wird-es-in-offenbach-sommerlich-heiss-2r01.jpg\" style=\"align:left !important; float:left !important; margin-top:4px !important; margin-right:8px !important; margin-bottom:4px !important; width:90px !important;\" \/><\/a>   Hessen muss sich am Wochenende auf eine Wetter-Achterbahn einstellen. W&auml;hrend Freitag und Samstag sommerliche Bedingungen herrschen, k&uuml;hlt es am Sonntag merklich ab.<br clear=\"all\" \/>  <\/p>\n  <div><span class=\"my_article_details\"><time datetime=\"2026-04-17\">17.04.2026<\/time> &middot; <a href=\"\/news\/offenbach-aktuell\" title=\"Offenbach heute aktuell\">Offenbach<\/a> &middot; Wetter &middot; <\/span><a href=\"https:\/\/www.op-online.de\/offenbach\/wetter-wochenende-mit-23-grad-in-offenbach-dann-dreht-das-94266449.html\" title=\"Link zum Artikel auf op-online.de\" target=\"_blank\">op-online.de<\/a><\/div>\n  <b><\/b>\n <\/div>\n <\/article>\n<\/div>\n<div class=\"post\" style=\"margin-bottom:40px;\">\n <article>\n <h2><a name=\"703aa3b7\" href=\"https:\/\/www.journal-frankfurt.de\/?src=journal_news_einzel&id=45478&from=feed\" rel=\"bookmark\" style=\"color:#333333; font-weight:bold;\" title=\"Link zum Artikel auf journal-frankfurt.de\" target=\"_blank\">Lufthansa schlie\u00dft Cityline \u2013 Piloten streiken weiter<\/a><\/h2>\n <div class=\"entry\">\n  <p style=\"margin-bottom:4px;\">\n   <a href=\"https:\/\/www.journal-frankfurt.de\/?src=journal_news_einzel&id=45478&from=feed\" target=\"_blank\"><img decoding=\"async\" src=\"https:\/\/www.journal-frankfurt.de\/cache\/images\/news\/q180\/45478.jpg\" style=\"align:left !important; float:left !important; margin-top:4px !important; margin-right:8px !important; margin-bottom:4px !important; width:90px !important;\" \/><\/a>   Inmitten der Streikwoche der Piloten und Flugbegleiter k&uuml;ndigt die Lufthansa an, ihre Konzerntochter Cityline am Samstag einzustampfen. Die Gewerkschaften sind ver&auml;rgert. Hunderte Fl&uuml;ge am Frankfurter Flughafen fallen aufgrund der Ausst&auml;nde aus.<br clear=\"all\" \/>  <\/p>\n  <div><span class=\"my_article_details\"><time datetime=\"2026-04-17\">17.04.2026<\/time> &middot; <a href=\"\/news\/fluglaerm-offenbach-am-main\" title=\"Flugl\u00e4rm Offenbach am Main\">Flughafen<\/a> &middot; Frankfurt &middot; <\/span><a href=\"https:\/\/www.journal-frankfurt.de\/?src=journal_news_einzel&id=45478&from=feed\" title=\"Link zum Artikel auf journal-frankfurt.de\" target=\"_blank\">journal-frankfurt.de<\/a><\/div>\n  <b><\/b>\n <\/div>\n <\/article>\n<\/div>\n<div class=\"post\" style=\"margin-bottom:40px;\">\n <article>\n <h2><a name=\"d156957d\" href=\"https:\/\/www.op-online.de\/region\/roedermark\/jutta-seifert-begeistert-mit-courasche-im-rotahasaal-94265966.html\" rel=\"bookmark\" style=\"color:#333333; font-weight:bold;\" title=\"Link zum Artikel auf op-online.de\" target=\"_blank\">Jutta Seifert zeigt als \u201eCourasche\u201c, wie Frau im Krieg ihren Mann steht<\/a><\/h2>\n <div class=\"entry\">\n  <p style=\"margin-bottom:4px;\">\n   <a href=\"https:\/\/www.op-online.de\/region\/roedermark\/jutta-seifert-begeistert-mit-courasche-im-rotahasaal-94265966.html\" target=\"_blank\"><img decoding=\"async\" src=\"https:\/\/www.op-online.de\/assets\/images\/42\/234\/42234802-schon-der-auftritt-der-courasche-mitten-durchs-publikum-wurde-zum-absoluten-hingucker-2U01.jpg\" style=\"align:left !important; float:left !important; margin-top:4px !important; margin-right:8px !important; margin-bottom:4px !important; width:90px !important;\" \/><\/a>   Die Schauspielerin bringt Grimmelshausens Schelmenroman auf die B&uuml;hne. 70 Minuten Solo-Performance fesseln das Publikum im Rotahasaal.<br clear=\"all\" \/>  <\/p>\n  <div><span class=\"my_article_details\"><time datetime=\"2026-04-17\">17.04.2026<\/time> &middot; <a href=\"\/news\/roedermark-nachrichten\" title=\"Roedermark Nachrichten\">News<\/a> &middot; <a href=\"\/news\/roedermark-aktuell\" title=\"R\u00f6dermark heute aktuell\">R\u00f6dermark<\/a> &middot; <\/span><a href=\"https:\/\/www.op-online.de\/region\/roedermark\/jutta-seifert-begeistert-mit-courasche-im-rotahasaal-94265966.html\" title=\"Link zum Artikel auf op-online.de\" target=\"_blank\">op-online.de<\/a><\/div>\n  <b><\/b>\n <\/div>\n <\/article>\n<\/div>\n<div class=\"post\" style=\"margin-bottom:40px;\">\n <article>\n <h2><a name=\"be5e2fc3\" href=\"https:\/\/www.kreis-offenbach.de\/Service\/Medienservice\/Aktuelle-Pressemitteilungen\/Energiekoffer-machen-Strom-und-Nachhaltigkeit-im-Unterricht-erlebbar.php?object=tx,4013.5.1&ModID=7&FID=4013.3365.1&NavID=4013.211&La=1\" rel=\"bookmark\" style=\"color:#333333; font-weight:bold;\" title=\"Link zum Artikel auf kreis-offenbach.de\" target=\"_blank\">Energiekoffer machen Strom und Nachhaltigkeit im Unterricht erlebbar<\/a><\/h2>\n <div class=\"entry\">\n  <p style=\"margin-bottom:4px;\">\n   <a href=\"https:\/\/www.kreis-offenbach.de\/Service\/Medienservice\/Aktuelle-Pressemitteilungen\/Energiekoffer-machen-Strom-und-Nachhaltigkeit-im-Unterricht-erlebbar.php?object=tx,4013.5.1&ModID=7&FID=4013.3365.1&NavID=4013.211&La=1\" target=\"_blank\"><img decoding=\"async\" src=\"\/feeds\/gfx\/kreis-offenbach.de.png\" style=\"align:left !important; float:left !important; margin-top:4px !important; margin-right:8px !important; margin-bottom:4px !important; width:90px !important;\" \/><\/a>   Wie kommt eigentlich Strom in die Steckdose und wie entsteht Energie aus Wind oder Sonne? Mit den vier Energiekoffern des Kreises  ...<br clear=\"all\" \/>  <\/p>\n  <div><span class=\"my_article_details\"><time datetime=\"2026-04-17\">17.04.2026<\/time> &middot; <a href=\"\/news\/polizeieinsaetze-offenbach-am-main\" title=\"Polizeieins\u00e4tze Offenbach am Main\">Kreis Offenbach<\/a> &middot; <\/span><a href=\"https:\/\/www.kreis-offenbach.de\/Service\/Medienservice\/Aktuelle-Pressemitteilungen\/Energiekoffer-machen-Strom-und-Nachhaltigkeit-im-Unterricht-erlebbar.php?object=tx,4013.5.1&ModID=7&FID=4013.3365.1&NavID=4013.211&La=1\" title=\"Link zum Artikel auf kreis-offenbach.de\" target=\"_blank\">kreis-offenbach.de<\/a><\/div>\n  <b><\/b>\n <\/div>\n <\/article>\n<\/div>\n<div class=\"post\" style=\"margin-bottom:40px;\">\n <article>\n <h2><a name=\"40bc1f62\" href=\"https:\/\/www.verbraucherzentrale-hessen.de\/node\/119232\" rel=\"bookmark\" style=\"color:#333333; font-weight:bold;\" title=\"Link zum Artikel auf verbraucherzentrale-hessen.de\" target=\"_blank\">Hochmotiviert in die Kita-Verpflegung: Aktionswoche l\u00e4dt zum Mitmachen ein<\/a><\/h2>\n <div class=\"entry\">\n  <p style=\"margin-bottom:4px;\">\n   <a href=\"https:\/\/www.verbraucherzentrale-hessen.de\/node\/119232\" target=\"_blank\"><img decoding=\"async\" src=\"\/feeds\/gfx\/verbraucherzentrale-hessen.de.png\" style=\"align:left !important; float:left !important; margin-top:4px !important; margin-right:8px !important; margin-bottom:4px !important; width:90px !important;\" \/><\/a>   Verbraucherzentrale Hessen bietet zwei kostenlose Online-Workshops f&uuml;r Kindertagesbetreuung<br clear=\"all\" \/>  <\/p>\n  <div><span class=\"my_article_details\"><time datetime=\"2026-04-17\">17.04.2026<\/time> &middot; Hessen &middot; <\/span><a href=\"https:\/\/www.verbraucherzentrale-hessen.de\/node\/119232\" title=\"Link zum Artikel auf verbraucherzentrale-hessen.de\" target=\"_blank\">verbraucherzentrale-hessen.de<\/a><\/div>\n  <b><\/b>\n <\/div>\n <\/article>\n<\/div>\n<div class=\"post\" style=\"margin-bottom:40px;\">\n <article>\n <h2><a name=\"59e902a7\" href=\"https:\/\/www.adfc-roedermark.de\/cms_select.php?ID=795\" rel=\"bookmark\" style=\"color:#333333; font-weight:bold;\" title=\"Link zum Artikel auf adfc-roedermark.de\" target=\"_blank\">Radfahren: Montagsradler 11 \/ 2026<\/a><\/h2>\n <div class=\"entry\">\n  <p style=\"margin-bottom:4px;\">\n   <a href=\"https:\/\/www.adfc-roedermark.de\/cms_select.php?ID=795\" target=\"_blank\"><img decoding=\"async\" src=\"\/feeds\/gfx\/adfc-roedermark.de.gif\" style=\"align:left !important; float:left !important; margin-top:4px !important; margin-right:8px !important; margin-bottom:4px !important; width:90px !important;\" \/><\/a>   Teils neue Wege gefunden ...<br clear=\"all\" \/>  <\/p>\n  <div><span class=\"my_article_details\"><time datetime=\"2026-04-16\">16.04.2026<\/time> &middot; <a href=\"\/news\/roedermark-nachrichten\" title=\"Roedermark Nachrichten\">News<\/a> &middot; <a href=\"\/news\/roedermark-aktuell\" title=\"R\u00f6dermark heute aktuell\">R\u00f6dermark<\/a> &middot; <\/span><a href=\"https:\/\/www.adfc-roedermark.de\/cms_select.php?ID=795\" title=\"Link zum Artikel auf adfc-roedermark.de\" target=\"_blank\">adfc-roedermark.de<\/a><\/div>\n  <b><\/b>\n <\/div>\n <\/article>\n<\/div>\n<div class=\"post\" style=\"margin-bottom:40px;\">\n <article>\n <h2><a name=\"ed85ef80\" href=\"https:\/\/www.op-online.de\/sport\/amateur-fussball\/fabian-baecker-will-kickers-offenbach-ein-bein-stellen-94265215.html\" rel=\"bookmark\" style=\"color:#333333; font-weight:bold;\" title=\"Link zum Artikel auf op-online.de\" target=\"_blank\">Fu\u00dfball: B\u00e4cker will Kickers Offenbach ein Bein stellen<\/a><\/h2>\n <div class=\"entry\">\n  <p style=\"margin-bottom:4px;\">\n   <a href=\"https:\/\/www.op-online.de\/sport\/amateur-fussball\/fabian-baecker-will-kickers-offenbach-ein-bein-stellen-94265215.html\" target=\"_blank\"><img decoding=\"async\" src=\"https:\/\/www.op-online.de\/assets\/images\/42\/235\/42235600-schlussjubel-der-spieler-der-sg-langstadt-babenhausen-nach-dem-gewinn-des-mainpokals-24mVUV1MrB01.jpg\" style=\"align:left !important; float:left !important; margin-top:4px !important; margin-right:8px !important; margin-bottom:4px !important; width:90px !important;\" \/><\/a>   Germania Ober-Roden trifft am Sonntag auf Kickers Offenbach II. Trainer Fabian B&auml;cker will seinen Ex-Verein &auml;rgern und an die Tabellenspitze heranr&uuml;cken.<br clear=\"all\" \/>  <\/p>\n  <div><span class=\"my_article_details\"><time datetime=\"2026-04-16\">16.04.2026<\/time> &middot; Ober-Roden &middot; <\/span><a href=\"https:\/\/www.op-online.de\/sport\/amateur-fussball\/fabian-baecker-will-kickers-offenbach-ein-bein-stellen-94265215.html\" title=\"Link zum Artikel auf op-online.de\" target=\"_blank\">op-online.de<\/a><\/div>\n  <b><\/b>\n <\/div>\n <\/article>\n<\/div>\n<div class=\"post\" style=\"margin-bottom:40px;\">\n <article>\n <h2><a name=\"444af378\" href=\"https:\/\/www.tcwaldacker.de\/tcw-saisoneroeffnung-2026\/\" rel=\"bookmark\" style=\"color:#333333; font-weight:bold;\" title=\"Link zum Artikel auf tcwaldacker.de\" target=\"_blank\">Waldacker: TCW Saisoner\u00f6ffnung 2026<\/a><\/h2>\n <div class=\"entry\">\n  <p style=\"margin-bottom:4px;\">\n   <a href=\"https:\/\/www.tcwaldacker.de\/tcw-saisoneroeffnung-2026\/\" target=\"_blank\"><img decoding=\"async\" src=\"\/feeds\/gfx\/tcwaldacker.de.png\" style=\"align:left !important; float:left !important; margin-top:4px !important; margin-right:8px !important; margin-bottom:4px !important; width:90px !important;\" \/><\/a>   <i>F\u00fcr diese Meldung existiert leider kein kurzer Auszug.<\/i><br clear=\"all\" \/>  <\/p>\n  <div><span class=\"my_article_details\"><time datetime=\"2026-04-16\">16.04.2026<\/time> &middot; <a href=\"\/news\/roedermark-nachrichten\" title=\"Roedermark Nachrichten\">News<\/a> &middot; <a href=\"\/news\/roedermark-aktuell\" title=\"R\u00f6dermark heute aktuell\">R\u00f6dermark<\/a> &middot; <\/span><a href=\"https:\/\/www.tcwaldacker.de\/tcw-saisoneroeffnung-2026\/\" title=\"Link zum Artikel auf tcwaldacker.de\" target=\"_blank\">tcwaldacker.de<\/a><\/div>\n  <b><\/b>\n <\/div>\n <\/article>\n<\/div>\n<div class=\"post\" style=\"margin-bottom:40px;\">\n <article>\n <h2><a name=\"4560bef4\" href=\"https:\/\/www.tcwaldacker.de\/tcw-lk-turnier-16-waldacker-open\/\" rel=\"bookmark\" style=\"color:#333333; font-weight:bold;\" title=\"Link zum Artikel auf tcwaldacker.de\" target=\"_blank\">TCW LK-Turnier \u2013 16. Waldacker Open<\/a><\/h2>\n <div class=\"entry\">\n  <p style=\"margin-bottom:4px;\">\n   <a href=\"https:\/\/www.tcwaldacker.de\/tcw-lk-turnier-16-waldacker-open\/\" target=\"_blank\"><img decoding=\"async\" src=\"\/feeds\/gfx\/tcwaldacker.de.png\" style=\"align:left !important; float:left !important; margin-top:4px !important; margin-right:8px !important; margin-bottom:4px !important; width:90px !important;\" \/><\/a>   <i>F\u00fcr diese Meldung existiert leider kein kurzer Auszug.<\/i><br clear=\"all\" \/>  <\/p>\n  <div><span class=\"my_article_details\"><time datetime=\"2026-04-16\">16.04.2026<\/time> &middot; Waldacker &middot; <\/span><a href=\"https:\/\/www.tcwaldacker.de\/tcw-lk-turnier-16-waldacker-open\/\" title=\"Link zum Artikel auf tcwaldacker.de\" target=\"_blank\">tcwaldacker.de<\/a><\/div>\n  <b><\/b>\n <\/div>\n <\/article>\n<\/div>\n<div class=\"post\" style=\"margin-bottom:40px;\">\n <article>\n <h2><a name=\"01d9609d\" href=\"https:\/\/www.tcwaldacker.de\/tcw-lk-turnier-15-waldacker-open\/\" rel=\"bookmark\" style=\"color:#333333; font-weight:bold;\" title=\"Link zum Artikel auf tcwaldacker.de\" target=\"_blank\">TCW LK-Turnier \u2013 15. Waldacker Open<\/a><\/h2>\n <div class=\"entry\">\n  <p style=\"margin-bottom:4px;\">\n   <a href=\"https:\/\/www.tcwaldacker.de\/tcw-lk-turnier-15-waldacker-open\/\" target=\"_blank\"><img decoding=\"async\" src=\"\/feeds\/gfx\/tcwaldacker.de.png\" style=\"align:left !important; float:left !important; margin-top:4px !important; margin-right:8px !important; margin-bottom:4px !important; width:90px !important;\" \/><\/a>   <i>F\u00fcr diese Meldung existiert leider kein kurzer Auszug.<\/i><br clear=\"all\" \/>  <\/p>\n  <div><span class=\"my_article_details\"><time datetime=\"2026-04-16\">16.04.2026<\/time> &middot; Waldacker &middot; <\/span><a href=\"https:\/\/www.tcwaldacker.de\/tcw-lk-turnier-15-waldacker-open\/\" title=\"Link zum Artikel auf tcwaldacker.de\" target=\"_blank\">tcwaldacker.de<\/a><\/div>\n  <b><\/b>\n <\/div>\n <\/article>\n<\/div>\n<div class=\"post\" style=\"margin-bottom:40px;\">\n <article>\n <h2><a name=\"97a9455c\" href=\"https:\/\/www.rheinmainverlag.de\/2026\/04\/16\/christian-delp-aus-ober-roden-ist-dfb-stadionbeauftragter\/\" rel=\"bookmark\" style=\"color:#333333; font-weight:bold;\" title=\"Link zum Artikel auf rheinmainverlag.de\" target=\"_blank\">Christian Delp aus Ober-Roden ist DFB-Stadionbeauftragter<\/a><\/h2>\n <div class=\"entry\">\n  <p style=\"margin-bottom:4px;\">\n   <a href=\"https:\/\/www.rheinmainverlag.de\/2026\/04\/16\/christian-delp-aus-ober-roden-ist-dfb-stadionbeauftragter\/\" target=\"_blank\"><img decoding=\"async\" src=\"\/feeds\/gfx\/rheinmainverlag.de.png\" style=\"align:left !important; float:left !important; margin-top:4px !important; margin-right:8px !important; margin-bottom:4px !important; width:90px !important;\" \/><\/a>   Als k&uuml;rzlich der FC Germania Ober-Roden im Halbfinale des Fu&szlig;ball-Hessenpokals stand, da dr&uuml;ckte Christian Delp seinem Heimatverein ganz besonders die Daumen. Schlie&szlig;lich w&auml;re der Ober-Rodener in seiner T&auml;tigkeit als DFB-Stadionbeauftragter im Falle einer Qualifikation ...<br clear=\"all\" \/>  <\/p>\n  <div><span class=\"my_article_details\"><time datetime=\"2026-04-16\">16.04.2026<\/time> &middot; Ober-Roden &middot; <\/span><a href=\"https:\/\/www.rheinmainverlag.de\/2026\/04\/16\/christian-delp-aus-ober-roden-ist-dfb-stadionbeauftragter\/\" title=\"Link zum Artikel auf rheinmainverlag.de\" target=\"_blank\">rheinmainverlag.de<\/a><\/div>\n  <b><\/b>\n <\/div>\n <\/article>\n<\/div>\n<div class=\"post\" style=\"margin-bottom:40px;\">\n <article>\n <h2><a name=\"3a7c3461\" href=\"https:\/\/www.rheinmainverlag.de\/2026\/04\/16\/asklepios-klinik-seligenstadt-setzt-zeichen-fuer-menschen-mit-demenz\/\" rel=\"bookmark\" style=\"color:#333333; font-weight:bold;\" title=\"Link zum Artikel auf rheinmainverlag.de\" target=\"_blank\">Asklepios Klinik Seligenstadt setzt Zeichen f\u00fcr Menschen mit Demenz<\/a><\/h2>\n <div class=\"entry\">\n  <p style=\"margin-bottom:4px;\">\n   <a href=\"https:\/\/www.rheinmainverlag.de\/2026\/04\/16\/asklepios-klinik-seligenstadt-setzt-zeichen-fuer-menschen-mit-demenz\/\" target=\"_blank\"><img decoding=\"async\" src=\"\/feeds\/gfx\/rheinmainverlag.de.png\" style=\"align:left !important; float:left !important; margin-top:4px !important; margin-right:8px !important; margin-bottom:4px !important; width:90px !important;\" \/><\/a>   Mit Vergissmeinnicht gegen das Vergessen Unter dem Motto \u201eGemeinsam pflanzen, gemeinsam erinnern!\u201c wurde am Mittwoch, den 25. M&auml;rz, in elf Kommunen im Kreis Offenbach, darunter auch in der Asklepios Klinik Seligenstadt, ein symbolisches Zeichen f&uuml;r Menschen ...<br clear=\"all\" \/>  <\/p>\n  <div><span class=\"my_article_details\"><time datetime=\"2026-04-16\">16.04.2026<\/time> &middot; <a href=\"\/news\/polizeieinsaetze-offenbach-am-main\" title=\"Polizeieins\u00e4tze Offenbach am Main\">Kreis Offenbach<\/a> &middot; <\/span><a href=\"https:\/\/www.rheinmainverlag.de\/2026\/04\/16\/asklepios-klinik-seligenstadt-setzt-zeichen-fuer-menschen-mit-demenz\/\" title=\"Link zum Artikel auf rheinmainverlag.de\" target=\"_blank\">rheinmainverlag.de<\/a><\/div>\n  <b><\/b>\n <\/div>\n <\/article>\n<\/div>\n<div class=\"post\" style=\"margin-bottom:40px;\">\n <article>\n <h2><a name=\"856442bf\" href=\"https:\/\/www.kreis-offenbach.de\/Service\/Medienservice\/Aktuelle-Pressemitteilungen\/Sonntag-geht-es-auf-die-Spuren-eines-Imperiums.php?object=tx,4013.5.1&ModID=7&FID=4013.3363.1&NavID=4013.211&La=1\" rel=\"bookmark\" style=\"color:#333333; font-weight:bold;\" title=\"Link zum Artikel auf kreis-offenbach.de\" target=\"_blank\">Sonntag geht es auf die Spuren eines Imperiums<\/a><\/h2>\n <div class=\"entry\">\n  <p style=\"margin-bottom:4px;\">\n   <a href=\"https:\/\/www.kreis-offenbach.de\/Service\/Medienservice\/Aktuelle-Pressemitteilungen\/Sonntag-geht-es-auf-die-Spuren-eines-Imperiums.php?object=tx,4013.5.1&ModID=7&FID=4013.3363.1&NavID=4013.211&La=1\" target=\"_blank\"><img decoding=\"async\" src=\"\/feeds\/gfx\/kreis-offenbach.de.png\" style=\"align:left !important; float:left !important; margin-top:4px !important; margin-right:8px !important; margin-bottom:4px !important; width:90px !important;\" \/><\/a>   F\u00fchrung im RegioMuseum in Seligenstadt<br clear=\"all\" \/>  <\/p>\n  <div><span class=\"my_article_details\"><time datetime=\"2026-04-16\">16.04.2026<\/time> &middot; <a href=\"\/news\/polizeieinsaetze-offenbach-am-main\" title=\"Polizeieins\u00e4tze Offenbach am Main\">Kreis Offenbach<\/a> &middot; <\/span><a href=\"https:\/\/www.kreis-offenbach.de\/Service\/Medienservice\/Aktuelle-Pressemitteilungen\/Sonntag-geht-es-auf-die-Spuren-eines-Imperiums.php?object=tx,4013.5.1&ModID=7&FID=4013.3363.1&NavID=4013.211&La=1\" title=\"Link zum Artikel auf kreis-offenbach.de\" target=\"_blank\">kreis-offenbach.de<\/a><\/div>\n  <b><\/b>\n <\/div>\n <\/article>\n<\/div>\n<div class=\"post\" style=\"margin-bottom:40px;\">\n <article>\n <h2><a name=\"0325189d\" href=\"https:\/\/www.op-online.de\/region\/roedermark\/die-bank-zum-schlossblick-hat-wirklich-ein-schloss-94263778.html\" rel=\"bookmark\" style=\"color:#333333; font-weight:bold;\" title=\"Link zum Artikel auf op-online.de\" target=\"_blank\">In R\u00f6dermark gibt\u2019s jetzt eine Bank mit Schlossblick<\/a><\/h2>\n <div class=\"entry\">\n  <p style=\"margin-bottom:4px;\">\n   <a href=\"https:\/\/www.op-online.de\/region\/roedermark\/die-bank-zum-schlossblick-hat-wirklich-ein-schloss-94263778.html\" target=\"_blank\"><img decoding=\"async\" src=\"https:\/\/www.op-online.de\/assets\/images\/42\/214\/42214979-so-kam-die-bank-zu-ihrem-namen-schlossblick-2W01.jpg\" style=\"align:left !important; float:left !important; margin-top:4px !important; margin-right:8px !important; margin-bottom:4px !important; width:90px !important;\" \/><\/a>   Vier Hobby-Handwerker setzen alte B&auml;nke in R&ouml;dermark neu auf. Ein lockerer Spruch wird zur humorvollen Realit&auml;t mit Fenster und Vorh&auml;ngeschloss.<br clear=\"all\" \/>  <\/p>\n  <div><span class=\"my_article_details\"><time datetime=\"2026-04-16\">16.04.2026<\/time> &middot; <a href=\"\/news\/roedermark-nachrichten\" title=\"Roedermark Nachrichten\">News<\/a> &middot; <a href=\"\/news\/roedermark-aktuell\" title=\"R\u00f6dermark heute aktuell\">R\u00f6dermark<\/a> &middot; <\/span><a href=\"https:\/\/www.op-online.de\/region\/roedermark\/die-bank-zum-schlossblick-hat-wirklich-ein-schloss-94263778.html\" title=\"Link zum Artikel auf op-online.de\" target=\"_blank\">op-online.de<\/a><\/div>\n  <b><\/b>\n <\/div>\n <\/article>\n<\/div>\n<div class=\"post\" style=\"margin-bottom:40px;\">\n <article>\n <h2><a name=\"1a6508e2\" href=\"https:\/\/www.verbraucherzentrale-hessen.de\/node\/119365\" rel=\"bookmark\" style=\"color:#333333; font-weight:bold;\" title=\"Link zum Artikel auf verbraucherzentrale-hessen.de\" target=\"_blank\">Stromio: Gericht folgt Auffassung der Verbraucherzentrale Hessen<\/a><\/h2>\n <div class=\"entry\">\n  <p style=\"margin-bottom:4px;\">\n   <a href=\"https:\/\/www.verbraucherzentrale-hessen.de\/node\/119365\" target=\"_blank\"><img decoding=\"async\" src=\"\/feeds\/gfx\/verbraucherzentrale-hessen.de.png\" style=\"align:left !important; float:left !important; margin-top:4px !important; margin-right:8px !important; margin-bottom:4px !important; width:90px !important;\" \/><\/a>   Parteien haben einen Monat Zeit f&uuml;r Vergleichsverhandlungen<br clear=\"all\" \/>  <\/p>\n  <div><span class=\"my_article_details\"><time datetime=\"2026-04-16\">16.04.2026<\/time> &middot; Hessen &middot; <\/span><a href=\"https:\/\/www.verbraucherzentrale-hessen.de\/node\/119365\" title=\"Link zum Artikel auf verbraucherzentrale-hessen.de\" target=\"_blank\">verbraucherzentrale-hessen.de<\/a><\/div>\n  <b><\/b>\n <\/div>\n <\/article>\n<\/div>\n<div class=\"post\" style=\"margin-bottom:40px;\">\n <article>\n <h2><a name=\"229edc66\" href=\"https:\/\/www.adfc-roedermark.de\/cms_select.php?ID=794\" rel=\"bookmark\" style=\"color:#333333; font-weight:bold;\" title=\"Link zum Artikel auf adfc-roedermark.de\" target=\"_blank\">Radfahren: Mit dem ADFC R\u00f6dermark In zwei Tagen 165 km<\/a><\/h2>\n <div class=\"entry\">\n  <p style=\"margin-bottom:4px;\">\n   <a href=\"https:\/\/www.adfc-roedermark.de\/cms_select.php?ID=794\" target=\"_blank\"><img decoding=\"async\" src=\"\/feeds\/gfx\/adfc-roedermark.de.gif\" style=\"align:left !important; float:left !important; margin-top:4px !important; margin-right:8px !important; margin-bottom:4px !important; width:90px !important;\" \/><\/a>   Gef&uuml;hrt von den ADFC Tourenguides Carmen und Martin Helfenstein radelten zwei Gruppen in zwei Tagen 165 km. Am Samstag nach Wasserlos bei Alzenau in Unterfranken und am Sonntag in den Odenwald zum Naturfreundehaus Ober-Ramstadt. https:\/\/www.komoot.com\/de-de\/tour\/2896429984 ...<br clear=\"all\" \/>  <\/p>\n  <div><span class=\"my_article_details\"><time datetime=\"2026-04-15\">15.04.2026<\/time> &middot; <a href=\"\/news\/roedermark-nachrichten\" title=\"Roedermark Nachrichten\">News<\/a> &middot; <a href=\"\/news\/roedermark-aktuell\" title=\"R\u00f6dermark heute aktuell\">R\u00f6dermark<\/a> &middot; <\/span><a href=\"https:\/\/www.adfc-roedermark.de\/cms_select.php?ID=794\" title=\"Link zum Artikel auf adfc-roedermark.de\" target=\"_blank\">adfc-roedermark.de<\/a><\/div>\n  <b><\/b>\n <\/div>\n <\/article>\n<\/div>\n<div class=\"post\" style=\"margin-bottom:40px;\">\n <article>\n <h2><a name=\"c051cee3\" href=\"https:\/\/www.hessenschau.de\/wirtschaft\/100-jahre-lufthansa-flugbegleiter-streik-verhagelt-festakt-zum-jubilaeum-v2,lufthansa-streik-flugbegleiter-100.html\" rel=\"bookmark\" style=\"color:#333333; font-weight:bold;\" title=\"Link zum Artikel auf hessenschau.de\" target=\"_blank\">100 Jahre Lufthansa: Flugbegleiter-Streik verhagelt Festakt zum Jubil\u00e4um<\/a><\/h2>\n <div class=\"entry\">\n  <p style=\"margin-bottom:4px;\">\n   <a href=\"https:\/\/www.hessenschau.de\/wirtschaft\/100-jahre-lufthansa-flugbegleiter-streik-verhagelt-festakt-zum-jubilaeum-v2,lufthansa-streik-flugbegleiter-100.html\" target=\"_blank\"><img decoding=\"async\" src=\"https:\/\/www.hessenschau.de\/wirtschaft\/lufthansa-streik-164~_t-1776270852012_v-16to9.jpg\" style=\"align:left !important; float:left !important; margin-top:4px !important; margin-right:8px !important; margin-bottom:4px !important; width:90px !important;\" \/><\/a>   Bei der Lufthansa folgt ein Arbeitskampf auf den anderen: Weil die Kabinengewerkschaft Ufo die Flugbegleiter zum Streik aufgerufen hat, fallen weiter viele Fl&uuml;ge am Flughafen Frankfurt aus. Das verhagelte der Lufthansa auch einen Festakt zu ihrem Gr&uuml;ndungsjubil&auml;um. ...<br clear=\"all\" \/>  <\/p>\n  <div><span class=\"my_article_details\"><time datetime=\"2026-04-15\">15.04.2026<\/time> &middot; <a href=\"\/news\/fluglaerm-offenbach-am-main\" title=\"Flugl\u00e4rm Offenbach am Main\">Flughafen<\/a> &middot; Frankfurt &middot; <\/span><a href=\"https:\/\/www.hessenschau.de\/wirtschaft\/100-jahre-lufthansa-flugbegleiter-streik-verhagelt-festakt-zum-jubilaeum-v2,lufthansa-streik-flugbegleiter-100.html\" title=\"Link zum Artikel auf hessenschau.de\" target=\"_blank\">hessenschau.de<\/a><\/div>\n  <b><\/b>\n <\/div>\n <\/article>\n<\/div>\n<div class=\"post\" style=\"margin-bottom:40px;\">\n <article>\n <h2><a name=\"d5e07bb1\" href=\"https:\/\/www.hessenschau.de\/politik\/bislang-360-unternehmen-mit-hessenfonds-gefoerdert-v1,hessenfonds-bilanz-100.html\" rel=\"bookmark\" style=\"color:#333333; font-weight:bold;\" title=\"Link zum Artikel auf hessenschau.de\" target=\"_blank\">Bislang 360 Unternehmen mit Hessenfonds gef\u00f6rdert<\/a><\/h2>\n <div class=\"entry\">\n  <p style=\"margin-bottom:4px;\">\n   <a href=\"https:\/\/www.hessenschau.de\/politik\/bislang-360-unternehmen-mit-hessenfonds-gefoerdert-v1,hessenfonds-bilanz-100.html\" target=\"_blank\"><img decoding=\"async\" src=\"https:\/\/www.hessenschau.de\/politik\/mansoori-100~_t-1776272526729_v-16to9.jpg\" style=\"align:left !important; float:left !important; margin-top:4px !important; margin-right:8px !important; margin-bottom:4px !important; width:90px !important;\" \/><\/a>   Wie der Wirtschaft in schwierigen Zeiten helfen? Die Landesregierung setzte dazu vor einem Jahr den sogenannten Hessenfonds f&uuml;r nachhaltige Gesch&auml;ftsmodelle auf. CDU und SPD finden, das klappt super. F&uuml;r die Opposition verletzt der Fonds die Regeln der Marktwirtschaft. ...<br clear=\"all\" \/>  <\/p>\n  <div><span class=\"my_article_details\"><time datetime=\"2026-04-15\">15.04.2026<\/time> &middot; Hessen &middot; Regeln &middot; <\/span><a href=\"https:\/\/www.hessenschau.de\/politik\/bislang-360-unternehmen-mit-hessenfonds-gefoerdert-v1,hessenfonds-bilanz-100.html\" title=\"Link zum Artikel auf hessenschau.de\" target=\"_blank\">hessenschau.de<\/a><\/div>\n  <b><\/b>\n <\/div>\n <\/article>\n<\/div>\n<div class=\"post\" style=\"margin-bottom:40px;\">\n <article>\n <h2><a name=\"eebfe83f\" href=\"https:\/\/www.evo-ag.de\/presse\/pressemitteilungen\/details\/eigenbau-hebt-ab-eno-azubis-entwickeln-eigenen-multicopter\" rel=\"bookmark\" style=\"color:#333333; font-weight:bold;\" title=\"Link zum Artikel auf evo-ag.de\" target=\"_blank\">Eigenbau hebt ab: ENO-Azubis entwickeln eigenen Multicopter<\/a><\/h2>\n <div class=\"entry\">\n  <p style=\"margin-bottom:4px;\">\n   <a href=\"https:\/\/www.evo-ag.de\/presse\/pressemitteilungen\/details\/eigenbau-hebt-ab-eno-azubis-entwickeln-eigenen-multicopter\" target=\"_blank\"><img decoding=\"async\" src=\"\/feeds\/gfx\/evo-ag.de.png\" style=\"align:left !important; float:left !important; margin-top:4px !important; margin-right:8px !important; margin-bottom:4px !important; width:90px !important;\" \/><\/a>   Projekt verbindet CAD, 3D-Druck und Flugsteuerung \u2013 Unterst\u00fctzung beim Erstflug durch den Flug- und Modellbau-Club Dietzenbach<br clear=\"all\" \/>  <\/p>\n  <div><span class=\"my_article_details\"><time datetime=\"2026-04-15\">15.04.2026<\/time> &middot; Energie &middot; <a href=\"\/news\/offenbach-aktuell\" title=\"Offenbach heute aktuell\">Offenbach<\/a> &middot; <\/span><a href=\"https:\/\/www.evo-ag.de\/presse\/pressemitteilungen\/details\/eigenbau-hebt-ab-eno-azubis-entwickeln-eigenen-multicopter\" title=\"Link zum Artikel auf evo-ag.de\" target=\"_blank\">evo-ag.de<\/a><\/div>\n  <b><\/b>\n <\/div>\n <\/article>\n<\/div>\n<div class=\"post\" style=\"margin-bottom:40px;\">\n <article>\n <h2><a name=\"316f8ff3\" href=\"https:\/\/www.kreis-offenbach.de\/Service\/Medienservice\/Aktuelle-Pressemitteilungen\/Zus%C3%A4tzliche-R%C3%A4ume-f%C3%BCr-die-Oswald-von-Nell-Breuning-Schule-in-R%C3%B6dermark-Ober-Roden.php?object=tx,4013.5.1&ModID=7&FID=4013.3361.1&NavID=4013.211&La=1\" rel=\"bookmark\" style=\"color:#333333; font-weight:bold;\" title=\"Link zum Artikel auf kreis-offenbach.de\" target=\"_blank\">Zus\u00e4tzliche R\u00e4ume f\u00fcr die Oswald-von-Nell-Breuning-Schule in R\u00f6dermark&ndash;Ober-Roden<\/a><\/h2>\n <div class=\"entry\">\n  <p style=\"margin-bottom:4px;\">\n   <a href=\"https:\/\/www.kreis-offenbach.de\/Service\/Medienservice\/Aktuelle-Pressemitteilungen\/Zus%C3%A4tzliche-R%C3%A4ume-f%C3%BCr-die-Oswald-von-Nell-Breuning-Schule-in-R%C3%B6dermark-Ober-Roden.php?object=tx,4013.5.1&ModID=7&FID=4013.3361.1&NavID=4013.211&La=1\" target=\"_blank\"><img decoding=\"async\" src=\"\/feeds\/gfx\/kreis-offenbach.de.png\" style=\"align:left !important; float:left !important; margin-top:4px !important; margin-right:8px !important; margin-bottom:4px !important; width:90px !important;\" \/><\/a>   Der Kreisausschuss hat beschlossen, dass an der Oswald-von-Nell-Breuning-Schule in R\u00f6dermark&ndash;Ober-Roden zus\u00e4tzlich neue R\u00e4ume geschaffen werden. Dazu wird die bestehende Mietcontaineranlage aus  ...<br clear=\"all\" \/>  <\/p>\n  <div><span class=\"my_article_details\"><time datetime=\"2026-04-15\">15.04.2026<\/time> &middot; <a href=\"\/news\/polizeieinsaetze-offenbach-am-main\" title=\"Polizeieins\u00e4tze Offenbach am Main\">Kreis Offenbach<\/a> &middot; <a href=\"\/news\/roedermark-nachrichten\" title=\"Roedermark Nachrichten\">News<\/a> &middot; Ober-Roden &middot; <a href=\"\/news\/roedermark-aktuell\" title=\"R\u00f6dermark heute aktuell\">R\u00f6dermark<\/a> &middot; <\/span><a href=\"https:\/\/www.kreis-offenbach.de\/Service\/Medienservice\/Aktuelle-Pressemitteilungen\/Zus%C3%A4tzliche-R%C3%A4ume-f%C3%BCr-die-Oswald-von-Nell-Breuning-Schule-in-R%C3%B6dermark-Ober-Roden.php?object=tx,4013.5.1&ModID=7&FID=4013.3361.1&NavID=4013.211&La=1\" title=\"Link zum Artikel auf kreis-offenbach.de\" target=\"_blank\">kreis-offenbach.de<\/a><\/div>\n  <b><\/b>\n <\/div>\n <\/article>\n<\/div>\n<div class=\"post\" style=\"margin-bottom:40px;\">\n <article>\n <h2><a name=\"f9366d89\" href=\"https:\/\/www.fraport.com\/de\/newsroom\/pressemitteilungen\/2026\/verkehrszahlen\/fraport-verkehrszahlen-im-maerz-2026---wachstum-bei-passagieren-.html\" rel=\"bookmark\" style=\"color:#333333; font-weight:bold;\" title=\"Link zum Artikel auf fraport.com\" target=\"_blank\">Fraport-Verkehrszahlen im M\u00e4rz 2026: Wachstum bei Passagieren und Cargo in Frankfurt<\/a><\/h2>\n <div class=\"entry\">\n  <p style=\"margin-bottom:4px;\">\n   <a href=\"https:\/\/www.fraport.com\/de\/newsroom\/pressemitteilungen\/2026\/verkehrszahlen\/fraport-verkehrszahlen-im-maerz-2026---wachstum-bei-passagieren-.html\" target=\"_blank\"><img decoding=\"async\" src=\"\/feeds\/gfx\/fraport.com.png\" style=\"align:left !important; float:left !important; margin-top:4px !important; margin-right:8px !important; margin-bottom:4px !important; width:90px !important;\" \/><\/a>   <i>F\u00fcr diese Meldung existiert leider kein kurzer Auszug.<\/i><br clear=\"all\" \/>  <\/p>\n  <div><span class=\"my_article_details\"><time datetime=\"2026-04-15\">15.04.2026<\/time> &middot; <a href=\"\/news\/fluglaerm-offenbach-am-main\" title=\"Flugl\u00e4rm Offenbach am Main\">Flughafen<\/a> &middot; Frankfurt &middot; <\/span><a href=\"https:\/\/www.fraport.com\/de\/newsroom\/pressemitteilungen\/2026\/verkehrszahlen\/fraport-verkehrszahlen-im-maerz-2026---wachstum-bei-passagieren-.html\" title=\"Link zum Artikel auf fraport.com\" target=\"_blank\">fraport.com<\/a><\/div>\n  <b><\/b>\n <\/div>\n <\/article>\n<\/div>\n<div class=\"post\" style=\"margin-bottom:40px;\">\n <article>\n <h2><a name=\"f1172d37\" href=\"https:\/\/www.op-online.de\/region\/roedermark\/vier-neue-teams-sollen-die-tg-ober-roden-fit-fuer-die-zukunft-machen-94261829.html\" rel=\"bookmark\" style=\"color:#333333; font-weight:bold;\" title=\"Link zum Artikel auf op-online.de\" target=\"_blank\">Vier neue Teams sollen die TG Ober-Roden fit f\u00fcr die Zukunft machen<\/a><\/h2>\n <div class=\"entry\">\n  <p style=\"margin-bottom:4px;\">\n   <a href=\"https:\/\/www.op-online.de\/region\/roedermark\/vier-neue-teams-sollen-die-tg-ober-roden-fit-fuer-die-zukunft-machen-94261829.html\" target=\"_blank\"><img decoding=\"async\" src=\"https:\/\/www.op-online.de\/assets\/images\/42\/191\/42191445-haben-motiviert-angepackt-der-geschaeftsfuehrende-vorstand-abteilungsleitungen-und-eingeladene-gaeste-bildeten-die-teilnehmer-des-tg-zukunftsworkshops-2qBgbwPOxd01.jpg\" style=\"align:left !important; float:left !important; margin-top:4px !important; margin-right:8px !important; margin-bottom:4px !important; width:90px !important;\" \/><\/a>   Die Turngemeinde Ober-Roden stellt ihre F&uuml;hrungsstruktur um. Vier Teams sollen prek&auml;re Raumsituation und andere Herausforderungen l&ouml;sen.<br clear=\"all\" \/>  <\/p>\n  <div><span class=\"my_article_details\"><time datetime=\"2026-04-15\">15.04.2026<\/time> &middot; Ober-Roden &middot; <\/span><a href=\"https:\/\/www.op-online.de\/region\/roedermark\/vier-neue-teams-sollen-die-tg-ober-roden-fit-fuer-die-zukunft-machen-94261829.html\" title=\"Link zum Artikel auf op-online.de\" target=\"_blank\">op-online.de<\/a><\/div>\n  <b><\/b>\n <\/div>\n <\/article>\n<\/div>\n<div class=\"post\" style=\"margin-bottom:40px;\">\n <article>\n <h2><a name=\"1d540f89\" href=\"https:\/\/www.kreis-offenbach.de\/Service\/Medienservice\/Aktuelle-Pressemitteilungen\/Im-Handwerk-und-im-Ehrenamt-auf-Erfolgskurs.php?object=tx,4013.5.1&ModID=7&FID=4013.3356.1&NavID=4013.211&La=1\" rel=\"bookmark\" style=\"color:#333333; font-weight:bold;\" title=\"Link zum Artikel auf kreis-offenbach.de\" target=\"_blank\">Im Handwerk und im Ehrenamt auf Erfolgskurs<\/a><\/h2>\n <div class=\"entry\">\n  <p style=\"margin-bottom:4px;\">\n   <a href=\"https:\/\/www.kreis-offenbach.de\/Service\/Medienservice\/Aktuelle-Pressemitteilungen\/Im-Handwerk-und-im-Ehrenamt-auf-Erfolgskurs.php?object=tx,4013.5.1&ModID=7&FID=4013.3356.1&NavID=4013.211&La=1\" target=\"_blank\"><img decoding=\"async\" src=\"\/feeds\/gfx\/kreis-offenbach.de.png\" style=\"align:left !important; float:left !important; margin-top:4px !important; margin-right:8px !important; margin-bottom:4px !important; width:90px !important;\" \/><\/a>   Landrat Oliver Quilling \u00fcberreicht Obermeister Thomas Lippold das Bundesverdienstkreuz<br clear=\"all\" \/>  <\/p>\n  <div><span class=\"my_article_details\"><time datetime=\"2026-04-14\">14.04.2026<\/time> &middot; <a href=\"\/news\/polizeieinsaetze-offenbach-am-main\" title=\"Polizeieins\u00e4tze Offenbach am Main\">Kreis Offenbach<\/a> &middot; <\/span><a href=\"https:\/\/www.kreis-offenbach.de\/Service\/Medienservice\/Aktuelle-Pressemitteilungen\/Im-Handwerk-und-im-Ehrenamt-auf-Erfolgskurs.php?object=tx,4013.5.1&ModID=7&FID=4013.3356.1&NavID=4013.211&La=1\" title=\"Link zum Artikel auf kreis-offenbach.de\" target=\"_blank\">kreis-offenbach.de<\/a><\/div>\n  <b><\/b>\n <\/div>\n <\/article>\n<\/div>\n<div class=\"post\" style=\"margin-bottom:40px;\">\n <article>\n <h2><a name=\"efc87415\" href=\"https:\/\/www.hessenschau.de\/wirtschaft\/lufthansa-streik-am-flughafen-frankfurt-die-fronten-sind-verhaertet-v8,lufthansa-streik-156.html\" rel=\"bookmark\" style=\"color:#333333; font-weight:bold;\" title=\"Link zum Artikel auf hessenschau.de\" target=\"_blank\">Lufthansa-Streik am Flughafen Frankfurt: Die Fronten sind verh\u00e4rtet<\/a><\/h2>\n <div class=\"entry\">\n  <p style=\"margin-bottom:4px;\">\n   <a href=\"https:\/\/www.hessenschau.de\/wirtschaft\/lufthansa-streik-am-flughafen-frankfurt-die-fronten-sind-verhaertet-v8,lufthansa-streik-156.html\" target=\"_blank\"><img decoding=\"async\" src=\"https:\/\/www.hessenschau.de\/panorama\/streik-frankfurt-flughafen-102~_t-1776058747916_v-16to9.jpg\" style=\"align:left !important; float:left !important; margin-top:4px !important; margin-right:8px !important; margin-bottom:4px !important; width:90px !important;\" \/><\/a>   Rund 1.100 abgesagte Starts und Landungen am Flughafen Frankfurt: Die Piloten mehrerer Lufthansa-Airlines sind am Montag und Dienstag zum Streik aufgerufen. Der Konzern will ihren Forderungen nicht nachgeben. ...<br clear=\"all\" \/>  <\/p>\n  <div><span class=\"my_article_details\"><time datetime=\"2026-04-13\">13.04.2026<\/time> &middot; <a href=\"\/news\/fluglaerm-offenbach-am-main\" title=\"Flugl\u00e4rm Offenbach am Main\">Flughafen<\/a> &middot; Frankfurt &middot; <\/span><a href=\"https:\/\/www.hessenschau.de\/wirtschaft\/lufthansa-streik-am-flughafen-frankfurt-die-fronten-sind-verhaertet-v8,lufthansa-streik-156.html\" title=\"Link zum Artikel auf hessenschau.de\" target=\"_blank\">hessenschau.de<\/a><\/div>\n  <b><\/b>\n <\/div>\n <\/article>\n<\/div>\n<div class=\"post\" style=\"margin-bottom:40px;\">\n <article>\n <h2><a name=\"f41fabaa\" href=\"https:\/\/www.op-online.de\/hessen\/sommerliche-waerme-wetterwende-in-offenbach-hanau-nach-regen-und-frost-kommt-94259413.html\" rel=\"bookmark\" style=\"color:#333333; font-weight:bold;\" title=\"Link zum Artikel auf op-online.de\" target=\"_blank\">Wetterwende in Offenbach und Hanau: Nach Regen und Frost kommt sommerliche W\u00e4rme<\/a><\/h2>\n <div class=\"entry\">\n  <p style=\"margin-bottom:4px;\">\n   <a href=\"https:\/\/www.op-online.de\/hessen\/sommerliche-waerme-wetterwende-in-offenbach-hanau-nach-regen-und-frost-kommt-94259413.html\" target=\"_blank\"><img decoding=\"async\" src=\"https:\/\/www.op-online.de\/assets\/images\/42\/188\/42188228-die-kirschbluete-ist-ein-beliebtes-fotomotiv-im-fruehling-2401.jpg\" style=\"align:left !important; float:left !important; margin-top:4px !important; margin-right:8px !important; margin-bottom:4px !important; width:90px !important;\" \/><\/a>   Tr&uuml;bes Wetter begleitet Offenbach und die Region zum Wochenstart. Aber schon bald lockert es auf und die Sonne zeigt sich wieder.<br clear=\"all\" \/>  <\/p>\n  <div><span class=\"my_article_details\"><time datetime=\"2026-04-13\">13.04.2026<\/time> &middot; <a href=\"\/news\/offenbach-aktuell\" title=\"Offenbach heute aktuell\">Offenbach<\/a> &middot; Wetter &middot; <\/span><a href=\"https:\/\/www.op-online.de\/hessen\/sommerliche-waerme-wetterwende-in-offenbach-hanau-nach-regen-und-frost-kommt-94259413.html\" title=\"Link zum Artikel auf op-online.de\" target=\"_blank\">op-online.de<\/a><\/div>\n  <b><\/b>\n <\/div>\n <\/article>\n<\/div>\n<div class=\"post\" style=\"margin-bottom:40px;\">\n <article>\n <h2><a name=\"9e23b116\" href=\"https:\/\/germania-ober-roden.de\/fluch-gebrochen-germania-siegt-auch-in-walldorf\/\" rel=\"bookmark\" style=\"color:#333333; font-weight:bold;\" title=\"Link zum Artikel auf germania-ober-roden.de\" target=\"_blank\">Fu\u00dfball: Fluch gebrochen \u2013 Germania siegt auch in Walldorf<\/a><\/h2>\n <div class=\"entry\">\n  <p style=\"margin-bottom:4px;\">\n   <a href=\"https:\/\/germania-ober-roden.de\/fluch-gebrochen-germania-siegt-auch-in-walldorf\/\" target=\"_blank\"><img decoding=\"async\" src=\"\/feeds\/gfx\/germania-ober-roden.de.png\" style=\"align:left !important; float:left !important; margin-top:4px !important; margin-right:8px !important; margin-bottom:4px !important; width:90px !important;\" \/><\/a>   Nach f&uuml;nf gl&uuml;cklosen Versuchen gegen die zweite Garde des Hessenligisten verm&ouml;gen wir es, den Bock endlich umzusto&szlig;en. Ein 3:1 Ausw&auml;rtserfolg bedeutet die ersten Z&auml;hler gegen Rot-Wei&szlig; Walldorf II und l&auml;sst unser Punktekonto auf 43 anwachsen. Damit haben wir ...<br clear=\"all\" \/>  <\/p>\n  <div><span class=\"my_article_details\"><time datetime=\"2026-04-13\">13.04.2026<\/time> &middot; Ober-Roden &middot; <\/span><a href=\"https:\/\/germania-ober-roden.de\/fluch-gebrochen-germania-siegt-auch-in-walldorf\/\" title=\"Link zum Artikel auf germania-ober-roden.de\" target=\"_blank\">germania-ober-roden.de<\/a><\/div>\n  <b><\/b>\n <\/div>\n <\/article>\n<\/div>\n<div class=\"post\" style=\"margin-bottom:40px;\">\n <article>\n <h2><a name=\"063a5fdf\" href=\"https:\/\/www.quartier-waldacker.de\/?p=27773\" rel=\"bookmark\" style=\"color:#333333; font-weight:bold;\" title=\"Link zum Artikel auf quartier-waldacker.de\" target=\"_blank\">Waldacker: Radtour nach Gro\u00df\u2011Zimmern und zum Reinheimer Teich (51 km)<\/a><\/h2>\n <div class=\"entry\">\n  <p style=\"margin-bottom:4px;\">\n   <a href=\"https:\/\/www.quartier-waldacker.de\/?p=27773\" target=\"_blank\"><img decoding=\"async\" src=\"\/feeds\/gfx\/quartier-waldacker.de.png\" style=\"align:left !important; float:left !important; margin-top:4px !important; margin-right:8px !important; margin-bottom:4px !important; width:90px !important;\" \/><\/a>   &#x1f324;&#xfe0f; Perfektes Radelwetter am 10. April 2026 Bei gem&uuml;tlichen 14 Grad und einer wolkigen Decke &uuml;ber dem Hessenland startete die Gruppe p&uuml;nktlich um 11 Uhr am Bahnhof Urberach. Eine fr&ouml;hliche Truppe von 20 motivierten Radlerinnen und Radlern versammelte ...<br clear=\"all\" \/>  <\/p>\n  <div><span class=\"my_article_details\"><time datetime=\"2026-04-12\">12.04.2026<\/time> &middot; Urberach &middot; <\/span><a href=\"https:\/\/www.quartier-waldacker.de\/?p=27773\" title=\"Link zum Artikel auf quartier-waldacker.de\" target=\"_blank\">quartier-waldacker.de<\/a><\/div>\n  <b><\/b>\n <\/div>\n <\/article>\n<\/div>\n<div class=\"post\" style=\"margin-bottom:40px;\">\n <article>\n <h2><a name=\"7de7c97f\" href=\"https:\/\/www.op-online.de\/region\/roedermark\/henni-nachtsheim-kehrt-nach-gerd-kebels-tod-auf-die-buehne-zurueck-94257752.html\" rel=\"bookmark\" style=\"color:#333333; font-weight:bold;\" title=\"Link zum Artikel auf op-online.de\" target=\"_blank\">\u201eHabe ich ihm versprochen\u201c \u2013 Gerd Knebels Spirit soll bei B\u00fchnenr\u00fcckkehr von Henni Nachtsheim mit dabei sein<\/a><\/h2>\n <div class=\"entry\">\n  <p style=\"margin-bottom:4px;\">\n   <a href=\"https:\/\/www.op-online.de\/region\/roedermark\/henni-nachtsheim-kehrt-nach-gerd-kebels-tod-auf-die-buehne-zurueck-94257752.html\" target=\"_blank\"><img decoding=\"async\" src=\"https:\/\/www.op-online.de\/assets\/images\/42\/175\/42175869-henni-nachtsheim-stellt-sein-buch-eintracht-frankfurt-eine-liebeserklaerung-im-eintracht-museum-haupttribuene-im-stadion-vorchristoph-boeckheler-28-08-H01.jpg\" style=\"align:left !important; float:left !important; margin-top:4px !important; margin-right:8px !important; margin-bottom:4px !important; width:90px !important;\" \/><\/a>   Der Comedian liest aus seinem Eintracht-Buch in der Kulturhalle R&ouml;dermark. Sein verstorbener Partner Gerd Knebel wird im Geiste mit dabei sein.<br clear=\"all\" \/>  <\/p>\n  <div><span class=\"my_article_details\"><time datetime=\"2026-04-12\">12.04.2026<\/time> &middot; <a href=\"\/news\/roedermark-nachrichten\" title=\"Roedermark Nachrichten\">News<\/a> &middot; <a href=\"\/news\/roedermark-aktuell\" title=\"R\u00f6dermark heute aktuell\">R\u00f6dermark<\/a> &middot; <\/span><a href=\"https:\/\/www.op-online.de\/region\/roedermark\/henni-nachtsheim-kehrt-nach-gerd-kebels-tod-auf-die-buehne-zurueck-94257752.html\" title=\"Link zum Artikel auf op-online.de\" target=\"_blank\">op-online.de<\/a><\/div>\n  <b><\/b>\n <\/div>\n <\/article>\n<\/div>\n<div class=\"post\" style=\"margin-bottom:40px;\">\n <article>\n <h2><a name=\"46328d16\" href=\"https:\/\/www.op-online.de\/region\/roedermark\/darum-verzichtet-die-ts-ober-roden-auf-den-umzug-an-den-waldrand-94257740.html\" rel=\"bookmark\" style=\"color:#333333; font-weight:bold;\" title=\"Link zum Artikel auf op-online.de\" target=\"_blank\">Darum verzichtet die TS Ober-Roden auf den Umzug an den Waldrand<\/a><\/h2>\n <div class=\"entry\">\n  <p style=\"margin-bottom:4px;\">\n   <a href=\"https:\/\/www.op-online.de\/region\/roedermark\/darum-verzichtet-die-ts-ober-roden-auf-den-umzug-an-den-waldrand-94257740.html\" target=\"_blank\"><img decoding=\"async\" src=\"https:\/\/www.op-online.de\/assets\/images\/42\/157\/42157618-die-haeuser-nah-die-waldgrenze-fern-so-bleibt-es-beim-sportgelaende-der-turnerschaft-in-ober-roden-2n8kWmbeDn01.jpg\" style=\"align:left !important; float:left !important; margin-top:4px !important; margin-right:8px !important; margin-bottom:4px !important; width:90px !important;\" \/><\/a>   Die Turnerschaft Ober-Roden saniert ihre bestehenden Anlagen. Der geplante Umzug an den Waldrand scheiterte auch am Geld.<br clear=\"all\" \/>  <\/p>\n  <div><span class=\"my_article_details\"><time datetime=\"2026-04-11\">11.04.2026<\/time> &middot; Ober-Roden &middot; <\/span><a href=\"https:\/\/www.op-online.de\/region\/roedermark\/darum-verzichtet-die-ts-ober-roden-auf-den-umzug-an-den-waldrand-94257740.html\" title=\"Link zum Artikel auf op-online.de\" target=\"_blank\">op-online.de<\/a><\/div>\n  <b><\/b>\n <\/div>\n <\/article>\n<\/div>\n<div class=\"post\" style=\"margin-bottom:40px;\">\n <article>\n <h2><a name=\"39c825aa\" href=\"https:\/\/www.rmv.de\/c\/de\/fahrplan\/verbindungssuche-hinweise\/verkehrsmeldungen?selectedhimid=2161623#content\" rel=\"bookmark\" style=\"color:#333333; font-weight:bold;\" title=\"Link zum Artikel auf rmv.de\" target=\"_blank\">S1, S2: n\u00e4chtliche Teilausf\u00e4lle mit Ersatzverkehr<\/a><\/h2>\n <div class=\"entry\">\n  <p style=\"margin-bottom:4px;\">\n   <a href=\"https:\/\/www.rmv.de\/c\/de\/fahrplan\/verbindungssuche-hinweise\/verkehrsmeldungen?selectedhimid=2161623#content\" target=\"_blank\"><img decoding=\"async\" src=\"\/feeds\/gfx\/rmv.de.jpg\" style=\"align:left !important; float:left !important; margin-top:4px !important; margin-right:8px !important; margin-bottom:4px !important; width:90px !important;\" \/><\/a>   13.04.2026 21:00 - 23.04.2026 04:50 Es kommt in den N&auml;chten 13.-17.04. und 20.-23.04. ab jeweils etwa 22 Uhr zu Teilausf&auml;llen f&uuml;r die S2 zwischen &quot;Offenbach Ost&quot; und Dietzenbach, sp&auml;ter in den N&auml;chten auch f&uuml;r einzelne Fahrten der S1 zwischen &quot;Offenbach Ost&quot; ...<br clear=\"all\" \/>  <\/p>\n  <div><span class=\"my_article_details\"><time datetime=\"2026-04-10\">10.04.2026<\/time> &middot; Ober-Roden &middot; <\/span><a href=\"https:\/\/www.rmv.de\/c\/de\/fahrplan\/verbindungssuche-hinweise\/verkehrsmeldungen?selectedhimid=2161623#content\" title=\"Link zum Artikel auf rmv.de\" target=\"_blank\">rmv.de<\/a><\/div>\n  <b><\/b>\n <\/div>\n <\/article>\n<\/div>\n<div class=\"post\" style=\"margin-bottom:40px;\">\n <article>\n <h2><a name=\"a797f798\" href=\"https:\/\/www.adfc-roedermark.de\/cms_select.php?ID=793\" rel=\"bookmark\" style=\"color:#333333; font-weight:bold;\" title=\"Link zum Artikel auf adfc-roedermark.de\" target=\"_blank\">Radfahren: Montagsradler 10 \/ 2026<\/a><\/h2>\n <div class=\"entry\">\n  <p style=\"margin-bottom:4px;\">\n   <a href=\"https:\/\/www.adfc-roedermark.de\/cms_select.php?ID=793\" target=\"_blank\"><img decoding=\"async\" src=\"\/feeds\/gfx\/adfc-roedermark.de.gif\" style=\"align:left !important; float:left !important; margin-top:4px !important; margin-right:8px !important; margin-bottom:4px !important; width:90px !important;\" \/><\/a>   7 M&auml;nnertour, Trocken bedachte Pause an der Gersprenz ...<br clear=\"all\" \/>  <\/p>\n  <div><span class=\"my_article_details\"><time datetime=\"2026-04-09\">09.04.2026<\/time> &middot; <a href=\"\/news\/roedermark-nachrichten\" title=\"Roedermark Nachrichten\">News<\/a> &middot; <a href=\"\/news\/roedermark-aktuell\" title=\"R\u00f6dermark heute aktuell\">R\u00f6dermark<\/a> &middot; <\/span><a href=\"https:\/\/www.adfc-roedermark.de\/cms_select.php?ID=793\" title=\"Link zum Artikel auf adfc-roedermark.de\" target=\"_blank\">adfc-roedermark.de<\/a><\/div>\n  <b><\/b>\n <\/div>\n <\/article>\n<\/div>\n<div class=\"post\" style=\"margin-bottom:40px;\">\n <article>\n <h2><a name=\"7c18d152\" href=\"https:\/\/www.op-online.de\/offenbach\/wetter-wende-in-offenbach-hanau-schon-in-wenigen-stunden-ist-es-soweit-94254280.html\" rel=\"bookmark\" style=\"color:#333333; font-weight:bold;\" title=\"Link zum Artikel auf op-online.de\" target=\"_blank\">Wetter-Wende in Offenbach und Region \u2013 Schon in wenigen Stunden ist es soweit<\/a><\/h2>\n <div class=\"entry\">\n  <p style=\"margin-bottom:4px;\">\n   <a href=\"https:\/\/www.op-online.de\/offenbach\/wetter-wende-in-offenbach-hanau-schon-in-wenigen-stunden-ist-es-soweit-94254280.html\" target=\"_blank\"><img decoding=\"async\" src=\"https:\/\/www.op-online.de\/assets\/images\/41\/346\/41346555-sonne-wolken-1U01.jpg\" style=\"align:left !important; float:left !important; margin-top:4px !important; margin-right:8px !important; margin-bottom:4px !important; width:90px !important;\" \/><\/a>   In Offenbach, Hanau und dem Rhein-Main-Gebiet war es zuletzt sonnig und mild. Ab Donnerstagabend n&auml;hert sich von Westen feuchtere, k&uuml;hlere Luft. F&uuml;r die Nacht zu Freitag sind Schauer und einzelne Gewitter m&ouml;glich.<br clear=\"all\" \/>  <\/p>\n  <div><span class=\"my_article_details\"><time datetime=\"2026-04-09\">09.04.2026<\/time> &middot; <a href=\"\/news\/offenbach-aktuell\" title=\"Offenbach heute aktuell\">Offenbach<\/a> &middot; Wetter &middot; <\/span><a href=\"https:\/\/www.op-online.de\/offenbach\/wetter-wende-in-offenbach-hanau-schon-in-wenigen-stunden-ist-es-soweit-94254280.html\" title=\"Link zum Artikel auf op-online.de\" target=\"_blank\">op-online.de<\/a><\/div>\n  <b><\/b>\n <\/div>\n <\/article>\n<\/div>\n<div class=\"post\" style=\"margin-bottom:40px;\">\n <article>\n <h2><a name=\"42825086\" href=\"https:\/\/www.op-online.de\/region\/roedermark\/das-indische-restaurant-kohinoor-club-eroeffnet-im-hotel-lindenhof-94253490.html\" rel=\"bookmark\" style=\"color:#333333; font-weight:bold;\" title=\"Link zum Artikel auf op-online.de\" target=\"_blank\">Traditionslokal hei\u00dft nun Kohinoor Club: Im Lindenhof gibt\u2019s jetzt Curry statt Kartoffelgem\u00fcs\u2018<\/a><\/h2>\n <div class=\"entry\">\n  <p style=\"margin-bottom:4px;\">\n   <a href=\"https:\/\/www.op-online.de\/region\/roedermark\/das-indische-restaurant-kohinoor-club-eroeffnet-im-hotel-lindenhof-94253490.html\" target=\"_blank\"><img decoding=\"async\" src=\"https:\/\/www.op-online.de\/assets\/images\/42\/83\/42083647-die-welt-ist-klein-deba-roy-bildmitte-vorne-war-schon-in-den-60er-jahren-der-erste-inder-in-ober-roden-er-heiratete-damals-die-tante-von-steffi-gotta-2r01.jpg\" style=\"align:left !important; float:left !important; margin-top:4px !important; margin-right:8px !important; margin-bottom:4px !important; width:90px !important;\" \/><\/a>   Familie Malhotra aus Neu-Delhi &uuml;bernimmt das traditionsreiche Haus. Die bisherige Besitzerin Steffi Gotta bleibt dem Team erhalten.<br clear=\"all\" \/>  <\/p>\n  <div><span class=\"my_article_details\"><time datetime=\"2026-04-09\">09.04.2026<\/time> &middot; <a href=\"\/news\/roedermark-nachrichten\" title=\"Roedermark Nachrichten\">News<\/a> &middot; <a href=\"\/news\/roedermark-aktuell\" title=\"R\u00f6dermark heute aktuell\">R\u00f6dermark<\/a> &middot; <\/span><a href=\"https:\/\/www.op-online.de\/region\/roedermark\/das-indische-restaurant-kohinoor-club-eroeffnet-im-hotel-lindenhof-94253490.html\" title=\"Link zum Artikel auf op-online.de\" target=\"_blank\">op-online.de<\/a><\/div>\n  <b><\/b>\n <\/div>\n <\/article>\n<\/div>\n<div class=\"post\" style=\"margin-bottom:40px;\">\n <article>\n <h2><a name=\"c2661174\" href=\"https:\/\/www.sternfreundekreisoffenbach.de\/uncategorized\/astronomisches-schuelerpraktikum\/\" rel=\"bookmark\" style=\"color:#333333; font-weight:bold;\" title=\"Link zum Artikel auf sternfreundekreisoffenbach.de\" target=\"_blank\">Astronomie: Astronomisches Sch\u00fclerpraktikum<\/a><\/h2>\n <div class=\"entry\">\n  <p style=\"margin-bottom:4px;\">\n   <a href=\"https:\/\/www.sternfreundekreisoffenbach.de\/uncategorized\/astronomisches-schuelerpraktikum\/\" target=\"_blank\"><img decoding=\"async\" src=\"\/feeds\/gfx\/sternfreundekreisoffenbach.de.jpg\" style=\"align:left !important; float:left !important; margin-top:4px !important; margin-right:8px !important; margin-bottom:4px !important; width:90px !important;\" \/><\/a>   Mitte M&auml;rz &ouml;ffneten wir unsere Sternwarte f&uuml;r die 5. Klassen des Adolf-Reichwein-Gymnasiums im Rahmen ihres Klassenfestes. Auf dem Programm standen ein Tag der Sonnenbeobachtung sowie zwei Beobachtungsn&auml;chte. Am Abend des 17. M&auml;rz spielte das Wetter leider ...<br clear=\"all\" \/>  <\/p>\n  <div><span class=\"my_article_details\"><time datetime=\"2026-04-09\">09.04.2026<\/time> &middot; <a href=\"\/news\/polizeieinsaetze-offenbach-am-main\" title=\"Polizeieins\u00e4tze Offenbach am Main\">Kreis Offenbach<\/a> &middot; <\/span><a href=\"https:\/\/www.sternfreundekreisoffenbach.de\/uncategorized\/astronomisches-schuelerpraktikum\/\" title=\"Link zum Artikel auf sternfreundekreisoffenbach.de\" target=\"_blank\">sternfreundekreisoffenbach.de<\/a><\/div>\n  <b><\/b>\n <\/div>\n <\/article>\n<\/div>\n<div class=\"post\" style=\"margin-bottom:40px;\">\n <article>\n <h2><a name=\"4cf59aaa\" href=\"https:\/\/www.adfc-roedermark.de\/cms_select.php?ID=792\" rel=\"bookmark\" style=\"color:#333333; font-weight:bold;\" title=\"Link zum Artikel auf adfc-roedermark.de\" target=\"_blank\">Radfahren: ADFC TOUR nach Seligenstadt zum Wochenmarkt<\/a><\/h2>\n <div class=\"entry\">\n  <p style=\"margin-bottom:4px;\">\n   <a href=\"https:\/\/www.adfc-roedermark.de\/cms_select.php?ID=792\" target=\"_blank\"><img decoding=\"async\" src=\"\/feeds\/gfx\/adfc-roedermark.de.gif\" style=\"align:left !important; float:left !important; margin-top:4px !important; margin-right:8px !important; margin-bottom:4px !important; width:90px !important;\" \/><\/a>   In der Morgenfrische fuhren 12 Radelfreunde zum Wochenmarkt nach Seligenstadt. Nach Speis und Trank rollte die Gruppe Main-Aufw&auml;rst bis Mainflingen und zur&uuml;ck nach R&ouml;dermark. 45 km Entspannt 120 HM. https:\/\/www.komoot.com\/de-de\/tour\/2879398267<br clear=\"all\" \/>  <\/p>\n  <div><span class=\"my_article_details\"><time datetime=\"2026-04-08\">08.04.2026<\/time> &middot; <a href=\"\/news\/roedermark-nachrichten\" title=\"Roedermark Nachrichten\">News<\/a> &middot; <a href=\"\/news\/roedermark-aktuell\" title=\"R\u00f6dermark heute aktuell\">R\u00f6dermark<\/a> &middot; <\/span><a href=\"https:\/\/www.adfc-roedermark.de\/cms_select.php?ID=792\" title=\"Link zum Artikel auf adfc-roedermark.de\" target=\"_blank\">adfc-roedermark.de<\/a><\/div>\n  <b><\/b>\n <\/div>\n <\/article>\n<\/div>\n<div class=\"post\" style=\"margin-bottom:40px;\">\n <article>\n <h2><a name=\"96b48f1e\" href=\"https:\/\/www.op-online.de\/region\/roedermark\/nach-drohendem-aus-neuer-vorstand-startet-mit-osterferienspielen-94251956.html\" rel=\"bookmark\" style=\"color:#333333; font-weight:bold;\" title=\"Link zum Artikel auf op-online.de\" target=\"_blank\">Nach drohendem Aus: Neuer Vorstand startet mit Osterferienspielen<\/a><\/h2>\n <div class=\"entry\">\n  <p style=\"margin-bottom:4px;\">\n   <a href=\"https:\/\/www.op-online.de\/region\/roedermark\/nach-drohendem-aus-neuer-vorstand-startet-mit-osterferienspielen-94251956.html\" target=\"_blank\"><img decoding=\"async\" src=\"https:\/\/www.op-online.de\/assets\/images\/42\/126\/42126898-ferienspiele-kinder-und-jugendfarm-roedermark-2901.jpg\" style=\"align:left !important; float:left !important; margin-top:4px !important; margin-right:8px !important; margin-bottom:4px !important; width:90px !important;\" \/><\/a>   Die Kinder- und Jugendfarm in Urberach &ouml;ffnet wieder ihre Tore. 15 Kinder erlebten vier spannende Nachmittage mit vielen &Uuml;berraschungen.<br clear=\"all\" \/>  <\/p>\n  <div><span class=\"my_article_details\"><time datetime=\"2026-04-08\">08.04.2026<\/time> &middot; Urberach &middot; <\/span><a href=\"https:\/\/www.op-online.de\/region\/roedermark\/nach-drohendem-aus-neuer-vorstand-startet-mit-osterferienspielen-94251956.html\" title=\"Link zum Artikel auf op-online.de\" target=\"_blank\">op-online.de<\/a><\/div>\n  <b><\/b>\n <\/div>\n <\/article>\n<\/div>\n<div class=\"post\" style=\"margin-bottom:40px;\">\n <article>\n <h2><a name=\"f0d31e50\" href=\"https:\/\/www.kreis-offenbach.de\/Service\/Medienservice\/Aktuelle-Pressemitteilungen\/Br%C3%BCssel-trifft-Berlin.php?object=tx,4013.5.1&ModID=7&FID=4013.3333.1&NavID=4013.211&La=1\" rel=\"bookmark\" style=\"color:#333333; font-weight:bold;\" title=\"Link zum Artikel auf kreis-offenbach.de\" target=\"_blank\">Br\u00fcssel trifft Berlin<\/a><\/h2>\n <div class=\"entry\">\n  <p style=\"margin-bottom:4px;\">\n   <a href=\"https:\/\/www.kreis-offenbach.de\/Service\/Medienservice\/Aktuelle-Pressemitteilungen\/Br%C3%BCssel-trifft-Berlin.php?object=tx,4013.5.1&ModID=7&FID=4013.3333.1&NavID=4013.211&La=1\" target=\"_blank\"><img decoding=\"async\" src=\"\/feeds\/gfx\/kreis-offenbach.de.png\" style=\"align:left !important; float:left !important; margin-top:4px !important; margin-right:8px !important; margin-bottom:4px !important; width:90px !important;\" \/><\/a>   Bildungsurlaub vermittelt Einblicke in EU-Entscheidungsprozesse und Lobbyismus<br clear=\"all\" \/>  <\/p>\n  <div><span class=\"my_article_details\"><time datetime=\"2026-04-08\">08.04.2026<\/time> &middot; <a href=\"\/news\/polizeieinsaetze-offenbach-am-main\" title=\"Polizeieins\u00e4tze Offenbach am Main\">Kreis Offenbach<\/a> &middot; <\/span><a href=\"https:\/\/www.kreis-offenbach.de\/Service\/Medienservice\/Aktuelle-Pressemitteilungen\/Br%C3%BCssel-trifft-Berlin.php?object=tx,4013.5.1&ModID=7&FID=4013.3333.1&NavID=4013.211&La=1\" title=\"Link zum Artikel auf kreis-offenbach.de\" target=\"_blank\">kreis-offenbach.de<\/a><\/div>\n  <b><\/b>\n <\/div>\n <\/article>\n<\/div>\n<div class=\"post\" style=\"margin-bottom:40px;\">\n <article>\n <h2><a name=\"884fd2da\" href=\"https:\/\/www.op-online.de\/region\/rodgau\/der-lions-club-rodgau-roedermark-sammelte-eine-halbe-million-euro-94250276.html\" rel=\"bookmark\" style=\"color:#333333; font-weight:bold;\" title=\"Link zum Artikel auf op-online.de\" target=\"_blank\">Eine halbe Million Euro gesammelt: Lions Club Rodgau-R\u00f6dermark<\/a><\/h2>\n <div class=\"entry\">\n  <p style=\"margin-bottom:4px;\">\n   <a href=\"https:\/\/www.op-online.de\/region\/rodgau\/der-lions-club-rodgau-roedermark-sammelte-eine-halbe-million-euro-94250276.html\" target=\"_blank\"><img decoding=\"async\" src=\"https:\/\/www.op-online.de\/assets\/images\/42\/74\/42074348-auf-dem-weihnachtsmarkt-verkauften-mitglieder-des-lions-club-adventskalender-fuer-den-guten-zweck-2b01.jpg\" style=\"align:left !important; float:left !important; margin-top:4px !important; margin-right:8px !important; margin-bottom:4px !important; width:90px !important;\" \/><\/a>   Seit 1986 unterst&uuml;tzt der Lions Club Rodgau-R&ouml;dermark soziale Projekte. Der Adventskalender ist heute die wichtigste Einnahmequelle des Clubs.<br clear=\"all\" \/>  <\/p>\n  <div><span class=\"my_article_details\"><time datetime=\"2026-04-07\">07.04.2026<\/time> &middot; <a href=\"\/news\/roedermark-nachrichten\" title=\"Roedermark Nachrichten\">News<\/a> &middot; <a href=\"\/news\/roedermark-aktuell\" title=\"R\u00f6dermark heute aktuell\">R\u00f6dermark<\/a> &middot; <\/span><a href=\"https:\/\/www.op-online.de\/region\/rodgau\/der-lions-club-rodgau-roedermark-sammelte-eine-halbe-million-euro-94250276.html\" title=\"Link zum Artikel auf op-online.de\" target=\"_blank\">op-online.de<\/a><\/div>\n  <b><\/b>\n <\/div>\n <\/article>\n<\/div>\n<div class=\"post\" style=\"margin-bottom:40px;\">\n <article>\n <h2><a name=\"1c8bcad4\" href=\"https:\/\/www.op-online.de\/hessen\/vorsicht-kein-april-scherz-in-hessen-wird-es-bis-zu-23-grad-warm-94250322.html\" rel=\"bookmark\" style=\"color:#333333; font-weight:bold;\" title=\"Link zum Artikel auf op-online.de\" target=\"_blank\">Wetter verw\u00f6hnt Menschen in Offenbach und Hanau \u2013 doch Vorsicht ist geboten<\/a><\/h2>\n <div class=\"entry\">\n  <p style=\"margin-bottom:4px;\">\n   <a href=\"https:\/\/www.op-online.de\/hessen\/vorsicht-kein-april-scherz-in-hessen-wird-es-bis-zu-23-grad-warm-94250322.html\" target=\"_blank\"><img decoding=\"async\" src=\"https:\/\/www.op-online.de\/assets\/images\/42\/118\/42118738-der-fruehling-legt-nach-ostern-in-hessen-richtig-los-tagelang-sonne-und-bis-zu-23-grad-1c01.jpg\" style=\"align:left !important; float:left !important; margin-top:4px !important; margin-right:8px !important; margin-bottom:4px !important; width:90px !important;\" \/><\/a>   Sonne, kaum Wind und Temperaturen bis 23 Grad \u2013 der Fr&uuml;hling zeigt sich in Hessen von seiner sch&ouml;nsten Seite. Doch die N&auml;chte haben es noch in sich.<br clear=\"all\" \/>  <\/p>\n  <div><span class=\"my_article_details\"><time datetime=\"2026-04-07\">07.04.2026<\/time> &middot; <a href=\"\/news\/offenbach-aktuell\" title=\"Offenbach heute aktuell\">Offenbach<\/a> &middot; Wetter &middot; <\/span><a href=\"https:\/\/www.op-online.de\/hessen\/vorsicht-kein-april-scherz-in-hessen-wird-es-bis-zu-23-grad-warm-94250322.html\" title=\"Link zum Artikel auf op-online.de\" target=\"_blank\">op-online.de<\/a><\/div>\n  <b><\/b>\n <\/div>\n <\/article>\n<\/div>\n<div class=\"post\" style=\"margin-bottom:40px;\">\n <article>\n <h2><a name=\"dbb972e8\" href=\"https:\/\/www.quartier-waldacker.de\/?p=27735\" rel=\"bookmark\" style=\"color:#333333; font-weight:bold;\" title=\"Link zum Artikel auf quartier-waldacker.de\" target=\"_blank\">Waldacker: Radtour nach Gro\u00dfostheim zur \u201eBlauen Adria\u201c<\/a><\/h2>\n <div class=\"entry\">\n  <p style=\"margin-bottom:4px;\">\n   <a href=\"https:\/\/www.quartier-waldacker.de\/?p=27735\" target=\"_blank\"><img decoding=\"async\" src=\"\/feeds\/gfx\/quartier-waldacker.de.png\" style=\"align:left !important; float:left !important; margin-top:4px !important; margin-right:8px !important; margin-bottom:4px !important; width:90px !important;\" \/><\/a>   Karfreitag, Fisch in Sicht und die Kaffeemaschine streikt Der Karfreitag, 3. April 2026, begann so, wie man es sich f&uuml;r eine Radtour w&uuml;nscht: teilweise bew&ouml;lkt, aber trocken, und mit angenehmen 14 Grad Celsius genau richtig f&uuml;r Menschen, die gern radeln \u2013 und ...<br clear=\"all\" \/>  <\/p>\n  <div><span class=\"my_article_details\"><time datetime=\"2026-04-05\">05.04.2026<\/time> &middot; <a href=\"\/news\/roedermark-nachrichten\" title=\"Roedermark Nachrichten\">News<\/a> &middot; <a href=\"\/news\/roedermark-aktuell\" title=\"R\u00f6dermark heute aktuell\">R\u00f6dermark<\/a> &middot; <\/span><a href=\"https:\/\/www.quartier-waldacker.de\/?p=27735\" title=\"Link zum Artikel auf quartier-waldacker.de\" target=\"_blank\">quartier-waldacker.de<\/a><\/div>\n  <b><\/b>\n <\/div>\n <\/article>\n<\/div>\n<div class=\"post\" style=\"margin-bottom:40px;\">\n <article>\n <h2><a name=\"d3bf579b\" href=\"https:\/\/of-news.de\/dietzenbach\/neuer-standort-neue-gelaender-dietzenbacher-skateranlage-ist-zurueck-167335\/\" rel=\"bookmark\" style=\"color:#333333; font-weight:bold;\" title=\"Link zum Artikel auf of-news.de\" target=\"_blank\">Neuer Standort, neue Gel\u00e4nder: Dietzenbacher Skateranlage ist zur\u00fcck<\/a><\/h2>\n <div class=\"entry\">\n  <p style=\"margin-bottom:4px;\">\n   <a href=\"https:\/\/of-news.de\/dietzenbach\/neuer-standort-neue-gelaender-dietzenbacher-skateranlage-ist-zurueck-167335\/\" target=\"_blank\"><img decoding=\"async\" src=\"\/feeds\/gfx\/of-news.de.png\" style=\"align:left !important; float:left !important; margin-top:4px !important; margin-right:8px !important; margin-bottom:4px !important; width:90px !important;\" \/><\/a>   Die Skateranlage der Kreisstadt Dietzenbach ist innerhalb des Stadtteils Steinberg an einen neuen Standort verlegt worden. Hintergrund ist die geplante Erweiterung der Kl&#xE4;ranlage, durch die die bisherigen Freizeitfl&#xE4;chen nicht mehr genutzt werden ...<br clear=\"all\" \/>  <\/p>\n  <div><span class=\"my_article_details\"><time datetime=\"2026-04-04\">04.04.2026<\/time> &middot; <a href=\"\/news\/offenbach-aktuell\" title=\"Offenbach heute aktuell\">Offenbach<\/a> &middot; Umgebung &middot; <\/span><a href=\"https:\/\/of-news.de\/dietzenbach\/neuer-standort-neue-gelaender-dietzenbacher-skateranlage-ist-zurueck-167335\/\" title=\"Link zum Artikel auf of-news.de\" target=\"_blank\">of-news.de<\/a><\/div>\n  <b><\/b>\n <\/div>\n <\/article>\n<\/div>\n<div class=\"post\" style=\"margin-bottom:40px;\">\n <article>\n <h2><a name=\"84c9b785\" href=\"https:\/\/www.op-online.de\/region\/roedermark\/grundsteuer-und-buerokratie-setzen-dem-gefluegelzuchtverein-urberach-zu-94248472.html\" rel=\"bookmark\" style=\"color:#333333; font-weight:bold;\" title=\"Link zum Artikel auf op-online.de\" target=\"_blank\">Grundsteuer und B\u00fcrokratie setzen dem Gefl\u00fcgelzuchtverein Urberach zu<\/a><\/h2>\n <div class=\"entry\">\n  <p style=\"margin-bottom:4px;\">\n   <a href=\"https:\/\/www.op-online.de\/region\/roedermark\/grundsteuer-und-buerokratie-setzen-dem-gefluegelzuchtverein-urberach-zu-94248472.html\" target=\"_blank\"><img decoding=\"async\" src=\"https:\/\/www.op-online.de\/assets\/images\/42\/85\/42085224-immer-ein-grosses-vergnuegen-fuer-besucher-frisch-geschluepfte-kueken-draengen-sich-unter-der-waermelampe-zusammen-F01.jpg\" style=\"align:left !important; float:left !important; margin-top:4px !important; margin-right:8px !important; margin-bottom:4px !important; width:90px !important;\" \/><\/a>   Der Verein in Urberach k&auml;mpft mit gestiegenen Preisen f&uuml;r Material und Tierhaltung. Zudem erschwert die Satzungs&auml;nderung zur Gemeinn&uuml;tzigkeit die Arbeit.<br clear=\"all\" \/>  <\/p>\n  <div><span class=\"my_article_details\"><time datetime=\"2026-04-04\">04.04.2026<\/time> &middot; Urberach &middot; <\/span><a href=\"https:\/\/www.op-online.de\/region\/roedermark\/grundsteuer-und-buerokratie-setzen-dem-gefluegelzuchtverein-urberach-zu-94248472.html\" title=\"Link zum Artikel auf op-online.de\" target=\"_blank\">op-online.de<\/a><\/div>\n  <b><\/b>\n <\/div>\n <\/article>\n<\/div>\n<div class=\"post\" style=\"margin-bottom:40px;\">\n <article>\n <h2><a name=\"d313e919\" href=\"https:\/\/germania-ober-roden.de\/abendstund-hat-sieg-im-mund\/\" rel=\"bookmark\" style=\"color:#333333; font-weight:bold;\" title=\"Link zum Artikel auf germania-ober-roden.de\" target=\"_blank\">Fu\u00dfball: Abendstund hat Sieg im Mund!<\/a><\/h2>\n <div class=\"entry\">\n  <p style=\"margin-bottom:4px;\">\n   <a href=\"https:\/\/germania-ober-roden.de\/abendstund-hat-sieg-im-mund\/\" target=\"_blank\"><img decoding=\"async\" src=\"\/feeds\/gfx\/germania-ober-roden.de.png\" style=\"align:left !important; float:left !important; margin-top:4px !important; margin-right:8px !important; margin-bottom:4px !important; width:90px !important;\" \/><\/a>   Den entscheidenden Treffer schie&szlig;t der neu in die Startelf ger&uuml;ckte Sascha Ries, der damit sein erstes Pflichtspieltor in zweieinhalb Jahren erzielt. Das letzte war ein 2:1-Siegtreffer im November 2023. Gegner damals: der SC Dortelweil. Am selben Tag war gleichzeitig ...<br clear=\"all\" \/>  <\/p>\n  <div><span class=\"my_article_details\"><time datetime=\"2026-04-03\">03.04.2026<\/time> &middot; <a href=\"\/news\/roedermark-nachrichten\" title=\"Roedermark Nachrichten\">News<\/a> &middot; <a href=\"\/news\/roedermark-aktuell\" title=\"R\u00f6dermark heute aktuell\">R\u00f6dermark<\/a> &middot; <\/span><a href=\"https:\/\/germania-ober-roden.de\/abendstund-hat-sieg-im-mund\/\" title=\"Link zum Artikel auf germania-ober-roden.de\" target=\"_blank\">germania-ober-roden.de<\/a><\/div>\n  <b><\/b>\n <\/div>\n <\/article>\n<\/div>\n<div class=\"post\" style=\"margin-bottom:40px;\">\n <article>\n <h2><a name=\"ff568b29\" href=\"https:\/\/www.op-online.de\/offenbach\/gaeste-bei-der-eroeffnung-des-terminal-am-frankfurter-flughafen-offenbacher-marktbeschicker-dirk-wolff-bewirtet-15-000-94247567.html\" rel=\"bookmark\" style=\"color:#333333; font-weight:bold;\" title=\"Link zum Artikel auf op-online.de\" target=\"_blank\">Offenbacher Marktbeschicker bewirtet 15.000 G\u00e4ste bei der Er\u00f6ffnung des Terminal 3 am Frankfurter Flughafen<\/a><\/h2>\n <div class=\"entry\">\n  <p style=\"margin-bottom:4px;\">\n   <a href=\"https:\/\/www.op-online.de\/offenbach\/gaeste-bei-der-eroeffnung-des-terminal-am-frankfurter-flughafen-offenbacher-marktbeschicker-dirk-wolff-bewirtet-15-000-94247567.html\" target=\"_blank\"><img decoding=\"async\" src=\"https:\/\/www.op-online.de\/assets\/images\/41\/927\/41927190-dirk-wolff-vor-seinem-beliebten-imbissstand-auf-dem-offenbacher-wochenmarkt-201.jpg\" style=\"align:left !important; float:left !important; margin-top:4px !important; margin-right:8px !important; margin-bottom:4px !important; width:90px !important;\" \/><\/a>   Der Offenbacher Marktbeschicker Dirk Wolff bringt zur Er&ouml;ffnung des Terminal 3 am Frankfurter Flughafen gleich drei Wagen auf die Startbahn.<br clear=\"all\" \/>  <\/p>\n  <div><span class=\"my_article_details\"><time datetime=\"2026-04-02\">02.04.2026<\/time> &middot; <a href=\"\/news\/fluglaerm-offenbach-am-main\" title=\"Flugl\u00e4rm Offenbach am Main\">Flughafen<\/a> &middot; Frankfurt &middot; <\/span><a href=\"https:\/\/www.op-online.de\/offenbach\/gaeste-bei-der-eroeffnung-des-terminal-am-frankfurter-flughafen-offenbacher-marktbeschicker-dirk-wolff-bewirtet-15-000-94247567.html\" title=\"Link zum Artikel auf op-online.de\" target=\"_blank\">op-online.de<\/a><\/div>\n  <b><\/b>\n <\/div>\n <\/article>\n<\/div>\n<div class=\"post\" style=\"margin-bottom:40px;\">\n <article>\n <h2><a name=\"cd9c8f06\" href=\"https:\/\/www.op-online.de\/region\/neu-isenburg\/flughafen-frankfurt-terminal-3-eroeffnung-gastronom-andreas-hebeis-neu-isenburg-gaeste-party-94246326.html\" rel=\"bookmark\" style=\"color:#333333; font-weight:bold;\" title=\"Link zum Artikel auf op-online.de\" target=\"_blank\">Gastronom Andreas Hebeis liefert alles f\u00fcr die Terminal-3-Party \u2013 &quot;Ben\u00f6tigen mehr Strom als die Landebahn&quot;<\/a><\/h2>\n <div class=\"entry\">\n  <p style=\"margin-bottom:4px;\">\n   <a href=\"https:\/\/www.op-online.de\/region\/neu-isenburg\/flughafen-frankfurt-terminal-3-eroeffnung-gastronom-andreas-hebeis-neu-isenburg-gaeste-party-94246326.html\" target=\"_blank\"><img decoding=\"async\" src=\"https:\/\/www.op-online.de\/assets\/images\/42\/75\/42075219-andreas-hebeis-ist-veranstaltungsprofi-und-weiss-wie-sich-gaeste-wohlfuehlen-dafuer-sorgt-er-auch-bei-dem-grossen-fraport-event-zur-terminal-G01.jpg\" style=\"align:left !important; float:left !important; margin-top:4px !important; margin-right:8px !important; margin-bottom:4px !important; width:90px !important;\" \/><\/a>   Der Neu-Isenburger Gastronom Andreas Hebeis organisiert die Gastronomie f&uuml;r das Er&ouml;ffnungswochenende des Terminal 3 am Flughafen Frankfurt. Zw&ouml;lf Food-Trucks und 18.000 Tassen Kaffee sind geplant.<br clear=\"all\" \/>  <\/p>\n  <div><span class=\"my_article_details\"><time datetime=\"2026-04-02\">02.04.2026<\/time> &middot; <a href=\"\/news\/fluglaerm-offenbach-am-main\" title=\"Flugl\u00e4rm Offenbach am Main\">Flughafen<\/a> &middot; Frankfurt &middot; <\/span><a href=\"https:\/\/www.op-online.de\/region\/neu-isenburg\/flughafen-frankfurt-terminal-3-eroeffnung-gastronom-andreas-hebeis-neu-isenburg-gaeste-party-94246326.html\" title=\"Link zum Artikel auf op-online.de\" target=\"_blank\">op-online.de<\/a><\/div>\n  <b><\/b>\n <\/div>\n <\/article>\n<\/div>\n<div class=\"post\" style=\"margin-bottom:40px;\">\n <article>\n <h2><a name=\"8f5c2c84\" href=\"https:\/\/www.op-online.de\/region\/roedermark\/kinderbuecher-im-handel-ohne-kaeufer-doch-die-bibliothek-boomt-94246016.html\" rel=\"bookmark\" style=\"color:#333333; font-weight:bold;\" title=\"Link zum Artikel auf op-online.de\" target=\"_blank\">Kinderb\u00fccher im Handel ohne K\u00e4ufer \u2013 doch die Bibliothek boomt<\/a><\/h2>\n <div class=\"entry\">\n  <p style=\"margin-bottom:4px;\">\n   <a href=\"https:\/\/www.op-online.de\/region\/roedermark\/kinderbuecher-im-handel-ohne-kaeufer-doch-die-bibliothek-boomt-94246016.html\" target=\"_blank\"><img decoding=\"async\" src=\"https:\/\/www.op-online.de\/assets\/images\/42\/63\/42063282-buechereileiterin-jenny-roters-mit-dem-ostertisch-fuer-die-allerjuengsten-1101.jpg\" style=\"align:left !important; float:left !important; margin-top:4px !important; margin-right:8px !important; margin-bottom:4px !important; width:90px !important;\" \/><\/a>   Der lokale Buchhandel verzeichnet ein Minus bei Kinderb&uuml;chern. Die Stadtb&uuml;cherei R&ouml;dermark meldet dagegen hohe Ausleihzahlen und regen Ansturm.<br clear=\"all\" \/>  <\/p>\n  <div><span class=\"my_article_details\"><time datetime=\"2026-04-02\">02.04.2026<\/time> &middot; <a href=\"\/news\/roedermark-nachrichten\" title=\"Roedermark Nachrichten\">News<\/a> &middot; <a href=\"\/news\/roedermark-aktuell\" title=\"R\u00f6dermark heute aktuell\">R\u00f6dermark<\/a> &middot; <\/span><a href=\"https:\/\/www.op-online.de\/region\/roedermark\/kinderbuecher-im-handel-ohne-kaeufer-doch-die-bibliothek-boomt-94246016.html\" title=\"Link zum Artikel auf op-online.de\" target=\"_blank\">op-online.de<\/a><\/div>\n  <b><\/b>\n <\/div>\n <\/article>\n<\/div>\n<div class=\"post\" style=\"margin-bottom:40px;\">\n <article>\n <h2><a name=\"2da71866\" href=\"https:\/\/www.kreis-offenbach.de\/Service\/Medienservice\/Aktuelle-Pressemitteilungen\/Als-Mammuts-noch-durch-Seligenstadt-streiften.php?object=tx,4013.5.1&ModID=7&FID=4013.3327.1&NavID=4013.211&La=1\" rel=\"bookmark\" style=\"color:#333333; font-weight:bold;\" title=\"Link zum Artikel auf kreis-offenbach.de\" target=\"_blank\">Als Mammuts noch durch Seligenstadt streiften<\/a><\/h2>\n <div class=\"entry\">\n  <p style=\"margin-bottom:4px;\">\n   <a href=\"https:\/\/www.kreis-offenbach.de\/Service\/Medienservice\/Aktuelle-Pressemitteilungen\/Als-Mammuts-noch-durch-Seligenstadt-streiften.php?object=tx,4013.5.1&ModID=7&FID=4013.3327.1&NavID=4013.211&La=1\" target=\"_blank\"><img decoding=\"async\" src=\"\/feeds\/gfx\/kreis-offenbach.de.png\" style=\"align:left !important; float:left !important; margin-top:4px !important; margin-right:8px !important; margin-bottom:4px !important; width:90px !important;\" \/><\/a>   RegioMuseum bietet Entdeckungstouren f\u00fcr Ferienspielgruppen an<br clear=\"all\" \/>  <\/p>\n  <div><span class=\"my_article_details\"><time datetime=\"2026-04-02\">02.04.2026<\/time> &middot; <a href=\"\/news\/polizeieinsaetze-offenbach-am-main\" title=\"Polizeieins\u00e4tze Offenbach am Main\">Kreis Offenbach<\/a> &middot; <\/span><a href=\"https:\/\/www.kreis-offenbach.de\/Service\/Medienservice\/Aktuelle-Pressemitteilungen\/Als-Mammuts-noch-durch-Seligenstadt-streiften.php?object=tx,4013.5.1&ModID=7&FID=4013.3327.1&NavID=4013.211&La=1\" title=\"Link zum Artikel auf kreis-offenbach.de\" target=\"_blank\">kreis-offenbach.de<\/a><\/div>\n  <b><\/b>\n <\/div>\n <\/article>\n<\/div>\n<div class=\"post\" style=\"margin-bottom:40px;\">\n <article>\n <h2><a name=\"5ea13a33\" href=\"https:\/\/www.op-online.de\/region\/roedermark\/parkhotel-ausziehen-260-gefluechtete-muessen-bis-jahresende-aus-dem-94245916.html\" rel=\"bookmark\" style=\"color:#333333; font-weight:bold;\" title=\"Link zum Artikel auf op-online.de\" target=\"_blank\">260 Gefl\u00fcchtete m\u00fcssen bis Jahresende aus dem Parkhotel ausziehen<\/a><\/h2>\n <div class=\"entry\">\n  <p style=\"margin-bottom:4px;\">\n   <a href=\"https:\/\/www.op-online.de\/region\/roedermark\/parkhotel-ausziehen-260-gefluechtete-muessen-bis-jahresende-aus-dem-94245916.html\" target=\"_blank\"><img decoding=\"async\" src=\"https:\/\/www.op-online.de\/assets\/images\/42\/35\/42035953-startschuss-fuer-die-fluechtlingsunterkunft-im-fruehjahr-2022-carsten-mueller-links-handelte-den-mietvertrag-mit-hoteldirektor-knut-anton-werner-und-2xr62EsyoR01.jpg\" style=\"align:left !important; float:left !important; margin-top:4px !important; margin-right:8px !important; margin-bottom:4px !important; width:90px !important;\" \/><\/a>   Der Kreis Offenbach schlie&szlig;t die Unterkunft im Parkhotel R&ouml;dermark. Die Bewohner brauchen bis Jahresende neue Wohnungen in der Region.<br clear=\"all\" \/>  <\/p>\n  <div><span class=\"my_article_details\"><time datetime=\"2026-04-01\">01.04.2026<\/time> &middot; <a href=\"\/news\/roedermark-nachrichten\" title=\"Roedermark Nachrichten\">News<\/a> &middot; <a href=\"\/news\/roedermark-aktuell\" title=\"R\u00f6dermark heute aktuell\">R\u00f6dermark<\/a> &middot; <\/span><a href=\"https:\/\/www.op-online.de\/region\/roedermark\/parkhotel-ausziehen-260-gefluechtete-muessen-bis-jahresende-aus-dem-94245916.html\" title=\"Link zum Artikel auf op-online.de\" target=\"_blank\">op-online.de<\/a><\/div>\n  <b><\/b>\n <\/div>\n <\/article>\n<\/div>\n<div class=\"post\" style=\"margin-bottom:40px;\">\n <article>\n <h2><a name=\"88c97ca8\" href=\"https:\/\/www.verbraucherzentrale-hessen.de\/node\/118834\" rel=\"bookmark\" style=\"color:#333333; font-weight:bold;\" title=\"Link zum Artikel auf verbraucherzentrale-hessen.de\" target=\"_blank\">Verbraucherzentrale: Eier und Fisch an Ostern<\/a><\/h2>\n <div class=\"entry\">\n  <p style=\"margin-bottom:4px;\">\n   <a href=\"https:\/\/www.verbraucherzentrale-hessen.de\/node\/118834\" target=\"_blank\"><img decoding=\"async\" src=\"\/feeds\/gfx\/verbraucherzentrale-hessen.de.png\" style=\"align:left !important; float:left !important; margin-top:4px !important; margin-right:8px !important; margin-bottom:4px !important; width:90px !important;\" \/><\/a>   Verbraucherzentrale Hessen gibt Tipps f&uuml;r restelosen Genuss<br clear=\"all\" \/>  <\/p>\n  <div><span class=\"my_article_details\"><time datetime=\"2026-04-01\">01.04.2026<\/time> &middot; Hessen &middot; <\/span><a href=\"https:\/\/www.verbraucherzentrale-hessen.de\/node\/118834\" title=\"Link zum Artikel auf verbraucherzentrale-hessen.de\" target=\"_blank\">verbraucherzentrale-hessen.de<\/a><\/div>\n  <b><\/b>\n <\/div>\n <\/article>\n<\/div>\n<div class=\"post\" style=\"margin-bottom:40px;\">\n <article>\n <h2><a name=\"3fe4157e\" href=\"https:\/\/of-news.de\/heusenstamm\/einbrecher-stehlen-schmuck-im-wert-von-40-000-euro-aus-haus-in-heusenstamm-167298\/\" rel=\"bookmark\" style=\"color:#333333; font-weight:bold;\" title=\"Link zum Artikel auf of-news.de\" target=\"_blank\">Einbrecher stehlen Schmuck im Wert von 40.000 Euro aus Haus in Heusenstamm<\/a><\/h2>\n <div class=\"entry\">\n  <p style=\"margin-bottom:4px;\">\n   <a href=\"https:\/\/of-news.de\/heusenstamm\/einbrecher-stehlen-schmuck-im-wert-von-40-000-euro-aus-haus-in-heusenstamm-167298\/\" target=\"_blank\"><img decoding=\"async\" src=\"\/feeds\/gfx\/of-news.de.png\" style=\"align:left !important; float:left !important; margin-top:4px !important; margin-right:8px !important; margin-bottom:4px !important; width:90px !important;\" \/><\/a>   Zwei bislang unbekannte M&#xE4;nner sind am Mittwochmittag in ein Wohnhaus in der Anton-Hermann-Stra&#xDF;e (10er-Hausnummern) eingebrochen und haben hochwertigen Schmuck erbeutet. Nach dem bisherigen Stand der Ermittlungen hatte der Bewohner das Haus gegen ...<br clear=\"all\" \/>  <\/p>\n  <div><span class=\"my_article_details\"><time datetime=\"2026-03-31\">31.03.2026<\/time> &middot; <a href=\"\/news\/offenbach-aktuell\" title=\"Offenbach heute aktuell\">Offenbach<\/a> &middot; <a href=\"\/news\/roedermark-polizeimeldungen\" title=\"Polizeieins\u00e4tze Roedermark\">Polizei<\/a> &middot; Umgebung &middot; <\/span><a href=\"https:\/\/of-news.de\/heusenstamm\/einbrecher-stehlen-schmuck-im-wert-von-40-000-euro-aus-haus-in-heusenstamm-167298\/\" title=\"Link zum Artikel auf of-news.de\" target=\"_blank\">of-news.de<\/a><\/div>\n  <b><\/b>\n <\/div>\n <\/article>\n<\/div>\n<div class=\"post\" style=\"margin-bottom:40px;\">\n <article>\n <h2><a name=\"cc2b3d98\" href=\"https:\/\/www.op-online.de\/region\/roedermark\/maritimer-nachmittag-am-rodaustrand-brechen-die-nordseewellen-94242587.html\" rel=\"bookmark\" style=\"color:#333333; font-weight:bold;\" title=\"Link zum Artikel auf op-online.de\" target=\"_blank\">Maritimer Nachmittag: Wenn am Rodaustrand die Nordseewellen brechen<\/a><\/h2>\n <div class=\"entry\">\n  <p style=\"margin-bottom:4px;\">\n   <a href=\"https:\/\/www.op-online.de\/region\/roedermark\/maritimer-nachmittag-am-rodaustrand-brechen-die-nordseewellen-94242587.html\" target=\"_blank\"><img decoding=\"async\" src=\"https:\/\/www.op-online.de\/assets\/images\/42\/56\/42056847-bunt-gemischt-aus-maennerchor-und-vokalensemble-dazu-mehrfach-verstaerkt-vom-publikum-die-grosse-buehne-fuer-shantys-und-seemannslieder-2n1DXLNWVW01.jpg\" style=\"align:left !important; float:left !important; margin-top:4px !important; margin-right:8px !important; margin-bottom:4px !important; width:90px !important;\" \/><\/a>   Die Lehr'schen Ch&ouml;re begeisterten mit Shantys und Seemannsliedern im Rotahasaal. Regina Wahl leitet die Ch&ouml;re seit drei Jahrzehnten.<br clear=\"all\" \/>  <\/p>\n  <div><span class=\"my_article_details\"><time datetime=\"2026-03-30\">30.03.2026<\/time> &middot; <a href=\"\/news\/roedermark-nachrichten\" title=\"Roedermark Nachrichten\">News<\/a> &middot; <a href=\"\/news\/roedermark-aktuell\" title=\"R\u00f6dermark heute aktuell\">R\u00f6dermark<\/a> &middot; <\/span><a href=\"https:\/\/www.op-online.de\/region\/roedermark\/maritimer-nachmittag-am-rodaustrand-brechen-die-nordseewellen-94242587.html\" title=\"Link zum Artikel auf op-online.de\" target=\"_blank\">op-online.de<\/a><\/div>\n  <b><\/b>\n <\/div>\n <\/article>\n<\/div>\n<div class=\"post\" style=\"margin-bottom:40px;\">\n <article>\n <h2><a name=\"813d08fd\" href=\"https:\/\/www.op-online.de\/region\/roedermark\/videor-warnt-vor-unsichtbarer-ueberwachung-durch-eigene-ki-systeme-94241625.html\" rel=\"bookmark\" style=\"color:#333333; font-weight:bold;\" title=\"Link zum Artikel auf op-online.de\" target=\"_blank\">Architekten digitaler Sicherheit: Videor aus R\u00f6dermark setzt auf KI-gest\u00fctzte Video\u00fcberwachung<\/a><\/h2>\n <div class=\"entry\">\n  <p style=\"margin-bottom:4px;\">\n   <a href=\"https:\/\/www.op-online.de\/region\/roedermark\/videor-warnt-vor-unsichtbarer-ueberwachung-durch-eigene-ki-systeme-94241625.html\" target=\"_blank\"><img decoding=\"async\" src=\"https:\/\/www.op-online.de\/assets\/images\/41\/880\/41880635-thorsten-reichegger-dominik-mizdrak-und-lars-hagenlocher-begutachten-kameratechnik-101.jpg\" style=\"align:left !important; float:left !important; margin-top:4px !important; margin-right:8px !important; margin-bottom:4px !important; width:90px !important;\" \/><\/a>   Das R&ouml;derm&auml;rker Unternehmen Videor entwickelt KI-gest&uuml;tzte Video&uuml;berwachung. Gesch&auml;ftsf&uuml;hrer Lars Hagenlocher sieht aber auch ethische Risiken der Technologie.<br clear=\"all\" \/>  <\/p>\n  <div><span class=\"my_article_details\"><time datetime=\"2026-03-30\">30.03.2026<\/time> &middot; <a href=\"\/news\/roedermark-nachrichten\" title=\"Roedermark Nachrichten\">News<\/a> &middot; <a href=\"\/news\/roedermark-aktuell\" title=\"R\u00f6dermark heute aktuell\">R\u00f6dermark<\/a> &middot; <\/span><a href=\"https:\/\/www.op-online.de\/region\/roedermark\/videor-warnt-vor-unsichtbarer-ueberwachung-durch-eigene-ki-systeme-94241625.html\" title=\"Link zum Artikel auf op-online.de\" target=\"_blank\">op-online.de<\/a><\/div>\n  <b><\/b>\n <\/div>\n <\/article>\n<\/div>\n<div class=\"post\" style=\"margin-bottom:40px;\">\n <article>\n <h2><a name=\"bafdaa60\" href=\"https:\/\/germania-ober-roden.de\/die-ergebnisse-vom-wochenende-2\/\" rel=\"bookmark\" style=\"color:#333333; font-weight:bold;\" title=\"Link zum Artikel auf germania-ober-roden.de\" target=\"_blank\">Fu\u00dfball: Die Ergebnisse vom Wochenende<\/a><\/h2>\n <div class=\"entry\">\n  <p style=\"margin-bottom:4px;\">\n   <a href=\"https:\/\/germania-ober-roden.de\/die-ergebnisse-vom-wochenende-2\/\" target=\"_blank\"><img decoding=\"async\" src=\"\/feeds\/gfx\/germania-ober-roden.de.png\" style=\"align:left !important; float:left !important; margin-top:4px !important; margin-right:8px !important; margin-bottom:4px !important; width:90px !important;\" \/><\/a>   Germania Ober-Roden &#8211; VFR Gro&szlig;-Gerau 2:1 (1:1) Premiere 2026 &#8211; der erste Heimsieg in der Verbandsliga ist da! Nachdem die Pokalschlacht gegen Hessen Kassel bisher den einzigen Triumph auf eigenem Gr&uuml;n darstellte, k&ouml;nnen wir gegen den VfR Gro&szlig;-Gerau ...<br clear=\"all\" \/>  <\/p>\n  <div><span class=\"my_article_details\"><time datetime=\"2026-03-30\">30.03.2026<\/time> &middot; Ober-Roden &middot; <\/span><a href=\"https:\/\/germania-ober-roden.de\/die-ergebnisse-vom-wochenende-2\/\" title=\"Link zum Artikel auf germania-ober-roden.de\" target=\"_blank\">germania-ober-roden.de<\/a><\/div>\n  <b><\/b>\n <\/div>\n <\/article>\n<\/div>\n<div class=\"post\" style=\"margin-bottom:40px;\">\n <article>\n <h2><a name=\"2b59f857\" href=\"https:\/\/www.quartier-waldacker.de\/?p=27701\" rel=\"bookmark\" style=\"color:#333333; font-weight:bold;\" title=\"Link zum Artikel auf quartier-waldacker.de\" target=\"_blank\">Waldacker: Radfahrgruppe auf Schlemmertour (43 km)<\/a><\/h2>\n <div class=\"entry\">\n  <p style=\"margin-bottom:4px;\">\n   <a href=\"https:\/\/www.quartier-waldacker.de\/?p=27701\" target=\"_blank\"><img decoding=\"async\" src=\"\/feeds\/gfx\/quartier-waldacker.de.png\" style=\"align:left !important; float:left !important; margin-top:4px !important; margin-right:8px !important; margin-bottom:4px !important; width:90px !important;\" \/><\/a>   Eine Fr&uuml;hlingsfahrt mit Geschichte, Genuss und guter Laune Der 27. M&auml;rz 2026 begann f&uuml;r dreizehn gut gelaunte Radlerinnen und Radler mit einem Wetter, das man h&ouml;flich als \u201eherausfordernd\u201c bezeichnen k&ouml;nnte: 9 Grad Celsius, teilweise bew&ouml;lkt, trocken \u2013 aber ...<br clear=\"all\" \/>  <\/p>\n  <div><span class=\"my_article_details\"><time datetime=\"2026-03-29\">29.03.2026<\/time> &middot; <a href=\"\/news\/roedermark-nachrichten\" title=\"Roedermark Nachrichten\">News<\/a> &middot; <a href=\"\/news\/roedermark-aktuell\" title=\"R\u00f6dermark heute aktuell\">R\u00f6dermark<\/a> &middot; <\/span><a href=\"https:\/\/www.quartier-waldacker.de\/?p=27701\" title=\"Link zum Artikel auf quartier-waldacker.de\" target=\"_blank\">quartier-waldacker.de<\/a><\/div>\n  <b><\/b>\n <\/div>\n <\/article>\n<\/div>\n<br \/><div style=\"margin-top:15px; margin-bottom:15px; padding:10px; text-align:left; word-wrap:break-word;\"><a name=\"umgebung\"><\/a><h2 style=\"margin:0px; margin-bottom:20px;\">Nachrichten aus dem Kreis Offenbach<\/h2><div class=\"post\"><article><div class=\"entry\"><p>Falls dich eher die an&shy;de&shy;ren St\u00e4dte des Kreis Offenbach interes&shy;sie&shy;ren, gelangst du mit Hilfe der folgenden Links jeweils direkt zu deren aktuell&shy;sten Nach&shy;rich&shy;ten.<\/p><ul><li><a href=\"\/news\/dietzenbach-nachrichten\">Dietzenbach Nachrichten<\/a><\/li><li><a href=\"\/news\/dreieich-nachrichten\">Dreieich Nachrichten<\/a><\/li><li><a href=\"\/news\/egelsbach-nachrichten\">Egelsbach Nachrichten<\/a><\/li><li><a href=\"\/news\/hainburg-nachrichten\">Hainburg Nachrichten<\/a><\/li><li><a href=\"\/news\/heusenstamm-nachrichten\">Heusenstamm Nachrichten<\/a><\/li><li><a href=\"\/news\/langen-nachrichten\">Langen Nachrichten<\/a><\/li><li><a href=\"\/news\/mainhausen-nachrichten\">Mainhausen Nachrichten<\/a><\/li><li><a href=\"\/news\/muehlheim-nachrichten\">M\u00fchlheim Nachrichten<\/a><\/li><li><a href=\"\/news\/neu-isenburg-nachrichten\">Neu-Isenburg Nachrichten<\/a><\/li><li><a href=\"\/news\/obertshausen-nachrichten\">Obertshausen Nachrichten<\/a><\/li><li><a href=\"\/news\/offenbach-nachrichten\">Offenbach Nachrichten<\/a><\/li><li><a href=\"\/news\/rodgau-nachrichten\">Rodgau Nachrichten<\/a><\/li><li><a href=\"\/news\/seligenstadt-nachrichten\">Seligenstadt Nachrichten<\/a><\/li><\/ul><p>Ansonsten lies doch einfach in unserem <a href=\"\/news\/blog\" title=\"Heusenstamm Blog\">Blog<\/a> weiter! Dort findest du weitere Informationen mit regionalem Fokus.<\/p><\/div><\/article><\/div><\/div>\n\n","protected":false},"excerpt":{"rendered":"","protected":false},"author":4,"featured_media":11527,"parent":0,"menu_order":43,"comment_status":"closed","ping_status":"closed","template":"","meta":{"footnotes":""},"categories":[479],"tags":[498,152,461,506,469,470,458],"class_list":["post-4868","page","type-page","status-publish","has-post-thumbnail","hentry","category-nachrichten","tag-kreis-offenbach","tag-nachrichten","tag-news","tag-of","tag-presse","tag-regional","tag-roedermark"],"_links":{"self":[{"href":"https:\/\/www.heusenstaemmchen.de\/news\/wp-json\/wp\/v2\/pages\/4868","targetHints":{"allow":["GET"]}}],"collection":[{"href":"https:\/\/www.heusenstaemmchen.de\/news\/wp-json\/wp\/v2\/pages"}],"about":[{"href":"https:\/\/www.heusenstaemmchen.de\/news\/wp-json\/wp\/v2\/types\/page"}],"author":[{"embeddable":true,"href":"https:\/\/www.heusenstaemmchen.de\/news\/wp-json\/wp\/v2\/users\/4"}],"replies":[{"embeddable":true,"href":"https:\/\/www.heusenstaemmchen.de\/news\/wp-json\/wp\/v2\/comments?post=4868"}],"version-history":[{"count":4,"href":"https:\/\/www.heusenstaemmchen.de\/news\/wp-json\/wp\/v2\/pages\/4868\/revisions"}],"predecessor-version":[{"id":13724,"href":"https:\/\/www.heusenstaemmchen.de\/news\/wp-json\/wp\/v2\/pages\/4868\/revisions\/13724"}],"wp:featuredmedia":[{"embeddable":true,"href":"https:\/\/www.heusenstaemmchen.de\/news\/wp-json\/wp\/v2\/media\/11527"}],"wp:attachment":[{"href":"https:\/\/www.heusenstaemmchen.de\/news\/wp-json\/wp\/v2\/media?parent=4868"}],"wp:term":[{"taxonomy":"category","embeddable":true,"href":"https:\/\/www.heusenstaemmchen.de\/news\/wp-json\/wp\/v2\/categories?post=4868"},{"taxonomy":"post_tag","embeddable":true,"href":"https:\/\/www.heusenstaemmchen.de\/news\/wp-json\/wp\/v2\/tags?post=4868"}],"curies":[{"name":"wp","href":"https:\/\/api.w.org\/{rel}","templated":true}]}}