{"id":4861,"date":"2024-06-23T15:47:05","date_gmt":"2024-06-23T13:47:05","guid":{"rendered":"http:\/\/www.heusenstaemmchen.de\/blog\/?page_id=4861"},"modified":"2026-01-24T10:57:20","modified_gmt":"2026-01-24T09:57:20","slug":"dietzenbach-nachrichten","status":"publish","type":"page","link":"https:\/\/www.heusenstaemmchen.de\/news\/dietzenbach-nachrichten","title":{"rendered":"Dietzenbach News: Aktuelle Nachrichten"},"content":{"rendered":"<div class=\"post\" style=\"margin-bottom:40px;\">\n <article>\n <h2><a name=\"dc40c770\" href=\"https:\/\/www.evo-ag.de\/presse\/pressemitteilungen\/details\/stromausfall-in-heusenstamm\" rel=\"bookmark\" style=\"color:#333333; font-weight:bold;\" title=\"Link zum Artikel auf evo-ag.de\" target=\"_blank\">EVO: Stromausfall in Heusenstamm<\/a><\/h2>\n <div class=\"entry\">\n  <p style=\"margin-bottom:4px;\">\n   <a href=\"https:\/\/www.evo-ag.de\/presse\/pressemitteilungen\/details\/stromausfall-in-heusenstamm\" target=\"_blank\"><img decoding=\"async\" src=\"\/feeds\/gfx\/evo-ag.de.png\" style=\"align:left !important; float:left !important; margin-top:4px !important; margin-right:8px !important; margin-bottom:4px !important; width:90px !important;\" \/><\/a>   HEUSENSTAMM, 30. April 2026. Heute Nacht ist es in gro\u00dfen Teilen von Heusenstamm zu einem Stromausfall gekommen. Ausgefallen waren insgesamt 15 Stationen, betroffen waren B\u00fcrgerinnen und B\u00fcrger etwa an der Frankfurter Stra\u00dfe, an der Jahnstra\u00dfe und ...<br clear=\"all\" \/>  <\/p>\n  <div><span class=\"my_article_details\"><time datetime=\"2026-04-30\">30.04.2026<\/time> &middot; Energie &middot; <a href=\"\/news\/offenbach-aktuell\" title=\"Offenbach heute aktuell\">Offenbach<\/a> &middot; <\/span><a href=\"https:\/\/www.evo-ag.de\/presse\/pressemitteilungen\/details\/stromausfall-in-heusenstamm\" title=\"Link zum Artikel auf evo-ag.de\" target=\"_blank\">evo-ag.de<\/a><\/div>\n  <b><\/b>\n <\/div>\n <\/article>\n<\/div>\n<div class=\"post\" style=\"margin-bottom:40px;\">\n <article>\n <h2><a name=\"35b0f81a\" href=\"https:\/\/www.op-online.de\/region\/dietzenbach\/das-restaurant-sherin-serviert-afghanische-hausrezepte-in-dietzenbach-94285278.html\" rel=\"bookmark\" style=\"color:#333333; font-weight:bold;\" title=\"Link zum Artikel auf op-online.de\" target=\"_blank\">Neues Restaurant Sherin in Dietzenbach serviert in ehemaligem Weinladen afghanische und indische Hausrezepte<\/a><\/h2>\n <div class=\"entry\">\n  <p style=\"margin-bottom:4px;\">\n   <a href=\"https:\/\/www.op-online.de\/region\/dietzenbach\/das-restaurant-sherin-serviert-afghanische-hausrezepte-in-dietzenbach-94285278.html\" target=\"_blank\"><img decoding=\"async\" src=\"https:\/\/www.op-online.de\/assets\/images\/42\/392\/42392618-kulinarische-fernreise-abdullah-safi-und-seine-frau-sherin-loudin-bieten-im-sherin-ihre-selbstkreierten-rezepte-an-inspiriert-von-der-afghanischen-und-3E01.jpg\" style=\"align:left !important; float:left !important; margin-top:4px !important; margin-right:8px !important; margin-bottom:4px !important; width:90px !important;\" \/><\/a>   Abdullah Safi und Sherin Loudin haben die Weinbar \u201eDa Noi\u201c in Dietzenbach in ein Restaurant verwandelt. Sie servieren afghanische und indische Gerichte.<br clear=\"all\" \/>  <\/p>\n  <div><span class=\"my_article_details\"><time datetime=\"2026-04-30\">30.04.2026<\/time> &middot; <a href=\"\/news\/dietzenbach-aktuell\" title=\"Dietzenbach heute aktuell\">Dietzenbach<\/a> &middot; <a href=\"\/news\/dietzenbach-nachrichten\" title=\"Dietzenbach Nachrichten\">News<\/a> &middot; <\/span><a href=\"https:\/\/www.op-online.de\/region\/dietzenbach\/das-restaurant-sherin-serviert-afghanische-hausrezepte-in-dietzenbach-94285278.html\" title=\"Link zum Artikel auf op-online.de\" target=\"_blank\">op-online.de<\/a><\/div>\n  <b><\/b>\n <\/div>\n <\/article>\n<\/div>\n<div class=\"post\" style=\"margin-bottom:40px;\">\n <article>\n <h2><a name=\"595abdcd\" href=\"https:\/\/www.op-online.de\/region\/dietzenbach\/gruene-gehen-bei-ausschussvorsitzen-leer-aus-vorwurf-der-strafaktion-94285403.html\" rel=\"bookmark\" style=\"color:#333333; font-weight:bold;\" title=\"Link zum Artikel auf op-online.de\" target=\"_blank\">Streit \u00fcber Aussch\u00fcsse im Kreistag<\/a><\/h2>\n <div class=\"entry\">\n  <p style=\"margin-bottom:4px;\">\n   <a href=\"https:\/\/www.op-online.de\/region\/dietzenbach\/gruene-gehen-bei-ausschussvorsitzen-leer-aus-vorwurf-der-strafaktion-94285403.html\" target=\"_blank\"><img decoding=\"async\" src=\"https:\/\/www.op-online.de\/assets\/images\/42\/400\/42400817-kreisausschuss-kreis-offenbach-3g01.jpg\" style=\"align:left !important; float:left !important; margin-top:4px !important; margin-right:8px !important; margin-bottom:4px !important; width:90px !important;\" \/><\/a>   Die schwarz-rote Koalition besetzt alle Ausschussvorsitze selbst. Die Gr&uuml;nen im Kreistag lehnen die Vergr&ouml;&szlig;erung des Kreisausschusses ab.<br clear=\"all\" \/>  <\/p>\n  <div><span class=\"my_article_details\"><time datetime=\"2026-04-29\">29.04.2026<\/time> &middot; <a href=\"\/news\/dietzenbach-aktuell\" title=\"Dietzenbach heute aktuell\">Dietzenbach<\/a> &middot; <a href=\"\/news\/dietzenbach-nachrichten\" title=\"Dietzenbach Nachrichten\">News<\/a> &middot; <\/span><a href=\"https:\/\/www.op-online.de\/region\/dietzenbach\/gruene-gehen-bei-ausschussvorsitzen-leer-aus-vorwurf-der-strafaktion-94285403.html\" title=\"Link zum Artikel auf op-online.de\" target=\"_blank\">op-online.de<\/a><\/div>\n  <b><\/b>\n <\/div>\n <\/article>\n<\/div>\n<div class=\"post\" style=\"margin-bottom:40px;\">\n <article>\n <h2><a name=\"9020daf7\" href=\"https:\/\/www.hessenschau.de\/panorama\/durchsuchungen-im-kreis-offenbach-razzia-gegen-internationale-geldwaescherbande-v1,geldwaesche-razzia-100.html\" rel=\"bookmark\" style=\"color:#333333; font-weight:bold;\" title=\"Link zum Artikel auf hessenschau.de\" target=\"_blank\">Durchsuchungen im Kreis Offenbach: Razzia gegen internationale Geldw\u00e4scherbande<\/a><\/h2>\n <div class=\"entry\">\n  <p style=\"margin-bottom:4px;\">\n   <a href=\"https:\/\/www.hessenschau.de\/panorama\/durchsuchungen-im-kreis-offenbach-razzia-gegen-internationale-geldwaescherbande-v1,geldwaesche-razzia-100.html\" target=\"_blank\"><img decoding=\"async\" src=\"https:\/\/www.hessenschau.de\/panorama\/razzia-geldwaesche-100~_t-1777473601035_v-16to9.jpg\" style=\"align:left !important; float:left !important; margin-top:4px !important; margin-right:8px !important; margin-bottom:4px !important; width:90px !important;\" \/><\/a>   Mit Durchsuchungen unter anderem im Kreis Offenbach ist die Polizei gegen eine mutma&szlig;liche Geldw&auml;scherbande vorgegangen. Sie soll f&uuml;r eine chinesische Organisation Bargeldsummen im Millionenbereich verschoben haben. ...<br clear=\"all\" \/>  <\/p>\n  <div><span class=\"my_article_details\"><time datetime=\"2026-04-29\">29.04.2026<\/time> &middot; <a href=\"\/news\/polizeieinsaetze-offenbach-am-main\" title=\"Polizeieins\u00e4tze Offenbach am Main\">Kreis Offenbach<\/a> &middot; <a href=\"\/news\/dietzenbach-polizeimeldungen\" title=\"Polizeieins\u00e4tze Dietzenbach\">Polizei<\/a> &middot; <\/span><a href=\"https:\/\/www.hessenschau.de\/panorama\/durchsuchungen-im-kreis-offenbach-razzia-gegen-internationale-geldwaescherbande-v1,geldwaesche-razzia-100.html\" title=\"Link zum Artikel auf hessenschau.de\" target=\"_blank\">hessenschau.de<\/a><\/div>\n  <b><\/b>\n <\/div>\n <\/article>\n<\/div>\n<div class=\"post\" style=\"margin-bottom:40px;\">\n <article>\n <h2><a name=\"128af539\" href=\"https:\/\/www.fr.de\/rhein-main\/landespolitik\/afd-wird-wegen-kritik-am-frankfurter-flughafen-scharf-angegriffen-94285047.html\" rel=\"bookmark\" style=\"color:#333333; font-weight:bold;\" title=\"Link zum Artikel auf fr.de\" target=\"_blank\">AfD wird wegen Kritik am Frankfurter Flughafen scharf angegriffen<\/a><\/h2>\n <div class=\"entry\">\n  <p style=\"margin-bottom:4px;\">\n   <a href=\"https:\/\/www.fr.de\/rhein-main\/landespolitik\/afd-wird-wegen-kritik-am-frankfurter-flughafen-scharf-angegriffen-94285047.html\" target=\"_blank\"><img decoding=\"async\" src=\"https:\/\/www.fr.de\/assets\/images\/42\/306\/42306005-frankfurt-22-04-2026-flughafen-terminal-auf-der-suedseite-des-airports-mit-einem-offiziellen-festakt-in-der-markthalle-eroeffnet-die-fraport-ag-eines-Z01.jpg\" style=\"align:left !important; float:left !important; margin-top:4px !important; margin-right:8px !important; margin-bottom:4px !important; width:90px !important;\" \/><\/a>   Die demokratischen Fraktionen werfen der AfD vor, den Wirtschaftsstandort zu sch&auml;digen. Auch die Gr&uuml;nen &uuml;ben Kritik am Terminal.<br clear=\"all\" \/>  <\/p>\n  <div><span class=\"my_article_details\"><time datetime=\"2026-04-29\">29.04.2026<\/time> &middot; <a href=\"\/news\/fluglaerm-offenbach-am-main\" title=\"Flugl\u00e4rm Offenbach am Main\">Flughafen<\/a> &middot; Frankfurt &middot; <\/span><a href=\"https:\/\/www.fr.de\/rhein-main\/landespolitik\/afd-wird-wegen-kritik-am-frankfurter-flughafen-scharf-angegriffen-94285047.html\" title=\"Link zum Artikel auf fr.de\" target=\"_blank\">fr.de<\/a><\/div>\n  <b><\/b>\n <\/div>\n <\/article>\n<\/div>\n<div class=\"post\" style=\"margin-bottom:40px;\">\n <article>\n <h2><a name=\"5e41c9f4\" href=\"https:\/\/www.rheinmainverlag.de\/2026\/04\/29\/brennendes-waldstueck-in-dietzenbach-verdacht-der-brandstiftung\/\" rel=\"bookmark\" style=\"color:#333333; font-weight:bold;\" title=\"Link zum Artikel auf rheinmainverlag.de\" target=\"_blank\">Brennendes Waldst\u00fcck in Dietzenbach: Verdacht der Brandstiftung<\/a><\/h2>\n <div class=\"entry\">\n  <p style=\"margin-bottom:4px;\">\n   <a href=\"https:\/\/www.rheinmainverlag.de\/2026\/04\/29\/brennendes-waldstueck-in-dietzenbach-verdacht-der-brandstiftung\/\" target=\"_blank\"><img decoding=\"async\" src=\"\/feeds\/gfx\/rheinmainverlag.de.png\" style=\"align:left !important; float:left !important; margin-top:4px !important; margin-right:8px !important; margin-bottom:4px !important; width:90px !important;\" \/><\/a>   Am Dienstagabend gegen 18 Uhr erhielt die Polizei die Mitteilung &uuml;ber ein brennendes Waldst&uuml;ck im Bereich der Waldstra&szlig;e (20er-Hausnummern) in Dietzenbach. Vor Ort stellten die ebenfalls alarmierte Feuerwehr und die Ordnungsh&uuml;ter dann ein mehrere Quadratmeter ...<br clear=\"all\" \/>  <\/p>\n  <div><span class=\"my_article_details\"><time datetime=\"2026-04-29\">29.04.2026<\/time> &middot; <a href=\"\/news\/braende-offenbach-am-main\" title=\"Br\u00e4nde Offenbach am Main\">Brand<\/a> &middot; <a href=\"\/news\/dietzenbach-aktuell\" title=\"Dietzenbach heute aktuell\">Dietzenbach<\/a> &middot; <a href=\"\/news\/braende-offenbach-am-main\" title=\"Br\u00e4nde Offenbach am Main\">Feuerwehr<\/a> &middot; <a href=\"\/news\/dietzenbach-nachrichten\" title=\"Dietzenbach Nachrichten\">News<\/a> &middot; <\/span><a href=\"https:\/\/www.rheinmainverlag.de\/2026\/04\/29\/brennendes-waldstueck-in-dietzenbach-verdacht-der-brandstiftung\/\" title=\"Link zum Artikel auf rheinmainverlag.de\" target=\"_blank\">rheinmainverlag.de<\/a><\/div>\n  <b><\/b>\n <\/div>\n <\/article>\n<\/div>\n<div class=\"post\" style=\"margin-bottom:40px;\">\n <article>\n <h2><a name=\"ded12e5a\" href=\"https:\/\/www.dietzenbach.de\/index.php?ModID=255&FID=3651.29003.1&object=tx%2C3651.6\" rel=\"bookmark\" style=\"color:#333333; font-weight:bold;\" title=\"Link zum Artikel auf dietzenbach.de\" target=\"_blank\">Dietzenbach: Baustelle auf Jungfernwingertstra\u00dfe \/ Am Wingertsberg<\/a><\/h2>\n <div class=\"entry\">\n  <p style=\"margin-bottom:4px;\">\n   <a href=\"https:\/\/www.dietzenbach.de\/index.php?ModID=255&FID=3651.29003.1&object=tx%2C3651.6\" target=\"_blank\"><img decoding=\"async\" src=\"\/feeds\/gfx\/dietzenbach.de.png\" style=\"align:left !important; float:left !important; margin-top:4px !important; margin-right:8px !important; margin-bottom:4px !important; width:90px !important;\" \/><\/a>   Umleitung wird ausgeschildert In Dietzenbach kommt es im Zeitraum vom 04. Mai bis einschlie&szlig;lich 28. Mai 2026 zu Verkehrsbeeintr&auml;chtigungen im Bereich der Jungfernwingertstra&szlig;e auf H&ouml;he der Kreuzung &bdquo;Am Wingertsberg&ldquo;. Grund f&uuml;r die Ma&szlig;nahme . ...<br clear=\"all\" \/>  <\/p>\n  <div><span class=\"my_article_details\"><time datetime=\"2026-04-29\">29.04.2026<\/time> &middot; <a href=\"\/news\/dietzenbach-aktuell\" title=\"Dietzenbach heute aktuell\">Dietzenbach<\/a> &middot; <a href=\"\/news\/dietzenbach-nachrichten\" title=\"Dietzenbach Nachrichten\">News<\/a> &middot; <\/span><a href=\"https:\/\/www.dietzenbach.de\/index.php?ModID=255&FID=3651.29003.1&object=tx%2C3651.6\" title=\"Link zum Artikel auf dietzenbach.de\" target=\"_blank\">dietzenbach.de<\/a><\/div>\n  <b><\/b>\n <\/div>\n <\/article>\n<\/div>\n<div class=\"post\" style=\"margin-bottom:40px;\">\n <article>\n <h2><a name=\"b9c7c057\" href=\"https:\/\/www.dietzenbach.de\/index.php?ModID=255&FID=3651.29002.1&object=tx%2C3651.6\" rel=\"bookmark\" style=\"color:#333333; font-weight:bold;\" title=\"Link zum Artikel auf dietzenbach.de\" target=\"_blank\">Dietzenbach: Vorlesewettbewerb in der Stadtb\u00fccherei<\/a><\/h2>\n <div class=\"entry\">\n  <p style=\"margin-bottom:4px;\">\n   <a href=\"https:\/\/www.dietzenbach.de\/index.php?ModID=255&FID=3651.29002.1&object=tx%2C3651.6\" target=\"_blank\"><img decoding=\"async\" src=\"\/feeds\/gfx\/dietzenbach.de.png\" style=\"align:left !important; float:left !important; margin-top:4px !important; margin-right:8px !important; margin-bottom:4px !important; width:90px !important;\" \/><\/a>   Strahlende Stadtsieger: Auszeichnung der besten Vorleser Nach gro&szlig;er Aufregung und konzentriertem Vorlesen herrschte Stolz bei den jungen Leseratten: Am 22. April 2026 hatte die Stiftung Sparkasse Langen-Seligenstadt erneut zum Vorlesewettbewerb in ...<br clear=\"all\" \/>  <\/p>\n  <div><span class=\"my_article_details\"><time datetime=\"2026-04-29\">29.04.2026<\/time> &middot; <a href=\"\/news\/dietzenbach-aktuell\" title=\"Dietzenbach heute aktuell\">Dietzenbach<\/a> &middot; <a href=\"\/news\/dietzenbach-nachrichten\" title=\"Dietzenbach Nachrichten\">News<\/a> &middot; <\/span><a href=\"https:\/\/www.dietzenbach.de\/index.php?ModID=255&FID=3651.29002.1&object=tx%2C3651.6\" title=\"Link zum Artikel auf dietzenbach.de\" target=\"_blank\">dietzenbach.de<\/a><\/div>\n  <b><\/b>\n <\/div>\n <\/article>\n<\/div>\n<div class=\"post\" style=\"margin-bottom:40px;\">\n <article>\n <h2><a name=\"945f4236\" href=\"https:\/\/www.op-online.de\/region\/dietzenbach\/schwarz-rot-erweitert-magistrat-und-ausschuesse-in-dietzenbach-94283232.html\" rel=\"bookmark\" style=\"color:#333333; font-weight:bold;\" title=\"Link zum Artikel auf op-online.de\" target=\"_blank\">Schwarz-Rot erweitert Magistrat und Aussch\u00fcsse<\/a><\/h2>\n <div class=\"entry\">\n  <p style=\"margin-bottom:4px;\">\n   <a href=\"https:\/\/www.op-online.de\/region\/dietzenbach\/schwarz-rot-erweitert-magistrat-und-ausschuesse-in-dietzenbach-94283232.html\" target=\"_blank\"><img decoding=\"async\" src=\"https:\/\/www.op-online.de\/assets\/images\/42\/382\/42382852-dietzenbacher-stadtverordnetenversammlung-H01.jpg\" style=\"align:left !important; float:left !important; margin-top:4px !important; margin-right:8px !important; margin-bottom:4px !important; width:90px !important;\" \/><\/a>   Konstituierende Sitzung der Stadtverordnetenversammlung in Dietzenbach: Die neue Koalition aus CDU und SPD stockt den Magistrat und die Aussch&uuml;sse auf.<br clear=\"all\" \/>  <\/p>\n  <div><span class=\"my_article_details\"><time datetime=\"2026-04-29\">29.04.2026<\/time> &middot; <a href=\"\/news\/dietzenbach-aktuell\" title=\"Dietzenbach heute aktuell\">Dietzenbach<\/a> &middot; <a href=\"\/news\/dietzenbach-nachrichten\" title=\"Dietzenbach Nachrichten\">News<\/a> &middot; <\/span><a href=\"https:\/\/www.op-online.de\/region\/dietzenbach\/schwarz-rot-erweitert-magistrat-und-ausschuesse-in-dietzenbach-94283232.html\" title=\"Link zum Artikel auf op-online.de\" target=\"_blank\">op-online.de<\/a><\/div>\n  <b><\/b>\n <\/div>\n <\/article>\n<\/div>\n<div class=\"post\" style=\"margin-bottom:40px;\">\n <article>\n <h2><a name=\"e8bc80a8\" href=\"https:\/\/www.presseportal.de\/blaulicht\/pm\/43561\/6265271\" rel=\"bookmark\" style=\"color:#333333; font-weight:bold;\" title=\"Link zum Artikel auf presseportal.de\" target=\"_blank\">Polizei Offenbach am Main: Pressemeldungen vom 29.04.2026<\/a><\/h2>\n <div class=\"entry\">\n  <p style=\"margin-bottom:4px;\">\n   <a href=\"https:\/\/www.presseportal.de\/blaulicht\/pm\/43561\/6265271\" target=\"_blank\"><img decoding=\"async\" src=\"\/feeds\/gfx\/POL-OF.jpg\" style=\"align:left !important; float:left !important; margin-top:4px !important; margin-right:8px !important; margin-bottom:4px !important; width:90px !important;\" \/><\/a>   ... <b>7. Verdacht der Brandstiftung: Polizei hat Ermittlungen aufgenommen - Dietzenbach<\/b>   (me) Am Dienstagabend gegen 18 Uhr erhielt die Polizei die Mitteilung \u00fcber ein brennendes Waldst\u00fcck im Bereich der Waldstra\u00dfe (20er-Hausnummern). Vor Ort stellten die ebenfalls alarmierte Feuerwehr und die Ordnungsh\u00fcter dann ein mehrere Quadratmeter gro\u00dfes ...<br clear=\"all\" \/>  <\/p>\n  <div><span class=\"my_article_details\"><time datetime=\"2026-04-29\">29.04.2026<\/time> &middot; <a href=\"\/news\/braende-offenbach-am-main\" title=\"Br\u00e4nde Offenbach am Main\">Brand<\/a> &middot; <a href=\"\/news\/dietzenbach-aktuell\" title=\"Dietzenbach heute aktuell\">Dietzenbach<\/a> &middot; <a href=\"\/news\/braende-offenbach-am-main\" title=\"Br\u00e4nde Offenbach am Main\">Feuerwehr<\/a> &middot; <a href=\"\/news\/dietzenbach-polizeimeldungen\" title=\"Polizeieins\u00e4tze Dietzenbach\">Polizei<\/a> &middot; <\/span><a href=\"https:\/\/www.presseportal.de\/blaulicht\/pm\/43561\/6265271\" title=\"Link zum Artikel auf presseportal.de\" target=\"_blank\">presseportal.de<\/a><\/div>\n  <b><\/b>\n <\/div>\n <\/article>\n<\/div>\n<div class=\"post\" style=\"margin-bottom:40px;\">\n <article>\n <h2><a name=\"8d9558a0\" href=\"https:\/\/www.kreis-offenbach.de\/Service\/Medienservice\/Aktuelle-Pressemitteilungen\/Kreisverwaltung-ist-familienfreundlicher-Arbeitgeber.php?object=tx,4013.5.1&ModID=7&FID=4013.3403.1&NavID=4013.211&La=1\" rel=\"bookmark\" style=\"color:#333333; font-weight:bold;\" title=\"Link zum Artikel auf kreis-offenbach.de\" target=\"_blank\">Kreisverwaltung ist familienfreundlicher Arbeitgeber<\/a><\/h2>\n <div class=\"entry\">\n  <p style=\"margin-bottom:4px;\">\n   <a href=\"https:\/\/www.kreis-offenbach.de\/Service\/Medienservice\/Aktuelle-Pressemitteilungen\/Kreisverwaltung-ist-familienfreundlicher-Arbeitgeber.php?object=tx,4013.5.1&ModID=7&FID=4013.3403.1&NavID=4013.211&La=1\" target=\"_blank\"><img decoding=\"async\" src=\"\/feeds\/gfx\/kreis-offenbach.de.png\" style=\"align:left !important; float:left !important; margin-top:4px !important; margin-right:8px !important; margin-bottom:4px !important; width:90px !important;\" \/><\/a>   Inzwischen mehr als 1.300 Besch\u00e4ftigte<br clear=\"all\" \/>  <\/p>\n  <div><span class=\"my_article_details\"><time datetime=\"2026-04-29\">29.04.2026<\/time> &middot; <a href=\"\/news\/polizeieinsaetze-offenbach-am-main\" title=\"Polizeieins\u00e4tze Offenbach am Main\">Kreis Offenbach<\/a> &middot; <\/span><a href=\"https:\/\/www.kreis-offenbach.de\/Service\/Medienservice\/Aktuelle-Pressemitteilungen\/Kreisverwaltung-ist-familienfreundlicher-Arbeitgeber.php?object=tx,4013.5.1&ModID=7&FID=4013.3403.1&NavID=4013.211&La=1\" title=\"Link zum Artikel auf kreis-offenbach.de\" target=\"_blank\">kreis-offenbach.de<\/a><\/div>\n  <b><\/b>\n <\/div>\n <\/article>\n<\/div>\n<div class=\"post\" style=\"margin-bottom:40px;\">\n <article>\n <h2><a name=\"cdf50521\" href=\"https:\/\/www.dietzenbach.de\/index.php?ModID=255&FID=3651.28986.1&object=tx%2C3651.6\" rel=\"bookmark\" style=\"color:#333333; font-weight:bold;\" title=\"Link zum Artikel auf dietzenbach.de\" target=\"_blank\">Dietzenbach: Stadtb\u00e4ume im Fokus<\/a><\/h2>\n <div class=\"entry\">\n  <p style=\"margin-bottom:4px;\">\n   <a href=\"https:\/\/www.dietzenbach.de\/index.php?ModID=255&FID=3651.28986.1&object=tx%2C3651.6\" target=\"_blank\"><img decoding=\"async\" src=\"\/feeds\/gfx\/dietzenbach.de.png\" style=\"align:left !important; float:left !important; margin-top:4px !important; margin-right:8px !important; margin-bottom:4px !important; width:90px !important;\" \/><\/a>   St&auml;dtische Betriebe zeigen, wie Stadtb&auml;ume zur Klimaanpassung beitragen Am vergangenen Samstag, 25. April 2026, wurde deutschlandweit der &bdquo;Tag des Baumes&ldquo; begangen &ndash; ein Anlass, der auch in Dietzenbach die Aufmerksamkeit auf ...<br clear=\"all\" \/>  <\/p>\n  <div><span class=\"my_article_details\"><time datetime=\"2026-04-28\">28.04.2026<\/time> &middot; <a href=\"\/news\/dietzenbach-aktuell\" title=\"Dietzenbach heute aktuell\">Dietzenbach<\/a> &middot; <a href=\"\/news\/dietzenbach-nachrichten\" title=\"Dietzenbach Nachrichten\">News<\/a> &middot; <\/span><a href=\"https:\/\/www.dietzenbach.de\/index.php?ModID=255&FID=3651.28986.1&object=tx%2C3651.6\" title=\"Link zum Artikel auf dietzenbach.de\" target=\"_blank\">dietzenbach.de<\/a><\/div>\n  <b><\/b>\n <\/div>\n <\/article>\n<\/div>\n<div class=\"post\" style=\"background-color: #f4f4f4; margin-bottom: 40px; padding: 10px;\"><article><a style=\"color: #000000; font-size: 20px; font-weight: normal; text-decoration: underlined;\" href=\"https:\/\/www.tagesschau.de\/wirtschaft\/energie\/boom-batteriespeicher-deutschland-energiewende-100.html\" target=\"_blank\">Batteriegro\u00dfspeicher erleben einen Boom<\/a><\/p><div class=\"entry\"><p style=\"margin-bottom: 4px;\"><a href=\"https:\/\/www.tagesschau.de\/wirtschaft\/energie\/boom-batteriespeicher-deutschland-energiewende-100.html\" target=\"_blank\" rel=\"noopener\"><img decoding=\"async\" style=\"align: left !important; float: left !important; margin-top: 4px !important; margin-right: 8px !important; margin-bottom: 4px !important; width: 90px !important;\" src=\"data:image\/gif;base64,R0lGODlhAQABAIAAAAAAAP\/\/\/yH5BAEAAAAALAAAAAABAAEAAAIBRAA7\" data-src=\"https:\/\/www.heusenstaemmchen.de\/feeds\/gfx\/tagesschau.de.png\" \/><\/a>Um Erneuerbare Energien effizienter zu nutzen, werden Batterie&shy;gro\u00df&shy;speicher ben\u00f6tigt. F\u00fcr Experten sind sie ein entscheidender Baustein der Energiewende. Die Nachfrage ist enorm.<br clear=\"all\" \/><\/p><div><b>Schon gewusst?<\/b> \u00b7 Regenerative Energien \u00b7 <a title=\"Mehr Details auf tagesschau.de\" href=\"https:\/\/www.tagesschau.de\/wirtschaft\/energie\/boom-batteriespeicher-deutschland-energiewende-100.html\" rel=\"noopener\">tagesschau.de<\/a><\/div><\/div><\/article><\/div><div class=\"post\" style=\"margin-bottom:40px;\">\n <article>\n <h2><a name=\"f8586f05\" href=\"https:\/\/www.dietzenbach.de\/index.php?ModID=255&FID=3651.28985.1&object=tx%2C3651.6\" rel=\"bookmark\" style=\"color:#333333; font-weight:bold;\" title=\"Link zum Artikel auf dietzenbach.de\" target=\"_blank\">B\u00fcrgerservice r\u00e4t zur Pr\u00fcfung: Reisedokumente noch g\u00fcltig?<\/a><\/h2>\n <div class=\"entry\">\n  <p style=\"margin-bottom:4px;\">\n   <a href=\"https:\/\/www.dietzenbach.de\/index.php?ModID=255&FID=3651.28985.1&object=tx%2C3651.6\" target=\"_blank\"><img decoding=\"async\" src=\"\/feeds\/gfx\/dietzenbach.de.png\" style=\"align:left !important; float:left !important; margin-top:4px !important; margin-right:8px !important; margin-bottom:4px !important; width:90px !important;\" \/><\/a>   Reibungsloser Start in den Sommerurlaub In rund zwei Monaten beginnen die hessischen Sommerferien &ndash; und damit auch die Reisezeit f&uuml;r viele Familien. Um gut vorbereitet zu sein, r&auml;t der st&auml;dtische B&uuml;rgerservice zu einem ...<br clear=\"all\" \/>  <\/p>\n  <div><span class=\"my_article_details\"><time datetime=\"2026-04-28\">28.04.2026<\/time> &middot; <a href=\"\/news\/dietzenbach-aktuell\" title=\"Dietzenbach heute aktuell\">Dietzenbach<\/a> &middot; <a href=\"\/news\/dietzenbach-nachrichten\" title=\"Dietzenbach Nachrichten\">News<\/a> &middot; <\/span><a href=\"https:\/\/www.dietzenbach.de\/index.php?ModID=255&FID=3651.28985.1&object=tx%2C3651.6\" title=\"Link zum Artikel auf dietzenbach.de\" target=\"_blank\">dietzenbach.de<\/a><\/div>\n  <b><\/b>\n <\/div>\n <\/article>\n<\/div>\n<div class=\"post\" style=\"margin-bottom:40px;\">\n <article>\n <h2><a name=\"de0efc66\" href=\"https:\/\/www.iz.de\/transaktionen\/news\/-laer-will-gewerbepark-am-frankfurter-flughafen-entwickeln-2000043431?utm_source=rss&utm_medium=referral&utm_campaign=news&utm_term=\" rel=\"bookmark\" style=\"color:#333333; font-weight:bold;\" title=\"Link zum Artikel auf iz.de\" target=\"_blank\">Immobilien: Laer will Gewerbepark am Frankfurter Flughafen entwickeln<\/a><\/h2>\n <div class=\"entry\">\n  <p style=\"margin-bottom:4px;\">\n   <a href=\"https:\/\/www.iz.de\/transaktionen\/news\/-laer-will-gewerbepark-am-frankfurter-flughafen-entwickeln-2000043431?utm_source=rss&utm_medium=referral&utm_campaign=news&utm_term=\" target=\"_blank\"><img decoding=\"async\" src=\"\/feeds\/gfx\/iz.de.png\" style=\"align:left !important; float:left !important; margin-top:4px !important; margin-right:8px !important; margin-bottom:4px !important; width:90px !important;\" \/><\/a>   Der Projektentwickler Laer hat sich ein Areal in der N&auml;he des Frankfurter Flughafens gesichert. Er plant dort einen Gewerbepark.<br clear=\"all\" \/>  <\/p>\n  <div><span class=\"my_article_details\"><time datetime=\"2026-04-28\">28.04.2026<\/time> &middot; <a href=\"\/news\/fluglaerm-offenbach-am-main\" title=\"Flugl\u00e4rm Offenbach am Main\">Flughafen<\/a> &middot; Frankfurt &middot; <\/span><a href=\"https:\/\/www.iz.de\/transaktionen\/news\/-laer-will-gewerbepark-am-frankfurter-flughafen-entwickeln-2000043431?utm_source=rss&utm_medium=referral&utm_campaign=news&utm_term=\" title=\"Link zum Artikel auf iz.de\" target=\"_blank\">iz.de<\/a><\/div>\n  <b><\/b>\n <\/div>\n <\/article>\n<\/div>\n<div class=\"post\" style=\"margin-bottom:40px;\">\n <article>\n <h2><a name=\"57be5c75\" href=\"https:\/\/www.dietzenbach.de\/index.php?ModID=255&FID=3651.28984.1&object=tx%2C3651.6\" rel=\"bookmark\" style=\"color:#333333; font-weight:bold;\" title=\"Link zum Artikel auf dietzenbach.de\" target=\"_blank\">Dietzenbach-S\u00fcdost: Wir im Quartier am 7. Mai<\/a><\/h2>\n <div class=\"entry\">\n  <p style=\"margin-bottom:4px;\">\n   <a href=\"https:\/\/www.dietzenbach.de\/index.php?ModID=255&FID=3651.28984.1&object=tx%2C3651.6\" target=\"_blank\"><img decoding=\"async\" src=\"\/feeds\/gfx\/dietzenbach.de.png\" style=\"align:left !important; float:left !important; margin-top:4px !important; margin-right:8px !important; margin-bottom:4px !important; width:90px !important;\" \/><\/a>   Veranstaltung bringt Menschen und Angebote zusammen Was gibt es eigentlich alles im Quartier Dietzenbach S&uuml;dost &ndash; und wer steckt dahinter? Antworten darauf gibt die Veranstaltung &bdquo;Wir im Quartier&ldquo; am Donnerstag, 7. Mai 2026: ...<br clear=\"all\" \/>  <\/p>\n  <div><span class=\"my_article_details\"><time datetime=\"2026-04-28\">28.04.2026<\/time> &middot; <a href=\"\/news\/dietzenbach-aktuell\" title=\"Dietzenbach heute aktuell\">Dietzenbach<\/a> &middot; <a href=\"\/news\/dietzenbach-nachrichten\" title=\"Dietzenbach Nachrichten\">News<\/a> &middot; <\/span><a href=\"https:\/\/www.dietzenbach.de\/index.php?ModID=255&FID=3651.28984.1&object=tx%2C3651.6\" title=\"Link zum Artikel auf dietzenbach.de\" target=\"_blank\">dietzenbach.de<\/a><\/div>\n  <b><\/b>\n <\/div>\n <\/article>\n<\/div>\n<div class=\"post\" style=\"margin-bottom:40px;\">\n <article>\n <h2><a name=\"d7562d84\" href=\"https:\/\/www.dietzenbach.de\/index.php?ModID=255&FID=3651.28983.1&object=tx%2C3651.6\" rel=\"bookmark\" style=\"color:#333333; font-weight:bold;\" title=\"Link zum Artikel auf dietzenbach.de\" target=\"_blank\">2. Mai: Sirenenprobe in Dietzenbach<\/a><\/h2>\n <div class=\"entry\">\n  <p style=\"margin-bottom:4px;\">\n   <a href=\"https:\/\/www.dietzenbach.de\/index.php?ModID=255&FID=3651.28983.1&object=tx%2C3651.6\" target=\"_blank\"><img decoding=\"async\" src=\"\/feeds\/gfx\/dietzenbach.de.png\" style=\"align:left !important; float:left !important; margin-top:4px !important; margin-right:8px !important; margin-bottom:4px !important; width:90px !important;\" \/><\/a>   Kreisweit einheitliche &Uuml;berpr&uuml;fung um 11:00 Uhr Einmal pro Quartal werden kreisweit einheitlich die Sirenen gepr&uuml;ft. Der n&auml;chste Probealarm findet am Samstag, 2. Mai 2026, statt &ndash; auch in Dietzenbach. Um 11:00 Uhr werden ...<br clear=\"all\" \/>  <\/p>\n  <div><span class=\"my_article_details\"><time datetime=\"2026-04-28\">28.04.2026<\/time> &middot; <a href=\"\/news\/dietzenbach-aktuell\" title=\"Dietzenbach heute aktuell\">Dietzenbach<\/a> &middot; <a href=\"\/news\/dietzenbach-nachrichten\" title=\"Dietzenbach Nachrichten\">News<\/a> &middot; <\/span><a href=\"https:\/\/www.dietzenbach.de\/index.php?ModID=255&FID=3651.28983.1&object=tx%2C3651.6\" title=\"Link zum Artikel auf dietzenbach.de\" target=\"_blank\">dietzenbach.de<\/a><\/div>\n  <b><\/b>\n <\/div>\n <\/article>\n<\/div>\n<div class=\"post\" style=\"margin-bottom:40px;\">\n <article>\n <h2><a name=\"4723d83f\" href=\"https:\/\/www.rheinmainverlag.de\/2026\/04\/28\/kreis-offenbach-und-berehowe-staerken-zusammenarbeit\/\" rel=\"bookmark\" style=\"color:#333333; font-weight:bold;\" title=\"Link zum Artikel auf rheinmainverlag.de\" target=\"_blank\">Kreis Offenbach und Berehowe st\u00e4rken Zusammenarbeit<\/a><\/h2>\n <div class=\"entry\">\n  <p style=\"margin-bottom:4px;\">\n   <a href=\"https:\/\/www.rheinmainverlag.de\/2026\/04\/28\/kreis-offenbach-und-berehowe-staerken-zusammenarbeit\/\" target=\"_blank\"><img decoding=\"async\" src=\"\/feeds\/gfx\/rheinmainverlag.de.png\" style=\"align:left !important; float:left !important; margin-top:4px !important; margin-right:8px !important; margin-bottom:4px !important; width:90px !important;\" \/><\/a>   St&auml;dtepartnerschaftsvertrag unterzeichnet Der Kreis Offenbach und die Stadt Berehowe im Westen der Ukraine sind seit fast drei Jahren miteinander verbunden. Mit der Unterzeichnung des St&auml;dtepartnerschaftsvertrages haben beide Kommunen dies am Montagabend bekr&auml;ftigt. ...<br clear=\"all\" \/>  <\/p>\n  <div><span class=\"my_article_details\"><time datetime=\"2026-04-28\">28.04.2026<\/time> &middot; <a href=\"\/news\/polizeieinsaetze-offenbach-am-main\" title=\"Polizeieins\u00e4tze Offenbach am Main\">Kreis Offenbach<\/a> &middot; <\/span><a href=\"https:\/\/www.rheinmainverlag.de\/2026\/04\/28\/kreis-offenbach-und-berehowe-staerken-zusammenarbeit\/\" title=\"Link zum Artikel auf rheinmainverlag.de\" target=\"_blank\">rheinmainverlag.de<\/a><\/div>\n  <b><\/b>\n <\/div>\n <\/article>\n<\/div>\n<div class=\"post\" style=\"margin-bottom:40px;\">\n <article>\n <h2><a name=\"ba6e2353\" href=\"https:\/\/www.hessenschau.de\/politik\/steuer-projekt-in-hessen-selbst-finanzminister-lorz-ist-die-steuererklaerung-zu-kompliziert-v1,lorz-steuererklaerung-100.html\" rel=\"bookmark\" style=\"color:#333333; font-weight:bold;\" title=\"Link zum Artikel auf hessenschau.de\" target=\"_blank\">Steuer-Projekt in Hessen: Selbst Finanzminister Lorz ist die Steuererkl\u00e4rung &quot;zu kompliziert&quot;<\/a><\/h2>\n <div class=\"entry\">\n  <p style=\"margin-bottom:4px;\">\n   <a href=\"https:\/\/www.hessenschau.de\/politik\/steuer-projekt-in-hessen-selbst-finanzminister-lorz-ist-die-steuererklaerung-zu-kompliziert-v1,lorz-steuererklaerung-100.html\" target=\"_blank\"><img decoding=\"async\" src=\"https:\/\/www.hessenschau.de\/politik\/alexander-lorz-112~_t-1777353729491_v-16to9.jpg\" style=\"align:left !important; float:left !important; margin-top:4px !important; margin-right:8px !important; margin-bottom:4px !important; width:90px !important;\" \/><\/a>   Finanzminister Lorz will die Steuererkl&auml;rung vereinfachen, das angelaufene Projekt &quot;Die Steuer macht das Amt&quot; soll dabei helfen. In dieser Woche wird im Landtag dar&uuml;ber diskutiert. Passend dazu gibt der Minister Einblick in seine Steuer-Praktiken. ...<br clear=\"all\" \/>  <\/p>\n  <div><span class=\"my_article_details\"><time datetime=\"2026-04-28\">28.04.2026<\/time> &middot; Hessen &middot; Landtag &middot; <\/span><a href=\"https:\/\/www.hessenschau.de\/politik\/steuer-projekt-in-hessen-selbst-finanzminister-lorz-ist-die-steuererklaerung-zu-kompliziert-v1,lorz-steuererklaerung-100.html\" title=\"Link zum Artikel auf hessenschau.de\" target=\"_blank\">hessenschau.de<\/a><\/div>\n  <b><\/b>\n <\/div>\n <\/article>\n<\/div>\n<div class=\"post\" style=\"margin-bottom:40px;\">\n <article>\n <h2><a name=\"557a94e2\" href=\"https:\/\/www.rheinmainverlag.de\/2026\/04\/28\/gefaehrliche-koerperverletzung-unter-arbeitskollegen-am-flughafen-frankfurt\/\" rel=\"bookmark\" style=\"color:#333333; font-weight:bold;\" title=\"Link zum Artikel auf rheinmainverlag.de\" target=\"_blank\">Gef\u00e4hrliche K\u00f6rperverletzung unter Arbeitskollegen am Flughafen Frankfurt<\/a><\/h2>\n <div class=\"entry\">\n  <p style=\"margin-bottom:4px;\">\n   <a href=\"https:\/\/www.rheinmainverlag.de\/2026\/04\/28\/gefaehrliche-koerperverletzung-unter-arbeitskollegen-am-flughafen-frankfurt\/\" target=\"_blank\"><img decoding=\"async\" src=\"\/feeds\/gfx\/rheinmainverlag.de.png\" style=\"align:left !important; float:left !important; margin-top:4px !important; margin-right:8px !important; margin-bottom:4px !important; width:90px !important;\" \/><\/a>   Am sp&auml;ten Sonntagabend eskalierte ein Streit unter Mitarbeitenden am Flughafen Frankfurt, welcher bereits am Nachmittag begonnen habe. Nach aktuellen Erkenntnissen gerieten zwei Angestellte desselben Unternehmens bereits tags&uuml;ber in Streit. Dies veranlasste ...<br clear=\"all\" \/>  <\/p>\n  <div><span class=\"my_article_details\"><time datetime=\"2026-04-28\">28.04.2026<\/time> &middot; <a href=\"\/news\/fluglaerm-offenbach-am-main\" title=\"Flugl\u00e4rm Offenbach am Main\">Flughafen<\/a> &middot; Frankfurt &middot; <\/span><a href=\"https:\/\/www.rheinmainverlag.de\/2026\/04\/28\/gefaehrliche-koerperverletzung-unter-arbeitskollegen-am-flughafen-frankfurt\/\" title=\"Link zum Artikel auf rheinmainverlag.de\" target=\"_blank\">rheinmainverlag.de<\/a><\/div>\n  <b><\/b>\n <\/div>\n <\/article>\n<\/div>\n<div class=\"post\" style=\"margin-bottom:40px;\">\n <article>\n <h2><a name=\"b0c32abb\" href=\"https:\/\/www.presseportal.de\/blaulicht\/pm\/43561\/6264351\" rel=\"bookmark\" style=\"color:#333333; font-weight:bold;\" title=\"Link zum Artikel auf presseportal.de\" target=\"_blank\">Polizei Offenbach am Main: Pressemeldungen vom 28.04.2026<\/a><\/h2>\n <div class=\"entry\">\n  <p style=\"margin-bottom:4px;\">\n   <a href=\"https:\/\/www.presseportal.de\/blaulicht\/pm\/43561\/6264351\" target=\"_blank\"><img decoding=\"async\" src=\"\/feeds\/gfx\/POL-OF.jpg\" style=\"align:left !important; float:left !important; margin-top:4px !important; margin-right:8px !important; margin-bottom:4px !important; width:90px !important;\" \/><\/a>   ... <b>6. Alfa Romeo und BMW gestohlen: Polizei ermittelt und sucht nach Zeugen - Dietzenbach<\/b>   (me) Die Kriminalpolizei aus Offenbach ermittelt derzeit wegen zweier Diebst\u00e4hle von Kraftfahrzeugen vom vergangenen Wochenende. In der Zeit zwischen Freitag, 11 Uhr und Sonntag, 18 Uhr, verschwand aus der K\u00f6nigsteiner Allee ein schwarzer BMW mit DA-Kennzeichenschildern ...<br clear=\"all\" \/>  <\/p>\n  <div><span class=\"my_article_details\"><time datetime=\"2026-04-28\">28.04.2026<\/time> &middot; <a href=\"\/news\/diebstaehle-offenbach-am-main\" title=\"Diebst\u00e4hle Offenbach am Main\">Diebstahl<\/a> &middot; <a href=\"\/news\/dietzenbach-aktuell\" title=\"Dietzenbach heute aktuell\">Dietzenbach<\/a> &middot; <a href=\"\/news\/dietzenbach-polizeimeldungen\" title=\"Polizeieins\u00e4tze Dietzenbach\">Polizei<\/a> &middot; <\/span><a href=\"https:\/\/www.presseportal.de\/blaulicht\/pm\/43561\/6264351\" title=\"Link zum Artikel auf presseportal.de\" target=\"_blank\">presseportal.de<\/a><\/div>\n  <b><\/b>\n <\/div>\n <\/article>\n<\/div>\n<div class=\"post\" style=\"background-color: #e6e6ff; margin-bottom: 40px; padding: 10px;\"><article><a style=\"color: #000000; font-size: 20px; font-weight: normal; text-decoration: underlined;\" href=\"https:\/\/www.ndr.de\/nachrichten\/info\/solarenergie-liefert-erstmals-mehr-strom-als-aus-braunkohle,photovoltaik-124.html\" target=\"_blank\">Solarenergie liefert erstmals mehr Strom als Braunkohle<\/a><\/p><div class=\"entry\"><p style=\"margin-bottom: 4px;\"><a href=\"https:\/\/www.ndr.de\/nachrichten\/info\/solarenergie-liefert-erstmals-mehr-strom-als-aus-braunkohle,photovoltaik-124.html\" target=\"_blank\" rel=\"noopener\"><img decoding=\"async\" style=\"align: left !important; float: left !important; margin-top: 4px !important; margin-right: 8px !important; margin-bottom: 4px !important; width: 90px !important;\" src=\"data:image\/gif;base64,R0lGODlhAQABAIAAAAAAAP\/\/\/yH5BAEAAAAALAAAAAABAAEAAAIBRAA7\" data-src=\"https:\/\/www.heusenstaemmchen.de\/feeds\/gfx\/ndr.de.png\" \/><\/a>Photovoltaik lag vergangenes Jahr zum ersten Mal auf Platz 2 bei der Stromerzeugung in Deutschland &#8211; vor Braunkohle und Erdgas. Insgesamt stieg der Anteil erneuerbarer Energien am Strommix aber nicht.<br clear=\"all\" \/><\/p><div><b>Schon gewusst?<\/b> \u00b7 Regenerative Energien \u00b7 <a title=\"Mehr Details auf ndr.de\" href=\"https:\/\/www.ndr.de\/nachrichten\/info\/solarenergie-liefert-erstmals-mehr-strom-als-aus-braunkohle,photovoltaik-124.html\" target=\"_blank\" rel=\"noopener\">ndr.de<\/a><\/div><\/div><\/article><\/div><div class=\"post\" style=\"margin-bottom:40px;\">\n <article>\n <h2><a name=\"6ac37a28\" href=\"https:\/\/www.kreis-offenbach.de\/Service\/Medienservice\/Aktuelle-Pressemitteilungen\/Vorlesen-er%C3%B6ffnet-Kindern-die-Welt.php?object=tx,4013.5.1&ModID=7&FID=4013.3398.1&NavID=4013.211&La=1\" rel=\"bookmark\" style=\"color:#333333; font-weight:bold;\" title=\"Link zum Artikel auf kreis-offenbach.de\" target=\"_blank\">Vorlesen er\u00f6ffnet Kindern die Welt<\/a><\/h2>\n <div class=\"entry\">\n  <p style=\"margin-bottom:4px;\">\n   <a href=\"https:\/\/www.kreis-offenbach.de\/Service\/Medienservice\/Aktuelle-Pressemitteilungen\/Vorlesen-er%C3%B6ffnet-Kindern-die-Welt.php?object=tx,4013.5.1&ModID=7&FID=4013.3398.1&NavID=4013.211&La=1\" target=\"_blank\"><img decoding=\"async\" src=\"\/feeds\/gfx\/kreis-offenbach.de.png\" style=\"align:left !important; float:left !important; margin-top:4px !important; margin-right:8px !important; margin-bottom:4px !important; width:90px !important;\" \/><\/a>   Lesef\u00f6rderung ist eine ganz wichtige Voraussetzung, dass Kinder sich die Welt erschlie\u00dfen k\u00f6nnen. Um Eltern dabei zu unterst\u00fctzen, werden im Kreis Offenbach  ...<br clear=\"all\" \/>  <\/p>\n  <div><span class=\"my_article_details\"><time datetime=\"2026-04-28\">28.04.2026<\/time> &middot; <a href=\"\/news\/polizeieinsaetze-offenbach-am-main\" title=\"Polizeieins\u00e4tze Offenbach am Main\">Kreis Offenbach<\/a> &middot; <\/span><a href=\"https:\/\/www.kreis-offenbach.de\/Service\/Medienservice\/Aktuelle-Pressemitteilungen\/Vorlesen-er%C3%B6ffnet-Kindern-die-Welt.php?object=tx,4013.5.1&ModID=7&FID=4013.3398.1&NavID=4013.211&La=1\" title=\"Link zum Artikel auf kreis-offenbach.de\" target=\"_blank\">kreis-offenbach.de<\/a><\/div>\n  <b><\/b>\n <\/div>\n <\/article>\n<\/div>\n<div class=\"post\" style=\"margin-bottom:40px;\">\n <article>\n <h2><a name=\"e22a9744\" href=\"https:\/\/www.kreis-offenbach.de\/Service\/Medienservice\/Aktuelle-Pressemitteilungen\/Druckfrischer-Veranstaltungskalender-erschienen-33-Kultursommer-S%C3%BCdhessen-mit-%C3%BCber-360-Veranstaltungen.php?object=tx,4013.5.1&ModID=7&FID=4013.3402.1&NavID=4013.211&La=1\" rel=\"bookmark\" style=\"color:#333333; font-weight:bold;\" title=\"Link zum Artikel auf kreis-offenbach.de\" target=\"_blank\">Druckfrischer Veranstaltungskalender erschienen: 33. Kultursommer S\u00fcdhessen mit \u00fcber 360 Veranstaltungen<\/a><\/h2>\n <div class=\"entry\">\n  <p style=\"margin-bottom:4px;\">\n   <a href=\"https:\/\/www.kreis-offenbach.de\/Service\/Medienservice\/Aktuelle-Pressemitteilungen\/Druckfrischer-Veranstaltungskalender-erschienen-33-Kultursommer-S%C3%BCdhessen-mit-%C3%BCber-360-Veranstaltungen.php?object=tx,4013.5.1&ModID=7&FID=4013.3402.1&NavID=4013.211&La=1\" target=\"_blank\"><img decoding=\"async\" src=\"\/feeds\/gfx\/kreis-offenbach.de.png\" style=\"align:left !important; float:left !important; margin-top:4px !important; margin-right:8px !important; margin-bottom:4px !important; width:90px !important;\" \/><\/a>   Vielfalt erleben &ndash; R\u00e4ume \u00f6ffnen: Kultur f\u00fcr alle Generationen von Juni bis September<br clear=\"all\" \/>  <\/p>\n  <div><span class=\"my_article_details\"><time datetime=\"2026-04-28\">28.04.2026<\/time> &middot; <a href=\"\/news\/polizeieinsaetze-offenbach-am-main\" title=\"Polizeieins\u00e4tze Offenbach am Main\">Kreis Offenbach<\/a> &middot; <\/span><a href=\"https:\/\/www.kreis-offenbach.de\/Service\/Medienservice\/Aktuelle-Pressemitteilungen\/Druckfrischer-Veranstaltungskalender-erschienen-33-Kultursommer-S%C3%BCdhessen-mit-%C3%BCber-360-Veranstaltungen.php?object=tx,4013.5.1&ModID=7&FID=4013.3402.1&NavID=4013.211&La=1\" title=\"Link zum Artikel auf kreis-offenbach.de\" target=\"_blank\">kreis-offenbach.de<\/a><\/div>\n  <b><\/b>\n <\/div>\n <\/article>\n<\/div>\n<div class=\"post\" style=\"margin-bottom:40px;\">\n <article>\n <h2><a name=\"fbf6a9c0\" href=\"https:\/\/www.op-online.de\/region\/dietzenbach\/trotz-laermsorgen-keine-beschwerden-ueber-dietzenbacher-skateanlage-94281639.html\" rel=\"bookmark\" style=\"color:#333333; font-weight:bold;\" title=\"Link zum Artikel auf op-online.de\" target=\"_blank\">Beliebt bei Skatern, umstritten in Nachbarschaft<\/a><\/h2>\n <div class=\"entry\">\n  <p style=\"margin-bottom:4px;\">\n   <a href=\"https:\/\/www.op-online.de\/region\/dietzenbach\/trotz-laermsorgen-keine-beschwerden-ueber-dietzenbacher-skateanlage-94281639.html\" target=\"_blank\"><img decoding=\"async\" src=\"https:\/\/www.op-online.de\/assets\/images\/42\/236\/42236693-bdi-skateanlage-dietzenbach-I01.jpg\" style=\"align:left !important; float:left !important; margin-top:4px !important; margin-right:8px !important; margin-bottom:4px !important; width:90px !important;\" \/><\/a>   Die Skateanlage in Dietzenbach hat einen neuen Standort gefunden. Anwohner bef&uuml;rchteten L&auml;rm, doch bisher blieb es ruhig.<br clear=\"all\" \/>  <\/p>\n  <div><span class=\"my_article_details\"><time datetime=\"2026-04-28\">28.04.2026<\/time> &middot; <a href=\"\/news\/dietzenbach-aktuell\" title=\"Dietzenbach heute aktuell\">Dietzenbach<\/a> &middot; <a href=\"\/news\/dietzenbach-nachrichten\" title=\"Dietzenbach Nachrichten\">News<\/a> &middot; <\/span><a href=\"https:\/\/www.op-online.de\/region\/dietzenbach\/trotz-laermsorgen-keine-beschwerden-ueber-dietzenbacher-skateanlage-94281639.html\" title=\"Link zum Artikel auf op-online.de\" target=\"_blank\">op-online.de<\/a><\/div>\n  <b><\/b>\n <\/div>\n <\/article>\n<\/div>\n<div class=\"post\" style=\"margin-bottom:40px;\">\n <article>\n <h2><a name=\"d086ea05\" href=\"https:\/\/gruene-dietzenbach.de\/gruene-dietzenbach-erklaeren-oppositionsrolle-nach-koalitionsbildung-cdu-spd\/\" rel=\"bookmark\" style=\"color:#333333; font-weight:bold;\" title=\"Link zum Artikel auf gruene-dietzenbach.de\" target=\"_blank\">Die Gr\u00fcnen: GR\u00dcNE Dietzenbach erkl\u00e4ren Oppositionsrolle nach Koalitionsbildung CDU + SPD<\/a><\/h2>\n <div class=\"entry\">\n  <p style=\"margin-bottom:4px;\">\n   <a href=\"https:\/\/gruene-dietzenbach.de\/gruene-dietzenbach-erklaeren-oppositionsrolle-nach-koalitionsbildung-cdu-spd\/\" target=\"_blank\"><img decoding=\"async\" src=\"\/feeds\/gfx\/gruene-dietzenbach.de.png\" style=\"align:left !important; float:left !important; margin-top:4px !important; margin-right:8px !important; margin-bottom:4px !important; width:90px !important;\" \/><\/a>   PM GR&Uuml;NE Dietzenbach Vorstand Fraktion erkl&auml;ren Oppositionsrolle nach Koalitionsbildung von CDU und SPD 23042026<br clear=\"all\" \/>  <\/p>\n  <div><span class=\"my_article_details\"><time datetime=\"2026-04-27\">27.04.2026<\/time> &middot; <a href=\"\/news\/dietzenbach-aktuell\" title=\"Dietzenbach heute aktuell\">Dietzenbach<\/a> &middot; <a href=\"\/news\/dietzenbach-nachrichten\" title=\"Dietzenbach Nachrichten\">News<\/a> &middot; <\/span><a href=\"https:\/\/gruene-dietzenbach.de\/gruene-dietzenbach-erklaeren-oppositionsrolle-nach-koalitionsbildung-cdu-spd\/\" title=\"Link zum Artikel auf gruene-dietzenbach.de\" target=\"_blank\">gruene-dietzenbach.de<\/a><\/div>\n  <b><\/b>\n <\/div>\n <\/article>\n<\/div>\n<div class=\"post\" style=\"margin-bottom:40px;\">\n <article>\n <h2><a name=\"a2e30fb8\" href=\"https:\/\/www.1730live.de\/2026\/04\/27\/droht-ein-kerosin-mangel\/\" rel=\"bookmark\" style=\"color:#333333; font-weight:bold;\" title=\"Link zum Artikel auf 1730live.de\" target=\"_blank\">Droht ein Kerosin-Mangel?<\/a><\/h2>\n <div class=\"entry\">\n  <p style=\"margin-bottom:4px;\">\n   <a href=\"https:\/\/www.1730live.de\/2026\/04\/27\/droht-ein-kerosin-mangel\/\" target=\"_blank\"><img decoding=\"async\" src=\"\/feeds\/gfx\/1730live.de.png\" style=\"align:left !important; float:left !important; margin-top:4px !important; margin-right:8px !important; margin-bottom:4px !important; width:90px !important;\" \/><\/a>   Die Hoffnung auf ein wirtschaftliches Fr&uuml;hlingserwachen ist verflogen. Stattdessen ist die Energiekrise seit dem Beginn des Kriegs im Nahen Osten noch dramatischer. Nicht nur der Sprit an der Tankstelle ist extrem teuer, sondern auch Flugbenzin, Kerosin. Was ...<br clear=\"all\" \/>  <\/p>\n  <div><span class=\"my_article_details\"><time datetime=\"2026-04-27\">27.04.2026<\/time> &middot; <a href=\"\/news\/fluglaerm-offenbach-am-main\" title=\"Flugl\u00e4rm Offenbach am Main\">Flughafen<\/a> &middot; Frankfurt &middot; <\/span><a href=\"https:\/\/www.1730live.de\/2026\/04\/27\/droht-ein-kerosin-mangel\/\" title=\"Link zum Artikel auf 1730live.de\" target=\"_blank\">1730live.de<\/a><\/div>\n  <b><\/b>\n <\/div>\n <\/article>\n<\/div>\n<div class=\"post\" style=\"margin-bottom:40px;\">\n <article>\n <h2><a name=\"fdf9ebaa\" href=\"https:\/\/www.hessenschau.de\/kultur\/terminal-3-architekt-maeckler-ich-baue-weiter-solange-es-mir-spass-macht-v1,christoph-maeckler-interview-100.html\" rel=\"bookmark\" style=\"color:#333333; font-weight:bold;\" title=\"Link zum Artikel auf hessenschau.de\" target=\"_blank\">Terminal-3-Architekt M\u00e4ckler: &quot;Ich baue weiter, solange es mir Spa\u00df macht&quot;<\/a><\/h2>\n <div class=\"entry\">\n  <p style=\"margin-bottom:4px;\">\n   <a href=\"https:\/\/www.hessenschau.de\/kultur\/terminal-3-architekt-maeckler-ich-baue-weiter-solange-es-mir-spass-macht-v1,christoph-maeckler-interview-100.html\" target=\"_blank\"><img decoding=\"async\" src=\"https:\/\/www.hessenschau.de\/rheinmain\/terminal_drei-102~_t-1777295431378_v-16to9.jpg\" style=\"align:left !important; float:left !important; margin-top:4px !important; margin-right:8px !important; margin-bottom:4px !important; width:90px !important;\" \/><\/a>   F&uuml;r das neue Terminal 3 am Frankfurter Flughafen hat Architekt Christoph M&auml;ckler viel Lob bekommen. Aufh&ouml;ren will der 75-J&auml;hrige trotzdem noch nicht - er hat gro&szlig;e Pl&auml;ne f&uuml;r ein zentrales Bauwerk in der Frankfurter Innenstadt. ...<br clear=\"all\" \/>  <\/p>\n  <div><span class=\"my_article_details\"><time datetime=\"2026-04-27\">27.04.2026<\/time> &middot; <a href=\"\/news\/fluglaerm-offenbach-am-main\" title=\"Flugl\u00e4rm Offenbach am Main\">Flughafen<\/a> &middot; Frankfurt &middot; <\/span><a href=\"https:\/\/www.hessenschau.de\/kultur\/terminal-3-architekt-maeckler-ich-baue-weiter-solange-es-mir-spass-macht-v1,christoph-maeckler-interview-100.html\" title=\"Link zum Artikel auf hessenschau.de\" target=\"_blank\">hessenschau.de<\/a><\/div>\n  <b><\/b>\n <\/div>\n <\/article>\n<\/div>\n<div class=\"post\" style=\"margin-bottom:40px;\">\n <article>\n <h2><a name=\"4ec0a60c\" href=\"https:\/\/www.rheinmainverlag.de\/2026\/04\/27\/meldeportal-fuer-verdacht-auf-vorkommen-der-grossen-druesenameise\/\" rel=\"bookmark\" style=\"color:#333333; font-weight:bold;\" title=\"Link zum Artikel auf rheinmainverlag.de\" target=\"_blank\">Meldeportal f\u00fcr Verdacht auf Vorkommen der Gro\u00dfen Dr\u00fcsenameise<\/a><\/h2>\n <div class=\"entry\">\n  <p style=\"margin-bottom:4px;\">\n   <a href=\"https:\/\/www.rheinmainverlag.de\/2026\/04\/27\/meldeportal-fuer-verdacht-auf-vorkommen-der-grossen-druesenameise\/\" target=\"_blank\"><img decoding=\"async\" src=\"\/feeds\/gfx\/rheinmainverlag.de.png\" style=\"align:left !important; float:left !important; margin-top:4px !important; margin-right:8px !important; margin-bottom:4px !important; width:90px !important;\" \/><\/a>   Die gro&szlig;e Dr&uuml;senameise (Tapinoma magnum) ist eine invasive Insektenart, die jetzt auch schon an einigen Stellen in der Stadt und im Kreis Offenbach gesichtet wurde. Da sie sehr aggressiv ist und gro&szlig;e Sch&auml;den verursacht, ruft die st&auml;dtische Umweltberatung die ...<br clear=\"all\" \/>  <\/p>\n  <div><span class=\"my_article_details\"><time datetime=\"2026-04-27\">27.04.2026<\/time> &middot; <a href=\"\/news\/polizeieinsaetze-offenbach-am-main\" title=\"Polizeieins\u00e4tze Offenbach am Main\">Kreis Offenbach<\/a> &middot; <\/span><a href=\"https:\/\/www.rheinmainverlag.de\/2026\/04\/27\/meldeportal-fuer-verdacht-auf-vorkommen-der-grossen-druesenameise\/\" title=\"Link zum Artikel auf rheinmainverlag.de\" target=\"_blank\">rheinmainverlag.de<\/a><\/div>\n  <b><\/b>\n <\/div>\n <\/article>\n<\/div>\n<div class=\"post\" style=\"margin-bottom:40px;\">\n <article>\n <h2><a name=\"af03df17\" href=\"https:\/\/www.op-online.de\/region\/dietzenbach\/zwei-choere-feiern-die-liebe-in-ihrer-ganzen-gesanglichen-vielfalt-94279550.html\" rel=\"bookmark\" style=\"color:#333333; font-weight:bold;\" title=\"Link zum Artikel auf op-online.de\" target=\"_blank\">\u201eDir geh\u00f6rt mein ganzes Herz\u201c: Zwei Ch\u00f6re, ein gro\u00dfes Thema - die Liebe<\/a><\/h2>\n <div class=\"entry\">\n  <p style=\"margin-bottom:4px;\">\n   <a href=\"https:\/\/www.op-online.de\/region\/dietzenbach\/zwei-choere-feiern-die-liebe-in-ihrer-ganzen-gesanglichen-vielfalt-94279550.html\" target=\"_blank\"><img decoding=\"async\" src=\"https:\/\/www.op-online.de\/assets\/images\/42\/349\/42349711-gut-besucht-war-die-st-martin-kirche-beim-doppelkonzert-des-internationalen-chors-dietzenbach-und-concordia-classica-dietesheim-am-samstag-1u01.jpg\" style=\"align:left !important; float:left !important; margin-top:4px !important; margin-right:8px !important; margin-bottom:4px !important; width:90px !important;\" \/><\/a>   Die Concordia-Classica und der Internationale Chor pr&auml;sentierten Chansons d'amour. Dirigent Dirk Eisermann f&uuml;hrte beide Ensembles zusammen.<br clear=\"all\" \/>  <\/p>\n  <div><span class=\"my_article_details\"><time datetime=\"2026-04-27\">27.04.2026<\/time> &middot; <a href=\"\/news\/dietzenbach-aktuell\" title=\"Dietzenbach heute aktuell\">Dietzenbach<\/a> &middot; <a href=\"\/news\/dietzenbach-nachrichten\" title=\"Dietzenbach Nachrichten\">News<\/a> &middot; <\/span><a href=\"https:\/\/www.op-online.de\/region\/dietzenbach\/zwei-choere-feiern-die-liebe-in-ihrer-ganzen-gesanglichen-vielfalt-94279550.html\" title=\"Link zum Artikel auf op-online.de\" target=\"_blank\">op-online.de<\/a><\/div>\n  <b><\/b>\n <\/div>\n <\/article>\n<\/div>\n<div class=\"post\" style=\"background-color: #f4f4f4; margin-bottom: 40px; padding: 10px;\"><article><a style=\"color: #000000; font-size: 20px; font-weight: normal; text-decoration: underlined;\" href=\"https:\/\/www.tagesschau.de\/wirtschaft\/elektroauto-kosten-strom-100.html\" target=\"_blank\">Laden von E-Autos deutlich g\u00fcnstiger als Tanken<\/a><\/p><div class=\"entry\"><p style=\"margin-bottom: 4px;\"><a href=\"https:\/\/www.tagesschau.de\/wirtschaft\/elektroauto-kosten-strom-100.html\" target=\"_blank\" rel=\"noopener\"><img decoding=\"async\" style=\"align: left !important; float: left !important; margin-top: 4px !important; margin-right: 8px !important; margin-bottom: 4px !important; width: 90px !important;\" src=\"data:image\/gif;base64,R0lGODlhAQABAIAAAAAAAP\/\/\/yH5BAEAAAAALAAAAAABAAEAAAIBRAA7\" data-src=\"https:\/\/www.heusenstaemmchen.de\/feeds\/gfx\/tagesschau.de.png\" \/><\/a>Wer ein E-Auto besitzt und das zu Hause laden kann, der war im vergangenen Jahr am g\u00fcnstigsten unterwegs. Wer \u00f6ffentliche Lades\u00e4ulen nutzte, zahlte zwar mehr, aber immer noch viel weniger als die Fahrer von Benzinern an der Tankstelle.<br clear=\"all\" \/><\/p><div><b>Schon gewusst?<\/b> \u00b7 Regenerative Energien \u00b7 <a title=\"Mehr Details auf tagesschau.de\" href=\"https:\/\/www.tagesschau.de\/wirtschaft\/elektroauto-kosten-strom-100.html\" target=\"_blank\" rel=\"noopener\">tagesschau.de<\/a><\/div><\/div><\/article><\/div><div class=\"post\" style=\"margin-bottom:40px;\">\n <article>\n <h2><a name=\"ee6be7a3\" href=\"https:\/\/www.presseportal.de\/blaulicht\/pm\/43561\/6263589\" rel=\"bookmark\" style=\"color:#333333; font-weight:bold;\" title=\"Link zum Artikel auf presseportal.de\" target=\"_blank\">Polizei Offenbach am Main: Pressemeldungen vom 27.04.2026<\/a><\/h2>\n <div class=\"entry\">\n  <p style=\"margin-bottom:4px;\">\n   <a href=\"https:\/\/www.presseportal.de\/blaulicht\/pm\/43561\/6263589\" target=\"_blank\"><img decoding=\"async\" src=\"\/feeds\/gfx\/POL-OF.jpg\" style=\"align:left !important; float:left !important; margin-top:4px !important; margin-right:8px !important; margin-bottom:4px !important; width:90px !important;\" \/><\/a>   ... <b>5. Feuerwehr und Polizei r\u00fcckten aus: Zeugensuche nach Brand - Dietzenbach<\/b>   (fg) Feuerwehr und Polizei r\u00fcckten am Sonntagabend, gegen 19.25 Uhr, zu einem gemeldeten Brand in der Stra\u00dfe \"Am Wildwieseneck\" im Bereich des dortigen Wollwiesenteichs aus. Ein L\u00f6schen des gemeldeten Feuers war seitens der Einsatzkr\u00e4fte der Feuerwehr nicht ...<br clear=\"all\" \/>  <\/p>\n  <div><span class=\"my_article_details\"><time datetime=\"2026-04-27\">27.04.2026<\/time> &middot; <a href=\"\/news\/braende-offenbach-am-main\" title=\"Br\u00e4nde Offenbach am Main\">Brand<\/a> &middot; <a href=\"\/news\/dietzenbach-aktuell\" title=\"Dietzenbach heute aktuell\">Dietzenbach<\/a> &middot; <a href=\"\/news\/braende-offenbach-am-main\" title=\"Br\u00e4nde Offenbach am Main\">Feuerwehr<\/a> &middot; <a href=\"\/news\/dietzenbach-polizeimeldungen\" title=\"Polizeieins\u00e4tze Dietzenbach\">Polizei<\/a> &middot; <\/span><a href=\"https:\/\/www.presseportal.de\/blaulicht\/pm\/43561\/6263589\" title=\"Link zum Artikel auf presseportal.de\" target=\"_blank\">presseportal.de<\/a><\/div>\n  <b><\/b>\n <\/div>\n <\/article>\n<\/div>\n<div class=\"post\" style=\"margin-bottom:40px;\">\n <article>\n <h2><a name=\"82cd1478\" href=\"https:\/\/www.kreis-offenbach.de\/Service\/Medienservice\/Aktuelle-Pressemitteilungen\/Beflaggung-vor-dem-Kreishaus-am-1-Mai.php?object=tx,4013.5.1&ModID=7&FID=4013.3387.1&NavID=4013.211&La=1\" rel=\"bookmark\" style=\"color:#333333; font-weight:bold;\" title=\"Link zum Artikel auf kreis-offenbach.de\" target=\"_blank\">Beflaggung vor dem Kreishaus am 1. Mai<\/a><\/h2>\n <div class=\"entry\">\n  <p style=\"margin-bottom:4px;\">\n   <a href=\"https:\/\/www.kreis-offenbach.de\/Service\/Medienservice\/Aktuelle-Pressemitteilungen\/Beflaggung-vor-dem-Kreishaus-am-1-Mai.php?object=tx,4013.5.1&ModID=7&FID=4013.3387.1&NavID=4013.211&La=1\" target=\"_blank\"><img decoding=\"async\" src=\"\/feeds\/gfx\/kreis-offenbach.de.png\" style=\"align:left !important; float:left !important; margin-top:4px !important; margin-right:8px !important; margin-bottom:4px !important; width:90px !important;\" \/><\/a>   Am &bdquo;Tag der Arbeit&ldquo;, dem 1. Mai, werden vor dem Kreishaus in Dietzenbach und anderen \u00f6ffentlichen Geb\u00e4uden Flaggen wehen, um auf die  ...<br clear=\"all\" \/>  <\/p>\n  <div><span class=\"my_article_details\"><time datetime=\"2026-04-27\">27.04.2026<\/time> &middot; <a href=\"\/news\/dietzenbach-aktuell\" title=\"Dietzenbach heute aktuell\">Dietzenbach<\/a> &middot; <a href=\"\/news\/polizeieinsaetze-offenbach-am-main\" title=\"Polizeieins\u00e4tze Offenbach am Main\">Kreis Offenbach<\/a> &middot; <a href=\"\/news\/dietzenbach-nachrichten\" title=\"Dietzenbach Nachrichten\">News<\/a> &middot; <\/span><a href=\"https:\/\/www.kreis-offenbach.de\/Service\/Medienservice\/Aktuelle-Pressemitteilungen\/Beflaggung-vor-dem-Kreishaus-am-1-Mai.php?object=tx,4013.5.1&ModID=7&FID=4013.3387.1&NavID=4013.211&La=1\" title=\"Link zum Artikel auf kreis-offenbach.de\" target=\"_blank\">kreis-offenbach.de<\/a><\/div>\n  <b><\/b>\n <\/div>\n <\/article>\n<\/div>\n<div class=\"post\" style=\"margin-bottom:40px;\">\n <article>\n <h2><a name=\"3b85aa9f\" href=\"https:\/\/www.verbraucherzentrale-hessen.de\/node\/119798\" rel=\"bookmark\" style=\"color:#333333; font-weight:bold;\" title=\"Link zum Artikel auf verbraucherzentrale-hessen.de\" target=\"_blank\">Verbraucherzentrale: Online-Vortrag der Energieberatung im Mai<\/a><\/h2>\n <div class=\"entry\">\n  <p style=\"margin-bottom:4px;\">\n   <a href=\"https:\/\/www.verbraucherzentrale-hessen.de\/node\/119798\" target=\"_blank\"><img decoding=\"async\" src=\"\/feeds\/gfx\/verbraucherzentrale-hessen.de.png\" style=\"align:left !important; float:left !important; margin-top:4px !important; margin-right:8px !important; margin-bottom:4px !important; width:90px !important;\" \/><\/a>   Kostenloser Online-Vortrag der Verbraucherzentrale Hessen zur Optimierung bestehender Heizanlagen<br clear=\"all\" \/>  <\/p>\n  <div><span class=\"my_article_details\"><time datetime=\"2026-04-27\">27.04.2026<\/time> &middot; Hessen &middot; <\/span><a href=\"https:\/\/www.verbraucherzentrale-hessen.de\/node\/119798\" title=\"Link zum Artikel auf verbraucherzentrale-hessen.de\" target=\"_blank\">verbraucherzentrale-hessen.de<\/a><\/div>\n  <b><\/b>\n <\/div>\n <\/article>\n<\/div>\n<div class=\"post\" style=\"margin-bottom:40px;\">\n <article>\n <h2><a name=\"09d70bfe\" href=\"https:\/\/wp.vsg-1880-offenbach.de\/?p=14913\" rel=\"bookmark\" style=\"color:#333333; font-weight:bold;\" title=\"Link zum Artikel auf vsg-1880-offenbach.de\" target=\"_blank\">Ligaspieltag: VSGO 1 und 5 gewinnen \u2013 VSGO 2 muss noch um Klassenerhalt zittern<\/a><\/h2>\n <div class=\"entry\">\n  <p style=\"margin-bottom:4px;\">\n   <a href=\"https:\/\/wp.vsg-1880-offenbach.de\/?p=14913\" target=\"_blank\"><img decoding=\"async\" src=\"\/feeds\/gfx\/vsg-1880-offenbach.de.png\" style=\"align:left !important; float:left !important; margin-top:4px !important; margin-right:8px !important; margin-bottom:4px !important; width:90px !important;\" \/><\/a>   Als ob mit dem Finale der Stadtmeisterschaft und der Hessischen M&auml;dchenmannschaftsmeisterschaft noch nicht genug los gewesen w&auml;re, standen am Wochenende 25.\/26.4.26 auch die letzten Ligaspiele in den Kreisligen und den Hessischen Ligen an. Den Auftakt machte ...<br clear=\"all\" \/>  <\/p>\n  <div><span class=\"my_article_details\"><time datetime=\"2026-04-26\">26.04.2026<\/time> &middot; <a href=\"\/news\/dietzenbach-aktuell\" title=\"Dietzenbach heute aktuell\">Dietzenbach<\/a> &middot; <a href=\"\/news\/dietzenbach-nachrichten\" title=\"Dietzenbach Nachrichten\">News<\/a> &middot; <\/span><a href=\"https:\/\/wp.vsg-1880-offenbach.de\/?p=14913\" title=\"Link zum Artikel auf vsg-1880-offenbach.de\" target=\"_blank\">vsg-1880-offenbach.de<\/a><\/div>\n  <b><\/b>\n <\/div>\n <\/article>\n<\/div>\n<div class=\"post\" style=\"margin-bottom:40px;\">\n <article>\n <h2><a name=\"2a8df219\" href=\"https:\/\/www.hessenschau.de\/wirtschaft\/flughafen-frankfurt-interview-mit-fraport-chef-schulte-zum-terminal-3-v1,interview-fraport-chef-100.html\" rel=\"bookmark\" style=\"color:#333333; font-weight:bold;\" title=\"Link zum Artikel auf hessenschau.de\" target=\"_blank\">Flughafen Frankfurt: Interview mit Fraport-Chef Schulte zum Terminal 3<\/a><\/h2>\n <div class=\"entry\">\n  <p style=\"margin-bottom:4px;\">\n   <a href=\"https:\/\/www.hessenschau.de\/wirtschaft\/flughafen-frankfurt-interview-mit-fraport-chef-schulte-zum-terminal-3-v1,interview-fraport-chef-100.html\" target=\"_blank\"><img decoding=\"async\" src=\"https:\/\/www.hessenschau.de\/wirtschaft\/stefan-schulte-fraport-100~_t-1777197115365_v-16to9.jpg\" style=\"align:left !important; float:left !important; margin-top:4px !important; margin-right:8px !important; margin-bottom:4px !important; width:90px !important;\" \/><\/a>   Hohe Funktionalit&auml;t gepaart mit Wohlf&uuml;hlatmosph&auml;re: Das neue Terminal 3 am Flughafen Frankfurt hat f&uuml;r Passagiere viel zu bieten. Fraport-Chef Stefan Schulte sieht den Bau als Chance, weiter zu wachsen. ...<br clear=\"all\" \/>  <\/p>\n  <div><span class=\"my_article_details\"><time datetime=\"2026-04-26\">26.04.2026<\/time> &middot; <a href=\"\/news\/fluglaerm-offenbach-am-main\" title=\"Flugl\u00e4rm Offenbach am Main\">Flughafen<\/a> &middot; Frankfurt &middot; <\/span><a href=\"https:\/\/www.hessenschau.de\/wirtschaft\/flughafen-frankfurt-interview-mit-fraport-chef-schulte-zum-terminal-3-v1,interview-fraport-chef-100.html\" title=\"Link zum Artikel auf hessenschau.de\" target=\"_blank\">hessenschau.de<\/a><\/div>\n  <b><\/b>\n <\/div>\n <\/article>\n<\/div>\n<div class=\"post\" style=\"margin-bottom:40px;\">\n <article>\n <h2><a name=\"92ad0c3c\" href=\"https:\/\/www.op-online.de\/leben\/reise\/warum-viele-fluege-ab-frankfurt-bald-an-anderer-stelle-starten-zr-94278644.html\" rel=\"bookmark\" style=\"color:#333333; font-weight:bold;\" title=\"Link zum Artikel auf op-online.de\" target=\"_blank\">Warum viele Fl\u00fcge ab Frankfurt bald an anderer Stelle starten<\/a><\/h2>\n <div class=\"entry\">\n  <p style=\"margin-bottom:4px;\">\n   <a href=\"https:\/\/www.op-online.de\/leben\/reise\/warum-viele-fluege-ab-frankfurt-bald-an-anderer-stelle-starten-zr-94278644.html\" target=\"_blank\"><img decoding=\"async\" src=\"https:\/\/www.op-online.de\/assets\/images\/42\/243\/42243655-flugzeuge-flughafen-frankfurt-am-main-terminal-1n01.jpg\" style=\"align:left !important; float:left !important; margin-top:4px !important; margin-right:8px !important; margin-bottom:4px !important; width:90px !important;\" \/><\/a>   Mit Terminal 3 ver&auml;ndert sich am Flughafen Frankfurt f&uuml;r viele Reisende der gewohnte Abflugort. Erfahren Sie hier, was Sie beachten sollten.<br clear=\"all\" \/>  <\/p>\n  <div><span class=\"my_article_details\"><time datetime=\"2026-04-25\">25.04.2026<\/time> &middot; <a href=\"\/news\/fluglaerm-offenbach-am-main\" title=\"Flugl\u00e4rm Offenbach am Main\">Flughafen<\/a> &middot; Frankfurt &middot; <\/span><a href=\"https:\/\/www.op-online.de\/leben\/reise\/warum-viele-fluege-ab-frankfurt-bald-an-anderer-stelle-starten-zr-94278644.html\" title=\"Link zum Artikel auf op-online.de\" target=\"_blank\">op-online.de<\/a><\/div>\n  <b><\/b>\n <\/div>\n <\/article>\n<\/div>\n<div class=\"post\" style=\"margin-bottom:40px;\">\n <article>\n <h2><a name=\"79f99e6b\" href=\"https:\/\/www.fr.de\/rhein-main\/offenbach\/grosseinsatz-nach-brand-in-seligenstadt-kripo-ermittelt-ursache-94278548.html\" rel=\"bookmark\" style=\"color:#333333; font-weight:bold;\" title=\"Link zum Artikel auf fr.de\" target=\"_blank\">Gro\u00dfeinsatz nach Brand in Rhein-Main: Kripo ermittelt Ursache<\/a><\/h2>\n <div class=\"entry\">\n  <p style=\"margin-bottom:4px;\">\n   <a href=\"https:\/\/www.fr.de\/rhein-main\/offenbach\/grosseinsatz-nach-brand-in-seligenstadt-kripo-ermittelt-ursache-94278548.html\" target=\"_blank\"><img decoding=\"async\" src=\"https:\/\/www.fr.de\/assets\/images\/42\/344\/42344222-ein-garagenbrand-im-kreis-offenbach-hat-einen-schaden-von-mehr-als-70-000-euro-verursacht-1w01.jpg\" style=\"align:left !important; float:left !important; margin-top:4px !important; margin-right:8px !important; margin-bottom:4px !important; width:90px !important;\" \/><\/a>   Ein Garagenbrand in Seligenstadt (Kreis Offenbach) hat am Freitag, 24. April, einen Schaden von mehr als 70.000 Euro verursacht.<br clear=\"all\" \/>  <\/p>\n  <div><span class=\"my_article_details\"><time datetime=\"2026-04-25\">25.04.2026<\/time> &middot; <a href=\"\/news\/polizeieinsaetze-offenbach-am-main\" title=\"Polizeieins\u00e4tze Offenbach am Main\">Kreis Offenbach<\/a> &middot; <\/span><a href=\"https:\/\/www.fr.de\/rhein-main\/offenbach\/grosseinsatz-nach-brand-in-seligenstadt-kripo-ermittelt-ursache-94278548.html\" title=\"Link zum Artikel auf fr.de\" target=\"_blank\">fr.de<\/a><\/div>\n  <b><\/b>\n <\/div>\n <\/article>\n<\/div>\n<div class=\"post\" style=\"margin-bottom:40px;\">\n <article>\n <h2><a name=\"125917bf\" href=\"https:\/\/www.rheinmainverlag.de\/2026\/04\/25\/blitzer-im-kreis-offenbach-kw18\/\" rel=\"bookmark\" style=\"color:#333333; font-weight:bold;\" title=\"Link zum Artikel auf rheinmainverlag.de\" target=\"_blank\">Blitzer im Kreis Offenbach (KW18)<\/a><\/h2>\n <div class=\"entry\">\n  <p style=\"margin-bottom:4px;\">\n   <a href=\"https:\/\/www.rheinmainverlag.de\/2026\/04\/25\/blitzer-im-kreis-offenbach-kw18\/\" target=\"_blank\"><img decoding=\"async\" src=\"\/feeds\/gfx\/rheinmainverlag.de.png\" style=\"align:left !important; float:left !important; margin-top:4px !important; margin-right:8px !important; margin-bottom:4px !important; width:90px !important;\" \/><\/a>   Die Beamtinnen und Beamten der Verkehrsdirektion kontrollieren in der n&auml;chsten Woche die Einhaltung der Tempolimits unter anderem an Kinderg&auml;rten sowie Schulwegen. Geplant sind Messungen im Bereich folgender &Ouml;rtlichkeiten: 28.04.2026: Dietzenbach, Rodgaustra&szlig;e ...<br clear=\"all\" \/>  <\/p>\n  <div><span class=\"my_article_details\"><time datetime=\"2026-04-25\">25.04.2026<\/time> &middot; <a href=\"\/news\/dietzenbach-aktuell\" title=\"Dietzenbach heute aktuell\">Dietzenbach<\/a> &middot; <a href=\"\/news\/dietzenbach-nachrichten\" title=\"Dietzenbach Nachrichten\">News<\/a> &middot; <\/span><a href=\"https:\/\/www.rheinmainverlag.de\/2026\/04\/25\/blitzer-im-kreis-offenbach-kw18\/\" title=\"Link zum Artikel auf rheinmainverlag.de\" target=\"_blank\">rheinmainverlag.de<\/a><\/div>\n  <b><\/b>\n <\/div>\n <\/article>\n<\/div>\n<div class=\"post\" style=\"margin-bottom:40px;\">\n <article>\n <h2><a name=\"6cdbf4e9\" href=\"https:\/\/www.op-online.de\/region\/dietzenbach\/stephan-gieseler-wird-stadtverordnetenvorsteher-in-dietzenbach-94278252.html\" rel=\"bookmark\" style=\"color:#333333; font-weight:bold;\" title=\"Link zum Artikel auf op-online.de\" target=\"_blank\">Ex-B\u00fcrgermeister wird Parlamentsvorsitzender<\/a><\/h2>\n <div class=\"entry\">\n  <p style=\"margin-bottom:4px;\">\n   <a href=\"https:\/\/www.op-online.de\/region\/dietzenbach\/stephan-gieseler-wird-stadtverordnetenvorsteher-in-dietzenbach-94278252.html\" target=\"_blank\"><img decoding=\"async\" src=\"https:\/\/www.op-online.de\/assets\/images\/42\/339\/42339454-manuel-salomon-karoline-gieseler-und-christoph-mikuschek-alle-cdu-praesentieren-gemeinsam-mit-ahemd-idrees-karina-glaum-und-cengiz-hendek-spd-den-1S01.jpg\" style=\"align:left !important; float:left !important; margin-top:4px !important; margin-right:8px !important; margin-bottom:4px !important; width:90px !important;\" \/><\/a>   CDU und SPD haben ihren Koalitionsvertrag in Dietzenbach besiegelt. Ex-B&uuml;rgermeister Stephan Gieseler soll k&uuml;nftig die Stadtverordnetenversammlung leiten.<br clear=\"all\" \/>  <\/p>\n  <div><span class=\"my_article_details\"><time datetime=\"2026-04-25\">25.04.2026<\/time> &middot; <a href=\"\/news\/dietzenbach-aktuell\" title=\"Dietzenbach heute aktuell\">Dietzenbach<\/a> &middot; <a href=\"\/news\/dietzenbach-nachrichten\" title=\"Dietzenbach Nachrichten\">News<\/a> &middot; <\/span><a href=\"https:\/\/www.op-online.de\/region\/dietzenbach\/stephan-gieseler-wird-stadtverordnetenvorsteher-in-dietzenbach-94278252.html\" title=\"Link zum Artikel auf op-online.de\" target=\"_blank\">op-online.de<\/a><\/div>\n  <b><\/b>\n <\/div>\n <\/article>\n<\/div>\n<div class=\"post\" style=\"margin-bottom:40px;\">\n <article>\n <h2><a name=\"85aa7669\" href=\"https:\/\/www.kreis-offenbach.de\/Service\/Medienservice\/Aktuelle-Pressemitteilungen\/Musiccamp-in-den-Sommerferien.php?object=tx,4013.5.1&ModID=7&FID=4013.3384.1&NavID=4013.211&La=1\" rel=\"bookmark\" style=\"color:#333333; font-weight:bold;\" title=\"Link zum Artikel auf kreis-offenbach.de\" target=\"_blank\">Musiccamp in den Sommerferien<\/a><\/h2>\n <div class=\"entry\">\n  <p style=\"margin-bottom:4px;\">\n   <a href=\"https:\/\/www.kreis-offenbach.de\/Service\/Medienservice\/Aktuelle-Pressemitteilungen\/Musiccamp-in-den-Sommerferien.php?object=tx,4013.5.1&ModID=7&FID=4013.3384.1&NavID=4013.211&La=1\" target=\"_blank\"><img decoding=\"async\" src=\"\/feeds\/gfx\/kreis-offenbach.de.png\" style=\"align:left !important; float:left !important; margin-top:4px !important; margin-right:8px !important; margin-bottom:4px !important; width:90px !important;\" \/><\/a>   Kreative Jugendliche aus S\u00fcdhessen k\u00f6nnen w\u00e4hrend der Sommerferien &ndash; vom 13. bis 19. Juli 2026 &ndash; das Musiccamp im Kreisjugendheim Ernsthofen  ...<br clear=\"all\" \/>  <\/p>\n  <div><span class=\"my_article_details\"><time datetime=\"2026-04-24\">24.04.2026<\/time> &middot; <a href=\"\/news\/polizeieinsaetze-offenbach-am-main\" title=\"Polizeieins\u00e4tze Offenbach am Main\">Kreis Offenbach<\/a> &middot; <\/span><a href=\"https:\/\/www.kreis-offenbach.de\/Service\/Medienservice\/Aktuelle-Pressemitteilungen\/Musiccamp-in-den-Sommerferien.php?object=tx,4013.5.1&ModID=7&FID=4013.3384.1&NavID=4013.211&La=1\" title=\"Link zum Artikel auf kreis-offenbach.de\" target=\"_blank\">kreis-offenbach.de<\/a><\/div>\n  <b><\/b>\n <\/div>\n <\/article>\n<\/div>\n<div class=\"post\" style=\"margin-bottom:40px;\">\n <article>\n <h2><a name=\"bd55aedb\" href=\"https:\/\/www.op-online.de\/region\/dietzenbach\/cdu-und-spd-bilden-schwarz-rote-koalition-im-dietzenbacher-rathaus-94275969.html\" rel=\"bookmark\" style=\"color:#333333; font-weight:bold;\" title=\"Link zum Artikel auf op-online.de\" target=\"_blank\">Schwarz-rote Ehe im Dietzenbacher Rathaus<\/a><\/h2>\n <div class=\"entry\">\n  <p style=\"margin-bottom:4px;\">\n   <a href=\"https:\/\/www.op-online.de\/region\/dietzenbach\/cdu-und-spd-bilden-schwarz-rote-koalition-im-dietzenbacher-rathaus-94275969.html\" target=\"_blank\"><img decoding=\"async\" src=\"https:\/\/www.op-online.de\/assets\/images\/39\/393\/39393047-bdi-rathaus-dietzenbach-jpg-foto-lisa-schmedemann-3R01.jpg\" style=\"align:left !important; float:left !important; margin-top:4px !important; margin-right:8px !important; margin-bottom:4px !important; width:90px !important;\" \/><\/a>   Die Christdemokraten in Dietzenbach entscheiden sich gegen ein Jamaika-B&uuml;ndnis und f&uuml;r die SPD. Der Koalitionsvertrag soll noch vor der konstituierenden Sitzung unterzeichnet werden.<br clear=\"all\" \/>  <\/p>\n  <div><span class=\"my_article_details\"><time datetime=\"2026-04-24\">24.04.2026<\/time> &middot; <a href=\"\/news\/dietzenbach-aktuell\" title=\"Dietzenbach heute aktuell\">Dietzenbach<\/a> &middot; <a href=\"\/news\/dietzenbach-nachrichten\" title=\"Dietzenbach Nachrichten\">News<\/a> &middot; <\/span><a href=\"https:\/\/www.op-online.de\/region\/dietzenbach\/cdu-und-spd-bilden-schwarz-rote-koalition-im-dietzenbacher-rathaus-94275969.html\" title=\"Link zum Artikel auf op-online.de\" target=\"_blank\">op-online.de<\/a><\/div>\n  <b><\/b>\n <\/div>\n <\/article>\n<\/div>\n<div class=\"post\" style=\"margin-bottom:40px;\">\n <article>\n <h2><a name=\"d114a528\" href=\"https:\/\/gruene-offenbach.de\/2026\/04\/23\/die-gruenen-im-rathaus-sind-fuer-die-oppositionsfuehrung-bereit\/\" rel=\"bookmark\" style=\"color:#333333; font-weight:bold;\" title=\"Link zum Artikel auf gruene-offenbach.de\" target=\"_blank\">Die Gr\u00fcnen im Rathaus sind f\u00fcr die Oppositionsf\u00fchrung bereit<\/a><\/h2>\n <div class=\"entry\">\n  <p style=\"margin-bottom:4px;\">\n   <a href=\"https:\/\/gruene-offenbach.de\/2026\/04\/23\/die-gruenen-im-rathaus-sind-fuer-die-oppositionsfuehrung-bereit\/\" target=\"_blank\"><img decoding=\"async\" src=\"\/feeds\/gfx\/gruene-offenbach.de.png\" style=\"align:left !important; float:left !important; margin-top:4px !important; margin-right:8px !important; margin-bottom:4px !important; width:90px !important;\" \/><\/a>   Wechsel in der gr&uuml;nen Fraktion Im Zuge der Neukonstituierung der Stadtverordnetenversammlung f&uuml;gt sich auch in der neu gew&auml;hlten Gr&uuml;nen-Fraktion das Personaltableau neu zusammen. \u201eWir nehmen unsere neue Rolle als st&auml;rkste Kraft in der Opposition und damit als ...<br clear=\"all\" \/>  <\/p>\n  <div><span class=\"my_article_details\"><time datetime=\"2026-04-23\">23.04.2026<\/time> &middot; IHK &middot; <a href=\"\/news\/offenbach-aktuell\" title=\"Offenbach heute aktuell\">Offenbach<\/a> &middot; <\/span><a href=\"https:\/\/gruene-offenbach.de\/2026\/04\/23\/die-gruenen-im-rathaus-sind-fuer-die-oppositionsfuehrung-bereit\/\" title=\"Link zum Artikel auf gruene-offenbach.de\" target=\"_blank\">gruene-offenbach.de<\/a><\/div>\n  <b><\/b>\n <\/div>\n <\/article>\n<\/div>\n<div class=\"post\" style=\"margin-bottom:40px;\">\n <article>\n <h2><a name=\"4bcd3724\" href=\"https:\/\/www.dietzenbach.de\/index.php?ModID=255&FID=3651.28976.1&object=tx%2C3651.6\" rel=\"bookmark\" style=\"color:#333333; font-weight:bold;\" title=\"Link zum Artikel auf dietzenbach.de\" target=\"_blank\">Dietzenbach: Einsatz gegen den Eichenprozessionsspinner<\/a><\/h2>\n <div class=\"entry\">\n  <p style=\"margin-bottom:4px;\">\n   <a href=\"https:\/\/www.dietzenbach.de\/index.php?ModID=255&FID=3651.28976.1&object=tx%2C3651.6\" target=\"_blank\"><img decoding=\"async\" src=\"\/feeds\/gfx\/dietzenbach.de.png\" style=\"align:left !important; float:left !important; margin-top:4px !important; margin-right:8px !important; margin-bottom:4px !important; width:90px !important;\" \/><\/a>   St&auml;dtische Betriebe r&uuml;sten sich f&uuml;r die Saison Er ist klein, behaart und kann uns auch in diesem Jahr wieder das Leben schwer machen: der Eichenprozessionsspinner (Thaumetopoea processionea). Beg&uuml;nstigt durch den Klimawandel ...<br clear=\"all\" \/>  <\/p>\n  <div><span class=\"my_article_details\"><time datetime=\"2026-04-23\">23.04.2026<\/time> &middot; <a href=\"\/news\/dietzenbach-aktuell\" title=\"Dietzenbach heute aktuell\">Dietzenbach<\/a> &middot; <a href=\"\/news\/dietzenbach-nachrichten\" title=\"Dietzenbach Nachrichten\">News<\/a> &middot; <\/span><a href=\"https:\/\/www.dietzenbach.de\/index.php?ModID=255&FID=3651.28976.1&object=tx%2C3651.6\" title=\"Link zum Artikel auf dietzenbach.de\" target=\"_blank\">dietzenbach.de<\/a><\/div>\n  <b><\/b>\n <\/div>\n <\/article>\n<\/div>\n<div class=\"post\" style=\"margin-bottom:40px;\">\n <article>\n <h2><a name=\"b0618d9a\" href=\"https:\/\/www.rheinmainverlag.de\/2026\/04\/23\/bedrohung-mit-cuttermesser-am-flughafen-frankfurt\/\" rel=\"bookmark\" style=\"color:#333333; font-weight:bold;\" title=\"Link zum Artikel auf rheinmainverlag.de\" target=\"_blank\">Bedrohung mit Cuttermesser am Flughafen Frankfurt<\/a><\/h2>\n <div class=\"entry\">\n  <p style=\"margin-bottom:4px;\">\n   <a href=\"https:\/\/www.rheinmainverlag.de\/2026\/04\/23\/bedrohung-mit-cuttermesser-am-flughafen-frankfurt\/\" target=\"_blank\"><img decoding=\"async\" src=\"\/feeds\/gfx\/rheinmainverlag.de.png\" style=\"align:left !important; float:left !important; margin-top:4px !important; margin-right:8px !important; margin-bottom:4px !important; width:90px !important;\" \/><\/a>   Am Dienstag bedrohte ein Mann einen 30-J&auml;hrigen am Flughafen Frankfurt mit einem Cuttermesser. Am Mittwochmorgen (22.) wurde er festgenommen. Nach aktuellen Erkenntnissen begegneten sich die beiden M&auml;nner gegen 7.30 Uhr in der Kellerfahrstra&szlig;e am Flughafen. ...<br clear=\"all\" \/>  <\/p>\n  <div><span class=\"my_article_details\"><time datetime=\"2026-04-23\">23.04.2026<\/time> &middot; <a href=\"\/news\/fluglaerm-offenbach-am-main\" title=\"Flugl\u00e4rm Offenbach am Main\">Flughafen<\/a> &middot; Frankfurt &middot; <\/span><a href=\"https:\/\/www.rheinmainverlag.de\/2026\/04\/23\/bedrohung-mit-cuttermesser-am-flughafen-frankfurt\/\" title=\"Link zum Artikel auf rheinmainverlag.de\" target=\"_blank\">rheinmainverlag.de<\/a><\/div>\n  <b><\/b>\n <\/div>\n <\/article>\n<\/div>\n<div class=\"post\" style=\"margin-bottom:40px;\">\n <article>\n <h2><a name=\"65c71002\" href=\"https:\/\/ass-offenbach.de\/2026\/04\/23\/aktion-zum-earth-day-klasse-5f-engagiert-sich-fuer-die-umwelt\/\" rel=\"bookmark\" style=\"color:#333333; font-weight:bold;\" title=\"Link zum Artikel auf ass-offenbach.de\" target=\"_blank\">Aktion zum Earth Day: Klasse 5f engagiert sich f\u00fcr die Umwelt<\/a><\/h2>\n <div class=\"entry\">\n  <p style=\"margin-bottom:4px;\">\n   <a href=\"https:\/\/ass-offenbach.de\/2026\/04\/23\/aktion-zum-earth-day-klasse-5f-engagiert-sich-fuer-die-umwelt\/\" target=\"_blank\"><img decoding=\"async\" src=\"\/feeds\/gfx\/ass-offenbach.de.jpg\" style=\"align:left !important; float:left !important; margin-top:4px !important; margin-right:8px !important; margin-bottom:4px !important; width:90px !important;\" \/><\/a>   Anl&auml;sslich des diesj&auml;hrigen &#8222;Earth Day&quot; hat die Klasse 5f unter der Leitung von Frau Schubert einen ausf&uuml;hrlichen Rundgang rund um das Schulgel&auml;nde, die Gabelsberger Stra&szlig;e sowie den neuen Spielplatz am Friedrichsweiher unternommen und dabei gemeinsam ...<br clear=\"all\" \/>  <\/p>\n  <div><span class=\"my_article_details\"><time datetime=\"2026-04-23\">23.04.2026<\/time> &middot; <a href=\"\/news\/offenbach-aktuell\" title=\"Offenbach heute aktuell\">Offenbach<\/a> &middot; Umgebung &middot; <\/span><a href=\"https:\/\/ass-offenbach.de\/2026\/04\/23\/aktion-zum-earth-day-klasse-5f-engagiert-sich-fuer-die-umwelt\/\" title=\"Link zum Artikel auf ass-offenbach.de\" target=\"_blank\">ass-offenbach.de<\/a><\/div>\n  <b><\/b>\n <\/div>\n <\/article>\n<\/div>\n<div class=\"post\" style=\"margin-bottom:40px;\">\n <article>\n <h2><a name=\"215ecb8c\" href=\"https:\/\/www.dietzenbach.de\/index.php?ModID=255&FID=3651.28975.1&object=tx%2C3651.6\" rel=\"bookmark\" style=\"color:#333333; font-weight:bold;\" title=\"Link zum Artikel auf dietzenbach.de\" target=\"_blank\">Geb\u00e4udegr\u00fcn: Erstberatung f\u00fcr Gewerbetreibende<\/a><\/h2>\n <div class=\"entry\">\n  <p style=\"margin-bottom:4px;\">\n   <a href=\"https:\/\/www.dietzenbach.de\/index.php?ModID=255&FID=3651.28975.1&object=tx%2C3651.6\" target=\"_blank\"><img decoding=\"async\" src=\"\/feeds\/gfx\/dietzenbach.de.png\" style=\"align:left !important; float:left !important; margin-top:4px !important; margin-right:8px !important; margin-bottom:4px !important; width:90px !important;\" \/><\/a>   Neues Angebot, kostenlos und unabh&auml;ngig Begr&uuml;nte D&auml;cher und Fassaden sch&uuml;tzen vor Hitze, halten Regenwasser zur&uuml;ck und werten Geb&auml;ude nachhaltig auf. Die Kreisstadt Dietzenbach hat mit Bezug darauf und in Zusammenarbeit von ...<br clear=\"all\" \/>  <\/p>\n  <div><span class=\"my_article_details\"><time datetime=\"2026-04-23\">23.04.2026<\/time> &middot; <a href=\"\/news\/dietzenbach-aktuell\" title=\"Dietzenbach heute aktuell\">Dietzenbach<\/a> &middot; <a href=\"\/news\/dietzenbach-nachrichten\" title=\"Dietzenbach Nachrichten\">News<\/a> &middot; <\/span><a href=\"https:\/\/www.dietzenbach.de\/index.php?ModID=255&FID=3651.28975.1&object=tx%2C3651.6\" title=\"Link zum Artikel auf dietzenbach.de\" target=\"_blank\">dietzenbach.de<\/a><\/div>\n  <b><\/b>\n <\/div>\n <\/article>\n<\/div>\n<div class=\"post\" style=\"margin-bottom:40px;\">\n <article>\n <h2><a name=\"9eed220d\" href=\"https:\/\/www.rheinmainverlag.de\/2026\/04\/23\/terminal-3-am-flughafen-frankfurt-mit-grossem-festakt-eroeffnet\/\" rel=\"bookmark\" style=\"color:#333333; font-weight:bold;\" title=\"Link zum Artikel auf rheinmainverlag.de\" target=\"_blank\">Terminal 3 am Flughafen Frankfurt mit gro\u00dfem Festakt er\u00f6ffnet<\/a><\/h2>\n <div class=\"entry\">\n  <p style=\"margin-bottom:4px;\">\n   <a href=\"https:\/\/www.rheinmainverlag.de\/2026\/04\/23\/terminal-3-am-flughafen-frankfurt-mit-grossem-festakt-eroeffnet\/\" target=\"_blank\"><img decoding=\"async\" src=\"\/feeds\/gfx\/rheinmainverlag.de.png\" style=\"align:left !important; float:left !important; margin-top:4px !important; margin-right:8px !important; margin-bottom:4px !important; width:90px !important;\" \/><\/a>   &Uuml;ber 400 geladene G&auml;ste feiern mit Fraport Mit einem feierlichen Festakt und &uuml;ber 400 geladenen G&auml;sten aus Politik, Wirtschaft sowie der Luftfahrtbranche hat die Fraport AG am Mittwoch, 22. April, das hochmoderne Terminal 3 am Flughafen Frankfurt offiziell ...<br clear=\"all\" \/>  <\/p>\n  <div><span class=\"my_article_details\"><time datetime=\"2026-04-23\">23.04.2026<\/time> &middot; <a href=\"\/news\/fluglaerm-offenbach-am-main\" title=\"Flugl\u00e4rm Offenbach am Main\">Flughafen<\/a> &middot; Frankfurt &middot; <\/span><a href=\"https:\/\/www.rheinmainverlag.de\/2026\/04\/23\/terminal-3-am-flughafen-frankfurt-mit-grossem-festakt-eroeffnet\/\" title=\"Link zum Artikel auf rheinmainverlag.de\" target=\"_blank\">rheinmainverlag.de<\/a><\/div>\n  <b><\/b>\n <\/div>\n <\/article>\n<\/div>\n<div class=\"post\" style=\"margin-bottom:40px;\">\n <article>\n <h2><a name=\"e893a209\" href=\"https:\/\/www.op-online.de\/region\/dietzenbach\/angler-feiern-wieder-aber-die-huehner-machen-dicht-94274810.html\" rel=\"bookmark\" style=\"color:#333333; font-weight:bold;\" title=\"Link zum Artikel auf op-online.de\" target=\"_blank\">Angler feiern wieder \u2013 aber die H\u00fchner machen dicht<\/a><\/h2>\n <div class=\"entry\">\n  <p style=\"margin-bottom:4px;\">\n   <a href=\"https:\/\/www.op-online.de\/region\/dietzenbach\/angler-feiern-wieder-aber-die-huehner-machen-dicht-94274810.html\" target=\"_blank\"><img decoding=\"async\" src=\"https:\/\/www.op-online.de\/assets\/images\/42\/242\/42242514-bdi220425angelweiherdietzenbach01dietzenbachangelweiher-der-angelverein-dietzenbach-wird-im-jahr-2025-auf-sein-traditionelles-vatertagsfest-verzichten-1k01.jpg\" style=\"align:left !important; float:left !important; margin-top:4px !important; margin-right:8px !important; margin-bottom:4px !important; width:90px !important;\" \/><\/a>   Die traditionelle Vatertags-Tour durch Dietzenbach hat sich ver&auml;ndert. Der Gefl&uuml;gelzuchtverein bleibt geschlossen, die Sch&uuml;tzen feiern lieber Muttertag.<br clear=\"all\" \/>  <\/p>\n  <div><span class=\"my_article_details\"><time datetime=\"2026-04-23\">23.04.2026<\/time> &middot; <a href=\"\/news\/dietzenbach-aktuell\" title=\"Dietzenbach heute aktuell\">Dietzenbach<\/a> &middot; <a href=\"\/news\/dietzenbach-nachrichten\" title=\"Dietzenbach Nachrichten\">News<\/a> &middot; <\/span><a href=\"https:\/\/www.op-online.de\/region\/dietzenbach\/angler-feiern-wieder-aber-die-huehner-machen-dicht-94274810.html\" title=\"Link zum Artikel auf op-online.de\" target=\"_blank\">op-online.de<\/a><\/div>\n  <b><\/b>\n <\/div>\n <\/article>\n<\/div>\n<div class=\"post\" style=\"margin-bottom:40px;\">\n <article>\n <h2><a name=\"e35893dc\" href=\"https:\/\/www.journal-frankfurt.de\/?src=journal_news_einzel&id=45533&from=feed\" rel=\"bookmark\" style=\"color:#333333; font-weight:bold;\" title=\"Link zum Artikel auf journal-frankfurt.de\" target=\"_blank\">Frankfurter Initiativen kritisieren Terminal 3<\/a><\/h2>\n <div class=\"entry\">\n  <p style=\"margin-bottom:4px;\">\n   <a href=\"https:\/\/www.journal-frankfurt.de\/?src=journal_news_einzel&id=45533&from=feed\" target=\"_blank\"><img decoding=\"async\" src=\"https:\/\/www.journal-frankfurt.de\/cache\/images\/news\/q180\/45533.jpg\" style=\"align:left !important; float:left !important; margin-top:4px !important; margin-right:8px !important; margin-bottom:4px !important; width:90px !important;\" \/><\/a>   Das Terminal 3 am Frankfurter Flughafen ist er&ouml;ffnet. Dies wurde mit einem Wochenendevent gefeiert. Nun ger&auml;t die Feier in die Kritik.<br clear=\"all\" \/>  <\/p>\n  <div><span class=\"my_article_details\"><time datetime=\"2026-04-23\">23.04.2026<\/time> &middot; <a href=\"\/news\/fluglaerm-offenbach-am-main\" title=\"Flugl\u00e4rm Offenbach am Main\">Flughafen<\/a> &middot; Frankfurt &middot; <\/span><a href=\"https:\/\/www.journal-frankfurt.de\/?src=journal_news_einzel&id=45533&from=feed\" title=\"Link zum Artikel auf journal-frankfurt.de\" target=\"_blank\">journal-frankfurt.de<\/a><\/div>\n  <b><\/b>\n <\/div>\n <\/article>\n<\/div>\n<div class=\"post\" style=\"margin-bottom:40px;\">\n <article>\n <h2><a name=\"00cbb871\" href=\"https:\/\/www.dietzenbach.de\/index.php?ModID=255&FID=3651.28974.1&object=tx%2C3651.6\" rel=\"bookmark\" style=\"color:#333333; font-weight:bold;\" title=\"Link zum Artikel auf dietzenbach.de\" target=\"_blank\">Dietzenbach: Chancen f\u00fcr Vielfalt in der Kita<\/a><\/h2>\n <div class=\"entry\">\n  <p style=\"margin-bottom:4px;\">\n   <a href=\"https:\/\/www.dietzenbach.de\/index.php?ModID=255&FID=3651.28974.1&object=tx%2C3651.6\" target=\"_blank\"><img decoding=\"async\" src=\"\/feeds\/gfx\/dietzenbach.de.png\" style=\"align:left !important; float:left !important; margin-top:4px !important; margin-right:8px !important; margin-bottom:4px !important; width:90px !important;\" \/><\/a>   Tagung f&uuml;r p&auml;dagogische Fachkr&auml;fte mit Fokus auf Inklusion Die Kreisstadt Dietzenbach ist die kinderreichste Stadt in Hessen und nimmt sich tatkr&auml;ftig, qualitativ hochwertig und innovativ der damit einhergehenden Aufgaben an. Dazu ...<br clear=\"all\" \/>  <\/p>\n  <div><span class=\"my_article_details\"><time datetime=\"2026-04-23\">23.04.2026<\/time> &middot; <a href=\"\/news\/dietzenbach-aktuell\" title=\"Dietzenbach heute aktuell\">Dietzenbach<\/a> &middot; <a href=\"\/news\/dietzenbach-nachrichten\" title=\"Dietzenbach Nachrichten\">News<\/a> &middot; <\/span><a href=\"https:\/\/www.dietzenbach.de\/index.php?ModID=255&FID=3651.28974.1&object=tx%2C3651.6\" title=\"Link zum Artikel auf dietzenbach.de\" target=\"_blank\">dietzenbach.de<\/a><\/div>\n  <b><\/b>\n <\/div>\n <\/article>\n<\/div>\n<div class=\"post\" style=\"margin-bottom:40px;\">\n <article>\n <h2><a name=\"84982c88\" href=\"https:\/\/www.kreis-offenbach.de\/Service\/Medienservice\/Aktuelle-Pressemitteilungen\/Neue-Wege-in-Arbeit-Wie-der-Kreis-Offenbach-Frauen-gezielt-in-Besch%C3%A4ftigung-bringt.php?object=tx,4013.5.1&ModID=7&FID=4013.3383.1&NavID=4013.211&La=1\" rel=\"bookmark\" style=\"color:#333333; font-weight:bold;\" title=\"Link zum Artikel auf kreis-offenbach.de\" target=\"_blank\">Neue Wege in Arbeit: Wie der Kreis Offenbach Frauen gezielt in Besch\u00e4ftigung bringt<\/a><\/h2>\n <div class=\"entry\">\n  <p style=\"margin-bottom:4px;\">\n   <a href=\"https:\/\/www.kreis-offenbach.de\/Service\/Medienservice\/Aktuelle-Pressemitteilungen\/Neue-Wege-in-Arbeit-Wie-der-Kreis-Offenbach-Frauen-gezielt-in-Besch%C3%A4ftigung-bringt.php?object=tx,4013.5.1&ModID=7&FID=4013.3383.1&NavID=4013.211&La=1\" target=\"_blank\"><img decoding=\"async\" src=\"\/feeds\/gfx\/kreis-offenbach.de.png\" style=\"align:left !important; float:left !important; margin-top:4px !important; margin-right:8px !important; margin-bottom:4px !important; width:90px !important;\" \/><\/a>   Wie k\u00f6nnen bislang ungenutzte Erwerbspotenziale von Frauen st\u00e4rker f\u00fcr den Arbeitsmarkt erschlossen werden &ndash; und damit zur Fachkr\u00e4ftesicherung beitragen? Diese  ...<br clear=\"all\" \/>  <\/p>\n  <div><span class=\"my_article_details\"><time datetime=\"2026-04-23\">23.04.2026<\/time> &middot; <a href=\"\/news\/polizeieinsaetze-offenbach-am-main\" title=\"Polizeieins\u00e4tze Offenbach am Main\">Kreis Offenbach<\/a> &middot; <\/span><a href=\"https:\/\/www.kreis-offenbach.de\/Service\/Medienservice\/Aktuelle-Pressemitteilungen\/Neue-Wege-in-Arbeit-Wie-der-Kreis-Offenbach-Frauen-gezielt-in-Besch%C3%A4ftigung-bringt.php?object=tx,4013.5.1&ModID=7&FID=4013.3383.1&NavID=4013.211&La=1\" title=\"Link zum Artikel auf kreis-offenbach.de\" target=\"_blank\">kreis-offenbach.de<\/a><\/div>\n  <b><\/b>\n <\/div>\n <\/article>\n<\/div>\n<div class=\"post\" style=\"margin-bottom:40px;\">\n <article>\n <h2><a name=\"121b5bee\" href=\"https:\/\/www.evo-ag.de\/presse\/pressemitteilungen\/details\/100-vereine-10000-liter-bierspende-fuer-stadt-und-kreis\" rel=\"bookmark\" style=\"color:#333333; font-weight:bold;\" title=\"Link zum Artikel auf evo-ag.de\" target=\"_blank\">100 Vereine, 10.000 Liter: Bierspende f\u00fcr Stadt und Kreis<\/a><\/h2>\n <div class=\"entry\">\n  <p style=\"margin-bottom:4px;\">\n   <a href=\"https:\/\/www.evo-ag.de\/presse\/pressemitteilungen\/details\/100-vereine-10000-liter-bierspende-fuer-stadt-und-kreis\" target=\"_blank\"><img decoding=\"async\" src=\"\/feeds\/gfx\/evo-ag.de.png\" style=\"align:left !important; float:left !important; margin-top:4px !important; margin-right:8px !important; margin-bottom:4px !important; width:90px !important;\" \/><\/a>   Glaabsbr\u00e4u und EVO \u00fcbergeben Bierspende-Gutscheine in Seligenstadt \/ Ehrengast: OFC-Pr\u00e4sident Joachim Wagner<br clear=\"all\" \/>  <\/p>\n  <div><span class=\"my_article_details\"><time datetime=\"2026-04-23\">23.04.2026<\/time> &middot; Energie &middot; <a href=\"\/news\/offenbach-aktuell\" title=\"Offenbach heute aktuell\">Offenbach<\/a> &middot; <\/span><a href=\"https:\/\/www.evo-ag.de\/presse\/pressemitteilungen\/details\/100-vereine-10000-liter-bierspende-fuer-stadt-und-kreis\" title=\"Link zum Artikel auf evo-ag.de\" target=\"_blank\">evo-ag.de<\/a><\/div>\n  <b><\/b>\n <\/div>\n <\/article>\n<\/div>\n<div class=\"post\" style=\"margin-bottom:40px;\">\n <article>\n <h2><a name=\"9c1a830b\" href=\"https:\/\/www.verbraucherzentrale-hessen.de\/node\/119436\" rel=\"bookmark\" style=\"color:#333333; font-weight:bold;\" title=\"Link zum Artikel auf verbraucherzentrale-hessen.de\" target=\"_blank\">Soja im Faktencheck: Mythen, Risiken und Chancen<\/a><\/h2>\n <div class=\"entry\">\n  <p style=\"margin-bottom:4px;\">\n   <a href=\"https:\/\/www.verbraucherzentrale-hessen.de\/node\/119436\" target=\"_blank\"><img decoding=\"async\" src=\"\/feeds\/gfx\/verbraucherzentrale-hessen.de.png\" style=\"align:left !important; float:left !important; margin-top:4px !important; margin-right:8px !important; margin-bottom:4px !important; width:90px !important;\" \/><\/a>   Verbraucherzentralen ordnen Sorgen und Hoffnungen rund um den Verzehr von Soja ein<br clear=\"all\" \/>  <\/p>\n  <div><span class=\"my_article_details\"><time datetime=\"2026-04-23\">23.04.2026<\/time> &middot; Hessen &middot; <\/span><a href=\"https:\/\/www.verbraucherzentrale-hessen.de\/node\/119436\" title=\"Link zum Artikel auf verbraucherzentrale-hessen.de\" target=\"_blank\">verbraucherzentrale-hessen.de<\/a><\/div>\n  <b><\/b>\n <\/div>\n <\/article>\n<\/div>\n<div class=\"post\" style=\"margin-bottom:40px;\">\n <article>\n <h2><a name=\"77742e70\" href=\"https:\/\/www.1730live.de\/2026\/04\/22\/terminal-3-eroeffnet\/\" rel=\"bookmark\" style=\"color:#333333; font-weight:bold;\" title=\"Link zum Artikel auf 1730live.de\" target=\"_blank\">Terminal 3 er\u00f6ffnet<\/a><\/h2>\n <div class=\"entry\">\n  <p style=\"margin-bottom:4px;\">\n   <a href=\"https:\/\/www.1730live.de\/2026\/04\/22\/terminal-3-eroeffnet\/\" target=\"_blank\"><img decoding=\"async\" src=\"\/feeds\/gfx\/1730live.de.png\" style=\"align:left !important; float:left !important; margin-top:4px !important; margin-right:8px !important; margin-bottom:4px !important; width:90px !important;\" \/><\/a>   Heute ist ein gro&szlig;er Tag f&uuml;r den Luftverkehr in Deutschland: Am Frankfurter Flughafen &ouml;ffnet das neue Terminal 3 &#8211; und wir waren nat&uuml;rlich f&uuml;r Sie dabei. Nach vielen Jahren der Planung und des Baus sollen dort k&uuml;nftig Millionen zus&auml;tzlicher Passagiere ...<br clear=\"all\" \/>  <\/p>\n  <div><span class=\"my_article_details\"><time datetime=\"2026-04-22\">22.04.2026<\/time> &middot; <a href=\"\/news\/fluglaerm-offenbach-am-main\" title=\"Flugl\u00e4rm Offenbach am Main\">Flughafen<\/a> &middot; Frankfurt &middot; <\/span><a href=\"https:\/\/www.1730live.de\/2026\/04\/22\/terminal-3-eroeffnet\/\" title=\"Link zum Artikel auf 1730live.de\" target=\"_blank\">1730live.de<\/a><\/div>\n  <b><\/b>\n <\/div>\n <\/article>\n<\/div>\n<div class=\"post\" style=\"margin-bottom:40px;\">\n <article>\n <h2><a name=\"97d06106\" href=\"https:\/\/www.1730live.de\/2026\/04\/22\/der-lange-weg-zum-bau-von-terminal-3\/\" rel=\"bookmark\" style=\"color:#333333; font-weight:bold;\" title=\"Link zum Artikel auf 1730live.de\" target=\"_blank\">Der lange Weg zum Bau von Terminal 3<\/a><\/h2>\n <div class=\"entry\">\n  <p style=\"margin-bottom:4px;\">\n   <a href=\"https:\/\/www.1730live.de\/2026\/04\/22\/der-lange-weg-zum-bau-von-terminal-3\/\" target=\"_blank\"><img decoding=\"async\" src=\"\/feeds\/gfx\/1730live.de.png\" style=\"align:left !important; float:left !important; margin-top:4px !important; margin-right:8px !important; margin-bottom:4px !important; width:90px !important;\" \/><\/a>   Wir werfen einen Blick zur&uuml;ck auf die Entstehung &#8211; auf die Planung und Umsetzung einer Baustelle der Superlative. Der Frankfurter Flughafen, er w&auml;chst weiter. Terminal 3 im S&uuml;den des Airport-Gel&auml;ndes soll den Flughafen f&uuml;r die kommenden Jahrzehnte fit ...<br clear=\"all\" \/>  <\/p>\n  <div><span class=\"my_article_details\"><time datetime=\"2026-04-22\">22.04.2026<\/time> &middot; <a href=\"\/news\/fluglaerm-offenbach-am-main\" title=\"Flugl\u00e4rm Offenbach am Main\">Flughafen<\/a> &middot; Frankfurt &middot; <\/span><a href=\"https:\/\/www.1730live.de\/2026\/04\/22\/der-lange-weg-zum-bau-von-terminal-3\/\" title=\"Link zum Artikel auf 1730live.de\" target=\"_blank\">1730live.de<\/a><\/div>\n  <b><\/b>\n <\/div>\n <\/article>\n<\/div>\n<div class=\"post\" style=\"margin-bottom:40px;\">\n <article>\n <h2><a name=\"0526de37\" href=\"https:\/\/www.1730live.de\/2026\/04\/22\/schaltgespraech-mit-fraport-chef-stefan-schulte\/\" rel=\"bookmark\" style=\"color:#333333; font-weight:bold;\" title=\"Link zum Artikel auf 1730live.de\" target=\"_blank\">Schaltgespr\u00e4ch mit Fraport-Chef Stefan Schulte<\/a><\/h2>\n <div class=\"entry\">\n  <p style=\"margin-bottom:4px;\">\n   <a href=\"https:\/\/www.1730live.de\/2026\/04\/22\/schaltgespraech-mit-fraport-chef-stefan-schulte\/\" target=\"_blank\"><img decoding=\"async\" src=\"\/feeds\/gfx\/1730live.de.png\" style=\"align:left !important; float:left !important; margin-top:4px !important; margin-right:8px !important; margin-bottom:4px !important; width:90px !important;\" \/><\/a>   Eva Dieterle spricht mit ihm &uuml;ber die Herausforderungen der Mega-Baustelle, die Vorteile f&uuml;r Passagiere und ob der Bau eines dritten Terminals wirklich sinnvoll war. Eva Dieterle, Moderatorin: Guten Tag. Stefan Schulte, Vorstandsvorsitzender Fraport: Guten ...<br clear=\"all\" \/>  <\/p>\n  <div><span class=\"my_article_details\"><time datetime=\"2026-04-22\">22.04.2026<\/time> &middot; <a href=\"\/news\/fluglaerm-offenbach-am-main\" title=\"Flugl\u00e4rm Offenbach am Main\">Flughafen<\/a> &middot; Frankfurt &middot; <\/span><a href=\"https:\/\/www.1730live.de\/2026\/04\/22\/schaltgespraech-mit-fraport-chef-stefan-schulte\/\" title=\"Link zum Artikel auf 1730live.de\" target=\"_blank\">1730live.de<\/a><\/div>\n  <b><\/b>\n <\/div>\n <\/article>\n<\/div>\n<div class=\"post\" style=\"margin-bottom:40px;\">\n <article>\n <h2><a name=\"24001494\" href=\"https:\/\/www.dietzenbach.de\/index.php?ModID=255&FID=3651.28970.1&object=tx%2C3651.6\" rel=\"bookmark\" style=\"color:#333333; font-weight:bold;\" title=\"Link zum Artikel auf dietzenbach.de\" target=\"_blank\">Stadtb\u00fccherei: Neuer Kinderbereich feierlich er\u00f6ffnet<\/a><\/h2>\n <div class=\"entry\">\n  <p style=\"margin-bottom:4px;\">\n   <a href=\"https:\/\/www.dietzenbach.de\/index.php?ModID=255&FID=3651.28970.1&object=tx%2C3651.6\" target=\"_blank\"><img decoding=\"async\" src=\"\/feeds\/gfx\/dietzenbach.de.png\" style=\"align:left !important; float:left !important; margin-top:4px !important; margin-right:8px !important; margin-bottom:4px !important; width:90px !important;\" \/><\/a>   Zahlreiche G&auml;ste bei erster Besichtigung und Lesung am 18. April Nach grundlegender Planung und einer mehrw&ouml;chigen Umbauphase hat die Stadtb&uuml;cherei Dietzenbach ihren neu gestalteten Kinderbereich am 18. April 2026 feierlich er&ouml;ffnet. ...<br clear=\"all\" \/>  <\/p>\n  <div><span class=\"my_article_details\"><time datetime=\"2026-04-22\">22.04.2026<\/time> &middot; <a href=\"\/news\/dietzenbach-aktuell\" title=\"Dietzenbach heute aktuell\">Dietzenbach<\/a> &middot; <a href=\"\/news\/dietzenbach-nachrichten\" title=\"Dietzenbach Nachrichten\">News<\/a> &middot; <\/span><a href=\"https:\/\/www.dietzenbach.de\/index.php?ModID=255&FID=3651.28970.1&object=tx%2C3651.6\" title=\"Link zum Artikel auf dietzenbach.de\" target=\"_blank\">dietzenbach.de<\/a><\/div>\n  <b><\/b>\n <\/div>\n <\/article>\n<\/div>\n<div class=\"post\" style=\"margin-bottom:40px;\">\n <article>\n <h2><a name=\"9608ab82\" href=\"https:\/\/gruene-dietzenbach.de\/pizzapastaundpolitik\/\" rel=\"bookmark\" style=\"color:#333333; font-weight:bold;\" title=\"Link zum Artikel auf gruene-dietzenbach.de\" target=\"_blank\">Die Gr\u00fcnen: Pizza, Pasta und Politik<\/a><\/h2>\n <div class=\"entry\">\n  <p style=\"margin-bottom:4px;\">\n   <a href=\"https:\/\/gruene-dietzenbach.de\/pizzapastaundpolitik\/\" target=\"_blank\"><img decoding=\"async\" src=\"\/feeds\/gfx\/gruene-dietzenbach.de.png\" style=\"align:left !important; float:left !important; margin-top:4px !important; margin-right:8px !important; margin-bottom:4px !important; width:90px !important;\" \/><\/a>   ? Klingt nach dem perfekten Freitagabend! Komm am 24. April um 19:00 Uhr ins Ristorante \u00bbBella Vista\u00ab und lerne uns in entspannter Atmosph&auml;re kennen! Wir freuen uns auf spannende Gespr&auml;che bei guten Getr&auml;nken und einem attraktiven Essensangebot &uuml;ber die zur&uuml;ckliegende ...<br clear=\"all\" \/>  <\/p>\n  <div><span class=\"my_article_details\"><time datetime=\"2026-04-22\">22.04.2026<\/time> &middot; <a href=\"\/news\/dietzenbach-aktuell\" title=\"Dietzenbach heute aktuell\">Dietzenbach<\/a> &middot; <a href=\"\/news\/dietzenbach-nachrichten\" title=\"Dietzenbach Nachrichten\">News<\/a> &middot; <\/span><a href=\"https:\/\/gruene-dietzenbach.de\/pizzapastaundpolitik\/\" title=\"Link zum Artikel auf gruene-dietzenbach.de\" target=\"_blank\">gruene-dietzenbach.de<\/a><\/div>\n  <b><\/b>\n <\/div>\n <\/article>\n<\/div>\n<div class=\"post\" style=\"margin-bottom:40px;\">\n <article>\n <h2><a name=\"6f02a782\" href=\"https:\/\/www.tagesschau.de\/wirtschaft\/unternehmen\/terminal-3-frankfurt-flughafen-100.html\" rel=\"bookmark\" style=\"color:#333333; font-weight:bold;\" title=\"Link zum Artikel auf tagesschau.de\" target=\"_blank\">Was das neue Terminal 3 f\u00fcr den Frankfurter Flughafen bedeutet<\/a><\/h2>\n <div class=\"entry\">\n  <p style=\"margin-bottom:4px;\">\n   <a href=\"https:\/\/www.tagesschau.de\/wirtschaft\/unternehmen\/terminal-3-frankfurt-flughafen-100.html\" target=\"_blank\"><img decoding=\"async\" src=\"\/feeds\/gfx\/tagesschau.de.png\" style=\"align:left !important; float:left !important; margin-top:4px !important; margin-right:8px !important; margin-bottom:4px !important; width:90px !important;\" \/><\/a>   Bis zu 19 Millionen Passagiere j&auml;hrlich sollen hier abgefertigt werden: Mit dem neuen Terminal setzt der Frankfurter Flughafen auf Expansion. Warum bei der Er&ouml;ffnung aber nicht allen zum Feiern zumute ist, erkl&auml;rt Ingo Nathusius . ...<br clear=\"all\" \/>  <\/p>\n  <div><span class=\"my_article_details\"><time datetime=\"2026-04-22\">22.04.2026<\/time> &middot; <a href=\"\/news\/fluglaerm-offenbach-am-main\" title=\"Flugl\u00e4rm Offenbach am Main\">Flughafen<\/a> &middot; Frankfurt &middot; <\/span><a href=\"https:\/\/www.tagesschau.de\/wirtschaft\/unternehmen\/terminal-3-frankfurt-flughafen-100.html\" title=\"Link zum Artikel auf tagesschau.de\" target=\"_blank\">tagesschau.de<\/a><\/div>\n  <b><\/b>\n <\/div>\n <\/article>\n<\/div>\n<div class=\"post\" style=\"margin-bottom:40px;\">\n <article>\n <h2><a name=\"4d9add05\" href=\"https:\/\/www.hessenschau.de\/wirtschaft\/frankfurter-flughafen-neues-passagier-terminal-3-feierlich-eroeffnet-v1,terminal3-eroeffnung-100.html\" rel=\"bookmark\" style=\"color:#333333; font-weight:bold;\" title=\"Link zum Artikel auf hessenschau.de\" target=\"_blank\">Frankfurter Flughafen: Neues Passagier-Terminal 3 feierlich er\u00f6ffnet<\/a><\/h2>\n <div class=\"entry\">\n  <p style=\"margin-bottom:4px;\">\n   <a href=\"https:\/\/www.hessenschau.de\/wirtschaft\/frankfurter-flughafen-neues-passagier-terminal-3-feierlich-eroeffnet-v1,terminal3-eroeffnung-100.html\" target=\"_blank\"><img decoding=\"async\" src=\"https:\/\/www.hessenschau.de\/wirtschaft\/terminal3-100~_t-1776855510609_v-16to9.jpg\" style=\"align:left !important; float:left !important; margin-top:4px !important; margin-right:8px !important; margin-bottom:4px !important; width:90px !important;\" \/><\/a>   Am Frankfurter Flughafen ist das Terminal 3 mit einem Festakt er&ouml;ffnet worden. Es ist f&uuml;r die Abfertigung von rund 19 Millionen Passagieren im Jahr ausgelegt - Erweiterung m&ouml;glich. ...<br clear=\"all\" \/>  <\/p>\n  <div><span class=\"my_article_details\"><time datetime=\"2026-04-22\">22.04.2026<\/time> &middot; <a href=\"\/news\/fluglaerm-offenbach-am-main\" title=\"Flugl\u00e4rm Offenbach am Main\">Flughafen<\/a> &middot; Frankfurt &middot; <\/span><a href=\"https:\/\/www.hessenschau.de\/wirtschaft\/frankfurter-flughafen-neues-passagier-terminal-3-feierlich-eroeffnet-v1,terminal3-eroeffnung-100.html\" title=\"Link zum Artikel auf hessenschau.de\" target=\"_blank\">hessenschau.de<\/a><\/div>\n  <b><\/b>\n <\/div>\n <\/article>\n<\/div>\n<div class=\"post\" style=\"margin-bottom:40px;\">\n <article>\n <h2><a name=\"453262ce\" href=\"https:\/\/www.dietzenbach.de\/index.php?ModID=255&FID=3651.28969.1&object=tx%2C3651.6\" rel=\"bookmark\" style=\"color:#333333; font-weight:bold;\" title=\"Link zum Artikel auf dietzenbach.de\" target=\"_blank\">Nacht der Lichter 2026: Anmeldephase startet<\/a><\/h2>\n <div class=\"entry\">\n  <p style=\"margin-bottom:4px;\">\n   <a href=\"https:\/\/www.dietzenbach.de\/index.php?ModID=255&FID=3651.28969.1&object=tx%2C3651.6\" target=\"_blank\"><img decoding=\"async\" src=\"\/feeds\/gfx\/dietzenbach.de.png\" style=\"align:left !important; float:left !important; margin-top:4px !important; margin-right:8px !important; margin-bottom:4px !important; width:90px !important;\" \/><\/a>   Erleuchtete H&ouml;fe und gastronomische Highlights in der Dietzenbacher Altstadt Die Vorbereitungen f&uuml;r die diesj&auml;hrige &bdquo;Nacht der Lichter&ldquo; in Dietzenbach laufen an: Die Anmeldephase f&uuml;r die Veranstaltung am 15. August 2026 ist er&ouml;ffnet. ...<br clear=\"all\" \/>  <\/p>\n  <div><span class=\"my_article_details\"><time datetime=\"2026-04-22\">22.04.2026<\/time> &middot; <a href=\"\/news\/dietzenbach-aktuell\" title=\"Dietzenbach heute aktuell\">Dietzenbach<\/a> &middot; <a href=\"\/news\/dietzenbach-nachrichten\" title=\"Dietzenbach Nachrichten\">News<\/a> &middot; <\/span><a href=\"https:\/\/www.dietzenbach.de\/index.php?ModID=255&FID=3651.28969.1&object=tx%2C3651.6\" title=\"Link zum Artikel auf dietzenbach.de\" target=\"_blank\">dietzenbach.de<\/a><\/div>\n  <b><\/b>\n <\/div>\n <\/article>\n<\/div>\n<div class=\"post\" style=\"margin-bottom:40px;\">\n <article>\n <h2><a name=\"41785486\" href=\"https:\/\/www.hessenschau.de\/panorama\/grossuebung-mit-400-fahrzeugen-bis-sonntag-rollen-panzer-durch-hessen-v3,bundeswehr-kolonne-hethex-100.html\" rel=\"bookmark\" style=\"color:#333333; font-weight:bold;\" title=\"Link zum Artikel auf hessenschau.de\" target=\"_blank\">Gro\u00df\u00fcbung mit 400 Fahrzeugen: Bis Sonntag rollen Panzer durch Hessen<\/a><\/h2>\n <div class=\"entry\">\n  <p style=\"margin-bottom:4px;\">\n   <a href=\"https:\/\/www.hessenschau.de\/panorama\/grossuebung-mit-400-fahrzeugen-bis-sonntag-rollen-panzer-durch-hessen-v3,bundeswehr-kolonne-hethex-100.html\" target=\"_blank\"><img decoding=\"async\" src=\"https:\/\/www.hessenschau.de\/panorama\/dpa-bundeswehr-kolonne-100~_t-1776795735894_v-16to9.jpg\" style=\"align:left !important; float:left !important; margin-top:4px !important; margin-right:8px !important; margin-bottom:4px !important; width:90px !important;\" \/><\/a>   Ab heute bis Sonntag sind zahlreiche Milit&auml;rkonvois auf hessischen Autobahnen unterwegs. Die Bundeswehr &uuml;bt den Ernstfall, f&uuml;r alle anderen Verkehrsteilnehmer gibt es klare Regeln. ...<br clear=\"all\" \/>  <\/p>\n  <div><span class=\"my_article_details\"><time datetime=\"2026-04-22\">22.04.2026<\/time> &middot; Hessen &middot; Regeln &middot; <\/span><a href=\"https:\/\/www.hessenschau.de\/panorama\/grossuebung-mit-400-fahrzeugen-bis-sonntag-rollen-panzer-durch-hessen-v3,bundeswehr-kolonne-hethex-100.html\" title=\"Link zum Artikel auf hessenschau.de\" target=\"_blank\">hessenschau.de<\/a><\/div>\n  <b><\/b>\n <\/div>\n <\/article>\n<\/div>\n<div class=\"post\" style=\"margin-bottom:40px;\">\n <article>\n <h2><a name=\"a7882f86\" href=\"https:\/\/www.hsg-dietzenbach.de\/2026\/04\/22\/18-04-2026-damen-1-hsg-dietzenbach-tv-langenselbold-3223-159\/\" rel=\"bookmark\" style=\"color:#333333; font-weight:bold;\" title=\"Link zum Artikel auf hsg-dietzenbach.de\" target=\"_blank\">18.04.2026 Damen 1 > HSG Dietzenbach \u2013 TV Langenselbold 32:23 (15:9)<\/a><\/h2>\n <div class=\"entry\">\n  <p style=\"margin-bottom:4px;\">\n   <a href=\"https:\/\/www.hsg-dietzenbach.de\/2026\/04\/22\/18-04-2026-damen-1-hsg-dietzenbach-tv-langenselbold-3223-159\/\" target=\"_blank\"><img decoding=\"async\" src=\"\/feeds\/gfx\/hsg-dietzenbach.de.png\" style=\"align:left !important; float:left !important; margin-top:4px !important; margin-right:8px !important; margin-bottom:4px !important; width:90px !important;\" \/><\/a>   Erfolg im letzten Heimspiel Im letzten Heimspiel der Saison ging es f&uuml;r die Damen der HSG Dietzenbach gegen die Damen des TV Langenselbold. Bereits in den ersten 10 Minuten konnte sich die Heimmannschaft auf ein 6:3 absetzen und zwang den Gegner fr&uuml;hzeitig ...<br clear=\"all\" \/>  <\/p>\n  <div><span class=\"my_article_details\"><time datetime=\"2026-04-22\">22.04.2026<\/time> &middot; <a href=\"\/news\/dietzenbach-aktuell\" title=\"Dietzenbach heute aktuell\">Dietzenbach<\/a> &middot; <a href=\"\/news\/dietzenbach-nachrichten\" title=\"Dietzenbach Nachrichten\">News<\/a> &middot; <\/span><a href=\"https:\/\/www.hsg-dietzenbach.de\/2026\/04\/22\/18-04-2026-damen-1-hsg-dietzenbach-tv-langenselbold-3223-159\/\" title=\"Link zum Artikel auf hsg-dietzenbach.de\" target=\"_blank\">hsg-dietzenbach.de<\/a><\/div>\n  <b><\/b>\n <\/div>\n <\/article>\n<\/div>\n<div class=\"post\" style=\"margin-bottom:40px;\">\n <article>\n <h2><a name=\"07eb2062\" href=\"https:\/\/www.hessenschau.de\/wirtschaft\/terminal-3-am-flughafen-frankfurt-startet-was-sich-fuer-reisende-aendert-v3,terminal-3-fragen-antworten-100.html\" rel=\"bookmark\" style=\"color:#333333; font-weight:bold;\" title=\"Link zum Artikel auf hessenschau.de\" target=\"_blank\">Terminal 3 am Flughafen Frankfurt startet: Was sich f\u00fcr Reisende \u00e4ndert<\/a><\/h2>\n <div class=\"entry\">\n  <p style=\"margin-bottom:4px;\">\n   <a href=\"https:\/\/www.hessenschau.de\/wirtschaft\/terminal-3-am-flughafen-frankfurt-startet-was-sich-fuer-reisende-aendert-v3,terminal-3-fragen-antworten-100.html\" target=\"_blank\"><img decoding=\"async\" src=\"https:\/\/www.hessenschau.de\/wirtschaft\/terminal3_-102~_t-1776182860000_v-16to9.jpg\" style=\"align:left !important; float:left !important; margin-top:4px !important; margin-right:8px !important; margin-bottom:4px !important; width:90px !important;\" \/><\/a>   Welche Airlines starten wo? Wie klappt der Umstieg? Und was gilt bei der Sicherheitskontrolle? Das neue Terminal 3 am Frankfurter Flughafen bringt viele &Auml;nderungen \u2013 die wichtigsten Antworten im &Uuml;berblick. ...<br clear=\"all\" \/>  <\/p>\n  <div><span class=\"my_article_details\"><time datetime=\"2026-04-22\">22.04.2026<\/time> &middot; <a href=\"\/news\/fluglaerm-offenbach-am-main\" title=\"Flugl\u00e4rm Offenbach am Main\">Flughafen<\/a> &middot; Frankfurt &middot; <\/span><a href=\"https:\/\/www.hessenschau.de\/wirtschaft\/terminal-3-am-flughafen-frankfurt-startet-was-sich-fuer-reisende-aendert-v3,terminal-3-fragen-antworten-100.html\" title=\"Link zum Artikel auf hessenschau.de\" target=\"_blank\">hessenschau.de<\/a><\/div>\n  <b><\/b>\n <\/div>\n <\/article>\n<\/div>\n<div class=\"post\" style=\"margin-bottom:40px;\">\n <article>\n <h2><a name=\"fdb16fc2\" href=\"https:\/\/www.offenbach.de\/presse\/pressemeldungen\/pressemeldungen-april\/pressemeldungen-KW17\/kjk-school-off-rock22.04.2026.php\" rel=\"bookmark\" style=\"color:#333333; font-weight:bold;\" title=\"Link zum Artikel auf offenbach.de\" target=\"_blank\">School off Rock: Sch\u00fclerBandFestival am Samstag<\/a><\/h2>\n <div class=\"entry\">\n  <p style=\"margin-bottom:4px;\">\n   <a href=\"https:\/\/www.offenbach.de\/presse\/pressemeldungen\/pressemeldungen-april\/pressemeldungen-KW17\/kjk-school-off-rock22.04.2026.php\" target=\"_blank\"><img decoding=\"async\" src=\"\/feeds\/gfx\/offenbach.de.png\" style=\"align:left !important; float:left !important; margin-top:4px !important; margin-right:8px !important; margin-bottom:4px !important; width:90px !important;\" \/><\/a>   <i>F\u00fcr diese Meldung existiert leider kein kurzer Auszug.<\/i><br clear=\"all\" \/>  <\/p>\n  <div><span class=\"my_article_details\"><time datetime=\"2026-04-22\">22.04.2026<\/time> &middot; Festival &middot; <a href=\"\/news\/offenbach-aktuell\" title=\"Offenbach heute aktuell\">Offenbach<\/a> &middot; <\/span><a href=\"https:\/\/www.offenbach.de\/presse\/pressemeldungen\/pressemeldungen-april\/pressemeldungen-KW17\/kjk-school-off-rock22.04.2026.php\" title=\"Link zum Artikel auf offenbach.de\" target=\"_blank\">offenbach.de<\/a><\/div>\n  <b><\/b>\n <\/div>\n <\/article>\n<\/div>\n<div class=\"post\" style=\"margin-bottom:40px;\">\n <article>\n <h2><a name=\"eb1ee8f6\" href=\"https:\/\/www.kreis-offenbach.de\/Service\/Medienservice\/Aktuelle-Pressemitteilungen\/-Landrat-vor-Ort-in-Obertshausen.php?object=tx,4013.5.1&ModID=7&FID=4013.3380.1&NavID=4013.211&La=1\" rel=\"bookmark\" style=\"color:#333333; font-weight:bold;\" title=\"Link zum Artikel auf kreis-offenbach.de\" target=\"_blank\">&bdquo;Landrat vor Ort&ldquo; in Obertshausen<\/a><\/h2>\n <div class=\"entry\">\n  <p style=\"margin-bottom:4px;\">\n   <a href=\"https:\/\/www.kreis-offenbach.de\/Service\/Medienservice\/Aktuelle-Pressemitteilungen\/-Landrat-vor-Ort-in-Obertshausen.php?object=tx,4013.5.1&ModID=7&FID=4013.3380.1&NavID=4013.211&La=1\" target=\"_blank\"><img decoding=\"async\" src=\"\/feeds\/gfx\/kreis-offenbach.de.png\" style=\"align:left !important; float:left !important; margin-top:4px !important; margin-right:8px !important; margin-bottom:4px !important; width:90px !important;\" \/><\/a>   Die Begegnungen und der Dialog mit den Menschen sind f\u00fcr Landrat Oliver Quilling besonders wichtig. Mit ihm ins Gespr\u00e4ch kommen  ...<br clear=\"all\" \/>  <\/p>\n  <div><span class=\"my_article_details\"><time datetime=\"2026-04-22\">22.04.2026<\/time> &middot; <a href=\"\/news\/polizeieinsaetze-offenbach-am-main\" title=\"Polizeieins\u00e4tze Offenbach am Main\">Kreis Offenbach<\/a> &middot; <\/span><a href=\"https:\/\/www.kreis-offenbach.de\/Service\/Medienservice\/Aktuelle-Pressemitteilungen\/-Landrat-vor-Ort-in-Obertshausen.php?object=tx,4013.5.1&ModID=7&FID=4013.3380.1&NavID=4013.211&La=1\" title=\"Link zum Artikel auf kreis-offenbach.de\" target=\"_blank\">kreis-offenbach.de<\/a><\/div>\n  <b><\/b>\n <\/div>\n <\/article>\n<\/div>\n<div class=\"post\" style=\"margin-bottom:40px;\">\n <article>\n <h2><a name=\"1b2c0754\" href=\"https:\/\/www.op-online.de\/region\/dietzenbach\/kreis-und-land-streiten-ueber-pflicht-zur-bezahlkarte-fuer-gefluechtete-94272263.html\" rel=\"bookmark\" style=\"color:#333333; font-weight:bold;\" title=\"Link zum Artikel auf op-online.de\" target=\"_blank\">Bezahlkarte f\u00fcr Gefl\u00fcchtete: Kreis Offenbach und Land Hessen widersprechen sich<\/a><\/h2>\n <div class=\"entry\">\n  <p style=\"margin-bottom:4px;\">\n   <a href=\"https:\/\/www.op-online.de\/region\/dietzenbach\/kreis-und-land-streiten-ueber-pflicht-zur-bezahlkarte-fuer-gefluechtete-94272263.html\" target=\"_blank\"><img decoding=\"async\" src=\"https:\/\/www.op-online.de\/assets\/images\/41\/114\/41114369-bezahlkarte-in-aktion-1J01.jpg\" style=\"align:left !important; float:left !important; margin-top:4px !important; margin-right:8px !important; margin-bottom:4px !important; width:90px !important;\" \/><\/a>   Die Einf&uuml;hrung der Bezahlkarte f&uuml;r Gefl&uuml;chtete im Kreis Offenbach verz&ouml;gert sich. Warum? Der Kreis und das Land Hessen sind sich dar&uuml;ber nicht einig.<br clear=\"all\" \/>  <\/p>\n  <div><span class=\"my_article_details\"><time datetime=\"2026-04-22\">22.04.2026<\/time> &middot; <a href=\"\/news\/dietzenbach-aktuell\" title=\"Dietzenbach heute aktuell\">Dietzenbach<\/a> &middot; <a href=\"\/news\/dietzenbach-nachrichten\" title=\"Dietzenbach Nachrichten\">News<\/a> &middot; <\/span><a href=\"https:\/\/www.op-online.de\/region\/dietzenbach\/kreis-und-land-streiten-ueber-pflicht-zur-bezahlkarte-fuer-gefluechtete-94272263.html\" title=\"Link zum Artikel auf op-online.de\" target=\"_blank\">op-online.de<\/a><\/div>\n  <b><\/b>\n <\/div>\n <\/article>\n<\/div>\n<div class=\"post\" style=\"margin-bottom:40px;\">\n <article>\n <h2><a name=\"ac6342b6\" href=\"https:\/\/www.fr.de\/rhein-main\/offenbach\/beliebtes-freizeitbad-in-rhein-main-bekommt-upgrade-94272571.html\" rel=\"bookmark\" style=\"color:#333333; font-weight:bold;\" title=\"Link zum Artikel auf fr.de\" target=\"_blank\">Spatenstich erfolgt: Beliebtes Freizeitbad in Rhein-Main bekommt Upgrade<\/a><\/h2>\n <div class=\"entry\">\n  <p style=\"margin-bottom:4px;\">\n   <a href=\"https:\/\/www.fr.de\/rhein-main\/offenbach\/beliebtes-freizeitbad-in-rhein-main-bekommt-upgrade-94272571.html\" target=\"_blank\"><img decoding=\"async\" src=\"https:\/\/www.fr.de\/assets\/images\/42\/278\/42278607-symbolischer-spatenstich-fuer-die-freiflaeche-des-monte-mare-bades-fuenfter-von-links-obertshausens-buergermeister-manuel-friedrich-2x01.jpg\" style=\"align:left !important; float:left !important; margin-top:4px !important; margin-right:8px !important; margin-bottom:4px !important; width:90px !important;\" \/><\/a>   2027 soll die neue Au&szlig;enfl&auml;che am Monte-Mare-Freizeitbad in Obertshausen (Kreis Offenbach) er&ouml;ffnet werden. F&uuml;r die Anlage war jetzt Spatenstich.<br clear=\"all\" \/>  <\/p>\n  <div><span class=\"my_article_details\"><time datetime=\"2026-04-21\">21.04.2026<\/time> &middot; <a href=\"\/news\/polizeieinsaetze-offenbach-am-main\" title=\"Polizeieins\u00e4tze Offenbach am Main\">Kreis Offenbach<\/a> &middot; <\/span><a href=\"https:\/\/www.fr.de\/rhein-main\/offenbach\/beliebtes-freizeitbad-in-rhein-main-bekommt-upgrade-94272571.html\" title=\"Link zum Artikel auf fr.de\" target=\"_blank\">fr.de<\/a><\/div>\n  <b><\/b>\n <\/div>\n <\/article>\n<\/div>\n<div class=\"post\" style=\"margin-bottom:40px;\">\n <article>\n <h2><a name=\"56a898f8\" href=\"https:\/\/www.fr.de\/rhein-main\/a3-im-kreis-offenbach-drei-naechte-dicht-a45-umleitung-richtung-hanau-94272242.html\" rel=\"bookmark\" style=\"color:#333333; font-weight:bold;\" title=\"Link zum Artikel auf fr.de\" target=\"_blank\">A3 in Rhein-Main drei N\u00e4chte dicht \u2013 A45-Umleitung Richtung Hanau<\/a><\/h2>\n <div class=\"entry\">\n  <p style=\"margin-bottom:4px;\">\n   <a href=\"https:\/\/www.fr.de\/rhein-main\/a3-im-kreis-offenbach-drei-naechte-dicht-a45-umleitung-richtung-hanau-94272242.html\" target=\"_blank\"><img decoding=\"async\" src=\"https:\/\/www.fr.de\/assets\/images\/42\/4\/42004618-autobahn-a5-frankfurter-kreuz-2N01.jpg\" style=\"align:left !important; float:left !important; margin-top:4px !important; margin-right:8px !important; margin-bottom:4px !important; width:90px !important;\" \/><\/a>   Die A3-Anschlussstelle Hanau wird Montag, Dienstag und Donnerstag nachts gesperrt. Umleitungen sind ab Seligenstadt (Kreis Offenbach) ausgeschildert.<br clear=\"all\" \/>  <\/p>\n  <div><span class=\"my_article_details\"><time datetime=\"2026-04-21\">21.04.2026<\/time> &middot; <a href=\"\/news\/polizeieinsaetze-offenbach-am-main\" title=\"Polizeieins\u00e4tze Offenbach am Main\">Kreis Offenbach<\/a> &middot; <\/span><a href=\"https:\/\/www.fr.de\/rhein-main\/a3-im-kreis-offenbach-drei-naechte-dicht-a45-umleitung-richtung-hanau-94272242.html\" title=\"Link zum Artikel auf fr.de\" target=\"_blank\">fr.de<\/a><\/div>\n  <b><\/b>\n <\/div>\n <\/article>\n<\/div>\n<div class=\"post\" style=\"margin-bottom:40px;\">\n <article>\n <h2><a name=\"531244dc\" href=\"https:\/\/www.dietzenbach.de\/index.php?ModID=255&FID=3651.28967.1&object=tx%2C3651.6\" rel=\"bookmark\" style=\"color:#333333; font-weight:bold;\" title=\"Link zum Artikel auf dietzenbach.de\" target=\"_blank\">Gedichte in Hessisch im Historischen Museum Dietzenbach<\/a><\/h2>\n <div class=\"entry\">\n  <p style=\"margin-bottom:4px;\">\n   <a href=\"https:\/\/www.dietzenbach.de\/index.php?ModID=255&FID=3651.28967.1&object=tx%2C3651.6\" target=\"_blank\"><img decoding=\"async\" src=\"\/feeds\/gfx\/dietzenbach.de.png\" style=\"align:left !important; float:left !important; margin-top:4px !important; margin-right:8px !important; margin-bottom:4px !important; width:90px !important;\" \/><\/a>   Friedrich Stoltze-Rundgang - Nachmittagsangebot f&uuml;r Erwachsene und Interessierte Das vor drei Jahren ins Leben gerufene Museumsangebot mit literarischer Note findet auch in diesem Jahr wieder an zwei Sonntagen im Historischen Museum Dietzenbach ...<br clear=\"all\" \/>  <\/p>\n  <div><span class=\"my_article_details\"><time datetime=\"2026-04-21\">21.04.2026<\/time> &middot; <a href=\"\/news\/dietzenbach-aktuell\" title=\"Dietzenbach heute aktuell\">Dietzenbach<\/a> &middot; <a href=\"\/news\/dietzenbach-nachrichten\" title=\"Dietzenbach Nachrichten\">News<\/a> &middot; <\/span><a href=\"https:\/\/www.dietzenbach.de\/index.php?ModID=255&FID=3651.28967.1&object=tx%2C3651.6\" title=\"Link zum Artikel auf dietzenbach.de\" target=\"_blank\">dietzenbach.de<\/a><\/div>\n  <b><\/b>\n <\/div>\n <\/article>\n<\/div>\n<div class=\"post\" style=\"margin-bottom:40px;\">\n <article>\n <h2><a name=\"e41b22dc\" href=\"https:\/\/www.kreis-offenbach.de\/Service\/Medienservice\/Aktuelle-Pressemitteilungen\/Junger-KUSS-startet-Anmeldephase.php?object=tx,4013.5.1&ModID=7&FID=4013.3370.1&NavID=4013.211&La=1\" rel=\"bookmark\" style=\"color:#333333; font-weight:bold;\" title=\"Link zum Artikel auf kreis-offenbach.de\" target=\"_blank\">Junger KUSS startet Anmeldephase<\/a><\/h2>\n <div class=\"entry\">\n  <p style=\"margin-bottom:4px;\">\n   <a href=\"https:\/\/www.kreis-offenbach.de\/Service\/Medienservice\/Aktuelle-Pressemitteilungen\/Junger-KUSS-startet-Anmeldephase.php?object=tx,4013.5.1&ModID=7&FID=4013.3370.1&NavID=4013.211&La=1\" target=\"_blank\"><img decoding=\"async\" src=\"\/feeds\/gfx\/kreis-offenbach.de.png\" style=\"align:left !important; float:left !important; margin-top:4px !important; margin-right:8px !important; margin-bottom:4px !important; width:90px !important;\" \/><\/a>   Mit dem neuen Programmheft ist der Junge Kultursommer 2026 im Kreis Offenbach gestartet. Schulen, Klassen und Gruppen k\u00f6nnen sich ab sofort  ...<br clear=\"all\" \/>  <\/p>\n  <div><span class=\"my_article_details\"><time datetime=\"2026-04-21\">21.04.2026<\/time> &middot; <a href=\"\/news\/polizeieinsaetze-offenbach-am-main\" title=\"Polizeieins\u00e4tze Offenbach am Main\">Kreis Offenbach<\/a> &middot; <\/span><a href=\"https:\/\/www.kreis-offenbach.de\/Service\/Medienservice\/Aktuelle-Pressemitteilungen\/Junger-KUSS-startet-Anmeldephase.php?object=tx,4013.5.1&ModID=7&FID=4013.3370.1&NavID=4013.211&La=1\" title=\"Link zum Artikel auf kreis-offenbach.de\" target=\"_blank\">kreis-offenbach.de<\/a><\/div>\n  <b><\/b>\n <\/div>\n <\/article>\n<\/div>\n<div class=\"post\" style=\"margin-bottom:40px;\">\n <article>\n <h2><a name=\"1cbdd78e\" href=\"https:\/\/www.verbraucherzentrale-hessen.de\/node\/119236\" rel=\"bookmark\" style=\"color:#333333; font-weight:bold;\" title=\"Link zum Artikel auf verbraucherzentrale-hessen.de\" target=\"_blank\">Verbraucherzentrale: Schule vorbei und durchstarten<\/a><\/h2>\n <div class=\"entry\">\n  <p style=\"margin-bottom:4px;\">\n   <a href=\"https:\/\/www.verbraucherzentrale-hessen.de\/node\/119236\" target=\"_blank\"><img decoding=\"async\" src=\"\/feeds\/gfx\/verbraucherzentrale-hessen.de.png\" style=\"align:left !important; float:left !important; margin-top:4px !important; margin-right:8px !important; margin-bottom:4px !important; width:90px !important;\" \/><\/a>   Die Fokuswoche Ziele der Verbraucherzentralen bietet vom 18. bis zum 21. Mai 2026 kostenlose Online-Vortr&auml;ge<br clear=\"all\" \/>  <\/p>\n  <div><span class=\"my_article_details\"><time datetime=\"2026-04-21\">21.04.2026<\/time> &middot; Hessen &middot; <\/span><a href=\"https:\/\/www.verbraucherzentrale-hessen.de\/node\/119236\" title=\"Link zum Artikel auf verbraucherzentrale-hessen.de\" target=\"_blank\">verbraucherzentrale-hessen.de<\/a><\/div>\n  <b><\/b>\n <\/div>\n <\/article>\n<\/div>\n<div class=\"post\" style=\"margin-bottom:40px;\">\n <article>\n <h2><a name=\"ae0bf0fa\" href=\"https:\/\/www.op-online.de\/hessen\/fruehsommer-wetter-ueber-hessen-zieht-sich-zurueck-doch-bald-kommt-tag-mit-13-stunden-sonne-94269725.html\" rel=\"bookmark\" style=\"color:#333333; font-weight:bold;\" title=\"Link zum Artikel auf op-online.de\" target=\"_blank\">Fr\u00fchsommer-Wetter \u00fcber Offenbach zieht sich zur\u00fcck \u2013 doch bald kommt Tag mit 13 Stunden Sonne<\/a><\/h2>\n <div class=\"entry\">\n  <p style=\"margin-bottom:4px;\">\n   <a href=\"https:\/\/www.op-online.de\/hessen\/fruehsommer-wetter-ueber-hessen-zieht-sich-zurueck-doch-bald-kommt-tag-mit-13-stunden-sonne-94269725.html\" target=\"_blank\"><img decoding=\"async\" src=\"https:\/\/www.op-online.de\/assets\/images\/42\/272\/42272584-partie-schach-im-sonnenschein-in-offenbach-3F01.jpg\" style=\"align:left !important; float:left !important; margin-top:4px !important; margin-right:8px !important; margin-bottom:4px !important; width:90px !important;\" \/><\/a>   Am Wochenende wurde es pl&ouml;tzlich wieder kalt in S&uuml;dosthessen. Doch die neue Woche verspricht mindestens zwei sch&ouml;ne Tage f&uuml;r alle, die die Sonne lieben.<br clear=\"all\" \/>  <\/p>\n  <div><span class=\"my_article_details\"><time datetime=\"2026-04-20\">20.04.2026<\/time> &middot; <a href=\"\/news\/offenbach-aktuell\" title=\"Offenbach heute aktuell\">Offenbach<\/a> &middot; Wetter &middot; <\/span><a href=\"https:\/\/www.op-online.de\/hessen\/fruehsommer-wetter-ueber-hessen-zieht-sich-zurueck-doch-bald-kommt-tag-mit-13-stunden-sonne-94269725.html\" title=\"Link zum Artikel auf op-online.de\" target=\"_blank\">op-online.de<\/a><\/div>\n  <b><\/b>\n <\/div>\n <\/article>\n<\/div>\n<div class=\"post\" style=\"margin-bottom:40px;\">\n <article>\n <h2><a name=\"f6f59626\" href=\"https:\/\/www.op-online.de\/region\/dietzenbach\/neues-rechenzentrum-in-suedhessen-mainova-ag-schweigt-zu-bauplaenen-94269315.html\" rel=\"bookmark\" style=\"color:#333333; font-weight:bold;\" title=\"Link zum Artikel auf op-online.de\" target=\"_blank\">Neues Rechenzentrum? Mainova AG schweigt zu Pl\u00e4nen<\/a><\/h2>\n <div class=\"entry\">\n  <p style=\"margin-bottom:4px;\">\n   <a href=\"https:\/\/www.op-online.de\/region\/dietzenbach\/neues-rechenzentrum-in-suedhessen-mainova-ag-schweigt-zu-bauplaenen-94269315.html\" target=\"_blank\"><img decoding=\"async\" src=\"https:\/\/www.op-online.de\/assets\/images\/40\/440\/40440937-bdi-dietzenbach-google-baustelle-rechenzentrum-001.jpg\" style=\"align:left !important; float:left !important; margin-top:4px !important; margin-right:8px !important; margin-bottom:4px !important; width:90px !important;\" \/><\/a>   Die Mainova AG verweigert Ausk&uuml;nfte zu den Pl&auml;nen einer Tochtergesellschaft in Dietzenbach. Worauf die Anzeichen des Energieversorgerunternehmens hindeuten.<br clear=\"all\" \/>  <\/p>\n  <div><span class=\"my_article_details\"><time datetime=\"2026-04-20\">20.04.2026<\/time> &middot; <a href=\"\/news\/dietzenbach-aktuell\" title=\"Dietzenbach heute aktuell\">Dietzenbach<\/a> &middot; <a href=\"\/news\/dietzenbach-nachrichten\" title=\"Dietzenbach Nachrichten\">News<\/a> &middot; <\/span><a href=\"https:\/\/www.op-online.de\/region\/dietzenbach\/neues-rechenzentrum-in-suedhessen-mainova-ag-schweigt-zu-bauplaenen-94269315.html\" title=\"Link zum Artikel auf op-online.de\" target=\"_blank\">op-online.de<\/a><\/div>\n  <b><\/b>\n <\/div>\n <\/article>\n<\/div>\n<div class=\"post\" style=\"margin-bottom:40px;\">\n <article>\n <h2><a name=\"20f71c25\" href=\"https:\/\/www.op-online.de\/region\/dietzenbach\/stadtbibliothek-dietzenbach-eroeffnet-renovierten-kinderbereich-94268784.html\" rel=\"bookmark\" style=\"color:#333333; font-weight:bold;\" title=\"Link zum Artikel auf op-online.de\" target=\"_blank\">Stadtbibliothek Dietzenbach er\u00f6ffnet renovierten Kinderbereich nach rund einj\u00e4hriger Umbauphase<\/a><\/h2>\n <div class=\"entry\">\n  <p style=\"margin-bottom:4px;\">\n   <a href=\"https:\/\/www.op-online.de\/region\/dietzenbach\/stadtbibliothek-dietzenbach-eroeffnet-renovierten-kinderbereich-94268784.html\" target=\"_blank\"><img decoding=\"async\" src=\"https:\/\/www.op-online.de\/assets\/images\/42\/264\/42264407-bunt-flexibel-und-zeitgemaess-die-ersten-kinder-erkunden-den-neuen-bereich-der-eine-farbenfrohe-wandgestaltung-einen-neuen-teppichboden-x01.jpg\" style=\"align:left !important; float:left !important; margin-top:4px !important; margin-right:8px !important; margin-bottom:4px !important; width:90px !important;\" \/><\/a>   Nach rund einem Jahr &ouml;ffnet die Stadtbibliothek Dietzenbach ihren modernisierten Kinderbereich. Mobile Regale und digitale Medien bieten neue M&ouml;glichkeiten.<br clear=\"all\" \/>  <\/p>\n  <div><span class=\"my_article_details\"><time datetime=\"2026-04-20\">20.04.2026<\/time> &middot; <a href=\"\/news\/dietzenbach-aktuell\" title=\"Dietzenbach heute aktuell\">Dietzenbach<\/a> &middot; <a href=\"\/news\/dietzenbach-nachrichten\" title=\"Dietzenbach Nachrichten\">News<\/a> &middot; <\/span><a href=\"https:\/\/www.op-online.de\/region\/dietzenbach\/stadtbibliothek-dietzenbach-eroeffnet-renovierten-kinderbereich-94268784.html\" title=\"Link zum Artikel auf op-online.de\" target=\"_blank\">op-online.de<\/a><\/div>\n  <b><\/b>\n <\/div>\n <\/article>\n<\/div>\n<div class=\"post\" style=\"margin-bottom:40px;\">\n <article>\n <h2><a name=\"dbd5ab7a\" href=\"https:\/\/www.sg-dietzenbach.de\/reges-treiben-auf-dem-boulodrome-der-sg-dietzenbach\/\" rel=\"bookmark\" style=\"color:#333333; font-weight:bold;\" title=\"Link zum Artikel auf sg-dietzenbach.de\" target=\"_blank\">Sport: Reges Treiben auf dem Boulodrome der SG-Dietzenbach<\/a><\/h2>\n <div class=\"entry\">\n  <p style=\"margin-bottom:4px;\">\n   <a href=\"https:\/\/www.sg-dietzenbach.de\/reges-treiben-auf-dem-boulodrome-der-sg-dietzenbach\/\" target=\"_blank\"><img decoding=\"async\" src=\"\/feeds\/gfx\/sg-dietzenbach.de.png\" style=\"align:left !important; float:left !important; margin-top:4px !important; margin-right:8px !important; margin-bottom:4px !important; width:90px !important;\" \/><\/a>   Am Wochenende des 11. und 12. April 2026 herrschte reges Treiben auf dem Bouleplatz.Gleich mehrere Veranstaltungen sorgten daf&uuml;r, dass sowohl Einsteiger als auch ambitionierte Nachwuchsspieler auf ihre Kosten kamen. Am Samstag startete ein Schnupperkurs der ...<br clear=\"all\" \/>  <\/p>\n  <div><span class=\"my_article_details\"><time datetime=\"2026-04-19\">19.04.2026<\/time> &middot; <a href=\"\/news\/dietzenbach-aktuell\" title=\"Dietzenbach heute aktuell\">Dietzenbach<\/a> &middot; <a href=\"\/news\/dietzenbach-nachrichten\" title=\"Dietzenbach Nachrichten\">News<\/a> &middot; <\/span><a href=\"https:\/\/www.sg-dietzenbach.de\/reges-treiben-auf-dem-boulodrome-der-sg-dietzenbach\/\" title=\"Link zum Artikel auf sg-dietzenbach.de\" target=\"_blank\">sg-dietzenbach.de<\/a><\/div>\n  <b><\/b>\n <\/div>\n <\/article>\n<\/div>\n<div class=\"post\" style=\"margin-bottom:40px;\">\n <article>\n <h2><a name=\"f77ac018\" href=\"https:\/\/www.op-online.de\/offenbach\/verwandeln-koennten-strassenbahn-inklusive-wie-zwei-entwuerfe-das-quartier-um-offenbachs-hauptbahnhof-94266867.html\" rel=\"bookmark\" style=\"color:#333333; font-weight:bold;\" title=\"Link zum Artikel auf op-online.de\" target=\"_blank\">Stra\u00dfenbahn inklusive: Wie zwei Entw\u00fcrfe das Quartier um Offenbachs Hauptbahnhof verwandeln k\u00f6nnten<\/a><\/h2>\n <div class=\"entry\">\n  <p style=\"margin-bottom:4px;\">\n   <a href=\"https:\/\/www.op-online.de\/offenbach\/verwandeln-koennten-strassenbahn-inklusive-wie-zwei-entwuerfe-das-quartier-um-offenbachs-hauptbahnhof-94266867.html\" target=\"_blank\"><img decoding=\"async\" src=\"https:\/\/www.op-online.de\/assets\/images\/42\/243\/42243882-visionen-wollen-bezahlt-werden-weiss-auch-kai-schmitt-fan-des-hauptbahnhofs-und-ehemaliger-stadtverordneter-der-gruenen-doch-fuer-offenbachs-2m01.jpg\" style=\"align:left !important; float:left !important; margin-top:4px !important; margin-right:8px !important; margin-bottom:4px !important; width:90px !important;\" \/><\/a>   Es gibt Ideen f&uuml;r den Raum um Offenbachs maroden Hauptbahnhof. Und die Zeit f&uuml;r die Umsetzung dr&auml;ngt, sagt ein Kenner des Bahnhofs und seiner Umgebung.<br clear=\"all\" \/>  <\/p>\n  <div><span class=\"my_article_details\"><time datetime=\"2026-04-18\">18.04.2026<\/time> &middot; <a href=\"\/news\/offenbach-aktuell\" title=\"Offenbach heute aktuell\">Offenbach<\/a> &middot; Umgebung &middot; <\/span><a href=\"https:\/\/www.op-online.de\/offenbach\/verwandeln-koennten-strassenbahn-inklusive-wie-zwei-entwuerfe-das-quartier-um-offenbachs-hauptbahnhof-94266867.html\" title=\"Link zum Artikel auf op-online.de\" target=\"_blank\">op-online.de<\/a><\/div>\n  <b><\/b>\n <\/div>\n <\/article>\n<\/div>\n<div class=\"post\" style=\"margin-bottom:40px;\">\n <article>\n <h2><a name=\"91a279f9\" href=\"https:\/\/www.dietzenbach.de\/index.php?ModID=255&FID=3651.28946.1&object=tx%2C3651.6\" rel=\"bookmark\" style=\"color:#333333; font-weight:bold;\" title=\"Link zum Artikel auf dietzenbach.de\" target=\"_blank\">Vom Winterschlaf zur Badeoase: So bereitet sich das Waldschwimmbad vor<\/a><\/h2>\n <div class=\"entry\">\n  <p style=\"margin-bottom:4px;\">\n   <a href=\"https:\/\/www.dietzenbach.de\/index.php?ModID=255&FID=3651.28946.1&object=tx%2C3651.6\" target=\"_blank\"><img decoding=\"async\" src=\"\/feeds\/gfx\/dietzenbach.de.png\" style=\"align:left !important; float:left !important; margin-top:4px !important; margin-right:8px !important; margin-bottom:4px !important; width:90px !important;\" \/><\/a>   Er&ouml;ffnung am 14. Mai mit Anschwimmen um 11:00 Uhr F&uuml;nf Teams, zahlreiche Aufgaben und ein gemeinsames Ziel: Wenn am 14. Mai das Dietzenbacher Waldschwimmbad in die Badesaison 2026 startet, steckt dahinter wochenlange, ...<br clear=\"all\" \/>  <\/p>\n  <div><span class=\"my_article_details\"><time datetime=\"2026-04-17\">17.04.2026<\/time> &middot; <a href=\"\/news\/dietzenbach-aktuell\" title=\"Dietzenbach heute aktuell\">Dietzenbach<\/a> &middot; <a href=\"\/news\/dietzenbach-nachrichten\" title=\"Dietzenbach Nachrichten\">News<\/a> &middot; <\/span><a href=\"https:\/\/www.dietzenbach.de\/index.php?ModID=255&FID=3651.28946.1&object=tx%2C3651.6\" title=\"Link zum Artikel auf dietzenbach.de\" target=\"_blank\">dietzenbach.de<\/a><\/div>\n  <b><\/b>\n <\/div>\n <\/article>\n<\/div>\n<div class=\"post\" style=\"margin-bottom:40px;\">\n <article>\n <h2><a name=\"0416f223\" href=\"https:\/\/www.op-online.de\/offenbach\/wetter-wochenende-mit-23-grad-in-offenbach-dann-dreht-das-94266449.html\" rel=\"bookmark\" style=\"color:#333333; font-weight:bold;\" title=\"Link zum Artikel auf op-online.de\" target=\"_blank\">Wochenende mit 23 Grad in Offenbach \u2013 dann dreht das Wetter<\/a><\/h2>\n <div class=\"entry\">\n  <p style=\"margin-bottom:4px;\">\n   <a href=\"https:\/\/www.op-online.de\/offenbach\/wetter-wochenende-mit-23-grad-in-offenbach-dann-dreht-das-94266449.html\" target=\"_blank\"><img decoding=\"async\" src=\"https:\/\/www.op-online.de\/assets\/images\/35\/265\/35265071-anfang-august-wird-es-in-offenbach-sommerlich-heiss-2r01.jpg\" style=\"align:left !important; float:left !important; margin-top:4px !important; margin-right:8px !important; margin-bottom:4px !important; width:90px !important;\" \/><\/a>   Hessen muss sich am Wochenende auf eine Wetter-Achterbahn einstellen. W&auml;hrend Freitag und Samstag sommerliche Bedingungen herrschen, k&uuml;hlt es am Sonntag merklich ab.<br clear=\"all\" \/>  <\/p>\n  <div><span class=\"my_article_details\"><time datetime=\"2026-04-17\">17.04.2026<\/time> &middot; <a href=\"\/news\/offenbach-aktuell\" title=\"Offenbach heute aktuell\">Offenbach<\/a> &middot; Wetter &middot; <\/span><a href=\"https:\/\/www.op-online.de\/offenbach\/wetter-wochenende-mit-23-grad-in-offenbach-dann-dreht-das-94266449.html\" title=\"Link zum Artikel auf op-online.de\" target=\"_blank\">op-online.de<\/a><\/div>\n  <b><\/b>\n <\/div>\n <\/article>\n<\/div>\n<div class=\"post\" style=\"margin-bottom:40px;\">\n <article>\n <h2><a name=\"b450eea2\" href=\"https:\/\/www.rheinmainverlag.de\/2026\/04\/17\/zeugensuche-in-dietzenbach-unbekannter-entreisst-tasche-und-droht-mit-stein\/\" rel=\"bookmark\" style=\"color:#333333; font-weight:bold;\" title=\"Link zum Artikel auf rheinmainverlag.de\" target=\"_blank\">Zeugensuche in Dietzenbach: Unbekannter entrei\u00dft Tasche und droht mit Stein<\/a><\/h2>\n <div class=\"entry\">\n  <p style=\"margin-bottom:4px;\">\n   <a href=\"https:\/\/www.rheinmainverlag.de\/2026\/04\/17\/zeugensuche-in-dietzenbach-unbekannter-entreisst-tasche-und-droht-mit-stein\/\" target=\"_blank\"><img decoding=\"async\" src=\"\/feeds\/gfx\/rheinmainverlag.de.png\" style=\"align:left !important; float:left !important; margin-top:4px !important; margin-right:8px !important; margin-bottom:4px !important; width:90px !important;\" \/><\/a>   Im Rathaus-Center Dietzenbach entriss ein Unbekannter am Mittwoch einem 36 Jahre alten Passanten die Tasche und floh mit dieser. Um im Besitz der Beute zu bleiben, habe der 60 bis 70 Jahre alte T&auml;ter im Rahmen der Flucht einen Stein aufgehoben und mit diesem ...<br clear=\"all\" \/>  <\/p>\n  <div><span class=\"my_article_details\"><time datetime=\"2026-04-17\">17.04.2026<\/time> &middot; <a href=\"\/news\/diebstaehle-offenbach-am-main\" title=\"Diebst\u00e4hle Offenbach am Main\">Diebstahl<\/a> &middot; <a href=\"\/news\/dietzenbach-aktuell\" title=\"Dietzenbach heute aktuell\">Dietzenbach<\/a> &middot; <a href=\"\/news\/dietzenbach-nachrichten\" title=\"Dietzenbach Nachrichten\">News<\/a> &middot; <\/span><a href=\"https:\/\/www.rheinmainverlag.de\/2026\/04\/17\/zeugensuche-in-dietzenbach-unbekannter-entreisst-tasche-und-droht-mit-stein\/\" title=\"Link zum Artikel auf rheinmainverlag.de\" target=\"_blank\">rheinmainverlag.de<\/a><\/div>\n  <b><\/b>\n <\/div>\n <\/article>\n<\/div>\n<div class=\"post\" style=\"margin-bottom:40px;\">\n <article>\n <h2><a name=\"703aa3b7\" href=\"https:\/\/www.journal-frankfurt.de\/?src=journal_news_einzel&id=45478&from=feed\" rel=\"bookmark\" style=\"color:#333333; font-weight:bold;\" title=\"Link zum Artikel auf journal-frankfurt.de\" target=\"_blank\">Lufthansa schlie\u00dft Cityline \u2013 Piloten streiken weiter<\/a><\/h2>\n <div class=\"entry\">\n  <p style=\"margin-bottom:4px;\">\n   <a href=\"https:\/\/www.journal-frankfurt.de\/?src=journal_news_einzel&id=45478&from=feed\" target=\"_blank\"><img decoding=\"async\" src=\"https:\/\/www.journal-frankfurt.de\/cache\/images\/news\/q180\/45478.jpg\" style=\"align:left !important; float:left !important; margin-top:4px !important; margin-right:8px !important; margin-bottom:4px !important; width:90px !important;\" \/><\/a>   Inmitten der Streikwoche der Piloten und Flugbegleiter k&uuml;ndigt die Lufthansa an, ihre Konzerntochter Cityline am Samstag einzustampfen. Die Gewerkschaften sind ver&auml;rgert. Hunderte Fl&uuml;ge am Frankfurter Flughafen fallen aufgrund der Ausst&auml;nde aus.<br clear=\"all\" \/>  <\/p>\n  <div><span class=\"my_article_details\"><time datetime=\"2026-04-17\">17.04.2026<\/time> &middot; <a href=\"\/news\/fluglaerm-offenbach-am-main\" title=\"Flugl\u00e4rm Offenbach am Main\">Flughafen<\/a> &middot; Frankfurt &middot; <\/span><a href=\"https:\/\/www.journal-frankfurt.de\/?src=journal_news_einzel&id=45478&from=feed\" title=\"Link zum Artikel auf journal-frankfurt.de\" target=\"_blank\">journal-frankfurt.de<\/a><\/div>\n  <b><\/b>\n <\/div>\n <\/article>\n<\/div>\n<div class=\"post\" style=\"margin-bottom:40px;\">\n <article>\n <h2><a name=\"4252b35c\" href=\"https:\/\/www.op-online.de\/region\/dietzenbach\/slalom-und-schulterblick-senioren-trainieren-fuer-die-fahrradsaison-94265876.html\" rel=\"bookmark\" style=\"color:#333333; font-weight:bold;\" title=\"Link zum Artikel auf op-online.de\" target=\"_blank\">Slalom und Schulterblick: Senioren trainieren f\u00fcr die Fahrradsaison<\/a><\/h2>\n <div class=\"entry\">\n  <p style=\"margin-bottom:4px;\">\n   <a href=\"https:\/\/www.op-online.de\/region\/dietzenbach\/slalom-und-schulterblick-senioren-trainieren-fuer-die-fahrradsaison-94265876.html\" target=\"_blank\"><img decoding=\"async\" src=\"https:\/\/www.op-online.de\/assets\/images\/42\/232\/42232924-die-erste-uebung-sieht-einfacher-aus-als-es-scheint-der-becher-muss-aufgenommen-und-zehn-meter-weiter-wieder-abgesetzt-werden-hier-uebt-man-2y01.jpg\" style=\"align:left !important; float:left !important; margin-top:4px !important; margin-right:8px !important; margin-bottom:4px !important; width:90px !important;\" \/><\/a>   Die Seniorenhilfe Dietzenbach bereitet ihre Mitglieder mit einem Sicherheitstraining vor. Drei &Uuml;bungen schulen Koordination und Verkehrssicherheit.<br clear=\"all\" \/>  <\/p>\n  <div><span class=\"my_article_details\"><time datetime=\"2026-04-17\">17.04.2026<\/time> &middot; <a href=\"\/news\/dietzenbach-aktuell\" title=\"Dietzenbach heute aktuell\">Dietzenbach<\/a> &middot; <a href=\"\/news\/dietzenbach-nachrichten\" title=\"Dietzenbach Nachrichten\">News<\/a> &middot; <\/span><a href=\"https:\/\/www.op-online.de\/region\/dietzenbach\/slalom-und-schulterblick-senioren-trainieren-fuer-die-fahrradsaison-94265876.html\" title=\"Link zum Artikel auf op-online.de\" target=\"_blank\">op-online.de<\/a><\/div>\n  <b><\/b>\n <\/div>\n <\/article>\n<\/div>\n<div class=\"post\" style=\"margin-bottom:40px;\">\n <article>\n <h2><a name=\"be5e2fc3\" href=\"https:\/\/www.kreis-offenbach.de\/Service\/Medienservice\/Aktuelle-Pressemitteilungen\/Energiekoffer-machen-Strom-und-Nachhaltigkeit-im-Unterricht-erlebbar.php?object=tx,4013.5.1&ModID=7&FID=4013.3365.1&NavID=4013.211&La=1\" rel=\"bookmark\" style=\"color:#333333; font-weight:bold;\" title=\"Link zum Artikel auf kreis-offenbach.de\" target=\"_blank\">Energiekoffer machen Strom und Nachhaltigkeit im Unterricht erlebbar<\/a><\/h2>\n <div class=\"entry\">\n  <p style=\"margin-bottom:4px;\">\n   <a href=\"https:\/\/www.kreis-offenbach.de\/Service\/Medienservice\/Aktuelle-Pressemitteilungen\/Energiekoffer-machen-Strom-und-Nachhaltigkeit-im-Unterricht-erlebbar.php?object=tx,4013.5.1&ModID=7&FID=4013.3365.1&NavID=4013.211&La=1\" target=\"_blank\"><img decoding=\"async\" src=\"\/feeds\/gfx\/kreis-offenbach.de.png\" style=\"align:left !important; float:left !important; margin-top:4px !important; margin-right:8px !important; margin-bottom:4px !important; width:90px !important;\" \/><\/a>   Wie kommt eigentlich Strom in die Steckdose und wie entsteht Energie aus Wind oder Sonne? Mit den vier Energiekoffern des Kreises  ...<br clear=\"all\" \/>  <\/p>\n  <div><span class=\"my_article_details\"><time datetime=\"2026-04-17\">17.04.2026<\/time> &middot; <a href=\"\/news\/polizeieinsaetze-offenbach-am-main\" title=\"Polizeieins\u00e4tze Offenbach am Main\">Kreis Offenbach<\/a> &middot; <\/span><a href=\"https:\/\/www.kreis-offenbach.de\/Service\/Medienservice\/Aktuelle-Pressemitteilungen\/Energiekoffer-machen-Strom-und-Nachhaltigkeit-im-Unterricht-erlebbar.php?object=tx,4013.5.1&ModID=7&FID=4013.3365.1&NavID=4013.211&La=1\" title=\"Link zum Artikel auf kreis-offenbach.de\" target=\"_blank\">kreis-offenbach.de<\/a><\/div>\n  <b><\/b>\n <\/div>\n <\/article>\n<\/div>\n<div class=\"post\" style=\"margin-bottom:40px;\">\n <article>\n <h2><a name=\"40bc1f62\" href=\"https:\/\/www.verbraucherzentrale-hessen.de\/node\/119232\" rel=\"bookmark\" style=\"color:#333333; font-weight:bold;\" title=\"Link zum Artikel auf verbraucherzentrale-hessen.de\" target=\"_blank\">Hochmotiviert in die Kita-Verpflegung: Aktionswoche l\u00e4dt zum Mitmachen ein<\/a><\/h2>\n <div class=\"entry\">\n  <p style=\"margin-bottom:4px;\">\n   <a href=\"https:\/\/www.verbraucherzentrale-hessen.de\/node\/119232\" target=\"_blank\"><img decoding=\"async\" src=\"\/feeds\/gfx\/verbraucherzentrale-hessen.de.png\" style=\"align:left !important; float:left !important; margin-top:4px !important; margin-right:8px !important; margin-bottom:4px !important; width:90px !important;\" \/><\/a>   Verbraucherzentrale Hessen bietet zwei kostenlose Online-Workshops f&uuml;r Kindertagesbetreuung<br clear=\"all\" \/>  <\/p>\n  <div><span class=\"my_article_details\"><time datetime=\"2026-04-17\">17.04.2026<\/time> &middot; Hessen &middot; <\/span><a href=\"https:\/\/www.verbraucherzentrale-hessen.de\/node\/119232\" title=\"Link zum Artikel auf verbraucherzentrale-hessen.de\" target=\"_blank\">verbraucherzentrale-hessen.de<\/a><\/div>\n  <b><\/b>\n <\/div>\n <\/article>\n<\/div>\n<div class=\"post\" style=\"margin-bottom:40px;\">\n <article>\n <h2><a name=\"2d3f6858\" href=\"https:\/\/www.dietzenbach.de\/index.php?ModID=255&FID=3651.28945.1&object=tx%2C3651.6\" rel=\"bookmark\" style=\"color:#333333; font-weight:bold;\" title=\"Link zum Artikel auf dietzenbach.de\" target=\"_blank\">Dietzenbacher Tagesm\u00fctter stellen sich vor<\/a><\/h2>\n <div class=\"entry\">\n  <p style=\"margin-bottom:4px;\">\n   <a href=\"https:\/\/www.dietzenbach.de\/index.php?ModID=255&FID=3651.28945.1&object=tx%2C3651.6\" target=\"_blank\"><img decoding=\"async\" src=\"\/feeds\/gfx\/dietzenbach.de.png\" style=\"align:left !important; float:left !important; margin-top:4px !important; margin-right:8px !important; margin-bottom:4px !important; width:90px !important;\" \/><\/a>   Fr&uuml;hlingsfest am 9. Mai mit vielen Informationen und in herzlicher Atmosph&auml;re &bdquo;Eltern, die eine professionelle und gleichzeitig individuelle Betreuung f&uuml;r ihr Kind unter drei Jahren suchen, k&ouml;nnen bei unseren Dietzenbacher Tagesm&uuml;ttern f&uuml;ndig ...<br clear=\"all\" \/>  <\/p>\n  <div><span class=\"my_article_details\"><time datetime=\"2026-04-16\">16.04.2026<\/time> &middot; <a href=\"\/news\/dietzenbach-aktuell\" title=\"Dietzenbach heute aktuell\">Dietzenbach<\/a> &middot; <a href=\"\/news\/dietzenbach-nachrichten\" title=\"Dietzenbach Nachrichten\">News<\/a> &middot; <\/span><a href=\"https:\/\/www.dietzenbach.de\/index.php?ModID=255&FID=3651.28945.1&object=tx%2C3651.6\" title=\"Link zum Artikel auf dietzenbach.de\" target=\"_blank\">dietzenbach.de<\/a><\/div>\n  <b><\/b>\n <\/div>\n <\/article>\n<\/div>\n<div class=\"post\" style=\"margin-bottom:40px;\">\n <article>\n <h2><a name=\"cfe9059d\" href=\"https:\/\/www.op-online.de\/region\/dietzenbach\/buerokratie-verzoegert-den-radweg-ausbau-in-dietzenbach-l3001-94264266.html\" rel=\"bookmark\" style=\"color:#333333; font-weight:bold;\" title=\"Link zum Artikel auf op-online.de\" target=\"_blank\">Holperpfad am Waldstadion: B\u00fcrokratie verz\u00f6gert Ausbau zum Radweg<\/a><\/h2>\n <div class=\"entry\">\n  <p style=\"margin-bottom:4px;\">\n   <a href=\"https:\/\/www.op-online.de\/region\/dietzenbach\/buerokratie-verzoegert-den-radweg-ausbau-in-dietzenbach-l3001-94264266.html\" target=\"_blank\"><img decoding=\"async\" src=\"https:\/\/www.op-online.de\/assets\/images\/42\/220\/42220771-bdi-dietzenbach-fussweg-3d01.jpg\" style=\"align:left !important; float:left !important; margin-top:4px !important; margin-right:8px !important; margin-bottom:4px !important; width:90px !important;\" \/><\/a>   Es ist ein kurzer und relativ schmaler Weg entlang der Offenthaler Stra&szlig;e in Dietzenbach, und doch sorgen die paar hundert Meter Strecke gleich in mehrfacher Hinsicht f&uuml;r &Auml;rger. Gleichzeitig taugen sie als Musterbeispiel f&uuml;r langwierige b&uuml;rokratische Plan ...<br clear=\"all\" \/>  <\/p>\n  <div><span class=\"my_article_details\"><time datetime=\"2026-04-16\">16.04.2026<\/time> &middot; <a href=\"\/news\/dietzenbach-aktuell\" title=\"Dietzenbach heute aktuell\">Dietzenbach<\/a> &middot; <a href=\"\/news\/dietzenbach-nachrichten\" title=\"Dietzenbach Nachrichten\">News<\/a> &middot; <\/span><a href=\"https:\/\/www.op-online.de\/region\/dietzenbach\/buerokratie-verzoegert-den-radweg-ausbau-in-dietzenbach-l3001-94264266.html\" title=\"Link zum Artikel auf op-online.de\" target=\"_blank\">op-online.de<\/a><\/div>\n  <b><\/b>\n <\/div>\n <\/article>\n<\/div>\n<div class=\"post\" style=\"margin-bottom:40px;\">\n <article>\n <h2><a name=\"856442bf\" href=\"https:\/\/www.kreis-offenbach.de\/Service\/Medienservice\/Aktuelle-Pressemitteilungen\/Sonntag-geht-es-auf-die-Spuren-eines-Imperiums.php?object=tx,4013.5.1&ModID=7&FID=4013.3363.1&NavID=4013.211&La=1\" rel=\"bookmark\" style=\"color:#333333; font-weight:bold;\" title=\"Link zum Artikel auf kreis-offenbach.de\" target=\"_blank\">Sonntag geht es auf die Spuren eines Imperiums<\/a><\/h2>\n <div class=\"entry\">\n  <p style=\"margin-bottom:4px;\">\n   <a href=\"https:\/\/www.kreis-offenbach.de\/Service\/Medienservice\/Aktuelle-Pressemitteilungen\/Sonntag-geht-es-auf-die-Spuren-eines-Imperiums.php?object=tx,4013.5.1&ModID=7&FID=4013.3363.1&NavID=4013.211&La=1\" target=\"_blank\"><img decoding=\"async\" src=\"\/feeds\/gfx\/kreis-offenbach.de.png\" style=\"align:left !important; float:left !important; margin-top:4px !important; margin-right:8px !important; margin-bottom:4px !important; width:90px !important;\" \/><\/a>   F\u00fchrung im RegioMuseum in Seligenstadt<br clear=\"all\" \/>  <\/p>\n  <div><span class=\"my_article_details\"><time datetime=\"2026-04-16\">16.04.2026<\/time> &middot; <a href=\"\/news\/polizeieinsaetze-offenbach-am-main\" title=\"Polizeieins\u00e4tze Offenbach am Main\">Kreis Offenbach<\/a> &middot; <\/span><a href=\"https:\/\/www.kreis-offenbach.de\/Service\/Medienservice\/Aktuelle-Pressemitteilungen\/Sonntag-geht-es-auf-die-Spuren-eines-Imperiums.php?object=tx,4013.5.1&ModID=7&FID=4013.3363.1&NavID=4013.211&La=1\" title=\"Link zum Artikel auf kreis-offenbach.de\" target=\"_blank\">kreis-offenbach.de<\/a><\/div>\n  <b><\/b>\n <\/div>\n <\/article>\n<\/div>\n<div class=\"post\" style=\"margin-bottom:40px;\">\n <article>\n <h2><a name=\"1a6508e2\" href=\"https:\/\/www.verbraucherzentrale-hessen.de\/node\/119365\" rel=\"bookmark\" style=\"color:#333333; font-weight:bold;\" title=\"Link zum Artikel auf verbraucherzentrale-hessen.de\" target=\"_blank\">Stromio: Gericht folgt Auffassung der Verbraucherzentrale Hessen<\/a><\/h2>\n <div class=\"entry\">\n  <p style=\"margin-bottom:4px;\">\n   <a href=\"https:\/\/www.verbraucherzentrale-hessen.de\/node\/119365\" target=\"_blank\"><img decoding=\"async\" src=\"\/feeds\/gfx\/verbraucherzentrale-hessen.de.png\" style=\"align:left !important; float:left !important; margin-top:4px !important; margin-right:8px !important; margin-bottom:4px !important; width:90px !important;\" \/><\/a>   Parteien haben einen Monat Zeit f&uuml;r Vergleichsverhandlungen<br clear=\"all\" \/>  <\/p>\n  <div><span class=\"my_article_details\"><time datetime=\"2026-04-16\">16.04.2026<\/time> &middot; Hessen &middot; <\/span><a href=\"https:\/\/www.verbraucherzentrale-hessen.de\/node\/119365\" title=\"Link zum Artikel auf verbraucherzentrale-hessen.de\" target=\"_blank\">verbraucherzentrale-hessen.de<\/a><\/div>\n  <b><\/b>\n <\/div>\n <\/article>\n<\/div>\n<div class=\"post\" style=\"margin-bottom:40px;\">\n <article>\n <h2><a name=\"c051cee3\" href=\"https:\/\/www.hessenschau.de\/wirtschaft\/100-jahre-lufthansa-flugbegleiter-streik-verhagelt-festakt-zum-jubilaeum-v2,lufthansa-streik-flugbegleiter-100.html\" rel=\"bookmark\" style=\"color:#333333; font-weight:bold;\" title=\"Link zum Artikel auf hessenschau.de\" target=\"_blank\">100 Jahre Lufthansa: Flugbegleiter-Streik verhagelt Festakt zum Jubil\u00e4um<\/a><\/h2>\n <div class=\"entry\">\n  <p style=\"margin-bottom:4px;\">\n   <a href=\"https:\/\/www.hessenschau.de\/wirtschaft\/100-jahre-lufthansa-flugbegleiter-streik-verhagelt-festakt-zum-jubilaeum-v2,lufthansa-streik-flugbegleiter-100.html\" target=\"_blank\"><img decoding=\"async\" src=\"https:\/\/www.hessenschau.de\/wirtschaft\/lufthansa-streik-164~_t-1776270852012_v-16to9.jpg\" style=\"align:left !important; float:left !important; margin-top:4px !important; margin-right:8px !important; margin-bottom:4px !important; width:90px !important;\" \/><\/a>   Bei der Lufthansa folgt ein Arbeitskampf auf den anderen: Weil die Kabinengewerkschaft Ufo die Flugbegleiter zum Streik aufgerufen hat, fallen weiter viele Fl&uuml;ge am Flughafen Frankfurt aus. Das verhagelte der Lufthansa auch einen Festakt zu ihrem Gr&uuml;ndungsjubil&auml;um. ...<br clear=\"all\" \/>  <\/p>\n  <div><span class=\"my_article_details\"><time datetime=\"2026-04-15\">15.04.2026<\/time> &middot; <a href=\"\/news\/fluglaerm-offenbach-am-main\" title=\"Flugl\u00e4rm Offenbach am Main\">Flughafen<\/a> &middot; Frankfurt &middot; <\/span><a href=\"https:\/\/www.hessenschau.de\/wirtschaft\/100-jahre-lufthansa-flugbegleiter-streik-verhagelt-festakt-zum-jubilaeum-v2,lufthansa-streik-flugbegleiter-100.html\" title=\"Link zum Artikel auf hessenschau.de\" target=\"_blank\">hessenschau.de<\/a><\/div>\n  <b><\/b>\n <\/div>\n <\/article>\n<\/div>\n<div class=\"post\" style=\"margin-bottom:40px;\">\n <article>\n <h2><a name=\"d5e07bb1\" href=\"https:\/\/www.hessenschau.de\/politik\/bislang-360-unternehmen-mit-hessenfonds-gefoerdert-v1,hessenfonds-bilanz-100.html\" rel=\"bookmark\" style=\"color:#333333; font-weight:bold;\" title=\"Link zum Artikel auf hessenschau.de\" target=\"_blank\">Bislang 360 Unternehmen mit Hessenfonds gef\u00f6rdert<\/a><\/h2>\n <div class=\"entry\">\n  <p style=\"margin-bottom:4px;\">\n   <a href=\"https:\/\/www.hessenschau.de\/politik\/bislang-360-unternehmen-mit-hessenfonds-gefoerdert-v1,hessenfonds-bilanz-100.html\" target=\"_blank\"><img decoding=\"async\" src=\"https:\/\/www.hessenschau.de\/politik\/mansoori-100~_t-1776272526729_v-16to9.jpg\" style=\"align:left !important; float:left !important; margin-top:4px !important; margin-right:8px !important; margin-bottom:4px !important; width:90px !important;\" \/><\/a>   Wie der Wirtschaft in schwierigen Zeiten helfen? Die Landesregierung setzte dazu vor einem Jahr den sogenannten Hessenfonds f&uuml;r nachhaltige Gesch&auml;ftsmodelle auf. CDU und SPD finden, das klappt super. F&uuml;r die Opposition verletzt der Fonds die Regeln der Marktwirtschaft. ...<br clear=\"all\" \/>  <\/p>\n  <div><span class=\"my_article_details\"><time datetime=\"2026-04-15\">15.04.2026<\/time> &middot; Hessen &middot; Regeln &middot; <\/span><a href=\"https:\/\/www.hessenschau.de\/politik\/bislang-360-unternehmen-mit-hessenfonds-gefoerdert-v1,hessenfonds-bilanz-100.html\" title=\"Link zum Artikel auf hessenschau.de\" target=\"_blank\">hessenschau.de<\/a><\/div>\n  <b><\/b>\n <\/div>\n <\/article>\n<\/div>\n<div class=\"post\" style=\"margin-bottom:40px;\">\n <article>\n <h2><a name=\"34c6b93c\" href=\"https:\/\/www.dietzenbach.de\/index.php?ModID=255&FID=3651.28943.1&object=tx%2C3651.6\" rel=\"bookmark\" style=\"color:#333333; font-weight:bold;\" title=\"Link zum Artikel auf dietzenbach.de\" target=\"_blank\">Dietzenbach: Sanierungsarbeiten in Westendstra\u00dfe und Limesstra\u00dfe<\/a><\/h2>\n <div class=\"entry\">\n  <p style=\"margin-bottom:4px;\">\n   <a href=\"https:\/\/www.dietzenbach.de\/index.php?ModID=255&FID=3651.28943.1&object=tx%2C3651.6\" target=\"_blank\"><img decoding=\"async\" src=\"\/feeds\/gfx\/dietzenbach.de.png\" style=\"align:left !important; float:left !important; margin-top:4px !important; margin-right:8px !important; margin-bottom:4px !important; width:90px !important;\" \/><\/a>   Vollsperrungen notwendig Sowohl in der Westendstra&szlig;e als auch in der Limesstra&szlig;e werden in den kommenden drei Wochen Bauma&szlig;nahmen stattfinden. Grund sind jeweils Kanalsanierungen sowie neue Asphaltierungen. In beiden Stra&szlig;en wird es zu Vollsperrungen ...<br clear=\"all\" \/>  <\/p>\n  <div><span class=\"my_article_details\"><time datetime=\"2026-04-15\">15.04.2026<\/time> &middot; <a href=\"\/news\/dietzenbach-aktuell\" title=\"Dietzenbach heute aktuell\">Dietzenbach<\/a> &middot; <a href=\"\/news\/dietzenbach-nachrichten\" title=\"Dietzenbach Nachrichten\">News<\/a> &middot; <\/span><a href=\"https:\/\/www.dietzenbach.de\/index.php?ModID=255&FID=3651.28943.1&object=tx%2C3651.6\" title=\"Link zum Artikel auf dietzenbach.de\" target=\"_blank\">dietzenbach.de<\/a><\/div>\n  <b><\/b>\n <\/div>\n <\/article>\n<\/div>\n<div class=\"post\" style=\"margin-bottom:40px;\">\n <article>\n <h2><a name=\"364255fa\" href=\"https:\/\/www.dietzenbach.de\/index.php?ModID=255&FID=3651.28937.1&object=tx%2C3651.6\" rel=\"bookmark\" style=\"color:#333333; font-weight:bold;\" title=\"Link zum Artikel auf dietzenbach.de\" target=\"_blank\">Stadtb\u00fccherei: Sch\u00fcler besichtigen vorab neuen Kinderbereich<\/a><\/h2>\n <div class=\"entry\">\n  <p style=\"margin-bottom:4px;\">\n   <a href=\"https:\/\/www.dietzenbach.de\/index.php?ModID=255&FID=3651.28937.1&object=tx%2C3651.6\" target=\"_blank\"><img decoding=\"async\" src=\"\/feeds\/gfx\/dietzenbach.de.png\" style=\"align:left !important; float:left !important; margin-top:4px !important; margin-right:8px !important; margin-bottom:4px !important; width:90px !important;\" \/><\/a>   Er&ouml;ffnung am 18. April 2026 mit Aktionsprogramm und Lesung In der Dietzenbacher Stadtb&uuml;cherei wird momentan in den letzten Z&uuml;gen die Kinderbibliothek renoviert, neu m&ouml;bliert und ausgestattet. Die feierliche Er&ouml;ffnung findet am Samstag, ...<br clear=\"all\" \/>  <\/p>\n  <div><span class=\"my_article_details\"><time datetime=\"2026-04-15\">15.04.2026<\/time> &middot; <a href=\"\/news\/dietzenbach-aktuell\" title=\"Dietzenbach heute aktuell\">Dietzenbach<\/a> &middot; <a href=\"\/news\/dietzenbach-nachrichten\" title=\"Dietzenbach Nachrichten\">News<\/a> &middot; <\/span><a href=\"https:\/\/www.dietzenbach.de\/index.php?ModID=255&FID=3651.28937.1&object=tx%2C3651.6\" title=\"Link zum Artikel auf dietzenbach.de\" target=\"_blank\">dietzenbach.de<\/a><\/div>\n  <b><\/b>\n <\/div>\n <\/article>\n<\/div>\n<div class=\"post\" style=\"margin-bottom:40px;\">\n <article>\n <h2><a name=\"eebfe83f\" href=\"https:\/\/www.evo-ag.de\/presse\/pressemitteilungen\/details\/eigenbau-hebt-ab-eno-azubis-entwickeln-eigenen-multicopter\" rel=\"bookmark\" style=\"color:#333333; font-weight:bold;\" title=\"Link zum Artikel auf evo-ag.de\" target=\"_blank\">Eigenbau hebt ab: ENO-Azubis entwickeln eigenen Multicopter<\/a><\/h2>\n <div class=\"entry\">\n  <p style=\"margin-bottom:4px;\">\n   <a href=\"https:\/\/www.evo-ag.de\/presse\/pressemitteilungen\/details\/eigenbau-hebt-ab-eno-azubis-entwickeln-eigenen-multicopter\" target=\"_blank\"><img decoding=\"async\" src=\"\/feeds\/gfx\/evo-ag.de.png\" style=\"align:left !important; float:left !important; margin-top:4px !important; margin-right:8px !important; margin-bottom:4px !important; width:90px !important;\" \/><\/a>   Projekt verbindet CAD, 3D-Druck und Flugsteuerung \u2013 Unterst\u00fctzung beim Erstflug durch den Flug- und Modellbau-Club Dietzenbach<br clear=\"all\" \/>  <\/p>\n  <div><span class=\"my_article_details\"><time datetime=\"2026-04-15\">15.04.2026<\/time> &middot; <a href=\"\/news\/dietzenbach-aktuell\" title=\"Dietzenbach heute aktuell\">Dietzenbach<\/a> &middot; <a href=\"\/news\/dietzenbach-nachrichten\" title=\"Dietzenbach Nachrichten\">News<\/a> &middot; <\/span><a href=\"https:\/\/www.evo-ag.de\/presse\/pressemitteilungen\/details\/eigenbau-hebt-ab-eno-azubis-entwickeln-eigenen-multicopter\" title=\"Link zum Artikel auf evo-ag.de\" target=\"_blank\">evo-ag.de<\/a><\/div>\n  <b><\/b>\n <\/div>\n <\/article>\n<\/div>\n<div class=\"post\" style=\"margin-bottom:40px;\">\n <article>\n <h2><a name=\"316f8ff3\" href=\"https:\/\/www.kreis-offenbach.de\/Service\/Medienservice\/Aktuelle-Pressemitteilungen\/Zus%C3%A4tzliche-R%C3%A4ume-f%C3%BCr-die-Oswald-von-Nell-Breuning-Schule-in-R%C3%B6dermark-Ober-Roden.php?object=tx,4013.5.1&ModID=7&FID=4013.3361.1&NavID=4013.211&La=1\" rel=\"bookmark\" style=\"color:#333333; font-weight:bold;\" title=\"Link zum Artikel auf kreis-offenbach.de\" target=\"_blank\">Zus\u00e4tzliche R\u00e4ume f\u00fcr die Oswald-von-Nell-Breuning-Schule in R\u00f6dermark&ndash;Ober-Roden<\/a><\/h2>\n <div class=\"entry\">\n  <p style=\"margin-bottom:4px;\">\n   <a href=\"https:\/\/www.kreis-offenbach.de\/Service\/Medienservice\/Aktuelle-Pressemitteilungen\/Zus%C3%A4tzliche-R%C3%A4ume-f%C3%BCr-die-Oswald-von-Nell-Breuning-Schule-in-R%C3%B6dermark-Ober-Roden.php?object=tx,4013.5.1&ModID=7&FID=4013.3361.1&NavID=4013.211&La=1\" target=\"_blank\"><img decoding=\"async\" src=\"\/feeds\/gfx\/kreis-offenbach.de.png\" style=\"align:left !important; float:left !important; margin-top:4px !important; margin-right:8px !important; margin-bottom:4px !important; width:90px !important;\" \/><\/a>   Der Kreisausschuss hat beschlossen, dass an der Oswald-von-Nell-Breuning-Schule in R\u00f6dermark&ndash;Ober-Roden zus\u00e4tzlich neue R\u00e4ume geschaffen werden. Dazu wird die bestehende Mietcontaineranlage aus  ...<br clear=\"all\" \/>  <\/p>\n  <div><span class=\"my_article_details\"><time datetime=\"2026-04-15\">15.04.2026<\/time> &middot; <a href=\"\/news\/polizeieinsaetze-offenbach-am-main\" title=\"Polizeieins\u00e4tze Offenbach am Main\">Kreis Offenbach<\/a> &middot; <\/span><a href=\"https:\/\/www.kreis-offenbach.de\/Service\/Medienservice\/Aktuelle-Pressemitteilungen\/Zus%C3%A4tzliche-R%C3%A4ume-f%C3%BCr-die-Oswald-von-Nell-Breuning-Schule-in-R%C3%B6dermark-Ober-Roden.php?object=tx,4013.5.1&ModID=7&FID=4013.3361.1&NavID=4013.211&La=1\" title=\"Link zum Artikel auf kreis-offenbach.de\" target=\"_blank\">kreis-offenbach.de<\/a><\/div>\n  <b><\/b>\n <\/div>\n <\/article>\n<\/div>\n<div class=\"post\" style=\"margin-bottom:40px;\">\n <article>\n <h2><a name=\"f9366d89\" href=\"https:\/\/www.fraport.com\/de\/newsroom\/pressemitteilungen\/2026\/verkehrszahlen\/fraport-verkehrszahlen-im-maerz-2026---wachstum-bei-passagieren-.html\" rel=\"bookmark\" style=\"color:#333333; font-weight:bold;\" title=\"Link zum Artikel auf fraport.com\" target=\"_blank\">Fraport-Verkehrszahlen im M\u00e4rz 2026: Wachstum bei Passagieren und Cargo in Frankfurt<\/a><\/h2>\n <div class=\"entry\">\n  <p style=\"margin-bottom:4px;\">\n   <a href=\"https:\/\/www.fraport.com\/de\/newsroom\/pressemitteilungen\/2026\/verkehrszahlen\/fraport-verkehrszahlen-im-maerz-2026---wachstum-bei-passagieren-.html\" target=\"_blank\"><img decoding=\"async\" src=\"\/feeds\/gfx\/fraport.com.png\" style=\"align:left !important; float:left !important; margin-top:4px !important; margin-right:8px !important; margin-bottom:4px !important; width:90px !important;\" \/><\/a>   <i>F\u00fcr diese Meldung existiert leider kein kurzer Auszug.<\/i><br clear=\"all\" \/>  <\/p>\n  <div><span class=\"my_article_details\"><time datetime=\"2026-04-15\">15.04.2026<\/time> &middot; <a href=\"\/news\/fluglaerm-offenbach-am-main\" title=\"Flugl\u00e4rm Offenbach am Main\">Flughafen<\/a> &middot; Frankfurt &middot; <\/span><a href=\"https:\/\/www.fraport.com\/de\/newsroom\/pressemitteilungen\/2026\/verkehrszahlen\/fraport-verkehrszahlen-im-maerz-2026---wachstum-bei-passagieren-.html\" title=\"Link zum Artikel auf fraport.com\" target=\"_blank\">fraport.com<\/a><\/div>\n  <b><\/b>\n <\/div>\n <\/article>\n<\/div>\n<div class=\"post\" style=\"margin-bottom:40px;\">\n <article>\n <h2><a name=\"79dd7895\" href=\"https:\/\/www.op-online.de\/region\/dietzenbach\/dietzenbacherin-tina-feuerstein-schreibt-interaktive-kinderbuecher-94261883.html\" rel=\"bookmark\" style=\"color:#333333; font-weight:bold;\" title=\"Link zum Artikel auf op-online.de\" target=\"_blank\">Dietzenbacherin Tina Feuerstein erleichtert Anf\u00e4ngern den Leseeinstieg mit interaktiven Kinderb\u00fcchern<\/a><\/h2>\n <div class=\"entry\">\n  <p style=\"margin-bottom:4px;\">\n   <a href=\"https:\/\/www.op-online.de\/region\/dietzenbach\/dietzenbacherin-tina-feuerstein-schreibt-interaktive-kinderbuecher-94261883.html\" target=\"_blank\"><img decoding=\"async\" src=\"https:\/\/www.op-online.de\/assets\/images\/42\/192\/42192934-die-illustrationen-und-die-handlung-der-buecher-von-dietzenbacherin-tina-feuerstein-sind-von-ihrem-echten-leben-inspiriert-101.jpg\" style=\"align:left !important; float:left !important; margin-top:4px !important; margin-right:8px !important; margin-bottom:4px !important; width:90px !important;\" \/><\/a>   Die Autorin schreibt Erstleserb&uuml;cher mit interaktiven R&auml;tseln. Mit dem Schreiben hat sie angefangen, weil ihre Tochter Probleme beim Lesenlernen hatte.<br clear=\"all\" \/>  <\/p>\n  <div><span class=\"my_article_details\"><time datetime=\"2026-04-15\">15.04.2026<\/time> &middot; <a href=\"\/news\/dietzenbach-aktuell\" title=\"Dietzenbach heute aktuell\">Dietzenbach<\/a> &middot; <a href=\"\/news\/dietzenbach-nachrichten\" title=\"Dietzenbach Nachrichten\">News<\/a> &middot; <\/span><a href=\"https:\/\/www.op-online.de\/region\/dietzenbach\/dietzenbacherin-tina-feuerstein-schreibt-interaktive-kinderbuecher-94261883.html\" title=\"Link zum Artikel auf op-online.de\" target=\"_blank\">op-online.de<\/a><\/div>\n  <b><\/b>\n <\/div>\n <\/article>\n<\/div>\n<div class=\"post\" style=\"margin-bottom:40px;\">\n <article>\n <h2><a name=\"e59b9c99\" href=\"https:\/\/www.hms-dtzb.de\/schriftliche-abiturpruefungen-starten-am-15-april\/\" rel=\"bookmark\" style=\"color:#333333; font-weight:bold;\" title=\"Link zum Artikel auf hms-dtzb.de\" target=\"_blank\">Schriftliche Abiturpr\u00fcfungen starten am 15. April<\/a><\/h2>\n <div class=\"entry\">\n  <p style=\"margin-bottom:4px;\">\n   <a href=\"https:\/\/www.hms-dtzb.de\/schriftliche-abiturpruefungen-starten-am-15-april\/\" target=\"_blank\"><img decoding=\"async\" src=\"\/feeds\/gfx\/hms-dtzb.de.png\" style=\"align:left !important; float:left !important; margin-top:4px !important; margin-right:8px !important; margin-bottom:4px !important; width:90px !important;\" \/><\/a>   Die schriftlichen Abiturpr&uuml;fungen starten am Mittwoch, 15.04.2026 mit den Leistungskursen PoWi und Geschichte. Unser Foyer ist wieder mit Plakaten geschm&uuml;ckt, die gute W&uuml;nsche von Freunden und Familien der Abiturientinnen und Abiturienten enthalten. Wir schlie&szlig;en ...<br clear=\"all\" \/>  <\/p>\n  <div><span class=\"my_article_details\"><time datetime=\"2026-04-14\">14.04.2026<\/time> &middot; <a href=\"\/news\/dietzenbach-aktuell\" title=\"Dietzenbach heute aktuell\">Dietzenbach<\/a> &middot; <a href=\"\/news\/dietzenbach-nachrichten\" title=\"Dietzenbach Nachrichten\">News<\/a> &middot; <\/span><a href=\"https:\/\/www.hms-dtzb.de\/schriftliche-abiturpruefungen-starten-am-15-april\/\" title=\"Link zum Artikel auf hms-dtzb.de\" target=\"_blank\">hms-dtzb.de<\/a><\/div>\n  <b><\/b>\n <\/div>\n <\/article>\n<\/div>\n<div class=\"post\" style=\"margin-bottom:40px;\">\n <article>\n <h2><a name=\"26c3734b\" href=\"https:\/\/www.dreieich.de\/rathaus-service\/presse-medien\/pressemitteilungen\/2026\/bauarbeiten-in-der-dietzenbacher-strasse\/\" rel=\"bookmark\" style=\"color:#333333; font-weight:bold;\" title=\"Link zum Artikel auf dreieich.de\" target=\"_blank\">Dreieich: Bauarbeiten in der Dietzenbacher Stra\u00dfe<\/a><\/h2>\n <div class=\"entry\">\n  <p style=\"margin-bottom:4px;\">\n   <a href=\"https:\/\/www.dreieich.de\/rathaus-service\/presse-medien\/pressemitteilungen\/2026\/bauarbeiten-in-der-dietzenbacher-strasse\/\" target=\"_blank\"><img decoding=\"async\" src=\"https:\/\/www.dreieich.de\/strukturierte-daten\/externe-organisationen\/stadtwerke-dreieich-gmbh\/stadtwerke-dreieich-web-002.jpg?cid=1lgz.87o6&resize=ee17bb%3a1024x768c\" style=\"align:left !important; float:left !important; margin-top:4px !important; margin-right:8px !important; margin-bottom:4px !important; width:90px !important;\" \/><\/a>   Die Stadtwerke Dreieich informieren &uuml;ber eine anstehende Erneuerung der Trinkwasserleitung in der Dietzenbacher Stra&szlig;e im Stadtteil G&ouml;tzenhain. Die Ma&szlig;nahme ist notwendig, um auch k&uuml;nftig eine sichere und zuverl&auml;ssige Trinkwasserversorgung zu gew&auml;hrleiste ...<br clear=\"all\" \/>  <\/p>\n  <div><span class=\"my_article_details\"><time datetime=\"2026-04-14\">14.04.2026<\/time> &middot; <a href=\"\/news\/dietzenbach-aktuell\" title=\"Dietzenbach heute aktuell\">Dietzenbach<\/a> &middot; <a href=\"\/news\/dietzenbach-nachrichten\" title=\"Dietzenbach Nachrichten\">News<\/a> &middot; <\/span><a href=\"https:\/\/www.dreieich.de\/rathaus-service\/presse-medien\/pressemitteilungen\/2026\/bauarbeiten-in-der-dietzenbacher-strasse\/\" title=\"Link zum Artikel auf dreieich.de\" target=\"_blank\">dreieich.de<\/a><\/div>\n  <b><\/b>\n <\/div>\n <\/article>\n<\/div>\n<div class=\"post\" style=\"margin-bottom:40px;\">\n <article>\n <h2><a name=\"15598260\" href=\"https:\/\/www.dietzenbach.de\/index.php?ModID=255&FID=3651.28903.1&object=tx%2C3651.6\" rel=\"bookmark\" style=\"color:#333333; font-weight:bold;\" title=\"Link zum Artikel auf dietzenbach.de\" target=\"_blank\">Dietzenbach: Gemeinsam in Sachen Humor<\/a><\/h2>\n <div class=\"entry\">\n  <p style=\"margin-bottom:4px;\">\n   <a href=\"https:\/\/www.dietzenbach.de\/index.php?ModID=255&FID=3651.28903.1&object=tx%2C3651.6\" target=\"_blank\"><img decoding=\"async\" src=\"\/feeds\/gfx\/dietzenbach.de.png\" style=\"align:left !important; float:left !important; margin-top:4px !important; margin-right:8px !important; margin-bottom:4px !important; width:90px !important;\" \/><\/a>   Capitol Dietzenbach und Christoph Visone pr&auml;sentieren gemeinsame Comedy-Show Das Capitol Dietzenbach und Comedian Christoph Visone laden Comedy-Fans ein zur dritten Ausgabe des &bdquo;Connection Comedy Club&ldquo; am Donnerstag, 16. April 2026, um ...<br clear=\"all\" \/>  <\/p>\n  <div><span class=\"my_article_details\"><time datetime=\"2026-04-14\">14.04.2026<\/time> &middot; <a href=\"\/news\/dietzenbach-aktuell\" title=\"Dietzenbach heute aktuell\">Dietzenbach<\/a> &middot; <a href=\"\/news\/dietzenbach-nachrichten\" title=\"Dietzenbach Nachrichten\">News<\/a> &middot; <\/span><a href=\"https:\/\/www.dietzenbach.de\/index.php?ModID=255&FID=3651.28903.1&object=tx%2C3651.6\" title=\"Link zum Artikel auf dietzenbach.de\" target=\"_blank\">dietzenbach.de<\/a><\/div>\n  <b><\/b>\n <\/div>\n <\/article>\n<\/div>\n<div class=\"post\" style=\"margin-bottom:40px;\">\n <article>\n <h2><a name=\"af3f1890\" href=\"https:\/\/www.dietzenbach.de\/index.php?ModID=255&FID=3651.28902.1&object=tx%2C3651.6\" rel=\"bookmark\" style=\"color:#333333; font-weight:bold;\" title=\"Link zum Artikel auf dietzenbach.de\" target=\"_blank\">STADTRADELN 2026: Ab 8. Mai z\u00e4hlt wieder jeder Kilometer<\/a><\/h2>\n <div class=\"entry\">\n  <p style=\"margin-bottom:4px;\">\n   <a href=\"https:\/\/www.dietzenbach.de\/index.php?ModID=255&FID=3651.28902.1&object=tx%2C3651.6\" target=\"_blank\"><img decoding=\"async\" src=\"\/feeds\/gfx\/dietzenbach.de.png\" style=\"align:left !important; float:left !important; margin-top:4px !important; margin-right:8px !important; margin-bottom:4px !important; width:90px !important;\" \/><\/a>   Gemeinsam fit in den Fr&uuml;hling f&uuml;r eine nachhaltige Zukunft Die Kreisstadt Dietzenbach l&auml;dt alle B&uuml;rgerinnen und B&uuml;rger ein, vom 8. bis 28. Mai 2026 beim diesj&auml;hrigen STADTRADELN dabei zu sein. Ziel der ...<br clear=\"all\" \/>  <\/p>\n  <div><span class=\"my_article_details\"><time datetime=\"2026-04-14\">14.04.2026<\/time> &middot; <a href=\"\/news\/dietzenbach-aktuell\" title=\"Dietzenbach heute aktuell\">Dietzenbach<\/a> &middot; <a href=\"\/news\/dietzenbach-nachrichten\" title=\"Dietzenbach Nachrichten\">News<\/a> &middot; <\/span><a href=\"https:\/\/www.dietzenbach.de\/index.php?ModID=255&FID=3651.28902.1&object=tx%2C3651.6\" title=\"Link zum Artikel auf dietzenbach.de\" target=\"_blank\">dietzenbach.de<\/a><\/div>\n  <b><\/b>\n <\/div>\n <\/article>\n<\/div>\n<div class=\"post\" style=\"margin-bottom:40px;\">\n <article>\n <h2><a name=\"fba0eaf1\" href=\"https:\/\/www.op-online.de\/region\/dietzenbach\/die-cdu-verhandelt-ueber-schwarz-rot-oder-ein-jamaika-buendnis-94260198.html\" rel=\"bookmark\" style=\"color:#333333; font-weight:bold;\" title=\"Link zum Artikel auf op-online.de\" target=\"_blank\">K\u00fcnftige Koalition in Dietzenbach: Schwarz-Rot oder Jamaika<\/a><\/h2>\n <div class=\"entry\">\n  <p style=\"margin-bottom:4px;\">\n   <a href=\"https:\/\/www.op-online.de\/region\/dietzenbach\/die-cdu-verhandelt-ueber-schwarz-rot-oder-ein-jamaika-buendnis-94260198.html\" target=\"_blank\"><img decoding=\"async\" src=\"https:\/\/www.op-online.de\/assets\/images\/6\/573\/6573399-1599037486-jamaika-2V01.jpg\" style=\"align:left !important; float:left !important; margin-top:4px !important; margin-right:8px !important; margin-bottom:4px !important; width:90px !important;\" \/><\/a>   Nach der Kommunalwahl f&uuml;hrt in Dietzenbach kein Weg an der CDU vorbei. Noch verhandeln die Parteien &uuml;ber m&ouml;gliche Koalitionen, es l&auml;uft auf Schwarz-Rot oder Jamaika hinaus.<br clear=\"all\" \/>  <\/p>\n  <div><span class=\"my_article_details\"><time datetime=\"2026-04-14\">14.04.2026<\/time> &middot; <a href=\"\/news\/dietzenbach-aktuell\" title=\"Dietzenbach heute aktuell\">Dietzenbach<\/a> &middot; <a href=\"\/news\/dietzenbach-nachrichten\" title=\"Dietzenbach Nachrichten\">News<\/a> &middot; <\/span><a href=\"https:\/\/www.op-online.de\/region\/dietzenbach\/die-cdu-verhandelt-ueber-schwarz-rot-oder-ein-jamaika-buendnis-94260198.html\" title=\"Link zum Artikel auf op-online.de\" target=\"_blank\">op-online.de<\/a><\/div>\n  <b><\/b>\n <\/div>\n <\/article>\n<\/div>\n<div class=\"post\" style=\"margin-bottom:40px;\">\n <article>\n <h2><a name=\"1d540f89\" href=\"https:\/\/www.kreis-offenbach.de\/Service\/Medienservice\/Aktuelle-Pressemitteilungen\/Im-Handwerk-und-im-Ehrenamt-auf-Erfolgskurs.php?object=tx,4013.5.1&ModID=7&FID=4013.3356.1&NavID=4013.211&La=1\" rel=\"bookmark\" style=\"color:#333333; font-weight:bold;\" title=\"Link zum Artikel auf kreis-offenbach.de\" target=\"_blank\">Im Handwerk und im Ehrenamt auf Erfolgskurs<\/a><\/h2>\n <div class=\"entry\">\n  <p style=\"margin-bottom:4px;\">\n   <a href=\"https:\/\/www.kreis-offenbach.de\/Service\/Medienservice\/Aktuelle-Pressemitteilungen\/Im-Handwerk-und-im-Ehrenamt-auf-Erfolgskurs.php?object=tx,4013.5.1&ModID=7&FID=4013.3356.1&NavID=4013.211&La=1\" target=\"_blank\"><img decoding=\"async\" src=\"\/feeds\/gfx\/kreis-offenbach.de.png\" style=\"align:left !important; float:left !important; margin-top:4px !important; margin-right:8px !important; margin-bottom:4px !important; width:90px !important;\" \/><\/a>   Landrat Oliver Quilling \u00fcberreicht Obermeister Thomas Lippold das Bundesverdienstkreuz<br clear=\"all\" \/>  <\/p>\n  <div><span class=\"my_article_details\"><time datetime=\"2026-04-14\">14.04.2026<\/time> &middot; <a href=\"\/news\/polizeieinsaetze-offenbach-am-main\" title=\"Polizeieins\u00e4tze Offenbach am Main\">Kreis Offenbach<\/a> &middot; <\/span><a href=\"https:\/\/www.kreis-offenbach.de\/Service\/Medienservice\/Aktuelle-Pressemitteilungen\/Im-Handwerk-und-im-Ehrenamt-auf-Erfolgskurs.php?object=tx,4013.5.1&ModID=7&FID=4013.3356.1&NavID=4013.211&La=1\" title=\"Link zum Artikel auf kreis-offenbach.de\" target=\"_blank\">kreis-offenbach.de<\/a><\/div>\n  <b><\/b>\n <\/div>\n <\/article>\n<\/div>\n<div class=\"post\" style=\"margin-bottom:40px;\">\n <article>\n <h2><a name=\"efc87415\" href=\"https:\/\/www.hessenschau.de\/wirtschaft\/lufthansa-streik-am-flughafen-frankfurt-die-fronten-sind-verhaertet-v8,lufthansa-streik-156.html\" rel=\"bookmark\" style=\"color:#333333; font-weight:bold;\" title=\"Link zum Artikel auf hessenschau.de\" target=\"_blank\">Lufthansa-Streik am Flughafen Frankfurt: Die Fronten sind verh\u00e4rtet<\/a><\/h2>\n <div class=\"entry\">\n  <p style=\"margin-bottom:4px;\">\n   <a href=\"https:\/\/www.hessenschau.de\/wirtschaft\/lufthansa-streik-am-flughafen-frankfurt-die-fronten-sind-verhaertet-v8,lufthansa-streik-156.html\" target=\"_blank\"><img decoding=\"async\" src=\"https:\/\/www.hessenschau.de\/panorama\/streik-frankfurt-flughafen-102~_t-1776058747916_v-16to9.jpg\" style=\"align:left !important; float:left !important; margin-top:4px !important; margin-right:8px !important; margin-bottom:4px !important; width:90px !important;\" \/><\/a>   Rund 1.100 abgesagte Starts und Landungen am Flughafen Frankfurt: Die Piloten mehrerer Lufthansa-Airlines sind am Montag und Dienstag zum Streik aufgerufen. Der Konzern will ihren Forderungen nicht nachgeben. ...<br clear=\"all\" \/>  <\/p>\n  <div><span class=\"my_article_details\"><time datetime=\"2026-04-13\">13.04.2026<\/time> &middot; <a href=\"\/news\/fluglaerm-offenbach-am-main\" title=\"Flugl\u00e4rm Offenbach am Main\">Flughafen<\/a> &middot; Frankfurt &middot; <\/span><a href=\"https:\/\/www.hessenschau.de\/wirtschaft\/lufthansa-streik-am-flughafen-frankfurt-die-fronten-sind-verhaertet-v8,lufthansa-streik-156.html\" title=\"Link zum Artikel auf hessenschau.de\" target=\"_blank\">hessenschau.de<\/a><\/div>\n  <b><\/b>\n <\/div>\n <\/article>\n<\/div>\n<div class=\"post\" style=\"margin-bottom:40px;\">\n <article>\n <h2><a name=\"f41fabaa\" href=\"https:\/\/www.op-online.de\/hessen\/sommerliche-waerme-wetterwende-in-offenbach-hanau-nach-regen-und-frost-kommt-94259413.html\" rel=\"bookmark\" style=\"color:#333333; font-weight:bold;\" title=\"Link zum Artikel auf op-online.de\" target=\"_blank\">Wetterwende in Offenbach und Hanau: Nach Regen und Frost kommt sommerliche W\u00e4rme<\/a><\/h2>\n <div class=\"entry\">\n  <p style=\"margin-bottom:4px;\">\n   <a href=\"https:\/\/www.op-online.de\/hessen\/sommerliche-waerme-wetterwende-in-offenbach-hanau-nach-regen-und-frost-kommt-94259413.html\" target=\"_blank\"><img decoding=\"async\" src=\"https:\/\/www.op-online.de\/assets\/images\/42\/188\/42188228-die-kirschbluete-ist-ein-beliebtes-fotomotiv-im-fruehling-2401.jpg\" style=\"align:left !important; float:left !important; margin-top:4px !important; margin-right:8px !important; margin-bottom:4px !important; width:90px !important;\" \/><\/a>   Tr&uuml;bes Wetter begleitet Offenbach und die Region zum Wochenstart. Aber schon bald lockert es auf und die Sonne zeigt sich wieder.<br clear=\"all\" \/>  <\/p>\n  <div><span class=\"my_article_details\"><time datetime=\"2026-04-13\">13.04.2026<\/time> &middot; <a href=\"\/news\/offenbach-aktuell\" title=\"Offenbach heute aktuell\">Offenbach<\/a> &middot; Wetter &middot; <\/span><a href=\"https:\/\/www.op-online.de\/hessen\/sommerliche-waerme-wetterwende-in-offenbach-hanau-nach-regen-und-frost-kommt-94259413.html\" title=\"Link zum Artikel auf op-online.de\" target=\"_blank\">op-online.de<\/a><\/div>\n  <b><\/b>\n <\/div>\n <\/article>\n<\/div>\n<div class=\"post\" style=\"margin-bottom:40px;\">\n <article>\n <h2><a name=\"70491982\" href=\"https:\/\/www.op-online.de\/region\/dietzenbach\/wie-sich-mit-bannwaben-biologisch-imkern-laesst-94256740.html\" rel=\"bookmark\" style=\"color:#333333; font-weight:bold;\" title=\"Link zum Artikel auf op-online.de\" target=\"_blank\">Wie sich mit Bannwaben biologisch Imkern l\u00e4sst<\/a><\/h2>\n <div class=\"entry\">\n  <p style=\"margin-bottom:4px;\">\n   <a href=\"https:\/\/www.op-online.de\/region\/dietzenbach\/wie-sich-mit-bannwaben-biologisch-imkern-laesst-94256740.html\" target=\"_blank\"><img decoding=\"async\" src=\"https:\/\/www.op-online.de\/assets\/images\/42\/165\/42165316-die-bannwabe-ein-kaefig-in-dem-die-koenigin-einige-zeit-lebt-und-ihre-eier-legt-waehrend-die-arbeiterbienen-durch-das-gitter-den-kaefig-betreten-und-3Y01.jpg\" style=\"align:left !important; float:left !important; margin-top:4px !important; margin-right:8px !important; margin-bottom:4px !important; width:90px !important;\" \/><\/a>   Bienenz&uuml;chter Thomas Van Pelt nutzt Bannwaben gegen die Varroa-Milbe. Der Belgier fordert ein Umdenken in der Imkerei.<br clear=\"all\" \/>  <\/p>\n  <div><span class=\"my_article_details\"><time datetime=\"2026-04-11\">11.04.2026<\/time> &middot; <a href=\"\/news\/dietzenbach-aktuell\" title=\"Dietzenbach heute aktuell\">Dietzenbach<\/a> &middot; <a href=\"\/news\/dietzenbach-nachrichten\" title=\"Dietzenbach Nachrichten\">News<\/a> &middot; <\/span><a href=\"https:\/\/www.op-online.de\/region\/dietzenbach\/wie-sich-mit-bannwaben-biologisch-imkern-laesst-94256740.html\" title=\"Link zum Artikel auf op-online.de\" target=\"_blank\">op-online.de<\/a><\/div>\n  <b><\/b>\n <\/div>\n <\/article>\n<\/div>\n<div class=\"post\" style=\"margin-bottom:40px;\">\n <article>\n <h2><a name=\"39c825aa\" href=\"https:\/\/www.rmv.de\/c\/de\/fahrplan\/verbindungssuche-hinweise\/verkehrsmeldungen?selectedhimid=2161623#content\" rel=\"bookmark\" style=\"color:#333333; font-weight:bold;\" title=\"Link zum Artikel auf rmv.de\" target=\"_blank\">S1, S2: n\u00e4chtliche Teilausf\u00e4lle mit Ersatzverkehr<\/a><\/h2>\n <div class=\"entry\">\n  <p style=\"margin-bottom:4px;\">\n   <a href=\"https:\/\/www.rmv.de\/c\/de\/fahrplan\/verbindungssuche-hinweise\/verkehrsmeldungen?selectedhimid=2161623#content\" target=\"_blank\"><img decoding=\"async\" src=\"\/feeds\/gfx\/rmv.de.jpg\" style=\"align:left !important; float:left !important; margin-top:4px !important; margin-right:8px !important; margin-bottom:4px !important; width:90px !important;\" \/><\/a>   13.04.2026 21:00 - 23.04.2026 04:50 Es kommt in den N&auml;chten 13.-17.04. und 20.-23.04. ab jeweils etwa 22 Uhr zu Teilausf&auml;llen f&uuml;r die S2 zwischen &quot;Offenbach Ost&quot; und Dietzenbach, sp&auml;ter in den N&auml;chten auch f&uuml;r einzelne Fahrten der S1 zwischen &quot;Offenbach Ost&quot; ...<br clear=\"all\" \/>  <\/p>\n  <div><span class=\"my_article_details\"><time datetime=\"2026-04-10\">10.04.2026<\/time> &middot; <a href=\"\/news\/dietzenbach-aktuell\" title=\"Dietzenbach heute aktuell\">Dietzenbach<\/a> &middot; <a href=\"\/news\/dietzenbach-nachrichten\" title=\"Dietzenbach Nachrichten\">News<\/a> &middot; <\/span><a href=\"https:\/\/www.rmv.de\/c\/de\/fahrplan\/verbindungssuche-hinweise\/verkehrsmeldungen?selectedhimid=2161623#content\" title=\"Link zum Artikel auf rmv.de\" target=\"_blank\">rmv.de<\/a><\/div>\n  <b><\/b>\n <\/div>\n <\/article>\n<\/div>\n<div class=\"post\" style=\"margin-bottom:40px;\">\n <article>\n <h2><a name=\"4354689f\" href=\"https:\/\/www.op-online.de\/region\/dietzenbach\/dietzenbacherin-elfriede-coppik-feiert-50-jahre-trainertaetigkeit-94254744.html\" rel=\"bookmark\" style=\"color:#333333; font-weight:bold;\" title=\"Link zum Artikel auf op-online.de\" target=\"_blank\">Dietzenbacherin Elfriede Coppik feiert 50 Jahre Trainert\u00e4tigkeit im Turnen und Orientierungslauf<\/a><\/h2>\n <div class=\"entry\">\n  <p style=\"margin-bottom:4px;\">\n   <a href=\"https:\/\/www.op-online.de\/region\/dietzenbach\/dietzenbacherin-elfriede-coppik-feiert-50-jahre-trainertaetigkeit-94254744.html\" target=\"_blank\"><img decoding=\"async\" src=\"https:\/\/www.op-online.de\/assets\/images\/42\/152\/42152031-karten-wie-diese-benutzen-orientierungslaeufer-elfi-coppik-hatte-in-der-vergangenheit-schon-eigene-exemplare-erstellt-u01.jpg\" style=\"align:left !important; float:left !important; margin-top:4px !important; margin-right:8px !important; margin-bottom:4px !important; width:90px !important;\" \/><\/a>   Die 79-J&auml;hrige blickt auf f&uuml;nf Jahrzehnte ehrenamtliche Trainert&auml;tigkeit zur&uuml;ck. Vom Turnen zum Orientierungslauf pr&auml;gte sie Generationen junger Sportler.<br clear=\"all\" \/>  <\/p>\n  <div><span class=\"my_article_details\"><time datetime=\"2026-04-10\">10.04.2026<\/time> &middot; <a href=\"\/news\/dietzenbach-aktuell\" title=\"Dietzenbach heute aktuell\">Dietzenbach<\/a> &middot; <a href=\"\/news\/dietzenbach-nachrichten\" title=\"Dietzenbach Nachrichten\">News<\/a> &middot; <\/span><a href=\"https:\/\/www.op-online.de\/region\/dietzenbach\/dietzenbacherin-elfriede-coppik-feiert-50-jahre-trainertaetigkeit-94254744.html\" title=\"Link zum Artikel auf op-online.de\" target=\"_blank\">op-online.de<\/a><\/div>\n  <b><\/b>\n <\/div>\n <\/article>\n<\/div>\n<div class=\"post\" style=\"margin-bottom:40px;\">\n <article>\n <h2><a name=\"9e057d0f\" href=\"https:\/\/www.op-online.de\/region\/dietzenbach\/fahrzeugen-brass-gruppe-meldet-hohe-nachfrage-nach-byd-94255480.html\" rel=\"bookmark\" style=\"color:#333333; font-weight:bold;\" title=\"Link zum Artikel auf op-online.de\" target=\"_blank\">Brass-Gruppe meldet hohe Nachfrage nach BYD-Fahrzeugen<\/a><\/h2>\n <div class=\"entry\">\n  <p style=\"margin-bottom:4px;\">\n   <a href=\"https:\/\/www.op-online.de\/region\/dietzenbach\/fahrzeugen-brass-gruppe-meldet-hohe-nachfrage-nach-byd-94255480.html\" target=\"_blank\"><img decoding=\"async\" src=\"https:\/\/www.op-online.de\/assets\/images\/42\/26\/42026647-die-fahrzeuge-des-chinesischen-autobauers-byd-gibt-es-auch-bei-brass-in-dietzenbach-zu-kaufen-301.jpg\" style=\"align:left !important; float:left !important; margin-top:4px !important; margin-right:8px !important; margin-bottom:4px !important; width:90px !important;\" \/><\/a>   Ein erheblicher Teil der verf&uuml;gbaren Fahrzeuge ist bereits verkauft. Die Brass-Gruppe verkauft in Dietzenbach nun auch BYD.<br clear=\"all\" \/>  <\/p>\n  <div><span class=\"my_article_details\"><time datetime=\"2026-04-09\">09.04.2026<\/time> &middot; <a href=\"\/news\/dietzenbach-aktuell\" title=\"Dietzenbach heute aktuell\">Dietzenbach<\/a> &middot; <a href=\"\/news\/dietzenbach-nachrichten\" title=\"Dietzenbach Nachrichten\">News<\/a> &middot; <\/span><a href=\"https:\/\/www.op-online.de\/region\/dietzenbach\/fahrzeugen-brass-gruppe-meldet-hohe-nachfrage-nach-byd-94255480.html\" title=\"Link zum Artikel auf op-online.de\" target=\"_blank\">op-online.de<\/a><\/div>\n  <b><\/b>\n <\/div>\n <\/article>\n<\/div>\n<div class=\"post\" style=\"margin-bottom:40px;\">\n <article>\n <h2><a name=\"01fa6c87\" href=\"https:\/\/www.rmv.de\/c\/de\/fahrplan\/verbindungssuche-hinweise\/verkehrsmeldungen?selectedhimid=2161593#content\" rel=\"bookmark\" style=\"color:#333333; font-weight:bold;\" title=\"Link zum Artikel auf rmv.de\" target=\"_blank\">S2: Teilausf\u00e4lle und Busse statt Bahnen in der Nacht vom 22.04. auf den 23.04.<\/a><\/h2>\n <div class=\"entry\">\n  <p style=\"margin-bottom:4px;\">\n   <a href=\"https:\/\/www.rmv.de\/c\/de\/fahrplan\/verbindungssuche-hinweise\/verkehrsmeldungen?selectedhimid=2161593#content\" target=\"_blank\"><img decoding=\"async\" src=\"\/feeds\/gfx\/rmv.de.jpg\" style=\"align:left !important; float:left !important; margin-top:4px !important; margin-right:8px !important; margin-bottom:4px !important; width:90px !important;\" \/><\/a>   22.04.2026 21:00 - 23.04.2026 02:00 Die Halte &quot;Frankfurt-Griesheim&quot; und &quot;Frankfurt-Nied&quot; entfallen. Au&szlig;erdem kommt es zwischen &quot;Dietzenbach Bahnhof&quot; und &quot;Wiesbaden Hauptbahnhof&quot; auf verschiedenen Streckenabschnitten zu Teilausf&auml;llen. Grund daf&uuml;r sind Instandhaltungsarbeiten. ...<br clear=\"all\" \/>  <\/p>\n  <div><span class=\"my_article_details\"><time datetime=\"2026-04-09\">09.04.2026<\/time> &middot; <a href=\"\/news\/dietzenbach-aktuell\" title=\"Dietzenbach heute aktuell\">Dietzenbach<\/a> &middot; <a href=\"\/news\/dietzenbach-nachrichten\" title=\"Dietzenbach Nachrichten\">News<\/a> &middot; <\/span><a href=\"https:\/\/www.rmv.de\/c\/de\/fahrplan\/verbindungssuche-hinweise\/verkehrsmeldungen?selectedhimid=2161593#content\" title=\"Link zum Artikel auf rmv.de\" target=\"_blank\">rmv.de<\/a><\/div>\n  <b><\/b>\n <\/div>\n <\/article>\n<\/div>\n<div class=\"post\" style=\"margin-bottom:40px;\">\n <article>\n <h2><a name=\"7c18d152\" href=\"https:\/\/www.op-online.de\/offenbach\/wetter-wende-in-offenbach-hanau-schon-in-wenigen-stunden-ist-es-soweit-94254280.html\" rel=\"bookmark\" style=\"color:#333333; font-weight:bold;\" title=\"Link zum Artikel auf op-online.de\" target=\"_blank\">Wetter-Wende in Offenbach und Region \u2013 Schon in wenigen Stunden ist es soweit<\/a><\/h2>\n <div class=\"entry\">\n  <p style=\"margin-bottom:4px;\">\n   <a href=\"https:\/\/www.op-online.de\/offenbach\/wetter-wende-in-offenbach-hanau-schon-in-wenigen-stunden-ist-es-soweit-94254280.html\" target=\"_blank\"><img decoding=\"async\" src=\"https:\/\/www.op-online.de\/assets\/images\/41\/346\/41346555-sonne-wolken-1U01.jpg\" style=\"align:left !important; float:left !important; margin-top:4px !important; margin-right:8px !important; margin-bottom:4px !important; width:90px !important;\" \/><\/a>   In Offenbach, Hanau und dem Rhein-Main-Gebiet war es zuletzt sonnig und mild. Ab Donnerstagabend n&auml;hert sich von Westen feuchtere, k&uuml;hlere Luft. F&uuml;r die Nacht zu Freitag sind Schauer und einzelne Gewitter m&ouml;glich.<br clear=\"all\" \/>  <\/p>\n  <div><span class=\"my_article_details\"><time datetime=\"2026-04-09\">09.04.2026<\/time> &middot; <a href=\"\/news\/offenbach-aktuell\" title=\"Offenbach heute aktuell\">Offenbach<\/a> &middot; Wetter &middot; <\/span><a href=\"https:\/\/www.op-online.de\/offenbach\/wetter-wende-in-offenbach-hanau-schon-in-wenigen-stunden-ist-es-soweit-94254280.html\" title=\"Link zum Artikel auf op-online.de\" target=\"_blank\">op-online.de<\/a><\/div>\n  <b><\/b>\n <\/div>\n <\/article>\n<\/div>\n<div class=\"post\" style=\"margin-bottom:40px;\">\n <article>\n <h2><a name=\"282afc85\" href=\"https:\/\/www.dietzenbach.de\/index.php?ModID=255&FID=3651.28877.1&object=tx%2C3651.6\" rel=\"bookmark\" style=\"color:#333333; font-weight:bold;\" title=\"Link zum Artikel auf dietzenbach.de\" target=\"_blank\">Shanty-Chor-Konzert am 19. Mai im Dietzenbacher Capitol<\/a><\/h2>\n <div class=\"entry\">\n  <p style=\"margin-bottom:4px;\">\n   <a href=\"https:\/\/www.dietzenbach.de\/index.php?ModID=255&FID=3651.28877.1&object=tx%2C3651.6\" target=\"_blank\"><img decoding=\"async\" src=\"\/feeds\/gfx\/dietzenbach.de.png\" style=\"align:left !important; float:left !important; margin-top:4px !important; margin-right:8px !important; margin-bottom:4px !important; width:90px !important;\" \/><\/a>   Tickets zum Jubil&auml;umskonzert inklusive Fischbr&ouml;tchen und Getr&auml;nk In diesem Jahr veranstaltet die st&auml;dtische Seniorenarbeit wieder ein geselliges Konzert mit dem Shanty-Chor Oberursel e.V., der in diesem Jahr zus&auml;tzlich sein 40-j&auml;hriges Bestehen ...<br clear=\"all\" \/>  <\/p>\n  <div><span class=\"my_article_details\"><time datetime=\"2026-04-09\">09.04.2026<\/time> &middot; <a href=\"\/news\/dietzenbach-aktuell\" title=\"Dietzenbach heute aktuell\">Dietzenbach<\/a> &middot; <a href=\"\/news\/dietzenbach-nachrichten\" title=\"Dietzenbach Nachrichten\">News<\/a> &middot; <\/span><a href=\"https:\/\/www.dietzenbach.de\/index.php?ModID=255&FID=3651.28877.1&object=tx%2C3651.6\" title=\"Link zum Artikel auf dietzenbach.de\" target=\"_blank\">dietzenbach.de<\/a><\/div>\n  <b><\/b>\n <\/div>\n <\/article>\n<\/div>\n<div class=\"post\" style=\"margin-bottom:40px;\">\n <article>\n <h2><a name=\"c2661174\" href=\"https:\/\/www.sternfreundekreisoffenbach.de\/uncategorized\/astronomisches-schuelerpraktikum\/\" rel=\"bookmark\" style=\"color:#333333; font-weight:bold;\" title=\"Link zum Artikel auf sternfreundekreisoffenbach.de\" target=\"_blank\">Astronomie: Astronomisches Sch\u00fclerpraktikum<\/a><\/h2>\n <div class=\"entry\">\n  <p style=\"margin-bottom:4px;\">\n   <a href=\"https:\/\/www.sternfreundekreisoffenbach.de\/uncategorized\/astronomisches-schuelerpraktikum\/\" target=\"_blank\"><img decoding=\"async\" src=\"\/feeds\/gfx\/sternfreundekreisoffenbach.de.jpg\" style=\"align:left !important; float:left !important; margin-top:4px !important; margin-right:8px !important; margin-bottom:4px !important; width:90px !important;\" \/><\/a>   Mitte M&auml;rz &ouml;ffneten wir unsere Sternwarte f&uuml;r die 5. Klassen des Adolf-Reichwein-Gymnasiums im Rahmen ihres Klassenfestes. Auf dem Programm standen ein Tag der Sonnenbeobachtung sowie zwei Beobachtungsn&auml;chte. Am Abend des 17. M&auml;rz spielte das Wetter leider ...<br clear=\"all\" \/>  <\/p>\n  <div><span class=\"my_article_details\"><time datetime=\"2026-04-09\">09.04.2026<\/time> &middot; <a href=\"\/news\/polizeieinsaetze-offenbach-am-main\" title=\"Polizeieins\u00e4tze Offenbach am Main\">Kreis Offenbach<\/a> &middot; <\/span><a href=\"https:\/\/www.sternfreundekreisoffenbach.de\/uncategorized\/astronomisches-schuelerpraktikum\/\" title=\"Link zum Artikel auf sternfreundekreisoffenbach.de\" target=\"_blank\">sternfreundekreisoffenbach.de<\/a><\/div>\n  <b><\/b>\n <\/div>\n <\/article>\n<\/div>\n<div class=\"post\" style=\"margin-bottom:40px;\">\n <article>\n <h2><a name=\"aa2bf30b\" href=\"https:\/\/www.dietzenbach.de\/index.php?ModID=255&FID=3651.28876.1&object=tx%2C3651.6\" rel=\"bookmark\" style=\"color:#333333; font-weight:bold;\" title=\"Link zum Artikel auf dietzenbach.de\" target=\"_blank\">Zur Erinnerung: Sportliche Kandidaten noch bis 24. April 2026 melden<\/a><\/h2>\n <div class=\"entry\">\n  <p style=\"margin-bottom:4px;\">\n   <a href=\"https:\/\/www.dietzenbach.de\/index.php?ModID=255&FID=3651.28876.1&object=tx%2C3651.6\" target=\"_blank\"><img decoding=\"async\" src=\"\/feeds\/gfx\/dietzenbach.de.png\" style=\"align:left !important; float:left !important; margin-top:4px !important; margin-right:8px !important; margin-bottom:4px !important; width:90px !important;\" \/><\/a>   Bewerbungen f&uuml;r die Sportlerehrung einreichen Am Freitag, 22. Mai 2026, findet im Capitol Dietzenbach die diesj&auml;hrige der Kreisstadt statt. Zur Erinnerung: Noch bis zum 24. April k&ouml;nnen herausragende sportliche Leistungen und ...<br clear=\"all\" \/>  <\/p>\n  <div><span class=\"my_article_details\"><time datetime=\"2026-04-08\">08.04.2026<\/time> &middot; <a href=\"\/news\/dietzenbach-aktuell\" title=\"Dietzenbach heute aktuell\">Dietzenbach<\/a> &middot; <a href=\"\/news\/dietzenbach-nachrichten\" title=\"Dietzenbach Nachrichten\">News<\/a> &middot; <\/span><a href=\"https:\/\/www.dietzenbach.de\/index.php?ModID=255&FID=3651.28876.1&object=tx%2C3651.6\" title=\"Link zum Artikel auf dietzenbach.de\" target=\"_blank\">dietzenbach.de<\/a><\/div>\n  <b><\/b>\n <\/div>\n <\/article>\n<\/div>\n<div class=\"post\" style=\"margin-bottom:40px;\">\n <article>\n <h2><a name=\"05b30680\" href=\"https:\/\/www.dietzenbach.de\/index.php?ModID=255&FID=3651.28875.1&object=tx%2C3651.6\" rel=\"bookmark\" style=\"color:#333333; font-weight:bold;\" title=\"Link zum Artikel auf dietzenbach.de\" target=\"_blank\">Neuer Bildungsurlaub der vhs Dietzenbach<\/a><\/h2>\n <div class=\"entry\">\n  <p style=\"margin-bottom:4px;\">\n   <a href=\"https:\/\/www.dietzenbach.de\/index.php?ModID=255&FID=3651.28875.1&object=tx%2C3651.6\" target=\"_blank\"><img decoding=\"async\" src=\"\/feeds\/gfx\/dietzenbach.de.png\" style=\"align:left !important; float:left !important; margin-top:4px !important; margin-right:8px !important; margin-bottom:4px !important; width:90px !important;\" \/><\/a>   &bdquo;Raus aus dem Winterblues&ldquo; im November 2026 Die vhs Dietzenbach bietet nicht nur ein vielf&auml;ltiges Fortbildungsprogramm in den eigenen R&auml;umen an, sondern veranstaltet auch regelm&auml;&szlig;ig Reisen und Bildungsurlaube zu spannenden Themen. F&uuml;r ...<br clear=\"all\" \/>  <\/p>\n  <div><span class=\"my_article_details\"><time datetime=\"2026-04-08\">08.04.2026<\/time> &middot; <a href=\"\/news\/dietzenbach-aktuell\" title=\"Dietzenbach heute aktuell\">Dietzenbach<\/a> &middot; <a href=\"\/news\/dietzenbach-nachrichten\" title=\"Dietzenbach Nachrichten\">News<\/a> &middot; <\/span><a href=\"https:\/\/www.dietzenbach.de\/index.php?ModID=255&FID=3651.28875.1&object=tx%2C3651.6\" title=\"Link zum Artikel auf dietzenbach.de\" target=\"_blank\">dietzenbach.de<\/a><\/div>\n  <b><\/b>\n <\/div>\n <\/article>\n<\/div>\n<div class=\"post\" style=\"margin-bottom:40px;\">\n <article>\n <h2><a name=\"94fd72ba\" href=\"https:\/\/www.dietzenbach.de\/index.php?ModID=255&FID=3651.28874.1&object=tx%2C3651.6\" rel=\"bookmark\" style=\"color:#333333; font-weight:bold;\" title=\"Link zum Artikel auf dietzenbach.de\" target=\"_blank\">Internationales Frauenfest im Bildungshaus Dietzenbach<\/a><\/h2>\n <div class=\"entry\">\n  <p style=\"margin-bottom:4px;\">\n   <a href=\"https:\/\/www.dietzenbach.de\/index.php?ModID=255&FID=3651.28874.1&object=tx%2C3651.6\" target=\"_blank\"><img decoding=\"async\" src=\"\/feeds\/gfx\/dietzenbach.de.png\" style=\"align:left !important; float:left !important; margin-top:4px !important; margin-right:8px !important; margin-bottom:4px !important; width:90px !important;\" \/><\/a>   Frauen und M&auml;dchen aus unterschiedlichen Kulturen feiern gemeinsam Mit einer Begr&uuml;&szlig;ung in f&uuml;nf Sprachen begann am 28. M&auml;rz 2026 im Dietzenbacher Bildungshaus das traditionelle internationale Frauenfest anl&auml;sslich des Weltfrauentages. Rund 70 Frauen ...<br clear=\"all\" \/>  <\/p>\n  <div><span class=\"my_article_details\"><time datetime=\"2026-04-08\">08.04.2026<\/time> &middot; <a href=\"\/news\/dietzenbach-aktuell\" title=\"Dietzenbach heute aktuell\">Dietzenbach<\/a> &middot; <a href=\"\/news\/dietzenbach-nachrichten\" title=\"Dietzenbach Nachrichten\">News<\/a> &middot; <\/span><a href=\"https:\/\/www.dietzenbach.de\/index.php?ModID=255&FID=3651.28874.1&object=tx%2C3651.6\" title=\"Link zum Artikel auf dietzenbach.de\" target=\"_blank\">dietzenbach.de<\/a><\/div>\n  <b><\/b>\n <\/div>\n <\/article>\n<\/div>\n<div class=\"post\" style=\"margin-bottom:40px;\">\n <article>\n <h2><a name=\"972ba9e3\" href=\"https:\/\/www.op-online.de\/region\/dietzenbach\/inclusive-beauty-day-designerin-cansenem-boydak-zeigt-wie-man-dunkle-haut-schminkt-und-afrohaare-stylt-94251989.html\" rel=\"bookmark\" style=\"color:#333333; font-weight:bold;\" title=\"Link zum Artikel auf op-online.de\" target=\"_blank\">Inclusive Beauty Day: Designerin Cansenem Boydak zeigt, wie man dunkle Haut schminkt und Afrohaare stylt<\/a><\/h2>\n <div class=\"entry\">\n  <p style=\"margin-bottom:4px;\">\n   <a href=\"https:\/\/www.op-online.de\/region\/dietzenbach\/inclusive-beauty-day-designerin-cansenem-boydak-zeigt-wie-man-dunkle-haut-schminkt-und-afrohaare-stylt-94251989.html\" target=\"_blank\"><img decoding=\"async\" src=\"https:\/\/www.op-online.de\/assets\/images\/42\/119\/42119400-ein-pruefender-blick-beim-shooting-cansenem-boydak-mitte-bespricht-mit-fotograf-und-model-wie-man-dunkle-haut-am-besten-in-szene-setzt-D01.jpg\" style=\"align:left !important; float:left !important; margin-top:4px !important; margin-right:8px !important; margin-bottom:4px !important; width:90px !important;\" \/><\/a>   Schwarze Models m&uuml;ssen oft ihre eigene Foundation zu einem Shooting mitbringen \u2013 ein strukturelles Problem. Designerin Cansenem Boydak ruft daf&uuml;r den Inclusive Beauty Day in Frankfurt ins Leben, wo sie zeigt, worauf es beim Schminken und Stylen bei dunkler ...<br clear=\"all\" \/>  <\/p>\n  <div><span class=\"my_article_details\"><time datetime=\"2026-04-08\">08.04.2026<\/time> &middot; <a href=\"\/news\/dietzenbach-aktuell\" title=\"Dietzenbach heute aktuell\">Dietzenbach<\/a> &middot; <a href=\"\/news\/dietzenbach-nachrichten\" title=\"Dietzenbach Nachrichten\">News<\/a> &middot; <\/span><a href=\"https:\/\/www.op-online.de\/region\/dietzenbach\/inclusive-beauty-day-designerin-cansenem-boydak-zeigt-wie-man-dunkle-haut-schminkt-und-afrohaare-stylt-94251989.html\" title=\"Link zum Artikel auf op-online.de\" target=\"_blank\">op-online.de<\/a><\/div>\n  <b><\/b>\n <\/div>\n <\/article>\n<\/div>\n<div class=\"post\" style=\"margin-bottom:40px;\">\n <article>\n <h2><a name=\"1c8bcad4\" href=\"https:\/\/www.op-online.de\/hessen\/vorsicht-kein-april-scherz-in-hessen-wird-es-bis-zu-23-grad-warm-94250322.html\" rel=\"bookmark\" style=\"color:#333333; font-weight:bold;\" title=\"Link zum Artikel auf op-online.de\" target=\"_blank\">Wetter verw\u00f6hnt Menschen in Offenbach und Hanau \u2013 doch Vorsicht ist geboten<\/a><\/h2>\n <div class=\"entry\">\n  <p style=\"margin-bottom:4px;\">\n   <a href=\"https:\/\/www.op-online.de\/hessen\/vorsicht-kein-april-scherz-in-hessen-wird-es-bis-zu-23-grad-warm-94250322.html\" target=\"_blank\"><img decoding=\"async\" src=\"https:\/\/www.op-online.de\/assets\/images\/42\/118\/42118738-der-fruehling-legt-nach-ostern-in-hessen-richtig-los-tagelang-sonne-und-bis-zu-23-grad-1c01.jpg\" style=\"align:left !important; float:left !important; margin-top:4px !important; margin-right:8px !important; margin-bottom:4px !important; width:90px !important;\" \/><\/a>   Sonne, kaum Wind und Temperaturen bis 23 Grad \u2013 der Fr&uuml;hling zeigt sich in Hessen von seiner sch&ouml;nsten Seite. Doch die N&auml;chte haben es noch in sich.<br clear=\"all\" \/>  <\/p>\n  <div><span class=\"my_article_details\"><time datetime=\"2026-04-07\">07.04.2026<\/time> &middot; <a href=\"\/news\/offenbach-aktuell\" title=\"Offenbach heute aktuell\">Offenbach<\/a> &middot; Wetter &middot; <\/span><a href=\"https:\/\/www.op-online.de\/hessen\/vorsicht-kein-april-scherz-in-hessen-wird-es-bis-zu-23-grad-warm-94250322.html\" title=\"Link zum Artikel auf op-online.de\" target=\"_blank\">op-online.de<\/a><\/div>\n  <b><\/b>\n <\/div>\n <\/article>\n<\/div>\n<div class=\"post\" style=\"margin-bottom:40px;\">\n <article>\n <h2><a name=\"e0be136e\" href=\"https:\/\/www.hsg-dietzenbach.de\/2026\/04\/05\/hsg-dietzenbach-osterhandball-camp-30-03-02-04-2026\/\" rel=\"bookmark\" style=\"color:#333333; font-weight:bold;\" title=\"Link zum Artikel auf hsg-dietzenbach.de\" target=\"_blank\">HSG Dietzenbach Osterhandball-Camp 30.03.-02.04.2026<\/a><\/h2>\n <div class=\"entry\">\n  <p style=\"margin-bottom:4px;\">\n   <a href=\"https:\/\/www.hsg-dietzenbach.de\/2026\/04\/05\/hsg-dietzenbach-osterhandball-camp-30-03-02-04-2026\/\" target=\"_blank\"><img decoding=\"async\" src=\"\/feeds\/gfx\/hsg-dietzenbach.de.png\" style=\"align:left !important; float:left !important; margin-top:4px !important; margin-right:8px !important; margin-bottom:4px !important; width:90px !important;\" \/><\/a>   Voller Erfolg beim Oster-Camp der HSG Dietzenbach: 18 Kinder erobern die Sporthalle In den Osterferien stand bei der HSG Dietzenbach alles im Zeichen des Handballsports. Insgesamt 18 sportbegeisterte Kinder im Alter von 6 bis 11 Jahren nutzten die freien Tage, ...<br clear=\"all\" \/>  <\/p>\n  <div><span class=\"my_article_details\"><time datetime=\"2026-04-05\">05.04.2026<\/time> &middot; <a href=\"\/news\/dietzenbach-aktuell\" title=\"Dietzenbach heute aktuell\">Dietzenbach<\/a> &middot; <a href=\"\/news\/dietzenbach-nachrichten\" title=\"Dietzenbach Nachrichten\">News<\/a> &middot; <\/span><a href=\"https:\/\/www.hsg-dietzenbach.de\/2026\/04\/05\/hsg-dietzenbach-osterhandball-camp-30-03-02-04-2026\/\" title=\"Link zum Artikel auf hsg-dietzenbach.de\" target=\"_blank\">hsg-dietzenbach.de<\/a><\/div>\n  <b><\/b>\n <\/div>\n <\/article>\n<\/div>\n<div class=\"post\" style=\"margin-bottom:40px;\">\n <article>\n <h2><a name=\"d3bf579b\" href=\"https:\/\/of-news.de\/dietzenbach\/neuer-standort-neue-gelaender-dietzenbacher-skateranlage-ist-zurueck-167335\/\" rel=\"bookmark\" style=\"color:#333333; font-weight:bold;\" title=\"Link zum Artikel auf of-news.de\" target=\"_blank\">Neuer Standort, neue Gel\u00e4nder: Dietzenbacher Skateranlage ist zur\u00fcck<\/a><\/h2>\n <div class=\"entry\">\n  <p style=\"margin-bottom:4px;\">\n   <a href=\"https:\/\/of-news.de\/dietzenbach\/neuer-standort-neue-gelaender-dietzenbacher-skateranlage-ist-zurueck-167335\/\" target=\"_blank\"><img decoding=\"async\" src=\"\/feeds\/gfx\/of-news.de.png\" style=\"align:left !important; float:left !important; margin-top:4px !important; margin-right:8px !important; margin-bottom:4px !important; width:90px !important;\" \/><\/a>   Die Skateranlage der Kreisstadt Dietzenbach ist innerhalb des Stadtteils Steinberg an einen neuen Standort verlegt worden. Hintergrund ist die geplante Erweiterung der Kl&#xE4;ranlage, durch die die bisherigen Freizeitfl&#xE4;chen nicht mehr genutzt werden ...<br clear=\"all\" \/>  <\/p>\n  <div><span class=\"my_article_details\"><time datetime=\"2026-04-04\">04.04.2026<\/time> &middot; <a href=\"\/news\/dietzenbach-aktuell\" title=\"Dietzenbach heute aktuell\">Dietzenbach<\/a> &middot; <a href=\"\/news\/dietzenbach-nachrichten\" title=\"Dietzenbach Nachrichten\">News<\/a> &middot; <\/span><a href=\"https:\/\/of-news.de\/dietzenbach\/neuer-standort-neue-gelaender-dietzenbacher-skateranlage-ist-zurueck-167335\/\" title=\"Link zum Artikel auf of-news.de\" target=\"_blank\">of-news.de<\/a><\/div>\n  <b><\/b>\n <\/div>\n <\/article>\n<\/div>\n<div class=\"post\" style=\"margin-bottom:40px;\">\n <article>\n <h2><a name=\"4edc5d77\" href=\"https:\/\/svkwh.de\/ueberragender-saisonauftakt-mit-der-freien-pistole\/\" rel=\"bookmark\" style=\"color:#333333; font-weight:bold;\" title=\"Link zum Artikel auf svkwh.de\" target=\"_blank\">Schie\u00dfen: \u00dcberragender Saisonauftakt mit der Freien Pistole\u00a0<\/a><\/h2>\n <div class=\"entry\">\n  <p style=\"margin-bottom:4px;\">\n   <a href=\"https:\/\/svkwh.de\/ueberragender-saisonauftakt-mit-der-freien-pistole\/\" target=\"_blank\"><img decoding=\"async\" src=\"\/feeds\/gfx\/svkwh.de.png\" style=\"align:left !important; float:left !important; margin-top:4px !important; margin-right:8px !important; margin-bottom:4px !important; width:90px !important;\" \/><\/a>   Am Freitag, den 27.03., fiel der Startschuss f&uuml;r die diesj&auml;hrigen Rundenk&auml;mpfe in der Disziplin Freie Pistole. F&uuml;r unsere Mannschaft h&auml;tte der Auftakt in der Oberliga S&uuml;d kaum besser laufen k&ouml;nnen. Mit einer geschlossenen Mannschaftsleistung feierte das Team ...<br clear=\"all\" \/>  <\/p>\n  <div><span class=\"my_article_details\"><time datetime=\"2026-04-03\">03.04.2026<\/time> &middot; <a href=\"\/news\/dietzenbach-aktuell\" title=\"Dietzenbach heute aktuell\">Dietzenbach<\/a> &middot; <a href=\"\/news\/dietzenbach-nachrichten\" title=\"Dietzenbach Nachrichten\">News<\/a> &middot; <\/span><a href=\"https:\/\/svkwh.de\/ueberragender-saisonauftakt-mit-der-freien-pistole\/\" title=\"Link zum Artikel auf svkwh.de\" target=\"_blank\">svkwh.de<\/a><\/div>\n  <b><\/b>\n <\/div>\n <\/article>\n<\/div>\n<div class=\"post\" style=\"margin-bottom:40px;\">\n <article>\n <h2><a name=\"0c8ea8d7\" href=\"https:\/\/www.op-online.de\/region\/dietzenbach\/feuerwehrmuseum-in-dietzenbach-oeffnet-wieder-nach-der-winterpause-94247728.html\" rel=\"bookmark\" style=\"color:#333333; font-weight:bold;\" title=\"Link zum Artikel auf op-online.de\" target=\"_blank\">Feuerwehrmuseum in Dietzenbach \u00f6ffnet wieder nach der Winterpause<\/a><\/h2>\n <div class=\"entry\">\n  <p style=\"margin-bottom:4px;\">\n   <a href=\"https:\/\/www.op-online.de\/region\/dietzenbach\/feuerwehrmuseum-in-dietzenbach-oeffnet-wieder-nach-der-winterpause-94247728.html\" target=\"_blank\"><img decoding=\"async\" src=\"https:\/\/www.op-online.de\/assets\/images\/42\/98\/42098846-das-erste-spritzenhaus-der-feuerwehr-an-der-frankfurter-strasse-wurde-von-1908-bis-1935-genutzt-2401.jpg\" style=\"align:left !important; float:left !important; margin-top:4px !important; margin-right:8px !important; margin-bottom:4px !important; width:90px !important;\" \/><\/a>   Das Feuerwehrmuseum in Dietzenbach zeigt die bewegte Geschichte seit 1876. Die Wehr wurde sogar zweimal gegr&uuml;ndet, bevor sie dauerhaft Bestand hatte.<br clear=\"all\" \/>  <\/p>\n  <div><span class=\"my_article_details\"><time datetime=\"2026-04-03\">03.04.2026<\/time> &middot; <a href=\"\/news\/dietzenbach-aktuell\" title=\"Dietzenbach heute aktuell\">Dietzenbach<\/a> &middot; <a href=\"\/news\/braende-offenbach-am-main\" title=\"Br\u00e4nde Offenbach am Main\">Feuerwehr<\/a> &middot; <a href=\"\/news\/dietzenbach-nachrichten\" title=\"Dietzenbach Nachrichten\">News<\/a> &middot; <\/span><a href=\"https:\/\/www.op-online.de\/region\/dietzenbach\/feuerwehrmuseum-in-dietzenbach-oeffnet-wieder-nach-der-winterpause-94247728.html\" title=\"Link zum Artikel auf op-online.de\" target=\"_blank\">op-online.de<\/a><\/div>\n  <b><\/b>\n <\/div>\n <\/article>\n<\/div>\n<div class=\"post\" style=\"margin-bottom:40px;\">\n <article>\n <h2><a name=\"f88ec6e3\" href=\"https:\/\/www.op-online.de\/region\/dietzenbach\/razzia-gegen-mutmassliche-einbruchs-bande-schwerpunkt-dietzenbach-94247766.html\" rel=\"bookmark\" style=\"color:#333333; font-weight:bold;\" title=\"Link zum Artikel auf op-online.de\" target=\"_blank\">Razzia gegen mutma\u00dfliche Einbruchs-Bande \u2013 Schwerpunkt Dietzenbach<\/a><\/h2>\n <div class=\"entry\">\n  <p style=\"margin-bottom:4px;\">\n   <a href=\"https:\/\/www.op-online.de\/region\/dietzenbach\/razzia-gegen-mutmassliche-einbruchs-bande-schwerpunkt-dietzenbach-94247766.html\" target=\"_blank\"><img decoding=\"async\" src=\"https:\/\/www.op-online.de\/assets\/images\/42\/101\/42101598-razzia-gegen-mutmassliche-einbruchs-bande-schwerpunkt-dietzenbach-1r01.jpg\" style=\"align:left !important; float:left !important; margin-top:4px !important; margin-right:8px !important; margin-bottom:4px !important; width:90px !important;\" \/><\/a>   Im Kreis Offenbach werden mehrere Wohnungen durchsucht. Eine Bande soll unter anderem mithilfe von Gullydeckeln mehrfach eingebrochen sein.<br clear=\"all\" \/>  <\/p>\n  <div><span class=\"my_article_details\"><time datetime=\"2026-04-02\">02.04.2026<\/time> &middot; <a href=\"\/news\/dietzenbach-aktuell\" title=\"Dietzenbach heute aktuell\">Dietzenbach<\/a> &middot; <a href=\"\/news\/einbrueche-offenbach-am-main\" title=\"Einbr\u00fcche Offenbach am Main\">Einbruch<\/a> &middot; <a href=\"\/news\/dietzenbach-nachrichten\" title=\"Dietzenbach Nachrichten\">News<\/a> &middot; <\/span><a href=\"https:\/\/www.op-online.de\/region\/dietzenbach\/razzia-gegen-mutmassliche-einbruchs-bande-schwerpunkt-dietzenbach-94247766.html\" title=\"Link zum Artikel auf op-online.de\" target=\"_blank\">op-online.de<\/a><\/div>\n  <b><\/b>\n <\/div>\n <\/article>\n<\/div>\n<div class=\"post\" style=\"margin-bottom:40px;\">\n <article>\n <h2><a name=\"f071df8d\" href=\"https:\/\/www.dietzenbach.de\/index.php?ModID=255&FID=3651.28895.1&object=tx%2C3651.6\" rel=\"bookmark\" style=\"color:#333333; font-weight:bold;\" title=\"Link zum Artikel auf dietzenbach.de\" target=\"_blank\">Info: Erneuter Start des Forschungsprojekts GeoProH<\/a><\/h2>\n <div class=\"entry\">\n  <p style=\"margin-bottom:4px;\">\n   <a href=\"https:\/\/www.dietzenbach.de\/index.php?ModID=255&FID=3651.28895.1&object=tx%2C3651.6\" target=\"_blank\"><img decoding=\"async\" src=\"\/feeds\/gfx\/dietzenbach.de.png\" style=\"align:left !important; float:left !important; margin-top:4px !important; margin-right:8px !important; margin-bottom:4px !important; width:90px !important;\" \/><\/a>   Messfl&uuml;ge ab dem 6. April 2026 in Hessen Am 15. Dezember 2025 wurde in Hessen ein wichtiges Forschungsprojekt, das f&uuml;r die zuk&uuml;nftige Energieversorgung in unserer Region von gro&szlig;er Bedeutung ist, gestartet. Das Projekt ...<br clear=\"all\" \/>  <\/p>\n  <div><span class=\"my_article_details\"><time datetime=\"2026-04-02\">02.04.2026<\/time> &middot; <a href=\"\/news\/dietzenbach-aktuell\" title=\"Dietzenbach heute aktuell\">Dietzenbach<\/a> &middot; <a href=\"\/news\/dietzenbach-nachrichten\" title=\"Dietzenbach Nachrichten\">News<\/a> &middot; <\/span><a href=\"https:\/\/www.dietzenbach.de\/index.php?ModID=255&FID=3651.28895.1&object=tx%2C3651.6\" title=\"Link zum Artikel auf dietzenbach.de\" target=\"_blank\">dietzenbach.de<\/a><\/div>\n  <b><\/b>\n <\/div>\n <\/article>\n<\/div>\n<div class=\"post\" style=\"margin-bottom:40px;\">\n <article>\n <h2><a name=\"901a83b4\" href=\"https:\/\/tg-dietzenbach.com\/2026\/04\/02\/tennis-19-tg-dietzenbach-jugend-cup\/\" rel=\"bookmark\" style=\"color:#333333; font-weight:bold;\" title=\"Link zum Artikel auf tgd-sport.de\" target=\"_blank\">Sport: Tennis \u2013 19. TG Dietzenbach Jugend-Cup<\/a><\/h2>\n <div class=\"entry\">\n  <p style=\"margin-bottom:4px;\">\n   <a href=\"https:\/\/tg-dietzenbach.com\/2026\/04\/02\/tennis-19-tg-dietzenbach-jugend-cup\/\" target=\"_blank\"><img decoding=\"async\" src=\"\/feeds\/gfx\/tgd-sport.de.png\" style=\"align:left !important; float:left !important; margin-top:4px !important; margin-right:8px !important; margin-bottom:4px !important; width:90px !important;\" \/><\/a>   ...<br clear=\"all\" \/>  <\/p>\n  <div><span class=\"my_article_details\"><time datetime=\"2026-04-02\">02.04.2026<\/time> &middot; <a href=\"\/news\/dietzenbach-aktuell\" title=\"Dietzenbach heute aktuell\">Dietzenbach<\/a> &middot; <a href=\"\/news\/dietzenbach-nachrichten\" title=\"Dietzenbach Nachrichten\">News<\/a> &middot; <\/span><a href=\"https:\/\/tg-dietzenbach.com\/2026\/04\/02\/tennis-19-tg-dietzenbach-jugend-cup\/\" title=\"Link zum Artikel auf tgd-sport.de\" target=\"_blank\">tgd-sport.de<\/a><\/div>\n  <b><\/b>\n <\/div>\n <\/article>\n<\/div>\n<div class=\"post\" style=\"margin-bottom:40px;\">\n <article>\n <h2><a name=\"91af18af\" href=\"https:\/\/www.dietzenbach.de\/index.php?ModID=255&FID=3651.28851.1&object=tx%2C3651.6\" rel=\"bookmark\" style=\"color:#333333; font-weight:bold;\" title=\"Link zum Artikel auf dietzenbach.de\" target=\"_blank\">Skateranlage in Dietzenbach an neuem Standort er\u00f6ffnet<\/a><\/h2>\n <div class=\"entry\">\n  <p style=\"margin-bottom:4px;\">\n   <a href=\"https:\/\/www.dietzenbach.de\/index.php?ModID=255&FID=3651.28851.1&object=tx%2C3651.6\" target=\"_blank\"><img decoding=\"async\" src=\"\/feeds\/gfx\/dietzenbach.de.png\" style=\"align:left !important; float:left !important; margin-top:4px !important; margin-right:8px !important; margin-bottom:4px !important; width:90px !important;\" \/><\/a>   Sportlicher Treffpunkt f&uuml;r alle Interessierten Neue Heimat auf der Rollsportanlage Limesstra&szlig;e gefunden: Die beliebte Skateranlage der Kreisstadt Dietzenbach ist innerhalb des Ortsteils Steinberg umgezogen und hat einen neuen Standort erhalten. ...<br clear=\"all\" \/>  <\/p>\n  <div><span class=\"my_article_details\"><time datetime=\"2026-04-02\">02.04.2026<\/time> &middot; <a href=\"\/news\/dietzenbach-aktuell\" title=\"Dietzenbach heute aktuell\">Dietzenbach<\/a> &middot; <a href=\"\/news\/dietzenbach-nachrichten\" title=\"Dietzenbach Nachrichten\">News<\/a> &middot; <\/span><a href=\"https:\/\/www.dietzenbach.de\/index.php?ModID=255&FID=3651.28851.1&object=tx%2C3651.6\" title=\"Link zum Artikel auf dietzenbach.de\" target=\"_blank\">dietzenbach.de<\/a><\/div>\n  <b><\/b>\n <\/div>\n <\/article>\n<\/div>\n<div class=\"post\" style=\"margin-bottom:40px;\">\n <article>\n <h2><a name=\"800bfb12\" href=\"https:\/\/www.dietzenbach.de\/index.php?ModID=255&FID=3651.28850.1&object=tx%2C3651.6\" rel=\"bookmark\" style=\"color:#333333; font-weight:bold;\" title=\"Link zum Artikel auf dietzenbach.de\" target=\"_blank\">Abdelkarim mit Plan Z jetzt will er s wissen! in Dietzenbach<\/a><\/h2>\n <div class=\"entry\">\n  <p style=\"margin-bottom:4px;\">\n   <a href=\"https:\/\/www.dietzenbach.de\/index.php?ModID=255&FID=3651.28850.1&object=tx%2C3651.6\" target=\"_blank\"><img decoding=\"async\" src=\"\/feeds\/gfx\/dietzenbach.de.png\" style=\"align:left !important; float:left !important; margin-top:4px !important; margin-right:8px !important; margin-bottom:4px !important; width:90px !important;\" \/><\/a>   24. April 2026: Das neue Soloprogramm des Comedians im Capitol Am Freitag, 24. April 2026, ist der Comedian und Kabarettist Abdelkarim mit seinem aktuellen Soloprogramm &bdquo;Plan Z &ndash; jetzt will er&rsquo;s wissen!&ldquo; ...<br clear=\"all\" \/>  <\/p>\n  <div><span class=\"my_article_details\"><time datetime=\"2026-04-02\">02.04.2026<\/time> &middot; <a href=\"\/news\/dietzenbach-aktuell\" title=\"Dietzenbach heute aktuell\">Dietzenbach<\/a> &middot; <a href=\"\/news\/dietzenbach-nachrichten\" title=\"Dietzenbach Nachrichten\">News<\/a> &middot; <\/span><a href=\"https:\/\/www.dietzenbach.de\/index.php?ModID=255&FID=3651.28850.1&object=tx%2C3651.6\" title=\"Link zum Artikel auf dietzenbach.de\" target=\"_blank\">dietzenbach.de<\/a><\/div>\n  <b><\/b>\n <\/div>\n <\/article>\n<\/div>\n<div class=\"post\" style=\"margin-bottom:40px;\">\n <article>\n <h2><a name=\"20b9e1c4\" href=\"https:\/\/www.dietzenbach.de\/index.php?ModID=255&FID=3651.28849.1&object=tx%2C3651.6\" rel=\"bookmark\" style=\"color:#333333; font-weight:bold;\" title=\"Link zum Artikel auf dietzenbach.de\" target=\"_blank\">Dietzenbach: Wert- und Altstoffannahme am 15. April geschlossen<\/a><\/h2>\n <div class=\"entry\">\n  <p style=\"margin-bottom:4px;\">\n   <a href=\"https:\/\/www.dietzenbach.de\/index.php?ModID=255&FID=3651.28849.1&object=tx%2C3651.6\" target=\"_blank\"><img decoding=\"async\" src=\"\/feeds\/gfx\/dietzenbach.de.png\" style=\"align:left !important; float:left !important; margin-top:4px !important; margin-right:8px !important; margin-bottom:4px !important; width:90px !important;\" \/><\/a>   Ab 16. April wieder wie gewohnt erreichbar Die Wert- und Altstoffannahme der St&auml;dtischen Betriebe Dietzenbach bleibt am Mittwoch, 15. April 2026, aufgrund einer internen Mitarbeiterschulung ganzt&auml;gig geschlossen. Ab Donnerstag, 16. April, steht ...<br clear=\"all\" \/>  <\/p>\n  <div><span class=\"my_article_details\"><time datetime=\"2026-04-02\">02.04.2026<\/time> &middot; <a href=\"\/news\/dietzenbach-aktuell\" title=\"Dietzenbach heute aktuell\">Dietzenbach<\/a> &middot; <a href=\"\/news\/dietzenbach-nachrichten\" title=\"Dietzenbach Nachrichten\">News<\/a> &middot; <\/span><a href=\"https:\/\/www.dietzenbach.de\/index.php?ModID=255&FID=3651.28849.1&object=tx%2C3651.6\" title=\"Link zum Artikel auf dietzenbach.de\" target=\"_blank\">dietzenbach.de<\/a><\/div>\n  <b><\/b>\n <\/div>\n <\/article>\n<\/div>\n<div class=\"post\" style=\"margin-bottom:40px;\">\n <article>\n <h2><a name=\"cd9c8f06\" href=\"https:\/\/www.op-online.de\/region\/neu-isenburg\/flughafen-frankfurt-terminal-3-eroeffnung-gastronom-andreas-hebeis-neu-isenburg-gaeste-party-94246326.html\" rel=\"bookmark\" style=\"color:#333333; font-weight:bold;\" title=\"Link zum Artikel auf op-online.de\" target=\"_blank\">Gastronom Andreas Hebeis liefert alles f\u00fcr die Terminal-3-Party \u2013 &quot;Ben\u00f6tigen mehr Strom als die Landebahn&quot;<\/a><\/h2>\n <div class=\"entry\">\n  <p style=\"margin-bottom:4px;\">\n   <a href=\"https:\/\/www.op-online.de\/region\/neu-isenburg\/flughafen-frankfurt-terminal-3-eroeffnung-gastronom-andreas-hebeis-neu-isenburg-gaeste-party-94246326.html\" target=\"_blank\"><img decoding=\"async\" src=\"https:\/\/www.op-online.de\/assets\/images\/42\/75\/42075219-andreas-hebeis-ist-veranstaltungsprofi-und-weiss-wie-sich-gaeste-wohlfuehlen-dafuer-sorgt-er-auch-bei-dem-grossen-fraport-event-zur-terminal-G01.jpg\" style=\"align:left !important; float:left !important; margin-top:4px !important; margin-right:8px !important; margin-bottom:4px !important; width:90px !important;\" \/><\/a>   Der Neu-Isenburger Gastronom Andreas Hebeis organisiert die Gastronomie f&uuml;r das Er&ouml;ffnungswochenende des Terminal 3 am Flughafen Frankfurt. Zw&ouml;lf Food-Trucks und 18.000 Tassen Kaffee sind geplant.<br clear=\"all\" \/>  <\/p>\n  <div><span class=\"my_article_details\"><time datetime=\"2026-04-02\">02.04.2026<\/time> &middot; <a href=\"\/news\/fluglaerm-offenbach-am-main\" title=\"Flugl\u00e4rm Offenbach am Main\">Flughafen<\/a> &middot; Frankfurt &middot; <\/span><a href=\"https:\/\/www.op-online.de\/region\/neu-isenburg\/flughafen-frankfurt-terminal-3-eroeffnung-gastronom-andreas-hebeis-neu-isenburg-gaeste-party-94246326.html\" title=\"Link zum Artikel auf op-online.de\" target=\"_blank\">op-online.de<\/a><\/div>\n  <b><\/b>\n <\/div>\n <\/article>\n<\/div>\n<div class=\"post\" style=\"margin-bottom:40px;\">\n <article>\n <h2><a name=\"a5856ffb\" href=\"https:\/\/www.op-online.de\/region\/dietzenbach\/zwei-maenner-brechen-in-mehrere-wohnungen-ein-und-erbeuten-schmuck-94245893.html\" rel=\"bookmark\" style=\"color:#333333; font-weight:bold;\" title=\"Link zum Artikel auf op-online.de\" target=\"_blank\">Polizei vermutet Serient\u00e4ter in Dietzenbach: M\u00e4nner brechen in mehrere Wohnungen ein<\/a><\/h2>\n <div class=\"entry\">\n  <p style=\"margin-bottom:4px;\">\n   <a href=\"https:\/\/www.op-online.de\/region\/dietzenbach\/zwei-maenner-brechen-in-mehrere-wohnungen-ein-und-erbeuten-schmuck-94245893.html\" target=\"_blank\"><img decoding=\"async\" src=\"https:\/\/www.op-online.de\/assets\/images\/36\/760\/36760174-archiv-28-08-2020-baden-wuerttemberg-freiburg-ein-mann-mimt-einen-einbrecher-und-benutzt-ein-brecheisen-um-eine-gekippte-terrassentuer-aufzuhebeln-die-g01.jpg\" style=\"align:left !important; float:left !important; margin-top:4px !important; margin-right:8px !important; margin-bottom:4px !important; width:90px !important;\" \/><\/a>   Die Polizei sucht nach den T&auml;tern der Einbr&uuml;che in Dietzenbach. Beide M&auml;nner sind etwa 1,70 Meter gro&szlig; und dunkel gekleidet.<br clear=\"all\" \/>  <\/p>\n  <div><span class=\"my_article_details\"><time datetime=\"2026-04-02\">02.04.2026<\/time> &middot; <a href=\"\/news\/dietzenbach-aktuell\" title=\"Dietzenbach heute aktuell\">Dietzenbach<\/a> &middot; <a href=\"\/news\/dietzenbach-nachrichten\" title=\"Dietzenbach Nachrichten\">News<\/a> &middot; <a href=\"\/news\/dietzenbach-polizeimeldungen\" title=\"Polizeieins\u00e4tze Dietzenbach\">Polizei<\/a> &middot; <\/span><a href=\"https:\/\/www.op-online.de\/region\/dietzenbach\/zwei-maenner-brechen-in-mehrere-wohnungen-ein-und-erbeuten-schmuck-94245893.html\" title=\"Link zum Artikel auf op-online.de\" target=\"_blank\">op-online.de<\/a><\/div>\n  <b><\/b>\n <\/div>\n <\/article>\n<\/div>\n<div class=\"post\" style=\"margin-bottom:40px;\">\n <article>\n <h2><a name=\"e39eb2a3\" href=\"https:\/\/www.dietzenbach.de\/index.php?ModID=255&FID=3651.28846.1&object=tx%2C3651.6\" rel=\"bookmark\" style=\"color:#333333; font-weight:bold;\" title=\"Link zum Artikel auf dietzenbach.de\" target=\"_blank\">Dietzenbach: Gr\u00fcnabf\u00e4lle werden abgeholt<\/a><\/h2>\n <div class=\"entry\">\n  <p style=\"margin-bottom:4px;\">\n   <a href=\"https:\/\/www.dietzenbach.de\/index.php?ModID=255&FID=3651.28846.1&object=tx%2C3651.6\" target=\"_blank\"><img decoding=\"async\" src=\"\/feeds\/gfx\/dietzenbach.de.png\" style=\"align:left !important; float:left !important; margin-top:4px !important; margin-right:8px !important; margin-bottom:4px !important; width:90px !important;\" \/><\/a>   Termine f&uuml;r April stehen fest - So funktioniert die Stra&szlig;ensammlung reibungslos Mit den steigenden Temperaturen beginnt in Dietzenbach die Gartensaison. Viele B&uuml;rgerinnen und B&uuml;rger nutzen die Zeit, um ihre G&auml;rten und Gr&uuml;nfl&auml;chen ...<br clear=\"all\" \/>  <\/p>\n  <div><span class=\"my_article_details\"><time datetime=\"2026-04-01\">01.04.2026<\/time> &middot; <a href=\"\/news\/dietzenbach-aktuell\" title=\"Dietzenbach heute aktuell\">Dietzenbach<\/a> &middot; <a href=\"\/news\/dietzenbach-nachrichten\" title=\"Dietzenbach Nachrichten\">News<\/a> &middot; <\/span><a href=\"https:\/\/www.dietzenbach.de\/index.php?ModID=255&FID=3651.28846.1&object=tx%2C3651.6\" title=\"Link zum Artikel auf dietzenbach.de\" target=\"_blank\">dietzenbach.de<\/a><\/div>\n  <b><\/b>\n <\/div>\n <\/article>\n<\/div>\n<div class=\"post\" style=\"margin-bottom:40px;\">\n <article>\n <h2><a name=\"5c6d8b18\" href=\"https:\/\/www.faz.net\/aktuell\/rhein-main\/region-und-hessen\/eine-tote-bei-kollision-von-auto-und-bus-bei-dietzenbach-accg-200692953.html\" rel=\"bookmark\" style=\"color:#333333; font-weight:bold;\" title=\"Link zum Artikel auf faz.net\" target=\"_blank\">Auto kollidiert mit Linienbus<\/a><\/h2>\n <div class=\"entry\">\n  <p style=\"margin-bottom:4px;\">\n   <a href=\"https:\/\/www.faz.net\/aktuell\/rhein-main\/region-und-hessen\/eine-tote-bei-kollision-von-auto-und-bus-bei-dietzenbach-accg-200692953.html\" target=\"_blank\"><img decoding=\"async\" src=\"\/feeds\/gfx\/faz.net.png\" style=\"align:left !important; float:left !important; margin-top:4px !important; margin-right:8px !important; margin-bottom:4px !important; width:90px !important;\" \/><\/a>   Auf der B459 bei Dietzenbach ist ein Auto mit einem Linienbus zusammengesto&szlig;en. Eine Insassin des Busses ist bei dem Unfall ums Leben gekommen.<br clear=\"all\" \/>  <\/p>\n  <div><span class=\"my_article_details\"><time datetime=\"2026-04-01\">01.04.2026<\/time> &middot; <a href=\"\/news\/dietzenbach-aktuell\" title=\"Dietzenbach heute aktuell\">Dietzenbach<\/a> &middot; <a href=\"\/news\/dietzenbach-nachrichten\" title=\"Dietzenbach Nachrichten\">News<\/a> &middot; <a href=\"\/news\/unfaelle-offenbach-am-main\" title=\"Unf\u00e4lle Offenbach am Main\">Unfall<\/a> &middot; <\/span><a href=\"https:\/\/www.faz.net\/aktuell\/rhein-main\/region-und-hessen\/eine-tote-bei-kollision-von-auto-und-bus-bei-dietzenbach-accg-200692953.html\" title=\"Link zum Artikel auf faz.net\" target=\"_blank\">faz.net<\/a><\/div>\n  <b><\/b>\n <\/div>\n <\/article>\n<\/div>\n<div class=\"post\" style=\"margin-bottom:40px;\">\n <article>\n <h2><a name=\"b33b34f2\" href=\"https:\/\/www.op-online.de\/region\/dietzenbach\/auto-und-linienbus-krachen-auf-bundesstrasse-zusammen-die-fotos-des-einsatzes-zr-94244889.html\" rel=\"bookmark\" style=\"color:#333333; font-weight:bold;\" title=\"Link zum Artikel auf op-online.de\" target=\"_blank\">Auto und Linienbus krachen auf Bundesstra\u00dfe zusammen \u2013 die Fotos des Einsatzes<\/a><\/h2>\n <div class=\"entry\">\n  <p style=\"margin-bottom:4px;\">\n   <a href=\"https:\/\/www.op-online.de\/region\/dietzenbach\/auto-und-linienbus-krachen-auf-bundesstrasse-zusammen-die-fotos-des-einsatzes-zr-94244889.html\" target=\"_blank\"><img decoding=\"async\" src=\"https:\/\/www.op-online.de\/assets\/images\/42\/81\/42081227-auf-der-b459-zwischen-gravenbruch-und-dietzenbach-geht-am-mittwochmorgen-nichts-mehr-ein-auto-kollidierte-mit-einem-linienbus-die-bundesstrasse-ist-in-1801.jpg\" style=\"align:left !important; float:left !important; margin-top:4px !important; margin-right:8px !important; margin-bottom:4px !important; width:90px !important;\" \/><\/a>   Auf der B459 zwischen Gravenbruch und Dietzenbach kollidiert ein Auto mit einem Linienbus. Die Bundesstra&szlig;e ist in beide Richtungen gesperrt. Mehrere Personen werden verletzt, eine Frau erlag noch vor Ort ihren Verletzungen.<br clear=\"all\" \/>  <\/p>\n  <div><span class=\"my_article_details\"><time datetime=\"2026-04-01\">01.04.2026<\/time> &middot; <a href=\"\/news\/dietzenbach-aktuell\" title=\"Dietzenbach heute aktuell\">Dietzenbach<\/a> &middot; <a href=\"\/news\/dietzenbach-nachrichten\" title=\"Dietzenbach Nachrichten\">News<\/a> &middot; <\/span><a href=\"https:\/\/www.op-online.de\/region\/dietzenbach\/auto-und-linienbus-krachen-auf-bundesstrasse-zusammen-die-fotos-des-einsatzes-zr-94244889.html\" title=\"Link zum Artikel auf op-online.de\" target=\"_blank\">op-online.de<\/a><\/div>\n  <b><\/b>\n <\/div>\n <\/article>\n<\/div>\n<div class=\"post\" style=\"margin-bottom:40px;\">\n <article>\n <h2><a name=\"83cfe296\" href=\"https:\/\/www.op-online.de\/region\/dietzenbach\/waermer-nach-beschwerden-das-wasser-im-dietzenbacher-waldschwimmbad-wird-wieder-94244372.html\" rel=\"bookmark\" style=\"color:#333333; font-weight:bold;\" title=\"Link zum Artikel auf op-online.de\" target=\"_blank\">Nach Beschwerden: Das Wasser im Dietzenbacher Waldschwimmbad wird wieder w\u00e4rmer<\/a><\/h2>\n <div class=\"entry\">\n  <p style=\"margin-bottom:4px;\">\n   <a href=\"https:\/\/www.op-online.de\/region\/dietzenbach\/waermer-nach-beschwerden-das-wasser-im-dietzenbacher-waldschwimmbad-wird-wieder-94244372.html\" target=\"_blank\"><img decoding=\"async\" src=\"https:\/\/www.op-online.de\/assets\/images\/39\/430\/39430996-bdi-schaumparty-schwimmbad-dietzenbach-jpg-foto-burghard-wittekopf-2901.jpg\" style=\"align:left !important; float:left !important; margin-top:4px !important; margin-right:8px !important; margin-bottom:4px !important; width:90px !important;\" \/><\/a>   Die Badesaison im Waldschwimmbad startet am 14. Mai. Badeg&auml;ste hatten sich &uuml;ber zu kaltes Wasser beschwert. Nun reagiert die Stadt und erh&ouml;ht die Temperatur.<br clear=\"all\" \/>  <\/p>\n  <div><span class=\"my_article_details\"><time datetime=\"2026-04-01\">01.04.2026<\/time> &middot; <a href=\"\/news\/dietzenbach-aktuell\" title=\"Dietzenbach heute aktuell\">Dietzenbach<\/a> &middot; <a href=\"\/news\/dietzenbach-nachrichten\" title=\"Dietzenbach Nachrichten\">News<\/a> &middot; <\/span><a href=\"https:\/\/www.op-online.de\/region\/dietzenbach\/waermer-nach-beschwerden-das-wasser-im-dietzenbacher-waldschwimmbad-wird-wieder-94244372.html\" title=\"Link zum Artikel auf op-online.de\" target=\"_blank\">op-online.de<\/a><\/div>\n  <b><\/b>\n <\/div>\n <\/article>\n<\/div>\n<div class=\"post\" style=\"margin-bottom:40px;\">\n <article>\n <h2><a name=\"88c97ca8\" href=\"https:\/\/www.verbraucherzentrale-hessen.de\/node\/118834\" rel=\"bookmark\" style=\"color:#333333; font-weight:bold;\" title=\"Link zum Artikel auf verbraucherzentrale-hessen.de\" target=\"_blank\">Verbraucherzentrale: Eier und Fisch an Ostern<\/a><\/h2>\n <div class=\"entry\">\n  <p style=\"margin-bottom:4px;\">\n   <a href=\"https:\/\/www.verbraucherzentrale-hessen.de\/node\/118834\" target=\"_blank\"><img decoding=\"async\" src=\"\/feeds\/gfx\/verbraucherzentrale-hessen.de.png\" style=\"align:left !important; float:left !important; margin-top:4px !important; margin-right:8px !important; margin-bottom:4px !important; width:90px !important;\" \/><\/a>   Verbraucherzentrale Hessen gibt Tipps f&uuml;r restelosen Genuss<br clear=\"all\" \/>  <\/p>\n  <div><span class=\"my_article_details\"><time datetime=\"2026-04-01\">01.04.2026<\/time> &middot; Hessen &middot; <\/span><a href=\"https:\/\/www.verbraucherzentrale-hessen.de\/node\/118834\" title=\"Link zum Artikel auf verbraucherzentrale-hessen.de\" target=\"_blank\">verbraucherzentrale-hessen.de<\/a><\/div>\n  <b><\/b>\n <\/div>\n <\/article>\n<\/div>\n<div class=\"post\" style=\"margin-bottom:40px;\">\n <article>\n <h2><a name=\"3fe4157e\" href=\"https:\/\/of-news.de\/heusenstamm\/einbrecher-stehlen-schmuck-im-wert-von-40-000-euro-aus-haus-in-heusenstamm-167298\/\" rel=\"bookmark\" style=\"color:#333333; font-weight:bold;\" title=\"Link zum Artikel auf of-news.de\" target=\"_blank\">Einbrecher stehlen Schmuck im Wert von 40.000 Euro aus Haus in Heusenstamm<\/a><\/h2>\n <div class=\"entry\">\n  <p style=\"margin-bottom:4px;\">\n   <a href=\"https:\/\/of-news.de\/heusenstamm\/einbrecher-stehlen-schmuck-im-wert-von-40-000-euro-aus-haus-in-heusenstamm-167298\/\" target=\"_blank\"><img decoding=\"async\" src=\"\/feeds\/gfx\/of-news.de.png\" style=\"align:left !important; float:left !important; margin-top:4px !important; margin-right:8px !important; margin-bottom:4px !important; width:90px !important;\" \/><\/a>   Zwei bislang unbekannte M&#xE4;nner sind am Mittwochmittag in ein Wohnhaus in der Anton-Hermann-Stra&#xDF;e (10er-Hausnummern) eingebrochen und haben hochwertigen Schmuck erbeutet. Nach dem bisherigen Stand der Ermittlungen hatte der Bewohner das Haus gegen ...<br clear=\"all\" \/>  <\/p>\n  <div><span class=\"my_article_details\"><time datetime=\"2026-03-31\">31.03.2026<\/time> &middot; <a href=\"\/news\/offenbach-aktuell\" title=\"Offenbach heute aktuell\">Offenbach<\/a> &middot; <a href=\"\/news\/dietzenbach-polizeimeldungen\" title=\"Polizeieins\u00e4tze Dietzenbach\">Polizei<\/a> &middot; Umgebung &middot; <\/span><a href=\"https:\/\/of-news.de\/heusenstamm\/einbrecher-stehlen-schmuck-im-wert-von-40-000-euro-aus-haus-in-heusenstamm-167298\/\" title=\"Link zum Artikel auf of-news.de\" target=\"_blank\">of-news.de<\/a><\/div>\n  <b><\/b>\n <\/div>\n <\/article>\n<\/div>\n<div class=\"post\" style=\"margin-bottom:40px;\">\n <article>\n <h2><a name=\"22af7dd4\" href=\"https:\/\/www.op-online.de\/region\/dietzenbach\/verwirrung-um-angebliche-google-foerderung-fuer-gemeinnuetzige-projekte-in-dietzenbach-94243156.html\" rel=\"bookmark\" style=\"color:#333333; font-weight:bold;\" title=\"Link zum Artikel auf op-online.de\" target=\"_blank\">Verwirrung um angebliche Google-F\u00f6rderung f\u00fcr gemeinn\u00fctzige Projekte in Dietzenbach<\/a><\/h2>\n <div class=\"entry\">\n  <p style=\"margin-bottom:4px;\">\n   <a href=\"https:\/\/www.op-online.de\/region\/dietzenbach\/verwirrung-um-angebliche-google-foerderung-fuer-gemeinnuetzige-projekte-in-dietzenbach-94243156.html\" target=\"_blank\"><img decoding=\"async\" src=\"https:\/\/www.op-online.de\/assets\/images\/40\/440\/40440950-dietzenbach-bdi-google-rechenzentrum-quelle-google-Q01.jpg\" style=\"align:left !important; float:left !important; margin-top:4px !important; margin-right:8px !important; margin-bottom:4px !important; width:90px !important;\" \/><\/a>   Der Tech-Gigant Google plant nach Aussagen des Dietzenbacher B&uuml;rgermeisters Dieter Lang (SPD), weitere gemeinn&uuml;tzige Projekte in der Kreisstadt mit 300.000 Euro zu f&ouml;rdern. Beim US-Konzern wei&szlig; man davon aber offenbar nichts.<br clear=\"all\" \/>  <\/p>\n  <div><span class=\"my_article_details\"><time datetime=\"2026-03-31\">31.03.2026<\/time> &middot; <a href=\"\/news\/dietzenbach-aktuell\" title=\"Dietzenbach heute aktuell\">Dietzenbach<\/a> &middot; <a href=\"\/news\/dietzenbach-nachrichten\" title=\"Dietzenbach Nachrichten\">News<\/a> &middot; <\/span><a href=\"https:\/\/www.op-online.de\/region\/dietzenbach\/verwirrung-um-angebliche-google-foerderung-fuer-gemeinnuetzige-projekte-in-dietzenbach-94243156.html\" title=\"Link zum Artikel auf op-online.de\" target=\"_blank\">op-online.de<\/a><\/div>\n  <b><\/b>\n <\/div>\n <\/article>\n<\/div>\n<br \/><div style=\"margin-top:15px; margin-bottom:15px; padding:10px; text-align:left; word-wrap:break-word;\"><a name=\"umgebung\"><\/a><h2 style=\"margin:0px; margin-bottom:20px;\">Nachrichten aus dem Kreis Offenbach<\/h2><div class=\"post\"><article><div class=\"entry\"><p>Falls dich eher die an&shy;de&shy;ren St\u00e4dte des Kreis Offenbach interes&shy;sie&shy;ren, gelangst du mit Hilfe der folgenden Links jeweils direkt zu deren aktuell&shy;sten Nach&shy;rich&shy;ten.<\/p><ul><li><a href=\"\/news\/dreieich-nachrichten\">Dreieich Nachrichten<\/a><\/li><li><a href=\"\/news\/egelsbach-nachrichten\">Egelsbach Nachrichten<\/a><\/li><li><a href=\"\/news\/hainburg-nachrichten\">Hainburg Nachrichten<\/a><\/li><li><a href=\"\/news\/heusenstamm-nachrichten\">Heusenstamm Nachrichten<\/a><\/li><li><a href=\"\/news\/langen-nachrichten\">Langen Nachrichten<\/a><\/li><li><a href=\"\/news\/mainhausen-nachrichten\">Mainhausen Nachrichten<\/a><\/li><li><a href=\"\/news\/muehlheim-nachrichten\">M\u00fchlheim Nachrichten<\/a><\/li><li><a href=\"\/news\/neu-isenburg-nachrichten\">Neu-Isenburg Nachrichten<\/a><\/li><li><a href=\"\/news\/obertshausen-nachrichten\">Obertshausen Nachrichten<\/a><\/li><li><a href=\"\/news\/offenbach-nachrichten\">Offenbach Nachrichten<\/a><\/li><li><a href=\"\/news\/rodgau-nachrichten\">Rodgau Nachrichten<\/a><\/li><li><a href=\"\/news\/roedermark-nachrichten\">R\u00f6dermark Nachrichten<\/a><\/li><li><a href=\"\/news\/seligenstadt-nachrichten\">Seligenstadt Nachrichten<\/a><\/li><\/ul><p>Ansonsten lies doch einfach in unserem <a href=\"\/news\/blog\" title=\"Heusenstamm Blog\">Blog<\/a> weiter! Dort findest du weitere Informationen mit regionalem Fokus.<\/p><\/div><\/article><\/div><\/div>\n\n","protected":false},"excerpt":{"rendered":"","protected":false},"author":4,"featured_media":11527,"parent":0,"menu_order":31,"comment_status":"closed","ping_status":"closed","template":"","meta":{"footnotes":""},"categories":[479],"tags":[311,498,152,461,506,469,470],"class_list":["post-4861","page","type-page","status-publish","has-post-thumbnail","hentry","category-nachrichten","tag-dietzenbach","tag-kreis-offenbach","tag-nachrichten","tag-news","tag-of","tag-presse","tag-regional"],"_links":{"self":[{"href":"https:\/\/www.heusenstaemmchen.de\/news\/wp-json\/wp\/v2\/pages\/4861","targetHints":{"allow":["GET"]}}],"collection":[{"href":"https:\/\/www.heusenstaemmchen.de\/news\/wp-json\/wp\/v2\/pages"}],"about":[{"href":"https:\/\/www.heusenstaemmchen.de\/news\/wp-json\/wp\/v2\/types\/page"}],"author":[{"embeddable":true,"href":"https:\/\/www.heusenstaemmchen.de\/news\/wp-json\/wp\/v2\/users\/4"}],"replies":[{"embeddable":true,"href":"https:\/\/www.heusenstaemmchen.de\/news\/wp-json\/wp\/v2\/comments?post=4861"}],"version-history":[{"count":3,"href":"https:\/\/www.heusenstaemmchen.de\/news\/wp-json\/wp\/v2\/pages\/4861\/revisions"}],"predecessor-version":[{"id":13713,"href":"https:\/\/www.heusenstaemmchen.de\/news\/wp-json\/wp\/v2\/pages\/4861\/revisions\/13713"}],"wp:featuredmedia":[{"embeddable":true,"href":"https:\/\/www.heusenstaemmchen.de\/news\/wp-json\/wp\/v2\/media\/11527"}],"wp:attachment":[{"href":"https:\/\/www.heusenstaemmchen.de\/news\/wp-json\/wp\/v2\/media?parent=4861"}],"wp:term":[{"taxonomy":"category","embeddable":true,"href":"https:\/\/www.heusenstaemmchen.de\/news\/wp-json\/wp\/v2\/categories?post=4861"},{"taxonomy":"post_tag","embeddable":true,"href":"https:\/\/www.heusenstaemmchen.de\/news\/wp-json\/wp\/v2\/tags?post=4861"}],"curies":[{"name":"wp","href":"https:\/\/api.w.org\/{rel}","templated":true}]}}