{"id":12376,"date":"2024-02-17T19:03:17","date_gmt":"2024-02-17T18:03:17","guid":{"rendered":"https:\/\/www.heusenstaemmchen.de\/news\/?page_id=12376"},"modified":"2024-08-25T19:07:36","modified_gmt":"2024-08-25T17:07:36","slug":"karneval-fasching-offenbach-am-main","status":"publish","type":"page","link":"https:\/\/www.heusenstaemmchen.de\/news\/karneval-fasching-offenbach-am-main","title":{"rendered":"Karneval und Fasching im Kreis Offenbach"},"content":{"rendered":"<p>In der Karnevalszeit finden auch im <b>Kreis Offenbach<\/b> viele <b>Faschingsumz\u00fcge<\/b> statt. Damit ihr leicht mitbekommt, wenn in Offenbach und Umgebung eine Karneval-Veranstaltung angek\u00fcndigt wird, werden die aktuellen, regionalen Nachrichten t\u00e4glich automatisch f\u00fcr euch durchsucht.<\/p>\n<p>&nbsp;<\/p>\n<div class=\"post\" style=\"margin-bottom:40px;\">\n <article>\n <h2><a name=\"c1290af8\" href=\"https:\/\/www.muehlheim.de\/rathaus-politik\/aktuelles\/aktuelle-meldungen\/2026\/quartal-i\/fastnachtsumzuege-2026-herzlichen-dank-fuer-die-unterstuetzung\/\" rel=\"bookmark\" style=\"color:#333333; font-weight:bold;\" title=\"Link zum Artikel auf muehlheim.de\" target=\"_blank\">M\u00fchlheim: Fastnachtsumz\u00fcge 2026 | Herzlichen Dank f\u00fcr die Unterst\u00fctzung!<\/a><\/h2>\n <div class=\"entry\">\n  <p style=\"margin-bottom:4px;\">\n   <a href=\"https:\/\/www.muehlheim.de\/rathaus-politik\/aktuelles\/aktuelle-meldungen\/2026\/quartal-i\/fastnachtsumzuege-2026-herzlichen-dank-fuer-die-unterstuetzung\/\" target=\"_blank\"><img decoding=\"async\" src=\"\/feeds\/gfx\/muehlheim.de.png\" style=\"align:left !important; float:left !important; margin-top:4px !important; margin-right:8px !important; margin-bottom:4px !important; width:90px !important;\" \/><\/a>   Traditionell hat mit Aschermittwoch die Fastnachtskampagne in M\u00fchlheim ein Ende gefunden. In diesem Jahr war die \u201eM\u00fcllemer Fassenacht\u201c aber gleich in doppelter Hinsicht besonders: Mit 91 Nummern war der Umzug in Dietesheim und der Kernstadt einer der gr\u00f6\u00dften ...<br clear=\"all\" \/>  <\/p>\n  <div><span class=\"my_article_details\"><time datetime=\"2026-02-20\">20.02.2026<\/time> &middot; <a href=\"\/news\/muehlheim-aktuell\" title=\"M\u00fchlheim heute aktuell\">M\u00fchlheim<\/a> &middot; <\/span><a href=\"https:\/\/www.muehlheim.de\/rathaus-politik\/aktuelles\/aktuelle-meldungen\/2026\/quartal-i\/fastnachtsumzuege-2026-herzlichen-dank-fuer-die-unterstuetzung\/\" title=\"Link zum Artikel auf muehlheim.de\" target=\"_blank\">muehlheim.de<\/a><\/div>\n  <b><\/b>\n <\/div>\n <\/article>\n<\/div>\n<div class=\"post\" style=\"margin-bottom:40px;\">\n <article>\n <h2><a name=\"f5fed7b3\" href=\"https:\/\/www.presseportal.de\/blaulicht\/pm\/43561\/6218580\" rel=\"bookmark\" style=\"color:#333333; font-weight:bold;\" title=\"Link zum Artikel auf presseportal.de\" target=\"_blank\">Polizei Offenbach am Main: Pressemeldungen vom 17.02.2026<\/a><\/h2>\n <div class=\"entry\">\n  <p style=\"margin-bottom:4px;\">\n   <a href=\"https:\/\/www.presseportal.de\/blaulicht\/pm\/43561\/6218580\" target=\"_blank\"><img decoding=\"async\" src=\"\/feeds\/gfx\/POL-OF.jpg\" style=\"align:left !important; float:left !important; margin-top:4px !important; margin-right:8px !important; margin-bottom:4px !important; width:90px !important;\" \/><\/a>   ... <b>8. Heckscheibe von BMW eingeschlagen: Wer hat etwas beobachtet? - Hainburg<\/b>   (me) Die Polizei aus Seligenstadt sucht Zeugen einer Sachbesch\u00e4digung vom Montagabend. Die Heckscheibe eines wei\u00dfen BMW, welcher in der Josefstra\u00dfe zum Beladen abgestellt worden war, wurde durch einen noch unbekannten Jugendlichen in einer gl\u00e4nzend schwarzen ...<br clear=\"all\" \/>  <\/p>\n  <div><span class=\"my_article_details\"><time datetime=\"2026-02-17\">17.02.2026<\/time> &middot; <a href=\"\/news\/hainburg-aktuell\" title=\"Hainburg heute aktuell\">Hainburg<\/a> &middot; <a href=\"\/news\/polizeieinsaetze-offenbach-am-main\" title=\"Polizeieins\u00e4tze Offenbach am Main\">Polizei<\/a> &middot; <a href=\"\/news\/seligenstadt-aktuell\" title=\"Seligenstadt heute aktuell\">Seligenstadt<\/a> &middot; <\/span><a href=\"https:\/\/www.presseportal.de\/blaulicht\/pm\/43561\/6218580\" title=\"Link zum Artikel auf presseportal.de\" target=\"_blank\">presseportal.de<\/a><\/div>\n  <b><\/b>\n <\/div>\n <\/article>\n<\/div>\n<div class=\"post\" style=\"margin-bottom:40px;\">\n <article>\n <h2><a name=\"484676a6\" href=\"https:\/\/ffhstm.de\/aktuelles#2\" rel=\"bookmark\" style=\"color:#333333; font-weight:bold;\" title=\"Link zum Artikel auf ffhstm.de\" target=\"_blank\">Feuerwehr: Getr\u00e4nkeverkauf am Fastnachtsumzug<\/a><\/h2>\n <div class=\"entry\">\n  <p style=\"margin-bottom:4px;\">\n   <a href=\"https:\/\/ffhstm.de\/aktuelles#2\" target=\"_blank\"><img decoding=\"async\" src=\"\/feeds\/gfx\/ffhstm.de.png\" style=\"align:left !important; float:left !important; margin-top:4px !important; margin-right:8px !important; margin-bottom:4px !important; width:90px !important;\" \/><\/a>   Der F\u00f6rderverein der Freiwilligen Feuerwehr Heusenstamm \u00fcbernimmt am Umzug am Fastnachtsdienstag wieder die Getr\u00e4nkeversorgung. F\u00fcr jeden Geschmack ist etwas dabei.Kommt vorbei und feiert mit uns den Heusenstammer Fastnachtsumzug.Auf dem KirchplatzKurz vor ...<br clear=\"all\" \/>  <\/p>\n  <div><span class=\"my_article_details\"><time datetime=\"2026-02-16\">16.02.2026<\/time> &middot; <a href=\"\/news\/braende-offenbach-am-main\" title=\"Br\u00e4nde Offenbach am Main\">Feuerwehr<\/a> &middot; <a href=\"\/news\/heusenstamm-aktuell\" title=\"Heusenstamm heute aktuell\">Heusenstamm<\/a> &middot; <\/span><a href=\"https:\/\/ffhstm.de\/aktuelles#2\" title=\"Link zum Artikel auf ffhstm.de\" target=\"_blank\">ffhstm.de<\/a><\/div>\n  <b><\/b>\n <\/div>\n <\/article>\n<\/div>\n<div class=\"post\" style=\"margin-bottom:40px;\">\n <article>\n <h2><a name=\"33f51032\" href=\"https:\/\/www.presseportal.de\/blaulicht\/pm\/43561\/6217603\" rel=\"bookmark\" style=\"color:#333333; font-weight:bold;\" title=\"Link zum Artikel auf presseportal.de\" target=\"_blank\">POL-OF: Polizei kontrollierte erneut: Faschings-Bilanz vom Wochenende<\/a><\/h2>\n <div class=\"entry\">\n  <p style=\"margin-bottom:4px;\">\n   <a href=\"https:\/\/www.presseportal.de\/blaulicht\/pm\/43561\/6217603\" target=\"_blank\"><img decoding=\"async\" src=\"\/feeds\/gfx\/POL-OF.jpg\" style=\"align:left !important; float:left !important; margin-top:4px !important; margin-right:8px !important; margin-bottom:4px !important; width:90px !important;\" \/><\/a>   S\u00fcdosthessen  (ots)      (lei) Im Rahmen mehrerer Faschingsveranstaltungen am vergangenen Wochenende hat das Polizeipr\u00e4sidium S\u00fcdosthessen seine angek\u00fcndigten Kontrollen mit besonderem Fokus auf Alkohol- und Drogenkonsum intensiviert. Ziel der Ma\u00dfnahmen war ...<br clear=\"all\" \/>  <\/p>\n  <div><span class=\"my_article_details\"><time datetime=\"2026-02-16\">16.02.2026<\/time> &middot; <a href=\"\/news\/offenbach-aktuell\" title=\"Offenbach heute aktuell\">Offenbach<\/a> &middot; <a href=\"\/news\/polizeieinsaetze-offenbach-am-main\" title=\"Polizeieins\u00e4tze Offenbach am Main\">Polizei<\/a> &middot; <\/span><a href=\"https:\/\/www.presseportal.de\/blaulicht\/pm\/43561\/6217603\" title=\"Link zum Artikel auf presseportal.de\" target=\"_blank\">presseportal.de<\/a><\/div>\n  <b><\/b>\n <\/div>\n <\/article>\n<\/div>\n<div class=\"post\" style=\"margin-bottom:40px;\">\n <article>\n <h2><a name=\"f7a6ce33\" href=\"https:\/\/www.presseportal.de\/blaulicht\/pm\/43561\/6216408\" rel=\"bookmark\" style=\"color:#333333; font-weight:bold;\" title=\"Link zum Artikel auf presseportal.de\" target=\"_blank\">POL-OF: Orts\u00fcbergreifende Verkehrskontrollen zur \"Weiberfastnacht\" - Schwerpunkt Alkohol und Drogen<\/a><\/h2>\n <div class=\"entry\">\n  <p style=\"margin-bottom:4px;\">\n   <a href=\"https:\/\/www.presseportal.de\/blaulicht\/pm\/43561\/6216408\" target=\"_blank\"><img decoding=\"async\" src=\"\/feeds\/gfx\/POL-OF.jpg\" style=\"align:left !important; float:left !important; margin-top:4px !important; margin-right:8px !important; margin-bottom:4px !important; width:90px !important;\" \/><\/a>   Landkreis Offenbach  (ots)      (js) Anl\u00e4sslich der Faschingszeit f\u00fchrte die Polizei am Donnerstagabend, in der Zeit von 18 Uhr bis 2 Uhr des Folgetages, umfangreiche orts\u00fcbergreifende Verkehrskontrollen mit dem Schwerpunkt Alkohol und Drogen im Stra\u00dfenverkehr ...<br clear=\"all\" \/>  <\/p>\n  <div><span class=\"my_article_details\"><time datetime=\"2026-02-13\">13.02.2026<\/time> &middot; <a href=\"\/news\/dreieich-aktuell\" title=\"Dreieich heute aktuell\">Dreieich<\/a> &middot; <a href=\"\/news\/egelsbach-aktuell\" title=\"Egelsbach heute aktuell\">Egelsbach<\/a> &middot; <a href=\"\/news\/heusenstamm-aktuell\" title=\"Heusenstamm heute aktuell\">Heusenstamm<\/a> &middot; <\/span><a href=\"https:\/\/www.presseportal.de\/blaulicht\/pm\/43561\/6216408\" title=\"Link zum Artikel auf presseportal.de\" target=\"_blank\">presseportal.de<\/a><\/div>\n  <b><\/b>\n <\/div>\n <\/article>\n<\/div>\n<div class=\"post\" style=\"margin-bottom:40px;\">\n <article>\n <h2><a name=\"761d0049\" href=\"http:\/\/stadtwerke-muehlheim.de\/de\/Kopfnavigation\/Unternehmen\/Presse\/2025\/Geaenderte-Oeffnungszeiten-zu-Fastnacht_141755.html\" rel=\"bookmark\" style=\"color:#333333; font-weight:bold;\" title=\"Link zum Artikel auf stadtwerke-muehlheim.de\" target=\"_blank\">Stadtwerke M\u00fchlheim: Ge\u00e4nderte \u00d6ffnungszeiten zu Fastnacht<\/a><\/h2>\n <div class=\"entry\">\n  <p style=\"margin-bottom:4px;\">\n   <a href=\"http:\/\/stadtwerke-muehlheim.de\/de\/Kopfnavigation\/Unternehmen\/Presse\/2025\/Geaenderte-Oeffnungszeiten-zu-Fastnacht_141755.html\" target=\"_blank\"><img decoding=\"async\" src=\"\/feeds\/gfx\/stadtwerke-muehlheim.de.png\" style=\"align:left !important; float:left !important; margin-top:4px !important; margin-right:8px !important; margin-bottom:4px !important; width:90px !important;\" \/><\/a>   <i>F\u00fcr diese Meldung existiert leider kein kurzer Auszug.<\/i><br clear=\"all\" \/>  <\/p>\n  <div><span class=\"my_article_details\"><time datetime=\"2026-02-13\">13.02.2026<\/time> &middot; <\/span><a href=\"http:\/\/stadtwerke-muehlheim.de\/de\/Kopfnavigation\/Unternehmen\/Presse\/2025\/Geaenderte-Oeffnungszeiten-zu-Fastnacht_141755.html\" title=\"Link zum Artikel auf stadtwerke-muehlheim.de\" target=\"_blank\">stadtwerke-muehlheim.de<\/a><\/div>\n  <b><\/b>\n <\/div>\n <\/article>\n<\/div>\n<div class=\"post\" style=\"background-color: #f4f4f4; margin-bottom: 40px; padding: 10px;\"><article><a style=\"color: #000000; font-size: 20px; font-weight: normal; text-decoration: underlined;\" href=\"https:\/\/www.tagesschau.de\/wirtschaft\/energie\/boom-batteriespeicher-deutschland-energiewende-100.html\" target=\"_blank\">Batteriegro\u00dfspeicher erleben einen Boom<\/a><\/p><div class=\"entry\"><p style=\"margin-bottom: 4px;\"><a href=\"https:\/\/www.tagesschau.de\/wirtschaft\/energie\/boom-batteriespeicher-deutschland-energiewende-100.html\" target=\"_blank\" rel=\"noopener\"><img decoding=\"async\" style=\"align: left !important; float: left !important; margin-top: 4px !important; margin-right: 8px !important; margin-bottom: 4px !important; width: 90px !important;\" src=\"data:image\/gif;base64,R0lGODlhAQABAIAAAAAAAP\/\/\/yH5BAEAAAAALAAAAAABAAEAAAIBRAA7\" data-src=\"https:\/\/www.heusenstaemmchen.de\/feeds\/gfx\/tagesschau.de.png\" \/><\/a>Um Erneuerbare Energien effizienter zu nutzen, werden Batterie&shy;gro\u00df&shy;speicher ben\u00f6tigt. F\u00fcr Experten sind sie ein entscheidender Baustein der Energiewende. Die Nachfrage ist enorm.<br clear=\"all\" \/><\/p><div><b>Schon gewusst?<\/b> \u00b7 Regenerative Energien \u00b7 <a title=\"Mehr Details auf tagesschau.de\" href=\"https:\/\/www.tagesschau.de\/wirtschaft\/energie\/boom-batteriespeicher-deutschland-energiewende-100.html\" rel=\"noopener\">tagesschau.de<\/a><\/div><\/div><\/article><\/div><div class=\"post\" style=\"margin-bottom:40px;\">\n <article>\n <h2><a name=\"e57d9d2c\" href=\"https:\/\/www.offenbach.de\/presse\/pressemeldungen\/pressemeldungen-februar\/pressemeldungen-KW7\/soh-umleitung-buergel13.02.2026.php\" rel=\"bookmark\" style=\"color:#333333; font-weight:bold;\" title=\"Link zum Artikel auf offenbach.de\" target=\"_blank\">Faschingsumzug in B\u00fcrgel: Umleitung der Buslinien<\/a><\/h2>\n <div class=\"entry\">\n  <p style=\"margin-bottom:4px;\">\n   <a href=\"https:\/\/www.offenbach.de\/presse\/pressemeldungen\/pressemeldungen-februar\/pressemeldungen-KW7\/soh-umleitung-buergel13.02.2026.php\" target=\"_blank\"><img decoding=\"async\" src=\"\/feeds\/gfx\/offenbach.de.png\" style=\"align:left !important; float:left !important; margin-top:4px !important; margin-right:8px !important; margin-bottom:4px !important; width:90px !important;\" \/><\/a>   <i>F\u00fcr diese Meldung existiert leider kein kurzer Auszug.<\/i><br clear=\"all\" \/>  <\/p>\n  <div><span class=\"my_article_details\"><time datetime=\"2026-02-13\">13.02.2026<\/time> &middot; <a href=\"\/news\/offenbach-aktuell\" title=\"Offenbach heute aktuell\">Offenbach<\/a> &middot; <\/span><a href=\"https:\/\/www.offenbach.de\/presse\/pressemeldungen\/pressemeldungen-februar\/pressemeldungen-KW7\/soh-umleitung-buergel13.02.2026.php\" title=\"Link zum Artikel auf offenbach.de\" target=\"_blank\">offenbach.de<\/a><\/div>\n  <b><\/b>\n <\/div>\n <\/article>\n<\/div>\n<div class=\"post\" style=\"margin-bottom:40px;\">\n <article>\n <h2><a name=\"41e263a0\" href=\"https:\/\/www.offenbach.de\/presse\/pressemeldungen\/pressemeldungen-februar\/pressemeldungen-KW7\/soh-umleitung-muehlheim13.02.2026.php\" rel=\"bookmark\" style=\"color:#333333; font-weight:bold;\" title=\"Link zum Artikel auf offenbach.de\" target=\"_blank\">Offenbach: Busumleitungen wegen Faschingsumzug in M\u00fchlheim<\/a><\/h2>\n <div class=\"entry\">\n  <p style=\"margin-bottom:4px;\">\n   <a href=\"https:\/\/www.offenbach.de\/presse\/pressemeldungen\/pressemeldungen-februar\/pressemeldungen-KW7\/soh-umleitung-muehlheim13.02.2026.php\" target=\"_blank\"><img decoding=\"async\" src=\"\/feeds\/gfx\/offenbach.de.png\" style=\"align:left !important; float:left !important; margin-top:4px !important; margin-right:8px !important; margin-bottom:4px !important; width:90px !important;\" \/><\/a>   <i>F\u00fcr diese Meldung existiert leider kein kurzer Auszug.<\/i><br clear=\"all\" \/>  <\/p>\n  <div><span class=\"my_article_details\"><time datetime=\"2026-02-13\">13.02.2026<\/time> &middot; <a href=\"\/news\/muehlheim-aktuell\" title=\"M\u00fchlheim heute aktuell\">M\u00fchlheim<\/a> &middot; <a href=\"\/news\/offenbach-aktuell\" title=\"Offenbach heute aktuell\">Offenbach<\/a> &middot; <\/span><a href=\"https:\/\/www.offenbach.de\/presse\/pressemeldungen\/pressemeldungen-februar\/pressemeldungen-KW7\/soh-umleitung-muehlheim13.02.2026.php\" title=\"Link zum Artikel auf offenbach.de\" target=\"_blank\">offenbach.de<\/a><\/div>\n  <b><\/b>\n <\/div>\n <\/article>\n<\/div>\n<div class=\"post\" style=\"margin-bottom:40px;\">\n <article>\n <h2><a name=\"421fa4f2\" href=\"https:\/\/www.offenbach.de\/presse\/pressemeldungen\/pressemeldungen-februar\/pressemeldungen-KW7\/soh-faschingsumzug-bieber-umleitung12.02.2026.php\" rel=\"bookmark\" style=\"color:#333333; font-weight:bold;\" title=\"Link zum Artikel auf offenbach.de\" target=\"_blank\">Faschingsumzug in Bieber: Buslinien 101 und 102 werden am Samstag umgeleitet<\/a><\/h2>\n <div class=\"entry\">\n  <p style=\"margin-bottom:4px;\">\n   <a href=\"https:\/\/www.offenbach.de\/presse\/pressemeldungen\/pressemeldungen-februar\/pressemeldungen-KW7\/soh-faschingsumzug-bieber-umleitung12.02.2026.php\" target=\"_blank\"><img decoding=\"async\" src=\"\/feeds\/gfx\/offenbach.de.png\" style=\"align:left !important; float:left !important; margin-top:4px !important; margin-right:8px !important; margin-bottom:4px !important; width:90px !important;\" \/><\/a>   <i>F\u00fcr diese Meldung existiert leider kein kurzer Auszug.<\/i><br clear=\"all\" \/>  <\/p>\n  <div><span class=\"my_article_details\"><time datetime=\"2026-02-12\">12.02.2026<\/time> &middot; <a href=\"\/news\/offenbach-aktuell\" title=\"Offenbach heute aktuell\">Offenbach<\/a> &middot; <\/span><a href=\"https:\/\/www.offenbach.de\/presse\/pressemeldungen\/pressemeldungen-februar\/pressemeldungen-KW7\/soh-faschingsumzug-bieber-umleitung12.02.2026.php\" title=\"Link zum Artikel auf offenbach.de\" target=\"_blank\">offenbach.de<\/a><\/div>\n  <b><\/b>\n <\/div>\n <\/article>\n<\/div>\n<div class=\"post\" style=\"margin-bottom:40px;\">\n <article>\n <h2><a name=\"dfd5096f\" href=\"https:\/\/www.heusenstamm.de\/de\/buerger-und-stadt\/pressecenter\/aktuelle-meldungen\/detail\/item\/4304\/wochenmarkt-am-bahnhof-entfaellt-am-fastnachtsdienstag-17-februar\" rel=\"bookmark\" style=\"color:#333333; font-weight:bold;\" title=\"Link zum Artikel auf heusenstamm.de\" target=\"_blank\">Heusenstamm: Wochenmarkt am Bahnhof entf\u00e4llt am Fastnachtsdienstag, 17. Februar<\/a><\/h2>\n <div class=\"entry\">\n  <p style=\"margin-bottom:4px;\">\n   <a href=\"https:\/\/www.heusenstamm.de\/de\/buerger-und-stadt\/pressecenter\/aktuelle-meldungen\/detail\/item\/4304\/wochenmarkt-am-bahnhof-entfaellt-am-fastnachtsdienstag-17-februar\" target=\"_blank\"><img decoding=\"async\" src=\"\/feeds\/gfx\/heusenstamm.de.png\" style=\"align:left !important; float:left !important; margin-top:4px !important; margin-right:8px !important; margin-bottom:4px !important; width:90px !important;\" \/><\/a>   <i>F\u00fcr diese Meldung existiert leider kein kurzer Auszug.<\/i><br clear=\"all\" \/>  <\/p>\n  <div><span class=\"my_article_details\"><time datetime=\"2026-02-11\">11.02.2026<\/time> &middot; <a href=\"\/news\/heusenstamm-aktuell\" title=\"Heusenstamm heute aktuell\">Heusenstamm<\/a> &middot; <\/span><a href=\"https:\/\/www.heusenstamm.de\/de\/buerger-und-stadt\/pressecenter\/aktuelle-meldungen\/detail\/item\/4304\/wochenmarkt-am-bahnhof-entfaellt-am-fastnachtsdienstag-17-februar\" title=\"Link zum Artikel auf heusenstamm.de\" target=\"_blank\">heusenstamm.de<\/a><\/div>\n  <b><\/b>\n <\/div>\n <\/article>\n<\/div>\n<div class=\"post\" style=\"margin-bottom:40px;\">\n <article>\n <h2><a name=\"b6573700\" href=\"https:\/\/www.rodgau.de\/de\/aktuelles\/pressemeldungen\/pressemeldungen-2026\/pm-februar-2026\/muellabfuhr-in-der-fastnachtswoche\/\" rel=\"bookmark\" style=\"color:#333333; font-weight:bold;\" title=\"Link zum Artikel auf rodgau.de\" target=\"_blank\">Rodgau: M\u00fcllabfuhr in der Fastnachtswoche<\/a><\/h2>\n <div class=\"entry\">\n  <p style=\"margin-bottom:4px;\">\n   <a href=\"https:\/\/www.rodgau.de\/de\/aktuelles\/pressemeldungen\/pressemeldungen-2026\/pm-februar-2026\/muellabfuhr-in-der-fastnachtswoche\/\" target=\"_blank\"><img decoding=\"async\" src=\"\/feeds\/gfx\/rodgau.de.png\" style=\"align:left !important; float:left !important; margin-top:4px !important; margin-right:8px !important; margin-bottom:4px !important; width:90px !important;\" \/><\/a>   <i>F\u00fcr diese Meldung existiert leider kein kurzer Auszug.<\/i><br clear=\"all\" \/>  <\/p>\n  <div><span class=\"my_article_details\"><time datetime=\"2026-02-10\">10.02.2026<\/time> &middot; <a href=\"\/news\/rodgau-aktuell\" title=\"Rodgau heute aktuell\">Rodgau<\/a> &middot; <\/span><a href=\"https:\/\/www.rodgau.de\/de\/aktuelles\/pressemeldungen\/pressemeldungen-2026\/pm-februar-2026\/muellabfuhr-in-der-fastnachtswoche\/\" title=\"Link zum Artikel auf rodgau.de\" target=\"_blank\">rodgau.de<\/a><\/div>\n  <b><\/b>\n <\/div>\n <\/article>\n<\/div>\n<div class=\"post\" style=\"margin-bottom:40px;\">\n <article>\n <h2><a name=\"30d9b003\" href=\"https:\/\/www.egelsbach.de\/rathaus-politik\/aktuelles\/neuigkeiten-der-gemeinde\/2026\/februar\/fastnachtsumzug\/\" rel=\"bookmark\" style=\"color:#333333; font-weight:bold;\" title=\"Link zum Artikel auf egelsbach.de\" target=\"_blank\">Egelsbach: Fastnachtsumzug am Samstag, den 14.2.26<\/a><\/h2>\n <div class=\"entry\">\n  <p style=\"margin-bottom:4px;\">\n   <a href=\"https:\/\/www.egelsbach.de\/rathaus-politik\/aktuelles\/neuigkeiten-der-gemeinde\/2026\/februar\/fastnachtsumzug\/\" target=\"_blank\"><img decoding=\"async\" src=\"\/feeds\/gfx\/egelsbach.de.png\" style=\"align:left !important; float:left !important; margin-top:4px !important; margin-right:8px !important; margin-bottom:4px !important; width:90px !important;\" \/><\/a>   Am Samstag, 14. Februar 2026, in der Zeit von 14.11 Uhr bis 17.00 Uhr, findet der von der KGE organisierte Fastnachtsumzug durch die Stra\u00dfen der Gemeinde Egelsbach statt.<br clear=\"all\" \/>  <\/p>\n  <div><span class=\"my_article_details\"><time datetime=\"2026-02-10\">10.02.2026<\/time> &middot; <a href=\"\/news\/egelsbach-aktuell\" title=\"Egelsbach heute aktuell\">Egelsbach<\/a> &middot; <\/span><a href=\"https:\/\/www.egelsbach.de\/rathaus-politik\/aktuelles\/neuigkeiten-der-gemeinde\/2026\/februar\/fastnachtsumzug\/\" title=\"Link zum Artikel auf egelsbach.de\" target=\"_blank\">egelsbach.de<\/a><\/div>\n  <b><\/b>\n <\/div>\n <\/article>\n<\/div>\n<div class=\"post\" style=\"margin-bottom:40px;\">\n <article>\n <h2><a name=\"93ab7373\" href=\"https:\/\/www.offenbach.de\/presse\/pressemeldungen\/pressemeldungen-februar\/pressemeldungen-KW7\/schermsche-kinderschminken09.02.2026.php\" rel=\"bookmark\" style=\"color:#333333; font-weight:bold;\" title=\"Link zum Artikel auf offenbach.de\" target=\"_blank\">Offenbach: \"Unterm Schermsche\" gibt's Kinderschminken zur Fastnacht<\/a><\/h2>\n <div class=\"entry\">\n  <p style=\"margin-bottom:4px;\">\n   <a href=\"https:\/\/www.offenbach.de\/presse\/pressemeldungen\/pressemeldungen-februar\/pressemeldungen-KW7\/schermsche-kinderschminken09.02.2026.php\" target=\"_blank\"><img decoding=\"async\" src=\"\/feeds\/gfx\/offenbach.de.png\" style=\"align:left !important; float:left !important; margin-top:4px !important; margin-right:8px !important; margin-bottom:4px !important; width:90px !important;\" \/><\/a>   <i>F\u00fcr diese Meldung existiert leider kein kurzer Auszug.<\/i><br clear=\"all\" \/>  <\/p>\n  <div><span class=\"my_article_details\"><time datetime=\"2026-02-09\">09.02.2026<\/time> &middot; <a href=\"\/news\/offenbach-aktuell\" title=\"Offenbach heute aktuell\">Offenbach<\/a> &middot; <\/span><a href=\"https:\/\/www.offenbach.de\/presse\/pressemeldungen\/pressemeldungen-februar\/pressemeldungen-KW7\/schermsche-kinderschminken09.02.2026.php\" title=\"Link zum Artikel auf offenbach.de\" target=\"_blank\">offenbach.de<\/a><\/div>\n  <b><\/b>\n <\/div>\n <\/article>\n<\/div>\n<div class=\"post\" style=\"margin-bottom:40px;\">\n <article>\n <h2><a name=\"c318cf21\" href=\"https:\/\/www.seligenstadt.de\/rathaus-und-politik\/aktuelles\/pressemitteilungen\/02-2026\/rathausordensverleihung-2026-neun-verdiente-fastnachter-und-zwei-besonders-verdiente-erhielten-hohe-staedtische-auszeichnung-aus-den-haenden-von-buerger-meister-dr-daniell-bastian\/\" rel=\"bookmark\" style=\"color:#333333; font-weight:bold;\" title=\"Link zum Artikel auf seligenstadt.de\" target=\"_blank\">Seligenstadt: Rathausordensverleihung 2026 - Neun verdiente Fastnachter und zwei besonders Verdiente erhielten hohe st\u00e4dtische Auszeichnung aus den H\u00e4nden von B\u00fcrgermeister Dr. Daniell Bastian<\/a><\/h2>\n <div class=\"entry\">\n  <p style=\"margin-bottom:4px;\">\n   <a href=\"https:\/\/www.seligenstadt.de\/rathaus-und-politik\/aktuelles\/pressemitteilungen\/02-2026\/rathausordensverleihung-2026-neun-verdiente-fastnachter-und-zwei-besonders-verdiente-erhielten-hohe-staedtische-auszeichnung-aus-den-haenden-von-buerger-meister-dr-daniell-bastian\/\" target=\"_blank\"><img decoding=\"async\" src=\"\/feeds\/gfx\/seligenstadt.de.png\" style=\"align:left !important; float:left !important; margin-top:4px !important; margin-right:8px !important; margin-bottom:4px !important; width:90px !important;\" \/><\/a>   <i>F\u00fcr diese Meldung existiert leider kein kurzer Auszug.<\/i><br clear=\"all\" \/>  <\/p>\n  <div><span class=\"my_article_details\"><time datetime=\"2026-02-08\">08.02.2026<\/time> &middot; <a href=\"\/news\/seligenstadt-aktuell\" title=\"Seligenstadt heute aktuell\">Seligenstadt<\/a> &middot; <\/span><a href=\"https:\/\/www.seligenstadt.de\/rathaus-und-politik\/aktuelles\/pressemitteilungen\/02-2026\/rathausordensverleihung-2026-neun-verdiente-fastnachter-und-zwei-besonders-verdiente-erhielten-hohe-staedtische-auszeichnung-aus-den-haenden-von-buerger-meister-dr-daniell-bastian\/\" title=\"Link zum Artikel auf seligenstadt.de\" target=\"_blank\">seligenstadt.de<\/a><\/div>\n  <b><\/b>\n <\/div>\n <\/article>\n<\/div>\n<div class=\"post\" style=\"background-color: #f4f4f4; margin-bottom: 40px; padding: 10px;\"><article><a style=\"color: #000000; font-size: 20px; font-weight: normal; text-decoration: underlined;\" href=\"https:\/\/www.tagesschau.de\/wirtschaft\/elektroauto-kosten-strom-100.html\" target=\"_blank\">Laden von E-Autos deutlich g\u00fcnstiger als Tanken<\/a><\/p><div class=\"entry\"><p style=\"margin-bottom: 4px;\"><a href=\"https:\/\/www.tagesschau.de\/wirtschaft\/elektroauto-kosten-strom-100.html\" target=\"_blank\" rel=\"noopener\"><img decoding=\"async\" style=\"align: left !important; float: left !important; margin-top: 4px !important; margin-right: 8px !important; margin-bottom: 4px !important; width: 90px !important;\" src=\"data:image\/gif;base64,R0lGODlhAQABAIAAAAAAAP\/\/\/yH5BAEAAAAALAAAAAABAAEAAAIBRAA7\" data-src=\"https:\/\/www.heusenstaemmchen.de\/feeds\/gfx\/tagesschau.de.png\" \/><\/a>Wer ein E-Auto besitzt und das zu Hause laden kann, der war im vergangenen Jahr am g\u00fcnstigsten unterwegs. Wer \u00f6ffentliche Lades\u00e4ulen nutzte, zahlte zwar mehr, aber immer noch viel weniger als die Fahrer von Benzinern an der Tankstelle.<br clear=\"all\" \/><\/p><div><b>Schon gewusst?<\/b> \u00b7 Regenerative Energien \u00b7 <a title=\"Mehr Details auf tagesschau.de\" href=\"https:\/\/www.tagesschau.de\/wirtschaft\/elektroauto-kosten-strom-100.html\" target=\"_blank\" rel=\"noopener\">tagesschau.de<\/a><\/div><\/div><\/article><\/div><div class=\"post\" style=\"margin-bottom:40px;\">\n <article>\n <h2><a name=\"5cbec488\" href=\"https:\/\/www.presseportal.de\/blaulicht\/pm\/43561\/6211302\" rel=\"bookmark\" style=\"color:#333333; font-weight:bold;\" title=\"Link zum Artikel auf presseportal.de\" target=\"_blank\">Polizei Offenbach am Main: Pressemeldungen vom 05.02.2026<\/a><\/h2>\n <div class=\"entry\">\n  <p style=\"margin-bottom:4px;\">\n   <a href=\"https:\/\/www.presseportal.de\/blaulicht\/pm\/43561\/6211302\" target=\"_blank\"><img decoding=\"async\" src=\"\/feeds\/gfx\/POL-OF.jpg\" style=\"align:left !important; float:left !important; margin-top:4px !important; margin-right:8px !important; margin-bottom:4px !important; width:90px !important;\" \/><\/a>   ... <b>7. Ermittlungen wegen K\u00f6rperverletzung: Polizei sucht Zeugen! - Seligenstadt<\/b>   (fg) Nach Faschingsfeierlichkeiten uferten am Mittwochabend verbale Streitigkeiten vor einer Gastst\u00e4tte in der Stra\u00dfe \"Freihofplatz\" aus, weshalb entsprechende Ermittlungen gegen eine 37-J\u00e4hrige aus Frankfurt und einen 30-J\u00e4hrigen aus Hainburg eingeleitet ...<br clear=\"all\" \/>  <\/p>\n  <div><span class=\"my_article_details\"><time datetime=\"2026-02-05\">05.02.2026<\/time> &middot; <a href=\"\/news\/hainburg-aktuell\" title=\"Hainburg heute aktuell\">Hainburg<\/a> &middot; <a href=\"\/news\/polizeieinsaetze-offenbach-am-main\" title=\"Polizeieins\u00e4tze Offenbach am Main\">Polizei<\/a> &middot; <a href=\"\/news\/seligenstadt-aktuell\" title=\"Seligenstadt heute aktuell\">Seligenstadt<\/a> &middot; <\/span><a href=\"https:\/\/www.presseportal.de\/blaulicht\/pm\/43561\/6211302\" title=\"Link zum Artikel auf presseportal.de\" target=\"_blank\">presseportal.de<\/a><\/div>\n  <b><\/b>\n <\/div>\n <\/article>\n<\/div>\n<div class=\"post\" style=\"margin-bottom:40px;\">\n <article>\n <h2><a name=\"380e8420\" href=\"https:\/\/www.offenbach.de\/presse\/pressemeldungen\/pressemeldungen-februar\/pressemeldungen-KW6\/konfetti-club05.02.2026.php\" rel=\"bookmark\" style=\"color:#333333; font-weight:bold;\" title=\"Link zum Artikel auf offenbach.de\" target=\"_blank\">Konfetti Club 2026: Mega-Faschingsparty im Capitol Theater<\/a><\/h2>\n <div class=\"entry\">\n  <p style=\"margin-bottom:4px;\">\n   <a href=\"https:\/\/www.offenbach.de\/presse\/pressemeldungen\/pressemeldungen-februar\/pressemeldungen-KW6\/konfetti-club05.02.2026.php\" target=\"_blank\"><img decoding=\"async\" src=\"\/feeds\/gfx\/offenbach.de.png\" style=\"align:left !important; float:left !important; margin-top:4px !important; margin-right:8px !important; margin-bottom:4px !important; width:90px !important;\" \/><\/a>   <i>F\u00fcr diese Meldung existiert leider kein kurzer Auszug.<\/i><br clear=\"all\" \/>  <\/p>\n  <div><span class=\"my_article_details\"><time datetime=\"2026-02-05\">05.02.2026<\/time> &middot; <a href=\"\/news\/offenbach-aktuell\" title=\"Offenbach heute aktuell\">Offenbach<\/a> &middot; <\/span><a href=\"https:\/\/www.offenbach.de\/presse\/pressemeldungen\/pressemeldungen-februar\/pressemeldungen-KW6\/konfetti-club05.02.2026.php\" title=\"Link zum Artikel auf offenbach.de\" target=\"_blank\">offenbach.de<\/a><\/div>\n  <b><\/b>\n <\/div>\n <\/article>\n<\/div>\n<div class=\"post\" style=\"margin-bottom:40px;\">\n <article>\n <h2><a name=\"a53b0137\" href=\"https:\/\/www.heusenstamm.de\/de\/buerger-und-stadt\/pressecenter\/aktuelle-meldungen\/detail\/item\/5904\/heusestamm-helau-fastnachtsumzug-am-17-februar-verkehrsregelungen\" rel=\"bookmark\" style=\"color:#333333; font-weight:bold;\" title=\"Link zum Artikel auf heusenstamm.de\" target=\"_blank\">Heusenstamm: Heuse'stamm Helau! Fastnachtsumzug am 17. Februar | Verkehrsregelungen<\/a><\/h2>\n <div class=\"entry\">\n  <p style=\"margin-bottom:4px;\">\n   <a href=\"https:\/\/www.heusenstamm.de\/de\/buerger-und-stadt\/pressecenter\/aktuelle-meldungen\/detail\/item\/5904\/heusestamm-helau-fastnachtsumzug-am-17-februar-verkehrsregelungen\" target=\"_blank\"><img decoding=\"async\" src=\"\/feeds\/gfx\/heusenstamm.de.png\" style=\"align:left !important; float:left !important; margin-top:4px !important; margin-right:8px !important; margin-bottom:4px !important; width:90px !important;\" \/><\/a>   <i>F\u00fcr diese Meldung existiert leider kein kurzer Auszug.<\/i><br clear=\"all\" \/>  <\/p>\n  <div><span class=\"my_article_details\"><time datetime=\"2026-02-03\">03.02.2026<\/time> &middot; <a href=\"\/news\/heusenstamm-aktuell\" title=\"Heusenstamm heute aktuell\">Heusenstamm<\/a> &middot; <\/span><a href=\"https:\/\/www.heusenstamm.de\/de\/buerger-und-stadt\/pressecenter\/aktuelle-meldungen\/detail\/item\/5904\/heusestamm-helau-fastnachtsumzug-am-17-februar-verkehrsregelungen\" title=\"Link zum Artikel auf heusenstamm.de\" target=\"_blank\">heusenstamm.de<\/a><\/div>\n  <b><\/b>\n <\/div>\n <\/article>\n<\/div>\n<div class=\"post\" style=\"margin-bottom:40px;\">\n <article>\n <h2><a name=\"42f0cd3e\" href=\"https:\/\/www.offenbach.de\/presse\/pressemeldungen\/pressemeldungen-februar\/pressemeldungen-KW6\/karnevalisten-rathaussturm02.02.2026.php\" rel=\"bookmark\" style=\"color:#333333; font-weight:bold;\" title=\"Link zum Artikel auf offenbach.de\" target=\"_blank\">Offenbach: Karnevalisten st\u00fcrmen das Rathaus<\/a><\/h2>\n <div class=\"entry\">\n  <p style=\"margin-bottom:4px;\">\n   <a href=\"https:\/\/www.offenbach.de\/presse\/pressemeldungen\/pressemeldungen-februar\/pressemeldungen-KW6\/karnevalisten-rathaussturm02.02.2026.php\" target=\"_blank\"><img decoding=\"async\" src=\"\/feeds\/gfx\/offenbach.de.png\" style=\"align:left !important; float:left !important; margin-top:4px !important; margin-right:8px !important; margin-bottom:4px !important; width:90px !important;\" \/><\/a>   <i>F\u00fcr diese Meldung existiert leider kein kurzer Auszug.<\/i><br clear=\"all\" \/>  <\/p>\n  <div><span class=\"my_article_details\"><time datetime=\"2026-02-02\">02.02.2026<\/time> &middot; <a href=\"\/news\/offenbach-aktuell\" title=\"Offenbach heute aktuell\">Offenbach<\/a> &middot; <\/span><a href=\"https:\/\/www.offenbach.de\/presse\/pressemeldungen\/pressemeldungen-februar\/pressemeldungen-KW6\/karnevalisten-rathaussturm02.02.2026.php\" title=\"Link zum Artikel auf offenbach.de\" target=\"_blank\">offenbach.de<\/a><\/div>\n  <b><\/b>\n <\/div>\n <\/article>\n<\/div>\n<div class=\"post\" style=\"margin-bottom:40px;\">\n <article>\n <h2><a name=\"e5ea57c1\" href=\"https:\/\/www.rodgau.de\/de\/aktuelles\/pressemeldungen\/pressemeldungen-2026\/pm-januar-2026\/stadtverwaltung-und-stadtwerke-schliesszeiten-zur-fastnacht\/\" rel=\"bookmark\" style=\"color:#333333; font-weight:bold;\" title=\"Link zum Artikel auf rodgau.de\" target=\"_blank\">Stadtverwaltung und Stadtwerke: Schlie\u00dfzeiten zur Fastnacht<\/a><\/h2>\n <div class=\"entry\">\n  <p style=\"margin-bottom:4px;\">\n   <a href=\"https:\/\/www.rodgau.de\/de\/aktuelles\/pressemeldungen\/pressemeldungen-2026\/pm-januar-2026\/stadtverwaltung-und-stadtwerke-schliesszeiten-zur-fastnacht\/\" target=\"_blank\"><img decoding=\"async\" src=\"\/feeds\/gfx\/rodgau.de.png\" style=\"align:left !important; float:left !important; margin-top:4px !important; margin-right:8px !important; margin-bottom:4px !important; width:90px !important;\" \/><\/a>   <i>F\u00fcr diese Meldung existiert leider kein kurzer Auszug.<\/i><br clear=\"all\" \/>  <\/p>\n  <div><span class=\"my_article_details\"><time datetime=\"2026-01-27\">27.01.2026<\/time> &middot; <a href=\"\/news\/rodgau-aktuell\" title=\"Rodgau heute aktuell\">Rodgau<\/a> &middot; <\/span><a href=\"https:\/\/www.rodgau.de\/de\/aktuelles\/pressemeldungen\/pressemeldungen-2026\/pm-januar-2026\/stadtverwaltung-und-stadtwerke-schliesszeiten-zur-fastnacht\/\" title=\"Link zum Artikel auf rodgau.de\" target=\"_blank\">rodgau.de<\/a><\/div>\n  <b><\/b>\n <\/div>\n <\/article>\n<\/div>\n<div class=\"post\" style=\"margin-bottom:40px;\">\n <article>\n <h2><a name=\"f8e3108c\" href=\"https:\/\/www.rodgau.de\/de\/aktuelles\/pressemeldungen\/pressemeldungen-2026\/pm-januar-2026\/fastnachtszug-in-rodgau\/\" rel=\"bookmark\" style=\"color:#333333; font-weight:bold;\" title=\"Link zum Artikel auf rodgau.de\" target=\"_blank\">Fastnachtszug in Rodgau<\/a><\/h2>\n <div class=\"entry\">\n  <p style=\"margin-bottom:4px;\">\n   <a href=\"https:\/\/www.rodgau.de\/de\/aktuelles\/pressemeldungen\/pressemeldungen-2026\/pm-januar-2026\/fastnachtszug-in-rodgau\/\" target=\"_blank\"><img decoding=\"async\" src=\"\/feeds\/gfx\/rodgau.de.png\" style=\"align:left !important; float:left !important; margin-top:4px !important; margin-right:8px !important; margin-bottom:4px !important; width:90px !important;\" \/><\/a>   <i>F\u00fcr diese Meldung existiert leider kein kurzer Auszug.<\/i><br clear=\"all\" \/>  <\/p>\n  <div><span class=\"my_article_details\"><time datetime=\"2026-01-27\">27.01.2026<\/time> &middot; <a href=\"\/news\/rodgau-aktuell\" title=\"Rodgau heute aktuell\">Rodgau<\/a> &middot; <\/span><a href=\"https:\/\/www.rodgau.de\/de\/aktuelles\/pressemeldungen\/pressemeldungen-2026\/pm-januar-2026\/fastnachtszug-in-rodgau\/\" title=\"Link zum Artikel auf rodgau.de\" target=\"_blank\">rodgau.de<\/a><\/div>\n  <b><\/b>\n <\/div>\n <\/article>\n<\/div>\n<div class=\"post\" style=\"margin-bottom:40px;\">\n <article>\n <h2><a name=\"1213c9ac\" href=\"https:\/\/www.seligenstadt.de\/rathaus-und-politik\/aktuelles\/pressemitteilungen\/01-2026\/kartenverkauf-fuer-die-seligenstaedter-seniorenfastnacht-an-den-dienstagen-27-januar-03-februar\/\" rel=\"bookmark\" style=\"color:#333333; font-weight:bold;\" title=\"Link zum Artikel auf seligenstadt.de\" target=\"_blank\">Seligenstadt: Kartenverkauf f\u00fcr die Seligenst\u00e4dter Seniorenfastnacht an den Dienstagen 27. Januar und 03. Februar<\/a><\/h2>\n <div class=\"entry\">\n  <p style=\"margin-bottom:4px;\">\n   <a href=\"https:\/\/www.seligenstadt.de\/rathaus-und-politik\/aktuelles\/pressemitteilungen\/01-2026\/kartenverkauf-fuer-die-seligenstaedter-seniorenfastnacht-an-den-dienstagen-27-januar-03-februar\/\" target=\"_blank\"><img decoding=\"async\" src=\"\/feeds\/gfx\/seligenstadt.de.png\" style=\"align:left !important; float:left !important; margin-top:4px !important; margin-right:8px !important; margin-bottom:4px !important; width:90px !important;\" \/><\/a>   <i>F\u00fcr diese Meldung existiert leider kein kurzer Auszug.<\/i><br clear=\"all\" \/>  <\/p>\n  <div><span class=\"my_article_details\"><time datetime=\"2026-01-23\">23.01.2026<\/time> &middot; <a href=\"\/news\/seligenstadt-aktuell\" title=\"Seligenstadt heute aktuell\">Seligenstadt<\/a> &middot; <\/span><a href=\"https:\/\/www.seligenstadt.de\/rathaus-und-politik\/aktuelles\/pressemitteilungen\/01-2026\/kartenverkauf-fuer-die-seligenstaedter-seniorenfastnacht-an-den-dienstagen-27-januar-03-februar\/\" title=\"Link zum Artikel auf seligenstadt.de\" target=\"_blank\">seligenstadt.de<\/a><\/div>\n  <b><\/b>\n <\/div>\n <\/article>\n<\/div>\n<div class=\"post\" style=\"margin-bottom:40px;\">\n <article>\n <h2><a name=\"19e6c416\" href=\"https:\/\/www.seligenstadt.de\/rathaus-und-politik\/aktuelles\/pressemitteilungen\/01-2026\/traeger-der-rathausorden-2026-sind-gefunden-neun-verdiente-fastnachter-und-zwei-besonders-verdiente-erhalten-am-8-februar-die-hohe-staedtische-auszeich-nung-aus-den-haenden-von-buergermeister-dr-daniell-bastian\/\" rel=\"bookmark\" style=\"color:#333333; font-weight:bold;\" title=\"Link zum Artikel auf seligenstadt.de\" target=\"_blank\">Seligenstadt: Tr\u00e4ger der Rathausorden 2026 sind gefunden - neun verdiente Fastnachter und zwei besonders Verdiente erhalten am 8. Februar die hohe st\u00e4dtische Auszeich-nung aus den H\u00e4nden von B\u00fcrgermeister Dr. Daniell Bastian<\/a><\/h2>\n <div class=\"entry\">\n  <p style=\"margin-bottom:4px;\">\n   <a href=\"https:\/\/www.seligenstadt.de\/rathaus-und-politik\/aktuelles\/pressemitteilungen\/01-2026\/traeger-der-rathausorden-2026-sind-gefunden-neun-verdiente-fastnachter-und-zwei-besonders-verdiente-erhalten-am-8-februar-die-hohe-staedtische-auszeich-nung-aus-den-haenden-von-buergermeister-dr-daniell-bastian\/\" target=\"_blank\"><img decoding=\"async\" src=\"\/feeds\/gfx\/seligenstadt.de.png\" style=\"align:left !important; float:left !important; margin-top:4px !important; margin-right:8px !important; margin-bottom:4px !important; width:90px !important;\" \/><\/a>   <i>F\u00fcr diese Meldung existiert leider kein kurzer Auszug.<\/i><br clear=\"all\" \/>  <\/p>\n  <div><span class=\"my_article_details\"><time datetime=\"2026-01-23\">23.01.2026<\/time> &middot; <a href=\"\/news\/seligenstadt-aktuell\" title=\"Seligenstadt heute aktuell\">Seligenstadt<\/a> &middot; <\/span><a href=\"https:\/\/www.seligenstadt.de\/rathaus-und-politik\/aktuelles\/pressemitteilungen\/01-2026\/traeger-der-rathausorden-2026-sind-gefunden-neun-verdiente-fastnachter-und-zwei-besonders-verdiente-erhalten-am-8-februar-die-hohe-staedtische-auszeich-nung-aus-den-haenden-von-buergermeister-dr-daniell-bastian\/\" title=\"Link zum Artikel auf seligenstadt.de\" target=\"_blank\">seligenstadt.de<\/a><\/div>\n  <b><\/b>\n <\/div>\n <\/article>\n<\/div>\n<div class=\"post\" style=\"background-color: #f4f4f4; margin-bottom: 40px; padding: 10px;\"><article><a style=\"color: #000000; font-size: 20px; font-weight: normal; text-decoration: underlined;\" href=\"https:\/\/www.deutschlandfunk.de\/klimawandel-globale-zukunftsfrage-100.html\" target=\"_blank\">Was war nochmal der Klimawandel?<\/a><\/p><div class=\"entry\"><p style=\"margin-bottom: 4px;\"><a href=\"https:\/\/www.deutschlandfunk.de\/klimawandel-globale-zukunftsfrage-100.html\" target=\"_blank\" rel=\"noopener\"><img decoding=\"async\" style=\"align: left !important; float: left !important; margin-top: 4px !important; margin-right: 8px !important; margin-bottom: 4px !important; width: 90px !important;\" src=\"data:image\/gif;base64,R0lGODlhAQABAIAAAAAAAP\/\/\/yH5BAEAAAAALAAAAAABAAEAAAIBRAA7\" data-src=\"https:\/\/www.heusenstaemmchen.de\/feeds\/gfx\/deutschlandfunk.de.png\" \/><\/a>Durch das aktuelle Weltgeschehen h\u00f6rt man immer weniger vom Klimawandel. Wie konnte es passieren, dass die gr\u00f6\u00dfte globale Zukunftsfrage kaum noch Gegenstand \u00f6ffentlicher Debatten ist?<br clear=\"all\" \/><\/p><div><b>Schon gewusst?<\/b> \u00b7 Erderw\u00e4rmung \u00b7 <a title=\"Mehr Details auf deutschlandfunk.de\" href=\"https:\/\/www.deutschlandfunk.de\/klimawandel-globale-zukunftsfrage-100.html\" rel=\"noopener\">deutschlandfunk.de<\/a><\/div><\/div><\/article><\/div><div class=\"post\" style=\"margin-bottom:40px;\">\n <article>\n <h2><a name=\"eba57324\" href=\"https:\/\/www.muehlheim.de\/rathaus-politik\/aktuelles\/aktuelle-meldungen\/2026\/quartal-i\/einladung-karnevalistischer-seniorennachmittag-2026\/\" rel=\"bookmark\" style=\"color:#333333; font-weight:bold;\" title=\"Link zum Artikel auf muehlheim.de\" target=\"_blank\">M\u00fchlheim: Einladung | Karnevalistischer Seniorennachmittag 2026<\/a><\/h2>\n <div class=\"entry\">\n  <p style=\"margin-bottom:4px;\">\n   <a href=\"https:\/\/www.muehlheim.de\/rathaus-politik\/aktuelles\/aktuelle-meldungen\/2026\/quartal-i\/einladung-karnevalistischer-seniorennachmittag-2026\/\" target=\"_blank\"><img decoding=\"async\" src=\"\/feeds\/gfx\/muehlheim.de.png\" style=\"align:left !important; float:left !important; margin-top:4px !important; margin-right:8px !important; margin-bottom:4px !important; width:90px !important;\" \/><\/a>   Die L\u00e4mmerspieler Ortsvereine (LOV) und der Magistrat der Stadt M\u00fchlheim laden auch 2026 alle Seniorinnen und Senioren aus den drei M\u00fchlheimer Stadtteilen ab 65 Jahren herzlich zum Karnevalistischen Seniorennachmittag ein.<br clear=\"all\" \/>  <\/p>\n  <div><span class=\"my_article_details\"><time datetime=\"2026-01-19\">19.01.2026<\/time> &middot; <a href=\"\/news\/muehlheim-aktuell\" title=\"M\u00fchlheim heute aktuell\">M\u00fchlheim<\/a> &middot; <\/span><a href=\"https:\/\/www.muehlheim.de\/rathaus-politik\/aktuelles\/aktuelle-meldungen\/2026\/quartal-i\/einladung-karnevalistischer-seniorennachmittag-2026\/\" title=\"Link zum Artikel auf muehlheim.de\" target=\"_blank\">muehlheim.de<\/a><\/div>\n  <b><\/b>\n <\/div>\n <\/article>\n<\/div>\n<div class=\"post\" style=\"margin-bottom:40px;\">\n <article>\n <h2><a name=\"fcfd5cf0\" href=\"https:\/\/www.muehlheim.de\/rathaus-politik\/aktuelles\/aktuelle-meldungen\/2026\/quartal-i\/fastnachtsumzuege-2026-gemeinsamer-aufruf-von-lov-mkv-und-stadt-muehlheim-zu-fahrzeugleihgaben\/\" rel=\"bookmark\" style=\"color:#333333; font-weight:bold;\" title=\"Link zum Artikel auf muehlheim.de\" target=\"_blank\">Fastnachtsumz\u00fcge 2026 | Gemeinsamer Aufruf von LOV, MKV und Stadt M\u00fchlheim zu Fahrzeugleihgaben<\/a><\/h2>\n <div class=\"entry\">\n  <p style=\"margin-bottom:4px;\">\n   <a href=\"https:\/\/www.muehlheim.de\/rathaus-politik\/aktuelles\/aktuelle-meldungen\/2026\/quartal-i\/fastnachtsumzuege-2026-gemeinsamer-aufruf-von-lov-mkv-und-stadt-muehlheim-zu-fahrzeugleihgaben\/\" target=\"_blank\"><img decoding=\"async\" src=\"\/feeds\/gfx\/muehlheim.de.png\" style=\"align:left !important; float:left !important; margin-top:4px !important; margin-right:8px !important; margin-bottom:4px !important; width:90px !important;\" \/><\/a>   Das neue Jahr hat gerade begonnen und schon sind die ersten gro\u00dfen Feste in Planung: Die Fastnachtsumz\u00fcge in M\u00fchlheim und L\u00e4mmerspiel 2026!<br clear=\"all\" \/>  <\/p>\n  <div><span class=\"my_article_details\"><time datetime=\"2026-01-15\">15.01.2026<\/time> &middot; <a href=\"\/news\/muehlheim-aktuell\" title=\"M\u00fchlheim heute aktuell\">M\u00fchlheim<\/a> &middot; <\/span><a href=\"https:\/\/www.muehlheim.de\/rathaus-politik\/aktuelles\/aktuelle-meldungen\/2026\/quartal-i\/fastnachtsumzuege-2026-gemeinsamer-aufruf-von-lov-mkv-und-stadt-muehlheim-zu-fahrzeugleihgaben\/\" title=\"Link zum Artikel auf muehlheim.de\" target=\"_blank\">muehlheim.de<\/a><\/div>\n  <b><\/b>\n <\/div>\n <\/article>\n<\/div>\n<div class=\"post\" style=\"margin-bottom:40px;\">\n <article>\n <h2><a name=\"1ad02f5e\" href=\"https:\/\/www.offenbach.de\/presse\/pressemeldungen\/pressemeldungen-januar\/pressemeldungen-KW3\/nordend-vernissage14.01.2026.php\" rel=\"bookmark\" style=\"color:#333333; font-weight:bold;\" title=\"Link zum Artikel auf offenbach.de\" target=\"_blank\">Offenbach: Einladung zur Vernissage \"An den R\u00e4ndern der Fastnacht\u201c<\/a><\/h2>\n <div class=\"entry\">\n  <p style=\"margin-bottom:4px;\">\n   <a href=\"https:\/\/www.offenbach.de\/presse\/pressemeldungen\/pressemeldungen-januar\/pressemeldungen-KW3\/nordend-vernissage14.01.2026.php\" target=\"_blank\"><img decoding=\"async\" src=\"\/feeds\/gfx\/offenbach.de.png\" style=\"align:left !important; float:left !important; margin-top:4px !important; margin-right:8px !important; margin-bottom:4px !important; width:90px !important;\" \/><\/a>   <i>F\u00fcr diese Meldung existiert leider kein kurzer Auszug.<\/i><br clear=\"all\" \/>  <\/p>\n  <div><span class=\"my_article_details\"><time datetime=\"2026-01-14\">14.01.2026<\/time> &middot; <a href=\"\/news\/offenbach-aktuell\" title=\"Offenbach heute aktuell\">Offenbach<\/a> &middot; <\/span><a href=\"https:\/\/www.offenbach.de\/presse\/pressemeldungen\/pressemeldungen-januar\/pressemeldungen-KW3\/nordend-vernissage14.01.2026.php\" title=\"Link zum Artikel auf offenbach.de\" target=\"_blank\">offenbach.de<\/a><\/div>\n  <b><\/b>\n <\/div>\n <\/article>\n<\/div>\n<div class=\"post\" style=\"margin-bottom:40px;\">\n <article>\n <h2><a name=\"0468ada3\" href=\"https:\/\/www.obertshausen.de\/index.php?id=509&publish%5Bid%5D=1601189&publish%5Bstart%5D=\" rel=\"bookmark\" style=\"color:#333333; font-weight:bold;\" title=\"Link zum Artikel auf obertshausen.de\" target=\"_blank\">Obertshausen: Faschingsumzug geht zur Schubertstra\u00dfe<\/a><\/h2>\n <div class=\"entry\">\n  <p style=\"margin-bottom:4px;\">\n   <a href=\"https:\/\/www.obertshausen.de\/index.php?id=509&publish%5Bid%5D=1601189&publish%5Bstart%5D=\" target=\"_blank\"><img decoding=\"async\" src=\"\/feeds\/gfx\/obertshausen.de.png\" style=\"align:left !important; float:left !important; margin-top:4px !important; margin-right:8px !important; margin-bottom:4px !important; width:90px !important;\" \/><\/a>   Rathaussturm am 11. Januar: Einschr\u00e4nkungen f\u00fcr den Stra\u00dfenverkehr<br clear=\"all\" \/>  <\/p>\n  <div><span class=\"my_article_details\"><time datetime=\"2026-01-09\">09.01.2026<\/time> &middot; <a href=\"\/news\/obertshausen-aktuell\" title=\"Obertshausen heute aktuell\">Obertshausen<\/a> &middot; <\/span><a href=\"https:\/\/www.obertshausen.de\/index.php?id=509&publish%5Bid%5D=1601189&publish%5Bstart%5D=\" title=\"Link zum Artikel auf obertshausen.de\" target=\"_blank\">obertshausen.de<\/a><\/div>\n  <b><\/b>\n <\/div>\n <\/article>\n<\/div>\n<div class=\"post\" style=\"margin-bottom:40px;\">\n <article>\n <h2><a name=\"7a954b0c\" href=\"https:\/\/www.heusenstamm.de\/de\/buerger-und-stadt\/pressecenter\/aktuelle-meldungen\/detail\/item\/4224\/heusenstamm-helau-anmelden-fuer-den-fastnachtsumzug-bis-6-februar\" rel=\"bookmark\" style=\"color:#333333; font-weight:bold;\" title=\"Link zum Artikel auf heusenstamm.de\" target=\"_blank\">Heusenstamm Helau: Anmelden f\u00fcr den Fastnachtsumzug bis 6. Februar<\/a><\/h2>\n <div class=\"entry\">\n  <p style=\"margin-bottom:4px;\">\n   <a href=\"https:\/\/www.heusenstamm.de\/de\/buerger-und-stadt\/pressecenter\/aktuelle-meldungen\/detail\/item\/4224\/heusenstamm-helau-anmelden-fuer-den-fastnachtsumzug-bis-6-februar\" target=\"_blank\"><img decoding=\"async\" src=\"\/feeds\/gfx\/heusenstamm.de.png\" style=\"align:left !important; float:left !important; margin-top:4px !important; margin-right:8px !important; margin-bottom:4px !important; width:90px !important;\" \/><\/a>   <i>F\u00fcr diese Meldung existiert leider kein kurzer Auszug.<\/i><br clear=\"all\" \/>  <\/p>\n  <div><span class=\"my_article_details\"><time datetime=\"2026-01-09\">09.01.2026<\/time> &middot; <a href=\"\/news\/heusenstamm-aktuell\" title=\"Heusenstamm heute aktuell\">Heusenstamm<\/a> &middot; <\/span><a href=\"https:\/\/www.heusenstamm.de\/de\/buerger-und-stadt\/pressecenter\/aktuelle-meldungen\/detail\/item\/4224\/heusenstamm-helau-anmelden-fuer-den-fastnachtsumzug-bis-6-februar\" title=\"Link zum Artikel auf heusenstamm.de\" target=\"_blank\">heusenstamm.de<\/a><\/div>\n  <b><\/b>\n <\/div>\n <\/article>\n<\/div>\n\n","protected":false},"excerpt":{"rendered":"<p>In der Karnevalszeit finden auch im Kreis Offenbach viele Faschingsumz\u00fcge statt. Damit ihr leicht mitbekommt, wenn in Offenbach und Umgebung eine Karneval-Veranstaltung angek\u00fcndigt wird, werden die aktuellen, regionalen Nachrichten t\u00e4glich automatisch f\u00fcr euch durchsucht. &nbsp;<\/p>\n","protected":false},"author":4,"featured_media":0,"parent":0,"menu_order":0,"comment_status":"closed","ping_status":"closed","template":"","meta":{"footnotes":""},"categories":[],"tags":[311,156,133,141,467,142,466,456,4,154,465,90,457,302,102,433,455,458,190,459],"class_list":["post-12376","page","type-page","status-publish","hentry","tag-dietzenbach","tag-dreieich","tag-egelsbach","tag-fasching","tag-faschingsumzug","tag-fastnacht","tag-fastnachtsumzug","tag-hainburg","tag-heusenstamm","tag-karneval","tag-karnevalsumzug","tag-langen","tag-mainhausen","tag-muehlheim-am-main","tag-neu-isenburg","tag-obertshausen","tag-offenbach-am-main","tag-roedermark","tag-rodgau","tag-seligenstadt"],"_links":{"self":[{"href":"https:\/\/www.heusenstaemmchen.de\/news\/wp-json\/wp\/v2\/pages\/12376","targetHints":{"allow":["GET"]}}],"collection":[{"href":"https:\/\/www.heusenstaemmchen.de\/news\/wp-json\/wp\/v2\/pages"}],"about":[{"href":"https:\/\/www.heusenstaemmchen.de\/news\/wp-json\/wp\/v2\/types\/page"}],"author":[{"embeddable":true,"href":"https:\/\/www.heusenstaemmchen.de\/news\/wp-json\/wp\/v2\/users\/4"}],"replies":[{"embeddable":true,"href":"https:\/\/www.heusenstaemmchen.de\/news\/wp-json\/wp\/v2\/comments?post=12376"}],"version-history":[{"count":3,"href":"https:\/\/www.heusenstaemmchen.de\/news\/wp-json\/wp\/v2\/pages\/12376\/revisions"}],"predecessor-version":[{"id":13283,"href":"https:\/\/www.heusenstaemmchen.de\/news\/wp-json\/wp\/v2\/pages\/12376\/revisions\/13283"}],"wp:attachment":[{"href":"https:\/\/www.heusenstaemmchen.de\/news\/wp-json\/wp\/v2\/media?parent=12376"}],"wp:term":[{"taxonomy":"category","embeddable":true,"href":"https:\/\/www.heusenstaemmchen.de\/news\/wp-json\/wp\/v2\/categories?post=12376"},{"taxonomy":"post_tag","embeddable":true,"href":"https:\/\/www.heusenstaemmchen.de\/news\/wp-json\/wp\/v2\/tags?post=12376"}],"curies":[{"name":"wp","href":"https:\/\/api.w.org\/{rel}","templated":true}]}}